{"id":9,"date":"2023-07-03T07:47:02","date_gmt":"2023-07-03T10:47:02","guid":{"rendered":"https:\/\/www.ufsm.br\/65-anos\/?page_id=9"},"modified":"2025-10-13T16:12:41","modified_gmt":"2025-10-13T19:12:41","slug":"pagina-inicial","status":"publish","type":"page","link":"https:\/\/www.ufsm.br\/65-anos\/","title":{"rendered":"P\u00e1gina Inicial"},"content":{"rendered":"\t\t<div data-elementor-type=\"wp-page\" data-elementor-id=\"9\" class=\"elementor elementor-9\">\n\t\t\t\t\t\t<section class=\"elementor-section elementor-top-section elementor-element elementor-element-810100b elementor-section-full_width elementor-section-content-middle elementor-section-stretched elementor-section-height-default elementor-section-height-default\" data-id=\"810100b\" data-element_type=\"section\" data-settings=\"{&quot;stretch_section&quot;:&quot;section-stretched&quot;,&quot;background_background&quot;:&quot;classic&quot;}\">\n\t\t\t\t\t\t<div class=\"elementor-container elementor-column-gap-default\">\n\t\t\t\t\t<div class=\"elementor-column elementor-col-100 elementor-top-column elementor-element elementor-element-454c304\" data-id=\"454c304\" data-element_type=\"column\">\n\t\t\t<div class=\"elementor-widget-wrap elementor-element-populated\">\n\t\t\t\t\t\t<div class=\"elementor-element elementor-element-5a75fad elementor-widget elementor-widget-image\" data-id=\"5a75fad\" data-element_type=\"widget\" data-widget_type=\"image.default\">\n\t\t\t\t<div class=\"elementor-widget-container\">\n\t\t\t\t\t\t\t\t\t\t\t\t\t<img fetchpriority=\"high\" decoding=\"async\" width=\"1536\" height=\"400\" src=\"https:\/\/www.ufsm.br\/app\/uploads\/sites\/975\/2025\/08\/U65-Banner-Site-Fundo-Transparente_Prancheta-1.png\" class=\"attachment-full size-full wp-image-30\" alt=\"\" srcset=\"https:\/\/www.ufsm.br\/app\/uploads\/sites\/975\/2025\/08\/U65-Banner-Site-Fundo-Transparente_Prancheta-1.png 1536w, https:\/\/www.ufsm.br\/app\/uploads\/sites\/975\/2025\/08\/U65-Banner-Site-Fundo-Transparente_Prancheta-1-300x78.png 300w, https:\/\/www.ufsm.br\/app\/uploads\/sites\/975\/2025\/08\/U65-Banner-Site-Fundo-Transparente_Prancheta-1-1024x267.png 1024w, https:\/\/www.ufsm.br\/app\/uploads\/sites\/975\/2025\/08\/U65-Banner-Site-Fundo-Transparente_Prancheta-1-768x200.png 768w\" sizes=\"(max-width: 1536px) 100vw, 1536px\" \/>\t\t\t\t\t\t\t\t\t\t\t\t\t<\/div>\n\t\t\t\t<\/div>\n\t\t\t\t\t<\/div>\n\t\t<\/div>\n\t\t\t\t\t<\/div>\n\t\t<\/section>\n\t\t\t\t<section class=\"elementor-section elementor-top-section elementor-element elementor-element-2c92762 elementor-section-boxed elementor-section-height-default elementor-section-height-default\" data-id=\"2c92762\" data-element_type=\"section\">\n\t\t\t\t\t\t<div class=\"elementor-container elementor-column-gap-default\">\n\t\t\t\t\t<div class=\"elementor-column elementor-col-100 elementor-top-column elementor-element elementor-element-642e856\" data-id=\"642e856\" data-element_type=\"column\">\n\t\t\t<div class=\"elementor-widget-wrap elementor-element-populated\">\n\t\t\t\t\t\t<div class=\"elementor-element elementor-element-41da0d8 elementor-widget elementor-widget-spacer\" data-id=\"41da0d8\" data-element_type=\"widget\" data-widget_type=\"spacer.default\">\n\t\t\t\t<div class=\"elementor-widget-container\">\n\t\t\t\t\t<div class=\"elementor-spacer\">\n\t\t\t<div class=\"elementor-spacer-inner\"><\/div>\n\t\t<\/div>\n\t\t\t\t<\/div>\n\t\t\t\t<\/div>\n\t\t\t\t<div class=\"elementor-element elementor-element-5758200 elementor-widget elementor-widget-text-editor\" data-id=\"5758200\" data-element_type=\"widget\" data-widget_type=\"text-editor.default\">\n\t\t\t\t<div class=\"elementor-widget-container\">\n\t\t\t\t\t\t\t<p style=\"text-align: center\" data-start=\"103\" data-end=\"432\"><span style=\"color: #000000;font-size: 1rem\">No ano de 2025, a Universidade Federal de Santa Maria comemora 65 anos desde a sua funda\u00e7\u00e3o. S\u00e3o 65 anos de uma trajet\u00f3ria constru\u00edda junto \u00e0 cidade de Santa Maria, aos campi fora de sede e \u00e0s comunidades da regi\u00e3o: uma alian\u00e7a que fortalece projetos de ensino, pesquisa e extens\u00e3o, promovendo o reconhecimento do interior do estado do Rio Grande do Sul.<\/span><\/p><p style=\"text-align: center\" data-start=\"762\" data-end=\"964\">Para representar todas essas hist\u00f3rias, o selo dos 65 anos celebra a trajet\u00f3ria pioneira da primeira universidade do interior do Brasil, fora das capitais, que pulsa pelo saber. A marca refor\u00e7a o papel da institui\u00e7\u00e3o como organismo vivo, em constante movimento \u2014 do interior para o mundo.<\/p>\t\t\t\t\t\t<\/div>\n\t\t\t\t<\/div>\n\t\t\t\t<div class=\"elementor-element elementor-element-2f0fdc8 elementor-widget elementor-widget-spacer\" data-id=\"2f0fdc8\" data-element_type=\"widget\" data-widget_type=\"spacer.default\">\n\t\t\t\t<div class=\"elementor-widget-container\">\n\t\t\t\t\t<div class=\"elementor-spacer\">\n\t\t\t<div class=\"elementor-spacer-inner\"><\/div>\n\t\t<\/div>\n\t\t\t\t<\/div>\n\t\t\t\t<\/div>\n\t\t\t\t\t<\/div>\n\t\t<\/div>\n\t\t\t\t\t<\/div>\n\t\t<\/section>\n\t\t\t\t<section class=\"elementor-section elementor-top-section elementor-element elementor-element-5331969 elementor-section-height-min-height elementor-section-stretched elementor-section-content-middle elementor-section-boxed elementor-section-height-default elementor-section-items-middle\" data-id=\"5331969\" data-element_type=\"section\" data-settings=\"{&quot;stretch_section&quot;:&quot;section-stretched&quot;,&quot;background_background&quot;:&quot;video&quot;,&quot;shape_divider_top&quot;:&quot;wave-brush&quot;,&quot;shape_divider_bottom&quot;:&quot;wave-brush&quot;}\">\n\t\t\t\t\t<div class=\"elementor-shape elementor-shape-top\" data-negative=\"false\">\n\t\t\t<svg xmlns=\"http:\/\/www.w3.org\/2000\/svg\" viewBox=\"0 0 283.5 27.8\" preserveAspectRatio=\"none\">\n\t<path class=\"elementor-shape-fill\" d=\"M283.5,9.7c0,0-7.3,4.3-14,4.6c-6.8,0.3-12.6,0-20.9-1.5c-11.3-2-33.1-10.1-44.7-5.7\ts-12.1,4.6-18,7.4c-6.6,3.2-20,9.6-36.6,9.3C131.6,23.5,99.5,7.2,86.3,8c-1.4,0.1-6.6,0.8-10.5,2c-3.8,1.2-9.4,3.8-17,4.7\tc-3.2,0.4-8.3,1.1-14.2,0.9c-1.5-0.1-6.3-0.4-12-1.6c-5.7-1.2-11-3.1-15.8-3.7C6.5,9.2,0,10.8,0,10.8V0h283.5V9.7z M260.8,11.3\tc-0.7-1-2-0.4-4.3-0.4c-2.3,0-6.1-1.2-5.8-1.1c0.3,0.1,3.1,1.5,6,1.9C259.7,12.2,261.4,12.3,260.8,11.3z M242.4,8.6\tc0,0-2.4-0.2-5.6-0.9c-3.2-0.8-10.3-2.8-15.1-3.5c-8.2-1.1-15.8,0-15.1,0.1c0.8,0.1,9.6-0.6,17.6,1.1c3.3,0.7,9.3,2.2,12.4,2.7\tC239.9,8.7,242.4,8.6,242.4,8.6z M185.2,8.5c1.7-0.7-13.3,4.7-18.5,6.1c-2.1,0.6-6.2,1.6-10,2c-3.9,0.4-8.9,0.4-8.8,0.5\tc0,0.2,5.8,0.8,11.2,0c5.4-0.8,5.2-1.1,7.6-1.6C170.5,14.7,183.5,9.2,185.2,8.5z M199.1,6.9c0.2,0-0.8-0.4-4.8,1.1\tc-4,1.5-6.7,3.5-6.9,3.7c-0.2,0.1,3.5-1.8,6.6-3C197,7.5,199,6.9,199.1,6.9z M283,6c-0.1,0.1-1.9,1.1-4.8,2.5s-6.9,2.8-6.7,2.7\tc0.2,0,3.5-0.6,7.4-2.5C282.8,6.8,283.1,5.9,283,6z M31.3,11.6c0.1-0.2-1.9-0.2-4.5-1.2s-5.4-1.6-7.8-2C15,7.6,7.3,8.5,7.7,8.6\tC8,8.7,15.9,8.3,20.2,9.3c2.2,0.5,2.4,0.5,5.7,1.6S31.2,11.9,31.3,11.6z M73,9.2c0.4-0.1,3.5-1.6,8.4-2.6c4.9-1.1,8.9-0.5,8.9-0.8\tc0-0.3-1-0.9-6.2-0.3S72.6,9.3,73,9.2z M71.6,6.7C71.8,6.8,75,5.4,77.3,5c2.3-0.3,1.9-0.5,1.9-0.6c0-0.1-1.1-0.2-2.7,0.2\tC74.8,5.1,71.4,6.6,71.6,6.7z M93.6,4.4c0.1,0.2,3.5,0.8,5.6,1.8c2.1,1,1.8,0.6,1.9,0.5c0.1-0.1-0.8-0.8-2.4-1.3\tC97.1,4.8,93.5,4.2,93.6,4.4z M65.4,11.1c-0.1,0.3,0.3,0.5,1.9-0.2s2.6-1.3,2.2-1.2s-0.9,0.4-2.5,0.8C65.3,10.9,65.5,10.8,65.4,11.1\tz M34.5,12.4c-0.2,0,2.1,0.8,3.3,0.9c1.2,0.1,2,0.1,2-0.2c0-0.3-0.1-0.5-1.6-0.4C36.6,12.8,34.7,12.4,34.5,12.4z M152.2,21.1\tc-0.1,0.1-2.4-0.3-7.5-0.3c-5,0-13.6-2.4-17.2-3.5c-3.6-1.1,10,3.9,16.5,4.1C150.5,21.6,152.3,21,152.2,21.1z\"\/>\n\t<path class=\"elementor-shape-fill\" d=\"M269.6,18c-0.1-0.1-4.6,0.3-7.2,0c-7.3-0.7-17-3.2-16.6-2.9c0.4,0.3,13.7,3.1,17,3.3\tC267.7,18.8,269.7,18,269.6,18z\"\/>\n\t<path class=\"elementor-shape-fill\" d=\"M227.4,9.8c-0.2-0.1-4.5-1-9.5-1.2c-5-0.2-12.7,0.6-12.3,0.5c0.3-0.1,5.9-1.8,13.3-1.2\tS227.6,9.9,227.4,9.8z\"\/>\n\t<path class=\"elementor-shape-fill\" d=\"M204.5,13.4c-0.1-0.1,2-1,3.2-1.1c1.2-0.1,2,0,2,0.3c0,0.3-0.1,0.5-1.6,0.4\tC206.4,12.9,204.6,13.5,204.5,13.4z\"\/>\n\t<path class=\"elementor-shape-fill\" d=\"M201,10.6c0-0.1-4.4,1.2-6.3,2.2c-1.9,0.9-6.2,3.1-6.1,3.1c0.1,0.1,4.2-1.6,6.3-2.6\tS201,10.7,201,10.6z\"\/>\n\t<path class=\"elementor-shape-fill\" d=\"M154.5,26.7c-0.1-0.1-4.6,0.3-7.2,0c-7.3-0.7-17-3.2-16.6-2.9c0.4,0.3,13.7,3.1,17,3.3\tC152.6,27.5,154.6,26.8,154.5,26.7z\"\/>\n\t<path class=\"elementor-shape-fill\" d=\"M41.9,19.3c0,0,1.2-0.3,2.9-0.1c1.7,0.2,5.8,0.9,8.2,0.7c4.2-0.4,7.4-2.7,7-2.6\tc-0.4,0-4.3,2.2-8.6,1.9c-1.8-0.1-5.1-0.5-6.7-0.4S41.9,19.3,41.9,19.3z\"\/>\n\t<path class=\"elementor-shape-fill\" d=\"M75.5,12.6c0.2,0.1,2-0.8,4.3-1.1c2.3-0.2,2.1-0.3,2.1-0.5c0-0.1-1.8-0.4-3.4,0\tC76.9,11.5,75.3,12.5,75.5,12.6z\"\/>\n\t<path class=\"elementor-shape-fill\" d=\"M15.6,13.2c0-0.1,4.3,0,6.7,0.5c2.4,0.5,5,1.9,5,2c0,0.1-2.7-0.8-5.1-1.4\tC19.9,13.7,15.7,13.3,15.6,13.2z\"\/>\n<\/svg>\t\t<\/div>\n\t\t\t\t<div class=\"elementor-shape elementor-shape-bottom\" data-negative=\"false\">\n\t\t\t<svg xmlns=\"http:\/\/www.w3.org\/2000\/svg\" viewBox=\"0 0 283.5 27.8\" preserveAspectRatio=\"none\">\n\t<path class=\"elementor-shape-fill\" d=\"M283.5,9.7c0,0-7.3,4.3-14,4.6c-6.8,0.3-12.6,0-20.9-1.5c-11.3-2-33.1-10.1-44.7-5.7\ts-12.1,4.6-18,7.4c-6.6,3.2-20,9.6-36.6,9.3C131.6,23.5,99.5,7.2,86.3,8c-1.4,0.1-6.6,0.8-10.5,2c-3.8,1.2-9.4,3.8-17,4.7\tc-3.2,0.4-8.3,1.1-14.2,0.9c-1.5-0.1-6.3-0.4-12-1.6c-5.7-1.2-11-3.1-15.8-3.7C6.5,9.2,0,10.8,0,10.8V0h283.5V9.7z M260.8,11.3\tc-0.7-1-2-0.4-4.3-0.4c-2.3,0-6.1-1.2-5.8-1.1c0.3,0.1,3.1,1.5,6,1.9C259.7,12.2,261.4,12.3,260.8,11.3z M242.4,8.6\tc0,0-2.4-0.2-5.6-0.9c-3.2-0.8-10.3-2.8-15.1-3.5c-8.2-1.1-15.8,0-15.1,0.1c0.8,0.1,9.6-0.6,17.6,1.1c3.3,0.7,9.3,2.2,12.4,2.7\tC239.9,8.7,242.4,8.6,242.4,8.6z M185.2,8.5c1.7-0.7-13.3,4.7-18.5,6.1c-2.1,0.6-6.2,1.6-10,2c-3.9,0.4-8.9,0.4-8.8,0.5\tc0,0.2,5.8,0.8,11.2,0c5.4-0.8,5.2-1.1,7.6-1.6C170.5,14.7,183.5,9.2,185.2,8.5z M199.1,6.9c0.2,0-0.8-0.4-4.8,1.1\tc-4,1.5-6.7,3.5-6.9,3.7c-0.2,0.1,3.5-1.8,6.6-3C197,7.5,199,6.9,199.1,6.9z M283,6c-0.1,0.1-1.9,1.1-4.8,2.5s-6.9,2.8-6.7,2.7\tc0.2,0,3.5-0.6,7.4-2.5C282.8,6.8,283.1,5.9,283,6z M31.3,11.6c0.1-0.2-1.9-0.2-4.5-1.2s-5.4-1.6-7.8-2C15,7.6,7.3,8.5,7.7,8.6\tC8,8.7,15.9,8.3,20.2,9.3c2.2,0.5,2.4,0.5,5.7,1.6S31.2,11.9,31.3,11.6z M73,9.2c0.4-0.1,3.5-1.6,8.4-2.6c4.9-1.1,8.9-0.5,8.9-0.8\tc0-0.3-1-0.9-6.2-0.3S72.6,9.3,73,9.2z M71.6,6.7C71.8,6.8,75,5.4,77.3,5c2.3-0.3,1.9-0.5,1.9-0.6c0-0.1-1.1-0.2-2.7,0.2\tC74.8,5.1,71.4,6.6,71.6,6.7z M93.6,4.4c0.1,0.2,3.5,0.8,5.6,1.8c2.1,1,1.8,0.6,1.9,0.5c0.1-0.1-0.8-0.8-2.4-1.3\tC97.1,4.8,93.5,4.2,93.6,4.4z M65.4,11.1c-0.1,0.3,0.3,0.5,1.9-0.2s2.6-1.3,2.2-1.2s-0.9,0.4-2.5,0.8C65.3,10.9,65.5,10.8,65.4,11.1\tz M34.5,12.4c-0.2,0,2.1,0.8,3.3,0.9c1.2,0.1,2,0.1,2-0.2c0-0.3-0.1-0.5-1.6-0.4C36.6,12.8,34.7,12.4,34.5,12.4z M152.2,21.1\tc-0.1,0.1-2.4-0.3-7.5-0.3c-5,0-13.6-2.4-17.2-3.5c-3.6-1.1,10,3.9,16.5,4.1C150.5,21.6,152.3,21,152.2,21.1z\"\/>\n\t<path class=\"elementor-shape-fill\" d=\"M269.6,18c-0.1-0.1-4.6,0.3-7.2,0c-7.3-0.7-17-3.2-16.6-2.9c0.4,0.3,13.7,3.1,17,3.3\tC267.7,18.8,269.7,18,269.6,18z\"\/>\n\t<path class=\"elementor-shape-fill\" d=\"M227.4,9.8c-0.2-0.1-4.5-1-9.5-1.2c-5-0.2-12.7,0.6-12.3,0.5c0.3-0.1,5.9-1.8,13.3-1.2\tS227.6,9.9,227.4,9.8z\"\/>\n\t<path class=\"elementor-shape-fill\" d=\"M204.5,13.4c-0.1-0.1,2-1,3.2-1.1c1.2-0.1,2,0,2,0.3c0,0.3-0.1,0.5-1.6,0.4\tC206.4,12.9,204.6,13.5,204.5,13.4z\"\/>\n\t<path class=\"elementor-shape-fill\" d=\"M201,10.6c0-0.1-4.4,1.2-6.3,2.2c-1.9,0.9-6.2,3.1-6.1,3.1c0.1,0.1,4.2-1.6,6.3-2.6\tS201,10.7,201,10.6z\"\/>\n\t<path class=\"elementor-shape-fill\" d=\"M154.5,26.7c-0.1-0.1-4.6,0.3-7.2,0c-7.3-0.7-17-3.2-16.6-2.9c0.4,0.3,13.7,3.1,17,3.3\tC152.6,27.5,154.6,26.8,154.5,26.7z\"\/>\n\t<path class=\"elementor-shape-fill\" d=\"M41.9,19.3c0,0,1.2-0.3,2.9-0.1c1.7,0.2,5.8,0.9,8.2,0.7c4.2-0.4,7.4-2.7,7-2.6\tc-0.4,0-4.3,2.2-8.6,1.9c-1.8-0.1-5.1-0.5-6.7-0.4S41.9,19.3,41.9,19.3z\"\/>\n\t<path class=\"elementor-shape-fill\" d=\"M75.5,12.6c0.2,0.1,2-0.8,4.3-1.1c2.3-0.2,2.1-0.3,2.1-0.5c0-0.1-1.8-0.4-3.4,0\tC76.9,11.5,75.3,12.5,75.5,12.6z\"\/>\n\t<path class=\"elementor-shape-fill\" d=\"M15.6,13.2c0-0.1,4.3,0,6.7,0.5c2.4,0.5,5,1.9,5,2c0,0.1-2.7-0.8-5.1-1.4\tC19.9,13.7,15.7,13.3,15.6,13.2z\"\/>\n<\/svg>\t\t<\/div>\n\t\t\t\t\t<div class=\"elementor-container elementor-column-gap-default\">\n\t\t\t\t\t<div class=\"elementor-column elementor-col-33 elementor-top-column elementor-element elementor-element-67937fa\" data-id=\"67937fa\" data-element_type=\"column\">\n\t\t\t<div class=\"elementor-widget-wrap\">\n\t\t\t\t\t\t\t<\/div>\n\t\t<\/div>\n\t\t\t\t<div class=\"elementor-column elementor-col-66 elementor-top-column elementor-element elementor-element-9d71d89\" data-id=\"9d71d89\" data-element_type=\"column\" data-settings=\"{&quot;background_background&quot;:&quot;classic&quot;}\">\n\t\t\t<div class=\"elementor-widget-wrap elementor-element-populated\">\n\t\t\t\t\t\t<div class=\"elementor-element elementor-element-4d0ab0d elementor-widget elementor-widget-heading\" data-id=\"4d0ab0d\" data-element_type=\"widget\" data-widget_type=\"heading.default\">\n\t\t\t\t<div class=\"elementor-widget-container\">\n\t\t\t<h2 class=\"elementor-heading-title elementor-size-default\">Relembre momentos!<\/h2>\t\t<\/div>\n\t\t\t\t<\/div>\n\t\t\t\t<div class=\"elementor-element elementor-element-1e38c07 elementor-widget elementor-widget-text-editor\" data-id=\"1e38c07\" data-element_type=\"widget\" data-widget_type=\"text-editor.default\">\n\t\t\t\t<div class=\"elementor-widget-container\">\n\t\t\t\t\t\t\t<p style=\"text-align: center\"><strong>Envie uma foto especial e deixe seu depoimento para eternizar os momentos vividos na universidade<\/strong>. Sua mem\u00f3ria faz parte dos 65 anos que constru\u00edmos juntos.<\/p>\t\t\t\t\t\t<\/div>\n\t\t\t\t<\/div>\n\t\t\t\t<div class=\"elementor-element elementor-element-34313f1 elementor-align-justify elementor-widget__width-initial elementor-widget elementor-widget-button\" data-id=\"34313f1\" data-element_type=\"widget\" data-widget_type=\"button.default\">\n\t\t\t\t<div class=\"elementor-widget-container\">\n\t\t\t\t\t\t\t<div class=\"elementor-button-wrapper\">\n\t\t\t\t\t<a class=\"elementor-button elementor-button-link elementor-size-lg elementor-animation-grow\" href=\"https:\/\/forms.gle\/13KkjF5V89FNn4VLA\">\n\t\t\t\t\t\t<span class=\"elementor-button-content-wrapper\">\n\t\t\t\t\t\t\t\t\t<span class=\"elementor-button-text\"><b>Enviar foto com relato<\/b> para  os 65 anos de USFM <\/span>\n\t\t\t\t\t<\/span>\n\t\t\t\t\t<\/a>\n\t\t\t\t<\/div>\n\t\t\t\t\t\t<\/div>\n\t\t\t\t<\/div>\n\t\t\t\t<div class=\"elementor-element elementor-element-cab7554 elementor-widget elementor-widget-text-editor\" data-id=\"cab7554\" data-element_type=\"widget\" data-widget_type=\"text-editor.default\">\n\t\t\t\t<div class=\"elementor-widget-container\">\n\t\t\t\t\t\t\t<p style=\"text-align: center\">Ou acesse diretamente o link para enviar a sua foto com o seu depoimento <a href=\"https:\/\/forms.gle\/13KkjF5V89FNn4VLA\">https:\/\/forms.gle\/13KkjF5V89FNn4VLA<\/a><\/p>\t\t\t\t\t\t<\/div>\n\t\t\t\t<\/div>\n\t\t\t\t\t<\/div>\n\t\t<\/div>\n\t\t\t\t\t<\/div>\n\t\t<\/section>\n\t\t\t\t<section class=\"elementor-section elementor-top-section elementor-element elementor-element-82da06d elementor-section-boxed elementor-section-height-default elementor-section-height-default\" data-id=\"82da06d\" data-element_type=\"section\">\n\t\t\t\t\t\t<div class=\"elementor-container elementor-column-gap-default\">\n\t\t\t\t\t<div class=\"elementor-column elementor-col-100 elementor-top-column elementor-element elementor-element-999a980\" data-id=\"999a980\" data-element_type=\"column\">\n\t\t\t<div class=\"elementor-widget-wrap elementor-element-populated\">\n\t\t\t\t\t\t<div class=\"elementor-element elementor-element-eb1e6d0 elementor-align-justify elementor-widget__width-initial elementor-widget elementor-widget-button\" data-id=\"eb1e6d0\" data-element_type=\"widget\" data-widget_type=\"button.default\">\n\t\t\t\t<div class=\"elementor-widget-container\">\n\t\t\t\t\t\t\t<div class=\"elementor-button-wrapper\">\n\t\t\t\t\t<a class=\"elementor-button elementor-button-link elementor-size-lg elementor-animation-grow\" href=\"#depoimentos-65-anos\">\n\t\t\t\t\t\t<span class=\"elementor-button-content-wrapper\">\n\t\t\t\t\t\t\t\t\t<span class=\"elementor-button-text\">Clique aqui e acesse os Depoimentos 65 anos UFSM<\/span>\n\t\t\t\t\t<\/span>\n\t\t\t\t\t<\/a>\n\t\t\t\t<\/div>\n\t\t\t\t\t\t<\/div>\n\t\t\t\t<\/div>\n\t\t\t\t<div class=\"elementor-element elementor-element-d8bf66f elementor-widget elementor-widget-spacer\" data-id=\"d8bf66f\" data-element_type=\"widget\" data-widget_type=\"spacer.default\">\n\t\t\t\t<div class=\"elementor-widget-container\">\n\t\t\t\t\t<div class=\"elementor-spacer\">\n\t\t\t<div class=\"elementor-spacer-inner\"><\/div>\n\t\t<\/div>\n\t\t\t\t<\/div>\n\t\t\t\t<\/div>\n\t\t\t\t\t<\/div>\n\t\t<\/div>\n\t\t\t\t\t<\/div>\n\t\t<\/section>\n\t\t\t\t<section class=\"elementor-section elementor-top-section elementor-element elementor-element-42bc932 elementor-section-boxed elementor-section-height-default elementor-section-height-default\" data-id=\"42bc932\" data-element_type=\"section\">\n\t\t\t\t\t\t<div class=\"elementor-container elementor-column-gap-default\">\n\t\t\t\t\t<div class=\"elementor-column elementor-col-66 elementor-top-column elementor-element elementor-element-e191dcc\" data-id=\"e191dcc\" data-element_type=\"column\">\n\t\t\t<div class=\"elementor-widget-wrap elementor-element-populated\">\n\t\t\t\t\t\t<div class=\"elementor-element elementor-element-63acbae elementor-widget elementor-widget-heading\" data-id=\"63acbae\" data-element_type=\"widget\" data-widget_type=\"heading.default\">\n\t\t\t\t<div class=\"elementor-widget-container\">\n\t\t\t<h2 class=\"elementor-heading-title elementor-size-default\">Programa\u00e7\u00e3o Especial<\/h2>\t\t<\/div>\n\t\t\t\t<\/div>\n\t\t\t\t<div class=\"elementor-element elementor-element-1aa26e4 elementor-widget elementor-widget-text-editor\" data-id=\"1aa26e4\" data-element_type=\"widget\" data-widget_type=\"text-editor.default\">\n\t\t\t\t<div class=\"elementor-widget-container\">\n\t\t\t\t\t\t\t<p>Neste espa\u00e7o ser\u00e3o adicionados eventos espec\u00edficos, relativos aos 65 anos da UFSM!<br \/>Se sua unidade organizar algum com esta tem\u00e1tica, encaminhe para <em>ascomgabinete@ufsm.br<\/em> para ser adicionado aqui no site.<\/p>\t\t\t\t\t\t<\/div>\n\t\t\t\t<\/div>\n\t\t\t\t\t<\/div>\n\t\t<\/div>\n\t\t\t\t<div class=\"elementor-column elementor-col-33 elementor-top-column elementor-element elementor-element-5dc7c07\" data-id=\"5dc7c07\" data-element_type=\"column\">\n\t\t\t<div class=\"elementor-widget-wrap elementor-element-populated\">\n\t\t\t\t\t\t<div class=\"elementor-element elementor-element-4bc391f elementor-widget elementor-widget-image\" data-id=\"4bc391f\" data-element_type=\"widget\" data-widget_type=\"image.default\">\n\t\t\t\t<div class=\"elementor-widget-container\">\n\t\t\t\t\t\t\t\t\t\t\t\t\t<img decoding=\"async\" width=\"150\" height=\"150\" src=\"https:\/\/www.ufsm.br\/app\/uploads\/sites\/975\/2025\/08\/65-Anos_Selo-Base-Horizontal-150x150.png\" class=\"attachment-thumbnail size-thumbnail wp-image-27\" alt=\"\" srcset=\"https:\/\/www.ufsm.br\/app\/uploads\/sites\/975\/2025\/08\/65-Anos_Selo-Base-Horizontal-150x150.png 150w, https:\/\/www.ufsm.br\/app\/uploads\/sites\/975\/2025\/08\/65-Anos_Selo-Base-Horizontal-300x300.png 300w, https:\/\/www.ufsm.br\/app\/uploads\/sites\/975\/2025\/08\/65-Anos_Selo-Base-Horizontal-1024x1024.png 1024w, https:\/\/www.ufsm.br\/app\/uploads\/sites\/975\/2025\/08\/65-Anos_Selo-Base-Horizontal-768x768.png 768w, https:\/\/www.ufsm.br\/app\/uploads\/sites\/975\/2025\/08\/65-Anos_Selo-Base-Horizontal.png 1080w\" sizes=\"(max-width: 150px) 100vw, 150px\" \/>\t\t\t\t\t\t\t\t\t\t\t\t\t<\/div>\n\t\t\t\t<\/div>\n\t\t\t\t\t<\/div>\n\t\t<\/div>\n\t\t\t\t\t<\/div>\n\t\t<\/section>\n\t\t\t\t<section class=\"elementor-section elementor-top-section elementor-element elementor-element-369fa03 elementor-section-boxed elementor-section-height-default elementor-section-height-default\" data-id=\"369fa03\" data-element_type=\"section\">\n\t\t\t\t\t\t<div class=\"elementor-container elementor-column-gap-default\">\n\t\t\t\t\t<div class=\"elementor-column elementor-col-66 elementor-top-column elementor-element elementor-element-7cef41f\" data-id=\"7cef41f\" data-element_type=\"column\">\n\t\t\t<div class=\"elementor-widget-wrap elementor-element-populated\">\n\t\t\t\t\t\t<div class=\"elementor-element elementor-element-ba884be elementor-widget elementor-widget-heading\" data-id=\"ba884be\" data-element_type=\"widget\" data-widget_type=\"heading.default\">\n\t\t\t\t<div class=\"elementor-widget-container\">\n\t\t\t<h3 class=\"elementor-heading-title elementor-size-default\">Marcas da Gest\u00e3o<\/h3>\t\t<\/div>\n\t\t\t\t<\/div>\n\t\t\t\t<div class=\"elementor-element elementor-element-26d673c elementor-widget elementor-widget-text-editor\" data-id=\"26d673c\" data-element_type=\"widget\" data-widget_type=\"text-editor.default\">\n\t\t\t\t<div class=\"elementor-widget-container\">\n\t\t\t\t\t\t\t<p>Apresenta\u00e7\u00e3o e relato das principais marcas alcan\u00e7adas pela UFSM nos \u00faltimos 4 anos<\/p><ul><li>15\/10<\/li><li>10h30 para comunidade interna da UFSM<\/li><li>14h para comunidade externa<\/li><\/ul>\t\t\t\t\t\t<\/div>\n\t\t\t\t<\/div>\n\t\t\t\t\t<\/div>\n\t\t<\/div>\n\t\t\t\t<div class=\"elementor-column elementor-col-33 elementor-top-column elementor-element elementor-element-879dec3\" data-id=\"879dec3\" data-element_type=\"column\">\n\t\t\t<div class=\"elementor-widget-wrap elementor-element-populated\">\n\t\t\t\t\t\t<div class=\"elementor-element elementor-element-cd186cc elementor-widget elementor-widget-image\" data-id=\"cd186cc\" data-element_type=\"widget\" data-widget_type=\"image.default\">\n\t\t\t\t<div class=\"elementor-widget-container\">\n\t\t\t\t\t\t\t\t\t\t\t\t\t<img decoding=\"async\" width=\"300\" height=\"200\" src=\"https:\/\/www.ufsm.br\/app\/uploads\/sites\/975\/2025\/09\/foto-Ana-Alicia-Flores-21-300x200.jpg\" class=\"attachment-medium size-medium wp-image-49\" alt=\"\" srcset=\"https:\/\/www.ufsm.br\/app\/uploads\/sites\/975\/2025\/09\/foto-Ana-Alicia-Flores-21-300x200.jpg 300w, https:\/\/www.ufsm.br\/app\/uploads\/sites\/975\/2025\/09\/foto-Ana-Alicia-Flores-21-1024x683.jpg 1024w, https:\/\/www.ufsm.br\/app\/uploads\/sites\/975\/2025\/09\/foto-Ana-Alicia-Flores-21-768x512.jpg 768w, https:\/\/www.ufsm.br\/app\/uploads\/sites\/975\/2025\/09\/foto-Ana-Alicia-Flores-21-1536x1024.jpg 1536w, https:\/\/www.ufsm.br\/app\/uploads\/sites\/975\/2025\/09\/foto-Ana-Alicia-Flores-21-272x182.jpg 272w, https:\/\/www.ufsm.br\/app\/uploads\/sites\/975\/2025\/09\/foto-Ana-Alicia-Flores-21.jpg 1920w\" sizes=\"(max-width: 300px) 100vw, 300px\" \/>\t\t\t\t\t\t\t\t\t\t\t\t\t<\/div>\n\t\t\t\t<\/div>\n\t\t\t\t\t<\/div>\n\t\t<\/div>\n\t\t\t\t\t<\/div>\n\t\t<\/section>\n\t\t\t\t<section class=\"elementor-section elementor-top-section elementor-element elementor-element-de61904 elementor-section-boxed elementor-section-height-default elementor-section-height-default\" data-id=\"de61904\" data-element_type=\"section\">\n\t\t\t\t\t\t<div class=\"elementor-container elementor-column-gap-default\">\n\t\t\t\t\t<div class=\"elementor-column elementor-col-66 elementor-top-column elementor-element elementor-element-963d50e\" data-id=\"963d50e\" data-element_type=\"column\">\n\t\t\t<div class=\"elementor-widget-wrap elementor-element-populated\">\n\t\t\t\t\t\t<div class=\"elementor-element elementor-element-e68012b elementor-widget elementor-widget-heading\" data-id=\"e68012b\" data-element_type=\"widget\" data-widget_type=\"heading.default\">\n\t\t\t\t<div class=\"elementor-widget-container\">\n\t\t\t<h3 class=\"elementor-heading-title elementor-size-default\">XII Reviv\u00eancia \u2013 encontro de aposentados da UFSM<\/h3>\t\t<\/div>\n\t\t\t\t<\/div>\n\t\t\t\t<div class=\"elementor-element elementor-element-377abbe elementor-widget elementor-widget-text-editor\" data-id=\"377abbe\" data-element_type=\"widget\" data-widget_type=\"text-editor.default\">\n\t\t\t\t<div class=\"elementor-widget-container\">\n\t\t\t\t\t\t\t<ul><li style=\"list-style-type: none\"><ul><li>31\/10<\/li><li>Sal\u00e3o Imembuy<\/li><li>Mais informa\u00e7\u00f5es: <span style=\"text-decoration: underline\"><a href=\"https:\/\/www.ufsm.br\/pro-reitorias\/progep\/eventos\/xii-revivencia\">https:\/\/www.ufsm.br\/pro-reitorias\/progep\/eventos\/xii-revivencia<\/a><\/span><\/li><\/ul><\/li><\/ul>\t\t\t\t\t\t<\/div>\n\t\t\t\t<\/div>\n\t\t\t\t\t<\/div>\n\t\t<\/div>\n\t\t\t\t<div class=\"elementor-column elementor-col-33 elementor-top-column elementor-element elementor-element-044bca6\" data-id=\"044bca6\" data-element_type=\"column\">\n\t\t\t<div class=\"elementor-widget-wrap elementor-element-populated\">\n\t\t\t\t\t\t<div class=\"elementor-element elementor-element-842c4f3 elementor-widget elementor-widget-image\" data-id=\"842c4f3\" data-element_type=\"widget\" data-widget_type=\"image.default\">\n\t\t\t\t<div class=\"elementor-widget-container\">\n\t\t\t\t\t\t\t\t\t\t\t\t\t<img loading=\"lazy\" decoding=\"async\" width=\"1024\" height=\"379\" src=\"https:\/\/www.ufsm.br\/app\/uploads\/sites\/975\/2025\/09\/895b85e0-ee15-450a-8591-efc43a2a6e97-1024x379.jpeg\" class=\"attachment-large size-large wp-image-48\" alt=\"\" srcset=\"https:\/\/www.ufsm.br\/app\/uploads\/sites\/975\/2025\/09\/895b85e0-ee15-450a-8591-efc43a2a6e97-1024x379.jpeg 1024w, https:\/\/www.ufsm.br\/app\/uploads\/sites\/975\/2025\/09\/895b85e0-ee15-450a-8591-efc43a2a6e97-300x111.jpeg 300w, https:\/\/www.ufsm.br\/app\/uploads\/sites\/975\/2025\/09\/895b85e0-ee15-450a-8591-efc43a2a6e97-768x284.jpeg 768w, https:\/\/www.ufsm.br\/app\/uploads\/sites\/975\/2025\/09\/895b85e0-ee15-450a-8591-efc43a2a6e97.jpeg 1200w\" sizes=\"(max-width: 1024px) 100vw, 1024px\" \/>\t\t\t\t\t\t\t\t\t\t\t\t\t<\/div>\n\t\t\t\t<\/div>\n\t\t\t\t\t<\/div>\n\t\t<\/div>\n\t\t\t\t\t<\/div>\n\t\t<\/section>\n\t\t\t\t<section class=\"elementor-section elementor-top-section elementor-element elementor-element-300dd9e elementor-section-boxed elementor-section-height-default elementor-section-height-default\" data-id=\"300dd9e\" data-element_type=\"section\">\n\t\t\t\t\t\t<div class=\"elementor-container elementor-column-gap-default\">\n\t\t\t\t\t<div class=\"elementor-column elementor-col-66 elementor-top-column elementor-element elementor-element-b45d462\" data-id=\"b45d462\" data-element_type=\"column\">\n\t\t\t<div class=\"elementor-widget-wrap elementor-element-populated\">\n\t\t\t\t\t\t<div class=\"elementor-element elementor-element-828fa74 elementor-widget elementor-widget-heading\" data-id=\"828fa74\" data-element_type=\"widget\" data-widget_type=\"heading.default\">\n\t\t\t\t<div class=\"elementor-widget-container\">\n\t\t\t<h3 class=\"elementor-heading-title elementor-size-default\">Semana Mundial da Qualidade 2025 SGLab CT<br><\/h3>\t\t<\/div>\n\t\t\t\t<\/div>\n\t\t\t\t<div class=\"elementor-element elementor-element-10bb1fe elementor-widget elementor-widget-text-editor\" data-id=\"10bb1fe\" data-element_type=\"widget\" data-widget_type=\"text-editor.default\">\n\t\t\t\t<div class=\"elementor-widget-container\">\n\t\t\t\t\t\t\t<ul><li style=\"list-style-type: none\"><ul><li>10 e 14 de novembro<\/li><li>Audit\u00f3rio do INPE<\/li><li>Mais informa\u00e7\u00f5es:<u>\u00a0<a href=\"https:\/\/www.ufsm.br\/unidades-universitarias\/ct\/2025\/09\/29\/semana-mundial-da-qualidade-2025-integra-as-comemoracoes-dos-65-anos-da-ufsm\">https:\/\/www.ufsm.br\/unidades-universitarias\/ct\/2025\/09\/29\/semana-mundial-da-qualidade-2025-integra-as-comemoracoes-dos-65-anos-da-ufsm<\/a><\/u><\/li><\/ul><\/li><\/ul>\t\t\t\t\t\t<\/div>\n\t\t\t\t<\/div>\n\t\t\t\t\t<\/div>\n\t\t<\/div>\n\t\t\t\t<div class=\"elementor-column elementor-col-33 elementor-top-column elementor-element elementor-element-d877ce9\" data-id=\"d877ce9\" data-element_type=\"column\">\n\t\t\t<div class=\"elementor-widget-wrap elementor-element-populated\">\n\t\t\t\t\t\t<div class=\"elementor-element elementor-element-8e02aca elementor-widget elementor-widget-image\" data-id=\"8e02aca\" data-element_type=\"widget\" data-widget_type=\"image.default\">\n\t\t\t\t<div class=\"elementor-widget-container\">\n\t\t\t\t\t\t\t\t\t\t\t\t\t<img loading=\"lazy\" decoding=\"async\" width=\"1024\" height=\"576\" src=\"https:\/\/www.ufsm.br\/app\/uploads\/sites\/975\/2025\/09\/Tela-de-fundo-Semana-Mundial-da-Qualidade-2025-1024x576-1.jpg\" class=\"attachment-large size-large wp-image-50\" alt=\"\" srcset=\"https:\/\/www.ufsm.br\/app\/uploads\/sites\/975\/2025\/09\/Tela-de-fundo-Semana-Mundial-da-Qualidade-2025-1024x576-1.jpg 1024w, https:\/\/www.ufsm.br\/app\/uploads\/sites\/975\/2025\/09\/Tela-de-fundo-Semana-Mundial-da-Qualidade-2025-1024x576-1-300x169.jpg 300w, https:\/\/www.ufsm.br\/app\/uploads\/sites\/975\/2025\/09\/Tela-de-fundo-Semana-Mundial-da-Qualidade-2025-1024x576-1-768x432.jpg 768w\" sizes=\"(max-width: 1024px) 100vw, 1024px\" \/>\t\t\t\t\t\t\t\t\t\t\t\t\t<\/div>\n\t\t\t\t<\/div>\n\t\t\t\t\t<\/div>\n\t\t<\/div>\n\t\t\t\t\t<\/div>\n\t\t<\/section>\n\t\t\t\t<section class=\"elementor-section elementor-top-section elementor-element elementor-element-9965474 elementor-section-boxed elementor-section-height-default elementor-section-height-default\" data-id=\"9965474\" data-element_type=\"section\">\n\t\t\t\t\t\t<div class=\"elementor-container elementor-column-gap-default\">\n\t\t\t\t\t<div class=\"elementor-column elementor-col-100 elementor-top-column elementor-element elementor-element-7ff2c95\" data-id=\"7ff2c95\" data-element_type=\"column\">\n\t\t\t<div class=\"elementor-widget-wrap elementor-element-populated\">\n\t\t\t\t\t\t<div class=\"elementor-element elementor-element-b47c15a elementor-widget elementor-widget-spacer\" data-id=\"b47c15a\" data-element_type=\"widget\" data-widget_type=\"spacer.default\">\n\t\t\t\t<div class=\"elementor-widget-container\">\n\t\t\t\t\t<div class=\"elementor-spacer\">\n\t\t\t<div class=\"elementor-spacer-inner\"><\/div>\n\t\t<\/div>\n\t\t\t\t<\/div>\n\t\t\t\t<\/div>\n\t\t\t\t<div class=\"elementor-element elementor-element-c663cb3 elementor-widget elementor-widget-wp-widget-ufsm_noticias_widget\" data-id=\"c663cb3\" data-element_type=\"widget\" data-widget_type=\"wp-widget-ufsm_noticias_widget.default\">\n\t\t\t\t<div class=\"elementor-widget-container\">\n\t\t\t<h5 class='titulo-conteudos'>Not\u00edcias sobre os 65 anos da UFSM<\/h5><div class='widget-noticias-inside'>\n                        <div class=\"row\">\n                                    <div class=\"col-12 col-lg-4 pb-4\">\n                                        \n                                        \n                    \n                    <a class=\"noticias-widget-title d-block \"  title=\"Compartilhe sua hist\u00f3ria nos 65 anos da UFSM\" href=\"https:\/\/www.ufsm.br\/2025\/08\/13\/compartilhe-sua-historia-nos-65-anos-da-ufsm\">\n                                                Compartilhe sua hist\u00f3ria nos 65 anos da UFSM                    <\/a>\n                    \n                                            <div class=\"noticias-widget-introtext\">\n                            A Universidade Federal de Santa Maria (UFSM) celebra em 14 de dezembro de 2025 seus 65 anos de hist\u00f3ria. Uma&hellip;                        <\/div>\n                    \n                                        \n                                        \n                                            \n                                                    <div title=\"Publicado em 13\/08\/2025 \" class=\"data-publicacao-widget\">\n                                <i  class=\"far fa-clock\"><\/i>\n                                13\/08\/2025                             <\/div>\n                                                                <\/div>\n                                    <div class=\"col-12 col-lg-4 pb-4\">\n                                        \n                                        \n                    \n                    <a class=\"noticias-widget-title d-block \"  title=\"UFSM lan\u00e7a marca comemorativa de seus 65 anos\" href=\"https:\/\/www.ufsm.br\/2025\/08\/11\/ufsm-lanca-marca-comemorativa-de-seus-65-anos\">\n                                                UFSM lan\u00e7a marca comemorativa de seus 65 anos                    <\/a>\n                    \n                                            <div class=\"noticias-widget-introtext\">\n                            Selo ser\u00e1 utilizado ao longo das a\u00e7\u00f5es e eventos programados para celebrar a trajet\u00f3ria da institui\u00e7\u00e3o                        <\/div>\n                    \n                                        \n                                        \n                                            \n                                                    <div title=\"Publicado em 11\/08\/2025 \" class=\"data-publicacao-widget\">\n                                <i  class=\"far fa-clock\"><\/i>\n                                11\/08\/2025                             <\/div>\n                                                                <\/div>\n                                    <div class=\"col-12 col-lg-4 pb-4\">\n                                        \n                                        \n                    \n                    <a class=\"noticias-widget-title d-block \"  title=\"UFSM lan\u00e7a selo comemorativo de 65 anos\" href=\"https:\/\/www.ufsm.br\/2025\/08\/08\/ufsm-lanca-selo-comemorativo-de-65-anos\">\n                                                UFSM lan\u00e7a selo comemorativo de 65 anos                    <\/a>\n                    \n                                            <div class=\"noticias-widget-introtext\">\n                            Evento marca o in\u00edcio das atividades do anivers\u00e1rio de 65 anos da Universidade, celebrado em dezembro                        <\/div>\n                    \n                                        \n                                        \n                                            \n                                                    <div title=\"Publicado em 08\/08\/2025 \" class=\"data-publicacao-widget\">\n                                <i  class=\"far fa-clock\"><\/i>\n                                08\/08\/2025                             <\/div>\n                                                                <\/div>\n                            <\/div>\n            <\/div>\n<div class=\"leia-mais p-1\">\n                <a href=\"https:\/\/www.ufsm.br\/65-anos\/busca\/?q=&area=post&orderby=date&sites%5B%5D=975&tags=65anos\">\n            Leia mais            <span class=\"icon-box\">\n                <span class=\"bg-ufsm-widget-icon\">\n                    <i class=\"fas fa-chevron-right\" aria-hidden=\"true\"><\/i>\n                <\/span>\n            <\/span>\n        <\/a>\n    <\/div>\n\t\t<\/div>\n\t\t\t\t<\/div>\n\t\t\t\t\t<\/div>\n\t\t<\/div>\n\t\t\t\t\t<\/div>\n\t\t<\/section>\n\t\t\t\t<section class=\"elementor-section elementor-top-section elementor-element elementor-element-4d418fb elementor-section-boxed elementor-section-height-default elementor-section-height-default\" data-id=\"4d418fb\" data-element_type=\"section\">\n\t\t\t\t\t\t<div class=\"elementor-container elementor-column-gap-default\">\n\t\t\t\t\t<div class=\"elementor-column elementor-col-100 elementor-top-column elementor-element elementor-element-d7df8f5\" data-id=\"d7df8f5\" data-element_type=\"column\">\n\t\t\t<div class=\"elementor-widget-wrap elementor-element-populated\">\n\t\t\t\t\t\t<div class=\"elementor-element elementor-element-9523207 elementor-widget elementor-widget-heading\" data-id=\"9523207\" data-element_type=\"widget\" data-widget_type=\"heading.default\">\n\t\t\t\t<div class=\"elementor-widget-container\">\n\t\t\t<h2 class=\"elementor-heading-title elementor-size-default\">Acesse o selo<\/h2>\t\t<\/div>\n\t\t\t\t<\/div>\n\t\t\t\t<div class=\"elementor-element elementor-element-bab0c11 elementor-widget elementor-widget-text-editor\" data-id=\"bab0c11\" data-element_type=\"widget\" data-widget_type=\"text-editor.default\">\n\t\t\t\t<div class=\"elementor-widget-container\">\n\t\t\t\t\t\t\t<p>O selo foi produzido pela Unidade de Comunica\u00e7\u00e3o Integrada da Coordenadoria de Comunica\u00e7\u00e3o Social da UFSM. Para mais informa\u00e7\u00f5es ou vers\u00f5es necess\u00e1ria, solicite pelo e-mail: unicom@ufsm.br<\/p>\t\t\t\t\t\t<\/div>\n\t\t\t\t<\/div>\n\t\t\t\t\t<\/div>\n\t\t<\/div>\n\t\t\t\t\t<\/div>\n\t\t<\/section>\n\t\t\t\t<section class=\"elementor-section elementor-top-section elementor-element elementor-element-3c7e871 elementor-section-boxed elementor-section-height-default elementor-section-height-default\" data-id=\"3c7e871\" data-element_type=\"section\">\n\t\t\t\t\t\t<div class=\"elementor-container elementor-column-gap-default\">\n\t\t\t\t\t<div class=\"elementor-column elementor-col-20 elementor-top-column elementor-element elementor-element-5cb013e\" data-id=\"5cb013e\" data-element_type=\"column\">\n\t\t\t<div class=\"elementor-widget-wrap elementor-element-populated\">\n\t\t\t\t\t\t<div class=\"elementor-element elementor-element-ca1229c elementor-widget elementor-widget-image\" data-id=\"ca1229c\" data-element_type=\"widget\" data-widget_type=\"image.default\">\n\t\t\t\t<div class=\"elementor-widget-container\">\n\t\t\t\t\t\t\t\t\t\t<figure class=\"wp-caption\">\n\t\t\t\t\t\t\t\t\t\t\t<a href=\"https:\/\/www.ufsm.br\/app\/uploads\/sites\/975\/2025\/08\/65-Anos_Selo-Monocromatico-Horizontal-1.png\" data-elementor-open-lightbox=\"yes\" data-elementor-lightbox-title=\"65 Anos_Selo Monocrom\u00e1tico Horizontal\" data-e-action-hash=\"#elementor-action%3Aaction%3Dlightbox%26settings%3DeyJpZCI6IjI4IiwidXJsIjoiaHR0cHM6XC9cL3d3dy51ZnNtLmJyXC9hcHBcL3VwbG9hZHNcL3NpdGVzXC85NzVcLzIwMjVcLzA4XC82NS1Bbm9zX1NlbG8tTW9ub2Nyb21hdGljby1Ib3Jpem9udGFsLTEucG5nIn0%3D\">\n\t\t\t\t\t\t\t<img loading=\"lazy\" decoding=\"async\" width=\"1024\" height=\"1024\" src=\"https:\/\/www.ufsm.br\/app\/uploads\/sites\/975\/2025\/08\/65-Anos_Selo-Monocromatico-Horizontal-1-1024x1024.png\" class=\"attachment-large size-large wp-image-28\" alt=\"\" srcset=\"https:\/\/www.ufsm.br\/app\/uploads\/sites\/975\/2025\/08\/65-Anos_Selo-Monocromatico-Horizontal-1-1024x1024.png 1024w, https:\/\/www.ufsm.br\/app\/uploads\/sites\/975\/2025\/08\/65-Anos_Selo-Monocromatico-Horizontal-1-300x300.png 300w, https:\/\/www.ufsm.br\/app\/uploads\/sites\/975\/2025\/08\/65-Anos_Selo-Monocromatico-Horizontal-1-150x150.png 150w, https:\/\/www.ufsm.br\/app\/uploads\/sites\/975\/2025\/08\/65-Anos_Selo-Monocromatico-Horizontal-1-768x768.png 768w, https:\/\/www.ufsm.br\/app\/uploads\/sites\/975\/2025\/08\/65-Anos_Selo-Monocromatico-Horizontal-1.png 1080w\" sizes=\"(max-width: 1024px) 100vw, 1024px\" \/>\t\t\t\t\t\t\t\t<\/a>\n\t\t\t\t\t\t\t\t\t\t\t<figcaption class=\"widget-image-caption wp-caption-text\">Selo Monocrom\u00e1tico Horizontal<\/figcaption>\n\t\t\t\t\t\t\t\t\t\t<\/figure>\n\t\t\t\t\t\t\t<\/div>\n\t\t\t\t<\/div>\n\t\t\t\t\t<\/div>\n\t\t<\/div>\n\t\t\t\t<div class=\"elementor-column elementor-col-20 elementor-top-column elementor-element elementor-element-5872197\" data-id=\"5872197\" data-element_type=\"column\">\n\t\t\t<div class=\"elementor-widget-wrap elementor-element-populated\">\n\t\t\t\t\t\t<div class=\"elementor-element elementor-element-b667ccd elementor-widget elementor-widget-image\" data-id=\"b667ccd\" data-element_type=\"widget\" data-widget_type=\"image.default\">\n\t\t\t\t<div class=\"elementor-widget-container\">\n\t\t\t\t\t\t\t\t\t\t<figure class=\"wp-caption\">\n\t\t\t\t\t\t\t\t\t\t\t<a href=\"https:\/\/www.ufsm.br\/app\/uploads\/sites\/975\/2025\/08\/65-Anos_Selo-Base-Horizontal.png\" data-elementor-open-lightbox=\"yes\" data-elementor-lightbox-title=\"65 Anos_Selo Base Horizontal\" data-e-action-hash=\"#elementor-action%3Aaction%3Dlightbox%26settings%3DeyJpZCI6IjI3IiwidXJsIjoiaHR0cHM6XC9cL3d3dy51ZnNtLmJyXC9hcHBcL3VwbG9hZHNcL3NpdGVzXC85NzVcLzIwMjVcLzA4XC82NS1Bbm9zX1NlbG8tQmFzZS1Ib3Jpem9udGFsLnBuZyJ9\">\n\t\t\t\t\t\t\t<img loading=\"lazy\" decoding=\"async\" width=\"1024\" height=\"1024\" src=\"https:\/\/www.ufsm.br\/app\/uploads\/sites\/975\/2025\/08\/65-Anos_Selo-Base-Horizontal-1024x1024.png\" class=\"attachment-large size-large wp-image-27\" alt=\"\" srcset=\"https:\/\/www.ufsm.br\/app\/uploads\/sites\/975\/2025\/08\/65-Anos_Selo-Base-Horizontal-1024x1024.png 1024w, https:\/\/www.ufsm.br\/app\/uploads\/sites\/975\/2025\/08\/65-Anos_Selo-Base-Horizontal-300x300.png 300w, https:\/\/www.ufsm.br\/app\/uploads\/sites\/975\/2025\/08\/65-Anos_Selo-Base-Horizontal-150x150.png 150w, https:\/\/www.ufsm.br\/app\/uploads\/sites\/975\/2025\/08\/65-Anos_Selo-Base-Horizontal-768x768.png 768w, https:\/\/www.ufsm.br\/app\/uploads\/sites\/975\/2025\/08\/65-Anos_Selo-Base-Horizontal.png 1080w\" sizes=\"(max-width: 1024px) 100vw, 1024px\" \/>\t\t\t\t\t\t\t\t<\/a>\n\t\t\t\t\t\t\t\t\t\t\t<figcaption class=\"widget-image-caption wp-caption-text\">Selo Base Horizontal<\/figcaption>\n\t\t\t\t\t\t\t\t\t\t<\/figure>\n\t\t\t\t\t\t\t<\/div>\n\t\t\t\t<\/div>\n\t\t\t\t\t<\/div>\n\t\t<\/div>\n\t\t\t\t<div class=\"elementor-column elementor-col-20 elementor-top-column elementor-element elementor-element-28db4a3\" data-id=\"28db4a3\" data-element_type=\"column\">\n\t\t\t<div class=\"elementor-widget-wrap elementor-element-populated\">\n\t\t\t\t\t\t<div class=\"elementor-element elementor-element-dbaab33 elementor-widget elementor-widget-image\" data-id=\"dbaab33\" data-element_type=\"widget\" data-widget_type=\"image.default\">\n\t\t\t\t<div class=\"elementor-widget-container\">\n\t\t\t\t\t\t\t\t\t\t<figure class=\"wp-caption\">\n\t\t\t\t\t\t\t\t\t\t\t<a href=\"https:\/\/www.ufsm.br\/app\/uploads\/sites\/975\/2025\/08\/65-Anos_Selo-Base-Vertical.png\" data-elementor-open-lightbox=\"yes\" data-elementor-lightbox-title=\"65 Anos_Selo Base Vertical\" data-e-action-hash=\"#elementor-action%3Aaction%3Dlightbox%26settings%3DeyJpZCI6IjI2IiwidXJsIjoiaHR0cHM6XC9cL3d3dy51ZnNtLmJyXC9hcHBcL3VwbG9hZHNcL3NpdGVzXC85NzVcLzIwMjVcLzA4XC82NS1Bbm9zX1NlbG8tQmFzZS1WZXJ0aWNhbC5wbmcifQ%3D%3D\">\n\t\t\t\t\t\t\t<img loading=\"lazy\" decoding=\"async\" width=\"1024\" height=\"1024\" src=\"https:\/\/www.ufsm.br\/app\/uploads\/sites\/975\/2025\/08\/65-Anos_Selo-Base-Vertical-1024x1024.png\" class=\"attachment-large size-large wp-image-26\" alt=\"\" srcset=\"https:\/\/www.ufsm.br\/app\/uploads\/sites\/975\/2025\/08\/65-Anos_Selo-Base-Vertical-1024x1024.png 1024w, https:\/\/www.ufsm.br\/app\/uploads\/sites\/975\/2025\/08\/65-Anos_Selo-Base-Vertical-300x300.png 300w, https:\/\/www.ufsm.br\/app\/uploads\/sites\/975\/2025\/08\/65-Anos_Selo-Base-Vertical-150x150.png 150w, https:\/\/www.ufsm.br\/app\/uploads\/sites\/975\/2025\/08\/65-Anos_Selo-Base-Vertical-768x768.png 768w, https:\/\/www.ufsm.br\/app\/uploads\/sites\/975\/2025\/08\/65-Anos_Selo-Base-Vertical.png 1080w\" sizes=\"(max-width: 1024px) 100vw, 1024px\" \/>\t\t\t\t\t\t\t\t<\/a>\n\t\t\t\t\t\t\t\t\t\t\t<figcaption class=\"widget-image-caption wp-caption-text\">Selo Base Vertical<\/figcaption>\n\t\t\t\t\t\t\t\t\t\t<\/figure>\n\t\t\t\t\t\t\t<\/div>\n\t\t\t\t<\/div>\n\t\t\t\t\t<\/div>\n\t\t<\/div>\n\t\t\t\t<div class=\"elementor-column elementor-col-20 elementor-top-column elementor-element elementor-element-474e4fd\" data-id=\"474e4fd\" data-element_type=\"column\">\n\t\t\t<div class=\"elementor-widget-wrap elementor-element-populated\">\n\t\t\t\t\t\t<div class=\"elementor-element elementor-element-260811f elementor-widget elementor-widget-image\" data-id=\"260811f\" data-element_type=\"widget\" data-widget_type=\"image.default\">\n\t\t\t\t<div class=\"elementor-widget-container\">\n\t\t\t\t\t\t\t\t\t\t<figure class=\"wp-caption\">\n\t\t\t\t\t\t\t\t\t\t\t<a href=\"https:\/\/www.ufsm.br\/app\/uploads\/sites\/975\/2025\/08\/65-Anos_Selo-Negativo-Horizontal-Preenchido.png\" data-elementor-open-lightbox=\"yes\" data-elementor-lightbox-title=\"65 Anos_Selo Negativo Horizontal Preenchido\" data-e-action-hash=\"#elementor-action%3Aaction%3Dlightbox%26settings%3DeyJpZCI6IjI1IiwidXJsIjoiaHR0cHM6XC9cL3d3dy51ZnNtLmJyXC9hcHBcL3VwbG9hZHNcL3NpdGVzXC85NzVcLzIwMjVcLzA4XC82NS1Bbm9zX1NlbG8tTmVnYXRpdm8tSG9yaXpvbnRhbC1QcmVlbmNoaWRvLnBuZyJ9\">\n\t\t\t\t\t\t\t<img loading=\"lazy\" decoding=\"async\" width=\"1024\" height=\"1024\" src=\"https:\/\/www.ufsm.br\/app\/uploads\/sites\/975\/2025\/08\/65-Anos_Selo-Negativo-Horizontal-Preenchido-1024x1024.png\" class=\"attachment-large size-large wp-image-25\" alt=\"\" srcset=\"https:\/\/www.ufsm.br\/app\/uploads\/sites\/975\/2025\/08\/65-Anos_Selo-Negativo-Horizontal-Preenchido-1024x1024.png 1024w, https:\/\/www.ufsm.br\/app\/uploads\/sites\/975\/2025\/08\/65-Anos_Selo-Negativo-Horizontal-Preenchido-300x300.png 300w, https:\/\/www.ufsm.br\/app\/uploads\/sites\/975\/2025\/08\/65-Anos_Selo-Negativo-Horizontal-Preenchido-150x150.png 150w, https:\/\/www.ufsm.br\/app\/uploads\/sites\/975\/2025\/08\/65-Anos_Selo-Negativo-Horizontal-Preenchido-768x768.png 768w, https:\/\/www.ufsm.br\/app\/uploads\/sites\/975\/2025\/08\/65-Anos_Selo-Negativo-Horizontal-Preenchido.png 1080w\" sizes=\"(max-width: 1024px) 100vw, 1024px\" \/>\t\t\t\t\t\t\t\t<\/a>\n\t\t\t\t\t\t\t\t\t\t\t<figcaption class=\"widget-image-caption wp-caption-text\">Selo Negativo Horizontal Preenchido<\/figcaption>\n\t\t\t\t\t\t\t\t\t\t<\/figure>\n\t\t\t\t\t\t\t<\/div>\n\t\t\t\t<\/div>\n\t\t\t\t\t<\/div>\n\t\t<\/div>\n\t\t\t\t<div class=\"elementor-column elementor-col-20 elementor-top-column elementor-element elementor-element-68ec872\" data-id=\"68ec872\" data-element_type=\"column\">\n\t\t\t<div class=\"elementor-widget-wrap elementor-element-populated\">\n\t\t\t\t\t\t<div class=\"elementor-element elementor-element-b893140 elementor-widget elementor-widget-image\" data-id=\"b893140\" data-element_type=\"widget\" data-widget_type=\"image.default\">\n\t\t\t\t<div class=\"elementor-widget-container\">\n\t\t\t\t\t\t\t\t\t\t<figure class=\"wp-caption\">\n\t\t\t\t\t\t\t\t\t\t\t<a href=\"https:\/\/www.ufsm.br\/app\/uploads\/sites\/975\/2025\/08\/65-Anos_Selo-Monocromatico-Vertical.png\" data-elementor-open-lightbox=\"yes\" data-elementor-lightbox-title=\"65 Anos_Selo Monocrom\u00e1tico Vertical\" data-e-action-hash=\"#elementor-action%3Aaction%3Dlightbox%26settings%3DeyJpZCI6IjI0IiwidXJsIjoiaHR0cHM6XC9cL3d3dy51ZnNtLmJyXC9hcHBcL3VwbG9hZHNcL3NpdGVzXC85NzVcLzIwMjVcLzA4XC82NS1Bbm9zX1NlbG8tTW9ub2Nyb21hdGljby1WZXJ0aWNhbC5wbmcifQ%3D%3D\">\n\t\t\t\t\t\t\t<img loading=\"lazy\" decoding=\"async\" width=\"1024\" height=\"1024\" src=\"https:\/\/www.ufsm.br\/app\/uploads\/sites\/975\/2025\/08\/65-Anos_Selo-Monocromatico-Vertical-1024x1024.png\" class=\"attachment-large size-large wp-image-24\" alt=\"\" srcset=\"https:\/\/www.ufsm.br\/app\/uploads\/sites\/975\/2025\/08\/65-Anos_Selo-Monocromatico-Vertical-1024x1024.png 1024w, https:\/\/www.ufsm.br\/app\/uploads\/sites\/975\/2025\/08\/65-Anos_Selo-Monocromatico-Vertical-300x300.png 300w, https:\/\/www.ufsm.br\/app\/uploads\/sites\/975\/2025\/08\/65-Anos_Selo-Monocromatico-Vertical-150x150.png 150w, https:\/\/www.ufsm.br\/app\/uploads\/sites\/975\/2025\/08\/65-Anos_Selo-Monocromatico-Vertical-768x768.png 768w, https:\/\/www.ufsm.br\/app\/uploads\/sites\/975\/2025\/08\/65-Anos_Selo-Monocromatico-Vertical.png 1080w\" sizes=\"(max-width: 1024px) 100vw, 1024px\" \/>\t\t\t\t\t\t\t\t<\/a>\n\t\t\t\t\t\t\t\t\t\t\t<figcaption class=\"widget-image-caption wp-caption-text\">Selo Monocrom\u00e1tico Vertical<\/figcaption>\n\t\t\t\t\t\t\t\t\t\t<\/figure>\n\t\t\t\t\t\t\t<\/div>\n\t\t\t\t<\/div>\n\t\t\t\t\t<\/div>\n\t\t<\/div>\n\t\t\t\t\t<\/div>\n\t\t<\/section>\n\t\t\t\t<section class=\"elementor-section elementor-top-section elementor-element elementor-element-3490553 elementor-section-boxed elementor-section-height-default elementor-section-height-default\" data-id=\"3490553\" data-element_type=\"section\">\n\t\t\t\t\t\t<div class=\"elementor-container elementor-column-gap-default\">\n\t\t\t\t\t<div class=\"elementor-column elementor-col-20 elementor-top-column elementor-element elementor-element-029b3ad\" data-id=\"029b3ad\" data-element_type=\"column\">\n\t\t\t<div class=\"elementor-widget-wrap elementor-element-populated\">\n\t\t\t\t\t\t<div class=\"elementor-element elementor-element-63b0d0f elementor-widget elementor-widget-image\" data-id=\"63b0d0f\" data-element_type=\"widget\" data-widget_type=\"image.default\">\n\t\t\t\t<div class=\"elementor-widget-container\">\n\t\t\t\t\t\t\t\t\t\t<figure class=\"wp-caption\">\n\t\t\t\t\t\t\t\t\t\t\t<a href=\"https:\/\/www.ufsm.br\/app\/uploads\/sites\/975\/2025\/08\/65-Anos_Selo-Preto-Horizontal.png\" data-elementor-open-lightbox=\"yes\" data-elementor-lightbox-title=\"65 Anos_Selo Preto Horizontal\" data-e-action-hash=\"#elementor-action%3Aaction%3Dlightbox%26settings%3DeyJpZCI6IjIzIiwidXJsIjoiaHR0cHM6XC9cL3d3dy51ZnNtLmJyXC9hcHBcL3VwbG9hZHNcL3NpdGVzXC85NzVcLzIwMjVcLzA4XC82NS1Bbm9zX1NlbG8tUHJldG8tSG9yaXpvbnRhbC5wbmcifQ%3D%3D\">\n\t\t\t\t\t\t\t<img loading=\"lazy\" decoding=\"async\" width=\"1024\" height=\"1024\" src=\"https:\/\/www.ufsm.br\/app\/uploads\/sites\/975\/2025\/08\/65-Anos_Selo-Preto-Horizontal-1024x1024.png\" class=\"attachment-large size-large wp-image-23\" alt=\"\" srcset=\"https:\/\/www.ufsm.br\/app\/uploads\/sites\/975\/2025\/08\/65-Anos_Selo-Preto-Horizontal-1024x1024.png 1024w, https:\/\/www.ufsm.br\/app\/uploads\/sites\/975\/2025\/08\/65-Anos_Selo-Preto-Horizontal-300x300.png 300w, https:\/\/www.ufsm.br\/app\/uploads\/sites\/975\/2025\/08\/65-Anos_Selo-Preto-Horizontal-150x150.png 150w, https:\/\/www.ufsm.br\/app\/uploads\/sites\/975\/2025\/08\/65-Anos_Selo-Preto-Horizontal-768x768.png 768w, https:\/\/www.ufsm.br\/app\/uploads\/sites\/975\/2025\/08\/65-Anos_Selo-Preto-Horizontal.png 1080w\" sizes=\"(max-width: 1024px) 100vw, 1024px\" \/>\t\t\t\t\t\t\t\t<\/a>\n\t\t\t\t\t\t\t\t\t\t\t<figcaption class=\"widget-image-caption wp-caption-text\">Selo Preto Horizontal<\/figcaption>\n\t\t\t\t\t\t\t\t\t\t<\/figure>\n\t\t\t\t\t\t\t<\/div>\n\t\t\t\t<\/div>\n\t\t\t\t\t<\/div>\n\t\t<\/div>\n\t\t\t\t<div class=\"elementor-column elementor-col-20 elementor-top-column elementor-element elementor-element-b9ad9e8\" data-id=\"b9ad9e8\" data-element_type=\"column\">\n\t\t\t<div class=\"elementor-widget-wrap elementor-element-populated\">\n\t\t\t\t\t\t<div class=\"elementor-element elementor-element-8201802 elementor-widget elementor-widget-image\" data-id=\"8201802\" data-element_type=\"widget\" data-widget_type=\"image.default\">\n\t\t\t\t<div class=\"elementor-widget-container\">\n\t\t\t\t\t\t\t\t\t\t<figure class=\"wp-caption\">\n\t\t\t\t\t\t\t\t\t\t\t<a href=\"https:\/\/www.ufsm.br\/app\/uploads\/sites\/975\/2025\/08\/65-Anos_Selo-Negativo-Vertifical-.png\" data-elementor-open-lightbox=\"yes\" data-elementor-lightbox-title=\"65 Anos_Selo Negativo Vertifical\" data-e-action-hash=\"#elementor-action%3Aaction%3Dlightbox%26settings%3DeyJpZCI6IjIyIiwidXJsIjoiaHR0cHM6XC9cL3d3dy51ZnNtLmJyXC9hcHBcL3VwbG9hZHNcL3NpdGVzXC85NzVcLzIwMjVcLzA4XC82NS1Bbm9zX1NlbG8tTmVnYXRpdm8tVmVydGlmaWNhbC0ucG5nIn0%3D\">\n\t\t\t\t\t\t\t<img loading=\"lazy\" decoding=\"async\" width=\"1024\" height=\"1024\" src=\"https:\/\/www.ufsm.br\/app\/uploads\/sites\/975\/2025\/08\/65-Anos_Selo-Negativo-Vertifical--1024x1024.png\" class=\"attachment-large size-large wp-image-22\" alt=\"\" srcset=\"https:\/\/www.ufsm.br\/app\/uploads\/sites\/975\/2025\/08\/65-Anos_Selo-Negativo-Vertifical--1024x1024.png 1024w, https:\/\/www.ufsm.br\/app\/uploads\/sites\/975\/2025\/08\/65-Anos_Selo-Negativo-Vertifical--300x300.png 300w, https:\/\/www.ufsm.br\/app\/uploads\/sites\/975\/2025\/08\/65-Anos_Selo-Negativo-Vertifical--150x150.png 150w, https:\/\/www.ufsm.br\/app\/uploads\/sites\/975\/2025\/08\/65-Anos_Selo-Negativo-Vertifical--768x768.png 768w, https:\/\/www.ufsm.br\/app\/uploads\/sites\/975\/2025\/08\/65-Anos_Selo-Negativo-Vertifical-.png 1080w\" sizes=\"(max-width: 1024px) 100vw, 1024px\" \/>\t\t\t\t\t\t\t\t<\/a>\n\t\t\t\t\t\t\t\t\t\t\t<figcaption class=\"widget-image-caption wp-caption-text\">Selo Negativo Vertifical<\/figcaption>\n\t\t\t\t\t\t\t\t\t\t<\/figure>\n\t\t\t\t\t\t\t<\/div>\n\t\t\t\t<\/div>\n\t\t\t\t\t<\/div>\n\t\t<\/div>\n\t\t\t\t<div class=\"elementor-column elementor-col-20 elementor-top-column elementor-element elementor-element-b0b0665\" data-id=\"b0b0665\" data-element_type=\"column\">\n\t\t\t<div class=\"elementor-widget-wrap elementor-element-populated\">\n\t\t\t\t\t\t<div class=\"elementor-element elementor-element-f263476 elementor-widget elementor-widget-image\" data-id=\"f263476\" data-element_type=\"widget\" data-widget_type=\"image.default\">\n\t\t\t\t<div class=\"elementor-widget-container\">\n\t\t\t\t\t\t\t\t\t\t<figure class=\"wp-caption\">\n\t\t\t\t\t\t\t\t\t\t\t<a href=\"https:\/\/www.ufsm.br\/app\/uploads\/sites\/975\/2025\/08\/65-Anos_Selo-Negativo-Vertifical-Preenchido.png\" data-elementor-open-lightbox=\"yes\" data-elementor-lightbox-title=\"65 Anos_Selo Negativo Vertifical Preenchido\" data-e-action-hash=\"#elementor-action%3Aaction%3Dlightbox%26settings%3DeyJpZCI6IjIxIiwidXJsIjoiaHR0cHM6XC9cL3d3dy51ZnNtLmJyXC9hcHBcL3VwbG9hZHNcL3NpdGVzXC85NzVcLzIwMjVcLzA4XC82NS1Bbm9zX1NlbG8tTmVnYXRpdm8tVmVydGlmaWNhbC1QcmVlbmNoaWRvLnBuZyJ9\">\n\t\t\t\t\t\t\t<img loading=\"lazy\" decoding=\"async\" width=\"1024\" height=\"1024\" src=\"https:\/\/www.ufsm.br\/app\/uploads\/sites\/975\/2025\/08\/65-Anos_Selo-Negativo-Vertifical-Preenchido-1024x1024.png\" class=\"attachment-large size-large wp-image-21\" alt=\"\" srcset=\"https:\/\/www.ufsm.br\/app\/uploads\/sites\/975\/2025\/08\/65-Anos_Selo-Negativo-Vertifical-Preenchido-1024x1024.png 1024w, https:\/\/www.ufsm.br\/app\/uploads\/sites\/975\/2025\/08\/65-Anos_Selo-Negativo-Vertifical-Preenchido-300x300.png 300w, https:\/\/www.ufsm.br\/app\/uploads\/sites\/975\/2025\/08\/65-Anos_Selo-Negativo-Vertifical-Preenchido-150x150.png 150w, https:\/\/www.ufsm.br\/app\/uploads\/sites\/975\/2025\/08\/65-Anos_Selo-Negativo-Vertifical-Preenchido-768x768.png 768w, https:\/\/www.ufsm.br\/app\/uploads\/sites\/975\/2025\/08\/65-Anos_Selo-Negativo-Vertifical-Preenchido.png 1080w\" sizes=\"(max-width: 1024px) 100vw, 1024px\" \/>\t\t\t\t\t\t\t\t<\/a>\n\t\t\t\t\t\t\t\t\t\t\t<figcaption class=\"widget-image-caption wp-caption-text\">Selo Negativo Vertifical Preenchido<\/figcaption>\n\t\t\t\t\t\t\t\t\t\t<\/figure>\n\t\t\t\t\t\t\t<\/div>\n\t\t\t\t<\/div>\n\t\t\t\t\t<\/div>\n\t\t<\/div>\n\t\t\t\t<div class=\"elementor-column elementor-col-20 elementor-top-column elementor-element elementor-element-f680094\" data-id=\"f680094\" data-element_type=\"column\">\n\t\t\t<div class=\"elementor-widget-wrap elementor-element-populated\">\n\t\t\t\t\t\t<div class=\"elementor-element elementor-element-d1faa9e elementor-widget elementor-widget-image\" data-id=\"d1faa9e\" data-element_type=\"widget\" data-widget_type=\"image.default\">\n\t\t\t\t<div class=\"elementor-widget-container\">\n\t\t\t\t\t\t\t\t\t\t<figure class=\"wp-caption\">\n\t\t\t\t\t\t\t\t\t\t\t<a href=\"https:\/\/www.ufsm.br\/app\/uploads\/sites\/975\/2025\/08\/65-Anos_Selo-Negativo-Horizontal.png\" data-elementor-open-lightbox=\"yes\" data-elementor-lightbox-title=\"65 Anos_Selo Negativo Horizontal\" data-e-action-hash=\"#elementor-action%3Aaction%3Dlightbox%26settings%3DeyJpZCI6IjIwIiwidXJsIjoiaHR0cHM6XC9cL3d3dy51ZnNtLmJyXC9hcHBcL3VwbG9hZHNcL3NpdGVzXC85NzVcLzIwMjVcLzA4XC82NS1Bbm9zX1NlbG8tTmVnYXRpdm8tSG9yaXpvbnRhbC5wbmcifQ%3D%3D\">\n\t\t\t\t\t\t\t<img loading=\"lazy\" decoding=\"async\" width=\"1024\" height=\"1024\" src=\"https:\/\/www.ufsm.br\/app\/uploads\/sites\/975\/2025\/08\/65-Anos_Selo-Negativo-Horizontal-1024x1024.png\" class=\"attachment-large size-large wp-image-20\" alt=\"\" srcset=\"https:\/\/www.ufsm.br\/app\/uploads\/sites\/975\/2025\/08\/65-Anos_Selo-Negativo-Horizontal-1024x1024.png 1024w, https:\/\/www.ufsm.br\/app\/uploads\/sites\/975\/2025\/08\/65-Anos_Selo-Negativo-Horizontal-300x300.png 300w, https:\/\/www.ufsm.br\/app\/uploads\/sites\/975\/2025\/08\/65-Anos_Selo-Negativo-Horizontal-150x150.png 150w, https:\/\/www.ufsm.br\/app\/uploads\/sites\/975\/2025\/08\/65-Anos_Selo-Negativo-Horizontal-768x768.png 768w, https:\/\/www.ufsm.br\/app\/uploads\/sites\/975\/2025\/08\/65-Anos_Selo-Negativo-Horizontal.png 1080w\" sizes=\"(max-width: 1024px) 100vw, 1024px\" \/>\t\t\t\t\t\t\t\t<\/a>\n\t\t\t\t\t\t\t\t\t\t\t<figcaption class=\"widget-image-caption wp-caption-text\">Selo Negativo Horizontal<\/figcaption>\n\t\t\t\t\t\t\t\t\t\t<\/figure>\n\t\t\t\t\t\t\t<\/div>\n\t\t\t\t<\/div>\n\t\t\t\t\t<\/div>\n\t\t<\/div>\n\t\t\t\t<div class=\"elementor-column elementor-col-20 elementor-top-column elementor-element elementor-element-d1cd7bd\" data-id=\"d1cd7bd\" data-element_type=\"column\">\n\t\t\t<div class=\"elementor-widget-wrap elementor-element-populated\">\n\t\t\t\t\t\t<div class=\"elementor-element elementor-element-4414612 elementor-widget elementor-widget-image\" data-id=\"4414612\" data-element_type=\"widget\" data-widget_type=\"image.default\">\n\t\t\t\t<div class=\"elementor-widget-container\">\n\t\t\t\t\t\t\t\t\t\t<figure class=\"wp-caption\">\n\t\t\t\t\t\t\t\t\t\t\t<a href=\"https:\/\/www.ufsm.br\/app\/uploads\/sites\/975\/2025\/08\/65-Anos_Selo-Preto-Vertical.png\" data-elementor-open-lightbox=\"yes\" data-elementor-lightbox-title=\"65 Anos_Selo Preto Vertical\" data-e-action-hash=\"#elementor-action%3Aaction%3Dlightbox%26settings%3DeyJpZCI6IjE5IiwidXJsIjoiaHR0cHM6XC9cL3d3dy51ZnNtLmJyXC9hcHBcL3VwbG9hZHNcL3NpdGVzXC85NzVcLzIwMjVcLzA4XC82NS1Bbm9zX1NlbG8tUHJldG8tVmVydGljYWwucG5nIn0%3D\">\n\t\t\t\t\t\t\t<img loading=\"lazy\" decoding=\"async\" width=\"1024\" height=\"1024\" src=\"https:\/\/www.ufsm.br\/app\/uploads\/sites\/975\/2025\/08\/65-Anos_Selo-Preto-Vertical-1024x1024.png\" class=\"attachment-large size-large wp-image-19\" alt=\"\" srcset=\"https:\/\/www.ufsm.br\/app\/uploads\/sites\/975\/2025\/08\/65-Anos_Selo-Preto-Vertical-1024x1024.png 1024w, https:\/\/www.ufsm.br\/app\/uploads\/sites\/975\/2025\/08\/65-Anos_Selo-Preto-Vertical-300x300.png 300w, https:\/\/www.ufsm.br\/app\/uploads\/sites\/975\/2025\/08\/65-Anos_Selo-Preto-Vertical-150x150.png 150w, https:\/\/www.ufsm.br\/app\/uploads\/sites\/975\/2025\/08\/65-Anos_Selo-Preto-Vertical-768x768.png 768w, https:\/\/www.ufsm.br\/app\/uploads\/sites\/975\/2025\/08\/65-Anos_Selo-Preto-Vertical.png 1080w\" sizes=\"(max-width: 1024px) 100vw, 1024px\" \/>\t\t\t\t\t\t\t\t<\/a>\n\t\t\t\t\t\t\t\t\t\t\t<figcaption class=\"widget-image-caption wp-caption-text\">Selo Preto Vertical<\/figcaption>\n\t\t\t\t\t\t\t\t\t\t<\/figure>\n\t\t\t\t\t\t\t<\/div>\n\t\t\t\t<\/div>\n\t\t\t\t\t<\/div>\n\t\t<\/div>\n\t\t\t\t\t<\/div>\n\t\t<\/section>\n\t\t\t\t<section class=\"elementor-section elementor-top-section elementor-element elementor-element-b1ac6a4 elementor-section-height-min-height elementor-section-content-middle elementor-section-stretched elementor-section-boxed elementor-section-height-default elementor-section-items-middle\" data-id=\"b1ac6a4\" data-element_type=\"section\" id=\"depoimentos-65-anos\" data-settings=\"{&quot;stretch_section&quot;:&quot;section-stretched&quot;,&quot;background_background&quot;:&quot;video&quot;,&quot;shape_divider_top&quot;:&quot;wave-brush&quot;,&quot;shape_divider_bottom&quot;:&quot;wave-brush&quot;}\">\n\t\t\t\t\t<div class=\"elementor-shape elementor-shape-top\" data-negative=\"false\">\n\t\t\t<svg xmlns=\"http:\/\/www.w3.org\/2000\/svg\" viewBox=\"0 0 283.5 27.8\" preserveAspectRatio=\"none\">\n\t<path class=\"elementor-shape-fill\" d=\"M283.5,9.7c0,0-7.3,4.3-14,4.6c-6.8,0.3-12.6,0-20.9-1.5c-11.3-2-33.1-10.1-44.7-5.7\ts-12.1,4.6-18,7.4c-6.6,3.2-20,9.6-36.6,9.3C131.6,23.5,99.5,7.2,86.3,8c-1.4,0.1-6.6,0.8-10.5,2c-3.8,1.2-9.4,3.8-17,4.7\tc-3.2,0.4-8.3,1.1-14.2,0.9c-1.5-0.1-6.3-0.4-12-1.6c-5.7-1.2-11-3.1-15.8-3.7C6.5,9.2,0,10.8,0,10.8V0h283.5V9.7z M260.8,11.3\tc-0.7-1-2-0.4-4.3-0.4c-2.3,0-6.1-1.2-5.8-1.1c0.3,0.1,3.1,1.5,6,1.9C259.7,12.2,261.4,12.3,260.8,11.3z M242.4,8.6\tc0,0-2.4-0.2-5.6-0.9c-3.2-0.8-10.3-2.8-15.1-3.5c-8.2-1.1-15.8,0-15.1,0.1c0.8,0.1,9.6-0.6,17.6,1.1c3.3,0.7,9.3,2.2,12.4,2.7\tC239.9,8.7,242.4,8.6,242.4,8.6z M185.2,8.5c1.7-0.7-13.3,4.7-18.5,6.1c-2.1,0.6-6.2,1.6-10,2c-3.9,0.4-8.9,0.4-8.8,0.5\tc0,0.2,5.8,0.8,11.2,0c5.4-0.8,5.2-1.1,7.6-1.6C170.5,14.7,183.5,9.2,185.2,8.5z M199.1,6.9c0.2,0-0.8-0.4-4.8,1.1\tc-4,1.5-6.7,3.5-6.9,3.7c-0.2,0.1,3.5-1.8,6.6-3C197,7.5,199,6.9,199.1,6.9z M283,6c-0.1,0.1-1.9,1.1-4.8,2.5s-6.9,2.8-6.7,2.7\tc0.2,0,3.5-0.6,7.4-2.5C282.8,6.8,283.1,5.9,283,6z M31.3,11.6c0.1-0.2-1.9-0.2-4.5-1.2s-5.4-1.6-7.8-2C15,7.6,7.3,8.5,7.7,8.6\tC8,8.7,15.9,8.3,20.2,9.3c2.2,0.5,2.4,0.5,5.7,1.6S31.2,11.9,31.3,11.6z M73,9.2c0.4-0.1,3.5-1.6,8.4-2.6c4.9-1.1,8.9-0.5,8.9-0.8\tc0-0.3-1-0.9-6.2-0.3S72.6,9.3,73,9.2z M71.6,6.7C71.8,6.8,75,5.4,77.3,5c2.3-0.3,1.9-0.5,1.9-0.6c0-0.1-1.1-0.2-2.7,0.2\tC74.8,5.1,71.4,6.6,71.6,6.7z M93.6,4.4c0.1,0.2,3.5,0.8,5.6,1.8c2.1,1,1.8,0.6,1.9,0.5c0.1-0.1-0.8-0.8-2.4-1.3\tC97.1,4.8,93.5,4.2,93.6,4.4z M65.4,11.1c-0.1,0.3,0.3,0.5,1.9-0.2s2.6-1.3,2.2-1.2s-0.9,0.4-2.5,0.8C65.3,10.9,65.5,10.8,65.4,11.1\tz M34.5,12.4c-0.2,0,2.1,0.8,3.3,0.9c1.2,0.1,2,0.1,2-0.2c0-0.3-0.1-0.5-1.6-0.4C36.6,12.8,34.7,12.4,34.5,12.4z M152.2,21.1\tc-0.1,0.1-2.4-0.3-7.5-0.3c-5,0-13.6-2.4-17.2-3.5c-3.6-1.1,10,3.9,16.5,4.1C150.5,21.6,152.3,21,152.2,21.1z\"\/>\n\t<path class=\"elementor-shape-fill\" d=\"M269.6,18c-0.1-0.1-4.6,0.3-7.2,0c-7.3-0.7-17-3.2-16.6-2.9c0.4,0.3,13.7,3.1,17,3.3\tC267.7,18.8,269.7,18,269.6,18z\"\/>\n\t<path class=\"elementor-shape-fill\" d=\"M227.4,9.8c-0.2-0.1-4.5-1-9.5-1.2c-5-0.2-12.7,0.6-12.3,0.5c0.3-0.1,5.9-1.8,13.3-1.2\tS227.6,9.9,227.4,9.8z\"\/>\n\t<path class=\"elementor-shape-fill\" d=\"M204.5,13.4c-0.1-0.1,2-1,3.2-1.1c1.2-0.1,2,0,2,0.3c0,0.3-0.1,0.5-1.6,0.4\tC206.4,12.9,204.6,13.5,204.5,13.4z\"\/>\n\t<path class=\"elementor-shape-fill\" d=\"M201,10.6c0-0.1-4.4,1.2-6.3,2.2c-1.9,0.9-6.2,3.1-6.1,3.1c0.1,0.1,4.2-1.6,6.3-2.6\tS201,10.7,201,10.6z\"\/>\n\t<path class=\"elementor-shape-fill\" d=\"M154.5,26.7c-0.1-0.1-4.6,0.3-7.2,0c-7.3-0.7-17-3.2-16.6-2.9c0.4,0.3,13.7,3.1,17,3.3\tC152.6,27.5,154.6,26.8,154.5,26.7z\"\/>\n\t<path class=\"elementor-shape-fill\" d=\"M41.9,19.3c0,0,1.2-0.3,2.9-0.1c1.7,0.2,5.8,0.9,8.2,0.7c4.2-0.4,7.4-2.7,7-2.6\tc-0.4,0-4.3,2.2-8.6,1.9c-1.8-0.1-5.1-0.5-6.7-0.4S41.9,19.3,41.9,19.3z\"\/>\n\t<path class=\"elementor-shape-fill\" d=\"M75.5,12.6c0.2,0.1,2-0.8,4.3-1.1c2.3-0.2,2.1-0.3,2.1-0.5c0-0.1-1.8-0.4-3.4,0\tC76.9,11.5,75.3,12.5,75.5,12.6z\"\/>\n\t<path class=\"elementor-shape-fill\" d=\"M15.6,13.2c0-0.1,4.3,0,6.7,0.5c2.4,0.5,5,1.9,5,2c0,0.1-2.7-0.8-5.1-1.4\tC19.9,13.7,15.7,13.3,15.6,13.2z\"\/>\n<\/svg>\t\t<\/div>\n\t\t\t\t<div class=\"elementor-shape elementor-shape-bottom\" data-negative=\"false\">\n\t\t\t<svg xmlns=\"http:\/\/www.w3.org\/2000\/svg\" viewBox=\"0 0 283.5 27.8\" preserveAspectRatio=\"none\">\n\t<path class=\"elementor-shape-fill\" d=\"M283.5,9.7c0,0-7.3,4.3-14,4.6c-6.8,0.3-12.6,0-20.9-1.5c-11.3-2-33.1-10.1-44.7-5.7\ts-12.1,4.6-18,7.4c-6.6,3.2-20,9.6-36.6,9.3C131.6,23.5,99.5,7.2,86.3,8c-1.4,0.1-6.6,0.8-10.5,2c-3.8,1.2-9.4,3.8-17,4.7\tc-3.2,0.4-8.3,1.1-14.2,0.9c-1.5-0.1-6.3-0.4-12-1.6c-5.7-1.2-11-3.1-15.8-3.7C6.5,9.2,0,10.8,0,10.8V0h283.5V9.7z M260.8,11.3\tc-0.7-1-2-0.4-4.3-0.4c-2.3,0-6.1-1.2-5.8-1.1c0.3,0.1,3.1,1.5,6,1.9C259.7,12.2,261.4,12.3,260.8,11.3z M242.4,8.6\tc0,0-2.4-0.2-5.6-0.9c-3.2-0.8-10.3-2.8-15.1-3.5c-8.2-1.1-15.8,0-15.1,0.1c0.8,0.1,9.6-0.6,17.6,1.1c3.3,0.7,9.3,2.2,12.4,2.7\tC239.9,8.7,242.4,8.6,242.4,8.6z M185.2,8.5c1.7-0.7-13.3,4.7-18.5,6.1c-2.1,0.6-6.2,1.6-10,2c-3.9,0.4-8.9,0.4-8.8,0.5\tc0,0.2,5.8,0.8,11.2,0c5.4-0.8,5.2-1.1,7.6-1.6C170.5,14.7,183.5,9.2,185.2,8.5z M199.1,6.9c0.2,0-0.8-0.4-4.8,1.1\tc-4,1.5-6.7,3.5-6.9,3.7c-0.2,0.1,3.5-1.8,6.6-3C197,7.5,199,6.9,199.1,6.9z M283,6c-0.1,0.1-1.9,1.1-4.8,2.5s-6.9,2.8-6.7,2.7\tc0.2,0,3.5-0.6,7.4-2.5C282.8,6.8,283.1,5.9,283,6z M31.3,11.6c0.1-0.2-1.9-0.2-4.5-1.2s-5.4-1.6-7.8-2C15,7.6,7.3,8.5,7.7,8.6\tC8,8.7,15.9,8.3,20.2,9.3c2.2,0.5,2.4,0.5,5.7,1.6S31.2,11.9,31.3,11.6z M73,9.2c0.4-0.1,3.5-1.6,8.4-2.6c4.9-1.1,8.9-0.5,8.9-0.8\tc0-0.3-1-0.9-6.2-0.3S72.6,9.3,73,9.2z M71.6,6.7C71.8,6.8,75,5.4,77.3,5c2.3-0.3,1.9-0.5,1.9-0.6c0-0.1-1.1-0.2-2.7,0.2\tC74.8,5.1,71.4,6.6,71.6,6.7z M93.6,4.4c0.1,0.2,3.5,0.8,5.6,1.8c2.1,1,1.8,0.6,1.9,0.5c0.1-0.1-0.8-0.8-2.4-1.3\tC97.1,4.8,93.5,4.2,93.6,4.4z M65.4,11.1c-0.1,0.3,0.3,0.5,1.9-0.2s2.6-1.3,2.2-1.2s-0.9,0.4-2.5,0.8C65.3,10.9,65.5,10.8,65.4,11.1\tz M34.5,12.4c-0.2,0,2.1,0.8,3.3,0.9c1.2,0.1,2,0.1,2-0.2c0-0.3-0.1-0.5-1.6-0.4C36.6,12.8,34.7,12.4,34.5,12.4z M152.2,21.1\tc-0.1,0.1-2.4-0.3-7.5-0.3c-5,0-13.6-2.4-17.2-3.5c-3.6-1.1,10,3.9,16.5,4.1C150.5,21.6,152.3,21,152.2,21.1z\"\/>\n\t<path class=\"elementor-shape-fill\" d=\"M269.6,18c-0.1-0.1-4.6,0.3-7.2,0c-7.3-0.7-17-3.2-16.6-2.9c0.4,0.3,13.7,3.1,17,3.3\tC267.7,18.8,269.7,18,269.6,18z\"\/>\n\t<path class=\"elementor-shape-fill\" d=\"M227.4,9.8c-0.2-0.1-4.5-1-9.5-1.2c-5-0.2-12.7,0.6-12.3,0.5c0.3-0.1,5.9-1.8,13.3-1.2\tS227.6,9.9,227.4,9.8z\"\/>\n\t<path class=\"elementor-shape-fill\" d=\"M204.5,13.4c-0.1-0.1,2-1,3.2-1.1c1.2-0.1,2,0,2,0.3c0,0.3-0.1,0.5-1.6,0.4\tC206.4,12.9,204.6,13.5,204.5,13.4z\"\/>\n\t<path class=\"elementor-shape-fill\" d=\"M201,10.6c0-0.1-4.4,1.2-6.3,2.2c-1.9,0.9-6.2,3.1-6.1,3.1c0.1,0.1,4.2-1.6,6.3-2.6\tS201,10.7,201,10.6z\"\/>\n\t<path class=\"elementor-shape-fill\" d=\"M154.5,26.7c-0.1-0.1-4.6,0.3-7.2,0c-7.3-0.7-17-3.2-16.6-2.9c0.4,0.3,13.7,3.1,17,3.3\tC152.6,27.5,154.6,26.8,154.5,26.7z\"\/>\n\t<path class=\"elementor-shape-fill\" d=\"M41.9,19.3c0,0,1.2-0.3,2.9-0.1c1.7,0.2,5.8,0.9,8.2,0.7c4.2-0.4,7.4-2.7,7-2.6\tc-0.4,0-4.3,2.2-8.6,1.9c-1.8-0.1-5.1-0.5-6.7-0.4S41.9,19.3,41.9,19.3z\"\/>\n\t<path class=\"elementor-shape-fill\" d=\"M75.5,12.6c0.2,0.1,2-0.8,4.3-1.1c2.3-0.2,2.1-0.3,2.1-0.5c0-0.1-1.8-0.4-3.4,0\tC76.9,11.5,75.3,12.5,75.5,12.6z\"\/>\n\t<path class=\"elementor-shape-fill\" d=\"M15.6,13.2c0-0.1,4.3,0,6.7,0.5c2.4,0.5,5,1.9,5,2c0,0.1-2.7-0.8-5.1-1.4\tC19.9,13.7,15.7,13.3,15.6,13.2z\"\/>\n<\/svg>\t\t<\/div>\n\t\t\t\t\t<div class=\"elementor-container elementor-column-gap-default\">\n\t\t\t\t\t<div class=\"elementor-column elementor-col-33 elementor-top-column elementor-element elementor-element-3de4881\" data-id=\"3de4881\" data-element_type=\"column\">\n\t\t\t<div class=\"elementor-widget-wrap elementor-element-populated\">\n\t\t\t\t\t\t\t<\/div>\n\t\t<\/div>\n\t\t\t\t<div class=\"elementor-column elementor-col-66 elementor-top-column elementor-element elementor-element-20eb259\" data-id=\"20eb259\" data-element_type=\"column\" data-settings=\"{&quot;background_background&quot;:&quot;classic&quot;}\">\n\t\t\t<div class=\"elementor-widget-wrap elementor-element-populated\">\n\t\t\t\t\t\t<div class=\"elementor-element elementor-element-ff7fb61 elementor-widget elementor-widget-heading\" data-id=\"ff7fb61\" data-element_type=\"widget\" data-widget_type=\"heading.default\">\n\t\t\t\t<div class=\"elementor-widget-container\">\n\t\t\t<h2 class=\"elementor-heading-title elementor-size-default\">Depoimentos 65 anos UFSM<\/h2>\t\t<\/div>\n\t\t\t\t<\/div>\n\t\t\t\t<div class=\"elementor-element elementor-element-9e0d0a8 elementor-widget elementor-widget-text-editor\" data-id=\"9e0d0a8\" data-element_type=\"widget\" data-widget_type=\"text-editor.default\">\n\t\t\t\t<div class=\"elementor-widget-container\">\n\t\t\t\t\t\t\t<p style=\"text-align: center\"><strong>Conhe\u00e7a as lembran\u00e7as constru\u00eddas e guardadas pelos UFSMers ao longo de todos esses 65 anos! <\/strong>Sua mem\u00f3ria faz parte dessa hist\u00f3ria.<\/p>\t\t\t\t\t\t<\/div>\n\t\t\t\t<\/div>\n\t\t\t\t\t<\/div>\n\t\t<\/div>\n\t\t\t\t\t<\/div>\n\t\t<\/section>\n\t\t\t\t<section class=\"elementor-section elementor-top-section elementor-element elementor-element-bc87037 elementor-section-boxed elementor-section-height-default elementor-section-height-default\" data-id=\"bc87037\" data-element_type=\"section\">\n\t\t\t\t\t\t<div class=\"elementor-container elementor-column-gap-default\">\n\t\t\t\t\t<div class=\"elementor-column elementor-col-50 elementor-top-column elementor-element elementor-element-b56a034\" data-id=\"b56a034\" data-element_type=\"column\">\n\t\t\t<div class=\"elementor-widget-wrap elementor-element-populated\">\n\t\t\t\t\t\t<div class=\"elementor-element elementor-element-1b9ad9a elementor-widget elementor-widget-image\" data-id=\"1b9ad9a\" data-element_type=\"widget\" data-widget_type=\"image.default\">\n\t\t\t\t<div class=\"elementor-widget-container\">\n\t\t\t\t\t\t\t\t\t\t\t\t\t<img loading=\"lazy\" decoding=\"async\" width=\"720\" height=\"1280\" src=\"https:\/\/www.ufsm.br\/app\/uploads\/sites\/975\/2025\/08\/PHOTO-2025-08-05-20-02-57-Augusto-Villetti-Piovesan.jpg\" class=\"attachment-full size-full wp-image-40\" alt=\"\" srcset=\"https:\/\/www.ufsm.br\/app\/uploads\/sites\/975\/2025\/08\/PHOTO-2025-08-05-20-02-57-Augusto-Villetti-Piovesan.jpg 720w, https:\/\/www.ufsm.br\/app\/uploads\/sites\/975\/2025\/08\/PHOTO-2025-08-05-20-02-57-Augusto-Villetti-Piovesan-169x300.jpg 169w, https:\/\/www.ufsm.br\/app\/uploads\/sites\/975\/2025\/08\/PHOTO-2025-08-05-20-02-57-Augusto-Villetti-Piovesan-576x1024.jpg 576w\" sizes=\"(max-width: 720px) 100vw, 720px\" \/>\t\t\t\t\t\t\t\t\t\t\t\t\t<\/div>\n\t\t\t\t<\/div>\n\t\t\t\t<div class=\"elementor-element elementor-element-e28bff3 elementor-widget elementor-widget-text-editor\" data-id=\"e28bff3\" data-element_type=\"widget\" data-widget_type=\"text-editor.default\">\n\t\t\t\t<div class=\"elementor-widget-container\">\n\t\t\t\t\t\t\t<div role=\"listitem\"><div data-required=\"true\" data-item-id=\"44528245\"><div><div role=\"textbox\" aria-label=\"Relato\"><strong>Augusto Villetti Piovesan<\/strong><\/div><div role=\"textbox\" aria-label=\"Relato\">Estudante<\/div><div role=\"textbox\" aria-label=\"Relato\"><em>&#8220;Nasci e fui criado em Rio Brilhante, MS. Durante uma viagem familiar \u00e0 inf\u00e2ncia para Santa Maria, me encantei pela universidade. Em 2017, aos 10 anos, prometi a mim mesmo e aos meus familiares que um dia estudaria engenharia ali. Naquele momento, foi tirada uma foto minha ao lado da reitoria \u2014 um registro que se tornou s\u00edmbolo da minha decis\u00e3o. Em 2023, conclu\u00ed o ensino m\u00e9dio e, no ano seguinte, realizei o sonho ao ingressar no curso de Engenharia de Computa\u00e7\u00e3o.&#8221;<\/em><\/div><\/div><\/div><\/div>\t\t\t\t\t\t<\/div>\n\t\t\t\t<\/div>\n\t\t\t\t\t<\/div>\n\t\t<\/div>\n\t\t\t\t<div class=\"elementor-column elementor-col-50 elementor-top-column elementor-element elementor-element-ef13a75\" data-id=\"ef13a75\" data-element_type=\"column\">\n\t\t\t<div class=\"elementor-widget-wrap elementor-element-populated\">\n\t\t\t\t\t\t<div class=\"elementor-element elementor-element-684f384 elementor-widget elementor-widget-image\" data-id=\"684f384\" data-element_type=\"widget\" data-widget_type=\"image.default\">\n\t\t\t\t<div class=\"elementor-widget-container\">\n\t\t\t\t\t\t\t\t\t\t\t\t\t<img loading=\"lazy\" decoding=\"async\" width=\"1600\" height=\"1200\" src=\"https:\/\/www.ufsm.br\/app\/uploads\/sites\/975\/2025\/08\/IMG-20250710-WA0031-ISADORA-DA-MOTTA-FRIEDRICH.jpg\" class=\"attachment-full size-full wp-image-41\" alt=\"\" srcset=\"https:\/\/www.ufsm.br\/app\/uploads\/sites\/975\/2025\/08\/IMG-20250710-WA0031-ISADORA-DA-MOTTA-FRIEDRICH.jpg 1600w, https:\/\/www.ufsm.br\/app\/uploads\/sites\/975\/2025\/08\/IMG-20250710-WA0031-ISADORA-DA-MOTTA-FRIEDRICH-300x225.jpg 300w, https:\/\/www.ufsm.br\/app\/uploads\/sites\/975\/2025\/08\/IMG-20250710-WA0031-ISADORA-DA-MOTTA-FRIEDRICH-1024x768.jpg 1024w, https:\/\/www.ufsm.br\/app\/uploads\/sites\/975\/2025\/08\/IMG-20250710-WA0031-ISADORA-DA-MOTTA-FRIEDRICH-768x576.jpg 768w, https:\/\/www.ufsm.br\/app\/uploads\/sites\/975\/2025\/08\/IMG-20250710-WA0031-ISADORA-DA-MOTTA-FRIEDRICH-1536x1152.jpg 1536w\" sizes=\"(max-width: 1600px) 100vw, 1600px\" \/>\t\t\t\t\t\t\t\t\t\t\t\t\t<\/div>\n\t\t\t\t<\/div>\n\t\t\t\t<div class=\"elementor-element elementor-element-3b12889 elementor-widget elementor-widget-text-editor\" data-id=\"3b12889\" data-element_type=\"widget\" data-widget_type=\"text-editor.default\">\n\t\t\t\t<div class=\"elementor-widget-container\">\n\t\t\t\t\t\t\t<div class=\"Qr7Oae\" role=\"listitem\"><div class=\"OxAavc NVbRL\" data-required=\"true\" data-item-id=\"2069370891\"><div class=\"xMZTse Ih4Dzb\"><div class=\"Mh5jwe JqSWld yqQS1\" role=\"textbox\" aria-describedby=\"c136\" aria-label=\"Nome completo\"><strong>Isadora da Motta Friedrich<\/strong><\/div><\/div><\/div><\/div><p>Estudante<br \/><em>&#8220;Na UFSM, preservei amizades de longa data e conquistei novas que transformaram minha viv\u00eancia universit\u00e1ria. A participa\u00e7\u00e3o na empresa j\u00fanior me proporcionou aplicar conhecimentos, crescer profissionalmente e aprender com pessoas inspiradoras. Essa trajet\u00f3ria \u00e9 marcada por conex\u00f5es, crescimento e supera\u00e7\u00e3o.&#8221;<\/em><\/p>\t\t\t\t\t\t<\/div>\n\t\t\t\t<\/div>\n\t\t\t\t\t<\/div>\n\t\t<\/div>\n\t\t\t\t\t<\/div>\n\t\t<\/section>\n\t\t\t\t<section class=\"elementor-section elementor-top-section elementor-element elementor-element-61deb9d elementor-section-boxed elementor-section-height-default elementor-section-height-default\" data-id=\"61deb9d\" data-element_type=\"section\">\n\t\t\t\t\t\t<div class=\"elementor-container elementor-column-gap-default\">\n\t\t\t\t\t<div class=\"elementor-column elementor-col-100 elementor-top-column elementor-element elementor-element-eb0832e\" data-id=\"eb0832e\" data-element_type=\"column\">\n\t\t\t<div class=\"elementor-widget-wrap elementor-element-populated\">\n\t\t\t\t\t\t<div class=\"elementor-element elementor-element-db189aa elementor-widget elementor-widget-image-carousel\" data-id=\"db189aa\" data-element_type=\"widget\" data-settings=\"{&quot;slides_to_show&quot;:&quot;2&quot;,&quot;navigation&quot;:&quot;none&quot;,&quot;autoplay&quot;:&quot;yes&quot;,&quot;pause_on_hover&quot;:&quot;yes&quot;,&quot;pause_on_interaction&quot;:&quot;yes&quot;,&quot;autoplay_speed&quot;:5000,&quot;infinite&quot;:&quot;yes&quot;,&quot;speed&quot;:500}\" data-widget_type=\"image-carousel.default\">\n\t\t\t\t<div class=\"elementor-widget-container\">\n\t\t\t\t\t<div class=\"elementor-image-carousel-wrapper swiper\" dir=\"ltr\">\n\t\t\t<div class=\"elementor-image-carousel swiper-wrapper\" aria-live=\"off\">\n\t\t\t\t\t\t\t\t<div class=\"swiper-slide\" role=\"group\" aria-roledescription=\"slide\" aria-label=\"1 of 2\"><figure class=\"swiper-slide-inner\"><img decoding=\"async\" class=\"swiper-slide-image\" src=\"https:\/\/www.ufsm.br\/app\/uploads\/sites\/975\/2025\/08\/outubro-Rosa-semana-do-servidor-Publico-LOIVA-ISABEL-MARQUES-CHANSIS.jpg\" alt=\"outubro Rosa semana do servidor Publico - LOIVA ISABEL MARQUES CHANSIS\" \/><\/figure><\/div><div class=\"swiper-slide\" role=\"group\" aria-roledescription=\"slide\" aria-label=\"2 of 2\"><figure class=\"swiper-slide-inner\"><img decoding=\"async\" class=\"swiper-slide-image\" src=\"https:\/\/www.ufsm.br\/app\/uploads\/sites\/975\/2025\/08\/gravacao-orientacao-sobre-programa-de-Avaliacao-de-desempenho-na-TV-CAMPUS-LOIVA-ISABEL-MARQUES-CHANSIS.jpg\" alt=\"grava\u00e7\u00e3o orienta\u00e7\u00e3o sobre programa de Avalia\u00e7\u00e3o de desempenho na TV CAMPUS - LOIVA ISABEL MARQUES CHANSIS\" \/><\/figure><\/div>\t\t\t<\/div>\n\t\t\t\t\t\t\t\n\t\t\t\t\t\t\t\t\t<\/div>\n\t\t\t\t<\/div>\n\t\t\t\t<\/div>\n\t\t\t\t<div class=\"elementor-element elementor-element-a027c82 elementor-widget elementor-widget-text-editor\" data-id=\"a027c82\" data-element_type=\"widget\" data-widget_type=\"text-editor.default\">\n\t\t\t\t<div class=\"elementor-widget-container\">\n\t\t\t\t\t\t\t<div class=\"Qr7Oae\" role=\"listitem\"><div class=\"OxAavc NVbRL\" data-required=\"true\" data-item-id=\"44528245\"><div class=\"Ih4Dzb\"><div role=\"textbox\" aria-label=\"Relato\"><div class=\"Qr7Oae\" role=\"listitem\"><div class=\"OxAavc NVbRL\" data-required=\"true\" data-item-id=\"2069370891\"><div class=\"xMZTse Ih4Dzb\"><div class=\"Mh5jwe JqSWld yqQS1\" role=\"textbox\" aria-describedby=\"c454\" aria-label=\"Nome completo\"><strong>Loiva Isabel Marques Chansis<\/strong><\/div><\/div><\/div><\/div><\/div><div role=\"textbox\" aria-label=\"Relato\">T\u00e9cnico-Administrativo em Educa\u00e7\u00e3o \/ T\u00e9cnica-Administrativa em Educa\u00e7\u00e3o<\/div><div class=\"q4tvle JqSWld yqQS1\" role=\"textbox\" aria-label=\"Relato\"><em>&#8220;Tenho orgulho de iniciar a minha trajet\u00f3ria na UFSM enquanto aluna da Pedagogia e posteriormente em 1994 retornar enquanto t\u00e9cnica-administrativa , no cargo de pedagoga. E conclui toda a minha forma\u00e7\u00e3o profissional at\u00e9 o doutorado na UFSM, participando de v\u00e1rias atividades durante meus 30 anos na Institui\u00e7\u00e3o, dentre comiss\u00f5es, conselhos universit\u00e1rios e tamb\u00e9m na atua\u00e7\u00e3o sindical. Feliz anivers\u00e1rio UFSM. Gratid\u00e3o!&#8221;<\/em><\/div><\/div><\/div><\/div><div class=\"Qr7Oae\" role=\"listitem\"><div class=\"OxAavc\" data-input=\"L9xHkb\" data-item-id=\"980969346\"><div class=\"pYfr3c\"><div class=\"prOLdf\"><div class=\"g53bl\"><div id=\"c489\" class=\"cTDvob D1wxyf RjsPE\" role=\"heading\" aria-describedby=\"i.desc.980969346\">\u00a0<\/div><\/div><\/div><\/div><\/div><\/div>\t\t\t\t\t\t<\/div>\n\t\t\t\t<\/div>\n\t\t\t\t\t<\/div>\n\t\t<\/div>\n\t\t\t\t\t<\/div>\n\t\t<\/section>\n\t\t\t\t<section class=\"elementor-section elementor-top-section elementor-element elementor-element-0d5a1a1 elementor-section-boxed elementor-section-height-default elementor-section-height-default\" data-id=\"0d5a1a1\" data-element_type=\"section\">\n\t\t\t\t\t\t<div class=\"elementor-container elementor-column-gap-default\">\n\t\t\t\t\t<div class=\"elementor-column elementor-col-50 elementor-top-column elementor-element elementor-element-3dee97e\" data-id=\"3dee97e\" data-element_type=\"column\">\n\t\t\t<div class=\"elementor-widget-wrap elementor-element-populated\">\n\t\t\t\t\t\t<div class=\"elementor-element elementor-element-0db1022 elementor-widget elementor-widget-image\" data-id=\"0db1022\" data-element_type=\"widget\" data-widget_type=\"image.default\">\n\t\t\t\t<div class=\"elementor-widget-container\">\n\t\t\t\t\t\t\t\t\t\t\t\t\t<img loading=\"lazy\" decoding=\"async\" width=\"1024\" height=\"626\" src=\"https:\/\/www.ufsm.br\/app\/uploads\/sites\/975\/2025\/08\/IMG-20210701-WA0034-Fernando-Pires.jpg\" class=\"attachment-large size-large wp-image-45\" alt=\"\" srcset=\"https:\/\/www.ufsm.br\/app\/uploads\/sites\/975\/2025\/08\/IMG-20210701-WA0034-Fernando-Pires.jpg 1024w, https:\/\/www.ufsm.br\/app\/uploads\/sites\/975\/2025\/08\/IMG-20210701-WA0034-Fernando-Pires-300x183.jpg 300w, https:\/\/www.ufsm.br\/app\/uploads\/sites\/975\/2025\/08\/IMG-20210701-WA0034-Fernando-Pires-768x470.jpg 768w\" sizes=\"(max-width: 1024px) 100vw, 1024px\" \/>\t\t\t\t\t\t\t\t\t\t\t\t\t<\/div>\n\t\t\t\t<\/div>\n\t\t\t\t<div class=\"elementor-element elementor-element-d5c0e75 elementor-widget elementor-widget-text-editor\" data-id=\"d5c0e75\" data-element_type=\"widget\" data-widget_type=\"text-editor.default\">\n\t\t\t\t<div class=\"elementor-widget-container\">\n\t\t\t\t\t\t\t<div class=\"Qr7Oae\" role=\"listitem\"><div class=\"OxAavc NVbRL\" data-required=\"true\" data-item-id=\"44528245\"><div class=\"Ih4Dzb\"><div role=\"textbox\" aria-label=\"Relato\"><div class=\"Qr7Oae\" role=\"listitem\"><div class=\"OxAavc NVbRL\" data-required=\"true\" data-item-id=\"2069370891\"><div class=\"xMZTse Ih4Dzb\"><div class=\"Mh5jwe JqSWld yqQS1\" role=\"textbox\" aria-describedby=\"c454\" aria-label=\"Nome completo\"><strong>Fernando Paganella Pires<\/strong><\/div><\/div><\/div><\/div><\/div><div role=\"textbox\" aria-label=\"Relato\">T\u00e9cnico-Administrativo em Educa\u00e7\u00e3o \/ T\u00e9cnica-Administrativa em Educa\u00e7\u00e3o<\/div><div class=\"q4tvle JqSWld yqQS1\" role=\"textbox\" aria-label=\"Relato\"><em>&#8220;Atuar no N\u00facleo de Aquisi\u00e7\u00e3o da Biblioteca Central sempre foi positivo: h\u00e1 muito trabalho, mas a equipe \u00e9 engajada, sabe estabelecer prioridades e se comunica de forma eficiente. Durante a pandemia, organizamos uma for\u00e7a-tarefa para liberar livros j\u00e1 comprados e que aguardavam pagamento \u2014 uma demanda inesperada. Como de costume, todos se prepararam e enfrentaram o desafio para que o servi\u00e7o n\u00e3o fosse interrompido. A pandemia n\u00e3o deixa boas lembran\u00e7as, mas trabalhar com essa equipe foi a certeza de que, mesmo em situa\u00e7\u00f5es adversas, o trabalho seguiria bem-feito e no tempo certo.&#8221;<\/em><\/div><\/div><\/div><\/div><div class=\"Qr7Oae\" role=\"listitem\"><div class=\"OxAavc\" data-input=\"L9xHkb\" data-item-id=\"980969346\"><div class=\"pYfr3c\"><div class=\"prOLdf\"><div class=\"g53bl\"><div id=\"c489\" class=\"cTDvob D1wxyf RjsPE\" role=\"heading\" aria-describedby=\"i.desc.980969346\">\u00a0<\/div><\/div><\/div><\/div><\/div><\/div>\t\t\t\t\t\t<\/div>\n\t\t\t\t<\/div>\n\t\t\t\t\t<\/div>\n\t\t<\/div>\n\t\t\t\t<div class=\"elementor-column elementor-col-50 elementor-top-column elementor-element elementor-element-eacdfcb\" data-id=\"eacdfcb\" data-element_type=\"column\">\n\t\t\t<div class=\"elementor-widget-wrap elementor-element-populated\">\n\t\t\t\t\t\t<div class=\"elementor-element elementor-element-c009124 elementor-widget elementor-widget-image\" data-id=\"c009124\" data-element_type=\"widget\" data-widget_type=\"image.default\">\n\t\t\t\t<div class=\"elementor-widget-container\">\n\t\t\t\t\t\t\t\t\t\t\t\t\t<img loading=\"lazy\" decoding=\"async\" width=\"1024\" height=\"683\" src=\"https:\/\/www.ufsm.br\/app\/uploads\/sites\/975\/2025\/09\/IMG_2450-paulo-eu-1024x683.jpg\" class=\"attachment-large size-large wp-image-46\" alt=\"\" srcset=\"https:\/\/www.ufsm.br\/app\/uploads\/sites\/975\/2025\/09\/IMG_2450-paulo-eu-1024x683.jpg 1024w, https:\/\/www.ufsm.br\/app\/uploads\/sites\/975\/2025\/09\/IMG_2450-paulo-eu-300x200.jpg 300w, https:\/\/www.ufsm.br\/app\/uploads\/sites\/975\/2025\/09\/IMG_2450-paulo-eu-768x512.jpg 768w, https:\/\/www.ufsm.br\/app\/uploads\/sites\/975\/2025\/09\/IMG_2450-paulo-eu-1536x1024.jpg 1536w, https:\/\/www.ufsm.br\/app\/uploads\/sites\/975\/2025\/09\/IMG_2450-paulo-eu-272x182.jpg 272w, https:\/\/www.ufsm.br\/app\/uploads\/sites\/975\/2025\/09\/IMG_2450-paulo-eu.jpg 1920w\" sizes=\"(max-width: 1024px) 100vw, 1024px\" \/>\t\t\t\t\t\t\t\t\t\t\t\t\t<\/div>\n\t\t\t\t<\/div>\n\t\t\t\t<div class=\"elementor-element elementor-element-7dbd2d2 elementor-widget elementor-widget-text-editor\" data-id=\"7dbd2d2\" data-element_type=\"widget\" data-widget_type=\"text-editor.default\">\n\t\t\t\t<div class=\"elementor-widget-container\">\n\t\t\t\t\t\t\t<div class=\"Qr7Oae\" role=\"listitem\"><div class=\"OxAavc NVbRL\" data-required=\"true\" data-item-id=\"44528245\"><div class=\"Ih4Dzb\"><div role=\"textbox\" aria-label=\"Relato\"><div class=\"Qr7Oae\" role=\"listitem\"><div class=\"OxAavc NVbRL\" data-required=\"true\" data-item-id=\"2069370891\"><div class=\"xMZTse Ih4Dzb\"><div class=\"Mh5jwe JqSWld yqQS1\" role=\"textbox\" aria-describedby=\"c454\" aria-label=\"Nome completo\"><strong>Paulo Ebari Montag<\/strong><\/div><\/div><\/div><\/div><\/div><div role=\"textbox\" aria-label=\"Relato\">T\u00e9cnico-Administrativo em Educa\u00e7\u00e3o \/ T\u00e9cnica-Administrativa em Educa\u00e7\u00e3o<\/div><div class=\"q4tvle JqSWld yqQS1\" role=\"textbox\" aria-label=\"Relato\"><em>&#8220;COM MUITO ORGULHO, FA\u00c7O PARTE DA UFSM. ATUALMENTE LOTADO NO HUSM E TAMB\u00c9M COMO ALUNO ESPECIAL NA P\u00d3S GRADUA\u00c7\u00c3O EM GERONTOLOGIA.&#8221;<\/em><\/div><\/div><\/div><\/div><div class=\"Qr7Oae\" role=\"listitem\"><div class=\"OxAavc\" data-input=\"L9xHkb\" data-item-id=\"980969346\"><div class=\"pYfr3c\"><div class=\"prOLdf\"><div class=\"g53bl\"><div id=\"c489\" class=\"cTDvob D1wxyf RjsPE\" role=\"heading\" aria-describedby=\"i.desc.980969346\">\u00a0<\/div><\/div><\/div><\/div><\/div><\/div>\t\t\t\t\t\t<\/div>\n\t\t\t\t<\/div>\n\t\t\t\t\t<\/div>\n\t\t<\/div>\n\t\t\t\t\t<\/div>\n\t\t<\/section>\n\t\t\t\t<section class=\"elementor-section elementor-top-section elementor-element elementor-element-c0c8dbd elementor-section-boxed elementor-section-height-default elementor-section-height-default\" data-id=\"c0c8dbd\" data-element_type=\"section\">\n\t\t\t\t\t\t<div class=\"elementor-container elementor-column-gap-default\">\n\t\t\t\t\t<div class=\"elementor-column elementor-col-100 elementor-top-column elementor-element elementor-element-5f551b8\" data-id=\"5f551b8\" data-element_type=\"column\">\n\t\t\t<div class=\"elementor-widget-wrap elementor-element-populated\">\n\t\t\t\t\t\t<div class=\"elementor-element elementor-element-2cc821d elementor-widget elementor-widget-text-editor\" data-id=\"2cc821d\" data-element_type=\"widget\" data-widget_type=\"text-editor.default\">\n\t\t\t\t<div class=\"elementor-widget-container\">\n\t\t\t\t\t\t\t<div class=\"Qr7Oae\" role=\"listitem\"><div class=\"OxAavc NVbRL\" data-required=\"true\" data-item-id=\"44528245\"><div class=\"Ih4Dzb\"><div role=\"textbox\" aria-label=\"Relato\"><div class=\"Qr7Oae\" role=\"listitem\"><div class=\"OxAavc NVbRL\" data-required=\"true\" data-item-id=\"2069370891\"><div class=\"xMZTse Ih4Dzb\"><div class=\"Mh5jwe JqSWld yqQS1\" role=\"textbox\" aria-describedby=\"c454\" aria-label=\"Nome completo\"><strong>Karina Dias Silveira<\/strong><\/div><\/div><\/div><\/div><\/div><div role=\"textbox\" aria-label=\"Relato\">Egressa<\/div><div class=\"q4tvle JqSWld yqQS1\" role=\"textbox\" aria-label=\"Relato\"><em>&#8220;Uma honra fazer parte desta institui\u00e7\u00e3o. Estudei durante a gradua\u00e7\u00e3o, o mestrado e o doutorado. Anos vivendo o campus e a singularidade deste lugar. Agora retorno para uma segunda gradua\u00e7\u00e3o, em busca de viver novamente a UFSM em um novo momento! Obrigada por existir!&#8221;<\/em><\/div><\/div><\/div><\/div><div class=\"Qr7Oae\" role=\"listitem\"><div class=\"OxAavc\" data-input=\"L9xHkb\" data-item-id=\"980969346\"><div class=\"pYfr3c\"><div class=\"prOLdf\"><div class=\"g53bl\"><div id=\"c489\" class=\"cTDvob D1wxyf RjsPE\" role=\"heading\" aria-describedby=\"i.desc.980969346\">\u00a0<\/div><\/div><\/div><\/div><\/div><\/div>\t\t\t\t\t\t<\/div>\n\t\t\t\t<\/div>\n\t\t\t\t\t<\/div>\n\t\t<\/div>\n\t\t\t\t\t<\/div>\n\t\t<\/section>\n\t\t\t\t<\/div>\n\t\t","protected":false},"excerpt":{"rendered":"<p>No ano de 2025, a Universidade Federal de Santa Maria comemora 65 anos desde a sua funda\u00e7\u00e3o. S\u00e3o 65 anos de uma trajet\u00f3ria constru\u00edda junto \u00e0 cidade de Santa Maria, aos campi fora de sede e \u00e0s comunidades da regi\u00e3o: uma alian\u00e7a que fortalece projetos de ensino, pesquisa e extens\u00e3o, promovendo o reconhecimento do interior [&hellip;]<\/p>\n","protected":false},"author":26,"featured_media":0,"parent":0,"menu_order":0,"comment_status":"closed","ping_status":"closed","template":"","meta":{"footnotes":""},"categories":[],"tags":[],"class_list":["post-9","page","type-page","status-publish","hentry"],"acf":[],"_links":{"self":[{"href":"https:\/\/www.ufsm.br\/65-anos\/wp-json\/wp\/v2\/pages\/9","targetHints":{"allow":["GET"]}}],"collection":[{"href":"https:\/\/www.ufsm.br\/65-anos\/wp-json\/wp\/v2\/pages"}],"about":[{"href":"https:\/\/www.ufsm.br\/65-anos\/wp-json\/wp\/v2\/types\/page"}],"author":[{"embeddable":true,"href":"https:\/\/www.ufsm.br\/65-anos\/wp-json\/wp\/v2\/users\/26"}],"replies":[{"embeddable":true,"href":"https:\/\/www.ufsm.br\/65-anos\/wp-json\/wp\/v2\/comments?post=9"}],"version-history":[{"count":0,"href":"https:\/\/www.ufsm.br\/65-anos\/wp-json\/wp\/v2\/pages\/9\/revisions"}],"wp:attachment":[{"href":"https:\/\/www.ufsm.br\/65-anos\/wp-json\/wp\/v2\/media?parent=9"}],"wp:term":[{"taxonomy":"category","embeddable":true,"href":"https:\/\/www.ufsm.br\/65-anos\/wp-json\/wp\/v2\/categories?post=9"},{"taxonomy":"post_tag","embeddable":true,"href":"https:\/\/www.ufsm.br\/65-anos\/wp-json\/wp\/v2\/tags?post=9"}],"curies":[{"name":"wp","href":"https:\/\/api.w.org\/{rel}","templated":true}]}}