{"id":1073,"date":"2020-09-01T12:29:45","date_gmt":"2020-09-01T15:29:45","guid":{"rendered":"https:\/\/www.ufsm.br\/comunicacao\/guiaeventos\/?page_id=1073"},"modified":"2020-09-16T17:00:26","modified_gmt":"2020-09-16T20:00:26","slug":"cerimonial-e-protocolo-2","status":"publish","type":"page","link":"https:\/\/www.ufsm.br\/comunicacao\/guiaeventos\/cerimonial-e-protocolo-2","title":{"rendered":"Cerimonial e Protocolo"},"content":{"rendered":"\t\t<div data-elementor-type=\"wp-page\" data-elementor-id=\"1073\" class=\"elementor elementor-1073\">\n\t\t\t\t\t\t<section class=\"elementor-section elementor-top-section elementor-element elementor-element-1ef7ee3e elementor-section-boxed elementor-section-height-default elementor-section-height-default\" data-id=\"1ef7ee3e\" data-element_type=\"section\">\n\t\t\t\t\t\t<div class=\"elementor-container elementor-column-gap-default\">\n\t\t\t\t\t<div class=\"elementor-column elementor-col-100 elementor-top-column elementor-element elementor-element-4a960df3\" data-id=\"4a960df3\" data-element_type=\"column\">\n\t\t\t<div class=\"elementor-widget-wrap elementor-element-populated\">\n\t\t\t\t\t\t<div class=\"elementor-element elementor-element-35dfd34b elementor-widget elementor-widget-text-editor\" data-id=\"35dfd34b\" data-element_type=\"widget\" data-widget_type=\"text-editor.default\">\n\t\t\t\t<div class=\"elementor-widget-container\">\n\t\t\t\t\t\t\t<!-- wp:tadv\/classic-paragraph -->\n<p>Uma cola\u00e7\u00e3o de grau, pela import\u00e2ncia da solenidade, \u00e9 repleta de regras. Abaixo, voc\u00ea encontra um documento edit\u00e1vel de um cerimonial de cola\u00e7\u00e3o de grau na Universidade Federal de Santa Maria.<\/p>\n<!-- \/wp:tadv\/classic-paragraph -->\t\t\t\t\t\t<\/div>\n\t\t\t\t<\/div>\n\t\t\t\t\t<\/div>\n\t\t<\/div>\n\t\t\t\t\t<\/div>\n\t\t<\/section>\n\t\t\t\t<section class=\"elementor-section elementor-top-section elementor-element elementor-element-77b08a4 elementor-section-boxed elementor-section-height-default elementor-section-height-default\" data-id=\"77b08a4\" data-element_type=\"section\">\n\t\t\t\t\t\t<div class=\"elementor-container elementor-column-gap-default\">\n\t\t\t\t\t<div class=\"elementor-column elementor-col-100 elementor-top-column elementor-element elementor-element-a4e57bb\" data-id=\"a4e57bb\" data-element_type=\"column\">\n\t\t\t<div class=\"elementor-widget-wrap elementor-element-populated\">\n\t\t\t\t\t\t<div class=\"elementor-element elementor-element-7c38fb5 elementor-align-center elementor-widget elementor-widget-button\" data-id=\"7c38fb5\" data-element_type=\"widget\" data-widget_type=\"button.default\">\n\t\t\t\t<div class=\"elementor-widget-container\">\n\t\t\t\t\t\t\t<div class=\"elementor-button-wrapper\">\n\t\t\t\t\t<a class=\"elementor-button elementor-button-link elementor-size-sm\" href=\"https:\/\/www.ufsm.br\/app\/uploads\/sites\/767\/2020\/09\/MODELO-PADRAO-DE-CERIMONIAL-DE-FORMATURA-POR-WEBCONFERENCIA.docx\" target=\"_blank\">\n\t\t\t\t\t\t<span class=\"elementor-button-content-wrapper\">\n\t\t\t\t\t\t\t\t\t<span class=\"elementor-button-text\">Modelo padr\u00e3o de cerimonial para formaturas por webconfer\u00eancia<\/span>\n\t\t\t\t\t<\/span>\n\t\t\t\t\t<\/a>\n\t\t\t\t<\/div>\n\t\t\t\t\t\t<\/div>\n\t\t\t\t<\/div>\n\t\t\t\t\t<\/div>\n\t\t<\/div>\n\t\t\t\t\t<\/div>\n\t\t<\/section>\n\t\t\t\t<section class=\"elementor-section elementor-top-section elementor-element elementor-element-4890522 elementor-section-boxed elementor-section-height-default elementor-section-height-default\" data-id=\"4890522\" data-element_type=\"section\">\n\t\t\t\t\t\t<div class=\"elementor-container elementor-column-gap-default\">\n\t\t\t\t\t<div class=\"elementor-column elementor-col-100 elementor-top-column elementor-element elementor-element-ea4924a\" data-id=\"ea4924a\" data-element_type=\"column\">\n\t\t\t<div class=\"elementor-widget-wrap elementor-element-populated\">\n\t\t\t\t\t\t<div class=\"elementor-element elementor-element-56ae050 elementor-widget elementor-widget-text-editor\" data-id=\"56ae050\" data-element_type=\"widget\" data-widget_type=\"text-editor.default\">\n\t\t\t\t<div class=\"elementor-widget-container\">\n\t\t\t\t\t\t\t<p>Abaixo, est\u00e3o algumas regras protocolares a serem seguidas nas cola\u00e7\u00f5es de grau da UFSM.<\/p>\t\t\t\t\t\t<\/div>\n\t\t\t\t<\/div>\n\t\t\t\t\t<\/div>\n\t\t<\/div>\n\t\t\t\t\t<\/div>\n\t\t<\/section>\n\t\t\t\t<section class=\"elementor-section elementor-top-section elementor-element elementor-element-75f6f27 elementor-section-boxed elementor-section-height-default elementor-section-height-default\" data-id=\"75f6f27\" data-element_type=\"section\">\n\t\t\t\t\t\t<div class=\"elementor-container elementor-column-gap-default\">\n\t\t\t\t\t<div class=\"elementor-column elementor-col-100 elementor-top-column elementor-element elementor-element-38053bb\" data-id=\"38053bb\" data-element_type=\"column\">\n\t\t\t<div class=\"elementor-widget-wrap elementor-element-populated\">\n\t\t\t\t\t\t<div class=\"elementor-element elementor-element-f619a17 elementor-widget elementor-widget-toggle\" data-id=\"f619a17\" data-element_type=\"widget\" data-widget_type=\"toggle.default\">\n\t\t\t\t<div class=\"elementor-widget-container\">\n\t\t\t\t\t<div class=\"elementor-toggle\">\n\t\t\t\t\t\t\t<div class=\"elementor-toggle-item\">\n\t\t\t\t\t<div id=\"elementor-tab-title-2581\" class=\"elementor-tab-title\" data-tab=\"1\" role=\"button\" aria-controls=\"elementor-tab-content-2581\" aria-expanded=\"false\">\n\t\t\t\t\t\t\t\t\t\t\t\t<span class=\"elementor-toggle-icon elementor-toggle-icon-left\" aria-hidden=\"true\">\n\t\t\t\t\t\t\t\t\t\t\t\t\t\t\t<span class=\"elementor-toggle-icon-closed\"><i class=\"fas fa-caret-right\"><\/i><\/span>\n\t\t\t\t\t\t\t\t<span class=\"elementor-toggle-icon-opened\"><i class=\"elementor-toggle-icon-opened fas fa-caret-up\"><\/i><\/span>\n\t\t\t\t\t\t\t\t\t\t\t\t\t<\/span>\n\t\t\t\t\t\t\t\t\t\t\t\t<a class=\"elementor-toggle-title\" tabindex=\"0\">Bandeira e Hino Nacional<\/a>\n\t\t\t\t\t<\/div>\n\n\t\t\t\t\t<div id=\"elementor-tab-content-2581\" class=\"elementor-tab-content elementor-clearfix\" data-tab=\"1\" role=\"region\" aria-labelledby=\"elementor-tab-title-2581\"><p>As bandeiras devem seguir a ordem oficial de disposi\u00e7\u00e3o, <a href=\"https:\/\/www.ufsm.br\/comunicacao\/guiaeventos\/simbolos-nacionais\/\">descritas aqui<\/a>.<\/p>\n<p>O Hino Nacional Brasileiro ser\u00e1 ouvido em vers\u00e3o disponibilizada pela Presid\u00eancia da Rep\u00fablica, <a href=\"http:\/\/www2.planalto.gov.br\/mandatomicheltemer\/conheca-a-presidencia\/acervo\/simbolos-nacionais\/hinos\/hino-nacional-brasileiro-mp3-3.2-mb\/view\">clicando aqui<\/a>. Autoridades e formandos n\u00e3o precisam virar para a bandeira no momento do Hino. Levar a m\u00e3o ao cora\u00e7\u00e3o n\u00e3o \u00e9 proibido, nem obrigat\u00f3rio.<\/p><\/div>\n\t\t\t\t<\/div>\n\t\t\t\t\t\t\t<div class=\"elementor-toggle-item\">\n\t\t\t\t\t<div id=\"elementor-tab-title-2582\" class=\"elementor-tab-title\" data-tab=\"2\" role=\"button\" aria-controls=\"elementor-tab-content-2582\" aria-expanded=\"false\">\n\t\t\t\t\t\t\t\t\t\t\t\t<span class=\"elementor-toggle-icon elementor-toggle-icon-left\" aria-hidden=\"true\">\n\t\t\t\t\t\t\t\t\t\t\t\t\t\t\t<span class=\"elementor-toggle-icon-closed\"><i class=\"fas fa-caret-right\"><\/i><\/span>\n\t\t\t\t\t\t\t\t<span class=\"elementor-toggle-icon-opened\"><i class=\"elementor-toggle-icon-opened fas fa-caret-up\"><\/i><\/span>\n\t\t\t\t\t\t\t\t\t\t\t\t\t<\/span>\n\t\t\t\t\t\t\t\t\t\t\t\t<a class=\"elementor-toggle-title\" tabindex=\"0\">Mesa de Autoridades<\/a>\n\t\t\t\t\t<\/div>\n\n\t\t\t\t\t<div id=\"elementor-tab-content-2582\" class=\"elementor-tab-content elementor-clearfix\" data-tab=\"2\" role=\"region\" aria-labelledby=\"elementor-tab-title-2582\"><p>A disposi\u00e7\u00e3o da ordem das cadeiras na mesa de autoridades depender\u00e1 de quais estar\u00e3o presentes na cola\u00e7\u00e3o de grau. Abaixo, est\u00e3o as forma\u00e7\u00f5es mais frequentes na UFSM.<\/p>\n<p>\u00a0<\/p>\n<p><a href=\"https:\/\/www.ufsm.br\/app\/uploads\/sites\/767\/2020\/09\/Apresentacao-sem-titulo-2.png\"><img fetchpriority=\"high\" decoding=\"async\" class=\"aligncenter wp-image-1098\" src=\"https:\/\/www.ufsm.br\/app\/uploads\/sites\/767\/2020\/09\/Apresentacao-sem-titulo-2.png\" alt=\"Mesa de autoridades com a presen\u00e7a do reitor. Da esquerda para a direita: patrono\/patronesse, diretora (a) da unidade, reitor (a) ou vice-reitor (a), coordenador (a) do curso, paraninfo ou paraninfa\" width=\"500\" height=\"281\" srcset=\"https:\/\/www.ufsm.br\/app\/uploads\/sites\/767\/2020\/09\/Apresentacao-sem-titulo-2.png 960w, https:\/\/www.ufsm.br\/app\/uploads\/sites\/767\/2020\/09\/Apresentacao-sem-titulo-2-300x169.png 300w, https:\/\/www.ufsm.br\/app\/uploads\/sites\/767\/2020\/09\/Apresentacao-sem-titulo-2-768x432.png 768w\" sizes=\"(max-width: 500px) 100vw, 500px\" \/><\/a><a href=\"https:\/\/www.ufsm.br\/app\/uploads\/sites\/767\/2020\/09\/Apresentacao-sem-titulo-3.png\"><img decoding=\"async\" class=\"aligncenter wp-image-1099\" src=\"https:\/\/www.ufsm.br\/app\/uploads\/sites\/767\/2020\/09\/Apresentacao-sem-titulo-3.png\" alt=\"Mesa de autoridades com a presen\u00e7a de representa\u00e7\u00e3o da reitoria. Da esquerda para a direita: patrono\/patronesse, representa\u00e7\u00e3o da reitoria, diretor (a) da unidade, coordenador (a) do curso, paraninfo\/paraninfa\" width=\"500\" height=\"281\" srcset=\"https:\/\/www.ufsm.br\/app\/uploads\/sites\/767\/2020\/09\/Apresentacao-sem-titulo-3.png 960w, https:\/\/www.ufsm.br\/app\/uploads\/sites\/767\/2020\/09\/Apresentacao-sem-titulo-3-300x169.png 300w, https:\/\/www.ufsm.br\/app\/uploads\/sites\/767\/2020\/09\/Apresentacao-sem-titulo-3-768x432.png 768w\" sizes=\"(max-width: 500px) 100vw, 500px\" \/><\/a><a href=\"https:\/\/www.ufsm.br\/app\/uploads\/sites\/767\/2020\/09\/Apresentacao-sem-titulo-4.png\"><img decoding=\"async\" class=\"aligncenter wp-image-1100\" src=\"https:\/\/www.ufsm.br\/app\/uploads\/sites\/767\/2020\/09\/Apresentacao-sem-titulo-4.png\" alt=\"Mesa de autoridades quando aus\u00eancia de representa\u00e7\u00e3o da reitoria. Da esquerda para a direita: patrono\/patronesse. diretor (a) de unidade, coordenador (a) do curso, paraninfo\/paraninfa.\" width=\"500\" height=\"281\" srcset=\"https:\/\/www.ufsm.br\/app\/uploads\/sites\/767\/2020\/09\/Apresentacao-sem-titulo-4.png 960w, https:\/\/www.ufsm.br\/app\/uploads\/sites\/767\/2020\/09\/Apresentacao-sem-titulo-4-300x169.png 300w, https:\/\/www.ufsm.br\/app\/uploads\/sites\/767\/2020\/09\/Apresentacao-sem-titulo-4-768x432.png 768w\" sizes=\"(max-width: 500px) 100vw, 500px\" \/><\/a><\/p>\n<p>Quando houver presen\u00e7a de representante do conselho da profiss\u00e3o, a autoridade dever\u00e1 sentar-se ao lado do patrono\/patronesse da turma.<\/p><\/div>\n\t\t\t\t<\/div>\n\t\t\t\t\t\t\t<div class=\"elementor-toggle-item\">\n\t\t\t\t\t<div id=\"elementor-tab-title-2583\" class=\"elementor-tab-title\" data-tab=\"3\" role=\"button\" aria-controls=\"elementor-tab-content-2583\" aria-expanded=\"false\">\n\t\t\t\t\t\t\t\t\t\t\t\t<span class=\"elementor-toggle-icon elementor-toggle-icon-left\" aria-hidden=\"true\">\n\t\t\t\t\t\t\t\t\t\t\t\t\t\t\t<span class=\"elementor-toggle-icon-closed\"><i class=\"fas fa-caret-right\"><\/i><\/span>\n\t\t\t\t\t\t\t\t<span class=\"elementor-toggle-icon-opened\"><i class=\"elementor-toggle-icon-opened fas fa-caret-up\"><\/i><\/span>\n\t\t\t\t\t\t\t\t\t\t\t\t\t<\/span>\n\t\t\t\t\t\t\t\t\t\t\t\t<a class=\"elementor-toggle-title\" tabindex=\"0\">Ordem de cumprimento das autoridades<\/a>\n\t\t\t\t\t<\/div>\n\n\t\t\t\t\t<div id=\"elementor-tab-content-2583\" class=\"elementor-tab-content elementor-clearfix\" data-tab=\"3\" role=\"region\" aria-labelledby=\"elementor-tab-title-2583\"><p>Abaixo, est\u00e1 descrito a ordem de cumprimentos que o formando (a) deve seguir ao ser chamado.<\/p>\n<ol>\n<li>Dirigir-se ao coordenador (a) do curso, segurando o capelo na m\u00e3o esquerda. Deve ent\u00e3o entregar o capelo ao coordenador (a) que proferir\u00e1 a cola\u00e7\u00e3o do grau. Ap\u00f3s, o formando (a) deve cumpriment\u00e1-lo.<\/li>\n<li>Dirige-se para o paraninfo(a) que far\u00e1 a entrega do canudo. O (a) formado (a) deve receber o canudo com a m\u00e3o direita, pass\u00e1-lo para a m\u00e3o esquerda e ent\u00e3o cumprimentar o paraninfo (a).<\/li>\n<li>Cumprimentar o (a) reitor (a).<\/li>\n<li>Cumprimentar o (a) diretor (a) da Unidade.\u00a0<\/li>\n<li>Cumprimentar o patrono\/patronesse.<\/li>\n<li>Retornar para a sua cadeira.<\/li>\n<\/ol>\n<p>Abaixo, est\u00e3o as imagens com as ordens de cumprimento, dependendo da mesa de autoridade disposta.<\/p>\n<p><a href=\"https:\/\/www.ufsm.br\/app\/uploads\/sites\/767\/2020\/09\/Apresentacao-sem-titulo-7.png\"><img loading=\"lazy\" decoding=\"async\" class=\"aligncenter wp-image-1101\" src=\"https:\/\/www.ufsm.br\/app\/uploads\/sites\/767\/2020\/09\/Apresentacao-sem-titulo-7.png\" alt=\"Quando aus\u00eancia de representa\u00e7\u00e3o da reitoria - Ordem de cumprimentos: Coordenador do curso, paraninfo\/paraninfa, diretor da unidade, patrono\/patronesse.\" width=\"500\" height=\"281\" srcset=\"https:\/\/www.ufsm.br\/app\/uploads\/sites\/767\/2020\/09\/Apresentacao-sem-titulo-7.png 960w, https:\/\/www.ufsm.br\/app\/uploads\/sites\/767\/2020\/09\/Apresentacao-sem-titulo-7-300x169.png 300w, https:\/\/www.ufsm.br\/app\/uploads\/sites\/767\/2020\/09\/Apresentacao-sem-titulo-7-768x432.png 768w\" sizes=\"(max-width: 500px) 100vw, 500px\" \/><\/a> <a href=\"https:\/\/www.ufsm.br\/app\/uploads\/sites\/767\/2020\/09\/Apresentacao-sem-titulo-6.png\"><img loading=\"lazy\" decoding=\"async\" class=\"aligncenter wp-image-1102\" src=\"https:\/\/www.ufsm.br\/app\/uploads\/sites\/767\/2020\/09\/Apresentacao-sem-titulo-6.png\" alt=\"Com representa\u00e7\u00e3o da reitoria - Ordem de cumprimentos: Coordenador do curso, paraninfo, diretor da unidade, representa\u00e7\u00e3o da reitoria, patrono.\" width=\"500\" height=\"281\" srcset=\"https:\/\/www.ufsm.br\/app\/uploads\/sites\/767\/2020\/09\/Apresentacao-sem-titulo-6.png 960w, https:\/\/www.ufsm.br\/app\/uploads\/sites\/767\/2020\/09\/Apresentacao-sem-titulo-6-300x169.png 300w, https:\/\/www.ufsm.br\/app\/uploads\/sites\/767\/2020\/09\/Apresentacao-sem-titulo-6-768x432.png 768w\" sizes=\"(max-width: 500px) 100vw, 500px\" \/><\/a> <a href=\"https:\/\/www.ufsm.br\/app\/uploads\/sites\/767\/2020\/09\/Apresentacao-sem-titulo-5.png\"><img loading=\"lazy\" decoding=\"async\" class=\"aligncenter wp-image-1103\" src=\"https:\/\/www.ufsm.br\/app\/uploads\/sites\/767\/2020\/09\/Apresentacao-sem-titulo-5.png\" alt=\"Com presen\u00e7a do reitor\/vice-reitor - Ordem de cumprimentos: coordenador do curso, paraninfo, reitor, diretor da unidade, patrono\/patronesse.\" width=\"500\" height=\"281\" srcset=\"https:\/\/www.ufsm.br\/app\/uploads\/sites\/767\/2020\/09\/Apresentacao-sem-titulo-5.png 960w, https:\/\/www.ufsm.br\/app\/uploads\/sites\/767\/2020\/09\/Apresentacao-sem-titulo-5-300x169.png 300w, https:\/\/www.ufsm.br\/app\/uploads\/sites\/767\/2020\/09\/Apresentacao-sem-titulo-5-768x432.png 768w\" sizes=\"(max-width: 500px) 100vw, 500px\" \/><\/a><\/p>\n<p>\u00a0<\/p><\/div>\n\t\t\t\t<\/div>\n\t\t\t\t\t\t\t\t<\/div>\n\t\t\t\t<\/div>\n\t\t\t\t<\/div>\n\t\t\t\t\t<\/div>\n\t\t<\/div>\n\t\t\t\t\t<\/div>\n\t\t<\/section>\n\t\t\t\t<\/div>\n\t\t","protected":false},"excerpt":{"rendered":"<p>Uma cola\u00e7\u00e3o de grau, pela import\u00e2ncia da solenidade, \u00e9 repleta de regras. Abaixo, voc\u00ea encontra um documento edit\u00e1vel de um cerimonial de cola\u00e7\u00e3o de grau na Universidade Federal de Santa Maria. Modelo padr\u00e3o de cerimonial para formaturas por webconfer\u00eancia Abaixo, est\u00e3o algumas regras protocolares a serem seguidas nas cola\u00e7\u00f5es de grau da UFSM. Bandeira e [&hellip;]<\/p>\n","protected":false},"author":278,"featured_media":0,"parent":0,"menu_order":0,"comment_status":"closed","ping_status":"closed","template":"","meta":{"footnotes":""},"categories":[],"tags":[],"class_list":["post-1073","page","type-page","status-publish","hentry"],"acf":[],"_links":{"self":[{"href":"https:\/\/www.ufsm.br\/comunicacao\/guiaeventos\/wp-json\/wp\/v2\/pages\/1073","targetHints":{"allow":["GET"]}}],"collection":[{"href":"https:\/\/www.ufsm.br\/comunicacao\/guiaeventos\/wp-json\/wp\/v2\/pages"}],"about":[{"href":"https:\/\/www.ufsm.br\/comunicacao\/guiaeventos\/wp-json\/wp\/v2\/types\/page"}],"author":[{"embeddable":true,"href":"https:\/\/www.ufsm.br\/comunicacao\/guiaeventos\/wp-json\/wp\/v2\/users\/278"}],"replies":[{"embeddable":true,"href":"https:\/\/www.ufsm.br\/comunicacao\/guiaeventos\/wp-json\/wp\/v2\/comments?post=1073"}],"version-history":[{"count":0,"href":"https:\/\/www.ufsm.br\/comunicacao\/guiaeventos\/wp-json\/wp\/v2\/pages\/1073\/revisions"}],"wp:attachment":[{"href":"https:\/\/www.ufsm.br\/comunicacao\/guiaeventos\/wp-json\/wp\/v2\/media?parent=1073"}],"wp:term":[{"taxonomy":"category","embeddable":true,"href":"https:\/\/www.ufsm.br\/comunicacao\/guiaeventos\/wp-json\/wp\/v2\/categories?post=1073"},{"taxonomy":"post_tag","embeddable":true,"href":"https:\/\/www.ufsm.br\/comunicacao\/guiaeventos\/wp-json\/wp\/v2\/tags?post=1073"}],"curies":[{"name":"wp","href":"https:\/\/api.w.org\/{rel}","templated":true}]}}