{"id":999,"date":"2019-11-18T12:52:47","date_gmt":"2019-11-18T15:52:47","guid":{"rendered":"https:\/\/www.ufsm.br\/reitoria\/gabinete-do-reitor\/guiaeventos\/?page_id=999"},"modified":"2020-09-16T17:02:46","modified_gmt":"2020-09-16T20:02:46","slug":"pre-evento","status":"publish","type":"page","link":"https:\/\/www.ufsm.br\/comunicacao\/guiaeventos\/pre-evento","title":{"rendered":"Pr\u00e9-Evento"},"content":{"rendered":"\t\t<div data-elementor-type=\"wp-page\" data-elementor-id=\"999\" class=\"elementor elementor-999\">\n\t\t\t\t\t\t<section class=\"elementor-section elementor-top-section elementor-element elementor-element-58eac44 elementor-section-boxed elementor-section-height-default elementor-section-height-default\" data-id=\"58eac44\" data-element_type=\"section\">\n\t\t\t\t\t\t<div class=\"elementor-container elementor-column-gap-default\">\n\t\t\t\t\t<div class=\"elementor-column elementor-col-100 elementor-top-column elementor-element elementor-element-8c6d2b8\" data-id=\"8c6d2b8\" data-element_type=\"column\">\n\t\t\t<div class=\"elementor-widget-wrap elementor-element-populated\">\n\t\t\t\t\t\t<div class=\"elementor-element elementor-element-11c3758 elementor-widget elementor-widget-text-editor\" data-id=\"11c3758\" data-element_type=\"widget\" data-widget_type=\"text-editor.default\">\n\t\t\t\t<div class=\"elementor-widget-container\">\n\t\t\t\t\t\t\t<p><b>1\u00ba passo<\/b><\/p><p>Ao idealizar um evento, \u00e9\u00a0necess\u00e1rio pensar sobre qual \u00e9 o melhor tipo de evento para o projeto que se tem.<\/p><p><span style=\"color: black;font-size: 1rem\">Se houver d\u00favida no tipo de evento, clique abaixo e voc\u00ea encontrar\u00e1 um guia dos principais eventos acad\u00eamicos institucionais.<\/span><\/p>\t\t\t\t\t\t<\/div>\n\t\t\t\t<\/div>\n\t\t\t\t\t<\/div>\n\t\t<\/div>\n\t\t\t\t\t<\/div>\n\t\t<\/section>\n\t\t\t\t<section class=\"elementor-section elementor-top-section elementor-element elementor-element-c229ab9 elementor-section-boxed elementor-section-height-default elementor-section-height-default\" data-id=\"c229ab9\" data-element_type=\"section\">\n\t\t\t\t\t\t<div class=\"elementor-container elementor-column-gap-default\">\n\t\t\t\t\t<div class=\"elementor-column elementor-col-33 elementor-top-column elementor-element elementor-element-5b29882\" data-id=\"5b29882\" data-element_type=\"column\">\n\t\t\t<div class=\"elementor-widget-wrap\">\n\t\t\t\t\t\t\t<\/div>\n\t\t<\/div>\n\t\t\t\t<div class=\"elementor-column elementor-col-33 elementor-top-column elementor-element elementor-element-b3d8baa\" data-id=\"b3d8baa\" data-element_type=\"column\">\n\t\t\t<div class=\"elementor-widget-wrap elementor-element-populated\">\n\t\t\t\t\t\t<div class=\"elementor-element elementor-element-92a835c elementor-align-justify elementor-widget elementor-widget-button\" data-id=\"92a835c\" data-element_type=\"widget\" data-widget_type=\"button.default\">\n\t\t\t\t<div class=\"elementor-widget-container\">\n\t\t\t\t\t\t\t<div class=\"elementor-button-wrapper\">\n\t\t\t\t\t<a class=\"elementor-button elementor-button-link elementor-size-sm\" href=\"https:\/\/www.ufsm.br\/comunicacao\/guiaeventos\/tipos-de-eventos-2\/\" target=\"_blank\">\n\t\t\t\t\t\t<span class=\"elementor-button-content-wrapper\">\n\t\t\t\t\t\t\t\t\t<span class=\"elementor-button-text\">Tipos de Eventos <\/span>\n\t\t\t\t\t<\/span>\n\t\t\t\t\t<\/a>\n\t\t\t\t<\/div>\n\t\t\t\t\t\t<\/div>\n\t\t\t\t<\/div>\n\t\t\t\t\t<\/div>\n\t\t<\/div>\n\t\t\t\t<div class=\"elementor-column elementor-col-33 elementor-top-column elementor-element elementor-element-ba74b7e\" data-id=\"ba74b7e\" data-element_type=\"column\">\n\t\t\t<div class=\"elementor-widget-wrap\">\n\t\t\t\t\t\t\t<\/div>\n\t\t<\/div>\n\t\t\t\t\t<\/div>\n\t\t<\/section>\n\t\t\t\t<section class=\"elementor-section elementor-top-section elementor-element elementor-element-ce4d8d7 elementor-section-boxed elementor-section-height-default elementor-section-height-default\" data-id=\"ce4d8d7\" data-element_type=\"section\">\n\t\t\t\t\t\t<div class=\"elementor-container elementor-column-gap-default\">\n\t\t\t\t\t<div class=\"elementor-column elementor-col-100 elementor-top-column elementor-element elementor-element-5d003e1\" data-id=\"5d003e1\" data-element_type=\"column\">\n\t\t\t<div class=\"elementor-widget-wrap elementor-element-populated\">\n\t\t\t\t\t\t<div class=\"elementor-element elementor-element-b94ab25 elementor-widget elementor-widget-text-editor\" data-id=\"b94ab25\" data-element_type=\"widget\" data-widget_type=\"text-editor.default\">\n\t\t\t\t<div class=\"elementor-widget-container\">\n\t\t\t\t\t\t\t<p><b>2\u00ba Passo<\/b><\/p><p>A\u00b4p\u00f3s definido o tipo de evento, voc\u00ea pode buscar por parcerias, apoios e patroc\u00ednios;<\/p><p>\u00c9 prefer\u00edvel que essa busca seja feita no momento em que o planejamento do evento j\u00e1 esteja no papel e pronto para ser apresentado para os apoiadores.<\/p><p><strong>Patroc\u00ednio:<\/strong> normalmente \u00e9 feito por empresas privadas que, em contrapartida de visibilidade da marca durante o evento, inserem valores monet\u00e1rios para utiliza\u00e7\u00e3o na organiza\u00e7\u00e3o do evento.<\/p><p><strong>Parcerias: <\/strong>n\u00e3o envolve trocas monet\u00e1rias, mas pode ter troca de algum servi\u00e7o feito antes ou durante o evento (alimenta\u00e7\u00e3o, impress\u00e3o\/produ\u00e7\u00e3o de material gr\u00e1fico e etc).<\/p><p><strong>Apoio<\/strong>: \u00e9 o empr\u00e9stimo de materiais f\u00edsicos para a realiza\u00e7\u00e3o do evento. A UFSM, por exemplo, sempre deve ser inserida como apoiadora pois empresta espa\u00e7o para a realiza\u00e7\u00e3o do evento, ilumina\u00e7\u00e3o, limpeza, caixas de som e etc.\u00a0<\/p>\t\t\t\t\t\t<\/div>\n\t\t\t\t<\/div>\n\t\t\t\t\t<\/div>\n\t\t<\/div>\n\t\t\t\t\t<\/div>\n\t\t<\/section>\n\t\t\t\t<section class=\"elementor-section elementor-top-section elementor-element elementor-element-e475458 elementor-section-boxed elementor-section-height-default elementor-section-height-default\" data-id=\"e475458\" data-element_type=\"section\">\n\t\t\t\t\t\t<div class=\"elementor-container elementor-column-gap-default\">\n\t\t\t\t\t<div class=\"elementor-column elementor-col-33 elementor-top-column elementor-element elementor-element-5027a36\" data-id=\"5027a36\" data-element_type=\"column\">\n\t\t\t<div class=\"elementor-widget-wrap\">\n\t\t\t\t\t\t\t<\/div>\n\t\t<\/div>\n\t\t\t\t<div class=\"elementor-column elementor-col-33 elementor-top-column elementor-element elementor-element-2e9ce4e\" data-id=\"2e9ce4e\" data-element_type=\"column\">\n\t\t\t<div class=\"elementor-widget-wrap elementor-element-populated\">\n\t\t\t\t\t\t<div class=\"elementor-element elementor-element-f301fc7 elementor-align-justify elementor-widget elementor-widget-button\" data-id=\"f301fc7\" data-element_type=\"widget\" data-widget_type=\"button.default\">\n\t\t\t\t<div class=\"elementor-widget-container\">\n\t\t\t\t\t\t\t<div class=\"elementor-button-wrapper\">\n\t\t\t\t\t<a class=\"elementor-button elementor-button-link elementor-size-sm\" href=\"https:\/\/www.ufsm.br\/reitoria\/gabinete-do-reitor\/guiaeventos\/wp-content\/uploads\/sites\/767\/2019\/11\/modelo_carta_apoio_institucional.odt\" target=\"_blank\">\n\t\t\t\t\t\t<span class=\"elementor-button-content-wrapper\">\n\t\t\t\t\t\t\t\t\t<span class=\"elementor-button-text\">Modelo de carta de Apoio<\/span>\n\t\t\t\t\t<\/span>\n\t\t\t\t\t<\/a>\n\t\t\t\t<\/div>\n\t\t\t\t\t\t<\/div>\n\t\t\t\t<\/div>\n\t\t\t\t\t<\/div>\n\t\t<\/div>\n\t\t\t\t<div class=\"elementor-column elementor-col-33 elementor-top-column elementor-element elementor-element-0ccf23c\" data-id=\"0ccf23c\" data-element_type=\"column\">\n\t\t\t<div class=\"elementor-widget-wrap\">\n\t\t\t\t\t\t\t<\/div>\n\t\t<\/div>\n\t\t\t\t\t<\/div>\n\t\t<\/section>\n\t\t\t\t<section class=\"elementor-section elementor-top-section elementor-element elementor-element-94690ac elementor-section-boxed elementor-section-height-default elementor-section-height-default\" data-id=\"94690ac\" data-element_type=\"section\">\n\t\t\t\t\t\t<div class=\"elementor-container elementor-column-gap-default\">\n\t\t\t\t\t<div class=\"elementor-column elementor-col-100 elementor-top-column elementor-element elementor-element-5ae0b24\" data-id=\"5ae0b24\" data-element_type=\"column\">\n\t\t\t<div class=\"elementor-widget-wrap elementor-element-populated\">\n\t\t\t\t\t\t<div class=\"elementor-element elementor-element-ed05424 elementor-widget elementor-widget-text-editor\" data-id=\"ed05424\" data-element_type=\"widget\" data-widget_type=\"text-editor.default\">\n\t\t\t\t<div class=\"elementor-widget-container\">\n\t\t\t\t\t\t\t<p><b>3\u00ba passo<\/b><\/p><p><span style=\"color: black;font-size: 1rem\">Quando as defini\u00e7\u00f5es iniciais do evento forem feitas, parte-se ent\u00e3o para a cria\u00e7\u00e3o do checklist.<\/span><\/p><p><span style=\"color: black;font-size: 1rem\">No pr\u00e9 evento acontece o processo de viabiliza\u00e7\u00e3o e organiza\u00e7\u00e3o do projeto: melhor data, melhor local, atendimento \u00e0s demandas de infraestrutura, sustentabilidade e acessibilidade. As etapas ligadas a execu\u00e7\u00e3o do evento estar\u00e3o presentes no <\/span><i style=\"color: black;font-size: 1rem\">checklist<\/i><span style=\"color: black;font-size: 1rem\">, que \u00e9 desenvolvido no \u201cpr\u00e9 evento\u201d e efetivado no \u201cevento\u201d.<\/span><\/p><p>Abaixo, disponibilizamos um modelo de ChekList com a defini\u00e7\u00e3o de cada item para ajudar no planejamento e execu\u00e7\u00e3o do evento.<\/p>\t\t\t\t\t\t<\/div>\n\t\t\t\t<\/div>\n\t\t\t\t\t<\/div>\n\t\t<\/div>\n\t\t\t\t\t<\/div>\n\t\t<\/section>\n\t\t\t\t<section class=\"elementor-section elementor-top-section elementor-element elementor-element-050a5fb elementor-section-boxed elementor-section-height-default elementor-section-height-default\" data-id=\"050a5fb\" data-element_type=\"section\">\n\t\t\t\t\t\t<div class=\"elementor-container elementor-column-gap-default\">\n\t\t\t\t\t<div class=\"elementor-column elementor-col-33 elementor-top-column elementor-element elementor-element-316f65d\" data-id=\"316f65d\" data-element_type=\"column\">\n\t\t\t<div class=\"elementor-widget-wrap\">\n\t\t\t\t\t\t\t<\/div>\n\t\t<\/div>\n\t\t\t\t<div class=\"elementor-column elementor-col-33 elementor-top-column elementor-element elementor-element-645a7dc\" data-id=\"645a7dc\" data-element_type=\"column\">\n\t\t\t<div class=\"elementor-widget-wrap elementor-element-populated\">\n\t\t\t\t\t\t<div class=\"elementor-element elementor-element-4518a6b elementor-align-justify elementor-widget elementor-widget-button\" data-id=\"4518a6b\" data-element_type=\"widget\" data-widget_type=\"button.default\">\n\t\t\t\t<div class=\"elementor-widget-container\">\n\t\t\t\t\t\t\t<div class=\"elementor-button-wrapper\">\n\t\t\t\t\t<a class=\"elementor-button elementor-button-link elementor-size-sm\" href=\"https:\/\/www.ufsm.br\/comunicacao\/guiaeventos\/checklist\/\" target=\"_blank\">\n\t\t\t\t\t\t<span class=\"elementor-button-content-wrapper\">\n\t\t\t\t\t\t\t\t\t<span class=\"elementor-button-text\">CheckList<\/span>\n\t\t\t\t\t<\/span>\n\t\t\t\t\t<\/a>\n\t\t\t\t<\/div>\n\t\t\t\t\t\t<\/div>\n\t\t\t\t<\/div>\n\t\t\t\t\t<\/div>\n\t\t<\/div>\n\t\t\t\t<div class=\"elementor-column elementor-col-33 elementor-top-column elementor-element elementor-element-bb554bd\" data-id=\"bb554bd\" data-element_type=\"column\">\n\t\t\t<div class=\"elementor-widget-wrap\">\n\t\t\t\t\t\t\t<\/div>\n\t\t<\/div>\n\t\t\t\t\t<\/div>\n\t\t<\/section>\n\t\t\t\t<\/div>\n\t\t","protected":false},"excerpt":{"rendered":"<p>1\u00ba passo Ao idealizar um evento, \u00e9\u00a0necess\u00e1rio pensar sobre qual \u00e9 o melhor tipo de evento para o projeto que se tem. Se houver d\u00favida no tipo de evento, clique abaixo e voc\u00ea encontrar\u00e1 um guia dos principais eventos acad\u00eamicos institucionais. Tipos de Eventos 2\u00ba Passo A\u00b4p\u00f3s definido o tipo de evento, voc\u00ea pode buscar [&hellip;]<\/p>\n","protected":false},"author":46,"featured_media":0,"parent":0,"menu_order":0,"comment_status":"closed","ping_status":"closed","template":"","meta":{"footnotes":""},"categories":[],"tags":[],"class_list":["post-999","page","type-page","status-publish","hentry"],"acf":[],"_links":{"self":[{"href":"https:\/\/www.ufsm.br\/comunicacao\/guiaeventos\/wp-json\/wp\/v2\/pages\/999","targetHints":{"allow":["GET"]}}],"collection":[{"href":"https:\/\/www.ufsm.br\/comunicacao\/guiaeventos\/wp-json\/wp\/v2\/pages"}],"about":[{"href":"https:\/\/www.ufsm.br\/comunicacao\/guiaeventos\/wp-json\/wp\/v2\/types\/page"}],"author":[{"embeddable":true,"href":"https:\/\/www.ufsm.br\/comunicacao\/guiaeventos\/wp-json\/wp\/v2\/users\/46"}],"replies":[{"embeddable":true,"href":"https:\/\/www.ufsm.br\/comunicacao\/guiaeventos\/wp-json\/wp\/v2\/comments?post=999"}],"version-history":[{"count":0,"href":"https:\/\/www.ufsm.br\/comunicacao\/guiaeventos\/wp-json\/wp\/v2\/pages\/999\/revisions"}],"wp:attachment":[{"href":"https:\/\/www.ufsm.br\/comunicacao\/guiaeventos\/wp-json\/wp\/v2\/media?parent=999"}],"wp:term":[{"taxonomy":"category","embeddable":true,"href":"https:\/\/www.ufsm.br\/comunicacao\/guiaeventos\/wp-json\/wp\/v2\/categories?post=999"},{"taxonomy":"post_tag","embeddable":true,"href":"https:\/\/www.ufsm.br\/comunicacao\/guiaeventos\/wp-json\/wp\/v2\/tags?post=999"}],"curies":[{"name":"wp","href":"https:\/\/api.w.org\/{rel}","templated":true}]}}