{"id":114,"date":"2025-10-10T09:46:45","date_gmt":"2025-10-10T12:46:45","guid":{"rendered":"https:\/\/www.ufsm.br\/comunicacao\/?page_id=114"},"modified":"2025-12-02T14:13:06","modified_gmt":"2025-12-02T17:13:06","slug":"politicas","status":"publish","type":"page","link":"https:\/\/www.ufsm.br\/comunicacao\/politicas","title":{"rendered":"Pol\u00edticas"},"content":{"rendered":"\t\t<div data-elementor-type=\"wp-page\" data-elementor-id=\"114\" class=\"elementor elementor-114\">\n\t\t\t\t\t\t<section class=\"elementor-section elementor-top-section elementor-element elementor-element-01dd057 elementor-section-boxed elementor-section-height-default elementor-section-height-default\" data-id=\"01dd057\" data-element_type=\"section\">\n\t\t\t\t\t\t<div class=\"elementor-container elementor-column-gap-default\">\n\t\t\t\t\t<div class=\"elementor-column elementor-col-100 elementor-top-column elementor-element elementor-element-6d0adfd\" data-id=\"6d0adfd\" data-element_type=\"column\">\n\t\t\t<div class=\"elementor-widget-wrap elementor-element-populated\">\n\t\t\t\t\t\t<div class=\"elementor-element elementor-element-e1f0b0a elementor-widget elementor-widget-text-editor\" data-id=\"e1f0b0a\" data-element_type=\"widget\" data-widget_type=\"text-editor.default\">\n\t\t\t\t<div class=\"elementor-widget-container\">\n\t\t\t\t\t\t\t<p>De acordo com o artigo 31 do <a href=\"https:\/\/www.ufsm.br\/pro-reitorias\/proplan\/regimento-geral-da-ufsm-com-alteracoes-compiladas-pela-resolucao-n-016-2019\/\" target=\"_blank\" rel=\"noopener\"><b>Regimento Geral da UFSM<\/b><\/a>:<\/p><p style=\"font-size: 16px;text-align: justify\">Art. 31 \u00c0 Coordenadoria de Comunica\u00e7\u00e3o Social compete:<\/p><p style=\"font-size: 16px;text-align: justify\">I \u2013 executar os servi\u00e7os de r\u00e1dio, televis\u00e3o, comunica\u00e7\u00e3o institucional e produ\u00e7\u00e3o de not\u00edcias;<\/p><p style=\"font-size: 16px;text-align: justify\">II \u2013 estabelecer a pol\u00edtica global de comunica\u00e7\u00e3o para a Institui\u00e7\u00e3o;<\/p><p style=\"font-size: 16px;text-align: justify\">III \u2013 facilitar a a\u00e7\u00e3o dos ve\u00edculos de comunica\u00e7\u00e3o na busca de informa\u00e7\u00f5es sobre a Universidade e manter constante relacionamento com a imprensa local, regional e nacional;<\/p><p style=\"font-size: 16px;text-align: justify\">IV \u2013 dar apoio aos eventos cient\u00edficos, educacionais e culturais que se realizem na Institui\u00e7\u00e3o; e,<\/p><p style=\"font-size: 16px;text-align: justify\">V \u2013 informar a sociedade sobre os fatos e acontecimentos ocorridos na UFSM.<\/p>\t\t\t\t\t\t<\/div>\n\t\t\t\t<\/div>\n\t\t\t\t\t<\/div>\n\t\t<\/div>\n\t\t\t\t\t<\/div>\n\t\t<\/section>\n\t\t\t\t<section class=\"elementor-section elementor-top-section elementor-element elementor-element-87e46b2 elementor-section-boxed elementor-section-height-default elementor-section-height-default\" data-id=\"87e46b2\" data-element_type=\"section\">\n\t\t\t\t\t\t<div class=\"elementor-container elementor-column-gap-default\">\n\t\t\t\t\t<div class=\"elementor-column elementor-col-25 elementor-top-column elementor-element elementor-element-8a1cbcc\" data-id=\"8a1cbcc\" data-element_type=\"column\">\n\t\t\t<div class=\"elementor-widget-wrap elementor-element-populated\">\n\t\t\t\t\t\t<div class=\"elementor-element elementor-element-fd3151e elementor-view-default elementor-position-top elementor-mobile-position-top elementor-widget elementor-widget-icon-box\" data-id=\"fd3151e\" data-element_type=\"widget\" data-widget_type=\"icon-box.default\">\n\t\t\t\t<div class=\"elementor-widget-container\">\n\t\t\t\t\t<div class=\"elementor-icon-box-wrapper\">\n\n\t\t\t\t\t\t<div class=\"elementor-icon-box-icon\">\n\t\t\t\t<a href=\"https:\/\/www.ufsm.br\/comunicacao\/politica-de-comunicacao-da-ufsm\/\" class=\"elementor-icon elementor-animation-\" tabindex=\"-1\">\n\t\t\t\t<i aria-hidden=\"true\" class=\"far fa-file-powerpoint\"><\/i>\t\t\t\t<\/a>\n\t\t\t<\/div>\n\t\t\t\n\t\t\t\t\t\t<div class=\"elementor-icon-box-content\">\n\n\t\t\t\t\t\t\t\t\t<h3 class=\"elementor-icon-box-title\">\n\t\t\t\t\t\t<a href=\"https:\/\/www.ufsm.br\/comunicacao\/politica-de-comunicacao-da-ufsm\/\" >\n\t\t\t\t\t\t\tPol\u00edtica de Comunica\u00e7\u00e3o\t\t\t\t\t\t<\/a>\n\t\t\t\t\t<\/h3>\n\t\t\t\t\n\t\t\t\t\n\t\t\t<\/div>\n\t\t\t\n\t\t<\/div>\n\t\t\t\t<\/div>\n\t\t\t\t<\/div>\n\t\t\t\t\t<\/div>\n\t\t<\/div>\n\t\t\t\t<div class=\"elementor-column elementor-col-25 elementor-top-column elementor-element elementor-element-051fdae\" data-id=\"051fdae\" data-element_type=\"column\">\n\t\t\t<div class=\"elementor-widget-wrap elementor-element-populated\">\n\t\t\t\t\t\t<div class=\"elementor-element elementor-element-fda5040 elementor-view-default elementor-position-top elementor-mobile-position-top elementor-widget elementor-widget-icon-box\" data-id=\"fda5040\" data-element_type=\"widget\" data-widget_type=\"icon-box.default\">\n\t\t\t\t<div class=\"elementor-widget-container\">\n\t\t\t\t\t<div class=\"elementor-icon-box-wrapper\">\n\n\t\t\t\t\t\t<div class=\"elementor-icon-box-icon\">\n\t\t\t\t<a href=\"https:\/\/www.ufsm.br\/comunicacao\/politicas-editoriais\/\" class=\"elementor-icon elementor-animation-\" tabindex=\"-1\">\n\t\t\t\t<i aria-hidden=\"true\" class=\"fas fa-newspaper\"><\/i>\t\t\t\t<\/a>\n\t\t\t<\/div>\n\t\t\t\n\t\t\t\t\t\t<div class=\"elementor-icon-box-content\">\n\n\t\t\t\t\t\t\t\t\t<h3 class=\"elementor-icon-box-title\">\n\t\t\t\t\t\t<a href=\"https:\/\/www.ufsm.br\/comunicacao\/politicas-editoriais\/\" >\n\t\t\t\t\t\t\tPol\u00edticas Editoriais\t\t\t\t\t\t<\/a>\n\t\t\t\t\t<\/h3>\n\t\t\t\t\n\t\t\t\t\n\t\t\t<\/div>\n\t\t\t\n\t\t<\/div>\n\t\t\t\t<\/div>\n\t\t\t\t<\/div>\n\t\t\t\t\t<\/div>\n\t\t<\/div>\n\t\t\t\t<div class=\"elementor-column elementor-col-25 elementor-top-column elementor-element elementor-element-e93f9e2\" data-id=\"e93f9e2\" data-element_type=\"column\">\n\t\t\t<div class=\"elementor-widget-wrap elementor-element-populated\">\n\t\t\t\t\t\t<div class=\"elementor-element elementor-element-e1237be elementor-view-default elementor-position-top elementor-mobile-position-top elementor-widget elementor-widget-icon-box\" data-id=\"e1237be\" data-element_type=\"widget\" data-widget_type=\"icon-box.default\">\n\t\t\t\t<div class=\"elementor-widget-container\">\n\t\t\t\t\t<div class=\"elementor-icon-box-wrapper\">\n\n\t\t\t\t\t\t<div class=\"elementor-icon-box-icon\">\n\t\t\t\t<a href=\"https:\/\/www.ufsm.br\/clipping\/\" class=\"elementor-icon elementor-animation-\" tabindex=\"-1\">\n\t\t\t\t<i aria-hidden=\"true\" class=\"far fa-newspaper\"><\/i>\t\t\t\t<\/a>\n\t\t\t<\/div>\n\t\t\t\n\t\t\t\t\t\t<div class=\"elementor-icon-box-content\">\n\n\t\t\t\t\t\t\t\t\t<h3 class=\"elementor-icon-box-title\">\n\t\t\t\t\t\t<a href=\"https:\/\/www.ufsm.br\/clipping\/\" >\n\t\t\t\t\t\t\tAn\u00e1lise de Visibilidade Midi\u00e1tica\t\t\t\t\t\t<\/a>\n\t\t\t\t\t<\/h3>\n\t\t\t\t\n\t\t\t\t\n\t\t\t<\/div>\n\t\t\t\n\t\t<\/div>\n\t\t\t\t<\/div>\n\t\t\t\t<\/div>\n\t\t\t\t\t<\/div>\n\t\t<\/div>\n\t\t\t\t<div class=\"elementor-column elementor-col-25 elementor-top-column elementor-element elementor-element-0caee60\" data-id=\"0caee60\" data-element_type=\"column\">\n\t\t\t<div class=\"elementor-widget-wrap elementor-element-populated\">\n\t\t\t\t\t\t<div class=\"elementor-element elementor-element-c667125 elementor-view-default elementor-position-top elementor-mobile-position-top elementor-widget elementor-widget-icon-box\" data-id=\"c667125\" data-element_type=\"widget\" data-widget_type=\"icon-box.default\">\n\t\t\t\t<div class=\"elementor-widget-container\">\n\t\t\t\t\t<div class=\"elementor-icon-box-wrapper\">\n\n\t\t\t\t\t\t<div class=\"elementor-icon-box-icon\">\n\t\t\t\t<a href=\"https:\/\/www.ufsm.br\/identidade-institucional\/\" class=\"elementor-icon elementor-animation-\" tabindex=\"-1\">\n\t\t\t\t<i aria-hidden=\"true\" class=\"fas fa-address-card\"><\/i>\t\t\t\t<\/a>\n\t\t\t<\/div>\n\t\t\t\n\t\t\t\t\t\t<div class=\"elementor-icon-box-content\">\n\n\t\t\t\t\t\t\t\t\t<h3 class=\"elementor-icon-box-title\">\n\t\t\t\t\t\t<a href=\"https:\/\/www.ufsm.br\/identidade-institucional\/\" >\n\t\t\t\t\t\t\tGuia Identidade Visual\t\t\t\t\t\t<\/a>\n\t\t\t\t\t<\/h3>\n\t\t\t\t\n\t\t\t\t\n\t\t\t<\/div>\n\t\t\t\n\t\t<\/div>\n\t\t\t\t<\/div>\n\t\t\t\t<\/div>\n\t\t\t\t\t<\/div>\n\t\t<\/div>\n\t\t\t\t\t<\/div>\n\t\t<\/section>\n\t\t\t\t<section class=\"elementor-section elementor-top-section elementor-element elementor-element-ced9f70 elementor-section-boxed elementor-section-height-default elementor-section-height-default\" data-id=\"ced9f70\" data-element_type=\"section\">\n\t\t\t\t\t\t<div class=\"elementor-container elementor-column-gap-default\">\n\t\t\t\t\t<div class=\"elementor-column elementor-col-25 elementor-top-column elementor-element elementor-element-951e062\" data-id=\"951e062\" data-element_type=\"column\">\n\t\t\t<div class=\"elementor-widget-wrap elementor-element-populated\">\n\t\t\t\t\t\t<div class=\"elementor-element elementor-element-dcd82b0 elementor-view-default elementor-position-top elementor-mobile-position-top elementor-widget elementor-widget-icon-box\" data-id=\"dcd82b0\" data-element_type=\"widget\" data-widget_type=\"icon-box.default\">\n\t\t\t\t<div class=\"elementor-widget-container\">\n\t\t\t\t\t<div class=\"elementor-icon-box-wrapper\">\n\n\t\t\t\t\t\t<div class=\"elementor-icon-box-icon\">\n\t\t\t\t<a href=\"https:\/\/www.ufsm.br\/orgaos-suplementares\/cpd\/sitios\/\" class=\"elementor-icon elementor-animation-\" tabindex=\"-1\">\n\t\t\t\t<i aria-hidden=\"true\" class=\"fab fa-wordpress\"><\/i>\t\t\t\t<\/a>\n\t\t\t<\/div>\n\t\t\t\n\t\t\t\t\t\t<div class=\"elementor-icon-box-content\">\n\n\t\t\t\t\t\t\t\t\t<h3 class=\"elementor-icon-box-title\">\n\t\t\t\t\t\t<a href=\"https:\/\/www.ufsm.br\/orgaos-suplementares\/cpd\/sitios\/\" >\n\t\t\t\t\t\t\tGuia S\u00edtios\t\t\t\t\t\t<\/a>\n\t\t\t\t\t<\/h3>\n\t\t\t\t\n\t\t\t\t\n\t\t\t<\/div>\n\t\t\t\n\t\t<\/div>\n\t\t\t\t<\/div>\n\t\t\t\t<\/div>\n\t\t\t\t\t<\/div>\n\t\t<\/div>\n\t\t\t\t<div class=\"elementor-column elementor-col-25 elementor-top-column elementor-element elementor-element-0f0af08\" data-id=\"0f0af08\" data-element_type=\"column\">\n\t\t\t<div class=\"elementor-widget-wrap elementor-element-populated\">\n\t\t\t\t\t\t<div class=\"elementor-element elementor-element-840d78a elementor-view-default elementor-position-top elementor-mobile-position-top elementor-widget elementor-widget-icon-box\" data-id=\"840d78a\" data-element_type=\"widget\" data-widget_type=\"icon-box.default\">\n\t\t\t\t<div class=\"elementor-widget-container\">\n\t\t\t\t\t<div class=\"elementor-icon-box-wrapper\">\n\n\t\t\t\t\t\t<div class=\"elementor-icon-box-icon\">\n\t\t\t\t<a href=\"https:\/\/www.ufsm.br\/comunicacao\/guiaeventos\" class=\"elementor-icon elementor-animation-\" tabindex=\"-1\">\n\t\t\t\t<i aria-hidden=\"true\" class=\"fas fa-microphone\"><\/i>\t\t\t\t<\/a>\n\t\t\t<\/div>\n\t\t\t\n\t\t\t\t\t\t<div class=\"elementor-icon-box-content\">\n\n\t\t\t\t\t\t\t\t\t<h3 class=\"elementor-icon-box-title\">\n\t\t\t\t\t\t<a href=\"https:\/\/www.ufsm.br\/comunicacao\/guiaeventos\" >\n\t\t\t\t\t\t\tGuia Eventos\t\t\t\t\t\t<\/a>\n\t\t\t\t\t<\/h3>\n\t\t\t\t\n\t\t\t\t\n\t\t\t<\/div>\n\t\t\t\n\t\t<\/div>\n\t\t\t\t<\/div>\n\t\t\t\t<\/div>\n\t\t\t\t\t<\/div>\n\t\t<\/div>\n\t\t\t\t<div class=\"elementor-column elementor-col-25 elementor-top-column elementor-element elementor-element-756bdec\" data-id=\"756bdec\" data-element_type=\"column\">\n\t\t\t<div class=\"elementor-widget-wrap elementor-element-populated\">\n\t\t\t\t\t\t<div class=\"elementor-element elementor-element-b65e117 elementor-view-default elementor-position-top elementor-mobile-position-top elementor-widget elementor-widget-icon-box\" data-id=\"b65e117\" data-element_type=\"widget\" data-widget_type=\"icon-box.default\">\n\t\t\t\t<div class=\"elementor-widget-container\">\n\t\t\t\t\t<div class=\"elementor-icon-box-wrapper\">\n\n\t\t\t\t\t\t<div class=\"elementor-icon-box-icon\">\n\t\t\t\t<a href=\"https:\/\/www.ufsm.br\/comunicacao\/guiamidiassociais\/\" class=\"elementor-icon elementor-animation-\" tabindex=\"-1\">\n\t\t\t\t<i aria-hidden=\"true\" class=\"fab fa-facebook\"><\/i>\t\t\t\t<\/a>\n\t\t\t<\/div>\n\t\t\t\n\t\t\t\t\t\t<div class=\"elementor-icon-box-content\">\n\n\t\t\t\t\t\t\t\t\t<h3 class=\"elementor-icon-box-title\">\n\t\t\t\t\t\t<a href=\"https:\/\/www.ufsm.br\/comunicacao\/guiamidiassociais\/\" >\n\t\t\t\t\t\t\tGuia M\u00eddias Sociais\t\t\t\t\t\t<\/a>\n\t\t\t\t\t<\/h3>\n\t\t\t\t\n\t\t\t\t\n\t\t\t<\/div>\n\t\t\t\n\t\t<\/div>\n\t\t\t\t<\/div>\n\t\t\t\t<\/div>\n\t\t\t\t\t<\/div>\n\t\t<\/div>\n\t\t\t\t<div class=\"elementor-column elementor-col-25 elementor-top-column elementor-element elementor-element-aaa860d\" data-id=\"aaa860d\" data-element_type=\"column\">\n\t\t\t<div class=\"elementor-widget-wrap\">\n\t\t\t\t\t\t\t<\/div>\n\t\t<\/div>\n\t\t\t\t\t<\/div>\n\t\t<\/section>\n\t\t\t\t<\/div>\n\t\t","protected":false},"excerpt":{"rendered":"<p>De acordo com o artigo 31 do Regimento Geral da UFSM: Art. 31 \u00c0 Coordenadoria de Comunica\u00e7\u00e3o Social compete: I \u2013 executar os servi\u00e7os de r\u00e1dio, televis\u00e3o, comunica\u00e7\u00e3o institucional e produ\u00e7\u00e3o de not\u00edcias; II \u2013 estabelecer a pol\u00edtica global de comunica\u00e7\u00e3o para a Institui\u00e7\u00e3o; III \u2013 facilitar a a\u00e7\u00e3o dos ve\u00edculos de comunica\u00e7\u00e3o na busca [&hellip;]<\/p>\n","protected":false},"author":25,"featured_media":0,"parent":0,"menu_order":0,"comment_status":"closed","ping_status":"closed","template":"","meta":{"footnotes":""},"categories":[],"tags":[],"class_list":["post-114","page","type-page","status-publish","hentry"],"acf":[],"_links":{"self":[{"href":"https:\/\/www.ufsm.br\/comunicacao\/wp-json\/wp\/v2\/pages\/114","targetHints":{"allow":["GET"]}}],"collection":[{"href":"https:\/\/www.ufsm.br\/comunicacao\/wp-json\/wp\/v2\/pages"}],"about":[{"href":"https:\/\/www.ufsm.br\/comunicacao\/wp-json\/wp\/v2\/types\/page"}],"author":[{"embeddable":true,"href":"https:\/\/www.ufsm.br\/comunicacao\/wp-json\/wp\/v2\/users\/25"}],"replies":[{"embeddable":true,"href":"https:\/\/www.ufsm.br\/comunicacao\/wp-json\/wp\/v2\/comments?post=114"}],"version-history":[{"count":0,"href":"https:\/\/www.ufsm.br\/comunicacao\/wp-json\/wp\/v2\/pages\/114\/revisions"}],"wp:attachment":[{"href":"https:\/\/www.ufsm.br\/comunicacao\/wp-json\/wp\/v2\/media?parent=114"}],"wp:term":[{"taxonomy":"category","embeddable":true,"href":"https:\/\/www.ufsm.br\/comunicacao\/wp-json\/wp\/v2\/categories?post=114"},{"taxonomy":"post_tag","embeddable":true,"href":"https:\/\/www.ufsm.br\/comunicacao\/wp-json\/wp\/v2\/tags?post=114"}],"curies":[{"name":"wp","href":"https:\/\/api.w.org\/{rel}","templated":true}]}}