{"id":32,"date":"2020-12-14T16:23:49","date_gmt":"2020-12-14T19:23:49","guid":{"rendered":"https:\/\/www.ufsm.br\/comunicacao\/?page_id=32"},"modified":"2026-03-03T09:29:27","modified_gmt":"2026-03-03T12:29:27","slug":"agencia-de-noticias","status":"publish","type":"page","link":"https:\/\/www.ufsm.br\/comunicacao\/agencia-de-noticias","title":{"rendered":"Ag\u00eancia de Not\u00edcias"},"content":{"rendered":"\t\t<div data-elementor-type=\"wp-page\" data-elementor-id=\"32\" class=\"elementor elementor-32\">\n\t\t\t\t\t\t<section class=\"elementor-section elementor-top-section elementor-element elementor-element-0ff8a0e elementor-section-boxed elementor-section-height-default elementor-section-height-default\" data-id=\"0ff8a0e\" data-element_type=\"section\">\n\t\t\t\t\t\t<div class=\"elementor-container elementor-column-gap-default\">\n\t\t\t\t\t<div class=\"elementor-column elementor-col-100 elementor-top-column elementor-element elementor-element-e3fcae2\" data-id=\"e3fcae2\" data-element_type=\"column\">\n\t\t\t<div class=\"elementor-widget-wrap elementor-element-populated\">\n\t\t\t\t\t\t<div class=\"elementor-element elementor-element-2b67a201 elementor-widget elementor-widget-text-editor\" data-id=\"2b67a201\" data-element_type=\"widget\" data-widget_type=\"text-editor.default\">\n\t\t\t\t<div class=\"elementor-widget-container\">\n\t\t\t\t\t\t\t<p>Criada em 1998, a Ag\u00eancia de Not\u00edcias da Coordenadoria de Comunica\u00e7\u00e3o da UFSM \u00e9 respons\u00e1vel pela produ\u00e7\u00e3o de conte\u00fado jornal\u00edstico publicado na p\u00e1gina inicial do <a href=\"https:\/\/www.ufsm.br\/\">portal institucional da Universidade Federal de Santa Maria (UFSM),<\/a> al\u00e9m de atuar na assessoria de imprensa e na cobertura fotogr\u00e1fica de eventos e a\u00e7\u00f5es institucionais.<\/p>\n<p><!-- \/wp:paragraph --><!-- wp:paragraph --><\/p>\n<p><!-- \/wp:paragraph --><!-- wp:paragraph --><\/p>\n<p><!-- \/wp:paragraph --><!-- wp:paragraph --><\/p>\n<p><!-- \/wp:paragraph --><!-- wp:paragraph --><\/p>\n<p><!-- \/wp:paragraph --><!-- wp:paragraph --><\/p>\n<p><!-- \/wp:paragraph --><\/p>\t\t\t\t\t\t<\/div>\n\t\t\t\t<\/div>\n\t\t\t\t\t<\/div>\n\t\t<\/div>\n\t\t\t\t\t<\/div>\n\t\t<\/section>\n\t\t\t\t<section class=\"elementor-section elementor-top-section elementor-element elementor-element-865e359 elementor-section-height-min-height elementor-section-boxed elementor-section-height-default elementor-section-items-middle\" data-id=\"865e359\" data-element_type=\"section\">\n\t\t\t\t\t\t<div class=\"elementor-container elementor-column-gap-default\">\n\t\t\t\t\t<div class=\"elementor-column elementor-col-100 elementor-top-column elementor-element elementor-element-d498abc\" data-id=\"d498abc\" data-element_type=\"column\">\n\t\t\t<div class=\"elementor-widget-wrap elementor-element-populated\">\n\t\t\t\t\t\t<div class=\"elementor-element elementor-element-7811325 elementor-widget elementor-widget-wp-widget-ufsm_noticias_widget\" data-id=\"7811325\" data-element_type=\"widget\" data-widget_type=\"wp-widget-ufsm_noticias_widget.default\">\n\t\t\t\t<div class=\"elementor-widget-container\">\n\t\t\t<h5 class='titulo-conteudos'>Not\u00edcias destaque<\/h5><div class='widget-noticias-inside'>\n                        <div class=\"row\">\n                                    <div class=\"col-12 col-lg-4 pb-4\">\n                                            <div class=\"noticias-widget-wrap\" style=\"height: 180px; overflow: hidden;\">\n                            <a title=\"\" href=\"https:\/\/www.ufsm.br\/2026\/09\/02\/basquete-feminino-da-ufsm-conquista-a-medalha-de-bronze-nos-jogos-universitarios-brasileiros-de-2026\">\n                                <span class=\"visually-hidden\">\n                                    Basquete feminino da UFSM conquista a medalha de bronze nos Jogos Universit\u00e1rios Brasileiros de 2026                                <\/span>\n                                <div class=\"noticias-widget-thumbs h-100\">\n                                    <img decoding=\"async\" class=\"object-fit-cover h-100 w-100\" alt=\"\" srcset=\"https:\/\/www.ufsm.br\/app\/uploads\/2026\/09\/DSC_1076.JPG-1-300x200.jpeg 300w, https:\/\/www.ufsm.br\/app\/uploads\/2026\/09\/DSC_1076.JPG-1-1024x683.jpeg 1024w, https:\/\/www.ufsm.br\/app\/uploads\/2026\/09\/DSC_1076.JPG-1-768x512.jpeg 768w, https:\/\/www.ufsm.br\/app\/uploads\/2026\/09\/DSC_1076.JPG-1-1536x1024.jpeg 1536w, https:\/\/www.ufsm.br\/app\/uploads\/2026\/09\/DSC_1076.JPG-1-272x182.jpeg 272w, https:\/\/www.ufsm.br\/app\/uploads\/2026\/09\/DSC_1076.JPG-1.jpeg 1920w\" src=\"https:\/\/www.ufsm.br\/app\/uploads\/2026\/09\/DSC_1076.JPG-1-1024x683.jpeg\"><\/img>\n                                <\/div>\n                            <\/a>\n                        <\/div>\n                                        \n                                        \n                    \n                    <a class=\"noticias-widget-title d-block  m-0 \"  title=\"Basquete feminino da UFSM conquista a medalha de bronze nos Jogos Universit\u00e1rios Brasileiros de 2026\" href=\"https:\/\/www.ufsm.br\/2026\/09\/02\/basquete-feminino-da-ufsm-conquista-a-medalha-de-bronze-nos-jogos-universitarios-brasileiros-de-2026\">\n                                                Basquete feminino da UFSM conquista a medalha de bronze nos Jogos Universit\u00e1rios Brasileiros de 2026                    <\/a>\n                    \n                    \n                                        \n                                        \n                                        <\/div>\n                                    <div class=\"col-12 col-lg-4 pb-4\">\n                                            <div class=\"noticias-widget-wrap\" style=\"height: 180px; overflow: hidden;\">\n                            <a title=\"\" href=\"https:\/\/www.ufsm.br\/2026\/09\/02\/queimadas-na-amazonia-ajudam-a-explicar-impactos-dos-aerossois-na-atmosfera-do-sul-do-brasil\">\n                                <span class=\"visually-hidden\">\n                                    Queimadas na Amaz\u00f4nia ajudam a explicar impactos dos aeross\u00f3is na atmosfera do Sul do Brasil                                <\/span>\n                                <div class=\"noticias-widget-thumbs h-100\">\n                                    <img decoding=\"async\" class=\"object-fit-cover h-100 w-100\" alt=\"\" srcset=\"https:\/\/www.ufsm.br\/app\/uploads\/2026\/09\/WhatsApp-Image-2026-08-28-at-19.24.18-3-300x225.jpeg 300w, https:\/\/www.ufsm.br\/app\/uploads\/2026\/09\/WhatsApp-Image-2026-08-28-at-19.24.18-3-1024x768.jpeg 1024w, https:\/\/www.ufsm.br\/app\/uploads\/2026\/09\/WhatsApp-Image-2026-08-28-at-19.24.18-3-768x576.jpeg 768w, https:\/\/www.ufsm.br\/app\/uploads\/2026\/09\/WhatsApp-Image-2026-08-28-at-19.24.18-3-1536x1152.jpeg 1536w, https:\/\/www.ufsm.br\/app\/uploads\/2026\/09\/WhatsApp-Image-2026-08-28-at-19.24.18-3.jpeg 1600w\" src=\"https:\/\/www.ufsm.br\/app\/uploads\/2026\/09\/WhatsApp-Image-2026-08-28-at-19.24.18-3-1024x768.jpeg\"><\/img>\n                                <\/div>\n                            <\/a>\n                        <\/div>\n                                        \n                                        \n                    \n                    <a class=\"noticias-widget-title d-block  m-0 \"  title=\"Queimadas na Amaz\u00f4nia ajudam a explicar impactos dos aeross\u00f3is na atmosfera do Sul do Brasil\" href=\"https:\/\/www.ufsm.br\/2026\/09\/02\/queimadas-na-amazonia-ajudam-a-explicar-impactos-dos-aerossois-na-atmosfera-do-sul-do-brasil\">\n                                                Queimadas na Amaz\u00f4nia ajudam a explicar impactos dos aeross\u00f3is na atmosfera do Sul do Brasil                    <\/a>\n                    \n                    \n                                        \n                                        \n                                        <\/div>\n                                    <div class=\"col-12 col-lg-4 pb-4\">\n                                            <div class=\"noticias-widget-wrap\" style=\"height: 180px; overflow: hidden;\">\n                            <a title=\"\" href=\"https:\/\/www.ufsm.br\/2026\/09\/01\/serie-de-encontros-aborda-a-construcao-do-novo-pdi-da-ufsm-e-o-ensino-superior-na-sociedade\">\n                                <span class=\"visually-hidden\">\n                                    S\u00e9rie de encontros aborda a constru\u00e7\u00e3o do novo PDI da UFSM e o ensino superior na sociedade                                <\/span>\n                                <div class=\"noticias-widget-thumbs h-100\">\n                                    <img decoding=\"async\" class=\"object-fit-cover h-100 w-100\" alt=\"\" srcset=\"https:\/\/www.ufsm.br\/app\/uploads\/2026\/09\/GESTAO_E_DESENVOLVIMENTO_DA_UNIVERSIDADE_DEMOCRATICA_MATHIAS_ILNICKI_008-300x200.jpg 300w, https:\/\/www.ufsm.br\/app\/uploads\/2026\/09\/GESTAO_E_DESENVOLVIMENTO_DA_UNIVERSIDADE_DEMOCRATICA_MATHIAS_ILNICKI_008-1024x683.jpg 1024w, https:\/\/www.ufsm.br\/app\/uploads\/2026\/09\/GESTAO_E_DESENVOLVIMENTO_DA_UNIVERSIDADE_DEMOCRATICA_MATHIAS_ILNICKI_008-768x512.jpg 768w, https:\/\/www.ufsm.br\/app\/uploads\/2026\/09\/GESTAO_E_DESENVOLVIMENTO_DA_UNIVERSIDADE_DEMOCRATICA_MATHIAS_ILNICKI_008-1536x1024.jpg 1536w, https:\/\/www.ufsm.br\/app\/uploads\/2026\/09\/GESTAO_E_DESENVOLVIMENTO_DA_UNIVERSIDADE_DEMOCRATICA_MATHIAS_ILNICKI_008-272x182.jpg 272w, https:\/\/www.ufsm.br\/app\/uploads\/2026\/09\/GESTAO_E_DESENVOLVIMENTO_DA_UNIVERSIDADE_DEMOCRATICA_MATHIAS_ILNICKI_008.jpg 1920w\" src=\"https:\/\/www.ufsm.br\/app\/uploads\/2026\/09\/GESTAO_E_DESENVOLVIMENTO_DA_UNIVERSIDADE_DEMOCRATICA_MATHIAS_ILNICKI_008-1024x683.jpg\"><\/img>\n                                <\/div>\n                            <\/a>\n                        <\/div>\n                                        \n                                        \n                    \n                    <a class=\"noticias-widget-title d-block  m-0 \"  title=\"S\u00e9rie de encontros aborda a constru\u00e7\u00e3o do novo PDI da UFSM e o ensino superior na sociedade\" href=\"https:\/\/www.ufsm.br\/2026\/09\/01\/serie-de-encontros-aborda-a-construcao-do-novo-pdi-da-ufsm-e-o-ensino-superior-na-sociedade\">\n                                                S\u00e9rie de encontros aborda a constru\u00e7\u00e3o do novo PDI da UFSM e o ensino superior na sociedade                    <\/a>\n                    \n                    \n                                        \n                                        \n                                        <\/div>\n                            <\/div>\n                    <div class=\"row\">\n                                    <div class=\"col-12 col-lg-4 pb-4\">\n                                            <div class=\"noticias-widget-wrap\" style=\"height: 180px; overflow: hidden;\">\n                            <a title=\"\" href=\"https:\/\/www.ufsm.br\/2026\/09\/01\/docentes-da-ufsm-conquistam-o-premio-o-futuro-da-terra-do-jornal-do-comercio\">\n                                <span class=\"visually-hidden\">\n                                    Docentes da UFSM conquistam o pr\u00eamio \u201cO Futuro da Terra\u201d na Expointer                                <\/span>\n                                <div class=\"noticias-widget-thumbs h-100\">\n                                    <img decoding=\"async\" class=\"object-fit-cover h-100 w-100\" alt=\"\" srcset=\"https:\/\/www.ufsm.br\/app\/uploads\/2026\/09\/FUTURO_DA_TERRA_GIULIA_MAFFINI_006-300x200.jpg 300w, https:\/\/www.ufsm.br\/app\/uploads\/2026\/09\/FUTURO_DA_TERRA_GIULIA_MAFFINI_006-1024x683.jpg 1024w, https:\/\/www.ufsm.br\/app\/uploads\/2026\/09\/FUTURO_DA_TERRA_GIULIA_MAFFINI_006-768x512.jpg 768w, https:\/\/www.ufsm.br\/app\/uploads\/2026\/09\/FUTURO_DA_TERRA_GIULIA_MAFFINI_006-1536x1024.jpg 1536w, https:\/\/www.ufsm.br\/app\/uploads\/2026\/09\/FUTURO_DA_TERRA_GIULIA_MAFFINI_006-272x182.jpg 272w, https:\/\/www.ufsm.br\/app\/uploads\/2026\/09\/FUTURO_DA_TERRA_GIULIA_MAFFINI_006.jpg 1920w\" src=\"https:\/\/www.ufsm.br\/app\/uploads\/2026\/09\/FUTURO_DA_TERRA_GIULIA_MAFFINI_006-1024x683.jpg\"><\/img>\n                                <\/div>\n                            <\/a>\n                        <\/div>\n                                        \n                                        \n                    \n                    <a class=\"noticias-widget-title d-block  m-0 \"  title=\"Docentes da UFSM conquistam o pr\u00eamio \u201cO Futuro da Terra\u201d na Expointer\" href=\"https:\/\/www.ufsm.br\/2026\/09\/01\/docentes-da-ufsm-conquistam-o-premio-o-futuro-da-terra-do-jornal-do-comercio\">\n                                                Docentes da UFSM conquistam o pr\u00eamio \u201cO Futuro da Terra\u201d na Expointer                    <\/a>\n                    \n                    \n                                        \n                                        \n                                        <\/div>\n                                    <div class=\"col-12 col-lg-4 pb-4\">\n                                            <div class=\"noticias-widget-wrap\" style=\"height: 180px; overflow: hidden;\">\n                            <a title=\"A foto mostra duas mulheres, uma idosa branca e uma jovem negra, tendo como fundo murais art\u00edsticos e banners. Com cabelos brancos, de \u00f3culos e vestindo uma camiseta branca, a mulher mais velha ensina a jovem a tricotar. A jovem negra tem cabelo predominantemente escuro, com tran\u00e7as pintadas na cor loira. Ela veste uma camiseta amarela sob uma jaqueta preta.\" href=\"https:\/\/www.ufsm.br\/2026\/08\/27\/feira-do-voluntariado-traz-solidariedade-para-a-ufsm\">\n                                <span class=\"visually-hidden\">\n                                    A foto mostra duas mulheres, uma idosa branca e uma jovem negra, tendo como fundo murais art\u00edsticos e banners. Com cabelos brancos, de \u00f3culos e vestindo uma camiseta branca, a mulher mais velha ensina a jovem a tricotar. A jovem negra tem cabelo predominantemente escuro, com tran\u00e7as pintadas na cor loira. Ela veste uma camiseta amarela sob uma jaqueta preta.                                <\/span>\n                                <div class=\"noticias-widget-thumbs h-100\">\n                                    <img decoding=\"async\" class=\"object-fit-cover h-100 w-100\" alt=\"\" srcset=\"https:\/\/www.ufsm.br\/app\/uploads\/2026\/08\/2-IMG_1197-300x200.jpg 300w, https:\/\/www.ufsm.br\/app\/uploads\/2026\/08\/2-IMG_1197-1024x683.jpg 1024w, https:\/\/www.ufsm.br\/app\/uploads\/2026\/08\/2-IMG_1197-768x512.jpg 768w, https:\/\/www.ufsm.br\/app\/uploads\/2026\/08\/2-IMG_1197-1536x1024.jpg 1536w, https:\/\/www.ufsm.br\/app\/uploads\/2026\/08\/2-IMG_1197-272x182.jpg 272w, https:\/\/www.ufsm.br\/app\/uploads\/2026\/08\/2-IMG_1197.jpg 1920w\" src=\"https:\/\/www.ufsm.br\/app\/uploads\/2026\/08\/2-IMG_1197-1024x683.jpg\"><\/img>\n                                <\/div>\n                            <\/a>\n                        <\/div>\n                                        \n                                        \n                    \n                    <a class=\"noticias-widget-title d-block  m-0 \"  title=\"Feira do Voluntariado traz solidariedade para a UFSM\" href=\"https:\/\/www.ufsm.br\/2026\/08\/27\/feira-do-voluntariado-traz-solidariedade-para-a-ufsm\">\n                                                Feira do Voluntariado traz solidariedade para a UFSM                    <\/a>\n                    \n                    \n                                        \n                                        \n                                        <\/div>\n                                    <div class=\"col-12 col-lg-4 pb-4\">\n                                            <div class=\"noticias-widget-wrap\" style=\"height: 180px; overflow: hidden;\">\n                            <a title=\"Foto colorida, na horizontal, registra a cerim\u00f4nia de entrega do doutorado Honoris Causa a Jos\u00e9 Carlos Lib\u00e2neo. No centro, Lib\u00e2neo segura o diploma aberto com um certificado e veste uma beca vermelha, al\u00e9m de um capelo roxo. \u00c0 esquerda, est\u00e1 o diretor do Centro de Educa\u00e7\u00e3o da UFSM, Asc\u00edsio dos Reis Pereira, parcialmente enquadrado, usando a beca de formatura. \u00c0 direita, a reitora da UFSM, Martha Adaime, aparece aplaudindo, tamb\u00e9m com vestimenta acad\u00eamica e capelo branco. Ao fundo, h\u00e1 uma tela iluminada em tons de roxo, azul e verde. O ambiente \u00e9 iluminado por luzes no palco do Centro de Conven\u00e7\u00f5es.\" href=\"https:\/\/www.ufsm.br\/2026\/08\/27\/jose-carlos-libaneo-recebe-titulo-de-doutor-honoris-causa-pela-ufsm\">\n                                <span class=\"visually-hidden\">\n                                    Foto colorida, na horizontal, registra a cerim\u00f4nia de entrega do doutorado Honoris Causa a Jos\u00e9 Carlos Lib\u00e2neo. No centro, Lib\u00e2neo segura o diploma aberto com um certificado e veste uma beca vermelha, al\u00e9m de um capelo roxo. \u00c0 esquerda, est\u00e1 o diretor do Centro de Educa\u00e7\u00e3o da UFSM, Asc\u00edsio dos Reis Pereira, parcialmente enquadrado, usando a beca de formatura. \u00c0 direita, a reitora da UFSM, Martha Adaime, aparece aplaudindo, tamb\u00e9m com vestimenta acad\u00eamica e capelo branco. Ao fundo, h\u00e1 uma tela iluminada em tons de roxo, azul e verde. O ambiente \u00e9 iluminado por luzes no palco do Centro de Conven\u00e7\u00f5es.                                <\/span>\n                                <div class=\"noticias-widget-thumbs h-100\">\n                                    <img decoding=\"async\" class=\"object-fit-cover h-100 w-100\" alt=\"\" srcset=\"https:\/\/www.ufsm.br\/app\/uploads\/2026\/08\/IC3A3144-300x200.jpg 300w, https:\/\/www.ufsm.br\/app\/uploads\/2026\/08\/IC3A3144-1024x683.jpg 1024w, https:\/\/www.ufsm.br\/app\/uploads\/2026\/08\/IC3A3144-768x512.jpg 768w, https:\/\/www.ufsm.br\/app\/uploads\/2026\/08\/IC3A3144-1536x1024.jpg 1536w, https:\/\/www.ufsm.br\/app\/uploads\/2026\/08\/IC3A3144-272x182.jpg 272w, https:\/\/www.ufsm.br\/app\/uploads\/2026\/08\/IC3A3144.jpg 1920w\" src=\"https:\/\/www.ufsm.br\/app\/uploads\/2026\/08\/IC3A3144-1024x683.jpg\"><\/img>\n                                <\/div>\n                            <\/a>\n                        <\/div>\n                                        \n                                        \n                    \n                    <a class=\"noticias-widget-title d-block  m-0 \"  title=\"Jos\u00e9 Carlos Lib\u00e2neo recebe t\u00edtulo de Doutor Honoris Causa pela UFSM\" href=\"https:\/\/www.ufsm.br\/2026\/08\/27\/jose-carlos-libaneo-recebe-titulo-de-doutor-honoris-causa-pela-ufsm\">\n                                                Jos\u00e9 Carlos Lib\u00e2neo recebe t\u00edtulo de Doutor Honoris Causa pela UFSM                    <\/a>\n                    \n                    \n                                        \n                                        \n                                        <\/div>\n                            <\/div>\n            <\/div>\n<div class=\"leia-mais p-1\">\n                <a href=\"https:\/\/www.ufsm.br\/comunicacao\/busca\/?q=&area=post&orderby=date&sites%5B%5D=1\">\n            OUTRAS NOT\u00cdCIAS            <span class=\"icon-box\">\n                <span class=\"bg-ufsm-widget-icon\">\n                    <i class=\"fas fa-chevron-right\" aria-hidden=\"true\"><\/i>\n                <\/span>\n            <\/span>\n        <\/a>\n    <\/div>\n\t\t<\/div>\n\t\t\t\t<\/div>\n\t\t\t\t\t<\/div>\n\t\t<\/div>\n\t\t\t\t\t<\/div>\n\t\t<\/section>\n\t\t\t\t<section class=\"elementor-section elementor-top-section elementor-element elementor-element-c11eb37 elementor-section-boxed elementor-section-height-default elementor-section-height-default\" data-id=\"c11eb37\" data-element_type=\"section\">\n\t\t\t\t\t\t<div class=\"elementor-container elementor-column-gap-default\">\n\t\t\t\t\t<div class=\"elementor-column elementor-col-33 elementor-top-column elementor-element elementor-element-b6ba485\" data-id=\"b6ba485\" data-element_type=\"column\">\n\t\t\t<div class=\"elementor-widget-wrap elementor-element-populated\">\n\t\t\t\t\t\t<div class=\"elementor-element elementor-element-ff8133d elementor-view-default elementor-position-top elementor-mobile-position-top elementor-widget elementor-widget-icon-box\" data-id=\"ff8133d\" data-element_type=\"widget\" data-widget_type=\"icon-box.default\">\n\t\t\t\t<div class=\"elementor-widget-container\">\n\t\t\t\t\t<div class=\"elementor-icon-box-wrapper\">\n\n\t\t\t\t\t\t<div class=\"elementor-icon-box-icon\">\n\t\t\t\t<a href=\"https:\/\/www.ufsm.br\/comunicacao\/assessoria\" class=\"elementor-icon elementor-animation-\" tabindex=\"-1\">\n\t\t\t\t<i aria-hidden=\"true\" class=\"fas fa-users\"><\/i>\t\t\t\t<\/a>\n\t\t\t<\/div>\n\t\t\t\n\t\t\t\t\t\t<div class=\"elementor-icon-box-content\">\n\n\t\t\t\t\t\t\t\t\t<h3 class=\"elementor-icon-box-title\">\n\t\t\t\t\t\t<a href=\"https:\/\/www.ufsm.br\/comunicacao\/assessoria\" >\n\t\t\t\t\t\t\tSala de Imprensa\t\t\t\t\t\t<\/a>\n\t\t\t\t\t<\/h3>\n\t\t\t\t\n\t\t\t\t\n\t\t\t<\/div>\n\t\t\t\n\t\t<\/div>\n\t\t\t\t<\/div>\n\t\t\t\t<\/div>\n\t\t\t\t\t<\/div>\n\t\t<\/div>\n\t\t\t\t<div class=\"elementor-column elementor-col-33 elementor-top-column elementor-element elementor-element-af2f91b\" data-id=\"af2f91b\" data-element_type=\"column\">\n\t\t\t<div class=\"elementor-widget-wrap elementor-element-populated\">\n\t\t\t\t\t\t<div class=\"elementor-element elementor-element-ecc04a8 elementor-view-default elementor-position-top elementor-mobile-position-top elementor-widget elementor-widget-icon-box\" data-id=\"ecc04a8\" data-element_type=\"widget\" data-widget_type=\"icon-box.default\">\n\t\t\t\t<div class=\"elementor-widget-container\">\n\t\t\t\t\t<div class=\"elementor-icon-box-wrapper\">\n\n\t\t\t\t\t\t<div class=\"elementor-icon-box-icon\">\n\t\t\t\t<a href=\"https:\/\/drive.google.com\/drive\/u\/1\/folders\/1kWjr-TgxUGIHNla9KRadVb6nMv1xiDlP\" class=\"elementor-icon elementor-animation-\" tabindex=\"-1\">\n\t\t\t\t<i aria-hidden=\"true\" class=\"fas fa-camera\"><\/i>\t\t\t\t<\/a>\n\t\t\t<\/div>\n\t\t\t\n\t\t\t\t\t\t<div class=\"elementor-icon-box-content\">\n\n\t\t\t\t\t\t\t\t\t<h3 class=\"elementor-icon-box-title\">\n\t\t\t\t\t\t<a href=\"https:\/\/drive.google.com\/drive\/u\/1\/folders\/1kWjr-TgxUGIHNla9KRadVb6nMv1xiDlP\" >\n\t\t\t\t\t\t\tBanco de Imagens\t\t\t\t\t\t<\/a>\n\t\t\t\t\t<\/h3>\n\t\t\t\t\n\t\t\t\t\n\t\t\t<\/div>\n\t\t\t\n\t\t<\/div>\n\t\t\t\t<\/div>\n\t\t\t\t<\/div>\n\t\t\t\t\t<\/div>\n\t\t<\/div>\n\t\t\t\t<div class=\"elementor-column elementor-col-33 elementor-top-column elementor-element elementor-element-e441d0e\" data-id=\"e441d0e\" data-element_type=\"column\">\n\t\t\t<div class=\"elementor-widget-wrap elementor-element-populated\">\n\t\t\t\t\t\t<div class=\"elementor-element elementor-element-ae9a306 elementor-view-default elementor-position-top elementor-mobile-position-top elementor-widget elementor-widget-icon-box\" data-id=\"ae9a306\" data-element_type=\"widget\" data-widget_type=\"icon-box.default\">\n\t\t\t\t<div class=\"elementor-widget-container\">\n\t\t\t\t\t<div class=\"elementor-icon-box-wrapper\">\n\n\t\t\t\t\t\t<div class=\"elementor-icon-box-icon\">\n\t\t\t\t<a href=\"https:\/\/www.ufsm.br\/midias\/arco\" class=\"elementor-icon elementor-animation-\" tabindex=\"-1\">\n\t\t\t\t<i aria-hidden=\"true\" class=\"fas fa-book-open\"><\/i>\t\t\t\t<\/a>\n\t\t\t<\/div>\n\t\t\t\n\t\t\t\t\t\t<div class=\"elementor-icon-box-content\">\n\n\t\t\t\t\t\t\t\t\t<h3 class=\"elementor-icon-box-title\">\n\t\t\t\t\t\t<a href=\"https:\/\/www.ufsm.br\/midias\/arco\" >\n\t\t\t\t\t\t\tAcervo Revista Arco\t\t\t\t\t\t<\/a>\n\t\t\t\t\t<\/h3>\n\t\t\t\t\n\t\t\t\t\n\t\t\t<\/div>\n\t\t\t\n\t\t<\/div>\n\t\t\t\t<\/div>\n\t\t\t\t<\/div>\n\t\t\t\t\t<\/div>\n\t\t<\/div>\n\t\t\t\t\t<\/div>\n\t\t<\/section>\n\t\t\t\t<section class=\"elementor-section elementor-top-section elementor-element elementor-element-2b64afd0 elementor-section-boxed elementor-section-height-default elementor-section-height-default\" data-id=\"2b64afd0\" data-element_type=\"section\">\n\t\t\t\t\t\t<div class=\"elementor-container elementor-column-gap-default\">\n\t\t\t\t\t<div class=\"elementor-column elementor-col-100 elementor-top-column elementor-element elementor-element-64c11335\" data-id=\"64c11335\" data-element_type=\"column\">\n\t\t\t<div class=\"elementor-widget-wrap elementor-element-populated\">\n\t\t\t\t\t\t<div class=\"elementor-element elementor-element-42c9348 elementor-widget-divider--view-line elementor-widget elementor-widget-divider\" data-id=\"42c9348\" data-element_type=\"widget\" data-widget_type=\"divider.default\">\n\t\t\t\t<div class=\"elementor-widget-container\">\n\t\t\t\t\t<div class=\"elementor-divider\">\n\t\t\t<span class=\"elementor-divider-separator\">\n\t\t\t\t\t\t<\/span>\n\t\t<\/div>\n\t\t\t\t<\/div>\n\t\t\t\t<\/div>\n\t\t\t\t<div class=\"elementor-element elementor-element-0a75f0c elementor-widget elementor-widget-text-editor\" data-id=\"0a75f0c\" data-element_type=\"widget\" data-widget_type=\"text-editor.default\">\n\t\t\t\t<div class=\"elementor-widget-container\">\n\t\t\t\t\t\t\t<p style=\"color: #000000;font-size: 16px\"><span style=\"font-weight: bolder\">Equipe:<br><\/span><span style=\"color: #000000;font-size: 16px;font-weight: bolder\"><br>Diretora<br><\/span><span style=\"color: #000000;font-size: 16px\">Jornalista Mariana Henriques<br><\/span><span style=\"color: #000000;font-size: 16px\"><br><span style=\"font-weight: bolder\">Jornalistas<\/span><\/span><span style=\"color: #000000;font-size: 16px\"><br>Jo\u00e3o Ricardo Gazzaneo<br>Lucas Casali <br>Luciane Treulieb<br>Maur\u00edcio Dias<br>Ricardo Bonfanti<br><\/span><span style=\"color: #000000;font-size: 16px\"><br><span style=\"font-weight: bolder\">Analista de TI<br><\/span><\/span><span style=\"color: #000000;font-size: 16px\">Daniel De Carli<\/span><\/p>\n<p><strong>T\u00e9cnico em Audiovisual<\/strong><br>Felippe Pozzobon Richardt<\/p>\n<p><b><br>Contatos:<\/b><\/p>\n<p><span style=\"color: #000000;font-size: 16px\"><span style=\"font-weight: bolder\">E-mail<\/span><\/span><span style=\"color: #000000;font-size: 16px\">: noticias@ufsm.br<\/span><\/p>\n<p style=\"color: #000000;font-size: 16px\"><span style=\"font-weight: bolder\">Assessoria de Imprensa:&nbsp;<\/span><span style=\"font-size: 1rem\">&nbsp;<\/span><span style=\"font-size: 1rem\">Canal de comunica\u00e7\u00e3o exclusivo para ve\u00edculos de imprensa pelo WhatsApp 55 99159-8170<\/span><span style=\"font-size: 16px\">&nbsp;e e-mail imprensa@ufsm.br&nbsp;<\/span><\/p>\t\t\t\t\t\t<\/div>\n\t\t\t\t<\/div>\n\t\t\t\t\t<\/div>\n\t\t<\/div>\n\t\t\t\t\t<\/div>\n\t\t<\/section>\n\t\t\t\t<\/div>\n\t\t","protected":false},"excerpt":{"rendered":"<p>Criada em 1998, a Ag\u00eancia de Not\u00edcias da Coordenadoria de Comunica\u00e7\u00e3o da UFSM \u00e9 respons\u00e1vel pela produ\u00e7\u00e3o de conte\u00fado jornal\u00edstico publicado na p\u00e1gina inicial do portal institucional da Universidade Federal de Santa Maria (UFSM), al\u00e9m de atuar na assessoria de imprensa e na cobertura fotogr\u00e1fica de eventos e a\u00e7\u00f5es institucionais. Sala de Imprensa Banco de [&hellip;]<\/p>\n","protected":false},"author":80,"featured_media":0,"parent":0,"menu_order":0,"comment_status":"closed","ping_status":"closed","template":"","meta":{"footnotes":""},"categories":[],"tags":[],"class_list":["post-32","page","type-page","status-publish","hentry"],"acf":[],"_links":{"self":[{"href":"https:\/\/www.ufsm.br\/comunicacao\/wp-json\/wp\/v2\/pages\/32","targetHints":{"allow":["GET"]}}],"collection":[{"href":"https:\/\/www.ufsm.br\/comunicacao\/wp-json\/wp\/v2\/pages"}],"about":[{"href":"https:\/\/www.ufsm.br\/comunicacao\/wp-json\/wp\/v2\/types\/page"}],"author":[{"embeddable":true,"href":"https:\/\/www.ufsm.br\/comunicacao\/wp-json\/wp\/v2\/users\/80"}],"replies":[{"embeddable":true,"href":"https:\/\/www.ufsm.br\/comunicacao\/wp-json\/wp\/v2\/comments?post=32"}],"version-history":[{"count":0,"href":"https:\/\/www.ufsm.br\/comunicacao\/wp-json\/wp\/v2\/pages\/32\/revisions"}],"wp:attachment":[{"href":"https:\/\/www.ufsm.br\/comunicacao\/wp-json\/wp\/v2\/media?parent=32"}],"wp:term":[{"taxonomy":"category","embeddable":true,"href":"https:\/\/www.ufsm.br\/comunicacao\/wp-json\/wp\/v2\/categories?post=32"},{"taxonomy":"post_tag","embeddable":true,"href":"https:\/\/www.ufsm.br\/comunicacao\/wp-json\/wp\/v2\/tags?post=32"}],"curies":[{"name":"wp","href":"https:\/\/api.w.org\/{rel}","templated":true}]}}