{"id":34,"date":"2020-12-14T16:31:53","date_gmt":"2020-12-14T19:31:53","guid":{"rendered":"https:\/\/www.ufsm.br\/comunicacao\/?page_id=34"},"modified":"2026-01-30T10:05:08","modified_gmt":"2026-01-30T13:05:08","slug":"unidade-de-comunicacao-integrada","status":"publish","type":"page","link":"https:\/\/www.ufsm.br\/comunicacao\/unidade-de-comunicacao-integrada","title":{"rendered":"Unidade de Comunica\u00e7\u00e3o Integrada"},"content":{"rendered":"\t\t<div data-elementor-type=\"wp-page\" data-elementor-id=\"34\" class=\"elementor elementor-34\">\n\t\t\t\t\t\t<section class=\"elementor-section elementor-top-section elementor-element elementor-element-da1f134 elementor-section-boxed elementor-section-height-default elementor-section-height-default\" data-id=\"da1f134\" data-element_type=\"section\">\n\t\t\t\t\t\t<div class=\"elementor-container elementor-column-gap-default\">\n\t\t\t\t\t<div class=\"elementor-column elementor-col-100 elementor-top-column elementor-element elementor-element-ee01707\" data-id=\"ee01707\" data-element_type=\"column\">\n\t\t\t<div class=\"elementor-widget-wrap elementor-element-populated\">\n\t\t\t\t\t\t<div class=\"elementor-element elementor-element-d65167c elementor-widget elementor-widget-wp-widget-ufsm_noticias_widget\" data-id=\"d65167c\" data-element_type=\"widget\" data-widget_type=\"wp-widget-ufsm_noticias_widget.default\">\n\t\t\t\t<div class=\"elementor-widget-container\">\n\t\t\t<div id='ufsm-carousel-1777619692-194654890' class='carousel slide carousel-ufsm' data-bs-ride='carousel' aria-hidden='true'>\n    <div class='carousel-inner'>\n                    \n\n            <div class='carousel-item active' data-bs-interval='4000'>\n                                    <!-- Link && Slider Image -->\n                    <a href='https:\/\/www.ufsm.br\/2026\/04\/27\/colegio-politecnico-da-ufsm-abre-inscricoes-para-cursos-tecnicos-com-ingresso-por-sorteio'>\n                        <img class='w-100' style='max-height:280px; object-fit:cover;' alt=\"Inscri\u00e7\u00f5es gratuitas seguem at\u00e9 25 de maio e contemplam oito cursos subsequentes ao Ensino M\u00e9dio, com in\u00edcio no segundo semestre de 2026\" srcset=\"https:\/\/www.ufsm.br\/app\/uploads\/2026\/04\/PS26.2-Banner-300x80.jpeg 300w, https:\/\/www.ufsm.br\/app\/uploads\/2026\/04\/PS26.2-Banner-1024x273.jpeg 1024w, https:\/\/www.ufsm.br\/app\/uploads\/2026\/04\/PS26.2-Banner-768x204.jpeg 768w, https:\/\/www.ufsm.br\/app\/uploads\/2026\/04\/PS26.2-Banner-1536x409.jpeg 1536w, https:\/\/www.ufsm.br\/app\/uploads\/2026\/04\/PS26.2-Banner.jpeg 1600w\">\n                    <\/a>\n                \n                \n                                                            <\/div>\n                    \n\n            <div class='carousel-item ' data-bs-interval='4000'>\n                                    <!-- Link && Slider Image -->\n                    <a href='https:\/\/www.ufsm.br\/2026\/03\/30\/pesquisa-nacional-sobre-saude-mental-em-universidades-inicia-nesta-segunda-feira-30-na-ufsm'>\n                        <img class='w-100' style='max-height:280px; object-fit:cover;' alt=\"Arte colorida com ilustra\u00e7\u00e3o de duas pessoas e o nome da pesquisa\" srcset=\"https:\/\/www.ufsm.br\/app\/uploads\/2025\/10\/Enasam-banner-web-300x70.jpg 300w, https:\/\/www.ufsm.br\/app\/uploads\/2025\/10\/Enasam-banner-web-1024x240.jpg 1024w, https:\/\/www.ufsm.br\/app\/uploads\/2025\/10\/Enasam-banner-web-768x180.jpg 768w, https:\/\/www.ufsm.br\/app\/uploads\/2025\/10\/Enasam-banner-web.jpg 1536w\">\n                    <\/a>\n                \n                \n                                                            <\/div>\n                    \n\n            <div class='carousel-item ' data-bs-interval='4000'>\n                                    <!-- Link && Slider Image -->\n                    <a href='https:\/\/www.ufsm.br\/2026\/02\/06\/passei-na-ufsm-e-agora'>\n                        <img class='w-100' style='max-height:280px; object-fit:cover;' alt=\"O Guia Completo para Calouros e Calouras UFSMers\" srcset=\"https:\/\/www.ufsm.br\/app\/uploads\/2026\/02\/Banner-Web-Passei-na-UFSM-300x70.jpg 300w, https:\/\/www.ufsm.br\/app\/uploads\/2026\/02\/Banner-Web-Passei-na-UFSM-1024x240.jpg 1024w, https:\/\/www.ufsm.br\/app\/uploads\/2026\/02\/Banner-Web-Passei-na-UFSM-768x180.jpg 768w, https:\/\/www.ufsm.br\/app\/uploads\/2026\/02\/Banner-Web-Passei-na-UFSM.jpg 1536w\">\n                    <\/a>\n                \n                \n                                                            <\/div>\n                    \n\n            <div class='carousel-item ' data-bs-interval='4000'>\n                                    <!-- Link && Slider Image -->\n                    <a href='https:\/\/www.ufsm.br\/2025\/08\/13\/compartilhe-sua-historia-nos-65-anos-da-ufsm'>\n                        <img class='w-100' style='max-height:280px; object-fit:cover;' alt=\"Arte colorida com fotos e as frases \"Sua mem\u00f3ria faz parte dos 65 anos que constru\u00edmos juntos. Compartilhe sua hist\u00f3ria para eternizar os momentos vividos na UFSM\"\" srcset=\"https:\/\/www.ufsm.br\/app\/uploads\/2025\/08\/Banner-ufsm-65-anos-Envie-sua-foto-300x78.jpg 300w, https:\/\/www.ufsm.br\/app\/uploads\/2025\/08\/Banner-ufsm-65-anos-Envie-sua-foto-1024x266.jpg 1024w, https:\/\/www.ufsm.br\/app\/uploads\/2025\/08\/Banner-ufsm-65-anos-Envie-sua-foto-768x200.jpg 768w, https:\/\/www.ufsm.br\/app\/uploads\/2025\/08\/Banner-ufsm-65-anos-Envie-sua-foto.jpg 1500w\">\n                    <\/a>\n                \n                \n                                                            <\/div>\n                    \n\n            <div class='carousel-item ' data-bs-interval='4000'>\n                                    <!-- Link && Slider Image -->\n                    <a href='https:\/\/www.ufsm.br\/2025\/06\/24\/ufsm-10-melhores-qs'>\n                        <img class='w-100' style='max-height:280px; object-fit:cover;' alt=\"Levantamento avaliou mais de 1.500 institui\u00e7\u00f5es em mais 100 pa\u00edses\" srcset=\"https:\/\/www.ufsm.br\/app\/uploads\/2025\/06\/Banner-Instagram-UFSM-entre-as-10-melhores-do-Brasil-copiar-2-300x86.jpg 300w, https:\/\/www.ufsm.br\/app\/uploads\/2025\/06\/Banner-Instagram-UFSM-entre-as-10-melhores-do-Brasil-copiar-2-1024x294.jpg 1024w, https:\/\/www.ufsm.br\/app\/uploads\/2025\/06\/Banner-Instagram-UFSM-entre-as-10-melhores-do-Brasil-copiar-2-768x221.jpg 768w, https:\/\/www.ufsm.br\/app\/uploads\/2025\/06\/Banner-Instagram-UFSM-entre-as-10-melhores-do-Brasil-copiar-2-1536x442.jpg 1536w, https:\/\/www.ufsm.br\/app\/uploads\/2025\/06\/Banner-Instagram-UFSM-entre-as-10-melhores-do-Brasil-copiar-2.jpg 1600w\">\n                    <\/a>\n                \n                \n                                                            <\/div>\n                    \n\n            <div class='carousel-item ' data-bs-interval='4000'>\n                                    <!-- Link && Slider Image -->\n                    <a href='https:\/\/www.ufsm.br\/2025\/04\/30\/ufsm-sem-campanha-promove-o-respeito-dentro-da-universidade'>\n                        <img class='w-100' style='max-height:280px; object-fit:cover;' alt=\"Iniciativa combate preconceitos, ass\u00e9dios e viol\u00eancias com a\u00e7\u00f5es de conscientiza\u00e7\u00e3o e canais de den\u00fancia\" srcset=\"https:\/\/www.ufsm.br\/app\/uploads\/2025\/04\/Banner-Site_Prancheta-1-300x80.jpg 300w, https:\/\/www.ufsm.br\/app\/uploads\/2025\/04\/Banner-Site_Prancheta-1-1024x273.jpg 1024w, https:\/\/www.ufsm.br\/app\/uploads\/2025\/04\/Banner-Site_Prancheta-1-768x205.jpg 768w, https:\/\/www.ufsm.br\/app\/uploads\/2025\/04\/Banner-Site_Prancheta-1.jpg 1500w\">\n                    <\/a>\n                \n                \n                                                            <\/div>\n                    <!-- Exibi Indicadores -->\n                    <ol class='carousel-indicators carousel-indicators-numbers d-none d-md-flex align-self-end m-0'>\n                <li data-bs-target='#ufsm-carousel-1777619692-194654890' data-bs-slide-to='0' class='d-flex rounded-circle active'><span class='m-auto fw-bold'>1<\/span><\/li><li data-bs-target='#ufsm-carousel-1777619692-194654890' data-bs-slide-to='1' class='d-flex rounded-circle '><span class='m-auto fw-bold'>2<\/span><\/li><li data-bs-target='#ufsm-carousel-1777619692-194654890' data-bs-slide-to='2' class='d-flex rounded-circle '><span class='m-auto fw-bold'>3<\/span><\/li><li data-bs-target='#ufsm-carousel-1777619692-194654890' data-bs-slide-to='3' class='d-flex rounded-circle '><span class='m-auto fw-bold'>4<\/span><\/li><li data-bs-target='#ufsm-carousel-1777619692-194654890' data-bs-slide-to='4' class='d-flex rounded-circle '><span class='m-auto fw-bold'>5<\/span><\/li><li data-bs-target='#ufsm-carousel-1777619692-194654890' data-bs-slide-to='5' class='d-flex rounded-circle '><span class='m-auto fw-bold'>6<\/span><\/li>            <\/ol>\n            <a class='carousel-control-prev' href='#ufsm-carousel-1777619692-194654890' role='button' data-bs-slide='prev'>\n                <span class='carousel-control-prev-icon' aria-hidden='true'><\/span>\n                <span class='visually-hidden'>Previous<\/span>\n            <\/a>\n            <a class='carousel-control-next' href='#ufsm-carousel-1777619692-194654890' role='button' data-bs-slide='next'>\n                <span class='carousel-control-next-icon' aria-hidden='true'><\/span>\n                <span class='visually-hidden'>Next<\/span>\n            <\/a>\n            <\/div>\n<\/div>\n<!-- Acessibilidade, apenas leitor de tela -->\n<ul class='visually-hidden'>\n    <li><a href='https:\/\/www.ufsm.br\/2026\/04\/27\/colegio-politecnico-da-ufsm-abre-inscricoes-para-cursos-tecnicos-com-ingresso-por-sorteio'>Col\u00e9gio Polit\u00e9cnico da UFSM abre inscri\u00e7\u00f5es para cursos t\u00e9cnicos com ingresso por sorteio<\/a><\/li><li><a href='https:\/\/www.ufsm.br\/2026\/03\/30\/pesquisa-nacional-sobre-saude-mental-em-universidades-inicia-nesta-segunda-feira-30-na-ufsm'>Pesquisa nacional sobre sa\u00fade mental em universidades inicia nesta segunda-feira (30) na UFSM<\/a><\/li><li><a href='https:\/\/www.ufsm.br\/2026\/02\/06\/passei-na-ufsm-e-agora'>Passei na UFSM, e agora?<\/a><\/li><li><a href='https:\/\/www.ufsm.br\/2025\/08\/13\/compartilhe-sua-historia-nos-65-anos-da-ufsm'>Compartilhe sua hist\u00f3ria nos 65 anos da UFSM<\/a><\/li><li><a href='https:\/\/www.ufsm.br\/2025\/06\/24\/ufsm-10-melhores-qs'>UFSM est\u00e1 entre as 10 melhores Institui\u00e7\u00f5es Federais de Ensino Superior do Brasil segundo QS World Ranking<\/a><\/li><li><a href='https:\/\/www.ufsm.br\/2025\/04\/30\/ufsm-sem-campanha-promove-o-respeito-dentro-da-universidade'>UFSM Sem: campanha promove o respeito dentro da universidade<\/a><\/li><\/ul>\n\t\t<\/div>\n\t\t\t\t<\/div>\n\t\t\t\t\t<\/div>\n\t\t<\/div>\n\t\t\t\t\t<\/div>\n\t\t<\/section>\n\t\t\t\t<section class=\"elementor-section elementor-top-section elementor-element elementor-element-8819b32 elementor-section-boxed elementor-section-height-default elementor-section-height-default\" data-id=\"8819b32\" data-element_type=\"section\">\n\t\t\t\t\t\t<div class=\"elementor-container elementor-column-gap-default\">\n\t\t\t\t\t<div class=\"elementor-column elementor-col-50 elementor-top-column elementor-element elementor-element-48d24fc\" data-id=\"48d24fc\" data-element_type=\"column\">\n\t\t\t<div class=\"elementor-widget-wrap elementor-element-populated\">\n\t\t\t\t\t\t<div class=\"elementor-element elementor-element-34884cd elementor-align-justify elementor-widget__width-initial elementor-widget elementor-widget-button\" data-id=\"34884cd\" data-element_type=\"widget\" data-widget_type=\"button.default\">\n\t\t\t\t<div class=\"elementor-widget-container\">\n\t\t\t\t\t\t\t<div class=\"elementor-button-wrapper\">\n\t\t\t\t\t<a class=\"elementor-button elementor-button-link elementor-size-lg elementor-animation-grow\" href=\"#CampanhasInstitucionais\">\n\t\t\t\t\t\t<span class=\"elementor-button-content-wrapper\">\n\t\t\t\t\t\t\t\t\t<span class=\"elementor-button-text\">Campanhas institucionais<\/span>\n\t\t\t\t\t<\/span>\n\t\t\t\t\t<\/a>\n\t\t\t\t<\/div>\n\t\t\t\t\t\t<\/div>\n\t\t\t\t<\/div>\n\t\t\t\t\t<\/div>\n\t\t<\/div>\n\t\t\t\t<div class=\"elementor-column elementor-col-50 elementor-top-column elementor-element elementor-element-fb1cfbf\" data-id=\"fb1cfbf\" data-element_type=\"column\">\n\t\t\t<div class=\"elementor-widget-wrap elementor-element-populated\">\n\t\t\t\t\t\t<div class=\"elementor-element elementor-element-e96267f elementor-align-justify elementor-widget__width-initial elementor-widget elementor-widget-button\" data-id=\"e96267f\" data-element_type=\"widget\" data-widget_type=\"button.default\">\n\t\t\t\t<div class=\"elementor-widget-container\">\n\t\t\t\t\t\t\t<div class=\"elementor-button-wrapper\">\n\t\t\t\t\t<a class=\"elementor-button elementor-button-link elementor-size-lg elementor-animation-grow\" href=\"https:\/\/www.ufsm.br\/comunicacao\/servicos\/solicite-campanha-institucional-ou-pecas-graficas\">\n\t\t\t\t\t\t<span class=\"elementor-button-content-wrapper\">\n\t\t\t\t\t\t\t\t\t<span class=\"elementor-button-text\">Solicitar campanha institucional<\/span>\n\t\t\t\t\t<\/span>\n\t\t\t\t\t<\/a>\n\t\t\t\t<\/div>\n\t\t\t\t\t\t<\/div>\n\t\t\t\t<\/div>\n\t\t\t\t\t<\/div>\n\t\t<\/div>\n\t\t\t\t\t<\/div>\n\t\t<\/section>\n\t\t\t\t<section class=\"elementor-section elementor-top-section elementor-element elementor-element-41d28e5d elementor-section-boxed elementor-section-height-default elementor-section-height-default\" data-id=\"41d28e5d\" data-element_type=\"section\">\n\t\t\t\t\t\t<div class=\"elementor-container elementor-column-gap-default\">\n\t\t\t\t\t<div class=\"elementor-column elementor-col-100 elementor-top-column elementor-element elementor-element-1a05ca1\" data-id=\"1a05ca1\" data-element_type=\"column\">\n\t\t\t<div class=\"elementor-widget-wrap elementor-element-populated\">\n\t\t\t\t\t\t<div class=\"elementor-element elementor-element-6d014c56 elementor-widget elementor-widget-text-editor\" data-id=\"6d014c56\" data-element_type=\"widget\" data-widget_type=\"text-editor.default\">\n\t\t\t\t<div class=\"elementor-widget-container\">\n\t\t\t\t\t\t\t<p>A Unicom \u2013 \u00f3rg\u00e3o de apoio institucional, vinculado e subordinado \u00e0 Coordenadoria de Planejamento Informacional da Pr\u00f3-Reitoria de Planejamento \u2013 tem por objetivo articular e acompanhar a execu\u00e7\u00e3o do Planejamento Estrat\u00e9gico de Comunica\u00e7\u00e3o, de forma articulada ao ecossistema de Comunica\u00e7\u00e3o da UFSM e de modo a alinhar \u00e0 comunica\u00e7\u00e3o institucional, desenvolvendo campanhas institucionais de ampla abrang\u00eancia e auxiliando na elabora\u00e7\u00e3o de pe\u00e7as gr\u00e1ficas digitais para divulga\u00e7\u00e3o.<\/p>\n<p><!-- \/wp:paragraph --><!-- wp:paragraph --><\/p>\n<p>S\u00e3o atribui\u00e7\u00f5es da Unicom:<\/p>\n<p><!-- \/wp:paragraph --><!-- wp:paragraph --><\/p>\n<p>\u2022 Gest\u00e3o das m\u00eddias sociais institucionais a partir da produ\u00e7\u00e3o de conte\u00fado, curadoria digital, relacionamento e engajamento dos usu\u00e1rios, monitoramento ativo e reativo, detec\u00e7\u00e3o de pr\u00e9-crises de imagem.<\/p>\n<div>\u00a0<\/div>\n<p><!-- \/wp:paragraph --><!-- wp:paragraph --><\/p>\n<p><!-- \/wp:paragraph --><\/p>\t\t\t\t\t\t<\/div>\n\t\t\t\t<\/div>\n\t\t\t\t<div class=\"elementor-element elementor-element-8d0a996 elementor-widget-divider--view-line elementor-widget elementor-widget-divider\" data-id=\"8d0a996\" data-element_type=\"widget\" data-widget_type=\"divider.default\">\n\t\t\t\t<div class=\"elementor-widget-container\">\n\t\t\t\t\t<div class=\"elementor-divider\">\n\t\t\t<span class=\"elementor-divider-separator\">\n\t\t\t\t\t\t<\/span>\n\t\t<\/div>\n\t\t\t\t<\/div>\n\t\t\t\t<\/div>\n\t\t\t\t\t<\/div>\n\t\t<\/div>\n\t\t\t\t\t<\/div>\n\t\t<\/section>\n\t\t\t\t<section class=\"elementor-section elementor-top-section elementor-element elementor-element-321b913 elementor-section-boxed elementor-section-height-default elementor-section-height-default\" data-id=\"321b913\" data-element_type=\"section\">\n\t\t\t\t\t\t<div class=\"elementor-container elementor-column-gap-default\">\n\t\t\t\t\t<div class=\"elementor-column elementor-col-100 elementor-top-column elementor-element elementor-element-34844ed\" data-id=\"34844ed\" data-element_type=\"column\">\n\t\t\t<div class=\"elementor-widget-wrap elementor-element-populated\">\n\t\t\t\t\t\t<div class=\"elementor-element elementor-element-592cc28 elementor-widget elementor-widget-heading\" data-id=\"592cc28\" data-element_type=\"widget\" id=\"CampanhasInstitucionais\" data-widget_type=\"heading.default\">\n\t\t\t\t<div class=\"elementor-widget-container\">\n\t\t\t<h2 class=\"elementor-heading-title elementor-size-default\">Campanhas Institucionais<\/h2>\t\t<\/div>\n\t\t\t\t<\/div>\n\t\t\t\t\t<\/div>\n\t\t<\/div>\n\t\t\t\t\t<\/div>\n\t\t<\/section>\n\t\t\t\t<section class=\"elementor-section elementor-top-section elementor-element elementor-element-e78b5e0 elementor-section-boxed elementor-section-height-default elementor-section-height-default\" data-id=\"e78b5e0\" data-element_type=\"section\" data-settings=\"{&quot;background_background&quot;:&quot;classic&quot;}\">\n\t\t\t\t\t\t<div class=\"elementor-container elementor-column-gap-default\">\n\t\t\t\t\t<div class=\"elementor-column elementor-col-100 elementor-top-column elementor-element elementor-element-1acdac6\" data-id=\"1acdac6\" data-element_type=\"column\">\n\t\t\t<div class=\"elementor-widget-wrap elementor-element-populated\">\n\t\t\t\t\t\t<div class=\"elementor-element elementor-element-62ab807 elementor-widget elementor-widget-text-editor\" data-id=\"62ab807\" data-element_type=\"widget\" data-widget_type=\"text-editor.default\">\n\t\t\t\t<div class=\"elementor-widget-container\">\n\t\t\t\t\t\t\t<p>Esta \u00e1rea \u00e9 destinada a informar \u00e0s unidades de ensino, unidades administrativas e aos <em>campi<\/em> sobre as campanhas institucionais desenvolvidas pela UNICOM. As camapanhas ser\u00e3o atualizadas periodicamente.\u00a0<\/p>\t\t\t\t\t\t<\/div>\n\t\t\t\t<\/div>\n\t\t\t\t\t<\/div>\n\t\t<\/div>\n\t\t\t\t\t<\/div>\n\t\t<\/section>\n\t\t\t\t<section class=\"elementor-section elementor-top-section elementor-element elementor-element-72a3c28 elementor-section-boxed elementor-section-height-default elementor-section-height-default\" data-id=\"72a3c28\" data-element_type=\"section\">\n\t\t\t\t\t\t<div class=\"elementor-container elementor-column-gap-default\">\n\t\t\t\t\t<div class=\"elementor-column elementor-col-100 elementor-top-column elementor-element elementor-element-5c1241c\" data-id=\"5c1241c\" data-element_type=\"column\">\n\t\t\t<div class=\"elementor-widget-wrap elementor-element-populated\">\n\t\t\t\t\t\t<div class=\"elementor-element elementor-element-1d256f1 elementor-widget elementor-widget-text-editor\" data-id=\"1d256f1\" data-element_type=\"widget\" data-widget_type=\"text-editor.default\">\n\t\t\t\t<div class=\"elementor-widget-container\">\n\t\t\t\t\t\t\t<p><span style=\"color: #000000;font-size: 16px;font-weight: bolder\">Equipe:<\/span><\/p>\n<p style=\"color: #000000;font-size: 16px\"><span style=\"color: #000000;font-size: 16px;font-weight: bolder\"><br \/>Chefe<br \/><\/span><span style=\"color: #000000;font-size: 16px\">Ron\u00ed de Barros (administrador)<br \/><\/span><span style=\"color: #000000;font-size: 16px\"><br \/><\/span><span style=\"font-size: 16px\"><b>Rela\u00e7\u00f5es-p\u00fablicas<br \/><\/b><\/span><span style=\"font-size: 16px\">Carla Isa Costa<br \/><\/span><span style=\"font-size: 16px\">Laura Hartmann<br \/><\/span><span style=\"font-size: 16px\">Sendi Spiazzi\u00a0<br \/><\/span><br \/><span style=\"font-weight: bolder\">Revisora<\/span><b><br \/><\/b><span style=\"font-size: 16px\">Fabiana Coradini<br \/><\/span><span style=\"font-size: 16px\"><br \/><b>Programador visual<br \/><\/b><\/span><span style=\"font-size: 16px\">Estevan Poll\u00a0<\/span><\/p>\n<p style=\"color: #000000;font-size: 16px\"><span style=\"font-size: 16px\">Vinicius Gumisson Motta<\/span><\/p>\n<p style=\"color: #000000;font-size: 16px\"><span style=\"color: #000000;font-size: 16px\"><br \/><span style=\"font-weight: bold\">Contatos:<\/span><br \/><\/span><span style=\"color: #000000;font-size: 16px\"><br \/><span style=\"font-weight: bolder\">E-mail<\/span><\/span><span style=\"color: #000000;font-size: 16px\">:\u00a0<\/span><span style=\"color: #000000;font-size: 16px;font-weight: bolder\">\u00a0<\/span><span style=\"color: #000000;font-size: 16px\">unicom@ufsm.br\u00a0<\/span><\/p>\n<p style=\"color: #000000;font-size: 16px\"><span style=\"color: #000000;font-size: 16px\"><span style=\"font-weight: bold\">Fone\/WhatsApp<\/span>: (55) 99158-7370<\/span><\/p>\t\t\t\t\t\t<\/div>\n\t\t\t\t<\/div>\n\t\t\t\t<div class=\"elementor-element elementor-element-5392527 elementor-widget elementor-widget-wp-widget-ufsm_noticias_widget\" data-id=\"5392527\" data-element_type=\"widget\" data-widget_type=\"wp-widget-ufsm_noticias_widget.default\">\n\t\t\t\t<div class=\"elementor-widget-container\">\n\t\t\t<div class='widget-noticias-inside'>\n                        <div class=\"row\">\n                                    <div class=\"col-12 col-lg-3 pb-4\">\n                                            <div class=\"noticias-widget-wrap\" style=\"height: 300px; overflow: hidden;\">\n                            <a title=\"\" href=\"https:\/\/www.ufsm.br\/comunicacao\/2026\/01\/30\/recepcao-estudantil\">\n                                <span class=\"visually-hidden\">\n                                    Recep\u00e7\u00e3o Estudantil                                <\/span>\n                                <div class=\"noticias-widget-thumbs h-100\">\n                                    <img decoding=\"async\" class=\"object-fit-cover h-100 w-100\" alt=\"\" srcset=\"https:\/\/www.ufsm.br\/app\/uploads\/sites\/845\/2026\/01\/RE25-Card-1080x1080-1-300x300.png 300w, https:\/\/www.ufsm.br\/app\/uploads\/sites\/845\/2026\/01\/RE25-Card-1080x1080-1-1024x1024.png 1024w, https:\/\/www.ufsm.br\/app\/uploads\/sites\/845\/2026\/01\/RE25-Card-1080x1080-1-150x150.png 150w, https:\/\/www.ufsm.br\/app\/uploads\/sites\/845\/2026\/01\/RE25-Card-1080x1080-1-768x768.png 768w, https:\/\/www.ufsm.br\/app\/uploads\/sites\/845\/2026\/01\/RE25-Card-1080x1080-1.png 1080w\" src=\"https:\/\/www.ufsm.br\/app\/uploads\/sites\/845\/2026\/01\/RE25-Card-1080x1080-1-1024x1024.png\"><\/img>\n                                <\/div>\n                            <\/a>\n                        <\/div>\n                                        \n                                        \n                    \n                    <a class=\"noticias-widget-title d-block  m-0 \"  title=\"Recep\u00e7\u00e3o Estudantil\" href=\"https:\/\/www.ufsm.br\/comunicacao\/2026\/01\/30\/recepcao-estudantil\">\n                                                Recep\u00e7\u00e3o Estudantil                    <\/a>\n                    \n                    \n                                        \n                                        \n                                            \n                                                    <div title=\"Modificado em 30\/01\/2026 - 09:28\" class=\"data-publicacao-widget\">\n                                <i  class=\"fas fa-pencil-square-o\"><\/i>\n                                30\/01\/2026 - 09:28                            <\/div>\n                                                                <\/div>\n                                    <div class=\"col-12 col-lg-3 pb-4\">\n                                            <div class=\"noticias-widget-wrap\" style=\"height: 300px; overflow: hidden;\">\n                            <a title=\"\" href=\"https:\/\/www.ufsm.br\/comunicacao\/2026\/01\/29\/role-nos-cursos\">\n                                <span class=\"visually-hidden\">\n                                    Rol\u00ea nos Cursos                                <\/span>\n                                <div class=\"noticias-widget-thumbs h-100\">\n                                    <img decoding=\"async\" class=\"object-fit-cover h-100 w-100\" alt=\"\" srcset=\"https:\/\/www.ufsm.br\/app\/uploads\/sites\/845\/2026\/01\/laranja-azul-300x300.png 300w, https:\/\/www.ufsm.br\/app\/uploads\/sites\/845\/2026\/01\/laranja-azul-1024x1024.png 1024w, https:\/\/www.ufsm.br\/app\/uploads\/sites\/845\/2026\/01\/laranja-azul-150x150.png 150w, https:\/\/www.ufsm.br\/app\/uploads\/sites\/845\/2026\/01\/laranja-azul-768x768.png 768w, https:\/\/www.ufsm.br\/app\/uploads\/sites\/845\/2026\/01\/laranja-azul.png 1080w\" src=\"https:\/\/www.ufsm.br\/app\/uploads\/sites\/845\/2026\/01\/laranja-azul-1024x1024.png\"><\/img>\n                                <\/div>\n                            <\/a>\n                        <\/div>\n                                        \n                                        \n                    \n                    <a class=\"noticias-widget-title d-block  m-0 \"  title=\"Rol\u00ea nos Cursos\" href=\"https:\/\/www.ufsm.br\/comunicacao\/2026\/01\/29\/role-nos-cursos\">\n                                                Rol\u00ea nos Cursos                    <\/a>\n                    \n                    \n                                        \n                                        \n                                            \n                                                    <div title=\"Modificado em 29\/01\/2026 - 11:15\" class=\"data-publicacao-widget\">\n                                <i  class=\"fas fa-pencil-square-o\"><\/i>\n                                29\/01\/2026 - 11:15                            <\/div>\n                                                                <\/div>\n                                    <div class=\"col-12 col-lg-3 pb-4\">\n                                            <div class=\"noticias-widget-wrap\" style=\"height: 300px; overflow: hidden;\">\n                            <a title=\"\" href=\"https:\/\/www.ufsm.br\/comunicacao\/2026\/01\/29\/ingresso-na-ufsm\">\n                                <span class=\"visually-hidden\">\n                                    Ingresso na UFSM                                <\/span>\n                                <div class=\"noticias-widget-thumbs h-100\">\n                                    <img decoding=\"async\" class=\"object-fit-cover h-100 w-100\" alt=\"\" srcset=\"https:\/\/www.ufsm.br\/app\/uploads\/sites\/845\/2026\/01\/Banner-Site-01-e1769695049914-300x300.jpg 300w, https:\/\/www.ufsm.br\/app\/uploads\/sites\/845\/2026\/01\/Banner-Site-01-e1769695049914-150x150.jpg 150w, https:\/\/www.ufsm.br\/app\/uploads\/sites\/845\/2026\/01\/Banner-Site-01-e1769695049914.jpg 360w\" src=\"https:\/\/www.ufsm.br\/app\/uploads\/sites\/845\/2026\/01\/Banner-Site-01-1024x246.jpg\"><\/img>\n                                <\/div>\n                            <\/a>\n                        <\/div>\n                                        \n                                        \n                    \n                    <a class=\"noticias-widget-title d-block  m-0 \"  title=\"Ingresso na UFSM\" href=\"https:\/\/www.ufsm.br\/comunicacao\/2026\/01\/29\/ingresso-na-ufsm\">\n                                                Ingresso na UFSM                    <\/a>\n                    \n                    \n                                        \n                                        \n                                            \n                                                    <div title=\"Modificado em 29\/01\/2026 - 10:58\" class=\"data-publicacao-widget\">\n                                <i  class=\"fas fa-pencil-square-o\"><\/i>\n                                29\/01\/2026 - 10:58                            <\/div>\n                                                                <\/div>\n                                    <div class=\"col-12 col-lg-3 pb-4\">\n                                            <div class=\"noticias-widget-wrap\" style=\"height: 300px; overflow: hidden;\">\n                            <a title=\"\" href=\"https:\/\/www.ufsm.br\/comunicacao\/2026\/01\/29\/avaliacao-geral-istitucional\">\n                                <span class=\"visually-hidden\">\n                                    Avalia\u00e7\u00e3o Geral Istitucional                                <\/span>\n                                <div class=\"noticias-widget-thumbs h-100\">\n                                    <img decoding=\"async\" class=\"object-fit-cover h-100 w-100\" alt=\"\" srcset=\"https:\/\/www.ufsm.br\/app\/uploads\/sites\/845\/2026\/01\/Card-e1769694510597-300x300.jpg 300w, https:\/\/www.ufsm.br\/app\/uploads\/sites\/845\/2026\/01\/Card-e1769694510597-1024x1024.jpg 1024w, https:\/\/www.ufsm.br\/app\/uploads\/sites\/845\/2026\/01\/Card-e1769694510597-150x150.jpg 150w, https:\/\/www.ufsm.br\/app\/uploads\/sites\/845\/2026\/01\/Card-e1769694510597-768x768.jpg 768w, https:\/\/www.ufsm.br\/app\/uploads\/sites\/845\/2026\/01\/Card-e1769694510597.jpg 1080w\" src=\"https:\/\/www.ufsm.br\/app\/uploads\/sites\/845\/2026\/01\/Card-e1769694510597-1024x1024.jpg\"><\/img>\n                                <\/div>\n                            <\/a>\n                        <\/div>\n                                        \n                                        \n                    \n                    <a class=\"noticias-widget-title d-block  m-0 \"  title=\"Avalia\u00e7\u00e3o Geral Istitucional\" href=\"https:\/\/www.ufsm.br\/comunicacao\/2026\/01\/29\/avaliacao-geral-istitucional\">\n                                                Avalia\u00e7\u00e3o Geral Istitucional                    <\/a>\n                    \n                    \n                                        \n                                        \n                                            \n                                                    <div title=\"Modificado em 29\/01\/2026 - 10:49\" class=\"data-publicacao-widget\">\n                                <i  class=\"fas fa-pencil-square-o\"><\/i>\n                                29\/01\/2026 - 10:49                            <\/div>\n                                                                <\/div>\n                            <\/div>\n                    <div class=\"row\">\n                                    <div class=\"col-12 col-lg-3 pb-4\">\n                                            <div class=\"noticias-widget-wrap\" style=\"height: 300px; overflow: hidden;\">\n                            <a title=\"\" href=\"https:\/\/www.ufsm.br\/comunicacao\/2026\/01\/29\/avaliacao-ensino-aprendizagem\">\n                                <span class=\"visually-hidden\">\n                                    Avalia\u00e7\u00e3o Ensino-Aprendizagem                                <\/span>\n                                <div class=\"noticias-widget-thumbs h-100\">\n                                    <img decoding=\"async\" class=\"object-fit-cover h-100 w-100\" alt=\"\" srcset=\"https:\/\/www.ufsm.br\/app\/uploads\/sites\/845\/2026\/01\/EA-2-25-Card-225x300.jpg 225w, https:\/\/www.ufsm.br\/app\/uploads\/sites\/845\/2026\/01\/EA-2-25-Card-768x1024.jpg 768w, https:\/\/www.ufsm.br\/app\/uploads\/sites\/845\/2026\/01\/EA-2-25-Card.jpg 1080w\" src=\"https:\/\/www.ufsm.br\/app\/uploads\/sites\/845\/2026\/01\/EA-2-25-Card-768x1024.jpg\"><\/img>\n                                <\/div>\n                            <\/a>\n                        <\/div>\n                                        \n                                        \n                    \n                    <a class=\"noticias-widget-title d-block  m-0 \"  title=\"Avalia\u00e7\u00e3o Ensino-Aprendizagem\" href=\"https:\/\/www.ufsm.br\/comunicacao\/2026\/01\/29\/avaliacao-ensino-aprendizagem\">\n                                                Avalia\u00e7\u00e3o Ensino-Aprendizagem                    <\/a>\n                    \n                    \n                                        \n                                        \n                                            \n                                                    <div title=\"Modificado em 29\/01\/2026 - 10:42\" class=\"data-publicacao-widget\">\n                                <i  class=\"fas fa-pencil-square-o\"><\/i>\n                                29\/01\/2026 - 10:42                            <\/div>\n                                                                <\/div>\n                                    <div class=\"col-12 col-lg-3 pb-4\">\n                                            <div class=\"noticias-widget-wrap\" style=\"height: 300px; overflow: hidden;\">\n                            <a title=\"\" href=\"https:\/\/www.ufsm.br\/comunicacao\/2023\/09\/13\/nossa-ufsm\">\n                                <span class=\"visually-hidden\">\n                                    Nossa UFSM\u200b                                <\/span>\n                                <div class=\"noticias-widget-thumbs h-100\">\n                                    <img decoding=\"async\" class=\"object-fit-cover h-100 w-100\" alt=\"\" srcset=\"https:\/\/www.ufsm.br\/app\/uploads\/sites\/845\/2023\/09\/EP-1-STORY-NU--169x300.jpg 169w, https:\/\/www.ufsm.br\/app\/uploads\/sites\/845\/2023\/09\/EP-1-STORY-NU--576x1024.jpg 576w, https:\/\/www.ufsm.br\/app\/uploads\/sites\/845\/2023\/09\/EP-1-STORY-NU--768x1365.jpg 768w, https:\/\/www.ufsm.br\/app\/uploads\/sites\/845\/2023\/09\/EP-1-STORY-NU--864x1536.jpg 864w, https:\/\/www.ufsm.br\/app\/uploads\/sites\/845\/2023\/09\/EP-1-STORY-NU-.jpg 1080w\" src=\"https:\/\/www.ufsm.br\/app\/uploads\/sites\/845\/2023\/09\/EP-1-STORY-NU--576x1024.jpg\"><\/img>\n                                <\/div>\n                            <\/a>\n                        <\/div>\n                                        \n                                        \n                    \n                    <a class=\"noticias-widget-title d-block  m-0 \"  title=\"Nossa UFSM\u200b\" href=\"https:\/\/www.ufsm.br\/comunicacao\/2023\/09\/13\/nossa-ufsm\">\n                                                Nossa UFSM\u200b                    <\/a>\n                    \n                    \n                                        \n                                        \n                                            \n                                                    <div title=\"Modificado em 29\/01\/2026 - 10:36\" class=\"data-publicacao-widget\">\n                                <i  class=\"fas fa-pencil-square-o\"><\/i>\n                                29\/01\/2026 - 10:36                            <\/div>\n                                                                <\/div>\n                                    <div class=\"col-12 col-lg-3 pb-4\">\n                                            <div class=\"noticias-widget-wrap\" style=\"height: 300px; overflow: hidden;\">\n                            <a title=\"\" href=\"https:\/\/www.ufsm.br\/comunicacao\/2023\/09\/13\/ufsm-sem\">\n                                <span class=\"visually-hidden\">\n                                    UFSM Sem\u200b                                <\/span>\n                                <div class=\"noticias-widget-thumbs h-100\">\n                                    <img decoding=\"async\" class=\"object-fit-cover h-100 w-100\" alt=\"\" srcset=\"https:\/\/www.ufsm.br\/app\/uploads\/sites\/845\/2023\/09\/US-carrossel-apresentacao-06-240x300.jpg 240w, https:\/\/www.ufsm.br\/app\/uploads\/sites\/845\/2023\/09\/US-carrossel-apresentacao-06-820x1024.jpg 820w, https:\/\/www.ufsm.br\/app\/uploads\/sites\/845\/2023\/09\/US-carrossel-apresentacao-06-768x959.jpg 768w, https:\/\/www.ufsm.br\/app\/uploads\/sites\/845\/2023\/09\/US-carrossel-apresentacao-06.jpg 1081w\" src=\"https:\/\/www.ufsm.br\/app\/uploads\/sites\/845\/2023\/09\/US-carrossel-apresentacao-06-820x1024.jpg\"><\/img>\n                                <\/div>\n                            <\/a>\n                        <\/div>\n                                        \n                                        \n                    \n                    <a class=\"noticias-widget-title d-block  m-0 \"  title=\"UFSM Sem\u200b\" href=\"https:\/\/www.ufsm.br\/comunicacao\/2023\/09\/13\/ufsm-sem\">\n                                                UFSM Sem\u200b                    <\/a>\n                    \n                    \n                                        \n                                        \n                                            \n                                                    <div title=\"Modificado em 29\/01\/2026 - 10:27\" class=\"data-publicacao-widget\">\n                                <i  class=\"fas fa-pencil-square-o\"><\/i>\n                                29\/01\/2026 - 10:27                            <\/div>\n                                                                <\/div>\n                                    <div class=\"col-12 col-lg-3 pb-4\">\n                                            <div class=\"noticias-widget-wrap\" style=\"height: 300px; overflow: hidden;\">\n                            <a title=\"\" href=\"https:\/\/www.ufsm.br\/comunicacao\/2026\/01\/29\/40a-jornada-academica-integrada-jai\">\n                                <span class=\"visually-hidden\">\n                                    40\u00aa Jornada Acad\u00eamica Integrada &#8211; JAI\u200b                                <\/span>\n                                <div class=\"noticias-widget-thumbs h-100\">\n                                    <img decoding=\"async\" class=\"object-fit-cover h-100 w-100\" alt=\"\" srcset=\"https:\/\/www.ufsm.br\/app\/uploads\/sites\/845\/2023\/09\/JAI-cartaz-40a-JI-212x300.jpg 212w, https:\/\/www.ufsm.br\/app\/uploads\/sites\/845\/2023\/09\/JAI-cartaz-40a-JI-724x1024.jpg 724w, https:\/\/www.ufsm.br\/app\/uploads\/sites\/845\/2023\/09\/JAI-cartaz-40a-JI-768x1086.jpg 768w, https:\/\/www.ufsm.br\/app\/uploads\/sites\/845\/2023\/09\/JAI-cartaz-40a-JI-1086x1536.jpg 1086w, https:\/\/www.ufsm.br\/app\/uploads\/sites\/845\/2023\/09\/JAI-cartaz-40a-JI-1448x2048.jpg 1448w, https:\/\/www.ufsm.br\/app\/uploads\/sites\/845\/2023\/09\/JAI-cartaz-40a-JI-scaled.jpg 1810w\" src=\"https:\/\/www.ufsm.br\/app\/uploads\/sites\/845\/2023\/09\/JAI-cartaz-40a-JI-724x1024.jpg\"><\/img>\n                                <\/div>\n                            <\/a>\n                        <\/div>\n                                        \n                                        \n                    \n                    <a class=\"noticias-widget-title d-block  m-0 \"  title=\"40\u00aa Jornada Acad\u00eamica Integrada &#8211; JAI\u200b\" href=\"https:\/\/www.ufsm.br\/comunicacao\/2026\/01\/29\/40a-jornada-academica-integrada-jai\">\n                                                40\u00aa Jornada Acad\u00eamica Integrada &#8211; JAI\u200b                    <\/a>\n                    \n                    \n                                        \n                                        \n                                            \n                                                    <div title=\"Modificado em 29\/01\/2026 - 10:24\" class=\"data-publicacao-widget\">\n                                <i  class=\"fas fa-pencil-square-o\"><\/i>\n                                29\/01\/2026 - 10:24                            <\/div>\n                                                                <\/div>\n                            <\/div>\n            <\/div>\n<div class=\"leia-mais p-1\">\n                <a href=\"https:\/\/www.ufsm.br\/comunicacao\/busca\/?q=&area=post&orderby=modified&sites%5B%5D=845\">\n            Mais campanhas            <span class=\"icon-box\">\n                <span class=\"bg-ufsm-widget-icon\">\n                    <i class=\"fas fa-chevron-right\" aria-hidden=\"true\"><\/i>\n                <\/span>\n            <\/span>\n        <\/a>\n    <\/div>\n\t\t<\/div>\n\t\t\t\t<\/div>\n\t\t\t\t\t<\/div>\n\t\t<\/div>\n\t\t\t\t\t<\/div>\n\t\t<\/section>\n\t\t\t\t<\/div>\n\t\t","protected":false},"excerpt":{"rendered":"<p>Campanhas institucionais Solicitar campanha institucional A Unicom \u2013 \u00f3rg\u00e3o de apoio institucional, vinculado e subordinado \u00e0 Coordenadoria de Planejamento Informacional da Pr\u00f3-Reitoria de Planejamento \u2013 tem por objetivo articular e acompanhar a execu\u00e7\u00e3o do Planejamento Estrat\u00e9gico de Comunica\u00e7\u00e3o, de forma articulada ao ecossistema de Comunica\u00e7\u00e3o da UFSM e de modo a alinhar \u00e0 comunica\u00e7\u00e3o institucional, [&hellip;]<\/p>\n","protected":false},"author":89,"featured_media":0,"parent":0,"menu_order":0,"comment_status":"closed","ping_status":"closed","template":"","meta":{"footnotes":""},"categories":[],"tags":[],"class_list":["post-34","page","type-page","status-publish","hentry"],"acf":[],"_links":{"self":[{"href":"https:\/\/www.ufsm.br\/comunicacao\/wp-json\/wp\/v2\/pages\/34","targetHints":{"allow":["GET"]}}],"collection":[{"href":"https:\/\/www.ufsm.br\/comunicacao\/wp-json\/wp\/v2\/pages"}],"about":[{"href":"https:\/\/www.ufsm.br\/comunicacao\/wp-json\/wp\/v2\/types\/page"}],"author":[{"embeddable":true,"href":"https:\/\/www.ufsm.br\/comunicacao\/wp-json\/wp\/v2\/users\/89"}],"replies":[{"embeddable":true,"href":"https:\/\/www.ufsm.br\/comunicacao\/wp-json\/wp\/v2\/comments?post=34"}],"version-history":[{"count":0,"href":"https:\/\/www.ufsm.br\/comunicacao\/wp-json\/wp\/v2\/pages\/34\/revisions"}],"wp:attachment":[{"href":"https:\/\/www.ufsm.br\/comunicacao\/wp-json\/wp\/v2\/media?parent=34"}],"wp:term":[{"taxonomy":"category","embeddable":true,"href":"https:\/\/www.ufsm.br\/comunicacao\/wp-json\/wp\/v2\/categories?post=34"},{"taxonomy":"post_tag","embeddable":true,"href":"https:\/\/www.ufsm.br\/comunicacao\/wp-json\/wp\/v2\/tags?post=34"}],"curies":[{"name":"wp","href":"https:\/\/api.w.org\/{rel}","templated":true}]}}