{"id":165,"date":"2020-04-14T17:39:00","date_gmt":"2020-04-14T20:39:00","guid":{"rendered":"https:\/\/www.ufsm.br\/covid-19\/?page_id=165"},"modified":"2021-04-22T10:57:50","modified_gmt":"2021-04-22T13:57:50","slug":"perguntas-frequentes","status":"publish","type":"page","link":"https:\/\/www.ufsm.br\/coronavirus\/perguntas-frequentes","title":{"rendered":"Perguntas Frequentes"},"content":{"rendered":"\t\t<div data-elementor-type=\"wp-page\" data-elementor-id=\"165\" class=\"elementor elementor-165\">\n\t\t\t\t\t\t<section class=\"elementor-section elementor-top-section elementor-element elementor-element-386257e elementor-section-boxed elementor-section-height-default elementor-section-height-default\" data-id=\"386257e\" data-element_type=\"section\">\n\t\t\t\t\t\t<div class=\"elementor-container elementor-column-gap-default\">\n\t\t\t\t\t<div class=\"elementor-column elementor-col-100 elementor-top-column elementor-element elementor-element-dd9cced\" data-id=\"dd9cced\" data-element_type=\"column\">\n\t\t\t<div class=\"elementor-widget-wrap elementor-element-populated\">\n\t\t\t\t\t\t<div class=\"elementor-element elementor-element-42aa259 elementor-widget elementor-widget-heading\" data-id=\"42aa259\" data-element_type=\"widget\" data-widget_type=\"heading.default\">\n\t\t\t\t<div class=\"elementor-widget-container\">\n\t\t\t<h2 class=\"elementor-heading-title elementor-size-medium\">Sobre o REDE<\/h2>\t\t<\/div>\n\t\t\t\t<\/div>\n\t\t\t\t\t<\/div>\n\t\t<\/div>\n\t\t\t\t\t<\/div>\n\t\t<\/section>\n\t\t\t\t<section class=\"elementor-section elementor-top-section elementor-element elementor-element-1776980 elementor-section-boxed elementor-section-height-default elementor-section-height-default\" data-id=\"1776980\" data-element_type=\"section\">\n\t\t\t\t\t\t<div class=\"elementor-container elementor-column-gap-default\">\n\t\t\t\t\t<div class=\"elementor-column elementor-col-100 elementor-top-column elementor-element elementor-element-016dc2a\" data-id=\"016dc2a\" data-element_type=\"column\">\n\t\t\t<div class=\"elementor-widget-wrap elementor-element-populated\">\n\t\t\t\t\t\t<div class=\"elementor-element elementor-element-53f2555 elementor-widget elementor-widget-toggle\" data-id=\"53f2555\" data-element_type=\"widget\" data-widget_type=\"toggle.default\">\n\t\t\t\t<div class=\"elementor-widget-container\">\n\t\t\t\t\t<div class=\"elementor-toggle\">\n\t\t\t\t\t\t\t<div class=\"elementor-toggle-item\">\n\t\t\t\t\t<div id=\"elementor-tab-title-8801\" class=\"elementor-tab-title\" data-tab=\"1\" role=\"button\" aria-controls=\"elementor-tab-content-8801\" aria-expanded=\"false\">\n\t\t\t\t\t\t\t\t\t\t\t\t<span class=\"elementor-toggle-icon elementor-toggle-icon-left\" aria-hidden=\"true\">\n\t\t\t\t\t\t\t\t\t\t\t\t\t\t\t<span class=\"elementor-toggle-icon-closed\"><i class=\"fas fa-caret-right\"><\/i><\/span>\n\t\t\t\t\t\t\t\t<span class=\"elementor-toggle-icon-opened\"><i class=\"elementor-toggle-icon-opened fas fa-caret-up\"><\/i><\/span>\n\t\t\t\t\t\t\t\t\t\t\t\t\t<\/span>\n\t\t\t\t\t\t\t\t\t\t\t\t<a class=\"elementor-toggle-title\" tabindex=\"0\">D\u00favidas sobre o 1\u00ba semestre de 2021<\/a>\n\t\t\t\t\t<\/div>\n\n\t\t\t\t\t<div id=\"elementor-tab-content-8801\" class=\"elementor-tab-content elementor-clearfix\" data-tab=\"1\" role=\"region\" aria-labelledby=\"elementor-tab-title-8801\"><p id=\"docs-internal-guid-25fd8e5e-7fff-381a-65de-ef48f54e2175\" dir=\"ltr\" style=\"line-height: 1.38;text-align: justify;margin-top: 0pt;margin-bottom: 0pt\"><b>ESTUDANTES:<\/b><br><\/p>\n<p><\/p>\n<p dir=\"ltr\" style=\"line-height: 1.38;text-align: justify;margin-top: 0pt;margin-bottom: 10pt\"><span style=\"font-size: 12pt;font-family: Arial;color: #000000;background-color: transparent;font-weight: bold;font-style: normal;font-variant: normal;text-decoration: none;vertical-align: baseline\">Alguma previs\u00e3o concreta sobre o retorno das aulas de gradua\u00e7\u00e3o presenciais no Campus?&nbsp;<\/span><\/p>\n<p dir=\"ltr\" style=\"line-height: 1.38;text-align: justify;margin-top: 0pt;margin-bottom: 10pt\"><span style=\"font-size: 12pt;font-family: Arial;color: #000000;background-color: #ffffff;font-weight: 400;font-style: normal;font-variant: normal;text-decoration: none;vertical-align: baseline\">N\u00e3o. Devemos levar em considera\u00e7\u00e3o o fato de que a vacina\u00e7\u00e3o contra a Covid-19 ainda est\u00e1 em seus primeiros passos no Brasil. O cen\u00e1rio gera preocupa\u00e7\u00f5es e a necessidade ainda mais urgente de cumprir os protocolos sanit\u00e1rios e o distanciamento social. Portanto, ainda n\u00e3o h\u00e1 condi\u00e7\u00f5es da Universidade Federal de Santa Maria retornar com as atividades presenciais.<\/span><\/p>\n<p dir=\"ltr\" style=\"line-height: 1.38;text-align: justify;margin-top: 0pt;margin-bottom: 10pt\"><span style=\"font-size: 12pt;font-family: Arial;color: #000000;background-color: #ffffff;font-weight: bold;font-style: normal;font-variant: normal;text-decoration: none;vertical-align: baseline\">Como fica a situa\u00e7\u00e3o das disciplinas pr\u00e1ticas?<\/span><\/p>\n<p dir=\"ltr\" style=\"line-height: 1.38;text-align: justify;margin-top: 0pt;margin-bottom: 10pt\"><span style=\"font-size: 12pt;font-family: Arial;color: #000000;background-color: transparent;font-weight: 400;font-style: normal;font-variant: normal;text-decoration: none;vertical-align: baseline\">Na regulamenta\u00e7\u00e3o do Regime de Ensino Remoto na UFSM existe proposta da implementa\u00e7\u00e3o de um calend\u00e1rio suplementar para a realiza\u00e7\u00e3o das disciplinas pr\u00e1ticas. Por\u00e9m, ele n\u00e3o pode ser feito via REDE, por isso este est\u00e1 sujeito ao andamento do plano nacional e ao retorno presencial das aulas no campus, mediante \u00e0 aprova\u00e7\u00e3o da Comiss\u00e3o de Biosseguran\u00e7a.&nbsp;<\/span><\/p>\n<p dir=\"ltr\" style=\"line-height: 1.38;text-align: justify;margin-top: 0pt;margin-bottom: 10pt\"><span style=\"font-size: 12pt;font-family: Arial;color: #000000;background-color: transparent;font-weight: bold;font-style: normal;font-variant: normal;text-decoration: none;vertical-align: baseline\">Existe a possibilidade de realiza\u00e7\u00e3o de atividades pr\u00e1ticas presencialmente?<\/span><\/p>\n<p dir=\"ltr\" style=\"line-height: 1.38;text-align: justify;margin-top: 0pt;margin-bottom: 10pt\"><span style=\"font-size: 12pt;font-family: Arial;color: #000000;background-color: transparent;font-weight: 400;font-style: normal;font-variant: normal;text-decoration: none;vertical-align: baseline\">Sim. A realiza\u00e7\u00e3o de atividades pr\u00e1ticas depende das Coordena\u00e7\u00f5es de cada curso, al\u00e9m da aprova\u00e7\u00e3o da Comiss\u00e3o de Biosseguran\u00e7a da Institui\u00e7\u00e3o. No entanto, nenhum estudante ser\u00e1 obrigado a retornar para a UFSM caso alguma atividade pr\u00e1tica seja realizada.<\/span><\/p>\n<p dir=\"ltr\" style=\"line-height: 1.38;margin-top: 0pt;margin-bottom: 10pt\"><span style=\"font-size: 12pt;font-family: Arial;color: #000000;background-color: transparent;font-weight: bold;font-style: normal;font-variant: normal;text-decoration: none;vertical-align: baseline\">Quem n\u00e3o conseguiu realizar as aulas pr\u00e1ticas ter\u00e1 alguma prioridade quando estas forem ofertadas?<\/span><\/p>\n<p dir=\"ltr\" style=\"line-height: 1.38;margin-top: 0pt;margin-bottom: 10pt\"><span style=\"font-size: 12pt;font-family: Arial;color: #000000;background-color: transparent;font-weight: 400;font-style: normal;font-variant: normal;text-decoration: none;vertical-align: baseline\">O estudante dever\u00e1 aguardar o plano de retorno, para que possa ser aplicado o Calend\u00e1rio Suplementar, de forma modelar e escalonada, dentro da realidade de cada curso. Ser\u00e3o priorizadas as pr\u00e1ticas dos \u00faltimos semestres, depois quem est\u00e1 na metade do curso e, por \u00faltimo, os primeiros anos.&nbsp;<\/span><\/p>\n<p dir=\"ltr\" style=\"line-height: 1.38;text-align: justify;margin-top: 0pt;margin-bottom: 10pt\"><span style=\"font-size: 12pt;font-family: Arial;color: #000000;background-color: transparent;font-weight: bold;font-style: normal;font-variant: normal;text-decoration: none;vertical-align: baseline\">O que \u00e9 o Calend\u00e1rio Suplementar?<\/span><\/p>\n<p dir=\"ltr\" style=\"line-height: 1.38;text-align: justify;margin-top: 0pt;margin-bottom: 10pt\"><span style=\"font-size: 12pt;font-family: Arial;color: #000000;background-color: transparent;font-weight: 400;font-style: normal;font-variant: normal;text-decoration: none;vertical-align: baseline\">\u00c9 um calend\u00e1rio que deve ocorrer em at\u00e9 15 semanas para a recupera\u00e7\u00e3o das disciplinas pr\u00e1ticas. Ele ser\u00e1 realizado quando a universidade voltar \u00e0 presencialidade.<\/span><\/p>\n<p dir=\"ltr\" style=\"line-height: 1.38;margin-top: 0pt;margin-bottom: 10pt\"><span style=\"font-size: 12pt;font-family: Arial;color: #000000;background-color: #ffffff;font-weight: bold;font-style: normal;font-variant: normal;text-decoration: none;vertical-align: baseline\">Qual \u00e9 o percentual m\u00ednimo de alunos vacinados para voltarmos \u00e0s aulas presenciais?&nbsp;<\/span><\/p>\n<p dir=\"ltr\" style=\"line-height: 1.38;background-color: #ffffff;margin-top: 0pt;margin-bottom: 0pt;padding: 0pt 0pt 12pt 0pt\"><span style=\"font-size: 12pt;font-family: Arial;color: #000000;background-color: transparent;font-weight: 400;font-style: normal;font-variant: normal;text-decoration: none;vertical-align: baseline\">De acordo com o professor Alexandre Schwarzbold, que tamb\u00e9m est\u00e1 \u00e0 frente dos trabalhos de testes da vacina de Oxford em Santa Maria, os especialistas estimam que, no caso espec\u00edfico da Covid-19, cerca de 70% da popula\u00e7\u00e3o de uma regi\u00e3o precisa estar vacinada para se atingir a chamada imunidade de rebanho. Por\u00e9m, a vacina\u00e7\u00e3o est\u00e1 apenas em sua fase inicial e seguir\u00e1 o Plano Nacional de Vacina\u00e7\u00e3o. De acordo com Schwarzbold, esta porcentagem n\u00e3o seria atingida na regi\u00e3o antes do segundo semestre de 2021.<\/span><\/p>\n<p dir=\"ltr\" style=\"line-height: 1.38;text-align: justify;margin-top: 0pt;margin-bottom: 10pt\"><span style=\"font-size: 12pt;font-family: Arial;color: #000000;background-color: transparent;font-weight: bold;font-style: normal;font-variant: normal;text-decoration: none;vertical-align: baseline\">O que fazer quando um professor se recusa a aderir ao REDE ou n\u00e3o segue as recomenda\u00e7\u00f5es de avalia\u00e7\u00f5es e contabiliza\u00e7\u00e3o de presen\u00e7as indicadas pela universidade?&nbsp;<\/span><\/p>\n<p dir=\"ltr\" style=\"line-height: 1.38;text-align: justify;margin-top: 0pt;margin-bottom: 10pt\"><span style=\"font-size: 12pt;font-family: Arial;color: #000000;background-color: transparent;font-weight: 400;font-style: normal;font-variant: normal;text-decoration: none;vertical-align: baseline\">Quem gerencia a situa\u00e7\u00e3o \u00e9 o pr\u00f3prio Departamento. A Coordena\u00e7\u00e3o do Curso&nbsp; recebe a reclama\u00e7\u00e3o e entra em contato com o Departamento, para que tomem as medidas necess\u00e1rias.<\/span><\/p>\n<p dir=\"ltr\" style=\"line-height: 1.38;text-align: justify;margin-top: 0pt;margin-bottom: 10pt\"><span style=\"font-size: 12pt;font-family: Arial;color: #000000;background-color: transparent;font-weight: bold;font-style: normal;font-variant: normal;text-decoration: none;vertical-align: baseline\">Haver\u00e1 a possibilidade de se inscrever em disciplinas de outros campi, como ocorreu no \u00faltimo semestre?<\/span><\/p>\n<p dir=\"ltr\" style=\"line-height: 1.38;text-align: justify;margin-top: 0pt;margin-bottom: 10pt\"><span style=\"font-size: 12pt;font-family: Arial;color: #000000;background-color: transparent;font-weight: 400;font-style: normal;font-variant: normal;text-decoration: none;vertical-align: baseline\">Sim, desde que exista a permiss\u00e3o da Coordena\u00e7\u00e3o do Curso de origem e de destino.<\/span><span style=\"font-size: 12pt;font-family: Arial;color: #000000;background-color: transparent;font-weight: bold;font-style: normal;font-variant: normal;text-decoration: none;vertical-align: baseline\">&nbsp;<\/span><\/p>\n<p dir=\"ltr\" style=\"line-height: 1.38;text-align: justify;margin-top: 0pt;margin-bottom: 10pt\"><span style=\"font-size: 12pt;font-family: Arial;color: #000000;background-color: transparent;font-weight: bold;font-style: normal;font-variant: normal;text-decoration: none;vertical-align: baseline\">Existe a possibilidade de um calend\u00e1rio h\u00edbrido, com pr\u00e1ticas presenciais e te\u00f3ricas via REDE?&nbsp;<\/span><\/p>\n<p dir=\"ltr\" style=\"line-height: 1.38;text-align: justify;margin-top: 0pt;margin-bottom: 10pt\"><span style=\"font-size: 12pt;font-family: Arial;color: #000000;background-color: transparent;font-weight: 400;font-style: normal;font-variant: normal;text-decoration: none;vertical-align: baseline\">Sim, inclusive este \u00e9 um cen\u00e1rio bem prov\u00e1vel.<\/span><\/p>\n<p dir=\"ltr\" style=\"line-height: 1.38;text-align: justify;margin-top: 0pt;margin-bottom: 10pt\"><span style=\"font-size: 12pt;font-family: Arial;color: #000000;background-color: transparent;font-weight: bold;font-style: normal;font-variant: normal;text-decoration: none;vertical-align: baseline\">Disciplinas incompletas de outros semestres podem ser refeitas?<\/span><\/p>\n<p dir=\"ltr\" style=\"line-height: 1.38;text-align: justify;margin-top: 0pt;margin-bottom: 10pt\"><span style=\"font-size: 12pt;font-family: Arial;color: #000000;background-color: transparent;font-weight: 400;font-style: normal;font-variant: normal;text-decoration: none;vertical-align: baseline\">Sim, sem preju\u00edzo. Situa\u00e7\u00f5es incompletas ser\u00e3o exclu\u00eddas posteriormente do curr\u00edculo.<\/span><\/p>\n<p dir=\"ltr\" style=\"line-height: 1.38;margin-top: 0pt;margin-bottom: 10pt\"><span style=\"font-size: 12pt;font-family: Arial;color: #000000;background-color: #ffffff;font-weight: bold;font-style: normal;font-variant: normal;text-decoration: none;vertical-align: baseline\">Como ficaria o retorno presencial dos campi fora de sede, considerando que a realidade deles \u00e9 um pouco diferente?<\/span><span style=\"font-size: 12pt;font-family: Arial;color: #000000;background-color: #cfe2f3;font-weight: bold;font-style: normal;font-variant: normal;text-decoration: none;vertical-align: baseline\">&nbsp;<\/span><\/p>\n<p dir=\"ltr\" style=\"line-height: 1.38;margin-top: 0pt;margin-bottom: 10pt\"><span style=\"font-size: 12pt;font-family: Arial;color: #000000;background-color: transparent;font-weight: 400;font-style: normal;font-variant: normal;text-decoration: none;vertical-align: baseline\">O retorno presencial de qualquer campi s\u00f3 pode ser feito atrav\u00e9s de um Plano de Retorno. E esse retorno sempre ter\u00e1 que ser modular e escalonado, dentro de um calend\u00e1rio suplementar, com aulas te\u00f3ricas via REDE e pr\u00e1ticas presenciais.<\/span><\/p>\n<p dir=\"ltr\" style=\"line-height: 1.38;text-align: justify;margin-top: 0pt;margin-bottom: 10pt\"><span style=\"font-size: 12pt;font-family: Arial;color: #000000;background-color: #ffffff;font-weight: bold;font-style: normal;font-variant: normal;text-decoration: none;vertical-align: baseline\">Alunos de Cursos EAD NTE seguir\u00e3o o mesmo calend\u00e1rio?<\/span><\/p>\n<p dir=\"ltr\" style=\"line-height: 1.38;text-align: justify;margin-top: 0pt;margin-bottom: 10pt\"><span style=\"font-size: 12pt;font-family: Arial;color: #000000;background-color: #ffffff;font-weight: 400;font-style: normal;font-variant: normal;text-decoration: none;vertical-align: baseline\">Sim, neste semestre n\u00e3o foram feitas distin\u00e7\u00f5es entre os calend\u00e1rios, todos seguir\u00e3o o mesmo.<\/span><\/p>\n<p dir=\"ltr\" style=\"line-height: 1.38;text-align: justify;margin-top: 0pt;margin-bottom: 10pt\"><span style=\"font-size: 12pt;font-family: Arial;color: #000000;background-color: #ffffff;font-weight: 400;font-style: normal;font-variant: normal;text-decoration: none;vertical-align: baseline\"><br><\/span><\/p>\n<p dir=\"ltr\" style=\"line-height: 1.38;text-align: justify;margin-top: 0pt;margin-bottom: 10pt\"><b>ESTUDANTES COM CASOS ESPEC\u00cdFICOS:<\/b><br><\/p>\n<p dir=\"ltr\" style=\"line-height: 1.38;text-align: justify;margin-top: 0pt;margin-bottom: 10pt\"><span style=\"font-size: 12pt;font-family: Arial;color: #000000;background-color: transparent;font-weight: bold;font-style: normal;font-variant: normal;text-decoration: none;vertical-align: baseline\">Como fica a situa\u00e7\u00e3o dos formandos que est\u00e3o com disciplinas pr\u00e1ticas pendentes?<\/span><\/p>\n<p dir=\"ltr\" style=\"line-height: 1.38;text-align: justify;margin-top: 0pt;margin-bottom: 10pt\"><span style=\"font-size: 12pt;font-family: Arial;color: #000000;background-color: #ffffff;font-weight: 400;font-style: normal;font-variant: normal;text-decoration: none;vertical-align: baseline\">A orienta\u00e7\u00e3o \u00e9 de que procurem a coordena\u00e7\u00e3o de seus cursos. Cada caso ser\u00e1 avaliado individualmente, cabendo \u00e0s Coordena\u00e7\u00f5es darem as orienta\u00e7\u00f5es mais adequadas a cada situa\u00e7\u00e3o.&nbsp;<\/span><\/p>\n<p dir=\"ltr\" style=\"line-height: 1.38;text-align: justify;margin-top: 0pt;margin-bottom: 10pt\"><span style=\"font-size: 12pt;font-family: Arial;color: #000000;background-color: transparent;font-weight: bold;font-style: normal;font-variant: normal;text-decoration: none;vertical-align: baseline\">Como fica a situa\u00e7\u00e3o dos est\u00e1gios?&nbsp;<\/span><\/p>\n<p dir=\"ltr\" style=\"line-height: 1.38;text-align: justify;margin-top: 0pt;margin-bottom: 10pt\"><span style=\"font-size: 12pt;font-family: Arial;color: #000000;background-color: transparent;font-weight: 400;font-style: normal;font-variant: normal;text-decoration: none;vertical-align: baseline\">Continua a mesma que j\u00e1 vem sendo aplicada pela <\/span><b><a href=\"https:\/\/www.ufsm.br\/pro-reitorias\/proplan\/resolucao-n-024-2020\/\" target=\"_blank\">Resolu\u00e7\u00e3o 024\/20<\/a><\/b><span style=\"font-size: 12pt;font-family: Arial;color: #000000;background-color: transparent;font-weight: 400;font-style: normal;font-variant: normal;text-decoration: none;vertical-align: baseline\">. Para os est\u00e1gios executados fora da UFSM, o aluno assina um termo de ades\u00e3o que tamb\u00e9m \u00e9 assinado pela Coordena\u00e7\u00e3o do Curso, por\u00e9m depende do Projeto Pedag\u00f3gico de Curso (PPC) de cada um.<\/span><\/p>\n<p dir=\"ltr\" style=\"line-height: 1.38;text-align: justify;margin-top: 0pt;margin-bottom: 10pt\"><span style=\"font-size: 12pt;font-family: Arial;color: #000000;background-color: transparent;font-weight: bold;font-style: normal;font-variant: normal;text-decoration: none;vertical-align: baseline\">Como ficar\u00e3o os internatos e atividades pr\u00e1ticas no HUSM?&nbsp;<\/span><\/p>\n<p dir=\"ltr\" style=\"line-height: 1.38;text-align: justify;margin-top: 0pt;margin-bottom: 10pt\"><span style=\"font-size: 12pt;font-family: Arial;color: #000000;background-color: transparent;font-weight: 400;font-style: normal;font-variant: normal;text-decoration: none;vertical-align: baseline\">N\u00e3o haver\u00e1 problema nos est\u00e1gios. A capacidade do HUSM para atender os alunos est\u00e1 sempre sendo monitorada e, at\u00e9 o momento, funciona normalmente.<\/span><\/p>\n<p dir=\"ltr\" style=\"line-height: 1.38;text-align: justify;margin-top: 0pt;margin-bottom: 10pt\"><span style=\"font-size: 12pt;font-family: Arial;color: #000000;background-color: transparent;font-weight: bold;font-style: normal;font-variant: normal;text-decoration: none;vertical-align: baseline\">J\u00e1 tem previs\u00e3o de data para o edital de transfer\u00eancia interna e per\u00edodo de matr\u00edculas\/rematr\u00edculas para 2021?<\/span><\/p>\n<p dir=\"ltr\" style=\"line-height: 1.38;text-align: justify;margin-top: 0pt;margin-bottom: 10pt\"><span style=\"font-size: 12pt;font-family: Arial;color: #000000;background-color: transparent;font-weight: 400;font-style: normal;font-variant: normal;text-decoration: none;vertical-align: baseline\">Sim, o edital de Ingresso e Reingresso est\u00e1 previsto para ser lan\u00e7ado em 27\/02, conforme o Calend\u00e1rio Acad\u00eamico.&nbsp;<\/span><\/p>\n<p dir=\"ltr\" style=\"line-height: 1.38;margin-top: 0pt;margin-bottom: 10pt\"><span style=\"font-size: 12pt;font-family: Arial;color: #000000;background-color: transparent;font-weight: bold;font-style: normal;font-variant: normal;text-decoration: none;vertical-align: baseline\">Como fica o calend\u00e1rio de defesas de teses e disserta\u00e7\u00f5es? As defesas podem ser prorrogadas?<\/span><\/p>\n<p dir=\"ltr\" style=\"line-height: 1.38;margin-top: 0pt;margin-bottom: 10pt\"><span style=\"font-size: 12pt;font-family: Arial;color: #000000;background-color: transparent;font-weight: 400;font-style: normal;font-variant: normal;text-decoration: none;vertical-align: baseline\">De acordo com a <b><a href=\"https:\/\/www.ufsm.br\/pro-reitorias\/proplan\/resolucao-n-024-2020\/\" target=\"_blank\">Resolu\u00e7\u00e3o do REDE<\/a><\/b>, Art. 13: Ficam prorrogados, enquanto vigorar o REDE, os prazos de qualifica\u00e7\u00e3o e defesa de disserta\u00e7\u00f5es e teses previstos no Regimento Geral da P\u00f3s-Gradua\u00e7\u00e3o. Ou seja, os prazos est\u00e3o prorrogados enquanto a UFSM estiver em regime remoto.<\/span><\/p>\n<p dir=\"ltr\" style=\"line-height: 1.38;margin-top: 0pt;margin-bottom: 10pt\"><span style=\"font-size: 12pt;font-family: Arial;color: #000000;background-color: transparent;font-weight: 400;font-style: normal;font-variant: normal;text-decoration: none;vertical-align: baseline\"><br><\/span><\/p>\n<p><\/p>\n<p dir=\"ltr\" style=\"line-height: 1.38;margin-top: 0pt;margin-bottom: 10pt\"><b>SOBRE A CASA DO ESTUDANTE (CEU) E BENEF\u00cdCIO SOCIOECON\u00d4MICO (BSE):<\/b><br><\/p>\n<p dir=\"ltr\" style=\"line-height: 1.38;margin-top: 0pt;margin-bottom: 10pt\"><span style=\"font-size: 13pt;font-family: Arial;color: #000000;background-color: transparent;font-weight: bold;font-style: normal;font-variant: normal;text-decoration: none;vertical-align: baseline\">Quando os moradores da Casa do Estudante Universit\u00e1rio podem voltar?&nbsp;<\/span><\/p>\n<p dir=\"ltr\" style=\"line-height: 1.38;background-color: #ffffff;margin-top: 0pt;margin-bottom: 0pt;padding: 0pt 0pt 12pt 0pt\"><span style=\"font-size: 12pt;font-family: Arial;color: #000000;background-color: transparent;font-weight: 400;font-style: normal;font-variant: normal;text-decoration: none;vertical-align: baseline\">O retorno \u00e0 Casa do Estudante continua suspenso na UFSM, durante este cen\u00e1rio pand\u00eamico. Somente casos excepcionais ser\u00e3o analisados, como estudantes em situa\u00e7\u00e3o de vulnerabilidade social.<\/span><\/p>\n<p dir=\"ltr\" style=\"line-height: 1.38;margin-top: 0pt;margin-bottom: 10pt\"><span style=\"font-size: 12pt;font-family: Arial;color: #000000;background-color: transparent;font-weight: bold;font-style: normal;font-variant: normal;text-decoration: none;vertical-align: baseline\">Trancar as cadeiras pelo REDE leva \u00e0 perda do BSE?<\/span><\/p>\n<p dir=\"ltr\" style=\"line-height: 1.38;margin-top: 0pt;margin-bottom: 10pt\"><span style=\"font-size: 12pt;font-family: Arial;color: #000000;background-color: transparent;font-weight: 400;font-style: normal;font-variant: normal;text-decoration: none;vertical-align: baseline\">N\u00e3o. As contrapartidas do BSE est\u00e3o suspensas pela resolu\u00e7\u00e3o do REDE, mas devem colocar em situa\u00e7\u00e3o Sem Oferta de Disciplina (SOD). <\/span><\/p>\n<p dir=\"ltr\" style=\"line-height: 1.38;margin-top: 0pt;margin-bottom: 10pt\"><span style=\"font-size: 12pt;font-family: Arial;color: #000000;background-color: transparent;font-weight: bold;font-style: normal;font-variant: normal;text-decoration: none;vertical-align: baseline\">Haver\u00e1 um edital para os futuros moradores da CEU, para quando as aulas presenciais retornarem?<\/span><\/p>\n<p dir=\"ltr\" style=\"line-height: 1.38;margin-top: 0pt;margin-bottom: 10pt\"><span style=\"font-size: 12pt;font-family: Arial;color: #000000;background-color: transparent;font-weight: 400;font-style: normal;font-variant: normal;text-decoration: none;vertical-align: baseline\">Sim. O ingresso \u00e0 moradia estudantil ser\u00e1 normatizado por edital, que definir\u00e1 crit\u00e9rios e prioridades de acesso. Nesse edital tamb\u00e9m ser\u00e3o definidos quais ser\u00e3o os protocolos de seguran\u00e7a sanit\u00e1ria da CEU.<\/span><\/p>\n<p dir=\"ltr\" style=\"line-height: 1.38;margin-top: 0pt;margin-bottom: 10pt\"><span style=\"font-size: 12pt;font-family: Arial;color: #000000;background-color: transparent;font-weight: 400;font-style: normal;font-variant: normal;text-decoration: none;vertical-align: baseline\"><br><\/span><\/p>\n<p dir=\"ltr\" style=\"line-height: 1.38;margin-top: 0pt;margin-bottom: 10pt\"><b>T\u00c9CNICOS ADMINISTRATIVOS EM EDUCA\u00c7\u00c3O (TAEs):<\/b><br><\/p>\n<p dir=\"ltr\" style=\"line-height: 1.38;margin-top: 0pt;margin-bottom: 10pt\"><span style=\"font-size: 11pt;font-family: Arial;color: #000000;background-color: transparent;font-weight: bold;font-style: normal;font-variant: normal;text-decoration: none;vertical-align: baseline\">Como ser\u00e1 feito o retorno dos t\u00e9cnicos administrativos?<\/span><\/p>\n<p dir=\"ltr\" style=\"line-height: 1.2;text-align: justify;margin-top: 12pt;margin-bottom: 10pt\"><span style=\"font-size: 12pt;font-family: Arial;color: #000000;background-color: transparent;font-weight: 400;font-style: normal;font-variant: normal;text-decoration: none;vertical-align: baseline\">Conforme a Portaria 009\/2020, de 28 de dezembro de 2020, tanto para TAEs como para docentes, as atividades administrativas podem ser restabelecidas presencialmente, a crit\u00e9rio dos setores e respectivas chefias imediatas e\/ou superiores, respeitadas as medidas protetivas b\u00e1sicas contra o cont\u00e1gio da Covid-19. Exceto, neste caso, os servidores pertencentes aos grupos de risco.<\/span><\/p>\n<p dir=\"ltr\" style=\"line-height: 1.38;margin-top: 0pt;margin-bottom: 10pt\"><span style=\"font-size: 12pt;font-family: Arial;color: #000000;background-color: transparent;font-weight: bold;font-style: normal;font-variant: normal;text-decoration: none;vertical-align: baseline\">Ser\u00e3o fornecidas m\u00e1scaras descart\u00e1veis e outros equipamentos individuais e coletivos para os TAEs?<\/span><\/p>\n<p dir=\"ltr\" style=\"line-height: 1.2;text-align: justify;margin-top: 12pt;margin-bottom: 10pt\"><span style=\"font-size: 12pt;font-family: Arial;color: #000000;background-color: transparent;font-weight: 400;font-style: normal;font-variant: normal;text-decoration: none;vertical-align: baseline\">Todos devem usar m\u00e1scaras quando sa\u00edrem de suas resid\u00eancias. Cada um \u00e9 respons\u00e1vel por suas m\u00e1scaras. Os setores disponibilizar\u00e3o \u00e1lcool em gel e demais EPIs necess\u00e1rios, considerando a atividade dos servidores. Mais orienta\u00e7\u00f5es no <b><a href=\"https:\/\/www.ufsm.br\/app\/uploads\/sites\/346\/2020\/08\/Cartilha_Bioseguran%C3%A7a.pdf\" target=\"_blank\">Manual de Biosseguran\u00e7a UFSM<\/a><\/b>:<\/span> <a style=\"text-decoration: none\" href=\"https:\/\/www.ufsm.br\/app\/uploads\/sites\/346\/2020\/08\/Cartilha_Bioseguran%C3%A7a.pdf\"><span style=\"font-size: 12pt;font-family: Arial;color: #000000;background-color: transparent;font-weight: 400;font-style: normal;font-variant: normal;text-decoration: underline;vertical-align: baseline\"><\/span><\/a><\/p>\n<p dir=\"ltr\" style=\"line-height: 1.38;margin-top: 0pt;margin-bottom: 10pt\"><span style=\"font-size: 12pt;font-family: Arial;color: #000000;background-color: #ffffff;font-weight: bold;font-style: normal;font-variant: normal;text-decoration: none;vertical-align: baseline\">Como est\u00e1 a situa\u00e7\u00e3o dos Concursos P\u00fablicos?&nbsp;<\/span><\/p>\n<p dir=\"ltr\" style=\"line-height: 1.38;margin-top: 0pt;margin-bottom: 10pt\"><span style=\"font-size: 12pt;font-family: Arial;color: #000000;background-color: #ffffff;font-weight: 400;font-style: normal;font-variant: normal;text-decoration: none;vertical-align: baseline\">Os concursos foram retomados, apenas est\u00e3o aguardando o resultado aqueles que dependem de presencialidade, ou seja, provas pr\u00e1ticas e afins. Um plano de retomada dessas etapas j\u00e1 est\u00e1 sendo encaminhado.&nbsp;<\/span><\/p><\/div>\n\t\t\t\t<\/div>\n\t\t\t\t\t\t\t<div class=\"elementor-toggle-item\">\n\t\t\t\t\t<div id=\"elementor-tab-title-8802\" class=\"elementor-tab-title\" data-tab=\"2\" role=\"button\" aria-controls=\"elementor-tab-content-8802\" aria-expanded=\"false\">\n\t\t\t\t\t\t\t\t\t\t\t\t<span class=\"elementor-toggle-icon elementor-toggle-icon-left\" aria-hidden=\"true\">\n\t\t\t\t\t\t\t\t\t\t\t\t\t\t\t<span class=\"elementor-toggle-icon-closed\"><i class=\"fas fa-caret-right\"><\/i><\/span>\n\t\t\t\t\t\t\t\t<span class=\"elementor-toggle-icon-opened\"><i class=\"elementor-toggle-icon-opened fas fa-caret-up\"><\/i><\/span>\n\t\t\t\t\t\t\t\t\t\t\t\t\t<\/span>\n\t\t\t\t\t\t\t\t\t\t\t\t<a class=\"elementor-toggle-title\" tabindex=\"0\">D\u00favidas gerais sobre funcionamento do REDE e semestres letivos<\/a>\n\t\t\t\t\t<\/div>\n\n\t\t\t\t\t<div id=\"elementor-tab-content-8802\" class=\"elementor-tab-content elementor-clearfix\" data-tab=\"2\" role=\"region\" aria-labelledby=\"elementor-tab-title-8802\"><p><b>O que \u00e9 o REDE? <\/b><span style=\"font-weight: 400\">O <strong><a href=\"https:\/\/www.ufsm.br\/pro-reitorias\/proplan\/resolucao-n-024-2020\/\">Regime de Exerc\u00edcios Domiciliares Especiais (REDE)<\/a><\/strong> consiste em uma combina\u00e7\u00e3o dos exerc\u00edcios domiciliares com as caracter\u00edsticas do ensino remoto e da media\u00e7\u00e3o por Tecnologias Educacionais em Rede (TER) e deve ser utilizado de forma transit\u00f3ria, durante o per\u00edodo de suspens\u00e3o das atividades presenciais. Para tal, todas as <\/span><span style=\"font-weight: 400\">a\u00e7\u00f5es de ensino que podem ser executadas sem a presencialidade poder\u00e3o ser desenvolvidas por interm\u00e9dio de Amb<\/span><span style=\"font-weight: 400\">ientes Virtuais de Ensino-Aprendizagem e\/ou com a intermedia\u00e7\u00e3o de TER. O REDE serve<\/span><span style=\"font-weight: 400\"> para au<\/span><span style=\"font-weight: 400\">las remotas e pr\u00e1ticas, eventos, encontros, bancas, formaturas, est\u00e1gios, entre outros.<\/span><\/p><p><b>Por que dizem que o REDE \u00e9 transit\u00f3rio? <\/b><span style=\"font-weight: 400\">Estruturado como uma combina\u00e7\u00e3o dos exerc\u00edcios domiciliares com as caracter\u00edsticas do ensino remoto e da media\u00e7\u00e3o por Tecnologias Educacionais em Rede (TER), o REDE deve ser utilizado de forma transit\u00f3ria, durante o per\u00edodo de suspens\u00e3o das atividades presenciais e na transi\u00e7\u00e3o para o retorno das atividades presenciais. Para tal, ele pode ser empregado para a execu\u00e7\u00e3o de a\u00e7\u00f5es do ensino que podem ser desenvolvidas sem a presencialidade.<\/span><\/p><p><b>Afinal, o 1\u00ba semestre letivo 2020 pelo REDE foi v\u00e1lido ou n\u00e3o?\u00a0<\/b><span style=\"font-weight: 400\">As atividades do 1\u00ba semestre de 2020 tiveram ades\u00e3o facultativa ao Rede, tanto para docentes quanto para estudantes. O docente que n\u00e3o finalizou as disciplinas, poder\u00e1 recuper\u00e1-las at\u00e9 05 de outubro ou posteriormente (para os casos que necessitam de presencialidade), com a defini\u00e7\u00e3o de um Calend\u00e1rio Suplementar, quando do retorno. Em princ\u00edpio, essa recupera\u00e7\u00e3o ocorrer\u00e1 de mar\u00e7o a maio de 2021 (previs\u00e3o).<\/span><\/p><p><img fetchpriority=\"high\" decoding=\"async\" class=\"alignnone wp-image-1765 size-large\" src=\"https:\/\/www.ufsm.br\/coronavirus\/wp-content\/uploads\/sites\/820\/2020\/08\/Calendario-provisorio-REDE-1024x576.jpeg\" alt=\"Calend\u00e1rio provis\u00f3rio REDE: primeiro semestre letivo 2020 at\u00e9 outubro 2020, segundo semestre letivo 2020 de outubro a fevereiro 2021, calend\u00e1rio suplementat presencial do primeiro semestre letivo de 2020 de fevereiro a maio de 2021\" width=\"1024\" height=\"576\" \/><\/p><p><b>E aquelas 15 semanas de aula presencial p\u00f3s-pandemia? E as provas que disseram que o aluno <\/b><b>poderia realizar presencialmente<\/b><b>?\u00a0<\/b><span style=\"font-weight: 400\">\u00a0Quem n\u00e3o finalizou as disciplinas, poder\u00e1 recuper\u00e1-las posteriormente, com a defini\u00e7\u00e3o de um Calend\u00e1rio Suplementar, no retorno da presencialidade. Em princ\u00edpio, essa recupera\u00e7\u00e3o ocorrer\u00e1 de mar\u00e7o a maio de 2021 (previs\u00e3o).<\/span><\/p><p><b>Por que o 1\u00ba semestre letivo de 2020 s\u00f3 vai ser recuperado no ano que vem?\u00a0<\/b><span style=\"font-weight: 400\">Como a ades\u00e3o ao REDE foi facultativa durante esse primeiro semestre, h\u00e1 a promessa e a necessidade de uma recupera\u00e7\u00e3o presencial. <\/span><span style=\"font-weight: 400\">Tamb\u00e9m, porque algumas disciplinas dependem de parte pr\u00e1tica, que somente s\u00e3o poss\u00edveis presencialmente. <\/span><span style=\"font-weight: 400\">Acredita-se que at\u00e9 mar\u00e7o do ano que vem j\u00e1 seja poss\u00edvel retornar \u00e0s atividades presenciais (previs\u00e3o), seguindo normativas de biosseguran\u00e7a e sem riscos \u00e0 sa\u00fade da comunidade acad\u00eamica. Salienta-se que o retorno dever\u00e1 ser anunciado por Plano de Retorno, elaborado pela Comiss\u00e3o de Biosseguran\u00e7a, conforme an\u00e1lise da Pandemia, e aprovado no CEPE.<\/span><\/p><p><b>Haver\u00e1 2\u00ba semestre letivo em 2020?\u00a0<\/b><strong><a href=\"https:\/\/www.ufsm.br\/2020\/08\/10\/em-reuniao-do-cepe-ufsm-regula-regime-de-exercicios-domiciliares-especiais\/\">Sim, ele ser\u00e1 obrigatoriamente realizado pelo Regime de Exerc\u00edcios Domiciliares Especiais (REDE<\/a><\/strong><span style=\"font-weight: 400\"><strong>)<\/strong>. <\/span><span style=\"font-weight: 400\">A oferta das disciplinas ser\u00e1 definida a partir de plano conjunto elaborado pelos colegiados dos cursos\/programas e departamentos did\u00e1ticos, mediante avalia\u00e7\u00e3o da possibilidade da disciplina (te\u00f3rica, te\u00f3rico-pr\u00e1tica, pr\u00e1tica ou est\u00e1gio) ser realizada por interm\u00e9dio do REDE. Uma vez ofertadas, no segundo semestre de 2020, as disciplinas dever\u00e3o ser desenvolvidas integralmente no modo REDE, n\u00e3o havendo per\u00edodo de recupera\u00e7\u00e3o presencial dessa oferta, excetuando as disciplinas te\u00f3rico-pr\u00e1ticas que, por defini\u00e7\u00e3o do colegiado de curso, poder\u00e3o ter a parte te\u00f3rica ofertada (segundo semestre) e a parte pr\u00e1tica no Calend\u00e1rio Suplementar.\u00a0<\/span><\/p><p><b>Como ficou o calend\u00e1rio acad\u00eamico de 2020?<\/b><\/p><ul><li style=\"font-weight: 400\"><span style=\"font-weight: 400\">Fechamento parcial na modalidade REDE do 1\u00ba semestre de 2020: 04\/10\/2020<\/span><\/li><li style=\"font-weight: 400\"><span style=\"font-weight: 400\">In\u00edcio do Segundo Semestre de 2020: 19\/10\/2020<\/span><\/li><li style=\"font-weight: 400\"><span style=\"font-weight: 400\">Final do Segundo Semestre de 2020: 13\/02\/2021<\/span><\/li><\/ul><p><b>Teremos recesso entre um semestre e outro?\u00a0<\/b><span style=\"font-weight: 400\">Sim. Haver\u00e1 um recesso de duas semanas, para que alunos e professores possam se organizar (de 05\/10\/2020 a 18\/10\/2020).\u00a0<\/span><\/p><p><b>O que s\u00e3o Ambientes Virtuais de Ensino-Aprendizagem?\u00a0<\/b><span style=\"font-weight: 400\">Ambientes Virtuais de Ensino-Aprendizagem (AVEAs) podem ser definidos como ambientes na Web utilizados por educadores, comunicadores e t\u00e9cnicos em inform\u00e1tica para o desenvolvimento de intera\u00e7\u00e3o s\u00edncrona e ass\u00edncrona entre professores e alunos que se encontram geograficamente separados. Al\u00e9m disso, um AVEA tem a caracter\u00edstica de agregar diferentes ferramentas e funcionalidades que permitem o acesso a conte\u00fados e a realiza\u00e7\u00e3o de atividades propostas de uma determinada disciplina, dentre outros recursos. A UFSM disponibiliza, atualmente, o Moodle e o Google Classroom como AVEAs.\u00a0<\/span><\/p><p><b>O que s\u00e3o Tecnologias Educacionais em Rede (TER)?\u00a0<\/b><span style=\"font-weight: 400\">S\u00e3o tecnologias que utilizam a internet para finalidades educacionais, de concretiza\u00e7\u00e3o do processo de ensino-aprendizagem, como Moodle, Google Drive, G Suite, Google Meet, e-mail, Zoom, Whatsapp, Facebook, YouTube, Instagram, entre outras plataformas online que contemplem as necessidades e possibilidades de docentes e discentes no processo.\u00a0\u00a0<\/span><\/p><p><b>REDE e EAD s\u00e3o a mesma coisa?\u00a0<\/b><span style=\"font-weight: 400\">O <strong><a href=\"https:\/\/www.ufsm.br\/pro-reitorias\/proplan\/resolucao-n-024-2020\/\">Regime de Exerc\u00edcios Domiciliares Especiais (REDE)<\/a><\/strong> difere-se, substancialmente, da modalidade de Educa\u00e7\u00e3o a Dist\u00e2ncia (EaD), tanto pelo car\u00e1ter transit\u00f3rio-emergencial, quanto pelo formato, tendo em vista que o EaD possui peculiaridades bem definidas e \u00e9 regulado por legisla\u00e7\u00e3o pr\u00f3pria. <\/span><span style=\"font-weight: 400\">O REDE desenvolve-se sem apoio de tutores (obrigat\u00f3rios no caso de disciplinas a dist\u00e2ncia) e com metodologias e materiais adaptados especialmente para o per\u00edodo, organizados por interm\u00e9dio de um ambiente virtual ou outros meios tamb\u00e9m virtuais que conectem docentes e discentes em tempos distintos e\/ou nos mesmos hor\u00e1rios das aulas presenciais.<\/span><\/p><p><b>Quando retornaremos as atividades presenciais? Tenho saudade do campus e dos colegas\u2026\u00a0<\/b><span style=\"font-weight: 400\">O Plano de Retorno \u00e0s atividades presenciais est\u00e1 sendo elaborado por uma equipe multidisciplinar de biosseguran\u00e7a (central e setoriais) e ser\u00e1 submetido \u00e0 aprecia\u00e7\u00e3o do CEPE. O seu objetivo ser\u00e1 tra\u00e7ar estrat\u00e9gias concretas e dirigidas para o retorno das atividades presenciais. Sua elabora\u00e7\u00e3o levar\u00e1 em conta as normativas do Governo do Estado do Rio Grande do Sul e <\/span><span style=\"font-weight: 400\">ter\u00e1 fundamenta\u00e7\u00e3o n<\/span><span style=\"font-weight: 400\">os seguintes eixos b\u00e1sicos: Levantamento e Diagn\u00f3stico; Organiza\u00e7\u00e3o dos Espa\u00e7os F\u00edsicos; Readequa\u00e7\u00e3o de Atividades Final\u00edsticas; Controle Sanit\u00e1rio; Ingresso e Acesso aos Servi\u00e7os no Campus, entre outras medidas.\u00a0<\/span><\/p><\/div>\n\t\t\t\t<\/div>\n\t\t\t\t\t\t\t<div class=\"elementor-toggle-item\">\n\t\t\t\t\t<div id=\"elementor-tab-title-8803\" class=\"elementor-tab-title\" data-tab=\"3\" role=\"button\" aria-controls=\"elementor-tab-content-8803\" aria-expanded=\"false\">\n\t\t\t\t\t\t\t\t\t\t\t\t<span class=\"elementor-toggle-icon elementor-toggle-icon-left\" aria-hidden=\"true\">\n\t\t\t\t\t\t\t\t\t\t\t\t\t\t\t<span class=\"elementor-toggle-icon-closed\"><i class=\"fas fa-caret-right\"><\/i><\/span>\n\t\t\t\t\t\t\t\t<span class=\"elementor-toggle-icon-opened\"><i class=\"elementor-toggle-icon-opened fas fa-caret-up\"><\/i><\/span>\n\t\t\t\t\t\t\t\t\t\t\t\t\t<\/span>\n\t\t\t\t\t\t\t\t\t\t\t\t<a class=\"elementor-toggle-title\" tabindex=\"0\">Professores e o REDE<\/a>\n\t\t\t\t\t<\/div>\n\n\t\t\t\t\t<div id=\"elementor-tab-content-8803\" class=\"elementor-tab-content elementor-clearfix\" data-tab=\"3\" role=\"region\" aria-labelledby=\"elementor-tab-title-8803\"><p><b>Parte da minha turma aderiu ao REDE, outra parte n\u00e3o. Como devo proceder para encerrar o 1\u00ba semestre letivo de 2020?\u00a0<\/b><span style=\"font-weight: 400\">As disciplinas que tiveram seus conte\u00fados e avalia\u00e7\u00f5es conclu\u00eddas em 2020\/1 dever\u00e3o ter seus discentes em situa\u00e7\u00e3o individual encerrada. Os discentes que n\u00e3o tiverem conclu\u00eddo ter\u00e3o sua situa\u00e7\u00e3o declarada pelo docente como \u201csitua\u00e7\u00e3o 6 e\/ou Incompleta (I)\u201d. Os estudantes que n\u00e3o acompanharam o primeiro semestre poder\u00e3o regulamentar sua situa\u00e7\u00e3o na recupera\u00e7\u00e3o presencial, que ter\u00e1, ao menos, 15 semanas de atividades. Quando da recupera\u00e7\u00e3o presencial (Calend\u00e1rio Suplementar), as disciplinas dever\u00e3o ser reabertas pelos docentes para regulariza\u00e7\u00e3o dos discentes que as recuperam.<\/span><\/p><p><b>Haver\u00e1 capacita\u00e7\u00e3o para professores ministrarem aulas online?\u00a0<\/b><span style=\"font-weight: 400\">Desde antes da Pandemia, o <a href=\"https:\/\/www.ufsm.br\/orgaos-suplementares\/nte\/\">N\u00facleo de Tecnologia Educacional (NTE)<\/a>, a <a href=\"https:\/\/www.ufsm.br\/pro-reitorias\/prograd\/\">Pr\u00f3-Reitoria de Gradua\u00e7\u00e3o (Prograd)<\/a> e o N\u00facleo de Educa\u00e7\u00e3o e Desenvolvimento (NED) da <a href=\"https:\/\/www.ufsm.br\/pro-reitorias\/progep\/\">Pr\u00f3-Reitoria de Gest\u00e3o de Pessoas (Progep)<\/a> oferta cursos sobre utiliza\u00e7\u00e3o de ambientes virtuais de aprendizagem e de tecnologias de informa\u00e7\u00e3o e comunica\u00e7\u00e3o na educa\u00e7\u00e3o. Al\u00e9m disso, a Prograd e o <a href=\"https:\/\/www.ufsm.br\/orgaos-suplementares\/cpd\/\">Centro de Processamento de Dados (CPD)<\/a> desenvolveram o <a href=\"https:\/\/www.ufsm.br\/pro-reitorias\/prograd\/ufsm-em-rede\"><strong>portal UFSM em REDE<\/strong><\/a>, com informa\u00e7\u00f5es e dicas sobre como implementar o ensino remoto apoiado em tecnologias. Ele est\u00e1 organizado em \u00e1reas tem\u00e1ticas que contemplam\u00a0 planejamento das aulas ou atividades, recursos para promover a intera\u00e7\u00e3o\/interatividade e<\/span><span style=\"font-weight: 400\"> a elabora\u00e7\u00e3o\/aplica\u00e7\u00e3o de avalia\u00e7\u00f5es, as<\/span><span style=\"font-weight: 400\">sim como depoimentos de professores da Educa\u00e7\u00e3o Superior e B\u00e1sica.\u00a0<\/span><\/p><p><b>Os professores foram ouvidos para a formula\u00e7\u00e3o dessa Resolu\u00e7\u00e3o do REDE?\u00a0<\/b><span style=\"font-weight: 400\">Sim. Al\u00e9m de reuni\u00f5es com diretores de unidades e coordenadores de curso, a Pr\u00f3-Reitoria de Gradua\u00e7\u00e3o realizou pesquisa junto ao docentes. Conforme a pesquisa realizada, 88% dos docentes t\u00eam, pelo menos, uma disciplina sendo desenvolvida pelo REDE. <a href=\"https:\/\/www.ufsm.br\/reitoria\/avaliacao\/rede\/\">Os <strong>resultados<\/strong> podem ser conferidos aqui<\/a>.<\/span><\/p><p><b>Como registrar presen\u00e7as e atividades pelo REDE?\u00a0<\/b><span style=\"font-weight: 400\">Todas as a\u00e7\u00f5es desenvolvidas pelo docente, em suas disciplinas, dever\u00e3o ser registradas no Plano de Ensino, validadas pelo colegiado de curso\/programa e encaminhadas aos chefes de departamentos did\u00e1ticos, independentemente dos semestres. No caso das unidades de ensino que ofertam cursos da Educa\u00e7\u00e3o B\u00e1sica, os planos de ensino dever\u00e3o ser validados pelos departamentos de ensino junto \u00e0s coordena\u00e7\u00f5es dos cursos. Em rela\u00e7\u00e3o ao di\u00e1rio de classe, as atividades e avalia\u00e7\u00f5es ser\u00e3o registradas e as presen\u00e7as ser\u00e3o atribu\u00eddas em face do acompanhamento e realiza\u00e7\u00e3o das atividades por parte dos discentes. O discente ter\u00e1 presen\u00e7a atribu\u00edda se cumpriu e realizou as atividades previstas. <a href=\"https:\/\/www.ufsm.br\/pro-reitorias\/proplan\/resolucao-n-024-2020\/\"><strong>Veja mais na Resolu\u00e7\u00e3o sobre o REDE<\/strong><\/a>.<\/span><\/p><p><b>Posso optar por n\u00e3o realizar minhas disciplinas pelo REDE?\u00a0<\/b><span style=\"font-weight: 400\">A n\u00e3o ades\u00e3o do docente \u00e0 disciplina ofertada pelo Regime de Exerc\u00edcios Domiciliares Especiais (REDE), a partir do segundo semestre letivo de 2020, enquanto exce\u00e7\u00e3o, dever\u00e1 ser justificada e aprovada pelo departamento did\u00e1tico. Nas unidades de ensino que ofertam Educa\u00e7\u00e3o B\u00e1sica, as justificativas devem ser aprovadas pelos departamentos de ensino e conselhos diretores.\u00a0\u00a0\u00a0<\/span><\/p><p><b>Como fica o Direito Autoral em rela\u00e7\u00e3o \u00e0s aulas gravadas?\u00a0<\/b><span style=\"font-weight: 400\">As grava\u00e7\u00f5es de aulas podem ser utilizadas unicamente para fins acad\u00eamicos, respeitando as normativas relacionadas a Direitos Autorais \/ Direito de Imagem, ou seja, as grava\u00e7\u00f5es devem ser utilizadas pelos estudantes para o seu processo de ensino-aprendizagem, exclusivamente com finalidade acad\u00eamica. Toda circula\u00e7\u00e3o de material deve ser autorizada pelo docente quanto ao uso da imagem e autoria dos materiais did\u00e1ticos. No caso de ser autorizada a divulga\u00e7\u00e3o, ao utilizar o material, a autoria do docente deve ser citada pelo estudante. Algumas ferramentas para Webconfer\u00eancia j\u00e1 possuem, em seu layout, o questionamento acerca da autoriza\u00e7\u00e3o de grava\u00e7\u00e3o.\u00a0\u00a0\u00a0<\/span><\/p><\/div>\n\t\t\t\t<\/div>\n\t\t\t\t\t\t\t<div class=\"elementor-toggle-item\">\n\t\t\t\t\t<div id=\"elementor-tab-title-8804\" class=\"elementor-tab-title\" data-tab=\"4\" role=\"button\" aria-controls=\"elementor-tab-content-8804\" aria-expanded=\"false\">\n\t\t\t\t\t\t\t\t\t\t\t\t<span class=\"elementor-toggle-icon elementor-toggle-icon-left\" aria-hidden=\"true\">\n\t\t\t\t\t\t\t\t\t\t\t\t\t\t\t<span class=\"elementor-toggle-icon-closed\"><i class=\"fas fa-caret-right\"><\/i><\/span>\n\t\t\t\t\t\t\t\t<span class=\"elementor-toggle-icon-opened\"><i class=\"elementor-toggle-icon-opened fas fa-caret-up\"><\/i><\/span>\n\t\t\t\t\t\t\t\t\t\t\t\t\t<\/span>\n\t\t\t\t\t\t\t\t\t\t\t\t<a class=\"elementor-toggle-title\" tabindex=\"0\">Estudantes e o REDE<\/a>\n\t\t\t\t\t<\/div>\n\n\t\t\t\t\t<div id=\"elementor-tab-content-8804\" class=\"elementor-tab-content elementor-clearfix\" data-tab=\"4\" role=\"region\" aria-labelledby=\"elementor-tab-title-8804\"><p><b>Conclu\u00ed todas as atividades propostas pelos professores. Vou precisar recuperar?\u00a0<\/b><span style=\"font-weight: 400\">N\u00e3o. Voc\u00ea ter\u00e1 f\u00e9rias de mar\u00e7o a junho de 2021, a menos que voc\u00ea queira adiantar alguma disciplina ou DCG ofertada no Calend\u00e1rio Suplementar. Aproveite!<\/span><\/p><p><b>E quem n\u00e3o conseguiu acompanhar as disciplinas no 1\u00ba semestre letivo 2020?\u00a0<\/b><span style=\"font-weight: 400\">As atividades do primeiro semestre de 2020, cuja ades\u00e3o ao REDE foi facultativa para docentes e discentes, poder\u00e3o ser recuperadas posteriormente, com a defini\u00e7\u00e3o de um Calend\u00e1rio Suplementar, no retorno da presencialidade. Esse calend\u00e1rio ter\u00e1, ao menos, 15 semanas de atividades. <\/span><span style=\"font-weight: 400\">Quando da recupera\u00e7\u00e3o presencial (Calend\u00e1rio Suplementar), as disciplinas dever\u00e3o ser reabertas pelos docentes para regulariza\u00e7\u00e3o dos discentes que as recuperam. <\/span><span style=\"font-weight: 400\">O estudante ficar\u00e1, at\u00e9 recuperar no Calend\u00e1rio Suplementar, com situa\u00e7\u00e3o 6 e\/ou Incompleta (I).\u00a0<\/span><\/p><p><b>E as disciplinas em que os professores nem se manifestaram? Vou repetir? Vou ter que me matricular de novo?\u00a0<\/b><span style=\"font-weight: 400\">Caso o professor consiga ministrar a disciplina at\u00e9 o dia 04 de outubro, situa\u00e7\u00e3o resolvida. Caso o professor n\u00e3o consiga, a disciplina poder\u00e1 ser novamente ofertada pelo REDE no segundo semestre (se esta fora a decis\u00e3o de colegiado e departamento) ou recuperada no Calend\u00e1rio Suplementar.<\/span><\/p><p><b>Tranquei minha disciplina. Posso reverter o trancamento e retornar?\u00a0<\/b><span style=\"font-weight: 400\">Sim. A revers\u00e3o deve ser solicitada \u00e0 Coordena\u00e7\u00e3o de Curso que, ap\u00f3s an\u00e1lise, encaminhar\u00e1 ao DERCA.<\/span><\/p><p><b>Vou ter que me matricular neste &#8220;segundo semestre&#8221; para continuar sem aula?\u00a0<\/b><span style=\"font-weight: 400\">Foi aprovado pelo Conselho de Ensino Pesquisa e Extens\u00e3o (CEPE), em reuni\u00e3o no dia 10 de agosto, <a href=\"https:\/\/www.ufsm.br\/2020\/08\/10\/em-reuniao-do-cepe-ufsm-regula-regime-de-exercicios-domiciliares-especiais\/\"><strong>realiza\u00e7\u00e3o de <\/strong><\/a><\/span><a href=\"https:\/\/www.ufsm.br\/2020\/08\/10\/em-reuniao-do-cepe-ufsm-regula-regime-de-exercicios-domiciliares-especiais\/\"><strong>aulas no segundo semestre de 2020 pelo modo R<\/strong><\/a><span style=\"font-weight: 400\"><a href=\"https:\/\/www.ufsm.br\/2020\/08\/10\/em-reuniao-do-cepe-ufsm-regula-regime-de-exercicios-domiciliares-especiais\/\"><strong>EDE<\/strong><\/a>, visto que ainda n\u00e3o \u00e9 seguro retornar com as atividades presenciais. Passado um semestre de aulas flex\u00edveis, a universidade e os professores est\u00e3o mais preparados para a oferta e realiza\u00e7\u00e3o da disciplina via ambientes virtuais de aprendizagem, bem como para dar o devido suporte aos estudantes. Tamb\u00e9m \u00e9 disponibilizada a oportunidade de trancamento ao estudante, durante o REDE, sem preju\u00edzo do n\u00famero m\u00e1ximo de trancamentos previsto no Guia Acad\u00eamico.<\/span><\/p><p><b>Haver\u00e1 aux\u00edlio para estudantes que t\u00eam dificuldades de acesso \u00e0 internet ou a dispositivos pr\u00f3prios para a realiza\u00e7\u00e3o das aulas e atividades?\u00a0<\/b><span style=\"font-weight: 400\">O a<\/span><span style=\"font-weight: 400\">ux\u00edlio \u00e0 inclus\u00e3o digital (equipamentos e pacote de dados) para discentes matriculados <\/span><span style=\"font-weight: 400\">ser\u00e1 disponibilizado por meio de edital espec\u00edfico<\/span><span style=\"font-weight: 400\">, ficando este condicionado \u00e0 disponibilidade or\u00e7ament\u00e1ria.\u00a0 Inclusive, ficam flexibilizados os crit\u00e9rios da manuten\u00e7\u00e3o do Benef\u00edcio Socioecon\u00f4mico (BSE), sendo suspensa a obrigatoriedade de carga m\u00ednima e aprova\u00e7\u00e3o em mais de 50% das disciplinas matriculadas, assegurando-se, portanto, que os discentes que n\u00e3o se matricularem ao REDE, bem como os que n\u00e3o conseguirem cumprir com as atividades n\u00e3o tenham seu BSE afetado.\u00a0<\/span><\/p><p><b>Haver\u00e1 atendimento psicossocial e acompanhamento pedag\u00f3gico durante o segundo semestre de 2020?\u00a0<\/b><span style=\"font-weight: 400\">Os Servi\u00e7os de Atendimento Psicossocial continuam sendo disponibilizados, nos formatos presencial e virtual (conforme avalia\u00e7\u00e3o) pelo Setor de Aten\u00e7\u00e3o Integral ao Estudante da <a href=\"https:\/\/www.ufsm.br\/pro-reitorias\/prae\/\">Pr\u00f3-Reitoria de Assuntos Estudantis (PRAE)<\/a>, assim como o atendimento virtual realizado pela <a href=\"https:\/\/www.ufsm.br\/orgaos-executivos\/caed\/\">Coordenadoria de A\u00e7\u00f5es Educacionais (CAED)<\/a>. Os Servi\u00e7os de Acompanhamento Pedag\u00f3gico, nos moldes da Resolu\u00e7\u00e3o N. 033\/2015\/UFSM, continuam seu funcionamento durante a suspens\u00e3o das atividades presenciais, com atividades executadas pela Coordenadoria de A\u00e7\u00f5es Educacionais (CAED), Unidades e N\u00facleos de Apoio Pedag\u00f3gico (UAPs e NAPs) e Departamentos de Ensino (EBTT).\u00a0\u00a0<\/span><\/p><p><b>\u00c9 necess\u00e1rio concluir disciplina pr\u00e9-requisito do 1\u00ba semestre para cursar disciplinas do 2\u00ba semestre letivo? Como funcionar\u00e1?\u00a0<\/b><span style=\"font-weight: 400\">Os discentes poder\u00e3o se matricular nas disciplinas (te\u00f3rica, te\u00f3rico-pr\u00e1tica, pr\u00e1tica ou est\u00e1gio) ofertadas para o segundo semestre de 2020, inclusive com quebra de pr\u00e9-requisitos permitida por for\u00e7a da presente Resolu\u00e7\u00e3o, ressalvada expressa recomenda\u00e7\u00e3o contr\u00e1ria do colegiado de curso (Cursos de Gradua\u00e7\u00e3o e\/ou P\u00f3s-Gradua\u00e7\u00e3o) e\/ou coordena\u00e7\u00f5es de cursos\/departamentos de ensino (Educa\u00e7\u00e3o B\u00e1sica) definida no per\u00edodo do REDE.\u00a0\u00a0<\/span><\/p><p><b>Como cursos e disciplinas pr\u00e1ticas ser\u00e3o ministradas online?\u00a0<\/b><span style=\"font-weight: 400\">As disciplinas pr\u00e1ticas poder\u00e3o ser realizadas pelo REDE a crit\u00e9rio dos cursos\/programas. Se o curso entender que n\u00e3o \u00e9 poss\u00edvel, pode n\u00e3o ofertar a disciplina nesse segundo semestre de 2020 e esperar o retorno das atividades presenciais para ofert\u00e1-la novamente.\u00a0<\/span><\/p><p><b>Por que n\u00e3o cancelam o semestre?\u00a0<\/b><span style=\"font-weight: 400\">A pandemia da Covid-19 trouxe muitas dificuldades para a vida de todas as pessoas. A inten\u00e7\u00e3o da Universidade \u00e9 n\u00e3o impactar ainda mais a vida de estudantes que v\u00eam de fora, alugam apartamento, recebem benef\u00edcio socioecon\u00f4mico, est\u00e3o por se formar e n\u00e3o podem arcar com um semestre cancelado. Perder o v\u00ednculo com a universidade, colegas e professores por um semestre ou um ano dificultaria ainda mais o retorno posterior das atividades. Al\u00e9m disso, aulas virtuais para este per\u00edodo s\u00e3o uma realidade em diversas universidades p\u00fablicas e privadas.<\/span><\/p><p><b>Os est\u00e1gios poder\u00e3o ser realizados de forma remota?\u00a0<\/b><span style=\"font-weight: 400\">As atividades pr\u00e1ticas que exigem laborat\u00f3rio especializado e est\u00e1gios podem ser\u00a0 desenvolvidas por interm\u00e9dio de Tecnologias Educacionais em Rede, desde que o Curso elabore uma proposta de trabalho a ser anexada ao Projeto Pedag\u00f3gico de Curso, observadas a import\u00e2ncia da preserva\u00e7\u00e3o do campo de est\u00e1gio e\/ou do objetivo de aprendizagem da disciplina e as orienta\u00e7\u00f5es do Conselho Profissional (quando houver).<\/span><\/p><p><b>Acredito que disciplinas online n\u00e3o t\u00eam o mesmo aproveitamento que presencial. Serei um pior profissional por isso?\u00a0<\/b><span style=\"font-weight: 400\">N\u00e3o. Assim como as aulas presenciais desenvolvem habilidades de trabalho em equipe, compromisso com hor\u00e1rios, fala e posicionamento em p\u00fablico, respeito ao espa\u00e7o do outros, entre outras. As aulas online desenvolvem outros tipos de habilidades tamb\u00e9m exigidas no mercado de trabalho, como gest\u00e3o do pr\u00f3prio tempo e habilidade com novas tecnologias de informa\u00e7\u00e3o e comunica\u00e7\u00e3o. O momento atual tamb\u00e9m se configura como uma oportunidade de desenvolvimento e aprendizado.\u00a0<\/span><\/p><p><b>Como ocorrer\u00e3o as formaturas?\u00a0<\/b><span style=\"font-weight: 400\">Os graduandos que integralizarem a carga hor\u00e1ria total do curso poder\u00e3o realizar formaturas via webconfer\u00eancia,<\/span><a href=\"https:\/\/www.ufsm.br\/pro-reitorias\/prograd\/wp-content\/uploads\/sites\/342\/2020\/06\/IN-05-2020-FORMATURA-POR-WebCONFERENCIA-E-DIPLOMA-Final.pdf\"><span style=\"font-weight: 400\"> conforme defini\u00e7\u00f5es das <strong>normativas da UFSM<\/strong><\/span><\/a> <span style=\"font-weight: 400\">ou em gabinete, para, no m\u00e1ximo, 2 formandos. <a href=\"https:\/\/farol.ufsm.br\/transmissao\/colacao-de-grau-da-centesima-turma-de-medicina-da-ufsm\">Veja como foi a formatura online da 100\u00aa turma de Medicina<\/a>.<\/span><\/p><p><b>Posso usar os <\/b><b>laborat\u00f3rios de inform\u00e1tica do campus?\u00a0<\/b><span style=\"font-weight: 400\">Sim, desde que tomados os cuidados de uso de EPIs, distanciamento f\u00edsico, higieniza\u00e7\u00e3o e observada a disponibilidade de \u00e1lcool em gel. Tudo mediante avalia\u00e7\u00e3o da comiss\u00e3o de biosseguran\u00e7a. Divulgaremos no site quando eles estiverem preparados e abertos para uso.<\/span><\/p><p><b>Se eu n\u00e3o quiser me matricular <\/b><b>em disciplinas do 2\u00ba semestre de 2020<\/b><b>, fa\u00e7o o qu\u00ea?\u00a0<\/b><span style=\"font-weight: 400\">\u00c9 poss\u00edvel realizar trancamento e entrar numa situa\u00e7\u00e3o de \u201cSem oferta de disciplina\u201d (SOD), sem perder o v\u00ednculo com a Universidade.\u00a0<\/span><\/p><p><b>Os estudantes foram ouvidos para a formula\u00e7\u00e3o dessa Resolu\u00e7\u00e3o do REDE?\u00a0<\/b><span style=\"font-weight: 400\">Sim. A Comiss\u00e3o Permanente de Avalia\u00e7\u00e3o realizou <\/span><span style=\"font-weight: 400\">pesquisa junto aos discentes. <a href=\"https:\/\/www.ufsm.br\/reitoria\/avaliacao\/questionario-rede-estudantes\">Os <strong>resultados<\/strong> podem ser conferidos aqui<\/a>.<\/span><\/p><p><b>Como fica a Educa\u00e7\u00e3o Infantil?\u00a0<\/b><span style=\"font-weight: 400\">Na etapa da Educa\u00e7\u00e3o Infantil, durante o per\u00edodo de suspens\u00e3o das atividades presenciais em face da Pandemia da COVID-19, as propostas realizadas ter\u00e3o como objetivo principal a manuten\u00e7\u00e3o do v\u00ednculo entre crian\u00e7as, fam\u00edlias e equipe da Unidade de Ensino, de acordo com a especificidade do trabalho pedag\u00f3gico com as crian\u00e7as dessa etapa, com o Projeto Pol\u00edtico Pedag\u00f3gico da Unidade, e com as Diretrizes Curriculares Nacionais para a Educa\u00e7\u00e3o Infantil (BRASIL, 2009), que tem como eixos norteadores as intera\u00e7\u00f5es e as brincadeiras. <\/span><\/p><\/div>\n\t\t\t\t<\/div>\n\t\t\t\t\t\t\t<div class=\"elementor-toggle-item\">\n\t\t\t\t\t<div id=\"elementor-tab-title-8805\" class=\"elementor-tab-title\" data-tab=\"5\" role=\"button\" aria-controls=\"elementor-tab-content-8805\" aria-expanded=\"false\">\n\t\t\t\t\t\t\t\t\t\t\t\t<span class=\"elementor-toggle-icon elementor-toggle-icon-left\" aria-hidden=\"true\">\n\t\t\t\t\t\t\t\t\t\t\t\t\t\t\t<span class=\"elementor-toggle-icon-closed\"><i class=\"fas fa-caret-right\"><\/i><\/span>\n\t\t\t\t\t\t\t\t<span class=\"elementor-toggle-icon-opened\"><i class=\"elementor-toggle-icon-opened fas fa-caret-up\"><\/i><\/span>\n\t\t\t\t\t\t\t\t\t\t\t\t\t<\/span>\n\t\t\t\t\t\t\t\t\t\t\t\t<a class=\"elementor-toggle-title\" tabindex=\"0\">P\u00f3s-Gradua\u00e7\u00e3o e o REDE<\/a>\n\t\t\t\t\t<\/div>\n\n\t\t\t\t\t<div id=\"elementor-tab-content-8805\" class=\"elementor-tab-content elementor-clearfix\" data-tab=\"5\" role=\"region\" aria-labelledby=\"elementor-tab-title-8805\"><p><b>Como ficam os exames de qualifica\u00e7\u00e3o e defesa de Trabalho de Conclus\u00e3o de Curso, Disserta\u00e7\u00e3o e Tese?\u00a0\u00a0<\/b><span style=\"font-weight: 400\">Ficou definido que bancas de defesa poder\u00e3o ser realizadas em ambientes virtuais ou atrav\u00e9s de pareceres. Os prazos de qualifica\u00e7\u00e3o e defesas de disserta\u00e7\u00f5es e teses s\u00e3o poss\u00edveis de prorroga\u00e7\u00e3o. O presidente da banca dever\u00e1 atestar, em local apropriado na Ata de Defesa, que os membros da banca participaram por parecer ou por videoconfer\u00eancia. As assinaturas de todos os membros da banca na Ata de Defesa poder\u00e3o ser realizadas atrav\u00e9s do sistema PEN-SIE. Excepcionalmente, enquanto vigorar o REDE, os pareceres originais assinados poder\u00e3o ser enviados via e-mail aos cursos.\u00a0\u00a0<\/span><\/p><p><b>Como ficam os Testes de Sufici\u00eancia em L\u00edngua Estrangeira exigidos para as defesas de disserta\u00e7\u00e3o e tese?\u00a0<\/b><span style=\"font-weight: 400\">A PROGRAD-COPERVES, juntamente com o TESLLE, est\u00e3o realizando encontros para definir o formato e a possibilidade de realiza\u00e7\u00e3o da prova.<\/span><\/p><p><br \/><br \/><\/p><\/div>\n\t\t\t\t<\/div>\n\t\t\t\t\t\t\t\t<\/div>\n\t\t\t\t<\/div>\n\t\t\t\t<\/div>\n\t\t\t\t\t<\/div>\n\t\t<\/div>\n\t\t\t\t\t<\/div>\n\t\t<\/section>\n\t\t\t\t<section class=\"elementor-section elementor-top-section elementor-element elementor-element-12fd958 elementor-section-boxed elementor-section-height-default elementor-section-height-default\" data-id=\"12fd958\" data-element_type=\"section\">\n\t\t\t\t\t\t<div class=\"elementor-container elementor-column-gap-default\">\n\t\t\t\t\t<div class=\"elementor-column elementor-col-100 elementor-top-column elementor-element elementor-element-92a7542\" data-id=\"92a7542\" data-element_type=\"column\">\n\t\t\t<div class=\"elementor-widget-wrap elementor-element-populated\">\n\t\t\t\t\t\t<div class=\"elementor-element elementor-element-4e0f905 elementor-widget elementor-widget-heading\" data-id=\"4e0f905\" data-element_type=\"widget\" data-widget_type=\"heading.default\">\n\t\t\t\t<div class=\"elementor-widget-container\">\n\t\t\t<h2 class=\"elementor-heading-title elementor-size-medium\">Sobre o a suspens\u00e3o de atividades presenciais<\/h2>\t\t<\/div>\n\t\t\t\t<\/div>\n\t\t\t\t\t<\/div>\n\t\t<\/div>\n\t\t\t\t\t<\/div>\n\t\t<\/section>\n\t\t\t\t<section class=\"elementor-section elementor-top-section elementor-element elementor-element-53ba042 elementor-section-boxed elementor-section-height-default elementor-section-height-default\" data-id=\"53ba042\" data-element_type=\"section\">\n\t\t\t\t\t\t<div class=\"elementor-container elementor-column-gap-default\">\n\t\t\t\t\t<div class=\"elementor-column elementor-col-100 elementor-top-column elementor-element elementor-element-d0b41f8\" data-id=\"d0b41f8\" data-element_type=\"column\">\n\t\t\t<div class=\"elementor-widget-wrap elementor-element-populated\">\n\t\t\t\t\t\t<div class=\"elementor-element elementor-element-89c8ae1 elementor-widget elementor-widget-toggle\" data-id=\"89c8ae1\" data-element_type=\"widget\" data-widget_type=\"toggle.default\">\n\t\t\t\t<div class=\"elementor-widget-container\">\n\t\t\t\t\t<div class=\"elementor-toggle\">\n\t\t\t\t\t\t\t<div class=\"elementor-toggle-item\">\n\t\t\t\t\t<div id=\"elementor-tab-title-1441\" class=\"elementor-tab-title\" data-tab=\"1\" role=\"button\" aria-controls=\"elementor-tab-content-1441\" aria-expanded=\"false\">\n\t\t\t\t\t\t\t\t\t\t\t\t<span class=\"elementor-toggle-icon elementor-toggle-icon-left\" aria-hidden=\"true\">\n\t\t\t\t\t\t\t\t\t\t\t\t\t\t\t<span class=\"elementor-toggle-icon-closed\"><i class=\"fas fa-caret-right\"><\/i><\/span>\n\t\t\t\t\t\t\t\t<span class=\"elementor-toggle-icon-opened\"><i class=\"elementor-toggle-icon-opened fas fa-caret-up\"><\/i><\/span>\n\t\t\t\t\t\t\t\t\t\t\t\t\t<\/span>\n\t\t\t\t\t\t\t\t\t\t\t\t<a class=\"elementor-toggle-title\" tabindex=\"0\">Sobre o funcionamento da UFSM<\/a>\n\t\t\t\t\t<\/div>\n\n\t\t\t\t\t<div id=\"elementor-tab-content-1441\" class=\"elementor-tab-content elementor-clearfix\" data-tab=\"1\" role=\"region\" aria-labelledby=\"elementor-tab-title-1441\"><p><b>Por quanto tempo as atividades ficar\u00e3o suspensas?<\/b><\/p><p>Conforme a\u00a0<a href=\"https:\/\/www.ufsm.br\/wp-content\/uploads\/2020\/05\/20200508095811797-1.pdf\">Portaria N. 98.100<\/a>, de 08 de maio de 2020, que prorroga por mais 30 dias o prazo de suspens\u00e3o das atividades acad\u00eamicas e administrativas presenciais, informamos que estas seguem suspensas at\u00e9 13 de junho de 2020. Haver\u00e1 a necessidade de reavalia\u00e7\u00e3o do cen\u00e1rio, junto aos especialistas da \u00e1rea, para verifica\u00e7\u00e3o quanto \u00e0 prorroga\u00e7\u00e3o da suspens\u00e3o, ap\u00f3s esta data.<\/p><p dir=\"ltr\" style=\"font-size: 16px\"><span style=\"font-size: 16px;font-weight: bold\">O Calend\u00e1rio Acad\u00eamico ser\u00e1 suspenso?<\/span><span style=\"font-size: 16px\">\u00a0At\u00e9 o momento as universidades n\u00e3o foram orientadas pelo Minist\u00e9rio da Educa\u00e7\u00e3o a suspender seus Calend\u00e1rios Acad\u00eamicos. As orienta\u00e7\u00f5es s\u00e3o para uso de servi\u00e7o remoto nas atividades administrativas e possibilidade de utiliza\u00e7\u00e3o de tecnologias em rede \/ tecnologias da informa\u00e7\u00e3o e comunica\u00e7\u00e3o nas atividades acad\u00eamicas que comportarem, em conson\u00e2ncia com as portarias ministeriais.<\/span><\/p><p dir=\"ltr\"><strong>Quem pode ingressar no campus? Quais servi\u00e7os funcionam? Bancos? Posto de gasolina?\u00a0<\/strong>Apenas profissionais dos servi\u00e7os essenciais e pacientes do Hospital Universit\u00e1rio. Bancos e posto de gasolina seguem funcionamento, mas atendendo prioritariamente os p\u00fablicos citados.<\/p><p><strong>Como devolvo algum livro para a Biblioteca?<\/strong>\u00a0O prazo para devolu\u00e7\u00e3o de materiais ficar\u00e1 configurado para ocorrer no dia 27 de abril de 2020 conforme\u00a0<strong><a href=\"https:\/\/www.ufsm.br\/2020\/03\/16\/biblioteca-central-fecha-e-estende-prazo-para-devolucoes\/\">nota publicada pela Biblioteca Central<\/a>.<\/strong><\/p><p dir=\"ltr\"><strong>O Hospital Veterin\u00e1rio Universit\u00e1rio vai parar tamb\u00e9m?<\/strong>\u00a0<a href=\"https:\/\/www.ufsm.br\/2020\/03\/16\/hospital-veterinario-universitario-vai-atender-apenas-casos-de-urgencia-e-emergencia\/\">O\u00a0Hospital Veterin\u00e1rio Universit\u00e1rio vai atender apenas casos de urg\u00eancia e emerg\u00eancia conforme\u00a0<\/a><strong>not\u00edcia.<\/strong><\/p><p dir=\"ltr\"><strong>Esse n\u00famero de telefone da UFSM 8500 para pessoas com sintomas\/suspeita \u00e9 verdadeiro?<\/strong> Sim, o \u201c<a href=\"https:\/\/www.ufsm.br\/2020\/03\/17\/ufsm-lanca-disque-covid-para-esclarecimentos-a-comunidade\/\">Disque Covid UFSM<\/a>\u201d \u00e9 uma central voltada \u00e0 comunidade interna e externa e funcionar\u00e1 das 7h \u00e0s 19h pelo telefone (55) 3220-8500.\u00a0O n\u00famero 3213 1800 tamb\u00e9m est\u00e1 dispon\u00edvel.<\/p><p dir=\"ltr\"><strong>A Cl\u00ednica da Odontologia (triagem, pediatria e adulta) vai parar tamb\u00e9m?<\/strong>\u00a0Sim, as cl\u00ednicas suspenderam o atendimento. Como os atendentes s\u00e3o estudantes, optou-se pela suspens\u00e3o dos servi\u00e7os enquanto durar o per\u00edodo de quarentena como forma de preven\u00e7\u00e3o.<\/p><\/div>\n\t\t\t\t<\/div>\n\t\t\t\t\t\t\t<div class=\"elementor-toggle-item\">\n\t\t\t\t\t<div id=\"elementor-tab-title-1442\" class=\"elementor-tab-title\" data-tab=\"2\" role=\"button\" aria-controls=\"elementor-tab-content-1442\" aria-expanded=\"false\">\n\t\t\t\t\t\t\t\t\t\t\t\t<span class=\"elementor-toggle-icon elementor-toggle-icon-left\" aria-hidden=\"true\">\n\t\t\t\t\t\t\t\t\t\t\t\t\t\t\t<span class=\"elementor-toggle-icon-closed\"><i class=\"fas fa-caret-right\"><\/i><\/span>\n\t\t\t\t\t\t\t\t<span class=\"elementor-toggle-icon-opened\"><i class=\"elementor-toggle-icon-opened fas fa-caret-up\"><\/i><\/span>\n\t\t\t\t\t\t\t\t\t\t\t\t\t<\/span>\n\t\t\t\t\t\t\t\t\t\t\t\t<a class=\"elementor-toggle-title\" tabindex=\"0\">Sobre benef\u00edcio socioecon\u00f4mico<\/a>\n\t\t\t\t\t<\/div>\n\n\t\t\t\t\t<div id=\"elementor-tab-content-1442\" class=\"elementor-tab-content elementor-clearfix\" data-tab=\"2\" role=\"region\" aria-labelledby=\"elementor-tab-title-1442\"><p dir=\"ltr\"><b>RU ser\u00e1 mantido?<br \/><\/b>Sede: Restaurante est\u00e1 fechado atendendo o decreto da Prefeitura Municipal. Est\u00e1 estruturando um aux\u00edlio alimenta\u00e7\u00e3o emergencial para os alunos moradores da Casa do Estudante que permaneceram na Universidade.<br \/>Frederico Westphalen: fechar\u00e1 a partir do dia 18 de mar\u00e7o, disponibilizando kits de alimenta\u00e7\u00e3o para os estudantes da Casa do Estudante e pens\u00f5es vizinhas ao campus. <br \/>Palmeira das Miss\u00f5es: fechado desde 23 de mar\u00e7o, ofertando distribui\u00e7\u00e3o para os moradores da Casa do Estudante no dia 24\/3, \u00e0s 10h.<br \/>Cachoeira do Sul: fechar\u00e1 a partir do dia 18 de mar\u00e7o, disponibilizando kits de alimenta\u00e7\u00e3o para os moradores da Casa do Estudante.<\/p><p dir=\"ltr\"><strong>Moradores da casa ainda tem RU?\u00a0<br \/><\/strong>Sede: Restaurante est\u00e1 fechado atendendo o decreto da Prefeitura Municipal. Est\u00e1 estruturando um aux\u00edlio alimenta\u00e7\u00e3o emergencial para os alunos moradores da Casa do Estudante que permaneceram na Universidade.<br \/>Frederico Westphalen: fechar\u00e1 a partir do dia 18 de mar\u00e7o, disponibilizando kits de alimenta\u00e7\u00e3o para os estudantes da Casa do Estudante e pens\u00f5es vizinhas ao campus.\u00a0<br \/>Palmeira das Miss\u00f5es: fechado desde 23 de mar\u00e7o, ofertando distribui\u00e7\u00e3o paraos moradores da Casa do Estudante no dia 24\/3, \u00e0s 10h.<br \/>Cachoeira do Sul: fechar\u00e1 a partir do dia 18 de mar\u00e7o, disponibilizando kits de alimenta\u00e7\u00e3o para os moradores da Casa do Estudante.<\/p><p dir=\"ltr\"><strong>Alguma altera\u00e7\u00e3o na Moradia Estudantil?<\/strong>\u00a0<a href=\"https:\/\/www.ufsm.br\/pro-reitorias\/prae\/declaracoes-de-bse-e-comprovantes-de-residencia\/\">N\u00e3o, tudo normal<\/a>.\u00a0Os comprovantes de resid\u00eancia das CEU\u00b4s\/moradias provis\u00f3rias, assim como as declara\u00e7\u00f5es de BSE, <a href=\"https:\/\/docs.google.com\/forms\/d\/e\/1FAIpQLSd1GZXiBfdwhYw6B6iOi9-ZFCvfO686H6KWLPmJwtAtOCMjfw\/viewform\">dever\u00e3o ser solicitadas atrav\u00e9s do\u00a0<\/a><strong>formul\u00e1rio.\u00a0<br \/><\/strong><strong><a href=\"https:\/\/www.ufsm.br\/pro-reitorias\/prae\/suspensao-do-edital-007-2020-prae-processo-seletivo-moradia-estudantil-de-palmeira-das-missoes\/\">Em Palmeira das Miss\u00f5es, o edital est\u00e1 suspenso.<\/a><\/strong><\/p><p dir=\"ltr\"><strong>Como fica o processo seletivo para o Benef\u00edcio Socioecon\u00f4mico (BSE)?<\/strong> <a href=\"https:\/\/www.ufsm.br\/pro-reitorias\/prae\/comunicado-sobre-processo-seletivo-do-beneficio-socioeconomico\/\">O\u00a0prazo de 30 dias para entrega dos documentos, seja primeira entrega ou situa\u00e7\u00e3o de recurso, come\u00e7ar\u00e1 a contar somente a partir da normaliza\u00e7\u00e3o das atividades da UFSM<\/a>. Este procedimento tamb\u00e9m se aplica \u00e0 marca\u00e7\u00e3o de entrevista com os (as) profissionais assistentes sociais.\u00a0<\/p><p dir=\"ltr\"><strong>Como fica a entrega da documenta\u00e7\u00e3o para quem tem o benef\u00edcio ao aux\u00edlio transporte? Ir\u00e3o prorrogar o Edital?<\/strong>\u00a0Todos os editais da Pr\u00f3-Reitoria de Assuntos Estudantis (PRAE) est\u00e3o suspensos por tempo indeterminado\u00a0conforme\u00a0<strong><a href=\"https:\/\/www.ufsm.br\/pro-reitorias\/prae\/nota-publica-bolsas-prae\/\">nota publicada pela PRAE<\/a>.<\/strong><\/p><p dir=\"ltr\"><strong>Como vai funcionar o Servi\u00e7o de Sa\u00fade da Casa do Estudante?<\/strong> Durante o per\u00edodo de suspens\u00e3o das atividades acad\u00eamicas e administrativas da UFSM, <a href=\"https:\/\/www.ufsm.br\/pro-reitorias\/prae\/alteracoes-no-horario-de-atendimento-do-servico-de-saude-da-casa-durante-o-periodo-de-suspensao-das-atividades-academicas-e-administrativas\/\">o hor\u00e1rio de atendimento ser\u00e1 das 8h \u00e0s 13h, no Pr\u00e9dio 48 D \u2013 3\u00ba Andar (Pr\u00e9dio da PRAE), na Sala 301 B<\/a>. Pessoas com suspeita de COVID \u2013 19 devem entrar em contato com a equipe da Sa\u00fade da Casa pelo telefone: (55) 99147-2757 e\u00a0 N\u00c3O devem dirigir-se at\u00e9 o local de atendimento.\u00a0<strong><br \/><\/strong><strong><a href=\"https:\/\/www.ufsm.br\/pro-reitorias\/prae\/suspensao-dos-atendimentos-odontologicos-na-prae\/\">Os atendimentos odontol\u00f3gicos est\u00e3o suspensos.<\/a><\/strong><\/p><\/div>\n\t\t\t\t<\/div>\n\t\t\t\t\t\t\t<div class=\"elementor-toggle-item\">\n\t\t\t\t\t<div id=\"elementor-tab-title-1443\" class=\"elementor-tab-title\" data-tab=\"3\" role=\"button\" aria-controls=\"elementor-tab-content-1443\" aria-expanded=\"false\">\n\t\t\t\t\t\t\t\t\t\t\t\t<span class=\"elementor-toggle-icon elementor-toggle-icon-left\" aria-hidden=\"true\">\n\t\t\t\t\t\t\t\t\t\t\t\t\t\t\t<span class=\"elementor-toggle-icon-closed\"><i class=\"fas fa-caret-right\"><\/i><\/span>\n\t\t\t\t\t\t\t\t<span class=\"elementor-toggle-icon-opened\"><i class=\"elementor-toggle-icon-opened fas fa-caret-up\"><\/i><\/span>\n\t\t\t\t\t\t\t\t\t\t\t\t\t<\/span>\n\t\t\t\t\t\t\t\t\t\t\t\t<a class=\"elementor-toggle-title\" tabindex=\"0\">Sobre aulas e matr\u00edculas<\/a>\n\t\t\t\t\t<\/div>\n\n\t\t\t\t\t<div id=\"elementor-tab-content-1443\" class=\"elementor-tab-content elementor-clearfix\" data-tab=\"3\" role=\"region\" aria-labelledby=\"elementor-tab-title-1443\"><p dir=\"ltr\"><strong>A suspens\u00e3o das aulas ser\u00e1 por 15 ou 30 dias?<\/strong> Na UFSM, por 30 dias, prorrogado por mais 30 dias, ou seja at\u00e9 15 de maio.<\/p><p dir=\"ltr\"><span style=\"font-weight: bold;font-size: 16px\">O Calend\u00e1rio Acad\u00eamico ser\u00e1 suspenso?<\/span><span style=\"font-size: 16px\">\u00a0At\u00e9 o momento as universidades n\u00e3o foram orientadas pelo Minist\u00e9rio da Educa\u00e7\u00e3o a suspender seus Calend\u00e1rios Acad\u00eamicos. As orienta\u00e7\u00f5es s\u00e3o para uso de servi\u00e7o remoto nas atividades administrativas e possibilidade de utiliza\u00e7\u00e3o de tecnologias em rede \/ tecnologias da informa\u00e7\u00e3o e comunica\u00e7\u00e3o nas atividades acad\u00eamicas que comportarem, em conson\u00e2ncia com as portarias ministeriais.<\/span><\/p><p dir=\"ltr\" style=\"color: #1c1c1c;font-size: 16px\"><strong>Quem n\u00e3o tem acesso \u00e0 internet ou computador vai realizar as atividades via Moodle ou Ambiente Virtual como?<\/strong> O registro das atividades pode ser contabilizado, inclusive a participa\u00e7\u00e3o dos estudantes, em face do <a href=\"https:\/\/www.ufsm.br\/wp-content\/uploads\/2020\/03\/IN-002-2020-PROGRAD-UFSM.pdf\">Regime de Exerc\u00edcios Domiciliares Especiais (REDE)<\/a>, sem preju\u00edzo para o estudante que n\u00e3o realize as atividades por dificuldades de acesso. At\u00e9 se o aluno n\u00e3o se comunicar. ele poder\u00e1 realizar a informa\u00e7\u00e3o de dificuldade de acesso ao t\u00e9rmino da restri\u00e7\u00e3o. Ao final do tempo de suspens\u00e3o de atividades presenciais, ser\u00e1 reavaliado o calend\u00e1rio e retificado com o per\u00edodo destinado \u00e0 recupera\u00e7\u00e3o das mesmas .Mesmo que uma grande parte da turma realize as atividades, aqueles que n\u00e3o fizerem poder\u00e3o faz\u00ea-lo durante o per\u00edodo de recupera\u00e7\u00e3o. Trata-se de uma recupera\u00e7\u00e3o de atividades com cronograma estabelecido pelo docente da disciplina, dentro do espa\u00e7o estabelecido pelo Calend\u00e1rio Acad\u00eamico, com retifica\u00e7\u00e3o que ser\u00e1 aprovada pelo Conselho de Ensino, Pesquisa e Extens\u00e3o\u00a0 (CEPE). Portanto, as atividades avaliativas podem ser aplicadas pelos docentes. Quem n\u00e3o puder fazer ter\u00e1 total liberdade de recuperar. Trata-se de um per\u00edodo de exce\u00e7\u00e3o, onde o trabalho colaborativo e o contato virtual com os estudantes e comunidade acad\u00eamica, mantendo uma rede de aux\u00edlios m\u00fatuos e articulada em prol de nossa sanidade f\u00edsica e mental, \u00e9 o essencial.\u00a0<\/p><p><b>Caso utilize Tecnologias Educacionais em Rede no Regime de Exerc\u00edcios Domiciliares e alguns acad\u00eamicos n\u00e3o aderirem, terei que, no per\u00edodo de recupera\u00e7\u00e3o, ministrar todas as aulas, de forma presencial a estes estudantes?<\/b>N\u00e3o, as atividades foram disponibilizadas em um ambiente, ou por e-mail ou utilizando outra tecnologia. Assim, quando do retorno das atividades presenciais, basta organizar um cronograma para que os estudantes possam acessar os conte\u00fados e responder as atividades, estando dispon\u00edvel para sanar d\u00favidas do mesmo.<\/p><p><b>N\u00e3o tenho flu\u00eancia na utiliza\u00e7\u00e3o de tecnologias em rede e tamb\u00e9m acredito que o conte\u00fado que ministro em minhas disciplinas n\u00e3o seria bem recepcionado com a utiliza\u00e7\u00e3o destas ferramentas. Sou obrigado a aderir ao Regime de Exerc\u00edcios Domiciliares Especiais?<\/b> As Instru\u00e7\u00f5es Normativas 02 e 03 da Pr\u00f3-Reitoria de Gradua\u00e7\u00e3o facultam a utiliza\u00e7\u00e3o do REDE, respeitando assim a compreens\u00e3o e liberdade de c\u00e1tedra de cada docente.<\/p><p><b>As disciplinas que ministro s\u00e3o pr\u00e1ticas, sou obrigado a utilizar o REDE?<\/b> N\u00e3o, as INs 02 e 03 facultam a sua execu\u00e7\u00e3o por interm\u00e9dio do Regime de Exerc\u00edcios Domiciliares Especiais, a crit\u00e9rio do docente da disciplina.<\/p><p><b>Como ficam as pr\u00e1ticas de est\u00e1gio e laborat\u00f3rios?<\/b> Ficam vedadas a substitui\u00e7\u00e3o pelo uso de Tecnologias em Rede, em respeito \u00e0s Portarias Normativas N. 343, 345 e 356. Todavia, os cursos da \u00e1rea da sa\u00fade, especificamente Enfermagem. Fisioterapia, Farm\u00e1cia e Medicina possuem, em car\u00e1ter excepcional, a possibilidade de realizarem o est\u00e1gio curricular em unidades b\u00e1sicas de sa\u00fade, unidades de pronto atendimento, rede hospitalar e comunidades a serem especificadas pelo Minist\u00e9rio da Sa\u00fade, enquanto durar a situa\u00e7\u00e3o do COVID-19 (coronav\u00edrus). A situa\u00e7\u00e3o espec\u00edfica da \u00e1rea de sa\u00fade est\u00e1 regulamentada, inclusive por termo de ades\u00e3o, na\u00a0<a href=\"https:\/\/www.ufsm.br\/pro-reitorias\/prograd\/wp-content\/uploads\/sites\/342\/2020\/03\/IN-003-2020-PROGRAD.pdf\" target=\"_blank\" rel=\"noopener\"><b>Instru\u00e7\u00e3o Normativa N. 03\/2020\u00a0 da PROGRAD\/UFSM<\/b><\/a>.<\/p><p><b>Como ficam os registros das aulas e presen\u00e7as?<\/b> Aderindo ao Regime de Exerc\u00edcios Domiciliares Especiais o docente registra as aulas semanalmente. Quanto as presen\u00e7as, registra conforme: \u00a0a) a intera\u00e7\u00e3o do estudante durante as aulas que utilizam mecanismos de reuni\u00e3o online, sala virtual ou bate-papo; b) o acusar de recebimento de um e-mail com conte\u00fado \u2013 recursos did\u00e1ticos; c) a resposta de alguma atividade e c) qualquer forma de intera\u00e7\u00e3o com o docente em suas propostas did\u00e1tico-pedag\u00f3gicas. Caso o estudante n\u00e3o interaja neste per\u00edodo, no momento do retorno das atividades presencias poder\u00e1 recuperar realizando as atividades, no cronograma proposto pelo docente, dentro do per\u00edodo de recupera\u00e7\u00e3o do calend\u00e1rio, recuperando assim as faltas eventualmente lan\u00e7adas. O per\u00edodo \u00e9 de total flexibiliza\u00e7\u00e3o e compreens\u00e3o com a situa\u00e7\u00e3o grave que vivenciamos.<\/p><p><span style=\"font-weight: bolder;font-size: 16px\">Como fica a quest\u00e3o das faltas?\u00a0<\/span><span style=\"font-size: 16px\">Segundo a\u00a0<\/span><span style=\"font-weight: bolder;font-size: 16px\"><a href=\"https:\/\/www.ufsm.br\/pro-reitorias\/prograd\/wp-content\/uploads\/sites\/342\/2020\/03\/IN-002-2020-PROGRAD-UFSM.pdf\" target=\"_blank\" rel=\"noopener\">Instru\u00e7\u00e3o Normativa 02\/2020 da PROGRAD<\/a><\/span><span style=\"font-size: 16px\">: Art. 8\u00ba) Todas as a\u00e7\u00f5es desenvolvidas pelo docente dever\u00e3o ser registradas e arquivadas para futura comprova\u00e7\u00e3o e Art. 9\u00ba Em rela\u00e7\u00e3o ao Di\u00e1rio de Classe, as presen\u00e7as ser\u00e3o atribu\u00eddas em face do acompanhamento e realiza\u00e7\u00e3o das atividades por parte dos discentes.<\/span><\/p><p><b>Que tecnologias posso utilizar no Regime de Exerc\u00edcios Domiciliares Especiais?\u00a0<\/b>A <strong><a href=\"https:\/\/www.ufsm.br\/pro-reitorias\/prograd\/wp-content\/uploads\/sites\/342\/2020\/03\/IN-002-2020-PROGRAD-UFSM.pdf\">Instru\u00e7\u00e3o Normativa N. 02\/2020\/PROGRAD<\/a><\/strong> prev\u00ea:<br \/>I \u2013 Ambientes Virtuais de Ensino-Aprendizagem, a exemplo do Moodle; II \u2013 E-mail; III \u2013 Grupos Espec\u00edficos em Redes Sociais; IV \u2013 Skype; V \u2013 Aplica\u00e7\u00f5es do G Suite for Education; VI \u2013 outras formas de compartilhar recursos e aplicar\/avaliar atividades escolhidas pelo docente da disciplina e acess\u00edveis aos estudantes.<br \/>Na p\u00e1gina da Prograd, \u00a0j\u00e1 temos v\u00e1rios exemplos com v\u00eddeos ilustrativos no link \u201c<a href=\"https:\/\/www.ufsm.br\/pro-reitorias\/prograd\/2020\/03\/19\/prograd-publica-orientacoes-para-as-atividades-do-regime-de-exercicios-domiciliares-especiais-rede\/\" target=\"_blank\" rel=\"noopener\"><b>Orienta\u00e7\u00f5es: Atividades do Regime de Exerc\u00edcios Domiciliares Especiais (REDE)<\/b><\/a>&#8220;.<\/p><p><b>Serei prejudicado se n\u00e3o conseguir realizar as atividades e nem interagir com colegas e professores durante o Regime de Exerc\u00edcios Domiciliares Especiais?<\/b> De forma alguma, a\u00a0<a href=\"https:\/\/www.ufsm.br\/pro-reitorias\/prograd\/wp-content\/uploads\/sites\/342\/2020\/03\/IN-003-2020-PROGRAD.pdf\" target=\"_blank\" rel=\"noopener\"><b>Instru\u00e7\u00e3o Normativa N. 03\/2020 da PROGRAD<\/b><\/a>\u00a0informa expressamente que \u201cos estudantes que tiverem dificuldades no acesso \u00e0 internet, bem como \u00e0 dispositivos para uso de Tecnologias em Rede, dever\u00e3o comunicar tal situa\u00e7\u00e3o ao docente da disciplina. Considera-se que as atividades v\u00e3o estar liberadas para estes discentes nos ambientes proporcionados pelos docentes e que poder\u00e3o ser acessadas e recuperadas ao t\u00e9rmino do per\u00edodo de suspens\u00e3o das atividades presenciais, conforme per\u00edodo delimitado na futura retifica\u00e7\u00e3o do Calend\u00e1rio Acad\u00eamico 2020. A presente situa\u00e7\u00e3o aplica-se tamb\u00e9m a acessibilidade de pessoa com defici\u00eancia.<\/p><p><b>Qual a finalidade principal do Regime de Exerc\u00edcios Domiciliares Especiais (REDE) durante o per\u00edodo de suspens\u00e3o das atividades presenciais em face do COVID-19?\u00a0<\/b>Em meio a uma crise o equil\u00edbrio e a tranquilidade s\u00e3o fundamentais. Queremos manter a comunidade acad\u00eamica em colabora\u00e7\u00e3o e comunica\u00e7\u00e3o saud\u00e1veis. Por isso o Regime de Exerc\u00edcios Domiciliares Especiais \u00e9 facultativo e deve ser aplicado de maneira tranquila e parcimoniosa, para aproveitar o tempo em que estamos em isolamento e produzirmos redes de apoio entre n\u00f3s.<\/p><p dir=\"ltr\"><strong>Polit\u00e9cnico e CTISM param tamb\u00e9m?\u00a0<\/strong>Sim! Entenda mais na\u00a0<strong><a href=\"https:\/\/www.ufsm.br\/wp-content\/uploads\/2020\/03\/INSTRU%C3%87%C3%83O-NORMATIVA-CEBTT-01-2020.pdf.pdf\" target=\"_blank\" rel=\"noopener\">nota publicada pela Coordenadoria de Educa\u00e7\u00e3o B\u00e1sica, T\u00e9cnica e Tecnol\u00f3gica (CEBTT).\u00a0<\/a><\/strong><\/p><p dir=\"ltr\"><strong>Como fica a p\u00f3s-gradua\u00e7\u00e3o? Tamb\u00e9m ficam suspensas as atividades?<\/strong> Durante o per\u00edodo de suspens\u00e3o, <a href=\"https:\/\/www.ufsm.br\/pro-reitorias\/prpgp\/2020\/03\/16\/nota-publica-prpgp\/\">as atividades acad\u00eamicas e administrativas presenciais poder\u00e3o ser substitu\u00eddas por atividades em ambiente virtual ou domiciliares considerando as peculiaridades e posi\u00e7\u00e3o de cada CPG\/PPG<\/a>. As bancas de defesa (monografia, qualifica\u00e7\u00e3o, disserta\u00e7\u00e3o e tese) j\u00e1 agendadas no sistema com datas previstas a partir de 17.03.2020 podem ser mantidas com a utiliza\u00e7\u00e3o de ambiente online ou por parecer para todos os membros da banca. Em casos espec\u00edficos nos quais n\u00e3o h\u00e1 essa possibilidade, a PRPGP indica que a sess\u00e3o de defesa seja realizada sem a presen\u00e7a de p\u00fablico.\u00a0<\/p><p dir=\"ltr\" style=\"font-size: 16px\"><span style=\"font-weight: bolder\">Como vai ficar o ajuste?<\/span>\u00a0Todos os ajustes que precisam ser feitos na Secretaria do curso ser\u00e3o feitos ap\u00f3s o retorno das aulas, com per\u00edodo que ser\u00e1 divulgado.\u00a0Somente ser\u00e3o atendidas, por e-mail, solicita\u00e7\u00f5es emergenciais.\u00a0Mais informa\u00e7\u00f5es na\u00a0<span style=\"color: #204c90\"><a href=\"https:\/\/www.ufsm.br\/pro-reitorias\/prograd\/wp-content\/uploads\/sites\/342\/2020\/03\/IN-002-2020-PROGRAD-UFSM.pdf\"><span style=\"font-weight: bold\">Instru\u00e7\u00e3o Normativa 02\/2020 da PROGRAD<\/span><\/a><\/span>.<\/p><p dir=\"ltr\" style=\"font-size: 16px\"><span style=\"font-weight: bolder\">Quero a exclus\u00e3o de matr\u00edcula de alguma disciplina: como eu fa\u00e7o se dependo da Secretaria do curso?<\/span>\u00a0As matr\u00edculas estar\u00e3o ocorrendo conforme orienta\u00e7\u00f5es publicadas nos editais da PROGRAD e DERCA.<\/p><p dir=\"ltr\" style=\"font-size: 16px\"><span style=\"font-weight: bolder\">Ir\u00e3o prorrogar o prazo da matr\u00edcula extracurricular?<\/span>\u00a0<b>Quem precisa se matricular em disciplinas de outros cursos faz como?<\/b>\u00a0Haver\u00e1 novo per\u00edodo para matr\u00edcula extracurricular. Os interessados devem aguardar a divulga\u00e7\u00e3o de novo prazo.\u00a0Mais informa\u00e7\u00f5es na\u00a0<span style=\"color: #204c90\"><a href=\"https:\/\/www.ufsm.br\/pro-reitorias\/prograd\/wp-content\/uploads\/sites\/342\/2020\/03\/IN-002-2020-PROGRAD-UFSM.pdf\"><span style=\"font-weight: bold\">Instru\u00e7\u00e3o Normativa 02\/2020 da PROGRAD<\/span><\/a><\/span>.<\/p><p style=\"font-size: 16px\"><span style=\"font-weight: bolder\">Quem se forma nesse semestre pode ser prejudicado?<\/span>\u00a0O calend\u00e1rio acad\u00eamico ser\u00e1 atualizado e as datas das formaturas tamb\u00e9m sofrer\u00e3o altera\u00e7\u00f5es. Os formandos n\u00e3o ser\u00e3o prejudicados e ter\u00e3o sua formatura realizada ao final do 1\u00ba semestre letivo de 2020, conforme novas datas atualizadas no calend\u00e1rio acad\u00eamico.\u00a0Mais informa\u00e7\u00f5es na\u00a0<span style=\"color: #204c90\"><a href=\"https:\/\/www.ufsm.br\/pro-reitorias\/prograd\/wp-content\/uploads\/sites\/342\/2020\/03\/IN-002-2020-PROGRAD-UFSM.pdf\"><span style=\"font-weight: bold\">Instru\u00e7\u00e3o Normativa 02\/2020 da PROGRAD<\/span><\/a><\/span>.<\/p><p><strong>Existe uma central de treinamentos para ferramentas EAD?\u00a0<\/strong>Sim, a <strong><a href=\"https:\/\/www.ufsm.br\/pro-reitorias\/prograd\/\">Pr\u00f3-Reitoria de Gradua\u00e7\u00e3o (Prograd)<\/a><\/strong> preparou diversos materiais, tutoriais e dicas em seu site.<\/p><p><span style=\"font-weight: 400\"><strong>As atividades no regime de exerc\u00edcios domiciliares especiais ser\u00e3o desconsiderados no momento de reorganizar o semestre?<\/strong> N\u00e3o! Todas as atividades ser\u00e3o consideradas.<\/span><\/p><p><span style=\"font-weight: 400\"><strong>O calend\u00e1rio de ingresso e reingresso vai ser adiado?<\/strong> Sim, quando as atividades presenciais forem retomadas, o calend\u00e1rio acad\u00eamico ser\u00e1 reformulado.<\/span><\/p><p><span style=\"font-weight: 400\"><strong>Formaturas podem ser atrasadas?<\/strong> Sim, quando as atividades presenciais forem retomadas, o calend\u00e1rio acad\u00eamico ser\u00e1 reformulado.<\/span><\/p><p><span style=\"font-weight: 400\"><strong>O Teste de Sufici\u00eancia em L\u00edngua Estrangeira (TESLE) ser\u00e1 realizado esse semestre? Como fica a situa\u00e7\u00e3o de quem precisa realizar a prova para finalizar mestrado ou doutorado?<\/strong> Ser\u00e1 realizado quando as atividades presenciais forem retomadas. Enquanto isso, os prazos de defesa podem ser negociados com a coordena\u00e7\u00e3o do curso.<\/span><\/p><p><strong>Bancas para defesas de tese e disserta\u00e7\u00f5es podem ser agendadas nesse momento? Quais os protocolos necess\u00e1rios?<\/strong><span style=\"font-weight: 400\"> Sim, podem ocorrer por videoconfer\u00eancia ou parecer conforme <a href=\"https:\/\/www.ufsm.br\/wp-content\/uploads\/2020\/03\/Instru%C3%A7%C3%A3o-Normativa-01-2020-PRPGP-suspens%C3%A3o-atividades-presenciais.pdf\"><strong>Instru\u00e7\u00e3o Normativa publicada pela PRPGP<\/strong><\/a>. A solicita\u00e7\u00e3o \u00e9 feita online e deve ser combinada com o orientador e coordenador do curso.<\/span><\/p><p><strong>Defendi a tese na primeira semana de suspens\u00e3o das atividades, preciso esperar o retorno das atividades para entregar a documenta\u00e7\u00e3o e requerer\u00a0 o diploma? <\/strong>O Departamento de Registro e Controle Acad\u00eamico (Derca) n\u00e3o est\u00e1 atendendo presencialmente, por\u00e9m solicita\u00e7\u00f5es urgentes podem ser encaminhadas pelo e-mail <a href=\"mailto:derca@ufsm.br\">derca@ufsm.br.<\/a><\/p><\/div>\n\t\t\t\t<\/div>\n\t\t\t\t\t\t\t<div class=\"elementor-toggle-item\">\n\t\t\t\t\t<div id=\"elementor-tab-title-1444\" class=\"elementor-tab-title\" data-tab=\"4\" role=\"button\" aria-controls=\"elementor-tab-content-1444\" aria-expanded=\"false\">\n\t\t\t\t\t\t\t\t\t\t\t\t<span class=\"elementor-toggle-icon elementor-toggle-icon-left\" aria-hidden=\"true\">\n\t\t\t\t\t\t\t\t\t\t\t\t\t\t\t<span class=\"elementor-toggle-icon-closed\"><i class=\"fas fa-caret-right\"><\/i><\/span>\n\t\t\t\t\t\t\t\t<span class=\"elementor-toggle-icon-opened\"><i class=\"elementor-toggle-icon-opened fas fa-caret-up\"><\/i><\/span>\n\t\t\t\t\t\t\t\t\t\t\t\t\t<\/span>\n\t\t\t\t\t\t\t\t\t\t\t\t<a class=\"elementor-toggle-title\" tabindex=\"0\">Sobre servidores <\/a>\n\t\t\t\t\t<\/div>\n\n\t\t\t\t\t<div id=\"elementor-tab-content-1444\" class=\"elementor-tab-content elementor-clearfix\" data-tab=\"4\" role=\"region\" aria-labelledby=\"elementor-tab-title-1444\"><p><strong>Como fica a situa\u00e7\u00e3o dos servidores?<\/strong>\u00a0N\u00e3o haver\u00e1 atendimento ao p\u00fablico em nenhum dos ambientes administrativos ou acad\u00eamicos. Entretanto, \u00e9 responsabilidade da chefia definir, junto \u00e0s suas equipes, quais atividades devem ser desenvolvidas de forma remota.\u00a0Assim como, se h\u00e1 atividades que devem ser desenvolvidas de forma presencial, considerando a supremacia do interesse p\u00fablico, conforme <strong><a href=\"https:\/\/www.ufsm.br\/pro-reitorias\/progep\/wp-content\/uploads\/sites\/341\/2020\/03\/Instru%C3%A7%C3%A3o-Normativa-001_2020-PROGEP.pdf\">IN 001\/PROGEP<\/a>.<\/strong><\/p><p><strong>Como fica o ponto dos t\u00e9cnico-administrativos em educa\u00e7\u00e3o?<\/strong>\u00a0Para os servidores que n\u00e3o se encontram em atividade presencial, o sistema de controle de jornada de trabalho foi ajustado no per\u00edodo de suspens\u00e3o das atividades presenciais, conforme\u00a0o Artigo 6\u00ba da <a href=\"https:\/\/www.ufsm.br\/pro-reitorias\/progep\/wp-content\/uploads\/sites\/341\/2020\/03\/Instru%C3%A7%C3%A3o-Normativa-001_2020-PROGEP.pdf\"><strong>IN 001\/PROGEP<\/strong><\/a>, com o lan\u00e7amento da ocorr\u00eancia de \u201cSuspens\u00e3o das Atividades Administrativas Presenciais<strong>\u201d<\/strong><strong>. Dessa forma,<\/strong> <strong>as chefias podem realizar o fechamento do ponto normalmente, sem a necessidade de inclus\u00e3o de novas ocorr\u00eancias. Aos servidores sujeitos ao controle de registro de frequ\u00eancia, recomenda ainda que, quando houver necessidade de realiza\u00e7\u00e3o de atividades presenciais, sejam efetuadas a \u201centrada\u201d e a \u201csa\u00edda\u201d no ponto. Isso contribuir\u00e1 para o acervo documental quanto \u00e0s a\u00e7\u00f5es realizadas no per\u00edodo.<\/strong><\/p><p><strong>Por que os concursos para t\u00e9cnico-administrativos n\u00e3o est\u00e3o tendo continuidade, se algumas etapas podem ser realizadas remotamente? <\/strong>Conforme\u00a0a <a href=\"https:\/\/www.ufsm.br\/pro-reitorias\/progep\/wp-content\/uploads\/sites\/341\/2020\/03\/Instru%C3%A7%C3%A3o-Normativa-001_2020-PROGEP.pdf\"><strong>IN 001\/PROGEP<\/strong><\/a>, os prazos de concursos e sele\u00e7\u00f5es p\u00fablicas est\u00e3o suspensos enquanto as atividades administrativas presenciais estiverem suspensas. Somente concursos relacionados \u00e0 \u00e1rea de sa\u00fade ter\u00e3o continuidade, pois os profissionais poder\u00e3o auxiliar em atividades relacionadas \u00e0 pandemia.<\/p><p>Os concursos para cargos que n\u00e3o tenham rela\u00e7\u00e3o com atividades ligadas \u00e0 \u00e1rea da sa\u00fade poder\u00e3o ser finalizados neste per\u00edodo, caso n\u00e3o possu\u00edrem nenhuma etapa adicional a ser cumprida, restando apenas a homologa\u00e7\u00e3o do resultado.<\/p><p><strong>Ser\u00e3o realizadas as contrata\u00e7\u00f5es dos professores substitutos cujas sele\u00e7\u00f5es p\u00fablicas j\u00e1 estejam homologadas? <\/strong>Conforme a <a href=\"https:\/\/www.ufsm.br\/pro-reitorias\/progep\/wp-content\/uploads\/sites\/341\/2020\/03\/Instru%C3%A7%C3%A3o-Normativa-001_2020-PROGEP.pdf\"><strong>IN 001\/PROGEP<\/strong><\/a>, somente concursos e sele\u00e7\u00f5es relacionados \u00e0 \u00e1rea de sa\u00fade ter\u00e3o continuidade, pois os profissionais poder\u00e3o auxiliar em atividades relacionadas \u00e0 pandemia. Assim, mesmo que a sele\u00e7\u00e3o p\u00fablica esteja homologada, os professores substitutos n\u00e3o ser\u00e3o contratados durante a suspens\u00e3o das atividades administrativas presenciais.<\/p><p><strong>Ser\u00e3o realizadas as nomea\u00e7\u00f5es dos professores efetivos cujos concursos p\u00fablicos j\u00e1 estejam homologados? <\/strong>No in\u00edcio deste ano (2020), conforme o posicionamento do Minist\u00e9rio da Educa\u00e7\u00e3o, por meio dos documentos &#8211; Of\u00edcio Circular n\u00ba 8\/2020\/GAB\/SPO\/SPO-MEC e Of\u00edcio n\u00ba 40\/2020\/CGRH\/DIFES\/SESU\/SESU-MEC, as IFES foram orientadas acerca de despesas com pessoal ativo e inativo e informadas sobre os limites de provimento de cargos autorizados no Banco de Professor. Nesse contexto, a UFSM adotou a estrat\u00e9gia de nomear apenas docentes necess\u00e1rios para que o semestre pudesse iniciar sem falta de profissionais. Situa\u00e7\u00e3o que seria reavaliada no in\u00edcio do pr\u00f3ximo semestre. Entretanto, com a emerg\u00eancia COVID \u2013 19, a gest\u00e3o decidiu dar seguimento \u00e0s nomea\u00e7\u00f5es e posses de cargos da \u00e1rea de sa\u00fade, pois os profissionais poder\u00e3o auxiliar em atividades relacionadas \u00e0 pandemia.<\/p><p>Assim, mesmo que o concurso p\u00fablico esteja homologado, os docentes n\u00e3o ser\u00e3o nomeados durante a suspens\u00e3o das atividades administrativas presenciais, conforme a <a href=\"https:\/\/www.ufsm.br\/pro-reitorias\/progep\/wp-content\/uploads\/sites\/341\/2020\/03\/Instru%C3%A7%C3%A3o-Normativa-001_2020-PROGEP.pdf\"><strong>IN001\/PROGEP<\/strong><\/a>. Al\u00e9m disso, n\u00e3o h\u00e1 justificativa para acr\u00e9scimo de despesa referente a outros cargos, uma vez que estamos com as atividades presenciais suspensas. No caso de docentes cuja nomea\u00e7\u00e3o j\u00e1 havia sido publicada em Di\u00e1rio Oficial da Uni\u00e3o, e que n\u00e3o haviam tomado posse, o prazo de contagem para posse e exerc\u00edcio das atividades ser\u00e1 imediatamente retomado ap\u00f3s a cessa\u00e7\u00e3o dos efeitos das legisla\u00e7\u00f5es que suspenderam as atividades administrativas presenciais.<\/p><p><strong>Como ficar\u00e1 o prazo de validade dos concursos e sele\u00e7\u00f5es p\u00fablicas? <\/strong>Conforme\u00a0a <a href=\"https:\/\/www.ufsm.br\/pro-reitorias\/progep\/wp-content\/uploads\/sites\/341\/2020\/03\/Instru%C3%A7%C3%A3o-Normativa-001_2020-PROGEP.pdf\"><strong>IN001\/PROGEP <\/strong><\/a>e a <strong>Lei <a href=\"http:\/\/www.in.gov.br\/en\/web\/dou\/-\/lei-complementar-n-173-de-27-de-maio-de-2020-258915168\">Complementar N. 173\/2020<\/a><\/strong>, os prazos de concursos e sele\u00e7\u00f5es p\u00fablicas est\u00e3o suspensos enquanto as atividades administrativas presenciais estiverem suspensas.<\/p><p>Logo, a contagem dos prazos de vig\u00eancia de concursos e sele\u00e7\u00f5es p\u00fablicas de Docentes e de T\u00e9cnico-Administrativos em Educa\u00e7\u00e3o est\u00e1 suspensa e ser\u00e1 imediatamente retomada ap\u00f3s a cessa\u00e7\u00e3o dos efeitos das legisla\u00e7\u00f5es que suspenderam as atividades administrativas presenciais.<\/p><p><strong>Tenho f\u00e9rias agendadas para o per\u00edodo de suspens\u00e3o das atividades presenciais. \u00c9 poss\u00edvel remarc\u00e1-las?\u00a0<\/strong>Conforme\u00a0publica\u00e7\u00e3o da <a href=\"http:\/\/www.in.gov.br\/en\/web\/dou\/-\/instrucao-normativa-n-28-de-25-de-marco-de-2020-249807751\"><strong>IN 28\/ME<\/strong><\/a>, de 25 de mar\u00e7o de 2020, est\u00e1 <strong>vedado<\/strong> o cancelamento, a prorroga\u00e7\u00e3o ou a altera\u00e7\u00e3o dos per\u00edodos de f\u00e9rias j\u00e1 programadas. Ressalta-se que, para servi\u00e7os em atividades nas \u00e1reas de seguran\u00e7a, sa\u00fade ou de outras atividades consideradas <strong>essenciais<\/strong> pelo \u00f3rg\u00e3o ou entidade, as chefias imediatas poder\u00e3o solicitar \u00e0 PROGEP, pelo e-mail <a href=\"mailto:progep@ufsm.br\">progep@ufsm.br<\/a>, no interesse p\u00fablico e por necessidade de servi\u00e7o, interrup\u00e7\u00e3o ou cancelamento de f\u00e9rias, conforme previs\u00e3o legal.<\/p><p>Orienta-se que o pedido de cancelamento e remarca\u00e7\u00e3o de f\u00e9rias durante a suspens\u00e3o das atividades administrativas, considere:<\/p><p>Quando o cancelamento se referir ao primeiro per\u00edodo de f\u00e9rias do exerc\u00edcio, j\u00e1 percebidos os efeitos financeiros, o cancelamento total implicar\u00e1 em devolu\u00e7\u00e3o do adicional. A devolu\u00e7\u00e3o n\u00e3o ocorre caso o servidor usufrua ao menos um dia de f\u00e9rias do primeiro per\u00edodo.<\/p><p>Conforme orienta\u00e7\u00e3o encaminhada aos servidores anteriormente, a interrup\u00e7\u00e3o do per\u00edodo de f\u00e9rias n\u00e3o deve iniciar em finais de semana ou feriados, uma vez que a justificativa do cancelamento \u00e9 a necessidade do servi\u00e7o. Portanto, orienta-se observar o dia da semana em que se solicita o in\u00edcio do cancelamento.<\/p><p>A PROGEP est\u00e1 realizando apenas cancelamentos e remarca\u00e7\u00f5es que se referem ao per\u00edodo de suspens\u00e3o das atividades administrativas e per\u00edodos processados. Novas marca\u00e7\u00f5es de f\u00e9rias ou reajustes de per\u00edodos ainda n\u00e3o processados no sistema continuam a ser efetuados pelo setor de origem do servidor, a partir da aplica\u00e7\u00e3o Registro de F\u00e9rias (4.03.01.04) no SIE.<\/p><p><strong>\u00a0<\/strong><strong>Como fica o Processo Seletivo de Habilita\u00e7\u00e3o de Servidores para Afastamento para P\u00f3s-Gradua\u00e7\u00e3o Stricto Sensu?\u00a0<\/strong>Est\u00e1 temporariamente suspenso o\u00a0<a href=\"https:\/\/www.ufsm.br\/pro-reitorias\/progep\/editais\/0005-2020-005-2020-habilitacao-de-servidores-interessados-em-solicitar-afastamento-integral-para-participacao-em-programa-de-pos-graduacao-stricto-sensu\/\">Edital 005\/2020<\/a>\u00a0\u2013 Habilita\u00e7\u00e3o de Servidores Interessados em Solicitar Afastamento Integral para Participa\u00e7\u00e3o em Programa de P\u00f3s-Gradua\u00e7\u00e3o Stricto Sensu. A suspens\u00e3o ser\u00e1 mantida at\u00e9 o retorno das atividades administrativas presenciais da UFSM, quando novas orienta\u00e7\u00f5es e cronogramas ser\u00e3o informados.<\/p><p><strong>\u00a0<\/strong><strong>\u00c9 poss\u00edvel solicitar Licen\u00e7a para Capacita\u00e7\u00e3o e Afastamentos durante o per\u00edodo de suspens\u00e3o das atividades presenciais?\u00a0<\/strong>Os afastamentos eventuais e para treinamentos regularmente institu\u00eddos, nacionais e internacionais, est\u00e3o <strong>suspensos<\/strong>, podendo ser autorizados, a depender de justificativa, que dever\u00e1 ser encaminhada \u00e0 Pr\u00f3-Reitoria de Gest\u00e3o de Pessoas pelo e-mail\u00a0<a href=\"mailto:progep@ufsm.br\">progep@ufsm.br<\/a>. A referida justificativa ser\u00e1 avaliada juntamente ao Comit\u00ea de Crise junto \u00e0 Reitoria.<\/p><p>Em caso de afastamento j\u00e1 autorizado, nas modalidades citadas, o servidor dever\u00e1 solicitar o cancelamento deste no Portal do RH, conforme passo a passo: <em>(Portal do RH &gt; Portal do Servidor &gt; Afastamento &gt; Minhas Solicita\u00e7\u00f5es &gt; selecione o seu processo de afastamento &gt; clique no bot\u00e3o CANCELAR).<\/em><\/p><p><em>\u00a0<\/em>J\u00e1 quanto \u00e0s prorroga\u00e7\u00f5es dos afastamentos para p\u00f3s-gradua\u00e7\u00e3o\u00a0<em>stricto sensu<\/em>, estas ser\u00e3o analisadas caso a caso, conforme as orienta\u00e7\u00f5es normativas dos \u00f3rg\u00e3os superiores. Para isso, dever\u00e3o ser instru\u00eddas normalmente no Portal do Servidor.<\/p><p>As solicita\u00e7\u00f5es de Licen\u00e7a para Capacita\u00e7\u00e3o dever\u00e3o ser realizadas pelo servidor interessado junto ao Departamento de Arquivo Geral da UFSM (DAG), sendo que, durante o per\u00edodo de suspens\u00e3o das atividades administrativas, as c\u00f3pias digitalizadas da documenta\u00e7\u00e3o, devidamente preenchidas e assinadas, poder\u00e3o ser enviadas para o e-mail <a href=\"mailto:protocolodag@ufsm.br\">protocolodag@ufsm.br<\/a>. Orienta\u00e7\u00f5es acerca da documenta\u00e7\u00e3o que dever\u00e1 instruir o processo podem ser obtidas no link <a href=\"https:\/\/www.ufsm.br\/pro-reitorias\/progep\/servicos\/licenca-para-capacitacao\/\">https:\/\/www.ufsm.br\/pro-reitorias\/progep\/servicos\/licenca-para-capacitacao\/<\/a><\/p><p><strong>Est\u00e3o mantidas as tramita\u00e7\u00f5es e abertura de novos processos de Redistribui\u00e7\u00e3o?\u00a0<\/strong>As tramita\u00e7\u00f5es de processos de redistribui\u00e7\u00e3o foram retomadas e, os processos que j\u00e1 estavam em andamento est\u00e3o sendo encaminhados, gradativamente, considerando-se o contexto atual. <br \/>Durante o per\u00edodo de suspens\u00e3o das atividades administrativas presenciais,\u00a0o servidor interessado em\u00a0redistribui\u00e7\u00e3o\u00a0para a UFSM dever\u00e1 solicitar abertura de processo administrativo junto ao Departamento de Arquivo Geral da UFSM, encaminhando c\u00f3pia digitalizada da documenta\u00e7\u00e3o, em arquivos individuais, para o e-mail\u00a0<a href=\"mailto:protocolodag@ufsm.br\">protocolodag@ufsm.br<\/a>, conforme orienta\u00e7\u00f5es constantes na p\u00e1gina da Progep no link:\u00a0<a href=\"https:\/\/www.ufsm.br\/pro-reitorias\/progep\/servicos\/redistribuicao\/\">https:\/\/www.ufsm.br\/pro-reitorias\/progep\/servicos\/redistribuicao\/<\/a><\/p><p><strong>Quais as provid\u00eancias necess\u00e1rias para solicitar Progress\u00e3o por Capacita\u00e7\u00e3o e Incentivo \u00e0 Qualifica\u00e7\u00e3o de T\u00e9cnico-Administrativos em Educa\u00e7\u00e3o neste per\u00edodo?\u00a0<\/strong>Os processos de solicita\u00e7\u00e3o de\u00a0incentivo \u00e0 qualifica\u00e7\u00e3o\u00a0e\u00a0progress\u00e3o por capacita\u00e7\u00e3o poder\u00e3o ser encaminhados de forma online, pelo pr\u00f3prio servidor, por meio do Processo Eletr\u00f4nico Nacional (PEN), conforme orienta\u00e7\u00f5es disponibilizadas<a href=\"https:\/\/www.ufsm.br\/pro-reitorias\/progep\/2020\/04\/27\/nova-funcionalidade-pen-sie-abertura-de-alguns-tipos-de-processos-pelo-proprio-servidor\/\">\u00a0aqui ( link).<\/a><\/p><p>Ressalta-se que a publica\u00e7\u00e3o da Lei Complementar n\u00ba 173, de 27 de maio de 2020, poder\u00e1 impactar na progress\u00e3o dos servidores. Assim, informamos que, neste momento, a Pr\u00f3-Reitoria de Gest\u00e3o de Pessoas solicitou parecer sobre o assunto \u00e0 Procuradoria Federal junto \u00e0 UFSM, especialmente no que se refere aos aspectos legais, para, posteriormente, repassar informa\u00e7\u00f5es espec\u00edficas aos servidores. Dessa forma, solicita-se o aguardo de posicionamento oficial sobre o tema.<\/p><p><strong>Quais as provid\u00eancias necess\u00e1rias para solicitar progress\u00e3o por m\u00e9rito neste per\u00edodo?\u00a0<\/strong>Os processos de concess\u00e3o de progress\u00e3o por m\u00e9rito s\u00e3o de compet\u00eancia da Pr\u00f3-Reitoria de Gest\u00e3o de Pessoas e n\u00e3o envolvem a solicita\u00e7\u00e3o do servidor. As progress\u00f5es por m\u00e9rito dever\u00e3o ser implementadas de forma gradual, com data retroativa ao direito adquirido pelo servidor,\u00a0n\u00e3o acarretando nenhum preju\u00edzo financeiro ao mesmo.<\/p><p>Ressalta-se que a publica\u00e7\u00e3o da Lei Complementar n\u00ba 173, de 27 de maio de 2020, poder\u00e1 impactar na progress\u00e3o dos servidores. Assim, informamos que, neste momento, a Pr\u00f3-Reitoria de Gest\u00e3o de Pessoas solicitou parecer sobre o assunto \u00e0 Procuradoria Federal junto \u00e0 UFSM, especialmente no que se refere aos aspectos legais, para, posteriormente, repassar informa\u00e7\u00f5es espec\u00edficas aos servidores. Dessa forma, solicita-se o aguardo de posicionamento oficial sobre o tema.<\/p><p><strong>Quais as provid\u00eancias necess\u00e1rias para solicitar: Progress\u00e3o, Promo\u00e7\u00e3o, Acelera\u00e7\u00e3o da Promo\u00e7\u00e3o, Retribui\u00e7\u00e3o por Titula\u00e7\u00e3o, nas carreiras do Magist\u00e9rio do Ensino Superior e do Magist\u00e9rio do Ensino B\u00e1sico, T\u00e9cnico e Tecnol\u00f3gico?\u00a0<\/strong><a href=\"https:\/\/www.ufsm.br\/pro-reitorias\/progep\/2020\/04\/27\/nova-funcionalidade-pen-sie-abertura-de-alguns-tipos-de-processos-pelo-proprio-servidor\/\">Os processos de Progress\u00e3o, Promo\u00e7\u00e3o, Acelera\u00e7\u00e3o da Promo\u00e7\u00e3o, Retribui\u00e7\u00e3o por Titula\u00e7\u00e3o poder\u00e3o ser encaminhados de forma online, pelo pr\u00f3prio servidor, por meio do Processo Eletr\u00f4nico Nacional (PEN), conforme orienta\u00e7\u00f5es disponibilizadas aqui.<\/a><\/p><p>Ressalta-se que a publica\u00e7\u00e3o da Lei Complementar n\u00ba 173, de 27 de maio de 2020, poder\u00e1 impactar na progress\u00e3o dos servidores. Assim, informamos que, neste momento, a Pr\u00f3-Reitoria de Gest\u00e3o de Pessoas solicitou parecer sobre o assunto \u00e0 Procuradoria Federal junto \u00e0 UFSM, especialmente no que se refere aos aspectos legais, para, posteriormente, repassar informa\u00e7\u00f5es espec\u00edficas aos servidores. Dessa forma, solicita-se o aguardo de posicionamento oficial sobre o tema.<\/p><p><strong>Como ser\u00e3o realizadas as avalia\u00e7\u00f5es de est\u00e1gio probat\u00f3rio neste per\u00edodo?\u00a0<\/strong>Os prazos para avalia\u00e7\u00e3o de est\u00e1gio probat\u00f3rio est\u00e3o sendo flexibilizados enquanto as atividades presenciais estiverem suspensas na UFSM, levando em considera\u00e7\u00e3o a situa\u00e7\u00e3o de cada servidor, individualmente. Estes prazos s\u00e3o referentes ao envio e retorno de fichas, \u00e0 emiss\u00e3o de Portarias de composi\u00e7\u00e3o de comiss\u00f5es de avalia\u00e7\u00e3o, \u00e0s homologa\u00e7\u00f5es, bem como a efetiva\u00e7\u00e3o das avalia\u00e7\u00f5es de est\u00e1gio probat\u00f3rio dos servidores. Esclarecemos, ainda,\u00a0<u>que n\u00e3o est\u00e3o suspensos os est\u00e1gios probat\u00f3rios em vigor<\/u>.\u00a0<\/p><div>Em um primeiro momento, foram retomadas as Avalia\u00e7\u00f5es que j\u00e1 haviam sido enviadas \u00e0s unidades, antes da suspens\u00e3o das atividades. Atualmente, est\u00e3o sendo enviadas, via PEN, as avalia\u00e7\u00f5es que ficaram pendentes de envio.<\/div><p><strong>\u00a0<\/strong><strong>Como proceder em rela\u00e7\u00e3o \u00e0 presta\u00e7\u00e3o de Servi\u00e7os Volunt\u00e1rios e <a href=\"https:\/\/www.ufsm.br\/pro-reitorias\/progep\/servicos\/programa-especial-de-participacao-em-atividades-de-ensino-pesquisa-e-extensao\/\">Programa Especial de Participa\u00e7\u00e3o em Atividades de Ensino, Pesquisa e Extens\u00e3o<\/a>?\u00a0<\/strong>A abertura de novos processos est\u00e1 suspensa. Os processos j\u00e1 abertos aguardam o retorno \u00e0s atividades presenciais para terem suas tramita\u00e7\u00f5es regularizadas. J\u00e1 as prorroga\u00e7\u00f5es de Termos de Ades\u00e3o aguardam o retorno \u00e0s atividades presenciais, para que sejam feitas com data retroativa. Enquanto isso, os volunt\u00e1rios e participantes do programa especial ter\u00e3o seus acessos aos sistemas preservados.<\/p><p><strong>O acesso ao SIGEPE\/SIGAC encontra-se bloqueado, como \u00e9 poss\u00edvel redefinir a senha?\u00a0<\/strong>\u00c9 necess\u00e1rio encaminhar um e-mail \u00e0 Coordenadoria\u00a0do Sistema de Pagamentos (<a href=\"mailto:coordenadoriapagamentos@ufsm.br\">coordenadoriapagamentos@ufsm.br<\/a>)\u00a0com nome completo e CPF, solicitando o desbloqueio. Ap\u00f3s a libera\u00e7\u00e3o, ser\u00e1 poss\u00edvel gerar uma nova senha no sistema SIGAC.<\/p><p><strong>Como fa\u00e7o para atualizar meus dados cadastrais?\u00a0<\/strong>\u00c9 necess\u00e1rio acessar o link <a href=\"https:\/\/www.ufsm.br\/pro-reitorias\/progep\/servicos\">https:\/\/www.ufsm.br\/pro-reitorias\/progep\/servicos<\/a> item: Dados Cadastrais e verificar quais os encaminhamentos necess\u00e1rios, dependendo do dado a ser atualizado.\u00a0<\/p><p><strong>Como fa\u00e7o para obter meu Comprovante de Rendimentos &#8211; para Declara\u00e7\u00e3o do Imposto de Renda? <\/strong>O Governo Federal disponibiliza os Comprovantes de Rendimentos dos servidores p\u00fablicos federais no <a href=\"https:\/\/www.servidor.gov.br\/\">Portal do Servidor<\/a>. Acesse o site, clique na op\u00e7\u00e3o &#8220;Sigepe Servidor e Pensionista&#8221; e fa\u00e7a o login com CPF e senha pessoal junto ao sistema SIGAC. O Comprovante de Rendimentos est\u00e1 dispon\u00edvel na aba &#8220;Dados financeiros&#8221;. D\u00favidas, entrar em contato com a Coordenadoria do Sistema de Pagamentos, pelo endere\u00e7o eletr\u00f4nico\u00a0<a href=\"mailto:coordenadoriapagamentos@ufsm.br\">coordenadoriapagamentos@ufsm.br<\/a>.<\/p><p><strong>N\u00e3o sou mais servidor da UFSM. Como fa\u00e7o para obter meu Comprovante de Rendimentos? (aplic\u00e1vel a servidores exonerados, desligados, ex-professor substituto, ex-m\u00e9dico residente, ex-residente multiprofissional).\u00a0<\/strong>\u00c9 necess\u00e1rio encaminhar um e-mail \u00e0 Coordenadoria\u00a0do Sistema de Pagamentos, cujo endere\u00e7o eletr\u00f4nico \u00e9\u00a0<a href=\"mailto:coordenadoriapagamentos@ufsm.br\">coordenadoriapagamentos@ufsm.br<\/a>\u00a0com nome completo e CPF solicitando o documento. A equipe retornar\u00e1 o e-mail com maiores informa\u00e7\u00f5es.<\/p><p><strong>\u00a0<\/strong><strong>Preciso solicitar pens\u00e3o civil e\/ou aux\u00edlio funeral, como procedo?\u00a0<\/strong>\u00c9 necess\u00e1rio encaminhar um e-mail ao\u00a0N\u00facleo de Pens\u00e3o e Aposentadoria \u00a0(NPA) pelo endere\u00e7o eletr\u00f4nico \u00a0<a href=\"mailto:npa@ufsm.br\">npa@ufsm.br<\/a>, com o assunto <strong>pens\u00e3o civil ou aux\u00edlio funeral<\/strong>. A equipe retornar\u00e1 o e-mail com maiores informa\u00e7\u00f5es.<\/p><p><strong>\u00a0<\/strong><strong>Estou em d\u00favida quanto ao recadastramento anual dos pensionistas ou aposentados, a quem devo me dirigir?\u00a0<\/strong>\u00c9 necess\u00e1rio encaminhar um e-mail ao\u00a0N\u00facleo de Pens\u00e3o e Aposentadoria (NPA) pelo endere\u00e7o eletr\u00f4nico \u00a0<a href=\"mailto:npa@ufsm.br\">npa@ufsm.br<\/a>. A equipe retornar\u00e1 o e-mail com maiores informa\u00e7\u00f5es.<\/p><p><strong>Preciso solicitar a Licen\u00e7a Paternidade, Aux\u00edlio Natalidade e Pr\u00e9-Escolar. Como procedo?<\/strong>\u00a0Os processos poder\u00e3o ser encaminhados, separadamente, de forma online, pelo pr\u00f3prio servidor, por meio do Processo Eletr\u00f4nico Nacional (PEN). \u00c9 necess\u00e1rio anexar o formul\u00e1rio, preenchido e assinado, assim como a c\u00f3pia da certid\u00e3o de nascimento e CPF. Os formul\u00e1rios encontram-se na p\u00e1gina da PROGEP em\u00a0<a href=\"https:\/\/www.ufsm.br\/pro-reitorias\/progep\/servicos\" target=\"_blank\" rel=\"noopener\" data-saferedirecturl=\"https:\/\/www.google.com\/url?q=https:\/\/www.ufsm.br\/pro-reitorias\/progep\/servicos&amp;source=gmail&amp;ust=1592658729010000&amp;usg=AFQjCNHbK1ssQXdvi9VPyvVzSG0BCeyUgQ\">Servi\u00e7os PROGEP<\/a>.<\/p><p>As solicita\u00e7\u00f5es ser\u00e3o realizadas\u00a0<a href=\"https:\/\/portal.ufsm.br\/documentos\/mainMenu.html\" target=\"_blank\" rel=\"noopener\" data-saferedirecturl=\"https:\/\/www.google.com\/url?q=https:\/\/portal.ufsm.br\/documentos\/mainMenu.html&amp;source=gmail&amp;ust=1592658729010000&amp;usg=AFQjCNGLkp9jri4Sa3cq7VBkgaF4AVs_XQ\">diretamente no Portal Documentos,<\/a>\u00a0n\u00e3o necessitando se dirigir \u00e0 Divis\u00e3o de Protocolo-DAG, no pr\u00e9dio da Reitoria.\u00a0O Tutorial para abertura de processos eletr\u00f4nicos no PEN-SIE est\u00e1 dispon\u00edvel na<a href=\"https:\/\/www.ufsm.br\/orgaos-suplementares\/dag\/pen\/\" target=\"_blank\" rel=\"noopener\" data-saferedirecturl=\"https:\/\/www.google.com\/url?q=https:\/\/www.ufsm.br\/orgaos-suplementares\/dag\/pen\/&amp;source=gmail&amp;ust=1592658729010000&amp;usg=AFQjCNG-tc8meUthfYot8AQ7DUycKfCjng\">\u00a0p\u00e1gina do PEN-SIE<\/a><u>,<\/u>\u00a0em \u201cApoio ao Usu\u00e1rio\u201d. (<a href=\"https:\/\/www.ufsm.br\/orgaos-suplementares\/dag\/pen\/wp-content\/uploads\/sites\/416\/2020\/05\/tutorial-de-abertura-pensie.pdf\" target=\"_blank\" rel=\"noopener\" data-saferedirecturl=\"https:\/\/www.google.com\/url?q=https:\/\/www.ufsm.br\/orgaos-suplementares\/dag\/pen\/wp-content\/uploads\/sites\/416\/2020\/05\/tutorial-de-abertura-pensie.pdf&amp;source=gmail&amp;ust=1592658729010000&amp;usg=AFQjCNF9BHoxi7zb4NtIWIqv6sNOzRJOqg\">Dispon\u00edvel aqui<\/a>).<\/p><p>Para d\u00favidas acerca dos procedimentos no PEN, contatar\u00a0<a href=\"mailto:pen@ufsm.br\" target=\"_blank\" rel=\"noopener\">pen@ufsm.br<\/a>. J\u00e1 para d\u00favidas sobre os procedimentos relativos \u00e0s concess\u00f5es e licen\u00e7as contatar\u00a0<a href=\"mailto:nuc@ufsm.br\" target=\"_blank\" rel=\"noopener\">nuc@ufsm.br<\/a>.<\/p><p><strong>Preciso comunicar aus\u00eancia do servi\u00e7o em raz\u00e3o de falecimento familiar. Como procedo?<\/strong>\u00a0\u00c9 necess\u00e1rio abrir o processo, de forma online, pelo pr\u00f3prio servidor, por meio do Processo Eletr\u00f4nico Nacional (PEN). \u00c9 necess\u00e1rio anexar o formul\u00e1rio, preenchido e assinado, assim como a c\u00f3pia da certid\u00e3o de \u00f3bito do familiar. O formul\u00e1rio encontra-se na p\u00e1gina da PROGEP em\u00a0<a href=\"https:\/\/www.ufsm.br\/pro-reitorias\/progep\/wp-content\/uploads\/sites\/341\/2018\/08\/Requerimento_Aus%C3%AAncia-do-servi%C3%A7o-em-raz%C3%A3o-de-falecimento-de-familiar.pdf\" target=\"_blank\" rel=\"noopener\" data-saferedirecturl=\"https:\/\/www.google.com\/url?q=https:\/\/www.ufsm.br\/pro-reitorias\/progep\/wp-content\/uploads\/sites\/341\/2018\/08\/Requerimento_Aus%25C3%25AAncia-do-servi%25C3%25A7o-em-raz%25C3%25A3o-de-falecimento-de-familiar.pdf&amp;source=gmail&amp;ust=1592658729011000&amp;usg=AFQjCNHMPjtvxsVn7WDL5i8E_2-_WkSNTw\">Servi\u00e7os PROGEP<\/a>.\u00a0As solicita\u00e7\u00f5es ser\u00e3o realizadas\u00a0<a href=\"https:\/\/portal.ufsm.br\/documentos\/mainMenu.html\" target=\"_blank\" rel=\"noopener\" data-saferedirecturl=\"https:\/\/www.google.com\/url?q=https:\/\/portal.ufsm.br\/documentos\/mainMenu.html&amp;source=gmail&amp;ust=1592658729011000&amp;usg=AFQjCNEQgZUJ97mIhv62hbrEN1T18S-PbA\">diretamente no Portal Documentos,<\/a>\u00a0n\u00e3o necessitando se dirigir \u00e0 Divis\u00e3o de Protocolo-DAG, no pr\u00e9dio da Reitoria.\u00a0O Tutorial para abertura de processos eletr\u00f4nicos no PEN-SIE est\u00e1 dispon\u00edvel na<a href=\"https:\/\/www.ufsm.br\/orgaos-suplementares\/dag\/pen\/\" target=\"_blank\" rel=\"noopener\" data-saferedirecturl=\"https:\/\/www.google.com\/url?q=https:\/\/www.ufsm.br\/orgaos-suplementares\/dag\/pen\/&amp;source=gmail&amp;ust=1592658729011000&amp;usg=AFQjCNFwjhWezGOLkdF1BEbJlGWz5kuXbw\">\u00a0p\u00e1gina do PEN-SIE<\/a><u>,<\/u>\u00a0em \u201cApoio ao Usu\u00e1rio\u201d. (<a href=\"https:\/\/www.ufsm.br\/orgaos-suplementares\/dag\/pen\/wp-content\/uploads\/sites\/416\/2020\/05\/tutorial-de-abertura-pensie.pdf\" target=\"_blank\" rel=\"noopener\" data-saferedirecturl=\"https:\/\/www.google.com\/url?q=https:\/\/www.ufsm.br\/orgaos-suplementares\/dag\/pen\/wp-content\/uploads\/sites\/416\/2020\/05\/tutorial-de-abertura-pensie.pdf&amp;source=gmail&amp;ust=1592658729011000&amp;usg=AFQjCNFwsVVEBw5TO9Ze5doJD_TVl64nPw\">Dispon\u00edvel aqui<\/a>).<\/p><p>Para d\u00favidas acerca dos procedimentos no PEN, contatar\u00a0<a href=\"mailto:pen@ufsm.br\" target=\"_blank\" rel=\"noopener\">pen@ufsm.br<\/a>. J\u00e1 para d\u00favidas sobre os procedimentos relativos \u00e0s concess\u00f5es e licen\u00e7as contatar\u00a0<a href=\"mailto:nuc@ufsm.br\" target=\"_blank\" rel=\"noopener\">nuc@ufsm.br<\/a>.<\/p><p><strong>Preciso comunicar aus\u00eancia do servi\u00e7o em raz\u00e3o de falecimento familiar. Como procedo? <\/strong>\u00c9 necess\u00e1rio enviar o <a href=\"https:\/\/www.ufsm.br\/pro-reitorias\/progep\/wp-content\/uploads\/sites\/341\/2018\/08\/Requerimento_Aus%C3%AAncia-do-servi%C3%A7o-em-raz%C3%A3o-de-falecimento-de-familiar.pdf\">formul\u00e1rio de aus\u00eancia do servi\u00e7o em raz\u00e3o de falecimento familiar<\/a>, preenchido e assinado, assim como a c\u00f3pia da certid\u00e3o de \u00f3bito para o N\u00facleo de An\u00e1lise de Concess\u00f5es-NUC, cujo e-mail \u00e9 nuc@ufsm.br, para garantir a data de envio.\u00a0<\/p><p>Salienta-se que o processo f\u00edsico dever\u00e1 ser aberto pelo pr\u00f3prio servidor, com os documentos citados quando as atividades administrativas presenciais retornarem. A ocorr\u00eancia s\u00f3 ser\u00e1 inserida no sistema ap\u00f3s a abertura do processo f\u00edsico. Caso o servidor necessite que a Licen\u00e7a seja inserida no Ponto Eletr\u00f4nico para organizar escala de trabalho, favor entrar em contato com o <a href=\"mailto:nuc@ufsm.br\">nuc@ufsm.br<\/a>, explicando a situa\u00e7\u00e3o diferenciada.<\/p><p><strong>\u00a0<\/strong><strong>\u00c9 poss\u00edvel agendar e realizar per\u00edcia m\u00e9dica no per\u00edodo de suspens\u00e3o das atividades presenciais? <\/strong>A partir de 11 de maio de 2020, a Per\u00edcia Oficial em Sa\u00fade (PEOF) est\u00e1 realizando per\u00edcias presenciais, previamente agendadas por e-mail.\u00a0Em virtude da emerg\u00eancia de sa\u00fade p\u00fablica decorrente do\u00a0Novo Coronav\u00edrus\u00a0(COVID-19), e conforme orienta\u00e7\u00f5es do Comunica SIAPE n\u00ba 562101 sobre a execu\u00e7\u00e3o das atividades nas Unidades SIASS durante a pandemia, o atendimento continua restrito. Portanto, os servidores que possuem atestado de afastamento do trabalho devido \u00e0 incapacidade por motivo de doen\u00e7a devem encaminh\u00e1-lo para o e-mail\u00a0\u00a0<a href=\"mailto:periciaoficialemsaude@ufsm.br\">periciaoficialemsaude@ufsm.br<\/a>, dentro do prazo legal (de at\u00e9 cinco dias consecutivos a contar do in\u00edcio do afastamento), e a equipe da Per\u00edcia far\u00e1 o agendamento pelo e-mail que o servidor encaminhou o atestado.\u00a0<\/p><p>Refor\u00e7amos que os servidores devem comparecer no Servi\u00e7o de Per\u00edcia Oficial em Sa\u00fade somente no dia e no hor\u00e1rio agendado para avalia\u00e7\u00e3o pericial. O uso de m\u00e1scara de prote\u00e7\u00e3o \u00e9 obrigat\u00f3rio na avalia\u00e7\u00e3o pericial e, se poss\u00edvel, comparecer sem acompanhante.<\/p><p><strong>\u00a0<\/strong><strong>Como proceder caso necessite me afastar do trabalho por problemas de sa\u00fade?\u00a0<\/strong>\u00c9 necess\u00e1rio encaminhar para a Per\u00edcia Oficial em Sa\u00fade, cujo e-mail \u00e9 <a href=\"mailto:periciaoficialemsaude@ufsm.br\">periciaoficialemsaude@ufsm.br<\/a>, o atestado com os dados completos, conforme regulamenta o Decreto n. 7003\/2009: nome leg\u00edvel do servidor, per\u00edodo de afastamento (data inicial e data final do per\u00edodo de afastamento sugerido pelo m\u00e9dico assistente), CID da patologia ou descri\u00e7\u00e3o por extenso da mesma com a permiss\u00e3o do servidor ao m\u00e9dico assistente, assinatura e carimbo do m\u00e9dico assistente (m\u00e9dico que emitiu o atestado) e data do atestado.\u00a0<\/p><p><strong>Como proceder caso necessite me afastar do trabalho por problemas de sa\u00fade em familiar?\u00a0<\/strong>\u00c9 necess\u00e1rio encaminhar para a Per\u00edcia Oficial em Sa\u00fade, cujo e-mail \u00e9 <a href=\"mailto:periciaoficialemsaude@ufsm.br\">periciaoficialemsaude@ufsm.br<\/a>, o atestado com os dados completos, conforme regulamenta o Decreto n. 7003\/2009: nome leg\u00edvel do servidor com a descri\u00e7\u00e3o da necessidade de cuidados do servidor ao familiar, nome leg\u00edvel do familiar que deve estar devidamente cadastrado para Licen\u00e7a de Tratamento de Sa\u00fade de Pessoa da Fam\u00edlia, per\u00edodo de afastamento (data inicial e data final do per\u00edodo de afastamento sugerido pelo m\u00e9dico assistente), CID da patologia do familiar ou descri\u00e7\u00e3o por extenso da mesma com a permiss\u00e3o do paciente (familiar) ao m\u00e9dico assistente, assinatura e carimbo do m\u00e9dico assistente (m\u00e9dico que emitiu o atestado) e data do atestado.<\/p><p><strong>Ap\u00f3s o encaminhamento do Atestado ao Servi\u00e7o de Per\u00edcia Oficial em Sa\u00fade (PEOF) o que devo fazer?\u00a0<\/strong>\u00c9 necess\u00e1rio aguardar o agendamento da per\u00edcia por e-mail. O atestado ser\u00e1 avaliado pelos m\u00e9dicos peritos e, se estiver completo, com todos os dados referidos acima, ser\u00e1 agendada a per\u00edcia.\u00a0<\/p><p><strong>Eu posso contatar o Servi\u00e7o de Per\u00edcia Oficial em Sa\u00fade por e-mail para mais esclarecimentos sobre demandas periciais?\u00a0<\/strong>Sim, conforme a <a href=\"https:\/\/www.ufsm.br\/wp-content\/uploads\/2020\/05\/20200508095811797-1.pdf\">Portaria N. 98.100<\/a>, de 08 de maio de 2020,\u00a0que prorroga por mais 30 dias o prazo de suspens\u00e3o das atividades acad\u00eamicas e administrativas presenciais,\u00a0estamos recebendo todas as demandas pertinentes \u00e0 avalia\u00e7\u00e3o pericial m\u00e9dica conforme a Lei 8.112\/90 somente pelo e-mail\u00a0<a href=\"mailto:periciaoficialemsaude@ufsm.br\">periciaoficialemsaude@ufsm.br<\/a>.\u00a0\u00a0As per\u00edcias presenciais ocorrer\u00e3o somente por agendamento.\u00a0<\/p><p><strong>Como proceder para solicitar o ressarcimento do plano de sa\u00fade?\u00a0<\/strong>\u00c9 necess\u00e1rio reunir a documenta\u00e7\u00e3o necess\u00e1ria e encaminhar para o e-mail <a href=\"mailto:planodesaude@ufsm.br\">planodesaude@ufsm.br<\/a>. Ser\u00e1 considerada a data para in\u00edcio do benef\u00edcio quando for recebida a documenta\u00e7\u00e3o completa. <a href=\"https:\/\/www.ufsm.br\/pro-reitorias\/progep\/servicos\/ressarcimento-plano-de-saude-assistencia-a-saude-suplementar\/\">Mais orienta\u00e7\u00f5es est\u00e3o dispon\u00edveis no link<\/a>.<\/p><\/div>\n\t\t\t\t<\/div>\n\t\t\t\t\t\t\t\t<\/div>\n\t\t\t\t<\/div>\n\t\t\t\t<\/div>\n\t\t\t\t\t<\/div>\n\t\t<\/div>\n\t\t\t\t\t<\/div>\n\t\t<\/section>\n\t\t\t\t<section class=\"elementor-section elementor-top-section elementor-element elementor-element-5c383ab elementor-section-boxed elementor-section-height-default elementor-section-height-default\" data-id=\"5c383ab\" data-element_type=\"section\">\n\t\t\t\t\t\t<div class=\"elementor-container elementor-column-gap-default\">\n\t\t\t\t\t<div class=\"elementor-column elementor-col-100 elementor-top-column elementor-element elementor-element-e80b99d\" data-id=\"e80b99d\" data-element_type=\"column\">\n\t\t\t<div class=\"elementor-widget-wrap elementor-element-populated\">\n\t\t\t\t\t\t<div class=\"elementor-element elementor-element-4f8747f elementor-widget elementor-widget-heading\" data-id=\"4f8747f\" data-element_type=\"widget\" data-widget_type=\"heading.default\">\n\t\t\t\t<div class=\"elementor-widget-container\">\n\t\t\t<h2 class=\"elementor-heading-title elementor-size-medium\">Sobre o a pandemia<\/h2>\t\t<\/div>\n\t\t\t\t<\/div>\n\t\t\t\t\t<\/div>\n\t\t<\/div>\n\t\t\t\t\t<\/div>\n\t\t<\/section>\n\t\t\t\t<section class=\"elementor-section elementor-top-section elementor-element elementor-element-e59c287 elementor-section-boxed elementor-section-height-default elementor-section-height-default\" data-id=\"e59c287\" data-element_type=\"section\">\n\t\t\t\t\t\t<div class=\"elementor-container elementor-column-gap-default\">\n\t\t\t\t\t<div class=\"elementor-column elementor-col-100 elementor-top-column elementor-element elementor-element-641f822\" data-id=\"641f822\" data-element_type=\"column\">\n\t\t\t<div class=\"elementor-widget-wrap elementor-element-populated\">\n\t\t\t\t\t\t<div class=\"elementor-element elementor-element-7b02a9f elementor-widget elementor-widget-toggle\" data-id=\"7b02a9f\" data-element_type=\"widget\" data-widget_type=\"toggle.default\">\n\t\t\t\t<div class=\"elementor-widget-container\">\n\t\t\t\t\t<div class=\"elementor-toggle\">\n\t\t\t\t\t\t\t<div class=\"elementor-toggle-item\">\n\t\t\t\t\t<div id=\"elementor-tab-title-1281\" class=\"elementor-tab-title\" data-tab=\"1\" role=\"button\" aria-controls=\"elementor-tab-content-1281\" aria-expanded=\"false\">\n\t\t\t\t\t\t\t\t\t\t\t\t<span class=\"elementor-toggle-icon elementor-toggle-icon-left\" aria-hidden=\"true\">\n\t\t\t\t\t\t\t\t\t\t\t\t\t\t\t<span class=\"elementor-toggle-icon-closed\"><i class=\"fas fa-caret-right\"><\/i><\/span>\n\t\t\t\t\t\t\t\t<span class=\"elementor-toggle-icon-opened\"><i class=\"elementor-toggle-icon-opened fas fa-caret-up\"><\/i><\/span>\n\t\t\t\t\t\t\t\t\t\t\t\t\t<\/span>\n\t\t\t\t\t\t\t\t\t\t\t\t<a class=\"elementor-toggle-title\" tabindex=\"0\">Sobre o coronav\u00edrus<\/a>\n\t\t\t\t\t<\/div>\n\n\t\t\t\t\t<div id=\"elementor-tab-content-1281\" class=\"elementor-tab-content elementor-clearfix\" data-tab=\"1\" role=\"region\" aria-labelledby=\"elementor-tab-title-1281\"><p dir=\"ltr\"><strong>Tendo contato com algum paciente infectado eu posso desenvolver a doen\u00e7a?\u00a0<\/strong>De modo geral, a transmiss\u00e3o ocorre quando algu\u00e9m entra em contato com as secre\u00e7\u00f5es de uma pessoa infectada, como got\u00edculas na tosse, espirro ou aperto de m\u00e3o. A exposi\u00e7\u00e3o tamb\u00e9m acontece ao tocar em algo que uma pessoa infectada tocou e depois colocar a m\u00e3o na boca, nariz ou olhos. Segundo estudos brit\u00e2nicos, cada paciente infectado por coronav\u00edrus pode transmitir a doen\u00e7a para at\u00e9 tr\u00eas pessoas.<\/p>\n<p dir=\"ltr\"><strong>O v\u00edrus pode ser transmitido sem contato f\u00edsico?<\/strong>\u00a0A transmiss\u00e3o do novo coronav\u00edrus ocorre n\u00e3o necessariamente pelo contato f\u00edsico com uma pessoa infectada, mas sim, com a exposi\u00e7\u00e3o ao v\u00edrus, que \u00e9 transportado por got\u00edculas expelidas pela fala, tosse ou espirro de pessoas doentes. A infec\u00e7\u00e3o se d\u00e1 quando estas got\u00edculas entram em contato com a mucosa dos olhos, nariz e boca.<\/p>\n<p dir=\"ltr\"><strong>Quem tem o v\u00edrus, mas ainda n\u00e3o sabe porque n\u00e3o tem sintomas contamina os demais da mesma forma?<\/strong><br \/>Sim, por isso \u00e9 importante prevenir a sua vida e de outras pessoas que convivem com voc\u00ea. Ent\u00e3o, evite aglomera\u00e7\u00f5es (se poss\u00edvel, fique em casa, de quarentena), lave bem as m\u00e3os e use \u00e1lcool gel, evite tocar o rosto (principalmente olhos, boca e nariz), mantenha os ambientes bem ventilados, cubra nariz e boca quando espirrar ou tossir, e n\u00e3o compartilhe objetos de uso pessoal (como talheres, pratos, copos ou garrafas).<\/p>\n<p><strong>Qual \u00e9 o ciclo do v\u00edrus? Quantos dias fica no corpo?<\/strong>\u00a0Em m\u00e9dia, as pessoas come\u00e7am a desenvolver sintomas a partir de 5 dias de cont\u00e1gio. Pesquisadores aconselham as pessoas que podem estar infectadas a se isolar voluntariamente por 14 dias. Mas \u00e9 preciso saber que \u00e9 poss\u00edvel que uma pessoa passe os dias de isolamento sem desenvolver sintomas, mas ainda assim estar infectada.<\/p>\n<p><strong>Quanto tempo o v\u00edrus fica vivo em uma superf\u00edcie de objeto?\u00a0<\/strong>Os estudos apontam que o v\u00edrus pode sobreviver em got\u00edculas por at\u00e9 tr\u00eas horas ap\u00f3s ser expelido no ar. Quando depositado sobre papel\u00e3o, o v\u00edrus pode sobreviver por\u00a0 at\u00e9 24 horas, e de dois a tr\u00eas dias sobre superf\u00edcies de pl\u00e1stico e a\u00e7o inoxid\u00e1vel, incluindo ma\u00e7anetas de portas, bancadas e outras superf\u00edcies duras.<\/p>\n<p><strong>\u00c9 transmitido atrav\u00e9s de lanches com tele entrega?\u00a0<\/strong>Ainda n\u00e3o est\u00e1 claro se isso \u00e9 poss\u00edvel, ent\u00e3o n\u00e3o podemos descartar a possibilidade de transmiss\u00e3o ocasional por pessoas que manipulam e entregam alimentos. Assim, medidas preventivas como lavar as m\u00e3os com \u00e1gua e sab\u00e3o ap\u00f3s tocar embalagens s\u00e3o necess\u00e1rias.<\/p>\n<p><strong>\u00c1lcool l\u00edquido tamb\u00e9m age como fator de prote\u00e7\u00e3o contra o coronav\u00edrus?\u00a0<\/strong>O \u00e1lcool l\u00edquido \u00e9 mais recomendado para a limpeza de superf\u00edcies, e o gel para a assepsia das m\u00e3os. Nas duas op\u00e7\u00f5es, a porcentagem de 70% de \u00e1lcool \u00e9 a mais indicada no combate ao COVID-19, abaixo disso pode n\u00e3o ser efetivo e acima pode causar irrita\u00e7\u00f5es na pele.\u00a0<\/p>\n<p><strong>Durante o isolamento, devo manter a casa fechada ou aberta?<\/strong><br \/>Aberta, para que haja uma fonte de ventila\u00e7\u00e3o e entrada de luz solar, j\u00e1 que o COVID-19 \u00e9 um v\u00edrus com pouca resist\u00eancia e que fica na superf\u00edcie dos objetos.<\/p>\n<p><strong>Como proceder em suspeita de algum caso de coronav\u00edrus?\u00a0<\/strong>Ligue para o \u201cDisque Covid UFSM\u201d das 7h \u00e0s 19h pelos telefones (55) 3320-8500 ou (55) 3213-1800. \u00c9 um canal de atendimento \u00e0 comunidade no combate ao novo coronav\u00edrus, voltada \u00e0 comunidade interna e externa, dispon\u00edvel para esclarecer acerca dos procedimentos a serem adotados individualmente ou em rela\u00e7\u00e3o a pessoas pr\u00f3ximas em caso de qualquer suspeita. O principal objetivo \u00e9 impedir o p\u00e2nico generalizado, evitando a superlota\u00e7\u00e3o\u00a0 do sistema de sa\u00fade. O mais importante \u00e9 ficar atento aos sintomas e fazer o auto-isolamento, se poss\u00edvel.\u00a0<\/p>\n<p><strong>Onde posso fazer o exame para ver se tenho o v\u00edrus?<\/strong>\u00a0<strong>N\u00e3o tenho todos os sintomas mas tenho medo de estar transmitindo.\u00a0<\/strong>Os testes para identificar o novo coronav\u00edrus existem na rede p\u00fablica e privada, por\u00e9m, n\u00e3o s\u00e3o aplicados para todos os interessados. A recomenda\u00e7\u00e3o do Minist\u00e9rio da Sa\u00fade \u00e9 que exames espec\u00edficos sejam feitos apenas em pacientes com, ao menos, dois sintomas e hist\u00f3rico de viagem ao exterior. Antes de procurar um exame m\u00e9dico, avalie seu quadro cl\u00ednico de outras formas, como no \u201cDisque Covid UFSM&#8221;, por exemplo.<\/p>\n<p><strong>Se n\u00e3o estou com febre, mas com a respira\u00e7\u00e3o um pouco dificultosa, deveria me preocupar?\u00a0<\/strong>Os sintomas mais comuns s\u00e3o tosse (seca ou com secre\u00e7\u00e3o) e febre (acima de 37\u00ba). Dificuldade respirat\u00f3ria aguda e insufici\u00eancia renal, entre outros, s\u00e3o sintomas que agravam o caso do novo coronav\u00edrus, mas que sem a presen\u00e7a de tosse e febre n\u00e3o indicam a doen\u00e7a.<\/p><\/div>\n\t\t\t\t<\/div>\n\t\t\t\t\t\t\t<div class=\"elementor-toggle-item\">\n\t\t\t\t\t<div id=\"elementor-tab-title-1282\" class=\"elementor-tab-title\" data-tab=\"2\" role=\"button\" aria-controls=\"elementor-tab-content-1282\" aria-expanded=\"false\">\n\t\t\t\t\t\t\t\t\t\t\t\t<span class=\"elementor-toggle-icon elementor-toggle-icon-left\" aria-hidden=\"true\">\n\t\t\t\t\t\t\t\t\t\t\t\t\t\t\t<span class=\"elementor-toggle-icon-closed\"><i class=\"fas fa-caret-right\"><\/i><\/span>\n\t\t\t\t\t\t\t\t<span class=\"elementor-toggle-icon-opened\"><i class=\"elementor-toggle-icon-opened fas fa-caret-up\"><\/i><\/span>\n\t\t\t\t\t\t\t\t\t\t\t\t\t<\/span>\n\t\t\t\t\t\t\t\t\t\t\t\t<a class=\"elementor-toggle-title\" tabindex=\"0\">Sobre a vacina\u00e7\u00e3o e nova fase da doen\u00e7a<\/a>\n\t\t\t\t\t<\/div>\n\n\t\t\t\t\t<div id=\"elementor-tab-content-1282\" class=\"elementor-tab-content elementor-clearfix\" data-tab=\"2\" role=\"region\" aria-labelledby=\"elementor-tab-title-1282\"><p><b>Como est\u00e1 o andamento da vacina\u00e7\u00e3o em Santa Maria? E nos demais campi da Institui\u00e7\u00e3o?\u00a0<\/b><\/p><p><span style=\"font-weight: 400\">Em Santa Maria, at\u00e9 o dia 15 de abril, foram recebidas 87.215 doses, entre 1\u00aa e 2\u00aa dose. Desse total, foram aplicadas 83% das vacinas. A dificuldade maior na cidade \u00e9 o quantitativo de vacinas recebidas, que \u00e9 menor do que a popula\u00e7\u00e3o que precisa receber o imunizante.\u00a0<\/span><\/p><p><span style=\"font-weight: 400\">De acordo com a Vigil\u00e2ncia Epidemiol\u00f3gica de Palmeira das Miss\u00f5es, no munic\u00edpio, 82,7% das vacinas que receberam foram aplicadas. 22,9%\u00a0 da popula\u00e7\u00e3o est\u00e1 coberta com a primeira dose e 3.6% com a segunda dose.<\/span><\/p><p><span style=\"font-weight: 400\">Em Cachoeira do Sul, a m\u00e9dia \u00e9 semelhante e em Frederico Westphalen, o n\u00famero beira 85,1% de doses aplicadas.\u00a0<\/span><\/p><p><span style=\"font-weight: 400\">*Informa\u00e7\u00f5es de 15\/04\/2021<\/span><\/p><p><b>Qual a perspectiva de vacina\u00e7\u00e3o de toda a popula\u00e7\u00e3o no RS? E no Brasil?<\/b><\/p><p><span style=\"font-weight: 400\">Temos a limita\u00e7\u00e3o de fabrica\u00e7\u00e3o e importa\u00e7\u00e3o da mat\u00e9ria prima b\u00e1sica. \u00c9 muito dif\u00edcil falar em datas e tempos reais, j\u00e1 tivemos v\u00e1rias quebras na rotina e de expectativas. A cada semana, o Estado informa qual vacina e qual dose vem e para que p\u00fablico alvo deve ser disponibilizada, ent\u00e3o n\u00e3o temos perspectiva de quando isso ser\u00e1 poss\u00edvel. <\/span><span style=\"font-weight: 400\">\u00a0<\/span><\/p><p><b>Qual o maior problema enfrentado pelas equipes de vacina\u00e7\u00e3o? (m\u00e3o-de-obra, insumos, infraestrutura, etc)<\/b><\/p><p><span style=\"font-weight: 400\">\u00c9 a disponibilidade de vacinas. Outro problema enfrentado s\u00e3o as d\u00favidas existentes na hora da vacina\u00e7\u00e3o: funcionamento do imunizante, rea\u00e7\u00f5es, tempos entre as doses, al\u00e9m da descren\u00e7a de muitos sobre a import\u00e2ncia da vacina\u00e7\u00e3o. Um dos fatores que mais prejudica nesse momento \u00e9 um movimento nacional de d\u00favida e descren\u00e7a com a ci\u00eancia. As vacinas que s\u00e3o aplicadas s\u00e3o seguras, aprovadas\u00a0 pela Anvisa, testadas. O intervalo entre as doses \u00e9 definido de forma cient\u00edfica.\u00a0<\/span><\/p><p><b>Por ser um momento t\u00e3o esperado por todos, n\u00f3s vemos seguidamente muitas demonstra\u00e7\u00f5es de carinho da popula\u00e7\u00e3o na hora da vacina\u00e7\u00e3o. Como \u00e9 para voc\u00eas esse momento?<\/b><\/p><p><span style=\"font-weight: 400\">\u00c9 muito emocionante. Recebemos pessoas com cartazes, mensagens de \u201cviva a ci\u00eancia\u201d, \u201cdefenda o trabalhador de sa\u00fade\u201d, recebemos muito carinho!\u00a0<\/span><\/p><p><b>O que voc\u00eas diriam para pessoas que n\u00e3o acreditam na vacina\u00e7\u00e3o e na import\u00e2ncia dessa forma de combate a pandemia?<\/b><\/p><p><span style=\"font-weight: 400\">At\u00e9 a metade do s\u00e9culo passado a principal causa de mortes na humanidade eram doen\u00e7as infecciosas. A mudan\u00e7a s\u00f3 aconteceu por conta da vacina\u00e7\u00e3o. As vacinas s\u00e3o produtos de desenvolvimento cient\u00edfico de mais de um s\u00e9culo. As pessoas precisam conhecer hist\u00f3ria, conhecer os indicadores brasileiros das doen\u00e7as imunopreven\u00edveis. Zeramos sarampo, var\u00edola, poliomielite. Diminu\u00edmos as mortes por H1N1, tamb\u00e9m com vacina\u00e7\u00e3o. As pessoas t\u00eam anticorpos e reagem diariamente a pat\u00f3genos a que s\u00e3o expostas, devido a vacinas que receberam quando crian\u00e7a. O imunizante ter sido rapidamente desenvolvido \u00e9 um benef\u00edcio, um trunfo da ci\u00eancia, conseguimos avan\u00e7ar em fun\u00e7\u00e3o da emerg\u00eancia. As vacinas possuem muito mais benef\u00edcios do que riscos!<\/span><\/p><p><b>Entre a Coronavac e a vacina de Oxford, por exemplo, por que a primeira tem uma diferen\u00e7a na aplica\u00e7\u00e3o de um m\u00eas entre a primeira e a segunda dose, e na segunda essa diferen\u00e7a \u00e9 de tr\u00eas meses?<\/b><\/p><p><span style=\"font-weight: 400\">Os intervalos entre as doses do esquema completo de vacina\u00e7\u00e3o s\u00e3o definidos por pesquisa. S\u00e3o definidos conforme a melhor resposta imunol\u00f3gica encontrada nos estudos cl\u00ednicos. Por isso, cada imunobiol\u00f3gico tem intervalos diferentes para completar o esquema vacinal, buscando a melhor resposta imunol\u00f3gica.<\/span><\/p><p><b>Como as vacinas existentes se comportam com as novas variantes do Covid-19? J\u00e1 existem estudos sobre isso?<\/b><\/p><p><span style=\"font-weight: 400\">Como as novas variantes s\u00e3o recentes, as pesquisas ainda n\u00e3o s\u00e3o conclusivas. O que se pode dizer \u00e9 que entre uma pessoa vacinada e uma n\u00e3o vacinada, as novas variantes afetam mais a n\u00e3o vacinada.<\/span><\/p><p><b>O que pode acontecer se uma pessoa deixar de tomar a segunda dose da vacina, como tem se noticiado nas \u00faltimas semanas?<\/b><\/p><p><span style=\"font-weight: 400\">Nenhuma das vacinas do Brasil, nem de qualquer lugar do mundo, que seja feita para ser aplicada em duas doses, protege apenas na primeira aplica\u00e7\u00e3o. Elas come\u00e7am a estimular o sistema imune na primeira dose. Sobre a vacina de Oxford, por exemplo, a\u00a0 partir de 22 dias da primeira dose, a efic\u00e1cia \u00e9 de 70%, mas, depois de quatro meses sem a aplica\u00e7\u00e3o da segunda dose, esse valor passa a ser muito pr\u00f3ximo do zero. A segunda dose \u00e9 fundamental para a pessoa estar, de fato, imunizada.\u00a0<\/span><\/p><p><b>Na perspectiva coletiva, se somente uma porcentagem da popula\u00e7\u00e3o for vacinada e a outra n\u00e3o, o que isso significa? \u00c9 poss\u00edvel prever consequ\u00eancias maiores que as que j\u00e1 temos?<\/b><\/p><p><span style=\"font-weight: 400\">O impacto de uma imuniza\u00e7\u00e3o parcial \u00e9 a redu\u00e7\u00e3o da imunidade coletiva. Mas, al\u00e9m disso, o grande problema \u00e9 a emerg\u00eancia de novas variantes do v\u00edrus. E essa nova variante vai encontrar novos hospedeiros que n\u00e3o foram expostos a ela em momentos anteriores, prolongando a pandemia.<\/span><\/p><p><b>\u00c9 poss\u00edvel escolher a vacina que ser\u00e1 aplicada? A segunda dose precisa ser da mesma vacina? Ou \u00e9 poss\u00edvel trocar?<\/b><\/p><p><span style=\"font-weight: 400\">O laborat\u00f3rio da vacina, doses (1a ou 2a), grupos priorit\u00e1rios s\u00e3o definidos por Resolu\u00e7\u00e3o da Comiss\u00e3o Intergestores Bipartite do RS (CIB-RS) e as doses j\u00e1 v\u00eam com destino certo. Portanto, \u00e9 muito dif\u00edcil individualizar a possibilidade de escolha do fabricante da vacina, at\u00e9 porque n\u00e3o seria universal, n\u00e3o daria para dar essa op\u00e7\u00e3o para todos e todas. Todas s\u00e3o aprovadas pela ANVISA, qualquer uma, cujo esquema vacinal for completado, vai proteger contra casos graves. A orienta\u00e7\u00e3o \u00e9 terminar o esquema vacinal com a mesma vacina.\u00a0<\/span><\/p><p><b>O local de vacina\u00e7\u00e3o da segunda dose precisa ser o mesmo? Ou a pessoa pode receber a vacina em outro munic\u00edpio?<\/b><\/p><p><span style=\"font-weight: 400\">Dentro de Santa Maria, as planilhas (com nome, CPF, data de nascimento, nome da m\u00e3e) que foram coletadas na aplica\u00e7\u00e3o da primeira dose s\u00e3o enviadas para o local onde ela ocorreu para se colher a assinatura da segunda dose. Portanto, aqui em Santa Maria, a segunda dose deve ser feita no mesmo local da primeira. No entanto, a vacina \u00e9 para todo o territ\u00f3rio nacional, outro munic\u00edpio deve aplicar a segunda dose, sim.<\/span><\/p><p><b>A vacina \u00e9 a melhor solu\u00e7\u00e3o para sairmos dessa crise? Se sim, o que falta para vacinar em massa a popula\u00e7\u00e3o brasileira?\u00a0<\/b><\/p><p><span style=\"font-weight: 400\">N\u00e3o h\u00e1 d\u00favida de que a solu\u00e7\u00e3o final de uma crise sanit\u00e1ria e uma epidemia de transmiss\u00e3o respirat\u00f3ria t\u00e3o prolongada \u00e9 atrav\u00e9s da vacina\u00e7\u00e3o. Toda epidemia viral e de transmiss\u00e3o respirat\u00f3ria \u00e9 extinta quando n\u00e3o temos mais indiv\u00edduos suscet\u00edveis.\u00a0<\/span><\/p><p><span style=\"font-weight: 400\">Os modelos matem\u00e1ticos e de previs\u00e3o levam em conta uma modelagem que pode ser descrita como SIR: Suscet\u00edveis, Infectados e Recuperados. Se o processo de vacina\u00e7\u00e3o \u00e9 lento, s\u00e3o cada vez menos pessoas recuperadas, com chance de reinfec\u00e7\u00e3o e com tempo de imunidade mais curto. A vacina\u00e7\u00e3o, no entanto, n\u00e3o \u00e9 a \u00fanica solu\u00e7\u00e3o nem estrat\u00e9gia: as medidas restritivas s\u00e3o fundamentais nesse per\u00edodo, n\u00e3o apenas para reduzir o n\u00famero de pessoas suscet\u00edveis, mas, tamb\u00e9m, para que a produ\u00e7\u00e3o de vacinas ganhe f\u00f4lego e chegue a todos.\u00a0<\/span><\/p><p><span style=\"font-weight: 400\">N\u00e3o h\u00e1 d\u00favidas de que nos pr\u00f3ximos meses teremos redu\u00e7\u00e3o da transmiss\u00e3o de acordo com a resposta das vacinas. J\u00e1 temos exemplos pelo Brasil e mundo, com uma diminui\u00e7\u00e3o importante de hospitaliza\u00e7\u00e3o em idosos. Em Israel, a vacina\u00e7\u00e3o em massa teve um impacto brutal na redu\u00e7\u00e3o de hospitaliza\u00e7\u00f5es em qualquer faixa et\u00e1ria.\u00a0<\/span><\/p><p><span style=\"font-weight: 400\">Hoje o grande problema para a vacina\u00e7\u00e3o em massa da popula\u00e7\u00e3o \u00e9 o baixo n\u00famero de vacinas produzidas e disponibilizadas. Em momento de crise, apenas o Butant\u00e3 e a Fiocruz n\u00e3o d\u00e3o conta da necessidade que temos na produ\u00e7\u00e3o de imunizantes. \u00c9 uma fragilidade do sistema. \u00c9 preciso pensar em estrat\u00e9gias preventivas nas estruturas fabris no Brasil, descentralizando e ampliando a produ\u00e7\u00e3o local de vacinas.\u00a0<\/span><\/p><p><b>A vacina testada aqui na UFSM, a de Oxford\/AstraZeneca, tamb\u00e9m est\u00e1 sendo aplicada? Como est\u00e1 sendo participar dessa pesquisa? E qual a import\u00e2ncia disso para a Universidade?\u00a0<\/b><\/p><p><span style=\"font-weight: 400\">Sim, a vacina de Oxford foi, junto com a vacina da Pfizer, a primeira produzida no mundo. Foi, tamb\u00e9m, a primeira vacina publicada nos meios cient\u00edficos. \u00c9, hoje, a que mais foi aplicada. Essa foi uma experi\u00eancia fant\u00e1stica e que nos permitiu sermos, no pa\u00eds, um local de aplica\u00e7\u00e3o e testes, mas n\u00e3o s\u00f3. Essa experi\u00eancia nos permitiu, tamb\u00e9m, vislumbrar a possibilidade de produzir vacinas dentro da Institui\u00e7\u00e3o.\u00a0<\/span><\/p><p><b>Ainda existe um grupo de risco espec\u00edfico com as novas variantes de Covid?<\/b><\/p><p><span style=\"font-weight: 400\">Todas as pessoas suscet\u00edveis est\u00e3o em risco para as atuais e novas variantes do coronav\u00edrus, pessoas que n\u00e3o foram vacinadas. O aumento de interna\u00e7\u00f5es e mortes entre pessoas mais jovens nos informa que essa faixa et\u00e1ria est\u00e1 mais suscet\u00edvel agora. Os jovens devem redobrar os cuidados, pois casos graves est\u00e3o acontecendo <\/span><span style=\"font-weight: 400\">entre eles.<\/span><\/p><p><b>Ainda \u00e9 necess\u00e1rio desinfetar compras e superf\u00edcies?<\/b><\/p><p><span style=\"font-weight: 400\">Houve alguns estudos dizendo que as superf\u00edcies n\u00e3o mant\u00eam o v\u00edrus em uma capacidade de infec\u00e7\u00e3o. Mas h\u00e1 que se pensar nas m\u00e3os, quando tocam estas superf\u00edcies e depois tocam o rosto. Estas sim podem ser um ve\u00edculo de transmiss\u00e3o.\u00a0<\/span><\/p><p><span style=\"font-weight: 400\">Ent\u00e3o, a higieniza\u00e7\u00e3o \u00e9 fundamental, tanto das compras quanto dos objetos de uso do dia a dia.\u00a0\u00a0<\/span><\/p><p><b>\u00c9 poss\u00edvel que tenhamos uma 3\u00aa onda da pandemia no Brasil?<\/b><\/p><p><span style=\"font-weight: 400\">\u00c9 poss\u00edvel termos uma 3\u00aa onda a partir de setembro ou outubro, mas isso est\u00e1 absolutamente na depend\u00eancia da imunidade coletiva e na vacina\u00e7\u00e3o. Se demorar mais meses para vacinar um percentual importante da popula\u00e7\u00e3o, seguramente, pelo esgotamento das medidas restritivas, as pessoas voltar\u00e3o a se exporem e teremos novos picos. Em epidemias prolongadas, em que n\u00e3o se achou a cura e n\u00e3o se obteve uma imuniza\u00e7\u00e3o mais r\u00e1pida, \u00e9\u00a0 esperado\u00a0 termos v\u00e1rios picos, que se sobrep\u00f5em e se intercalam.\u00a0<\/span><\/p><p><b>Com essa nova fase, que traz aumento tanto de n\u00fameros de casos quanto de n\u00fameros de interna\u00e7\u00f5es e de mortes, deve-se aumentar os cuidados? Se sim, quais seriam esses maiores cuidados que essa fase exige?\u00a0<\/b><\/p><p><span style=\"font-weight: 400\">Sim, estamos no pior momento epidemiol\u00f3gico da pandemia! Cuidados como distanciamento f\u00edsico de pessoas que n\u00e3o s\u00e3o do seu conv\u00edvio, uso correto de m\u00e1scaras (cobrindo boca e nariz, sem folgas), higieniza\u00e7\u00e3o das m\u00e3os com \u00e1gua e sab\u00e3o ou \u00e1lcool gel 70 % (principalmente sempre antes e depois de\u00a0 tocar no rosto) s\u00e3o imprescind\u00edveis nesse momento. Importante \u00e9, quem est\u00e1 nos grupos priorit\u00e1rios, fazer a vacina, com esquema completo, 1a e 2a doses.<\/span><\/p><p><b>Qual\u00a0 m\u00e1scara \u00e9 mais apropriada para este momento da pandemia? As m\u00e1scaras PFF2 s\u00e3o mais eficazes que as outras? (Caso a PFF2 seja a mais indicada, qual \u00e9 a recomenda\u00e7\u00e3o para quem n\u00e3o tem acesso?)<\/b><\/p><p><span style=\"font-weight: 400\">As m\u00e1scaras mais apropriadas s\u00e3o as com bom ajuste no rosto, que n\u00e3o fiquem caindo, pois acabamos colocando a m\u00e3o e a contaminando. Recomenda-se, para uso no dia a dia, m\u00e1scaras cir\u00fargicas com tripla camada ou de pano com tripla camada. A PFF2 deve ser usada por quem est\u00e1 exposto a aeross\u00f3is, trabalhadores da sa\u00fade em atua\u00e7\u00e3o, trabalhadores da limpeza de estabelecimentos de sa\u00fade, por exemplo.<\/span><\/p><p><b>Pode explicar por que a idade m\u00e9dia das interna\u00e7\u00f5es e mortes est\u00e1 baixando? Os jovens devem redobrar o cuidado agora? O qu\u00e3o perigoso \u00e9 para os jovens?\u00a0<\/b><\/p><p><span style=\"font-weight: 400\">Todas as pessoas suscet\u00edveis e n\u00e3o vacinadas est\u00e3o em risco para as atuais e novas variantes do coronav\u00edrus. O aumento de interna\u00e7\u00f5es e mortes entre pessoas mais jovens nos informa que essa faixa et\u00e1ria est\u00e1 mais suscet\u00edvel agora. Os jovens devem redobrar os cuidados, pois casos graves est\u00e3o acontecendo entre eles.<\/span><\/p><p><b>\u00c9 poss\u00edvel que pa\u00edses como o Brasil sejam autossuficientes na produ\u00e7\u00e3o de vacinas, sem depender de insumos de outras na\u00e7\u00f5es?\u00a0<\/b><\/p><p><span style=\"font-weight: 400\">N\u00e3o h\u00e1 d\u00favidas de que \u00e9 poss\u00edvel atingir esta autossufici\u00eancia, por\u00e9m, para isso \u00e9 necess\u00e1rio um esfor\u00e7o nacional maior e uma descentraliza\u00e7\u00e3o de parques fabris.\u00a0<\/span><\/p><p><span style=\"font-weight: 400\">O Brasil \u00e9 um dos poucos pa\u00edses que possui capacidade de produ\u00e7\u00e3o local. No exemplo da Vacina de Oxford, houve um acordo de transfer\u00eancia de tecnologia, e para isso \u00e9 necess\u00e1rio produzir o insumo principal, chamado de IFA, um ingrediente farmac\u00eautico ativo. Assim, \u00e9 prov\u00e1vel que a partir do segundo semestre deste ano seja poss\u00edvel fazer uma produ\u00e7\u00e3o maior de vacinas no pa\u00eds.\u00a0<\/span><\/p><p><b>Como o Projeto de Lei Federal PL5595\/20, que torna a educa\u00e7\u00e3o b\u00e1sica e superior um servi\u00e7o essencial, pode impactar no retorno \u00e0s aulas presenciais? Isto poderia acontecer no pior momento da pandemia?<\/b><\/p><p><span style=\"font-weight: 400\">A \u00e1rea educacional \u00e9 sem d\u00favidas um ponto cr\u00edtico nesta discuss\u00e3o sobre as vacinas. Por mais que enquadrar as institui\u00e7\u00f5es de ensino como um servi\u00e7o essencial tenha benef\u00edcios, por enquadrar os profissionais da \u00e1rea entre o grupo priorit\u00e1rio de vacina\u00e7\u00e3o, h\u00e1 que levar em considera\u00e7\u00e3o a escassez de vacinas.\u00a0<\/span><\/p><p><span style=\"font-weight: 400\">\u00c9 um grande perigo trazer os alunos de volta \u00e0s aulas presenciais sem a imuniza\u00e7\u00e3o, tendo em vista que o estado do Rio Grande do Sul segue em um momento cr\u00edtico da pandemia.\u00a0\u00a0<\/span><\/p><p><b>Qual a opini\u00e3o de voc\u00eas sobre a libera\u00e7\u00e3o da compra de vacinas por empresas privadas? H\u00e1 um risco de redu\u00e7\u00e3o na oferta feita pelo SUS?<\/b><\/p><p><span style=\"font-weight: 400\">A vacina\u00e7\u00e3o precisa ser pensada de forma coletiva, j\u00e1 que apenas uma pessoa vacinada n\u00e3o recebe salvo-conduto para seguir sua vida normalmente. Para que a pandemia seja controlada, \u00e9 necess\u00e1rio que a vacina chegue para todos de maneira equ\u00e2nime. Al\u00e9m disso, as fabricantes das vacinas est\u00e3o vendendo apenas para os governos. Portanto, n\u00e3o \u00e9 poss\u00edvel a popula\u00e7\u00e3o comprar vacinas.<\/span><\/p><p><b>Baseado em que a Anvisa aprova as vacinas? Em experimentos?<\/b><\/p><p><span style=\"font-weight: 400\">Os experimentos s\u00e3o cl\u00ednicos, em etapas, dividindo os participantes em grupos, um grupo recebe a vacina e o outro placebo, acompanham-se esses participantes e se observa como a doen\u00e7a acontece nos dos grupos. A efic\u00e1cia da vacina \u00e9 definida pelo comparativo de adoecimentos entre os dois grupos, o que recebeu a vacina e o que n\u00e3o recebeu. A Anvisa considera registrar vacinas que apresentem 50% ou mais de efic\u00e1cia, ou seja, que o grupo n\u00e3o vacinado apresentou 50% ou mais de adoecimento, comparado ao vacinado.<\/span><\/p><p><b>Qual o crit\u00e9rio que a UFSM est\u00e1 adotando para vacinar a comunidade acad\u00eamica (docentes, TAES e acad\u00eamicos)?<\/b><\/p><p><span style=\"font-weight: 400\">N\u00e3o \u00e9 a UFSM que define os crit\u00e9rios de vacina\u00e7\u00e3o e escolhe quem ser\u00e1 vacinado. Primeiramente \u00e9 seguido o que foi definido pela campanha nacional de vacina\u00e7\u00e3o contra o coronav\u00edrus e seus grupos priorit\u00e1rios. Em rela\u00e7\u00e3o a vacina\u00e7\u00e3o de estudantes ou profissionais da \u00e1rea de sa\u00fade, esse \u00e9 um crit\u00e9rio Estadual. A Secretaria Municipal de Sa\u00fade recebe uma resolu\u00e7\u00e3o da <\/span><span style=\"font-weight: 400\">Comiss\u00e3o Intergestores Bipartite (CIB) com os profissionais que v\u00e3o entrar na vacina\u00e7\u00e3o. <\/span><span style=\"font-weight: 400\">Alguns alunos da \u00e1rea da sa\u00fade que est\u00e3o trabalhando em campo j\u00e1 foram imunizados e outros devem receber a vacina\u00e7\u00e3o nos pr\u00f3ximos dias. H\u00e1 um controle muito r\u00edgido sobre esta quest\u00e3o, e quem define isso n\u00e3o s\u00e3o as institui\u00e7\u00f5es.\u00a0<\/span><\/p><p><b>Qual alerta sobre o uso indiscriminado de medicamentos do &#8220;tratamento precoce&#8221; que n\u00e3o tem comprova\u00e7\u00e3o cient\u00edfica?<\/b><\/p><p><span style=\"font-weight: 400\">S\u00f3 no Brasil existe essa discuss\u00e3o, sobre poder fazer um tratamento preventivo. S\u00f3 existe um medicamento que comprovado cientificamente que diminui os sintomas do v\u00edrus, por\u00e9m ele ainda n\u00e3o est\u00e1 dispon\u00edvel em nosso pa\u00eds e tem um acesso muito restrito e caro. Esse kit de medicamentos para tratamento precoce \u00e9 um grande perigo para a sa\u00fade, j\u00e1 que existe uma grande popula\u00e7\u00e3o que tem risco card\u00edaco contra um desses medicamentos, e isso sem falar nos efeitos dos dois combinados.\u00a0<\/span><\/p><p><b>A<\/b><b> vacina de Oxford realmente tem baixa efic\u00e1cia contra a variante sul-africana? A variante encontrada em Sorocaba-SP, semelhante \u00e0 africana, <\/b><b>representaria uma amea\u00e7a aos planos da Fiocruz?<\/b><\/p><p><span style=\"font-weight: 400\">A<\/span><span style=\"font-weight: 400\"> vacina de Oxford realmente tem menor efic\u00e1cia contra a variante sul-africana. No entanto, essa variante \u00e9 muito pouco prevalente aqui, ent\u00e3o n\u00e3o seria um problema. A vacina da Oxford tem boa cobertura nas outras variantes, inclusive na\u00a0 brasileira, P1 e P2, e na brit\u00e2nica. Quanto \u00e0 amea\u00e7a aos planos da Fiocruz, depende da preval\u00eancia dela, em caso isolado n\u00e3o, porque existe a imunidade celular que protege contra as variantes.\u00a0<\/span><\/p><\/div>\n\t\t\t\t<\/div>\n\t\t\t\t\t\t\t\t<\/div>\n\t\t\t\t<\/div>\n\t\t\t\t<\/div>\n\t\t\t\t\t<\/div>\n\t\t<\/div>\n\t\t\t\t\t<\/div>\n\t\t<\/section>\n\t\t\t\t<\/div>\n\t\t","protected":false},"excerpt":{"rendered":"<p>Sobre o REDE D\u00favidas sobre o 1\u00ba semestre de 2021 ESTUDANTES: Alguma previs\u00e3o concreta sobre o retorno das aulas de gradua\u00e7\u00e3o presenciais no Campus?&nbsp; N\u00e3o. Devemos levar em considera\u00e7\u00e3o o fato de que a vacina\u00e7\u00e3o contra a Covid-19 ainda est\u00e1 em seus primeiros passos no Brasil. O cen\u00e1rio gera preocupa\u00e7\u00f5es e a necessidade ainda mais [&hellip;]<\/p>\n","protected":false},"author":25,"featured_media":0,"parent":0,"menu_order":0,"comment_status":"closed","ping_status":"closed","template":"","meta":{"footnotes":""},"categories":[],"tags":[],"class_list":["post-165","page","type-page","status-publish","hentry"],"acf":[],"_links":{"self":[{"href":"https:\/\/www.ufsm.br\/coronavirus\/wp-json\/wp\/v2\/pages\/165","targetHints":{"allow":["GET"]}}],"collection":[{"href":"https:\/\/www.ufsm.br\/coronavirus\/wp-json\/wp\/v2\/pages"}],"about":[{"href":"https:\/\/www.ufsm.br\/coronavirus\/wp-json\/wp\/v2\/types\/page"}],"author":[{"embeddable":true,"href":"https:\/\/www.ufsm.br\/coronavirus\/wp-json\/wp\/v2\/users\/25"}],"replies":[{"embeddable":true,"href":"https:\/\/www.ufsm.br\/coronavirus\/wp-json\/wp\/v2\/comments?post=165"}],"version-history":[{"count":0,"href":"https:\/\/www.ufsm.br\/coronavirus\/wp-json\/wp\/v2\/pages\/165\/revisions"}],"wp:attachment":[{"href":"https:\/\/www.ufsm.br\/coronavirus\/wp-json\/wp\/v2\/media?parent=165"}],"wp:term":[{"taxonomy":"category","embeddable":true,"href":"https:\/\/www.ufsm.br\/coronavirus\/wp-json\/wp\/v2\/categories?post=165"},{"taxonomy":"post_tag","embeddable":true,"href":"https:\/\/www.ufsm.br\/coronavirus\/wp-json\/wp\/v2\/tags?post=165"}],"curies":[{"name":"wp","href":"https:\/\/api.w.org\/{rel}","templated":true}]}}