{"id":5,"date":"2018-01-18T08:39:17","date_gmt":"2018-01-18T10:39:17","guid":{"rendered":"https:\/\/www.ufsm.br\/cursos\/graduacao\/nutricao\/12352\/?page_id=5"},"modified":"2022-04-11T18:06:35","modified_gmt":"2022-04-11T21:06:35","slug":"pagina-inicial","status":"publish","type":"page","link":"https:\/\/www.ufsm.br\/coronavirus\/","title":{"rendered":"P\u00e1gina Inicial"},"content":{"rendered":"\t\t<div data-elementor-type=\"wp-post\" data-elementor-id=\"5\" class=\"elementor elementor-5\">\n\t\t\t\t\t\t<section class=\"elementor-section elementor-top-section elementor-element elementor-element-b0eb5e7 elementor-section-boxed elementor-section-height-default elementor-section-height-default\" data-id=\"b0eb5e7\" data-element_type=\"section\">\n\t\t\t\t\t\t<div class=\"elementor-container elementor-column-gap-default\">\n\t\t\t\t\t<div class=\"elementor-column elementor-col-100 elementor-top-column elementor-element elementor-element-237a8c1\" data-id=\"237a8c1\" data-element_type=\"column\">\n\t\t\t<div class=\"elementor-widget-wrap elementor-element-populated\">\n\t\t\t\t\t\t<div class=\"elementor-element elementor-element-e4557ce elementor-widget elementor-widget-image\" data-id=\"e4557ce\" data-element_type=\"widget\" data-widget_type=\"image.default\">\n\t\t\t\t<div class=\"elementor-widget-container\">\n\t\t\t\t\t\t\t\t\t\t\t\t\t<img fetchpriority=\"high\" decoding=\"async\" width=\"1920\" height=\"506\" src=\"https:\/\/www.ufsm.br\/app\/uploads\/sites\/820\/2021\/08\/banner-site_Banner-Site.png\" class=\"attachment-full size-full wp-image-4759\" alt=\"Banner cinza e azul com ilustra\u00e7\u00e3o de pessoa sendo vacinada e texto: UFSM em defesa da vida. #JuntosPelaVacina\" srcset=\"https:\/\/www.ufsm.br\/app\/uploads\/sites\/820\/2021\/08\/banner-site_Banner-Site.png 1920w, https:\/\/www.ufsm.br\/app\/uploads\/sites\/820\/2021\/08\/banner-site_Banner-Site-300x79.png 300w, https:\/\/www.ufsm.br\/app\/uploads\/sites\/820\/2021\/08\/banner-site_Banner-Site-1024x270.png 1024w, https:\/\/www.ufsm.br\/app\/uploads\/sites\/820\/2021\/08\/banner-site_Banner-Site-768x202.png 768w, https:\/\/www.ufsm.br\/app\/uploads\/sites\/820\/2021\/08\/banner-site_Banner-Site-1536x405.png 1536w\" sizes=\"(max-width: 1920px) 100vw, 1920px\" \/>\t\t\t\t\t\t\t\t\t\t\t\t\t<\/div>\n\t\t\t\t<\/div>\n\t\t\t\t\t<\/div>\n\t\t<\/div>\n\t\t\t\t\t<\/div>\n\t\t<\/section>\n\t\t\t\t<section class=\"elementor-section elementor-top-section elementor-element elementor-element-56ccbca elementor-section-boxed elementor-section-height-default elementor-section-height-default\" data-id=\"56ccbca\" data-element_type=\"section\">\n\t\t\t\t\t\t<div class=\"elementor-container elementor-column-gap-default\">\n\t\t\t\t\t<div class=\"elementor-column elementor-col-33 elementor-top-column elementor-element elementor-element-1ac8ee6\" data-id=\"1ac8ee6\" data-element_type=\"column\">\n\t\t\t<div class=\"elementor-widget-wrap elementor-element-populated\">\n\t\t\t\t\t\t<div class=\"elementor-element elementor-element-7f0e0d6 elementor-widget elementor-widget-image\" data-id=\"7f0e0d6\" data-element_type=\"widget\" data-widget_type=\"image.default\">\n\t\t\t\t<div class=\"elementor-widget-container\">\n\t\t\t\t\t\t\t\t\t\t\t\t\t\t<a href=\"https:\/\/www.ufsm.br\/coronavirus\/cbio\/\">\n\t\t\t\t\t\t\t<img decoding=\"async\" src=\"https:\/\/www.ufsm.br\/app\/uploads\/sites\/820\/elementor\/thumbs\/capa-cartilha-1-e1603411605598-oxbcewin5sr4khkd7rkcbgt5bydiviqkwzxfbw4k8g.png\" title=\"logo-cbio\" alt=\"logo-cbio\" loading=\"lazy\" \/>\t\t\t\t\t\t\t\t<\/a>\n\t\t\t\t\t\t\t\t\t\t\t\t\t<\/div>\n\t\t\t\t<\/div>\n\t\t\t\t\t<\/div>\n\t\t<\/div>\n\t\t\t\t<div class=\"elementor-column elementor-col-66 elementor-top-column elementor-element elementor-element-d7d2833\" data-id=\"d7d2833\" data-element_type=\"column\">\n\t\t\t<div class=\"elementor-widget-wrap elementor-element-populated\">\n\t\t\t\t\t\t<div class=\"elementor-element elementor-element-67b716d elementor-widget elementor-widget-text-editor\" data-id=\"67b716d\" data-element_type=\"widget\" data-widget_type=\"text-editor.default\">\n\t\t\t\t<div class=\"elementor-widget-container\">\n\t\t\t\t\t\t\t<h5><a href=\"https:\/\/www.ufsm.br\/coronavirus\/cbio\/\" target=\"_blank\" rel=\"noopener\">Centro de Opera\u00e7\u00f5es de Emerg\u00eancia em Sa\u00fade para Educa\u00e7\u00e3o \u2013 COVID 19 \u2013 UFSM (COE-E UFSM)<\/a><\/h5><p><span style=\"font-size: 12pt;font-family: Arial, sans-serif;color: black;background-image: initial;background-position: initial;background-size: initial;background-attachment: initial\"><a style=\"font-size: 1rem\" href=\"https:\/\/www.ufsm.br\/coronavirus\/cbio\/\" target=\"_blank\" rel=\"noopener\">O\u00a0<\/a><a href=\"https:\/\/www.ufsm.br\/coronavirus\/cbio\/\" target=\"_blank\" rel=\"noopener\">COE-E (Centro de Opera\u00e7\u00f5es de Emerg\u00eancia em Sa\u00fade para Educa\u00e7\u00e3o \u2013 COVID-19)<\/a>\u00a0e a CBio (Comiss\u00e3o de Biosseguran\u00e7a da UFSM) fundiram-se para planejar conjuntamente a\u00e7\u00f5es de preven\u00e7\u00e3o \u00e0 COVID-19, enfatizando a educa\u00e7\u00e3o e conscientiza\u00e7\u00e3o, atrav\u00e9s da confec\u00e7\u00e3o do\u00a0<i>Manual de Biosseguran\u00e7a para a Comunidade Acad\u00eamica durante a Pandemia de COVID-19<\/i>, de Instru\u00e7\u00f5es Normativas, cartazes, v\u00eddeos, cards, entre outros materiais de apoio.<\/span><\/p>\t\t\t\t\t\t<\/div>\n\t\t\t\t<\/div>\n\t\t\t\t<div class=\"elementor-element elementor-element-7b48ae8 elementor-button-success elementor-widget elementor-widget-button\" data-id=\"7b48ae8\" data-element_type=\"widget\" data-widget_type=\"button.default\">\n\t\t\t\t<div class=\"elementor-widget-container\">\n\t\t\t\t\t\t\t<div class=\"elementor-button-wrapper\">\n\t\t\t\t\t<a class=\"elementor-button elementor-button-link elementor-size-md\" href=\"https:\/\/www.ufsm.br\/coronavirus\/cbio\/\">\n\t\t\t\t\t\t<span class=\"elementor-button-content-wrapper\">\n\t\t\t\t\t\t\t\t\t<span class=\"elementor-button-text\">Plano de retorno \u00e0s atividades presenciais<\/span>\n\t\t\t\t\t<\/span>\n\t\t\t\t\t<\/a>\n\t\t\t\t<\/div>\n\t\t\t\t\t\t<\/div>\n\t\t\t\t<\/div>\n\t\t\t\t\t<\/div>\n\t\t<\/div>\n\t\t\t\t\t<\/div>\n\t\t<\/section>\n\t\t\t\t<section class=\"elementor-section elementor-top-section elementor-element elementor-element-7fb322b elementor-section-boxed elementor-section-height-default elementor-section-height-default\" data-id=\"7fb322b\" data-element_type=\"section\">\n\t\t\t\t\t\t<div class=\"elementor-container elementor-column-gap-default\">\n\t\t\t\t\t<div class=\"elementor-column elementor-col-100 elementor-top-column elementor-element elementor-element-bdc535a\" data-id=\"bdc535a\" data-element_type=\"column\">\n\t\t\t<div class=\"elementor-widget-wrap elementor-element-populated\">\n\t\t\t\t\t\t<div class=\"elementor-element elementor-element-7e6e5d7 elementor-widget-divider--view-line elementor-widget elementor-widget-divider\" data-id=\"7e6e5d7\" data-element_type=\"widget\" data-widget_type=\"divider.default\">\n\t\t\t\t<div class=\"elementor-widget-container\">\n\t\t\t\t\t<div class=\"elementor-divider\">\n\t\t\t<span class=\"elementor-divider-separator\">\n\t\t\t\t\t\t<\/span>\n\t\t<\/div>\n\t\t\t\t<\/div>\n\t\t\t\t<\/div>\n\t\t\t\t\t<\/div>\n\t\t<\/div>\n\t\t\t\t\t<\/div>\n\t\t<\/section>\n\t\t\t\t<section class=\"elementor-section elementor-top-section elementor-element elementor-element-338e9df elementor-section-boxed elementor-section-height-default elementor-section-height-default\" data-id=\"338e9df\" data-element_type=\"section\">\n\t\t\t\t\t\t<div class=\"elementor-container elementor-column-gap-default\">\n\t\t\t\t\t<div class=\"elementor-column elementor-col-33 elementor-top-column elementor-element elementor-element-5131f76\" data-id=\"5131f76\" data-element_type=\"column\">\n\t\t\t<div class=\"elementor-widget-wrap elementor-element-populated\">\n\t\t\t\t\t\t<div class=\"elementor-element elementor-element-397e510 elementor-view-default elementor-position-top elementor-mobile-position-top elementor-widget elementor-widget-icon-box\" data-id=\"397e510\" data-element_type=\"widget\" data-widget_type=\"icon-box.default\">\n\t\t\t\t<div class=\"elementor-widget-container\">\n\t\t\t\t\t<div class=\"elementor-icon-box-wrapper\">\n\n\t\t\t\t\t\t<div class=\"elementor-icon-box-icon\">\n\t\t\t\t<a href=\"https:\/\/www.fatecsm.org.br\/com-ufsm-doe-covid-19\/\" class=\"elementor-icon elementor-animation-\" tabindex=\"-1\">\n\t\t\t\t<i aria-hidden=\"true\" class=\"far fa-money-bill-alt\"><\/i>\t\t\t\t<\/a>\n\t\t\t<\/div>\n\t\t\t\n\t\t\t\t\t\t<div class=\"elementor-icon-box-content\">\n\n\t\t\t\t\t\t\t\t\t<h3 class=\"elementor-icon-box-title\">\n\t\t\t\t\t\t<a href=\"https:\/\/www.fatecsm.org.br\/com-ufsm-doe-covid-19\/\" >\n\t\t\t\t\t\t\tCapta\u00e7\u00e3o de recursos\t\t\t\t\t\t<\/a>\n\t\t\t\t\t<\/h3>\n\t\t\t\t\n\t\t\t\t\t\t\t\t\t<p class=\"elementor-icon-box-description\">\n\t\t\t\t\t\tContribua com as a\u00e7\u00f5es de combate \u00e0 Covid-19\t\t\t\t\t<\/p>\n\t\t\t\t\n\t\t\t<\/div>\n\t\t\t\n\t\t<\/div>\n\t\t\t\t<\/div>\n\t\t\t\t<\/div>\n\t\t\t\t\t<\/div>\n\t\t<\/div>\n\t\t\t\t<div class=\"elementor-column elementor-col-33 elementor-top-column elementor-element elementor-element-b0b15fa\" data-id=\"b0b15fa\" data-element_type=\"column\">\n\t\t\t<div class=\"elementor-widget-wrap elementor-element-populated\">\n\t\t\t\t\t\t<div class=\"elementor-element elementor-element-d33127c elementor-view-default elementor-position-top elementor-mobile-position-top elementor-widget elementor-widget-icon-box\" data-id=\"d33127c\" data-element_type=\"widget\" data-widget_type=\"icon-box.default\">\n\t\t\t\t<div class=\"elementor-widget-container\">\n\t\t\t\t\t<div class=\"elementor-icon-box-wrapper\">\n\n\t\t\t\t\t\t<div class=\"elementor-icon-box-icon\">\n\t\t\t\t<a href=\"https:\/\/www.ufsm.br\/coronavirus\/projetos-e-acoes-no-combate-a-covid-19\" class=\"elementor-icon elementor-animation-\" tabindex=\"-1\">\n\t\t\t\t<i aria-hidden=\"true\" class=\"far fa-calendar-check\"><\/i>\t\t\t\t<\/a>\n\t\t\t<\/div>\n\t\t\t\n\t\t\t\t\t\t<div class=\"elementor-icon-box-content\">\n\n\t\t\t\t\t\t\t\t\t<h3 class=\"elementor-icon-box-title\">\n\t\t\t\t\t\t<a href=\"https:\/\/www.ufsm.br\/coronavirus\/projetos-e-acoes-no-combate-a-covid-19\" >\n\t\t\t\t\t\t\tProjetos e A\u00e7\u00f5es\t\t\t\t\t\t<\/a>\n\t\t\t\t\t<\/h3>\n\t\t\t\t\n\t\t\t\t\t\t\t\t\t<p class=\"elementor-icon-box-description\">\n\t\t\t\t\t\tAtua\u00e7\u00e3o da UFSM no combate \u00e0 COVID-19\t\t\t\t\t<\/p>\n\t\t\t\t\n\t\t\t<\/div>\n\t\t\t\n\t\t<\/div>\n\t\t\t\t<\/div>\n\t\t\t\t<\/div>\n\t\t\t\t\t<\/div>\n\t\t<\/div>\n\t\t\t\t<div class=\"elementor-column elementor-col-33 elementor-top-column elementor-element elementor-element-29d3410\" data-id=\"29d3410\" data-element_type=\"column\">\n\t\t\t<div class=\"elementor-widget-wrap elementor-element-populated\">\n\t\t\t\t\t\t<div class=\"elementor-element elementor-element-ba92642 elementor-view-default elementor-position-top elementor-mobile-position-top elementor-widget elementor-widget-icon-box\" data-id=\"ba92642\" data-element_type=\"widget\" data-widget_type=\"icon-box.default\">\n\t\t\t\t<div class=\"elementor-widget-container\">\n\t\t\t\t\t<div class=\"elementor-icon-box-wrapper\">\n\n\t\t\t\t\t\t<div class=\"elementor-icon-box-icon\">\n\t\t\t\t<a href=\"https:\/\/www.ufsm.br\/orgaos-executivos\/demapa\/contratacoes-emergenciais-covid-19\/\" class=\"elementor-icon elementor-animation-\" tabindex=\"-1\">\n\t\t\t\t<i aria-hidden=\"true\" class=\"fas fa-bullhorn\"><\/i>\t\t\t\t<\/a>\n\t\t\t<\/div>\n\t\t\t\n\t\t\t\t\t\t<div class=\"elementor-icon-box-content\">\n\n\t\t\t\t\t\t\t\t\t<h3 class=\"elementor-icon-box-title\">\n\t\t\t\t\t\t<a href=\"https:\/\/www.ufsm.br\/orgaos-executivos\/demapa\/contratacoes-emergenciais-covid-19\/\" >\n\t\t\t\t\t\t\tContrata\u00e7\u00f5es Emergenciais \t\t\t\t\t\t<\/a>\n\t\t\t\t\t<\/h3>\n\t\t\t\t\n\t\t\t\t\t\t\t\t\t<p class=\"elementor-icon-box-description\">\n\t\t\t\t\t\tDestinadas ao enfrentamento da pandemia\t\t\t\t\t<\/p>\n\t\t\t\t\n\t\t\t<\/div>\n\t\t\t\n\t\t<\/div>\n\t\t\t\t<\/div>\n\t\t\t\t<\/div>\n\t\t\t\t\t<\/div>\n\t\t<\/div>\n\t\t\t\t\t<\/div>\n\t\t<\/section>\n\t\t\t\t<section class=\"elementor-section elementor-top-section elementor-element elementor-element-0fe85d7 elementor-section-boxed elementor-section-height-default elementor-section-height-default\" data-id=\"0fe85d7\" data-element_type=\"section\">\n\t\t\t\t\t\t<div class=\"elementor-container elementor-column-gap-default\">\n\t\t\t\t\t<div class=\"elementor-column elementor-col-33 elementor-top-column elementor-element elementor-element-0d97680\" data-id=\"0d97680\" data-element_type=\"column\">\n\t\t\t<div class=\"elementor-widget-wrap elementor-element-populated\">\n\t\t\t\t\t\t<div class=\"elementor-element elementor-element-35288ac elementor-view-default elementor-position-top elementor-mobile-position-top elementor-widget elementor-widget-icon-box\" data-id=\"35288ac\" data-element_type=\"widget\" data-widget_type=\"icon-box.default\">\n\t\t\t\t<div class=\"elementor-widget-container\">\n\t\t\t\t\t<div class=\"elementor-icon-box-wrapper\">\n\n\t\t\t\t\t\t<div class=\"elementor-icon-box-icon\">\n\t\t\t\t<a href=\"https:\/\/www.ufsm.br\/coronavirus\/funcionamento-dos-setores-e-situacao-dos-servidores\/\" class=\"elementor-icon elementor-animation-\" tabindex=\"-1\">\n\t\t\t\t<i aria-hidden=\"true\" class=\"far fa-building\"><\/i>\t\t\t\t<\/a>\n\t\t\t<\/div>\n\t\t\t\n\t\t\t\t\t\t<div class=\"elementor-icon-box-content\">\n\n\t\t\t\t\t\t\t\t\t<h3 class=\"elementor-icon-box-title\">\n\t\t\t\t\t\t<a href=\"https:\/\/www.ufsm.br\/coronavirus\/funcionamento-dos-setores-e-situacao-dos-servidores\/\" >\n\t\t\t\t\t\t\tSetores da UFSM\t\t\t\t\t\t<\/a>\n\t\t\t\t\t<\/h3>\n\t\t\t\t\n\t\t\t\t\t\t\t\t\t<p class=\"elementor-icon-box-description\">\n\t\t\t\t\t\tAtendimento e situa\u00e7\u00e3o dos servidores\t\t\t\t\t<\/p>\n\t\t\t\t\n\t\t\t<\/div>\n\t\t\t\n\t\t<\/div>\n\t\t\t\t<\/div>\n\t\t\t\t<\/div>\n\t\t\t\t\t<\/div>\n\t\t<\/div>\n\t\t\t\t<div class=\"elementor-column elementor-col-33 elementor-top-column elementor-element elementor-element-1e2683f\" data-id=\"1e2683f\" data-element_type=\"column\">\n\t\t\t<div class=\"elementor-widget-wrap elementor-element-populated\">\n\t\t\t\t\t\t<div class=\"elementor-element elementor-element-83359f5 elementor-view-default elementor-position-top elementor-mobile-position-top elementor-widget elementor-widget-icon-box\" data-id=\"83359f5\" data-element_type=\"widget\" data-widget_type=\"icon-box.default\">\n\t\t\t\t<div class=\"elementor-widget-container\">\n\t\t\t\t\t<div class=\"elementor-icon-box-wrapper\">\n\n\t\t\t\t\t\t<div class=\"elementor-icon-box-icon\">\n\t\t\t\t<a href=\"https:\/\/www.ufsm.br\/coronavirus\/observatorio\" class=\"elementor-icon elementor-animation-\" tabindex=\"-1\">\n\t\t\t\t<i aria-hidden=\"true\" class=\"fas fa-project-diagram\"><\/i>\t\t\t\t<\/a>\n\t\t\t<\/div>\n\t\t\t\n\t\t\t\t\t\t<div class=\"elementor-icon-box-content\">\n\n\t\t\t\t\t\t\t\t\t<h3 class=\"elementor-icon-box-title\">\n\t\t\t\t\t\t<a href=\"https:\/\/www.ufsm.br\/coronavirus\/observatorio\" >\n\t\t\t\t\t\t\tObservat\u00f3rio COVID-19\t\t\t\t\t\t<\/a>\n\t\t\t\t\t<\/h3>\n\t\t\t\t\n\t\t\t\t\t\t\t\t\t<p class=\"elementor-icon-box-description\">\n\t\t\t\t\t\tEstudos t\u00e9cnicos sobre avan\u00e7o da doen\u00e7a\t\t\t\t\t<\/p>\n\t\t\t\t\n\t\t\t<\/div>\n\t\t\t\n\t\t<\/div>\n\t\t\t\t<\/div>\n\t\t\t\t<\/div>\n\t\t\t\t\t<\/div>\n\t\t<\/div>\n\t\t\t\t<div class=\"elementor-column elementor-col-33 elementor-top-column elementor-element elementor-element-06e6d4a\" data-id=\"06e6d4a\" data-element_type=\"column\">\n\t\t\t<div class=\"elementor-widget-wrap elementor-element-populated\">\n\t\t\t\t\t\t<div class=\"elementor-element elementor-element-e6b1623 elementor-view-default elementor-position-top elementor-mobile-position-top elementor-widget elementor-widget-icon-box\" data-id=\"e6b1623\" data-element_type=\"widget\" data-widget_type=\"icon-box.default\">\n\t\t\t\t<div class=\"elementor-widget-container\">\n\t\t\t\t\t<div class=\"elementor-icon-box-wrapper\">\n\n\t\t\t\t\t\t<div class=\"elementor-icon-box-icon\">\n\t\t\t\t<a href=\"https:\/\/www.ufsm.br\/coronavirus\/socioeconomico\" class=\"elementor-icon elementor-animation-\" tabindex=\"-1\">\n\t\t\t\t<i aria-hidden=\"true\" class=\"fas fa-search-dollar\"><\/i>\t\t\t\t<\/a>\n\t\t\t<\/div>\n\t\t\t\n\t\t\t\t\t\t<div class=\"elementor-icon-box-content\">\n\n\t\t\t\t\t\t\t\t\t<h3 class=\"elementor-icon-box-title\">\n\t\t\t\t\t\t<a href=\"https:\/\/www.ufsm.br\/coronavirus\/socioeconomico\" >\n\t\t\t\t\t\t\tObservat\u00f3rio Socioecon\u00f4mico\t\t\t\t\t\t<\/a>\n\t\t\t\t\t<\/h3>\n\t\t\t\t\n\t\t\t\t\t\t\t\t\t<p class=\"elementor-icon-box-description\">\n\t\t\t\t\t\tProjeto sobre a influ\u00eancia sociecon\u00f4mica da doen\u00e7a\t\t\t\t\t<\/p>\n\t\t\t\t\n\t\t\t<\/div>\n\t\t\t\n\t\t<\/div>\n\t\t\t\t<\/div>\n\t\t\t\t<\/div>\n\t\t\t\t\t<\/div>\n\t\t<\/div>\n\t\t\t\t\t<\/div>\n\t\t<\/section>\n\t\t\t\t<section class=\"elementor-section elementor-top-section elementor-element elementor-element-eeff6d8 elementor-section-boxed elementor-section-height-default elementor-section-height-default\" data-id=\"eeff6d8\" data-element_type=\"section\">\n\t\t\t\t\t\t<div class=\"elementor-container elementor-column-gap-default\">\n\t\t\t\t\t<div class=\"elementor-column elementor-col-33 elementor-top-column elementor-element elementor-element-8024df0\" data-id=\"8024df0\" data-element_type=\"column\">\n\t\t\t<div class=\"elementor-widget-wrap elementor-element-populated\">\n\t\t\t\t\t\t<div class=\"elementor-element elementor-element-8eb1681 elementor-view-default elementor-position-top elementor-mobile-position-top elementor-widget elementor-widget-icon-box\" data-id=\"8eb1681\" data-element_type=\"widget\" data-widget_type=\"icon-box.default\">\n\t\t\t\t<div class=\"elementor-widget-container\">\n\t\t\t\t\t<div class=\"elementor-icon-box-wrapper\">\n\n\t\t\t\t\t\t<div class=\"elementor-icon-box-icon\">\n\t\t\t\t<a href=\"https:\/\/www.ufsm.br\/2020\/04\/09\/servicos-e-dicas-de-estudos-trabalho-e-saude-mental-no-isolamento-social\/\" class=\"elementor-icon elementor-animation-\" tabindex=\"-1\">\n\t\t\t\t<i aria-hidden=\"true\" class=\"fas fa-tablet-alt\"><\/i>\t\t\t\t<\/a>\n\t\t\t<\/div>\n\t\t\t\n\t\t\t\t\t\t<div class=\"elementor-icon-box-content\">\n\n\t\t\t\t\t\t\t\t\t<h3 class=\"elementor-icon-box-title\">\n\t\t\t\t\t\t<a href=\"https:\/\/www.ufsm.br\/2020\/04\/09\/servicos-e-dicas-de-estudos-trabalho-e-saude-mental-no-isolamento-social\/\" >\n\t\t\t\t\t\t\tServi\u00e7os e dicas\t\t\t\t\t\t<\/a>\n\t\t\t\t\t<\/h3>\n\t\t\t\t\n\t\t\t\t\t\t\t\t\t<p class=\"elementor-icon-box-description\">\n\t\t\t\t\t\tEstudos, trabalho e sa\u00fade mental no isolamento social\t\t\t\t\t<\/p>\n\t\t\t\t\n\t\t\t<\/div>\n\t\t\t\n\t\t<\/div>\n\t\t\t\t<\/div>\n\t\t\t\t<\/div>\n\t\t\t\t\t<\/div>\n\t\t<\/div>\n\t\t\t\t<div class=\"elementor-column elementor-col-33 elementor-top-column elementor-element elementor-element-b2a40b7\" data-id=\"b2a40b7\" data-element_type=\"column\">\n\t\t\t<div class=\"elementor-widget-wrap elementor-element-populated\">\n\t\t\t\t\t\t<div class=\"elementor-element elementor-element-eda2d5a elementor-view-default elementor-position-top elementor-mobile-position-top elementor-widget elementor-widget-icon-box\" data-id=\"eda2d5a\" data-element_type=\"widget\" data-widget_type=\"icon-box.default\">\n\t\t\t\t<div class=\"elementor-widget-container\">\n\t\t\t\t\t<div class=\"elementor-icon-box-wrapper\">\n\n\t\t\t\t\t\t<div class=\"elementor-icon-box-icon\">\n\t\t\t\t<a href=\"https:\/\/www.ufsm.br\/coronavirus\/dicas-de-prevencao-e-combate-ao-covid-19\/\" class=\"elementor-icon elementor-animation-\" tabindex=\"-1\">\n\t\t\t\t<i aria-hidden=\"true\" class=\"fas fa-hand-holding-heart\"><\/i>\t\t\t\t<\/a>\n\t\t\t<\/div>\n\t\t\t\n\t\t\t\t\t\t<div class=\"elementor-icon-box-content\">\n\n\t\t\t\t\t\t\t\t\t<h3 class=\"elementor-icon-box-title\">\n\t\t\t\t\t\t<a href=\"https:\/\/www.ufsm.br\/coronavirus\/dicas-de-prevencao-e-combate-ao-covid-19\/\" >\n\t\t\t\t\t\t\tCoronav\u00edrus \t\t\t\t\t\t<\/a>\n\t\t\t\t\t<\/h3>\n\t\t\t\t\n\t\t\t\t\t\t\t\t\t<p class=\"elementor-icon-box-description\">\n\t\t\t\t\t\tDicas de preven\u00e7\u00e3o, sa\u00fade e perguntas frequentes\t\t\t\t\t<\/p>\n\t\t\t\t\n\t\t\t<\/div>\n\t\t\t\n\t\t<\/div>\n\t\t\t\t<\/div>\n\t\t\t\t<\/div>\n\t\t\t\t\t<\/div>\n\t\t<\/div>\n\t\t\t\t<div class=\"elementor-column elementor-col-33 elementor-top-column elementor-element elementor-element-0743a32\" data-id=\"0743a32\" data-element_type=\"column\">\n\t\t\t<div class=\"elementor-widget-wrap elementor-element-populated\">\n\t\t\t\t\t\t<div class=\"elementor-element elementor-element-0170b57 elementor-view-default elementor-position-top elementor-mobile-position-top elementor-widget elementor-widget-icon-box\" data-id=\"0170b57\" data-element_type=\"widget\" data-widget_type=\"icon-box.default\">\n\t\t\t\t<div class=\"elementor-widget-container\">\n\t\t\t\t\t<div class=\"elementor-icon-box-wrapper\">\n\n\t\t\t\t\t\t<div class=\"elementor-icon-box-icon\">\n\t\t\t\t<a href=\"https:\/\/www.ufsm.br\/coronavirus\/perguntas-frequentes\/\" class=\"elementor-icon elementor-animation-\" tabindex=\"-1\">\n\t\t\t\t<i aria-hidden=\"true\" class=\"fas fa-question-circle\"><\/i>\t\t\t\t<\/a>\n\t\t\t<\/div>\n\t\t\t\n\t\t\t\t\t\t<div class=\"elementor-icon-box-content\">\n\n\t\t\t\t\t\t\t\t\t<h3 class=\"elementor-icon-box-title\">\n\t\t\t\t\t\t<a href=\"https:\/\/www.ufsm.br\/coronavirus\/perguntas-frequentes\/\" >\n\t\t\t\t\t\t\tPerguntas Frequentes\t\t\t\t\t\t<\/a>\n\t\t\t\t\t<\/h3>\n\t\t\t\t\n\t\t\t\t\t\t\t\t\t<p class=\"elementor-icon-box-description\">\n\t\t\t\t\t\tREDE, aulas, benef\u00edcios e suspens\u00e3o das atividades\t\t\t\t\t<\/p>\n\t\t\t\t\n\t\t\t<\/div>\n\t\t\t\n\t\t<\/div>\n\t\t\t\t<\/div>\n\t\t\t\t<\/div>\n\t\t\t\t\t<\/div>\n\t\t<\/div>\n\t\t\t\t\t<\/div>\n\t\t<\/section>\n\t\t\t\t<section class=\"elementor-section elementor-top-section elementor-element elementor-element-d0188de elementor-section-boxed elementor-section-height-default elementor-section-height-default\" data-id=\"d0188de\" data-element_type=\"section\">\n\t\t\t\t\t\t<div class=\"elementor-container elementor-column-gap-default\">\n\t\t\t\t\t\t<\/div>\n\t\t<\/section>\n\t\t\t\t<section class=\"elementor-section elementor-top-section elementor-element elementor-element-468ad0b elementor-section-boxed elementor-section-height-default elementor-section-height-default\" data-id=\"468ad0b\" data-element_type=\"section\">\n\t\t\t\t\t\t<div class=\"elementor-container elementor-column-gap-default\">\n\t\t\t\t\t<div class=\"elementor-column elementor-col-100 elementor-top-column elementor-element elementor-element-794f9be\" data-id=\"794f9be\" data-element_type=\"column\">\n\t\t\t<div class=\"elementor-widget-wrap elementor-element-populated\">\n\t\t\t\t\t\t<div class=\"elementor-element elementor-element-a809d12 elementor-widget elementor-widget-heading\" data-id=\"a809d12\" data-element_type=\"widget\" data-widget_type=\"heading.default\">\n\t\t\t\t<div class=\"elementor-widget-container\">\n\t\t\t<h5 class=\"elementor-heading-title elementor-size-default\">UFSM Responde<\/h5>\t\t<\/div>\n\t\t\t\t<\/div>\n\t\t\t\t\t<\/div>\n\t\t<\/div>\n\t\t\t\t\t<\/div>\n\t\t<\/section>\n\t\t\t\t<section class=\"elementor-section elementor-top-section elementor-element elementor-element-dfa9c5f elementor-section-boxed elementor-section-height-default elementor-section-height-default\" data-id=\"dfa9c5f\" data-element_type=\"section\">\n\t\t\t\t\t\t<div class=\"elementor-container elementor-column-gap-default\">\n\t\t\t\t\t<div class=\"elementor-column elementor-col-50 elementor-top-column elementor-element elementor-element-7507d8b\" data-id=\"7507d8b\" data-element_type=\"column\">\n\t\t\t<div class=\"elementor-widget-wrap elementor-element-populated\">\n\t\t\t\t\t\t<div class=\"elementor-element elementor-element-bda6002 elementor-widget elementor-widget-text-editor\" data-id=\"bda6002\" data-element_type=\"widget\" data-widget_type=\"text-editor.default\">\n\t\t\t\t<div class=\"elementor-widget-container\">\n\t\t\t\t\t\t\t<iframe width=\"500\" height=\"500\" src=\"https:\/\/farol.ufsm.br\/transmissao\/embed\/live-tira-duvidas-da-ufsm\/\" frameborder=\"0\" allowfullscreen><\/iframe>\n\t\t\t\t\t\t<\/div>\n\t\t\t\t<\/div>\n\t\t\t\t\t<\/div>\n\t\t<\/div>\n\t\t\t\t<div class=\"elementor-column elementor-col-50 elementor-top-column elementor-element elementor-element-c590cc1\" data-id=\"c590cc1\" data-element_type=\"column\">\n\t\t\t<div class=\"elementor-widget-wrap elementor-element-populated\">\n\t\t\t\t\t\t<div class=\"elementor-element elementor-element-175816d elementor-widget elementor-widget-text-editor\" data-id=\"175816d\" data-element_type=\"widget\" data-widget_type=\"text-editor.default\">\n\t\t\t\t<div class=\"elementor-widget-container\">\n\t\t\t\t\t\t\t<p><iframe src=\"https:\/\/farol.ufsm.br\/transmissao\/embed\/ufsm-responde-funcionamento-da-ufsm-durante-a-pandemia\/\" width=\"400\" height=\"200\" frameborder=\"0\" allowfullscreen=\"allowfullscreen\"><\/iframe><br \/><iframe src=\"https:\/\/www.youtube.com\/embed\/M_UOet-Of8Y\" width=\"400\" height=\"200\" frameborder=\"0\" allowfullscreen=\"allowfullscreen\"><\/iframe><br \/><a href=\"https:\/\/www.youtube.com\/playlist?list=PLBB5c0vb8B4E3Pc1d4aTN2UV53Ew9e_fl\"><strong>Mais v\u00eddeos com especialistas da\u00a0 sa\u00fade<\/strong><\/a><\/p>\t\t\t\t\t\t<\/div>\n\t\t\t\t<\/div>\n\t\t\t\t\t<\/div>\n\t\t<\/div>\n\t\t\t\t\t<\/div>\n\t\t<\/section>\n\t\t\t\t<section class=\"elementor-section elementor-top-section elementor-element elementor-element-fe48fc7 elementor-section-boxed elementor-section-height-default elementor-section-height-default\" data-id=\"fe48fc7\" data-element_type=\"section\">\n\t\t\t\t\t\t<div class=\"elementor-container elementor-column-gap-default\">\n\t\t\t\t\t<div class=\"elementor-column elementor-col-100 elementor-top-column elementor-element elementor-element-01986e5\" data-id=\"01986e5\" data-element_type=\"column\">\n\t\t\t<div class=\"elementor-widget-wrap elementor-element-populated\">\n\t\t\t\t\t\t<div class=\"elementor-element elementor-element-4c079d6 elementor-widget elementor-widget-heading\" data-id=\"4c079d6\" data-element_type=\"widget\" data-widget_type=\"heading.default\">\n\t\t\t\t<div class=\"elementor-widget-container\">\n\t\t\t<h4 class=\"elementor-heading-title elementor-size-default\"><a href=\"https:\/\/www.ufsm.br\/clipping\">Veja mais not\u00edcias sobre as a\u00e7\u00f5es da UFSM na m\u00eddia<\/a><\/h4>\t\t<\/div>\n\t\t\t\t<\/div>\n\t\t\t\t\t<\/div>\n\t\t<\/div>\n\t\t\t\t\t<\/div>\n\t\t<\/section>\n\t\t\t\t<section class=\"elementor-section elementor-top-section elementor-element elementor-element-ebfd5b3 elementor-section-boxed elementor-section-height-default elementor-section-height-default\" data-id=\"ebfd5b3\" data-element_type=\"section\">\n\t\t\t\t\t\t<div class=\"elementor-container elementor-column-gap-default\">\n\t\t\t\t\t<div class=\"elementor-column elementor-col-50 elementor-top-column elementor-element elementor-element-60a5ed6\" data-id=\"60a5ed6\" data-element_type=\"column\">\n\t\t\t<div class=\"elementor-widget-wrap elementor-element-populated\">\n\t\t\t\t\t\t<div class=\"elementor-element elementor-element-e89996c elementor-widget elementor-widget-heading\" data-id=\"e89996c\" data-element_type=\"widget\" data-widget_type=\"heading.default\">\n\t\t\t\t<div class=\"elementor-widget-container\">\n\t\t\t<h5 class=\"elementor-heading-title elementor-size-large\">Normativas UFSM<\/h5>\t\t<\/div>\n\t\t\t\t<\/div>\n\t\t\t\t<div class=\"elementor-element elementor-element-a9de724 elementor-widget elementor-widget-text-editor\" data-id=\"a9de724\" data-element_type=\"widget\" data-widget_type=\"text-editor.default\">\n\t\t\t\t<div class=\"elementor-widget-container\">\n\t\t\t\t\t\t\t<ul style=\"color: #1c1c1c;font-size: 16px\"><li><a href=\"https:\/\/www.ufsm.br\/app\/uploads\/sites\/820\/2022\/04\/Manual-de-Biosseguranca-6ed1-2.pdf\">Manual de Biosseguran\u00e7a<\/a><\/li><li><a href=\"https:\/\/www.ufsm.br\/pro-reitorias\/proplan\/resolucao-n-024-2020\/\">Resolu\u00e7\u00e3o REDE<\/a><\/li><li><a style=\"color: #0d63e6 !important\" href=\"https:\/\/www.ufsm.br\/wp-content\/uploads\/2020\/03\/IN-002-2020-PROGRAD-UFSM.pdf\" target=\"_blank\" rel=\"noopener\">Regime de Exerc\u00edcios Domiciliares Especiais (REDE) e funcionamento da <strong>Pr\u00f3-Reitoria de Gradua\u00e7\u00e3o (Prograd)<\/strong> e <strong>Departamento de Registro e Controle Acad\u00eamico (Derca)<\/strong> durante a suspens\u00e3o das atividades<\/a><\/li><li><a href=\"https:\/\/www.ufsm.br\/pro-reitorias\/prograd\/wp-content\/uploads\/sites\/342\/2020\/06\/IN-05-2020-FORMATURA-POR-WebCONFERENCIA-E-DIPLOMA-Final.pdf\">Normativa sobre formaturas onlines<\/a><\/li><li><a href=\"https:\/\/www.ufsm.br\/pro-reitorias\/prograd\/wp-content\/uploads\/sites\/342\/2020\/03\/IN-003-2020-PROGRAD.pdf\">Normativa sobre dificuldades de acesso \u00e0 internet durante suspens\u00e3o das atividades presenciais e sobre atividades de cursos da Sa\u00fade<\/a><\/li><li><a href=\"https:\/\/www.ufsm.br\/wp-content\/uploads\/2020\/03\/INSTRU\u00c7\u00c3O-NORMATIVA-CEBTT-01-2020.pdf.pdf\" target=\"_blank\" rel=\"noopener\">Regime de Exerc\u00edcios Domiciliares Especiais (REDE), no \u00e2mbito da Educa\u00e7\u00e3o B\u00e1sica na UFSM e funcionamento da <strong>Coordenadoria de Educa\u00e7\u00e3o B\u00e1sica, T\u00e9cnica e Tecnol\u00f3gica (CEBTT)<\/strong><\/a><\/li><li><a href=\"https:\/\/www.ufsm.br\/wp-content\/uploads\/2020\/03\/Instru\u00e7\u00e3o-Normativa-01-2020-PRPGP-suspens\u00e3o-atividades-presenciais.pdf\" target=\"_blank\" rel=\"noopener\">Suspens\u00e3o das atividades presenciais acad\u00eamicas e administrativas no \u00e2mbito do ensino de <strong>P\u00f3s-Gradua\u00e7\u00e3o e Pesquisa\u00a0<\/strong><\/a><\/li><li><a href=\"https:\/\/www.ufsm.br\/coronavirus\/wp-content\/uploads\/sites\/820\/2020\/04\/CamScanner-04-23-2020-16.31.33.pdf\">Portaria sobre bancas e reuni\u00f5es durante a pandemia<\/a><\/li><li><a href=\"https:\/\/www.ufsm.br\/pro-reitorias\/progep\/wp-content\/uploads\/sites\/341\/2020\/03\/Instru%C3%A7%C3%A3o-Normativa-001_2020-PROGEP.pdf\">Orienta\u00e7\u00e3o da <strong>Pr\u00f3-Reitoria de Gest\u00e3o de Pessoas<\/strong> sobre suspens\u00e3o de atividades presenciais<\/a><\/li><li><a href=\"https:\/\/www.ufsm.br\/pro-reitorias\/pre\/wp-content\/uploads\/sites\/346\/2020\/03\/IN-PRE-01-2020.pdf\" target=\"_blank\" rel=\"noopener\">Funcionamento da <strong>Pr\u00f3-Reitoria de Extens\u00e3o (PRE)<\/strong> e demais \u00f3rg\u00e3os vinculados a essa Pr\u00f3-Reitoria<\/a><\/li><li><a href=\"https:\/\/www.ufsm.br\/pro-reitorias\/prae\/editais\/013-2020\/\"><span style=\"background-color: #ffffff\">Edital da <\/span><b style=\"font-size: 16px;background-color: #ffffff\">Pr\u00f3-Reitoria de Assuntos Estudantis (PRAE)<\/b><span style=\"background-color: #ffffff\"> para concess\u00e3o de aux\u00edlio transporte a moradores das Casas de Estudante Universit\u00e1rio (CEUs)<\/span><\/a><\/li><li><a href=\"https:\/\/www.ufsm.br\/pro-reitorias\/prae\/wp-content\/uploads\/sites\/347\/2020\/03\/IN-01-2020-convertido.pdf\" target=\"_blank\" rel=\"noopener\">Pagamento das Bolsas <strong>PRAE<\/strong>\u00a0 e Monitorias durante o per\u00edodo de suspens\u00e3o das atividades da UFSM e Aux\u00edlio Alimenta\u00e7\u00e3o Emergencial para os moradores da Casa do Estudante<\/a>\u00a0<\/li><li><a style=\"color: #0d63e6 !important\" href=\"https:\/\/www.ufsm.br\/wp-content\/uploads\/2020\/03\/SEI_SEDE-5743152-Of%C3%ADcio-SEI.pdf\">Funcionamento do\u00a0<span style=\"font-weight: bolder\">HUSM<\/span><\/a><\/li><\/ul>\t\t\t\t\t\t<\/div>\n\t\t\t\t<\/div>\n\t\t\t\t\t<\/div>\n\t\t<\/div>\n\t\t\t\t<div class=\"elementor-column elementor-col-50 elementor-top-column elementor-element elementor-element-aa2b21d\" data-id=\"aa2b21d\" data-element_type=\"column\">\n\t\t\t<div class=\"elementor-widget-wrap elementor-element-populated\">\n\t\t\t\t\t\t<div class=\"elementor-element elementor-element-90decf2 elementor-widget elementor-widget-heading\" data-id=\"90decf2\" data-element_type=\"widget\" data-widget_type=\"heading.default\">\n\t\t\t\t<div class=\"elementor-widget-container\">\n\t\t\t<h5 class=\"elementor-heading-title elementor-size-large\">Normativas Governo Federal<\/h5>\t\t<\/div>\n\t\t\t\t<\/div>\n\t\t\t\t<div class=\"elementor-element elementor-element-8b93b96 elementor-widget elementor-widget-text-editor\" data-id=\"8b93b96\" data-element_type=\"widget\" data-widget_type=\"text-editor.default\">\n\t\t\t\t<div class=\"elementor-widget-container\">\n\t\t\t\t\t\t\t<ul><li><a style=\"color: #0d63e6 !important\" href=\"https:\/\/coronavirus.saude.gov.br\/\">Informa\u00e7\u00f5es Minist\u00e9rio da Sa\u00fade<\/a><\/li><li><a style=\"color: #0d63e6 !important\" href=\"http:\/\/www.in.gov.br\/en\/web\/dou\/-\/instrucao-normativa-n-21-de-16-de-marco-de-2020-248328867\">Orienta\u00e7\u00f5es aos \u00f3rg\u00e3os e entidades do Sistema de Pessoal Civil da Administra\u00e7\u00e3o P\u00fablica Federal (SIPEC) quanto \u00e0s medidas de prote\u00e7\u00e3o decorrente do coronav\u00edrus (COVID-19)<\/a><\/li><li><a href=\"http:\/\/www.in.gov.br\/en\/web\/dou\/-\/portaria-n-544-de-16-de-junho-de-2020-261924872\">Nova Portaria sobre a substitui\u00e7\u00e3o das aulas presenciais por aulas em meios digitais enquanto durar a situa\u00e7\u00e3o de pandemia do COVID-19.<\/a><\/li><li><p><a href=\"http:\/\/www.in.gov.br\/en\/web\/dou\/-\/portaria-n-36-de-19-de-marco-de-2020-249026197\">Portaria sobre a suspens\u00e3o excepcional dos prazos para defesa de disserta\u00e7\u00e3o ou tese no \u00e2mbito dos programas de concess\u00e3o de bolsas da Capes.<\/a><\/p><\/li><li><p><a href=\"http:\/\/www.in.gov.br\/en\/web\/dou\/-\/portaria-n-356-de-20-de-marco-de-2020-249090908\">Portaria sobre a atua\u00e7\u00e3o dos alunos dos cursos da \u00e1rea de sa\u00fade no combate \u00e0 pandemia do COVID-19 (coronav\u00edrus).<\/a><\/p><\/li><li><p class=\"identifica\"><a href=\"http:\/\/www.in.gov.br\/web\/dou\/-\/medida-provisoria-n-934-de-1-de-abril-de-2020-250710591\">Medida provis\u00f3ria que estabelece normas excepcionais sobre o ano letivo da educa\u00e7\u00e3o b\u00e1sica e do ensino superior decorrentes das medidas para enfrentamento do COVID-19.<\/a><\/p><\/li><li><p class=\"identifica\"><a href=\"http:\/\/www.in.gov.br\/en\/web\/dou\/-\/portaria-n-374-de-3-de-abril-de-2020-251289249\">Portaria sobre a antecipa\u00e7\u00e3o da cola\u00e7\u00e3o de grau para os alunos dos cursos de Medicina, Enfermagem, Farm\u00e1cia e Fisioterapia, exclusivamente para atua\u00e7\u00e3o nas na pandemia do novo coronav\u00edrus.<\/a><\/p><\/li><li><p class=\"identifica\"><a href=\"http:\/\/www.in.gov.br\/en\/web\/dou\/-\/portaria-n-376-de-3-de-abril-de-2020-251289119\">Portaria sobre as aulas nos cursos de educa\u00e7\u00e3o profissional t\u00e9cnica de n\u00edvel m\u00e9dio, enquanto durar a situa\u00e7\u00e3o de pandemia do novo coronav\u00edrus.<\/a><\/p><\/li><\/ul>\t\t\t\t\t\t<\/div>\n\t\t\t\t<\/div>\n\t\t\t\t<div class=\"elementor-element elementor-element-a2a62b7 elementor-widget elementor-widget-heading\" data-id=\"a2a62b7\" data-element_type=\"widget\" data-widget_type=\"heading.default\">\n\t\t\t\t<div class=\"elementor-widget-container\">\n\t\t\t<h5 class=\"elementor-heading-title elementor-size-large\">Normativas estaduais e municipais<\/h5>\t\t<\/div>\n\t\t\t\t<\/div>\n\t\t\t\t<div class=\"elementor-element elementor-element-9e61716 elementor-widget elementor-widget-text-editor\" data-id=\"9e61716\" data-element_type=\"widget\" data-widget_type=\"text-editor.default\">\n\t\t\t\t<div class=\"elementor-widget-container\">\n\t\t\t\t\t\t\t<ul><li><a href=\"https:\/\/saude.rs.gov.br\/coronavirus-decretos-estaduais\">Decretos Governo Estadual do <b>Rio Grande do Sul<\/b><\/a><\/li><li><a href=\"https:\/\/www.ufsm.br\/wp-content\/uploads\/2020\/03\/cientistasRS-COVID-25marco2020.pdf.pdf\">Carta \u00e0 Sociedade do Comit\u00ea Ga\u00facho COVID-19<\/a><\/li><li><a href=\"https:\/\/www.ufsm.br\/wp-content\/uploads\/2020\/04\/Comite-CientificoTESTES-312MARCO2020.pdf\">Comit\u00ea Ga\u00facho COVID-19 informa sobre testes de diagn\u00f3stico<\/a><\/li><li><a href=\"http:\/\/www.santamaria.rs.gov.br\/coronavirus\/?secao=decreto\">Decretos Prefeitura Municipal de <b>Santa Maria<\/b><\/a><\/li><li><a href=\"https:\/\/www.fredericowestphalen-rs.com.br\/noticia\/1749\/decretado-estado-de-calamidade-publica-em-frederico-westphalen\" target=\"_blank\" rel=\"noopener\">Decretos e not\u00edcias Prefeitura Municipal de <b>Frederico Westphalen<\/b>\u00a0<\/a><\/li><li><a href=\"https:\/\/www.palmeiradasmissoes-rs.com.br\/index.php\/60-corpo-portal\/decretos\/705-decreto-039-2020-complementa-032-medidas-prevencao-covid-19\" target=\"_blank\" rel=\"noopener\">Decretos e Notas Prefeitura Municipal de <b>Palmeira das Miss\u00f5es<\/b>\u00a0<\/a><\/li><li><a href=\"https:\/\/www.cachoeiradosul.rs.gov.br\/portal\/noticias\/0\/3\/4159\/prefeitura-lanca-decreto-212020\/\">Decreto da Prefeitura Municipal de<strong> Cachoeira do Sul<\/strong><\/a><\/li><\/ul>\t\t\t\t\t\t<\/div>\n\t\t\t\t<\/div>\n\t\t\t\t\t<\/div>\n\t\t<\/div>\n\t\t\t\t\t<\/div>\n\t\t<\/section>\n\t\t\t\t<section class=\"elementor-section elementor-top-section elementor-element elementor-element-d5b4a7b elementor-section-boxed elementor-section-height-default elementor-section-height-default\" data-id=\"d5b4a7b\" data-element_type=\"section\">\n\t\t\t\t\t\t<div class=\"elementor-container elementor-column-gap-default\">\n\t\t\t\t\t<div class=\"elementor-column elementor-col-100 elementor-top-column elementor-element elementor-element-34df76e\" data-id=\"34df76e\" data-element_type=\"column\">\n\t\t\t<div class=\"elementor-widget-wrap elementor-element-populated\">\n\t\t\t\t\t\t<div class=\"elementor-element elementor-element-f05dd62 elementor-widget elementor-widget-wp-widget-ufsm_noticias_widget\" data-id=\"f05dd62\" data-element_type=\"widget\" data-widget_type=\"wp-widget-ufsm_noticias_widget.default\">\n\t\t\t\t<div class=\"elementor-widget-container\">\n\t\t\t<h5 class='titulo-conteudos'>Destaques<\/h5><div class='widget-noticias-inside'>\n                        <div class=\"row\">\n                                    <div class=\"col-12 col-lg-4 pb-4\">\n                                            <div class=\"noticias-widget-wrap\" style=\"height: 180px; overflow: hidden;\">\n                            <a title=\"\" href=\"https:\/\/www.ufsm.br\/2024\/01\/18\/ufsm-e-fiocruz-seguem-estudos-relacionados-as-variantes-do-coronavirus\">\n                                <span class=\"visually-hidden\">\n                                    UFSM e Fiocruz seguem estudos relacionados \u00e0s variantes do coronav\u00edrus                                <\/span>\n                                <div class=\"noticias-widget-thumbs h-100\">\n                                    <img decoding=\"async\" class=\"object-fit-cover h-100 w-100\" alt=\"\" srcset=\"https:\/\/www.ufsm.br\/app\/uploads\/2024\/01\/Destaque-UFSM-e-Fiocruz2-300x227.jpg 300w, https:\/\/www.ufsm.br\/app\/uploads\/2024\/01\/Destaque-UFSM-e-Fiocruz2.jpg 370w\" src=\"https:\/\/www.ufsm.br\/app\/uploads\/2024\/01\/Destaque-UFSM-e-Fiocruz2.jpg\"><\/img>\n                                <\/div>\n                            <\/a>\n                        <\/div>\n                                        \n                                        \n                    \n                    <a class=\"noticias-widget-title d-block  m-0 \"  title=\"UFSM e Fiocruz seguem estudos relacionados \u00e0s variantes do coronav\u00edrus\" href=\"https:\/\/www.ufsm.br\/2024\/01\/18\/ufsm-e-fiocruz-seguem-estudos-relacionados-as-variantes-do-coronavirus\">\n                                                UFSM e Fiocruz seguem estudos relacionados \u00e0s variantes do coronav\u00edrus                    <\/a>\n                    \n                    \n                                        \n                                        \n                                        <\/div>\n                                    <div class=\"col-12 col-lg-4 pb-4\">\n                                            <div class=\"noticias-widget-wrap\" style=\"height: 180px; overflow: hidden;\">\n                            <a title=\"\" href=\"https:\/\/www.ufsm.br\/2023\/01\/17\/laboratorio-referencia-em-monitoramento-do-coronavirus\">\n                                <span class=\"visually-hidden\">\n                                    Laborat\u00f3rio da UFSM \u00e9 refer\u00eancia nacional em monitoramento do coronav\u00edrus                                <\/span>\n                                <div class=\"noticias-widget-thumbs h-100\">\n                                    <img decoding=\"async\" class=\"object-fit-cover h-100 w-100\" alt=\"\" srcset=\"https:\/\/www.ufsm.br\/app\/uploads\/2023\/01\/CARD-e1673961780325-300x244.jpg 300w, https:\/\/www.ufsm.br\/app\/uploads\/2023\/01\/CARD-e1673961780325-1024x832.jpg 1024w, https:\/\/www.ufsm.br\/app\/uploads\/2023\/01\/CARD-e1673961780325-768x624.jpg 768w, https:\/\/www.ufsm.br\/app\/uploads\/2023\/01\/CARD-e1673961780325.jpg 1080w\" src=\"https:\/\/www.ufsm.br\/app\/uploads\/2023\/01\/CARD-e1673961780325-1024x832.jpg\"><\/img>\n                                <\/div>\n                            <\/a>\n                        <\/div>\n                                        \n                                        \n                    \n                    <a class=\"noticias-widget-title d-block  m-0 \"  title=\"Laborat\u00f3rio da UFSM \u00e9 refer\u00eancia nacional em monitoramento do coronav\u00edrus\" href=\"https:\/\/www.ufsm.br\/2023\/01\/17\/laboratorio-referencia-em-monitoramento-do-coronavirus\">\n                                                Laborat\u00f3rio da UFSM \u00e9 refer\u00eancia nacional em monitoramento do coronav\u00edrus                    <\/a>\n                    \n                    \n                                        \n                                        \n                                        <\/div>\n                                    <div class=\"col-12 col-lg-4 pb-4\">\n                                            <div class=\"noticias-widget-wrap\" style=\"height: 180px; overflow: hidden;\">\n                            <a title=\"Descri\u00e7\u00e3o da imagem: ilustra\u00e7\u00e3o horizontal e colorida, em tons de azul e verde, de uma pessoa em uma estrada de terra no meio de uma paisagem. A estrada corta um gramado verde e desemboca no meio de duas montanhas. No meio das montanhas, ilustra\u00e7\u00e3o de um frasco de vacina e uma seringa sobre uma estrela de doze pontas amarelo pastel. Na frente das montanhas, fileira de \u00e1rvores do tipo pinheiros em tons de azul marinho e azul acinzentado. Sobre o gramado e ao lado da estrada, h\u00e1 uma placa de madeira em formato de flecha. O fundo \u00e9 cinza.\" href=\"https:\/\/www.ufsm.br\/midias\/arco\/quais-os-proximos-passos-da-vacinacao-contra-o-coronavirus\">\n                                <span class=\"visually-hidden\">\n                                    Descri\u00e7\u00e3o da imagem: ilustra\u00e7\u00e3o horizontal e colorida, em tons de azul e verde, de uma pessoa em uma estrada de terra no meio de uma paisagem. A estrada corta um gramado verde e desemboca no meio de duas montanhas. No meio das montanhas, ilustra\u00e7\u00e3o de um frasco de vacina e uma seringa sobre uma estrela de doze pontas amarelo pastel. Na frente das montanhas, fileira de \u00e1rvores do tipo pinheiros em tons de azul marinho e azul acinzentado. Sobre o gramado e ao lado da estrada, h\u00e1 uma placa de madeira em formato de flecha. O fundo \u00e9 cinza.                                <\/span>\n                                <div class=\"noticias-widget-thumbs h-100\">\n                                    <img decoding=\"async\" class=\"object-fit-cover h-100 w-100\" alt=\"\" srcset=\"https:\/\/www.ufsm.br\/app\/uploads\/sites\/601\/2022\/07\/4-dose-300x196.jpg 300w, https:\/\/www.ufsm.br\/app\/uploads\/sites\/601\/2022\/07\/4-dose-1024x670.jpg 1024w, https:\/\/www.ufsm.br\/app\/uploads\/sites\/601\/2022\/07\/4-dose-768x502.jpg 768w, https:\/\/www.ufsm.br\/app\/uploads\/sites\/601\/2022\/07\/4-dose-1536x1005.jpg 1536w, https:\/\/www.ufsm.br\/app\/uploads\/sites\/601\/2022\/07\/4-dose.jpg 1920w\" src=\"https:\/\/www.ufsm.br\/app\/uploads\/sites\/601\/2022\/07\/4-dose-1024x670.jpg\"><\/img>\n                                <\/div>\n                            <\/a>\n                        <\/div>\n                                        \n                                        \n                    \n                    <a class=\"noticias-widget-title d-block  m-0 \"  title=\"Quais os pr\u00f3ximos passos da vacina\u00e7\u00e3o contra o coronav\u00edrus?\" href=\"https:\/\/www.ufsm.br\/midias\/arco\/quais-os-proximos-passos-da-vacinacao-contra-o-coronavirus\">\n                                                Quais os pr\u00f3ximos passos da vacina\u00e7\u00e3o contra o coronav\u00edrus?                    <\/a>\n                    \n                    \n                                        \n                                        \n                                        <\/div>\n                            <\/div>\n            <\/div>\n\t\t<\/div>\n\t\t\t\t<\/div>\n\t\t\t\t\t<\/div>\n\t\t<\/div>\n\t\t\t\t\t<\/div>\n\t\t<\/section>\n\t\t\t\t<section class=\"elementor-section elementor-top-section elementor-element elementor-element-3745382 elementor-section-boxed elementor-section-height-default elementor-section-height-default\" data-id=\"3745382\" data-element_type=\"section\">\n\t\t\t\t\t\t<div class=\"elementor-container elementor-column-gap-default\">\n\t\t\t\t\t<div class=\"elementor-column elementor-col-100 elementor-top-column elementor-element elementor-element-d5d28c6\" data-id=\"d5d28c6\" data-element_type=\"column\">\n\t\t\t<div class=\"elementor-widget-wrap elementor-element-populated\">\n\t\t\t\t\t\t<div class=\"elementor-element elementor-element-f191a02 elementor-widget elementor-widget-wp-widget-ufsm_noticias_widget\" data-id=\"f191a02\" data-element_type=\"widget\" data-widget_type=\"wp-widget-ufsm_noticias_widget.default\">\n\t\t\t\t<div class=\"elementor-widget-container\">\n\t\t\t<h5 class='titulo-conteudos'>Not\u00edcias<\/h5><div class='widget-noticias-inside'>\n                        <div class=\"row\">\n                                    <div class=\"col-12 col-lg-6 pb-4\">\n                                        \n                                            <span class='categoria-publicacao-widget'>\n                            Destaque                        <\/span>\n                        <br>\n                                        \n                    \n                    <a class=\"noticias-widget-title d-block \"  title=\"UFSM e Fiocruz seguem estudos relacionados \u00e0s variantes do coronav\u00edrus\" href=\"https:\/\/www.ufsm.br\/2024\/01\/18\/ufsm-e-fiocruz-seguem-estudos-relacionados-as-variantes-do-coronavirus\">\n                                                UFSM e Fiocruz seguem estudos relacionados \u00e0s variantes do coronav\u00edrus                    <\/a>\n                    \n                    \n                                        \n                                        \n                                            \n                                                    <div title=\"Publicado em 18\/01\/2024 \" class=\"data-publicacao-widget\">\n                                <i  class=\"far fa-clock\"><\/i>\n                                18\/01\/2024                             <\/div>\n                                                                <\/div>\n                                    <div class=\"col-12 col-lg-6 pb-4\">\n                                        \n                                            <span class='categoria-publicacao-widget'>\n                            Geral                        <\/span>\n                        <br>\n                                        \n                    \n                    <a class=\"noticias-widget-title d-block \"  title=\"Grupo da UFSM finaliza elabora\u00e7\u00e3o do vocabul\u00e1rio da pandemia do novo coronav\u00edrus\" href=\"https:\/\/www.ufsm.br\/2023\/05\/23\/grupo-da-ufsm-finaliza-elaboracao-do-vocabulario-da-pandemia-do-novo-coronavirus\">\n                                                Grupo da UFSM finaliza elabora\u00e7\u00e3o do vocabul\u00e1rio da pandemia do novo coronav\u00edrus                    <\/a>\n                    \n                    \n                                        \n                                        \n                                            \n                                                    <div title=\"Publicado em 23\/05\/2023 \" class=\"data-publicacao-widget\">\n                                <i  class=\"far fa-clock\"><\/i>\n                                23\/05\/2023                             <\/div>\n                                                                <\/div>\n                            <\/div>\n                    <div class=\"row\">\n                                    <div class=\"col-12 col-lg-6 pb-4\">\n                                        \n                                            <span class='categoria-publicacao-widget'>\n                            Ci\u00eancia                        <\/span>\n                        <br>\n                                        \n                    \n                    <a class=\"noticias-widget-title d-block \"  title=\"Laborat\u00f3rio da UFSM \u00e9 refer\u00eancia nacional em monitoramento do coronav\u00edrus\" href=\"https:\/\/www.ufsm.br\/2023\/01\/17\/laboratorio-referencia-em-monitoramento-do-coronavirus\">\n                                                Laborat\u00f3rio da UFSM \u00e9 refer\u00eancia nacional em monitoramento do coronav\u00edrus                    <\/a>\n                    \n                    \n                                        \n                                        \n                                            \n                                                    <div title=\"Publicado em 17\/01\/2023 \" class=\"data-publicacao-widget\">\n                                <i  class=\"far fa-clock\"><\/i>\n                                17\/01\/2023                             <\/div>\n                                                                <\/div>\n                                    <div class=\"col-12 col-lg-6 pb-4\">\n                                        \n                                            <span class='categoria-publicacao-widget'>\n                            Gest\u00e3o                        <\/span>\n                        <br>\n                                        \n                    \n                    <a class=\"noticias-widget-title d-block \"  title=\"UFSM recomenda cuidados para evitar agravamento do quadro epidemiol\u00f3gico da Covid-19\" href=\"https:\/\/www.ufsm.br\/2022\/11\/29\/nova-recomendacao-covid19\">\n                                                UFSM recomenda cuidados para evitar agravamento do quadro epidemiol\u00f3gico da Covid-19                    <\/a>\n                    \n                    \n                                        \n                                        \n                                            \n                                                    <div title=\"Publicado em 29\/11\/2022 \" class=\"data-publicacao-widget\">\n                                <i  class=\"far fa-clock\"><\/i>\n                                29\/11\/2022                             <\/div>\n                                                                <\/div>\n                            <\/div>\n                    <div class=\"row\">\n                                    <div class=\"col-12 col-lg-6 pb-4\">\n                                        \n                                            <span class='categoria-publicacao-widget'>\n                            Geral                        <\/span>\n                        <br>\n                                        \n                    \n                    <a class=\"noticias-widget-title d-block \"  title=\"COE-E UFSM informa que suas atividades est\u00e3o suspensas\" href=\"https:\/\/www.ufsm.br\/2022\/06\/03\/coe-e-ufsm-informa-que-suas-atividades-estao-suspensas\">\n                                                COE-E UFSM informa que suas atividades est\u00e3o suspensas                    <\/a>\n                    \n                    \n                                        \n                                        \n                                            \n                                                    <div title=\"Publicado em 03\/06\/2022 \" class=\"data-publicacao-widget\">\n                                <i  class=\"far fa-clock\"><\/i>\n                                03\/06\/2022                             <\/div>\n                                                                <\/div>\n                                    <div class=\"col-12 col-lg-6 pb-4\">\n                                        \n                                            <span class='categoria-publicacao-widget'>\n                            Geral                        <\/span>\n                        <br>\n                                        \n                    \n                    <a class=\"noticias-widget-title d-block \"  title=\"Recomenda\u00e7\u00e3o do COE-E UFSM sobre a necessidade da exig\u00eancia do comprovante vacinal na UFSM\" href=\"https:\/\/www.ufsm.br\/2022\/01\/27\/recomendacao-do-coe-e-ufsm-sobre-a-necessidade-da-exigencia-do-comprovante-vacinal-na-ufsm\">\n                                                Recomenda\u00e7\u00e3o do COE-E UFSM sobre a necessidade da exig\u00eancia do comprovante vacinal na UFSM                    <\/a>\n                    \n                    \n                                        \n                                        \n                                            \n                                                    <div title=\"Publicado em 27\/01\/2022 \" class=\"data-publicacao-widget\">\n                                <i  class=\"far fa-clock\"><\/i>\n                                27\/01\/2022                             <\/div>\n                                                                <\/div>\n                            <\/div>\n                    <div class=\"row\">\n                                    <div class=\"col-12 col-lg-6 pb-4\">\n                                        \n                                            <span class='categoria-publicacao-widget'>\n                            Geral                        <\/span>\n                        <br>\n                                        \n                    \n                    <a class=\"noticias-widget-title d-block \"  title=\"Criado pela UFSM, Observat\u00f3rio Socioecon\u00f4mico da Covid-19 \u00e9 destaque no site da ONU\" href=\"https:\/\/www.ufsm.br\/2021\/11\/25\/criado-pela-ufsm-observatorio-socioeconomico-da-covid-19-e-destaque-no-site-da-onu\">\n                                                Criado pela UFSM, Observat\u00f3rio Socioecon\u00f4mico da Covid-19 \u00e9 destaque no site da ONU                    <\/a>\n                    \n                    \n                                        \n                                        \n                                            \n                                                    <div title=\"Publicado em 25\/11\/2021 \" class=\"data-publicacao-widget\">\n                                <i  class=\"far fa-clock\"><\/i>\n                                25\/11\/2021                             <\/div>\n                                                                <\/div>\n                                    <div class=\"col-12 col-lg-6 pb-4\">\n                                        \n                                            <span class='categoria-publicacao-widget'>\n                            Estudantes, Geral                        <\/span>\n                        <br>\n                                        \n                    \n                    <a class=\"noticias-widget-title d-block \"  title=\"Nota sobre o fluxo para realiza\u00e7\u00e3o de disciplinas pr\u00e1ticas presenciais na UFSM\" href=\"https:\/\/www.ufsm.br\/2021\/10\/26\/nota-sobre-o-fluxo-para-realizacao-de-disciplinas-praticas-presenciais-na-ufsm\">\n                                                Nota sobre o fluxo para realiza\u00e7\u00e3o de disciplinas pr\u00e1ticas presenciais na UFSM                    <\/a>\n                    \n                    \n                                        \n                                        \n                                            \n                                                    <div title=\"Publicado em 26\/10\/2021 \" class=\"data-publicacao-widget\">\n                                <i  class=\"far fa-clock\"><\/i>\n                                26\/10\/2021                             <\/div>\n                                                                <\/div>\n                            <\/div>\n                    <div class=\"row\">\n                                    <div class=\"col-12 col-lg-6 pb-4\">\n                                        \n                                            <span class='categoria-publicacao-widget'>\n                            Comunidade, Geral                        <\/span>\n                        <br>\n                                        \n                    \n                    <a class=\"noticias-widget-title d-block \"  title=\"UFSM reabre ao p\u00fablico vacinado para a pr\u00e1tica de atividades f\u00edsicas\" href=\"https:\/\/www.ufsm.br\/2021\/09\/24\/ufsm-reabre-ao-publico-vacinado-para-a-pratica-de-atividades-fisicas\">\n                                                UFSM reabre ao p\u00fablico vacinado para a pr\u00e1tica de atividades f\u00edsicas                    <\/a>\n                    \n                    \n                                        \n                                        \n                                            \n                                                    <div title=\"Publicado em 24\/09\/2021 \" class=\"data-publicacao-widget\">\n                                <i  class=\"far fa-clock\"><\/i>\n                                24\/09\/2021                             <\/div>\n                                                                <\/div>\n                                    <div class=\"col-12 col-lg-6 pb-4\">\n                                        \n                                            <span class='categoria-publicacao-widget'>\n                            Sa\u00fade                        <\/span>\n                        <br>\n                                        \n                    \n                    <a class=\"noticias-widget-title d-block \"  title=\"Quais os pr\u00f3ximos passos da vacina\u00e7\u00e3o contra o coronav\u00edrus?\" href=\"https:\/\/www.ufsm.br\/midias\/arco\/quais-os-proximos-passos-da-vacinacao-contra-o-coronavirus\">\n                                                Quais os pr\u00f3ximos passos da vacina\u00e7\u00e3o contra o coronav\u00edrus?                    <\/a>\n                    \n                    \n                                        \n                                        \n                                            \n                                                    <div title=\"Publicado em 06\/07\/2022 \" class=\"data-publicacao-widget\">\n                                <i  class=\"far fa-clock\"><\/i>\n                                06\/07\/2022                             <\/div>\n                                                                <\/div>\n                            <\/div>\n                    <div class=\"row\">\n                                    <div class=\"col-12 col-lg-6 pb-4\">\n                                        \n                                            <span class='categoria-publicacao-widget'>\n                            Mit\u00f4metro                        <\/span>\n                        <br>\n                                        \n                    \n                    <a class=\"noticias-widget-title d-block \"  title=\"Ser\u00e1 que estamos no in\u00edcio do fim da pandemia?\" href=\"https:\/\/www.ufsm.br\/midias\/arco\/inicio-fim-pandemia\">\n                                                Ser\u00e1 que estamos no in\u00edcio do fim da pandemia?                    <\/a>\n                    \n                    \n                                        \n                                        \n                                            \n                                                    <div title=\"Publicado em 21\/02\/2022 \" class=\"data-publicacao-widget\">\n                                <i  class=\"far fa-clock\"><\/i>\n                                21\/02\/2022                             <\/div>\n                                                                <\/div>\n                                    <div class=\"col-12 col-lg-6 pb-4\">\n                                        \n                                            <span class='categoria-publicacao-widget'>\n                            Sa\u00fade                        <\/span>\n                        <br>\n                                        \n                    \n                    <a class=\"noticias-widget-title d-block \"  title=\"Tive contato com algu\u00e9m que testou positivo para o coronav\u00edrus, e agora?\" href=\"https:\/\/www.ufsm.br\/midias\/arco\/tive-contato-com-alguem-que-testou-positivo-para-o-coronavirus-e-agora\">\n                                                Tive contato com algu\u00e9m que testou positivo para o coronav\u00edrus, e agora?                    <\/a>\n                    \n                    \n                                        \n                                        \n                                            \n                                                    <div title=\"Publicado em 09\/02\/2022 \" class=\"data-publicacao-widget\">\n                                <i  class=\"far fa-clock\"><\/i>\n                                09\/02\/2022                             <\/div>\n                                                                <\/div>\n                            <\/div>\n                    <div class=\"row\">\n                                    <div class=\"col-12 col-lg-6 pb-4\">\n                                        \n                                            <span class='categoria-publicacao-widget'>\n                            Not\u00edcias                        <\/span>\n                        <br>\n                                        \n                    \n                    <a class=\"noticias-widget-title d-block \"  title=\"Cbio orienta uso do audit\u00f3rio\" href=\"https:\/\/www.ufsm.br\/unidades-universitarias\/ccsh\/2022\/04\/08\/cbio-orienta-uso-do-auditorio\">\n                                                Cbio orienta uso do audit\u00f3rio                    <\/a>\n                    \n                    \n                                        \n                                        \n                                            \n                                                    <div title=\"Publicado em 08\/04\/2022 \" class=\"data-publicacao-widget\">\n                                <i  class=\"far fa-clock\"><\/i>\n                                08\/04\/2022                             <\/div>\n                                                                <\/div>\n                                    <div class=\"col-12 col-lg-6 pb-4\">\n                                        \n                                            <span class='categoria-publicacao-widget'>\n                            Not\u00edcias                        <\/span>\n                        <br>\n                                        \n                    \n                    <a class=\"noticias-widget-title d-block \"  title=\"UFSM estabelece retorno presencial integral das atividades administrativas a partir de segunda-feira (14)\" href=\"https:\/\/www.ufsm.br\/unidades-universitarias\/ccsh\/2022\/03\/10\/ufsm-estabelece-retorno-presencial-integral-das-atividades-administrativas-a-partir-de-segunda-feira-14\">\n                                                UFSM estabelece retorno presencial integral das atividades administrativas a partir de segunda-feira (14)                    <\/a>\n                    \n                    \n                                        \n                                        \n                                            \n                                                    <div title=\"Publicado em 10\/03\/2022 \" class=\"data-publicacao-widget\">\n                                <i  class=\"far fa-clock\"><\/i>\n                                10\/03\/2022                             <\/div>\n                                                                <\/div>\n                            <\/div>\n                    <div class=\"row\">\n                                    <div class=\"col-12 col-lg-6 pb-4\">\n                                        \n                                            <span class='categoria-publicacao-widget'>\n                            Not\u00edcias                        <\/span>\n                        <br>\n                                        \n                    \n                    <a class=\"noticias-widget-title d-block \"  title=\"Retorno presencial das atividades acad\u00eamicas e Calend\u00e1rio UFSM 2022 s\u00e3o aprovados pelo CEPE\" href=\"https:\/\/www.ufsm.br\/unidades-universitarias\/ccsh\/2022\/02\/16\/retorno-presencial-das-atividades-academicas-e-calendario-ufsm-2022-sao-aprovados-pelo-cepe\">\n                                                Retorno presencial das atividades acad\u00eamicas e Calend\u00e1rio UFSM 2022 s\u00e3o aprovados pelo CEPE                    <\/a>\n                    \n                    \n                                        \n                                        \n                                            \n                                                    <div title=\"Publicado em 16\/02\/2022 \" class=\"data-publicacao-widget\">\n                                <i  class=\"far fa-clock\"><\/i>\n                                16\/02\/2022                             <\/div>\n                                                                <\/div>\n                                    <div class=\"col-12 col-lg-6 pb-4\">\n                                        \n                                            <span class='categoria-publicacao-widget'>\n                            Not\u00edcias                        <\/span>\n                        <br>\n                                        \n                    \n                    <a class=\"noticias-widget-title d-block \"  title=\"Biblioteca Setorial atende demandas por agendamento pr\u00e9vio\" href=\"https:\/\/www.ufsm.br\/unidades-universitarias\/ccsh\/2022\/01\/13\/biblioteca-setorial-atende-demandas-por-agendamento-previo\">\n                                                Biblioteca Setorial atende demandas por agendamento pr\u00e9vio                    <\/a>\n                    \n                    \n                                        \n                                        \n                                            \n                                                    <div title=\"Publicado em 13\/01\/2022 \" class=\"data-publicacao-widget\">\n                                <i  class=\"far fa-clock\"><\/i>\n                                13\/01\/2022                             <\/div>\n                                                                <\/div>\n                            <\/div>\n                    <div class=\"row\">\n                                    <div class=\"col-12 col-lg-6 pb-4\">\n                                        \n                                            <span class='categoria-publicacao-widget'>\n                            Not\u00edcias                        <\/span>\n                        <br>\n                                        \n                    \n                    <a class=\"noticias-widget-title d-block \"  title=\"UFSM estabelece jornada de trabalho h\u00edbrida para servidores a partir desta sexta-feira (14)\" href=\"https:\/\/www.ufsm.br\/unidades-universitarias\/ccsh\/2022\/01\/13\/ufsm-estabelece-jornada-de-trabalho-hibrida-para-servidores-a-partir-desta-sexta-feira-14\">\n                                                UFSM estabelece jornada de trabalho h\u00edbrida para servidores a partir desta sexta-feira (14)                    <\/a>\n                    \n                    \n                                        \n                                        \n                                            \n                                                    <div title=\"Publicado em 13\/01\/2022 \" class=\"data-publicacao-widget\">\n                                <i  class=\"far fa-clock\"><\/i>\n                                13\/01\/2022                             <\/div>\n                                                                <\/div>\n                                    <div class=\"col-12 col-lg-6 pb-4\">\n                                        \n                                            <span class='categoria-publicacao-widget'>\n                            Not\u00edcias                        <\/span>\n                        <br>\n                                        \n                    \n                    <a class=\"noticias-widget-title d-block \"  title=\"Informe da Progep\" href=\"https:\/\/www.ufsm.br\/unidades-universitarias\/ccsh\/2021\/09\/30\/informe-da-progep\">\n                                                Informe da Progep                    <\/a>\n                    \n                    \n                                        \n                                        \n                                            \n                                                    <div title=\"Publicado em 30\/09\/2021 \" class=\"data-publicacao-widget\">\n                                <i  class=\"far fa-clock\"><\/i>\n                                30\/09\/2021                             <\/div>\n                                                                <\/div>\n                            <\/div>\n            <\/div>\n<div class=\"leia-mais p-1\">\n                <a href=\"https:\/\/www.ufsm.br\/coronavirus\/busca\/?q=&area=post&orderby=date&sites%5B%5D=1&sites%5B%5D=341&sites%5B%5D=343&sites%5B%5D=344&sites%5B%5D=345&sites%5B%5D=346&sites%5B%5D=347&sites%5B%5D=348&sites%5B%5D=350&sites%5B%5D=360&sites%5B%5D=361&sites%5B%5D=362&sites%5B%5D=368&sites%5B%5D=369&sites%5B%5D=370&sites%5B%5D=371&sites%5B%5D=372&sites%5B%5D=373&sites%5B%5D=374&sites%5B%5D=375&sites%5B%5D=376&sites%5B%5D=377&sites%5B%5D=378&sites%5B%5D=398&sites%5B%5D=401&sites%5B%5D=402&sites%5B%5D=403&sites%5B%5D=405&sites%5B%5D=601&tags=coronavirus,coronavirus\">\n            LEIA MAIS            <span class=\"icon-box\">\n                <span class=\"bg-ufsm-widget-icon\">\n                    <i class=\"fas fa-chevron-right\" aria-hidden=\"true\"><\/i>\n                <\/span>\n            <\/span>\n        <\/a>\n    <\/div>\n\t\t<\/div>\n\t\t\t\t<\/div>\n\t\t\t\t\t<\/div>\n\t\t<\/div>\n\t\t\t\t\t<\/div>\n\t\t<\/section>\n\t\t\t\t<section class=\"elementor-section elementor-top-section elementor-element elementor-element-758cd07 elementor-section-boxed elementor-section-height-default elementor-section-height-default\" data-id=\"758cd07\" data-element_type=\"section\">\n\t\t\t\t\t\t<div class=\"elementor-container elementor-column-gap-default\">\n\t\t\t\t\t<div class=\"elementor-column elementor-col-33 elementor-top-column elementor-element elementor-element-a8e430c\" data-id=\"a8e430c\" data-element_type=\"column\">\n\t\t\t<div class=\"elementor-widget-wrap\">\n\t\t\t\t\t\t\t<\/div>\n\t\t<\/div>\n\t\t\t\t<div class=\"elementor-column elementor-col-33 elementor-top-column elementor-element elementor-element-f75170c\" data-id=\"f75170c\" data-element_type=\"column\">\n\t\t\t<div class=\"elementor-widget-wrap\">\n\t\t\t\t\t\t\t<\/div>\n\t\t<\/div>\n\t\t\t\t<div class=\"elementor-column elementor-col-33 elementor-top-column elementor-element elementor-element-f6d62f4\" data-id=\"f6d62f4\" data-element_type=\"column\">\n\t\t\t<div class=\"elementor-widget-wrap\">\n\t\t\t\t\t\t\t<\/div>\n\t\t<\/div>\n\t\t\t\t\t<\/div>\n\t\t<\/section>\n\t\t\t\t<section class=\"elementor-section elementor-top-section elementor-element elementor-element-aaea12b elementor-section-boxed elementor-section-height-default elementor-section-height-default\" data-id=\"aaea12b\" data-element_type=\"section\">\n\t\t\t\t\t\t<div class=\"elementor-container elementor-column-gap-default\">\n\t\t\t\t\t<div class=\"elementor-column elementor-col-100 elementor-top-column elementor-element elementor-element-15f08ff\" data-id=\"15f08ff\" data-element_type=\"column\">\n\t\t\t<div class=\"elementor-widget-wrap elementor-element-populated\">\n\t\t\t\t\t\t<div class=\"elementor-element elementor-element-d607f4d elementor-widget elementor-widget-wp-widget-ufsm_noticias_widget\" data-id=\"d607f4d\" data-element_type=\"widget\" data-widget_type=\"wp-widget-ufsm_noticias_widget.default\">\n\t\t\t\t<div class=\"elementor-widget-container\">\n\t\t\t<p>Nenhuma not\u00edcia encontrada para esta se\u00e7\u00e3o.<\/p>\t\t<\/div>\n\t\t\t\t<\/div>\n\t\t\t\t\t<\/div>\n\t\t<\/div>\n\t\t\t\t\t<\/div>\n\t\t<\/section>\n\t\t\t\t<\/div>\n\t\t","protected":false},"excerpt":{"rendered":"<p>Centro de Opera\u00e7\u00f5es de Emerg\u00eancia em Sa\u00fade para Educa\u00e7\u00e3o \u2013 COVID 19 \u2013 UFSM (COE-E UFSM) O\u00a0COE-E (Centro de Opera\u00e7\u00f5es de Emerg\u00eancia em Sa\u00fade para Educa\u00e7\u00e3o \u2013 COVID-19)\u00a0e a CBio (Comiss\u00e3o de Biosseguran\u00e7a da UFSM) fundiram-se para planejar conjuntamente a\u00e7\u00f5es de preven\u00e7\u00e3o \u00e0 COVID-19, enfatizando a educa\u00e7\u00e3o e conscientiza\u00e7\u00e3o, atrav\u00e9s da confec\u00e7\u00e3o do\u00a0Manual de Biosseguran\u00e7a [&hellip;]<\/p>\n","protected":false},"author":8,"featured_media":4759,"parent":0,"menu_order":0,"comment_status":"closed","ping_status":"closed","template":"","meta":{"footnotes":""},"categories":[],"tags":[63,48,66],"class_list":["post-5","page","type-page","status-publish","has-post-thumbnail","hentry","tag-banner-estudantes","tag-banner-home-ufsm","tag-banner-servidores"],"acf":[],"_links":{"self":[{"href":"https:\/\/www.ufsm.br\/coronavirus\/wp-json\/wp\/v2\/pages\/5","targetHints":{"allow":["GET"]}}],"collection":[{"href":"https:\/\/www.ufsm.br\/coronavirus\/wp-json\/wp\/v2\/pages"}],"about":[{"href":"https:\/\/www.ufsm.br\/coronavirus\/wp-json\/wp\/v2\/types\/page"}],"author":[{"embeddable":true,"href":"https:\/\/www.ufsm.br\/coronavirus\/wp-json\/wp\/v2\/users\/8"}],"replies":[{"embeddable":true,"href":"https:\/\/www.ufsm.br\/coronavirus\/wp-json\/wp\/v2\/comments?post=5"}],"version-history":[{"count":0,"href":"https:\/\/www.ufsm.br\/coronavirus\/wp-json\/wp\/v2\/pages\/5\/revisions"}],"wp:featuredmedia":[{"embeddable":true,"href":"https:\/\/www.ufsm.br\/coronavirus\/wp-json\/wp\/v2\/media\/4759"}],"wp:attachment":[{"href":"https:\/\/www.ufsm.br\/coronavirus\/wp-json\/wp\/v2\/media?parent=5"}],"wp:term":[{"taxonomy":"category","embeddable":true,"href":"https:\/\/www.ufsm.br\/coronavirus\/wp-json\/wp\/v2\/categories?post=5"},{"taxonomy":"post_tag","embeddable":true,"href":"https:\/\/www.ufsm.br\/coronavirus\/wp-json\/wp\/v2\/tags?post=5"}],"curies":[{"name":"wp","href":"https:\/\/api.w.org\/{rel}","templated":true}]}}