{"id":893,"date":"2022-09-09T11:09:32","date_gmt":"2022-09-09T14:09:32","guid":{"rendered":"https:\/\/www.ufsm.br\/cursos\/graduacao\/educacao-a-distancia\/educacao-do-campo\/?page_id=893"},"modified":"2025-11-26T14:12:00","modified_gmt":"2025-11-26T17:12:00","slug":"informacoes-gerais","status":"publish","type":"page","link":"https:\/\/www.ufsm.br\/cursos\/graduacao\/educacao-a-distancia\/educacao-do-campo\/informacoes-gerais","title":{"rendered":"Sobre"},"content":{"rendered":"\n<p class=\"wp-block-paragraph\">O curso de Licenciatura em Educa\u00e7\u00e3o do Campo \u00e9 ofertado na modalidade Licenciatura &#8211; EAD. Atualmente, a coordena\u00e7\u00e3o \u00e9 de responsabilidade da <strong>Prof.Dr\u00aa Carmen Rejane Flores<\/strong> , e a coordena\u00e7\u00e3o substituta de <strong>Prof. Dr\u00aa Cesar De David<\/strong>. O curso \u00e9 ofertado em per\u00edodo Semestral, sendo 8 o n\u00famero de per\u00edodos indicados para sua conclus\u00e3o. Reconhecido conforme Artigo 101, da Portaria Normativa n. 23\/2017\/MEC, publicada no DOU, de 03\/09\/2018.<\/p>\n\n\n\n<p class=\"wp-block-paragraph\">Por se um curso novo, foi realizado a divulga\u00e7\u00e3o do processo seletivo nas redes sociais atrav\u00e9s de card e do v\u00eddeo, com as princiapis informa\u00e7\u00f5es:<\/p>\n\n\n\n<p class=\"wp-block-paragraph\"><strong>Divulga\u00e7\u00e3o do Vestibular 2017: <\/strong><\/p>\n\n\n\n<figure class=\"wp-block-embed is-type-video is-provider-youtube wp-block-embed-youtube wp-embed-aspect-16-9 wp-has-aspect-ratio\"><div class=\"wp-block-embed__wrapper\">\n<iframe title=\"Processo Seletivo - Curso de Licenciatura em Educa\u00e7\u00e3o do Campo - UFSM\" width=\"500\" height=\"281\" src=\"https:\/\/www.youtube.com\/embed\/LfdgaVbQ1HQ?feature=oembed\" frameborder=\"0\" allow=\"accelerometer; autoplay; clipboard-write; encrypted-media; gyroscope; picture-in-picture; web-share\" referrerpolicy=\"strict-origin-when-cross-origin\" allowfullscreen><\/iframe>\n<\/div><\/figure>\n\n\n\n<p class=\"wp-block-paragraph\"><br>Formatura da 1\u00aa turma do Curso de Licenciatura em Educa\u00e7\u00e3o do Campo.<\/p>\n\n\n\n<p class=\"wp-block-paragraph\"><\/p>\n\n\n\n<figure class=\"wp-block-embed is-type-video is-provider-youtube wp-block-embed-youtube wp-embed-aspect-16-9 wp-has-aspect-ratio\"><div class=\"wp-block-embed__wrapper\">\n<iframe title=\"Formatura da 1\u00aa turma do Curso de Licenciatura em Educa\u00e7\u00e3o do Campo.\" width=\"500\" height=\"281\" src=\"https:\/\/www.youtube.com\/embed\/CaFi7w3eGYE?feature=oembed\" frameborder=\"0\" allow=\"accelerometer; autoplay; clipboard-write; encrypted-media; gyroscope; picture-in-picture; web-share\" referrerpolicy=\"strict-origin-when-cross-origin\" allowfullscreen><\/iframe>\n<\/div><\/figure>\n\n\n\n<p class=\"wp-block-paragraph\"><br>A turma sempre foi muito atuante, alguns momentos foram registrados Aula pr\u00e1tica de Libras \u2013 Polo Agudo Can\u00e7\u00e3o da Terra\/Curso de Licenciatura em Educa\u00e7\u00e3o do Campo UFSM:  .<\/p>\n\n\n\n<figure class=\"wp-block-embed is-type-video is-provider-youtube wp-block-embed-youtube wp-embed-aspect-16-9 wp-has-aspect-ratio\"><div class=\"wp-block-embed__wrapper\">\n<iframe title=\"Can\u00e7\u00e3o da Terra - Libras - Curso de Licenciatura em Educa\u00e7\u00e3o do Campo UFSM\" width=\"500\" height=\"281\" src=\"https:\/\/www.youtube.com\/embed\/czre-3tDKO4?feature=oembed\" frameborder=\"0\" allow=\"accelerometer; autoplay; clipboard-write; encrypted-media; gyroscope; picture-in-picture; web-share\" referrerpolicy=\"strict-origin-when-cross-origin\" allowfullscreen><\/iframe>\n<\/div><\/figure>\n\n\n\n<p class=\"wp-block-paragraph\"><br>Foi realizada tamb\u00e9m uma mobiliza\u00e7\u00e3o dos estudantes, para divulga\u00e7\u00e3o do vestibular: Divulga\u00e7\u00e3o do Vestibular 2018: <\/p>\n\n\n\n<figure class=\"wp-block-embed is-type-video is-provider-youtube wp-block-embed-youtube wp-embed-aspect-16-9 wp-has-aspect-ratio\"><div class=\"wp-block-embed__wrapper\">\n<iframe title=\"Processo Seletivo - Curso de Licenciatura em Educa\u00e7\u00e3o do Campo - UFSM\" width=\"500\" height=\"281\" src=\"https:\/\/www.youtube.com\/embed\/lBjqGjRD9LQ?feature=oembed\" frameborder=\"0\" allow=\"accelerometer; autoplay; clipboard-write; encrypted-media; gyroscope; picture-in-picture; web-share\" referrerpolicy=\"strict-origin-when-cross-origin\" allowfullscreen><\/iframe>\n<\/div><\/figure>\n\n\n\n<p class=\"wp-block-paragraph\">  \ud83c\udf3bConhe\u00e7a o Curso de Licenciatura em Educa\u00e7\u00e3o do Campo da UFSM (Vestibular 2018): <\/p>\n\n\n\n<figure class=\"wp-block-embed is-type-video is-provider-youtube wp-block-embed-youtube wp-embed-aspect-16-9 wp-has-aspect-ratio\"><div class=\"wp-block-embed__wrapper\">\n<iframe title=\"\ud83c\udf3bConhe\u00e7a o Curso de Licenciatura em Educa\u00e7\u00e3o do Campo da UFSM.\" width=\"500\" height=\"281\" src=\"https:\/\/www.youtube.com\/embed\/JNBGALY7hK8?feature=oembed\" frameborder=\"0\" allow=\"accelerometer; autoplay; clipboard-write; encrypted-media; gyroscope; picture-in-picture; web-share\" referrerpolicy=\"strict-origin-when-cross-origin\" allowfullscreen><\/iframe>\n<\/div><\/figure>\n\n\n\n<p class=\"wp-block-paragraph\"><br>J\u00e1 a segunda turma, resultante do edital 05\/2018 da Capes UAB, tiveram suas formaturas realizadas nos Polos de Apoio Presencial, mas tamb\u00e9m tiveram transmiss\u00e3o ao vivo: Formatura 2\u00aa turma Formatura solene do Curso de Licenciatura em Educa\u00e7\u00e3o do Campo \u2013 Polo Encantado: <\/p>\n\n\n\n<p class=\"wp-block-paragraph\"><\/p>\n\n\n\n<figure class=\"wp-block-embed is-type-video is-provider-youtube wp-block-embed-youtube wp-embed-aspect-16-9 wp-has-aspect-ratio\"><div class=\"wp-block-embed__wrapper\">\n<iframe title=\"Formatura solene do Curso de Licenciatura em Educa\u00e7\u00e3o do Campo \u2013 Polo Encantado.\" width=\"500\" height=\"281\" src=\"https:\/\/www.youtube.com\/embed\/9DEQcu1euaI?feature=oembed\" frameborder=\"0\" allow=\"accelerometer; autoplay; clipboard-write; encrypted-media; gyroscope; picture-in-picture; web-share\" referrerpolicy=\"strict-origin-when-cross-origin\" allowfullscreen><\/iframe>\n<\/div><\/figure>\n\n\n\n<p class=\"wp-block-paragraph\"> Formatura 2\u00aa turma Formatura solene do Curso de Licenciatura em Educa\u00e7\u00e3o do Campo \u2013 Polo Sobradinho:<\/p>\n\n\n\n<p class=\"wp-block-paragraph\"><\/p>\n\n\n\n<figure class=\"wp-block-embed is-type-video is-provider-youtube wp-block-embed-youtube wp-embed-aspect-16-9 wp-has-aspect-ratio\"><div class=\"wp-block-embed__wrapper\">\n<iframe title=\"Formatura solene do Curso de Licenciatura em Educa\u00e7\u00e3o do Campo \u2013 Polo Sobradinho.\" width=\"500\" height=\"281\" src=\"https:\/\/www.youtube.com\/embed\/ggLPx8tvxxw?feature=oembed\" frameborder=\"0\" allow=\"accelerometer; autoplay; clipboard-write; encrypted-media; gyroscope; picture-in-picture; web-share\" referrerpolicy=\"strict-origin-when-cross-origin\" allowfullscreen><\/iframe>\n<\/div><\/figure>\n\n\n\n<p class=\"wp-block-paragraph\"><\/p>\n\n\n\n<p class=\"wp-block-paragraph\">; Formatura 2\u00aa turma Formatura solene do Curso de Licenciatura em Educa\u00e7\u00e3o do Campo \u2013 Polo Balne\u00e1rio Pinhal: <\/p>\n\n\n\n<p class=\"wp-block-paragraph\"><\/p>\n\n\n\n<figure class=\"wp-block-embed is-type-video is-provider-youtube wp-block-embed-youtube wp-embed-aspect-16-9 wp-has-aspect-ratio\"><div class=\"wp-block-embed__wrapper\">\n<iframe title=\"Formatura solene do Curso de Licenciatura em Educa\u00e7\u00e3o do Campo \u2013 Polo Balne\u00e1rio Pinhal\" width=\"500\" height=\"281\" src=\"https:\/\/www.youtube.com\/embed\/3aJzLk3KaW0?feature=oembed\" frameborder=\"0\" allow=\"accelerometer; autoplay; clipboard-write; encrypted-media; gyroscope; picture-in-picture; web-share\" referrerpolicy=\"strict-origin-when-cross-origin\" allowfullscreen><\/iframe>\n<\/div><\/figure>\n\n\n\n<p class=\"wp-block-paragraph\"> Formatura 2\u00aa turma Formatura solene do Curso de Licenciatura em Educa\u00e7\u00e3o do Campo \u2013 Polo Santana do Livramento: <\/p>\n\n\n\n<p class=\"wp-block-paragraph\"><\/p>\n\n\n\n<figure class=\"wp-block-embed is-type-video is-provider-youtube wp-block-embed-youtube wp-embed-aspect-16-9 wp-has-aspect-ratio\"><div class=\"wp-block-embed__wrapper\">\n<iframe title=\"Formatura solene do Curso de Licenciatura em Educa\u00e7\u00e3o do Campo \u2013 Polo Santana do Livramento.\" width=\"500\" height=\"281\" src=\"https:\/\/www.youtube.com\/embed\/NUDXknTeAYI?feature=oembed\" frameborder=\"0\" allow=\"accelerometer; autoplay; clipboard-write; encrypted-media; gyroscope; picture-in-picture; web-share\" referrerpolicy=\"strict-origin-when-cross-origin\" allowfullscreen><\/iframe>\n<\/div><\/figure>\n\n\n\n<p class=\"wp-block-paragraph\"> Formatura solene dos Cursos de Pedagogia e Licenciatura em Educa\u00e7\u00e3o do Campo &#8211; Polo Novo Hamburgo: <\/p>\n\n\n\n<p class=\"wp-block-paragraph\"><\/p>\n\n\n\n<figure class=\"wp-block-embed is-type-video is-provider-youtube wp-block-embed-youtube wp-embed-aspect-16-9 wp-has-aspect-ratio\"><div class=\"wp-block-embed__wrapper\">\n<iframe title=\"Formatura solene dos Cursos de  Pedagogia e Licenciatura em Educa\u00e7\u00e3o do Campo - Polo Novo Hamburgo\" width=\"500\" height=\"281\" src=\"https:\/\/www.youtube.com\/embed\/MLQbhU4bE9A?feature=oembed\" frameborder=\"0\" allow=\"accelerometer; autoplay; clipboard-write; encrypted-media; gyroscope; picture-in-picture; web-share\" referrerpolicy=\"strict-origin-when-cross-origin\" allowfullscreen><\/iframe>\n<\/div><\/figure>\n\n\n\n<p class=\"wp-block-paragraph\"> Formatura 2\u00aa turma Formatura solene do Curso de Licenciatura em Educa\u00e7\u00e3o do Campo \u2013 Polo S\u00e3o Louren\u00e7o do Sul: <\/p>\n\n\n\n<p class=\"wp-block-paragraph\"><\/p>\n\n\n\n<figure class=\"wp-block-embed is-type-video is-provider-youtube wp-block-embed-youtube wp-embed-aspect-16-9 wp-has-aspect-ratio\"><div class=\"wp-block-embed__wrapper\">\n<iframe title=\"Formatura solene do Cursos de Licenciatura em Educa\u00e7\u00e3o do Campo - Polo S\u00e3o Louren\u00e7o do Sul\" width=\"500\" height=\"281\" src=\"https:\/\/www.youtube.com\/embed\/iNa91iDOOto?feature=oembed\" frameborder=\"0\" allow=\"accelerometer; autoplay; clipboard-write; encrypted-media; gyroscope; picture-in-picture; web-share\" referrerpolicy=\"strict-origin-when-cross-origin\" allowfullscreen><\/iframe>\n<\/div><\/figure>\n\n\n\n<p class=\"wp-block-paragraph\">Descubra online: <\/p>\n\n\n\n<figure class=\"wp-block-embed is-type-video is-provider-youtube wp-block-embed-youtube wp-embed-aspect-16-9 wp-has-aspect-ratio\"><div class=\"wp-block-embed__wrapper\">\n<iframe title=\"Descubra UFSM 2021 - Centro de Ci\u00eancias Rurais\" width=\"500\" height=\"281\" src=\"https:\/\/www.youtube.com\/embed\/tOEA3xOyIqo?feature=oembed\" frameborder=\"0\" allow=\"accelerometer; autoplay; clipboard-write; encrypted-media; gyroscope; picture-in-picture; web-share\" referrerpolicy=\"strict-origin-when-cross-origin\" allowfullscreen><\/iframe>\n<\/div><\/figure>\n\n\n\n<p class=\"wp-block-paragraph\">Boas vindas Licenciatura em Educa\u00e7\u00e3o do Campo (UFSM) &#8211; Ingresso\/Reingresso 2018: <\/p>\n\n\n\n<figure class=\"wp-block-embed is-type-video is-provider-youtube wp-block-embed-youtube wp-embed-aspect-16-9 wp-has-aspect-ratio\"><div class=\"wp-block-embed__wrapper\">\n<iframe title=\"Boas vindas Licenciatura em Educa\u00e7\u00e3o do Campo (UFSM) - Ingresso\/Reingresso 2018\" width=\"500\" height=\"281\" src=\"https:\/\/www.youtube.com\/embed\/oxwsrmR3kHM?feature=oembed\" frameborder=\"0\" allow=\"accelerometer; autoplay; clipboard-write; encrypted-media; gyroscope; picture-in-picture; web-share\" referrerpolicy=\"strict-origin-when-cross-origin\" allowfullscreen><\/iframe>\n<\/div><\/figure>\n\n\n\n<p class=\"wp-block-paragraph\">Processo Seletivo (2025): <\/p>\n\n\n\n<figure class=\"wp-block-embed is-type-video is-provider-youtube wp-block-embed-youtube wp-embed-aspect-9-16 wp-has-aspect-ratio\"><div class=\"wp-block-embed__wrapper\">\n<iframe title=\"\ud83c\udf93 CURSOS DE LICENCIATURA EM EDUCA\u00c7\u00c3O DO CAMPO \ud83c\udf31\" width=\"422\" height=\"750\" src=\"https:\/\/www.youtube.com\/embed\/LmUkHaAOx54?feature=oembed\" frameborder=\"0\" allow=\"accelerometer; autoplay; clipboard-write; encrypted-media; gyroscope; picture-in-picture; web-share\" referrerpolicy=\"strict-origin-when-cross-origin\" allowfullscreen><\/iframe>\n<\/div><\/figure>\n","protected":false},"excerpt":{"rendered":"<p>O curso de Licenciatura em Educa\u00e7\u00e3o do Campo \u00e9 ofertado na modalidade Licenciatura &#8211; EAD. Atualmente, a coordena\u00e7\u00e3o \u00e9 de responsabilidade da Prof.Dr\u00aa Carmen Rejane Flores , e a coordena\u00e7\u00e3o substituta de Prof. Dr\u00aa Cesar De David. O curso \u00e9 ofertado em per\u00edodo Semestral, sendo 8 o n\u00famero de per\u00edodos indicados para sua conclus\u00e3o. Reconhecido [&hellip;]<\/p>\n","protected":false},"author":1318,"featured_media":0,"parent":0,"menu_order":0,"comment_status":"closed","ping_status":"closed","template":"","meta":{"footnotes":""},"categories":[],"tags":[],"class_list":["post-893","page","type-page","status-publish","hentry"],"acf":[],"_links":{"self":[{"href":"https:\/\/www.ufsm.br\/cursos\/graduacao\/educacao-a-distancia\/educacao-do-campo\/wp-json\/wp\/v2\/pages\/893","targetHints":{"allow":["GET"]}}],"collection":[{"href":"https:\/\/www.ufsm.br\/cursos\/graduacao\/educacao-a-distancia\/educacao-do-campo\/wp-json\/wp\/v2\/pages"}],"about":[{"href":"https:\/\/www.ufsm.br\/cursos\/graduacao\/educacao-a-distancia\/educacao-do-campo\/wp-json\/wp\/v2\/types\/page"}],"author":[{"embeddable":true,"href":"https:\/\/www.ufsm.br\/cursos\/graduacao\/educacao-a-distancia\/educacao-do-campo\/wp-json\/wp\/v2\/users\/1318"}],"replies":[{"embeddable":true,"href":"https:\/\/www.ufsm.br\/cursos\/graduacao\/educacao-a-distancia\/educacao-do-campo\/wp-json\/wp\/v2\/comments?post=893"}],"version-history":[{"count":0,"href":"https:\/\/www.ufsm.br\/cursos\/graduacao\/educacao-a-distancia\/educacao-do-campo\/wp-json\/wp\/v2\/pages\/893\/revisions"}],"wp:attachment":[{"href":"https:\/\/www.ufsm.br\/cursos\/graduacao\/educacao-a-distancia\/educacao-do-campo\/wp-json\/wp\/v2\/media?parent=893"}],"wp:term":[{"taxonomy":"category","embeddable":true,"href":"https:\/\/www.ufsm.br\/cursos\/graduacao\/educacao-a-distancia\/educacao-do-campo\/wp-json\/wp\/v2\/categories?post=893"},{"taxonomy":"post_tag","embeddable":true,"href":"https:\/\/www.ufsm.br\/cursos\/graduacao\/educacao-a-distancia\/educacao-do-campo\/wp-json\/wp\/v2\/tags?post=893"}],"curies":[{"name":"wp","href":"https:\/\/api.w.org\/{rel}","templated":true}]}}