{"id":5,"date":"2018-01-18T08:39:17","date_gmt":"2018-01-18T10:39:17","guid":{"rendered":"https:\/\/www.ufsm.br\/cursos\/graduacao\/nutricao\/12352\/?page_id=5"},"modified":"2026-01-08T10:56:18","modified_gmt":"2026-01-08T13:56:18","slug":"pagina-inicial","status":"publish","type":"page","link":"https:\/\/www.ufsm.br\/cursos\/graduacao\/frederico-westphalen\/direito\/","title":{"rendered":"P\u00e1gina Inicial"},"content":{"rendered":"\t\t<div data-elementor-type=\"wp-post\" data-elementor-id=\"5\" class=\"elementor elementor-5\">\n\t\t\t\t\t\t<section class=\"elementor-section elementor-top-section elementor-element elementor-element-f6a61e1 elementor-section-boxed elementor-section-height-default elementor-section-height-default\" data-id=\"f6a61e1\" data-element_type=\"section\">\n\t\t\t\t\t\t<div class=\"elementor-container elementor-column-gap-default\">\n\t\t\t\t\t<div class=\"elementor-column elementor-col-100 elementor-top-column elementor-element elementor-element-81ce27f\" data-id=\"81ce27f\" data-element_type=\"column\">\n\t\t\t<div class=\"elementor-widget-wrap elementor-element-populated\">\n\t\t\t\t\t\t<div class=\"elementor-element elementor-element-8d1f660 elementor-widget elementor-widget-wp-widget-ufsm_noticias_widget\" data-id=\"8d1f660\" data-element_type=\"widget\" data-widget_type=\"wp-widget-ufsm_noticias_widget.default\">\n\t\t\t\t<div class=\"elementor-widget-container\">\n\t\t\t<div id='ufsm-carousel-1788464586-1084887158' class='carousel slide carousel-ufsm' data-bs-ride='carousel' aria-hidden='true'>\n    <div class='carousel-inner'>\n                    \n\n            <div class='carousel-item active' data-bs-interval='4000'>\n                                    <!-- Slider Image -->\n                    <img class='w-100'  style='max-height:270px; object-fit:cover;' alt=\"Inscri\u00e7\u00f5es para apresenta\u00e7\u00e3o de trabalhos e para avaliadores est\u00e3o abertas at\u00e9 4 de setembro\" srcset=\"https:\/\/www.ufsm.br\/app\/uploads\/2026\/08\/JAI26-Banner-Web-Alteracoes-1-300x78.jpg 300w, https:\/\/www.ufsm.br\/app\/uploads\/2026\/08\/JAI26-Banner-Web-Alteracoes-1-1024x267.jpg 1024w, https:\/\/www.ufsm.br\/app\/uploads\/2026\/08\/JAI26-Banner-Web-Alteracoes-1-768x200.jpg 768w, https:\/\/www.ufsm.br\/app\/uploads\/2026\/08\/JAI26-Banner-Web-Alteracoes-1-1536x400.jpg 1536w, https:\/\/www.ufsm.br\/app\/uploads\/2026\/08\/JAI26-Banner-Web-Alteracoes-1.jpg 1920w\">\n                \n                \n                                                            <\/div>\n                    \n\n            <div class='carousel-item ' data-bs-interval='4000'>\n                                    <!-- Slider Image -->\n                    <img class='w-100'  style='max-height:270px; object-fit:cover;' alt=\"Est\u00e3o abertas ao todo 765 vagas. Ao custo de R$ 50,00, as inscri\u00e7\u00f5es podem ser realizadas at\u00e9 3 de novembro, via internet\" srcset=\"https:\/\/www.ufsm.br\/app\/uploads\/2026\/08\/PS-2027.1-Banner-site-300x80.jpg 300w, https:\/\/www.ufsm.br\/app\/uploads\/2026\/08\/PS-2027.1-Banner-site-1024x273.jpg 1024w, https:\/\/www.ufsm.br\/app\/uploads\/2026\/08\/PS-2027.1-Banner-site-768x205.jpg 768w, https:\/\/www.ufsm.br\/app\/uploads\/2026\/08\/PS-2027.1-Banner-site-1536x410.jpg 1536w, https:\/\/www.ufsm.br\/app\/uploads\/2026\/08\/PS-2027.1-Banner-site.jpg 1920w\">\n                \n                \n                                                            <\/div>\n                    \n\n            <div class='carousel-item ' data-bs-interval='4000'>\n                                    <!-- Slider Image -->\n                    <img class='w-100'  style='max-height:270px; object-fit:cover;' alt=\"Evento no dia 10 de setembro apresenta a estrutura da universidade, cursos de gradua\u00e7\u00e3o e as novidades da institui\u00e7\u00e3o\" srcset=\"https:\/\/www.ufsm.br\/app\/uploads\/sites\/377\/2026\/08\/banner_site_seja_correto-300x70.jpg 300w, https:\/\/www.ufsm.br\/app\/uploads\/sites\/377\/2026\/08\/banner_site_seja_correto-1024x239.jpg 1024w, https:\/\/www.ufsm.br\/app\/uploads\/sites\/377\/2026\/08\/banner_site_seja_correto-768x180.jpg 768w, https:\/\/www.ufsm.br\/app\/uploads\/sites\/377\/2026\/08\/banner_site_seja_correto.jpg 1450w\">\n                \n                \n                                                            <\/div>\n                    \n\n            <div class='carousel-item ' data-bs-interval='4000'>\n                                    <!-- Slider Image -->\n                    <img class='w-100'  style='max-height:270px; object-fit:cover;' alt=\"Com o tema \"Nossa hist\u00f3ria, seu futuro: retratos da transforma\u00e7\u00e3o\", iniciativa est\u00e1 com inscri\u00e7\u00f5es abertas at\u00e9 12 de setembro e vai premiar as melhores imagens\" srcset=\"https:\/\/www.ufsm.br\/app\/uploads\/sites\/377\/2026\/07\/medida_destaque_site-300x71.jpg 300w, https:\/\/www.ufsm.br\/app\/uploads\/sites\/377\/2026\/07\/medida_destaque_site-1024x242.jpg 1024w, https:\/\/www.ufsm.br\/app\/uploads\/sites\/377\/2026\/07\/medida_destaque_site-768x182.jpg 768w, https:\/\/www.ufsm.br\/app\/uploads\/sites\/377\/2026\/07\/medida_destaque_site-1536x364.jpg 1536w, https:\/\/www.ufsm.br\/app\/uploads\/sites\/377\/2026\/07\/medida_destaque_site.jpg 1698w\">\n                \n                \n                                                            <\/div>\n                    <!-- Exibi Indicadores -->\n                    <ol class='carousel-indicators carousel-indicators-numbers d-none d-md-flex align-self-end m-0'>\n                <li data-bs-target='#ufsm-carousel-1788464586-1084887158' data-bs-slide-to='0' class='d-flex rounded-circle active'><span class='m-auto fw-bold'>1<\/span><\/li><li data-bs-target='#ufsm-carousel-1788464586-1084887158' data-bs-slide-to='1' class='d-flex rounded-circle '><span class='m-auto fw-bold'>2<\/span><\/li><li data-bs-target='#ufsm-carousel-1788464586-1084887158' data-bs-slide-to='2' class='d-flex rounded-circle '><span class='m-auto fw-bold'>3<\/span><\/li><li data-bs-target='#ufsm-carousel-1788464586-1084887158' data-bs-slide-to='3' class='d-flex rounded-circle '><span class='m-auto fw-bold'>4<\/span><\/li>            <\/ol>\n            <a class='carousel-control-prev' href='#ufsm-carousel-1788464586-1084887158' role='button' data-bs-slide='prev'>\n                <span class='carousel-control-prev-icon' aria-hidden='true'><\/span>\n                <span class='visually-hidden'>Previous<\/span>\n            <\/a>\n            <a class='carousel-control-next' href='#ufsm-carousel-1788464586-1084887158' role='button' data-bs-slide='next'>\n                <span class='carousel-control-next-icon' aria-hidden='true'><\/span>\n                <span class='visually-hidden'>Next<\/span>\n            <\/a>\n            <\/div>\n<\/div>\n<!-- Acessibilidade, apenas leitor de tela -->\n<ul class='visually-hidden'>\n    <li><a href='https:\/\/www.ufsm.br\/2026\/08\/26\/41a-jai-recebe-inscricoes-e-reune-producao-academica-da-ufsm'>41\u00aa JAI recebe inscri\u00e7\u00f5es e re\u00fane produ\u00e7\u00e3o acad\u00eamica da UFSM<\/a><\/li><li><a href='https:\/\/www.ufsm.br\/2026\/08\/07\/abertas-as-inscricoes-nos-processos-seletivos-para-ingresso-no-ctism-e-colegio-politecnico-em-2027'>Abertas as inscri\u00e7\u00f5es nos processos seletivos para ingresso no Ctism e Col\u00e9gio Polit\u00e9cnico em 2027<\/a><\/li><li><a href='https:\/\/www.ufsm.br\/unidades-universitarias\/frederico-westphalen\/2026\/08\/10\/5a-edicao-do-sou-ufsm-seja-voce-tambem-recebe-estudantes-da-regiao-no-campus-em-frederico-westphalen'>5\u00aa edi\u00e7\u00e3o do Sou UFSM, SEJA Voc\u00ea Tamb\u00e9m recebe estudantes da regi\u00e3o no Campus em Frederico Westphalen<\/a><\/li><li><a href='https:\/\/www.ufsm.br\/unidades-universitarias\/frederico-westphalen\/2026\/07\/14\/ufsm-fw-lanca-concurso-fotografico-em-celebracao-aos-seus-20-anos'>UFSM\/FW lan\u00e7a concurso fotogr\u00e1fico em celebra\u00e7\u00e3o aos seus 20 anos<\/a><\/li><\/ul>\n\t\t<\/div>\n\t\t\t\t<\/div>\n\t\t\t\t\t<\/div>\n\t\t<\/div>\n\t\t\t\t\t<\/div>\n\t\t<\/section>\n\t\t\t\t<section class=\"elementor-section elementor-top-section elementor-element elementor-element-e5bcc64 elementor-section-boxed elementor-section-height-default elementor-section-height-default\" data-id=\"e5bcc64\" data-element_type=\"section\">\n\t\t\t\t\t\t<div class=\"elementor-container elementor-column-gap-default\">\n\t\t\t\t\t<div class=\"elementor-column elementor-col-100 elementor-top-column elementor-element elementor-element-c09ac3d\" data-id=\"c09ac3d\" data-element_type=\"column\">\n\t\t\t<div class=\"elementor-widget-wrap elementor-element-populated\">\n\t\t\t\t\t\t<div class=\"elementor-element elementor-element-9bf8518 elementor-widget elementor-widget-heading\" data-id=\"9bf8518\" data-element_type=\"widget\" data-widget_type=\"heading.default\">\n\t\t\t\t<div class=\"elementor-widget-container\">\n\t\t\t<h5 class=\"elementor-heading-title elementor-size-default\">Apresenta\u00e7\u00e3o<\/h5>\t\t<\/div>\n\t\t\t\t<\/div>\n\t\t\t\t\t<\/div>\n\t\t<\/div>\n\t\t\t\t\t<\/div>\n\t\t<\/section>\n\t\t\t\t<section class=\"elementor-section elementor-top-section elementor-element elementor-element-71f1b01 elementor-section-boxed elementor-section-height-default elementor-section-height-default\" data-id=\"71f1b01\" data-element_type=\"section\">\n\t\t\t\t\t\t<div class=\"elementor-container elementor-column-gap-default\">\n\t\t\t\t\t<div class=\"elementor-column elementor-col-100 elementor-top-column elementor-element elementor-element-c711c96\" data-id=\"c711c96\" data-element_type=\"column\">\n\t\t\t<div class=\"elementor-widget-wrap elementor-element-populated\">\n\t\t\t\t\t\t<div class=\"elementor-element elementor-element-32089a5 elementor-widget elementor-widget-text-editor\" data-id=\"32089a5\" data-element_type=\"widget\" data-widget_type=\"text-editor.default\">\n\t\t\t\t<div class=\"elementor-widget-container\">\n\t\t\t\t\t\t\t<p>O curso de <b>Direito<\/b> est\u00e1 localizado em <b>Campus Frederico Westphalen<\/b> na modalidade <b>Bacharelado \u2013 Presencial<\/b> sendo <b>Noturno<\/b> o seu turno de funcionamento. Atualmente, a coordena\u00e7\u00e3o <i>protempore <\/i>\u00e9 de responsabilidade de <strong>BRAULIO OTOMAR CARON<\/strong> e o setor respons\u00e1vel pela secretaria \u00e9 a <b>SUGRAD<\/b>.<\/p><p>O curso \u00e9 ofertado em per\u00edodo <b>Semestral<\/b>, sendo <b>10<\/b> o n\u00famero de per\u00edodos indicados para sua conclus\u00e3o.<br \/><br \/>E-mail da coordena\u00e7\u00e3o do curso: <a href=\"mailto:direitofw@ufsm.br\">direitofw@ufsm.br<\/a><\/p><p>\u00a0<\/p>\t\t\t\t\t\t<\/div>\n\t\t\t\t<\/div>\n\t\t\t\t\t<\/div>\n\t\t<\/div>\n\t\t\t\t\t<\/div>\n\t\t<\/section>\n\t\t\t\t<section class=\"elementor-section elementor-top-section elementor-element elementor-element-3bf9c4f elementor-section-boxed elementor-section-height-default elementor-section-height-default\" data-id=\"3bf9c4f\" data-element_type=\"section\">\n\t\t\t\t\t\t<div class=\"elementor-container elementor-column-gap-default\">\n\t\t\t\t\t<div class=\"elementor-column elementor-col-100 elementor-top-column elementor-element elementor-element-47c4394\" data-id=\"47c4394\" data-element_type=\"column\">\n\t\t\t<div class=\"elementor-widget-wrap elementor-element-populated\">\n\t\t\t\t\t\t<div class=\"elementor-element elementor-element-87b3082 elementor-widget elementor-widget-wp-widget-ufsm_utilidades\" data-id=\"87b3082\" data-element_type=\"widget\" data-widget_type=\"wp-widget-ufsm_utilidades.default\">\n\t\t\t\t<div class=\"elementor-widget-container\">\n\t\t\t\t\t<h5 class=\"card-title titulo-conteudos\">Utilidades<\/h5>\n\t\t\t\t\n\t\t<div class=\"row d-flex justify-content-around\">\n\t\t\t\t\t\t\t<div class=\"col-12 col-sm-6 col-md-2 mt-4 text-center\">\n\t\t\t\t\t\t\t\t\t\t\t<a href=\"https:\/\/www.ufsm.br\/cursos\/graduacao\/frederico-westphalen\/direito\/horarios\" class=\"item-utilidades d-block\">\n\t\t\t\t\t\t\t\t\t\t<i class=\"fas fa-pencil-alt animation-pulse\" aria-hidden=\"true\"><\/i><b>Oferta \/ Hor\u00e1rios<\/b><\/a>\n\t\t\t\t<\/div>\n\t\t\t\t\t\t\t<div class=\"col-12 col-sm-6 col-md-2 mt-4 text-center\">\n\t\t\t\t\t\t\t\t\t\t\t<a href=\"https:\/\/portal.ufsm.br\/aluno\/\" class=\"item-utilidades d-block\">\n\t\t\t\t\t\t\t\t\t\t<i class=\"fa fa-user animation-pulse\" aria-hidden=\"true\"><\/i><b>Portal do Aluno<\/b><\/a>\n\t\t\t\t<\/div>\n\t\t\t\t\t\t\t<div class=\"col-12 col-sm-6 col-md-2 mt-4 text-center\">\n\t\t\t\t\t\t\t\t\t\t\t<a href=\"https:\/\/www.ufsm.br\/cursos\/graduacao\/frederico-westphalen\/direito\/informacoes-do-curriculo\" class=\"item-utilidades d-block\">\n\t\t\t\t\t\t\t\t\t\t<i class=\"fa fa-clipboard animation-pulse\" aria-hidden=\"true\"><\/i><b>Informa\u00e7\u00f5es Curriculares<\/b><\/a>\n\t\t\t\t<\/div>\n\t\t\t\t\t\t\t<div class=\"col-12 col-sm-6 col-md-2 mt-4 text-center\">\n\t\t\t\t\t\t\t\t\t\t\t<a href=\"https:\/\/www.ufsm.br\/cursos\/graduacao\/frederico-westphalen\/direito\/projeto-pedagogico\" class=\"item-utilidades d-block\">\n\t\t\t\t\t\t\t\t\t\t<i class=\"fa fa-book animation-pulse\" aria-hidden=\"true\"><\/i><b>Projeto Pedag\u00f3gico<\/b><\/a>\n\t\t\t\t<\/div>\n\t\t\t\t\t\t\t<div class=\"col-12 col-sm-6 col-md-2 mt-4 text-center\">\n\t\t\t\t\t\t\t\t\t\t\t<a href=\"https:\/\/ead06.proj.ufsm.br\/login\/\" class=\"item-utilidades d-block\">\n\t\t\t\t\t\t\t\t\t\t<i class=\"ufsm ufsm-moodle animation-pulse\" aria-hidden=\"true\"><\/i><b>Ambiente Virtual Moodle<\/b><\/a>\n\t\t\t\t<\/div>\n\t\t\t\t\t<\/div>\n\t\t\t\t<\/div>\n\t\t\t\t<\/div>\n\t\t\t\t\t<\/div>\n\t\t<\/div>\n\t\t\t\t\t<\/div>\n\t\t<\/section>\n\t\t\t\t<section class=\"elementor-section elementor-top-section elementor-element elementor-element-c646c12 elementor-section-boxed elementor-section-height-default elementor-section-height-default\" data-id=\"c646c12\" data-element_type=\"section\">\n\t\t\t\t\t\t<div class=\"elementor-container elementor-column-gap-default\">\n\t\t\t\t\t<div class=\"elementor-column elementor-col-100 elementor-top-column elementor-element elementor-element-00c2b51\" data-id=\"00c2b51\" data-element_type=\"column\">\n\t\t\t<div class=\"elementor-widget-wrap elementor-element-populated\">\n\t\t\t\t\t\t<div class=\"elementor-element elementor-element-28cc027 elementor-widget elementor-widget-wp-widget-ufsm_noticias_widget\" data-id=\"28cc027\" data-element_type=\"widget\" data-widget_type=\"wp-widget-ufsm_noticias_widget.default\">\n\t\t\t\t<div class=\"elementor-widget-container\">\n\t\t\t<h5 class='titulo-conteudos'>Not\u00edcias<\/h5><div id='ufsm-carousel-1788464586-523574434' class='carousel slide carousel-ufsm' data-bs-ride='carousel' aria-hidden='true'>\n    <div class='carousel-inner'>\n                    \n\n            <div class='carousel-item active' data-bs-interval='4000'>\n                                    <!-- Link && Slider Image -->\n                    <a href='https:\/\/www.ufsm.br\/unidades-universitarias\/frederico-westphalen\/2026\/09\/01\/protagonistas-da-resistencia-a-luta-das-mulheres-kaingang-contra-a-violencia-no-territorio-do-guarita-e-pela-juventude-indigena'>\n                        <img class='w-100' style='max-height:220px; object-fit:cover;' alt=\"Mobiliza\u00e7\u00e3o reuniu a comunidade para debater o combate ao machismo, a preven\u00e7\u00e3o ao feminic\u00eddio e o resgate da sa\u00fade mental e da ancestralidade entre os jovens ind\u00edgenas.\" srcset=\"https:\/\/www.ufsm.br\/app\/uploads\/sites\/377\/2026\/09\/DSC_0061-300x200.jpg 300w, https:\/\/www.ufsm.br\/app\/uploads\/sites\/377\/2026\/09\/DSC_0061-1024x683.jpg 1024w, https:\/\/www.ufsm.br\/app\/uploads\/sites\/377\/2026\/09\/DSC_0061-768x512.jpg 768w, https:\/\/www.ufsm.br\/app\/uploads\/sites\/377\/2026\/09\/DSC_0061-1536x1025.jpg 1536w, https:\/\/www.ufsm.br\/app\/uploads\/sites\/377\/2026\/09\/DSC_0061-272x182.jpg 272w, https:\/\/www.ufsm.br\/app\/uploads\/sites\/377\/2026\/09\/DSC_0061.jpg 1920w\">\n                    <\/a>\n                \n                \n                                                                    <!-- Slider IntroText -->\n                    <div class='text-muted p-2'> Mobiliza\u00e7\u00e3o reuniu a comunidade para debater o combate ao machismo, a preven\u00e7\u00e3o ao feminic\u00eddio e o resgate da sa\u00fade mental e da ancestralidade entre os jovens ind\u00edgenas.<\/div>\n                            <\/div>\n                    \n\n            <div class='carousel-item ' data-bs-interval='4000'>\n                                    <!-- Link && Slider Image -->\n                    <a href='https:\/\/www.ufsm.br\/unidades-universitarias\/frederico-westphalen\/2026\/08\/10\/5a-edicao-do-sou-ufsm-seja-voce-tambem-recebe-estudantes-da-regiao-no-campus-em-frederico-westphalen'>\n                        <img class='w-100' style='max-height:220px; object-fit:cover;' alt=\"Evento no dia 10 de setembro apresenta a estrutura da universidade, cursos de gradua\u00e7\u00e3o e as novidades da institui\u00e7\u00e3o\" srcset=\"https:\/\/www.ufsm.br\/app\/uploads\/sites\/377\/2026\/08\/banner_site_seja_correto-300x70.jpg 300w, https:\/\/www.ufsm.br\/app\/uploads\/sites\/377\/2026\/08\/banner_site_seja_correto-1024x239.jpg 1024w, https:\/\/www.ufsm.br\/app\/uploads\/sites\/377\/2026\/08\/banner_site_seja_correto-768x180.jpg 768w, https:\/\/www.ufsm.br\/app\/uploads\/sites\/377\/2026\/08\/banner_site_seja_correto.jpg 1450w\">\n                    <\/a>\n                \n                \n                                                                    <!-- Slider IntroText -->\n                    <div class='text-muted p-2'> Evento no dia 10 de setembro apresenta a estrutura da universidade, cursos de gradua\u00e7\u00e3o e as novidades da institui\u00e7\u00e3o<\/div>\n                            <\/div>\n                    \n\n            <div class='carousel-item ' data-bs-interval='4000'>\n                                    <!-- Link && Slider Image -->\n                    <a href='https:\/\/www.ufsm.br\/unidades-universitarias\/frederico-westphalen\/2026\/08\/28\/ufsm-fw-promove-41-jornada-academica-integrada'>\n                        <img class='w-100' style='max-height:220px; object-fit:cover;' alt=\"Entre 9 a 13 de novembro, acontece a 41\u00aa Jornada Acad\u00eamica Integrada (JAI), com programa\u00e7\u00e3o no Campus da Universidade Federal de Santa Maria, em Frederico Westphalen.\u00a0 Na segunda-feira, pela manh\u00e3, est\u00e1 prevista a palestra Intelig\u00eancia Artificial e sensoriamento inteligente: desafios&hellip;\" srcset=\"https:\/\/www.ufsm.br\/app\/uploads\/sites\/377\/2026\/08\/UFSMFW-300x150.jpg 300w, https:\/\/www.ufsm.br\/app\/uploads\/sites\/377\/2026\/08\/UFSMFW-1024x512.jpg 1024w, https:\/\/www.ufsm.br\/app\/uploads\/sites\/377\/2026\/08\/UFSMFW-768x384.jpg 768w, https:\/\/www.ufsm.br\/app\/uploads\/sites\/377\/2026\/08\/UFSMFW-1536x768.jpg 1536w, https:\/\/www.ufsm.br\/app\/uploads\/sites\/377\/2026\/08\/UFSMFW.jpg 1920w\">\n                    <\/a>\n                \n                \n                                                                    <!-- Slider IntroText -->\n                    <div class='text-muted p-2'> Entre 9 a 13 de novembro, acontece a 41\u00aa Jornada Acad\u00eamica Integrada (JAI), com programa\u00e7\u00e3o no Campus da Universidade Federal de Santa Maria, em Frederico Westphalen.\u00a0 Na segunda-feira, pela manh\u00e3, est\u00e1 prevista a palestra Intelig\u00eancia Artificial e sensoriamento inteligente: desafios&hellip;<\/div>\n                            <\/div>\n                    \n\n            <div class='carousel-item ' data-bs-interval='4000'>\n                                    <!-- Link && Slider Image -->\n                    <a href='https:\/\/www.ufsm.br\/unidades-universitarias\/frederico-westphalen\/2026\/08\/27\/alem-do-jogo-imagens-e-historias-da-copa-do-mundo-de-2026'>\n                        <img class='w-100' style='max-height:220px; object-fit:cover;' alt=\"Evento celebra os 20 anos do curso de Jornalismo da UFSM\/FW com debates e bastidores da cobertura do torneio nos EUA, reunindo profissionais renomados\" srcset=\"https:\/\/www.ufsm.br\/app\/uploads\/sites\/377\/2026\/08\/copa_mundo_foto_werther_santana-300x207.jpeg 300w, https:\/\/www.ufsm.br\/app\/uploads\/sites\/377\/2026\/08\/copa_mundo_foto_werther_santana-1024x707.jpeg 1024w, https:\/\/www.ufsm.br\/app\/uploads\/sites\/377\/2026\/08\/copa_mundo_foto_werther_santana-768x530.jpeg 768w, https:\/\/www.ufsm.br\/app\/uploads\/sites\/377\/2026\/08\/copa_mundo_foto_werther_santana.jpeg 1280w\">\n                    <\/a>\n                \n                \n                                                                    <!-- Slider IntroText -->\n                    <div class='text-muted p-2'> Evento celebra os 20 anos do curso de Jornalismo da UFSM\/FW com debates e bastidores da cobertura do torneio nos EUA, reunindo profissionais renomados<\/div>\n                            <\/div>\n                    \n\n            <div class='carousel-item ' data-bs-interval='4000'>\n                                    <!-- Link && Slider Image -->\n                    <a href='https:\/\/www.ufsm.br\/unidades-universitarias\/frederico-westphalen\/2026\/08\/25\/projeto-de-extensao-da-ufsm-fw-lanca-programa-radiofonico-voz-e-voto'>\n                        <img class='w-100' style='max-height:220px; object-fit:cover;' alt=\"Iniciativa busca combater a desinforma\u00e7\u00e3o e promover o acesso \u00e0 informa\u00e7\u00e3o de qualidade no interior do Rio Grande do Sul por meio de programetes\" srcset=\"https:\/\/www.ufsm.br\/app\/uploads\/sites\/377\/2026\/08\/radio_foto_pxhere-300x200.jpg 300w, https:\/\/www.ufsm.br\/app\/uploads\/sites\/377\/2026\/08\/radio_foto_pxhere-272x182.jpg 272w, https:\/\/www.ufsm.br\/app\/uploads\/sites\/377\/2026\/08\/radio_foto_pxhere.jpg 547w\">\n                    <\/a>\n                \n                \n                                                                    <!-- Slider IntroText -->\n                    <div class='text-muted p-2'> Iniciativa busca combater a desinforma\u00e7\u00e3o e promover o acesso \u00e0 informa\u00e7\u00e3o de qualidade no interior do Rio Grande do Sul por meio de programetes<\/div>\n                            <\/div>\n                    \n\n            <div class='carousel-item ' data-bs-interval='4000'>\n                                    <!-- Link && Slider Image -->\n                    <a href='https:\/\/www.ufsm.br\/unidades-universitarias\/frederico-westphalen\/2026\/08\/24\/projeto-de-extensao-da-ufsm-fw-prepara-alunos-para-segunda-fase-da-obmep'>\n                        <img class='w-100' style='max-height:220px; object-fit:cover;' alt=\"A a\u00e7\u00e3o re\u00fane estudantes do ensino fundamental para o desenvolvimento do racioc\u00ednio l\u00f3gico e resolu\u00e7\u00e3o de problemas matem\u00e1ticos\" srcset=\"https:\/\/www.ufsm.br\/app\/uploads\/sites\/377\/2026\/08\/criancas_foto_mariza-300x227.jpg 300w, https:\/\/www.ufsm.br\/app\/uploads\/sites\/377\/2026\/08\/criancas_foto_mariza-1024x773.jpg 1024w, https:\/\/www.ufsm.br\/app\/uploads\/sites\/377\/2026\/08\/criancas_foto_mariza-768x580.jpg 768w, https:\/\/www.ufsm.br\/app\/uploads\/sites\/377\/2026\/08\/criancas_foto_mariza.jpg 1512w\">\n                    <\/a>\n                \n                \n                                                                    <!-- Slider IntroText -->\n                    <div class='text-muted p-2'> A a\u00e7\u00e3o re\u00fane estudantes do ensino fundamental para o desenvolvimento do racioc\u00ednio l\u00f3gico e resolu\u00e7\u00e3o de problemas matem\u00e1ticos<\/div>\n                            <\/div>\n                    \n\n            <div class='carousel-item ' data-bs-interval='4000'>\n                                    <!-- Link && Slider Image -->\n                    <a href='https:\/\/www.ufsm.br\/unidades-universitarias\/frederico-westphalen\/2026\/08\/19\/professores-da-ufsm-fw-lancam-livro-sobre-cobertura-audiovisual-de-eventos-como-estrategia-de-comunicacao'>\n                        <img class='w-100' style='max-height:220px; object-fit:cover;' alt=\"Publica\u00e7\u00e3o in\u00e9dita conecta Rela\u00e7\u00f5es P\u00fablicas com formato multim\u00eddia para transformar o registro de eventos em ferramenta de reputa\u00e7\u00e3o e alcance digital\" srcset=\"https:\/\/www.ufsm.br\/app\/uploads\/sites\/377\/2026\/08\/capa_livro_cobertura_audiovisual-e1787159896975-300x160.jpg 300w, https:\/\/www.ufsm.br\/app\/uploads\/sites\/377\/2026\/08\/capa_livro_cobertura_audiovisual-e1787159896975-1024x545.jpg 1024w, https:\/\/www.ufsm.br\/app\/uploads\/sites\/377\/2026\/08\/capa_livro_cobertura_audiovisual-e1787159896975-768x409.jpg 768w, https:\/\/www.ufsm.br\/app\/uploads\/sites\/377\/2026\/08\/capa_livro_cobertura_audiovisual-e1787159896975-1536x817.jpg 1536w, https:\/\/www.ufsm.br\/app\/uploads\/sites\/377\/2026\/08\/capa_livro_cobertura_audiovisual-e1787159896975.jpg 1654w\">\n                    <\/a>\n                \n                \n                                                                    <!-- Slider IntroText -->\n                    <div class='text-muted p-2'> Publica\u00e7\u00e3o in\u00e9dita conecta Rela\u00e7\u00f5es P\u00fablicas com formato multim\u00eddia para transformar o registro de eventos em ferramenta de reputa\u00e7\u00e3o e alcance digital<\/div>\n                            <\/div>\n                    \n\n            <div class='carousel-item ' data-bs-interval='4000'>\n                                    <!-- Link && Slider Image -->\n                    <a href='https:\/\/www.ufsm.br\/unidades-universitarias\/frederico-westphalen\/2026\/08\/18\/ufsm-fw-promove-aula-aberta-sobre-o-futuro-do-jornalismo-e-das-relacoes-publicas'>\n                        <img class='w-100' style='max-height:220px; object-fit:cover;' alt=\"Evento debater\u00e1 compet\u00eancias cr\u00edticas, tecnologia e novos rumos do mercado de Comunica\u00e7\u00e3o\" srcset=\"https:\/\/www.ufsm.br\/app\/uploads\/sites\/377\/2026\/08\/card_aula_otavio_daros-e1787080298124-300x80.jpg 300w, https:\/\/www.ufsm.br\/app\/uploads\/sites\/377\/2026\/08\/card_aula_otavio_daros-e1787080298124-1024x273.jpg 1024w, https:\/\/www.ufsm.br\/app\/uploads\/sites\/377\/2026\/08\/card_aula_otavio_daros-e1787080298124-768x205.jpg 768w, https:\/\/www.ufsm.br\/app\/uploads\/sites\/377\/2026\/08\/card_aula_otavio_daros-e1787080298124.jpg 1080w\">\n                    <\/a>\n                \n                \n                                                                    <!-- Slider IntroText -->\n                    <div class='text-muted p-2'> Evento debater\u00e1 compet\u00eancias cr\u00edticas, tecnologia e novos rumos do mercado de Comunica\u00e7\u00e3o<\/div>\n                            <\/div>\n                    <!-- Exibi Indicadores -->\n                    <ol class='carousel-indicators carousel-indicators-numbers d-none d-md-flex align-self-end m-0'>\n                <li data-bs-target='#ufsm-carousel-1788464586-523574434' data-bs-slide-to='0' class='d-flex rounded-circle active'><span class='m-auto fw-bold'>1<\/span><\/li><li data-bs-target='#ufsm-carousel-1788464586-523574434' data-bs-slide-to='1' class='d-flex rounded-circle '><span class='m-auto fw-bold'>2<\/span><\/li><li data-bs-target='#ufsm-carousel-1788464586-523574434' data-bs-slide-to='2' class='d-flex rounded-circle '><span class='m-auto fw-bold'>3<\/span><\/li><li data-bs-target='#ufsm-carousel-1788464586-523574434' data-bs-slide-to='3' class='d-flex rounded-circle '><span class='m-auto fw-bold'>4<\/span><\/li><li data-bs-target='#ufsm-carousel-1788464586-523574434' data-bs-slide-to='4' class='d-flex rounded-circle '><span class='m-auto fw-bold'>5<\/span><\/li><li data-bs-target='#ufsm-carousel-1788464586-523574434' data-bs-slide-to='5' class='d-flex rounded-circle '><span class='m-auto fw-bold'>6<\/span><\/li><li data-bs-target='#ufsm-carousel-1788464586-523574434' data-bs-slide-to='6' class='d-flex rounded-circle '><span class='m-auto fw-bold'>7<\/span><\/li><li data-bs-target='#ufsm-carousel-1788464586-523574434' data-bs-slide-to='7' class='d-flex rounded-circle '><span class='m-auto fw-bold'>8<\/span><\/li>            <\/ol>\n            <a class='carousel-control-prev' href='#ufsm-carousel-1788464586-523574434' role='button' data-bs-slide='prev'>\n                <span class='carousel-control-prev-icon' aria-hidden='true'><\/span>\n                <span class='visually-hidden'>Previous<\/span>\n            <\/a>\n            <a class='carousel-control-next' href='#ufsm-carousel-1788464586-523574434' role='button' data-bs-slide='next'>\n                <span class='carousel-control-next-icon' aria-hidden='true'><\/span>\n                <span class='visually-hidden'>Next<\/span>\n            <\/a>\n            <\/div>\n<\/div>\n<!-- Acessibilidade, apenas leitor de tela -->\n<ul class='visually-hidden'>\n    <li><a href='https:\/\/www.ufsm.br\/unidades-universitarias\/frederico-westphalen\/2026\/09\/01\/protagonistas-da-resistencia-a-luta-das-mulheres-kaingang-contra-a-violencia-no-territorio-do-guarita-e-pela-juventude-indigena'>Protagonistas da resist\u00eancia: a luta das mulheres Kaingang contra a viol\u00eancia no Territ\u00f3rio do Guarita e pela juventude ind\u00edgena<\/a><\/li><li><a href='https:\/\/www.ufsm.br\/unidades-universitarias\/frederico-westphalen\/2026\/08\/10\/5a-edicao-do-sou-ufsm-seja-voce-tambem-recebe-estudantes-da-regiao-no-campus-em-frederico-westphalen'>5\u00aa edi\u00e7\u00e3o do Sou UFSM, SEJA Voc\u00ea Tamb\u00e9m recebe estudantes da regi\u00e3o no Campus em Frederico Westphalen<\/a><\/li><li><a href='https:\/\/www.ufsm.br\/unidades-universitarias\/frederico-westphalen\/2026\/08\/28\/ufsm-fw-promove-41-jornada-academica-integrada'>UFSM\/FW promove 41\u00aa Jornada Acad\u00eamica Integrada<\/a><\/li><li><a href='https:\/\/www.ufsm.br\/unidades-universitarias\/frederico-westphalen\/2026\/08\/27\/alem-do-jogo-imagens-e-historias-da-copa-do-mundo-de-2026'>Al\u00e9m do jogo: imagens e hist\u00f3rias da Copa do Mundo de 2026<\/a><\/li><li><a href='https:\/\/www.ufsm.br\/unidades-universitarias\/frederico-westphalen\/2026\/08\/25\/projeto-de-extensao-da-ufsm-fw-lanca-programa-radiofonico-voz-e-voto'>Projeto de extens\u00e3o da UFSM\/FW lan\u00e7a programa radiof\u00f4nico \u201cVoz e Voto\u201d<\/a><\/li><li><a href='https:\/\/www.ufsm.br\/unidades-universitarias\/frederico-westphalen\/2026\/08\/24\/projeto-de-extensao-da-ufsm-fw-prepara-alunos-para-segunda-fase-da-obmep'>Projeto de extens\u00e3o da UFSM\/FW prepara alunos para segunda fase da OBMEP<\/a><\/li><li><a href='https:\/\/www.ufsm.br\/unidades-universitarias\/frederico-westphalen\/2026\/08\/19\/professores-da-ufsm-fw-lancam-livro-sobre-cobertura-audiovisual-de-eventos-como-estrategia-de-comunicacao'>Professores da UFSM\/FW lan\u00e7am livro sobre cobertura audiovisual de eventos como estrat\u00e9gia de comunica\u00e7\u00e3o<\/a><\/li><li><a href='https:\/\/www.ufsm.br\/unidades-universitarias\/frederico-westphalen\/2026\/08\/18\/ufsm-fw-promove-aula-aberta-sobre-o-futuro-do-jornalismo-e-das-relacoes-publicas'>UFSM\/FW promove aula aberta sobre o futuro do Jornalismo e das Rela\u00e7\u00f5es P\u00fablicas<\/a><\/li><\/ul>\n<div class=\"leia-mais p-1\">\n                <a href=\"https:\/\/www.ufsm.br\/cursos\/graduacao\/frederico-westphalen\/direito\/busca\/?q=&area=post&orderby=modified&sites%5B%5D=967&sites%5B%5D=377\">\n            LEIA MAIS            <span class=\"icon-box\">\n                <span class=\"bg-ufsm-widget-icon\">\n                    <i class=\"fas fa-chevron-right\" aria-hidden=\"true\"><\/i>\n                <\/span>\n            <\/span>\n        <\/a>\n    <\/div>\n\t\t<\/div>\n\t\t\t\t<\/div>\n\t\t\t\t\t<\/div>\n\t\t<\/div>\n\t\t\t\t\t<\/div>\n\t\t<\/section>\n\t\t\t\t<\/div>\n\t\t","protected":false},"excerpt":{"rendered":"<p>Apresenta\u00e7\u00e3o O curso de Direito est\u00e1 localizado em Campus Frederico Westphalen na modalidade Bacharelado \u2013 Presencial sendo Noturno o seu turno de funcionamento. Atualmente, a coordena\u00e7\u00e3o protempore \u00e9 de responsabilidade de BRAULIO OTOMAR CARON e o setor respons\u00e1vel pela secretaria \u00e9 a SUGRAD. O curso \u00e9 ofertado em per\u00edodo Semestral, sendo 10 o n\u00famero de [&hellip;]<\/p>\n","protected":false},"author":8,"featured_media":0,"parent":0,"menu_order":0,"comment_status":"closed","ping_status":"closed","template":"","meta":{"footnotes":""},"categories":[],"tags":[],"class_list":["post-5","page","type-page","status-publish","hentry"],"acf":[],"_links":{"self":[{"href":"https:\/\/www.ufsm.br\/cursos\/graduacao\/frederico-westphalen\/direito\/wp-json\/wp\/v2\/pages\/5","targetHints":{"allow":["GET"]}}],"collection":[{"href":"https:\/\/www.ufsm.br\/cursos\/graduacao\/frederico-westphalen\/direito\/wp-json\/wp\/v2\/pages"}],"about":[{"href":"https:\/\/www.ufsm.br\/cursos\/graduacao\/frederico-westphalen\/direito\/wp-json\/wp\/v2\/types\/page"}],"author":[{"embeddable":true,"href":"https:\/\/www.ufsm.br\/cursos\/graduacao\/frederico-westphalen\/direito\/wp-json\/wp\/v2\/users\/8"}],"replies":[{"embeddable":true,"href":"https:\/\/www.ufsm.br\/cursos\/graduacao\/frederico-westphalen\/direito\/wp-json\/wp\/v2\/comments?post=5"}],"version-history":[{"count":0,"href":"https:\/\/www.ufsm.br\/cursos\/graduacao\/frederico-westphalen\/direito\/wp-json\/wp\/v2\/pages\/5\/revisions"}],"wp:attachment":[{"href":"https:\/\/www.ufsm.br\/cursos\/graduacao\/frederico-westphalen\/direito\/wp-json\/wp\/v2\/media?parent=5"}],"wp:term":[{"taxonomy":"category","embeddable":true,"href":"https:\/\/www.ufsm.br\/cursos\/graduacao\/frederico-westphalen\/direito\/wp-json\/wp\/v2\/categories?post=5"},{"taxonomy":"post_tag","embeddable":true,"href":"https:\/\/www.ufsm.br\/cursos\/graduacao\/frederico-westphalen\/direito\/wp-json\/wp\/v2\/tags?post=5"}],"curies":[{"name":"wp","href":"https:\/\/api.w.org\/{rel}","templated":true}]}}