{"id":5,"date":"2018-01-18T08:39:17","date_gmt":"2018-01-18T10:39:17","guid":{"rendered":"https:\/\/www.ufsm.br\/cursos\/graduacao\/nutricao\/12352\/?page_id=5"},"modified":"2026-07-31T13:35:17","modified_gmt":"2026-07-31T16:35:17","slug":"pagina-inicial","status":"publish","type":"page","link":"https:\/\/www.ufsm.br\/cursos\/graduacao\/santa-maria\/arquivologia\/","title":{"rendered":"P\u00e1gina Inicial"},"content":{"rendered":"\t\t<div data-elementor-type=\"wp-post\" data-elementor-id=\"5\" class=\"elementor elementor-5\">\n\t\t\t\t\t\t<section class=\"elementor-section elementor-top-section elementor-element elementor-element-47141e2 elementor-section-boxed elementor-section-height-default elementor-section-height-default\" data-id=\"47141e2\" data-element_type=\"section\">\n\t\t\t\t\t\t<div class=\"elementor-container elementor-column-gap-default\">\n\t\t\t\t\t<div class=\"elementor-column elementor-col-100 elementor-top-column elementor-element elementor-element-a567a40\" data-id=\"a567a40\" data-element_type=\"column\">\n\t\t\t<div class=\"elementor-widget-wrap elementor-element-populated\">\n\t\t\t\t\t\t<div class=\"elementor-element elementor-element-06657cb elementor-arrows-position-inside elementor-pagination-position-outside elementor-widget elementor-widget-image-carousel\" data-id=\"06657cb\" data-element_type=\"widget\" data-settings=\"{&quot;slides_to_show&quot;:&quot;1&quot;,&quot;navigation&quot;:&quot;both&quot;,&quot;autoplay&quot;:&quot;yes&quot;,&quot;pause_on_hover&quot;:&quot;yes&quot;,&quot;pause_on_interaction&quot;:&quot;yes&quot;,&quot;autoplay_speed&quot;:5000,&quot;infinite&quot;:&quot;yes&quot;,&quot;effect&quot;:&quot;slide&quot;,&quot;speed&quot;:500}\" data-widget_type=\"image-carousel.default\">\n\t\t\t\t<div class=\"elementor-widget-container\">\n\t\t\t\t\t<div class=\"elementor-image-carousel-wrapper swiper\" dir=\"ltr\">\n\t\t\t<div class=\"elementor-image-carousel swiper-wrapper\" aria-live=\"off\">\n\t\t\t\t\t\t\t\t<div class=\"swiper-slide\" role=\"group\" aria-roledescription=\"slide\" aria-label=\"1 of 1\"><a data-elementor-open-lightbox=\"yes\" data-elementor-lightbox-slideshow=\"06657cb\" data-elementor-lightbox-title=\"arquivologiaSite\" data-e-action-hash=\"#elementor-action%3Aaction%3Dlightbox%26settings%3DeyJpZCI6IjExNzYiLCJ1cmwiOiJodHRwczpcL1wvd3d3LnVmc20uYnJcL2FwcFwvdXBsb2Fkc1wvc2l0ZXNcLzQ2M1wvMjAyMlwvMDlcL2FycXVpdm9sb2dpYVNpdGUuanBnIiwic2xpZGVzaG93IjoiMDY2NTdjYiJ9\" href=\"https:\/\/www.ufsm.br\/cursos\/graduacao\/santa-maria\/arquivologia\/2020\/06\/08\/exposicao-empoderando-a-sociedade-60-anos-do-ensino-de-arquivologia-no-brasil\/\"><figure class=\"swiper-slide-inner\"><img decoding=\"async\" class=\"swiper-slide-image\" src=\"https:\/\/www.ufsm.br\/app\/uploads\/sites\/463\/2022\/09\/arquivologiaSite.jpg\" alt=\"arquivologiaSite\" \/><\/figure><\/a><\/div>\t\t\t<\/div>\n\t\t\t\t\t<\/div>\n\t\t\t\t<\/div>\n\t\t\t\t<\/div>\n\t\t\t\t\t<\/div>\n\t\t<\/div>\n\t\t\t\t\t<\/div>\n\t\t<\/section>\n\t\t\t\t<section class=\"elementor-section elementor-top-section elementor-element elementor-element-9422ec9 elementor-section-boxed elementor-section-height-default elementor-section-height-default\" data-id=\"9422ec9\" data-element_type=\"section\">\n\t\t\t\t\t\t<div class=\"elementor-container elementor-column-gap-default\">\n\t\t\t\t\t<div class=\"elementor-column elementor-col-100 elementor-top-column elementor-element elementor-element-b739015\" data-id=\"b739015\" data-element_type=\"column\">\n\t\t\t<div class=\"elementor-widget-wrap elementor-element-populated\">\n\t\t\t\t\t\t<div class=\"elementor-element elementor-element-59f53af elementor-widget elementor-widget-heading\" data-id=\"59f53af\" data-element_type=\"widget\" data-widget_type=\"heading.default\">\n\t\t\t\t<div class=\"elementor-widget-container\">\n\t\t\t<h5 class=\"elementor-heading-title elementor-size-default\">Apresenta\u00e7\u00e3o<\/h5>\t\t<\/div>\n\t\t\t\t<\/div>\n\t\t\t\t\t<\/div>\n\t\t<\/div>\n\t\t\t\t\t<\/div>\n\t\t<\/section>\n\t\t\t\t<section class=\"elementor-section elementor-top-section elementor-element elementor-element-58f448d elementor-section-boxed elementor-section-height-default elementor-section-height-default\" data-id=\"58f448d\" data-element_type=\"section\">\n\t\t\t\t\t\t<div class=\"elementor-container elementor-column-gap-default\">\n\t\t\t\t\t<div class=\"elementor-column elementor-col-100 elementor-top-column elementor-element elementor-element-2ef276d\" data-id=\"2ef276d\" data-element_type=\"column\">\n\t\t\t<div class=\"elementor-widget-wrap elementor-element-populated\">\n\t\t\t\t\t\t<div class=\"elementor-element elementor-element-682dca4 elementor-widget elementor-widget-shortcode\" data-id=\"682dca4\" data-element_type=\"widget\" data-widget_type=\"shortcode.default\">\n\t\t\t\t<div class=\"elementor-widget-container\">\n\t\t\t\t\t<div class=\"elementor-shortcode\"><div class='row'><div class='col-12 col-lg-9 pe-lg-1 align-self-center'><p>O curso de <b>Arquivologia<\/b> est\u00e1 localizado em <b>Campus Camobi - UFSM<\/b> na modalidade <b>Bacharelado - Presencial<\/b>, sendo <b>Diurno<\/b> o seu turno de funcionamento. A \u00e1rea de conhecimento do curso \u00e9 classificada como <b>CI\u00caNCIAS SOCIAIS APLICADAS<\/b>. Atualmente, a coordena\u00e7\u00e3o \u00e9 de responsabilidade de <b>CARLA MARA DA SILVA SILVA<\/b>, a coordena\u00e7\u00e3o substituta de <b>RAFAEL CHAVES FERREIRA<\/b> e a secretaria de <b>GRAZIELA IN\u00caS JACOBY<\/b>.<\/p><p>O curso \u00e9 ofertado em per\u00edodo <b>Semestral<\/b>, sendo <b>8<\/b> o n\u00famero de per\u00edodos indicados para sua conclus\u00e3o.<\/p><p class='mt-3'>Reconhecido pela Portaria n. 76\/1981\/MEC, publicada no DOU, de 20\/01\/1981 e Portaria n. 36\/2017\/MEC, publicada no DOU, de 18\/01\/2018.<\/p><\/div><div class='col-12 col-lg-3'><div class='row d-flex justify-content-around'><h3 class='visually-hidden'>Conceitos<\/h3><div class='col-12 col-md-4 col-lg-12 d-flex flex-column conceito-curso'><div class='flex-fill p-3 my-2 my-md-0 my-lg-1 mx-0 mx-md-2 mx-lg-0'><div class='text-center conceito-descricao'>Conceito de Curso (2017)<\/div><div class='text-center text-primary conceito-valor'>4<\/div><\/div><\/div><div class='col-12 col-md-4 col-lg-12 d-flex flex-column conceito-curso'><div class='flex-fill p-3 my-2 my-md-0 my-lg-1 mx-0 mx-md-2 mx-lg-0'><div class='text-center conceito-descricao'>Conceito Preliminar de Curso (2009)<\/div><div class='text-center text-primary conceito-valor'>5<\/div><\/div><\/div><div class='col-12 col-md-4 col-lg-12 d-flex flex-column conceito-curso'><div class='flex-fill p-3 my-2 my-md-0 my-lg-1 mx-0 mx-md-2 mx-lg-0'><div class='text-center conceito-descricao'>ENADE (2009)<\/div><div class='text-center text-primary conceito-valor'>5<\/div><\/div><\/div><\/div><\/div><\/div><\/div>\n\t\t\t\t<\/div>\n\t\t\t\t<\/div>\n\t\t\t\t\t<\/div>\n\t\t<\/div>\n\t\t\t\t\t<\/div>\n\t\t<\/section>\n\t\t\t\t<section class=\"elementor-section elementor-top-section elementor-element elementor-element-8801ae5 elementor-section-boxed elementor-section-height-default elementor-section-height-default\" data-id=\"8801ae5\" data-element_type=\"section\">\n\t\t\t\t\t\t<div class=\"elementor-container elementor-column-gap-default\">\n\t\t\t\t\t<div class=\"elementor-column elementor-col-50 elementor-top-column elementor-element elementor-element-b01161d\" data-id=\"b01161d\" data-element_type=\"column\">\n\t\t\t<div class=\"elementor-widget-wrap elementor-element-populated\">\n\t\t\t\t\t\t<div class=\"elementor-element elementor-element-f2b6506 elementor-widget elementor-widget-image\" data-id=\"f2b6506\" data-element_type=\"widget\" data-widget_type=\"image.default\">\n\t\t\t\t<div class=\"elementor-widget-container\">\n\t\t\t\t\t\t\t\t\t\t\t\t\t\t<a href=\"https:\/\/www.ufsm.br\/cursos\/graduacao\/santa-maria\/arquivologia\/duvidas-frequentes\">\n\t\t\t\t\t\t\t<img decoding=\"async\" src=\"https:\/\/www.ufsm.br\/app\/uploads\/sites\/463\/elementor\/thumbs\/tutoriais-e-documentos-1-q3ns07hjg7ecaok45y0h9dl9gocbwr9vbosqlqppok.png\" title=\"tutoriais e documentos (1)\" alt=\"tutoriais e documentos (1)\" loading=\"lazy\" \/>\t\t\t\t\t\t\t\t<\/a>\n\t\t\t\t\t\t\t\t\t\t\t\t\t<\/div>\n\t\t\t\t<\/div>\n\t\t\t\t\t<\/div>\n\t\t<\/div>\n\t\t\t\t<div class=\"elementor-column elementor-col-50 elementor-top-column elementor-element elementor-element-8d745cd\" data-id=\"8d745cd\" data-element_type=\"column\">\n\t\t\t<div class=\"elementor-widget-wrap elementor-element-populated\">\n\t\t\t\t\t\t<div class=\"elementor-element elementor-element-ea96929 elementor-widget elementor-widget-image\" data-id=\"ea96929\" data-element_type=\"widget\" data-widget_type=\"image.default\">\n\t\t\t\t<div class=\"elementor-widget-container\">\n\t\t\t\t\t\t\t\t\t\t\t\t\t\t<a href=\"https:\/\/www.ufsm.br\/cursos\/graduacao\/santa-maria\/arquivologia\/tutoriais\" target=\"_blank\">\n\t\t\t\t\t\t\t<img decoding=\"async\" src=\"https:\/\/www.ufsm.br\/app\/uploads\/sites\/463\/elementor\/thumbs\/tutoriais-e-documentos-q3nrj5oxhe23pbboq2p3j6h9k2dnael5baso81zsjo.png\" title=\"tutoriais e documentos\" alt=\"tutoriais e documentos\" loading=\"lazy\" \/>\t\t\t\t\t\t\t\t<\/a>\n\t\t\t\t\t\t\t\t\t\t\t\t\t<\/div>\n\t\t\t\t<\/div>\n\t\t\t\t\t<\/div>\n\t\t<\/div>\n\t\t\t\t\t<\/div>\n\t\t<\/section>\n\t\t\t\t<section class=\"elementor-section elementor-top-section elementor-element elementor-element-a6a3470 elementor-section-boxed elementor-section-height-default elementor-section-height-default\" data-id=\"a6a3470\" data-element_type=\"section\">\n\t\t\t\t\t\t<div class=\"elementor-container elementor-column-gap-default\">\n\t\t\t\t\t<div class=\"elementor-column elementor-col-100 elementor-top-column elementor-element elementor-element-82db9b0\" data-id=\"82db9b0\" data-element_type=\"column\">\n\t\t\t<div class=\"elementor-widget-wrap elementor-element-populated\">\n\t\t\t\t\t\t<div class=\"elementor-element elementor-element-aa793c0 elementor-widget elementor-widget-wp-widget-ufsm_utilidades\" data-id=\"aa793c0\" data-element_type=\"widget\" data-widget_type=\"wp-widget-ufsm_utilidades.default\">\n\t\t\t\t<div class=\"elementor-widget-container\">\n\t\t\t\t\t<h5 class=\"card-title titulo-conteudos\">Utilidades<\/h5>\n\t\t\t\t\n\t\t<div class=\"row \">\n\t\t\t\t\t\t\t<div class=\"col-12 col-sm-6 col-md-3 mt-4 text-center\">\n\t\t\t\t\t\t\t\t\t\t\t<a href=\"https:\/\/www.ufsm.br\/cursos\/graduacao\/santa-maria\/arquivologia\/horarios\" class=\"item-utilidades d-block\">\n\t\t\t\t\t\t\t\t\t\t<i class=\"fas fa-pencil-alt animation-pulse\" aria-hidden=\"true\"><\/i><b>Oferta \/ Hor\u00e1rios<\/b><\/a>\n\t\t\t\t<\/div>\n\t\t\t\t\t\t\t<div class=\"col-12 col-sm-6 col-md-3 mt-4 text-center\">\n\t\t\t\t\t\t\t\t\t\t\t<a href=\"https:\/\/portal.ufsm.br\/aluno\/\" class=\"item-utilidades d-block\">\n\t\t\t\t\t\t\t\t\t\t<i class=\"fa fa-user animation-pulse\" aria-hidden=\"true\"><\/i><b>Portal do Aluno<\/b><\/a>\n\t\t\t\t<\/div>\n\t\t\t\t\t\t\t<div class=\"col-12 col-sm-6 col-md-3 mt-4 text-center\">\n\t\t\t\t\t\t\t\t\t\t\t<a href=\"https:\/\/www.ufsm.br\/cursos\/graduacao\/santa-maria\/arquivologia\/informacoes-do-curriculo\" class=\"item-utilidades d-block\">\n\t\t\t\t\t\t\t\t\t\t<i class=\"fa fa-clipboard animation-pulse\" aria-hidden=\"true\"><\/i><b>Informa\u00e7\u00f5es Curriculares<\/b><\/a>\n\t\t\t\t<\/div>\n\t\t\t\t\t\t\t<div class=\"col-12 col-sm-6 col-md-3 mt-4 text-center\">\n\t\t\t\t\t\t\t\t\t\t\t<a href=\"https:\/\/www.ufsm.br\/cursos\/graduacao\/santa-maria\/arquivologia\/projeto-pedagogico\" class=\"item-utilidades d-block\">\n\t\t\t\t\t\t\t\t\t\t<i class=\"fa fa-book animation-pulse\" aria-hidden=\"true\"><\/i><b>Projeto Pedag\u00f3gico<\/b><\/a>\n\t\t\t\t<\/div>\n\t\t\t\t\t\t\t<div class=\"col-12 col-sm-6 col-md-3 mt-4 text-center\">\n\t\t\t\t\t\t\t\t\t\t\t<a href=\"https:\/\/ead06.proj.ufsm.br\/login\/\" class=\"item-utilidades d-block\">\n\t\t\t\t\t\t\t\t\t\t<i class=\"ufsm ufsm-moodle animation-pulse\" aria-hidden=\"true\"><\/i><b>Ambiente Virtual Moodle<\/b><\/a>\n\t\t\t\t<\/div>\n\t\t\t\t\t\t\t<div class=\"col-12 col-sm-6 col-md-3 mt-4 text-center\">\n\t\t\t\t\t\t\t\t\t\t\t<a href=\"https:\/\/www.ufsm.br\/cursos\/graduacao\/santa-maria\/arquivologia\/grupos\" class=\"item-utilidades d-block\">\n\t\t\t\t\t\t\t\t\t\t<i class=\"fas fa-user-friends animation-pulse\" aria-hidden=\"true\"><\/i><b>Grupos Acad\u00eamicos<\/b><\/a>\n\t\t\t\t<\/div>\n\t\t\t\t\t\t\t<div class=\"col-12 col-sm-6 col-md-3 mt-4 text-center\">\n\t\t\t\t\t\t\t\t\t\t\t<a href=\"https:\/\/www.ufsm.br\/cursos\/graduacao\/santa-maria\/arquivologia\/editais\" class=\"item-utilidades d-block\">\n\t\t\t\t\t\t\t\t\t\t<i class=\"far fa-copy animation-pulse\" aria-hidden=\"true\"><\/i><b>Editais<\/b><\/a>\n\t\t\t\t<\/div>\n\t\t\t\t\t<\/div>\n\t\t\t\t<\/div>\n\t\t\t\t<\/div>\n\t\t\t\t\t<\/div>\n\t\t<\/div>\n\t\t\t\t\t<\/div>\n\t\t<\/section>\n\t\t\t\t<section class=\"elementor-section elementor-top-section elementor-element elementor-element-90e94f3 elementor-section-boxed elementor-section-height-default elementor-section-height-default\" data-id=\"90e94f3\" data-element_type=\"section\">\n\t\t\t\t\t\t<div class=\"elementor-container elementor-column-gap-default\">\n\t\t\t\t\t<div class=\"elementor-column elementor-col-33 elementor-top-column elementor-element elementor-element-c9f358f\" data-id=\"c9f358f\" data-element_type=\"column\">\n\t\t\t<div class=\"elementor-widget-wrap elementor-element-populated\">\n\t\t\t\t\t\t<div class=\"elementor-element elementor-element-4fe0d83 elementor-view-default elementor-position-top elementor-mobile-position-top elementor-widget elementor-widget-icon-box\" data-id=\"4fe0d83\" data-element_type=\"widget\" data-widget_type=\"icon-box.default\">\n\t\t\t\t<div class=\"elementor-widget-container\">\n\t\t\t\t\t<div class=\"elementor-icon-box-wrapper\">\n\n\t\t\t\t\t\t<div class=\"elementor-icon-box-icon\">\n\t\t\t\t<a href=\"https:\/\/www.ufsm.br\/calendario\/\" class=\"elementor-icon elementor-animation-\" tabindex=\"-1\">\n\t\t\t\t<i aria-hidden=\"true\" class=\"fas fa-calendar-alt\"><\/i>\t\t\t\t<\/a>\n\t\t\t<\/div>\n\t\t\t\n\t\t\t\t\t\t<div class=\"elementor-icon-box-content\">\n\n\t\t\t\t\t\t\t\t\t<h3 class=\"elementor-icon-box-title\">\n\t\t\t\t\t\t<a href=\"https:\/\/www.ufsm.br\/calendario\/\" >\n\t\t\t\t\t\t\tCalend\u00e1rio Acad\u00eamico \t\t\t\t\t\t<\/a>\n\t\t\t\t\t<\/h3>\n\t\t\t\t\n\t\t\t\t\n\t\t\t<\/div>\n\t\t\t\n\t\t<\/div>\n\t\t\t\t<\/div>\n\t\t\t\t<\/div>\n\t\t\t\t<div class=\"elementor-element elementor-element-cd4c045 elementor-view-default elementor-position-top elementor-mobile-position-top elementor-widget elementor-widget-icon-box\" data-id=\"cd4c045\" data-element_type=\"widget\" data-widget_type=\"icon-box.default\">\n\t\t\t\t<div class=\"elementor-widget-container\">\n\t\t\t\t\t<div class=\"elementor-icon-box-wrapper\">\n\n\t\t\t\t\t\t<div class=\"elementor-icon-box-icon\">\n\t\t\t\t<a href=\"https:\/\/www.ufsm.br\/cursos\/graduacao\/santa-maria\/arquivologia\/estagio-brigatorio\" class=\"elementor-icon elementor-animation-\" tabindex=\"-1\">\n\t\t\t\t<i aria-hidden=\"true\" class=\"fas fa-handshake\"><\/i>\t\t\t\t<\/a>\n\t\t\t<\/div>\n\t\t\t\n\t\t\t\t\t\t<div class=\"elementor-icon-box-content\">\n\n\t\t\t\t\t\t\t\t\t<h3 class=\"elementor-icon-box-title\">\n\t\t\t\t\t\t<a href=\"https:\/\/www.ufsm.br\/cursos\/graduacao\/santa-maria\/arquivologia\/estagio-brigatorio\" >\n\t\t\t\t\t\t\tEst\u00e1gio Obrigat\u00f3rio\t\t\t\t\t\t<\/a>\n\t\t\t\t\t<\/h3>\n\t\t\t\t\n\t\t\t\t\n\t\t\t<\/div>\n\t\t\t\n\t\t<\/div>\n\t\t\t\t<\/div>\n\t\t\t\t<\/div>\n\t\t\t\t\t<\/div>\n\t\t<\/div>\n\t\t\t\t<div class=\"elementor-column elementor-col-33 elementor-top-column elementor-element elementor-element-0f6f7b6\" data-id=\"0f6f7b6\" data-element_type=\"column\">\n\t\t\t<div class=\"elementor-widget-wrap elementor-element-populated\">\n\t\t\t\t\t\t<div class=\"elementor-element elementor-element-ff3f2c1 elementor-view-default elementor-position-top elementor-mobile-position-top elementor-widget elementor-widget-icon-box\" data-id=\"ff3f2c1\" data-element_type=\"widget\" data-widget_type=\"icon-box.default\">\n\t\t\t\t<div class=\"elementor-widget-container\">\n\t\t\t\t\t<div class=\"elementor-icon-box-wrapper\">\n\n\t\t\t\t\t\t<div class=\"elementor-icon-box-icon\">\n\t\t\t\t<a href=\"https:\/\/www.ufsm.br\/cursos\/graduacao\/santa-maria\/arquivologia\/2026\/07\/31\/%e2%9a%a0quadro-de-horarios-do-2o-semestre-de-2026-arquivologia%e2%9a%a0\" class=\"elementor-icon elementor-animation-\" tabindex=\"-1\">\n\t\t\t\t<i aria-hidden=\"true\" class=\"fas fa-clock\"><\/i>\t\t\t\t<\/a>\n\t\t\t<\/div>\n\t\t\t\n\t\t\t\t\t\t<div class=\"elementor-icon-box-content\">\n\n\t\t\t\t\t\t\t\t\t<h3 class=\"elementor-icon-box-title\">\n\t\t\t\t\t\t<a href=\"https:\/\/www.ufsm.br\/cursos\/graduacao\/santa-maria\/arquivologia\/2026\/07\/31\/%e2%9a%a0quadro-de-horarios-do-2o-semestre-de-2026-arquivologia%e2%9a%a0\" >\n\t\t\t\t\t\t\tGrade de Hor\u00e1rios <br>2\u00b0 Semestre 2026\t\t\t\t\t\t<\/a>\n\t\t\t\t\t<\/h3>\n\t\t\t\t\n\t\t\t\t\n\t\t\t<\/div>\n\t\t\t\n\t\t<\/div>\n\t\t\t\t<\/div>\n\t\t\t\t<\/div>\n\t\t\t\t<div class=\"elementor-element elementor-element-64c69ca elementor-view-default elementor-position-top elementor-mobile-position-top elementor-widget elementor-widget-icon-box\" data-id=\"64c69ca\" data-element_type=\"widget\" data-widget_type=\"icon-box.default\">\n\t\t\t\t<div class=\"elementor-widget-container\">\n\t\t\t\t\t<div class=\"elementor-icon-box-wrapper\">\n\n\t\t\t\t\t\t<div class=\"elementor-icon-box-icon\">\n\t\t\t\t<a href=\"https:\/\/www.ufsm.br\/cursos\/graduacao\/santa-maria\/arquivologia\/estagio-nao-obrigatorio\" class=\"elementor-icon elementor-animation-\" tabindex=\"-1\">\n\t\t\t\t<i aria-hidden=\"true\" class=\"fas fa-handshake\"><\/i>\t\t\t\t<\/a>\n\t\t\t<\/div>\n\t\t\t\n\t\t\t\t\t\t<div class=\"elementor-icon-box-content\">\n\n\t\t\t\t\t\t\t\t\t<h3 class=\"elementor-icon-box-title\">\n\t\t\t\t\t\t<a href=\"https:\/\/www.ufsm.br\/cursos\/graduacao\/santa-maria\/arquivologia\/estagio-nao-obrigatorio\" >\n\t\t\t\t\t\t\tEst\u00e1gio N\u00e3o-Obrigat\u00f3rio\t\t\t\t\t\t<\/a>\n\t\t\t\t\t<\/h3>\n\t\t\t\t\n\t\t\t\t\n\t\t\t<\/div>\n\t\t\t\n\t\t<\/div>\n\t\t\t\t<\/div>\n\t\t\t\t<\/div>\n\t\t\t\t\t<\/div>\n\t\t<\/div>\n\t\t\t\t<div class=\"elementor-column elementor-col-33 elementor-top-column elementor-element elementor-element-d81a363\" data-id=\"d81a363\" data-element_type=\"column\">\n\t\t\t<div class=\"elementor-widget-wrap elementor-element-populated\">\n\t\t\t\t\t\t<div class=\"elementor-element elementor-element-80b0f7c elementor-view-default elementor-position-top elementor-mobile-position-top elementor-widget elementor-widget-icon-box\" data-id=\"80b0f7c\" data-element_type=\"widget\" data-widget_type=\"icon-box.default\">\n\t\t\t\t<div class=\"elementor-widget-container\">\n\t\t\t\t\t<div class=\"elementor-icon-box-wrapper\">\n\n\t\t\t\t\t\t<div class=\"elementor-icon-box-icon\">\n\t\t\t\t<a href=\"https:\/\/www.ufsm.br\/app\/uploads\/sites\/342\/2025\/02\/GUIA-ESTUDANTIL-UFSM-2025.pdf\" class=\"elementor-icon elementor-animation-\" tabindex=\"-1\">\n\t\t\t\t<i aria-hidden=\"true\" class=\"fas fa-map-signs\"><\/i>\t\t\t\t<\/a>\n\t\t\t<\/div>\n\t\t\t\n\t\t\t\t\t\t<div class=\"elementor-icon-box-content\">\n\n\t\t\t\t\t\t\t\t\t<h3 class=\"elementor-icon-box-title\">\n\t\t\t\t\t\t<a href=\"https:\/\/www.ufsm.br\/app\/uploads\/sites\/342\/2025\/02\/GUIA-ESTUDANTIL-UFSM-2025.pdf\" >\n\t\t\t\t\t\t\tGuia Acad\u00eamico\t\t\t\t\t\t<\/a>\n\t\t\t\t\t<\/h3>\n\t\t\t\t\n\t\t\t\t\n\t\t\t<\/div>\n\t\t\t\n\t\t<\/div>\n\t\t\t\t<\/div>\n\t\t\t\t<\/div>\n\t\t\t\t<div class=\"elementor-element elementor-element-454a032 elementor-view-default elementor-position-top elementor-mobile-position-top elementor-widget elementor-widget-icon-box\" data-id=\"454a032\" data-element_type=\"widget\" data-widget_type=\"icon-box.default\">\n\t\t\t\t<div class=\"elementor-widget-container\">\n\t\t\t\t\t<div class=\"elementor-icon-box-wrapper\">\n\n\t\t\t\t\t\t<div class=\"elementor-icon-box-icon\">\n\t\t\t\t<a href=\"https:\/\/www.ufsm.br\/cursos\/graduacao\/santa-maria\/arquivologia\/calendario-de-defesas\" class=\"elementor-icon elementor-animation-\" tabindex=\"-1\">\n\t\t\t\t<i aria-hidden=\"true\" class=\"far fa-calendar-check\"><\/i>\t\t\t\t<\/a>\n\t\t\t<\/div>\n\t\t\t\n\t\t\t\t\t\t<div class=\"elementor-icon-box-content\">\n\n\t\t\t\t\t\t\t\t\t<h3 class=\"elementor-icon-box-title\">\n\t\t\t\t\t\t<a href=\"https:\/\/www.ufsm.br\/cursos\/graduacao\/santa-maria\/arquivologia\/calendario-de-defesas\" >\n\t\t\t\t\t\t\tCalend\u00e1rio de Defesas\t\t\t\t\t\t<\/a>\n\t\t\t\t\t<\/h3>\n\t\t\t\t\n\t\t\t\t\n\t\t\t<\/div>\n\t\t\t\n\t\t<\/div>\n\t\t\t\t<\/div>\n\t\t\t\t<\/div>\n\t\t\t\t\t<\/div>\n\t\t<\/div>\n\t\t\t\t\t<\/div>\n\t\t<\/section>\n\t\t\t\t<section class=\"elementor-section elementor-top-section elementor-element elementor-element-e03a6b7 elementor-section-boxed elementor-section-height-default elementor-section-height-default\" data-id=\"e03a6b7\" data-element_type=\"section\">\n\t\t\t\t\t\t<div class=\"elementor-container elementor-column-gap-default\">\n\t\t\t\t\t<div class=\"elementor-column elementor-col-100 elementor-top-column elementor-element elementor-element-0598420\" data-id=\"0598420\" data-element_type=\"column\">\n\t\t\t<div class=\"elementor-widget-wrap elementor-element-populated\">\n\t\t\t\t\t\t<div class=\"elementor-element elementor-element-26ba4fb elementor-grid-2 elementor-shape-rounded e-grid-align-center elementor-widget elementor-widget-social-icons\" data-id=\"26ba4fb\" data-element_type=\"widget\" data-widget_type=\"social-icons.default\">\n\t\t\t\t<div class=\"elementor-widget-container\">\n\t\t\t\t\t<div class=\"elementor-social-icons-wrapper elementor-grid\">\n\t\t\t\t\t\t\t<span class=\"elementor-grid-item\">\n\t\t\t\t\t<a class=\"elementor-icon elementor-social-icon elementor-social-icon-facebook elementor-repeater-item-cca07df\" href=\"https:\/\/www.facebook.com\/arquivologiaufsm\" target=\"_blank\">\n\t\t\t\t\t\t<span class=\"elementor-screen-only\">Facebook<\/span>\n\t\t\t\t\t\t<i class=\"fab fa-facebook\"><\/i>\t\t\t\t\t<\/a>\n\t\t\t\t<\/span>\n\t\t\t\t\t\t\t<span class=\"elementor-grid-item\">\n\t\t\t\t\t<a class=\"elementor-icon elementor-social-icon elementor-social-icon-instagram elementor-repeater-item-2993d19\" href=\"https:\/\/instagram.com\/arquivologiaufsm?igshid=YmMyMTA2M2Y=\" target=\"_blank\">\n\t\t\t\t\t\t<span class=\"elementor-screen-only\">Instagram<\/span>\n\t\t\t\t\t\t<i class=\"fab fa-instagram\"><\/i>\t\t\t\t\t<\/a>\n\t\t\t\t<\/span>\n\t\t\t\t\t<\/div>\n\t\t\t\t<\/div>\n\t\t\t\t<\/div>\n\t\t\t\t<div class=\"elementor-element elementor-element-530bbe2 elementor-widget elementor-widget-wp-widget-ufsm_noticias_widget\" data-id=\"530bbe2\" data-element_type=\"widget\" data-widget_type=\"wp-widget-ufsm_noticias_widget.default\">\n\t\t\t\t<div class=\"elementor-widget-container\">\n\t\t\t<h5 class='titulo-conteudos'>Not\u00edcias<\/h5><div class='widget-noticias-inside'>\n                        <div class=\"row\">\n                                    <div class=\"col-12 col-lg-12 pb-4\">\n                                        \n                                        \n                    \n                    <a class=\"noticias-widget-title d-block \"  title=\"[IMPORTANTE] Novo procedimento para abertura de processo de homologa\u00e7\u00e3o de est\u00e1gios\" href=\"https:\/\/www.ufsm.br\/cursos\/graduacao\/santa-maria\/arquivologia\/2025\/10\/24\/importante-novo-procedimento-para-abertura-de-processo-de-homologacao-de-estagios\">\n                                                    <i title=\"Esta \u00e9 uma not\u00edcia importante, por esse motivo foi fixada no topo\" style=\"font-size:12.0px !important\" class=\"fas fa-thumbtack\"><\/i>\n                                                [IMPORTANTE] Novo procedimento para abertura de processo de homologa\u00e7\u00e3o de est\u00e1gios                    <\/a>\n                    \n                                            <div class=\"noticias-widget-introtext\">\n                            Informamos que o m\u00e9todo de abertura de processos de homologa\u00e7\u00e3o de est\u00e1gios foi recentemente alterado.\u00a0Todos os processos novos dever\u00e3o ser abertos, a partir de agora, pelo Portal Estudantil. H\u00e1 um tutorial em v\u00eddeo neste link demonstrando como deve ser feito&hellip;                        <\/div>\n                    \n                                        \n                                        \n                                            \n                                                    <div title=\"Publicado em 24\/10\/2025 - 15:46\" class=\"data-publicacao-widget\">\n                                <i  class=\"far fa-clock\"><\/i>\n                                24\/10\/2025 - 15:46                            <\/div>\n                                                                <\/div>\n                            <\/div>\n                    <div class=\"row\">\n                                    <div class=\"col-12 col-lg-12 pb-4\">\n                                        \n                                        \n                    \n                    <a class=\"noticias-widget-title d-block \"  title=\"UFSM oferece publica\u00e7\u00e3o gratuita de cartilhas, cat\u00e1logos e livros de extens\u00e3o\" href=\"https:\/\/www.ufsm.br\/cursos\/graduacao\/santa-maria\/arquivologia\/2026\/09\/04\/ufsm-oferece-publicacao-gratuita-de-cartilhas-catalogos-e-livros-de-extensao\">\n                                                UFSM oferece publica\u00e7\u00e3o gratuita de cartilhas, cat\u00e1logos e livros de extens\u00e3o                    <\/a>\n                    \n                                            <div class=\"noticias-widget-introtext\">\n                            A\u00a0Editora PRE\u00a0abriu as inscri\u00e7\u00f5es para o\u00a0Edital 091\/2026\u00a0referente \u00e0 S\u00e9rie Extens\u00e3o. A UFSM oferece todo o processo editorial gratuito (revis\u00e3o, diagrama\u00e7\u00e3o, registro de ISBN e publica\u00e7\u00e3o no Manancial) para dar visibilidade a cartilhas, cat\u00e1logos e livros produzidos por servidores e estudantes.&hellip;                        <\/div>\n                    \n                                        \n                                        \n                                            \n                                                    <div title=\"Publicado em 04\/09\/2026 - 10:41\" class=\"data-publicacao-widget\">\n                                <i  class=\"far fa-clock\"><\/i>\n                                04\/09\/2026 - 10:41                            <\/div>\n                                                                <\/div>\n                            <\/div>\n                    <div class=\"row\">\n                                    <div class=\"col-12 col-lg-12 pb-4\">\n                                        \n                                        \n                    \n                    <a class=\"noticias-widget-title d-block \"  title=\"Hor\u00e1rio de atendimento SIG I\" href=\"https:\/\/www.ufsm.br\/cursos\/graduacao\/santa-maria\/arquivologia\/2026\/08\/27\/horario-de-atendimento-sig-i\">\n                                                Hor\u00e1rio de atendimento SIG I                    <\/a>\n                    \n                                            <div class=\"noticias-widget-introtext\">\n                            A partir de 28\/08\/2026, a&nbsp;Secretaria Integrada de Gradua\u00e7\u00e3o I (74A) estar\u00e1 com novo hor\u00e1rio de atendimento, fechando ao meio dia: SEGUNDA-FEIRA TER\u00c7A-FEIRA QUARTA-FEIRA QUINTA-FEIRA SEXTA-FEIRA 8h \u00e0s 12h 8h \u00e0s 12h 8h \u00e0s 12h 8h \u00e0s 12h 8h \u00e0s 12h&hellip;                        <\/div>\n                    \n                                        \n                                        \n                                            \n                                                    <div title=\"Publicado em 27\/08\/2026 - 09:33\" class=\"data-publicacao-widget\">\n                                <i  class=\"far fa-clock\"><\/i>\n                                27\/08\/2026 - 09:33                            <\/div>\n                                                                <\/div>\n                            <\/div>\n            <\/div>\n<div class=\"leia-mais p-1\">\n                <a href=\"https:\/\/www.ufsm.br\/cursos\/graduacao\/santa-maria\/arquivologia\/busca\/?q=&area=post&orderby=date&sites%5B%5D=463\">\n            LEIA MAIS            <span class=\"icon-box\">\n                <span class=\"bg-ufsm-widget-icon\">\n                    <i class=\"fas fa-chevron-right\" aria-hidden=\"true\"><\/i>\n                <\/span>\n            <\/span>\n        <\/a>\n    <\/div>\n\t\t<\/div>\n\t\t\t\t<\/div>\n\t\t\t\t\t<\/div>\n\t\t<\/div>\n\t\t\t\t\t<\/div>\n\t\t<\/section>\n\t\t\t\t<section class=\"elementor-section elementor-top-section elementor-element elementor-element-76dce97 elementor-section-boxed elementor-section-height-default elementor-section-height-default\" data-id=\"76dce97\" data-element_type=\"section\">\n\t\t\t\t\t\t<div class=\"elementor-container elementor-column-gap-default\">\n\t\t\t\t\t<div class=\"elementor-column elementor-col-50 elementor-top-column elementor-element elementor-element-090f1bc\" data-id=\"090f1bc\" data-element_type=\"column\">\n\t\t\t<div class=\"elementor-widget-wrap elementor-element-populated\">\n\t\t\t\t\t\t<div class=\"elementor-element elementor-element-2e2c17e elementor-widget elementor-widget-wp-widget-ufsm_noticias_widget\" data-id=\"2e2c17e\" data-element_type=\"widget\" data-widget_type=\"wp-widget-ufsm_noticias_widget.default\">\n\t\t\t\t<div class=\"elementor-widget-container\">\n\t\t\t<h5 class='titulo-conteudos'>Oportunidades<\/h5><div class='widget-noticias-inside'>\n                        <div class=\"row\">\n                                    <div class=\"col-12 col-lg-12 pb-4\">\n                                        \n                                        \n                    \n                    <a class=\"noticias-widget-title d-block \"  title=\"Vaga de Est\u00e1gio &#8211; Arquivologia\" href=\"https:\/\/www.ufsm.br\/cursos\/graduacao\/santa-maria\/arquivologia\/2026\/08\/07\/vaga-de-estagio-arquivologia\">\n                                                Vaga de Est\u00e1gio &#8211; Arquivologia                    <\/a>\n                    \n                                            <div class=\"noticias-widget-introtext\">\n                            A Secretaria Acad\u00eamica da Universidade Franciscana &#8211; UFN, est\u00e1 selecionando&nbsp;estagi\u00e1rio(a) do curso de Arquivologia, a partir do&nbsp;2\u00ba semestre, para atuar no projeto de digitaliza\u00e7\u00e3o de livros e documentos hist\u00f3ricos. Requisitos: Atividades: Como se candidatar: Envie seu curr\u00edculo para&nbsp;seac@ufn.edu.br&nbsp;at\u00e9&nbsp;20\/08\/2026. &#8211; Informar&hellip;                        <\/div>\n                    \n                                        \n                                        \n                                            \n                                                    <div title=\"Publicado em 07\/08\/2026 \" class=\"data-publicacao-widget\">\n                                <i  class=\"far fa-clock\"><\/i>\n                                07\/08\/2026                             <\/div>\n                                                                <\/div>\n                            <\/div>\n                    <div class=\"row\">\n                                    <div class=\"col-12 col-lg-12 pb-4\">\n                                        \n                                        \n                    \n                    <a class=\"noticias-widget-title d-block \"  title=\"Sele\u00e7\u00e3o de Bolsista Arquivo Setorial\" href=\"https:\/\/www.ufsm.br\/cursos\/graduacao\/santa-maria\/arquivologia\/2026\/03\/03\/processo-seletivo-de-bolsa-de-assistencia-ao-estudante\">\n                                                Sele\u00e7\u00e3o de Bolsista Arquivo Setorial                    <\/a>\n                    \n                                            <div class=\"noticias-widget-introtext\">\n                            O Centro de Ci\u00eancias Sociais e Humanas da Universidade Federal de Santa Maria torna p\u00fablico o edital de inscri\u00e7\u00f5es do PROCESSO SELETIVO DE BOLSA PARA O ARQUIVO SETORIAL DO CENTRO DE CI\u00caNCIAS SOCIAIS E HUMANAS. O Edital prev\u00ea 05 (cinco&hellip;                        <\/div>\n                    \n                                        \n                                        \n                                            \n                                                    <div title=\"Publicado em 03\/03\/2026 \" class=\"data-publicacao-widget\">\n                                <i  class=\"far fa-clock\"><\/i>\n                                03\/03\/2026                             <\/div>\n                                                                <\/div>\n                            <\/div>\n                    <div class=\"row\">\n                                    <div class=\"col-12 col-lg-12 pb-4\">\n                                        \n                                        \n                    \n                    <a class=\"noticias-widget-title d-block \"  title=\"Edital bolsista BAE Ouvidoria\/UFSM\" href=\"https:\/\/www.ufsm.br\/cursos\/graduacao\/santa-maria\/arquivologia\/2026\/03\/02\/edital-bolsista-bae-ouvidoria-ufsm\">\n                                                Edital bolsista BAE Ouvidoria\/UFSM                    <\/a>\n                    \n                                            <div class=\"noticias-widget-introtext\">\n                            A Universidade Federal de Santa Maria (UFSM), por meio da Ouvidoria Geral, torna p\u00fablica a abertura do Processo Seletivo de Bolsista para atua\u00e7\u00e3o no projeto \u201cApoio \u00e0s Atividades Administrativas da Ouvidoria Geral\u201d. A sele\u00e7\u00e3o \u00e9 voltada a alunos de gradua\u00e7\u00e3o&hellip;                        <\/div>\n                    \n                                        \n                                        \n                                            \n                                                    <div title=\"Publicado em 02\/03\/2026 \" class=\"data-publicacao-widget\">\n                                <i  class=\"far fa-clock\"><\/i>\n                                02\/03\/2026                             <\/div>\n                                                                <\/div>\n                            <\/div>\n                    <div class=\"row\">\n                                    <div class=\"col-12 col-lg-12 pb-4\">\n                                        \n                                        \n                    \n                    <a class=\"noticias-widget-title d-block \"  title=\"Edital de Monitoria N\u00e3o subsidiada\" href=\"https:\/\/www.ufsm.br\/cursos\/graduacao\/santa-maria\/arquivologia\/2025\/08\/28\/edital-de-monitoria-nao-subsidiada\">\n                                                Edital de Monitoria N\u00e3o subsidiada                    <\/a>\n                    \n                                            <div class=\"noticias-widget-introtext\">\n                            O Departamento de Arquivologia abriu inscri\u00e7\u00f5es para preenchimento de 2 vagas de Monitoria Volunt\u00e1ria, para o segundo semestre letivo de 2025. Ser\u00e1 ofertada 1 vaga para a disciplina ARQV0020 &#8211; Avalia\u00e7\u00e3o Documental e 1 vaga para ARQV0024 \u2013 Pr\u00e1tica em&hellip;                        <\/div>\n                    \n                                        \n                                        \n                                            \n                                                    <div title=\"Publicado em 28\/08\/2025 \" class=\"data-publicacao-widget\">\n                                <i  class=\"far fa-clock\"><\/i>\n                                28\/08\/2025                             <\/div>\n                                                                <\/div>\n                            <\/div>\n                    <div class=\"row\">\n                                    <div class=\"col-12 col-lg-12 pb-4\">\n                                        \n                                        \n                    \n                    <a class=\"noticias-widget-title d-block \"  title=\"Novos Cursos de Franc\u00eas IsF\" href=\"https:\/\/www.ufsm.br\/cursos\/graduacao\/santa-maria\/arquivologia\/2025\/08\/19\/novos-cursos-de-frances-isf\">\n                                                Novos Cursos de Franc\u00eas IsF                    <\/a>\n                    \n                                            <div class=\"noticias-widget-introtext\">\n                            Est\u00e3o abertas as inscri\u00e7\u00f5es para os novos cursos de Franc\u00eas!O curso \u00e9 destinado a iniciantes e as inscri\u00e7\u00f5es podem ser feitas at\u00e9 o dia 24\/08. Podem participar: \ud83d\udccc Inscri\u00e7\u00f5es pelo link: https:\/\/forms.gle\/9r6s1dLdkhx9dUX69 Contamos com a sua ajuda na divulga\u00e7\u00e3o! Cordialement,ISF&hellip;                        <\/div>\n                    \n                                        \n                                        \n                                            \n                                                    <div title=\"Publicado em 19\/08\/2025 \" class=\"data-publicacao-widget\">\n                                <i  class=\"far fa-clock\"><\/i>\n                                19\/08\/2025                             <\/div>\n                                                                <\/div>\n                            <\/div>\n                    <div class=\"row\">\n                                    <div class=\"col-12 col-lg-12 pb-4\">\n                                        \n                                        \n                    \n                    <a class=\"noticias-widget-title d-block \"  title=\"SELE\u00c7\u00c3O DE ESTUDANTES PARA PARTICIPAREM COMO COLABORADORES\/AS NO DESCUBRA UFSM 2025\" href=\"https:\/\/www.ufsm.br\/cursos\/graduacao\/santa-maria\/arquivologia\/2025\/08\/05\/selecao-de-estudantes-para-participarem-como-colaboradores-as-no-descubra-ufsm-2025\">\n                                                SELE\u00c7\u00c3O DE ESTUDANTES PARA PARTICIPAREM COMO COLABORADORES\/AS NO DESCUBRA UFSM 2025                    <\/a>\n                    \n                                            <div class=\"noticias-widget-introtext\">\n                            A Pr\u00f3-reitoria de Gradua\u00e7\u00e3o (PROGRAD) no uso de suas atribui\u00e7\u00f5es, torna p\u00fablico o processo seletivo para estudantes atuarem como guias na 12\u00aa Edi\u00e7\u00e3o do DESCUBRA UFSM \u2013 2025.As inscri\u00e7\u00f5es v\u00e3o at\u00e9 o pr\u00f3ximo dia 17 de agosto e dever\u00e3o ser&hellip;                        <\/div>\n                    \n                                        \n                                        \n                                            \n                                                    <div title=\"Publicado em 05\/08\/2025 \" class=\"data-publicacao-widget\">\n                                <i  class=\"far fa-clock\"><\/i>\n                                05\/08\/2025                             <\/div>\n                                                                <\/div>\n                            <\/div>\n            <\/div>\n\t\t<\/div>\n\t\t\t\t<\/div>\n\t\t\t\t\t<\/div>\n\t\t<\/div>\n\t\t\t\t<div class=\"elementor-column elementor-col-50 elementor-top-column elementor-element elementor-element-c0dbdb5\" data-id=\"c0dbdb5\" data-element_type=\"column\">\n\t\t\t<div class=\"elementor-widget-wrap elementor-element-populated\">\n\t\t\t\t\t\t<div class=\"elementor-element elementor-element-28838d8 elementor-widget elementor-widget-wp-widget-ufsm_editais_widget\" data-id=\"28838d8\" data-element_type=\"widget\" data-widget_type=\"wp-widget-ufsm_editais_widget.default\">\n\t\t\t\t<div class=\"elementor-widget-container\">\n\t\t\t<h2 class='titulo-conteudos'>Editais<\/h2><div class='row'>\n            <div class=\"col-lg-12 px-3 pb-3\">\n            \n                        \n            <a title=\"02\/2026 - SELE\u00c7\u00c3O PARA BOLSISTA DO LABORAT\u00d3RIO DE RESTAURA\u00c7\u00c3O DE DOCUMENTOS\" href=\"https:\/\/www.ufsm.br\/cursos\/graduacao\/santa-maria\/arquivologia\/editais\/002-2026\">\n                <span class=\"titulo-publicacao-widget\">02\/2026 - SELE\u00c7\u00c3O PARA BOLSISTA DO LABORAT\u00d3RIO DE RESTAURA\u00c7\u00c3O DE DOCUMENTOS<\/span>\n                <br>\n            <\/a>\n\n                        \n                                            \n                                    <div title=\"Publicado em 04\/09\/2026 \" class=\"data-publicacao-widget\"><i  class=\"far fa-clock\"><\/i> 04\/09\/2026 <\/div>\n                                \n        <\/div>\n            <div class=\"col-lg-12 px-3 pb-3\">\n            \n                        \n            <a title=\"01\/2026 - Edital para a Coordena\u00e7\u00e3o do Curso de Arquivologia\" href=\"https:\/\/www.ufsm.br\/cursos\/graduacao\/santa-maria\/arquivologia\/editais\/001-2026\">\n                <span class=\"titulo-publicacao-widget\">01\/2026 - Edital para a Coordena\u00e7\u00e3o do Curso de Arquivologia<\/span>\n                <br>\n            <\/a>\n\n                        \n                                            \n                                    <div title=\"Publicado em 29\/06\/2026 \" class=\"data-publicacao-widget\"><i  class=\"far fa-clock\"><\/i> 29\/06\/2026 <\/div>\n                                \n        <\/div>\n            <div class=\"col-lg-12 px-3 pb-3\">\n            \n                        \n            <a title=\"1\/2025 - 1\/2025 \u2013 Edital de sele\u00e7\u00e3o de bolsistas para atua\u00e7\u00e3o no DESCUBRA UFSM 2025 \u2013 Curso de Arquivologia\" href=\"https:\/\/www.ufsm.br\/cursos\/graduacao\/santa-maria\/arquivologia\/editais\/001-2025\">\n                <span class=\"titulo-publicacao-widget\">1\/2025 - 1\/2025 \u2013 Edital de sele\u00e7\u00e3o de bolsistas para atua\u00e7\u00e3o no DESCUBRA UFSM 2025 \u2013 Curso de Arquivologia<\/span>\n                <br>\n            <\/a>\n\n                        \n                                            \n                                    <div title=\"Publicado em 11\/09\/2025 \" class=\"data-publicacao-widget\"><i  class=\"far fa-clock\"><\/i> 11\/09\/2025 <\/div>\n                                \n        <\/div>\n    <\/div>\n\t\t<\/div>\n\t\t\t\t<\/div>\n\t\t\t\t\t<\/div>\n\t\t<\/div>\n\t\t\t\t\t<\/div>\n\t\t<\/section>\n\t\t\t\t<section class=\"elementor-section elementor-top-section elementor-element elementor-element-92c3cef elementor-section-boxed elementor-section-height-default elementor-section-height-default\" data-id=\"92c3cef\" data-element_type=\"section\">\n\t\t\t\t\t\t<div class=\"elementor-container elementor-column-gap-default\">\n\t\t\t\t\t<div class=\"elementor-column elementor-col-100 elementor-top-column elementor-element elementor-element-d03a95a\" data-id=\"d03a95a\" data-element_type=\"column\">\n\t\t\t<div class=\"elementor-widget-wrap elementor-element-populated\">\n\t\t\t\t\t\t<div class=\"elementor-element elementor-element-f531055 elementor-widget elementor-widget-heading\" data-id=\"f531055\" data-element_type=\"widget\" data-widget_type=\"heading.default\">\n\t\t\t\t<div class=\"elementor-widget-container\">\n\t\t\t<h5 class=\"elementor-heading-title elementor-size-default\">Calend\u00e1rio de Defesas de TCC<\/h5>\t\t<\/div>\n\t\t\t\t<\/div>\n\t\t\t\t<div class=\"elementor-element elementor-element-6eace8d elementor-widget elementor-widget-wp-widget-ufsm_calendario_teses\" data-id=\"6eace8d\" data-element_type=\"widget\" data-widget_type=\"wp-widget-ufsm_calendario_teses.default\">\n\t\t\t\t<div class=\"elementor-widget-container\">\n\t\t\t<div class=\"alert alert-primary\" role=\"alert\">Nenhuma defesa futura cadastrada<\/div><div class='leia-mais'>\n\t\t\t<a href='https:\/\/www.ufsm.br\/cursos\/graduacao\/santa-maria\/arquivologia\/busca\/?q=&sites[]=463&area=teses-e-dissertacoes' class='ms-auto'>Ver todas as defesas<\/a>\n\t\t\t<span class='icon-box'><span class='bg-ufsm-widget-icon'><i class='fas fa-chevron-right' aria-hidden='true'><\/i><\/span><\/span>\n\t\t<\/div>\t\t<\/div>\n\t\t\t\t<\/div>\n\t\t\t\t\t<\/div>\n\t\t<\/div>\n\t\t\t\t\t<\/div>\n\t\t<\/section>\n\t\t\t\t<section class=\"elementor-section elementor-top-section elementor-element elementor-element-963b8db elementor-section-boxed elementor-section-height-default elementor-section-height-default\" data-id=\"963b8db\" data-element_type=\"section\">\n\t\t\t\t\t\t<div class=\"elementor-container elementor-column-gap-default\">\n\t\t\t\t\t<div class=\"elementor-column elementor-col-100 elementor-top-column elementor-element elementor-element-d394ff8\" data-id=\"d394ff8\" data-element_type=\"column\">\n\t\t\t<div class=\"elementor-widget-wrap elementor-element-populated\">\n\t\t\t\t\t\t<div class=\"elementor-element elementor-element-c5c8f8b elementor-widget elementor-widget-wp-widget-ufsm_eventos_widget\" data-id=\"c5c8f8b\" data-element_type=\"widget\" data-widget_type=\"wp-widget-ufsm_eventos_widget.default\">\n\t\t\t\t<div class=\"elementor-widget-container\">\n\t\t\t<H2 class='titulo-conteudos'>Eventos - Curso de Arquivologia - UFSM<\/H2>\n          <div class='d-flex flex-column align-items-center justify-content-center py-4'>\n        <span class='text-muted fs-5 mb-2 d-flex align-items-center'>\n          <i class='fas fa-calendar-times fa-2x me-2'><\/i>\n          Nenhum evento futuro encontrado.\n        <\/span>\n        <a class='btn btn-outline-primary mt-2' href='https:\/\/www.ufsm.br\/cursos\/graduacao\/santa-maria\/arquivologia\/busca\/?q=&orderby=date&order=DESC&perpage=15&area=eventos&sites%5B%5D=463'>\n          Confira os eventos j\u00e1 realizados\n          <i class='fas fa-arrow-right ms-2'><\/i>\n        <\/a>\n          <\/div>\n        \t\t<\/div>\n\t\t\t\t<\/div>\n\t\t\t\t<div class=\"elementor-element elementor-element-7079bf8 elementor-widget elementor-widget-wp-widget-ufsm_eventos_widget\" data-id=\"7079bf8\" data-element_type=\"widget\" data-widget_type=\"wp-widget-ufsm_eventos_widget.default\">\n\t\t\t\t<div class=\"elementor-widget-container\">\n\t\t\t<H2 class='titulo-conteudos'>Eventos<\/H2>\n          <div class='d-flex flex-column align-items-center justify-content-center py-4'>\n        <span class='text-muted fs-5 mb-2 d-flex align-items-center'>\n          <i class='fas fa-calendar-times fa-2x me-2'><\/i>\n          Nenhum evento futuro encontrado.\n        <\/span>\n        <a class='btn btn-outline-primary mt-2' href='https:\/\/www.ufsm.br\/cursos\/graduacao\/santa-maria\/arquivologia\/busca\/?q=&orderby=date&order=DESC&perpage=15&area=eventos&sites%5B%5D=463'>\n          Confira os eventos j\u00e1 realizados\n          <i class='fas fa-arrow-right ms-2'><\/i>\n        <\/a>\n          <\/div>\n        \t\t<\/div>\n\t\t\t\t<\/div>\n\t\t\t\t\t<\/div>\n\t\t<\/div>\n\t\t\t\t\t<\/div>\n\t\t<\/section>\n\t\t\t\t<section class=\"elementor-section elementor-top-section elementor-element elementor-element-db6abcc elementor-section-boxed elementor-section-height-default elementor-section-height-default\" data-id=\"db6abcc\" data-element_type=\"section\">\n\t\t\t\t\t\t<div class=\"elementor-container elementor-column-gap-default\">\n\t\t\t\t\t<div class=\"elementor-column elementor-col-100 elementor-top-column elementor-element elementor-element-71df048\" data-id=\"71df048\" data-element_type=\"column\">\n\t\t\t<div class=\"elementor-widget-wrap elementor-element-populated\">\n\t\t\t\t\t\t<div class=\"elementor-element elementor-element-7f2c273 elementor-widget elementor-widget-wp-widget-ufsm_noticias_widget\" data-id=\"7f2c273\" data-element_type=\"widget\" data-widget_type=\"wp-widget-ufsm_noticias_widget.default\">\n\t\t\t\t<div class=\"elementor-widget-container\">\n\t\t\t<h5 class='titulo-conteudos'>Not\u00edcias UFSM<\/h5><div class='widget-noticias-inside'>\n                        <div class=\"row\">\n                                    <div class=\"col-12 col-lg-4 pb-4\">\n                                            <div class=\"noticias-widget-wrap\" style=\"height: 100px; overflow: hidden;\">\n                            <a title=\"Foto colorida horizontal de grupo de bailarinos no palco do Caixa Preta. As dan\u00e7arinas e os dan\u00e7arinos, em p\u00e9, fazem coreografias com quatro molduras com tamanho semelhante ao de portas. Alguns est\u00e3o com os corpos entrando e ou saindo molduras\" href=\"https:\/\/www.ufsm.br\/2026\/09\/04\/desapego\">\n                                <span class=\"visually-hidden\">\n                                    Foto colorida horizontal de grupo de bailarinos no palco do Caixa Preta. As dan\u00e7arinas e os dan\u00e7arinos, em p\u00e9, fazem coreografias com quatro molduras com tamanho semelhante ao de portas. Alguns est\u00e3o com os corpos entrando e ou saindo molduras                                <\/span>\n                                <div class=\"noticias-widget-thumbs h-100\">\n                                    <img decoding=\"async\" class=\"object-fit-cover h-100 w-100\" alt=\"\" srcset=\"https:\/\/www.ufsm.br\/app\/uploads\/2026\/09\/ESPETACULO_DESAPEGO_GIULIA_MAFFINI_013-300x169.jpg 300w, https:\/\/www.ufsm.br\/app\/uploads\/2026\/09\/ESPETACULO_DESAPEGO_GIULIA_MAFFINI_013-1024x576.jpg 1024w, https:\/\/www.ufsm.br\/app\/uploads\/2026\/09\/ESPETACULO_DESAPEGO_GIULIA_MAFFINI_013-768x432.jpg 768w, https:\/\/www.ufsm.br\/app\/uploads\/2026\/09\/ESPETACULO_DESAPEGO_GIULIA_MAFFINI_013-1536x864.jpg 1536w, https:\/\/www.ufsm.br\/app\/uploads\/2026\/09\/ESPETACULO_DESAPEGO_GIULIA_MAFFINI_013.jpg 1920w\" src=\"https:\/\/www.ufsm.br\/app\/uploads\/2026\/09\/ESPETACULO_DESAPEGO_GIULIA_MAFFINI_013-1024x576.jpg\"><\/img>\n                                <\/div>\n                            <\/a>\n                        <\/div>\n                                        \n                                        \n                    \n                    <a class=\"noticias-widget-title d-block  m-0 \"  title=\"Desapego: espet\u00e1culo\u00a0questiona press\u00f5es impostas pelos pap\u00e9is sociais\" href=\"https:\/\/www.ufsm.br\/2026\/09\/04\/desapego\">\n                                                Desapego: espet\u00e1culo\u00a0questiona press\u00f5es impostas pelos pap\u00e9is sociais                    <\/a>\n                    \n                    \n                                        \n                                        \n                                        <\/div>\n                                    <div class=\"col-12 col-lg-4 pb-4\">\n                                            <div class=\"noticias-widget-wrap\" style=\"height: 100px; overflow: hidden;\">\n                            <a title=\"Foto colorida horizontal registra uma paisagem de rio e de vegeta\u00e7\u00e3o da Amaz\u00f4nia. Em primeiro plano, h\u00e1 um pequeno curso de rio marrom com vegeta\u00e7\u00e3o rasteira \u00e0 sua margem, cercado por \u00e1rvores mais frondosas. \u00c0 direita, um pequeno barco de madeira est\u00e1 na margem do rio. Ao fundo, o curso de \u00e1gua se encontra com o rio, onde tamb\u00e9m \u00e9 poss\u00edvel observar outros barcos pequenos de madeira e casas simples. O c\u00e9u est\u00e1 parcialmente nublado, com a luz do sol atravessando as \u00e1rvores no canto superior esquerdo da imagem.\" href=\"https:\/\/www.ufsm.br\/2026\/09\/03\/ufsm-participa-de-estudo-internacional-sobre-ameacas-as-terras-indigenas-na-amazonia\">\n                                <span class=\"visually-hidden\">\n                                    Foto colorida horizontal registra uma paisagem de rio e de vegeta\u00e7\u00e3o da Amaz\u00f4nia. Em primeiro plano, h\u00e1 um pequeno curso de rio marrom com vegeta\u00e7\u00e3o rasteira \u00e0 sua margem, cercado por \u00e1rvores mais frondosas. \u00c0 direita, um pequeno barco de madeira est\u00e1 na margem do rio. Ao fundo, o curso de \u00e1gua se encontra com o rio, onde tamb\u00e9m \u00e9 poss\u00edvel observar outros barcos pequenos de madeira e casas simples. O c\u00e9u est\u00e1 parcialmente nublado, com a luz do sol atravessando as \u00e1rvores no canto superior esquerdo da imagem.                                <\/span>\n                                <div class=\"noticias-widget-thumbs h-100\">\n                                    <img decoding=\"async\" class=\"object-fit-cover h-100 w-100\" alt=\"\" srcset=\"https:\/\/www.ufsm.br\/app\/uploads\/2026\/09\/Vale-do-Javari-acervo-pessoal-de-gabriel-de-oliveira-e-erin-koster-300x169.jpg 300w, https:\/\/www.ufsm.br\/app\/uploads\/2026\/09\/Vale-do-Javari-acervo-pessoal-de-gabriel-de-oliveira-e-erin-koster-1024x576.jpg 1024w, https:\/\/www.ufsm.br\/app\/uploads\/2026\/09\/Vale-do-Javari-acervo-pessoal-de-gabriel-de-oliveira-e-erin-koster-768x432.jpg 768w, https:\/\/www.ufsm.br\/app\/uploads\/2026\/09\/Vale-do-Javari-acervo-pessoal-de-gabriel-de-oliveira-e-erin-koster.jpg 1500w\" src=\"https:\/\/www.ufsm.br\/app\/uploads\/2026\/09\/Vale-do-Javari-acervo-pessoal-de-gabriel-de-oliveira-e-erin-koster-1024x576.jpg\"><\/img>\n                                <\/div>\n                            <\/a>\n                        <\/div>\n                                        \n                                        \n                    \n                    <a class=\"noticias-widget-title d-block  m-0 \"  title=\"UFSM participa de estudo internacional sobre amea\u00e7as \u00e0s terras ind\u00edgenas na Amaz\u00f4nia\" href=\"https:\/\/www.ufsm.br\/2026\/09\/03\/ufsm-participa-de-estudo-internacional-sobre-ameacas-as-terras-indigenas-na-amazonia\">\n                                                UFSM participa de estudo internacional sobre amea\u00e7as \u00e0s terras ind\u00edgenas na Amaz\u00f4nia                    <\/a>\n                    \n                    \n                                        \n                                        \n                                        <\/div>\n                                    <div class=\"col-12 col-lg-4 pb-4\">\n                                            <div class=\"noticias-widget-wrap\" style=\"height: 100px; overflow: hidden;\">\n                            <a title=\"\" href=\"https:\/\/www.ufsm.br\/2026\/09\/02\/basquete-feminino-da-ufsm-conquista-a-medalha-de-bronze-nos-jogos-universitarios-brasileiros-de-2026\">\n                                <span class=\"visually-hidden\">\n                                    Basquete feminino da UFSM conquista a medalha de bronze nos Jogos Universit\u00e1rios Brasileiros de 2026                                <\/span>\n                                <div class=\"noticias-widget-thumbs h-100\">\n                                    <img decoding=\"async\" class=\"object-fit-cover h-100 w-100\" alt=\"\" srcset=\"https:\/\/www.ufsm.br\/app\/uploads\/2026\/09\/DSC_1076.JPG-1-300x200.jpeg 300w, https:\/\/www.ufsm.br\/app\/uploads\/2026\/09\/DSC_1076.JPG-1-1024x683.jpeg 1024w, https:\/\/www.ufsm.br\/app\/uploads\/2026\/09\/DSC_1076.JPG-1-768x512.jpeg 768w, https:\/\/www.ufsm.br\/app\/uploads\/2026\/09\/DSC_1076.JPG-1-1536x1024.jpeg 1536w, https:\/\/www.ufsm.br\/app\/uploads\/2026\/09\/DSC_1076.JPG-1-272x182.jpeg 272w, https:\/\/www.ufsm.br\/app\/uploads\/2026\/09\/DSC_1076.JPG-1.jpeg 1920w\" src=\"https:\/\/www.ufsm.br\/app\/uploads\/2026\/09\/DSC_1076.JPG-1-1024x683.jpeg\"><\/img>\n                                <\/div>\n                            <\/a>\n                        <\/div>\n                                        \n                                        \n                    \n                    <a class=\"noticias-widget-title d-block  m-0 \"  title=\"Basquete feminino da UFSM conquista a medalha de bronze nos Jogos Universit\u00e1rios Brasileiros de 2026\" href=\"https:\/\/www.ufsm.br\/2026\/09\/02\/basquete-feminino-da-ufsm-conquista-a-medalha-de-bronze-nos-jogos-universitarios-brasileiros-de-2026\">\n                                                Basquete feminino da UFSM conquista a medalha de bronze nos Jogos Universit\u00e1rios Brasileiros de 2026                    <\/a>\n                    \n                    \n                                        \n                                        \n                                        <\/div>\n                            <\/div>\n                    <div class=\"row\">\n                                    <div class=\"col-12 col-lg-4 pb-4\">\n                                            <div class=\"noticias-widget-wrap\" style=\"height: 100px; overflow: hidden;\">\n                            <a title=\"\" href=\"https:\/\/www.ufsm.br\/2026\/09\/02\/queimadas-na-amazonia-ajudam-a-explicar-impactos-dos-aerossois-na-atmosfera-do-sul-do-brasil\">\n                                <span class=\"visually-hidden\">\n                                    Queimadas na Amaz\u00f4nia ajudam a explicar impactos dos aeross\u00f3is na atmosfera do Sul do Brasil                                <\/span>\n                                <div class=\"noticias-widget-thumbs h-100\">\n                                    <img decoding=\"async\" class=\"object-fit-cover h-100 w-100\" alt=\"\" srcset=\"https:\/\/www.ufsm.br\/app\/uploads\/2026\/09\/WhatsApp-Image-2026-08-28-at-19.24.18-3-300x225.jpeg 300w, https:\/\/www.ufsm.br\/app\/uploads\/2026\/09\/WhatsApp-Image-2026-08-28-at-19.24.18-3-1024x768.jpeg 1024w, https:\/\/www.ufsm.br\/app\/uploads\/2026\/09\/WhatsApp-Image-2026-08-28-at-19.24.18-3-768x576.jpeg 768w, https:\/\/www.ufsm.br\/app\/uploads\/2026\/09\/WhatsApp-Image-2026-08-28-at-19.24.18-3-1536x1152.jpeg 1536w, https:\/\/www.ufsm.br\/app\/uploads\/2026\/09\/WhatsApp-Image-2026-08-28-at-19.24.18-3.jpeg 1600w\" src=\"https:\/\/www.ufsm.br\/app\/uploads\/2026\/09\/WhatsApp-Image-2026-08-28-at-19.24.18-3-1024x768.jpeg\"><\/img>\n                                <\/div>\n                            <\/a>\n                        <\/div>\n                                        \n                                        \n                    \n                    <a class=\"noticias-widget-title d-block  m-0 \"  title=\"Queimadas na Amaz\u00f4nia ajudam a explicar impactos dos aeross\u00f3is na atmosfera do Sul do Brasil\" href=\"https:\/\/www.ufsm.br\/2026\/09\/02\/queimadas-na-amazonia-ajudam-a-explicar-impactos-dos-aerossois-na-atmosfera-do-sul-do-brasil\">\n                                                Queimadas na Amaz\u00f4nia ajudam a explicar impactos dos aeross\u00f3is na atmosfera do Sul do Brasil                    <\/a>\n                    \n                    \n                                        \n                                        \n                                        <\/div>\n                                    <div class=\"col-12 col-lg-4 pb-4\">\n                                            <div class=\"noticias-widget-wrap\" style=\"height: 100px; overflow: hidden;\">\n                            <a title=\"\" href=\"https:\/\/www.ufsm.br\/2026\/09\/01\/serie-de-encontros-aborda-a-construcao-do-novo-pdi-da-ufsm-e-o-ensino-superior-na-sociedade\">\n                                <span class=\"visually-hidden\">\n                                    S\u00e9rie de encontros aborda a constru\u00e7\u00e3o do novo PDI da UFSM e o ensino superior na sociedade                                <\/span>\n                                <div class=\"noticias-widget-thumbs h-100\">\n                                    <img decoding=\"async\" class=\"object-fit-cover h-100 w-100\" alt=\"\" srcset=\"https:\/\/www.ufsm.br\/app\/uploads\/2026\/09\/GESTAO_E_DESENVOLVIMENTO_DA_UNIVERSIDADE_DEMOCRATICA_MATHIAS_ILNICKI_008-300x200.jpg 300w, https:\/\/www.ufsm.br\/app\/uploads\/2026\/09\/GESTAO_E_DESENVOLVIMENTO_DA_UNIVERSIDADE_DEMOCRATICA_MATHIAS_ILNICKI_008-1024x683.jpg 1024w, https:\/\/www.ufsm.br\/app\/uploads\/2026\/09\/GESTAO_E_DESENVOLVIMENTO_DA_UNIVERSIDADE_DEMOCRATICA_MATHIAS_ILNICKI_008-768x512.jpg 768w, https:\/\/www.ufsm.br\/app\/uploads\/2026\/09\/GESTAO_E_DESENVOLVIMENTO_DA_UNIVERSIDADE_DEMOCRATICA_MATHIAS_ILNICKI_008-1536x1024.jpg 1536w, https:\/\/www.ufsm.br\/app\/uploads\/2026\/09\/GESTAO_E_DESENVOLVIMENTO_DA_UNIVERSIDADE_DEMOCRATICA_MATHIAS_ILNICKI_008-272x182.jpg 272w, https:\/\/www.ufsm.br\/app\/uploads\/2026\/09\/GESTAO_E_DESENVOLVIMENTO_DA_UNIVERSIDADE_DEMOCRATICA_MATHIAS_ILNICKI_008.jpg 1920w\" src=\"https:\/\/www.ufsm.br\/app\/uploads\/2026\/09\/GESTAO_E_DESENVOLVIMENTO_DA_UNIVERSIDADE_DEMOCRATICA_MATHIAS_ILNICKI_008-1024x683.jpg\"><\/img>\n                                <\/div>\n                            <\/a>\n                        <\/div>\n                                        \n                                        \n                    \n                    <a class=\"noticias-widget-title d-block  m-0 \"  title=\"S\u00e9rie de encontros aborda a constru\u00e7\u00e3o do novo PDI da UFSM e o ensino superior na sociedade\" href=\"https:\/\/www.ufsm.br\/2026\/09\/01\/serie-de-encontros-aborda-a-construcao-do-novo-pdi-da-ufsm-e-o-ensino-superior-na-sociedade\">\n                                                S\u00e9rie de encontros aborda a constru\u00e7\u00e3o do novo PDI da UFSM e o ensino superior na sociedade                    <\/a>\n                    \n                    \n                                        \n                                        \n                                        <\/div>\n                                    <div class=\"col-12 col-lg-4 pb-4\">\n                                            <div class=\"noticias-widget-wrap\" style=\"height: 100px; overflow: hidden;\">\n                            <a title=\"\" href=\"https:\/\/www.ufsm.br\/pro-reitorias\/prograd\/2026\/09\/02\/curso-mbya-guarani-educacao-intercultural-indigena-seleciona-professoresas-formadoresas-e-formadoresas-convidadosas\">\n                                <span class=\"visually-hidden\">\n                                    Curso Mbya Guarani Educa\u00e7\u00e3o Intercultural Ind\u00edgena seleciona Professores(as) formadores(as) e Formadores(as) convidados(as)                                <\/span>\n                                <div class=\"noticias-widget-thumbs h-100\">\n                                    <img decoding=\"async\" class=\"object-fit-cover h-100 w-100\" alt=\"\" srcset=\"https:\/\/www.ufsm.br\/app\/uploads\/sites\/342\/2026\/04\/ufsm-prograd-parfor-equidade-banner-geral-300x79.jpg 300w, https:\/\/www.ufsm.br\/app\/uploads\/sites\/342\/2026\/04\/ufsm-prograd-parfor-equidade-banner-geral-768x203.jpg 768w, https:\/\/www.ufsm.br\/app\/uploads\/sites\/342\/2026\/04\/ufsm-prograd-parfor-equidade-banner-geral.jpg 1024w\" src=\"https:\/\/www.ufsm.br\/app\/uploads\/sites\/342\/2026\/04\/ufsm-prograd-parfor-equidade-banner-geral.jpg\"><\/img>\n                                <\/div>\n                            <\/a>\n                        <\/div>\n                                        \n                                        \n                    \n                    <a class=\"noticias-widget-title d-block  m-0 \"  title=\"Curso Mbya Guarani Educa\u00e7\u00e3o Intercultural Ind\u00edgena seleciona Professores(as) formadores(as) e Formadores(as) convidados(as)\" href=\"https:\/\/www.ufsm.br\/pro-reitorias\/prograd\/2026\/09\/02\/curso-mbya-guarani-educacao-intercultural-indigena-seleciona-professoresas-formadoresas-e-formadoresas-convidadosas\">\n                                                Curso Mbya Guarani Educa\u00e7\u00e3o Intercultural Ind\u00edgena seleciona Professores(as) formadores(as) e Formadores(as) convidados(as)                    <\/a>\n                    \n                    \n                                        \n                                        \n                                        <\/div>\n                            <\/div>\n            <\/div>\n\t\t<\/div>\n\t\t\t\t<\/div>\n\t\t\t\t\t<\/div>\n\t\t<\/div>\n\t\t\t\t\t<\/div>\n\t\t<\/section>\n\t\t\t\t<\/div>\n\t\t","protected":false},"excerpt":{"rendered":"<p>Apresenta\u00e7\u00e3o Calend\u00e1rio Acad\u00eamico Est\u00e1gio Obrigat\u00f3rio Grade de Hor\u00e1rios 2\u00b0 Semestre 2026 Est\u00e1gio N\u00e3o-Obrigat\u00f3rio Guia Acad\u00eamico Calend\u00e1rio de Defesas Facebook Instagram Calend\u00e1rio de Defesas de TCC<\/p>\n","protected":false},"author":8,"featured_media":0,"parent":0,"menu_order":0,"comment_status":"closed","ping_status":"closed","template":"","meta":{"footnotes":""},"categories":[],"tags":[],"class_list":["post-5","page","type-page","status-publish","hentry"],"acf":[],"_links":{"self":[{"href":"https:\/\/www.ufsm.br\/cursos\/graduacao\/santa-maria\/arquivologia\/wp-json\/wp\/v2\/pages\/5","targetHints":{"allow":["GET"]}}],"collection":[{"href":"https:\/\/www.ufsm.br\/cursos\/graduacao\/santa-maria\/arquivologia\/wp-json\/wp\/v2\/pages"}],"about":[{"href":"https:\/\/www.ufsm.br\/cursos\/graduacao\/santa-maria\/arquivologia\/wp-json\/wp\/v2\/types\/page"}],"author":[{"embeddable":true,"href":"https:\/\/www.ufsm.br\/cursos\/graduacao\/santa-maria\/arquivologia\/wp-json\/wp\/v2\/users\/8"}],"replies":[{"embeddable":true,"href":"https:\/\/www.ufsm.br\/cursos\/graduacao\/santa-maria\/arquivologia\/wp-json\/wp\/v2\/comments?post=5"}],"version-history":[{"count":0,"href":"https:\/\/www.ufsm.br\/cursos\/graduacao\/santa-maria\/arquivologia\/wp-json\/wp\/v2\/pages\/5\/revisions"}],"wp:attachment":[{"href":"https:\/\/www.ufsm.br\/cursos\/graduacao\/santa-maria\/arquivologia\/wp-json\/wp\/v2\/media?parent=5"}],"wp:term":[{"taxonomy":"category","embeddable":true,"href":"https:\/\/www.ufsm.br\/cursos\/graduacao\/santa-maria\/arquivologia\/wp-json\/wp\/v2\/categories?post=5"},{"taxonomy":"post_tag","embeddable":true,"href":"https:\/\/www.ufsm.br\/cursos\/graduacao\/santa-maria\/arquivologia\/wp-json\/wp\/v2\/tags?post=5"}],"curies":[{"name":"wp","href":"https:\/\/api.w.org\/{rel}","templated":true}]}}