{"id":360,"date":"2026-07-09T11:46:01","date_gmt":"2026-07-09T14:46:01","guid":{"rendered":"https:\/\/www.ufsm.br\/cursos\/graduacao\/santa-maria\/artes-visuais\/?page_id=360"},"modified":"2026-08-10T08:48:51","modified_gmt":"2026-08-10T11:48:51","slug":"pesquisa","status":"publish","type":"page","link":"https:\/\/www.ufsm.br\/cursos\/graduacao\/santa-maria\/artes-visuais\/pesquisa","title":{"rendered":"Pesquisa"},"content":{"rendered":"\n<p class=\"wp-block-paragraph\"><strong>Altamir Moreira<\/strong><\/p>\n\n\n\n<p class=\"wp-block-paragraph\"><a href=\"https:\/\/portal.ufsm.br\/projetos\/publico\/projetos\/view.html?idProjeto=425145\">Arte figurativa na contemporaneidade: entre processos e significados da imagem<\/a><\/p>\n\n\n\n<p class=\"wp-block-paragraph\"><strong>Andreia Machado Oliveira<\/strong><\/p>\n\n\n\n<p class=\"wp-block-paragraph\"><a href=\"https:\/\/portal.ufsm.br\/projetos\/publico\/projetos\/view.html?idProjeto=428405\">LabInter (Laborat\u00f3rio Internacional Interdisciplinar Interativo) &#8211; Programa de Pesquisa<\/a><br><\/p>\n\n\n\n<p class=\"wp-block-paragraph\"><a href=\"https:\/\/portal.ufsm.br\/projetos\/publico\/projetos\/view.html?idProjeto=428361\">MULTICAL PESQUISA E INOVA\u00c7\u00c3O: Laborat\u00f3rio Multiusu\u00e1rio do CAL<\/a><\/p>\n\n\n\n<p class=\"wp-block-paragraph\"><a href=\"https:\/\/portal.ufsm.br\/projetos\/publico\/projetos\/view.html?idProjeto=424677\">CIBERMURALISMO: UMA INVESTIGA\u00c7\u00c3O ACERCA DA CRIA\u00c7\u00c3O DE PINTURAS MURAIS A PARTIR DO AMBIENTE VIRTUAL<\/a><\/p>\n\n\n\n<p class=\"wp-block-paragraph\"><a href=\"https:\/\/portal.ufsm.br\/projetos\/publico\/projetos\/view.html?idProjeto=68717\">Arte e Ambientes Imersos, Interativos e Inteligentes em Rede<\/a><\/p>\n\n\n\n<p class=\"wp-block-paragraph\"><a href=\"https:\/\/portal.ufsm.br\/projetos\/publico\/projetos\/view.html?idProjeto=58296\">Laborat\u00f3rio de Imagem Digital &#8211; LID<\/a><\/p>\n\n\n\n<p class=\"wp-block-paragraph\"><strong>Cristina Thorstenberg Ribas<\/strong><\/p>\n\n\n\n<p class=\"wp-block-paragraph\"><a href=\"https:\/\/portal.ufsm.br\/projetos\/publico\/projetos\/view.html?idProjeto=424794\">Cartografias coletivas: articula\u00e7\u00f5es entre pesquisa, cria\u00e7\u00e3o, cosmopol\u00edtica e ci\u00eancia<\/a><\/p>\n\n\n\n<p class=\"wp-block-paragraph\"><strong>Fernando Franco Codevilla<a href=\"https:\/\/portal.ufsm.br\/projetos\/publico\/projetos\/view.html?idProjeto=424794\"><br><\/a><\/strong><br><a href=\"https:\/\/portal.ufsm.br\/projetos\/publico\/projetos\/view.html?idProjeto=425102\">MACT &#8211; MUSEU ARTE CI\u00caNCIA TECNOLOGIA: a transdisciplinaridade como abordagem de pesquisa po\u00e9tica e curatorial<\/a><\/p>\n\n\n\n<p class=\"wp-block-paragraph\"><a href=\"https:\/\/portal.ufsm.br\/projetos\/publico\/projetos\/view.html?idProjeto=66165\">V\u00cdDEO + ARTE: entre o visual e o sonoro<br><\/a><a href=\"https:\/\/portal.ufsm.br\/projetos\/publico\/projetos\/view.html?idProjeto=425102\"><br><\/a><strong>Fl\u00e1via Maria De Brito Pedrosa Vasconcelos<\/strong><\/p>\n\n\n\n<p class=\"wp-block-paragraph\"><a href=\"https:\/\/portal.ufsm.br\/projetos\/publico\/projetos\/view.html?idProjeto=425376\">Teoria, Cr\u00edtica e Media\u00e7\u00e3o em Arte Contempor\u00e2nea: processos e produtos criativos<\/a><\/p>\n\n\n\n<p class=\"wp-block-paragraph\"><a href=\"https:\/\/portal.ufsm.br\/projetos\/publico\/projetos\/view.html?idProjeto=424351\">Manual do Improviso do Mestre\/Professor: o processo de cria\u00e7\u00e3o de um manual para o educador em Artes Visuais<\/a><\/p>\n\n\n\n<p class=\"wp-block-paragraph\"><a href=\"https:\/\/portal.ufsm.br\/projetos\/publico\/projetos\/view.html?idProjeto=73367\">Materiais art\u00edsticos, criatividade e potencializa\u00e7\u00e3o de inova\u00e7\u00e3o desde a universidade<\/a><\/p>\n\n\n\n<p class=\"wp-block-paragraph\"><a href=\"https:\/\/portal.ufsm.br\/projetos\/publico\/projetos\/view.html?idProjeto=67130\">ARTE CONTEMPOR\u00c2NEA NA AM\u00c9RICA LATINA: FRONTEIRAS E DECOLONIALIDADE<\/a><\/p>\n\n\n\n<p class=\"wp-block-paragraph\"><strong>Helga Correa<\/strong><\/p>\n\n\n\n<p class=\"wp-block-paragraph\"><a href=\"https:\/\/portal.ufsm.br\/projetos\/publico\/projetos\/view.html?idProjeto=427596\">\u201cPluriversos\u201d entre aves e humanos<\/a><\/p>\n\n\n\n<p class=\"wp-block-paragraph\"><a href=\"https:\/\/portal.ufsm.br\/projetos\/publico\/projetos\/view.html?idProjeto=59207\">ARTE IMPRESSA E ECOLOGIA<\/a><\/p>\n\n\n\n<p class=\"wp-block-paragraph\"><strong>Karine Gomes Perez Vieira<\/strong><\/p>\n\n\n\n<p class=\"wp-block-paragraph\"><a href=\"https:\/\/portal.ufsm.br\/projetos\/publico\/projetos\/view.html?idProjeto=74126\">TRANSVERSALIDADES EM PINTURA: POSSIBILIDADES PO\u00c9TICO-VISUAIS NA ARTE CONTEMPOR\u00c2NEA<\/a><\/p>\n\n\n\n<p class=\"wp-block-paragraph\"><strong>Raul Dotto Rosa<\/strong><\/p>\n\n\n\n<p class=\"wp-block-paragraph\"><a href=\"https:\/\/portal.ufsm.br\/projetos\/publico\/projetos\/view.html?idProjeto=428037\">ARTE TRIDIMENSIONAL T\u00caXTIL E SUAS TECNOLOGIAS<\/a><\/p>\n\n\n\n<p class=\"wp-block-paragraph\"><strong>Rebeca Lenize Stumm<\/strong><\/p>\n\n\n\n<p class=\"wp-block-paragraph\"><a href=\"https:\/\/portal.ufsm.br\/projetos\/publico\/projetos\/view.html?idProjeto=74905\">Momentos espec\u00edficos em arte e tecnologia.<\/a><\/p>\n\n\n\n<p class=\"wp-block-paragraph\"><a href=\"https:\/\/portal.ufsm.br\/projetos\/publico\/projetos\/view.html?idProjeto=67944\">Terra Paisagem: pesquisa po\u00e9tica em artes visuais<\/a><\/p>\n\n\n\n<p class=\"wp-block-paragraph\"><strong>Reinilda De Fatima Berguenmayer Minuzzi<\/strong><\/p>\n\n\n\n<p class=\"wp-block-paragraph\"><a href=\"https:\/\/portal.ufsm.br\/projetos\/publico\/projetos\/view.html?idProjeto=426301\">DAE\/PO\u00c9TICAS H\u00cdBRIDAS: ATRAVESSAMENTOS DA IMAGEM EM ARTE E TECNOLOGIA<\/a><\/p>\n\n\n\n<p class=\"wp-block-paragraph\"><a href=\"https:\/\/portal.ufsm.br\/projetos\/publico\/projetos\/view.html?idProjeto=58296\">Laborat\u00f3rio de Imagem Digital &#8211; LID<\/a><\/p>\n\n\n\n<p class=\"wp-block-paragraph\"><strong>Rosa Maria Blanca Cedillo<\/strong><\/p>\n\n\n\n<p class=\"wp-block-paragraph\"><a href=\"https:\/\/portal.ufsm.br\/projetos\/publico\/projetos\/view.html?idProjeto=427057\" data-type=\"link\" data-id=\"https:\/\/portal.ufsm.br\/projetos\/publico\/projetos\/view.html?idProjeto=427057\">Editora Emergente<\/a><\/p>\n\n\n\n<p class=\"wp-block-paragraph\"><a href=\"https:\/\/portal.ufsm.br\/projetos\/publico\/projetos\/view.html?idProjeto=72837\" data-type=\"link\" data-id=\"https:\/\/portal.ufsm.br\/projetos\/publico\/projetos\/view.html?idProjeto=72837\">Arte e fic\u00e7\u00e3o: Implica\u00e7\u00f5es da literatura na subjetividade do(a) artista<\/a><\/p>\n\n\n\n<p class=\"wp-block-paragraph\"><strong>Talita Gabriela Robles Esquivel<\/strong><\/p>\n\n\n\n<p class=\"wp-block-paragraph\"><a href=\"https:\/\/portal.ufsm.br\/projetos\/publico\/projetos\/view.html?idProjeto=425381\">The Foreign Look in the Creative Process: an artistic Collaboration at Aachen University \/ O olhar estrangeiro no processo criativo: uma colabora\u00e7\u00e3o art\u00edstica na Universidade de Aachen<\/a><\/p>\n\n\n\n<p class=\"wp-block-paragraph\"><a href=\"https:\/\/portal.ufsm.br\/projetos\/publico\/projetos\/view.html?idProjeto=64558\">Acervo de obras: preserva\u00e7\u00e3o e difus\u00e3o<\/a><\/p>\n\n\n\n<p class=\"wp-block-paragraph\"><a href=\"https:\/\/portal.ufsm.br\/projetos\/publico\/projetos\/view.html?idProjeto=64482\">LabCor &#8211; Laborat\u00f3rio Po\u00e9ticas da Cor<\/a><\/p>\n\n\n\n<p class=\"wp-block-paragraph\"><a href=\"https:\/\/portal.ufsm.br\/projetos\/publico\/projetos\/view.html?idProjeto=60966\">Obscuridade pl\u00e1stica<\/a><\/p>\n\n\n\n<p class=\"wp-block-paragraph\"><strong>Thays Tonin<\/strong><\/p>\n\n\n\n<p class=\"wp-block-paragraph\"><a href=\"https:\/\/portal.ufsm.br\/projetos\/publico\/projetos\/view.html?idProjeto=75188\" data-type=\"link\" data-id=\"https:\/\/portal.ufsm.br\/projetos\/publico\/projetos\/view.html?idProjeto=75188\">Epistemologias desde as artes: teorias est\u00e9ticas e arquivos pol\u00edticos indisciplinares<br><\/a><br><strong><a href=\"https:\/\/portal.ufsm.br\/projetos\/publico\/projetos\/view.html?idProjeto=60966\"><br><\/a><\/strong><br><a href=\"https:\/\/portal.ufsm.br\/projetos\/publico\/projetos\/view.html?idProjeto=64482\"><br><\/a><br><a href=\"https:\/\/portal.ufsm.br\/projetos\/publico\/projetos\/view.html?idProjeto=64558\"><br><\/a><br><a href=\"https:\/\/portal.ufsm.br\/projetos\/publico\/projetos\/view.html?idProjeto=425381\"><br><\/a><br><strong><a href=\"https:\/\/portal.ufsm.br\/projetos\/publico\/projetos\/view.html?idProjeto=72837\" data-type=\"link\" data-id=\"https:\/\/portal.ufsm.br\/projetos\/publico\/projetos\/view.html?idProjeto=72837\"><br><\/a><\/strong><br><a href=\"https:\/\/portal.ufsm.br\/projetos\/publico\/projetos\/view.html?idProjeto=427057\" data-type=\"link\" data-id=\"https:\/\/portal.ufsm.br\/projetos\/publico\/projetos\/view.html?idProjeto=427057\"><br><\/a><br><strong><a href=\"https:\/\/portal.ufsm.br\/projetos\/publico\/projetos\/view.html?idProjeto=58296\"><br><\/a><\/strong><br><a href=\"https:\/\/portal.ufsm.br\/projetos\/publico\/projetos\/view.html?idProjeto=426301\"><strong><br><\/strong><\/a><br><a href=\"https:\/\/portal.ufsm.br\/projetos\/publico\/projetos\/view.html?idProjeto=74905\"><br><\/a><br><strong><a href=\"https:\/\/portal.ufsm.br\/projetos\/publico\/projetos\/view.html?idProjeto=428037\"><br><\/a><\/strong><br><strong><a href=\"https:\/\/portal.ufsm.br\/projetos\/publico\/projetos\/view.html?idProjeto=74126\"><br><\/a><\/strong><br><strong><a href=\"https:\/\/portal.ufsm.br\/projetos\/publico\/projetos\/view.html?idProjeto=59207\"><br><\/a><\/strong><br><a href=\"https:\/\/portal.ufsm.br\/projetos\/publico\/projetos\/view.html?idProjeto=427596\"><br><\/a><br><strong><a href=\"https:\/\/portal.ufsm.br\/projetos\/publico\/projetos\/view.html?idProjeto=67130\"><br><\/a><\/strong><br><a href=\"https:\/\/portal.ufsm.br\/projetos\/publico\/projetos\/view.html?idProjeto=73367\"><br><\/a><br><a href=\"https:\/\/portal.ufsm.br\/projetos\/publico\/projetos\/view.html?idProjeto=424351\"><br><\/a><br><a href=\"https:\/\/portal.ufsm.br\/projetos\/publico\/projetos\/view.html?idProjeto=425376\"><br><\/a><br><strong><br><a href=\"https:\/\/portal.ufsm.br\/projetos\/publico\/projetos\/view.html?idProjeto=58296\"><br><\/a><\/strong><br><a href=\"https:\/\/portal.ufsm.br\/projetos\/publico\/projetos\/view.html?idProjeto=68717\"><br><\/a><br><a href=\"https:\/\/portal.ufsm.br\/projetos\/publico\/projetos\/view.html?idProjeto=424677\"><br><\/a><br><a href=\"https:\/\/portal.ufsm.br\/projetos\/publico\/projetos\/view.html?idProjeto=428361\"><br><\/a><br><\/p>\n\n\n\n<p class=\"wp-block-paragraph\"><\/p>\n","protected":false},"excerpt":{"rendered":"<p>Altamir Moreira Arte figurativa na contemporaneidade: entre processos e significados da imagem Andreia Machado Oliveira LabInter (Laborat\u00f3rio Internacional Interdisciplinar Interativo) &#8211; Programa de Pesquisa MULTICAL PESQUISA E INOVA\u00c7\u00c3O: Laborat\u00f3rio Multiusu\u00e1rio do CAL CIBERMURALISMO: UMA INVESTIGA\u00c7\u00c3O ACERCA DA CRIA\u00c7\u00c3O DE PINTURAS MURAIS A PARTIR DO AMBIENTE VIRTUAL Arte e Ambientes Imersos, Interativos e Inteligentes em Rede [&hellip;]<\/p>\n","protected":false},"author":9541,"featured_media":0,"parent":0,"menu_order":0,"comment_status":"closed","ping_status":"closed","template":"","meta":{"footnotes":""},"categories":[],"tags":[],"class_list":["post-360","page","type-page","status-publish","hentry"],"acf":[],"_links":{"self":[{"href":"https:\/\/www.ufsm.br\/cursos\/graduacao\/santa-maria\/artes-visuais\/wp-json\/wp\/v2\/pages\/360","targetHints":{"allow":["GET"]}}],"collection":[{"href":"https:\/\/www.ufsm.br\/cursos\/graduacao\/santa-maria\/artes-visuais\/wp-json\/wp\/v2\/pages"}],"about":[{"href":"https:\/\/www.ufsm.br\/cursos\/graduacao\/santa-maria\/artes-visuais\/wp-json\/wp\/v2\/types\/page"}],"author":[{"embeddable":true,"href":"https:\/\/www.ufsm.br\/cursos\/graduacao\/santa-maria\/artes-visuais\/wp-json\/wp\/v2\/users\/9541"}],"replies":[{"embeddable":true,"href":"https:\/\/www.ufsm.br\/cursos\/graduacao\/santa-maria\/artes-visuais\/wp-json\/wp\/v2\/comments?post=360"}],"version-history":[{"count":0,"href":"https:\/\/www.ufsm.br\/cursos\/graduacao\/santa-maria\/artes-visuais\/wp-json\/wp\/v2\/pages\/360\/revisions"}],"wp:attachment":[{"href":"https:\/\/www.ufsm.br\/cursos\/graduacao\/santa-maria\/artes-visuais\/wp-json\/wp\/v2\/media?parent=360"}],"wp:term":[{"taxonomy":"category","embeddable":true,"href":"https:\/\/www.ufsm.br\/cursos\/graduacao\/santa-maria\/artes-visuais\/wp-json\/wp\/v2\/categories?post=360"},{"taxonomy":"post_tag","embeddable":true,"href":"https:\/\/www.ufsm.br\/cursos\/graduacao\/santa-maria\/artes-visuais\/wp-json\/wp\/v2\/tags?post=360"}],"curies":[{"name":"wp","href":"https:\/\/api.w.org\/{rel}","templated":true}]}}