{"id":3131,"date":"2026-08-31T10:32:40","date_gmt":"2026-08-31T13:32:40","guid":{"rendered":"https:\/\/www.ufsm.br\/cursos\/graduacao\/santa-maria\/ciencias-economicas\/?page_id=3131"},"modified":"2026-08-31T10:32:41","modified_gmt":"2026-08-31T13:32:41","slug":"processo-de-matricula-ajuste-de-graduacao-fora-do-prazo-regular","status":"publish","type":"page","link":"https:\/\/www.ufsm.br\/cursos\/graduacao\/santa-maria\/ciencias-economicas\/processo-de-matricula-ajuste-de-graduacao-fora-do-prazo-regular","title":{"rendered":"Processo de matr\u00edcula\/ajuste de gradua\u00e7\u00e3o fora do prazo regular"},"content":{"rendered":"\n<p class=\"has-text-align-center wp-block-paragraph\">O\u00a0<strong>ajuste de matr\u00edcula fora de prazo<\/strong>\u00a0\u00e9 uma solicita\u00e7\u00e3o que o(a) estudante pode realizar ap\u00f3s o t\u00e9rmino do prazo de ajustes de matr\u00edcula via Portal Estudantil ou na Secretaria Integrada de Gradua\u00e7\u00e3o. O prazo para realizar os ajustes na matr\u00edcula \u00e9 definido pelo\u00a0<a href=\"https:\/\/www.ufsm.br\/calendario\" target=\"_blank\" rel=\"noreferrer noopener\">Calend\u00e1rio Acad\u00eamico da UFSM<\/a><\/p>\n<p class=\"has-text-align-center wp-block-paragraph\">O\u00a0<strong>prazo m\u00e1ximo<\/strong>\u00a0para solicita\u00e7\u00e3o de ajuste de matr\u00edcula fora de prazo \u00e9 definido igualmente pelo\u00a0<a href=\"https:\/\/www.ufsm.br\/calendario\" target=\"_blank\" rel=\"noreferrer noopener\">Calend\u00e1rio Acad\u00eamico<\/a>, sendo que ap\u00f3s o fim desse per\u00edodo n\u00e3o ser\u00e1 poss\u00edvel realizar ajustes de qualquer natureza. A\u00a0<strong>data final de ajustes<\/strong>\u00a0\u00e9 concomitante com a data final prevista para trancamento total e trancamento parcial, que \u00e9 definida a cada semestre pela UFSM.<\/p>\n<p class=\"has-text-align-center wp-block-paragraph\">Sempre que o(a) estudante precisar realizar uma solicita\u00e7\u00e3o fora do prazo previsto em Calend\u00e1rio Acad\u00eamico, esta precisa, obrigatoriamente, ser analisada pela Coordena\u00e7\u00e3o do Curso.<\/p>\n<p class=\"wp-block-paragraph\"><strong>PASSO A PASSO DO PROCESSO DE AJUSTE DE MATR\u00cdCULA FORA DO PRAZO:<\/strong><\/p>\n<ol class=\"wp-block-list\" start=\"1\">\n<li>O(a) estudante deve fazer o download e preenchimento do\u00a0<a href=\"https:\/\/docs.google.com\/document\/d\/1DEjnrcsYlIPsrhsL1fuWkxYohRbQ6uOIkSXoSVuMVuY\/edit?usp=sharing\" data-type=\"link\" data-id=\"https:\/\/docs.google.com\/document\/d\/1DEjnrcsYlIPsrhsL1fuWkxYohRbQ6uOIkSXoSVuMVuY\/edit?usp=sharing\">REQUERIMENTO DE MATR\u00cdCULA FORA DO PRAZO DE ALUNO DE GRADUA\u00c7\u00c3O<\/a>, onde dever\u00e1 indicar as disciplinas a serem inclu\u00eddas ou exclu\u00eddas (preencher o documento em Word e\u00a0<strong>transformar em PDF<\/strong>);<\/li>\n<li>Em seguida, o(a) estudante deve abrir um Processo Eletr\u00f4nico (PEN-SIE) no\u00a0<a href=\"https:\/\/portal.ufsm.br\/documentos\/index.html\">Portal Documentos da UFSM<\/a>\u00a0(fazer o login como estudante);<\/li>\n<li>Uma vez que o(a) estudante estiver logado(a) no\u00a0<a href=\"https:\/\/portal.ufsm.br\/documentos\/mainMenu.html\">Portal de Documentos da UFSM<\/a>, seguir os seguintes passos:\n<ol class=\"wp-block-list\" start=\"1\">\n<li>Clicar em\u00a0<strong>\u201cNovo\u201d<\/strong>;<\/li>\n<li>Selecionar\u00a0<strong>\u201cProcesso\u201d<\/strong>;<\/li>\n<li>No campo \u201cTipo Documental\u201d, digitar\u00a0<strong>\u201cProcesso de ajuste de matr\u00edcula de gradua\u00e7\u00e3o fora do prazo (125.22)\u201d<\/strong>;<\/li>\n<li>Clicar no bot\u00e3o azul\u00a0<strong>\u201cSalvar\u201d<\/strong>, no canto inferior direito.<\/li>\n<\/ol>\n<\/li>\n<li>Na p\u00e1gina seguinte, anexar o\u00a0<a href=\"https:\/\/docs.google.com\/document\/d\/1DEjnrcsYlIPsrhsL1fuWkxYohRbQ6uOIkSXoSVuMVuY\/edit?usp=sharing\" data-type=\"link\" data-id=\"https:\/\/docs.google.com\/document\/d\/1DEjnrcsYlIPsrhsL1fuWkxYohRbQ6uOIkSXoSVuMVuY\/edit?usp=sharing\">REQUERIMENTO DE MATR\u00cdCULA FORA DO PRAZO DE ALUNO DE GRADUA\u00c7\u00c3O<\/a>\u00a0(sempre em<strong>\u00a0formato PDF para conseguir anexar<\/strong>);<\/li>\n<li>Uma vez anexado o PDF do formul\u00e1rio ao processo, \u00e9 necess\u00e1rio assinar eletronicamente o formul\u00e1rio (clicar no s\u00edmbolo de \u201cchave\u201d, na mesma linha do formul\u00e1rio anexado);<\/li>\n<li>Por fim, clicar no bot\u00e3o azul\u00a0<strong>\u201cTramitar\u201d<\/strong>\u00a0para enviar o processo para a Divis\u00e3o de Protocolo, que o remeter\u00e1 \u00e0 Coordena\u00e7\u00e3o de Curso.<\/li>\n<\/ol>\n<p class=\"wp-block-paragraph\">A solicita\u00e7\u00e3o de ajuste fora de prazo ser\u00e1 analisada pela Coordena\u00e7\u00e3o, e, sendo procedente o pedido, a Secretaria Integrada de Gradua\u00e7\u00e3o realizar\u00e1 a inclus\u00e3o e\/ou exclus\u00e3o de disciplinas.<\/p>\n","protected":false},"excerpt":{"rendered":"<p>O\u00a0ajuste de matr\u00edcula fora de prazo\u00a0\u00e9 uma solicita\u00e7\u00e3o que o(a) estudante pode realizar ap\u00f3s o t\u00e9rmino do prazo de ajustes de matr\u00edcula via Portal Estudantil ou na Secretaria Integrada de Gradua\u00e7\u00e3o. O prazo para realizar os ajustes na matr\u00edcula \u00e9 definido pelo\u00a0Calend\u00e1rio Acad\u00eamico da UFSM O\u00a0prazo m\u00e1ximo\u00a0para solicita\u00e7\u00e3o de ajuste de matr\u00edcula fora de prazo [&hellip;]<\/p>\n","protected":false},"author":555,"featured_media":0,"parent":0,"menu_order":0,"comment_status":"closed","ping_status":"closed","template":"","meta":{"footnotes":""},"categories":[],"tags":[],"class_list":["post-3131","page","type-page","status-publish","hentry"],"acf":[],"_links":{"self":[{"href":"https:\/\/www.ufsm.br\/cursos\/graduacao\/santa-maria\/ciencias-economicas\/wp-json\/wp\/v2\/pages\/3131","targetHints":{"allow":["GET"]}}],"collection":[{"href":"https:\/\/www.ufsm.br\/cursos\/graduacao\/santa-maria\/ciencias-economicas\/wp-json\/wp\/v2\/pages"}],"about":[{"href":"https:\/\/www.ufsm.br\/cursos\/graduacao\/santa-maria\/ciencias-economicas\/wp-json\/wp\/v2\/types\/page"}],"author":[{"embeddable":true,"href":"https:\/\/www.ufsm.br\/cursos\/graduacao\/santa-maria\/ciencias-economicas\/wp-json\/wp\/v2\/users\/555"}],"replies":[{"embeddable":true,"href":"https:\/\/www.ufsm.br\/cursos\/graduacao\/santa-maria\/ciencias-economicas\/wp-json\/wp\/v2\/comments?post=3131"}],"version-history":[{"count":0,"href":"https:\/\/www.ufsm.br\/cursos\/graduacao\/santa-maria\/ciencias-economicas\/wp-json\/wp\/v2\/pages\/3131\/revisions"}],"wp:attachment":[{"href":"https:\/\/www.ufsm.br\/cursos\/graduacao\/santa-maria\/ciencias-economicas\/wp-json\/wp\/v2\/media?parent=3131"}],"wp:term":[{"taxonomy":"category","embeddable":true,"href":"https:\/\/www.ufsm.br\/cursos\/graduacao\/santa-maria\/ciencias-economicas\/wp-json\/wp\/v2\/categories?post=3131"},{"taxonomy":"post_tag","embeddable":true,"href":"https:\/\/www.ufsm.br\/cursos\/graduacao\/santa-maria\/ciencias-economicas\/wp-json\/wp\/v2\/tags?post=3131"}],"curies":[{"name":"wp","href":"https:\/\/api.w.org\/{rel}","templated":true}]}}