{"id":5,"date":"2018-01-18T08:39:17","date_gmt":"2018-01-18T10:39:17","guid":{"rendered":"https:\/\/www.ufsm.br\/cursos\/graduacao\/nutricao\/12352\/?page_id=5"},"modified":"2026-07-31T13:37:46","modified_gmt":"2026-07-31T16:37:46","slug":"pagina-inicial","status":"publish","type":"page","link":"https:\/\/www.ufsm.br\/cursos\/graduacao\/santa-maria\/ciencias-sociais\/","title":{"rendered":"P\u00e1gina Inicial"},"content":{"rendered":"\t\t<div data-elementor-type=\"wp-post\" data-elementor-id=\"5\" class=\"elementor elementor-5\">\n\t\t\t\t\t\t<section class=\"elementor-section elementor-top-section elementor-element elementor-element-a80a26d elementor-section-boxed elementor-section-height-default elementor-section-height-default\" data-id=\"a80a26d\" data-element_type=\"section\">\n\t\t\t\t\t\t<div class=\"elementor-container elementor-column-gap-default\">\n\t\t\t\t\t<div class=\"elementor-column elementor-col-100 elementor-top-column elementor-element elementor-element-5954fe5\" data-id=\"5954fe5\" data-element_type=\"column\">\n\t\t\t<div class=\"elementor-widget-wrap elementor-element-populated\">\n\t\t\t\t\t\t<div class=\"elementor-element elementor-element-fed0f76 elementor-widget elementor-widget-image\" data-id=\"fed0f76\" data-element_type=\"widget\" data-widget_type=\"image.default\">\n\t\t\t\t<div class=\"elementor-widget-container\">\n\t\t\t\t\t\t\t\t\t\t\t\t\t<img fetchpriority=\"high\" decoding=\"async\" width=\"768\" height=\"284\" src=\"https:\/\/www.ufsm.br\/app\/uploads\/sites\/465\/2023\/05\/WhatsApp-Image-2023-05-04-at-12.09.34-768x284.jpeg\" class=\"attachment-medium_large size-medium_large wp-image-1920\" alt=\"\" srcset=\"https:\/\/www.ufsm.br\/app\/uploads\/sites\/465\/2023\/05\/WhatsApp-Image-2023-05-04-at-12.09.34-768x284.jpeg 768w, https:\/\/www.ufsm.br\/app\/uploads\/sites\/465\/2023\/05\/WhatsApp-Image-2023-05-04-at-12.09.34-300x111.jpeg 300w, https:\/\/www.ufsm.br\/app\/uploads\/sites\/465\/2023\/05\/WhatsApp-Image-2023-05-04-at-12.09.34-1024x379.jpeg 1024w, https:\/\/www.ufsm.br\/app\/uploads\/sites\/465\/2023\/05\/WhatsApp-Image-2023-05-04-at-12.09.34.jpeg 1280w\" sizes=\"(max-width: 768px) 100vw, 768px\" \/>\t\t\t\t\t\t\t\t\t\t\t\t\t<\/div>\n\t\t\t\t<\/div>\n\t\t\t\t\t<\/div>\n\t\t<\/div>\n\t\t\t\t\t<\/div>\n\t\t<\/section>\n\t\t\t\t<section class=\"elementor-section elementor-top-section elementor-element elementor-element-e5bcc64 elementor-section-boxed elementor-section-height-default elementor-section-height-default\" data-id=\"e5bcc64\" data-element_type=\"section\">\n\t\t\t\t\t\t<div class=\"elementor-container elementor-column-gap-default\">\n\t\t\t\t\t<div class=\"elementor-column elementor-col-100 elementor-top-column elementor-element elementor-element-c09ac3d\" data-id=\"c09ac3d\" data-element_type=\"column\">\n\t\t\t<div class=\"elementor-widget-wrap elementor-element-populated\">\n\t\t\t\t\t\t<div class=\"elementor-element elementor-element-9bf8518 elementor-widget elementor-widget-heading\" data-id=\"9bf8518\" data-element_type=\"widget\" data-widget_type=\"heading.default\">\n\t\t\t\t<div class=\"elementor-widget-container\">\n\t\t\t<h5 class=\"elementor-heading-title elementor-size-default\">Apresenta\u00e7\u00e3o<\/h5>\t\t<\/div>\n\t\t\t\t<\/div>\n\t\t\t\t\t<\/div>\n\t\t<\/div>\n\t\t\t\t\t<\/div>\n\t\t<\/section>\n\t\t\t\t<section class=\"elementor-section elementor-top-section elementor-element elementor-element-71f1b01 elementor-section-boxed elementor-section-height-default elementor-section-height-default\" data-id=\"71f1b01\" data-element_type=\"section\">\n\t\t\t\t\t\t<div class=\"elementor-container elementor-column-gap-default\">\n\t\t\t\t\t<div class=\"elementor-column elementor-col-100 elementor-top-column elementor-element elementor-element-c711c96\" data-id=\"c711c96\" data-element_type=\"column\">\n\t\t\t<div class=\"elementor-widget-wrap elementor-element-populated\">\n\t\t\t\t\t\t<div class=\"elementor-element elementor-element-32089a5 elementor-widget elementor-widget-text-editor\" data-id=\"32089a5\" data-element_type=\"widget\" data-widget_type=\"text-editor.default\">\n\t\t\t\t<div class=\"elementor-widget-container\">\n\t\t\t\t\t\t\t<p><div class=\"accordion\" id=\"accordion-cursos-informacoes-gerais\">\n                <div class=\"accordion-item\">\n                <h2 class=\"accordion-header\" id=\"accordion-cursos-informacoes-gerais-collapse-heading-799\">\n                    <button class=\"accordion-button collapsed\" type=\"button\" data-bs-toggle=\"collapse\" data-bs-target=\"#accordion-cursos-informacoes-gerais-collapse-799\" aria-expanded=\"false\" aria-controls=\"accordion-cursos-informacoes-gerais-collapse-799\">\n                        Ci\u00eancias Sociais  &#8211; Bacharelado                    <\/button>\n                <\/h2>\n                <div id=\"accordion-cursos-informacoes-gerais-collapse-799\" class=\"collapse \" aria-labelledby=\"accordion-cursos-informacoes-gerais-collapse-heading-799\"  data-bs-parent=\"#accordion-cursos-informacoes-gerais\">\n                                            <div class=\"accordion-body\"><div class='row'><div class='col-12 col-lg-9 pe-lg-1 align-self-center'><p>O curso de <b>Ci\u00eancias Sociais<\/b> est\u00e1 localizado em <b>Campus Camobi &#8211; UFSM<\/b> na modalidade <b>Bacharelado &#8211; Presencial<\/b>, sendo <b>Noturno<\/b> o seu turno de funcionamento. A \u00e1rea de conhecimento do curso \u00e9 classificada como <b>CI\u00caNCIAS SOCIAIS APLICADAS<\/b>. Atualmente, a coordena\u00e7\u00e3o \u00e9 de responsabilidade de <b>JO\u00c3O GILBERTO DO NASCIMENTO LIMA<\/b>, a coordena\u00e7\u00e3o substituta de <b>FL\u00c1VIO MARCELO BUSNELLO<\/b> e a secretaria de <b>GRAZIELA IN\u00caS JACOBY<\/b>.<\/p><p>O curso \u00e9 ofertado em per\u00edodo <b>Semestral<\/b>, sendo <b>8<\/b> o n\u00famero de per\u00edodos indicados para sua conclus\u00e3o.<\/p><p class='mt-3'>Reconhecido pela Portaria n. 212\/2002\/MEC,  publicada no  DOU, de 29\/01\/2002 e Portaria n. 153\/2023\/MEC, publicada no DOU, de 22\/06\/2023.<\/p><\/div><div class='col-12 col-lg-3'><div class='row d-flex justify-content-around'><h3 class='visually-hidden'>Conceitos<\/h3><div class='col-12 col-md-4 col-lg-12 d-flex flex-column conceito-curso'><div class='flex-fill p-3 my-2 my-md-0 my-lg-1 mx-0 mx-md-2 mx-lg-0'><div class='text-center conceito-descricao'>Conceito de Curso (2010)<\/div><div class='text-center text-primary conceito-valor'>5<\/div><\/div><\/div><div class='col-12 col-md-4 col-lg-12 d-flex flex-column conceito-curso'><div class='flex-fill p-3 my-2 my-md-0 my-lg-1 mx-0 mx-md-2 mx-lg-0'><div class='text-center conceito-descricao'>Conceito Preliminar de Curso (2021)<\/div><div class='text-center text-primary conceito-valor'>4<\/div><\/div><\/div><div class='col-12 col-md-4 col-lg-12 d-flex flex-column conceito-curso'><div class='flex-fill p-3 my-2 my-md-0 my-lg-1 mx-0 mx-md-2 mx-lg-0'><div class='text-center conceito-descricao'>ENADE (2021)<\/div><div class='text-center text-primary conceito-valor'>3<\/div><\/div><\/div><\/div><\/div><\/div><\/div>\n                                    <\/div>\n            <\/div>\n                <div class=\"accordion-item\">\n                <h2 class=\"accordion-header\" id=\"accordion-cursos-informacoes-gerais-collapse-heading-1608\">\n                    <button class=\"accordion-button collapsed\" type=\"button\" data-bs-toggle=\"collapse\" data-bs-target=\"#accordion-cursos-informacoes-gerais-collapse-1608\" aria-expanded=\"false\" aria-controls=\"accordion-cursos-informacoes-gerais-collapse-1608\">\n                        Licenciatura em Ci\u00eancias Sociais                    <\/button>\n                <\/h2>\n                <div id=\"accordion-cursos-informacoes-gerais-collapse-1608\" class=\"collapse \" aria-labelledby=\"accordion-cursos-informacoes-gerais-collapse-heading-1608\"  data-bs-parent=\"#accordion-cursos-informacoes-gerais\">\n                                            <div class=\"accordion-body\"><div class='row'><div class='col-12 col-lg-9 pe-lg-1 align-self-center'><p>O curso de <b>Ci\u00eancias Sociais<\/b> est\u00e1 localizado em <b>Campus Camobi &#8211; UFSM<\/b> na modalidade <b>Licenciatura &#8211; Presencial<\/b>, sendo <b>Noturno<\/b> o seu turno de funcionamento. A \u00e1rea de conhecimento do curso \u00e9 classificada como <b>CI\u00caNCIAS SOCIAIS<\/b>. Atualmente, a coordena\u00e7\u00e3o \u00e9 de responsabilidade de <b>DANIEL ALVES<\/b>, a coordena\u00e7\u00e3o substituta de <b>GUILLERMO STEFANO ROSA G\u00d3MEZ<\/b> e a secretaria de <b>GRAZIELA IN\u00caS JACOBY<\/b>.<\/p><p>O curso \u00e9 ofertado em per\u00edodo <b>Semestral<\/b>, sendo <b>8<\/b> o n\u00famero de per\u00edodos indicados para sua conclus\u00e3o.<\/p><p class='mt-3'>Reconhecido pela Portaria n. 648\/2013\/MEC, publicada no DOU, de 11\/12\/2013 e Portaria n. 153\/2023\/MEC, publicada no DOU, de 22\/06\/2023.<\/p><\/div><div class='col-12 col-lg-3'><div class='row d-flex justify-content-around'><h3 class='visually-hidden'>Conceitos<\/h3><div class='col-12 col-md-4 col-lg-12 d-flex flex-column conceito-curso'><div class='flex-fill p-3 my-2 my-md-0 my-lg-1 mx-0 mx-md-2 mx-lg-0'><div class='text-center conceito-descricao'>Conceito de Curso (2021)<\/div><div class='text-center text-primary conceito-valor'>4<\/div><\/div><\/div><div class='col-12 col-md-4 col-lg-12 d-flex flex-column conceito-curso'><div class='flex-fill p-3 my-2 my-md-0 my-lg-1 mx-0 mx-md-2 mx-lg-0'><div class='text-center conceito-descricao'>Conceito Preliminar de Curso (2017)<\/div><div class='text-center text-primary conceito-valor'>4<\/div><\/div><\/div><div class='col-12 col-md-4 col-lg-12 d-flex flex-column conceito-curso'><div class='flex-fill p-3 my-2 my-md-0 my-lg-1 mx-0 mx-md-2 mx-lg-0'><div class='text-center conceito-descricao'>ENADE (2025)<\/div><div class='text-center text-primary conceito-valor'>5<\/div><\/div><\/div><\/div><\/div><\/div><\/div>\n                                    <\/div>\n            <\/div>\n    <\/div> \n<\/p>\t\t\t\t\t\t<\/div>\n\t\t\t\t<\/div>\n\t\t\t\t\t<\/div>\n\t\t<\/div>\n\t\t\t\t\t<\/div>\n\t\t<\/section>\n\t\t\t\t<section class=\"elementor-section elementor-top-section elementor-element elementor-element-f59c7a5 elementor-section-boxed elementor-section-height-default elementor-section-height-default\" data-id=\"f59c7a5\" data-element_type=\"section\">\n\t\t\t\t\t\t<div class=\"elementor-container elementor-column-gap-default\">\n\t\t\t\t\t<div class=\"elementor-column elementor-col-50 elementor-top-column elementor-element elementor-element-70b2906\" data-id=\"70b2906\" data-element_type=\"column\">\n\t\t\t<div class=\"elementor-widget-wrap elementor-element-populated\">\n\t\t\t\t\t\t<div class=\"elementor-element elementor-element-895da70 elementor-widget elementor-widget-image\" data-id=\"895da70\" data-element_type=\"widget\" data-widget_type=\"image.default\">\n\t\t\t\t<div class=\"elementor-widget-container\">\n\t\t\t\t\t\t\t\t\t\t\t\t\t\t<a href=\"https:\/\/www.ufsm.br\/cursos\/graduacao\/santa-maria\/ciencias-sociais\/duvidas-frequentes\">\n\t\t\t\t\t\t\t<img decoding=\"async\" src=\"https:\/\/www.ufsm.br\/app\/uploads\/sites\/465\/elementor\/thumbs\/tutoriais-e-documentos-1-q3nsted3ozcwuq5npk9dp0ellggoyd5s065l53fkg4.png\" title=\"tutoriais e documentos (1)\" alt=\"tutoriais e documentos (1)\" loading=\"lazy\" \/>\t\t\t\t\t\t\t\t<\/a>\n\t\t\t\t\t\t\t\t\t\t\t\t\t<\/div>\n\t\t\t\t<\/div>\n\t\t\t\t\t<\/div>\n\t\t<\/div>\n\t\t\t\t<div class=\"elementor-column elementor-col-50 elementor-top-column elementor-element elementor-element-7923896\" data-id=\"7923896\" data-element_type=\"column\">\n\t\t\t<div class=\"elementor-widget-wrap elementor-element-populated\">\n\t\t\t\t\t\t<div class=\"elementor-element elementor-element-1ab5b2f elementor-widget elementor-widget-image\" data-id=\"1ab5b2f\" data-element_type=\"widget\" data-widget_type=\"image.default\">\n\t\t\t\t<div class=\"elementor-widget-container\">\n\t\t\t\t\t\t\t\t\t\t\t\t\t\t<a href=\"https:\/\/www.ufsm.br\/cursos\/graduacao\/santa-maria\/ciencias-sociais\/tutoriais\">\n\t\t\t\t\t\t\t<img decoding=\"async\" src=\"https:\/\/www.ufsm.br\/app\/uploads\/sites\/465\/elementor\/thumbs\/tutoriais-e-documentos-q3nsu1v2fu92wz7iwcf1xch4g38vasr2fegq50gq4k.png\" title=\"tutoriais e documentos\" alt=\"tutoriais e documentos\" loading=\"lazy\" \/>\t\t\t\t\t\t\t\t<\/a>\n\t\t\t\t\t\t\t\t\t\t\t\t\t<\/div>\n\t\t\t\t<\/div>\n\t\t\t\t\t<\/div>\n\t\t<\/div>\n\t\t\t\t\t<\/div>\n\t\t<\/section>\n\t\t\t\t<section class=\"elementor-section elementor-top-section elementor-element elementor-element-d804bfa elementor-section-stretched elementor-section-full_width elementor-section-height-default elementor-section-height-default\" data-id=\"d804bfa\" data-element_type=\"section\" data-settings=\"{&quot;stretch_section&quot;:&quot;section-stretched&quot;}\">\n\t\t\t\t\t\t<div class=\"elementor-container elementor-column-gap-default\">\n\t\t\t\t\t<div class=\"elementor-column elementor-col-100 elementor-top-column elementor-element elementor-element-49945b6\" data-id=\"49945b6\" data-element_type=\"column\">\n\t\t\t<div class=\"elementor-widget-wrap elementor-element-populated\">\n\t\t\t\t\t\t<div class=\"elementor-element elementor-element-705c17c elementor-widget elementor-widget-wp-widget-ufsm_utilidades\" data-id=\"705c17c\" data-element_type=\"widget\" data-widget_type=\"wp-widget-ufsm_utilidades.default\">\n\t\t\t\t<div class=\"elementor-widget-container\">\n\t\t\t\t\t<h5 class=\"card-title titulo-conteudos\">Utilidades<\/h5>\n\t\t\t\t\n\t\t<div class=\"row \">\n\t\t\t\t\t\t\t<div class=\"col-12 col-sm-6 col-md-3 mt-4 text-center\">\n\t\t\t\t\t\t\t\t\t\t\t<a href=\"https:\/\/www.ufsm.br\/cursos\/graduacao\/santa-maria\/ciencias-sociais\/horarios\" class=\"item-utilidades d-block\">\n\t\t\t\t\t\t\t\t\t\t<i class=\"fas fa-pencil-alt animation-pulse\" aria-hidden=\"true\"><\/i><b>Oferta \/ Hor\u00e1rios<\/b><\/a>\n\t\t\t\t<\/div>\n\t\t\t\t\t\t\t<div class=\"col-12 col-sm-6 col-md-3 mt-4 text-center\">\n\t\t\t\t\t\t\t\t\t\t\t<a href=\"https:\/\/portal.ufsm.br\/aluno\/\" class=\"item-utilidades d-block\">\n\t\t\t\t\t\t\t\t\t\t<i class=\"fa fa-user animation-pulse\" aria-hidden=\"true\"><\/i><b>Portal do Aluno<\/b><\/a>\n\t\t\t\t<\/div>\n\t\t\t\t\t\t\t<div class=\"col-12 col-sm-6 col-md-3 mt-4 text-center\">\n\t\t\t\t\t\t\t\t\t\t\t<a href=\"https:\/\/www.ufsm.br\/cursos\/graduacao\/santa-maria\/ciencias-sociais\/informacoes-do-curriculo\" class=\"item-utilidades d-block\">\n\t\t\t\t\t\t\t\t\t\t<i class=\"fa fa-clipboard animation-pulse\" aria-hidden=\"true\"><\/i><b>Informa\u00e7\u00f5es Curriculares<\/b><\/a>\n\t\t\t\t<\/div>\n\t\t\t\t\t\t\t<div class=\"col-12 col-sm-6 col-md-3 mt-4 text-center\">\n\t\t\t\t\t\t\t\t\t\t\t<a href=\"https:\/\/www.ufsm.br\/cursos\/graduacao\/santa-maria\/ciencias-sociais\/projeto-pedagogico\" class=\"item-utilidades d-block\">\n\t\t\t\t\t\t\t\t\t\t<i class=\"fa fa-book animation-pulse\" aria-hidden=\"true\"><\/i><b>Projeto Pedag\u00f3gico<\/b><\/a>\n\t\t\t\t<\/div>\n\t\t\t\t\t\t\t<div class=\"col-12 col-sm-6 col-md-3 mt-4 text-center\">\n\t\t\t\t\t\t\t\t\t\t\t<a href=\"https:\/\/ead06.proj.ufsm.br\/login\/\" class=\"item-utilidades d-block\">\n\t\t\t\t\t\t\t\t\t\t<i class=\"ufsm ufsm-moodle animation-pulse\" aria-hidden=\"true\"><\/i><b>Ambiente Virtual Moodle<\/b><\/a>\n\t\t\t\t<\/div>\n\t\t\t\t\t\t\t<div class=\"col-12 col-sm-6 col-md-3 mt-4 text-center\">\n\t\t\t\t\t\t\t\t\t\t\t<a href=\"https:\/\/www.ufsm.br\/cursos\/graduacao\/santa-maria\/ciencias-sociais\/tcc\" class=\"item-utilidades d-block\">\n\t\t\t\t\t\t\t\t\t\t<i class=\"fa fa-book animation-pulse\" aria-hidden=\"true\"><\/i><b>Trabalhos de Conclus\u00e3o<\/b><\/a>\n\t\t\t\t<\/div>\n\t\t\t\t\t\t\t<div class=\"col-12 col-sm-6 col-md-3 mt-4 text-center\">\n\t\t\t\t\t\t\t\t\t\t\t<a href=\"https:\/\/www.ufsm.br\/cursos\/graduacao\/santa-maria\/ciencias-sociais\/grupos\" class=\"item-utilidades d-block\">\n\t\t\t\t\t\t\t\t\t\t<i class=\"fas fa-user-friends animation-pulse\" aria-hidden=\"true\"><\/i><b>Grupos Acad\u00eamicos<\/b><\/a>\n\t\t\t\t<\/div>\n\t\t\t\t\t\t\t<div class=\"col-12 col-sm-6 col-md-3 mt-4 text-center\">\n\t\t\t\t\t\t\t\t\t\t\t<a href=\"https:\/\/www.ufsm.br\/cursos\/graduacao\/santa-maria\/ciencias-sociais\/editais\" class=\"item-utilidades d-block\">\n\t\t\t\t\t\t\t\t\t\t<i class=\"far fa-copy animation-pulse\" aria-hidden=\"true\"><\/i><b>Editais<\/b><\/a>\n\t\t\t\t<\/div>\n\t\t\t\t\t<\/div>\n\t\t\t\t<\/div>\n\t\t\t\t<\/div>\n\t\t\t\t\t<\/div>\n\t\t<\/div>\n\t\t\t\t\t<\/div>\n\t\t<\/section>\n\t\t\t\t<section class=\"elementor-section elementor-top-section elementor-element elementor-element-c26393a elementor-section-boxed elementor-section-height-default elementor-section-height-default\" data-id=\"c26393a\" data-element_type=\"section\">\n\t\t\t\t\t\t<div class=\"elementor-container elementor-column-gap-default\">\n\t\t\t\t\t<div class=\"elementor-column elementor-col-25 elementor-top-column elementor-element elementor-element-c40eb87\" data-id=\"c40eb87\" data-element_type=\"column\">\n\t\t\t<div class=\"elementor-widget-wrap elementor-element-populated\">\n\t\t\t\t\t\t<div class=\"elementor-element elementor-element-79acc93 elementor-view-default elementor-position-top elementor-mobile-position-top elementor-widget elementor-widget-icon-box\" data-id=\"79acc93\" data-element_type=\"widget\" data-widget_type=\"icon-box.default\">\n\t\t\t\t<div class=\"elementor-widget-container\">\n\t\t\t\t\t<div class=\"elementor-icon-box-wrapper\">\n\n\t\t\t\t\t\t<div class=\"elementor-icon-box-icon\">\n\t\t\t\t<a href=\"https:\/\/www.ufsm.br\/calendario\/\" class=\"elementor-icon elementor-animation-\" tabindex=\"-1\">\n\t\t\t\t<i aria-hidden=\"true\" class=\"fas fa-calendar-alt\"><\/i>\t\t\t\t<\/a>\n\t\t\t<\/div>\n\t\t\t\n\t\t\t\t\t\t<div class=\"elementor-icon-box-content\">\n\n\t\t\t\t\t\t\t\t\t<h1 class=\"elementor-icon-box-title\">\n\t\t\t\t\t\t<a href=\"https:\/\/www.ufsm.br\/calendario\/\" >\n\t\t\t\t\t\t\tCalend\u00e1rio Acad\u00eamico \t\t\t\t\t\t<\/a>\n\t\t\t\t\t<\/h1>\n\t\t\t\t\n\t\t\t\t\n\t\t\t<\/div>\n\t\t\t\n\t\t<\/div>\n\t\t\t\t<\/div>\n\t\t\t\t<\/div>\n\t\t\t\t<div class=\"elementor-element elementor-element-f0eb8a0 elementor-view-default elementor-position-top elementor-mobile-position-top elementor-widget elementor-widget-icon-box\" data-id=\"f0eb8a0\" data-element_type=\"widget\" data-widget_type=\"icon-box.default\">\n\t\t\t\t<div class=\"elementor-widget-container\">\n\t\t\t\t\t<div class=\"elementor-icon-box-wrapper\">\n\n\t\t\t\t\t\t<div class=\"elementor-icon-box-icon\">\n\t\t\t\t<a href=\"https:\/\/www.ufsm.br\/cursos\/graduacao\/santa-maria\/ciencias-sociais\/estagio-obrigatorio\" class=\"elementor-icon elementor-animation-\" tabindex=\"-1\">\n\t\t\t\t<i aria-hidden=\"true\" class=\"fas fa-handshake\"><\/i>\t\t\t\t<\/a>\n\t\t\t<\/div>\n\t\t\t\n\t\t\t\t\t\t<div class=\"elementor-icon-box-content\">\n\n\t\t\t\t\t\t\t\t\t<h3 class=\"elementor-icon-box-title\">\n\t\t\t\t\t\t<a href=\"https:\/\/www.ufsm.br\/cursos\/graduacao\/santa-maria\/ciencias-sociais\/estagio-obrigatorio\" >\n\t\t\t\t\t\t\tEst\u00e1gio Obrigat\u00f3rio\t\t\t\t\t\t<\/a>\n\t\t\t\t\t<\/h3>\n\t\t\t\t\n\t\t\t\t\n\t\t\t<\/div>\n\t\t\t\n\t\t<\/div>\n\t\t\t\t<\/div>\n\t\t\t\t<\/div>\n\t\t\t\t\t<\/div>\n\t\t<\/div>\n\t\t\t\t<div class=\"elementor-column elementor-col-25 elementor-top-column elementor-element elementor-element-c272f5a\" data-id=\"c272f5a\" data-element_type=\"column\">\n\t\t\t<div class=\"elementor-widget-wrap elementor-element-populated\">\n\t\t\t\t\t\t<div class=\"elementor-element elementor-element-a58be48 elementor-view-default elementor-position-top elementor-mobile-position-top elementor-widget elementor-widget-icon-box\" data-id=\"a58be48\" data-element_type=\"widget\" data-widget_type=\"icon-box.default\">\n\t\t\t\t<div class=\"elementor-widget-container\">\n\t\t\t\t\t<div class=\"elementor-icon-box-wrapper\">\n\n\t\t\t\t\t\t<div class=\"elementor-icon-box-icon\">\n\t\t\t\t<a href=\"https:\/\/www.ufsm.br\/cursos\/graduacao\/santa-maria\/ciencias-sociais\/2026\/07\/31\/%e2%9a%a0quadro-de-horarios-do-2o-semestre-de-2026-ciencias-sociais-bacharelado%e2%9a%a0\" class=\"elementor-icon elementor-animation-\" tabindex=\"-1\">\n\t\t\t\t<i aria-hidden=\"true\" class=\"fas fa-clock\"><\/i>\t\t\t\t<\/a>\n\t\t\t<\/div>\n\t\t\t\n\t\t\t\t\t\t<div class=\"elementor-icon-box-content\">\n\n\t\t\t\t\t\t\t\t\t<h3 class=\"elementor-icon-box-title\">\n\t\t\t\t\t\t<a href=\"https:\/\/www.ufsm.br\/cursos\/graduacao\/santa-maria\/ciencias-sociais\/2026\/07\/31\/%e2%9a%a0quadro-de-horarios-do-2o-semestre-de-2026-ciencias-sociais-bacharelado%e2%9a%a0\" >\n\t\t\t\t\t\t\tHor\u00e1rios Bacharelado<br>2\u00b0 Semestre 2026\t\t\t\t\t\t<\/a>\n\t\t\t\t\t<\/h3>\n\t\t\t\t\n\t\t\t\t\n\t\t\t<\/div>\n\t\t\t\n\t\t<\/div>\n\t\t\t\t<\/div>\n\t\t\t\t<\/div>\n\t\t\t\t<div class=\"elementor-element elementor-element-64c9fae elementor-view-default elementor-position-top elementor-mobile-position-top elementor-widget elementor-widget-icon-box\" data-id=\"64c9fae\" data-element_type=\"widget\" data-widget_type=\"icon-box.default\">\n\t\t\t\t<div class=\"elementor-widget-container\">\n\t\t\t\t\t<div class=\"elementor-icon-box-wrapper\">\n\n\t\t\t\t\t\t<div class=\"elementor-icon-box-icon\">\n\t\t\t\t<a href=\"https:\/\/www.ufsm.br\/cursos\/graduacao\/santa-maria\/ciencias-sociais\/estagio-nao-obrigatorio\" class=\"elementor-icon elementor-animation-\" tabindex=\"-1\">\n\t\t\t\t<i aria-hidden=\"true\" class=\"fas fa-handshake\"><\/i>\t\t\t\t<\/a>\n\t\t\t<\/div>\n\t\t\t\n\t\t\t\t\t\t<div class=\"elementor-icon-box-content\">\n\n\t\t\t\t\t\t\t\t\t<h3 class=\"elementor-icon-box-title\">\n\t\t\t\t\t\t<a href=\"https:\/\/www.ufsm.br\/cursos\/graduacao\/santa-maria\/ciencias-sociais\/estagio-nao-obrigatorio\" >\n\t\t\t\t\t\t\tEst\u00e1gio N\u00e3o-Obrigat\u00f3rio\t\t\t\t\t\t<\/a>\n\t\t\t\t\t<\/h3>\n\t\t\t\t\n\t\t\t\t\n\t\t\t<\/div>\n\t\t\t\n\t\t<\/div>\n\t\t\t\t<\/div>\n\t\t\t\t<\/div>\n\t\t\t\t\t<\/div>\n\t\t<\/div>\n\t\t\t\t<div class=\"elementor-column elementor-col-25 elementor-top-column elementor-element elementor-element-4b6cce6\" data-id=\"4b6cce6\" data-element_type=\"column\">\n\t\t\t<div class=\"elementor-widget-wrap elementor-element-populated\">\n\t\t\t\t\t\t<div class=\"elementor-element elementor-element-5f15139 elementor-view-default elementor-position-top elementor-mobile-position-top elementor-widget elementor-widget-icon-box\" data-id=\"5f15139\" data-element_type=\"widget\" data-widget_type=\"icon-box.default\">\n\t\t\t\t<div class=\"elementor-widget-container\">\n\t\t\t\t\t<div class=\"elementor-icon-box-wrapper\">\n\n\t\t\t\t\t\t<div class=\"elementor-icon-box-icon\">\n\t\t\t\t<a href=\"https:\/\/www.ufsm.br\/cursos\/graduacao\/santa-maria\/ciencias-sociais\/2026\/07\/31\/%e2%9a%a0quadro-de-horarios-do-2o-semestre-de-2026-ciencias-sociais-licenciatura%e2%9a%a0\" class=\"elementor-icon elementor-animation-\" tabindex=\"-1\">\n\t\t\t\t<i aria-hidden=\"true\" class=\"fas fa-clock\"><\/i>\t\t\t\t<\/a>\n\t\t\t<\/div>\n\t\t\t\n\t\t\t\t\t\t<div class=\"elementor-icon-box-content\">\n\n\t\t\t\t\t\t\t\t\t<h3 class=\"elementor-icon-box-title\">\n\t\t\t\t\t\t<a href=\"https:\/\/www.ufsm.br\/cursos\/graduacao\/santa-maria\/ciencias-sociais\/2026\/07\/31\/%e2%9a%a0quadro-de-horarios-do-2o-semestre-de-2026-ciencias-sociais-licenciatura%e2%9a%a0\" >\n\t\t\t\t\t\t\tHor\u00e1rios Licenciatura <br>2\u00b0 Semestre 2026\t\t\t\t\t\t<\/a>\n\t\t\t\t\t<\/h3>\n\t\t\t\t\n\t\t\t\t\n\t\t\t<\/div>\n\t\t\t\n\t\t<\/div>\n\t\t\t\t<\/div>\n\t\t\t\t<\/div>\n\t\t\t\t<div class=\"elementor-element elementor-element-d3b8e99 elementor-view-default elementor-position-top elementor-mobile-position-top elementor-widget elementor-widget-icon-box\" data-id=\"d3b8e99\" data-element_type=\"widget\" data-widget_type=\"icon-box.default\">\n\t\t\t\t<div class=\"elementor-widget-container\">\n\t\t\t\t\t<div class=\"elementor-icon-box-wrapper\">\n\n\t\t\t\t\t\t<div class=\"elementor-icon-box-icon\">\n\t\t\t\t<a href=\"https:\/\/www.ufsm.br\/cursos\/graduacao\/santa-maria\/ciencias-sociais\/calendario-de-defesas\" class=\"elementor-icon elementor-animation-\" tabindex=\"-1\">\n\t\t\t\t<i aria-hidden=\"true\" class=\"far fa-calendar-check\"><\/i>\t\t\t\t<\/a>\n\t\t\t<\/div>\n\t\t\t\n\t\t\t\t\t\t<div class=\"elementor-icon-box-content\">\n\n\t\t\t\t\t\t\t\t\t<h3 class=\"elementor-icon-box-title\">\n\t\t\t\t\t\t<a href=\"https:\/\/www.ufsm.br\/cursos\/graduacao\/santa-maria\/ciencias-sociais\/calendario-de-defesas\" >\n\t\t\t\t\t\t\tCalend\u00e1rio de Defesas\t\t\t\t\t\t<\/a>\n\t\t\t\t\t<\/h3>\n\t\t\t\t\n\t\t\t\t\n\t\t\t<\/div>\n\t\t\t\n\t\t<\/div>\n\t\t\t\t<\/div>\n\t\t\t\t<\/div>\n\t\t\t\t\t<\/div>\n\t\t<\/div>\n\t\t\t\t<div class=\"elementor-column elementor-col-25 elementor-top-column elementor-element elementor-element-ed50714\" data-id=\"ed50714\" data-element_type=\"column\">\n\t\t\t<div class=\"elementor-widget-wrap elementor-element-populated\">\n\t\t\t\t\t\t<div class=\"elementor-element elementor-element-72d057d elementor-view-default elementor-position-top elementor-mobile-position-top elementor-widget elementor-widget-icon-box\" data-id=\"72d057d\" data-element_type=\"widget\" data-widget_type=\"icon-box.default\">\n\t\t\t\t<div class=\"elementor-widget-container\">\n\t\t\t\t\t<div class=\"elementor-icon-box-wrapper\">\n\n\t\t\t\t\t\t<div class=\"elementor-icon-box-icon\">\n\t\t\t\t<a href=\"https:\/\/www.ufsm.br\/app\/uploads\/sites\/342\/2025\/02\/GUIA-ESTUDANTIL-UFSM-2025.pdf\" class=\"elementor-icon elementor-animation-\" tabindex=\"-1\">\n\t\t\t\t<i aria-hidden=\"true\" class=\"fas fa-map-signs\"><\/i>\t\t\t\t<\/a>\n\t\t\t<\/div>\n\t\t\t\n\t\t\t\t\t\t<div class=\"elementor-icon-box-content\">\n\n\t\t\t\t\t\t\t\t\t<h3 class=\"elementor-icon-box-title\">\n\t\t\t\t\t\t<a href=\"https:\/\/www.ufsm.br\/app\/uploads\/sites\/342\/2025\/02\/GUIA-ESTUDANTIL-UFSM-2025.pdf\" >\n\t\t\t\t\t\t\tGuia acad\u00eamico\t\t\t\t\t\t<\/a>\n\t\t\t\t\t<\/h3>\n\t\t\t\t\n\t\t\t\t\n\t\t\t<\/div>\n\t\t\t\n\t\t<\/div>\n\t\t\t\t<\/div>\n\t\t\t\t<\/div>\n\t\t\t\t<div class=\"elementor-element elementor-element-8e93873 elementor-view-default elementor-position-top elementor-mobile-position-top elementor-widget elementor-widget-icon-box\" data-id=\"8e93873\" data-element_type=\"widget\" data-widget_type=\"icon-box.default\">\n\t\t\t\t<div class=\"elementor-widget-container\">\n\t\t\t\t\t<div class=\"elementor-icon-box-wrapper\">\n\n\t\t\t\t\t\t<div class=\"elementor-icon-box-icon\">\n\t\t\t\t<a href=\"https:\/\/www.ufsm.br\/cursos\/pos-graduacao\/santa-maria\/ppgcsociais\/\" class=\"elementor-icon elementor-animation-\" tabindex=\"-1\">\n\t\t\t\t<i aria-hidden=\"true\" class=\"fas fa-book-reader\"><\/i>\t\t\t\t<\/a>\n\t\t\t<\/div>\n\t\t\t\n\t\t\t\t\t\t<div class=\"elementor-icon-box-content\">\n\n\t\t\t\t\t\t\t\t\t<h3 class=\"elementor-icon-box-title\">\n\t\t\t\t\t\t<a href=\"https:\/\/www.ufsm.br\/cursos\/pos-graduacao\/santa-maria\/ppgcsociais\/\" >\n\t\t\t\t\t\t\tP\u00f3s-Gradua\u00e7\u00e3o em Ci\u00eancias Sociais - PPGCS\t\t\t\t\t\t<\/a>\n\t\t\t\t\t<\/h3>\n\t\t\t\t\n\t\t\t\t\n\t\t\t<\/div>\n\t\t\t\n\t\t<\/div>\n\t\t\t\t<\/div>\n\t\t\t\t<\/div>\n\t\t\t\t\t<\/div>\n\t\t<\/div>\n\t\t\t\t\t<\/div>\n\t\t<\/section>\n\t\t\t\t<section class=\"elementor-section elementor-top-section elementor-element elementor-element-8f30dff elementor-section-boxed elementor-section-height-default elementor-section-height-default\" data-id=\"8f30dff\" data-element_type=\"section\">\n\t\t\t\t\t\t<div class=\"elementor-container elementor-column-gap-default\">\n\t\t\t\t\t<div class=\"elementor-column elementor-col-100 elementor-top-column elementor-element elementor-element-37c1c4c\" data-id=\"37c1c4c\" data-element_type=\"column\">\n\t\t\t<div class=\"elementor-widget-wrap elementor-element-populated\">\n\t\t\t\t\t\t<div class=\"elementor-element elementor-element-b18cd90 elementor-shape-rounded elementor-grid-0 e-grid-align-center elementor-widget elementor-widget-social-icons\" data-id=\"b18cd90\" data-element_type=\"widget\" data-widget_type=\"social-icons.default\">\n\t\t\t\t<div class=\"elementor-widget-container\">\n\t\t\t\t\t<div class=\"elementor-social-icons-wrapper elementor-grid\">\n\t\t\t\t\t\t\t<span class=\"elementor-grid-item\">\n\t\t\t\t\t<a class=\"elementor-icon elementor-social-icon elementor-social-icon-facebook elementor-repeater-item-1c3f564\" href=\"https:\/\/www.facebook.com\/lcsociaisufsm\" target=\"_blank\">\n\t\t\t\t\t\t<span class=\"elementor-screen-only\">Facebook<\/span>\n\t\t\t\t\t\t<i class=\"fab fa-facebook\"><\/i>\t\t\t\t\t<\/a>\n\t\t\t\t<\/span>\n\t\t\t\t\t\t\t<span class=\"elementor-grid-item\">\n\t\t\t\t\t<a class=\"elementor-icon elementor-social-icon elementor-social-icon-instagram elementor-repeater-item-2cf8b59\" href=\"https:\/\/www.instagram.com\/lcsufsm\/\" target=\"_blank\">\n\t\t\t\t\t\t<span class=\"elementor-screen-only\">Instagram<\/span>\n\t\t\t\t\t\t<i class=\"fab fa-instagram\"><\/i>\t\t\t\t\t<\/a>\n\t\t\t\t<\/span>\n\t\t\t\t\t\t\t<span class=\"elementor-grid-item\">\n\t\t\t\t\t<a class=\"elementor-icon elementor-social-icon elementor-social-icon-instagram elementor-repeater-item-c5d0f75\" href=\"https:\/\/www.instagram.com\/csb_ufsm\/\" target=\"_blank\">\n\t\t\t\t\t\t<span class=\"elementor-screen-only\">Instagram<\/span>\n\t\t\t\t\t\t<i class=\"fab fa-instagram\"><\/i>\t\t\t\t\t<\/a>\n\t\t\t\t<\/span>\n\t\t\t\t\t\t\t<span class=\"elementor-grid-item\">\n\t\t\t\t\t<a class=\"elementor-icon elementor-social-icon elementor-social-icon-youtube elementor-repeater-item-ab7a054\" href=\"https:\/\/www.youtube.com\/channel\/UCfmNlMOg3GpD8oFbW-aYR8w\" target=\"_blank\">\n\t\t\t\t\t\t<span class=\"elementor-screen-only\">Youtube<\/span>\n\t\t\t\t\t\t<i class=\"fab fa-youtube\"><\/i>\t\t\t\t\t<\/a>\n\t\t\t\t<\/span>\n\t\t\t\t\t<\/div>\n\t\t\t\t<\/div>\n\t\t\t\t<\/div>\n\t\t\t\t\t<\/div>\n\t\t<\/div>\n\t\t\t\t\t<\/div>\n\t\t<\/section>\n\t\t\t\t<section class=\"elementor-section elementor-top-section elementor-element elementor-element-cafafd0 elementor-section-boxed elementor-section-height-default elementor-section-height-default\" data-id=\"cafafd0\" data-element_type=\"section\">\n\t\t\t\t\t\t<div class=\"elementor-container elementor-column-gap-default\">\n\t\t\t\t\t<div class=\"elementor-column elementor-col-50 elementor-top-column elementor-element elementor-element-d180911\" data-id=\"d180911\" data-element_type=\"column\">\n\t\t\t<div class=\"elementor-widget-wrap elementor-element-populated\">\n\t\t\t\t\t\t<div class=\"elementor-element elementor-element-708b509 elementor-widget elementor-widget-wp-widget-ufsm_noticias_widget\" data-id=\"708b509\" data-element_type=\"widget\" data-widget_type=\"wp-widget-ufsm_noticias_widget.default\">\n\t\t\t\t<div class=\"elementor-widget-container\">\n\t\t\t<h5 class='titulo-conteudos'>Not\u00edcias Bacharelado<\/h5><div class='widget-noticias-inside'>\n                        <div class=\"row\">\n                                    <div class=\"col-12 col-lg-12 pb-4\">\n                                        \n                                        \n                    \n                    <a class=\"noticias-widget-title d-block \"  title=\"\u26a0Quadro de hor\u00e1rios do 2\u00ba Semestre de 2026 &#8211; Ci\u00eancias Sociais Bacharelado\u26a0\" href=\"https:\/\/www.ufsm.br\/cursos\/graduacao\/santa-maria\/ciencias-sociais\/2026\/07\/31\/%e2%9a%a0quadro-de-horarios-do-2o-semestre-de-2026-ciencias-sociais-bacharelado%e2%9a%a0\">\n                                                    <i title=\"Esta \u00e9 uma not\u00edcia importante, por esse motivo foi fixada no topo\" style=\"font-size:12.0px !important\" class=\"fas fa-thumbtack\"><\/i>\n                                                \u26a0Quadro de hor\u00e1rios do 2\u00ba Semestre de 2026 &#8211; Ci\u00eancias Sociais Bacharelado\u26a0                    <\/a>\n                    \n                                            <div class=\"noticias-widget-introtext\">\n                            O segundo semestre letivo de 2026 ter\u00e1 in\u00edcio no dia 03 de agosto de 2026. Consulte os hor\u00e1rios das aulas e as respectivas salas no quadro abaixo.                        <\/div>\n                    \n                                        \n                                        \n                                            \n                                                    <div title=\"Publicado em 31\/07\/2026 - 13:21\" class=\"data-publicacao-widget\">\n                                <i  class=\"far fa-clock\"><\/i>\n                                31\/07\/2026 - 13:21                            <\/div>\n                                                                <\/div>\n                            <\/div>\n                    <div class=\"row\">\n                                    <div class=\"col-12 col-lg-12 pb-4\">\n                                        \n                                        \n                    \n                    <a class=\"noticias-widget-title d-block \"  title=\"[IMPORTANTE] Novo procedimento para abertura de processo de homologa\u00e7\u00e3o de est\u00e1gios\" href=\"https:\/\/www.ufsm.br\/cursos\/graduacao\/santa-maria\/ciencias-sociais\/2025\/10\/24\/importante-novo-procedimento-para-abertura-de-processo-de-homologacao-de-estagios\">\n                                                    <i title=\"Esta \u00e9 uma not\u00edcia importante, por esse motivo foi fixada no topo\" style=\"font-size:12.0px !important\" class=\"fas fa-thumbtack\"><\/i>\n                                                [IMPORTANTE] Novo procedimento para abertura de processo de homologa\u00e7\u00e3o de est\u00e1gios                    <\/a>\n                    \n                                            <div class=\"noticias-widget-introtext\">\n                            Informamos que o m\u00e9todo de abertura de processos de homologa\u00e7\u00e3o de est\u00e1gios foi recentemente alterado.\u00a0Todos os processos novos dever\u00e3o ser abertos, a partir de agora, pelo Portal Estudantil. H\u00e1 um tutorial em v\u00eddeo neste link demonstrando como deve ser feito&hellip;                        <\/div>\n                    \n                                        \n                                        \n                                            \n                                                    <div title=\"Publicado em 24\/10\/2025 - 15:58\" class=\"data-publicacao-widget\">\n                                <i  class=\"far fa-clock\"><\/i>\n                                24\/10\/2025 - 15:58                            <\/div>\n                                                                <\/div>\n                            <\/div>\n                    <div class=\"row\">\n                                    <div class=\"col-12 col-lg-12 pb-4\">\n                                        \n                                        \n                    \n                    <a class=\"noticias-widget-title d-block \"  title=\"UFSM oferece publica\u00e7\u00e3o gratuita de cartilhas, cat\u00e1logos e livros de extens\u00e3o\" href=\"https:\/\/www.ufsm.br\/cursos\/graduacao\/santa-maria\/ciencias-sociais\/2026\/09\/04\/elementor-3781\">\n                                                UFSM oferece publica\u00e7\u00e3o gratuita de cartilhas, cat\u00e1logos e livros de extens\u00e3o                    <\/a>\n                    \n                                            <div class=\"noticias-widget-introtext\">\n                            A\u00a0Editora PRE\u00a0abriu as inscri\u00e7\u00f5es para o\u00a0Edital 091\/2026\u00a0referente \u00e0 S\u00e9rie Extens\u00e3o. A UFSM oferece todo o processo editorial gratuito (revis\u00e3o, diagrama\u00e7\u00e3o, registro de ISBN e publica\u00e7\u00e3o no Manancial) para dar visibilidade a cartilhas, cat\u00e1logos e livros produzidos por servidores e estudantes.&hellip;                        <\/div>\n                    \n                                        \n                                        \n                                            \n                                                    <div title=\"Publicado em 04\/09\/2026 - 10:26\" class=\"data-publicacao-widget\">\n                                <i  class=\"far fa-clock\"><\/i>\n                                04\/09\/2026 - 10:26                            <\/div>\n                                                                <\/div>\n                            <\/div>\n                    <div class=\"row\">\n                                    <div class=\"col-12 col-lg-12 pb-4\">\n                                        \n                                        \n                    \n                    <a class=\"noticias-widget-title d-block \"  title=\"NPCP\/UFSM promove s\u00e9rie de encontros sobre decis\u00e3o do voto, comportamento eleitoral e elei\u00e7\u00f5es de 2026\" href=\"https:\/\/www.ufsm.br\/cursos\/graduacao\/santa-maria\/ciencias-sociais\/2026\/09\/03\/npcp-ufsm-promove-serie-de-encontros-sobre-decisao-do-voto-comportamento-eleitoral-e-eleicoes-de-2026\">\n                                                NPCP\/UFSM promove s\u00e9rie de encontros sobre decis\u00e3o do voto, comportamento eleitoral e elei\u00e7\u00f5es de 2026                    <\/a>\n                    \n                                            <div class=\"noticias-widget-introtext\">\n                            O N\u00facleo de Pesquisa e Estudos em Ci\u00eancia Pol\u00edtica (NPCP\/UFSM) promove, em 2026, a s\u00e9rie de encontros de estudo&nbsp;\u201cConversando sobre Teoria Pol\u00edtica \u2013 Encontros de Estudo\/2026: Decis\u00e3o do voto, comportamento eleitoral e a elei\u00e7\u00e3o de 2026\u201d. A atividade tem como&hellip;                        <\/div>\n                    \n                                        \n                                        \n                                            \n                                                    <div title=\"Publicado em 03\/09\/2026 - 15:21\" class=\"data-publicacao-widget\">\n                                <i  class=\"far fa-clock\"><\/i>\n                                03\/09\/2026 - 15:21                            <\/div>\n                                                                <\/div>\n                            <\/div>\n                    <div class=\"row\">\n                                    <div class=\"col-12 col-lg-12 pb-4\">\n                                        \n                                        \n                    \n                    <a class=\"noticias-widget-title d-block \"  title=\"Hor\u00e1rio de atendimento SIG I\" href=\"https:\/\/www.ufsm.br\/cursos\/graduacao\/santa-maria\/ciencias-sociais\/2026\/08\/27\/horario-de-atendimento-sig-i\">\n                                                Hor\u00e1rio de atendimento SIG I                    <\/a>\n                    \n                                            <div class=\"noticias-widget-introtext\">\n                            A partir de 28\/08\/2026, a\u00a0Secretaria Integrada de Gradua\u00e7\u00e3o I (74A) estar\u00e1 com novo hor\u00e1rio de atendimento, fechando ao meio dia: SEGUNDA-FEIRA TER\u00c7A-FEIRA QUARTA-FEIRA QUINTA-FEIRA SEXTA-FEIRA 8h \u00e0s 12h 8h \u00e0s 12h 8h \u00e0s 12h 8h \u00e0s 12h 8h \u00e0s 12h&hellip;                        <\/div>\n                    \n                                        \n                                        \n                                            \n                                                    <div title=\"Publicado em 27\/08\/2026 - 09:28\" class=\"data-publicacao-widget\">\n                                <i  class=\"far fa-clock\"><\/i>\n                                27\/08\/2026 - 09:28                            <\/div>\n                                                                <\/div>\n                            <\/div>\n            <\/div>\n<div class=\"leia-mais p-1\">\n                <a href=\"https:\/\/www.ufsm.br\/cursos\/graduacao\/santa-maria\/ciencias-sociais\/busca\/?q=&area=post&orderby=date&sites%5B%5D=465\">\n            LEIA MAIS            <span class=\"icon-box\">\n                <span class=\"bg-ufsm-widget-icon\">\n                    <i class=\"fas fa-chevron-right\" aria-hidden=\"true\"><\/i>\n                <\/span>\n            <\/span>\n        <\/a>\n    <\/div>\n\t\t<\/div>\n\t\t\t\t<\/div>\n\t\t\t\t\t<\/div>\n\t\t<\/div>\n\t\t\t\t<div class=\"elementor-column elementor-col-50 elementor-top-column elementor-element elementor-element-9e1fbe7\" data-id=\"9e1fbe7\" data-element_type=\"column\">\n\t\t\t<div class=\"elementor-widget-wrap elementor-element-populated\">\n\t\t\t\t\t\t<div class=\"elementor-element elementor-element-492fc7e elementor-widget elementor-widget-wp-widget-ufsm_noticias_widget\" data-id=\"492fc7e\" data-element_type=\"widget\" data-widget_type=\"wp-widget-ufsm_noticias_widget.default\">\n\t\t\t\t<div class=\"elementor-widget-container\">\n\t\t\t<h5 class='titulo-conteudos'>Not\u00edcias Licenciatura<\/h5><div class='widget-noticias-inside'>\n                        <div class=\"row\">\n                                    <div class=\"col-12 col-lg-12 pb-4\">\n                                        \n                                        \n                    \n                    <a class=\"noticias-widget-title d-block \"  title=\"\u26a0Quadro de hor\u00e1rios do 2\u00ba Semestre de 2026 &#8211; Ci\u00eancias Sociais Licenciatura\u26a0\" href=\"https:\/\/www.ufsm.br\/cursos\/graduacao\/santa-maria\/ciencias-sociais\/2026\/07\/31\/%e2%9a%a0quadro-de-horarios-do-2o-semestre-de-2026-ciencias-sociais-licenciatura%e2%9a%a0\">\n                                                    <i title=\"Esta \u00e9 uma not\u00edcia importante, por esse motivo foi fixada no topo\" style=\"font-size:12.0px !important\" class=\"fas fa-thumbtack\"><\/i>\n                                                \u26a0Quadro de hor\u00e1rios do 2\u00ba Semestre de 2026 &#8211; Ci\u00eancias Sociais Licenciatura\u26a0                    <\/a>\n                    \n                                            <div class=\"noticias-widget-introtext\">\n                            O segundo semestre letivo de 2026 ter\u00e1 in\u00edcio no dia 03 de agosto de 2026. Consulte os hor\u00e1rios das aulas e as respectivas salas no quadro abaixo.                        <\/div>\n                    \n                                        \n                                        \n                                            \n                                                    <div title=\"Publicado em 31\/07\/2026 - 13:24\" class=\"data-publicacao-widget\">\n                                <i  class=\"far fa-clock\"><\/i>\n                                31\/07\/2026 - 13:24                            <\/div>\n                                                                <\/div>\n                            <\/div>\n                    <div class=\"row\">\n                                    <div class=\"col-12 col-lg-12 pb-4\">\n                                        \n                                        \n                    \n                    <a class=\"noticias-widget-title d-block \"  title=\"[IMPORTANTE] Novo procedimento para abertura de processo de homologa\u00e7\u00e3o de est\u00e1gios\" href=\"https:\/\/www.ufsm.br\/cursos\/graduacao\/santa-maria\/ciencias-sociais\/2025\/10\/24\/importante-novo-procedimento-para-abertura-de-processo-de-homologacao-de-estagios\">\n                                                    <i title=\"Esta \u00e9 uma not\u00edcia importante, por esse motivo foi fixada no topo\" style=\"font-size:12.0px !important\" class=\"fas fa-thumbtack\"><\/i>\n                                                [IMPORTANTE] Novo procedimento para abertura de processo de homologa\u00e7\u00e3o de est\u00e1gios                    <\/a>\n                    \n                                            <div class=\"noticias-widget-introtext\">\n                            Informamos que o m\u00e9todo de abertura de processos de homologa\u00e7\u00e3o de est\u00e1gios foi recentemente alterado.\u00a0Todos os processos novos dever\u00e3o ser abertos, a partir de agora, pelo Portal Estudantil. H\u00e1 um tutorial em v\u00eddeo neste link demonstrando como deve ser feito&hellip;                        <\/div>\n                    \n                                        \n                                        \n                                            \n                                                    <div title=\"Publicado em 24\/10\/2025 - 15:58\" class=\"data-publicacao-widget\">\n                                <i  class=\"far fa-clock\"><\/i>\n                                24\/10\/2025 - 15:58                            <\/div>\n                                                                <\/div>\n                            <\/div>\n                    <div class=\"row\">\n                                    <div class=\"col-12 col-lg-12 pb-4\">\n                                        \n                                        \n                    \n                    <a class=\"noticias-widget-title d-block \"  title=\"UFSM oferece publica\u00e7\u00e3o gratuita de cartilhas, cat\u00e1logos e livros de extens\u00e3o\" href=\"https:\/\/www.ufsm.br\/cursos\/graduacao\/santa-maria\/ciencias-sociais\/2026\/09\/04\/elementor-3781\">\n                                                UFSM oferece publica\u00e7\u00e3o gratuita de cartilhas, cat\u00e1logos e livros de extens\u00e3o                    <\/a>\n                    \n                                            <div class=\"noticias-widget-introtext\">\n                            A\u00a0Editora PRE\u00a0abriu as inscri\u00e7\u00f5es para o\u00a0Edital 091\/2026\u00a0referente \u00e0 S\u00e9rie Extens\u00e3o. A UFSM oferece todo o processo editorial gratuito (revis\u00e3o, diagrama\u00e7\u00e3o, registro de ISBN e publica\u00e7\u00e3o no Manancial) para dar visibilidade a cartilhas, cat\u00e1logos e livros produzidos por servidores e estudantes.&hellip;                        <\/div>\n                    \n                                        \n                                        \n                                            \n                                                    <div title=\"Publicado em 04\/09\/2026 - 10:26\" class=\"data-publicacao-widget\">\n                                <i  class=\"far fa-clock\"><\/i>\n                                04\/09\/2026 - 10:26                            <\/div>\n                                                                <\/div>\n                            <\/div>\n                    <div class=\"row\">\n                                    <div class=\"col-12 col-lg-12 pb-4\">\n                                        \n                                        \n                    \n                    <a class=\"noticias-widget-title d-block \"  title=\"NPCP\/UFSM promove s\u00e9rie de encontros sobre decis\u00e3o do voto, comportamento eleitoral e elei\u00e7\u00f5es de 2026\" href=\"https:\/\/www.ufsm.br\/cursos\/graduacao\/santa-maria\/ciencias-sociais\/2026\/09\/03\/npcp-ufsm-promove-serie-de-encontros-sobre-decisao-do-voto-comportamento-eleitoral-e-eleicoes-de-2026\">\n                                                NPCP\/UFSM promove s\u00e9rie de encontros sobre decis\u00e3o do voto, comportamento eleitoral e elei\u00e7\u00f5es de 2026                    <\/a>\n                    \n                                            <div class=\"noticias-widget-introtext\">\n                            O N\u00facleo de Pesquisa e Estudos em Ci\u00eancia Pol\u00edtica (NPCP\/UFSM) promove, em 2026, a s\u00e9rie de encontros de estudo&nbsp;\u201cConversando sobre Teoria Pol\u00edtica \u2013 Encontros de Estudo\/2026: Decis\u00e3o do voto, comportamento eleitoral e a elei\u00e7\u00e3o de 2026\u201d. A atividade tem como&hellip;                        <\/div>\n                    \n                                        \n                                        \n                                            \n                                                    <div title=\"Publicado em 03\/09\/2026 - 15:21\" class=\"data-publicacao-widget\">\n                                <i  class=\"far fa-clock\"><\/i>\n                                03\/09\/2026 - 15:21                            <\/div>\n                                                                <\/div>\n                            <\/div>\n                    <div class=\"row\">\n                                    <div class=\"col-12 col-lg-12 pb-4\">\n                                        \n                                        \n                    \n                    <a class=\"noticias-widget-title d-block \"  title=\"Hor\u00e1rio de atendimento SIG I\" href=\"https:\/\/www.ufsm.br\/cursos\/graduacao\/santa-maria\/ciencias-sociais\/2026\/08\/27\/horario-de-atendimento-sig-i\">\n                                                Hor\u00e1rio de atendimento SIG I                    <\/a>\n                    \n                                            <div class=\"noticias-widget-introtext\">\n                            A partir de 28\/08\/2026, a\u00a0Secretaria Integrada de Gradua\u00e7\u00e3o I (74A) estar\u00e1 com novo hor\u00e1rio de atendimento, fechando ao meio dia: SEGUNDA-FEIRA TER\u00c7A-FEIRA QUARTA-FEIRA QUINTA-FEIRA SEXTA-FEIRA 8h \u00e0s 12h 8h \u00e0s 12h 8h \u00e0s 12h 8h \u00e0s 12h 8h \u00e0s 12h&hellip;                        <\/div>\n                    \n                                        \n                                        \n                                            \n                                                    <div title=\"Publicado em 27\/08\/2026 - 09:28\" class=\"data-publicacao-widget\">\n                                <i  class=\"far fa-clock\"><\/i>\n                                27\/08\/2026 - 09:28                            <\/div>\n                                                                <\/div>\n                            <\/div>\n            <\/div>\n<div class=\"leia-mais p-1\">\n                <a href=\"https:\/\/www.ufsm.br\/cursos\/graduacao\/santa-maria\/ciencias-sociais\/busca\/?q=&area=post&orderby=date&sites%5B%5D=465\">\n            LEIA MAIS            <span class=\"icon-box\">\n                <span class=\"bg-ufsm-widget-icon\">\n                    <i class=\"fas fa-chevron-right\" aria-hidden=\"true\"><\/i>\n                <\/span>\n            <\/span>\n        <\/a>\n    <\/div>\n\t\t<\/div>\n\t\t\t\t<\/div>\n\t\t\t\t\t<\/div>\n\t\t<\/div>\n\t\t\t\t\t<\/div>\n\t\t<\/section>\n\t\t\t\t<section class=\"elementor-section elementor-top-section elementor-element elementor-element-e5ce3e8 elementor-section-boxed elementor-section-height-default elementor-section-height-default\" data-id=\"e5ce3e8\" data-element_type=\"section\">\n\t\t\t\t\t\t<div class=\"elementor-container elementor-column-gap-default\">\n\t\t\t\t\t<div class=\"elementor-column elementor-col-50 elementor-top-column elementor-element elementor-element-2c8f670\" data-id=\"2c8f670\" data-element_type=\"column\">\n\t\t\t<div class=\"elementor-widget-wrap elementor-element-populated\">\n\t\t\t\t\t\t<div class=\"elementor-element elementor-element-9bf77a7 elementor-widget elementor-widget-wp-widget-ufsm_noticias_widget\" data-id=\"9bf77a7\" data-element_type=\"widget\" data-widget_type=\"wp-widget-ufsm_noticias_widget.default\">\n\t\t\t\t<div class=\"elementor-widget-container\">\n\t\t\t<h5 class='titulo-conteudos'>Oportunidades<\/h5><div class='widget-noticias-inside'>\n                        <div class=\"row\">\n                                    <div class=\"col-12 col-lg-12 pb-4\">\n                                        \n                                        \n                    \n                    <a class=\"noticias-widget-title d-block \"  title=\"Bolsa P\u00e9-de-Meia Licenciaturas\" href=\"https:\/\/www.ufsm.br\/cursos\/graduacao\/santa-maria\/ciencias-sociais\/2026\/08\/24\/bolsa-pe-de-meia-licenciaturas\">\n                                                Bolsa P\u00e9-de-Meia Licenciaturas                    <\/a>\n                    \n                                            <div class=\"noticias-widget-introtext\">\n                            Desde 2025, o&nbsp;Sistema de Sele\u00e7\u00e3o Unificada (SiSU)&nbsp;conta com uma novidade para quem deseja cursar uma Licenciatura e se tornar professor(a). Atrav\u00e9s da iniciativa&nbsp;P\u00e9-de-Meia Licenciaturas, pessoas matriculadas em cursos de gradua\u00e7\u00e3o na modalidade&nbsp;licenciatura via SiSU&nbsp;poder\u00e3o receber&nbsp;R$ 1.050,00 mensais por 48 meses,&hellip;                        <\/div>\n                    \n                                        \n                                        \n                                            \n                                                    <div title=\"Publicado em 24\/08\/2026 \" class=\"data-publicacao-widget\">\n                                <i  class=\"far fa-clock\"><\/i>\n                                24\/08\/2026                             <\/div>\n                                                                <\/div>\n                            <\/div>\n                    <div class=\"row\">\n                                    <div class=\"col-12 col-lg-12 pb-4\">\n                                        \n                                        \n                    \n                    <a class=\"noticias-widget-title d-block \"  title=\"Edital &#8211; Bolsista de Extens\u00e3o\" href=\"https:\/\/www.ufsm.br\/cursos\/graduacao\/santa-maria\/ciencias-sociais\/2026\/08\/07\/edital-bolsista-de-extensao\">\n                                                Edital &#8211; Bolsista de Extens\u00e3o                    <\/a>\n                    \n                                            <div class=\"noticias-widget-introtext\">\n                            O Edital 02\/2026 &#8211; DCS\/CCS torna p\u00fablico a abertura de inscri\u00e7\u00f5es para sele\u00e7\u00e3o de bolsista de Extens\u00e3o para o projeto n. 059411, cujo t\u00edtulo \u00e9: PARA O COMBATE \u00c0S VIOL\u00caNCIAS DE G\u00caNERO, RA\u00c7A\/ETNIA E SEXUALIDADE: 2\u00aa EDI\u00c7\u00c3O. H\u00e1 1 vaga(s)&hellip;                        <\/div>\n                    \n                                        \n                                        \n                                            \n                                                    <div title=\"Publicado em 07\/08\/2026 \" class=\"data-publicacao-widget\">\n                                <i  class=\"far fa-clock\"><\/i>\n                                07\/08\/2026                             <\/div>\n                                                                <\/div>\n                            <\/div>\n            <\/div>\n\t\t<\/div>\n\t\t\t\t<\/div>\n\t\t\t\t\t<\/div>\n\t\t<\/div>\n\t\t\t\t<div class=\"elementor-column elementor-col-50 elementor-top-column elementor-element elementor-element-bfc86ee\" data-id=\"bfc86ee\" data-element_type=\"column\">\n\t\t\t<div class=\"elementor-widget-wrap elementor-element-populated\">\n\t\t\t\t\t\t<div class=\"elementor-element elementor-element-b3cb0be elementor-widget elementor-widget-wp-widget-ufsm_editais_widget\" data-id=\"b3cb0be\" data-element_type=\"widget\" data-widget_type=\"wp-widget-ufsm_editais_widget.default\">\n\t\t\t\t<div class=\"elementor-widget-container\">\n\t\t\t<h2 class='titulo-conteudos'>Editais<\/h2><div class='row'>\n            <div class=\"col-lg-12 px-3 pb-3\">\n            \n                        \n            <a title=\"01\/2026 - EDITAL N\u00ba. 01\/2026 MONITORIA VOLUNT\u00c1RIA - TEORIA SOCIOL\u00d3GICA IV\" href=\"https:\/\/www.ufsm.br\/cursos\/graduacao\/santa-maria\/ciencias-sociais\/editais\/001-2026\">\n                <span class=\"titulo-publicacao-widget\">01\/2026 - EDITAL N\u00ba. 01\/2026 MONITORIA VOLUNT\u00c1RIA - TEORIA SOCIOL\u00d3GICA IV<\/span>\n                <br>\n            <\/a>\n\n                        \n                                            \n                                    <div title=\"Publicado em 09\/03\/2026 \" class=\"data-publicacao-widget\"><i  class=\"far fa-clock\"><\/i> 09\/03\/2026 <\/div>\n                                \n        <\/div>\n            <div class=\"col-lg-12 px-3 pb-3\">\n            \n                        \n            <a title=\"01\/2025 - EDITAL CLCS 01\/2025 DE SELE\u00c7\u00c3O DE ESTUDANTES PARA ATUAREM COMO COLABORADORES\/AS NO DESCUBRA UFSM 2025\" href=\"https:\/\/www.ufsm.br\/cursos\/graduacao\/santa-maria\/ciencias-sociais\/editais\/001-2025-2\">\n                <span class=\"titulo-publicacao-widget\">01\/2025 - EDITAL CLCS 01\/2025 DE SELE\u00c7\u00c3O DE ESTUDANTES PARA ATUAREM COMO COLABORADORES\/AS NO DESCUBRA UFSM 2025<\/span>\n                <br>\n            <\/a>\n\n                        \n                                            \n                                    <div title=\"Publicado em 19\/08\/2025 \" class=\"data-publicacao-widget\"><i  class=\"far fa-clock\"><\/i> 19\/08\/2025 <\/div>\n                                \n        <\/div>\n    <\/div>\n\t\t<\/div>\n\t\t\t\t<\/div>\n\t\t\t\t\t<\/div>\n\t\t<\/div>\n\t\t\t\t\t<\/div>\n\t\t<\/section>\n\t\t\t\t<section class=\"elementor-section elementor-top-section elementor-element elementor-element-7a2a434 elementor-section-boxed elementor-section-height-default elementor-section-height-default\" data-id=\"7a2a434\" data-element_type=\"section\">\n\t\t\t\t\t\t<div class=\"elementor-container elementor-column-gap-default\">\n\t\t\t\t\t<div class=\"elementor-column elementor-col-100 elementor-top-column elementor-element elementor-element-2d2338f\" data-id=\"2d2338f\" data-element_type=\"column\">\n\t\t\t<div class=\"elementor-widget-wrap elementor-element-populated\">\n\t\t\t\t\t\t<div class=\"elementor-element elementor-element-4e56a1a elementor-widget elementor-widget-heading\" data-id=\"4e56a1a\" data-element_type=\"widget\" data-widget_type=\"heading.default\">\n\t\t\t\t<div class=\"elementor-widget-container\">\n\t\t\t<h5 class=\"elementor-heading-title elementor-size-default\">Calend\u00e1rio de Defesas de TCC<\/h5>\t\t<\/div>\n\t\t\t\t<\/div>\n\t\t\t\t<div class=\"elementor-element elementor-element-8e40839 elementor-widget elementor-widget-wp-widget-ufsm_calendario_teses\" data-id=\"8e40839\" data-element_type=\"widget\" data-widget_type=\"wp-widget-ufsm_calendario_teses.default\">\n\t\t\t\t<div class=\"elementor-widget-container\">\n\t\t\t<div class=\"alert alert-primary\" role=\"alert\">Nenhuma defesa futura cadastrada<\/div><div class='leia-mais'>\n\t\t\t<a href='https:\/\/www.ufsm.br\/cursos\/graduacao\/santa-maria\/ciencias-sociais\/busca\/?q=&sites[]=465&area=teses-e-dissertacoes' class='ms-auto'>Ver todas as defesas<\/a>\n\t\t\t<span class='icon-box'><span class='bg-ufsm-widget-icon'><i class='fas fa-chevron-right' aria-hidden='true'><\/i><\/span><\/span>\n\t\t<\/div>\t\t<\/div>\n\t\t\t\t<\/div>\n\t\t\t\t\t<\/div>\n\t\t<\/div>\n\t\t\t\t\t<\/div>\n\t\t<\/section>\n\t\t\t\t<section class=\"elementor-section elementor-top-section elementor-element elementor-element-de1edd9 elementor-section-boxed elementor-section-height-default elementor-section-height-default\" data-id=\"de1edd9\" data-element_type=\"section\">\n\t\t\t\t\t\t<div class=\"elementor-container elementor-column-gap-default\">\n\t\t\t\t\t<div class=\"elementor-column elementor-col-100 elementor-top-column elementor-element elementor-element-f871c6c\" data-id=\"f871c6c\" data-element_type=\"column\">\n\t\t\t<div class=\"elementor-widget-wrap elementor-element-populated\">\n\t\t\t\t\t\t<div class=\"elementor-element elementor-element-52c57ad elementor-widget elementor-widget-wp-widget-ufsm_eventos_widget\" data-id=\"52c57ad\" data-element_type=\"widget\" data-widget_type=\"wp-widget-ufsm_eventos_widget.default\">\n\t\t\t\t<div class=\"elementor-widget-container\">\n\t\t\t<H2 class='titulo-conteudos'>Eventos - Cursos de Ci\u00eancias Sociais - UFSM<\/H2>\n          <div class='d-flex flex-column align-items-center justify-content-center py-4'>\n        <span class='text-muted fs-5 mb-2 d-flex align-items-center'>\n          <i class='fas fa-calendar-times fa-2x me-2'><\/i>\n          Nenhum evento futuro encontrado.\n        <\/span>\n        <a class='btn btn-outline-primary mt-2' href='https:\/\/www.ufsm.br\/cursos\/graduacao\/santa-maria\/ciencias-sociais\/busca\/?q=&orderby=date&order=DESC&perpage=15&area=eventos&sites%5B%5D=465'>\n          Confira os eventos j\u00e1 realizados\n          <i class='fas fa-arrow-right ms-2'><\/i>\n        <\/a>\n          <\/div>\n        \t\t<\/div>\n\t\t\t\t<\/div>\n\t\t\t\t<div class=\"elementor-element elementor-element-aa6f0e3 elementor-widget elementor-widget-wp-widget-ufsm_eventos_widget\" data-id=\"aa6f0e3\" data-element_type=\"widget\" data-widget_type=\"wp-widget-ufsm_eventos_widget.default\">\n\t\t\t\t<div class=\"elementor-widget-container\">\n\t\t\t<H2 class='titulo-conteudos'>Eventos<\/H2>\n          <div class='d-flex flex-column align-items-center justify-content-center py-4'>\n        <span class='text-muted fs-5 mb-2 d-flex align-items-center'>\n          <i class='fas fa-calendar-times fa-2x me-2'><\/i>\n          Nenhum evento futuro encontrado.\n        <\/span>\n        <a class='btn btn-outline-primary mt-2' href='https:\/\/www.ufsm.br\/cursos\/graduacao\/santa-maria\/ciencias-sociais\/busca\/?q=&orderby=date&order=DESC&perpage=15&area=eventos&sites%5B%5D=465'>\n          Confira os eventos j\u00e1 realizados\n          <i class='fas fa-arrow-right ms-2'><\/i>\n        <\/a>\n          <\/div>\n        \t\t<\/div>\n\t\t\t\t<\/div>\n\t\t\t\t\t<\/div>\n\t\t<\/div>\n\t\t\t\t\t<\/div>\n\t\t<\/section>\n\t\t\t\t<section class=\"elementor-section elementor-top-section elementor-element elementor-element-35cd1af elementor-section-boxed elementor-section-height-default elementor-section-height-default\" data-id=\"35cd1af\" data-element_type=\"section\">\n\t\t\t\t\t\t<div class=\"elementor-container elementor-column-gap-default\">\n\t\t\t\t\t<div class=\"elementor-column elementor-col-100 elementor-top-column elementor-element elementor-element-4ed8565\" data-id=\"4ed8565\" data-element_type=\"column\">\n\t\t\t<div class=\"elementor-widget-wrap elementor-element-populated\">\n\t\t\t\t\t\t<div class=\"elementor-element elementor-element-8d1f660 elementor-widget elementor-widget-wp-widget-ufsm_noticias_widget\" data-id=\"8d1f660\" data-element_type=\"widget\" data-widget_type=\"wp-widget-ufsm_noticias_widget.default\">\n\t\t\t\t<div class=\"elementor-widget-container\">\n\t\t\t<h5 class='titulo-conteudos'>Not\u00edcias UFSM<\/h5><div class='widget-noticias-inside'>\n                        <div class=\"row\">\n                                    <div class=\"col-12 col-lg-4 pb-4\">\n                                            <div class=\"noticias-widget-wrap\" style=\"height: 100px; overflow: hidden;\">\n                            <a title=\"Foto colorida horizontal de grupo de bailarinos no palco do Caixa Preta. As dan\u00e7arinas e os dan\u00e7arinos, em p\u00e9, fazem coreografias com quatro molduras com tamanho semelhante ao de portas. Alguns est\u00e3o com os corpos entrando e ou saindo molduras\" href=\"https:\/\/www.ufsm.br\/2026\/09\/04\/desapego\">\n                                <span class=\"visually-hidden\">\n                                    Foto colorida horizontal de grupo de bailarinos no palco do Caixa Preta. As dan\u00e7arinas e os dan\u00e7arinos, em p\u00e9, fazem coreografias com quatro molduras com tamanho semelhante ao de portas. Alguns est\u00e3o com os corpos entrando e ou saindo molduras                                <\/span>\n                                <div class=\"noticias-widget-thumbs h-100\">\n                                    <img decoding=\"async\" class=\"object-fit-cover h-100 w-100\" alt=\"\" srcset=\"https:\/\/www.ufsm.br\/app\/uploads\/2026\/09\/ESPETACULO_DESAPEGO_GIULIA_MAFFINI_013-300x169.jpg 300w, https:\/\/www.ufsm.br\/app\/uploads\/2026\/09\/ESPETACULO_DESAPEGO_GIULIA_MAFFINI_013-1024x576.jpg 1024w, https:\/\/www.ufsm.br\/app\/uploads\/2026\/09\/ESPETACULO_DESAPEGO_GIULIA_MAFFINI_013-768x432.jpg 768w, https:\/\/www.ufsm.br\/app\/uploads\/2026\/09\/ESPETACULO_DESAPEGO_GIULIA_MAFFINI_013-1536x864.jpg 1536w, https:\/\/www.ufsm.br\/app\/uploads\/2026\/09\/ESPETACULO_DESAPEGO_GIULIA_MAFFINI_013.jpg 1920w\" src=\"https:\/\/www.ufsm.br\/app\/uploads\/2026\/09\/ESPETACULO_DESAPEGO_GIULIA_MAFFINI_013-1024x576.jpg\"><\/img>\n                                <\/div>\n                            <\/a>\n                        <\/div>\n                                        \n                                        \n                    \n                    <a class=\"noticias-widget-title d-block  m-0 \"  title=\"Desapego: espet\u00e1culo\u00a0questiona press\u00f5es impostas pelos pap\u00e9is sociais\" href=\"https:\/\/www.ufsm.br\/2026\/09\/04\/desapego\">\n                                                Desapego: espet\u00e1culo\u00a0questiona press\u00f5es impostas pelos pap\u00e9is sociais                    <\/a>\n                    \n                    \n                                        \n                                        \n                                        <\/div>\n                                    <div class=\"col-12 col-lg-4 pb-4\">\n                                            <div class=\"noticias-widget-wrap\" style=\"height: 100px; overflow: hidden;\">\n                            <a title=\"Foto colorida horizontal registra uma paisagem de rio e de vegeta\u00e7\u00e3o da Amaz\u00f4nia. Em primeiro plano, h\u00e1 um pequeno curso de rio marrom com vegeta\u00e7\u00e3o rasteira \u00e0 sua margem, cercado por \u00e1rvores mais frondosas. \u00c0 direita, um pequeno barco de madeira est\u00e1 na margem do rio. Ao fundo, o curso de \u00e1gua se encontra com o rio, onde tamb\u00e9m \u00e9 poss\u00edvel observar outros barcos pequenos de madeira e casas simples. O c\u00e9u est\u00e1 parcialmente nublado, com a luz do sol atravessando as \u00e1rvores no canto superior esquerdo da imagem.\" href=\"https:\/\/www.ufsm.br\/2026\/09\/03\/ufsm-participa-de-estudo-internacional-sobre-ameacas-as-terras-indigenas-na-amazonia\">\n                                <span class=\"visually-hidden\">\n                                    Foto colorida horizontal registra uma paisagem de rio e de vegeta\u00e7\u00e3o da Amaz\u00f4nia. Em primeiro plano, h\u00e1 um pequeno curso de rio marrom com vegeta\u00e7\u00e3o rasteira \u00e0 sua margem, cercado por \u00e1rvores mais frondosas. \u00c0 direita, um pequeno barco de madeira est\u00e1 na margem do rio. Ao fundo, o curso de \u00e1gua se encontra com o rio, onde tamb\u00e9m \u00e9 poss\u00edvel observar outros barcos pequenos de madeira e casas simples. O c\u00e9u est\u00e1 parcialmente nublado, com a luz do sol atravessando as \u00e1rvores no canto superior esquerdo da imagem.                                <\/span>\n                                <div class=\"noticias-widget-thumbs h-100\">\n                                    <img decoding=\"async\" class=\"object-fit-cover h-100 w-100\" alt=\"\" srcset=\"https:\/\/www.ufsm.br\/app\/uploads\/2026\/09\/Vale-do-Javari-acervo-pessoal-de-gabriel-de-oliveira-e-erin-koster-300x169.jpg 300w, https:\/\/www.ufsm.br\/app\/uploads\/2026\/09\/Vale-do-Javari-acervo-pessoal-de-gabriel-de-oliveira-e-erin-koster-1024x576.jpg 1024w, https:\/\/www.ufsm.br\/app\/uploads\/2026\/09\/Vale-do-Javari-acervo-pessoal-de-gabriel-de-oliveira-e-erin-koster-768x432.jpg 768w, https:\/\/www.ufsm.br\/app\/uploads\/2026\/09\/Vale-do-Javari-acervo-pessoal-de-gabriel-de-oliveira-e-erin-koster.jpg 1500w\" src=\"https:\/\/www.ufsm.br\/app\/uploads\/2026\/09\/Vale-do-Javari-acervo-pessoal-de-gabriel-de-oliveira-e-erin-koster-1024x576.jpg\"><\/img>\n                                <\/div>\n                            <\/a>\n                        <\/div>\n                                        \n                                        \n                    \n                    <a class=\"noticias-widget-title d-block  m-0 \"  title=\"UFSM participa de estudo internacional sobre amea\u00e7as \u00e0s terras ind\u00edgenas na Amaz\u00f4nia\" href=\"https:\/\/www.ufsm.br\/2026\/09\/03\/ufsm-participa-de-estudo-internacional-sobre-ameacas-as-terras-indigenas-na-amazonia\">\n                                                UFSM participa de estudo internacional sobre amea\u00e7as \u00e0s terras ind\u00edgenas na Amaz\u00f4nia                    <\/a>\n                    \n                    \n                                        \n                                        \n                                        <\/div>\n                                    <div class=\"col-12 col-lg-4 pb-4\">\n                                            <div class=\"noticias-widget-wrap\" style=\"height: 100px; overflow: hidden;\">\n                            <a title=\"\" href=\"https:\/\/www.ufsm.br\/2026\/09\/02\/basquete-feminino-da-ufsm-conquista-a-medalha-de-bronze-nos-jogos-universitarios-brasileiros-de-2026\">\n                                <span class=\"visually-hidden\">\n                                    Basquete feminino da UFSM conquista a medalha de bronze nos Jogos Universit\u00e1rios Brasileiros de 2026                                <\/span>\n                                <div class=\"noticias-widget-thumbs h-100\">\n                                    <img decoding=\"async\" class=\"object-fit-cover h-100 w-100\" alt=\"\" srcset=\"https:\/\/www.ufsm.br\/app\/uploads\/2026\/09\/DSC_1076.JPG-1-300x200.jpeg 300w, https:\/\/www.ufsm.br\/app\/uploads\/2026\/09\/DSC_1076.JPG-1-1024x683.jpeg 1024w, https:\/\/www.ufsm.br\/app\/uploads\/2026\/09\/DSC_1076.JPG-1-768x512.jpeg 768w, https:\/\/www.ufsm.br\/app\/uploads\/2026\/09\/DSC_1076.JPG-1-1536x1024.jpeg 1536w, https:\/\/www.ufsm.br\/app\/uploads\/2026\/09\/DSC_1076.JPG-1-272x182.jpeg 272w, https:\/\/www.ufsm.br\/app\/uploads\/2026\/09\/DSC_1076.JPG-1.jpeg 1920w\" src=\"https:\/\/www.ufsm.br\/app\/uploads\/2026\/09\/DSC_1076.JPG-1-1024x683.jpeg\"><\/img>\n                                <\/div>\n                            <\/a>\n                        <\/div>\n                                        \n                                        \n                    \n                    <a class=\"noticias-widget-title d-block  m-0 \"  title=\"Basquete feminino da UFSM conquista a medalha de bronze nos Jogos Universit\u00e1rios Brasileiros de 2026\" href=\"https:\/\/www.ufsm.br\/2026\/09\/02\/basquete-feminino-da-ufsm-conquista-a-medalha-de-bronze-nos-jogos-universitarios-brasileiros-de-2026\">\n                                                Basquete feminino da UFSM conquista a medalha de bronze nos Jogos Universit\u00e1rios Brasileiros de 2026                    <\/a>\n                    \n                    \n                                        \n                                        \n                                        <\/div>\n                            <\/div>\n                    <div class=\"row\">\n                                    <div class=\"col-12 col-lg-4 pb-4\">\n                                            <div class=\"noticias-widget-wrap\" style=\"height: 100px; overflow: hidden;\">\n                            <a title=\"\" href=\"https:\/\/www.ufsm.br\/2026\/09\/02\/queimadas-na-amazonia-ajudam-a-explicar-impactos-dos-aerossois-na-atmosfera-do-sul-do-brasil\">\n                                <span class=\"visually-hidden\">\n                                    Queimadas na Amaz\u00f4nia ajudam a explicar impactos dos aeross\u00f3is na atmosfera do Sul do Brasil                                <\/span>\n                                <div class=\"noticias-widget-thumbs h-100\">\n                                    <img decoding=\"async\" class=\"object-fit-cover h-100 w-100\" alt=\"\" srcset=\"https:\/\/www.ufsm.br\/app\/uploads\/2026\/09\/WhatsApp-Image-2026-08-28-at-19.24.18-3-300x225.jpeg 300w, https:\/\/www.ufsm.br\/app\/uploads\/2026\/09\/WhatsApp-Image-2026-08-28-at-19.24.18-3-1024x768.jpeg 1024w, https:\/\/www.ufsm.br\/app\/uploads\/2026\/09\/WhatsApp-Image-2026-08-28-at-19.24.18-3-768x576.jpeg 768w, https:\/\/www.ufsm.br\/app\/uploads\/2026\/09\/WhatsApp-Image-2026-08-28-at-19.24.18-3-1536x1152.jpeg 1536w, https:\/\/www.ufsm.br\/app\/uploads\/2026\/09\/WhatsApp-Image-2026-08-28-at-19.24.18-3.jpeg 1600w\" src=\"https:\/\/www.ufsm.br\/app\/uploads\/2026\/09\/WhatsApp-Image-2026-08-28-at-19.24.18-3-1024x768.jpeg\"><\/img>\n                                <\/div>\n                            <\/a>\n                        <\/div>\n                                        \n                                        \n                    \n                    <a class=\"noticias-widget-title d-block  m-0 \"  title=\"Queimadas na Amaz\u00f4nia ajudam a explicar impactos dos aeross\u00f3is na atmosfera do Sul do Brasil\" href=\"https:\/\/www.ufsm.br\/2026\/09\/02\/queimadas-na-amazonia-ajudam-a-explicar-impactos-dos-aerossois-na-atmosfera-do-sul-do-brasil\">\n                                                Queimadas na Amaz\u00f4nia ajudam a explicar impactos dos aeross\u00f3is na atmosfera do Sul do Brasil                    <\/a>\n                    \n                    \n                                        \n                                        \n                                        <\/div>\n                                    <div class=\"col-12 col-lg-4 pb-4\">\n                                            <div class=\"noticias-widget-wrap\" style=\"height: 100px; overflow: hidden;\">\n                            <a title=\"\" href=\"https:\/\/www.ufsm.br\/2026\/09\/01\/serie-de-encontros-aborda-a-construcao-do-novo-pdi-da-ufsm-e-o-ensino-superior-na-sociedade\">\n                                <span class=\"visually-hidden\">\n                                    S\u00e9rie de encontros aborda a constru\u00e7\u00e3o do novo PDI da UFSM e o ensino superior na sociedade                                <\/span>\n                                <div class=\"noticias-widget-thumbs h-100\">\n                                    <img decoding=\"async\" class=\"object-fit-cover h-100 w-100\" alt=\"\" srcset=\"https:\/\/www.ufsm.br\/app\/uploads\/2026\/09\/GESTAO_E_DESENVOLVIMENTO_DA_UNIVERSIDADE_DEMOCRATICA_MATHIAS_ILNICKI_008-300x200.jpg 300w, https:\/\/www.ufsm.br\/app\/uploads\/2026\/09\/GESTAO_E_DESENVOLVIMENTO_DA_UNIVERSIDADE_DEMOCRATICA_MATHIAS_ILNICKI_008-1024x683.jpg 1024w, https:\/\/www.ufsm.br\/app\/uploads\/2026\/09\/GESTAO_E_DESENVOLVIMENTO_DA_UNIVERSIDADE_DEMOCRATICA_MATHIAS_ILNICKI_008-768x512.jpg 768w, https:\/\/www.ufsm.br\/app\/uploads\/2026\/09\/GESTAO_E_DESENVOLVIMENTO_DA_UNIVERSIDADE_DEMOCRATICA_MATHIAS_ILNICKI_008-1536x1024.jpg 1536w, https:\/\/www.ufsm.br\/app\/uploads\/2026\/09\/GESTAO_E_DESENVOLVIMENTO_DA_UNIVERSIDADE_DEMOCRATICA_MATHIAS_ILNICKI_008-272x182.jpg 272w, https:\/\/www.ufsm.br\/app\/uploads\/2026\/09\/GESTAO_E_DESENVOLVIMENTO_DA_UNIVERSIDADE_DEMOCRATICA_MATHIAS_ILNICKI_008.jpg 1920w\" src=\"https:\/\/www.ufsm.br\/app\/uploads\/2026\/09\/GESTAO_E_DESENVOLVIMENTO_DA_UNIVERSIDADE_DEMOCRATICA_MATHIAS_ILNICKI_008-1024x683.jpg\"><\/img>\n                                <\/div>\n                            <\/a>\n                        <\/div>\n                                        \n                                        \n                    \n                    <a class=\"noticias-widget-title d-block  m-0 \"  title=\"S\u00e9rie de encontros aborda a constru\u00e7\u00e3o do novo PDI da UFSM e o ensino superior na sociedade\" href=\"https:\/\/www.ufsm.br\/2026\/09\/01\/serie-de-encontros-aborda-a-construcao-do-novo-pdi-da-ufsm-e-o-ensino-superior-na-sociedade\">\n                                                S\u00e9rie de encontros aborda a constru\u00e7\u00e3o do novo PDI da UFSM e o ensino superior na sociedade                    <\/a>\n                    \n                    \n                                        \n                                        \n                                        <\/div>\n                                    <div class=\"col-12 col-lg-4 pb-4\">\n                                            <div class=\"noticias-widget-wrap\" style=\"height: 100px; overflow: hidden;\">\n                            <a title=\"\" href=\"https:\/\/www.ufsm.br\/2026\/09\/01\/docentes-da-ufsm-conquistam-o-premio-o-futuro-da-terra-do-jornal-do-comercio\">\n                                <span class=\"visually-hidden\">\n                                    Docentes da UFSM conquistam o pr\u00eamio \u201cO Futuro da Terra\u201d na Expointer                                <\/span>\n                                <div class=\"noticias-widget-thumbs h-100\">\n                                    <img decoding=\"async\" class=\"object-fit-cover h-100 w-100\" alt=\"\" srcset=\"https:\/\/www.ufsm.br\/app\/uploads\/2026\/09\/FUTURO_DA_TERRA_GIULIA_MAFFINI_006-300x200.jpg 300w, https:\/\/www.ufsm.br\/app\/uploads\/2026\/09\/FUTURO_DA_TERRA_GIULIA_MAFFINI_006-1024x683.jpg 1024w, https:\/\/www.ufsm.br\/app\/uploads\/2026\/09\/FUTURO_DA_TERRA_GIULIA_MAFFINI_006-768x512.jpg 768w, https:\/\/www.ufsm.br\/app\/uploads\/2026\/09\/FUTURO_DA_TERRA_GIULIA_MAFFINI_006-1536x1024.jpg 1536w, https:\/\/www.ufsm.br\/app\/uploads\/2026\/09\/FUTURO_DA_TERRA_GIULIA_MAFFINI_006-272x182.jpg 272w, https:\/\/www.ufsm.br\/app\/uploads\/2026\/09\/FUTURO_DA_TERRA_GIULIA_MAFFINI_006.jpg 1920w\" src=\"https:\/\/www.ufsm.br\/app\/uploads\/2026\/09\/FUTURO_DA_TERRA_GIULIA_MAFFINI_006-1024x683.jpg\"><\/img>\n                                <\/div>\n                            <\/a>\n                        <\/div>\n                                        \n                                        \n                    \n                    <a class=\"noticias-widget-title d-block  m-0 \"  title=\"Docentes da UFSM conquistam o pr\u00eamio \u201cO Futuro da Terra\u201d na Expointer\" href=\"https:\/\/www.ufsm.br\/2026\/09\/01\/docentes-da-ufsm-conquistam-o-premio-o-futuro-da-terra-do-jornal-do-comercio\">\n                                                Docentes da UFSM conquistam o pr\u00eamio \u201cO Futuro da Terra\u201d na Expointer                    <\/a>\n                    \n                    \n                                        \n                                        \n                                        <\/div>\n                            <\/div>\n            <\/div>\n\t\t<\/div>\n\t\t\t\t<\/div>\n\t\t\t\t\t<\/div>\n\t\t<\/div>\n\t\t\t\t\t<\/div>\n\t\t<\/section>\n\t\t\t\t<section class=\"elementor-section elementor-top-section elementor-element elementor-element-3ab4a2e elementor-section-boxed elementor-section-height-default elementor-section-height-default\" data-id=\"3ab4a2e\" data-element_type=\"section\">\n\t\t\t\t\t\t<div class=\"elementor-container elementor-column-gap-default\">\n\t\t\t\t\t<div class=\"elementor-column elementor-col-33 elementor-top-column elementor-element elementor-element-3683579\" data-id=\"3683579\" data-element_type=\"column\">\n\t\t\t<div class=\"elementor-widget-wrap elementor-element-populated\">\n\t\t\t\t\t\t<div class=\"elementor-element elementor-element-7bd96ab elementor-widget elementor-widget-wp-widget-ufsm_facebook_widget\" data-id=\"7bd96ab\" data-element_type=\"widget\" data-widget_type=\"wp-widget-ufsm_facebook_widget.default\">\n\t\t\t\t<div class=\"elementor-widget-container\">\n\t\t\t\n        <div id=\"fb-root\"><\/div>\n        <script>(function(d, s, id) {\n        var js, fjs = d.getElementsByTagName(s)[0];\n        if (d.getElementById(id)) return;\n        js = d.createElement(s); js.id = id;\n        js.src = 'https:\/\/connect.facebook.net\/pt_BR\/sdk.js#xfbml=1&version=v2.12';\n        fjs.parentNode.insertBefore(js, fjs);\n        }(document, 'script', 'facebook-jssdk'));<\/script>\n\n        <div class=\"fb-page\" data-href=\"https:\/\/www.facebook.com\/lcsociaisufsm\" data-tabs=\"timeline\" data-small-header=\"true\" data-adapt-container-width=\"true\" data-hide-cover=\"false\" data-show-facepile=\"false\"><blockquote cite=\"https:\/\/www.facebook.com\/lcsociaisufsm\" class=\"fb-xfbml-parse-ignore\"><a href=\"https:\/\/www.facebook.com\/lcsociaisufsm\">Facebook<\/a><\/blockquote><\/div>\n\n        \t\t<\/div>\n\t\t\t\t<\/div>\n\t\t\t\t\t<\/div>\n\t\t<\/div>\n\t\t\t\t<div class=\"elementor-column elementor-col-33 elementor-top-column elementor-element elementor-element-0949b60\" data-id=\"0949b60\" data-element_type=\"column\">\n\t\t\t<div class=\"elementor-widget-wrap elementor-element-populated\">\n\t\t\t\t\t\t<div class=\"elementor-element elementor-element-30e20a3 elementor-widget elementor-widget-wp-widget-ufsm_facebook_widget\" data-id=\"30e20a3\" data-element_type=\"widget\" data-widget_type=\"wp-widget-ufsm_facebook_widget.default\">\n\t\t\t\t<div class=\"elementor-widget-container\">\n\t\t\t\n        <div id=\"fb-root\"><\/div>\n        <script>(function(d, s, id) {\n        var js, fjs = d.getElementsByTagName(s)[0];\n        if (d.getElementById(id)) return;\n        js = d.createElement(s); js.id = id;\n        js.src = 'https:\/\/connect.facebook.net\/pt_BR\/sdk.js#xfbml=1&version=v2.12';\n        fjs.parentNode.insertBefore(js, fjs);\n        }(document, 'script', 'facebook-jssdk'));<\/script>\n\n        <div class=\"fb-page\" data-href=\"https:\/\/www.facebook.com\/dacsufsm\" data-tabs=\"timeline\" data-small-header=\"true\" data-adapt-container-width=\"true\" data-hide-cover=\"false\" data-show-facepile=\"false\"><blockquote cite=\"https:\/\/www.facebook.com\/dacsufsm\" class=\"fb-xfbml-parse-ignore\"><a href=\"https:\/\/www.facebook.com\/dacsufsm\">Facebook<\/a><\/blockquote><\/div>\n\n        \t\t<\/div>\n\t\t\t\t<\/div>\n\t\t\t\t\t<\/div>\n\t\t<\/div>\n\t\t\t\t<div class=\"elementor-column elementor-col-33 elementor-top-column elementor-element elementor-element-69e80c5\" data-id=\"69e80c5\" data-element_type=\"column\">\n\t\t\t<div class=\"elementor-widget-wrap elementor-element-populated\">\n\t\t\t\t\t\t<div class=\"elementor-element elementor-element-5fd0b85 elementor-widget elementor-widget-wp-widget-ufsm_facebook_widget\" data-id=\"5fd0b85\" data-element_type=\"widget\" data-widget_type=\"wp-widget-ufsm_facebook_widget.default\">\n\t\t\t\t<div class=\"elementor-widget-container\">\n\t\t\t\n        <div id=\"fb-root\"><\/div>\n        <script>(function(d, s, id) {\n        var js, fjs = d.getElementsByTagName(s)[0];\n        if (d.getElementById(id)) return;\n        js = d.createElement(s); js.id = id;\n        js.src = 'https:\/\/connect.facebook.net\/pt_BR\/sdk.js#xfbml=1&version=v2.12';\n        fjs.parentNode.insertBefore(js, fjs);\n        }(document, 'script', 'facebook-jssdk'));<\/script>\n\n        <div class=\"fb-page\" data-href=\"https:\/\/www.facebook.com\/cienciassociais.ufsm\/\" data-tabs=\"timeline\" data-small-header=\"true\" data-adapt-container-width=\"true\" data-hide-cover=\"false\" data-show-facepile=\"false\"><blockquote cite=\"https:\/\/www.facebook.com\/cienciassociais.ufsm\/\" class=\"fb-xfbml-parse-ignore\"><a href=\"https:\/\/www.facebook.com\/cienciassociais.ufsm\/\">Facebook<\/a><\/blockquote><\/div>\n\n        \t\t<\/div>\n\t\t\t\t<\/div>\n\t\t\t\t\t<\/div>\n\t\t<\/div>\n\t\t\t\t\t<\/div>\n\t\t<\/section>\n\t\t\t\t<\/div>\n\t\t","protected":false},"excerpt":{"rendered":"<p>Apresenta\u00e7\u00e3o Calend\u00e1rio Acad\u00eamico Est\u00e1gio Obrigat\u00f3rio Hor\u00e1rios Bacharelado2\u00b0 Semestre 2026 Est\u00e1gio N\u00e3o-Obrigat\u00f3rio Hor\u00e1rios Licenciatura 2\u00b0 Semestre 2026 Calend\u00e1rio de Defesas Guia acad\u00eamico P\u00f3s-Gradua\u00e7\u00e3o em Ci\u00eancias Sociais &#8211; PPGCS Facebook Instagram Instagram Youtube Calend\u00e1rio de Defesas de TCC<\/p>\n","protected":false},"author":8,"featured_media":0,"parent":0,"menu_order":0,"comment_status":"closed","ping_status":"closed","template":"","meta":{"footnotes":""},"categories":[],"tags":[],"class_list":["post-5","page","type-page","status-publish","hentry"],"acf":[],"_links":{"self":[{"href":"https:\/\/www.ufsm.br\/cursos\/graduacao\/santa-maria\/ciencias-sociais\/wp-json\/wp\/v2\/pages\/5","targetHints":{"allow":["GET"]}}],"collection":[{"href":"https:\/\/www.ufsm.br\/cursos\/graduacao\/santa-maria\/ciencias-sociais\/wp-json\/wp\/v2\/pages"}],"about":[{"href":"https:\/\/www.ufsm.br\/cursos\/graduacao\/santa-maria\/ciencias-sociais\/wp-json\/wp\/v2\/types\/page"}],"author":[{"embeddable":true,"href":"https:\/\/www.ufsm.br\/cursos\/graduacao\/santa-maria\/ciencias-sociais\/wp-json\/wp\/v2\/users\/8"}],"replies":[{"embeddable":true,"href":"https:\/\/www.ufsm.br\/cursos\/graduacao\/santa-maria\/ciencias-sociais\/wp-json\/wp\/v2\/comments?post=5"}],"version-history":[{"count":0,"href":"https:\/\/www.ufsm.br\/cursos\/graduacao\/santa-maria\/ciencias-sociais\/wp-json\/wp\/v2\/pages\/5\/revisions"}],"wp:attachment":[{"href":"https:\/\/www.ufsm.br\/cursos\/graduacao\/santa-maria\/ciencias-sociais\/wp-json\/wp\/v2\/media?parent=5"}],"wp:term":[{"taxonomy":"category","embeddable":true,"href":"https:\/\/www.ufsm.br\/cursos\/graduacao\/santa-maria\/ciencias-sociais\/wp-json\/wp\/v2\/categories?post=5"},{"taxonomy":"post_tag","embeddable":true,"href":"https:\/\/www.ufsm.br\/cursos\/graduacao\/santa-maria\/ciencias-sociais\/wp-json\/wp\/v2\/tags?post=5"}],"curies":[{"name":"wp","href":"https:\/\/api.w.org\/{rel}","templated":true}]}}