{"id":5,"date":"2018-01-18T08:39:17","date_gmt":"2018-01-18T10:39:17","guid":{"rendered":"https:\/\/www.ufsm.br\/cursos\/graduacao\/nutricao\/12352\/?page_id=5"},"modified":"2026-07-31T17:12:27","modified_gmt":"2026-07-31T20:12:27","slug":"pagina-inicial","status":"publish","type":"page","link":"https:\/\/www.ufsm.br\/cursos\/graduacao\/santa-maria\/filosofia\/","title":{"rendered":"P\u00e1gina Inicial"},"content":{"rendered":"\t\t<div data-elementor-type=\"wp-post\" data-elementor-id=\"5\" class=\"elementor elementor-5\">\n\t\t\t\t\t\t<section class=\"elementor-section elementor-top-section elementor-element elementor-element-f6a61e1 elementor-section-boxed elementor-section-height-default elementor-section-height-default elementor-invisible\" data-id=\"f6a61e1\" data-element_type=\"section\" data-settings=\"{&quot;animation&quot;:&quot;fadeIn&quot;}\">\n\t\t\t\t\t\t<div class=\"elementor-container elementor-column-gap-default\">\n\t\t\t\t\t<div class=\"elementor-column elementor-col-100 elementor-top-column elementor-element elementor-element-81ce27f\" data-id=\"81ce27f\" data-element_type=\"column\">\n\t\t\t<div class=\"elementor-widget-wrap elementor-element-populated\">\n\t\t\t\t\t\t<div class=\"elementor-element elementor-element-8d1f660 elementor-invisible elementor-widget elementor-widget-wp-widget-ufsm_noticias_widget\" data-id=\"8d1f660\" data-element_type=\"widget\" data-settings=\"{&quot;_animation&quot;:&quot;fadeIn&quot;}\" data-widget_type=\"wp-widget-ufsm_noticias_widget.default\">\n\t\t\t\t<div class=\"elementor-widget-container\">\n\t\t\t<div id='ufsm-carousel-1788608528-1317174367' class='carousel slide carousel-ufsm' data-bs-ride='carousel' aria-hidden='true'>\n    <div class='carousel-inner'>\n                    \n\n            <div class='carousel-item active' data-bs-interval='4000'>\n                                    <!-- Slider Image -->\n                    <img class='w-100'  style='max-height:250px; object-fit:cover;' alt=\"\" srcset=\"https:\/\/www.ufsm.br\/app\/uploads\/sites\/464\/2019\/03\/Logo-Filo-Site-2-300x100.jpg 300w, https:\/\/www.ufsm.br\/app\/uploads\/sites\/464\/2019\/03\/Logo-Filo-Site-2-768x257.jpg 768w, https:\/\/www.ufsm.br\/app\/uploads\/sites\/464\/2019\/03\/Logo-Filo-Site-2.jpg 875w\">\n                \n                \n                                                            <\/div>\n                    <!-- Exibi Indicadores -->\n            <\/div>\n<\/div>\n<!-- Acessibilidade, apenas leitor de tela -->\n<ul class='visually-hidden'>\n    <li><a href='https:\/\/www.ufsm.br\/cursos\/graduacao\/santa-maria\/filosofia\/2018\/12\/28\/banner'>Banner Imagem 1<\/a><\/li><\/ul>\n\t\t<\/div>\n\t\t\t\t<\/div>\n\t\t\t\t\t<\/div>\n\t\t<\/div>\n\t\t\t\t\t<\/div>\n\t\t<\/section>\n\t\t\t\t<section class=\"elementor-section elementor-top-section elementor-element elementor-element-e5bcc64 elementor-section-boxed elementor-section-height-default elementor-section-height-default\" data-id=\"e5bcc64\" data-element_type=\"section\">\n\t\t\t\t\t\t<div class=\"elementor-container elementor-column-gap-default\">\n\t\t\t\t\t<div class=\"elementor-column elementor-col-100 elementor-top-column elementor-element elementor-element-c09ac3d\" data-id=\"c09ac3d\" data-element_type=\"column\">\n\t\t\t<div class=\"elementor-widget-wrap elementor-element-populated\">\n\t\t\t\t\t\t<div class=\"elementor-element elementor-element-9bf8518 elementor-widget elementor-widget-heading\" data-id=\"9bf8518\" data-element_type=\"widget\" data-widget_type=\"heading.default\">\n\t\t\t\t<div class=\"elementor-widget-container\">\n\t\t\t<h5 class=\"elementor-heading-title elementor-size-default\">Apresenta\u00e7\u00e3o<\/h5>\t\t<\/div>\n\t\t\t\t<\/div>\n\t\t\t\t\t<\/div>\n\t\t<\/div>\n\t\t\t\t\t<\/div>\n\t\t<\/section>\n\t\t\t\t<section class=\"elementor-section elementor-top-section elementor-element elementor-element-309657c elementor-section-boxed elementor-section-height-default elementor-section-height-default\" data-id=\"309657c\" data-element_type=\"section\">\n\t\t\t\t\t\t<div class=\"elementor-container elementor-column-gap-default\">\n\t\t\t\t\t<div class=\"elementor-column elementor-col-100 elementor-top-column elementor-element elementor-element-cbb7d56\" data-id=\"cbb7d56\" data-element_type=\"column\">\n\t\t\t<div class=\"elementor-widget-wrap elementor-element-populated\">\n\t\t\t\t\t\t<div class=\"elementor-element elementor-element-c0216f7 elementor-widget elementor-widget-text-editor\" data-id=\"c0216f7\" data-element_type=\"widget\" data-widget_type=\"text-editor.default\">\n\t\t\t\t<div class=\"elementor-widget-container\">\n\t\t\t\t\t\t\t<p>\u00a0\u00a0\u00a0\u00a0\u00a0 <span style=\"color: #000000\">A Filosofia \u00e9 uma \u00e1rea da cultura humana bastante singular, tanto por seus m\u00e9todos quanto pela natureza e amplitude de seus temas. Ela pode ser aplicada em todos os campos do saber e em todas as dimens\u00f5es da vida humana. Poderia ser apresentada como uma busca racional de verdades fundamentais, como a procura por compreens\u00e3o e sentido, e como uma investiga\u00e7\u00e3o dos princ\u00edpios e dos valores importantes para o agir humano.<\/span><\/p>\n<p><span style=\"color: #000000\">\u00a0\u00a0\u00a0\u00a0 Os cursos de filosofia da UFSM visam \u00e0 forma\u00e7\u00e3o de profissionais com dom\u00ednio sobre as habilidades e compet\u00eancias necess\u00e1rias \u00e0 pesquisa e \u00e0 avalia\u00e7\u00e3o de ideias e argumentos, bem como o desenvolvimento da capacidade de an\u00e1lise cr\u00edtica dos graduandos. Al\u00e9m disso, buscam desenvolver nos alunos a capacidade de an\u00e1lise hist\u00f3rica e sistem\u00e1tica de conceitos e a compreens\u00e3o dos grandes temas filos\u00f3ficos.\u00a0<\/span><\/p>\n<p><span style=\"color: #000000\">\u00a0\u00a0\u00a0\u00a0 Enquanto o Curso de Filosofia &#8211; Licenciatura Plena se orienta preponderantemente a formar docentes para a educa\u00e7\u00e3o b\u00e1sica, muito embora n\u00e3o exclua a forma\u00e7\u00e3o para a pesquisa em filosofia e o acesso aos n\u00edveis de p\u00f3s-gradua\u00e7\u00e3o, o Curso de Bacharelado em Filosofia &#8211; Noturno presta especial aten\u00e7\u00e3o \u00e0 forma\u00e7\u00e3o de pesquisadores interessados no ingresso em cursos de p\u00f3s-gradua\u00e7\u00e3o em filosofia a ao magist\u00e9rio superior.<\/span><\/p>\t\t\t\t\t\t<\/div>\n\t\t\t\t<\/div>\n\t\t\t\t\t<\/div>\n\t\t<\/div>\n\t\t\t\t\t<\/div>\n\t\t<\/section>\n\t\t\t\t<section class=\"elementor-section elementor-top-section elementor-element elementor-element-71f1b01 elementor-section-boxed elementor-section-height-default elementor-section-height-default\" data-id=\"71f1b01\" data-element_type=\"section\">\n\t\t\t\t\t\t<div class=\"elementor-container elementor-column-gap-default\">\n\t\t\t\t\t<div class=\"elementor-column elementor-col-100 elementor-top-column elementor-element elementor-element-c711c96\" data-id=\"c711c96\" data-element_type=\"column\">\n\t\t\t<div class=\"elementor-widget-wrap elementor-element-populated\">\n\t\t\t\t\t\t<div class=\"elementor-element elementor-element-32089a5 elementor-widget elementor-widget-text-editor\" data-id=\"32089a5\" data-element_type=\"widget\" data-widget_type=\"text-editor.default\">\n\t\t\t\t<div class=\"elementor-widget-container\">\n\t\t\t\t\t\t\t<p><div class=\"accordion\" id=\"accordion-cursos-informacoes-gerais\">\n                <div class=\"accordion-item\">\n                <h2 class=\"accordion-header\" id=\"accordion-cursos-informacoes-gerais-collapse-heading-1192\">\n                    <button class=\"accordion-button collapsed\" type=\"button\" data-bs-toggle=\"collapse\" data-bs-target=\"#accordion-cursos-informacoes-gerais-collapse-1192\" aria-expanded=\"false\" aria-controls=\"accordion-cursos-informacoes-gerais-collapse-1192\">\n                        Bacharelado em Filosofia &#8211; Noturno                    <\/button>\n                <\/h2>\n                <div id=\"accordion-cursos-informacoes-gerais-collapse-1192\" class=\"collapse \" aria-labelledby=\"accordion-cursos-informacoes-gerais-collapse-heading-1192\"  data-bs-parent=\"#accordion-cursos-informacoes-gerais\">\n                                            <div class=\"accordion-body\"><div class='row'><div class='col-12 col-lg-9 pe-lg-1 align-self-center'><p>O curso de <b>Filosofia<\/b> est\u00e1 localizado em <b>Campus Camobi &#8211; UFSM<\/b> na modalidade <b>Bacharelado &#8211; Presencial<\/b>, sendo <b>Noturno<\/b> o seu turno de funcionamento. A \u00e1rea de conhecimento do curso \u00e9 classificada como <b>CI\u00caNCIAS HUMANAS<\/b>. Atualmente, a coordena\u00e7\u00e3o \u00e9 de responsabilidade de <b>EDUARDO RUTTKE VON SALTI\u00c9L<\/b>, a coordena\u00e7\u00e3o substituta de <b>SILVESTRE GRZIBOWSKI<\/b> e a secretaria de <b>GRAZIELA IN\u00caS JACOBY<\/b>.<\/p><p>O curso \u00e9 ofertado em per\u00edodo <b>Semestral<\/b>, sendo <b>8<\/b> o n\u00famero de per\u00edodos indicados para sua conclus\u00e3o.<\/p><p class='mt-3'>Reconhecido pela Portaria n. 515\/2013\/MEC, publicada no DOU, de 16\/10\/2013 e  Portaria n. 153\/2023\/MEC, publicada no DOU, de 22\/06\/2023.<\/p><\/div><div class='col-12 col-lg-3'><div class='row d-flex justify-content-around'><h3 class='visually-hidden'>Conceitos<\/h3><div class='col-12 col-md-4 col-lg-12 d-flex flex-column conceito-curso'><div class='flex-fill p-3 my-2 my-md-0 my-lg-1 mx-0 mx-md-2 mx-lg-0'><div class='text-center conceito-descricao'>Conceito de Curso (2012)<\/div><div class='text-center text-primary conceito-valor'>5<\/div><\/div><\/div><div class='col-12 col-md-4 col-lg-12 d-flex flex-column conceito-curso'><div class='flex-fill p-3 my-2 my-md-0 my-lg-1 mx-0 mx-md-2 mx-lg-0'><div class='text-center conceito-descricao'>Conceito Preliminar de Curso (2021)<\/div><div class='text-center text-primary conceito-valor'>4<\/div><\/div><\/div><div class='col-12 col-md-4 col-lg-12 d-flex flex-column conceito-curso'><div class='flex-fill p-3 my-2 my-md-0 my-lg-1 mx-0 mx-md-2 mx-lg-0'><div class='text-center conceito-descricao'>ENADE (2021)<\/div><div class='text-center text-primary conceito-valor'>3<\/div><\/div><\/div><\/div><\/div><\/div><\/div>\n                                    <\/div>\n            <\/div>\n                <div class=\"accordion-item\">\n                <h2 class=\"accordion-header\" id=\"accordion-cursos-informacoes-gerais-collapse-heading-843\">\n                    <button class=\"accordion-button collapsed\" type=\"button\" data-bs-toggle=\"collapse\" data-bs-target=\"#accordion-cursos-informacoes-gerais-collapse-843\" aria-expanded=\"false\" aria-controls=\"accordion-cursos-informacoes-gerais-collapse-843\">\n                        Filosofia &#8211; Licenciatura Plena                    <\/button>\n                <\/h2>\n                <div id=\"accordion-cursos-informacoes-gerais-collapse-843\" class=\"collapse \" aria-labelledby=\"accordion-cursos-informacoes-gerais-collapse-heading-843\"  data-bs-parent=\"#accordion-cursos-informacoes-gerais\">\n                                            <div class=\"accordion-body\"><div class='row'><div class='col-12 col-lg-9 pe-lg-1 align-self-center'><p>O curso de <b>Filosofia<\/b> est\u00e1 localizado em <b>Campus Camobi &#8211; UFSM<\/b> na modalidade <b>Licenciatura &#8211; Presencial<\/b>, sendo <b>Integral<\/b> o seu turno de funcionamento. A \u00e1rea de conhecimento do curso \u00e9 classificada como <b>CI\u00caNCIAS HUMANAS<\/b>. Atualmente, a coordena\u00e7\u00e3o \u00e9 de responsabilidade de <b>CAMILA PALHARES BARBOSA<\/b>, a coordena\u00e7\u00e3o substituta de <b>CARLOS AUGUSTO SARTORI<\/b> e a secretaria de <b>GRAZIELA IN\u00caS JACOBY<\/b>.<\/p><p>O curso \u00e9 ofertado em per\u00edodo <b>Semestral<\/b>, sendo <b>8<\/b> o n\u00famero de per\u00edodos indicados para sua conclus\u00e3o.<\/p><p class='mt-3'>Reconhecido nos termos da Lei Federal n. 3.958, de 22\/09\/1961 e Portaria n. 153\/2023\/MEC, publicado no DOU, de 22\/06\/2023.<\/p><\/div><div class='col-12 col-lg-3'><div class='row d-flex justify-content-around'><h3 class='visually-hidden'>Conceitos<\/h3><div class='col-12 col-md-4 col-lg-12 d-flex flex-column conceito-curso'><div class='flex-fill p-3 my-2 my-md-0 my-lg-1 mx-0 mx-md-2 mx-lg-0'><div class='text-center conceito-descricao'>Conceito de Curso (2004)<\/div><div class='text-center text-primary conceito-valor'>4<\/div><\/div><\/div><div class='col-12 col-md-4 col-lg-12 d-flex flex-column conceito-curso'><div class='flex-fill p-3 my-2 my-md-0 my-lg-1 mx-0 mx-md-2 mx-lg-0'><div class='text-center conceito-descricao'>Conceito Preliminar de Curso (2021)<\/div><div class='text-center text-primary conceito-valor'>4<\/div><\/div><\/div><div class='col-12 col-md-4 col-lg-12 d-flex flex-column conceito-curso'><div class='flex-fill p-3 my-2 my-md-0 my-lg-1 mx-0 mx-md-2 mx-lg-0'><div class='text-center conceito-descricao'>ENADE (2025)<\/div><div class='text-center text-primary conceito-valor'>4<\/div><\/div><\/div><\/div><\/div><\/div><\/div>\n                                    <\/div>\n            <\/div>\n    <\/div> \n<\/p>\t\t\t\t\t\t<\/div>\n\t\t\t\t<\/div>\n\t\t\t\t\t<\/div>\n\t\t<\/div>\n\t\t\t\t\t<\/div>\n\t\t<\/section>\n\t\t\t\t<section class=\"elementor-section elementor-top-section elementor-element elementor-element-7bec846 elementor-section-boxed elementor-section-height-default elementor-section-height-default\" data-id=\"7bec846\" data-element_type=\"section\">\n\t\t\t\t\t\t<div class=\"elementor-container elementor-column-gap-default\">\n\t\t\t\t\t<div class=\"elementor-column elementor-col-100 elementor-top-column elementor-element elementor-element-0f8b9dd\" data-id=\"0f8b9dd\" data-element_type=\"column\">\n\t\t\t<div class=\"elementor-widget-wrap elementor-element-populated\">\n\t\t\t\t\t\t<div class=\"elementor-element elementor-element-731100b elementor-position-top elementor-widget elementor-widget-image-box\" data-id=\"731100b\" data-element_type=\"widget\" data-widget_type=\"image-box.default\">\n\t\t\t\t<div class=\"elementor-widget-container\">\n\t\t\t<div class=\"elementor-image-box-wrapper\"><figure class=\"elementor-image-box-img\"><a href=\"https:\/\/www.ufsm.br\/cursos\/graduacao\/santa-maria\/filosofia?p=1495\" tabindex=\"-1\"><img fetchpriority=\"high\" decoding=\"async\" width=\"1710\" height=\"920\" src=\"https:\/\/www.ufsm.br\/app\/uploads\/sites\/464\/2026\/07\/LOGO-SITE.jpg\" class=\"attachment-full size-full wp-image-1497\" alt=\"\" srcset=\"https:\/\/www.ufsm.br\/app\/uploads\/sites\/464\/2026\/07\/LOGO-SITE.jpg 1710w, https:\/\/www.ufsm.br\/app\/uploads\/sites\/464\/2026\/07\/LOGO-SITE-300x161.jpg 300w, https:\/\/www.ufsm.br\/app\/uploads\/sites\/464\/2026\/07\/LOGO-SITE-1024x551.jpg 1024w, https:\/\/www.ufsm.br\/app\/uploads\/sites\/464\/2026\/07\/LOGO-SITE-768x413.jpg 768w, https:\/\/www.ufsm.br\/app\/uploads\/sites\/464\/2026\/07\/LOGO-SITE-1536x826.jpg 1536w\" sizes=\"(max-width: 1710px) 100vw, 1710px\" \/><\/a><\/figure><div class=\"elementor-image-box-content\"><h3 class=\"elementor-image-box-title\"><a href=\"https:\/\/www.ufsm.br\/cursos\/graduacao\/santa-maria\/filosofia?p=1495\">Clique aqui para informa\u00e7\u00f5es sobre a Turma do PRILEI<\/a><\/h3><\/div><\/div>\t\t<\/div>\n\t\t\t\t<\/div>\n\t\t\t\t\t<\/div>\n\t\t<\/div>\n\t\t\t\t\t<\/div>\n\t\t<\/section>\n\t\t\t\t<section class=\"elementor-section elementor-top-section elementor-element elementor-element-1647255 elementor-section-boxed elementor-section-height-default elementor-section-height-default\" data-id=\"1647255\" data-element_type=\"section\">\n\t\t\t\t\t\t<div class=\"elementor-container elementor-column-gap-default\">\n\t\t\t\t\t<div class=\"elementor-column elementor-col-50 elementor-top-column elementor-element elementor-element-5cf1dc3\" data-id=\"5cf1dc3\" data-element_type=\"column\">\n\t\t\t<div class=\"elementor-widget-wrap elementor-element-populated\">\n\t\t\t\t\t\t<div class=\"elementor-element elementor-element-1bebb4d elementor-widget elementor-widget-image\" data-id=\"1bebb4d\" data-element_type=\"widget\" data-widget_type=\"image.default\">\n\t\t\t\t<div class=\"elementor-widget-container\">\n\t\t\t\t\t\t\t\t\t\t\t\t\t\t<a href=\"https:\/\/www.ufsm.br\/cursos\/graduacao\/santa-maria\/filosofia\/duvidas-frequentes\">\n\t\t\t\t\t\t\t<img decoding=\"async\" src=\"https:\/\/www.ufsm.br\/app\/uploads\/sites\/464\/elementor\/thumbs\/tutoriais-e-documentos-1-q3nt1jmqxaidh2bo530zayeexob7nxi14hp2vfcqis.png\" title=\"tutoriais e documentos (1)\" alt=\"tutoriais e documentos (1)\" loading=\"lazy\" \/>\t\t\t\t\t\t\t\t<\/a>\n\t\t\t\t\t\t\t\t\t\t\t\t\t<\/div>\n\t\t\t\t<\/div>\n\t\t\t\t\t<\/div>\n\t\t<\/div>\n\t\t\t\t<div class=\"elementor-column elementor-col-50 elementor-top-column elementor-element elementor-element-37cf72d\" data-id=\"37cf72d\" data-element_type=\"column\">\n\t\t\t<div class=\"elementor-widget-wrap elementor-element-populated\">\n\t\t\t\t\t\t<div class=\"elementor-element elementor-element-15284d8 elementor-widget elementor-widget-image\" data-id=\"15284d8\" data-element_type=\"widget\" data-widget_type=\"image.default\">\n\t\t\t\t<div class=\"elementor-widget-container\">\n\t\t\t\t\t\t\t\t\t\t\t\t\t\t<a href=\"https:\/\/www.ufsm.br\/cursos\/graduacao\/santa-maria\/filosofia\/tutoriais\">\n\t\t\t\t\t\t\t<img decoding=\"async\" src=\"https:\/\/www.ufsm.br\/app\/uploads\/sites\/464\/elementor\/thumbs\/tutoriais-e-documentos-q3nt274po5ejjbdjbv6njagxsb3e0d3bjq07vcdw78.png\" title=\"tutoriais e documentos\" alt=\"tutoriais e documentos\" loading=\"lazy\" \/>\t\t\t\t\t\t\t\t<\/a>\n\t\t\t\t\t\t\t\t\t\t\t\t\t<\/div>\n\t\t\t\t<\/div>\n\t\t\t\t\t<\/div>\n\t\t<\/div>\n\t\t\t\t\t<\/div>\n\t\t<\/section>\n\t\t\t\t<section class=\"elementor-section elementor-top-section elementor-element elementor-element-8cde135 elementor-section-boxed elementor-section-height-default elementor-section-height-default\" data-id=\"8cde135\" data-element_type=\"section\">\n\t\t\t\t\t\t<div class=\"elementor-container elementor-column-gap-default\">\n\t\t\t\t\t<div class=\"elementor-column elementor-col-100 elementor-top-column elementor-element elementor-element-3958a39\" data-id=\"3958a39\" data-element_type=\"column\">\n\t\t\t<div class=\"elementor-widget-wrap elementor-element-populated\">\n\t\t\t\t\t\t<div class=\"elementor-element elementor-element-bdd7b81 elementor-widget elementor-widget-wp-widget-ufsm_utilidades\" data-id=\"bdd7b81\" data-element_type=\"widget\" data-widget_type=\"wp-widget-ufsm_utilidades.default\">\n\t\t\t\t<div class=\"elementor-widget-container\">\n\t\t\t\t\t<h5 class=\"card-title titulo-conteudos\">Utilidades<\/h5>\n\t\t\t\t\n\t\t<div class=\"row \">\n\t\t\t\t\t\t\t<div class=\"col-12 col-sm-6 col-md-3 mt-4 text-center\">\n\t\t\t\t\t\t\t\t\t\t\t<a href=\"https:\/\/www.ufsm.br\/cursos\/graduacao\/santa-maria\/filosofia\/horarios\" class=\"item-utilidades d-block\">\n\t\t\t\t\t\t\t\t\t\t<i class=\"fas fa-pencil-alt animation-pulse\" aria-hidden=\"true\"><\/i><b>Oferta \/ Hor\u00e1rios<\/b><\/a>\n\t\t\t\t<\/div>\n\t\t\t\t\t\t\t<div class=\"col-12 col-sm-6 col-md-3 mt-4 text-center\">\n\t\t\t\t\t\t\t\t\t\t\t<a href=\"https:\/\/portal.ufsm.br\/aluno\/\" class=\"item-utilidades d-block\">\n\t\t\t\t\t\t\t\t\t\t<i class=\"fa fa-user animation-pulse\" aria-hidden=\"true\"><\/i><b>Portal do Aluno<\/b><\/a>\n\t\t\t\t<\/div>\n\t\t\t\t\t\t\t<div class=\"col-12 col-sm-6 col-md-3 mt-4 text-center\">\n\t\t\t\t\t\t\t\t\t\t\t<a href=\"https:\/\/www.ufsm.br\/cursos\/graduacao\/santa-maria\/filosofia\/informacoes-do-curriculo\" class=\"item-utilidades d-block\">\n\t\t\t\t\t\t\t\t\t\t<i class=\"fa fa-clipboard animation-pulse\" aria-hidden=\"true\"><\/i><b>Informa\u00e7\u00f5es Curriculares<\/b><\/a>\n\t\t\t\t<\/div>\n\t\t\t\t\t\t\t<div class=\"col-12 col-sm-6 col-md-3 mt-4 text-center\">\n\t\t\t\t\t\t\t\t\t\t\t<a href=\"https:\/\/www.ufsm.br\/cursos\/graduacao\/santa-maria\/filosofia\/projeto-pedagogico\" class=\"item-utilidades d-block\">\n\t\t\t\t\t\t\t\t\t\t<i class=\"fa fa-book animation-pulse\" aria-hidden=\"true\"><\/i><b>Projeto Pedag\u00f3gico<\/b><\/a>\n\t\t\t\t<\/div>\n\t\t\t\t\t\t\t<div class=\"col-12 col-sm-6 col-md-3 mt-4 text-center\">\n\t\t\t\t\t\t\t\t\t\t\t<a href=\"https:\/\/ead06.proj.ufsm.br\/login\/\" class=\"item-utilidades d-block\">\n\t\t\t\t\t\t\t\t\t\t<i class=\"ufsm ufsm-moodle animation-pulse\" aria-hidden=\"true\"><\/i><b>Ambiente Virtual Moodle<\/b><\/a>\n\t\t\t\t<\/div>\n\t\t\t\t\t\t\t<div class=\"col-12 col-sm-6 col-md-3 mt-4 text-center\">\n\t\t\t\t\t\t\t\t\t\t\t<a href=\"https:\/\/www.ufsm.br\/cursos\/graduacao\/santa-maria\/filosofia\/tcc\" class=\"item-utilidades d-block\">\n\t\t\t\t\t\t\t\t\t\t<i class=\"fa fa-book animation-pulse\" aria-hidden=\"true\"><\/i><b>Trabalhos de Conclus\u00e3o<\/b><\/a>\n\t\t\t\t<\/div>\n\t\t\t\t\t\t\t<div class=\"col-12 col-sm-6 col-md-3 mt-4 text-center\">\n\t\t\t\t\t\t\t\t\t\t\t<a href=\"https:\/\/www.ufsm.br\/cursos\/graduacao\/santa-maria\/filosofia\/grupos\" class=\"item-utilidades d-block\">\n\t\t\t\t\t\t\t\t\t\t<i class=\"fas fa-user-friends animation-pulse\" aria-hidden=\"true\"><\/i><b>Grupos Acad\u00eamicos<\/b><\/a>\n\t\t\t\t<\/div>\n\t\t\t\t\t\t\t<div class=\"col-12 col-sm-6 col-md-3 mt-4 text-center\">\n\t\t\t\t\t\t\t\t\t\t\t<a href=\"https:\/\/www.ufsm.br\/cursos\/graduacao\/santa-maria\/filosofia\/editais\" class=\"item-utilidades d-block\">\n\t\t\t\t\t\t\t\t\t\t<i class=\"far fa-copy animation-pulse\" aria-hidden=\"true\"><\/i><b>Editais<\/b><\/a>\n\t\t\t\t<\/div>\n\t\t\t\t\t<\/div>\n\t\t\t\t<\/div>\n\t\t\t\t<\/div>\n\t\t\t\t\t<\/div>\n\t\t<\/div>\n\t\t\t\t\t<\/div>\n\t\t<\/section>\n\t\t\t\t<section class=\"elementor-section elementor-top-section elementor-element elementor-element-2603d7a elementor-section-boxed elementor-section-height-default elementor-section-height-default\" data-id=\"2603d7a\" data-element_type=\"section\">\n\t\t\t\t\t\t<div class=\"elementor-container elementor-column-gap-default\">\n\t\t\t\t\t<div class=\"elementor-column elementor-col-25 elementor-top-column elementor-element elementor-element-19518a2\" data-id=\"19518a2\" data-element_type=\"column\">\n\t\t\t<div class=\"elementor-widget-wrap elementor-element-populated\">\n\t\t\t\t\t\t<div class=\"elementor-element elementor-element-1978032 elementor-view-default elementor-position-top elementor-mobile-position-top elementor-widget elementor-widget-icon-box\" data-id=\"1978032\" data-element_type=\"widget\" data-widget_type=\"icon-box.default\">\n\t\t\t\t<div class=\"elementor-widget-container\">\n\t\t\t\t\t<div class=\"elementor-icon-box-wrapper\">\n\n\t\t\t\t\t\t<div class=\"elementor-icon-box-icon\">\n\t\t\t\t<a href=\"https:\/\/www.ufsm.br\/cursos\/graduacao\/santa-maria\/filosofia\/calendario-de-defesas\" class=\"elementor-icon elementor-animation-\" tabindex=\"-1\">\n\t\t\t\t<i aria-hidden=\"true\" class=\"fas fa-calendar-alt\"><\/i>\t\t\t\t<\/a>\n\t\t\t<\/div>\n\t\t\t\n\t\t\t\t\t\t<div class=\"elementor-icon-box-content\">\n\n\t\t\t\t\t\t\t\t\t<h3 class=\"elementor-icon-box-title\">\n\t\t\t\t\t\t<a href=\"https:\/\/www.ufsm.br\/cursos\/graduacao\/santa-maria\/filosofia\/calendario-de-defesas\" >\n\t\t\t\t\t\t\tCalend\u00e1rio Acad\u00eamico\t\t\t\t\t\t<\/a>\n\t\t\t\t\t<\/h3>\n\t\t\t\t\n\t\t\t\t\n\t\t\t<\/div>\n\t\t\t\n\t\t<\/div>\n\t\t\t\t<\/div>\n\t\t\t\t<\/div>\n\t\t\t\t<div class=\"elementor-element elementor-element-dccc98d elementor-view-default elementor-position-top elementor-mobile-position-top elementor-widget elementor-widget-icon-box\" data-id=\"dccc98d\" data-element_type=\"widget\" data-widget_type=\"icon-box.default\">\n\t\t\t\t<div class=\"elementor-widget-container\">\n\t\t\t\t\t<div class=\"elementor-icon-box-wrapper\">\n\n\t\t\t\t\t\t<div class=\"elementor-icon-box-icon\">\n\t\t\t\t<a href=\"https:\/\/www.ufsm.br\/cursos\/graduacao\/santa-maria\/filosofia\/estagio-obrigatorio\" class=\"elementor-icon elementor-animation-\" tabindex=\"-1\">\n\t\t\t\t<i aria-hidden=\"true\" class=\"fas fa-handshake\"><\/i>\t\t\t\t<\/a>\n\t\t\t<\/div>\n\t\t\t\n\t\t\t\t\t\t<div class=\"elementor-icon-box-content\">\n\n\t\t\t\t\t\t\t\t\t<h3 class=\"elementor-icon-box-title\">\n\t\t\t\t\t\t<a href=\"https:\/\/www.ufsm.br\/cursos\/graduacao\/santa-maria\/filosofia\/estagio-obrigatorio\" >\n\t\t\t\t\t\t\tEst\u00e1gio Obrigat\u00f3rio\t\t\t\t\t\t<\/a>\n\t\t\t\t\t<\/h3>\n\t\t\t\t\n\t\t\t\t\n\t\t\t<\/div>\n\t\t\t\n\t\t<\/div>\n\t\t\t\t<\/div>\n\t\t\t\t<\/div>\n\t\t\t\t\t<\/div>\n\t\t<\/div>\n\t\t\t\t<div class=\"elementor-column elementor-col-25 elementor-top-column elementor-element elementor-element-dc18e54\" data-id=\"dc18e54\" data-element_type=\"column\">\n\t\t\t<div class=\"elementor-widget-wrap elementor-element-populated\">\n\t\t\t\t\t\t<div class=\"elementor-element elementor-element-9bf8726 elementor-view-default elementor-position-top elementor-mobile-position-top elementor-widget elementor-widget-icon-box\" data-id=\"9bf8726\" data-element_type=\"widget\" data-widget_type=\"icon-box.default\">\n\t\t\t\t<div class=\"elementor-widget-container\">\n\t\t\t\t\t<div class=\"elementor-icon-box-wrapper\">\n\n\t\t\t\t\t\t<div class=\"elementor-icon-box-icon\">\n\t\t\t\t<a href=\"https:\/\/www.ufsm.br\/cursos\/graduacao\/santa-maria\/filosofia\/2026\/07\/31\/%e2%9a%a0quadro-de-horarios-do-2o-semestre-de-2026-filosofia-bacharelado%e2%9a%a0\" class=\"elementor-icon elementor-animation-\" tabindex=\"-1\">\n\t\t\t\t<i aria-hidden=\"true\" class=\"fas fa-clock\"><\/i>\t\t\t\t<\/a>\n\t\t\t<\/div>\n\t\t\t\n\t\t\t\t\t\t<div class=\"elementor-icon-box-content\">\n\n\t\t\t\t\t\t\t\t\t<h3 class=\"elementor-icon-box-title\">\n\t\t\t\t\t\t<a href=\"https:\/\/www.ufsm.br\/cursos\/graduacao\/santa-maria\/filosofia\/2026\/07\/31\/%e2%9a%a0quadro-de-horarios-do-2o-semestre-de-2026-filosofia-bacharelado%e2%9a%a0\" >\n\t\t\t\t\t\t\tHor\u00e1rios Bacharelado<br>2\u00b0 Semestre 2026\t\t\t\t\t\t<\/a>\n\t\t\t\t\t<\/h3>\n\t\t\t\t\n\t\t\t\t\n\t\t\t<\/div>\n\t\t\t\n\t\t<\/div>\n\t\t\t\t<\/div>\n\t\t\t\t<\/div>\n\t\t\t\t<div class=\"elementor-element elementor-element-9804f5f elementor-view-default elementor-position-top elementor-mobile-position-top elementor-widget elementor-widget-icon-box\" data-id=\"9804f5f\" data-element_type=\"widget\" data-widget_type=\"icon-box.default\">\n\t\t\t\t<div class=\"elementor-widget-container\">\n\t\t\t\t\t<div class=\"elementor-icon-box-wrapper\">\n\n\t\t\t\t\t\t<div class=\"elementor-icon-box-icon\">\n\t\t\t\t<a href=\"https:\/\/www.ufsm.br\/cursos\/graduacao\/santa-maria\/filosofia\/estagio-nao-obrigatorio\" class=\"elementor-icon elementor-animation-\" tabindex=\"-1\">\n\t\t\t\t<i aria-hidden=\"true\" class=\"fas fa-handshake\"><\/i>\t\t\t\t<\/a>\n\t\t\t<\/div>\n\t\t\t\n\t\t\t\t\t\t<div class=\"elementor-icon-box-content\">\n\n\t\t\t\t\t\t\t\t\t<h3 class=\"elementor-icon-box-title\">\n\t\t\t\t\t\t<a href=\"https:\/\/www.ufsm.br\/cursos\/graduacao\/santa-maria\/filosofia\/estagio-nao-obrigatorio\" >\n\t\t\t\t\t\t\tEst\u00e1gio N\u00e3o-Obrigat\u00f3rio\t\t\t\t\t\t<\/a>\n\t\t\t\t\t<\/h3>\n\t\t\t\t\n\t\t\t\t\n\t\t\t<\/div>\n\t\t\t\n\t\t<\/div>\n\t\t\t\t<\/div>\n\t\t\t\t<\/div>\n\t\t\t\t\t<\/div>\n\t\t<\/div>\n\t\t\t\t<div class=\"elementor-column elementor-col-25 elementor-top-column elementor-element elementor-element-6875129\" data-id=\"6875129\" data-element_type=\"column\">\n\t\t\t<div class=\"elementor-widget-wrap elementor-element-populated\">\n\t\t\t\t\t\t<div class=\"elementor-element elementor-element-16d7fe0 elementor-view-default elementor-position-top elementor-mobile-position-top elementor-widget elementor-widget-icon-box\" data-id=\"16d7fe0\" data-element_type=\"widget\" data-widget_type=\"icon-box.default\">\n\t\t\t\t<div class=\"elementor-widget-container\">\n\t\t\t\t\t<div class=\"elementor-icon-box-wrapper\">\n\n\t\t\t\t\t\t<div class=\"elementor-icon-box-icon\">\n\t\t\t\t<a href=\"https:\/\/www.ufsm.br\/cursos\/graduacao\/santa-maria\/filosofia\/2026\/07\/31\/%e2%9a%a0quadro-de-horarios-do-2o-semestre-de-2026-filosofia-licenciatura%e2%9a%a0\" class=\"elementor-icon elementor-animation-\" tabindex=\"-1\">\n\t\t\t\t<i aria-hidden=\"true\" class=\"fas fa-clock\"><\/i>\t\t\t\t<\/a>\n\t\t\t<\/div>\n\t\t\t\n\t\t\t\t\t\t<div class=\"elementor-icon-box-content\">\n\n\t\t\t\t\t\t\t\t\t<h3 class=\"elementor-icon-box-title\">\n\t\t\t\t\t\t<a href=\"https:\/\/www.ufsm.br\/cursos\/graduacao\/santa-maria\/filosofia\/2026\/07\/31\/%e2%9a%a0quadro-de-horarios-do-2o-semestre-de-2026-filosofia-licenciatura%e2%9a%a0\" >\n\t\t\t\t\t\t\tHor\u00e1rios Licenciatura <br>2\u00b0 Semestre 2026\t\t\t\t\t\t<\/a>\n\t\t\t\t\t<\/h3>\n\t\t\t\t\n\t\t\t\t\n\t\t\t<\/div>\n\t\t\t\n\t\t<\/div>\n\t\t\t\t<\/div>\n\t\t\t\t<\/div>\n\t\t\t\t<div class=\"elementor-element elementor-element-af8caeb elementor-view-default elementor-position-top elementor-mobile-position-top elementor-widget elementor-widget-icon-box\" data-id=\"af8caeb\" data-element_type=\"widget\" data-widget_type=\"icon-box.default\">\n\t\t\t\t<div class=\"elementor-widget-container\">\n\t\t\t\t\t<div class=\"elementor-icon-box-wrapper\">\n\n\t\t\t\t\t\t<div class=\"elementor-icon-box-icon\">\n\t\t\t\t<a href=\"https:\/\/www.ufsm.br\/cursos\/graduacao\/santa-maria\/filosofia\/calendario-de-defesas\" class=\"elementor-icon elementor-animation-\" tabindex=\"-1\">\n\t\t\t\t<i aria-hidden=\"true\" class=\"far fa-calendar-check\"><\/i>\t\t\t\t<\/a>\n\t\t\t<\/div>\n\t\t\t\n\t\t\t\t\t\t<div class=\"elementor-icon-box-content\">\n\n\t\t\t\t\t\t\t\t\t<h3 class=\"elementor-icon-box-title\">\n\t\t\t\t\t\t<a href=\"https:\/\/www.ufsm.br\/cursos\/graduacao\/santa-maria\/filosofia\/calendario-de-defesas\" >\n\t\t\t\t\t\t\tCalend\u00e1rio de Defesas\t\t\t\t\t\t<\/a>\n\t\t\t\t\t<\/h3>\n\t\t\t\t\n\t\t\t\t\n\t\t\t<\/div>\n\t\t\t\n\t\t<\/div>\n\t\t\t\t<\/div>\n\t\t\t\t<\/div>\n\t\t\t\t\t<\/div>\n\t\t<\/div>\n\t\t\t\t<div class=\"elementor-column elementor-col-25 elementor-top-column elementor-element elementor-element-245d227\" data-id=\"245d227\" data-element_type=\"column\">\n\t\t\t<div class=\"elementor-widget-wrap elementor-element-populated\">\n\t\t\t\t\t\t<div class=\"elementor-element elementor-element-42a24bd elementor-view-default elementor-position-top elementor-mobile-position-top elementor-widget elementor-widget-icon-box\" data-id=\"42a24bd\" data-element_type=\"widget\" data-widget_type=\"icon-box.default\">\n\t\t\t\t<div class=\"elementor-widget-container\">\n\t\t\t\t\t<div class=\"elementor-icon-box-wrapper\">\n\n\t\t\t\t\t\t<div class=\"elementor-icon-box-icon\">\n\t\t\t\t<a href=\"https:\/\/www.ufsm.br\/cursos\/graduacao\/santa-maria\/filosofia\/2026\/07\/31\/%e2%9a%a0-prilei-quadro-de-horarios-do-2o-semestre-de-2026-filosofia-licenciatura%e2%9a%a0\" class=\"elementor-icon elementor-animation-\" tabindex=\"-1\">\n\t\t\t\t<i aria-hidden=\"true\" class=\"fas fa-clock\"><\/i>\t\t\t\t<\/a>\n\t\t\t<\/div>\n\t\t\t\n\t\t\t\t\t\t<div class=\"elementor-icon-box-content\">\n\n\t\t\t\t\t\t\t\t\t<h3 class=\"elementor-icon-box-title\">\n\t\t\t\t\t\t<a href=\"https:\/\/www.ufsm.br\/cursos\/graduacao\/santa-maria\/filosofia\/2026\/07\/31\/%e2%9a%a0-prilei-quadro-de-horarios-do-2o-semestre-de-2026-filosofia-licenciatura%e2%9a%a0\" >\n\t\t\t\t\t\t\tHor\u00e1rios PRILEI<br>Filosofia Licenciatura <br>2\u00b0 Semestre 2026\t\t\t\t\t\t<\/a>\n\t\t\t\t\t<\/h3>\n\t\t\t\t\n\t\t\t\t\n\t\t\t<\/div>\n\t\t\t\n\t\t<\/div>\n\t\t\t\t<\/div>\n\t\t\t\t<\/div>\n\t\t\t\t<div class=\"elementor-element elementor-element-0d56493 elementor-view-default elementor-position-top elementor-mobile-position-top elementor-widget elementor-widget-icon-box\" data-id=\"0d56493\" data-element_type=\"widget\" data-widget_type=\"icon-box.default\">\n\t\t\t\t<div class=\"elementor-widget-container\">\n\t\t\t\t\t<div class=\"elementor-icon-box-wrapper\">\n\n\t\t\t\t\t\t<div class=\"elementor-icon-box-icon\">\n\t\t\t\t<a href=\"https:\/\/www.ufsm.br\/app\/uploads\/sites\/342\/2025\/02\/GUIA-ESTUDANTIL-UFSM-2025.pdf\" class=\"elementor-icon elementor-animation-\" tabindex=\"-1\">\n\t\t\t\t<i aria-hidden=\"true\" class=\"fas fa-map-signs\"><\/i>\t\t\t\t<\/a>\n\t\t\t<\/div>\n\t\t\t\n\t\t\t\t\t\t<div class=\"elementor-icon-box-content\">\n\n\t\t\t\t\t\t\t\t\t<h3 class=\"elementor-icon-box-title\">\n\t\t\t\t\t\t<a href=\"https:\/\/www.ufsm.br\/app\/uploads\/sites\/342\/2025\/02\/GUIA-ESTUDANTIL-UFSM-2025.pdf\" >\n\t\t\t\t\t\t\tGuia acad\u00eamico\t\t\t\t\t\t<\/a>\n\t\t\t\t\t<\/h3>\n\t\t\t\t\n\t\t\t\t\n\t\t\t<\/div>\n\t\t\t\n\t\t<\/div>\n\t\t\t\t<\/div>\n\t\t\t\t<\/div>\n\t\t\t\t<div class=\"elementor-element elementor-element-053275f elementor-view-default elementor-position-top elementor-mobile-position-top elementor-widget elementor-widget-icon-box\" data-id=\"053275f\" data-element_type=\"widget\" data-widget_type=\"icon-box.default\">\n\t\t\t\t<div class=\"elementor-widget-container\">\n\t\t\t\t\t<div class=\"elementor-icon-box-wrapper\">\n\n\t\t\t\t\t\t<div class=\"elementor-icon-box-icon\">\n\t\t\t\t<a href=\"https:\/\/www.ufsm.br\/cursos\/pos-graduacao\/santa-maria\/ppgf\" class=\"elementor-icon elementor-animation-\" tabindex=\"-1\">\n\t\t\t\t<i aria-hidden=\"true\" class=\"fas fa-book-reader\"><\/i>\t\t\t\t<\/a>\n\t\t\t<\/div>\n\t\t\t\n\t\t\t\t\t\t<div class=\"elementor-icon-box-content\">\n\n\t\t\t\t\t\t\t\t\t<h3 class=\"elementor-icon-box-title\">\n\t\t\t\t\t\t<a href=\"https:\/\/www.ufsm.br\/cursos\/pos-graduacao\/santa-maria\/ppgf\" >\n\t\t\t\t\t\t\tP\u00f3s-gradua\u00e7\u00e3o em Filosofia \t\t\t\t\t\t<\/a>\n\t\t\t\t\t<\/h3>\n\t\t\t\t\n\t\t\t\t\n\t\t\t<\/div>\n\t\t\t\n\t\t<\/div>\n\t\t\t\t<\/div>\n\t\t\t\t<\/div>\n\t\t\t\t\t<\/div>\n\t\t<\/div>\n\t\t\t\t\t<\/div>\n\t\t<\/section>\n\t\t\t\t<section class=\"elementor-section elementor-top-section elementor-element elementor-element-f7725a4 elementor-section-boxed elementor-section-height-default elementor-section-height-default\" data-id=\"f7725a4\" data-element_type=\"section\">\n\t\t\t\t\t\t<div class=\"elementor-container elementor-column-gap-default\">\n\t\t\t\t\t<div class=\"elementor-column elementor-col-50 elementor-top-column elementor-element elementor-element-77ccdde\" data-id=\"77ccdde\" data-element_type=\"column\">\n\t\t\t<div class=\"elementor-widget-wrap elementor-element-populated\">\n\t\t\t\t\t\t<div class=\"elementor-element elementor-element-75619a0 elementor-widget elementor-widget-wp-widget-ufsm_noticias_widget\" data-id=\"75619a0\" data-element_type=\"widget\" data-widget_type=\"wp-widget-ufsm_noticias_widget.default\">\n\t\t\t\t<div class=\"elementor-widget-container\">\n\t\t\t<h5 class='titulo-conteudos'>Not\u00edcias Bacharelado<\/h5><div class='widget-noticias-inside'>\n                        <div class=\"row\">\n                                    <div class=\"col-12 col-lg-12 pb-4\">\n                                        \n                                        \n                    \n                    <a class=\"noticias-widget-title d-block \"  title=\"\u26a0Quadro de hor\u00e1rios do 2\u00ba Semestre de 2026 &#8211; Filosofia Bacharelado\u26a0\" href=\"https:\/\/www.ufsm.br\/cursos\/graduacao\/santa-maria\/filosofia\/2026\/07\/31\/%e2%9a%a0quadro-de-horarios-do-2o-semestre-de-2026-filosofia-bacharelado%e2%9a%a0\">\n                                                    <i title=\"Esta \u00e9 uma not\u00edcia importante, por esse motivo foi fixada no topo\" style=\"font-size:12.0px !important\" class=\"fas fa-thumbtack\"><\/i>\n                                                \u26a0Quadro de hor\u00e1rios do 2\u00ba Semestre de 2026 &#8211; Filosofia Bacharelado\u26a0                    <\/a>\n                    \n                                            <div class=\"noticias-widget-introtext\">\n                            O segundo semestre letivo de 2026 ter\u00e1 in\u00edcio no dia 03 de agosto de 2026. Consulte os hor\u00e1rios das aulas e as respectivas salas no quadro abaixo.                        <\/div>\n                    \n                                        \n                                        \n                                            \n                                                    <div title=\"Publicado em 31\/07\/2026 - 13:43\" class=\"data-publicacao-widget\">\n                                <i  class=\"far fa-clock\"><\/i>\n                                31\/07\/2026 - 13:43                            <\/div>\n                                                                <\/div>\n                            <\/div>\n                    <div class=\"row\">\n                                    <div class=\"col-12 col-lg-12 pb-4\">\n                                        \n                                        \n                    \n                    <a class=\"noticias-widget-title d-block \"  title=\"[IMPORTANTE] Novo procedimento para abertura de processo de homologa\u00e7\u00e3o de est\u00e1gios\" href=\"https:\/\/www.ufsm.br\/cursos\/graduacao\/santa-maria\/filosofia\/2025\/10\/24\/importante-novo-procedimento-para-abertura-de-processo-de-homologacao-de-estagios\">\n                                                    <i title=\"Esta \u00e9 uma not\u00edcia importante, por esse motivo foi fixada no topo\" style=\"font-size:12.0px !important\" class=\"fas fa-thumbtack\"><\/i>\n                                                [IMPORTANTE] Novo procedimento para abertura de processo de homologa\u00e7\u00e3o de est\u00e1gios                    <\/a>\n                    \n                                            <div class=\"noticias-widget-introtext\">\n                            Informamos que o m\u00e9todo de abertura de processos de homologa\u00e7\u00e3o de est\u00e1gios foi recentemente alterado.\u00a0Todos os processos novos dever\u00e3o ser abertos, a partir de agora, pelo Portal Estudantil. H\u00e1 um tutorial em v\u00eddeo neste link demonstrando como deve ser feito&hellip;                        <\/div>\n                    \n                                        \n                                        \n                                            \n                                                    <div title=\"Publicado em 24\/10\/2025 - 15:49\" class=\"data-publicacao-widget\">\n                                <i  class=\"far fa-clock\"><\/i>\n                                24\/10\/2025 - 15:49                            <\/div>\n                                                                <\/div>\n                            <\/div>\n                    <div class=\"row\">\n                                    <div class=\"col-12 col-lg-12 pb-4\">\n                                        \n                                        \n                    \n                    <a class=\"noticias-widget-title d-block \"  title=\"UFSM oferece publica\u00e7\u00e3o gratuita de cartilhas, cat\u00e1logos e livros de extens\u00e3o\" href=\"https:\/\/www.ufsm.br\/cursos\/graduacao\/santa-maria\/filosofia\/2026\/09\/04\/ufsm-oferece-publicacao-gratuita-de-cartilhas-catalogos-e-livros-de-extensao\">\n                                                UFSM oferece publica\u00e7\u00e3o gratuita de cartilhas, cat\u00e1logos e livros de extens\u00e3o                    <\/a>\n                    \n                                            <div class=\"noticias-widget-introtext\">\n                            A\u00a0Editora PRE\u00a0abriu as inscri\u00e7\u00f5es para o\u00a0Edital 091\/2026\u00a0referente \u00e0 S\u00e9rie Extens\u00e3o. A UFSM oferece todo o processo editorial gratuito (revis\u00e3o, diagrama\u00e7\u00e3o, registro de ISBN e publica\u00e7\u00e3o no Manancial) para dar visibilidade a cartilhas, cat\u00e1logos e livros produzidos por servidores e estudantes.&hellip;                        <\/div>\n                    \n                                        \n                                        \n                                            \n                                                    <div title=\"Publicado em 04\/09\/2026 - 10:42\" class=\"data-publicacao-widget\">\n                                <i  class=\"far fa-clock\"><\/i>\n                                04\/09\/2026 - 10:42                            <\/div>\n                                                                <\/div>\n                            <\/div>\n                    <div class=\"row\">\n                                    <div class=\"col-12 col-lg-12 pb-4\">\n                                        \n                                        \n                    \n                    <a class=\"noticias-widget-title d-block \"  title=\"Hor\u00e1rio de atendimento SIG I\" href=\"https:\/\/www.ufsm.br\/cursos\/graduacao\/santa-maria\/filosofia\/2026\/08\/27\/horario-de-atendimento-sig-i\">\n                                                Hor\u00e1rio de atendimento SIG I                    <\/a>\n                    \n                                            <div class=\"noticias-widget-introtext\">\n                            A partir de 28\/08\/2026, a\u00a0Secretaria Integrada de Gradua\u00e7\u00e3o I (74A) estar\u00e1 com novo hor\u00e1rio de atendimento, fechando ao meio dia: SEGUNDA-FEIRA TER\u00c7A-FEIRA QUARTA-FEIRA QUINTA-FEIRA SEXTA-FEIRA 8h \u00e0s 12h 8h \u00e0s 12h 8h \u00e0s 12h 8h \u00e0s 12h 8h \u00e0s 12h&hellip;                        <\/div>\n                    \n                                        \n                                        \n                                            \n                                                    <div title=\"Publicado em 27\/08\/2026 - 09:38\" class=\"data-publicacao-widget\">\n                                <i  class=\"far fa-clock\"><\/i>\n                                27\/08\/2026 - 09:38                            <\/div>\n                                                                <\/div>\n                            <\/div>\n                    <div class=\"row\">\n                                    <div class=\"col-12 col-lg-12 pb-4\">\n                                        \n                                        \n                    \n                    <a class=\"noticias-widget-title d-block \"  title=\"SELE\u00c7\u00c3O PARA BOLSISTA DO LABORAT\u00d3RIO DE ENSINO EAPRENDIZAGEM DE FILOSOFIA (LEAF)\" href=\"https:\/\/www.ufsm.br\/cursos\/graduacao\/santa-maria\/filosofia\/2026\/08\/12\/selecao-para-bolsista-do-laboratorio-de-ensino-eaprendizagem-de-filosofia-leaf\">\n                                                SELE\u00c7\u00c3O PARA BOLSISTA DO LABORAT\u00d3RIO DE ENSINO EAPRENDIZAGEM DE FILOSOFIA (LEAF)                    <\/a>\n                    \n                                            <div class=\"noticias-widget-introtext\">\n                            O Curso de Licenciatura em Filosofia do CCSH da UFSM torna p\u00fablico o presenteedital de sele\u00e7\u00e3o de bolsista para auxiliar no planejamento e execu\u00e7\u00e3o de atividadesjunto ao LEAF. As inscri\u00e7\u00f5es ser\u00e3o realizadas via o e-mail da Coordena\u00e7\u00e3o do Curso de&hellip;                        <\/div>\n                    \n                                        \n                                        \n                                            \n                                                    <div title=\"Publicado em 12\/08\/2026 - 16:26\" class=\"data-publicacao-widget\">\n                                <i  class=\"far fa-clock\"><\/i>\n                                12\/08\/2026 - 16:26                            <\/div>\n                                                                <\/div>\n                            <\/div>\n            <\/div>\n<div class=\"leia-mais p-1\">\n                <a href=\"https:\/\/www.ufsm.br\/cursos\/graduacao\/santa-maria\/filosofia\/busca\/?q=&area=post&orderby=date&sites%5B%5D=464\">\n            MAIS NOT\u00cdCIAS            <span class=\"icon-box\">\n                <span class=\"bg-ufsm-widget-icon\">\n                    <i class=\"fas fa-chevron-right\" aria-hidden=\"true\"><\/i>\n                <\/span>\n            <\/span>\n        <\/a>\n    <\/div>\n\t\t<\/div>\n\t\t\t\t<\/div>\n\t\t\t\t\t<\/div>\n\t\t<\/div>\n\t\t\t\t<div class=\"elementor-column elementor-col-50 elementor-top-column elementor-element elementor-element-f0975d6\" data-id=\"f0975d6\" data-element_type=\"column\">\n\t\t\t<div class=\"elementor-widget-wrap elementor-element-populated\">\n\t\t\t\t\t\t<div class=\"elementor-element elementor-element-90e513d elementor-widget elementor-widget-wp-widget-ufsm_noticias_widget\" data-id=\"90e513d\" data-element_type=\"widget\" data-widget_type=\"wp-widget-ufsm_noticias_widget.default\">\n\t\t\t\t<div class=\"elementor-widget-container\">\n\t\t\t<h5 class='titulo-conteudos'>Not\u00edcias Licenciatura <\/h5><div class='widget-noticias-inside'>\n                        <div class=\"row\">\n                                    <div class=\"col-12 col-lg-12 pb-4\">\n                                        \n                                        \n                    \n                    <a class=\"noticias-widget-title d-block \"  title=\"\u26a0Quadro de hor\u00e1rios do 2\u00ba Semestre de 2026 &#8211; Filosofia Licenciatura\u26a0\" href=\"https:\/\/www.ufsm.br\/cursos\/graduacao\/santa-maria\/filosofia\/2026\/07\/31\/%e2%9a%a0quadro-de-horarios-do-2o-semestre-de-2026-filosofia-licenciatura%e2%9a%a0\">\n                                                    <i title=\"Esta \u00e9 uma not\u00edcia importante, por esse motivo foi fixada no topo\" style=\"font-size:12.0px !important\" class=\"fas fa-thumbtack\"><\/i>\n                                                \u26a0Quadro de hor\u00e1rios do 2\u00ba Semestre de 2026 &#8211; Filosofia Licenciatura\u26a0                    <\/a>\n                    \n                                            <div class=\"noticias-widget-introtext\">\n                            O segundo semestre letivo de 2026 ter\u00e1 in\u00edcio no dia 03 de agosto de 2026. Consulte os hor\u00e1rios das aulas e as respectivas salas no quadro abaixo.                        <\/div>\n                    \n                                        \n                                        \n                                            \n                                                    <div title=\"Publicado em 31\/07\/2026 - 13:45\" class=\"data-publicacao-widget\">\n                                <i  class=\"far fa-clock\"><\/i>\n                                31\/07\/2026 - 13:45                            <\/div>\n                                                                <\/div>\n                            <\/div>\n                    <div class=\"row\">\n                                    <div class=\"col-12 col-lg-12 pb-4\">\n                                        \n                                        \n                    \n                    <a class=\"noticias-widget-title d-block \"  title=\"[IMPORTANTE] Novo procedimento para abertura de processo de homologa\u00e7\u00e3o de est\u00e1gios\" href=\"https:\/\/www.ufsm.br\/cursos\/graduacao\/santa-maria\/filosofia\/2025\/10\/24\/importante-novo-procedimento-para-abertura-de-processo-de-homologacao-de-estagios\">\n                                                    <i title=\"Esta \u00e9 uma not\u00edcia importante, por esse motivo foi fixada no topo\" style=\"font-size:12.0px !important\" class=\"fas fa-thumbtack\"><\/i>\n                                                [IMPORTANTE] Novo procedimento para abertura de processo de homologa\u00e7\u00e3o de est\u00e1gios                    <\/a>\n                    \n                                            <div class=\"noticias-widget-introtext\">\n                            Informamos que o m\u00e9todo de abertura de processos de homologa\u00e7\u00e3o de est\u00e1gios foi recentemente alterado.\u00a0Todos os processos novos dever\u00e3o ser abertos, a partir de agora, pelo Portal Estudantil. H\u00e1 um tutorial em v\u00eddeo neste link demonstrando como deve ser feito&hellip;                        <\/div>\n                    \n                                        \n                                        \n                                            \n                                                    <div title=\"Publicado em 24\/10\/2025 - 15:49\" class=\"data-publicacao-widget\">\n                                <i  class=\"far fa-clock\"><\/i>\n                                24\/10\/2025 - 15:49                            <\/div>\n                                                                <\/div>\n                            <\/div>\n                    <div class=\"row\">\n                                    <div class=\"col-12 col-lg-12 pb-4\">\n                                        \n                                        \n                    \n                    <a class=\"noticias-widget-title d-block \"  title=\"UFSM oferece publica\u00e7\u00e3o gratuita de cartilhas, cat\u00e1logos e livros de extens\u00e3o\" href=\"https:\/\/www.ufsm.br\/cursos\/graduacao\/santa-maria\/filosofia\/2026\/09\/04\/ufsm-oferece-publicacao-gratuita-de-cartilhas-catalogos-e-livros-de-extensao\">\n                                                UFSM oferece publica\u00e7\u00e3o gratuita de cartilhas, cat\u00e1logos e livros de extens\u00e3o                    <\/a>\n                    \n                                            <div class=\"noticias-widget-introtext\">\n                            A\u00a0Editora PRE\u00a0abriu as inscri\u00e7\u00f5es para o\u00a0Edital 091\/2026\u00a0referente \u00e0 S\u00e9rie Extens\u00e3o. A UFSM oferece todo o processo editorial gratuito (revis\u00e3o, diagrama\u00e7\u00e3o, registro de ISBN e publica\u00e7\u00e3o no Manancial) para dar visibilidade a cartilhas, cat\u00e1logos e livros produzidos por servidores e estudantes.&hellip;                        <\/div>\n                    \n                                        \n                                        \n                                            \n                                                    <div title=\"Publicado em 04\/09\/2026 - 10:42\" class=\"data-publicacao-widget\">\n                                <i  class=\"far fa-clock\"><\/i>\n                                04\/09\/2026 - 10:42                            <\/div>\n                                                                <\/div>\n                            <\/div>\n                    <div class=\"row\">\n                                    <div class=\"col-12 col-lg-12 pb-4\">\n                                        \n                                        \n                    \n                    <a class=\"noticias-widget-title d-block \"  title=\"Hor\u00e1rio de atendimento SIG I\" href=\"https:\/\/www.ufsm.br\/cursos\/graduacao\/santa-maria\/filosofia\/2026\/08\/27\/horario-de-atendimento-sig-i\">\n                                                Hor\u00e1rio de atendimento SIG I                    <\/a>\n                    \n                                            <div class=\"noticias-widget-introtext\">\n                            A partir de 28\/08\/2026, a\u00a0Secretaria Integrada de Gradua\u00e7\u00e3o I (74A) estar\u00e1 com novo hor\u00e1rio de atendimento, fechando ao meio dia: SEGUNDA-FEIRA TER\u00c7A-FEIRA QUARTA-FEIRA QUINTA-FEIRA SEXTA-FEIRA 8h \u00e0s 12h 8h \u00e0s 12h 8h \u00e0s 12h 8h \u00e0s 12h 8h \u00e0s 12h&hellip;                        <\/div>\n                    \n                                        \n                                        \n                                            \n                                                    <div title=\"Publicado em 27\/08\/2026 - 09:38\" class=\"data-publicacao-widget\">\n                                <i  class=\"far fa-clock\"><\/i>\n                                27\/08\/2026 - 09:38                            <\/div>\n                                                                <\/div>\n                            <\/div>\n                    <div class=\"row\">\n                                    <div class=\"col-12 col-lg-12 pb-4\">\n                                        \n                                        \n                    \n                    <a class=\"noticias-widget-title d-block \"  title=\"Bolsa P\u00e9-de-Meia Licenciaturas\" href=\"https:\/\/www.ufsm.br\/cursos\/graduacao\/santa-maria\/filosofia\/2026\/08\/24\/bolsa-pe-de-meia-licenciaturas\">\n                                                Bolsa P\u00e9-de-Meia Licenciaturas                    <\/a>\n                    \n                                            <div class=\"noticias-widget-introtext\">\n                            Desde 2025, o\u00a0Sistema de Sele\u00e7\u00e3o Unificada (SiSU)\u00a0conta com uma novidade para quem deseja cursar uma Licenciatura e se tornar professor(a). Atrav\u00e9s da iniciativa\u00a0P\u00e9-de-Meia Licenciaturas, pessoas matriculadas em cursos de gradua\u00e7\u00e3o na modalidade\u00a0licenciatura via SiSU\u00a0poder\u00e3o receber\u00a0R$ 1.050,00 mensais por 48 meses,&hellip;                        <\/div>\n                    \n                                        \n                                        \n                                            \n                                                    <div title=\"Publicado em 24\/08\/2026 - 12:06\" class=\"data-publicacao-widget\">\n                                <i  class=\"far fa-clock\"><\/i>\n                                24\/08\/2026 - 12:06                            <\/div>\n                                                                <\/div>\n                            <\/div>\n            <\/div>\n<div class=\"leia-mais p-1\">\n                <a href=\"https:\/\/www.ufsm.br\/cursos\/graduacao\/santa-maria\/filosofia\/busca\/?q=&area=post&orderby=date&sites%5B%5D=464\">\n            LEIA MAIS            <span class=\"icon-box\">\n                <span class=\"bg-ufsm-widget-icon\">\n                    <i class=\"fas fa-chevron-right\" aria-hidden=\"true\"><\/i>\n                <\/span>\n            <\/span>\n        <\/a>\n    <\/div>\n\t\t<\/div>\n\t\t\t\t<\/div>\n\t\t\t\t\t<\/div>\n\t\t<\/div>\n\t\t\t\t\t<\/div>\n\t\t<\/section>\n\t\t\t\t<section class=\"elementor-section elementor-top-section elementor-element elementor-element-66e2c36 elementor-section-boxed elementor-section-height-default elementor-section-height-default\" data-id=\"66e2c36\" data-element_type=\"section\">\n\t\t\t\t\t\t<div class=\"elementor-container elementor-column-gap-default\">\n\t\t\t\t\t<div class=\"elementor-column elementor-col-50 elementor-top-column elementor-element elementor-element-ff1fb7f\" data-id=\"ff1fb7f\" data-element_type=\"column\">\n\t\t\t<div class=\"elementor-widget-wrap elementor-element-populated\">\n\t\t\t\t\t\t<div class=\"elementor-element elementor-element-9309800 elementor-widget elementor-widget-wp-widget-ufsm_noticias_widget\" data-id=\"9309800\" data-element_type=\"widget\" data-widget_type=\"wp-widget-ufsm_noticias_widget.default\">\n\t\t\t\t<div class=\"elementor-widget-container\">\n\t\t\t<h5 class='titulo-conteudos'>Oportunidades<\/h5><div class='widget-noticias-inside'>\n                        <div class=\"row\">\n                                    <div class=\"col-12 col-lg-12 pb-4\">\n                                        \n                                        \n                    \n                    <a class=\"noticias-widget-title d-block \"  title=\"UFSM oferece publica\u00e7\u00e3o gratuita de cartilhas, cat\u00e1logos e livros de extens\u00e3o\" href=\"https:\/\/www.ufsm.br\/cursos\/graduacao\/santa-maria\/filosofia\/2026\/09\/04\/ufsm-oferece-publicacao-gratuita-de-cartilhas-catalogos-e-livros-de-extensao\">\n                                                UFSM oferece publica\u00e7\u00e3o gratuita de cartilhas, cat\u00e1logos e livros de extens\u00e3o                    <\/a>\n                    \n                                            <div class=\"noticias-widget-introtext\">\n                            A\u00a0Editora PRE\u00a0abriu as inscri\u00e7\u00f5es para o\u00a0Edital 091\/2026\u00a0referente \u00e0 S\u00e9rie Extens\u00e3o. A UFSM oferece todo o processo editorial gratuito (revis\u00e3o, diagrama\u00e7\u00e3o, registro de ISBN e publica\u00e7\u00e3o no Manancial) para dar visibilidade a cartilhas, cat\u00e1logos e livros produzidos por servidores e estudantes.&hellip;                        <\/div>\n                    \n                                        \n                                        \n                                            \n                                                    <div title=\"Publicado em 04\/09\/2026 \" class=\"data-publicacao-widget\">\n                                <i  class=\"far fa-clock\"><\/i>\n                                04\/09\/2026                             <\/div>\n                                                                <\/div>\n                            <\/div>\n                    <div class=\"row\">\n                                    <div class=\"col-12 col-lg-12 pb-4\">\n                                        \n                                        \n                    \n                    <a class=\"noticias-widget-title d-block \"  title=\"Bolsa P\u00e9-de-Meia Licenciaturas\" href=\"https:\/\/www.ufsm.br\/cursos\/graduacao\/santa-maria\/filosofia\/2026\/08\/24\/bolsa-pe-de-meia-licenciaturas\">\n                                                Bolsa P\u00e9-de-Meia Licenciaturas                    <\/a>\n                    \n                                            <div class=\"noticias-widget-introtext\">\n                            Desde 2025, o\u00a0Sistema de Sele\u00e7\u00e3o Unificada (SiSU)\u00a0conta com uma novidade para quem deseja cursar uma Licenciatura e se tornar professor(a). Atrav\u00e9s da iniciativa\u00a0P\u00e9-de-Meia Licenciaturas, pessoas matriculadas em cursos de gradua\u00e7\u00e3o na modalidade\u00a0licenciatura via SiSU\u00a0poder\u00e3o receber\u00a0R$ 1.050,00 mensais por 48 meses,&hellip;                        <\/div>\n                    \n                                        \n                                        \n                                            \n                                                    <div title=\"Publicado em 24\/08\/2026 \" class=\"data-publicacao-widget\">\n                                <i  class=\"far fa-clock\"><\/i>\n                                24\/08\/2026                             <\/div>\n                                                                <\/div>\n                            <\/div>\n                    <div class=\"row\">\n                                    <div class=\"col-12 col-lg-12 pb-4\">\n                                        \n                                        \n                    \n                    <a class=\"noticias-widget-title d-block \"  title=\"SELE\u00c7\u00c3O PARA BOLSISTA DO LABORAT\u00d3RIO DE ENSINO EAPRENDIZAGEM DE FILOSOFIA (LEAF)\" href=\"https:\/\/www.ufsm.br\/cursos\/graduacao\/santa-maria\/filosofia\/2026\/08\/12\/selecao-para-bolsista-do-laboratorio-de-ensino-eaprendizagem-de-filosofia-leaf\">\n                                                SELE\u00c7\u00c3O PARA BOLSISTA DO LABORAT\u00d3RIO DE ENSINO EAPRENDIZAGEM DE FILOSOFIA (LEAF)                    <\/a>\n                    \n                                            <div class=\"noticias-widget-introtext\">\n                            O Curso de Licenciatura em Filosofia do CCSH da UFSM torna p\u00fablico o presenteedital de sele\u00e7\u00e3o de bolsista para auxiliar no planejamento e execu\u00e7\u00e3o de atividadesjunto ao LEAF. As inscri\u00e7\u00f5es ser\u00e3o realizadas via o e-mail da Coordena\u00e7\u00e3o do Curso de&hellip;                        <\/div>\n                    \n                                        \n                                        \n                                            \n                                                    <div title=\"Publicado em 12\/08\/2026 \" class=\"data-publicacao-widget\">\n                                <i  class=\"far fa-clock\"><\/i>\n                                12\/08\/2026                             <\/div>\n                                                                <\/div>\n                            <\/div>\n            <\/div>\n<div class=\"leia-mais p-1\">\n                <a href=\"https:\/\/www.ufsm.br\/cursos\/graduacao\/santa-maria\/filosofia\/busca\/?q=&area=post|page&orderby=date&sites%5B%5D=464&tags=oportunidade\">\n            LEIA MAIS            <span class=\"icon-box\">\n                <span class=\"bg-ufsm-widget-icon\">\n                    <i class=\"fas fa-chevron-right\" aria-hidden=\"true\"><\/i>\n                <\/span>\n            <\/span>\n        <\/a>\n    <\/div>\n\t\t<\/div>\n\t\t\t\t<\/div>\n\t\t\t\t\t<\/div>\n\t\t<\/div>\n\t\t\t\t<div class=\"elementor-column elementor-col-50 elementor-top-column elementor-element elementor-element-541007b\" data-id=\"541007b\" data-element_type=\"column\">\n\t\t\t<div class=\"elementor-widget-wrap elementor-element-populated\">\n\t\t\t\t\t\t<div class=\"elementor-element elementor-element-c075482 elementor-widget elementor-widget-wp-widget-ufsm_editais_widget\" data-id=\"c075482\" data-element_type=\"widget\" data-widget_type=\"wp-widget-ufsm_editais_widget.default\">\n\t\t\t\t<div class=\"elementor-widget-container\">\n\t\t\t<h2 class='titulo-conteudos'>Editais<\/h2><div class='row'>\n            <div class=\"col-lg-12 px-3 pb-3\">\n            \n                        \n            <a title=\"03\/2026 - SELE\u00c7\u00c3O PARA BOLSISTA DO LABORAT\u00d3RIO DE ENSINO E APRENDIZAGEM DE FILOSOFIA (LEAF)\" href=\"https:\/\/www.ufsm.br\/cursos\/graduacao\/santa-maria\/filosofia\/editais\/003-2026\">\n                <span class=\"titulo-publicacao-widget\">03\/2026 - SELE\u00c7\u00c3O PARA BOLSISTA DO LABORAT\u00d3RIO DE ENSINO E APRENDIZAGEM DE FILOSOFIA (LEAF)<\/span>\n                <br>\n            <\/a>\n\n                        \n                                            \n                                    <div title=\"Publicado em 12\/08\/2026 \" class=\"data-publicacao-widget\"><i  class=\"far fa-clock\"><\/i> 12\/08\/2026 <\/div>\n                                \n        <\/div>\n            <div class=\"col-lg-12 px-3 pb-3\">\n            \n                        \n            <a title=\"002\/2026 - EDITAL 002\/2026 SELE\u00c7\u00c3O PARA BOLSISTA DO LABORAT\u00d3RIO DE ENSINO E APRENDIZAGEM DE FILOSOFIA (LEAF)\" href=\"https:\/\/www.ufsm.br\/cursos\/graduacao\/santa-maria\/filosofia\/editais\/002-2026\">\n                <span class=\"titulo-publicacao-widget\">002\/2026 - EDITAL 002\/2026 SELE\u00c7\u00c3O PARA BOLSISTA DO LABORAT\u00d3RIO DE ENSINO E APRENDIZAGEM DE FILOSOFIA (LEAF)<\/span>\n                <br>\n            <\/a>\n\n                        \n                                            \n                                    <div title=\"Publicado em 03\/03\/2026 \" class=\"data-publicacao-widget\"><i  class=\"far fa-clock\"><\/i> 03\/03\/2026 <\/div>\n                                \n        <\/div>\n    <\/div>\n<div class=\"leia-mais p-1\">\n                <a href=\"https:\/\/www.ufsm.br\/cursos\/graduacao\/santa-maria\/filosofia\/busca\/?q=&area=editais&orderby=date&sites%5B%5D=464\">\n            LEIA MAIS            <span class=\"icon-box\">\n                <span class=\"bg-ufsm-widget-icon\">\n                    <i class=\"fas fa-chevron-right\" aria-hidden=\"true\"><\/i>\n                <\/span>\n            <\/span>\n        <\/a>\n    <\/div>\n\t\t<\/div>\n\t\t\t\t<\/div>\n\t\t\t\t\t<\/div>\n\t\t<\/div>\n\t\t\t\t\t<\/div>\n\t\t<\/section>\n\t\t\t\t<section class=\"elementor-section elementor-top-section elementor-element elementor-element-9a01b07 elementor-section-boxed elementor-section-height-default elementor-section-height-default\" data-id=\"9a01b07\" data-element_type=\"section\">\n\t\t\t\t\t\t<div class=\"elementor-container elementor-column-gap-default\">\n\t\t\t\t\t<div class=\"elementor-column elementor-col-100 elementor-top-column elementor-element elementor-element-7cf3023\" data-id=\"7cf3023\" data-element_type=\"column\">\n\t\t\t<div class=\"elementor-widget-wrap elementor-element-populated\">\n\t\t\t\t\t\t<div class=\"elementor-element elementor-element-83e1c48 elementor-widget elementor-widget-heading\" data-id=\"83e1c48\" data-element_type=\"widget\" data-widget_type=\"heading.default\">\n\t\t\t\t<div class=\"elementor-widget-container\">\n\t\t\t<h5 class=\"elementor-heading-title elementor-size-default\">Calend\u00e1rio de Defesas de TCC<\/h5>\t\t<\/div>\n\t\t\t\t<\/div>\n\t\t\t\t<div class=\"elementor-element elementor-element-7c17c41 elementor-widget elementor-widget-wp-widget-ufsm_calendario_teses\" data-id=\"7c17c41\" data-element_type=\"widget\" data-widget_type=\"wp-widget-ufsm_calendario_teses.default\">\n\t\t\t\t<div class=\"elementor-widget-container\">\n\t\t\t<div class=\"alert alert-primary\" role=\"alert\">Nenhuma defesa futura cadastrada<\/div><div class='leia-mais'>\n\t\t\t<a href='https:\/\/www.ufsm.br\/cursos\/graduacao\/santa-maria\/filosofia\/busca\/?q=&sites[]=464&area=teses-e-dissertacoes' class='ms-auto'>Ver todas as defesas<\/a>\n\t\t\t<span class='icon-box'><span class='bg-ufsm-widget-icon'><i class='fas fa-chevron-right' aria-hidden='true'><\/i><\/span><\/span>\n\t\t<\/div>\t\t<\/div>\n\t\t\t\t<\/div>\n\t\t\t\t\t<\/div>\n\t\t<\/div>\n\t\t\t\t\t<\/div>\n\t\t<\/section>\n\t\t\t\t<section class=\"elementor-section elementor-top-section elementor-element elementor-element-de7e0ac elementor-section-boxed elementor-section-height-default elementor-section-height-default\" data-id=\"de7e0ac\" data-element_type=\"section\">\n\t\t\t\t\t\t<div class=\"elementor-container elementor-column-gap-default\">\n\t\t\t\t\t<div class=\"elementor-column elementor-col-100 elementor-top-column elementor-element elementor-element-0cb1df0\" data-id=\"0cb1df0\" data-element_type=\"column\">\n\t\t\t<div class=\"elementor-widget-wrap elementor-element-populated\">\n\t\t\t\t\t\t<div class=\"elementor-element elementor-element-8d69f8d elementor-widget elementor-widget-wp-widget-ufsm_eventos_widget\" data-id=\"8d69f8d\" data-element_type=\"widget\" data-widget_type=\"wp-widget-ufsm_eventos_widget.default\">\n\t\t\t\t<div class=\"elementor-widget-container\">\n\t\t\t<H2 class='titulo-conteudos'>Eventos - Cursos de Filosofia - UFSM<\/H2>\n          <div class='d-flex flex-column align-items-center justify-content-center py-4'>\n        <span class='text-muted fs-5 mb-2 d-flex align-items-center'>\n          <i class='fas fa-calendar-times fa-2x me-2'><\/i>\n          Nenhum evento futuro encontrado.\n        <\/span>\n        <a class='btn btn-outline-primary mt-2' href='https:\/\/www.ufsm.br\/cursos\/graduacao\/santa-maria\/filosofia\/busca\/?q=&orderby=date&order=DESC&perpage=15&area=eventos&sites%5B%5D=464'>\n          Confira os eventos j\u00e1 realizados\n          <i class='fas fa-arrow-right ms-2'><\/i>\n        <\/a>\n          <\/div>\n        \t\t<\/div>\n\t\t\t\t<\/div>\n\t\t\t\t<div class=\"elementor-element elementor-element-40c2c52 elementor-widget elementor-widget-wp-widget-ufsm_eventos_widget\" data-id=\"40c2c52\" data-element_type=\"widget\" data-widget_type=\"wp-widget-ufsm_eventos_widget.default\">\n\t\t\t\t<div class=\"elementor-widget-container\">\n\t\t\t<H2 class='titulo-conteudos'>Eventos<\/H2>\n          <div class='d-flex flex-column align-items-center justify-content-center py-4'>\n        <span class='text-muted fs-5 mb-2 d-flex align-items-center'>\n          <i class='fas fa-calendar-times fa-2x me-2'><\/i>\n          Nenhum evento futuro encontrado.\n        <\/span>\n        <a class='btn btn-outline-primary mt-2' href='https:\/\/www.ufsm.br\/cursos\/graduacao\/santa-maria\/filosofia\/busca\/?q=&orderby=date&order=DESC&perpage=15&area=eventos&sites%5B%5D=464'>\n          Confira os eventos j\u00e1 realizados\n          <i class='fas fa-arrow-right ms-2'><\/i>\n        <\/a>\n          <\/div>\n        \t\t<\/div>\n\t\t\t\t<\/div>\n\t\t\t\t\t<\/div>\n\t\t<\/div>\n\t\t\t\t\t<\/div>\n\t\t<\/section>\n\t\t\t\t<section class=\"elementor-section elementor-top-section elementor-element elementor-element-cf42439 elementor-section-boxed elementor-section-height-default elementor-section-height-default\" data-id=\"cf42439\" data-element_type=\"section\">\n\t\t\t\t\t\t<div class=\"elementor-container elementor-column-gap-default\">\n\t\t\t\t\t<div class=\"elementor-column elementor-col-100 elementor-top-column elementor-element elementor-element-bf4fc6a\" data-id=\"bf4fc6a\" data-element_type=\"column\">\n\t\t\t<div class=\"elementor-widget-wrap elementor-element-populated\">\n\t\t\t\t\t\t<div class=\"elementor-element elementor-element-c34902a elementor-widget elementor-widget-wp-widget-ufsm_noticias_widget\" data-id=\"c34902a\" data-element_type=\"widget\" data-widget_type=\"wp-widget-ufsm_noticias_widget.default\">\n\t\t\t\t<div class=\"elementor-widget-container\">\n\t\t\t<h5 class='titulo-conteudos'>Not\u00edcias<\/h5><div class='widget-noticias-inside'>\n                        <div class=\"row\">\n                                    <div class=\"col-12 col-lg-4 pb-4\">\n                                            <div class=\"noticias-widget-wrap\" style=\"height: 100px; overflow: hidden;\">\n                            <a title=\"Foto colorida horizontal de grupo de bailarinos no palco do Caixa Preta. As dan\u00e7arinas e os dan\u00e7arinos, em p\u00e9, fazem coreografias com quatro molduras com tamanho semelhante ao de portas. Alguns est\u00e3o com os corpos entrando e ou saindo molduras\" href=\"https:\/\/www.ufsm.br\/2026\/09\/04\/desapego\">\n                                <span class=\"visually-hidden\">\n                                    Foto colorida horizontal de grupo de bailarinos no palco do Caixa Preta. As dan\u00e7arinas e os dan\u00e7arinos, em p\u00e9, fazem coreografias com quatro molduras com tamanho semelhante ao de portas. Alguns est\u00e3o com os corpos entrando e ou saindo molduras                                <\/span>\n                                <div class=\"noticias-widget-thumbs h-100\">\n                                    <img decoding=\"async\" class=\"object-fit-cover h-100 w-100\" alt=\"\" srcset=\"https:\/\/www.ufsm.br\/app\/uploads\/2026\/09\/ESPETACULO_DESAPEGO_GIULIA_MAFFINI_013-300x169.jpg 300w, https:\/\/www.ufsm.br\/app\/uploads\/2026\/09\/ESPETACULO_DESAPEGO_GIULIA_MAFFINI_013-1024x576.jpg 1024w, https:\/\/www.ufsm.br\/app\/uploads\/2026\/09\/ESPETACULO_DESAPEGO_GIULIA_MAFFINI_013-768x432.jpg 768w, https:\/\/www.ufsm.br\/app\/uploads\/2026\/09\/ESPETACULO_DESAPEGO_GIULIA_MAFFINI_013-1536x864.jpg 1536w, https:\/\/www.ufsm.br\/app\/uploads\/2026\/09\/ESPETACULO_DESAPEGO_GIULIA_MAFFINI_013.jpg 1920w\" src=\"https:\/\/www.ufsm.br\/app\/uploads\/2026\/09\/ESPETACULO_DESAPEGO_GIULIA_MAFFINI_013-1024x576.jpg\"><\/img>\n                                <\/div>\n                            <\/a>\n                        <\/div>\n                                        \n                                        \n                    \n                    <a class=\"noticias-widget-title d-block  m-0 \"  title=\"Desapego: espet\u00e1culo\u00a0questiona press\u00f5es impostas pelos pap\u00e9is sociais\" href=\"https:\/\/www.ufsm.br\/2026\/09\/04\/desapego\">\n                                                Desapego: espet\u00e1culo\u00a0questiona press\u00f5es impostas pelos pap\u00e9is sociais                    <\/a>\n                    \n                    \n                                        \n                                        \n                                        <\/div>\n                                    <div class=\"col-12 col-lg-4 pb-4\">\n                                            <div class=\"noticias-widget-wrap\" style=\"height: 100px; overflow: hidden;\">\n                            <a title=\"Foto colorida horizontal registra uma paisagem de rio e de vegeta\u00e7\u00e3o da Amaz\u00f4nia. Em primeiro plano, h\u00e1 um pequeno curso de rio marrom com vegeta\u00e7\u00e3o rasteira \u00e0 sua margem, cercado por \u00e1rvores mais frondosas. \u00c0 direita, um pequeno barco de madeira est\u00e1 na margem do rio. Ao fundo, o curso de \u00e1gua se encontra com o rio, onde tamb\u00e9m \u00e9 poss\u00edvel observar outros barcos pequenos de madeira e casas simples. O c\u00e9u est\u00e1 parcialmente nublado, com a luz do sol atravessando as \u00e1rvores no canto superior esquerdo da imagem.\" href=\"https:\/\/www.ufsm.br\/2026\/09\/03\/ufsm-participa-de-estudo-internacional-sobre-ameacas-as-terras-indigenas-na-amazonia\">\n                                <span class=\"visually-hidden\">\n                                    Foto colorida horizontal registra uma paisagem de rio e de vegeta\u00e7\u00e3o da Amaz\u00f4nia. Em primeiro plano, h\u00e1 um pequeno curso de rio marrom com vegeta\u00e7\u00e3o rasteira \u00e0 sua margem, cercado por \u00e1rvores mais frondosas. \u00c0 direita, um pequeno barco de madeira est\u00e1 na margem do rio. Ao fundo, o curso de \u00e1gua se encontra com o rio, onde tamb\u00e9m \u00e9 poss\u00edvel observar outros barcos pequenos de madeira e casas simples. O c\u00e9u est\u00e1 parcialmente nublado, com a luz do sol atravessando as \u00e1rvores no canto superior esquerdo da imagem.                                <\/span>\n                                <div class=\"noticias-widget-thumbs h-100\">\n                                    <img decoding=\"async\" class=\"object-fit-cover h-100 w-100\" alt=\"\" srcset=\"https:\/\/www.ufsm.br\/app\/uploads\/2026\/09\/Vale-do-Javari-acervo-pessoal-de-gabriel-de-oliveira-e-erin-koster-300x169.jpg 300w, https:\/\/www.ufsm.br\/app\/uploads\/2026\/09\/Vale-do-Javari-acervo-pessoal-de-gabriel-de-oliveira-e-erin-koster-1024x576.jpg 1024w, https:\/\/www.ufsm.br\/app\/uploads\/2026\/09\/Vale-do-Javari-acervo-pessoal-de-gabriel-de-oliveira-e-erin-koster-768x432.jpg 768w, https:\/\/www.ufsm.br\/app\/uploads\/2026\/09\/Vale-do-Javari-acervo-pessoal-de-gabriel-de-oliveira-e-erin-koster.jpg 1500w\" src=\"https:\/\/www.ufsm.br\/app\/uploads\/2026\/09\/Vale-do-Javari-acervo-pessoal-de-gabriel-de-oliveira-e-erin-koster-1024x576.jpg\"><\/img>\n                                <\/div>\n                            <\/a>\n                        <\/div>\n                                        \n                                        \n                    \n                    <a class=\"noticias-widget-title d-block  m-0 \"  title=\"UFSM participa de estudo internacional sobre amea\u00e7as \u00e0s terras ind\u00edgenas na Amaz\u00f4nia\" href=\"https:\/\/www.ufsm.br\/2026\/09\/03\/ufsm-participa-de-estudo-internacional-sobre-ameacas-as-terras-indigenas-na-amazonia\">\n                                                UFSM participa de estudo internacional sobre amea\u00e7as \u00e0s terras ind\u00edgenas na Amaz\u00f4nia                    <\/a>\n                    \n                    \n                                        \n                                        \n                                        <\/div>\n                                    <div class=\"col-12 col-lg-4 pb-4\">\n                                            <div class=\"noticias-widget-wrap\" style=\"height: 100px; overflow: hidden;\">\n                            <a title=\"\" href=\"https:\/\/www.ufsm.br\/2026\/09\/02\/basquete-feminino-da-ufsm-conquista-a-medalha-de-bronze-nos-jogos-universitarios-brasileiros-de-2026\">\n                                <span class=\"visually-hidden\">\n                                    Basquete feminino da UFSM conquista a medalha de bronze nos Jogos Universit\u00e1rios Brasileiros de 2026                                <\/span>\n                                <div class=\"noticias-widget-thumbs h-100\">\n                                    <img decoding=\"async\" class=\"object-fit-cover h-100 w-100\" alt=\"\" srcset=\"https:\/\/www.ufsm.br\/app\/uploads\/2026\/09\/DSC_1076.JPG-1-300x200.jpeg 300w, https:\/\/www.ufsm.br\/app\/uploads\/2026\/09\/DSC_1076.JPG-1-1024x683.jpeg 1024w, https:\/\/www.ufsm.br\/app\/uploads\/2026\/09\/DSC_1076.JPG-1-768x512.jpeg 768w, https:\/\/www.ufsm.br\/app\/uploads\/2026\/09\/DSC_1076.JPG-1-1536x1024.jpeg 1536w, https:\/\/www.ufsm.br\/app\/uploads\/2026\/09\/DSC_1076.JPG-1-272x182.jpeg 272w, https:\/\/www.ufsm.br\/app\/uploads\/2026\/09\/DSC_1076.JPG-1.jpeg 1920w\" src=\"https:\/\/www.ufsm.br\/app\/uploads\/2026\/09\/DSC_1076.JPG-1-1024x683.jpeg\"><\/img>\n                                <\/div>\n                            <\/a>\n                        <\/div>\n                                        \n                                        \n                    \n                    <a class=\"noticias-widget-title d-block  m-0 \"  title=\"Basquete feminino da UFSM conquista a medalha de bronze nos Jogos Universit\u00e1rios Brasileiros de 2026\" href=\"https:\/\/www.ufsm.br\/2026\/09\/02\/basquete-feminino-da-ufsm-conquista-a-medalha-de-bronze-nos-jogos-universitarios-brasileiros-de-2026\">\n                                                Basquete feminino da UFSM conquista a medalha de bronze nos Jogos Universit\u00e1rios Brasileiros de 2026                    <\/a>\n                    \n                    \n                                        \n                                        \n                                        <\/div>\n                            <\/div>\n                    <div class=\"row\">\n                                    <div class=\"col-12 col-lg-4 pb-4\">\n                                            <div class=\"noticias-widget-wrap\" style=\"height: 100px; overflow: hidden;\">\n                            <a title=\"\" href=\"https:\/\/www.ufsm.br\/2026\/09\/02\/queimadas-na-amazonia-ajudam-a-explicar-impactos-dos-aerossois-na-atmosfera-do-sul-do-brasil\">\n                                <span class=\"visually-hidden\">\n                                    Queimadas na Amaz\u00f4nia ajudam a explicar impactos dos aeross\u00f3is na atmosfera do Sul do Brasil                                <\/span>\n                                <div class=\"noticias-widget-thumbs h-100\">\n                                    <img decoding=\"async\" class=\"object-fit-cover h-100 w-100\" alt=\"\" srcset=\"https:\/\/www.ufsm.br\/app\/uploads\/2026\/09\/WhatsApp-Image-2026-08-28-at-19.24.18-3-300x225.jpeg 300w, https:\/\/www.ufsm.br\/app\/uploads\/2026\/09\/WhatsApp-Image-2026-08-28-at-19.24.18-3-1024x768.jpeg 1024w, https:\/\/www.ufsm.br\/app\/uploads\/2026\/09\/WhatsApp-Image-2026-08-28-at-19.24.18-3-768x576.jpeg 768w, https:\/\/www.ufsm.br\/app\/uploads\/2026\/09\/WhatsApp-Image-2026-08-28-at-19.24.18-3-1536x1152.jpeg 1536w, https:\/\/www.ufsm.br\/app\/uploads\/2026\/09\/WhatsApp-Image-2026-08-28-at-19.24.18-3.jpeg 1600w\" src=\"https:\/\/www.ufsm.br\/app\/uploads\/2026\/09\/WhatsApp-Image-2026-08-28-at-19.24.18-3-1024x768.jpeg\"><\/img>\n                                <\/div>\n                            <\/a>\n                        <\/div>\n                                        \n                                        \n                    \n                    <a class=\"noticias-widget-title d-block  m-0 \"  title=\"Queimadas na Amaz\u00f4nia ajudam a explicar impactos dos aeross\u00f3is na atmosfera do Sul do Brasil\" href=\"https:\/\/www.ufsm.br\/2026\/09\/02\/queimadas-na-amazonia-ajudam-a-explicar-impactos-dos-aerossois-na-atmosfera-do-sul-do-brasil\">\n                                                Queimadas na Amaz\u00f4nia ajudam a explicar impactos dos aeross\u00f3is na atmosfera do Sul do Brasil                    <\/a>\n                    \n                    \n                                        \n                                        \n                                        <\/div>\n                                    <div class=\"col-12 col-lg-4 pb-4\">\n                                            <div class=\"noticias-widget-wrap\" style=\"height: 100px; overflow: hidden;\">\n                            <a title=\"\" href=\"https:\/\/www.ufsm.br\/2026\/09\/01\/serie-de-encontros-aborda-a-construcao-do-novo-pdi-da-ufsm-e-o-ensino-superior-na-sociedade\">\n                                <span class=\"visually-hidden\">\n                                    S\u00e9rie de encontros aborda a constru\u00e7\u00e3o do novo PDI da UFSM e o ensino superior na sociedade                                <\/span>\n                                <div class=\"noticias-widget-thumbs h-100\">\n                                    <img decoding=\"async\" class=\"object-fit-cover h-100 w-100\" alt=\"\" srcset=\"https:\/\/www.ufsm.br\/app\/uploads\/2026\/09\/GESTAO_E_DESENVOLVIMENTO_DA_UNIVERSIDADE_DEMOCRATICA_MATHIAS_ILNICKI_008-300x200.jpg 300w, https:\/\/www.ufsm.br\/app\/uploads\/2026\/09\/GESTAO_E_DESENVOLVIMENTO_DA_UNIVERSIDADE_DEMOCRATICA_MATHIAS_ILNICKI_008-1024x683.jpg 1024w, https:\/\/www.ufsm.br\/app\/uploads\/2026\/09\/GESTAO_E_DESENVOLVIMENTO_DA_UNIVERSIDADE_DEMOCRATICA_MATHIAS_ILNICKI_008-768x512.jpg 768w, https:\/\/www.ufsm.br\/app\/uploads\/2026\/09\/GESTAO_E_DESENVOLVIMENTO_DA_UNIVERSIDADE_DEMOCRATICA_MATHIAS_ILNICKI_008-1536x1024.jpg 1536w, https:\/\/www.ufsm.br\/app\/uploads\/2026\/09\/GESTAO_E_DESENVOLVIMENTO_DA_UNIVERSIDADE_DEMOCRATICA_MATHIAS_ILNICKI_008-272x182.jpg 272w, https:\/\/www.ufsm.br\/app\/uploads\/2026\/09\/GESTAO_E_DESENVOLVIMENTO_DA_UNIVERSIDADE_DEMOCRATICA_MATHIAS_ILNICKI_008.jpg 1920w\" src=\"https:\/\/www.ufsm.br\/app\/uploads\/2026\/09\/GESTAO_E_DESENVOLVIMENTO_DA_UNIVERSIDADE_DEMOCRATICA_MATHIAS_ILNICKI_008-1024x683.jpg\"><\/img>\n                                <\/div>\n                            <\/a>\n                        <\/div>\n                                        \n                                        \n                    \n                    <a class=\"noticias-widget-title d-block  m-0 \"  title=\"S\u00e9rie de encontros aborda a constru\u00e7\u00e3o do novo PDI da UFSM e o ensino superior na sociedade\" href=\"https:\/\/www.ufsm.br\/2026\/09\/01\/serie-de-encontros-aborda-a-construcao-do-novo-pdi-da-ufsm-e-o-ensino-superior-na-sociedade\">\n                                                S\u00e9rie de encontros aborda a constru\u00e7\u00e3o do novo PDI da UFSM e o ensino superior na sociedade                    <\/a>\n                    \n                    \n                                        \n                                        \n                                        <\/div>\n                                    <div class=\"col-12 col-lg-4 pb-4\">\n                                            <div class=\"noticias-widget-wrap\" style=\"height: 100px; overflow: hidden;\">\n                            <a title=\"\" href=\"https:\/\/www.ufsm.br\/pro-reitorias\/prograd\/2026\/09\/02\/curso-mbya-guarani-educacao-intercultural-indigena-seleciona-professoresas-formadoresas-e-formadoresas-convidadosas\">\n                                <span class=\"visually-hidden\">\n                                    Curso Mbya Guarani Educa\u00e7\u00e3o Intercultural Ind\u00edgena seleciona Professores(as) formadores(as) e Formadores(as) convidados(as)                                <\/span>\n                                <div class=\"noticias-widget-thumbs h-100\">\n                                    <img decoding=\"async\" class=\"object-fit-cover h-100 w-100\" alt=\"\" srcset=\"https:\/\/www.ufsm.br\/app\/uploads\/sites\/342\/2026\/04\/ufsm-prograd-parfor-equidade-banner-geral-300x79.jpg 300w, https:\/\/www.ufsm.br\/app\/uploads\/sites\/342\/2026\/04\/ufsm-prograd-parfor-equidade-banner-geral-768x203.jpg 768w, https:\/\/www.ufsm.br\/app\/uploads\/sites\/342\/2026\/04\/ufsm-prograd-parfor-equidade-banner-geral.jpg 1024w\" src=\"https:\/\/www.ufsm.br\/app\/uploads\/sites\/342\/2026\/04\/ufsm-prograd-parfor-equidade-banner-geral.jpg\"><\/img>\n                                <\/div>\n                            <\/a>\n                        <\/div>\n                                        \n                                        \n                    \n                    <a class=\"noticias-widget-title d-block  m-0 \"  title=\"Curso Mbya Guarani Educa\u00e7\u00e3o Intercultural Ind\u00edgena seleciona Professores(as) formadores(as) e Formadores(as) convidados(as)\" href=\"https:\/\/www.ufsm.br\/pro-reitorias\/prograd\/2026\/09\/02\/curso-mbya-guarani-educacao-intercultural-indigena-seleciona-professoresas-formadoresas-e-formadoresas-convidadosas\">\n                                                Curso Mbya Guarani Educa\u00e7\u00e3o Intercultural Ind\u00edgena seleciona Professores(as) formadores(as) e Formadores(as) convidados(as)                    <\/a>\n                    \n                    \n                                        \n                                        \n                                        <\/div>\n                            <\/div>\n            <\/div>\n\t\t<\/div>\n\t\t\t\t<\/div>\n\t\t\t\t\t<\/div>\n\t\t<\/div>\n\t\t\t\t\t<\/div>\n\t\t<\/section>\n\t\t\t\t<\/div>\n\t\t","protected":false},"excerpt":{"rendered":"<p>Apresenta\u00e7\u00e3o \u00a0\u00a0\u00a0\u00a0\u00a0 A Filosofia \u00e9 uma \u00e1rea da cultura humana bastante singular, tanto por seus m\u00e9todos quanto pela natureza e amplitude de seus temas. Ela pode ser aplicada em todos os campos do saber e em todas as dimens\u00f5es da vida humana. Poderia ser apresentada como uma busca racional de verdades fundamentais, como a procura [&hellip;]<\/p>\n","protected":false},"author":8,"featured_media":0,"parent":0,"menu_order":0,"comment_status":"closed","ping_status":"closed","template":"","meta":{"footnotes":""},"categories":[],"tags":[],"class_list":["post-5","page","type-page","status-publish","hentry"],"acf":[],"_links":{"self":[{"href":"https:\/\/www.ufsm.br\/cursos\/graduacao\/santa-maria\/filosofia\/wp-json\/wp\/v2\/pages\/5","targetHints":{"allow":["GET"]}}],"collection":[{"href":"https:\/\/www.ufsm.br\/cursos\/graduacao\/santa-maria\/filosofia\/wp-json\/wp\/v2\/pages"}],"about":[{"href":"https:\/\/www.ufsm.br\/cursos\/graduacao\/santa-maria\/filosofia\/wp-json\/wp\/v2\/types\/page"}],"author":[{"embeddable":true,"href":"https:\/\/www.ufsm.br\/cursos\/graduacao\/santa-maria\/filosofia\/wp-json\/wp\/v2\/users\/8"}],"replies":[{"embeddable":true,"href":"https:\/\/www.ufsm.br\/cursos\/graduacao\/santa-maria\/filosofia\/wp-json\/wp\/v2\/comments?post=5"}],"version-history":[{"count":0,"href":"https:\/\/www.ufsm.br\/cursos\/graduacao\/santa-maria\/filosofia\/wp-json\/wp\/v2\/pages\/5\/revisions"}],"wp:attachment":[{"href":"https:\/\/www.ufsm.br\/cursos\/graduacao\/santa-maria\/filosofia\/wp-json\/wp\/v2\/media?parent=5"}],"wp:term":[{"taxonomy":"category","embeddable":true,"href":"https:\/\/www.ufsm.br\/cursos\/graduacao\/santa-maria\/filosofia\/wp-json\/wp\/v2\/categories?post=5"},{"taxonomy":"post_tag","embeddable":true,"href":"https:\/\/www.ufsm.br\/cursos\/graduacao\/santa-maria\/filosofia\/wp-json\/wp\/v2\/tags?post=5"}],"curies":[{"name":"wp","href":"https:\/\/api.w.org\/{rel}","templated":true}]}}