{"id":5,"date":"2018-01-18T08:39:17","date_gmt":"2018-01-18T10:39:17","guid":{"rendered":"https:\/\/www.ufsm.br\/cursos\/graduacao\/nutricao\/12352\/?page_id=5"},"modified":"2026-06-01T10:24:33","modified_gmt":"2026-06-01T13:24:33","slug":"pagina-inicial","status":"publish","type":"page","link":"https:\/\/www.ufsm.br\/cursos\/graduacao\/santa-maria\/quimica-industrial\/","title":{"rendered":"P\u00e1gina Inicial"},"content":{"rendered":"\t\t<div data-elementor-type=\"wp-post\" data-elementor-id=\"5\" class=\"elementor elementor-5\">\n\t\t\t\t\t\t<section class=\"elementor-section elementor-top-section elementor-element elementor-element-f6a61e1 elementor-section-boxed elementor-section-height-default elementor-section-height-default\" data-id=\"f6a61e1\" data-element_type=\"section\">\n\t\t\t\t\t\t<div class=\"elementor-container elementor-column-gap-default\">\n\t\t\t\t\t<div class=\"elementor-column elementor-col-100 elementor-top-column elementor-element elementor-element-81ce27f\" data-id=\"81ce27f\" data-element_type=\"column\">\n\t\t\t<div class=\"elementor-widget-wrap elementor-element-populated\">\n\t\t\t\t\t\t<div class=\"elementor-element elementor-element-8d1f660 elementor-widget elementor-widget-wp-widget-ufsm_noticias_widget\" data-id=\"8d1f660\" data-element_type=\"widget\" data-widget_type=\"wp-widget-ufsm_noticias_widget.default\">\n\t\t\t\t<div class=\"elementor-widget-container\">\n\t\t\t<div id='ufsm-carousel-1788592853-1045512436' class='carousel slide carousel-ufsm' data-bs-ride='carousel' aria-hidden='true'>\n    <div class='carousel-inner'>\n                    \n\n            <div class='carousel-item active' data-bs-interval='4000'>\n                                    <!-- Link && Slider Image -->\n                    <a href='https:\/\/www.ufsm.br\/cursos\/graduacao\/santa-maria\/quimica-industrial\/2020\/02\/13\/guia-da-faculdade-2019'>\n                        <img class='w-100' style='max-height:250px; object-fit:cover;' alt=\"\" srcset=\"https:\/\/www.ufsm.br\/app\/uploads\/sites\/455\/2020\/02\/Guia-da-Faculdade-2020-300x58.png 300w, https:\/\/www.ufsm.br\/app\/uploads\/sites\/455\/2020\/02\/Guia-da-Faculdade-2020-1024x198.png 1024w, https:\/\/www.ufsm.br\/app\/uploads\/sites\/455\/2020\/02\/Guia-da-Faculdade-2020-768x148.png 768w, https:\/\/www.ufsm.br\/app\/uploads\/sites\/455\/2020\/02\/Guia-da-Faculdade-2020-1536x297.png 1536w, https:\/\/www.ufsm.br\/app\/uploads\/sites\/455\/2020\/02\/Guia-da-Faculdade-2020.png 1920w\">\n                    <\/a>\n                \n                \n                                                            <\/div>\n                    <!-- Exibi Indicadores -->\n            <\/div>\n<\/div>\n<!-- Acessibilidade, apenas leitor de tela -->\n<ul class='visually-hidden'>\n    <li><a href='https:\/\/www.ufsm.br\/cursos\/graduacao\/santa-maria\/quimica-industrial\/2020\/02\/13\/guia-da-faculdade-2019'>Guia da Faculdade 2020<\/a><\/li><\/ul>\n\t\t<\/div>\n\t\t\t\t<\/div>\n\t\t\t\t\t<\/div>\n\t\t<\/div>\n\t\t\t\t\t<\/div>\n\t\t<\/section>\n\t\t\t\t<section class=\"elementor-section elementor-top-section elementor-element elementor-element-d338d4f elementor-section-boxed elementor-section-height-default elementor-section-height-default\" data-id=\"d338d4f\" data-element_type=\"section\">\n\t\t\t\t\t\t<div class=\"elementor-container elementor-column-gap-default\">\n\t\t\t\t\t<div class=\"elementor-column elementor-col-50 elementor-top-column elementor-element elementor-element-bbc3f51\" data-id=\"bbc3f51\" data-element_type=\"column\">\n\t\t\t<div class=\"elementor-widget-wrap elementor-element-populated\">\n\t\t\t\t\t\t<div class=\"elementor-element elementor-element-990eefd elementor-widget elementor-widget-heading\" data-id=\"990eefd\" data-element_type=\"widget\" data-widget_type=\"heading.default\">\n\t\t\t\t<div class=\"elementor-widget-container\">\n\t\t\t<h5 class=\"elementor-heading-title elementor-size-default\">Apresenta\u00e7\u00e3o<\/h5>\t\t<\/div>\n\t\t\t\t<\/div>\n\t\t\t\t<div class=\"elementor-element elementor-element-220959c elementor-widget elementor-widget-text-editor\" data-id=\"220959c\" data-element_type=\"widget\" data-widget_type=\"text-editor.default\">\n\t\t\t\t<div class=\"elementor-widget-container\">\n\t\t\t\t\t\t\t<p><div class='row'><div class='col-12 col-lg-9 pe-lg-1 align-self-center'><p>O curso de <b>Qu\u00edmica Industrial<\/b> est\u00e1 localizado em <b>Campus Camobi &#8211; UFSM<\/b> na modalidade <b>Bacharelado &#8211; Presencial<\/b>, sendo <b>Diurno<\/b> o seu turno de funcionamento. A \u00e1rea de conhecimento do curso \u00e9 classificada como <b>CI\u00caNCIAS EXATAS E DA TERRA<\/b>. Atualmente, a coordena\u00e7\u00e3o \u00e9 de responsabilidade de <b>SAILER SANTOS DOS SANTOS<\/b>, a coordena\u00e7\u00e3o substituta de <b>VANESSA SCHMIDT GIACOMELLI<\/b> e a secretaria de <b>GUSTAVO BESSAUER NAKASHIMA<\/b>.<\/p><p>O curso \u00e9 ofertado em per\u00edodo <b>Semestral<\/b>, sendo <b>9<\/b> o n\u00famero de per\u00edodos indicados para sua conclus\u00e3o.<\/p><p class='mt-3'>Reconhecido pelo Decreto n. 76.210\/75, publicado no DOU, de 05\/09\/75 e Portaria n. 677\/2025\/MEC, publicada no DOU, de 01\/10\/2025.<\/p><\/div><div class='col-12 col-lg-3'><div class='row d-flex justify-content-around'><h3 class='visually-hidden'>Conceitos<\/h3><div class='col-12 col-md-4 col-lg-12 d-flex flex-column conceito-curso'><div class='flex-fill p-3 my-2 my-md-0 my-lg-1 mx-0 mx-md-2 mx-lg-0'><div class='text-center conceito-descricao'>Conceito de Curso (2025)<\/div><div class='text-center text-primary conceito-valor'>5<\/div><\/div><\/div><div class='col-12 col-md-4 col-lg-12 d-flex flex-column conceito-curso'><div class='flex-fill p-3 my-2 my-md-0 my-lg-1 mx-0 mx-md-2 mx-lg-0'><div class='text-center conceito-descricao'>Conceito Preliminar de Curso (2017)<\/div><div class='text-center text-primary conceito-valor'>4<\/div><\/div><\/div><div class='col-12 col-md-4 col-lg-12 d-flex flex-column conceito-curso'><div class='flex-fill p-3 my-2 my-md-0 my-lg-1 mx-0 mx-md-2 mx-lg-0'><div class='text-center conceito-descricao'>ENADE (2017)<\/div><div class='text-center text-primary conceito-valor'>3<\/div><\/div><\/div><\/div><\/div><\/div><\/p>\t\t\t\t\t\t<\/div>\n\t\t\t\t<\/div>\n\t\t\t\t\t<\/div>\n\t\t<\/div>\n\t\t\t\t<div class=\"elementor-column elementor-col-50 elementor-top-column elementor-element elementor-element-d49eb9d\" data-id=\"d49eb9d\" data-element_type=\"column\">\n\t\t\t<div class=\"elementor-widget-wrap elementor-element-populated\">\n\t\t\t\t\t\t<div class=\"elementor-element elementor-element-fa1c136 elementor-widget elementor-widget-wp-widget-ufsm_noticias_widget\" data-id=\"fa1c136\" data-element_type=\"widget\" data-widget_type=\"wp-widget-ufsm_noticias_widget.default\">\n\t\t\t\t<div class=\"elementor-widget-container\">\n\t\t\t<h5 class='titulo-conteudos'>Destaques<\/h5><div id='ufsm-carousel-1788592853-563232734' class='carousel slide carousel-ufsm' data-bs-ride='carousel' aria-hidden='true'>\n    <div class='carousel-inner'>\n                    \n\n            <div class='carousel-item active' data-bs-interval='4000'>\n                                    <!-- Link && Slider Image -->\n                    <a href='https:\/\/www.ufsm.br\/cursos\/graduacao\/santa-maria\/quimica-industrial\/2020\/10\/07\/ajuste-de-matriculas-2020-2'>\n                        <img class='w-100' style='max-height:200px; object-fit:cover;' alt=\"Ajuste de matr\u00edculas (de 19 a 30 de outubro) O ajuste de matr\u00edculas para o 2\u00ba semestre de 2020, pelos alunos dos cursos de Qu\u00edmica &#8211; Bacharelado e Qu\u00edmica Industrial, dever\u00e1 ser feito exclusivamente pelo preenchimento dos formul\u00e1rios a seguir,&hellip;\" srcset=\"https:\/\/www.ufsm.br\/app\/uploads\/sites\/455\/2020\/09\/AJUSTE-IMAGEM-300x169.jpg 300w, https:\/\/www.ufsm.br\/app\/uploads\/sites\/455\/2020\/09\/AJUSTE-IMAGEM-768x432.jpg 768w, https:\/\/www.ufsm.br\/app\/uploads\/sites\/455\/2020\/09\/AJUSTE-IMAGEM.jpg 800w\">\n                    <\/a>\n                \n                \n                                    <!-- Slider caption -->\n                    <h5 class='mt-2 mb-0'>\n                        <a href='https:\/\/www.ufsm.br\/cursos\/graduacao\/santa-maria\/quimica-industrial\/2020\/10\/07\/ajuste-de-matriculas-2020-2' aria-hidden='true'>Ajuste de matr\u00edculas 2020\/2 e matr\u00edcula extracurricular<\/a>\n                                            <\/h5>\n                                                            <\/div>\n                    <!-- Exibi Indicadores -->\n            <\/div>\n<\/div>\n<!-- Acessibilidade, apenas leitor de tela -->\n<ul class='visually-hidden'>\n    <li><a href='https:\/\/www.ufsm.br\/cursos\/graduacao\/santa-maria\/quimica-industrial\/2020\/10\/07\/ajuste-de-matriculas-2020-2'>Ajuste de matr\u00edculas 2020\/2 e matr\u00edcula extracurricular<\/a><\/li><\/ul>\n\t\t<\/div>\n\t\t\t\t<\/div>\n\t\t\t\t\t<\/div>\n\t\t<\/div>\n\t\t\t\t\t<\/div>\n\t\t<\/section>\n\t\t\t\t<section class=\"elementor-section elementor-top-section elementor-element elementor-element-066c9c2 elementor-section-boxed elementor-section-height-default elementor-section-height-default\" data-id=\"066c9c2\" data-element_type=\"section\">\n\t\t\t\t\t\t<div class=\"elementor-container elementor-column-gap-default\">\n\t\t\t\t\t<div class=\"elementor-column elementor-col-100 elementor-top-column elementor-element elementor-element-ad5d8f1\" data-id=\"ad5d8f1\" data-element_type=\"column\">\n\t\t\t<div class=\"elementor-widget-wrap elementor-element-populated\">\n\t\t\t\t\t\t<div class=\"elementor-element elementor-element-9a437fd elementor-widget elementor-widget-heading\" data-id=\"9a437fd\" data-element_type=\"widget\" data-widget_type=\"heading.default\">\n\t\t\t\t<div class=\"elementor-widget-container\">\n\t\t\t<h5 class=\"elementor-heading-title elementor-size-default\">Utilidades<\/h5>\t\t<\/div>\n\t\t\t\t<\/div>\n\t\t\t\t\t<\/div>\n\t\t<\/div>\n\t\t\t\t\t<\/div>\n\t\t<\/section>\n\t\t\t\t<section class=\"elementor-section elementor-top-section elementor-element elementor-element-7a9d9cf elementor-section-boxed elementor-section-height-default elementor-section-height-default\" data-id=\"7a9d9cf\" data-element_type=\"section\">\n\t\t\t\t\t\t<div class=\"elementor-container elementor-column-gap-default\">\n\t\t\t\t\t<div class=\"elementor-column elementor-col-16 elementor-top-column elementor-element elementor-element-9615275\" data-id=\"9615275\" data-element_type=\"column\">\n\t\t\t<div class=\"elementor-widget-wrap elementor-element-populated\">\n\t\t\t\t\t\t<div class=\"elementor-element elementor-element-1055ee6 elementor-view-default elementor-position-top elementor-mobile-position-top elementor-widget elementor-widget-icon-box\" data-id=\"1055ee6\" data-element_type=\"widget\" data-widget_type=\"icon-box.default\">\n\t\t\t\t<div class=\"elementor-widget-container\">\n\t\t\t\t\t<div class=\"elementor-icon-box-wrapper\">\n\n\t\t\t\t\t\t<div class=\"elementor-icon-box-icon\">\n\t\t\t\t<a href=\"https:\/\/www.ufsm.br\/cursos\/graduacao\/santa-maria\/quimica-industrial\/horarios\" class=\"elementor-icon elementor-animation-bounce-in\" tabindex=\"-1\">\n\t\t\t\t<i aria-hidden=\"true\" class=\"fas fa-pencil-alt\"><\/i>\t\t\t\t<\/a>\n\t\t\t<\/div>\n\t\t\t\n\t\t\t\t\t\t<div class=\"elementor-icon-box-content\">\n\n\t\t\t\t\t\t\t\t\t<h3 class=\"elementor-icon-box-title\">\n\t\t\t\t\t\t<a href=\"https:\/\/www.ufsm.br\/cursos\/graduacao\/santa-maria\/quimica-industrial\/horarios\" >\n\t\t\t\t\t\t\tOferta\/hor\u00e1rio \t\t\t\t\t\t<\/a>\n\t\t\t\t\t<\/h3>\n\t\t\t\t\n\t\t\t\t\n\t\t\t<\/div>\n\t\t\t\n\t\t<\/div>\n\t\t\t\t<\/div>\n\t\t\t\t<\/div>\n\t\t\t\t\t<\/div>\n\t\t<\/div>\n\t\t\t\t<div class=\"elementor-column elementor-col-16 elementor-top-column elementor-element elementor-element-9d6247f\" data-id=\"9d6247f\" data-element_type=\"column\">\n\t\t\t<div class=\"elementor-widget-wrap elementor-element-populated\">\n\t\t\t\t\t\t<div class=\"elementor-element elementor-element-4bd9f74 elementor-view-default elementor-position-top elementor-mobile-position-top elementor-widget elementor-widget-icon-box\" data-id=\"4bd9f74\" data-element_type=\"widget\" data-widget_type=\"icon-box.default\">\n\t\t\t\t<div class=\"elementor-widget-container\">\n\t\t\t\t\t<div class=\"elementor-icon-box-wrapper\">\n\n\t\t\t\t\t\t<div class=\"elementor-icon-box-icon\">\n\t\t\t\t<a href=\"http:\/\/www.ufsm.br\/cursos\/graduacao\/santa-maria\/quimica-industrial\/informacoes-do-curriculo\" class=\"elementor-icon elementor-animation-bounce-in\" tabindex=\"-1\">\n\t\t\t\t<i aria-hidden=\"true\" class=\"far fa-clipboard\"><\/i>\t\t\t\t<\/a>\n\t\t\t<\/div>\n\t\t\t\n\t\t\t\t\t\t<div class=\"elementor-icon-box-content\">\n\n\t\t\t\t\t\t\t\t\t<h3 class=\"elementor-icon-box-title\">\n\t\t\t\t\t\t<a href=\"http:\/\/www.ufsm.br\/cursos\/graduacao\/santa-maria\/quimica-industrial\/informacoes-do-curriculo\" >\n\t\t\t\t\t\t\tInforma\u00e7\u00f5es curriculares\t\t\t\t\t\t<\/a>\n\t\t\t\t\t<\/h3>\n\t\t\t\t\n\t\t\t\t\n\t\t\t<\/div>\n\t\t\t\n\t\t<\/div>\n\t\t\t\t<\/div>\n\t\t\t\t<\/div>\n\t\t\t\t\t<\/div>\n\t\t<\/div>\n\t\t\t\t<div class=\"elementor-column elementor-col-16 elementor-top-column elementor-element elementor-element-183b0e0\" data-id=\"183b0e0\" data-element_type=\"column\">\n\t\t\t<div class=\"elementor-widget-wrap elementor-element-populated\">\n\t\t\t\t\t\t<div class=\"elementor-element elementor-element-8709c84 elementor-view-default elementor-position-top elementor-mobile-position-top elementor-widget elementor-widget-icon-box\" data-id=\"8709c84\" data-element_type=\"widget\" data-widget_type=\"icon-box.default\">\n\t\t\t\t<div class=\"elementor-widget-container\">\n\t\t\t\t\t<div class=\"elementor-icon-box-wrapper\">\n\n\t\t\t\t\t\t<div class=\"elementor-icon-box-icon\">\n\t\t\t\t<a href=\"http:\/\/www.ufsm.br\/cursos\/graduacao\/santa-maria\/quimica-industrial\/projeto-pedagogico\" class=\"elementor-icon elementor-animation-bounce-in\" tabindex=\"-1\">\n\t\t\t\t<i aria-hidden=\"true\" class=\"fas fa-book\"><\/i>\t\t\t\t<\/a>\n\t\t\t<\/div>\n\t\t\t\n\t\t\t\t\t\t<div class=\"elementor-icon-box-content\">\n\n\t\t\t\t\t\t\t\t\t<h3 class=\"elementor-icon-box-title\">\n\t\t\t\t\t\t<a href=\"http:\/\/www.ufsm.br\/cursos\/graduacao\/santa-maria\/quimica-industrial\/projeto-pedagogico\" >\n\t\t\t\t\t\t\tProjeto Pedag\u00f3gico\t\t\t\t\t\t<\/a>\n\t\t\t\t\t<\/h3>\n\t\t\t\t\n\t\t\t\t\n\t\t\t<\/div>\n\t\t\t\n\t\t<\/div>\n\t\t\t\t<\/div>\n\t\t\t\t<\/div>\n\t\t\t\t\t<\/div>\n\t\t<\/div>\n\t\t\t\t<div class=\"elementor-column elementor-col-16 elementor-top-column elementor-element elementor-element-8fa13bd\" data-id=\"8fa13bd\" data-element_type=\"column\">\n\t\t\t<div class=\"elementor-widget-wrap elementor-element-populated\">\n\t\t\t\t\t\t<div class=\"elementor-element elementor-element-b47f7e4 elementor-view-default elementor-position-top elementor-mobile-position-top elementor-widget elementor-widget-icon-box\" data-id=\"b47f7e4\" data-element_type=\"widget\" data-widget_type=\"icon-box.default\">\n\t\t\t\t<div class=\"elementor-widget-container\">\n\t\t\t\t\t<div class=\"elementor-icon-box-wrapper\">\n\n\t\t\t\t\t\t<div class=\"elementor-icon-box-icon\">\n\t\t\t\t<a href=\"https:\/\/www.ufsm.br\/busca\/?q=&#038;sites%5B%5D=455&#038;tags=&#038;orderby=modified&#038;order=DESC&#038;perpage=15&#038;area=editais&#038;tipo_edital=&#038;licitacao_edital=&#038;concurso_edital_mod=&#038;concurso_edital_cat=&#038;outro_edital=\" class=\"elementor-icon elementor-animation-bounce-in\" tabindex=\"-1\">\n\t\t\t\t<i aria-hidden=\"true\" class=\"far fa-copy\"><\/i>\t\t\t\t<\/a>\n\t\t\t<\/div>\n\t\t\t\n\t\t\t\t\t\t<div class=\"elementor-icon-box-content\">\n\n\t\t\t\t\t\t\t\t\t<h3 class=\"elementor-icon-box-title\">\n\t\t\t\t\t\t<a href=\"https:\/\/www.ufsm.br\/busca\/?q=&#038;sites%5B%5D=455&#038;tags=&#038;orderby=modified&#038;order=DESC&#038;perpage=15&#038;area=editais&#038;tipo_edital=&#038;licitacao_edital=&#038;concurso_edital_mod=&#038;concurso_edital_cat=&#038;outro_edital=\" >\n\t\t\t\t\t\t\tEditais\t\t\t\t\t\t<\/a>\n\t\t\t\t\t<\/h3>\n\t\t\t\t\n\t\t\t\t\n\t\t\t<\/div>\n\t\t\t\n\t\t<\/div>\n\t\t\t\t<\/div>\n\t\t\t\t<\/div>\n\t\t\t\t\t<\/div>\n\t\t<\/div>\n\t\t\t\t<div class=\"elementor-column elementor-col-16 elementor-top-column elementor-element elementor-element-0d8c8c4\" data-id=\"0d8c8c4\" data-element_type=\"column\">\n\t\t\t<div class=\"elementor-widget-wrap elementor-element-populated\">\n\t\t\t\t\t\t<div class=\"elementor-element elementor-element-6a060cf elementor-view-default elementor-position-top elementor-mobile-position-top elementor-widget elementor-widget-icon-box\" data-id=\"6a060cf\" data-element_type=\"widget\" data-widget_type=\"icon-box.default\">\n\t\t\t\t<div class=\"elementor-widget-container\">\n\t\t\t\t\t<div class=\"elementor-icon-box-wrapper\">\n\n\t\t\t\t\t\t<div class=\"elementor-icon-box-icon\">\n\t\t\t\t<a href=\"https:\/\/www.ufsm.br\/cursos\/graduacao\/santa-maria\/quimica-industrial\/daqib\/apresentacao\/\" class=\"elementor-icon elementor-animation-bounce-in\" tabindex=\"-1\">\n\t\t\t\t<i aria-hidden=\"true\" class=\"fas fa-users\"><\/i>\t\t\t\t<\/a>\n\t\t\t<\/div>\n\t\t\t\n\t\t\t\t\t\t<div class=\"elementor-icon-box-content\">\n\n\t\t\t\t\t\t\t\t\t<h3 class=\"elementor-icon-box-title\">\n\t\t\t\t\t\t<a href=\"https:\/\/www.ufsm.br\/cursos\/graduacao\/santa-maria\/quimica-industrial\/daqib\/apresentacao\/\" >\n\t\t\t\t\t\t\tDiret\u00f3rio Acad\u00eamico\t\t\t\t\t\t<\/a>\n\t\t\t\t\t<\/h3>\n\t\t\t\t\n\t\t\t\t\n\t\t\t<\/div>\n\t\t\t\n\t\t<\/div>\n\t\t\t\t<\/div>\n\t\t\t\t<\/div>\n\t\t\t\t\t<\/div>\n\t\t<\/div>\n\t\t\t\t<div class=\"elementor-column elementor-col-16 elementor-top-column elementor-element elementor-element-1c5a275\" data-id=\"1c5a275\" data-element_type=\"column\">\n\t\t\t<div class=\"elementor-widget-wrap elementor-element-populated\">\n\t\t\t\t\t\t<div class=\"elementor-element elementor-element-c8bd476 elementor-view-default elementor-position-top elementor-mobile-position-top elementor-widget elementor-widget-icon-box\" data-id=\"c8bd476\" data-element_type=\"widget\" data-widget_type=\"icon-box.default\">\n\t\t\t\t<div class=\"elementor-widget-container\">\n\t\t\t\t\t<div class=\"elementor-icon-box-wrapper\">\n\n\t\t\t\t\t\t<div class=\"elementor-icon-box-icon\">\n\t\t\t\t<a href=\"https:\/\/www.ufsm.br\/pro-reitorias\/prograd\/wp-content\/uploads\/sites\/342\/2019\/06\/Guia_UFSM_2019_Finalizado_9MB-1.pdf\" target=\"_blank\" class=\"elementor-icon elementor-animation-bounce-in\" tabindex=\"-1\">\n\t\t\t\t<i aria-hidden=\"true\" class=\"far fa-address-book\"><\/i>\t\t\t\t<\/a>\n\t\t\t<\/div>\n\t\t\t\n\t\t\t\t\t\t<div class=\"elementor-icon-box-content\">\n\n\t\t\t\t\t\t\t\t\t<h3 class=\"elementor-icon-box-title\">\n\t\t\t\t\t\t<a href=\"https:\/\/www.ufsm.br\/pro-reitorias\/prograd\/wp-content\/uploads\/sites\/342\/2019\/06\/Guia_UFSM_2019_Finalizado_9MB-1.pdf\" target=\"_blank\" >\n\t\t\t\t\t\t\tGuia Acad\u00eamico\t\t\t\t\t\t<\/a>\n\t\t\t\t\t<\/h3>\n\t\t\t\t\n\t\t\t\t\n\t\t\t<\/div>\n\t\t\t\n\t\t<\/div>\n\t\t\t\t<\/div>\n\t\t\t\t<\/div>\n\t\t\t\t\t<\/div>\n\t\t<\/div>\n\t\t\t\t\t<\/div>\n\t\t<\/section>\n\t\t\t\t<section class=\"elementor-section elementor-top-section elementor-element elementor-element-b7294d3 elementor-section-boxed elementor-section-height-default elementor-section-height-default\" data-id=\"b7294d3\" data-element_type=\"section\">\n\t\t\t\t\t\t<div class=\"elementor-container elementor-column-gap-default\">\n\t\t\t\t\t<div class=\"elementor-column elementor-col-100 elementor-top-column elementor-element elementor-element-1e94b85\" data-id=\"1e94b85\" data-element_type=\"column\">\n\t\t\t<div class=\"elementor-widget-wrap elementor-element-populated\">\n\t\t\t\t\t\t<div class=\"elementor-element elementor-element-cc73aac elementor-widget elementor-widget-wp-widget-ufsm_noticias_widget\" data-id=\"cc73aac\" data-element_type=\"widget\" data-widget_type=\"wp-widget-ufsm_noticias_widget.default\">\n\t\t\t\t<div class=\"elementor-widget-container\">\n\t\t\t<h5 class='titulo-conteudos'>Not\u00edcias<\/h5><div class='widget-noticias-inside'>\n                        <div class=\"row\">\n                                    <div class=\"col-12 col-lg-4 pb-4\">\n                                        \n                                        \n                    \n                    <a class=\"noticias-widget-title d-block \"  title=\"Abertura de processos de Est\u00e1gio\" href=\"https:\/\/www.ufsm.br\/cursos\/graduacao\/santa-maria\/quimica-industrial\/2026\/02\/06\/abertura-de-processos-de-estagio\">\n                                                Abertura de processos de Est\u00e1gio                    <\/a>\n                    \n                                            <div class=\"noticias-widget-introtext\">\n                            Abaixo os links \u00fateis para os acad\u00eamicos que v\u00e3o cursar est\u00e1gio.\u00a0 \u00a0 Link do v\u00eddeo com o passo a passo&hellip;                        <\/div>\n                    \n                                        \n                                        \n                                            \n                                                    <div title=\"Publicado em 06\/02\/2026 - 10:43\" class=\"data-publicacao-widget\">\n                                <i  class=\"far fa-clock\"><\/i>\n                                06\/02\/2026 - 10:43                            <\/div>\n                                                                <\/div>\n                                    <div class=\"col-12 col-lg-4 pb-4\">\n                                        \n                                        \n                    \n                    <a class=\"noticias-widget-title d-block \"  title=\"Hor\u00e1rios de Atendimento &#8211; Central de Tutoria do CCNE\" href=\"https:\/\/www.ufsm.br\/cursos\/graduacao\/santa-maria\/quimica-industrial\/2022\/05\/05\/horarios-de-atendimento-central-de-tutoria-do-ccne\">\n                                                Hor\u00e1rios de Atendimento &#8211; Central de Tutoria do CCNE                    <\/a>\n                    \n                                            <div class=\"noticias-widget-introtext\">\n                            A Central de Tutoria desenvolve a\u00e7\u00f5es de\u00a0tutoria por pares,\u00a0integrando tutores de diferentes cursos das \u00e1reas das ci\u00eancias exatas e naturais&hellip;                        <\/div>\n                    \n                                        \n                                        \n                                            \n                                                    <div title=\"Publicado em 05\/05\/2022 - 07:48\" class=\"data-publicacao-widget\">\n                                <i  class=\"far fa-clock\"><\/i>\n                                05\/05\/2022 - 07:48                            <\/div>\n                                                                <\/div>\n                                    <div class=\"col-12 col-lg-4 pb-4\">\n                                        \n                                        \n                    \n                    <a class=\"noticias-widget-title d-block \"  title=\"Edital de sele\u00e7\u00e3o de colaboradores do DESCUBRA UFSM 2021 (REDE)\" href=\"https:\/\/www.ufsm.br\/cursos\/graduacao\/santa-maria\/quimica-industrial\/2021\/11\/19\/edital-de-selecao-de-colaboradores-do-descubra-ufsm-2021-rede\">\n                                                Edital de sele\u00e7\u00e3o de colaboradores do DESCUBRA UFSM 2021 (REDE)                    <\/a>\n                    \n                                            <div class=\"noticias-widget-introtext\">\n                            Ocorrer\u00e1 entre os dias 13 a 17 de dezembro, a Oitava edi\u00e7\u00e3o do DESCUBRA UFSM. A coordena\u00e7\u00e3o do curso de&hellip;                        <\/div>\n                    \n                                        \n                                        \n                                            \n                                                    <div title=\"Publicado em 19\/11\/2021 - 09:03\" class=\"data-publicacao-widget\">\n                                <i  class=\"far fa-clock\"><\/i>\n                                19\/11\/2021 - 09:03                            <\/div>\n                                                                <\/div>\n                            <\/div>\n                    <div class=\"row\">\n                                    <div class=\"col-12 col-lg-4 pb-4\">\n                                        \n                                        \n                    \n                    <a class=\"noticias-widget-title d-block \"  title=\"Edital para Bolsa Forma\u00e7\u00e3o (SBQ Sul)\" href=\"https:\/\/www.ufsm.br\/cursos\/graduacao\/santa-maria\/quimica-industrial\/2021\/08\/10\/edital-para-bolsa-formacao-sbq-sul\">\n                                                Edital para Bolsa Forma\u00e7\u00e3o (SBQ Sul)                    <\/a>\n                    \n                                            <div class=\"noticias-widget-introtext\">\n                            A coordena\u00e7\u00e3o do curso de Qu\u00edmica Industrial, atrav\u00e9s do disposto na Resolu\u00e7\u00e3o n\u00ba 001\/2013\/UFSM, torna p\u00fablica a sele\u00e7\u00e3o para solicita\u00e7\u00f5es&hellip;                        <\/div>\n                    \n                                        \n                                        \n                                            \n                                                    <div title=\"Publicado em 10\/08\/2021 - 11:37\" class=\"data-publicacao-widget\">\n                                <i  class=\"far fa-clock\"><\/i>\n                                10\/08\/2021 - 11:37                            <\/div>\n                                                                <\/div>\n                                    <div class=\"col-12 col-lg-4 pb-4\">\n                                        \n                                        \n                    \n                    <a class=\"noticias-widget-title d-block \"  title=\"Assembleia Geral Extraordin\u00e1ria\" href=\"https:\/\/www.ufsm.br\/cursos\/graduacao\/santa-maria\/quimica-industrial\/2021\/07\/27\/assembleia-geral-extraordinaria\">\n                                                Assembleia Geral Extraordin\u00e1ria                    <\/a>\n                    \n                                            <div class=\"noticias-widget-introtext\">\n                            Prezados estudantes dos cursos de Qu\u00edmica Bacharelado e Qu\u00edmica Industrial da UFSM,\u00a0 Convocamos a todos para uma Assembleia Geral Extraordin\u00e1ria,&hellip;                        <\/div>\n                    \n                                        \n                                        \n                                            \n                                                    <div title=\"Publicado em 27\/07\/2021 - 07:46\" class=\"data-publicacao-widget\">\n                                <i  class=\"far fa-clock\"><\/i>\n                                27\/07\/2021 - 07:46                            <\/div>\n                                                                <\/div>\n                                    <div class=\"col-12 col-lg-4 pb-4\">\n                                        \n                                        \n                    \n                    <a class=\"noticias-widget-title d-block \"  title=\"Matr\u00edcula Extracurricular 2021\/1\" href=\"https:\/\/www.ufsm.br\/cursos\/graduacao\/santa-maria\/quimica-industrial\/2021\/05\/21\/matricula-extracurricular\">\n                                                Matr\u00edcula Extracurricular 2021\/1                    <\/a>\n                    \n                                            <div class=\"noticias-widget-introtext\">\n                            Matr\u00edcula extracurricular (26\/05 a 02\/06) Os pedidos de matr\u00edcula extracurricular (matr\u00edculas em disciplinas de outros cursos), poder\u00e3o ser feitos via&hellip;                        <\/div>\n                    \n                                        \n                                        \n                                            \n                                                    <div title=\"Publicado em 21\/05\/2021 - 09:26\" class=\"data-publicacao-widget\">\n                                <i  class=\"far fa-clock\"><\/i>\n                                21\/05\/2021 - 09:26                            <\/div>\n                                                                <\/div>\n                            <\/div>\n            <\/div>\n<div class=\"leia-mais p-1\">\n                <a href=\"https:\/\/www.ufsm.br\/cursos\/graduacao\/santa-maria\/quimica-industrial\/busca\/?q=&area=post&orderby=date&sites%5B%5D=455\">\n            LEIA MAIS            <span class=\"icon-box\">\n                <span class=\"bg-ufsm-widget-icon\">\n                    <i class=\"fas fa-chevron-right\" aria-hidden=\"true\"><\/i>\n                <\/span>\n            <\/span>\n        <\/a>\n    <\/div>\n\t\t<\/div>\n\t\t\t\t<\/div>\n\t\t\t\t\t<\/div>\n\t\t<\/div>\n\t\t\t\t\t<\/div>\n\t\t<\/section>\n\t\t\t\t<section class=\"elementor-section elementor-top-section elementor-element elementor-element-58e21a7 elementor-section-boxed elementor-section-height-default elementor-section-height-default\" data-id=\"58e21a7\" data-element_type=\"section\">\n\t\t\t\t\t\t<div class=\"elementor-container elementor-column-gap-default\">\n\t\t\t\t\t<div class=\"elementor-column elementor-col-100 elementor-top-column elementor-element elementor-element-004ec3c\" data-id=\"004ec3c\" data-element_type=\"column\">\n\t\t\t<div class=\"elementor-widget-wrap elementor-element-populated\">\n\t\t\t\t\t\t<div class=\"elementor-element elementor-element-4452673 elementor-widget elementor-widget-heading\" data-id=\"4452673\" data-element_type=\"widget\" data-widget_type=\"heading.default\">\n\t\t\t\t<div class=\"elementor-widget-container\">\n\t\t\t<h5 class=\"elementor-heading-title elementor-size-default\">Saiba mais sobre o curso:<\/h5>\t\t<\/div>\n\t\t\t\t<\/div>\n\t\t\t\t\t<\/div>\n\t\t<\/div>\n\t\t\t\t\t<\/div>\n\t\t<\/section>\n\t\t\t\t<section class=\"elementor-section elementor-top-section elementor-element elementor-element-696bc8d elementor-section-boxed elementor-section-height-default elementor-section-height-default\" data-id=\"696bc8d\" data-element_type=\"section\">\n\t\t\t\t\t\t<div class=\"elementor-container elementor-column-gap-default\">\n\t\t\t\t\t<div class=\"elementor-column elementor-col-50 elementor-top-column elementor-element elementor-element-01e6fcc\" data-id=\"01e6fcc\" data-element_type=\"column\">\n\t\t\t<div class=\"elementor-widget-wrap elementor-element-populated\">\n\t\t\t\t\t\t<div class=\"elementor-element elementor-element-c8d7eb7 elementor-view-default elementor-position-top elementor-mobile-position-top elementor-widget elementor-widget-icon-box\" data-id=\"c8d7eb7\" data-element_type=\"widget\" data-widget_type=\"icon-box.default\">\n\t\t\t\t<div class=\"elementor-widget-container\">\n\t\t\t\t\t<div class=\"elementor-icon-box-wrapper\">\n\n\t\t\t\t\t\t<div class=\"elementor-icon-box-icon\">\n\t\t\t\t<a href=\"https:\/\/www.instagram.com\/quimica.ufsm\/\" class=\"elementor-icon elementor-animation-\" tabindex=\"-1\">\n\t\t\t\t<i aria-hidden=\"true\" class=\"fab fa-instagram\"><\/i>\t\t\t\t<\/a>\n\t\t\t<\/div>\n\t\t\t\n\t\t\t\t\t\t<div class=\"elementor-icon-box-content\">\n\n\t\t\t\t\t\t\t\t\t<h3 class=\"elementor-icon-box-title\">\n\t\t\t\t\t\t<a href=\"https:\/\/www.instagram.com\/quimica.ufsm\/\" >\n\t\t\t\t\t\t\tInstagram\t\t\t\t\t\t<\/a>\n\t\t\t\t\t<\/h3>\n\t\t\t\t\n\t\t\t\t\n\t\t\t<\/div>\n\t\t\t\n\t\t<\/div>\n\t\t\t\t<\/div>\n\t\t\t\t<\/div>\n\t\t\t\t\t<\/div>\n\t\t<\/div>\n\t\t\t\t<div class=\"elementor-column elementor-col-50 elementor-top-column elementor-element elementor-element-902f44e\" data-id=\"902f44e\" data-element_type=\"column\">\n\t\t\t<div class=\"elementor-widget-wrap elementor-element-populated\">\n\t\t\t\t\t\t<div class=\"elementor-element elementor-element-e52046e elementor-view-default elementor-position-top elementor-mobile-position-top elementor-widget elementor-widget-icon-box\" data-id=\"e52046e\" data-element_type=\"widget\" data-widget_type=\"icon-box.default\">\n\t\t\t\t<div class=\"elementor-widget-container\">\n\t\t\t\t\t<div class=\"elementor-icon-box-wrapper\">\n\n\t\t\t\t\t\t<div class=\"elementor-icon-box-icon\">\n\t\t\t\t<a href=\"https:\/\/www.instagram.com\/daquim_ufsm\/\" class=\"elementor-icon elementor-animation-\" tabindex=\"-1\">\n\t\t\t\t<i aria-hidden=\"true\" class=\"fas fa-book-reader\"><\/i>\t\t\t\t<\/a>\n\t\t\t<\/div>\n\t\t\t\n\t\t\t\t\t\t<div class=\"elementor-icon-box-content\">\n\n\t\t\t\t\t\t\t\t\t<h3 class=\"elementor-icon-box-title\">\n\t\t\t\t\t\t<a href=\"https:\/\/www.instagram.com\/daquim_ufsm\/\" >\n\t\t\t\t\t\t\tDAQuim\t\t\t\t\t\t<\/a>\n\t\t\t\t\t<\/h3>\n\t\t\t\t\n\t\t\t\t\n\t\t\t<\/div>\n\t\t\t\n\t\t<\/div>\n\t\t\t\t<\/div>\n\t\t\t\t<\/div>\n\t\t\t\t\t<\/div>\n\t\t<\/div>\n\t\t\t\t\t<\/div>\n\t\t<\/section>\n\t\t\t\t<section class=\"elementor-section elementor-top-section elementor-element elementor-element-4402831 elementor-section-boxed elementor-section-height-default elementor-section-height-default\" data-id=\"4402831\" data-element_type=\"section\">\n\t\t\t\t\t\t<div class=\"elementor-container elementor-column-gap-default\">\n\t\t\t\t\t<div class=\"elementor-column elementor-col-100 elementor-top-column elementor-element elementor-element-ca6c774\" data-id=\"ca6c774\" data-element_type=\"column\">\n\t\t\t<div class=\"elementor-widget-wrap elementor-element-populated\">\n\t\t\t\t\t\t<div class=\"elementor-element elementor-element-1f0bd16 elementor-widget elementor-widget-heading\" data-id=\"1f0bd16\" data-element_type=\"widget\" data-widget_type=\"heading.default\">\n\t\t\t\t<div class=\"elementor-widget-container\">\n\t\t\t<h5 class=\"elementor-heading-title elementor-size-default\">Qu\u00edmica Industrial em movimento:<\/h5>\t\t<\/div>\n\t\t\t\t<\/div>\n\t\t\t\t<div class=\"elementor-element elementor-element-c17c78f elementor-widget elementor-widget-wp-widget-ufsm_noticias_widget\" data-id=\"c17c78f\" data-element_type=\"widget\" data-widget_type=\"wp-widget-ufsm_noticias_widget.default\">\n\t\t\t\t<div class=\"elementor-widget-container\">\n\t\t\t<div class='widget-noticias-inside'>\n                        <div class=\"row\">\n                                    <div class=\"col-12 col-lg-4 pb-4\">\n                                            <div class=\"noticias-widget-wrap\" style=\"height: 180px; overflow: hidden;\">\n                            <a title=\"\" href=\"https:\/\/www.ufsm.br\/2026\/09\/01\/docentes-da-ufsm-conquistam-o-premio-o-futuro-da-terra-do-jornal-do-comercio\">\n                                <span class=\"visually-hidden\">\n                                    Docentes da UFSM conquistam o pr\u00eamio \u201cO Futuro da Terra\u201d na Expointer                                <\/span>\n                                <div class=\"noticias-widget-thumbs h-100\">\n                                    <img decoding=\"async\" class=\"object-fit-cover h-100 w-100\" alt=\"\" srcset=\"https:\/\/www.ufsm.br\/app\/uploads\/2026\/09\/FUTURO_DA_TERRA_GIULIA_MAFFINI_006-300x200.jpg 300w, https:\/\/www.ufsm.br\/app\/uploads\/2026\/09\/FUTURO_DA_TERRA_GIULIA_MAFFINI_006-1024x683.jpg 1024w, https:\/\/www.ufsm.br\/app\/uploads\/2026\/09\/FUTURO_DA_TERRA_GIULIA_MAFFINI_006-768x512.jpg 768w, https:\/\/www.ufsm.br\/app\/uploads\/2026\/09\/FUTURO_DA_TERRA_GIULIA_MAFFINI_006-1536x1024.jpg 1536w, https:\/\/www.ufsm.br\/app\/uploads\/2026\/09\/FUTURO_DA_TERRA_GIULIA_MAFFINI_006-272x182.jpg 272w, https:\/\/www.ufsm.br\/app\/uploads\/2026\/09\/FUTURO_DA_TERRA_GIULIA_MAFFINI_006.jpg 1920w\" src=\"https:\/\/www.ufsm.br\/app\/uploads\/2026\/09\/FUTURO_DA_TERRA_GIULIA_MAFFINI_006-1024x683.jpg\"><\/img>\n                                <\/div>\n                            <\/a>\n                        <\/div>\n                                        \n                                        \n                    \n                    <a class=\"noticias-widget-title d-block  m-0 \"  title=\"Docentes da UFSM conquistam o pr\u00eamio \u201cO Futuro da Terra\u201d na Expointer\" href=\"https:\/\/www.ufsm.br\/2026\/09\/01\/docentes-da-ufsm-conquistam-o-premio-o-futuro-da-terra-do-jornal-do-comercio\">\n                                                Docentes da UFSM conquistam o pr\u00eamio \u201cO Futuro da Terra\u201d na Expointer                    <\/a>\n                    \n                                            <div class=\"noticias-widget-introtext\">\n                            Entrega das premia\u00e7\u00f5es do Jornal do Com\u00e9rcio e Fapergs ocorreu nesta segunda-feira (31)                        <\/div>\n                    \n                                        \n                                        \n                                            \n                                                    <div title=\"Publicado em 01\/09\/2026 \" class=\"data-publicacao-widget\">\n                                <i  class=\"far fa-clock\"><\/i>\n                                01\/09\/2026                             <\/div>\n                                                                <\/div>\n                                    <div class=\"col-12 col-lg-4 pb-4\">\n                                            <div class=\"noticias-widget-wrap\" style=\"height: 180px; overflow: hidden;\">\n                            <a title=\"\" href=\"https:\/\/www.ufsm.br\/2026\/08\/07\/abertas-as-inscricoes-nos-processos-seletivos-para-ingresso-no-ctism-e-colegio-politecnico-em-2027\">\n                                <span class=\"visually-hidden\">\n                                    Abertas as inscri\u00e7\u00f5es nos processos seletivos para ingresso no Ctism e Col\u00e9gio Polit\u00e9cnico em 2027                                <\/span>\n                                <div class=\"noticias-widget-thumbs h-100\">\n                                    <img decoding=\"async\" class=\"object-fit-cover h-100 w-100\" alt=\"\" srcset=\"https:\/\/www.ufsm.br\/app\/uploads\/2026\/08\/PS-2027.1-Banner-site-300x80.jpg 300w, https:\/\/www.ufsm.br\/app\/uploads\/2026\/08\/PS-2027.1-Banner-site-1024x273.jpg 1024w, https:\/\/www.ufsm.br\/app\/uploads\/2026\/08\/PS-2027.1-Banner-site-768x205.jpg 768w, https:\/\/www.ufsm.br\/app\/uploads\/2026\/08\/PS-2027.1-Banner-site-1536x410.jpg 1536w, https:\/\/www.ufsm.br\/app\/uploads\/2026\/08\/PS-2027.1-Banner-site.jpg 1920w\" src=\"https:\/\/www.ufsm.br\/app\/uploads\/2026\/08\/PS-2027.1-Banner-site-1024x273.jpg\"><\/img>\n                                <\/div>\n                            <\/a>\n                        <\/div>\n                                        \n                                        \n                    \n                    <a class=\"noticias-widget-title d-block  m-0 \"  title=\"Abertas as inscri\u00e7\u00f5es nos processos seletivos para ingresso no Ctism e Col\u00e9gio Polit\u00e9cnico em 2027\" href=\"https:\/\/www.ufsm.br\/2026\/08\/07\/abertas-as-inscricoes-nos-processos-seletivos-para-ingresso-no-ctism-e-colegio-politecnico-em-2027\">\n                                                Abertas as inscri\u00e7\u00f5es nos processos seletivos para ingresso no Ctism e Col\u00e9gio Polit\u00e9cnico em 2027                    <\/a>\n                    \n                                            <div class=\"noticias-widget-introtext\">\n                            Est\u00e3o abertas ao todo 765 vagas. Ao custo de R$ 50,00, as inscri\u00e7\u00f5es podem ser realizadas at\u00e9 3 de novembro,&hellip;                        <\/div>\n                    \n                                        \n                                        \n                                            \n                                                    <div title=\"Publicado em 07\/08\/2026 \" class=\"data-publicacao-widget\">\n                                <i  class=\"far fa-clock\"><\/i>\n                                07\/08\/2026                             <\/div>\n                                                                <\/div>\n                                    <div class=\"col-12 col-lg-4 pb-4\">\n                                            <div class=\"noticias-widget-wrap\" style=\"height: 180px; overflow: hidden;\">\n                            <a title=\"\" href=\"https:\/\/www.ufsm.br\/2026\/05\/28\/avaliacao-quadrienal-da-capes-ufsm-mantem-excelencia-da-pos-graduacao-e-amplia-numero-de-programas-consolidados\">\n                                <span class=\"visually-hidden\">\n                                    Avalia\u00e7\u00e3o Quadrienal da Capes: UFSM mant\u00e9m excel\u00eancia da p\u00f3s-gradua\u00e7\u00e3o e amplia n\u00famero de programas consolidados                                <\/span>\n                                <div class=\"noticias-widget-thumbs h-100\">\n                                    <img decoding=\"async\" class=\"object-fit-cover h-100 w-100\" alt=\"\" srcset=\"https:\/\/www.ufsm.br\/app\/uploads\/2026\/05\/Destaque-Site-UFSM-Resultado-Avaliacao-Capes-1-300x190.jpg 300w, https:\/\/www.ufsm.br\/app\/uploads\/2026\/05\/Destaque-Site-UFSM-Resultado-Avaliacao-Capes-1-1024x649.jpg 1024w, https:\/\/www.ufsm.br\/app\/uploads\/2026\/05\/Destaque-Site-UFSM-Resultado-Avaliacao-Capes-1-768x486.jpg 768w, https:\/\/www.ufsm.br\/app\/uploads\/2026\/05\/Destaque-Site-UFSM-Resultado-Avaliacao-Capes-1.jpg 1080w\" src=\"https:\/\/www.ufsm.br\/app\/uploads\/2026\/05\/Destaque-Site-UFSM-Resultado-Avaliacao-Capes-1-1024x649.jpg\"><\/img>\n                                <\/div>\n                            <\/a>\n                        <\/div>\n                                        \n                                        \n                    \n                    <a class=\"noticias-widget-title d-block  m-0 \"  title=\"Avalia\u00e7\u00e3o Quadrienal da Capes: UFSM mant\u00e9m excel\u00eancia da p\u00f3s-gradua\u00e7\u00e3o e amplia n\u00famero de programas consolidados\" href=\"https:\/\/www.ufsm.br\/2026\/05\/28\/avaliacao-quadrienal-da-capes-ufsm-mantem-excelencia-da-pos-graduacao-e-amplia-numero-de-programas-consolidados\">\n                                                Avalia\u00e7\u00e3o Quadrienal da Capes: UFSM mant\u00e9m excel\u00eancia da p\u00f3s-gradua\u00e7\u00e3o e amplia n\u00famero de programas consolidados                    <\/a>\n                    \n                                            <div class=\"noticias-widget-introtext\">\n                            Universidade alcan\u00e7a 42 programas com conceito 5 ou superior e mant\u00e9m destaque nacional em pesquisa, inova\u00e7\u00e3o e forma\u00e7\u00e3o acad\u00eamica                        <\/div>\n                    \n                                        \n                                        \n                                            \n                                                    <div title=\"Publicado em 28\/05\/2026 \" class=\"data-publicacao-widget\">\n                                <i  class=\"far fa-clock\"><\/i>\n                                28\/05\/2026                             <\/div>\n                                                                <\/div>\n                            <\/div>\n                    <div class=\"row\">\n                                    <div class=\"col-12 col-lg-4 pb-4\">\n                                            <div class=\"noticias-widget-wrap\" style=\"height: 180px; overflow: hidden;\">\n                            <a title=\"A foto mostra dois rapazes brancos em p\u00e9, tendo ao fundo um muro azul com o bras\u00e3o da UFSM. O da esquerda usa \u00f3culos, tem cabelo curto, crespo e escuro, veste cal\u00e7as jeans e uma camisa branca. O da direita tem cabelo curto, liso e loiro, veste cal\u00e7as jeans e uma camiseta preta.\" href=\"https:\/\/www.ufsm.br\/2026\/05\/22\/estudantes-da-ufsm-sao-campeoes-latino-americanos-em-competicao-de-engenharia-quimica\">\n                                <span class=\"visually-hidden\">\n                                    A foto mostra dois rapazes brancos em p\u00e9, tendo ao fundo um muro azul com o bras\u00e3o da UFSM. O da esquerda usa \u00f3culos, tem cabelo curto, crespo e escuro, veste cal\u00e7as jeans e uma camisa branca. O da direita tem cabelo curto, liso e loiro, veste cal\u00e7as jeans e uma camiseta preta.                                <\/span>\n                                <div class=\"noticias-widget-thumbs h-100\">\n                                    <img decoding=\"async\" class=\"object-fit-cover h-100 w-100\" alt=\"\" srcset=\"https:\/\/www.ufsm.br\/app\/uploads\/2026\/05\/Joao-Beck-e-Felipe-Bundt-300x225.jpeg 300w, https:\/\/www.ufsm.br\/app\/uploads\/2026\/05\/Joao-Beck-e-Felipe-Bundt-1024x768.jpeg 1024w, https:\/\/www.ufsm.br\/app\/uploads\/2026\/05\/Joao-Beck-e-Felipe-Bundt-768x576.jpeg 768w, https:\/\/www.ufsm.br\/app\/uploads\/2026\/05\/Joao-Beck-e-Felipe-Bundt-1536x1152.jpeg 1536w, https:\/\/www.ufsm.br\/app\/uploads\/2026\/05\/Joao-Beck-e-Felipe-Bundt.jpeg 1920w\" src=\"https:\/\/www.ufsm.br\/app\/uploads\/2026\/05\/Joao-Beck-e-Felipe-Bundt-1024x768.jpeg\"><\/img>\n                                <\/div>\n                            <\/a>\n                        <\/div>\n                                        \n                                        \n                    \n                    <a class=\"noticias-widget-title d-block  m-0 \"  title=\"Estudantes da UFSM s\u00e3o campe\u00f5es latino-americanos em competi\u00e7\u00e3o de engenharia qu\u00edmica\" href=\"https:\/\/www.ufsm.br\/2026\/05\/22\/estudantes-da-ufsm-sao-campeoes-latino-americanos-em-competicao-de-engenharia-quimica\">\n                                                Estudantes da UFSM s\u00e3o campe\u00f5es latino-americanos em competi\u00e7\u00e3o de engenharia qu\u00edmica                    <\/a>\n                    \n                                            <div class=\"noticias-widget-introtext\">\n                            Dupla da UFSM conquistou o 1\u00ba lugar na Am\u00e9rica Latina em competi\u00e7\u00e3o promovida pela multinacional brit\u00e2nica Aveva                        <\/div>\n                    \n                                        \n                                        \n                                            \n                                                    <div title=\"Publicado em 22\/05\/2026 \" class=\"data-publicacao-widget\">\n                                <i  class=\"far fa-clock\"><\/i>\n                                22\/05\/2026                             <\/div>\n                                                                <\/div>\n                                    <div class=\"col-12 col-lg-4 pb-4\">\n                                            <div class=\"noticias-widget-wrap\" style=\"height: 180px; overflow: hidden;\">\n                            <a title=\"Foto horizontal. Duas meninas posam para foto depois de terminada a primeira prova do Vestibular. Ambas s\u00e3o brancas, t\u00eam cabelo escuro comprido e vestem cal\u00e7as pretas. Uma delas veste uma blusa preta e a outra, uma blusa branca.\" href=\"https:\/\/www.ufsm.br\/2026\/01\/10\/candidatos-avaliam-dificuldade-das-questoes-e-tematica-da-prova-deste-sabado-10\">\n                                <span class=\"visually-hidden\">\n                                    Foto horizontal. Duas meninas posam para foto depois de terminada a primeira prova do Vestibular. Ambas s\u00e3o brancas, t\u00eam cabelo escuro comprido e vestem cal\u00e7as pretas. Uma delas veste uma blusa preta e a outra, uma blusa branca.                                <\/span>\n                                <div class=\"noticias-widget-thumbs h-100\">\n                                    <img decoding=\"async\" class=\"object-fit-cover h-100 w-100\" alt=\"\" srcset=\"https:\/\/www.ufsm.br\/app\/uploads\/2026\/01\/2026-01-10-vestibular-ufsm-Paulo-Barauna-39-300x200.jpg 300w, https:\/\/www.ufsm.br\/app\/uploads\/2026\/01\/2026-01-10-vestibular-ufsm-Paulo-Barauna-39-1024x683.jpg 1024w, https:\/\/www.ufsm.br\/app\/uploads\/2026\/01\/2026-01-10-vestibular-ufsm-Paulo-Barauna-39-768x512.jpg 768w, https:\/\/www.ufsm.br\/app\/uploads\/2026\/01\/2026-01-10-vestibular-ufsm-Paulo-Barauna-39-1536x1024.jpg 1536w, https:\/\/www.ufsm.br\/app\/uploads\/2026\/01\/2026-01-10-vestibular-ufsm-Paulo-Barauna-39-272x182.jpg 272w, https:\/\/www.ufsm.br\/app\/uploads\/2026\/01\/2026-01-10-vestibular-ufsm-Paulo-Barauna-39.jpg 1920w\" src=\"https:\/\/www.ufsm.br\/app\/uploads\/2026\/01\/2026-01-10-vestibular-ufsm-Paulo-Barauna-39-1024x683.jpg\"><\/img>\n                                <\/div>\n                            <\/a>\n                        <\/div>\n                                        \n                                        \n                    \n                    <a class=\"noticias-widget-title d-block  m-0 \"  title=\"Candidatos avaliam dificuldade das quest\u00f5es e tem\u00e1tica da prova deste s\u00e1bado (10)\" href=\"https:\/\/www.ufsm.br\/2026\/01\/10\/candidatos-avaliam-dificuldade-das-questoes-e-tematica-da-prova-deste-sabado-10\">\n                                                Candidatos avaliam dificuldade das quest\u00f5es e tem\u00e1tica da prova deste s\u00e1bado (10)                    <\/a>\n                    \n                                            <div class=\"noticias-widget-introtext\">\n                            Os candidatos come\u00e7aram a sair das salas a\u00a0 partir das 14h30min                        <\/div>\n                    \n                                        \n                                        \n                                            \n                                                    <div title=\"Publicado em 10\/01\/2026 \" class=\"data-publicacao-widget\">\n                                <i  class=\"far fa-clock\"><\/i>\n                                10\/01\/2026                             <\/div>\n                                                                <\/div>\n                                    <div class=\"col-12 col-lg-4 pb-4\">\n                                            <div class=\"noticias-widget-wrap\" style=\"height: 180px; overflow: hidden;\">\n                            <a title=\"\" href=\"https:\/\/www.ufsm.br\/unidades-universitarias\/ccne\/2026\/08\/25\/ccne-realiza-formaturas-do-primeiro-semestre-de-2026\">\n                                <span class=\"visually-hidden\">\n                                    CCNE realiza formaturas do primeiro semestre de 2026                                <\/span>\n                                <div class=\"noticias-widget-thumbs h-100\">\n                                    <img decoding=\"async\" class=\"object-fit-cover h-100 w-100\" alt=\"\" srcset=\"https:\/\/www.ufsm.br\/app\/uploads\/sites\/369\/2026\/08\/Agea-2-300x150.jpg 300w, https:\/\/www.ufsm.br\/app\/uploads\/sites\/369\/2026\/08\/Agea-2-1024x512.jpg 1024w, https:\/\/www.ufsm.br\/app\/uploads\/sites\/369\/2026\/08\/Agea-2-768x384.jpg 768w, https:\/\/www.ufsm.br\/app\/uploads\/sites\/369\/2026\/08\/Agea-2.jpg 1041w\" src=\"https:\/\/www.ufsm.br\/app\/uploads\/sites\/369\/2026\/08\/Agea-2-1024x512.jpg\"><\/img>\n                                <\/div>\n                            <\/a>\n                        <\/div>\n                                        \n                                        \n                    \n                    <a class=\"noticias-widget-title d-block  m-0 \"  title=\"CCNE realiza formaturas do primeiro semestre de 2026\" href=\"https:\/\/www.ufsm.br\/unidades-universitarias\/ccne\/2026\/08\/25\/ccne-realiza-formaturas-do-primeiro-semestre-de-2026\">\n                                                CCNE realiza formaturas do primeiro semestre de 2026                    <\/a>\n                    \n                                            <div class=\"noticias-widget-introtext\">\n                            Evento aconteceu no dia 1 de agosto \u00e0s 19h no Centro de Conven\u00e7\u00f5es                        <\/div>\n                    \n                                        \n                                        \n                                            \n                                                    <div title=\"Publicado em 25\/08\/2026 \" class=\"data-publicacao-widget\">\n                                <i  class=\"far fa-clock\"><\/i>\n                                25\/08\/2026                             <\/div>\n                                                                <\/div>\n                            <\/div>\n            <\/div>\n\t\t<\/div>\n\t\t\t\t<\/div>\n\t\t\t\t\t<\/div>\n\t\t<\/div>\n\t\t\t\t\t<\/div>\n\t\t<\/section>\n\t\t\t\t<\/div>\n\t\t","protected":false},"excerpt":{"rendered":"<p>Apresenta\u00e7\u00e3o Utilidades Oferta\/hor\u00e1rio Informa\u00e7\u00f5es curriculares Projeto Pedag\u00f3gico Editais Diret\u00f3rio Acad\u00eamico Guia Acad\u00eamico Saiba mais sobre o curso: Instagram DAQuim Qu\u00edmica Industrial em movimento:<\/p>\n","protected":false},"author":8,"featured_media":0,"parent":0,"menu_order":0,"comment_status":"closed","ping_status":"closed","template":"","meta":{"footnotes":""},"categories":[],"tags":[],"class_list":["post-5","page","type-page","status-publish","hentry"],"acf":[],"_links":{"self":[{"href":"https:\/\/www.ufsm.br\/cursos\/graduacao\/santa-maria\/quimica-industrial\/wp-json\/wp\/v2\/pages\/5","targetHints":{"allow":["GET"]}}],"collection":[{"href":"https:\/\/www.ufsm.br\/cursos\/graduacao\/santa-maria\/quimica-industrial\/wp-json\/wp\/v2\/pages"}],"about":[{"href":"https:\/\/www.ufsm.br\/cursos\/graduacao\/santa-maria\/quimica-industrial\/wp-json\/wp\/v2\/types\/page"}],"author":[{"embeddable":true,"href":"https:\/\/www.ufsm.br\/cursos\/graduacao\/santa-maria\/quimica-industrial\/wp-json\/wp\/v2\/users\/8"}],"replies":[{"embeddable":true,"href":"https:\/\/www.ufsm.br\/cursos\/graduacao\/santa-maria\/quimica-industrial\/wp-json\/wp\/v2\/comments?post=5"}],"version-history":[{"count":0,"href":"https:\/\/www.ufsm.br\/cursos\/graduacao\/santa-maria\/quimica-industrial\/wp-json\/wp\/v2\/pages\/5\/revisions"}],"wp:attachment":[{"href":"https:\/\/www.ufsm.br\/cursos\/graduacao\/santa-maria\/quimica-industrial\/wp-json\/wp\/v2\/media?parent=5"}],"wp:term":[{"taxonomy":"category","embeddable":true,"href":"https:\/\/www.ufsm.br\/cursos\/graduacao\/santa-maria\/quimica-industrial\/wp-json\/wp\/v2\/categories?post=5"},{"taxonomy":"post_tag","embeddable":true,"href":"https:\/\/www.ufsm.br\/cursos\/graduacao\/santa-maria\/quimica-industrial\/wp-json\/wp\/v2\/tags?post=5"}],"curies":[{"name":"wp","href":"https:\/\/api.w.org\/{rel}","templated":true}]}}