{"id":186,"date":"2018-12-11T17:09:48","date_gmt":"2018-12-11T19:09:48","guid":{"rendered":"https:\/\/www.ufsm.br\/cursos\/graduacao\/santa-maria\/relacoes-internacionais\/?page_id=186"},"modified":"2026-08-28T13:13:51","modified_gmt":"2026-08-28T16:13:51","slug":"colegiado","status":"publish","type":"page","link":"https:\/\/www.ufsm.br\/cursos\/graduacao\/santa-maria\/relacoes-internacionais\/colegiado","title":{"rendered":"Colegiado do Curso"},"content":{"rendered":"\t\t<div data-elementor-type=\"wp-page\" data-elementor-id=\"186\" class=\"elementor elementor-186\">\n\t\t\t\t\t\t<section class=\"elementor-section elementor-top-section elementor-element elementor-element-18d3490f elementor-section-boxed elementor-section-height-default elementor-section-height-default\" data-id=\"18d3490f\" data-element_type=\"section\">\n\t\t\t\t\t\t<div class=\"elementor-container elementor-column-gap-default\">\n\t\t\t\t\t<div class=\"elementor-column elementor-col-100 elementor-top-column elementor-element elementor-element-7f150c1a\" data-id=\"7f150c1a\" data-element_type=\"column\">\n\t\t\t<div class=\"elementor-widget-wrap elementor-element-populated\">\n\t\t\t\t\t\t<div class=\"elementor-element elementor-element-56225bc elementor-widget elementor-widget-text-editor\" data-id=\"56225bc\" data-element_type=\"widget\" data-widget_type=\"text-editor.default\">\n\t\t\t\t<div class=\"elementor-widget-container\">\n\t\t\t\t\t\t\t<!-- wp:paragraph -->\n<p><strong>Colegiado do Curso de Rela\u00e7\u00f5es Internacionais <\/strong>(PORTARIA DE PESSOAL CCSH\/UFSM N. 200, DE 09 DE JUNHO DE 2025 e APOSTILAS EMITIDAS )<\/p>\n<!-- \/wp:paragraph --><!-- wp:paragraph -->\n<p><strong>Representa\u00e7\u00e3o docente <\/strong>\u00a0<\/p>\n<!-- \/wp:paragraph --><!-- wp:list -->\n<ul class=\"wp-block-list\"><!-- wp:list-item -->\n<li>Prof. Ademar Pozzatti J\u00fanior, SIAPE 2276999 \u2013 Presidente;<\/li>\n<!-- \/wp:list-item --><!-- wp:list-item -->\n<li>Prof. Jos\u00e9 Renato Ferraz da Silveira, SIAPE 1740508 \u2013 coord. substituto;<\/li>\n<!-- \/wp:list-item --><!-- wp:list-item -->\n<li>Prof. G\u00fcnther Richter Mros, SIAPE 1964109;<\/li>\n<!-- \/wp:list-item --><!-- wp:list-item -->\n<li>Prof\u00aa. Adriana Kirchof de Brum, SIAPE 1836743;<\/li>\n<!-- \/wp:list-item --><!-- wp:list-item -->\n<li>Prof\u00aa Ednalva Felix das Neves, SIAPE 3211619;<\/li>\n<!-- \/wp:list-item --><!-- wp:list-item -->\n<li>Prof. J\u00falio C\u00e9sar Cossio Rodriguez, SIAPE 1024417;<\/li>\n<!-- \/wp:list-item --><!-- wp:list-item -->\n<li>Prof. Lazaro Camilo Recompensa Joseph, SIAPE 1645932;<\/li>\n<!-- \/wp:list-item --><!-- wp:list-item -->\n<li>Prof. Thomaz Francisco Silveira de Araujo Santos, SIAPE 1620181;<\/li>\n<!-- \/wp:list-item --><!-- wp:list-item -->\n<li>Prof. Igor Castellano da Silva, SIAPE 2082778<\/li>\n<!-- \/wp:list-item --><\/ul>\n<!-- \/wp:list --><!-- wp:paragraph -->\n<p><strong>Mandato da forma\u00e7\u00e3o docente do Colegiado &#8211; v\u00e1lida at\u00e9 09 de Junho de 2027.<\/strong><\/p>\n<!-- \/wp:paragraph --><!-- wp:paragraph -->\n<p><strong>Representa\u00e7\u00e3o discente <\/strong>\u00a0<\/p>\n<!-- \/wp:paragraph --><!-- wp:list -->\n<ul class=\"wp-block-list\"><!-- wp:list-item -->\n<li>Acad. Juliana Zanchi Barbosa, matr\u00edcula 202411801<\/li>\n<!-- \/wp:list-item --><!-- wp:list-item -->\n<li>Acad. Manuela Corr\u00eaa Lima, matr\u00edcula 202411819 \u2013 suplente;<\/li>\n<!-- \/wp:list-item --><!-- wp:list-item -->\n<li>Acad. Eduarda Portela Bordin Silveira, matr\u00edcula 202410500;<\/li>\n<!-- \/wp:list-item --><!-- wp:list-item -->\n<li>Acad. Leila Wegner Vieira, matr\u00edcula 202410345 \u2013 suplente.<\/li>\n<!-- \/wp:list-item --><\/ul>\n<!-- \/wp:list --><!-- wp:paragraph -->\n<p><strong>Mandato da\u00a0 forma\u00e7\u00e3o discente do Colegiado\u00a0 &#8211; v\u00e1lida at\u00e9 08 de Junho de 2027.<\/strong><\/p>\n<!-- \/wp:paragraph --><!-- wp:file {\"id\":3313,\"href\":\"https:\/\/www.ufsm.br\/app\/uploads\/sites\/474\/2025\/07\/COLEGIADO-RI-PORT_CCSH_2025_200-1.pdf\",\"displayPreview\":false} -->\n<div class=\"wp-block-file\"><a id=\"wp-block-file--media-91c80571-8098-411b-b2e5-4ba49dfe65aa\" href=\"https:\/\/www.ufsm.br\/app\/uploads\/sites\/474\/2025\/07\/COLEGIADO-RI-PORT_CCSH_2025_200-1.pdf\">COLEGIADO RI PORT_CCSH_2025_200<\/a><a class=\"wp-block-file__button wp-element-button\" href=\"https:\/\/www.ufsm.br\/app\/uploads\/sites\/474\/2025\/07\/COLEGIADO-RI-PORT_CCSH_2025_200-1.pdf\" aria-describedby=\"wp-block-file--media-91c80571-8098-411b-b2e5-4ba49dfe65aa\">Baixar<\/a><\/div>\n<!-- \/wp:file --><!-- wp:paragraph -->\n<p>\u00a0<\/p>\n<!-- \/wp:paragraph -->\t\t\t\t\t\t<\/div>\n\t\t\t\t<\/div>\n\t\t\t\t\t<\/div>\n\t\t<\/div>\n\t\t\t\t\t<\/div>\n\t\t<\/section>\n\t\t\t\t<\/div>\n\t\t","protected":false},"excerpt":{"rendered":"<p>Colegiado do Curso de Rela\u00e7\u00f5es Internacionais (PORTARIA DE PESSOAL CCSH\/UFSM N. 200, DE 09 DE JUNHO DE 2025 e APOSTILAS EMITIDAS ) Representa\u00e7\u00e3o docente \u00a0 Mandato da forma\u00e7\u00e3o docente do Colegiado &#8211; v\u00e1lida at\u00e9 09 de Junho de 2027. Representa\u00e7\u00e3o discente \u00a0 Mandato da\u00a0 forma\u00e7\u00e3o discente do Colegiado\u00a0 &#8211; v\u00e1lida at\u00e9 08 de Junho de [&hellip;]<\/p>\n","protected":false},"author":194,"featured_media":0,"parent":0,"menu_order":0,"comment_status":"closed","ping_status":"closed","template":"","meta":{"footnotes":""},"categories":[],"tags":[],"class_list":["post-186","page","type-page","status-publish","hentry"],"acf":[],"_links":{"self":[{"href":"https:\/\/www.ufsm.br\/cursos\/graduacao\/santa-maria\/relacoes-internacionais\/wp-json\/wp\/v2\/pages\/186","targetHints":{"allow":["GET"]}}],"collection":[{"href":"https:\/\/www.ufsm.br\/cursos\/graduacao\/santa-maria\/relacoes-internacionais\/wp-json\/wp\/v2\/pages"}],"about":[{"href":"https:\/\/www.ufsm.br\/cursos\/graduacao\/santa-maria\/relacoes-internacionais\/wp-json\/wp\/v2\/types\/page"}],"author":[{"embeddable":true,"href":"https:\/\/www.ufsm.br\/cursos\/graduacao\/santa-maria\/relacoes-internacionais\/wp-json\/wp\/v2\/users\/194"}],"replies":[{"embeddable":true,"href":"https:\/\/www.ufsm.br\/cursos\/graduacao\/santa-maria\/relacoes-internacionais\/wp-json\/wp\/v2\/comments?post=186"}],"version-history":[{"count":0,"href":"https:\/\/www.ufsm.br\/cursos\/graduacao\/santa-maria\/relacoes-internacionais\/wp-json\/wp\/v2\/pages\/186\/revisions"}],"wp:attachment":[{"href":"https:\/\/www.ufsm.br\/cursos\/graduacao\/santa-maria\/relacoes-internacionais\/wp-json\/wp\/v2\/media?parent=186"}],"wp:term":[{"taxonomy":"category","embeddable":true,"href":"https:\/\/www.ufsm.br\/cursos\/graduacao\/santa-maria\/relacoes-internacionais\/wp-json\/wp\/v2\/categories?post=186"},{"taxonomy":"post_tag","embeddable":true,"href":"https:\/\/www.ufsm.br\/cursos\/graduacao\/santa-maria\/relacoes-internacionais\/wp-json\/wp\/v2\/tags?post=186"}],"curies":[{"name":"wp","href":"https:\/\/api.w.org\/{rel}","templated":true}]}}