{"id":2538,"date":"2023-06-14T13:27:59","date_gmt":"2023-06-14T16:27:59","guid":{"rendered":"https:\/\/www.ufsm.br\/cursos\/graduacao\/santa-maria\/terapia-ocupacional\/?page_id=2538"},"modified":"2026-08-26T17:04:01","modified_gmt":"2026-08-26T20:04:01","slug":"acg-acex-dcg-e-dcex","status":"publish","type":"page","link":"https:\/\/www.ufsm.br\/cursos\/graduacao\/santa-maria\/terapia-ocupacional\/acg-acex-dcg-e-dcex","title":{"rendered":"Dispensa de Disciplina\/ T\u00f3pico Especial (DCG)\/ ACG\/ ACEX"},"content":{"rendered":"\t\t<div data-elementor-type=\"wp-page\" data-elementor-id=\"2538\" class=\"elementor elementor-2538\">\n\t\t\t\t\t\t<section class=\"elementor-section elementor-top-section elementor-element elementor-element-4ff6dc7d elementor-section-boxed elementor-section-height-default elementor-section-height-default\" data-id=\"4ff6dc7d\" data-element_type=\"section\">\n\t\t\t\t\t\t<div class=\"elementor-container elementor-column-gap-default\">\n\t\t\t\t\t<div class=\"elementor-column elementor-col-100 elementor-top-column elementor-element elementor-element-1acd0590\" data-id=\"1acd0590\" data-element_type=\"column\">\n\t\t\t<div class=\"elementor-widget-wrap elementor-element-populated\">\n\t\t\t\t\t\t<div class=\"elementor-element elementor-element-39d4cde7 elementor-widget__width-initial elementor-widget elementor-widget-text-editor\" data-id=\"39d4cde7\" data-element_type=\"widget\" data-widget_type=\"text-editor.default\">\n\t\t\t\t<div class=\"elementor-widget-container\">\n\t\t\t\t\t\t\t<header style=\"color: #1c1c1c;font-size: 16px\"><p style=\"font-size: 2.5rem;color: #21376b\"><a style=\"font-size: 16px;text-align: justify;color: blue !important;text-decoration: underline !important\" href=\"https:\/\/www.ufsm.br\/pro-reitorias\/proplan\/resolucao-ufsm-no-209-2025\" data-elementor-preserved=\"true\">Resolu\u00e7\u00e3o UFSM n\u00b0 209,<\/a><span style=\"font-size: 16px;color: #0000ff\"><span style=\"text-align: justify\"><u> de 30 de abril<\/u><\/span><\/span><a style=\"font-size: 16px;text-align: justify;color: blue !important;text-decoration: underline !important\" href=\"https:\/\/www.ufsm.br\/pro-reitorias\/proplan\/resolucao-ufsm-no-209-2025\" data-elementor-preserved=\"true\"> de 2025<\/a><\/p><p style=\"color: #1c1c1c;font-size: 16px\"><span style=\"color: #000000;font-size: 16px;text-align: -webkit-center\"><a style=\"color: blue !important;text-decoration: underline !important\" href=\"https:\/\/portal.ufsm.br\/documentos\/publico\/documento.html?idDocumento=15854040\" data-elementor-preserved=\"true\">RESOLU\u00c7\u00c3O UFSM N\u00b0 268, DE 03 DE JULHO DE 2026<\/a> &#8211; altera dispositivos da resolu\u00e7\u00e3o 209\/2025<\/span><\/p><p style=\"font-size: 2.5rem;color: #21376b\"><b>Dispensa de disciplina<\/b><span style=\"color: #000000;font-size: 16px;font-weight: bolder;text-align: justify\">\u00a0por equival\u00eancia de conte\u00fado e carga hor\u00e1ria<\/span><b style=\"color: #21376b;font-size: 2.5rem\">:<\/b><span style=\"color: #21376b;font-size: 2.5rem\">\u00a0<\/span><span style=\"font-size: 16px;color: #000000;text-align: justify\">processo de aproveitamento de estudos, para fins de integraliza\u00e7\u00e3o curricular, mediante equival\u00eancia de carga hor\u00e1ria e conte\u00fado ou comprova\u00e7\u00e3o de conhecimentos por autodidatismo, aplic\u00e1vel a disciplinas obrigat\u00f3rias, eletivas ou complementares do projeto pedag\u00f3gico do curso em que o(a) estudante est\u00e1 regularmente matriculado(a);<\/span><\/p><p style=\"font-size: 2.5rem;color: #21376b\"><span style=\"color: #000000;font-size: 16px;text-align: justify\">Disciplinas com componentes te\u00f3ricos ou pr\u00e1ticos de extens\u00e3o somente poder\u00e3o ser dispensadas por disciplinas que contenham componentes extensionistas equivalentes, sendo vedada a dispensa nos casos que envolvem disciplinas cursadas com aproveitamento em outras institui\u00e7\u00f5es.<\/span><\/p><p style=\"font-size: 2.5rem;color: #21376b\"><span style=\"color: #000000;font-size: 16px;text-align: justify\">As disciplinas dos cursos de gradua\u00e7\u00e3o poder\u00e3o ser dispensadas mediante aproveitamento de compet\u00eancias adquiridas a partir da titula\u00e7\u00e3o em cursos t\u00e9cnicos de n\u00edvel m\u00e9dio, desde que haja tal previs\u00e3o nos projetos pedag\u00f3gicos dos cursos de gradua\u00e7\u00e3o, em conson\u00e2ncia com a legisla\u00e7\u00e3o vigente. (Alterado pela <\/span><a style=\"font-size: 16px;text-align: justify;color: blue !important;text-decoration: underline !important\" href=\"https:\/\/www.ufsm.br\/pro-reitorias\/proplan\/resolucao-ufsm-n-268-2026\" data-elementor-preserved=\"true\">Resolu\u00e7\u00e3o UFSM n\u00b0 268, de 03 de julho de 2026<\/a><span style=\"color: #000000;font-size: 16px;text-align: justify\">)<\/span><\/p><p style=\"font-size: 2.5rem;color: #21376b\"><span style=\"color: #000000;font-size: 16px;text-align: justify\">N\u00e3o se aplica \u00e0s disciplinas de est\u00e1gio, cujas situa\u00e7\u00f5es admitidas para dispensa est\u00e3o reguladas pela <\/span><a style=\"font-size: 16px;text-align: justify;color: blue !important;text-decoration: underline !important\" href=\"https:\/\/www.ufsm.br\/pro-reitorias\/proplan\/resolucao-ufsm-n-157-2024\" data-elementor-preserved=\"true\">Resolu\u00e7\u00e3o UFSM n\u00b0 157, de 08 de abril de 2024<\/a><span style=\"color: #000000;font-size: 16px;text-align: justify\">, ou outra que venha a substitu\u00ed-la, tampouco \u00e0s disciplinas de trabalho de conclus\u00e3o de curso (TCC).<\/span><\/p><p style=\"font-size: 2.5rem;color: #21376b\"><span style=\"color: #000000;font-size: 16px;font-weight: bolder;text-align: justify\">Dispensa de disciplina por autodidatismo:\u00a0<\/span><span style=\"color: #000000;font-size: 16px;text-align: justify\">As disciplinas que integram cursos de gradua\u00e7\u00e3o da UFSM poder\u00e3o ser dispensadas por autodidatismo aos(\u00e0s) estudantes que comprovarem extraordin\u00e1rio aproveitamento de estudos, a partir de avalia\u00e7\u00e3o aferida por banca examinadora especialmente constitu\u00edda para tal.<\/span><\/p><p style=\"font-size: 2.5rem;color: #21376b\"><span style=\"color: #000000;font-size: 16px;text-align: justify\">A solicita\u00e7\u00e3o de dispensa por autodidatismo somente poder\u00e1 ser realizada pelo(a) estudante que n\u00e3o estiver matriculado(a) na disciplina objeto da dispensa e que n\u00e3o tiver hist\u00f3rico de v\u00ednculo de matr\u00edcula com a mesma disciplina, com disciplina igual ou equivalente na UFSM.<\/span><\/p><p style=\"color: #000000;font-size: 16px;text-align: justify\">O(A) estudante somente poder\u00e1 requerer aproveitamento de disciplinas como autodidata uma vez para cada disciplina do curso em que est\u00e1 regularmente matriculado(a).<\/p><p style=\"color: #000000;font-size: 16px;text-align: justify\">O(A) estudante dever\u00e1 observar o prazo para a solicita\u00e7\u00e3o de dispensa de disciplina por autodidatismo previsto em Calend\u00e1rio Acad\u00eamico, para fins de avalia\u00e7\u00e3o do pedido no semestre vigente.<\/p><p style=\"font-size: 2.5rem;color: #21376b\"><b>T\u00f3pico Especial (DCG):\u00a0<span style=\"color: #000000;font-size: 16px;text-align: justify\">Aproveitamento de carga hor\u00e1ria de estudos:\u00a0<\/span><\/b><span style=\"color: #000000;font-size: 16px;text-align: justify\">O aproveitamento de carga hor\u00e1ria de estudos, para fins de integraliza\u00e7\u00e3o curricular de disciplinas do n\u00facleo flex\u00edvel, poder\u00e1 ser concedido ao(\u00e0) estudante que comprovar, mediante apresenta\u00e7\u00e3o de documenta\u00e7\u00e3o comprobat\u00f3ria, ter realizado com aprova\u00e7\u00e3o, na UFSM ou em institui\u00e7\u00e3o de ensino externa, disciplina relevante \u00e0 forma\u00e7\u00e3o acad\u00eamica e profissional do curso em que est\u00e1 regularmente matriculado(a).<\/span><\/p><p style=\"font-size: 2.5rem;color: #21376b\"><span style=\"color: #000000;font-size: 16px;text-align: justify\">N\u00e3o\u00a0se aplica aos casos em que h\u00e1 equival\u00eancia entre as disciplinas, bem como \u00e0s disciplinas complementares de extens\u00e3o (DCEx).<\/span><\/p><p style=\"font-size: 2.5rem;color: #21376b\"><b>Atividade complementar de gradua\u00e7\u00e3o (ACG):\u00a0<\/b><span style=\"color: #000000;font-size: 16px;text-align: justify\">conjunto de atividades que integra o itiner\u00e1rio formativo dos cursos, com o objetivo de proporcionar aos(\u00e0s) estudantes o aprofundamento e a diversifica\u00e7\u00e3o de conhecimentos e experi\u00eancias pertinentes \u00e0 forma\u00e7\u00e3o acad\u00eamica e profissional.\u00a0<\/span><span style=\"color: #21376b;font-size: 2.5rem\">Registro de ACG:\u00a0<\/span><span style=\"color: #000000;font-size: 16px;text-align: justify\">processo de aproveitamento, para fins de integraliza\u00e7\u00e3o curricular, de carga hor\u00e1ria relativa ao conjunto de atividades que integra o n\u00facleo flex\u00edvel do itiner\u00e1rio formativo dos cursos de gradua\u00e7\u00e3o.<\/span><\/p><p style=\"font-size: 2.5rem;color: #21376b\"><span style=\"color: #000000;font-size: 16px;text-align: justify\">A solicita\u00e7\u00e3o de dispensa de disciplinas, aproveitamento de carga hor\u00e1ria de estudos (DCG) e registro de atividades complementares de gradua\u00e7\u00e3o (ACG) s\u00e3o de responsabilidade do(a) discente e dever\u00e3o seguir as normas constantes na Resolu\u00e7\u00e3o supracitada.<\/span><\/p><p style=\"font-size: 2.5rem;color: #21376b\"><span style=\"color: #000000;font-size: 16px;text-align: justify\">Disciplinas n\u00e3o poder\u00e3o ser dispensadas a partir de atividades complementares, assim como as atividades complementares n\u00e3o poder\u00e3o ser utilizadas como horas de estudos para dispensa ou aproveitamento de disciplinas.<\/span><\/p><\/header><div><p style=\"color: #1c1c1c;font-size: 16px\"><b>A dispensa de disciplina<span style=\"font-size: 16px;color: #21376b\">s\/ T\u00f3pico Especial (DCG)\/ Valida\u00e7\u00e3o de ACG\/ <\/span><span style=\"font-size: 2.5rem;color: #21376b\">Valida\u00e7\u00e3o de<\/span><span style=\"font-size: 2.5rem;color: #21376b\"> ACEx \u00e9 realizada atrav\u00e9s no portal estudantil\u00a0<\/span>na aba CURR\u00cdCULO &#8211;\u00a0 \u201cDISPENSAS, T\u00d3PICOS, ACG E ACEx\u201d\u00a0\u00a0<\/b><\/p><p style=\"text-align: justify\">Tutorial &#8211; Dispensa de disciplina (<span style=\"color: #000000;font-size: 16px;text-align: justify\">por outra equivalente cursada na UFSM ou em outra Institui\u00e7\u00e3o de Ensino Superior) &#8211;\u00a0<\/span><a style=\"text-align: start\" href=\"https:\/\/www.ufsm.br\/pro-reitorias\/prograd\/cofre-corem\/dispensa-de-disciplinas-aluno\" target=\"_blank\" rel=\"noopener\">https:\/\/www.ufsm.br\/pro-reitorias\/prograd\/cofre-corem\/dispensa-de-disciplinas-aluno<\/a><\/p><p style=\"text-align: justify\">Tutorial &#8211; Dispensa de T\u00f3pico Especial (DCG) &#8211;\u00a0<a style=\"font-size: 16px;text-align: start\" href=\"https:\/\/www.ufsm.br\/pro-reitorias\/prograd\/cofre-corem\/dispensa-de-disciplinas-aluno\" target=\"_blank\" rel=\"noopener\">https:\/\/www.ufsm.br\/pro-reitorias\/prograd\/cofre-corem\/dispensa-de-disciplinas-aluno<\/a><\/p><p style=\"text-align: justify\"><span style=\"font-size: 16px;color: #000000;text-align: -webkit-center\">Tutorial &#8211; Registro de ACG &#8211; <\/span><a style=\"font-size: 16px;text-align: start;color: #204c90\" href=\"https:\/\/www.ufsm.br\/pro-reitorias\/prograd\/cofre-corem\/solicitacao-de-registro-de-acg\" target=\"_blank\" rel=\"noopener\">https:\/\/www.ufsm.br\/pro-reitorias\/prograd\/cofre-corem\/solicitacao-de-registro-de-acg<\/a>,<\/p><p style=\"text-align: justify\">Tutorial &#8211; Registro de ACEx &#8211;\u00a0<a style=\"text-align: start\" href=\"https:\/\/www.ufsm.br\/app\/uploads\/sites\/342\/2026\/04\/Solicitacao-de-ACEX-pelo-Portal-Estudantil-atualizado_em_13_04_2026.pdf\" target=\"_blank\" rel=\"noopener\">https:\/\/www.ufsm.br\/app\/uploads\/sites\/342\/2026\/04\/Solicitacao-de-ACEX-pelo-Portal-Estudantil-atualizado_em_13_04_2026.pdf<\/a><\/p><p style=\"text-align: justify\">\u00a0<\/p><\/div>\t\t\t\t\t\t<\/div>\n\t\t\t\t<\/div>\n\t\t\t\t\t<\/div>\n\t\t<\/div>\n\t\t\t\t\t<\/div>\n\t\t<\/section>\n\t\t\t\t<\/div>\n\t\t","protected":false},"excerpt":{"rendered":"<p>Dispensa de disciplinas\/ T\u00f3pico Especial (DCG)\/ Valida\u00e7\u00e3o de ACG\/\u00a0Valida\u00e7\u00e3o de\u00a0ACEx Resolu\u00e7\u00e3o UFSM n\u00b0 209, de 30 de abril de 2025 RESOLU\u00c7\u00c3O UFSM N\u00b0 268, DE 03 DE JULHO DE 2026 &#8211; altera dispositivos da resolu\u00e7\u00e3o 209\/2025 A dispensa de disciplinas\/ T\u00f3pico Especial (DCG)\/ Valida\u00e7\u00e3o de ACG\/ Valida\u00e7\u00e3o de ACEx \u00e9 realizada atrav\u00e9s no portal estudantil\u00a0na [&hellip;]<\/p>\n","protected":false},"author":3987,"featured_media":0,"parent":0,"menu_order":0,"comment_status":"closed","ping_status":"closed","template":"","meta":{"footnotes":""},"categories":[],"tags":[],"class_list":["post-2538","page","type-page","status-publish","hentry"],"acf":[],"_links":{"self":[{"href":"https:\/\/www.ufsm.br\/cursos\/graduacao\/santa-maria\/terapia-ocupacional\/wp-json\/wp\/v2\/pages\/2538","targetHints":{"allow":["GET"]}}],"collection":[{"href":"https:\/\/www.ufsm.br\/cursos\/graduacao\/santa-maria\/terapia-ocupacional\/wp-json\/wp\/v2\/pages"}],"about":[{"href":"https:\/\/www.ufsm.br\/cursos\/graduacao\/santa-maria\/terapia-ocupacional\/wp-json\/wp\/v2\/types\/page"}],"author":[{"embeddable":true,"href":"https:\/\/www.ufsm.br\/cursos\/graduacao\/santa-maria\/terapia-ocupacional\/wp-json\/wp\/v2\/users\/3987"}],"replies":[{"embeddable":true,"href":"https:\/\/www.ufsm.br\/cursos\/graduacao\/santa-maria\/terapia-ocupacional\/wp-json\/wp\/v2\/comments?post=2538"}],"version-history":[{"count":0,"href":"https:\/\/www.ufsm.br\/cursos\/graduacao\/santa-maria\/terapia-ocupacional\/wp-json\/wp\/v2\/pages\/2538\/revisions"}],"wp:attachment":[{"href":"https:\/\/www.ufsm.br\/cursos\/graduacao\/santa-maria\/terapia-ocupacional\/wp-json\/wp\/v2\/media?parent=2538"}],"wp:term":[{"taxonomy":"category","embeddable":true,"href":"https:\/\/www.ufsm.br\/cursos\/graduacao\/santa-maria\/terapia-ocupacional\/wp-json\/wp\/v2\/categories?post=2538"},{"taxonomy":"post_tag","embeddable":true,"href":"https:\/\/www.ufsm.br\/cursos\/graduacao\/santa-maria\/terapia-ocupacional\/wp-json\/wp\/v2\/tags?post=2538"}],"curies":[{"name":"wp","href":"https:\/\/api.w.org\/{rel}","templated":true}]}}