{"id":3238,"date":"2026-08-28T14:40:15","date_gmt":"2026-08-28T17:40:15","guid":{"rendered":"https:\/\/www.ufsm.br\/cursos\/graduacao\/santa-maria\/terapia-ocupacional\/?page_id=3238"},"modified":"2026-08-28T14:42:32","modified_gmt":"2026-08-28T17:42:32","slug":"regime-especial-de-avaliacao-rea-matricula-por-resolucao-032-2015","status":"publish","type":"page","link":"https:\/\/www.ufsm.br\/cursos\/graduacao\/santa-maria\/terapia-ocupacional\/regime-especial-de-avaliacao-rea-matricula-por-resolucao-032-2015","title":{"rendered":"Regime Especial de Avalia\u00e7\u00e3o (REA) \u2013\u00a0Matr\u00edcula por Resolu\u00e7\u00e3o 032\/2015\u00a0"},"content":{"rendered":"\t\t<div data-elementor-type=\"wp-page\" data-elementor-id=\"3238\" class=\"elementor elementor-3238\">\n\t\t\t\t\t\t<section class=\"elementor-section elementor-top-section elementor-element elementor-element-5d8d0663 elementor-section-boxed elementor-section-height-default elementor-section-height-default\" data-id=\"5d8d0663\" data-element_type=\"section\">\n\t\t\t\t\t\t<div class=\"elementor-container elementor-column-gap-default\">\n\t\t\t\t\t<div class=\"elementor-column elementor-col-100 elementor-top-column elementor-element elementor-element-66c3fae3\" data-id=\"66c3fae3\" data-element_type=\"column\">\n\t\t\t<div class=\"elementor-widget-wrap elementor-element-populated\">\n\t\t\t\t\t\t<div class=\"elementor-element elementor-element-407e1b35 elementor-widget elementor-widget-text-editor\" data-id=\"407e1b35\" data-element_type=\"widget\" data-widget_type=\"text-editor.default\">\n\t\t\t\t<div class=\"elementor-widget-container\">\n\t\t\t\t\t\t\t<!-- wp:tadv\/classic-paragraph -->\n<p style=\"text-align: justify\"><span style=\"font-family: arial, helvetica, sans-serif;font-size: 12pt\"><a href=\"https:\/\/portal.ufsm.br\/documentos\/publico\/documento.html?id=7331541\"><span style=\"color: blue\">RESOLU\u00c7\u00c3O N. 032\/2015<\/span><\/a> \u00a0<\/span><\/p>\n<p style=\"text-align: justify\"><span style=\"font-family: arial, helvetica, sans-serif;font-size: 12pt\">Deve ser solicitado pelo aluno no <strong class=\"rQesXe MPyX\" data-sfc-cp=\"\" data-sfc-root=\"ep\" data-complete=\"true\" data-copy-service-computed-style=\"font-family: &quot;Google Sans&quot;, Arial, sans-serif; font-size: 16px; font-weight: 700; margin: 0px; text-decoration: none; border-bottom: 0px rgb(0, 29, 53);\">semestre imediatamente subsequente<!--TgQPHd|||[]--><\/strong> \u00e0 reprova\u00e7\u00e3o, desde que o aluno tenha atingido a frequ\u00eancia necess\u00e1ria e seja a primeira reprova\u00e7\u00e3o na disciplina.\u00a0<\/span><\/p>\n<p style=\"text-align: justify\"><span style=\"font-family: arial, helvetica, sans-serif;font-size: 12pt\">O aluno que obtiver frequ\u00eancia regimental nas disciplinas em que estiver matriculado no semestre, <strong>mas for reprovado por nota<\/strong>, poder\u00e1 submeter-se ao Regime Especial de Avalia\u00e7\u00e3o para recupera\u00e7\u00e3o de estudos. (Resolu\u00e7\u00e3o 032\/2015\/UFSM).<\/span><\/p>\n<p style=\"text-align: justify\"><span style=\"font-family: arial, helvetica, sans-serif;font-size: 12pt\">Essa recupera\u00e7\u00e3o ser\u00e1 feita sem a obrigatoriedade da frequ\u00eancia \u00e0s aulas, com ou sem oferta da disciplina, mas depende das seguintes condi\u00e7\u00f5es:<\/span><\/p>\n<p style=\"text-align: justify\"><span style=\"font-family: arial, helvetica, sans-serif;font-size: 12pt\">a) que a recupera\u00e7\u00e3o seja em disciplina cursada uma \u00fanica vez e requerida no semestre imediatamente subsequente \u00e0 reprova\u00e7\u00e3o por nota. Nos casos de \u201csitua\u00e7\u00e3o seis\u201d (incompleto) ser\u00e1 considerado \u201csubsequente\u201d o semestre imediatamente posterior \u00e0 regulariza\u00e7\u00e3o da situa\u00e7\u00e3o.<\/span><\/p>\n<p style=\"text-align: justify\"><span style=\"font-family: arial, helvetica, sans-serif;font-size: 12pt\">b) que se exija a obrigatoriedade da realiza\u00e7\u00e3o das Avalia\u00e7\u00f5es Parciais e Final, e\/ou tarefas escolares e\/ou o cumprimento do cronograma de atividades proposto pelo professor, de acordo com o que estabelece o Sistema Acad\u00eamico.<\/span><\/p>\n<p style=\"text-align: justify\"><span style=\"font-family: arial, helvetica, sans-serif;font-size: 12pt\">Cabe ao Colegiado de cada Curso, ouvidos os Departamentos Did\u00e1ticos, definir quais as disciplinas que podem ser recuperadas conforme o previsto na Resolu\u00e7\u00e3o 032\/2015\/UFSM.<\/span><\/p>\n<p style=\"text-align: justify\"><span style=\"font-family: arial, helvetica, sans-serif;font-size: 12pt\">O Colegiado do Curso de Terapia Ocupacional deliberou as disciplinas que poder\u00e3o integrar o regime especial de avalia\u00e7\u00e3o para recupera\u00e7\u00e3o de aproveitamento e s\u00e3o:<\/span><\/p>\n<p style=\"text-align: justify\"><span style=\"font-family: arial, helvetica, sans-serif;font-size: 12pt\">\u00a0&#8211; Apenas disciplinas com<span style=\"font-weight: 400\"> carga hor\u00e1ria TE\u00d3RICA; apenas DCGs com carga hor\u00e1ria TE\u00d3RICA. Consultar todas as disciplinas do curso em <a href=\"https:\/\/www.ufsm.br\/cursos\/graduacao\/santa-maria\/terapia-ocupacional\/informacoes-do-curriculo\">ESTRUTURA CURRICULAR<\/a>.\u00a0<\/span><\/span><\/p>\n<p style=\"text-align: justify\"><span style=\"font-family: arial, helvetica, sans-serif;font-size: 12pt\">O registro da frequ\u00eancia ser\u00e1 o da primeira matr\u00edcula e os resultados ser\u00e3o os do aproveitamento na disciplina em regime especial de avalia\u00e7\u00e3o. Na hip\u00f3tese de reprova\u00e7\u00e3o, o aluno dever\u00e1 cursar novamente a disciplina com frequ\u00eancia regimental.<\/span><\/p>\n<!-- \/wp:tadv\/classic-paragraph --><!-- wp:tadv\/classic-paragraph \/--><!-- wp:tadv\/classic-paragraph \/-->\t\t\t\t\t\t<\/div>\n\t\t\t\t<\/div>\n\t\t\t\t\t<\/div>\n\t\t<\/div>\n\t\t\t\t\t<\/div>\n\t\t<\/section>\n\t\t\t\t<\/div>\n\t\t","protected":false},"excerpt":{"rendered":"<p>RESOLU\u00c7\u00c3O N. 032\/2015 &nbsp; Deve ser solicitado pelo aluno no semestre imediatamente subsequente \u00e0 reprova\u00e7\u00e3o, desde que o aluno tenha atingido a frequ\u00eancia necess\u00e1ria e seja a primeira reprova\u00e7\u00e3o na disciplina.&nbsp; O aluno que obtiver frequ\u00eancia regimental nas disciplinas em que estiver matriculado no semestre, mas for reprovado por nota, poder\u00e1 submeter-se ao Regime Especial [&hellip;]<\/p>\n","protected":false},"author":5095,"featured_media":0,"parent":0,"menu_order":0,"comment_status":"closed","ping_status":"closed","template":"","meta":{"footnotes":""},"categories":[],"tags":[],"class_list":["post-3238","page","type-page","status-publish","hentry"],"acf":[],"_links":{"self":[{"href":"https:\/\/www.ufsm.br\/cursos\/graduacao\/santa-maria\/terapia-ocupacional\/wp-json\/wp\/v2\/pages\/3238","targetHints":{"allow":["GET"]}}],"collection":[{"href":"https:\/\/www.ufsm.br\/cursos\/graduacao\/santa-maria\/terapia-ocupacional\/wp-json\/wp\/v2\/pages"}],"about":[{"href":"https:\/\/www.ufsm.br\/cursos\/graduacao\/santa-maria\/terapia-ocupacional\/wp-json\/wp\/v2\/types\/page"}],"author":[{"embeddable":true,"href":"https:\/\/www.ufsm.br\/cursos\/graduacao\/santa-maria\/terapia-ocupacional\/wp-json\/wp\/v2\/users\/5095"}],"replies":[{"embeddable":true,"href":"https:\/\/www.ufsm.br\/cursos\/graduacao\/santa-maria\/terapia-ocupacional\/wp-json\/wp\/v2\/comments?post=3238"}],"version-history":[{"count":0,"href":"https:\/\/www.ufsm.br\/cursos\/graduacao\/santa-maria\/terapia-ocupacional\/wp-json\/wp\/v2\/pages\/3238\/revisions"}],"wp:attachment":[{"href":"https:\/\/www.ufsm.br\/cursos\/graduacao\/santa-maria\/terapia-ocupacional\/wp-json\/wp\/v2\/media?parent=3238"}],"wp:term":[{"taxonomy":"category","embeddable":true,"href":"https:\/\/www.ufsm.br\/cursos\/graduacao\/santa-maria\/terapia-ocupacional\/wp-json\/wp\/v2\/categories?post=3238"},{"taxonomy":"post_tag","embeddable":true,"href":"https:\/\/www.ufsm.br\/cursos\/graduacao\/santa-maria\/terapia-ocupacional\/wp-json\/wp\/v2\/tags?post=3238"}],"curies":[{"name":"wp","href":"https:\/\/api.w.org\/{rel}","templated":true}]}}