{"id":5,"date":"2018-01-18T08:39:17","date_gmt":"2018-01-18T10:39:17","guid":{"rendered":"https:\/\/www.ufsm.br\/cursos\/graduacao\/nutricao\/12352\/?page_id=5"},"modified":"2026-08-27T15:12:22","modified_gmt":"2026-08-27T18:12:22","slug":"pagina-inicial","status":"publish","type":"page","link":"https:\/\/www.ufsm.br\/cursos\/graduacao\/santa-maria\/terapia-ocupacional\/","title":{"rendered":"P\u00e1gina Inicial"},"content":{"rendered":"\t\t<div data-elementor-type=\"wp-page\" data-elementor-id=\"5\" class=\"elementor elementor-5\">\n\t\t\t\t\t\t<section class=\"elementor-section elementor-top-section elementor-element elementor-element-71f1b01 elementor-section-boxed elementor-section-height-default elementor-section-height-default\" data-id=\"71f1b01\" data-element_type=\"section\">\n\t\t\t\t\t\t<div class=\"elementor-container elementor-column-gap-extended\">\n\t\t\t\t\t<div class=\"elementor-column elementor-col-100 elementor-top-column elementor-element elementor-element-c711c96\" data-id=\"c711c96\" data-element_type=\"column\" data-settings=\"{&quot;animation&quot;:&quot;none&quot;}\">\n\t\t\t<div class=\"elementor-widget-wrap elementor-element-populated\">\n\t\t\t\t\t\t<div class=\"elementor-element elementor-element-5b2fdbe elementor-widget elementor-widget-heading\" data-id=\"5b2fdbe\" data-element_type=\"widget\" data-widget_type=\"heading.default\">\n\t\t\t\t<div class=\"elementor-widget-container\">\n\t\t\t<h5 class=\"elementor-heading-title elementor-size-default\">GRADUA\u00c7\u00c3O | TERAPIA OCUPACIONAL <\/h5>\t\t<\/div>\n\t\t\t\t<\/div>\n\t\t\t\t\t<\/div>\n\t\t<\/div>\n\t\t\t\t\t<\/div>\n\t\t<\/section>\n\t\t\t\t<section class=\"elementor-section elementor-top-section elementor-element elementor-element-8da876f elementor-section-boxed elementor-section-height-default elementor-section-height-default\" data-id=\"8da876f\" data-element_type=\"section\">\n\t\t\t\t\t\t<div class=\"elementor-container elementor-column-gap-default\">\n\t\t\t\t\t<div class=\"elementor-column elementor-col-100 elementor-top-column elementor-element elementor-element-e1cebb4\" data-id=\"e1cebb4\" data-element_type=\"column\">\n\t\t\t<div class=\"elementor-widget-wrap elementor-element-populated\">\n\t\t\t\t\t\t<div class=\"elementor-element elementor-element-32089a5 elementor-widget__width-initial elementor-drop-cap-yes elementor-drop-cap-view-default elementor-widget elementor-widget-text-editor\" data-id=\"32089a5\" data-element_type=\"widget\" data-settings=\"{&quot;drop_cap&quot;:&quot;yes&quot;}\" data-widget_type=\"text-editor.default\">\n\t\t\t\t<div class=\"elementor-widget-container\">\n\t\t\t\t\t\t\t<p><span style=\"font-family: verdana, geneva, sans-serif\"><div class='row'><div class='col-12 col-lg-9 pe-lg-1 align-self-center'><p>O curso de <b>Terapia Ocupacional<\/b> est\u00e1 localizado em <b>Campus Camobi &#8211; UFSM<\/b> na modalidade <b>Bacharelado &#8211; Presencial<\/b>, sendo <b>Integral<\/b> o seu turno de funcionamento. A \u00e1rea de conhecimento do curso \u00e9 classificada como <b>CI\u00caNCIAS DA SA\u00daDE<\/b>. Atualmente, a coordena\u00e7\u00e3o \u00e9 de responsabilidade de <b>BIANCA GON\u00c7ALVES DE CARRASCO BASSI<\/b>, a coordena\u00e7\u00e3o substituta de <b>KAYLA ARAUJO XIMENES AGUIAR PALMA<\/b> e a secretaria de <b>LUIZ VAL\u00c9RIO PEIXOTO SELES FILHO<\/b>.<\/p><p>O curso \u00e9 ofertado em per\u00edodo <b>Semestral<\/b>, sendo <b>8<\/b> o n\u00famero de per\u00edodos indicados para sua conclus\u00e3o.<\/p><p class='mt-3'>Reconhecido pela Portaria n. 698\/2015\/MEC, publicada no DOU, de 05\/10\/2015 e Portaria SERES\/MEC 349, publicada no DOU de 18\/06\/2025.<\/p><\/div><div class='col-12 col-lg-3'><div class='row d-flex justify-content-around'><h3 class='visually-hidden'>Conceitos<\/h3><div class='col-12 col-md-4 col-lg-12 d-flex flex-column conceito-curso'><div class='flex-fill p-3 my-2 my-md-0 my-lg-1 mx-0 mx-md-2 mx-lg-0'><div class='text-center conceito-descricao'>Conceito de Curso (2025)<\/div><div class='text-center text-primary conceito-valor'>5<\/div><\/div><\/div><div class='col-12 col-md-4 col-lg-12 d-flex flex-column conceito-curso'><div class='flex-fill p-3 my-2 my-md-0 my-lg-1 mx-0 mx-md-2 mx-lg-0'><div class='text-center conceito-descricao'>Conceito Preliminar de Curso (2010)<\/div><div class='text-center text-primary conceito-valor'>SC<\/div><\/div><\/div><div class='col-12 col-md-4 col-lg-12 d-flex flex-column conceito-curso'><div class='flex-fill p-3 my-2 my-md-0 my-lg-1 mx-0 mx-md-2 mx-lg-0'><div class='text-center conceito-descricao'>ENADE (2010)<\/div><div class='text-center text-primary conceito-valor'>SC<\/div><\/div><\/div><\/div><\/div><\/div><\/span><\/p>\t\t\t\t\t\t<\/div>\n\t\t\t\t<\/div>\n\t\t\t\t\t<\/div>\n\t\t<\/div>\n\t\t\t\t\t<\/div>\n\t\t<\/section>\n\t\t\t\t<section class=\"elementor-section elementor-top-section elementor-element elementor-element-eb33264 elementor-section-full_width elementor-section-height-min-height elementor-section-content-middle elementor-section-height-default elementor-section-items-middle\" data-id=\"eb33264\" data-element_type=\"section\" data-settings=\"{&quot;background_background&quot;:&quot;classic&quot;}\">\n\t\t\t\t\t\t<div class=\"elementor-container elementor-column-gap-no\">\n\t\t\t\t\t<div class=\"elementor-column elementor-col-14 elementor-top-column elementor-element elementor-element-9e5d99d\" data-id=\"9e5d99d\" data-element_type=\"column\">\n\t\t\t<div class=\"elementor-widget-wrap elementor-element-populated\">\n\t\t\t\t\t\t<div class=\"elementor-element elementor-element-a8b964f elementor-view-default elementor-position-top elementor-mobile-position-top elementor-widget elementor-widget-icon-box\" data-id=\"a8b964f\" data-element_type=\"widget\" data-widget_type=\"icon-box.default\">\n\t\t\t\t<div class=\"elementor-widget-container\">\n\t\t\t\t\t<div class=\"elementor-icon-box-wrapper\">\n\n\t\t\t\t\t\t<div class=\"elementor-icon-box-icon\">\n\t\t\t\t<a href=\"https:\/\/www.ufsm.br\/cursos\/graduacao\/santa-maria\/terapia-ocupacional\/horarios\" class=\"elementor-icon elementor-animation-\" tabindex=\"-1\">\n\t\t\t\t<i aria-hidden=\"true\" class=\"far fa-calendar-alt\"><\/i>\t\t\t\t<\/a>\n\t\t\t<\/div>\n\t\t\t\n\t\t\t\t\t\t<div class=\"elementor-icon-box-content\">\n\n\t\t\t\t\t\t\t\t\t<h3 class=\"elementor-icon-box-title\">\n\t\t\t\t\t\t<a href=\"https:\/\/www.ufsm.br\/cursos\/graduacao\/santa-maria\/terapia-ocupacional\/horarios\" >\n\t\t\t\t\t\t\tOferta \/ Hor\u00e1rios\t\t\t\t\t\t<\/a>\n\t\t\t\t\t<\/h3>\n\t\t\t\t\n\t\t\t\t\n\t\t\t<\/div>\n\t\t\t\n\t\t<\/div>\n\t\t\t\t<\/div>\n\t\t\t\t<\/div>\n\t\t\t\t\t<\/div>\n\t\t<\/div>\n\t\t\t\t<div class=\"elementor-column elementor-col-14 elementor-top-column elementor-element elementor-element-03d28e7\" data-id=\"03d28e7\" data-element_type=\"column\">\n\t\t\t<div class=\"elementor-widget-wrap elementor-element-populated\">\n\t\t\t\t\t\t<div class=\"elementor-element elementor-element-aa80284 elementor-view-default elementor-position-top elementor-mobile-position-top elementor-widget elementor-widget-icon-box\" data-id=\"aa80284\" data-element_type=\"widget\" data-widget_type=\"icon-box.default\">\n\t\t\t\t<div class=\"elementor-widget-container\">\n\t\t\t\t\t<div class=\"elementor-icon-box-wrapper\">\n\n\t\t\t\t\t\t<div class=\"elementor-icon-box-icon\">\n\t\t\t\t<a href=\"https:\/\/portal.ufsm.br\/estudantil\/\" class=\"elementor-icon elementor-animation-grow\" tabindex=\"-1\">\n\t\t\t\t<i aria-hidden=\"true\" class=\"fas fa-user-graduate\"><\/i>\t\t\t\t<\/a>\n\t\t\t<\/div>\n\t\t\t\n\t\t\t\t\t\t<div class=\"elementor-icon-box-content\">\n\n\t\t\t\t\t\t\t\t\t<h3 class=\"elementor-icon-box-title\">\n\t\t\t\t\t\t<a href=\"https:\/\/portal.ufsm.br\/estudantil\/\" >\n\t\t\t\t\t\t\tPortal Estudantil\t\t\t\t\t\t<\/a>\n\t\t\t\t\t<\/h3>\n\t\t\t\t\n\t\t\t\t\n\t\t\t<\/div>\n\t\t\t\n\t\t<\/div>\n\t\t\t\t<\/div>\n\t\t\t\t<\/div>\n\t\t\t\t\t<\/div>\n\t\t<\/div>\n\t\t\t\t<div class=\"elementor-column elementor-col-14 elementor-top-column elementor-element elementor-element-f6f37f2\" data-id=\"f6f37f2\" data-element_type=\"column\">\n\t\t\t<div class=\"elementor-widget-wrap elementor-element-populated\">\n\t\t\t\t\t\t<div class=\"elementor-element elementor-element-a8f86c8 elementor-vertical-align-middle elementor-view-default elementor-mobile-position-top elementor-widget elementor-widget-icon-box\" data-id=\"a8f86c8\" data-element_type=\"widget\" data-widget_type=\"icon-box.default\">\n\t\t\t\t<div class=\"elementor-widget-container\">\n\t\t\t\t\t<div class=\"elementor-icon-box-wrapper\">\n\n\t\t\t\t\t\t<div class=\"elementor-icon-box-icon\">\n\t\t\t\t<a href=\"https:\/\/www.ufsm.br\/cursos\/graduacao\/santa-maria\/terapia-ocupacional\/informacoes-do-curriculo\" class=\"elementor-icon elementor-animation-grow\" tabindex=\"-1\">\n\t\t\t\t<i aria-hidden=\"true\" class=\"fas fa-table\"><\/i>\t\t\t\t<\/a>\n\t\t\t<\/div>\n\t\t\t\n\t\t\t\t\t\t<div class=\"elementor-icon-box-content\">\n\n\t\t\t\t\t\t\t\t\t<h3 class=\"elementor-icon-box-title\">\n\t\t\t\t\t\t<a href=\"https:\/\/www.ufsm.br\/cursos\/graduacao\/santa-maria\/terapia-ocupacional\/informacoes-do-curriculo\" >\n\t\t\t\t\t\t\tMatriz Curricular\t\t\t\t\t\t<\/a>\n\t\t\t\t\t<\/h3>\n\t\t\t\t\n\t\t\t\t\n\t\t\t<\/div>\n\t\t\t\n\t\t<\/div>\n\t\t\t\t<\/div>\n\t\t\t\t<\/div>\n\t\t\t\t\t<\/div>\n\t\t<\/div>\n\t\t\t\t<div class=\"elementor-column elementor-col-14 elementor-top-column elementor-element elementor-element-ce29431\" data-id=\"ce29431\" data-element_type=\"column\">\n\t\t\t<div class=\"elementor-widget-wrap elementor-element-populated\">\n\t\t\t\t\t\t<div class=\"elementor-element elementor-element-9e12ce0 elementor-widget__width-initial elementor-view-default elementor-position-top elementor-mobile-position-top elementor-widget elementor-widget-icon-box\" data-id=\"9e12ce0\" data-element_type=\"widget\" data-widget_type=\"icon-box.default\">\n\t\t\t\t<div class=\"elementor-widget-container\">\n\t\t\t\t\t<div class=\"elementor-icon-box-wrapper\">\n\n\t\t\t\t\t\t<div class=\"elementor-icon-box-icon\">\n\t\t\t\t<a href=\"https:\/\/www.ufsm.br\/cursos\/graduacao\/santa-maria\/terapia-ocupacional\/projeto-pedagogico\" class=\"elementor-icon elementor-animation-\" tabindex=\"-1\">\n\t\t\t\t<i aria-hidden=\"true\" class=\"fas fa-book\"><\/i>\t\t\t\t<\/a>\n\t\t\t<\/div>\n\t\t\t\n\t\t\t\t\t\t<div class=\"elementor-icon-box-content\">\n\n\t\t\t\t\t\t\t\t\t<h4 class=\"elementor-icon-box-title\">\n\t\t\t\t\t\t<a href=\"https:\/\/www.ufsm.br\/cursos\/graduacao\/santa-maria\/terapia-ocupacional\/projeto-pedagogico\" >\n\t\t\t\t\t\t\tProjeto Pedag\u00f3gico \t\t\t\t\t\t<\/a>\n\t\t\t\t\t<\/h4>\n\t\t\t\t\n\t\t\t\t\n\t\t\t<\/div>\n\t\t\t\n\t\t<\/div>\n\t\t\t\t<\/div>\n\t\t\t\t<\/div>\n\t\t\t\t\t<\/div>\n\t\t<\/div>\n\t\t\t\t<div class=\"elementor-column elementor-col-14 elementor-top-column elementor-element elementor-element-894ffcc\" data-id=\"894ffcc\" data-element_type=\"column\">\n\t\t\t<div class=\"elementor-widget-wrap elementor-element-populated\">\n\t\t\t\t\t\t<div class=\"elementor-element elementor-element-a22da39 elementor-widget__width-initial elementor-view-default elementor-position-top elementor-mobile-position-top elementor-widget elementor-widget-icon-box\" data-id=\"a22da39\" data-element_type=\"widget\" data-widget_type=\"icon-box.default\">\n\t\t\t\t<div class=\"elementor-widget-container\">\n\t\t\t\t\t<div class=\"elementor-icon-box-wrapper\">\n\n\t\t\t\t\t\t<div class=\"elementor-icon-box-icon\">\n\t\t\t\t<a href=\"https:\/\/www.ufsm.br\/moodle\" class=\"elementor-icon elementor-animation-\" tabindex=\"-1\">\n\t\t\t\t<i aria-hidden=\"true\" class=\"far fa-window-restore\"><\/i>\t\t\t\t<\/a>\n\t\t\t<\/div>\n\t\t\t\n\t\t\t\t\t\t<div class=\"elementor-icon-box-content\">\n\n\t\t\t\t\t\t\t\t\t<h4 class=\"elementor-icon-box-title\">\n\t\t\t\t\t\t<a href=\"https:\/\/www.ufsm.br\/moodle\" >\n\t\t\t\t\t\t\tAmbiente Virtual Moodle\t\t\t\t\t\t<\/a>\n\t\t\t\t\t<\/h4>\n\t\t\t\t\n\t\t\t\t\n\t\t\t<\/div>\n\t\t\t\n\t\t<\/div>\n\t\t\t\t<\/div>\n\t\t\t\t<\/div>\n\t\t\t\t\t<\/div>\n\t\t<\/div>\n\t\t\t\t<div class=\"elementor-column elementor-col-14 elementor-top-column elementor-element elementor-element-9d95298\" data-id=\"9d95298\" data-element_type=\"column\">\n\t\t\t<div class=\"elementor-widget-wrap elementor-element-populated\">\n\t\t\t\t\t\t<div class=\"elementor-element elementor-element-dddbd0b elementor-widget__width-initial elementor-view-default elementor-mobile-position-top elementor-vertical-align-top elementor-widget elementor-widget-icon-box\" data-id=\"dddbd0b\" data-element_type=\"widget\" data-widget_type=\"icon-box.default\">\n\t\t\t\t<div class=\"elementor-widget-container\">\n\t\t\t\t\t<div class=\"elementor-icon-box-wrapper\">\n\n\t\t\t\t\t\t<div class=\"elementor-icon-box-icon\">\n\t\t\t\t<a href=\"https:\/\/web.whatsapp.com\/\" target=\"_blank\" class=\"elementor-icon elementor-animation-\" tabindex=\"-1\">\n\t\t\t\t<i aria-hidden=\"true\" class=\"fab fa-whatsapp-square\"><\/i>\t\t\t\t<\/a>\n\t\t\t<\/div>\n\t\t\t\n\t\t\t\t\t\t<div class=\"elementor-icon-box-content\">\n\n\t\t\t\t\t\t\t\t\t<h4 class=\"elementor-icon-box-title\">\n\t\t\t\t\t\t<a href=\"https:\/\/web.whatsapp.com\/\" target=\"_blank\" >\n\t\t\t\t\t\t\tWhatsApp \t\t\t\t\t\t<\/a>\n\t\t\t\t\t<\/h4>\n\t\t\t\t\n\t\t\t\t\t\t\t\t\t<p class=\"elementor-icon-box-description\">\n\t\t\t\t\t\t(55) 3220-9272\t\t\t\t\t<\/p>\n\t\t\t\t\n\t\t\t<\/div>\n\t\t\t\n\t\t<\/div>\n\t\t\t\t<\/div>\n\t\t\t\t<\/div>\n\t\t\t\t\t<\/div>\n\t\t<\/div>\n\t\t\t\t<div class=\"elementor-column elementor-col-14 elementor-top-column elementor-element elementor-element-1476c94\" data-id=\"1476c94\" data-element_type=\"column\">\n\t\t\t<div class=\"elementor-widget-wrap elementor-element-populated\">\n\t\t\t\t\t\t<div class=\"elementor-element elementor-element-473cc51 elementor-widget__width-initial elementor-view-default elementor-mobile-position-top elementor-vertical-align-top elementor-widget elementor-widget-icon-box\" data-id=\"473cc51\" data-element_type=\"widget\" data-widget_type=\"icon-box.default\">\n\t\t\t\t<div class=\"elementor-widget-container\">\n\t\t\t\t\t<div class=\"elementor-icon-box-wrapper\">\n\n\t\t\t\t\t\t<div class=\"elementor-icon-box-icon\">\n\t\t\t\t<a href=\"https:\/\/www.ufsm.br\/app\/uploads\/sites\/342\/2025\/02\/GUIA-ESTUDANTIL-UFSM-2025.pdf\" target=\"_blank\" class=\"elementor-icon elementor-animation-\" tabindex=\"-1\">\n\t\t\t\t<i aria-hidden=\"true\" class=\"fab fa-wpforms\"><\/i>\t\t\t\t<\/a>\n\t\t\t<\/div>\n\t\t\t\n\t\t\t\t\t\t<div class=\"elementor-icon-box-content\">\n\n\t\t\t\t\t\t\t\t\t<h4 class=\"elementor-icon-box-title\">\n\t\t\t\t\t\t<a href=\"https:\/\/www.ufsm.br\/app\/uploads\/sites\/342\/2025\/02\/GUIA-ESTUDANTIL-UFSM-2025.pdf\" target=\"_blank\" >\n\t\t\t\t\t\t\tFORMUL\u00c1RIOS\t\t\t\t\t\t<\/a>\n\t\t\t\t\t<\/h4>\n\t\t\t\t\n\t\t\t\t\n\t\t\t<\/div>\n\t\t\t\n\t\t<\/div>\n\t\t\t\t<\/div>\n\t\t\t\t<\/div>\n\t\t\t\t\t<\/div>\n\t\t<\/div>\n\t\t\t\t\t<\/div>\n\t\t<\/section>\n\t\t\t\t<section class=\"elementor-section elementor-top-section elementor-element elementor-element-765af6a elementor-section-full_width elementor-section-height-min-height elementor-section-content-middle elementor-section-height-default elementor-section-items-middle\" data-id=\"765af6a\" data-element_type=\"section\" data-settings=\"{&quot;background_background&quot;:&quot;classic&quot;}\">\n\t\t\t\t\t\t<div class=\"elementor-container elementor-column-gap-no\">\n\t\t\t\t\t<div class=\"elementor-column elementor-col-14 elementor-top-column elementor-element elementor-element-820db23\" data-id=\"820db23\" data-element_type=\"column\">\n\t\t\t<div class=\"elementor-widget-wrap elementor-element-populated\">\n\t\t\t\t\t\t<div class=\"elementor-element elementor-element-6f35eb5 elementor-widget__width-initial elementor-view-default elementor-position-top elementor-mobile-position-top elementor-widget elementor-widget-icon-box\" data-id=\"6f35eb5\" data-element_type=\"widget\" data-widget_type=\"icon-box.default\">\n\t\t\t\t<div class=\"elementor-widget-container\">\n\t\t\t\t\t<div class=\"elementor-icon-box-wrapper\">\n\n\t\t\t\t\t\t<div class=\"elementor-icon-box-icon\">\n\t\t\t\t<a href=\"https:\/\/www.ufsm.br\/cursos\/graduacao\/santa-maria\/terapia-ocupacional\/busca?q=&#038;sites%5B%5D=442&#038;area=editais&#038;orderby=modified&#038;order=DESC\" class=\"elementor-icon elementor-animation-\" tabindex=\"-1\">\n\t\t\t\t<i aria-hidden=\"true\" class=\"far fa-edit\"><\/i>\t\t\t\t<\/a>\n\t\t\t<\/div>\n\t\t\t\n\t\t\t\t\t\t<div class=\"elementor-icon-box-content\">\n\n\t\t\t\t\t\t\t\t\t<h4 class=\"elementor-icon-box-title\">\n\t\t\t\t\t\t<a href=\"https:\/\/www.ufsm.br\/cursos\/graduacao\/santa-maria\/terapia-ocupacional\/busca?q=&#038;sites%5B%5D=442&#038;area=editais&#038;orderby=modified&#038;order=DESC\" >\n\t\t\t\t\t\t\tEditais \t\t\t\t\t\t<\/a>\n\t\t\t\t\t<\/h4>\n\t\t\t\t\n\t\t\t\t\n\t\t\t<\/div>\n\t\t\t\n\t\t<\/div>\n\t\t\t\t<\/div>\n\t\t\t\t<\/div>\n\t\t\t\t\t<\/div>\n\t\t<\/div>\n\t\t\t\t<div class=\"elementor-column elementor-col-14 elementor-top-column elementor-element elementor-element-0f4d432\" data-id=\"0f4d432\" data-element_type=\"column\">\n\t\t\t<div class=\"elementor-widget-wrap elementor-element-populated\">\n\t\t\t\t\t\t<div class=\"elementor-element elementor-element-aea4591 elementor-widget__width-initial elementor-view-default elementor-position-top elementor-mobile-position-top elementor-widget elementor-widget-icon-box\" data-id=\"aea4591\" data-element_type=\"widget\" data-widget_type=\"icon-box.default\">\n\t\t\t\t<div class=\"elementor-widget-container\">\n\t\t\t\t\t<div class=\"elementor-icon-box-wrapper\">\n\n\t\t\t\t\t\t<div class=\"elementor-icon-box-icon\">\n\t\t\t\t<a href=\"https:\/\/www.ufsm.br\/unidades-universitarias\/ccs\/setor-de-apoio-pedagogico\" target=\"_blank\" class=\"elementor-icon elementor-animation-\" tabindex=\"-1\">\n\t\t\t\t<i aria-hidden=\"true\" class=\"fas fa-hands-helping\"><\/i>\t\t\t\t<\/a>\n\t\t\t<\/div>\n\t\t\t\n\t\t\t\t\t\t<div class=\"elementor-icon-box-content\">\n\n\t\t\t\t\t\t\t\t\t<h3 class=\"elementor-icon-box-title\">\n\t\t\t\t\t\t<a href=\"https:\/\/www.ufsm.br\/unidades-universitarias\/ccs\/setor-de-apoio-pedagogico\" target=\"_blank\" >\n\t\t\t\t\t\t\tEduca\u00e7\u00e3o -\nSa\u00fade\t\t\t\t\t\t<\/a>\n\t\t\t\t\t<\/h3>\n\t\t\t\t\n\t\t\t\t\n\t\t\t<\/div>\n\t\t\t\n\t\t<\/div>\n\t\t\t\t<\/div>\n\t\t\t\t<\/div>\n\t\t\t\t\t<\/div>\n\t\t<\/div>\n\t\t\t\t<div class=\"elementor-column elementor-col-14 elementor-top-column elementor-element elementor-element-1473fdb\" data-id=\"1473fdb\" data-element_type=\"column\">\n\t\t\t<div class=\"elementor-widget-wrap elementor-element-populated\">\n\t\t\t\t\t\t<div class=\"elementor-element elementor-element-b1aa111 elementor-widget__width-initial elementor-view-default elementor-position-top elementor-mobile-position-top elementor-widget elementor-widget-icon-box\" data-id=\"b1aa111\" data-element_type=\"widget\" data-widget_type=\"icon-box.default\">\n\t\t\t\t<div class=\"elementor-widget-container\">\n\t\t\t\t\t<div class=\"elementor-icon-box-wrapper\">\n\n\t\t\t\t\t\t<div class=\"elementor-icon-box-icon\">\n\t\t\t\t<a href=\"https:\/\/portal.ufsm.br\/projetos\/index.html\" class=\"elementor-icon elementor-animation-\" tabindex=\"-1\">\n\t\t\t\t<i aria-hidden=\"true\" class=\"fas fa-project-diagram\"><\/i>\t\t\t\t<\/a>\n\t\t\t<\/div>\n\t\t\t\n\t\t\t\t\t\t<div class=\"elementor-icon-box-content\">\n\n\t\t\t\t\t\t\t\t\t<h4 class=\"elementor-icon-box-title\">\n\t\t\t\t\t\t<a href=\"https:\/\/portal.ufsm.br\/projetos\/index.html\" >\n\t\t\t\t\t\t\tPortal de Projetos\t\t\t\t\t\t<\/a>\n\t\t\t\t\t<\/h4>\n\t\t\t\t\n\t\t\t\t\n\t\t\t<\/div>\n\t\t\t\n\t\t<\/div>\n\t\t\t\t<\/div>\n\t\t\t\t<\/div>\n\t\t\t\t\t<\/div>\n\t\t<\/div>\n\t\t\t\t<div class=\"elementor-column elementor-col-14 elementor-top-column elementor-element elementor-element-293bc0d\" data-id=\"293bc0d\" data-element_type=\"column\">\n\t\t\t<div class=\"elementor-widget-wrap elementor-element-populated\">\n\t\t\t\t\t\t<div class=\"elementor-element elementor-element-f1ad446 elementor-widget__width-initial elementor-view-default elementor-position-top elementor-mobile-position-top elementor-widget elementor-widget-icon-box\" data-id=\"f1ad446\" data-element_type=\"widget\" data-widget_type=\"icon-box.default\">\n\t\t\t\t<div class=\"elementor-widget-container\">\n\t\t\t\t\t<div class=\"elementor-icon-box-wrapper\">\n\n\t\t\t\t\t\t<div class=\"elementor-icon-box-icon\">\n\t\t\t\t<a href=\"https:\/\/www.ufsm.br\/calendario\/\" class=\"elementor-icon elementor-animation-grow\" tabindex=\"-1\">\n\t\t\t\t<i aria-hidden=\"true\" class=\"far fa-calendar-alt\"><\/i>\t\t\t\t<\/a>\n\t\t\t<\/div>\n\t\t\t\n\t\t\t\t\t\t<div class=\"elementor-icon-box-content\">\n\n\t\t\t\t\t\t\t\t\t<h3 class=\"elementor-icon-box-title\">\n\t\t\t\t\t\t<a href=\"https:\/\/www.ufsm.br\/calendario\/\" >\n\t\t\t\t\t\t\tCalend\u00e1rio Acad\u00eamico\t\t\t\t\t\t<\/a>\n\t\t\t\t\t<\/h3>\n\t\t\t\t\n\t\t\t\t\n\t\t\t<\/div>\n\t\t\t\n\t\t<\/div>\n\t\t\t\t<\/div>\n\t\t\t\t<\/div>\n\t\t\t\t\t<\/div>\n\t\t<\/div>\n\t\t\t\t<div class=\"elementor-column elementor-col-14 elementor-top-column elementor-element elementor-element-bdb2260\" data-id=\"bdb2260\" data-element_type=\"column\">\n\t\t\t<div class=\"elementor-widget-wrap elementor-element-populated\">\n\t\t\t\t\t\t<div class=\"elementor-element elementor-element-b2a5982 elementor-widget__width-initial elementor-view-default elementor-position-top elementor-mobile-position-top elementor-widget elementor-widget-icon-box\" data-id=\"b2a5982\" data-element_type=\"widget\" data-widget_type=\"icon-box.default\">\n\t\t\t\t<div class=\"elementor-widget-container\">\n\t\t\t\t\t<div class=\"elementor-icon-box-wrapper\">\n\n\t\t\t\t\t\t<div class=\"elementor-icon-box-icon\">\n\t\t\t\t<a href=\"https:\/\/www.ufsm.br\/cursos\/graduacao\/santa-maria\/terapia-ocupacional\/ambulatorio-de-terapia-ocupacional\/\" class=\"elementor-icon elementor-animation-\" tabindex=\"-1\">\n\t\t\t\t<i aria-hidden=\"true\" class=\"fas fa-clinic-medical\"><\/i>\t\t\t\t<\/a>\n\t\t\t<\/div>\n\t\t\t\n\t\t\t\t\t\t<div class=\"elementor-icon-box-content\">\n\n\t\t\t\t\t\t\t\t\t<h4 class=\"elementor-icon-box-title\">\n\t\t\t\t\t\t<a href=\"https:\/\/www.ufsm.br\/cursos\/graduacao\/santa-maria\/terapia-ocupacional\/ambulatorio-de-terapia-ocupacional\/\" >\n\t\t\t\t\t\t\tCl\u00ednica\/ Ambulat\u00f3rio da Terapia Ocupacional\t\t\t\t\t\t<\/a>\n\t\t\t\t\t<\/h4>\n\t\t\t\t\n\t\t\t\t\n\t\t\t<\/div>\n\t\t\t\n\t\t<\/div>\n\t\t\t\t<\/div>\n\t\t\t\t<\/div>\n\t\t\t\t\t<\/div>\n\t\t<\/div>\n\t\t\t\t<div class=\"elementor-column elementor-col-14 elementor-top-column elementor-element elementor-element-95f2bb0\" data-id=\"95f2bb0\" data-element_type=\"column\">\n\t\t\t<div class=\"elementor-widget-wrap elementor-element-populated\">\n\t\t\t\t\t\t<div class=\"elementor-element elementor-element-716d46a elementor-widget__width-initial elementor-view-default elementor-position-top elementor-mobile-position-top elementor-widget elementor-widget-icon-box\" data-id=\"716d46a\" data-element_type=\"widget\" data-widget_type=\"icon-box.default\">\n\t\t\t\t<div class=\"elementor-widget-container\">\n\t\t\t\t\t<div class=\"elementor-icon-box-wrapper\">\n\n\t\t\t\t\t\t<div class=\"elementor-icon-box-icon\">\n\t\t\t\t<a href=\"https:\/\/www.ufsm.br\/assistencia-estudantil\/\" class=\"elementor-icon elementor-animation-grow\" tabindex=\"-1\">\n\t\t\t\t<i aria-hidden=\"true\" class=\"fas fa-handshake\"><\/i>\t\t\t\t<\/a>\n\t\t\t<\/div>\n\t\t\t\n\t\t\t\t\t\t<div class=\"elementor-icon-box-content\">\n\n\t\t\t\t\t\t\t\t\t<h3 class=\"elementor-icon-box-title\">\n\t\t\t\t\t\t<a href=\"https:\/\/www.ufsm.br\/assistencia-estudantil\/\" >\n\t\t\t\t\t\t\tAssistencia Estudantil\t\t\t\t\t\t<\/a>\n\t\t\t\t\t<\/h3>\n\t\t\t\t\n\t\t\t\t\n\t\t\t<\/div>\n\t\t\t\n\t\t<\/div>\n\t\t\t\t<\/div>\n\t\t\t\t<\/div>\n\t\t\t\t\t<\/div>\n\t\t<\/div>\n\t\t\t\t<div class=\"elementor-column elementor-col-14 elementor-top-column elementor-element elementor-element-4cef412\" data-id=\"4cef412\" data-element_type=\"column\">\n\t\t\t<div class=\"elementor-widget-wrap elementor-element-populated\">\n\t\t\t\t\t\t<div class=\"elementor-element elementor-element-c4634d9 elementor-widget__width-initial elementor-view-default elementor-position-top elementor-mobile-position-top elementor-widget elementor-widget-icon-box\" data-id=\"c4634d9\" data-element_type=\"widget\" data-widget_type=\"icon-box.default\">\n\t\t\t\t<div class=\"elementor-widget-container\">\n\t\t\t\t\t<div class=\"elementor-icon-box-wrapper\">\n\n\t\t\t\t\t\t<div class=\"elementor-icon-box-icon\">\n\t\t\t\t<a href=\"https:\/\/www.ufsm.br\/manual-de-sobrevivencia-para-estudantes\" class=\"elementor-icon elementor-animation-\" tabindex=\"-1\">\n\t\t\t\t<i aria-hidden=\"true\" class=\"fas fa-book-open\"><\/i>\t\t\t\t<\/a>\n\t\t\t<\/div>\n\t\t\t\n\t\t\t\t\t\t<div class=\"elementor-icon-box-content\">\n\n\t\t\t\t\t\t\t\t\t<h4 class=\"elementor-icon-box-title\">\n\t\t\t\t\t\t<a href=\"https:\/\/www.ufsm.br\/manual-de-sobrevivencia-para-estudantes\" >\n\t\t\t\t\t\t\tManual de Sobreviv\u00eancia do Estudante\t\t\t\t\t\t<\/a>\n\t\t\t\t\t<\/h4>\n\t\t\t\t\n\t\t\t\t\n\t\t\t<\/div>\n\t\t\t\n\t\t<\/div>\n\t\t\t\t<\/div>\n\t\t\t\t<\/div>\n\t\t\t\t\t<\/div>\n\t\t<\/div>\n\t\t\t\t\t<\/div>\n\t\t<\/section>\n\t\t\t\t<section class=\"elementor-section elementor-top-section elementor-element elementor-element-c48daf3 elementor-section-full_width elementor-section-height-min-height elementor-section-content-middle elementor-section-height-default elementor-section-items-middle\" data-id=\"c48daf3\" data-element_type=\"section\" data-settings=\"{&quot;background_background&quot;:&quot;classic&quot;}\">\n\t\t\t\t\t\t<div class=\"elementor-container elementor-column-gap-no\">\n\t\t\t\t\t<div class=\"elementor-column elementor-col-16 elementor-top-column elementor-element elementor-element-da19e09\" data-id=\"da19e09\" data-element_type=\"column\">\n\t\t\t<div class=\"elementor-widget-wrap elementor-element-populated\">\n\t\t\t\t\t\t<div class=\"elementor-element elementor-element-115201f elementor-widget__width-initial elementor-view-default elementor-position-top elementor-mobile-position-top elementor-widget elementor-widget-icon-box\" data-id=\"115201f\" data-element_type=\"widget\" data-widget_type=\"icon-box.default\">\n\t\t\t\t<div class=\"elementor-widget-container\">\n\t\t\t\t\t<div class=\"elementor-icon-box-wrapper\">\n\n\t\t\t\t\t\t<div class=\"elementor-icon-box-icon\">\n\t\t\t\t<a href=\"https:\/\/www.ufsm.br\/servico-de-emergencia\" class=\"elementor-icon elementor-animation-grow\" tabindex=\"-1\">\n\t\t\t\t<i aria-hidden=\"true\" class=\"fas fa-ambulance\"><\/i>\t\t\t\t<\/a>\n\t\t\t<\/div>\n\t\t\t\n\t\t\t\t\t\t<div class=\"elementor-icon-box-content\">\n\n\t\t\t\t\t\t\t\t\t<h3 class=\"elementor-icon-box-title\">\n\t\t\t\t\t\t<a href=\"https:\/\/www.ufsm.br\/servico-de-emergencia\" >\n\t\t\t\t\t\t\tServi\u00e7o Emerg\u00eancia\t\t\t\t\t\t<\/a>\n\t\t\t\t\t<\/h3>\n\t\t\t\t\n\t\t\t\t\n\t\t\t<\/div>\n\t\t\t\n\t\t<\/div>\n\t\t\t\t<\/div>\n\t\t\t\t<\/div>\n\t\t\t\t\t<\/div>\n\t\t<\/div>\n\t\t\t\t<div class=\"elementor-column elementor-col-16 elementor-top-column elementor-element elementor-element-9303df1\" data-id=\"9303df1\" data-element_type=\"column\">\n\t\t\t<div class=\"elementor-widget-wrap elementor-element-populated\">\n\t\t\t\t\t\t<div class=\"elementor-element elementor-element-4566b08 elementor-widget__width-initial elementor-view-default elementor-position-top elementor-mobile-position-top elementor-widget elementor-widget-icon-box\" data-id=\"4566b08\" data-element_type=\"widget\" data-widget_type=\"icon-box.default\">\n\t\t\t\t<div class=\"elementor-widget-container\">\n\t\t\t\t\t<div class=\"elementor-icon-box-wrapper\">\n\n\t\t\t\t\t\t<div class=\"elementor-icon-box-icon\">\n\t\t\t\t<a href=\"https:\/\/www.gov.br\/ebserh\/pt-br\/hospitais-universitarios\/regiao-sul\/husm-ufsm\" class=\"elementor-icon elementor-animation-\" tabindex=\"-1\">\n\t\t\t\t<i aria-hidden=\"true\" class=\"far fa-hospital\"><\/i>\t\t\t\t<\/a>\n\t\t\t<\/div>\n\t\t\t\n\t\t\t\t\t\t<div class=\"elementor-icon-box-content\">\n\n\t\t\t\t\t\t\t\t\t<h3 class=\"elementor-icon-box-title\">\n\t\t\t\t\t\t<a href=\"https:\/\/www.gov.br\/ebserh\/pt-br\/hospitais-universitarios\/regiao-sul\/husm-ufsm\" >\n\t\t\t\t\t\t\tHUSM\t\t\t\t\t\t<\/a>\n\t\t\t\t\t<\/h3>\n\t\t\t\t\n\t\t\t\t\n\t\t\t<\/div>\n\t\t\t\n\t\t<\/div>\n\t\t\t\t<\/div>\n\t\t\t\t<\/div>\n\t\t\t\t\t<\/div>\n\t\t<\/div>\n\t\t\t\t<div class=\"elementor-column elementor-col-16 elementor-top-column elementor-element elementor-element-c1e81a6\" data-id=\"c1e81a6\" data-element_type=\"column\">\n\t\t\t<div class=\"elementor-widget-wrap elementor-element-populated\">\n\t\t\t\t\t\t<div class=\"elementor-element elementor-element-784d58d elementor-widget__width-initial elementor-view-default elementor-position-top elementor-mobile-position-top elementor-widget elementor-widget-icon-box\" data-id=\"784d58d\" data-element_type=\"widget\" data-widget_type=\"icon-box.default\">\n\t\t\t\t<div class=\"elementor-widget-container\">\n\t\t\t\t\t<div class=\"elementor-icon-box-wrapper\">\n\n\t\t\t\t\t\t<div class=\"elementor-icon-box-icon\">\n\t\t\t\t<a href=\"http:\/\/ufsmpublica.ufsm.br\/todoscampi\/estudantes\" class=\"elementor-icon elementor-animation-\" tabindex=\"-1\">\n\t\t\t\t<i aria-hidden=\"true\" class=\"fas fa-suitcase\"><\/i>\t\t\t\t<\/a>\n\t\t\t<\/div>\n\t\t\t\n\t\t\t\t\t\t<div class=\"elementor-icon-box-content\">\n\n\t\t\t\t\t\t\t\t\t<h3 class=\"elementor-icon-box-title\">\n\t\t\t\t\t\t<a href=\"http:\/\/ufsmpublica.ufsm.br\/todoscampi\/estudantes\" >\n\t\t\t\t\t\t\tUFSM Publica\t\t\t\t\t\t<\/a>\n\t\t\t\t\t<\/h3>\n\t\t\t\t\n\t\t\t\t\n\t\t\t<\/div>\n\t\t\t\n\t\t<\/div>\n\t\t\t\t<\/div>\n\t\t\t\t<\/div>\n\t\t\t\t\t<\/div>\n\t\t<\/div>\n\t\t\t\t<div class=\"elementor-column elementor-col-16 elementor-top-column elementor-element elementor-element-dfd7348\" data-id=\"dfd7348\" data-element_type=\"column\">\n\t\t\t<div class=\"elementor-widget-wrap elementor-element-populated\">\n\t\t\t\t\t\t<div class=\"elementor-element elementor-element-4e0ce42 elementor-widget__width-initial elementor-view-default elementor-position-top elementor-mobile-position-top elementor-widget elementor-widget-icon-box\" data-id=\"4e0ce42\" data-element_type=\"widget\" data-widget_type=\"icon-box.default\">\n\t\t\t\t<div class=\"elementor-widget-container\">\n\t\t\t\t\t<div class=\"elementor-icon-box-wrapper\">\n\n\t\t\t\t\t\t<div class=\"elementor-icon-box-icon\">\n\t\t\t\t<a href=\"https:\/\/www.ufsm.br\/servicos-para-a-comunidade\/\" class=\"elementor-icon elementor-animation-\" tabindex=\"-1\">\n\t\t\t\t<i aria-hidden=\"true\" class=\"fas fa-users\"><\/i>\t\t\t\t<\/a>\n\t\t\t<\/div>\n\t\t\t\n\t\t\t\t\t\t<div class=\"elementor-icon-box-content\">\n\n\t\t\t\t\t\t\t\t\t<h3 class=\"elementor-icon-box-title\">\n\t\t\t\t\t\t<a href=\"https:\/\/www.ufsm.br\/servicos-para-a-comunidade\/\" >\n\t\t\t\t\t\t\tServi\u00e7os para a Comunidade\t\t\t\t\t\t<\/a>\n\t\t\t\t\t<\/h3>\n\t\t\t\t\n\t\t\t\t\n\t\t\t<\/div>\n\t\t\t\n\t\t<\/div>\n\t\t\t\t<\/div>\n\t\t\t\t<\/div>\n\t\t\t\t\t<\/div>\n\t\t<\/div>\n\t\t\t\t<div class=\"elementor-column elementor-col-16 elementor-top-column elementor-element elementor-element-3203ac4\" data-id=\"3203ac4\" data-element_type=\"column\">\n\t\t\t<div class=\"elementor-widget-wrap elementor-element-populated\">\n\t\t\t\t\t\t<div class=\"elementor-element elementor-element-6bd304a elementor-widget__width-initial elementor-view-default elementor-position-top elementor-mobile-position-top elementor-widget elementor-widget-icon-box\" data-id=\"6bd304a\" data-element_type=\"widget\" data-widget_type=\"icon-box.default\">\n\t\t\t\t<div class=\"elementor-widget-container\">\n\t\t\t\t\t<div class=\"elementor-icon-box-wrapper\">\n\n\t\t\t\t\t\t<div class=\"elementor-icon-box-icon\">\n\t\t\t\t<a href=\"https:\/\/www.ufsm.br\/trabalhe-na-ufsm\/\" class=\"elementor-icon elementor-animation-grow\" tabindex=\"-1\">\n\t\t\t\t<i aria-hidden=\"true\" class=\"fas fa-id-card-alt\"><\/i>\t\t\t\t<\/a>\n\t\t\t<\/div>\n\t\t\t\n\t\t\t\t\t\t<div class=\"elementor-icon-box-content\">\n\n\t\t\t\t\t\t\t\t\t<h3 class=\"elementor-icon-box-title\">\n\t\t\t\t\t\t<a href=\"https:\/\/www.ufsm.br\/trabalhe-na-ufsm\/\" >\n\t\t\t\t\t\t\tTrabalhe na UFSM\t\t\t\t\t\t<\/a>\n\t\t\t\t\t<\/h3>\n\t\t\t\t\n\t\t\t\t\n\t\t\t<\/div>\n\t\t\t\n\t\t<\/div>\n\t\t\t\t<\/div>\n\t\t\t\t<\/div>\n\t\t\t\t\t<\/div>\n\t\t<\/div>\n\t\t\t\t<div class=\"elementor-column elementor-col-16 elementor-top-column elementor-element elementor-element-1225598\" data-id=\"1225598\" data-element_type=\"column\">\n\t\t\t<div class=\"elementor-widget-wrap elementor-element-populated\">\n\t\t\t\t\t\t<div class=\"elementor-element elementor-element-c691af9 elementor-widget__width-initial elementor-view-default elementor-position-top elementor-mobile-position-top elementor-widget elementor-widget-icon-box\" data-id=\"c691af9\" data-element_type=\"widget\" data-widget_type=\"icon-box.default\">\n\t\t\t\t<div class=\"elementor-widget-container\">\n\t\t\t\t\t<div class=\"elementor-icon-box-wrapper\">\n\n\t\t\t\t\t\t<div class=\"elementor-icon-box-icon\">\n\t\t\t\t<a href=\"http:\/\/ufsm.br\/estude-na-ufsm\/\" class=\"elementor-icon elementor-animation-\" tabindex=\"-1\">\n\t\t\t\t<i aria-hidden=\"true\" class=\"fas fa-book-reader\"><\/i>\t\t\t\t<\/a>\n\t\t\t<\/div>\n\t\t\t\n\t\t\t\t\t\t<div class=\"elementor-icon-box-content\">\n\n\t\t\t\t\t\t\t\t\t<h3 class=\"elementor-icon-box-title\">\n\t\t\t\t\t\t<a href=\"http:\/\/ufsm.br\/estude-na-ufsm\/\" >\n\t\t\t\t\t\t\tEstude na UFSM\t\t\t\t\t\t<\/a>\n\t\t\t\t\t<\/h3>\n\t\t\t\t\n\t\t\t\t\n\t\t\t<\/div>\n\t\t\t\n\t\t<\/div>\n\t\t\t\t<\/div>\n\t\t\t\t<\/div>\n\t\t\t\t<div class=\"elementor-element elementor-element-3a79ca8 elementor-widget__width-initial elementor-view-default elementor-position-top elementor-mobile-position-top elementor-widget elementor-widget-icon-box\" data-id=\"3a79ca8\" data-element_type=\"widget\" data-widget_type=\"icon-box.default\">\n\t\t\t\t<div class=\"elementor-widget-container\">\n\t\t\t\t\t<div class=\"elementor-icon-box-wrapper\">\n\n\t\t\t\t\t\t<div class=\"elementor-icon-box-icon\">\n\t\t\t\t<a href=\"https:\/\/www.ufsm.br\/pro-reitorias\/prograd\/descubra\/terapia-ocupacional\/\" class=\"elementor-icon elementor-animation-\" tabindex=\"-1\">\n\t\t\t\t<i aria-hidden=\"true\" class=\"fas fa-search\"><\/i>\t\t\t\t<\/a>\n\t\t\t<\/div>\n\t\t\t\n\t\t\t\t\t\t<div class=\"elementor-icon-box-content\">\n\n\t\t\t\t\t\t\t\t\t<h4 class=\"elementor-icon-box-title\">\n\t\t\t\t\t\t<a href=\"https:\/\/www.ufsm.br\/pro-reitorias\/prograd\/descubra\/terapia-ocupacional\/\" >\n\t\t\t\t\t\t\tDescubra UFSM\t\t\t\t\t\t<\/a>\n\t\t\t\t\t<\/h4>\n\t\t\t\t\n\t\t\t\t\n\t\t\t<\/div>\n\t\t\t\n\t\t<\/div>\n\t\t\t\t<\/div>\n\t\t\t\t<\/div>\n\t\t\t\t\t<\/div>\n\t\t<\/div>\n\t\t\t\t\t<\/div>\n\t\t<\/section>\n\t\t\t\t<section class=\"elementor-section elementor-top-section elementor-element elementor-element-a6b7480 elementor-section-boxed elementor-section-height-default elementor-section-height-default\" data-id=\"a6b7480\" data-element_type=\"section\">\n\t\t\t\t\t\t<div class=\"elementor-container elementor-column-gap-default\">\n\t\t\t\t\t<div class=\"elementor-column elementor-col-100 elementor-top-column elementor-element elementor-element-91b8a1c\" data-id=\"91b8a1c\" data-element_type=\"column\">\n\t\t\t<div class=\"elementor-widget-wrap elementor-element-populated\">\n\t\t\t\t\t\t<div class=\"elementor-element elementor-element-9366685 elementor-widget__width-initial elementor-widget elementor-widget-wp-widget-ufsm_editais_widget\" data-id=\"9366685\" data-element_type=\"widget\" data-widget_type=\"wp-widget-ufsm_editais_widget.default\">\n\t\t\t\t<div class=\"elementor-widget-container\">\n\t\t\t<h2 class='titulo-conteudos'>EDITAIS | TERAPIA OCUPACIONAL<\/h2><div class='row'>\n            <div class=\"col-lg-4 px-3 pb-3\">\n            \n                            <span class='categoria-publicacao-widget'>Geral<\/span>\n                <br>\n                        \n            <a title=\"001\/2026 - 2026\/1\/DATO\/UFSM - Processo Eleitoral da Diretoria do Diret\u00f3rio Acad\u00eamico da Terapia Ocupacional\" href=\"https:\/\/www.ufsm.br\/cursos\/graduacao\/santa-maria\/terapia-ocupacional\/editais\/001-2026-2\">\n                <span class=\"titulo-publicacao-widget\">001\/2026 - 2026\/1\/DATO\/UFSM - Processo Eleitoral da Diretoria do Diret\u00f3rio Acad\u00eamico da Terapia Ocupacional<\/span>\n                <br>\n            <\/a>\n\n                        \n                                            \n                                    <div title=\"Atualizado em 19\/08\/2026 \" class=\"data-publicacao-widget\"><i  class=\"fa fa-pencil-square-o\"><\/i> 19\/08\/2026 <\/div>\n                                \n        <\/div>\n            <div class=\"col-lg-4 px-3 pb-3\">\n            \n                            <span class='categoria-publicacao-widget'>Geral<\/span>\n                <br>\n                        \n            <a title=\"11\/2026 - 2026\/11\/CTO\/UFSM - Edital de Elei\u00e7\u00e3o para Coordenadora e Coordenadora Substituta do Curso\" href=\"https:\/\/www.ufsm.br\/cursos\/graduacao\/santa-maria\/terapia-ocupacional\/editais\/011-2026\">\n                <span class=\"titulo-publicacao-widget\">11\/2026 - 2026\/11\/CTO\/UFSM - Edital de Elei\u00e7\u00e3o para Coordenadora e Coordenadora Substituta do Curso<\/span>\n                <br>\n            <\/a>\n\n                        \n                                            \n                                    <div title=\"Atualizado em 12\/06\/2026 \" class=\"data-publicacao-widget\"><i  class=\"fa fa-pencil-square-o\"><\/i> 12\/06\/2026 <\/div>\n                                \n        <\/div>\n            <div class=\"col-lg-4 px-3 pb-3\">\n            \n                            <span class='categoria-publicacao-widget'>Geral<\/span>\n                <br>\n                        \n            <a title=\"012\/2026 - 2026\/12\/CTO\/UFSM - Processo Seletivo: projeto de extens\u00e3o - Ensacolando Arte\" href=\"https:\/\/www.ufsm.br\/cursos\/graduacao\/santa-maria\/terapia-ocupacional\/editais\/012-2026\">\n                <span class=\"titulo-publicacao-widget\">012\/2026 - 2026\/12\/CTO\/UFSM - Processo Seletivo: projeto de extens\u00e3o - Ensacolando Arte<\/span>\n                <br>\n            <\/a>\n\n                        \n                                            \n                                    <div title=\"Atualizado em 08\/06\/2026 \" class=\"data-publicacao-widget\"><i  class=\"fa fa-pencil-square-o\"><\/i> 08\/06\/2026 <\/div>\n                                \n        <\/div>\n            <div class=\"col-lg-4 px-3 pb-3\">\n            \n                            <span class='categoria-publicacao-widget'>Geral<\/span>\n                <br>\n                        \n            <a title=\"010\/2026 - 2026\/10\/CTO\/UFSM - Processo Seletivo: projeto de extens\u00e3o - Sala de Espera: humaniza\u00e7\u00e3o da assist\u00eancia hospitalar ambulatorial em Programa de Seguimento de Prematuros\" href=\"https:\/\/www.ufsm.br\/cursos\/graduacao\/santa-maria\/terapia-ocupacional\/editais\/010-2026\">\n                <span class=\"titulo-publicacao-widget\">010\/2026 - 2026\/10\/CTO\/UFSM - Processo Seletivo: projeto de extens\u00e3o - Sala de Espera: humaniza\u00e7\u00e3o da&hellip;<\/span>\n                <br>\n            <\/a>\n\n                        \n                                            \n                                    <div title=\"Atualizado em 22\/04\/2026 \" class=\"data-publicacao-widget\"><i  class=\"fa fa-pencil-square-o\"><\/i> 22\/04\/2026 <\/div>\n                                \n        <\/div>\n            <div class=\"col-lg-4 px-3 pb-3\">\n            \n                            <span class='categoria-publicacao-widget'>Geral<\/span>\n                <br>\n                        \n            <a title=\"007\/2026 - 2026\/7\/CTO\/UFSM - Processo Seletivo: monitoria n\u00e3o subsidiada - Histologia Humana\" href=\"https:\/\/www.ufsm.br\/cursos\/graduacao\/santa-maria\/terapia-ocupacional\/editais\/007-2026\">\n                <span class=\"titulo-publicacao-widget\">007\/2026 - 2026\/7\/CTO\/UFSM - Processo Seletivo: monitoria n\u00e3o subsidiada - Histologia Humana<\/span>\n                <br>\n            <\/a>\n\n                        \n                                            \n                                    <div title=\"Atualizado em 25\/03\/2026 \" class=\"data-publicacao-widget\"><i  class=\"fa fa-pencil-square-o\"><\/i> 25\/03\/2026 <\/div>\n                                \n        <\/div>\n            <div class=\"col-lg-4 px-3 pb-3\">\n            \n                            <span class='categoria-publicacao-widget'>Geral<\/span>\n                <br>\n                        \n            <a title=\"009\/2026 - 2026\/9\/CTO\/UFSM - Processo Seletivo: BOLSA DE ASSIST\u00caNCIA ESTUDANTIL (BAE) - PRAE\" href=\"https:\/\/www.ufsm.br\/cursos\/graduacao\/santa-maria\/terapia-ocupacional\/editais\/009-2026\">\n                <span class=\"titulo-publicacao-widget\">009\/2026 - 2026\/9\/CTO\/UFSM - Processo Seletivo: BOLSA DE ASSIST\u00caNCIA ESTUDANTIL (BAE) - PRAE<\/span>\n                <br>\n            <\/a>\n\n                        \n                                            \n                                    <div title=\"Atualizado em 25\/03\/2026 \" class=\"data-publicacao-widget\"><i  class=\"fa fa-pencil-square-o\"><\/i> 25\/03\/2026 <\/div>\n                                \n        <\/div>\n    <\/div>\n<div class=\"leia-mais p-1\">\n                <a href=\"https:\/\/www.ufsm.br\/cursos\/graduacao\/santa-maria\/terapia-ocupacional\/busca\/?q=&area=editais&orderby=modified&sites%5B%5D=442\">\n            LEIA MAIS            <span class=\"icon-box\">\n                <span class=\"bg-ufsm-widget-icon\">\n                    <i class=\"fas fa-chevron-right\" aria-hidden=\"true\"><\/i>\n                <\/span>\n            <\/span>\n        <\/a>\n    <\/div>\n\t\t<\/div>\n\t\t\t\t<\/div>\n\t\t\t\t<div class=\"elementor-element elementor-element-e0e681a elementor-widget__width-initial elementor-widget elementor-widget-wp-widget-ufsm_editais_widget\" data-id=\"e0e681a\" data-element_type=\"widget\" data-widget_type=\"wp-widget-ufsm_editais_widget.default\">\n\t\t\t\t<div class=\"elementor-widget-container\">\n\t\t\t<h2 class='titulo-conteudos'>EDITAIS | UFSM<\/h2><div class='row'>\n            <div class=\"col-lg-4 px-3 pb-3\">\n            \n                            <span class='categoria-publicacao-widget'>Geral<\/span>\n                <br>\n                        \n            <a title=\"10\/2026 - Processo Seletivo de Estudantes para atuarem como bolsistas pontuais nas atividades do projeto SEJA UFSM\/PM -  2026\" href=\"https:\/\/www.ufsm.br\/unidades-universitarias\/palmeira-das-missoes\/editais\/010-2026\">\n                <span class=\"titulo-publicacao-widget\">10\/2026 - Processo Seletivo de Estudantes para atuarem como bolsistas pontuais nas atividades do projeto&hellip;<\/span>\n                <br>\n            <\/a>\n\n                        \n                                            \n                                    <div title=\"Atualizado em 05\/09\/2026 \" class=\"data-publicacao-widget\"><i  class=\"fa fa-pencil-square-o\"><\/i> 05\/09\/2026 <\/div>\n                                \n        <\/div>\n            <div class=\"col-lg-4 px-3 pb-3\">\n            \n                            <span class='categoria-publicacao-widget'>Geral<\/span>\n                <br>\n                        \n            <a title=\"006\/2026 - Edital de Sele\u00e7\u00e3o de Bolsas para Professor Visitante no Brasil\" href=\"https:\/\/www.ufsm.br\/cursos\/pos-graduacao\/santa-maria\/ppgletras\/editais\/006-2026\">\n                <span class=\"titulo-publicacao-widget\">006\/2026 - Edital de Sele\u00e7\u00e3o de Bolsas para Professor Visitante no Brasil<\/span>\n                <br>\n            <\/a>\n\n                        \n                                            \n                                    <div title=\"Atualizado em 04\/09\/2026 \" class=\"data-publicacao-widget\"><i  class=\"fa fa-pencil-square-o\"><\/i> 04\/09\/2026 <\/div>\n                                \n        <\/div>\n            <div class=\"col-lg-4 px-3 pb-3\">\n            \n                            <span class='categoria-publicacao-widget'>Geral<\/span>\n                <br>\n                        \n            <a title=\"005\/2026 - Edital de Sele\u00e7\u00e3o de Bolsas para Doutorado Sandu\u00edche - Capes-Global.Edu\" href=\"https:\/\/www.ufsm.br\/cursos\/pos-graduacao\/santa-maria\/ppgletras\/editais\/005-2026\">\n                <span class=\"titulo-publicacao-widget\">005\/2026 - Edital de Sele\u00e7\u00e3o de Bolsas para Doutorado Sandu\u00edche - Capes-Global.Edu<\/span>\n                <br>\n            <\/a>\n\n                        \n                                            \n                                    <div title=\"Atualizado em 04\/09\/2026 \" class=\"data-publicacao-widget\"><i  class=\"fa fa-pencil-square-o\"><\/i> 04\/09\/2026 <\/div>\n                                \n        <\/div>\n            <div class=\"col-lg-4 px-3 pb-3\">\n            \n                            <span class='categoria-publicacao-widget'>Geral<\/span>\n                <br>\n                        \n            <a title=\"004\/2026 - EDITAL N\u00ba 004\/2026 \u2013 DCF\/PRA\/UFSM Processo Seletivo de Bolsista \u2013 Bolsa C\u00f3digo 2A \u2013 Recursos Pr\u00f3prios DCF\" href=\"https:\/\/www.ufsm.br\/orgaos-executivos\/dcf\/editais\/004-2026\">\n                <span class=\"titulo-publicacao-widget\">004\/2026 - EDITAL N\u00ba 004\/2026 \u2013 DCF\/PRA\/UFSM Processo Seletivo de Bolsista \u2013 Bolsa C\u00f3digo 2A&hellip;<\/span>\n                <br>\n            <\/a>\n\n                        \n                                            \n                                    <div title=\"Atualizado em 04\/09\/2026 \" class=\"data-publicacao-widget\"><i  class=\"fa fa-pencil-square-o\"><\/i> 04\/09\/2026 <\/div>\n                                \n        <\/div>\n            <div class=\"col-lg-4 px-3 pb-3\">\n            \n                            <span class='categoria-publicacao-widget'>Geral<\/span>\n                <br>\n                        \n            <a title=\"001\/2026 - CAPES-GLOBAL.edu \u2013 Rede Alian\u00e7a Inter-regional de Internacionaliza\u00e7\u00e3o\" href=\"https:\/\/www.ufsm.br\/cursos\/pos-graduacao\/santa-maria\/ppgecam\/editais\/001-2026-2\">\n                <span class=\"titulo-publicacao-widget\">001\/2026 - CAPES-GLOBAL.edu \u2013 Rede Alian\u00e7a Inter-regional de Internacionaliza\u00e7\u00e3o<\/span>\n                <br>\n            <\/a>\n\n                        \n                                            \n                                    <div title=\"Atualizado em 04\/09\/2026 \" class=\"data-publicacao-widget\"><i  class=\"fa fa-pencil-square-o\"><\/i> 04\/09\/2026 <\/div>\n                                \n        <\/div>\n            <div class=\"col-lg-4 px-3 pb-3\">\n            \n                            <span class='categoria-publicacao-widget'>Geral<\/span>\n                <br>\n                        \n            <a title=\"089\/2026 - Sele\u00e7\u00e3o de Avaliadores(as) para a avalia\u00e7\u00e3o de trabalhos na 5\u00aa JAI Mirim\/UFSM\" href=\"https:\/\/www.ufsm.br\/pro-reitorias\/pre\/editais\/089-2026\">\n                <span class=\"titulo-publicacao-widget\">089\/2026 - Sele\u00e7\u00e3o de Avaliadores(as) para a avalia\u00e7\u00e3o de trabalhos na 5\u00aa JAI Mirim\/UFSM<\/span>\n                <br>\n            <\/a>\n\n                        \n                                            \n                                    <div title=\"Atualizado em 04\/09\/2026 \" class=\"data-publicacao-widget\"><i  class=\"fa fa-pencil-square-o\"><\/i> 04\/09\/2026 <\/div>\n                                \n        <\/div>\n    <\/div>\n<div class=\"leia-mais p-1\">\n                <a href=\"https:\/\/www.ufsm.br\/cursos\/graduacao\/santa-maria\/terapia-ocupacional\/busca\/?q=&area=editais&orderby=modified&sites%5B%5D=442\">\n            LEIA MAIS            <span class=\"icon-box\">\n                <span class=\"bg-ufsm-widget-icon\">\n                    <i class=\"fas fa-chevron-right\" aria-hidden=\"true\"><\/i>\n                <\/span>\n            <\/span>\n        <\/a>\n    <\/div>\n\t\t<\/div>\n\t\t\t\t<\/div>\n\t\t\t\t<div class=\"elementor-element elementor-element-a0d4c23 elementor-widget__width-auto animated-fast elementor-invisible elementor-widget elementor-widget-wp-widget-ufsm_noticias_widget\" data-id=\"a0d4c23\" data-element_type=\"widget\" data-settings=\"{&quot;_animation&quot;:&quot;zoomInDown&quot;}\" data-widget_type=\"wp-widget-ufsm_noticias_widget.default\">\n\t\t\t\t<div class=\"elementor-widget-container\">\n\t\t\t<h5 class='titulo-conteudos'>NOT\u00cdCIAS | TERAPIA OCUPACIONAL<\/h5><div class='widget-noticias-inside'>\n                        <div class=\"row\">\n                                    <div class=\"col-12 col-lg-12 pb-4\">\n                                        \n                                        \n                    \n                    <a class=\"noticias-widget-title d-block \"  title=\"Matr\u00edcula em TCC 2\" href=\"https:\/\/www.ufsm.br\/cursos\/graduacao\/santa-maria\/terapia-ocupacional\/2026\/07\/21\/matricula-em-tcc-2\">\n                                                Matr\u00edcula em TCC 2                    <\/a>\n                    \n                                            <div class=\"noticias-widget-introtext\">\n                            Prezados estudantes e professores. Informamos que, por conta de um problema na matr\u00edcula de 2026.2, a disciplina de TCC 2 tamb\u00e9m ser\u00e1 inserida na matr\u00edcula pela secretaria, da mesma forma que j\u00e1 ocorre com a matr\u00edcula de TCC 1. Pedimos&hellip;                        <\/div>\n                    \n                                        \n                                        \n                                            \n                                                    <div title=\"Publicado em 21\/07\/2026 - 14:57\" class=\"data-publicacao-widget\">\n                                <i  class=\"far fa-clock\"><\/i>\n                                21\/07\/2026 - 14:57                            <\/div>\n                                                                <\/div>\n                            <\/div>\n                    <div class=\"row\">\n                                    <div class=\"col-12 col-lg-12 pb-4\">\n                                        \n                                        \n                    \n                    <a class=\"noticias-widget-title d-block \"  title=\"Nota de pesar\" href=\"https:\/\/www.ufsm.br\/cursos\/graduacao\/santa-maria\/terapia-ocupacional\/2026\/05\/20\/nota-de-pesar\">\n                                                Nota de pesar                    <\/a>\n                    \n                                            <div class=\"noticias-widget-introtext\">\n                            Com profundo pesar, informamos o falecimento do pai da Coordenadora do Curso de Terapia Ocupacional, Profa. Dra. Silvani Vargas Vieira, o Senhor WILSON ADY VIEIRA, ocorrido em 19 de maio de 2026. \u00c0 professora Silvani, seus familiares e amigos, apresentamos&hellip;                        <\/div>\n                    \n                                        \n                                        \n                                            \n                                                    <div title=\"Publicado em 20\/05\/2026 - 16:59\" class=\"data-publicacao-widget\">\n                                <i  class=\"far fa-clock\"><\/i>\n                                20\/05\/2026 - 16:59                            <\/div>\n                                                                <\/div>\n                            <\/div>\n                    <div class=\"row\">\n                                    <div class=\"col-12 col-lg-12 pb-4\">\n                                        \n                                        \n                    \n                    <a class=\"noticias-widget-title d-block \"  title=\"Nota de Pesar\" href=\"https:\/\/www.ufsm.br\/cursos\/graduacao\/santa-maria\/terapia-ocupacional\/2024\/07\/12\/nota-de-pesar-2\">\n                                                Nota de Pesar                    <\/a>\n                    \n                                            <div class=\"noticias-widget-introtext\">\n                            Com profundo pesar, informamos o falecimento da m\u00e3e da coordenadora do curso de Terapia Ocupacional, Silvani Vargas Vieira, senhora Neite Vargas Vieira, ocorrido em 12 de julho de 2024. \u00c0 professora Silvani, seus familiares e amigos, apresentamos nossas sentidas condol\u00eancias.&hellip;                        <\/div>\n                    \n                                        \n                                        \n                                            \n                                                    <div title=\"Publicado em 12\/07\/2024 - 13:54\" class=\"data-publicacao-widget\">\n                                <i  class=\"far fa-clock\"><\/i>\n                                12\/07\/2024 - 13:54                            <\/div>\n                                                                <\/div>\n                            <\/div>\n            <\/div>\n<div class=\"leia-mais p-1\">\n                <a href=\"https:\/\/www.ufsm.br\/cursos\/graduacao\/santa-maria\/terapia-ocupacional\/busca\/?q=&area=post|page&orderby=date&sites%5B%5D=371&sites%5B%5D=342&sites%5B%5D=442\">\n            LEIA MAIS            <span class=\"icon-box\">\n                <span class=\"bg-ufsm-widget-icon\">\n                    <i class=\"fas fa-chevron-right\" aria-hidden=\"true\"><\/i>\n                <\/span>\n            <\/span>\n        <\/a>\n    <\/div>\n\t\t<\/div>\n\t\t\t\t<\/div>\n\t\t\t\t<div class=\"elementor-element elementor-element-f4f6521 elementor-widget__width-initial animated-fast elementor-invisible elementor-widget elementor-widget-wp-widget-ufsm_noticias_widget\" data-id=\"f4f6521\" data-element_type=\"widget\" data-settings=\"{&quot;_animation&quot;:&quot;zoomInDown&quot;}\" data-widget_type=\"wp-widget-ufsm_noticias_widget.default\">\n\t\t\t\t<div class=\"elementor-widget-container\">\n\t\t\t<h5 class='titulo-conteudos'>NOT\u00cdCIAS | UFSM <\/h5><div class='widget-noticias-inside'>\n                        <div class=\"row\">\n                                    <div class=\"col-12 col-lg-4 pb-4\">\n                                            <div class=\"noticias-widget-wrap\" style=\"height: 91px; overflow: hidden;\">\n                            <a title=\"Foto colorida horizontal de grupo de bailarinos no palco do Caixa Preta. As dan\u00e7arinas e os dan\u00e7arinos, em p\u00e9, fazem coreografias com quatro molduras com tamanho semelhante ao de portas. Alguns est\u00e3o com os corpos entrando e ou saindo molduras\" href=\"https:\/\/www.ufsm.br\/2026\/09\/04\/desapego\">\n                                <span class=\"visually-hidden\">\n                                    Foto colorida horizontal de grupo de bailarinos no palco do Caixa Preta. As dan\u00e7arinas e os dan\u00e7arinos, em p\u00e9, fazem coreografias com quatro molduras com tamanho semelhante ao de portas. Alguns est\u00e3o com os corpos entrando e ou saindo molduras                                <\/span>\n                                <div class=\"noticias-widget-thumbs h-100\">\n                                    <img decoding=\"async\" class=\"object-fit-cover h-100 w-100\" alt=\"\" srcset=\"https:\/\/www.ufsm.br\/app\/uploads\/2026\/09\/ESPETACULO_DESAPEGO_GIULIA_MAFFINI_013-300x169.jpg 300w, https:\/\/www.ufsm.br\/app\/uploads\/2026\/09\/ESPETACULO_DESAPEGO_GIULIA_MAFFINI_013-1024x576.jpg 1024w, https:\/\/www.ufsm.br\/app\/uploads\/2026\/09\/ESPETACULO_DESAPEGO_GIULIA_MAFFINI_013-768x432.jpg 768w, https:\/\/www.ufsm.br\/app\/uploads\/2026\/09\/ESPETACULO_DESAPEGO_GIULIA_MAFFINI_013-1536x864.jpg 1536w, https:\/\/www.ufsm.br\/app\/uploads\/2026\/09\/ESPETACULO_DESAPEGO_GIULIA_MAFFINI_013.jpg 1920w\" src=\"https:\/\/www.ufsm.br\/app\/uploads\/2026\/09\/ESPETACULO_DESAPEGO_GIULIA_MAFFINI_013-1024x576.jpg\"><\/img>\n                                <\/div>\n                            <\/a>\n                        <\/div>\n                                        \n                                        \n                    \n                    <a class=\"noticias-widget-title d-block  m-0 \"  title=\"Desapego: espet\u00e1culo\u00a0questiona press\u00f5es impostas pelos pap\u00e9is sociais\" href=\"https:\/\/www.ufsm.br\/2026\/09\/04\/desapego\">\n                                                Desapego: espet\u00e1culo\u00a0questiona press\u00f5es impostas pelos pap\u00e9is sociais                    <\/a>\n                    \n                                            <div class=\"noticias-widget-introtext\">\n                            Cia L\u00e1pis de Seda tamb\u00e9m ofereceu oficina de dan\u00e7a inclusiva para pessoas com defici\u00eancia                        <\/div>\n                    \n                                        \n                                        \n                                            \n                                                    <div title=\"Publicado em 04\/09\/2026 - 16:12\" class=\"data-publicacao-widget\">\n                                <i  class=\"far fa-clock\"><\/i>\n                                04\/09\/2026 - 16:12                            <\/div>\n                                                                <\/div>\n                                    <div class=\"col-12 col-lg-4 pb-4\">\n                                            <div class=\"noticias-widget-wrap\" style=\"height: 91px; overflow: hidden;\">\n                            <a title=\"Foto colorida horizontal registra uma paisagem de rio e de vegeta\u00e7\u00e3o da Amaz\u00f4nia. Em primeiro plano, h\u00e1 um pequeno curso de rio marrom com vegeta\u00e7\u00e3o rasteira \u00e0 sua margem, cercado por \u00e1rvores mais frondosas. \u00c0 direita, um pequeno barco de madeira est\u00e1 na margem do rio. Ao fundo, o curso de \u00e1gua se encontra com o rio, onde tamb\u00e9m \u00e9 poss\u00edvel observar outros barcos pequenos de madeira e casas simples. O c\u00e9u est\u00e1 parcialmente nublado, com a luz do sol atravessando as \u00e1rvores no canto superior esquerdo da imagem.\" href=\"https:\/\/www.ufsm.br\/2026\/09\/03\/ufsm-participa-de-estudo-internacional-sobre-ameacas-as-terras-indigenas-na-amazonia\">\n                                <span class=\"visually-hidden\">\n                                    Foto colorida horizontal registra uma paisagem de rio e de vegeta\u00e7\u00e3o da Amaz\u00f4nia. Em primeiro plano, h\u00e1 um pequeno curso de rio marrom com vegeta\u00e7\u00e3o rasteira \u00e0 sua margem, cercado por \u00e1rvores mais frondosas. \u00c0 direita, um pequeno barco de madeira est\u00e1 na margem do rio. Ao fundo, o curso de \u00e1gua se encontra com o rio, onde tamb\u00e9m \u00e9 poss\u00edvel observar outros barcos pequenos de madeira e casas simples. O c\u00e9u est\u00e1 parcialmente nublado, com a luz do sol atravessando as \u00e1rvores no canto superior esquerdo da imagem.                                <\/span>\n                                <div class=\"noticias-widget-thumbs h-100\">\n                                    <img decoding=\"async\" class=\"object-fit-cover h-100 w-100\" alt=\"\" srcset=\"https:\/\/www.ufsm.br\/app\/uploads\/2026\/09\/Vale-do-Javari-acervo-pessoal-de-gabriel-de-oliveira-e-erin-koster-300x169.jpg 300w, https:\/\/www.ufsm.br\/app\/uploads\/2026\/09\/Vale-do-Javari-acervo-pessoal-de-gabriel-de-oliveira-e-erin-koster-1024x576.jpg 1024w, https:\/\/www.ufsm.br\/app\/uploads\/2026\/09\/Vale-do-Javari-acervo-pessoal-de-gabriel-de-oliveira-e-erin-koster-768x432.jpg 768w, https:\/\/www.ufsm.br\/app\/uploads\/2026\/09\/Vale-do-Javari-acervo-pessoal-de-gabriel-de-oliveira-e-erin-koster.jpg 1500w\" src=\"https:\/\/www.ufsm.br\/app\/uploads\/2026\/09\/Vale-do-Javari-acervo-pessoal-de-gabriel-de-oliveira-e-erin-koster-1024x576.jpg\"><\/img>\n                                <\/div>\n                            <\/a>\n                        <\/div>\n                                        \n                                        \n                    \n                    <a class=\"noticias-widget-title d-block  m-0 \"  title=\"UFSM participa de estudo internacional sobre amea\u00e7as \u00e0s terras ind\u00edgenas na Amaz\u00f4nia\" href=\"https:\/\/www.ufsm.br\/2026\/09\/03\/ufsm-participa-de-estudo-internacional-sobre-ameacas-as-terras-indigenas-na-amazonia\">\n                                                UFSM participa de estudo internacional sobre amea\u00e7as \u00e0s terras ind\u00edgenas na Amaz\u00f4nia                    <\/a>\n                    \n                                            <div class=\"noticias-widget-introtext\">\n                            Pesquisa com 66 autores de 57 institui\u00e7\u00f5es ao redor do mundo resultou em artigo publicado na Nature Sustainability                        <\/div>\n                    \n                                        \n                                        \n                                            \n                                                    <div title=\"Publicado em 03\/09\/2026 - 11:22\" class=\"data-publicacao-widget\">\n                                <i  class=\"far fa-clock\"><\/i>\n                                03\/09\/2026 - 11:22                            <\/div>\n                                                                <\/div>\n                                    <div class=\"col-12 col-lg-4 pb-4\">\n                                            <div class=\"noticias-widget-wrap\" style=\"height: 91px; overflow: hidden;\">\n                            <a title=\"\" href=\"https:\/\/www.ufsm.br\/2026\/09\/02\/basquete-feminino-da-ufsm-conquista-a-medalha-de-bronze-nos-jogos-universitarios-brasileiros-de-2026\">\n                                <span class=\"visually-hidden\">\n                                    Basquete feminino da UFSM conquista a medalha de bronze nos Jogos Universit\u00e1rios Brasileiros de 2026                                <\/span>\n                                <div class=\"noticias-widget-thumbs h-100\">\n                                    <img decoding=\"async\" class=\"object-fit-cover h-100 w-100\" alt=\"\" srcset=\"https:\/\/www.ufsm.br\/app\/uploads\/2026\/09\/DSC_1076.JPG-1-300x200.jpeg 300w, https:\/\/www.ufsm.br\/app\/uploads\/2026\/09\/DSC_1076.JPG-1-1024x683.jpeg 1024w, https:\/\/www.ufsm.br\/app\/uploads\/2026\/09\/DSC_1076.JPG-1-768x512.jpeg 768w, https:\/\/www.ufsm.br\/app\/uploads\/2026\/09\/DSC_1076.JPG-1-1536x1024.jpeg 1536w, https:\/\/www.ufsm.br\/app\/uploads\/2026\/09\/DSC_1076.JPG-1-272x182.jpeg 272w, https:\/\/www.ufsm.br\/app\/uploads\/2026\/09\/DSC_1076.JPG-1.jpeg 1920w\" src=\"https:\/\/www.ufsm.br\/app\/uploads\/2026\/09\/DSC_1076.JPG-1-1024x683.jpeg\"><\/img>\n                                <\/div>\n                            <\/a>\n                        <\/div>\n                                        \n                                        \n                    \n                    <a class=\"noticias-widget-title d-block  m-0 \"  title=\"Basquete feminino da UFSM conquista a medalha de bronze nos Jogos Universit\u00e1rios Brasileiros de 2026\" href=\"https:\/\/www.ufsm.br\/2026\/09\/02\/basquete-feminino-da-ufsm-conquista-a-medalha-de-bronze-nos-jogos-universitarios-brasileiros-de-2026\">\n                                                Basquete feminino da UFSM conquista a medalha de bronze nos Jogos Universit\u00e1rios Brasileiros de 2026                    <\/a>\n                    \n                                            <div class=\"noticias-widget-introtext\">\n                            Time da Universidade representou o Rio Grande do Sul em Goi\u00e1s e voltou com o 3\u00ba lugar da 2\u00aa divis\u00e3o&hellip;                        <\/div>\n                    \n                                        \n                                        \n                                            \n                                                    <div title=\"Publicado em 02\/09\/2026 - 11:48\" class=\"data-publicacao-widget\">\n                                <i  class=\"far fa-clock\"><\/i>\n                                02\/09\/2026 - 11:48                            <\/div>\n                                                                <\/div>\n                            <\/div>\n            <\/div>\n<div class=\"leia-mais p-1\">\n                <a href=\"https:\/\/www.ufsm.br\/cursos\/graduacao\/santa-maria\/terapia-ocupacional\/busca\/?q=&area=post&orderby=date&sites%5B%5D=1\">\n            LEIA MAIS            <span class=\"icon-box\">\n                <span class=\"bg-ufsm-widget-icon\">\n                    <i class=\"fas fa-chevron-right\" aria-hidden=\"true\"><\/i>\n                <\/span>\n            <\/span>\n        <\/a>\n    <\/div>\n\t\t<\/div>\n\t\t\t\t<\/div>\n\t\t\t\t<div class=\"elementor-element elementor-element-a3ec738 elementor-widget__width-initial animated-fast elementor-invisible elementor-widget elementor-widget-wp-widget-ufsm_noticias_widget\" data-id=\"a3ec738\" data-element_type=\"widget\" data-settings=\"{&quot;_animation&quot;:&quot;zoomInDown&quot;}\" data-widget_type=\"wp-widget-ufsm_noticias_widget.default\">\n\t\t\t\t<div class=\"elementor-widget-container\">\n\t\t\t<h5 class='titulo-conteudos'>EVENTOS | UFSM<\/h5><div class='widget-noticias-inside'>\n                        <div class=\"row\">\n                                    <div class=\"col-12 col-lg-4 pb-4\">\n                                            <div class=\"noticias-widget-wrap\" style=\"height: 91px; overflow: hidden;\">\n                            <a title=\"\" href=\"https:\/\/www.ufsm.br\/outros-orgaos\/cc\/informacoes-tecnicas\">\n                                <span class=\"visually-hidden\">\n                                    Informa\u00e7\u00f5es T\u00e9cnicas                                <\/span>\n                                <div class=\"noticias-widget-thumbs h-100\">\n                                    <img decoding=\"async\" class=\"object-fit-cover h-100 w-100\" alt=\"\" srcset=\"https:\/\/www.ufsm.br\/app\/uploads\/sites\/403\/2018\/10\/EXTENSIONISTAS-300x81.jpg 300w, https:\/\/www.ufsm.br\/app\/uploads\/sites\/403\/2018\/10\/EXTENSIONISTAS-1024x275.jpg 1024w, https:\/\/www.ufsm.br\/app\/uploads\/sites\/403\/2018\/10\/EXTENSIONISTAS-768x206.jpg 768w, https:\/\/www.ufsm.br\/app\/uploads\/sites\/403\/2018\/10\/EXTENSIONISTAS-1536x413.jpg 1536w, https:\/\/www.ufsm.br\/app\/uploads\/sites\/403\/2018\/10\/EXTENSIONISTAS.jpg 1920w\" src=\"https:\/\/www.ufsm.br\/app\/uploads\/sites\/403\/2018\/10\/EXTENSIONISTAS-1024x275.jpg\"><\/img>\n                                <\/div>\n                            <\/a>\n                        <\/div>\n                                        \n                                        \n                    \n                    <a class=\"noticias-widget-title d-block  m-0 \"  title=\"Informa\u00e7\u00f5es T\u00e9cnicas\" href=\"https:\/\/www.ufsm.br\/outros-orgaos\/cc\/informacoes-tecnicas\">\n                                                Informa\u00e7\u00f5es T\u00e9cnicas                    <\/a>\n                    \n                                            <div class=\"noticias-widget-introtext\">\n                            Sala de Espet\u00e1culos A largura de boca de cena \u00e9 de 17m, com altura de de 9m. A profundidade do&hellip;                        <\/div>\n                    \n                                        \n                                        \n                                            \n                                                    <div title=\"Modificado em 31\/08\/2026 - 10:15\" class=\"data-publicacao-widget\">\n                                <i  class=\"fas fa-pencil-square-o\"><\/i>\n                                31\/08\/2026 - 10:15                            <\/div>\n                                                                <\/div>\n                                    <div class=\"col-12 col-lg-4 pb-4\">\n                                            <div class=\"noticias-widget-wrap\" style=\"height: 91px; overflow: hidden;\">\n                            <a title=\"\" href=\"https:\/\/www.ufsm.br\/outros-orgaos\/cc\/sobre\">\n                                <span class=\"visually-hidden\">\n                                    Centro de Conven\u00e7\u00f5es                                <\/span>\n                                <div class=\"noticias-widget-thumbs h-100\">\n                                    <img decoding=\"async\" class=\"object-fit-cover h-100 w-100\" alt=\"\" srcset=\"https:\/\/www.ufsm.br\/app\/uploads\/sites\/403\/2018\/09\/Fachada-300x200.jpg 300w, https:\/\/www.ufsm.br\/app\/uploads\/sites\/403\/2018\/09\/Fachada-768x511.jpg 768w, https:\/\/www.ufsm.br\/app\/uploads\/sites\/403\/2018\/09\/Fachada-1024x681.jpg 1024w, https:\/\/www.ufsm.br\/app\/uploads\/sites\/403\/2018\/09\/Fachada-272x182.jpg 272w, https:\/\/www.ufsm.br\/app\/uploads\/sites\/403\/2018\/09\/Fachada.jpg 1920w\" src=\"https:\/\/www.ufsm.br\/app\/uploads\/sites\/403\/2018\/09\/Fachada-1024x681.jpg\"><\/img>\n                                <\/div>\n                            <\/a>\n                        <\/div>\n                                        \n                                        \n                    \n                    <a class=\"noticias-widget-title d-block  m-0 \"  title=\"Centro de Conven\u00e7\u00f5es\" href=\"https:\/\/www.ufsm.br\/outros-orgaos\/cc\/sobre\">\n                                                Centro de Conven\u00e7\u00f5es                    <\/a>\n                    \n                                            <div class=\"noticias-widget-introtext\">\n                            O Centro de Conven\u00e7\u00f5es da Universidade Federal de Santa Maria \u00e9 considerado o maior teatro do interior do Rio Grande&hellip;                        <\/div>\n                    \n                                        \n                                        \n                                            \n                                                    <div title=\"Modificado em 12\/08\/2026 - 15:56\" class=\"data-publicacao-widget\">\n                                <i  class=\"fas fa-pencil-square-o\"><\/i>\n                                12\/08\/2026 - 15:56                            <\/div>\n                                                                <\/div>\n                                    <div class=\"col-12 col-lg-4 pb-4\">\n                                            <div class=\"noticias-widget-wrap\" style=\"height: 91px; overflow: hidden;\">\n                            <a title=\"\" href=\"https:\/\/www.ufsm.br\/unidades-universitarias\/ccs\/\">\n                                <span class=\"visually-hidden\">\n                                    P\u00e1gina Inicial                                <\/span>\n                                <div class=\"noticias-widget-thumbs h-100\">\n                                    <img decoding=\"async\" class=\"object-fit-cover h-100 w-100\" alt=\"\" srcset=\"https:\/\/www.ufsm.br\/app\/uploads\/sites\/371\/2025\/05\/Banner-Site_Prancheta-1-300x80.jpg 300w, https:\/\/www.ufsm.br\/app\/uploads\/sites\/371\/2025\/05\/Banner-Site_Prancheta-1-1024x273.jpg 1024w, https:\/\/www.ufsm.br\/app\/uploads\/sites\/371\/2025\/05\/Banner-Site_Prancheta-1-768x205.jpg 768w, https:\/\/www.ufsm.br\/app\/uploads\/sites\/371\/2025\/05\/Banner-Site_Prancheta-1.jpg 1500w\" src=\"https:\/\/www.ufsm.br\/app\/uploads\/sites\/371\/2025\/05\/Banner-Site_Prancheta-1-1024x273.jpg\"><\/img>\n                                <\/div>\n                            <\/a>\n                        <\/div>\n                                        \n                                        \n                    \n                    <a class=\"noticias-widget-title d-block  m-0 \"  title=\"P\u00e1gina Inicial\" href=\"https:\/\/www.ufsm.br\/unidades-universitarias\/ccs\/\">\n                                                P\u00e1gina Inicial                    <\/a>\n                    \n                                            <div class=\"noticias-widget-introtext\">\n                            Apresenta\u00e7\u00e3o O Centro de Ci\u00eancias da Sa\u00fade da Universidade Federal de Santa Maria (CCS-UFSM) alinha-se a miss\u00e3o, vis\u00e3o e valores&hellip;                        <\/div>\n                    \n                                        \n                                        \n                                            \n                                                    <div title=\"Modificado em 31\/07\/2026 - 16:28\" class=\"data-publicacao-widget\">\n                                <i  class=\"fas fa-pencil-square-o\"><\/i>\n                                31\/07\/2026 - 16:28                            <\/div>\n                                                                <\/div>\n                            <\/div>\n            <\/div>\n<div class=\"leia-mais p-1\">\n                <a href=\"https:\/\/www.ufsm.br\/eventos\">\n            LEIA MAIS            <span class=\"icon-box\">\n                <span class=\"bg-ufsm-widget-icon\">\n                    <i class=\"fas fa-chevron-right\" aria-hidden=\"true\"><\/i>\n                <\/span>\n            <\/span>\n        <\/a>\n    <\/div>\n\t\t<\/div>\n\t\t\t\t<\/div>\n\t\t\t\t<div class=\"elementor-element elementor-element-46c358a elementor-shape-rounded elementor-grid-0 e-grid-align-center elementor-widget elementor-widget-social-icons\" data-id=\"46c358a\" data-element_type=\"widget\" data-widget_type=\"social-icons.default\">\n\t\t\t\t<div class=\"elementor-widget-container\">\n\t\t\t\t\t<div class=\"elementor-social-icons-wrapper elementor-grid\">\n\t\t\t\t\t\t\t<span class=\"elementor-grid-item\">\n\t\t\t\t\t<a class=\"elementor-icon elementor-social-icon elementor-social-icon-youtube elementor-repeater-item-71b4924\" href=\"https:\/\/www.youtube.com\/@universidadefederaldesanta2691\/videos\" target=\"_blank\">\n\t\t\t\t\t\t<span class=\"elementor-screen-only\">Youtube<\/span>\n\t\t\t\t\t\t<i class=\"fab fa-youtube\"><\/i>\t\t\t\t\t<\/a>\n\t\t\t\t<\/span>\n\t\t\t\t\t\t\t<span class=\"elementor-grid-item\">\n\t\t\t\t\t<a class=\"elementor-icon elementor-social-icon elementor-social-icon-instagram elementor-repeater-item-57f1762\" href=\"https:\/\/www.instagram.com\/accounts\/login\/\" target=\"_blank\">\n\t\t\t\t\t\t<span class=\"elementor-screen-only\">Instagram<\/span>\n\t\t\t\t\t\t<i class=\"fab fa-instagram\"><\/i>\t\t\t\t\t<\/a>\n\t\t\t\t<\/span>\n\t\t\t\t\t<\/div>\n\t\t\t\t<\/div>\n\t\t\t\t<\/div>\n\t\t\t\t\t<\/div>\n\t\t<\/div>\n\t\t\t\t\t<\/div>\n\t\t<\/section>\n\t\t\t\t<\/div>\n\t\t","protected":false},"excerpt":{"rendered":"<p>GRADUA\u00c7\u00c3O | TERAPIA OCUPACIONAL Oferta \/ Hor\u00e1rios Portal Estudantil Matriz Curricular Projeto Pedag\u00f3gico Ambiente Virtual Moodle WhatsApp (55) 3220-9272 FORMUL\u00c1RIOS Editais Educa\u00e7\u00e3o &#8211; Sa\u00fade Portal de Projetos Calend\u00e1rio Acad\u00eamico Cl\u00ednica\/ Ambulat\u00f3rio da Terapia Ocupacional Assistencia Estudantil Manual de Sobreviv\u00eancia do Estudante Servi\u00e7o Emerg\u00eancia HUSM UFSM Publica Servi\u00e7os para a Comunidade Trabalhe na UFSM Estude na [&hellip;]<\/p>\n","protected":false},"author":8,"featured_media":0,"parent":0,"menu_order":0,"comment_status":"closed","ping_status":"closed","template":"","meta":{"footnotes":""},"categories":[],"tags":[],"class_list":["post-5","page","type-page","status-publish","hentry"],"acf":[],"_links":{"self":[{"href":"https:\/\/www.ufsm.br\/cursos\/graduacao\/santa-maria\/terapia-ocupacional\/wp-json\/wp\/v2\/pages\/5","targetHints":{"allow":["GET"]}}],"collection":[{"href":"https:\/\/www.ufsm.br\/cursos\/graduacao\/santa-maria\/terapia-ocupacional\/wp-json\/wp\/v2\/pages"}],"about":[{"href":"https:\/\/www.ufsm.br\/cursos\/graduacao\/santa-maria\/terapia-ocupacional\/wp-json\/wp\/v2\/types\/page"}],"author":[{"embeddable":true,"href":"https:\/\/www.ufsm.br\/cursos\/graduacao\/santa-maria\/terapia-ocupacional\/wp-json\/wp\/v2\/users\/8"}],"replies":[{"embeddable":true,"href":"https:\/\/www.ufsm.br\/cursos\/graduacao\/santa-maria\/terapia-ocupacional\/wp-json\/wp\/v2\/comments?post=5"}],"version-history":[{"count":0,"href":"https:\/\/www.ufsm.br\/cursos\/graduacao\/santa-maria\/terapia-ocupacional\/wp-json\/wp\/v2\/pages\/5\/revisions"}],"wp:attachment":[{"href":"https:\/\/www.ufsm.br\/cursos\/graduacao\/santa-maria\/terapia-ocupacional\/wp-json\/wp\/v2\/media?parent=5"}],"wp:term":[{"taxonomy":"category","embeddable":true,"href":"https:\/\/www.ufsm.br\/cursos\/graduacao\/santa-maria\/terapia-ocupacional\/wp-json\/wp\/v2\/categories?post=5"},{"taxonomy":"post_tag","embeddable":true,"href":"https:\/\/www.ufsm.br\/cursos\/graduacao\/santa-maria\/terapia-ocupacional\/wp-json\/wp\/v2\/tags?post=5"}],"curies":[{"name":"wp","href":"https:\/\/api.w.org\/{rel}","templated":true}]}}