{"id":541,"date":"2021-02-22T15:24:48","date_gmt":"2021-02-22T18:24:48","guid":{"rendered":"https:\/\/www.ufsm.br\/cursos\/pos-graduacao\/frederico-westphalen\/ppgaaa\/?page_id=541"},"modified":"2026-08-20T10:32:43","modified_gmt":"2026-08-20T13:32:43","slug":"colegiado-e-comissoes","status":"publish","type":"page","link":"https:\/\/www.ufsm.br\/cursos\/pos-graduacao\/frederico-westphalen\/ppgaaa\/colegiado-e-comissoes","title":{"rendered":"Colegiado e Comiss\u00f5es"},"content":{"rendered":"\t\t<div data-elementor-type=\"wp-page\" data-elementor-id=\"541\" class=\"elementor elementor-541\">\n\t\t\t\t\t\t<section class=\"elementor-section elementor-top-section elementor-element elementor-element-60923f3d elementor-section-boxed elementor-section-height-default elementor-section-height-default\" data-id=\"60923f3d\" data-element_type=\"section\">\n\t\t\t\t\t\t<div class=\"elementor-container elementor-column-gap-default\">\n\t\t\t\t\t<div class=\"elementor-column elementor-col-100 elementor-top-column elementor-element elementor-element-57d88881\" data-id=\"57d88881\" data-element_type=\"column\">\n\t\t\t<div class=\"elementor-widget-wrap elementor-element-populated\">\n\t\t\t\t\t\t<div class=\"elementor-element elementor-element-1119893f elementor-widget elementor-widget-text-editor\" data-id=\"1119893f\" data-element_type=\"widget\" data-widget_type=\"text-editor.default\">\n\t\t\t\t<div class=\"elementor-widget-container\">\n\t\t\t\t\t\t\t<p class=\"has-text-align-center\"><strong>Colegiado do PPGAAA<br \/><\/strong><a href=\"https:\/\/www.ufsm.br\/cursos\/pos-graduacao\/frederico-westphalen\/ppgaaa\/atas-do-colegiado\">Atas do Colegiado<\/a><br \/><strong>Portaria:\u00a0<\/strong><a href=\"https:\/\/portal.ufsm.br\/documentos\/publico\/documento.html?id=15692193\">Portaria de Pessoal UFSM\/FW\/UFSM N. 099, de 11 de dezembro de 2025<\/a>\u00a0e\u00a0<a href=\"https:\/\/portal.ufsm.br\/documentos\/publico\/documento.html?id=15807988\">Apostila 01<\/a> e <a href=\"https:\/\/portal.ufsm.br\/documentos\/publico\/documento.html?id=15920467\">Apostila 02<\/a><strong><br \/>Vig\u00eancia: <\/strong>02 anos<br \/><strong>Composi\u00e7\u00e3o:<\/strong><\/p>\n<figure class=\"wp-block-table is-style-stripes\">\n<table>\n<tbody>\n<tr>\n<td class=\"has-text-align-center\" style=\"text-align: center\" data-align=\"center\">Rodrigo Ferreira da Silva<\/td>\n<td class=\"has-text-align-center\" style=\"text-align: center\" data-align=\"center\">Coordenador &#8211; Presidente<\/td>\n<\/tr>\n<tr>\n<td class=\"has-text-align-center\" style=\"text-align: center\" data-align=\"center\">Diecson Ruy Orsolin da Silva<\/td>\n<td class=\"has-text-align-center\" style=\"text-align: center\" data-align=\"center\">Coordenador Substituto &#8211; Vice-presidente<\/td>\n<\/tr>\n<tr>\n<td class=\"has-text-align-center\" style=\"text-align: center\" data-align=\"center\">Claudir Jos\u00e9 Basso\u00a0<\/td>\n<td class=\"has-text-align-center\" style=\"text-align: center\" data-align=\"center\">Membro Docente Titular<\/td>\n<\/tr>\n<tr>\n<td class=\"has-text-align-center\" style=\"text-align: center\" data-align=\"center\">Denise Schmidt<\/td>\n<td class=\"has-text-align-center\" style=\"text-align: center\" data-align=\"center\">Membro Docente Titular<\/td>\n<\/tr>\n<tr>\n<td class=\"has-text-align-center\" style=\"text-align: center\" data-align=\"center\">Vanderlei Rodrigues da Silva<\/td>\n<td class=\"has-text-align-center\" style=\"text-align: center\" data-align=\"center\">Membro Docente Titular<\/td>\n<\/tr>\n<tr>\n<td class=\"has-text-align-center\" style=\"text-align: center\" data-align=\"center\">Diego Rossi<\/td>\n<td class=\"has-text-align-center\" style=\"text-align: center\" data-align=\"center\">Membro Discente Titular<\/td>\n<\/tr>\n<tr>\n<td class=\"has-text-align-center\" style=\"text-align: center\" data-align=\"center\">Volmir Sergio Marchioro<\/td>\n<td class=\"has-text-align-center\" style=\"text-align: center\" data-align=\"center\">Membro\u00a0Docente Suplente<\/td>\n<\/tr>\n<tr>\n<td class=\"has-text-align-center\" style=\"text-align: center\" data-align=\"center\">Stela Maris Kulczynski<\/td>\n<td class=\"has-text-align-center\" style=\"text-align: center\" data-align=\"center\">Membro Docente Suplente<\/td>\n<\/tr>\n<tr>\n<td class=\"has-text-align-center\" style=\"text-align: center\" data-align=\"center\">Gilvan Mois\u00e9s Bertollo<\/td>\n<td class=\"has-text-align-center\" style=\"text-align: center\" data-align=\"center\">Membro Docente Suplente<\/td>\n<\/tr>\n<tr>\n<td class=\"has-text-align-center\" style=\"text-align: center\" data-align=\"center\">J\u00falio de Cezaro Piovesan<\/td>\n<td class=\"has-text-align-center\" style=\"text-align: center\" data-align=\"center\">Membro Discente Suplente<\/td>\n<\/tr>\n<\/tbody>\n<\/table>\n<\/figure>\n<p><!-- \/wp:paragraph --><!-- wp:paragraph {\"align\":\"center\"} --><\/p>\n<p class=\"has-text-align-center\"><strong><br \/>Comiss\u00e3o de Bolsas do PPGAAA<\/strong><br \/><strong>Portaria:\u00a0<\/strong><a href=\"https:\/\/portal.ufsm.br\/documentos\/publico\/documento.html?id=15693393\">Portaria de Pessoal UFSM\/FW\/UFSM N. 113, de 18 de dezembro de 2025<\/a>\u00a0e <a href=\"https:\/\/portal.ufsm.br\/documentos\/publico\/documento.html?id=15855453\">Apostila 01<\/a><strong> <br \/>Vig\u00eancia:<\/strong> 01 ano<br \/><strong>Composi\u00e7\u00e3o:<\/strong><\/p>\n<figure class=\"wp-block-table is-style-stripes\">\n<table style=\"width: 137%\">\n<tbody>\n<tr>\n<td class=\"has-text-align-center\" style=\"width: 40.9326%;text-align: center\" data-align=\"center\">Rodrigo Ferreira da Silva<\/td>\n<td class=\"has-text-align-center\" style=\"width: 55.4404%;text-align: center\" data-align=\"center\">Presidente<\/td>\n<\/tr>\n<tr>\n<td class=\"has-text-align-center\" style=\"width: 40.9326%;text-align: center\" data-align=\"center\">Denise Schmidt<\/td>\n<td class=\"has-text-align-center\" style=\"width: 55.4404%;text-align: center\" data-align=\"center\">Representante Docente Titular<\/td>\n<\/tr>\n<tr>\n<td class=\"has-text-align-center\" style=\"width: 40.9326%;text-align: center\" data-align=\"center\">Claudir Jos\u00e9 Basso<\/td>\n<td class=\"has-text-align-center\" style=\"width: 55.4404%;text-align: center\" data-align=\"center\">Representante Docente Titular<\/td>\n<\/tr>\n<tr>\n<td class=\"has-text-align-center\" style=\"width: 40.9326%;text-align: center\" data-align=\"center\">Ivanice Rafaela Menegusso<\/td>\n<td class=\"has-text-align-center\" style=\"width: 55.4404%;text-align: center\" data-align=\"center\">Representante Discente Titular<\/td>\n<\/tr>\n<tr>\n<td class=\"has-text-align-center\" style=\"width: 40.9326%;text-align: center\" data-align=\"center\">Diecson Ruy Orsolin da Silva<\/td>\n<td class=\"has-text-align-center\" style=\"width: 55.4404%;text-align: center\" data-align=\"center\">Representante Suplente do Presidente<\/td>\n<\/tr>\n<tr>\n<td class=\"has-text-align-center\" style=\"width: 40.9326%;text-align: center\" data-align=\"center\">Romulo Trevisan<\/td>\n<td class=\"has-text-align-center\" style=\"width: 55.4404%;text-align: center\" data-align=\"center\">Representante Docente Suplente<\/td>\n<\/tr>\n<tr>\n<td class=\"has-text-align-center\" style=\"width: 40.9326%;text-align: center\" data-align=\"center\">Gilvan Mois\u00e9s Bertollo<\/td>\n<td class=\"has-text-align-center\" style=\"width: 55.4404%;text-align: center\" data-align=\"center\">Representante Docente Suplente<\/td>\n<\/tr>\n<tr>\n<td style=\"width: 40.9326%;text-align: center\">Renan da Rosa<\/td>\n<td style=\"width: 55.4404%;text-align: center\">Representante Discente Suplente<\/td>\n<\/tr>\n<\/tbody>\n<\/table>\n<\/figure>\n<p><!-- \/wp:paragraph --><!-- wp:paragraph --><\/p>\n<p class=\"has-text-align-center\"><strong><br \/>Comiss\u00e3o de Sele\u00e7\u00e3o do PPGAAA<\/strong><br \/><strong>Portaria:<\/strong>\u00a0<a href=\"https:\/\/portal.ufsm.br\/documentos\/publico\/documento.html?id=15693384\">Portaria de Pessoal UFSM\/FW\/UFSM N. 111, de 18 de dezembro de 2025<\/a><br \/><strong>Vig\u00eancia:<\/strong> 01 ano<br \/><strong>Composi\u00e7\u00e3o:<\/strong><\/p>\n<figure class=\"wp-block-table is-style-stripes\">\n<table style=\"width: 79.7838%\">\n<tbody>\n<tr>\n<td class=\"has-text-align-center\" style=\"text-align: center\" data-align=\"center\">Rodrigo Ferreira da Silva<\/td>\n<td class=\"has-text-align-center\" style=\"text-align: center\" data-align=\"center\">Presidente<\/td>\n<\/tr>\n<tr>\n<td class=\"has-text-align-center\" style=\"text-align: center\" data-align=\"center\">Diecson Ruy Orsolin da Silva<\/td>\n<td class=\"has-text-align-center\" style=\"text-align: center\" data-align=\"center\">Representante Docente Titular<\/td>\n<\/tr>\n<tr>\n<td class=\"has-text-align-center\" style=\"text-align: center\" data-align=\"center\">Stela Maris Kulczynski<\/td>\n<td class=\"has-text-align-center\" style=\"text-align: center\" data-align=\"center\">Representante Docente Titular<\/td>\n<\/tr>\n<tr>\n<td class=\"has-text-align-center\" style=\"text-align: center\" data-align=\"center\">Vanderlei Rodrigues da Silva<\/td>\n<td class=\"has-text-align-center\" style=\"text-align: center\" data-align=\"center\">Representante Docente Titular<\/td>\n<\/tr>\n<tr>\n<td class=\"has-text-align-center\" style=\"text-align: center\" data-align=\"center\">Claudir Jos\u00e9 Basso<\/td>\n<td class=\"has-text-align-center\" style=\"text-align: center\" data-align=\"center\">Representante Docente Suplente<\/td>\n<\/tr>\n<tr>\n<td style=\"text-align: center\">Volmir Sergio Marchioro<\/td>\n<td style=\"text-align: center\">Representante Docente Suplente<\/td>\n<\/tr>\n<\/tbody>\n<\/table>\n<\/figure>\n<p><!-- \/wp:paragraph --><\/p>\t\t\t\t\t\t<\/div>\n\t\t\t\t<\/div>\n\t\t\t\t\t<\/div>\n\t\t<\/div>\n\t\t\t\t\t<\/div>\n\t\t<\/section>\n\t\t\t\t<\/div>\n\t\t","protected":false},"excerpt":{"rendered":"<p>Colegiado do PPGAAAAtas do ColegiadoPortaria:\u00a0Portaria de Pessoal UFSM\/FW\/UFSM N. 099, de 11 de dezembro de 2025\u00a0e\u00a0Apostila 01 e Apostila 02Vig\u00eancia: 02 anosComposi\u00e7\u00e3o: Rodrigo Ferreira da Silva Coordenador &#8211; Presidente Diecson Ruy Orsolin da Silva Coordenador Substituto &#8211; Vice-presidente Claudir Jos\u00e9 Basso\u00a0 Membro Docente Titular Denise Schmidt Membro Docente Titular Vanderlei Rodrigues da Silva Membro Docente [&hellip;]<\/p>\n","protected":false},"author":299,"featured_media":0,"parent":0,"menu_order":0,"comment_status":"closed","ping_status":"closed","template":"","meta":{"footnotes":""},"categories":[],"tags":[],"class_list":["post-541","page","type-page","status-publish","hentry"],"acf":[],"_links":{"self":[{"href":"https:\/\/www.ufsm.br\/cursos\/pos-graduacao\/frederico-westphalen\/ppgaaa\/wp-json\/wp\/v2\/pages\/541","targetHints":{"allow":["GET"]}}],"collection":[{"href":"https:\/\/www.ufsm.br\/cursos\/pos-graduacao\/frederico-westphalen\/ppgaaa\/wp-json\/wp\/v2\/pages"}],"about":[{"href":"https:\/\/www.ufsm.br\/cursos\/pos-graduacao\/frederico-westphalen\/ppgaaa\/wp-json\/wp\/v2\/types\/page"}],"author":[{"embeddable":true,"href":"https:\/\/www.ufsm.br\/cursos\/pos-graduacao\/frederico-westphalen\/ppgaaa\/wp-json\/wp\/v2\/users\/299"}],"replies":[{"embeddable":true,"href":"https:\/\/www.ufsm.br\/cursos\/pos-graduacao\/frederico-westphalen\/ppgaaa\/wp-json\/wp\/v2\/comments?post=541"}],"version-history":[{"count":0,"href":"https:\/\/www.ufsm.br\/cursos\/pos-graduacao\/frederico-westphalen\/ppgaaa\/wp-json\/wp\/v2\/pages\/541\/revisions"}],"wp:attachment":[{"href":"https:\/\/www.ufsm.br\/cursos\/pos-graduacao\/frederico-westphalen\/ppgaaa\/wp-json\/wp\/v2\/media?parent=541"}],"wp:term":[{"taxonomy":"category","embeddable":true,"href":"https:\/\/www.ufsm.br\/cursos\/pos-graduacao\/frederico-westphalen\/ppgaaa\/wp-json\/wp\/v2\/categories?post=541"},{"taxonomy":"post_tag","embeddable":true,"href":"https:\/\/www.ufsm.br\/cursos\/pos-graduacao\/frederico-westphalen\/ppgaaa\/wp-json\/wp\/v2\/tags?post=541"}],"curies":[{"name":"wp","href":"https:\/\/api.w.org\/{rel}","templated":true}]}}