{"id":1017,"date":"2023-02-01T11:38:46","date_gmt":"2023-02-01T14:38:46","guid":{"rendered":"https:\/\/www.ufsm.br\/cursos\/pos-graduacao\/santa-maria\/ppga\/?page_id=1017"},"modified":"2023-02-01T15:19:43","modified_gmt":"2023-02-01T18:19:43","slug":"tecnologia-da-informacao-e-decisao","status":"publish","type":"page","link":"https:\/\/www.ufsm.br\/cursos\/pos-graduacao\/santa-maria\/ppga\/tecnologia-da-informacao-e-decisao","title":{"rendered":"Tecnologia da Informa\u00e7\u00e3o e Decis\u00e3o"},"content":{"rendered":"\t\t<div data-elementor-type=\"wp-page\" data-elementor-id=\"1017\" class=\"elementor elementor-1017\">\n\t\t\t\t\t\t<section class=\"elementor-section elementor-top-section elementor-element elementor-element-5792bca5 elementor-section-boxed elementor-section-height-default elementor-section-height-default\" data-id=\"5792bca5\" data-element_type=\"section\">\n\t\t\t\t\t\t<div class=\"elementor-container elementor-column-gap-default\">\n\t\t\t\t\t<div class=\"elementor-column elementor-col-100 elementor-top-column elementor-element elementor-element-5dcc39ee\" data-id=\"5dcc39ee\" data-element_type=\"column\">\n\t\t\t<div class=\"elementor-widget-wrap elementor-element-populated\">\n\t\t\t\t\t\t<div class=\"elementor-element elementor-element-20feeef0 elementor-widget elementor-widget-text-editor\" data-id=\"20feeef0\" data-element_type=\"widget\" data-widget_type=\"text-editor.default\">\n\t\t\t\t<div class=\"elementor-widget-container\">\n\t\t\t\t\t\t\t<!-- wp:tadv\/classic-paragraph -->\n<p>\u00a0<\/p>\n<p style=\"text-align: center\"><strong>Linha de Pesquisa: Tecnologia da Informa\u00e7\u00e3o e Decis\u00e3o<\/strong><\/p>\n<p>\u00a0<\/p>\n<p style=\"text-align: justify\">Na linha de pesquisa <strong>Tecnologia da Informa\u00e7\u00e3o e Decis\u00e3o<\/strong> ser\u00e3o discutidos trabalhos que tratam de: impacto sociais, culturais e comportamentais da tecnologia; uso da informa\u00e7\u00e3o; aspectos individuais e de grupo do uso da TI; transforma\u00e7\u00e3o digital; estrat\u00e9gia, investimentos e governan\u00e7a da TI; tecnologia na sociedade e no setor p\u00fablico; cidades e comunidades inteligentes; t\u00e9cnicas e sistemas para tomada de decis\u00e3o; modelagem; modelos conceituais em decis\u00e3o; sistemas e t\u00e9cnicas para apoio \u00e0 tomada de decis\u00e3o; desenvolvimento e avalia\u00e7\u00e3o de SAD; modelagem de processos com modelos matem\u00e1ticos; simula\u00e7\u00e3o; otimiza\u00e7\u00e3o; modelos de redes; processos estoc\u00e1sticos; programa\u00e7\u00e3o linear; filas; m\u00e9todos multicrit\u00e9rio; sistemas especialistas e de intelig\u00eancia artificial; redes neurais artificiais; neuro-IS; l\u00f3gica fuzzy; e machine learning.<\/p>\n<p style=\"text-align: justify\"><strong>Lideran\u00e7a: <\/strong>Professora Debora Bobsin<\/p>\n<!-- \/wp:tadv\/classic-paragraph -->\t\t\t\t\t\t<\/div>\n\t\t\t\t<\/div>\n\t\t\t\t\t<\/div>\n\t\t<\/div>\n\t\t\t\t\t<\/div>\n\t\t<\/section>\n\t\t\t\t<section class=\"elementor-section elementor-top-section elementor-element elementor-element-ee4a247 elementor-section-boxed elementor-section-height-default elementor-section-height-default\" data-id=\"ee4a247\" data-element_type=\"section\">\n\t\t\t\t\t\t<div class=\"elementor-container elementor-column-gap-default\">\n\t\t\t\t\t<div class=\"elementor-column elementor-col-100 elementor-top-column elementor-element elementor-element-4259d4c\" data-id=\"4259d4c\" data-element_type=\"column\">\n\t\t\t<div class=\"elementor-widget-wrap elementor-element-populated\">\n\t\t\t\t\t\t<div class=\"elementor-element elementor-element-b686ad5 elementor-widget elementor-widget-heading\" data-id=\"b686ad5\" data-element_type=\"widget\" data-widget_type=\"heading.default\">\n\t\t\t\t<div class=\"elementor-widget-container\">\n\t\t\t<h5 class=\"elementor-heading-title elementor-size-default\">Docentes atuantes na Linha de Pesquisa e Grupos de Pesquisa em que atuam:<\/h5>\t\t<\/div>\n\t\t\t\t<\/div>\n\t\t\t\t<div class=\"elementor-element elementor-element-b830dca elementor-widget elementor-widget-text-editor\" data-id=\"b830dca\" data-element_type=\"widget\" data-widget_type=\"text-editor.default\">\n\t\t\t\t<div class=\"elementor-widget-container\">\n\t\t\t\t\t\t\t<table style=\"width: 100%;border-collapse: collapse;border-style: solid;border-color: #000000;height: 120px\">\n<tbody>\n<tr style=\"height: 24px\">\n<td style=\"width: 33.4951%;border-style: solid;border-color: #000000;text-align: center;height: 24px\"><strong>Docente<\/strong><\/td>\n<td style=\"width: 33.1715%;border-style: solid;border-color: #000000;text-align: center;height: 24px\"><strong>Linha de Pesquisa<\/strong><\/td>\n<td style=\"width: 33.3333%;border-style: solid;border-color: #000000;text-align: center;height: 24px\"><strong>Grupo de Pesquisa<\/strong><\/td>\n<\/tr>\n<tr style=\"height: 24px\">\n<td style=\"width: 33.4951%;border-style: solid;border-color: #000000;height: 24px\"><a href=\"https:\/\/ufsmpublica.ufsm.br\/docente\/15939\" target=\"_blank\" rel=\"noopener\">Prof.\u00aa Dr.\u00aa Debora Bobsin<\/a><\/td>\n<td style=\"width: 33.1715%;border-style: solid;border-color: #000000;height: 24px;text-align: center\">Tecnologia da Informa\u00e7\u00e3o e Decis\u00e3o<\/td>\n<td style=\"width: 33.3333%;border-style: solid;border-color: #000000;height: 24px;text-align: center\">&#8211; &#8211; &#8211;<\/td>\n<\/tr>\n<tr style=\"height: 24px\">\n<td style=\"width: 33.4951%;border-style: solid;border-color: #000000;height: 24px\"><a href=\"https:\/\/ufsmpublica.ufsm.br\/docente\/18928\" target=\"_blank\" rel=\"noopener\">Prof.\u00aa Dr.\u00aa Eliete dos Reis Lehnhart<\/a><\/td>\n<td style=\"width: 33.1715%;border-style: solid;border-color: #000000;height: 24px;text-align: center\">Tecnologia da Informa\u00e7\u00e3o e Decis\u00e3o<\/td>\n<td style=\"width: 33.3333%;border-style: solid;border-color: #000000;height: 24px;text-align: center\">&#8211; &#8211; &#8211;<\/td>\n<\/tr>\n<tr style=\"height: 24px\">\n<td style=\"width: 33.4951%;border-style: solid;border-color: #000000;height: 24px\"><a href=\"https:\/\/ufsmpublica.ufsm.br\/docente\/15497\" target=\"_blank\" rel=\"noopener\">Prof. Dr. Eugenio de Oliveira Simonetto<\/a><\/td>\n<td style=\"width: 33.1715%;border-style: solid;border-color: #000000;height: 24px;text-align: center\">Tecnologia da Informa\u00e7\u00e3o e Decis\u00e3o<\/td>\n<td style=\"width: 33.3333%;border-style: solid;border-color: #000000;height: 24px;text-align: center\"><a href=\"http:\/\/dgp.cnpq.br\/dgp\/espelhogrupo\/0567836499429196\" target=\"_blank\" rel=\"noopener\">Tecnologias da Informa\u00e7\u00e3o e Decis\u00e3o<\/a><\/td>\n<\/tr>\n<tr style=\"height: 24px\">\n<td style=\"width: 33.4951%;border-style: solid;border-color: #000000;height: 24px\"><a href=\"https:\/\/ufsmpublica.ufsm.br\/docente\/10965\" target=\"_blank\" rel=\"noopener\">Prof. Dr. Mauri Leodir L\u00f6bler<\/a><\/td>\n<td style=\"width: 33.1715%;border-style: solid;border-color: #000000;height: 24px;text-align: center\">Tecnologia da Informa\u00e7\u00e3o e Decis\u00e3o<\/td>\n<td style=\"width: 33.3333%;border-style: solid;border-color: #000000;height: 24px;text-align: center\"><a href=\"http:\/\/dgp.cnpq.br\/dgp\/espelhogrupo\/0567836499429196\" target=\"_blank\" rel=\"noopener\">Tecnologias da Informa\u00e7\u00e3o e Decis\u00e3o<\/a><\/td>\n<\/tr>\n<\/tbody>\n<\/table>\t\t\t\t\t\t<\/div>\n\t\t\t\t<\/div>\n\t\t\t\t\t<\/div>\n\t\t<\/div>\n\t\t\t\t\t<\/div>\n\t\t<\/section>\n\t\t\t\t<\/div>\n\t\t","protected":false},"excerpt":{"rendered":"<p>\u00a0 Linha de Pesquisa: Tecnologia da Informa\u00e7\u00e3o e Decis\u00e3o \u00a0 Na linha de pesquisa Tecnologia da Informa\u00e7\u00e3o e Decis\u00e3o ser\u00e3o discutidos trabalhos que tratam de: impacto sociais, culturais e comportamentais da tecnologia; uso da informa\u00e7\u00e3o; aspectos individuais e de grupo do uso da TI; transforma\u00e7\u00e3o digital; estrat\u00e9gia, investimentos e governan\u00e7a da TI; tecnologia na sociedade [&hellip;]<\/p>\n","protected":false},"author":586,"featured_media":0,"parent":0,"menu_order":0,"comment_status":"closed","ping_status":"closed","template":"","meta":{"footnotes":""},"categories":[],"tags":[],"class_list":["post-1017","page","type-page","status-publish","hentry"],"acf":[],"_links":{"self":[{"href":"https:\/\/www.ufsm.br\/cursos\/pos-graduacao\/santa-maria\/ppga\/wp-json\/wp\/v2\/pages\/1017","targetHints":{"allow":["GET"]}}],"collection":[{"href":"https:\/\/www.ufsm.br\/cursos\/pos-graduacao\/santa-maria\/ppga\/wp-json\/wp\/v2\/pages"}],"about":[{"href":"https:\/\/www.ufsm.br\/cursos\/pos-graduacao\/santa-maria\/ppga\/wp-json\/wp\/v2\/types\/page"}],"author":[{"embeddable":true,"href":"https:\/\/www.ufsm.br\/cursos\/pos-graduacao\/santa-maria\/ppga\/wp-json\/wp\/v2\/users\/586"}],"replies":[{"embeddable":true,"href":"https:\/\/www.ufsm.br\/cursos\/pos-graduacao\/santa-maria\/ppga\/wp-json\/wp\/v2\/comments?post=1017"}],"version-history":[{"count":0,"href":"https:\/\/www.ufsm.br\/cursos\/pos-graduacao\/santa-maria\/ppga\/wp-json\/wp\/v2\/pages\/1017\/revisions"}],"wp:attachment":[{"href":"https:\/\/www.ufsm.br\/cursos\/pos-graduacao\/santa-maria\/ppga\/wp-json\/wp\/v2\/media?parent=1017"}],"wp:term":[{"taxonomy":"category","embeddable":true,"href":"https:\/\/www.ufsm.br\/cursos\/pos-graduacao\/santa-maria\/ppga\/wp-json\/wp\/v2\/categories?post=1017"},{"taxonomy":"post_tag","embeddable":true,"href":"https:\/\/www.ufsm.br\/cursos\/pos-graduacao\/santa-maria\/ppga\/wp-json\/wp\/v2\/tags?post=1017"}],"curies":[{"name":"wp","href":"https:\/\/api.w.org\/{rel}","templated":true}]}}