{"id":2358,"date":"2025-04-04T20:52:19","date_gmt":"2025-04-04T23:52:19","guid":{"rendered":"https:\/\/www.ufsm.br\/cursos\/pos-graduacao\/santa-maria\/ppgart\/?page_id=2358"},"modified":"2025-04-04T21:23:03","modified_gmt":"2025-04-05T00:23:03","slug":"missao-visao-e-valores","status":"publish","type":"page","link":"https:\/\/www.ufsm.br\/cursos\/pos-graduacao\/santa-maria\/ppgart\/missao-visao-e-valores","title":{"rendered":"Miss\u00e3o, Vis\u00e3o e Valores"},"content":{"rendered":"\t\t<div data-elementor-type=\"wp-page\" data-elementor-id=\"2358\" class=\"elementor elementor-2358\">\n\t\t\t\t\t\t<section class=\"elementor-section elementor-top-section elementor-element elementor-element-60c8786 elementor-section-boxed elementor-section-height-default elementor-section-height-default\" data-id=\"60c8786\" data-element_type=\"section\">\n\t\t\t\t\t\t<div class=\"elementor-container elementor-column-gap-default\">\n\t\t\t\t\t<div class=\"elementor-column elementor-col-33 elementor-top-column elementor-element elementor-element-34b9922\" data-id=\"34b9922\" data-element_type=\"column\">\n\t\t\t<div class=\"elementor-widget-wrap elementor-element-populated\">\n\t\t\t\t\t\t<div class=\"elementor-element elementor-element-d2a981a elementor-widget elementor-widget-text-editor\" data-id=\"d2a981a\" data-element_type=\"widget\" data-widget_type=\"text-editor.default\">\n\t\t\t\t<div class=\"elementor-widget-container\">\n\t\t\t\t\t\t\t<p><strong>Miss\u00e3o<\/strong><\/p><p><em>\u201cFortalecer a gera\u00e7\u00e3o e a difus\u00e3o de conhecimento art\u00edstico, cient\u00edfico e tecnol\u00f3gico proporcionando uma forma\u00e7\u00e3o acad\u00eamica qualificada de p\u00f3s-gradua\u00e7\u00e3o em Artes Visuais, no contexto nacional em di\u00e1logo com o internacional, de modo atuante, cr\u00edtico e reflexivo para a cultura e a sociedade contempor\u00e2nea.\u201d<\/em><\/p>\t\t\t\t\t\t<\/div>\n\t\t\t\t<\/div>\n\t\t\t\t\t<\/div>\n\t\t<\/div>\n\t\t\t\t<div class=\"elementor-column elementor-col-33 elementor-top-column elementor-element elementor-element-fa5eeae\" data-id=\"fa5eeae\" data-element_type=\"column\">\n\t\t\t<div class=\"elementor-widget-wrap elementor-element-populated\">\n\t\t\t\t\t\t<div class=\"elementor-element elementor-element-e47119a elementor-widget elementor-widget-text-editor\" data-id=\"e47119a\" data-element_type=\"widget\" data-widget_type=\"text-editor.default\">\n\t\t\t\t<div class=\"elementor-widget-container\">\n\t\t\t\t\t\t\t<p><em><strong>Vis\u00e3o<\/strong><\/em><\/p>\n<p><em>\u201cSer um Programa de excel\u00eancia na forma\u00e7\u00e3o acad\u00eamica em Artes Visuais para a inser\u00e7\u00e3o profissional de pesquisadores, artistas, historiadores, te\u00f3ricos e cr\u00edticos, como docentes qualificados e agentes no sistema da arte, reconhecidos nacional e internacionalmente, com compromisso \u00e9tico, cultural e social.\u201d<\/em><\/p>\t\t\t\t\t\t<\/div>\n\t\t\t\t<\/div>\n\t\t\t\t\t<\/div>\n\t\t<\/div>\n\t\t\t\t<div class=\"elementor-column elementor-col-33 elementor-top-column elementor-element elementor-element-be6d0e5\" data-id=\"be6d0e5\" data-element_type=\"column\">\n\t\t\t<div class=\"elementor-widget-wrap elementor-element-populated\">\n\t\t\t\t\t\t<div class=\"elementor-element elementor-element-b3552cb elementor-widget elementor-widget-text-editor\" data-id=\"b3552cb\" data-element_type=\"widget\" data-widget_type=\"text-editor.default\">\n\t\t\t\t<div class=\"elementor-widget-container\">\n\t\t\t\t\t\t\t<p><strong>Valores<\/strong><\/p>\n<p><em>O PPGART, em concord\u00e2ncia com o Plano de Desenvolvimento Institucional 2016-2026 da Universidade Federal de Santa Maria, compromete -se com a educa\u00e7\u00e3o, pautada nos seguintes valores:\u00a0<\/em><\/p>\n<p><em>Diversidade, l<\/em><em>iberdade de express\u00e3o, \u00e9<\/em><em>tica, i<\/em><em>gualdade, t<\/em><em>ranspar\u00eancia, r<\/em><em>esponsabilidade, c<\/em><em>ompromisso, e<\/em><em>xcel\u00eancia, i<\/em><em>nova\u00e7\u00e3o, c<\/em><em>onsci\u00eancia ambiental e s<\/em>ustentabilidade.<\/p>\t\t\t\t\t\t<\/div>\n\t\t\t\t<\/div>\n\t\t\t\t\t<\/div>\n\t\t<\/div>\n\t\t\t\t\t<\/div>\n\t\t<\/section>\n\t\t\t\t<section class=\"elementor-section elementor-top-section elementor-element elementor-element-8d80e5a elementor-section-boxed elementor-section-height-default elementor-section-height-default\" data-id=\"8d80e5a\" data-element_type=\"section\">\n\t\t\t\t\t\t<div class=\"elementor-container elementor-column-gap-default\">\n\t\t\t\t\t<div class=\"elementor-column elementor-col-100 elementor-top-column elementor-element elementor-element-4e9def5\" data-id=\"4e9def5\" data-element_type=\"column\">\n\t\t\t<div class=\"elementor-widget-wrap elementor-element-populated\">\n\t\t\t\t\t\t<div class=\"elementor-element elementor-element-4202b12 elementor-widget elementor-widget-heading\" data-id=\"4202b12\" data-element_type=\"widget\" data-widget_type=\"heading.default\">\n\t\t\t\t<div class=\"elementor-widget-container\">\n\t\t\t<h2 class=\"elementor-heading-title elementor-size-default\"><header><h1><b><span><font>Objetivos<\/font><\/span><span><\/span><\/b><\/h1><\/header><\/h2>\t\t<\/div>\n\t\t\t\t<\/div>\n\t\t\t\t\t<\/div>\n\t\t<\/div>\n\t\t\t\t\t<\/div>\n\t\t<\/section>\n\t\t\t\t<section class=\"elementor-section elementor-top-section elementor-element elementor-element-2c27d30 elementor-section-boxed elementor-section-height-default elementor-section-height-default\" data-id=\"2c27d30\" data-element_type=\"section\">\n\t\t\t\t\t\t<div class=\"elementor-container elementor-column-gap-default\">\n\t\t\t\t\t<div class=\"elementor-column elementor-col-100 elementor-top-column elementor-element elementor-element-1362fef\" data-id=\"1362fef\" data-element_type=\"column\">\n\t\t\t<div class=\"elementor-widget-wrap elementor-element-populated\">\n\t\t\t\t\t\t<div class=\"elementor-element elementor-element-c782cdf elementor-widget elementor-widget-text-editor\" data-id=\"c782cdf\" data-element_type=\"widget\" data-widget_type=\"text-editor.default\">\n\t\t\t\t<div class=\"elementor-widget-container\">\n\t\t\t\t\t\t\t<p><strong>Geral:<\/strong><\/p><ul><li>Proporcionar uma forma\u00e7\u00e3o acad\u00eamica e profissional de n\u00edvel superior, p\u00f3s-gradua\u00e7\u00e3o, que possibilite ao sujeito uma abordagem no contexto da Arte Contempor\u00e2nea, de modo atuante e reflexivo, no \u00e2mbito da cultura e da sociedade, sobretudo no ensino superior, a partir de uma forma\u00e7\u00e3o espec\u00edfica em Artes Visuais &#8211; Arte Contempor\u00e2nea.<\/li><\/ul><p><strong>Espec\u00edficos:<\/strong><\/p><ul><li>Estabelecer rela\u00e7\u00f5es entre as Artes Visuais, seu contexto cultural e o meio acad\u00eamico, atrav\u00e9s do desenvolvimento e fortalecimento da pesquisa, no campo das artes, com \u00eanfase na Arte Contempor\u00e2nea.<\/li><li>Propiciar condi\u00e7\u00f5es de entrecruzamento entre a produ\u00e7\u00e3o e a reflex\u00e3o na \u00e1rea das Artes Visuais visando a forma\u00e7\u00e3o cr\u00edtica de pesquisadores.<\/li><li>Contribuir para a forma\u00e7\u00e3o te\u00f3rica e cr\u00edtica de artistas, educadores e profissionais de \u00e1reas afins, estabelecendo interrela\u00e7\u00f5es com as pesquisas internacionais no \u00e2mbito da arte contempor\u00e2nea, para a atua\u00e7\u00e3o qualificada e competente no meio acad\u00eamico e cultural.<\/li><\/ul>\t\t\t\t\t\t<\/div>\n\t\t\t\t<\/div>\n\t\t\t\t\t<\/div>\n\t\t<\/div>\n\t\t\t\t\t<\/div>\n\t\t<\/section>\n\t\t\t\t<\/div>\n\t\t","protected":false},"excerpt":{"rendered":"<p>Miss\u00e3o \u201cFortalecer a gera\u00e7\u00e3o e a difus\u00e3o de conhecimento art\u00edstico, cient\u00edfico e tecnol\u00f3gico proporcionando uma forma\u00e7\u00e3o acad\u00eamica qualificada de p\u00f3s-gradua\u00e7\u00e3o em Artes Visuais, no contexto nacional em di\u00e1logo com o internacional, de modo atuante, cr\u00edtico e reflexivo para a cultura e a sociedade contempor\u00e2nea.\u201d Vis\u00e3o \u201cSer um Programa de excel\u00eancia na forma\u00e7\u00e3o acad\u00eamica em Artes [&hellip;]<\/p>\n","protected":false},"author":820,"featured_media":0,"parent":0,"menu_order":0,"comment_status":"closed","ping_status":"closed","template":"","meta":{"footnotes":""},"categories":[],"tags":[],"class_list":["post-2358","page","type-page","status-publish","hentry"],"acf":[],"_links":{"self":[{"href":"https:\/\/www.ufsm.br\/cursos\/pos-graduacao\/santa-maria\/ppgart\/wp-json\/wp\/v2\/pages\/2358","targetHints":{"allow":["GET"]}}],"collection":[{"href":"https:\/\/www.ufsm.br\/cursos\/pos-graduacao\/santa-maria\/ppgart\/wp-json\/wp\/v2\/pages"}],"about":[{"href":"https:\/\/www.ufsm.br\/cursos\/pos-graduacao\/santa-maria\/ppgart\/wp-json\/wp\/v2\/types\/page"}],"author":[{"embeddable":true,"href":"https:\/\/www.ufsm.br\/cursos\/pos-graduacao\/santa-maria\/ppgart\/wp-json\/wp\/v2\/users\/820"}],"replies":[{"embeddable":true,"href":"https:\/\/www.ufsm.br\/cursos\/pos-graduacao\/santa-maria\/ppgart\/wp-json\/wp\/v2\/comments?post=2358"}],"version-history":[{"count":0,"href":"https:\/\/www.ufsm.br\/cursos\/pos-graduacao\/santa-maria\/ppgart\/wp-json\/wp\/v2\/pages\/2358\/revisions"}],"wp:attachment":[{"href":"https:\/\/www.ufsm.br\/cursos\/pos-graduacao\/santa-maria\/ppgart\/wp-json\/wp\/v2\/media?parent=2358"}],"wp:term":[{"taxonomy":"category","embeddable":true,"href":"https:\/\/www.ufsm.br\/cursos\/pos-graduacao\/santa-maria\/ppgart\/wp-json\/wp\/v2\/categories?post=2358"},{"taxonomy":"post_tag","embeddable":true,"href":"https:\/\/www.ufsm.br\/cursos\/pos-graduacao\/santa-maria\/ppgart\/wp-json\/wp\/v2\/tags?post=2358"}],"curies":[{"name":"wp","href":"https:\/\/api.w.org\/{rel}","templated":true}]}}