{"id":1787,"date":"2026-08-28T11:37:04","date_gmt":"2026-08-28T14:37:04","guid":{"rendered":"https:\/\/www.ufsm.br\/cursos\/pos-graduacao\/santa-maria\/ppgcta\/?post_type=eventos&#038;p=1787"},"modified":"2026-08-30T20:43:24","modified_gmt":"2026-08-30T23:43:24","slug":"wstar2026","status":"publish","type":"eventos","link":"https:\/\/www.ufsm.br\/cursos\/pos-graduacao\/santa-maria\/ppgcta\/eventos\/wstar2026","parent":0,"template":"","tags":[80,81,82,79,72,74,84,85,103,78,83],"class_list":["post-1787","eventos","type-eventos","status-publish","has-post-thumbnail","hentry","tag-dtca","tag-dzo","tag-estatistica","tag-evento","tag-ppgcta","tag-sas","tag-sas-viya","tag-ufsm","tag-viya","tag-wstar","tag-zootecnia"],"acf":{"evento_nome":"III Workshop sobre Ferramentas e An\u00e1lises Estat\u00edsticas para Pesquisa Cient\u00edfica","evento_inicio":"07\/10\/2026 19:00","evento_termino":"08\/10\/2026 21:00","evento_banner":{"ID":1550,"id":1550,"title":"capa-wstar","filename":"capa-wstar.png","filesize":113688,"url":"https:\/\/www.ufsm.br\/app\/uploads\/sites\/522\/2025\/09\/capa-wstar.png","link":"https:\/\/www.ufsm.br\/cursos\/pos-graduacao\/santa-maria\/ppgcta\/eventos\/wstar2024\/capa-wstar","alt":"","author":"1211","description":"","caption":"","name":"capa-wstar","status":"inherit","uploaded_to":1529,"date":"2025-09-08 18:34:14","modified":"2025-09-08 18:34:14","menu_order":0,"mime_type":"image\/png","type":"image","subtype":"png","icon":"https:\/\/www.ufsm.br\/cursos\/pos-graduacao\/santa-maria\/ppgcta\/wp-includes\/images\/media\/default.png","width":4372,"height":1538,"sizes":{"thumbnail":"https:\/\/www.ufsm.br\/app\/uploads\/sites\/522\/2025\/09\/capa-wstar-150x150.png","thumbnail-width":150,"thumbnail-height":150,"medium":"https:\/\/www.ufsm.br\/app\/uploads\/sites\/522\/2025\/09\/capa-wstar-300x106.png","medium-width":300,"medium-height":106,"medium_large":"https:\/\/www.ufsm.br\/app\/uploads\/sites\/522\/2025\/09\/capa-wstar-768x270.png","medium_large-width":768,"medium_large-height":270,"large":"https:\/\/www.ufsm.br\/app\/uploads\/sites\/522\/2025\/09\/capa-wstar-1024x360.png","large-width":1024,"large-height":360,"1536x1536":"https:\/\/www.ufsm.br\/app\/uploads\/sites\/522\/2025\/09\/capa-wstar-1536x540.png","1536x1536-width":1536,"1536x1536-height":540,"2048x2048":"https:\/\/www.ufsm.br\/app\/uploads\/sites\/522\/2025\/09\/capa-wstar-2048x720.png","2048x2048-width":2048,"2048x2048-height":720,"sow-carousel-default":"https:\/\/www.ufsm.br\/app\/uploads\/sites\/522\/2025\/09\/capa-wstar-272x182.png","sow-carousel-default-width":272,"sow-carousel-default-height":182}},"endereco_url":"wstar2026","evento_categoria":"T\u00c9CNICO-CIENT\u00cdFICOS","evento_descricao":"<p style=\"text-align: justify\">Em um mundo no qual dados s\u00e3o produzidos em velocidade e escala sem precedentes, saber analis\u00e1-los deixou de ser apenas uma compet\u00eancia t\u00e9cnica, tornou-se uma habilidade essencial para a ci\u00eancia, a inova\u00e7\u00e3o e a tomada de decis\u00f5es. \u00c9 nesse cen\u00e1rio que a Universidade Federal de Santa Maria (UFSM), em parceria com o SAS Brasil, promove a <strong>3\u00aa edi\u00e7\u00e3o do Workshop on Statistical Tools and Analysis for Scientific Research (WSTAR 2026)<\/strong>.<br \/>\nConsolidado como um espa\u00e7o de aproxima\u00e7\u00e3o entre ci\u00eancia, estat\u00edstica, tecnologia e inova\u00e7\u00e3o, o WSTAR retorna em 2026 com uma programa\u00e7\u00e3o especialmente dedicada aos desafios e \u00e0s oportunidades que emergem da transforma\u00e7\u00e3o digital e da crescente centralidade dos dados na pesquisa e na sociedade.<br \/>\nAo longo de dois dias, o evento reunir\u00e1 especialistas do SAS Brasil para discutir temas contempor\u00e2neos que atravessam diferentes \u00e1reas do conhecimento e que j\u00e1 est\u00e3o redefinindo a forma como produzimos, analisamos, compartilhamos e utilizamos dados.<br \/>\nA programa\u00e7\u00e3o tem in\u00edcio com <em>\u201cEntre nuvem e dados: uma jornada pelo cloud computing\u201d<\/em>, conduzida por Igor Dsiaducki, trazendo uma perspectiva sobre computa\u00e7\u00e3o em nuvem e sua rela\u00e7\u00e3o com o universo dos dados e das solu\u00e7\u00f5es anal\u00edticas. Na sequ\u00eancia, Fausto Guirado apresentar\u00e1 <em>\u201cEnsino e estat\u00edstica: como o SAS pode potencializar sua disciplina\u201d<\/em>, aproximando tecnologia, estrat\u00e9gia e educa\u00e7\u00e3o estat\u00edstica e discutindo possibilidades para tornar o ensino e a aplica\u00e7\u00e3o da estat\u00edstica ainda mais conectados \u00e0s demandas contempor\u00e2neas.<br \/>\nNo segundo dia, o WSTAR mergulha em uma das quest\u00f5es mais instigantes da atualidade <em>\u201cDados sint\u00e9ticos: transformando privacidade em oportunidade para inova\u00e7\u00e3o\u201d<\/em>. A palestra ser\u00e1 ministrada por Lyse Nogueira, que possui ampla experi\u00eancia em <em>analytics<\/em>, dados e tecnologia e atua na transforma\u00e7\u00e3o de desafios de neg\u00f3cios em estrat\u00e9gias orientadas por dados e inova\u00e7\u00e3o. Encerrando a programa\u00e7\u00e3o, Estela Hasmann apresentar\u00e1<em> \u201cData Maker: a import\u00e2ncia da cria\u00e7\u00e3o e curadoria de dados para IA\u201d<\/em>, trazendo para o debate a import\u00e2ncia de dados bem estruturados e cuidadosamente constru\u00eddos para o desenvolvimento de aplica\u00e7\u00f5es de intelig\u00eancia artificial. Sua atua\u00e7\u00e3o envolve solu\u00e7\u00f5es de dados sint\u00e9ticos e <em>analytics<\/em> avan\u00e7ado, com foco na aplica\u00e7\u00e3o de tecnologias de ponta a problemas reais de neg\u00f3cio.<br \/>\nMais do que um conjunto de palestras, o WSTAR 2026 pretende ser um espa\u00e7o para despertar perguntas, provocar novas perspectivas e aproximar pesquisadores, estudantes, professores e profissionais das ferramentas e conceitos que est\u00e3o moldando o futuro da ci\u00eancia baseada em dados.<br \/>\nParticipe do WSTAR 2026 e venha ampliar seus conhecimentos, conhecer novas ferramentas, compartilhar experi\u00eancias e descobrir novas possibilidades para transformar dados em informa\u00e7\u00e3o, informa\u00e7\u00e3o em conhecimento e conhecimento em inova\u00e7\u00e3o.<\/p>\n<p style=\"text-align: center\"><em>WSTAR 2026 \u2014 porque, no mundo dos dados, n\u00e3o basta ter informa\u00e7\u00e3o. \u00c9 preciso saber o que fazer com ela.<\/em><\/p>\n<div dir=\"auto\">\n<p style=\"text-align: right\"><em>Comiss\u00e3o organizadora<\/em><\/p>\n<\/div>\n<div dir=\"auto\"><\/div>\n<div dir=\"auto\">\n<p><!--nextpage--><\/p>\n<h5 class=\"titulo-conteudos\"><span style=\"font-size: 12pt\">Comiss\u00e3o Organizadora:<\/span><\/h5>\n<\/div>\n<div dir=\"auto\">Alessandra Gomes de Souza<br \/>\nAlexandre Jos\u00e9 Cichoski<br \/>\nDeborah Vasconcellos<br \/>\nJos\u00e9 Dilson Francisco da Silva<br \/>\nLuiza Comin da Silveira<br \/>\nPaulo Cezar Bastianello Campagnol<br \/>\nPaulo Santana Pacheco<br \/>\nRenius Mello<\/div>\n<div dir=\"auto\">\n<div dir=\"auto\"><\/div>\n<div dir=\"auto\">\n<div dir=\"auto\">\n<p><!--nextpage--><\/p>\n<\/div>\n<\/div>\n<div dir=\"auto\" style=\"text-align: center\"><a href=\"https:\/\/www.youtube.com\/@ppgctaufsm\" target=\"_blank\" rel=\"noopener\"><strong>O evento ser\u00e1 transmitido ao vivo no canal &#8216;PPGCTA UFSM&#8217; no Youtube.<\/strong><\/a><\/div>\n<div dir=\"auto\"><\/div>\n<div dir=\"auto\">\n<div dir=\"auto\">\n<p style=\"text-align: center\"><!--nextpage--><\/p>\n<\/div>\n<\/div>\n<\/div>\n","evento_programacao":"<div dir=\"auto\">\n<p><span style=\"font-size: 12pt\"><strong>07 DE OUTUBRO DE 2026<\/strong><\/span><\/p>\n<table style=\"height: 79px;width: 100%;border-collapse: collapse;border-style: hidden\" border=\"1\">\n<tbody>\n<tr style=\"border-style: hidden\">\n<td style=\"width: 11.0272%;height: 31px;border-style: hidden\">19:00<\/td>\n<td style=\"width: 88.9728%;height: 31px;border-style: hidden\"><strong>Entre nuvem e dados: uma jornada pelo <em>cloud computing<\/em><\/strong><br \/>\nIgor Dsiaducki (SAS Brasil)<\/td>\n<\/tr>\n<tr style=\"border-style: hidden\">\n<td style=\"width: 11.0272%;height: 24px;border-style: hidden\"><\/td>\n<td style=\"width: 88.9728%;height: 24px;border-style: hidden\"><\/td>\n<\/tr>\n<tr style=\"border-style: hidden\">\n<td style=\"width: 11.0272%;height: 10px;border-style: hidden\">20:00<\/td>\n<td style=\"width: 88.9728%;height: 10px;border-style: hidden\"><strong>Ensino e estat\u00edstica: como o SAS pode potencializar sua disciplina<\/strong><br \/>\nFausto Guirado (SAS Brasil)<\/td>\n<\/tr>\n<tr style=\"border-style: hidden\">\n<td style=\"width: 11.0272%;height: 14px;border-style: hidden\"><\/td>\n<td style=\"width: 88.9728%;height: 14px;border-style: hidden\"><\/td>\n<\/tr>\n<\/tbody>\n<\/table>\n<p style=\"text-align: center\"><iframe src=\"https:\/\/www.youtube.com\/embed\/rj4SVARfOrI?si=j3Mq0iXbOPobbUiG\" width=\"560\" height=\"315\" frameborder=\"0\" allowfullscreen=\"allowfullscreen\"><\/iframe><\/p>\n<figure id=\"attachment_10711\" aria-describedby=\"caption-attachment-10711\" style=\"width: 234px\" class=\"wp-caption aligncenter\"><a href=\"https:\/\/www.youtube.com\/watch?v=rj4SVARfOrI\" target=\"_blank\" rel=\"noopener\"><img decoding=\"async\" class=\"wp-image-10711\" src=\"https:\/\/www.ufsm.br\/app\/uploads\/sites\/370\/2024\/08\/Live1-300x78.jpg\" alt=\"\" width=\"234\" height=\"61\" \/><\/a><figcaption id=\"caption-attachment-10711\" class=\"wp-caption-text\"><a href=\"https:\/\/www.youtube.com\/watch?v=rj4SVARfOrI\" target=\"_blank\" rel=\"noopener\">Transmiss\u00e3o ao vivo clique aqui!!!<\/a><\/figcaption><\/figure>\n<p>&nbsp;<\/p>\n<p><!--nextpage--><\/p>\n<p><span style=\"font-size: 12pt\"><strong>08 DE OUTUBRO DE 2026<\/strong><\/span><\/p>\n<table style=\"height: 48px;width: 100%;border-collapse: collapse;border-style: hidden\">\n<tbody>\n<tr style=\"border-style: hidden\">\n<td style=\"width: 100.262px;height: 10px;border-style: hidden\">19:00<\/td>\n<td style=\"width: 844.537px;height: 10px;border-style: hidden\"><strong>Dados sint\u00e9ticos: transformando privacidade em oportunidade para inova\u00e7\u00e3o<\/strong><br \/>\nLyse Nogueira (SAS Brasil)<\/td>\n<\/tr>\n<tr style=\"border-style: hidden\">\n<td style=\"border-style: hidden;height: 10px;width: 100.262px\"><\/td>\n<td style=\"border-style: hidden;height: 10px;width: 844.537px\"><\/td>\n<\/tr>\n<tr style=\"border-style: hidden\">\n<td style=\"width: 100.262px;height: 16px;border-style: hidden\">20:00<\/td>\n<td style=\"width: 844.537px;height: 16px;border-style: hidden\"><strong>Data Maker: a import\u00e2ncia da cria\u00e7\u00e3o e curadoria de dados para IA<\/strong><br \/>\nEstela Hasmann (SAS Brasil)<\/td>\n<\/tr>\n<tr style=\"border-style: hidden\">\n<td style=\"border-style: hidden;height: 12px;width: 100.262px\"><\/td>\n<td style=\"border-style: hidden;height: 12px;width: 844.537px\"><\/td>\n<\/tr>\n<\/tbody>\n<\/table>\n<\/div>\n<div dir=\"auto\" style=\"text-align: center\"><iframe src=\"https:\/\/www.youtube.com\/embed\/uS6q6vETe8A?si=QNLKQoauMl-almRC\" width=\"560\" height=\"315\" frameborder=\"0\" allowfullscreen=\"allowfullscreen\"><\/iframe><\/div>\n<div dir=\"auto\">\n<figure id=\"attachment_10711\" aria-describedby=\"caption-attachment-10711\" style=\"width: 234px\" class=\"wp-caption aligncenter\"><a href=\"https:\/\/www.youtube.com\/watch?v=uS6q6vETe8A\" target=\"_blank\" rel=\"noopener\"><img decoding=\"async\" class=\"wp-image-10711\" src=\"https:\/\/www.ufsm.br\/app\/uploads\/sites\/370\/2024\/08\/Live1-300x78.jpg\" alt=\"\" width=\"234\" height=\"61\" \/><\/a><figcaption id=\"caption-attachment-10711\" class=\"wp-caption-text\"><a href=\"https:\/\/www.youtube.com\/watch?v=uS6q6vETe8A\" target=\"_blank\" rel=\"noopener\">Transmiss\u00e3o ao vivo clique aqui!!!<\/a><\/figcaption><\/figure>\n<\/div>\n<div dir=\"auto\">\n<p>&nbsp;<\/p>\n<p><!--nextpage--><\/p>\n<h5 class=\"titulo-conteudos\"><span style=\"font-size: 12pt\">Minicurr\u00edculo dos Prelecionistas<\/span><\/h5>\n<div dir=\"auto\">\n<table style=\"height: 288px;width: 100%;border-collapse: collapse;border-style: hidden\">\n<tbody>\n<tr style=\"height: 24px\">\n<td style=\"width: 100%;height: 24px;border-style: hidden\" colspan=\"2\"><strong>Igor Dsiaducki<\/strong><\/td>\n<\/tr>\n<tr style=\"height: 24px\">\n<td style=\"width: 23.9847%;height: 24px;border-style: hidden\"><img fetchpriority=\"high\" decoding=\"async\" class=\"aligncenter wp-image-1790\" src=\"https:\/\/www.ufsm.br\/app\/uploads\/sites\/522\/2026\/08\/Igor-1-200x300.jpg\" alt=\"\" width=\"280\" height=\"420\" srcset=\"https:\/\/www.ufsm.br\/app\/uploads\/sites\/522\/2026\/08\/Igor-1-200x300.jpg 200w, https:\/\/www.ufsm.br\/app\/uploads\/sites\/522\/2026\/08\/Igor-1-683x1024.jpg 683w, https:\/\/www.ufsm.br\/app\/uploads\/sites\/522\/2026\/08\/Igor-1-768x1152.jpg 768w, https:\/\/www.ufsm.br\/app\/uploads\/sites\/522\/2026\/08\/Igor-1-1024x1536.jpg 1024w, https:\/\/www.ufsm.br\/app\/uploads\/sites\/522\/2026\/08\/Igor-1-1366x2048.jpg 1366w, https:\/\/www.ufsm.br\/app\/uploads\/sites\/522\/2026\/08\/Igor-1-scaled.jpg 1707w\" sizes=\"(max-width: 280px) 100vw, 280px\" \/><\/td>\n<td style=\"width: 76.0153%;height: 24px;text-align: justify;border-style: hidden\">Graduado em Engenharia da Computa\u00e7\u00e3o pela FIAP, possui MBA em Internet das Coisas pela Poli-USP e especializa\u00e7\u00f5es internacionais obtidas em Israel, Espanha e Estados Unidos. Atualmente, lidera a \u00e1rea de pr\u00e9-vendas de Servi\u00e7os Financeiros (FSI) do SAS na Am\u00e9rica Latina Sul, sendo respons\u00e1vel pelo desenvolvimento de novos neg\u00f3cios anal\u00edticos para os segmentos banc\u00e1rio e de seguros.<\/td>\n<\/tr>\n<tr style=\"height: 24px\">\n<td style=\"width: 23.9847%;height: 24px;border-style: hidden\"><\/td>\n<td style=\"width: 76.0153%;height: 24px;border-style: hidden\"><\/td>\n<\/tr>\n<tr style=\"height: 24px\">\n<td style=\"width: 100%;height: 24px;border-style: hidden\" colspan=\"2\"><strong>Fausto Guirado<\/strong><\/td>\n<\/tr>\n<tr style=\"height: 24px\">\n<td style=\"width: 23.9847%;height: 24px;border-style: hidden\"><img decoding=\"async\" class=\"aligncenter wp-image-1789\" src=\"https:\/\/www.ufsm.br\/app\/uploads\/sites\/522\/2026\/08\/Fausto-Guirado-283x300.jpg\" alt=\"\" width=\"280\" height=\"297\" srcset=\"https:\/\/www.ufsm.br\/app\/uploads\/sites\/522\/2026\/08\/Fausto-Guirado-283x300.jpg 283w, https:\/\/www.ufsm.br\/app\/uploads\/sites\/522\/2026\/08\/Fausto-Guirado-966x1024.jpg 966w, https:\/\/www.ufsm.br\/app\/uploads\/sites\/522\/2026\/08\/Fausto-Guirado-768x814.jpg 768w, https:\/\/www.ufsm.br\/app\/uploads\/sites\/522\/2026\/08\/Fausto-Guirado-1449x1536.jpg 1449w, https:\/\/www.ufsm.br\/app\/uploads\/sites\/522\/2026\/08\/Fausto-Guirado.jpg 1920w\" sizes=\"(max-width: 280px) 100vw, 280px\" \/><\/td>\n<td style=\"width: 76.0153%;height: 24px;border-style: hidden;text-align: justify\">Graduado em Administra\u00e7\u00e3o e em Tecnologia da Informa\u00e7\u00e3o, e mestrado em Engenharia de Produ\u00e7\u00e3o pela UNESP. Possui mais de 17 anos de trajet\u00f3ria ajudando executivos a estruturar casos de valor, planejamento estrat\u00e9gico, avalia\u00e7\u00f5es de ROI\/TCO e projetos de moderniza\u00e7\u00e3o tecnol\u00f3gica nos setores de banc\u00e1rio, seguros, energia, telecomunica\u00e7\u00f5es e setor p\u00fablico. Atua como <em>Business Value Engineer<\/em> no SAS Institute, onde \u00e9 respons\u00e1vel por integrar estrat\u00e9gia de neg\u00f3cios, intelig\u00eancia artificial e solu\u00e7\u00f5es anal\u00edticas para impulsionar resultados mensur\u00e1veis.<\/td>\n<\/tr>\n<tr style=\"height: 24px\">\n<td style=\"width: 23.9847%;height: 24px;border-style: hidden\"><\/td>\n<td style=\"width: 76.0153%;height: 24px;border-style: hidden\"><\/td>\n<\/tr>\n<tr style=\"height: 24px\">\n<td style=\"width: 23.9847%;height: 24px;border-style: hidden\"><strong>Lyse Nogueira<\/strong><\/td>\n<td style=\"width: 76.0153%;height: 24px;border-style: hidden\"><\/td>\n<\/tr>\n<tr style=\"height: 24px\">\n<td style=\"width: 23.9847%;height: 24px;border-style: hidden\"><img loading=\"lazy\" decoding=\"async\" class=\"aligncenter wp-image-1792\" src=\"https:\/\/www.ufsm.br\/app\/uploads\/sites\/522\/2026\/08\/Lyse-Nogueira-1-200x300.jpg\" alt=\"\" width=\"280\" height=\"420\" srcset=\"https:\/\/www.ufsm.br\/app\/uploads\/sites\/522\/2026\/08\/Lyse-Nogueira-1-200x300.jpg 200w, https:\/\/www.ufsm.br\/app\/uploads\/sites\/522\/2026\/08\/Lyse-Nogueira-1-683x1024.jpg 683w, https:\/\/www.ufsm.br\/app\/uploads\/sites\/522\/2026\/08\/Lyse-Nogueira-1-768x1152.jpg 768w, https:\/\/www.ufsm.br\/app\/uploads\/sites\/522\/2026\/08\/Lyse-Nogueira-1-1024x1536.jpg 1024w, https:\/\/www.ufsm.br\/app\/uploads\/sites\/522\/2026\/08\/Lyse-Nogueira-1-1365x2048.jpg 1365w, https:\/\/www.ufsm.br\/app\/uploads\/sites\/522\/2026\/08\/Lyse-Nogueira-1-scaled.jpg 1707w\" sizes=\"(max-width: 280px) 100vw, 280px\" \/><\/td>\n<td style=\"width: 76.0153%;height: 24px;border-style: hidden;text-align: justify\">Atua como <em>Sr. Pre-Sales Solutions Architect<\/em> no SAS, acumula ampla experi\u00eancia nos mercados de <em>analytics<\/em>, dados e tecnologia. Sua trajet\u00f3ria \u00e9 dedicada a apoiar organiza\u00e7\u00f5es na identifica\u00e7\u00e3o e implementa\u00e7\u00e3o de solu\u00e7\u00f5es anal\u00edticas de alto impacto, colaborando ativamente com clientes e equipes multidisciplinares para converter desafios corporativos em estrat\u00e9gias orientadas por dados e inova\u00e7\u00e3o.<\/td>\n<\/tr>\n<tr style=\"height: 24px\">\n<td style=\"width: 23.9847%;height: 24px;border-style: hidden\"><\/td>\n<td style=\"width: 76.0153%;height: 24px;border-style: hidden\"><\/td>\n<\/tr>\n<tr style=\"height: 24px\">\n<td style=\"width: 100%;height: 24px;border-style: hidden\" colspan=\"2\"><strong>Estela Hasmann<\/strong><\/td>\n<\/tr>\n<tr style=\"height: 24px\">\n<td style=\"width: 23.9847%;height: 24px;border-style: hidden\"><img loading=\"lazy\" decoding=\"async\" class=\"aligncenter wp-image-1788\" src=\"https:\/\/www.ufsm.br\/app\/uploads\/sites\/522\/2026\/08\/Estela-200x300.jpg\" alt=\"\" width=\"280\" height=\"420\" srcset=\"https:\/\/www.ufsm.br\/app\/uploads\/sites\/522\/2026\/08\/Estela-200x300.jpg 200w, https:\/\/www.ufsm.br\/app\/uploads\/sites\/522\/2026\/08\/Estela-683x1024.jpg 683w, https:\/\/www.ufsm.br\/app\/uploads\/sites\/522\/2026\/08\/Estela-768x1152.jpg 768w, https:\/\/www.ufsm.br\/app\/uploads\/sites\/522\/2026\/08\/Estela-1024x1536.jpg 1024w, https:\/\/www.ufsm.br\/app\/uploads\/sites\/522\/2026\/08\/Estela.jpg 1080w\" sizes=\"(max-width: 280px) 100vw, 280px\" \/><\/td>\n<td style=\"width: 76.0153%;height: 24px;border-style: hidden;text-align: justify\">Graduada em Engenharia F\u00edsica pela Escola de Engenharia de Lorena (EEL-USP), possui s\u00f3lida trajet\u00f3ria na \u00e1rea de dados. Atualmente no SAS, atua junto a clientes dos segmentos financeiro, de seguros e telecomunica\u00e7\u00f5es na implementa\u00e7\u00e3o de solu\u00e7\u00f5es de dados sint\u00e9ticos e <em>analytics<\/em> avan\u00e7ado. Sua atua\u00e7\u00e3o combina forma\u00e7\u00e3o s\u00f3lida em ci\u00eancias exatas e experi\u00eancia pr\u00e1tica em projetos de dados, levando tecnologias de ponta para aplica\u00e7\u00f5es reais de neg\u00f3cio.<\/td>\n<\/tr>\n<tr style=\"height: 24px\">\n<td style=\"width: 23.9847%;height: 24px;border-style: hidden\"><\/td>\n<td style=\"width: 76.0153%;height: 24px;border-style: hidden\"><em>\u00a0<\/em><\/td>\n<\/tr>\n<\/tbody>\n<\/table>\n<div dir=\"auto\">\n<div dir=\"auto\">\n<p>&nbsp;<\/p>\n<p><!--nextpage--><\/p>\n<p style=\"text-align: center\"><span style=\"font-size: 12pt\"><strong>Anais<\/strong><\/span><\/p>\n<table style=\"height: 10px;width: 100%;border-collapse: collapse;border-style: hidden\">\n<tbody>\n<tr style=\"border-style: hidden\">\n<td style=\"width: 10.7784%;height: 10px;border-style: hidden\"><a href=\"https:\/\/www.ufsm.br\/app\/uploads\/sites\/522\/2025\/09\/Anais-WSTAR-2025.pdf\" target=\"_blank\" rel=\"noopener\"><img loading=\"lazy\" decoding=\"async\" class=\"aligncenter wp-image-1737\" src=\"https:\/\/www.ufsm.br\/app\/uploads\/sites\/522\/2025\/09\/e-book-212x300.jpg\" alt=\"\" width=\"327\" height=\"463\" srcset=\"https:\/\/www.ufsm.br\/app\/uploads\/sites\/522\/2025\/09\/e-book-212x300.jpg 212w, https:\/\/www.ufsm.br\/app\/uploads\/sites\/522\/2025\/09\/e-book-724x1024.jpg 724w, https:\/\/www.ufsm.br\/app\/uploads\/sites\/522\/2025\/09\/e-book-768x1087.jpg 768w, https:\/\/www.ufsm.br\/app\/uploads\/sites\/522\/2025\/09\/e-book-1085x1536.jpg 1085w, https:\/\/www.ufsm.br\/app\/uploads\/sites\/522\/2025\/09\/e-book-1447x2048.jpg 1447w, https:\/\/www.ufsm.br\/app\/uploads\/sites\/522\/2025\/09\/e-book.jpg 1809w\" sizes=\"(max-width: 327px) 100vw, 327px\" \/><\/a><\/td>\n<\/tr>\n<\/tbody>\n<\/table>\n<\/div>\n<\/div>\n<p><!--more--><\/p>\n<\/div>\n<\/div>\n<p>&nbsp;<\/p>\n","evento_inscricao":"<p>A inscri\u00e7\u00e3o \u00e9 gratuita, individual e intransfer\u00edvel.<\/p>\n<p>Para participar, preencha o formul\u00e1rio de inscri\u00e7\u00e3o dispon\u00edvel no seguinte link: <a href=\"https:\/\/forms.gle\/fUZ4Lz6DQJUGxNJe8\" target=\"_blank\" rel=\"noopener\">https:\/\/forms.gle\/fUZ4Lz6DQJUGxNJe8<\/a><\/p>\n<p>Os participantes inscritos ter\u00e3o direito a:<\/p>\n<p>\u2714 Acesso a todas as palestras durante a transmiss\u00e3o do evento;<\/p>\n<p>\u2714 Certificado de participa\u00e7\u00e3o na <em>live<\/em>.<\/p>\n<p><strong>ATEN\u00c7\u00c3O<\/strong>: o certificado de participa\u00e7\u00e3o ser\u00e1 emitido exclusivamente aos participantes que cumprirem <strong>frequ\u00eancia m\u00ednima de 75%<\/strong> nas palestras durante a transmiss\u00e3o da <em>live<\/em>.<\/p>\n<p>&nbsp;<\/p>\n","evento_local":"Transmiss\u00e3o online via canal do PPGCTA no YouTube: http:\/\/www.youtube.com\/@ppgctaufsm","evento_contato":"<p>wstar.ufsm@gmail.com<\/p>\n"},"_links":{"self":[{"href":"https:\/\/www.ufsm.br\/cursos\/pos-graduacao\/santa-maria\/ppgcta\/wp-json\/wp\/v2\/eventos\/1787","targetHints":{"allow":["GET"]}}],"collection":[{"href":"https:\/\/www.ufsm.br\/cursos\/pos-graduacao\/santa-maria\/ppgcta\/wp-json\/wp\/v2\/eventos"}],"about":[{"href":"https:\/\/www.ufsm.br\/cursos\/pos-graduacao\/santa-maria\/ppgcta\/wp-json\/wp\/v2\/types\/eventos"}],"wp:featuredmedia":[{"embeddable":true,"href":"https:\/\/www.ufsm.br\/cursos\/pos-graduacao\/santa-maria\/ppgcta\/wp-json\/wp\/v2\/media\/1550"}],"wp:attachment":[{"href":"https:\/\/www.ufsm.br\/cursos\/pos-graduacao\/santa-maria\/ppgcta\/wp-json\/wp\/v2\/media?parent=1787"}],"wp:term":[{"taxonomy":"post_tag","embeddable":true,"href":"https:\/\/www.ufsm.br\/cursos\/pos-graduacao\/santa-maria\/ppgcta\/wp-json\/wp\/v2\/tags?post=1787"}],"curies":[{"name":"wp","href":"https:\/\/api.w.org\/{rel}","templated":true}]}}