{"id":5,"date":"2018-01-18T08:39:17","date_gmt":"2018-01-18T10:39:17","guid":{"rendered":"https:\/\/www.ufsm.br\/cursos\/graduacao\/nutricao\/12352\/?page_id=5"},"modified":"2026-08-10T14:26:45","modified_gmt":"2026-08-10T17:26:45","slug":"pagina-inicial","status":"publish","type":"page","link":"https:\/\/www.ufsm.br\/cursos\/pos-graduacao\/santa-maria\/ppge\/","title":{"rendered":"P\u00e1gina Inicial"},"content":{"rendered":"\t\t<div data-elementor-type=\"wp-post\" data-elementor-id=\"5\" class=\"elementor elementor-5\">\n\t\t\t\t\t\t<section class=\"elementor-section elementor-top-section elementor-element elementor-element-28533df elementor-section-boxed elementor-section-height-default elementor-section-height-default\" data-id=\"28533df\" data-element_type=\"section\">\n\t\t\t\t\t\t<div class=\"elementor-container elementor-column-gap-default\">\n\t\t\t\t\t<div class=\"elementor-column elementor-col-100 elementor-top-column elementor-element elementor-element-27e1098\" data-id=\"27e1098\" data-element_type=\"column\">\n\t\t\t<div class=\"elementor-widget-wrap elementor-element-populated\">\n\t\t\t\t\t\t<div class=\"elementor-element elementor-element-f5b0a70 elementor-alert-info elementor-widget elementor-widget-alert\" data-id=\"f5b0a70\" data-element_type=\"widget\" data-settings=\"{&quot;_animation&quot;:&quot;none&quot;}\" data-widget_type=\"alert.default\">\n\t\t\t\t<div class=\"elementor-widget-container\">\n\t\t\t\t\t<div class=\"elementor-alert\" role=\"alert\">\n\n\t\t\t\t\t\t<span class=\"elementor-alert-title\">Aten\u00e7\u00e3o aos novos fluxos de contato do PPGE!<\/span>\n\t\t\t\n\t\t\t\t\t\t<span class=\"elementor-alert-description\">Para otimizar nosso atendimento, as demandas foram divididas:\n<br>\n\n<ul>\n   <li> \n      Coordena\u00e7\u00e3o (Demandas Acad\u00eamicas) - <strong> ppgeducacao@ufsm.br <\/strong>. \n\n<br>\n\n <\/li>\n  <li> \nSecretaria (Demandas Administrativas e Documentos) - <strong> secretariapg.ce@ufsm.br <\/strong>\n\n<br>\n <strong> <a href=\"https:\/\/www.ufsm.br\/cursos\/pos-graduacao\/santa-maria\/ppge\/contato-2\">Clique aqui para ver todas as informa\u00e7\u00f5es de contato<\/a>  <\/strong>\n<\/ul>\n<\/span>\n\t\t\t\n\t\t\t\t\t\t<button type=\"button\" class=\"elementor-alert-dismiss\">\n\t\t\t\t\t\t\t\t\t<span aria-hidden=\"true\">&times;<\/span>\n\t\t\t\t\t\t\t\t<span class=\"elementor-screen-only\">Dismiss this alert.<\/span>\n\t\t\t<\/button>\n\t\t\t\n\t\t<\/div>\n\t\t\t\t<\/div>\n\t\t\t\t<\/div>\n\t\t\t\t\t<\/div>\n\t\t<\/div>\n\t\t\t\t\t<\/div>\n\t\t<\/section>\n\t\t\t\t<section class=\"elementor-section elementor-top-section elementor-element elementor-element-f6a61e1 elementor-section-boxed elementor-section-height-default elementor-section-height-default\" data-id=\"f6a61e1\" data-element_type=\"section\">\n\t\t\t\t\t\t<div class=\"elementor-container elementor-column-gap-default\">\n\t\t\t\t\t<div class=\"elementor-column elementor-col-100 elementor-top-column elementor-element elementor-element-81ce27f\" data-id=\"81ce27f\" data-element_type=\"column\">\n\t\t\t<div class=\"elementor-widget-wrap elementor-element-populated\">\n\t\t\t\t\t\t<div class=\"elementor-element elementor-element-a1dabd0 elementor-widget elementor-widget-heading\" data-id=\"a1dabd0\" data-element_type=\"widget\" data-widget_type=\"heading.default\">\n\t\t\t\t<div class=\"elementor-widget-container\">\n\t\t\t<h5 class=\"elementor-heading-title elementor-size-default\">Destaques<\/h5>\t\t<\/div>\n\t\t\t\t<\/div>\n\t\t\t\t<div class=\"elementor-element elementor-element-8d1f660 elementor-widget elementor-widget-wp-widget-ufsm_noticias_widget\" data-id=\"8d1f660\" data-element_type=\"widget\" data-widget_type=\"wp-widget-ufsm_noticias_widget.default\">\n\t\t\t\t<div class=\"elementor-widget-container\">\n\t\t\t<div id='ufsm-carousel-1788502816-1600660936' class='carousel slide carousel-ufsm' data-bs-ride='carousel' aria-hidden='true'>\n    <div class='carousel-inner'>\n                    \n\n            <div class='carousel-item active' data-bs-interval='4000'>\n                                    <!-- Link && Slider Image -->\n                    <a href='https:\/\/www.ufsm.br\/cursos\/pos-graduacao\/santa-maria\/ppge\/2026\/08\/17\/processo-seletivo-de-2026'>\n                        <img class='w-100' style='max-height:270px; object-fit:cover;' alt=\"Lista de aptas(os) e n\u00e3o aptas(os) O Programa de P\u00f3s-Gradua\u00e7\u00e3o em Educa\u00e7\u00e3o torna p\u00fablicas as listas das(os) candidatas(os) aptas(os) e n\u00e3o aptas(os) a participarem do processo seletivo dos cursos de Mestrado e Doutorado em Educa\u00e7\u00e3o da UFSM. LISTA DE APTAS(OS)&hellip;\" srcset=\"https:\/\/www.ufsm.br\/app\/uploads\/sites\/547\/2026\/08\/IMAGEM-Cronogramas-de-Entrevistas-300x79.jpg 300w, https:\/\/www.ufsm.br\/app\/uploads\/sites\/547\/2026\/08\/IMAGEM-Cronogramas-de-Entrevistas-1024x270.jpg 1024w, https:\/\/www.ufsm.br\/app\/uploads\/sites\/547\/2026\/08\/IMAGEM-Cronogramas-de-Entrevistas-768x202.jpg 768w, https:\/\/www.ufsm.br\/app\/uploads\/sites\/547\/2026\/08\/IMAGEM-Cronogramas-de-Entrevistas-1536x405.jpg 1536w, https:\/\/www.ufsm.br\/app\/uploads\/sites\/547\/2026\/08\/IMAGEM-Cronogramas-de-Entrevistas.jpg 1920w\">\n                    <\/a>\n                \n                \n                                                            <\/div>\n                    \n\n            <div class='carousel-item ' data-bs-interval='4000'>\n                                    <!-- Link && Slider Image -->\n                    <a href='https:\/\/www.ufsm.br\/cursos\/pos-graduacao\/santa-maria\/ppge\/2026\/08\/18\/cronograma-de-inicio-do-semestre'>\n                        <img class='w-100' style='max-height:270px; object-fit:cover;' alt=\"O Programa de P\u00f3s-Gradua\u00e7\u00e3o em Educa\u00e7\u00e3o da UFSM deseja a todos(as) um excelente retorno \u00e0s atividades! Confira as principais datas do semestre: Matr\u00edcula: 22 e 23 de setembro de 2026 Processamento da matr\u00edcula: 24 de setembro de 2026 Ajuste de&hellip;\" srcset=\"https:\/\/www.ufsm.br\/app\/uploads\/sites\/547\/2026\/08\/banner-inicio-300x79.jpg 300w, https:\/\/www.ufsm.br\/app\/uploads\/sites\/547\/2026\/08\/banner-inicio-1024x270.jpg 1024w, https:\/\/www.ufsm.br\/app\/uploads\/sites\/547\/2026\/08\/banner-inicio-768x203.jpg 768w, https:\/\/www.ufsm.br\/app\/uploads\/sites\/547\/2026\/08\/banner-inicio-1536x405.jpg 1536w, https:\/\/www.ufsm.br\/app\/uploads\/sites\/547\/2026\/08\/banner-inicio.jpg 2048w\">\n                    <\/a>\n                \n                \n                                                            <\/div>\n                    \n\n            <div class='carousel-item ' data-bs-interval='4000'>\n                                    <!-- Link && Slider Image -->\n                    <a href='https:\/\/www.ufsm.br\/cursos\/pos-graduacao\/santa-maria\/ppge\/2026\/03\/26\/xxvii-forum-de-estudos-leituras-de-paulo-freire-sementes-para-o-esperancar-com-diferentes-geracoes'>\n                        <img class='w-100' style='max-height:270px; object-fit:cover;' alt=\"O\u00a0XXVII F\u00f3rum de Estudos: Leituras de Paulo Freire &#8211; Sementes para o Esperan\u00e7ar com diferentes gera\u00e7\u00f5es,\u00a0acontecer\u00e1 nos dias 21, 22 e 23 de maio de 2026 na Universidade Federal de Santa Maria. \u00a0 Estamos muito felizes em sediar este evento&hellip;\" srcset=\"https:\/\/www.ufsm.br\/app\/uploads\/sites\/547\/2026\/03\/id-forum-paulo-freire-versao-final-300x120.jpeg 300w, https:\/\/www.ufsm.br\/app\/uploads\/sites\/547\/2026\/03\/id-forum-paulo-freire-versao-final-1024x410.jpeg 1024w, https:\/\/www.ufsm.br\/app\/uploads\/sites\/547\/2026\/03\/id-forum-paulo-freire-versao-final-768x308.jpeg 768w, https:\/\/www.ufsm.br\/app\/uploads\/sites\/547\/2026\/03\/id-forum-paulo-freire-versao-final-1536x615.jpeg 1536w, https:\/\/www.ufsm.br\/app\/uploads\/sites\/547\/2026\/03\/id-forum-paulo-freire-versao-final.jpeg 1920w\">\n                    <\/a>\n                \n                \n                                                            <\/div>\n                    \n\n            <div class='carousel-item ' data-bs-interval='4000'>\n                                    <!-- Link && Slider Image -->\n                    <a href='https:\/\/www.ufsm.br\/cursos\/pos-graduacao\/santa-maria\/ppge\/2026\/02\/27\/defesa-da-primeira-tese-do-programa-de-pos-graduacao-em-educacao-da-ufsm-em-regime-de-cotutela-brasil-e-espanha'>\n                        <img class='w-100' style='max-height:270px; object-fit:cover;' alt=\"Dando continuidade ao processo de internacionaliza\u00e7\u00e3o do Programa de P\u00f3s-gradua\u00e7\u00e3o em Educa\u00e7\u00e3o &#8211; PPGE do Centro de Educa\u00e7\u00e3o, da Universidade Federal de Santa Maria &#8211; UFSM, ocorreu nesta quinta-feira, 26 de fevereiro de 2026, a primeira banca de defesa de&hellip;\" srcset=\"https:\/\/www.ufsm.br\/app\/uploads\/sites\/547\/2026\/02\/WhatsApp-Image-2026-02-27-at-11.43.521-300x188.jpeg 300w, https:\/\/www.ufsm.br\/app\/uploads\/sites\/547\/2026\/02\/WhatsApp-Image-2026-02-27-at-11.43.521-1024x641.jpeg 1024w, https:\/\/www.ufsm.br\/app\/uploads\/sites\/547\/2026\/02\/WhatsApp-Image-2026-02-27-at-11.43.521-768x481.jpeg 768w, https:\/\/www.ufsm.br\/app\/uploads\/sites\/547\/2026\/02\/WhatsApp-Image-2026-02-27-at-11.43.521.jpeg 1200w\">\n                    <\/a>\n                \n                \n                                                            <\/div>\n                    \n\n            <div class='carousel-item ' data-bs-interval='4000'>\n                                    <!-- Link && Slider Image -->\n                    <a href='https:\/\/www.ufsm.br\/cursos\/pos-graduacao\/santa-maria\/ppge\/2026\/02\/23\/quadro-de-horarios-2026-1'>\n                        <img class='w-100' style='max-height:270px; object-fit:cover;' alt=\"O quadro de hor\u00e1rios para o primeiro semestre de 2026, do Programa de P\u00f3s-Gradua\u00e7\u00e3o em Educa\u00e7\u00e3o, est\u00e1 dispon\u00edvel abaixo: Clique aqui para acessar\" srcset=\"https:\/\/www.ufsm.br\/app\/uploads\/sites\/547\/2026\/02\/Quadro-de-horarios-300x79.jpg 300w, https:\/\/www.ufsm.br\/app\/uploads\/sites\/547\/2026\/02\/Quadro-de-horarios-1024x270.jpg 1024w, https:\/\/www.ufsm.br\/app\/uploads\/sites\/547\/2026\/02\/Quadro-de-horarios-768x203.jpg 768w, https:\/\/www.ufsm.br\/app\/uploads\/sites\/547\/2026\/02\/Quadro-de-horarios-1536x405.jpg 1536w, https:\/\/www.ufsm.br\/app\/uploads\/sites\/547\/2026\/02\/Quadro-de-horarios.jpg 2048w\">\n                    <\/a>\n                \n                \n                                                            <\/div>\n                    <!-- Exibi Indicadores -->\n                    <ol class='carousel-indicators carousel-indicators-numbers d-none d-md-flex align-self-end m-0'>\n                <li data-bs-target='#ufsm-carousel-1788502816-1600660936' data-bs-slide-to='0' class='d-flex rounded-circle active'><span class='m-auto fw-bold'>1<\/span><\/li><li data-bs-target='#ufsm-carousel-1788502816-1600660936' data-bs-slide-to='1' class='d-flex rounded-circle '><span class='m-auto fw-bold'>2<\/span><\/li><li data-bs-target='#ufsm-carousel-1788502816-1600660936' data-bs-slide-to='2' class='d-flex rounded-circle '><span class='m-auto fw-bold'>3<\/span><\/li><li data-bs-target='#ufsm-carousel-1788502816-1600660936' data-bs-slide-to='3' class='d-flex rounded-circle '><span class='m-auto fw-bold'>4<\/span><\/li><li data-bs-target='#ufsm-carousel-1788502816-1600660936' data-bs-slide-to='4' class='d-flex rounded-circle '><span class='m-auto fw-bold'>5<\/span><\/li>            <\/ol>\n            <a class='carousel-control-prev' href='#ufsm-carousel-1788502816-1600660936' role='button' data-bs-slide='prev'>\n                <span class='carousel-control-prev-icon' aria-hidden='true'><\/span>\n                <span class='visually-hidden'>Previous<\/span>\n            <\/a>\n            <a class='carousel-control-next' href='#ufsm-carousel-1788502816-1600660936' role='button' data-bs-slide='next'>\n                <span class='carousel-control-next-icon' aria-hidden='true'><\/span>\n                <span class='visually-hidden'>Next<\/span>\n            <\/a>\n            <\/div>\n<\/div>\n<!-- Acessibilidade, apenas leitor de tela -->\n<ul class='visually-hidden'>\n    <li><a href='https:\/\/www.ufsm.br\/cursos\/pos-graduacao\/santa-maria\/ppge\/2026\/08\/17\/processo-seletivo-de-2026'>Processo Seletivo de 2026<\/a><\/li><li><a href='https:\/\/www.ufsm.br\/cursos\/pos-graduacao\/santa-maria\/ppge\/2026\/08\/18\/cronograma-de-inicio-do-semestre'>Cronograma de in\u00edcio do semestre 2026\/2<\/a><\/li><li><a href='https:\/\/www.ufsm.br\/cursos\/pos-graduacao\/santa-maria\/ppge\/2026\/03\/26\/xxvii-forum-de-estudos-leituras-de-paulo-freire-sementes-para-o-esperancar-com-diferentes-geracoes'>XXVII F\u00f3rum de Estudos: Leituras de Paulo Freire &#8211; Sementes para o Esperan\u00e7ar com diferentes gera\u00e7\u00f5es<\/a><\/li><li><a href='https:\/\/www.ufsm.br\/cursos\/pos-graduacao\/santa-maria\/ppge\/2026\/02\/27\/defesa-da-primeira-tese-do-programa-de-pos-graduacao-em-educacao-da-ufsm-em-regime-de-cotutela-brasil-e-espanha'>Defesa da Primeira Tese do Programa de P\u00f3s-Gradua\u00e7\u00e3o em Educa\u00e7\u00e3o da UFSM, em Regime de Cotutela (Brasil e Espanha)<\/a><\/li><li><a href='https:\/\/www.ufsm.br\/cursos\/pos-graduacao\/santa-maria\/ppge\/2026\/02\/23\/quadro-de-horarios-2026-1'>Quadro de Hor\u00e1rios 2026\/1<\/a><\/li><\/ul>\n<div class=\"leia-mais p-1\">\n                <a href=\"https:\/\/www.ufsm.br\/cursos\/pos-graduacao\/santa-maria\/ppge\/busca\/?q=&area=post|page&orderby=modified&sites%5B%5D=547&sites%5B%5D=1\">\n            LEIA MAIS            <span class=\"icon-box\">\n                <span class=\"bg-ufsm-widget-icon\">\n                    <i class=\"fas fa-chevron-right\" aria-hidden=\"true\"><\/i>\n                <\/span>\n            <\/span>\n        <\/a>\n    <\/div>\n\t\t<\/div>\n\t\t\t\t<\/div>\n\t\t\t\t\t<\/div>\n\t\t<\/div>\n\t\t\t\t\t<\/div>\n\t\t<\/section>\n\t\t\t\t<section class=\"elementor-section elementor-top-section elementor-element elementor-element-e5bcc64 elementor-section-boxed elementor-section-height-default elementor-section-height-default\" data-id=\"e5bcc64\" data-element_type=\"section\">\n\t\t\t\t\t\t<div class=\"elementor-container elementor-column-gap-default\">\n\t\t\t\t\t<div class=\"elementor-column elementor-col-100 elementor-top-column elementor-element elementor-element-c09ac3d\" data-id=\"c09ac3d\" data-element_type=\"column\">\n\t\t\t<div class=\"elementor-widget-wrap elementor-element-populated\">\n\t\t\t\t\t\t<div class=\"elementor-element elementor-element-9bf8518 elementor-widget elementor-widget-heading\" data-id=\"9bf8518\" data-element_type=\"widget\" data-widget_type=\"heading.default\">\n\t\t\t\t<div class=\"elementor-widget-container\">\n\t\t\t<h5 class=\"elementor-heading-title elementor-size-default\">Apresenta\u00e7\u00e3o<\/h5>\t\t<\/div>\n\t\t\t\t<\/div>\n\t\t\t\t\t<\/div>\n\t\t<\/div>\n\t\t\t\t\t<\/div>\n\t\t<\/section>\n\t\t\t\t<section class=\"elementor-section elementor-top-section elementor-element elementor-element-71f1b01 elementor-section-boxed elementor-section-height-default elementor-section-height-default\" data-id=\"71f1b01\" data-element_type=\"section\">\n\t\t\t\t\t\t<div class=\"elementor-container elementor-column-gap-default\">\n\t\t\t\t\t<div class=\"elementor-column elementor-col-100 elementor-top-column elementor-element elementor-element-c711c96\" data-id=\"c711c96\" data-element_type=\"column\">\n\t\t\t<div class=\"elementor-widget-wrap elementor-element-populated\">\n\t\t\t\t\t\t<div class=\"elementor-element elementor-element-32089a5 elementor-widget elementor-widget-text-editor\" data-id=\"32089a5\" data-element_type=\"widget\" data-widget_type=\"text-editor.default\">\n\t\t\t\t<div class=\"elementor-widget-container\">\n\t\t\t\t\t\t\t<p><div class=\"accordion\" id=\"accordion-cursos-informacoes-gerais\">\n                <div class=\"accordion-item\">\n                <h2 class=\"accordion-header\" id=\"accordion-cursos-informacoes-gerais-collapse-heading-830\">\n                    <button class=\"accordion-button collapsed\" type=\"button\" data-bs-toggle=\"collapse\" data-bs-target=\"#accordion-cursos-informacoes-gerais-collapse-830\" aria-expanded=\"false\" aria-controls=\"accordion-cursos-informacoes-gerais-collapse-830\">\n                        PG Educa\u00e7\u00e3o &#8211; Mestrado                    <\/button>\n                <\/h2>\n                <div id=\"accordion-cursos-informacoes-gerais-collapse-830\" class=\"collapse \" aria-labelledby=\"accordion-cursos-informacoes-gerais-collapse-heading-830\"  data-bs-parent=\"#accordion-cursos-informacoes-gerais\">\n                                            <div class=\"accordion-body\"><p>O curso de <b>P\u00f3s-Gradua\u00e7\u00e3o em Educa\u00e7\u00e3o<\/b> est\u00e1 localizado em <b>Campus Camobi &#8211; UFSM<\/b> na modalidade <b>Mestrado &#8211; Presencial<\/b>. A \u00e1rea de conhecimento do curso \u00e9 classificada como <b>EDUCA\u00c7\u00c3O<\/b>. Atualmente, a coordena\u00e7\u00e3o \u00e9 de responsabilidade de <b>FABIANE ROMANO DE SOUZA BRIDI<\/b>, a coordena\u00e7\u00e3o substituta de <b>CADIDJA COUTINHO<\/b> e a secretaria de <b>ANDR\u00c9 LUIZ FAVERZANI MARTINS<\/b>.<\/p><p>O curso \u00e9 ofertado em per\u00edodo <b>Semestral<\/b>, sendo <b>4<\/b> o n\u00famero de per\u00edodos indicados para sua conclus\u00e3o.<\/p><p class='mt-3'>Reconhecido pelo Minist\u00e9rio da Educa\u00e7\u00e3o &#8211; Portaria n. 609\/2019<\/p><\/div>\n                                    <\/div>\n            <\/div>\n                <div class=\"accordion-item\">\n                <h2 class=\"accordion-header\" id=\"accordion-cursos-informacoes-gerais-collapse-heading-1142\">\n                    <button class=\"accordion-button collapsed\" type=\"button\" data-bs-toggle=\"collapse\" data-bs-target=\"#accordion-cursos-informacoes-gerais-collapse-1142\" aria-expanded=\"false\" aria-controls=\"accordion-cursos-informacoes-gerais-collapse-1142\">\n                        PG Educa\u00e7\u00e3o &#8211; Doutorado                    <\/button>\n                <\/h2>\n                <div id=\"accordion-cursos-informacoes-gerais-collapse-1142\" class=\"collapse \" aria-labelledby=\"accordion-cursos-informacoes-gerais-collapse-heading-1142\"  data-bs-parent=\"#accordion-cursos-informacoes-gerais\">\n                                            <div class=\"accordion-body\"><p>O curso de <b>P\u00f3s-Gradua\u00e7\u00e3o em Educa\u00e7\u00e3o<\/b> est\u00e1 localizado em <b>Campus Camobi &#8211; UFSM<\/b> na modalidade <b>Doutorado &#8211; Presencial<\/b>. A \u00e1rea de conhecimento do curso \u00e9 classificada como <b>EDUCA\u00c7\u00c3O<\/b>. Atualmente, a coordena\u00e7\u00e3o \u00e9 de responsabilidade de <b>FABIANE ROMANO DE SOUZA BRIDI<\/b>, a coordena\u00e7\u00e3o substituta de <b>CADIDJA COUTINHO<\/b> e a secretaria de <b>ANDR\u00c9 LUIZ FAVERZANI MARTINS<\/b>.<\/p><p>O curso \u00e9 ofertado em per\u00edodo <b>Semestral<\/b>, sendo <b>8<\/b> o n\u00famero de per\u00edodos indicados para sua conclus\u00e3o.<\/p><p class='mt-3'>Reconhecido pelo Minist\u00e9rio da Educa\u00e7\u00e3o &#8211; Portaria n. 609\/2019<\/p><\/div>\n                                    <\/div>\n            <\/div>\n    <\/div> \n<\/p>\t\t\t\t\t\t<\/div>\n\t\t\t\t<\/div>\n\t\t\t\t\t<\/div>\n\t\t<\/div>\n\t\t\t\t\t<\/div>\n\t\t<\/section>\n\t\t\t\t<section class=\"elementor-section elementor-top-section elementor-element elementor-element-8f2c384 elementor-section-boxed elementor-section-height-default elementor-section-height-default\" data-id=\"8f2c384\" data-element_type=\"section\">\n\t\t\t\t\t\t<div class=\"elementor-container elementor-column-gap-default\">\n\t\t\t\t\t<div class=\"elementor-column elementor-col-100 elementor-top-column elementor-element elementor-element-fc394e5\" data-id=\"fc394e5\" data-element_type=\"column\">\n\t\t\t<div class=\"elementor-widget-wrap elementor-element-populated\">\n\t\t\t\t\t\t<div class=\"elementor-element elementor-element-73514e7 elementor-widget elementor-widget-heading\" data-id=\"73514e7\" data-element_type=\"widget\" data-widget_type=\"heading.default\">\n\t\t\t\t<div class=\"elementor-widget-container\">\n\t\t\t<h5 class=\"elementor-heading-title elementor-size-default\">Utilidades<\/h5>\t\t<\/div>\n\t\t\t\t<\/div>\n\t\t\t\t\t<\/div>\n\t\t<\/div>\n\t\t\t\t\t<\/div>\n\t\t<\/section>\n\t\t\t\t<section class=\"elementor-section elementor-top-section elementor-element elementor-element-dc3e5fd elementor-section-boxed elementor-section-height-default elementor-section-height-default\" data-id=\"dc3e5fd\" data-element_type=\"section\">\n\t\t\t\t\t\t<div class=\"elementor-container elementor-column-gap-default\">\n\t\t\t\t\t<div class=\"elementor-column elementor-col-33 elementor-top-column elementor-element elementor-element-1f06877\" data-id=\"1f06877\" data-element_type=\"column\">\n\t\t\t<div class=\"elementor-widget-wrap elementor-element-populated\">\n\t\t\t\t\t\t<div class=\"elementor-element elementor-element-50c5fb9 elementor-view-default elementor-position-top elementor-mobile-position-top elementor-widget elementor-widget-icon-box\" data-id=\"50c5fb9\" data-element_type=\"widget\" data-widget_type=\"icon-box.default\">\n\t\t\t\t<div class=\"elementor-widget-container\">\n\t\t\t\t\t<div class=\"elementor-icon-box-wrapper\">\n\n\t\t\t\t\t\t<div class=\"elementor-icon-box-icon\">\n\t\t\t\t<a href=\"https:\/\/www.ufsm.br\/cursos\/pos-graduacao\/santa-maria\/ppge\/horarios\" class=\"elementor-icon elementor-animation-\" tabindex=\"-1\">\n\t\t\t\t<i aria-hidden=\"true\" class=\"fas fa-pencil-alt\"><\/i>\t\t\t\t<\/a>\n\t\t\t<\/div>\n\t\t\t\n\t\t\t\t\t\t<div class=\"elementor-icon-box-content\">\n\n\t\t\t\t\t\t\t\t\t<h4 class=\"elementor-icon-box-title\">\n\t\t\t\t\t\t<a href=\"https:\/\/www.ufsm.br\/cursos\/pos-graduacao\/santa-maria\/ppge\/horarios\" >\n\t\t\t\t\t\t\tOferta\/Hor\u00e1rios\t\t\t\t\t\t<\/a>\n\t\t\t\t\t<\/h4>\n\t\t\t\t\n\t\t\t\t\n\t\t\t<\/div>\n\t\t\t\n\t\t<\/div>\n\t\t\t\t<\/div>\n\t\t\t\t<\/div>\n\t\t\t\t\t<\/div>\n\t\t<\/div>\n\t\t\t\t<div class=\"elementor-column elementor-col-33 elementor-top-column elementor-element elementor-element-af59133\" data-id=\"af59133\" data-element_type=\"column\">\n\t\t\t<div class=\"elementor-widget-wrap elementor-element-populated\">\n\t\t\t\t\t\t<div class=\"elementor-element elementor-element-755de5b elementor-view-default elementor-position-top elementor-mobile-position-top elementor-widget elementor-widget-icon-box\" data-id=\"755de5b\" data-element_type=\"widget\" data-widget_type=\"icon-box.default\">\n\t\t\t\t<div class=\"elementor-widget-container\">\n\t\t\t\t\t<div class=\"elementor-icon-box-wrapper\">\n\n\t\t\t\t\t\t<div class=\"elementor-icon-box-icon\">\n\t\t\t\t<a href=\"https:\/\/www.ufsm.br\/cursos\/pos-graduacao\/santa-maria\/ppge\/informacoes-do-curriculo\" class=\"elementor-icon elementor-animation-\" tabindex=\"-1\">\n\t\t\t\t<i aria-hidden=\"true\" class=\"far fa-clipboard\"><\/i>\t\t\t\t<\/a>\n\t\t\t<\/div>\n\t\t\t\n\t\t\t\t\t\t<div class=\"elementor-icon-box-content\">\n\n\t\t\t\t\t\t\t\t\t<h4 class=\"elementor-icon-box-title\">\n\t\t\t\t\t\t<a href=\"https:\/\/www.ufsm.br\/cursos\/pos-graduacao\/santa-maria\/ppge\/informacoes-do-curriculo\" >\n\t\t\t\t\t\t\tInforma\u00e7\u00f5es Curriculares\t\t\t\t\t\t<\/a>\n\t\t\t\t\t<\/h4>\n\t\t\t\t\n\t\t\t\t\n\t\t\t<\/div>\n\t\t\t\n\t\t<\/div>\n\t\t\t\t<\/div>\n\t\t\t\t<\/div>\n\t\t\t\t\t<\/div>\n\t\t<\/div>\n\t\t\t\t<div class=\"elementor-column elementor-col-33 elementor-top-column elementor-element elementor-element-a86b762\" data-id=\"a86b762\" data-element_type=\"column\">\n\t\t\t<div class=\"elementor-widget-wrap elementor-element-populated\">\n\t\t\t\t\t\t<div class=\"elementor-element elementor-element-ac459c5 elementor-view-default elementor-position-top elementor-mobile-position-top elementor-widget elementor-widget-icon-box\" data-id=\"ac459c5\" data-element_type=\"widget\" data-widget_type=\"icon-box.default\">\n\t\t\t\t<div class=\"elementor-widget-container\">\n\t\t\t\t\t<div class=\"elementor-icon-box-wrapper\">\n\n\t\t\t\t\t\t<div class=\"elementor-icon-box-icon\">\n\t\t\t\t<a href=\"https:\/\/www.ufsm.br\/cursos\/pos-graduacao\/santa-maria\/ppge\/calendario-de-defesas\" class=\"elementor-icon elementor-animation-\" tabindex=\"-1\">\n\t\t\t\t<i aria-hidden=\"true\" class=\"fas fa-calendar-alt\"><\/i>\t\t\t\t<\/a>\n\t\t\t<\/div>\n\t\t\t\n\t\t\t\t\t\t<div class=\"elementor-icon-box-content\">\n\n\t\t\t\t\t\t\t\t\t<h4 class=\"elementor-icon-box-title\">\n\t\t\t\t\t\t<a href=\"https:\/\/www.ufsm.br\/cursos\/pos-graduacao\/santa-maria\/ppge\/calendario-de-defesas\" >\n\t\t\t\t\t\t\tCalend\u00e1rio de Defesas\t\t\t\t\t\t<\/a>\n\t\t\t\t\t<\/h4>\n\t\t\t\t\n\t\t\t\t\n\t\t\t<\/div>\n\t\t\t\n\t\t<\/div>\n\t\t\t\t<\/div>\n\t\t\t\t<\/div>\n\t\t\t\t\t<\/div>\n\t\t<\/div>\n\t\t\t\t\t<\/div>\n\t\t<\/section>\n\t\t\t\t<section class=\"elementor-section elementor-top-section elementor-element elementor-element-41bed6b elementor-section-boxed elementor-section-height-default elementor-section-height-default\" data-id=\"41bed6b\" data-element_type=\"section\">\n\t\t\t\t\t\t<div class=\"elementor-container elementor-column-gap-default\">\n\t\t\t\t\t<div class=\"elementor-column elementor-col-33 elementor-top-column elementor-element elementor-element-a01870a\" data-id=\"a01870a\" data-element_type=\"column\">\n\t\t\t<div class=\"elementor-widget-wrap elementor-element-populated\">\n\t\t\t\t\t\t<div class=\"elementor-element elementor-element-1816fca elementor-view-default elementor-position-top elementor-mobile-position-top elementor-widget elementor-widget-icon-box\" data-id=\"1816fca\" data-element_type=\"widget\" data-widget_type=\"icon-box.default\">\n\t\t\t\t<div class=\"elementor-widget-container\">\n\t\t\t\t\t<div class=\"elementor-icon-box-wrapper\">\n\n\t\t\t\t\t\t<div class=\"elementor-icon-box-icon\">\n\t\t\t\t<a href=\"https:\/\/www.ufsm.br\/cursos\/pos-graduacao\/santa-maria\/ppge\/solicitacao-de-recursos\" class=\"elementor-icon elementor-animation-\" tabindex=\"-1\">\n\t\t\t\t<i aria-hidden=\"true\" class=\"fas fa-dollar-sign\"><\/i>\t\t\t\t<\/a>\n\t\t\t<\/div>\n\t\t\t\n\t\t\t\t\t\t<div class=\"elementor-icon-box-content\">\n\n\t\t\t\t\t\t\t\t\t<h4 class=\"elementor-icon-box-title\">\n\t\t\t\t\t\t<a href=\"https:\/\/www.ufsm.br\/cursos\/pos-graduacao\/santa-maria\/ppge\/solicitacao-de-recursos\" >\n\t\t\t\t\t\t\tSolicita\u00e7\u00e3o de Recursos\t\t\t\t\t\t<\/a>\n\t\t\t\t\t<\/h4>\n\t\t\t\t\n\t\t\t\t\n\t\t\t<\/div>\n\t\t\t\n\t\t<\/div>\n\t\t\t\t<\/div>\n\t\t\t\t<\/div>\n\t\t\t\t\t<\/div>\n\t\t<\/div>\n\t\t\t\t<div class=\"elementor-column elementor-col-33 elementor-top-column elementor-element elementor-element-57da7ba\" data-id=\"57da7ba\" data-element_type=\"column\">\n\t\t\t<div class=\"elementor-widget-wrap elementor-element-populated\">\n\t\t\t\t\t\t<div class=\"elementor-element elementor-element-0c0f5b5 elementor-view-default elementor-position-top elementor-mobile-position-top elementor-widget elementor-widget-icon-box\" data-id=\"0c0f5b5\" data-element_type=\"widget\" data-widget_type=\"icon-box.default\">\n\t\t\t\t<div class=\"elementor-widget-container\">\n\t\t\t\t\t<div class=\"elementor-icon-box-wrapper\">\n\n\t\t\t\t\t\t<div class=\"elementor-icon-box-icon\">\n\t\t\t\t<a href=\"https:\/\/www.ufsm.br\/cursos\/pos-graduacao\/santa-maria\/ppge\/dissertacoes-teses\" class=\"elementor-icon elementor-animation-\" tabindex=\"-1\">\n\t\t\t\t<i aria-hidden=\"true\" class=\"fas fa-book\"><\/i>\t\t\t\t<\/a>\n\t\t\t<\/div>\n\t\t\t\n\t\t\t\t\t\t<div class=\"elementor-icon-box-content\">\n\n\t\t\t\t\t\t\t\t\t<h4 class=\"elementor-icon-box-title\">\n\t\t\t\t\t\t<a href=\"https:\/\/www.ufsm.br\/cursos\/pos-graduacao\/santa-maria\/ppge\/dissertacoes-teses\" >\n\t\t\t\t\t\t\tDisserta\u00e7\u00f5es\/Teses\t\t\t\t\t\t<\/a>\n\t\t\t\t\t<\/h4>\n\t\t\t\t\n\t\t\t\t\n\t\t\t<\/div>\n\t\t\t\n\t\t<\/div>\n\t\t\t\t<\/div>\n\t\t\t\t<\/div>\n\t\t\t\t\t<\/div>\n\t\t<\/div>\n\t\t\t\t<div class=\"elementor-column elementor-col-33 elementor-top-column elementor-element elementor-element-4af6bc2\" data-id=\"4af6bc2\" data-element_type=\"column\">\n\t\t\t<div class=\"elementor-widget-wrap elementor-element-populated\">\n\t\t\t\t\t\t<div class=\"elementor-element elementor-element-eee2cb2 elementor-view-default elementor-position-top elementor-mobile-position-top elementor-widget elementor-widget-icon-box\" data-id=\"eee2cb2\" data-element_type=\"widget\" data-widget_type=\"icon-box.default\">\n\t\t\t\t<div class=\"elementor-widget-container\">\n\t\t\t\t\t<div class=\"elementor-icon-box-wrapper\">\n\n\t\t\t\t\t\t<div class=\"elementor-icon-box-icon\">\n\t\t\t\t<a href=\"https:\/\/www.ufsm.br\/cursos\/pos-graduacao\/santa-maria\/ppge\/grupos\" class=\"elementor-icon elementor-animation-\" tabindex=\"-1\">\n\t\t\t\t<i aria-hidden=\"true\" class=\"fas fa-user-friends\"><\/i>\t\t\t\t<\/a>\n\t\t\t<\/div>\n\t\t\t\n\t\t\t\t\t\t<div class=\"elementor-icon-box-content\">\n\n\t\t\t\t\t\t\t\t\t<h4 class=\"elementor-icon-box-title\">\n\t\t\t\t\t\t<a href=\"https:\/\/www.ufsm.br\/cursos\/pos-graduacao\/santa-maria\/ppge\/grupos\" >\n\t\t\t\t\t\t\tGrupos Acad\u00eamicos\t\t\t\t\t\t<\/a>\n\t\t\t\t\t<\/h4>\n\t\t\t\t\n\t\t\t\t\n\t\t\t<\/div>\n\t\t\t\n\t\t<\/div>\n\t\t\t\t<\/div>\n\t\t\t\t<\/div>\n\t\t\t\t\t<\/div>\n\t\t<\/div>\n\t\t\t\t\t<\/div>\n\t\t<\/section>\n\t\t\t\t<section class=\"elementor-section elementor-top-section elementor-element elementor-element-ec1279d elementor-section-boxed elementor-section-height-default elementor-section-height-default\" data-id=\"ec1279d\" data-element_type=\"section\">\n\t\t\t\t\t\t<div class=\"elementor-container elementor-column-gap-default\">\n\t\t\t\t\t<div class=\"elementor-column elementor-col-33 elementor-top-column elementor-element elementor-element-12306de\" data-id=\"12306de\" data-element_type=\"column\">\n\t\t\t<div class=\"elementor-widget-wrap elementor-element-populated\">\n\t\t\t\t\t\t<div class=\"elementor-element elementor-element-592dec1 elementor-view-default elementor-position-top elementor-mobile-position-top elementor-widget elementor-widget-icon-box\" data-id=\"592dec1\" data-element_type=\"widget\" data-widget_type=\"icon-box.default\">\n\t\t\t\t<div class=\"elementor-widget-container\">\n\t\t\t\t\t<div class=\"elementor-icon-box-wrapper\">\n\n\t\t\t\t\t\t<div class=\"elementor-icon-box-icon\">\n\t\t\t\t<a href=\"https:\/\/www.ufsm.br\/cursos\/pos-graduacao\/santa-maria\/ppge\/busca\/?q=&#038;sites%5B%5D=547&#038;area=editais&#038;orderby=modified&#038;order=DESC\" class=\"elementor-icon elementor-animation-\" tabindex=\"-1\">\n\t\t\t\t<i aria-hidden=\"true\" class=\"far fa-copy\"><\/i>\t\t\t\t<\/a>\n\t\t\t<\/div>\n\t\t\t\n\t\t\t\t\t\t<div class=\"elementor-icon-box-content\">\n\n\t\t\t\t\t\t\t\t\t<h4 class=\"elementor-icon-box-title\">\n\t\t\t\t\t\t<a href=\"https:\/\/www.ufsm.br\/cursos\/pos-graduacao\/santa-maria\/ppge\/busca\/?q=&#038;sites%5B%5D=547&#038;area=editais&#038;orderby=modified&#038;order=DESC\" >\n\t\t\t\t\t\t\tEditais\t\t\t\t\t\t<\/a>\n\t\t\t\t\t<\/h4>\n\t\t\t\t\n\t\t\t\t\n\t\t\t<\/div>\n\t\t\t\n\t\t<\/div>\n\t\t\t\t<\/div>\n\t\t\t\t<\/div>\n\t\t\t\t\t<\/div>\n\t\t<\/div>\n\t\t\t\t<div class=\"elementor-column elementor-col-33 elementor-top-column elementor-element elementor-element-42fb91e\" data-id=\"42fb91e\" data-element_type=\"column\">\n\t\t\t<div class=\"elementor-widget-wrap elementor-element-populated\">\n\t\t\t\t\t\t<div class=\"elementor-element elementor-element-2409d9a elementor-view-default elementor-position-top elementor-mobile-position-top elementor-widget elementor-widget-icon-box\" data-id=\"2409d9a\" data-element_type=\"widget\" data-widget_type=\"icon-box.default\">\n\t\t\t\t<div class=\"elementor-widget-container\">\n\t\t\t\t\t<div class=\"elementor-icon-box-wrapper\">\n\n\t\t\t\t\t\t<div class=\"elementor-icon-box-icon\">\n\t\t\t\t<a href=\"https:\/\/www.ufsm.br\/cursos\/pos-graduacao\/santa-maria\/ppge\/programa-de-pos-graduacao-em-educacao-ppge\" target=\"_blank\" class=\"elementor-icon elementor-animation-\" tabindex=\"-1\">\n\t\t\t\t<i aria-hidden=\"true\" class=\"far fa-comments\"><\/i>\t\t\t\t<\/a>\n\t\t\t<\/div>\n\t\t\t\n\t\t\t\t\t\t<div class=\"elementor-icon-box-content\">\n\n\t\t\t\t\t\t\t\t\t<h4 class=\"elementor-icon-box-title\">\n\t\t\t\t\t\t<a href=\"https:\/\/www.ufsm.br\/cursos\/pos-graduacao\/santa-maria\/ppge\/programa-de-pos-graduacao-em-educacao-ppge\" target=\"_blank\" >\n\t\t\t\t\t\t\tColegiado\t\t\t\t\t\t<\/a>\n\t\t\t\t\t<\/h4>\n\t\t\t\t\n\t\t\t\t\n\t\t\t<\/div>\n\t\t\t\n\t\t<\/div>\n\t\t\t\t<\/div>\n\t\t\t\t<\/div>\n\t\t\t\t\t<\/div>\n\t\t<\/div>\n\t\t\t\t<div class=\"elementor-column elementor-col-33 elementor-top-column elementor-element elementor-element-9b8fc77\" data-id=\"9b8fc77\" data-element_type=\"column\">\n\t\t\t<div class=\"elementor-widget-wrap elementor-element-populated\">\n\t\t\t\t\t\t<div class=\"elementor-element elementor-element-2807a8a elementor-view-default elementor-position-top elementor-mobile-position-top elementor-widget elementor-widget-icon-box\" data-id=\"2807a8a\" data-element_type=\"widget\" data-widget_type=\"icon-box.default\">\n\t\t\t\t<div class=\"elementor-widget-container\">\n\t\t\t\t\t<div class=\"elementor-icon-box-wrapper\">\n\n\t\t\t\t\t\t<div class=\"elementor-icon-box-icon\">\n\t\t\t\t<a href=\"https:\/\/www.ufsm.br\/cursos\/pos-graduacao\/santa-maria\/ppge\/formularios-e-tutoriais\/\" class=\"elementor-icon elementor-animation-\" tabindex=\"-1\">\n\t\t\t\t<i aria-hidden=\"true\" class=\"fas fa-folder\"><\/i>\t\t\t\t<\/a>\n\t\t\t<\/div>\n\t\t\t\n\t\t\t\t\t\t<div class=\"elementor-icon-box-content\">\n\n\t\t\t\t\t\t\t\t\t<h4 class=\"elementor-icon-box-title\">\n\t\t\t\t\t\t<a href=\"https:\/\/www.ufsm.br\/cursos\/pos-graduacao\/santa-maria\/ppge\/formularios-e-tutoriais\/\" >\n\t\t\t\t\t\t\tFormul\u00e1rios e Tutoriais\t\t\t\t\t\t<\/a>\n\t\t\t\t\t<\/h4>\n\t\t\t\t\n\t\t\t\t\n\t\t\t<\/div>\n\t\t\t\n\t\t<\/div>\n\t\t\t\t<\/div>\n\t\t\t\t<\/div>\n\t\t\t\t\t<\/div>\n\t\t<\/div>\n\t\t\t\t\t<\/div>\n\t\t<\/section>\n\t\t\t\t<section class=\"elementor-section elementor-top-section elementor-element elementor-element-07ee5b4 elementor-section-boxed elementor-section-height-default elementor-section-height-default\" data-id=\"07ee5b4\" data-element_type=\"section\">\n\t\t\t\t\t\t<div class=\"elementor-container elementor-column-gap-default\">\n\t\t\t\t\t<div class=\"elementor-column elementor-col-100 elementor-top-column elementor-element elementor-element-1f7dbcd\" data-id=\"1f7dbcd\" data-element_type=\"column\">\n\t\t\t<div class=\"elementor-widget-wrap elementor-element-populated\">\n\t\t\t\t\t\t<div class=\"elementor-element elementor-element-d1a767d elementor-widget elementor-widget-wp-widget-ufsm_noticias_widget\" data-id=\"d1a767d\" data-element_type=\"widget\" data-widget_type=\"wp-widget-ufsm_noticias_widget.default\">\n\t\t\t\t<div class=\"elementor-widget-container\">\n\t\t\t<h5 class='titulo-conteudos'>Not\u00edcias<\/h5><div class='widget-noticias-inside'>\n                        <div class=\"row\">\n                                    <div class=\"col-12 col-lg-4 pb-4\">\n                                            <div class=\"noticias-widget-wrap\" style=\"height: 180px; overflow: hidden;\">\n                            <a title=\"\" href=\"https:\/\/www.ufsm.br\/cursos\/pos-graduacao\/santa-maria\/ppge\/2026\/08\/18\/cronograma-de-inicio-do-semestre\">\n                                <span class=\"visually-hidden\">\n                                    Cronograma de in\u00edcio do semestre 2026\/2                                <\/span>\n                                <div class=\"noticias-widget-thumbs h-100\">\n                                    <img decoding=\"async\" class=\"object-fit-cover h-100 w-100\" alt=\"\" srcset=\"https:\/\/www.ufsm.br\/app\/uploads\/sites\/547\/2026\/08\/banner-inicio-300x79.jpg 300w, https:\/\/www.ufsm.br\/app\/uploads\/sites\/547\/2026\/08\/banner-inicio-1024x270.jpg 1024w, https:\/\/www.ufsm.br\/app\/uploads\/sites\/547\/2026\/08\/banner-inicio-768x203.jpg 768w, https:\/\/www.ufsm.br\/app\/uploads\/sites\/547\/2026\/08\/banner-inicio-1536x405.jpg 1536w, https:\/\/www.ufsm.br\/app\/uploads\/sites\/547\/2026\/08\/banner-inicio.jpg 2048w\" src=\"https:\/\/www.ufsm.br\/app\/uploads\/sites\/547\/2026\/08\/banner-inicio-1024x270.jpg\"><\/img>\n                                <\/div>\n                            <\/a>\n                        <\/div>\n                                        \n                                        \n                    \n                    <a class=\"noticias-widget-title d-block  m-0 \"  title=\"Cronograma de in\u00edcio do semestre 2026\/2\" href=\"https:\/\/www.ufsm.br\/cursos\/pos-graduacao\/santa-maria\/ppge\/2026\/08\/18\/cronograma-de-inicio-do-semestre\">\n                                                Cronograma de in\u00edcio do semestre 2026\/2                    <\/a>\n                    \n                                            <div class=\"noticias-widget-introtext\">\n                            O Programa de P\u00f3s-Gradua\u00e7\u00e3o em Educa\u00e7\u00e3o da UFSM deseja a todos(as) um excelente retorno \u00e0s atividades! Confira as principais datas&hellip;                        <\/div>\n                    \n                                        \n                                        \n                                            \n                                                    <div title=\"Publicado em 18\/08\/2026 \" class=\"data-publicacao-widget\">\n                                <i  class=\"far fa-clock\"><\/i>\n                                18\/08\/2026                             <\/div>\n                                                                <\/div>\n                                    <div class=\"col-12 col-lg-4 pb-4\">\n                                            <div class=\"noticias-widget-wrap\" style=\"height: 180px; overflow: hidden;\">\n                            <a title=\"\" href=\"https:\/\/www.ufsm.br\/cursos\/pos-graduacao\/santa-maria\/ppge\/2026\/08\/17\/processo-seletivo-de-2026\">\n                                <span class=\"visually-hidden\">\n                                    Processo Seletivo de 2026                                <\/span>\n                                <div class=\"noticias-widget-thumbs h-100\">\n                                    <img decoding=\"async\" class=\"object-fit-cover h-100 w-100\" alt=\"\" srcset=\"https:\/\/www.ufsm.br\/app\/uploads\/sites\/547\/2026\/08\/IMAGEM-Cronogramas-de-Entrevistas-300x79.jpg 300w, https:\/\/www.ufsm.br\/app\/uploads\/sites\/547\/2026\/08\/IMAGEM-Cronogramas-de-Entrevistas-1024x270.jpg 1024w, https:\/\/www.ufsm.br\/app\/uploads\/sites\/547\/2026\/08\/IMAGEM-Cronogramas-de-Entrevistas-768x202.jpg 768w, https:\/\/www.ufsm.br\/app\/uploads\/sites\/547\/2026\/08\/IMAGEM-Cronogramas-de-Entrevistas-1536x405.jpg 1536w, https:\/\/www.ufsm.br\/app\/uploads\/sites\/547\/2026\/08\/IMAGEM-Cronogramas-de-Entrevistas.jpg 1920w\" src=\"https:\/\/www.ufsm.br\/app\/uploads\/sites\/547\/2026\/08\/IMAGEM-Cronogramas-de-Entrevistas-1024x270.jpg\"><\/img>\n                                <\/div>\n                            <\/a>\n                        <\/div>\n                                        \n                                        \n                    \n                    <a class=\"noticias-widget-title d-block  m-0 \"  title=\"Processo Seletivo de 2026\" href=\"https:\/\/www.ufsm.br\/cursos\/pos-graduacao\/santa-maria\/ppge\/2026\/08\/17\/processo-seletivo-de-2026\">\n                                                Processo Seletivo de 2026                    <\/a>\n                    \n                                            <div class=\"noticias-widget-introtext\">\n                            Lista de aptas(os) e n\u00e3o aptas(os) O Programa de P\u00f3s-Gradua\u00e7\u00e3o em Educa\u00e7\u00e3o torna p\u00fablicas as listas das(os) candidatas(os) aptas(os) e&hellip;                        <\/div>\n                    \n                                        \n                                        \n                                            \n                                                    <div title=\"Publicado em 17\/08\/2026 \" class=\"data-publicacao-widget\">\n                                <i  class=\"far fa-clock\"><\/i>\n                                17\/08\/2026                             <\/div>\n                                                                <\/div>\n                                    <div class=\"col-12 col-lg-4 pb-4\">\n                                            <div class=\"noticias-widget-wrap\" style=\"height: 180px; overflow: hidden;\">\n                            <a title=\"\" href=\"https:\/\/www.ufsm.br\/cursos\/pos-graduacao\/santa-maria\/ppge\/2026\/06\/18\/vii-coloquio-internacional-a-medicina-na-era-da-informacao-medinfor\">\n                                <span class=\"visually-hidden\">\n                                    VII Col\u00f3quio Internacional &#8220;A Medicina na Era da Informa\u00e7\u00e3o&#8221; (MEDINFOR)                                <\/span>\n                                <div class=\"noticias-widget-thumbs h-100\">\n                                    <img decoding=\"async\" class=\"object-fit-cover h-100 w-100\" alt=\"\" srcset=\"https:\/\/www.ufsm.br\/app\/uploads\/sites\/547\/2026\/06\/PHOTO-2026-06-17-10-29-31-300x300.jpg 300w, https:\/\/www.ufsm.br\/app\/uploads\/sites\/547\/2026\/06\/PHOTO-2026-06-17-10-29-31-150x150.jpg 150w, https:\/\/www.ufsm.br\/app\/uploads\/sites\/547\/2026\/06\/PHOTO-2026-06-17-10-29-31.jpg 500w\" src=\"https:\/\/www.ufsm.br\/app\/uploads\/sites\/547\/2026\/06\/PHOTO-2026-06-17-10-29-31.jpg\"><\/img>\n                                <\/div>\n                            <\/a>\n                        <\/div>\n                                        \n                                        \n                    \n                    <a class=\"noticias-widget-title d-block  m-0 \"  title=\"VII Col\u00f3quio Internacional &#8220;A Medicina na Era da Informa\u00e7\u00e3o&#8221; (MEDINFOR)\" href=\"https:\/\/www.ufsm.br\/cursos\/pos-graduacao\/santa-maria\/ppge\/2026\/06\/18\/vii-coloquio-internacional-a-medicina-na-era-da-informacao-medinfor\">\n                                                VII Col\u00f3quio Internacional &#8220;A Medicina na Era da Informa\u00e7\u00e3o&#8221; (MEDINFOR)                    <\/a>\n                    \n                                            <div class=\"noticias-widget-introtext\">\n                            A Universidade Federal da Bahia (UFBA) e a Universidade do Porto (U.Porto) promovem o\u00a0VII Col\u00f3quio Internacional &#8220;A Medicina na Era&hellip;                        <\/div>\n                    \n                                        \n                                        \n                                            \n                                                    <div title=\"Publicado em 18\/06\/2026 \" class=\"data-publicacao-widget\">\n                                <i  class=\"far fa-clock\"><\/i>\n                                18\/06\/2026                             <\/div>\n                                                                <\/div>\n                            <\/div>\n                    <div class=\"row\">\n                                    <div class=\"col-12 col-lg-4 pb-4\">\n                                            <div class=\"noticias-widget-wrap\" style=\"height: 180px; overflow: hidden;\">\n                            <a title=\"\" href=\"https:\/\/www.ufsm.br\/cursos\/pos-graduacao\/santa-maria\/ppge\/2026\/06\/16\/doutorando-do-ppge-diogo-moreira-em-estagio-doutoral-na-uma-universidade-de-malaga-espanha\">\n                                <span class=\"visually-hidden\">\n                                    Doutorando do PPGE Diogo Moreira em est\u00e1gio doutoral na UMA (Universidade de M\u00e1laga, Espanha)                                <\/span>\n                                <div class=\"noticias-widget-thumbs h-100\">\n                                    <img decoding=\"async\" class=\"object-fit-cover h-100 w-100\" alt=\"\" srcset=\"https:\/\/www.ufsm.br\/app\/uploads\/sites\/547\/2026\/06\/1000352421-1-e1781641939214-300x298.jpeg 300w, https:\/\/www.ufsm.br\/app\/uploads\/sites\/547\/2026\/06\/1000352421-1-e1781641939214-1024x1018.jpeg 1024w, https:\/\/www.ufsm.br\/app\/uploads\/sites\/547\/2026\/06\/1000352421-1-e1781641939214-150x150.jpeg 150w, https:\/\/www.ufsm.br\/app\/uploads\/sites\/547\/2026\/06\/1000352421-1-e1781641939214-768x763.jpeg 768w, https:\/\/www.ufsm.br\/app\/uploads\/sites\/547\/2026\/06\/1000352421-1-e1781641939214.jpeg 1130w\" src=\"https:\/\/www.ufsm.br\/app\/uploads\/sites\/547\/2026\/06\/1000352421-1-e1781641939214-1024x1018.jpeg\"><\/img>\n                                <\/div>\n                            <\/a>\n                        <\/div>\n                                        \n                                        \n                    \n                    <a class=\"noticias-widget-title d-block  m-0 \"  title=\"Doutorando do PPGE Diogo Moreira em est\u00e1gio doutoral na UMA (Universidade de M\u00e1laga, Espanha)\" href=\"https:\/\/www.ufsm.br\/cursos\/pos-graduacao\/santa-maria\/ppge\/2026\/06\/16\/doutorando-do-ppge-diogo-moreira-em-estagio-doutoral-na-uma-universidade-de-malaga-espanha\">\n                                                Doutorando do PPGE Diogo Moreira em est\u00e1gio doutoral na UMA (Universidade de M\u00e1laga, Espanha)                    <\/a>\n                    \n                                            <div class=\"noticias-widget-introtext\">\n                            El doctorando Diogo Coelho Moreira actualmente se encuentra realizando una estancia doctoral en la UMA (Universidad de M\u00e1laga, Espa\u00f1a) por&hellip;                        <\/div>\n                    \n                                        \n                                        \n                                            \n                                                    <div title=\"Publicado em 16\/06\/2026 \" class=\"data-publicacao-widget\">\n                                <i  class=\"far fa-clock\"><\/i>\n                                16\/06\/2026                             <\/div>\n                                                                <\/div>\n                                    <div class=\"col-12 col-lg-4 pb-4\">\n                                            <div class=\"noticias-widget-wrap\" style=\"height: 180px; overflow: hidden;\">\n                            <a title=\"\" href=\"https:\/\/www.ufsm.br\/cursos\/pos-graduacao\/santa-maria\/ppge\/2026\/06\/16\/nota-oficial\">\n                                <span class=\"visually-hidden\">\n                                    Nota Oficial                                <\/span>\n                                <div class=\"noticias-widget-thumbs h-100\">\n                                    <img decoding=\"async\" class=\"object-fit-cover h-100 w-100\" alt=\"\" srcset=\"https:\/\/www.ufsm.br\/app\/uploads\/sites\/547\/2026\/06\/nota-oficial-300x79.jpg 300w, https:\/\/www.ufsm.br\/app\/uploads\/sites\/547\/2026\/06\/nota-oficial-1024x270.jpg 1024w, https:\/\/www.ufsm.br\/app\/uploads\/sites\/547\/2026\/06\/nota-oficial-768x203.jpg 768w, https:\/\/www.ufsm.br\/app\/uploads\/sites\/547\/2026\/06\/nota-oficial-1536x405.jpg 1536w, https:\/\/www.ufsm.br\/app\/uploads\/sites\/547\/2026\/06\/nota-oficial.jpg 2048w\" src=\"https:\/\/www.ufsm.br\/app\/uploads\/sites\/547\/2026\/06\/nota-oficial-1024x270.jpg\"><\/img>\n                                <\/div>\n                            <\/a>\n                        <\/div>\n                                        \n                                        \n                    \n                    <a class=\"noticias-widget-title d-block  m-0 \"  title=\"Nota Oficial\" href=\"https:\/\/www.ufsm.br\/cursos\/pos-graduacao\/santa-maria\/ppge\/2026\/06\/16\/nota-oficial\">\n                                                Nota Oficial                    <\/a>\n                    \n                                            <div class=\"noticias-widget-introtext\">\n                            O Programa de P\u00f3s-Gradua\u00e7\u00e3o em Educa\u00e7\u00e3o (PPGE) informa a suspens\u00e3o do cronograma do processo seletivo de ingresso referente \u00e0 2\u00aa&hellip;                        <\/div>\n                    \n                                        \n                                        \n                                            \n                                                    <div title=\"Publicado em 16\/06\/2026 \" class=\"data-publicacao-widget\">\n                                <i  class=\"far fa-clock\"><\/i>\n                                16\/06\/2026                             <\/div>\n                                                                <\/div>\n                                    <div class=\"col-12 col-lg-4 pb-4\">\n                                            <div class=\"noticias-widget-wrap\" style=\"height: 180px; overflow: hidden;\">\n                            <a title=\"\" href=\"https:\/\/www.ufsm.br\/cursos\/pos-graduacao\/santa-maria\/ppge\/2026\/06\/09\/vi-seminario-internacional-de-educacao-a-distancia-iv-conect-ead-if-goiano\">\n                                <span class=\"visually-hidden\">\n                                    VI Semin\u00e1rio Internacional de Educa\u00e7\u00e3o a Dist\u00e2ncia \/ IV Conect EaD IF Goiano                                <\/span>\n                                <div class=\"noticias-widget-thumbs h-100\">\n                                    <img decoding=\"async\" class=\"object-fit-cover h-100 w-100\" alt=\"\" srcset=\"https:\/\/www.ufsm.br\/app\/uploads\/sites\/547\/2026\/06\/Imagem_do_Topo3-300x84.jpg 300w, https:\/\/www.ufsm.br\/app\/uploads\/sites\/547\/2026\/06\/Imagem_do_Topo3-1024x285.jpg 1024w, https:\/\/www.ufsm.br\/app\/uploads\/sites\/547\/2026\/06\/Imagem_do_Topo3-768x214.jpg 768w, https:\/\/www.ufsm.br\/app\/uploads\/sites\/547\/2026\/06\/Imagem_do_Topo3.jpg 1296w\" src=\"https:\/\/www.ufsm.br\/app\/uploads\/sites\/547\/2026\/06\/Imagem_do_Topo3-1024x285.jpg\"><\/img>\n                                <\/div>\n                            <\/a>\n                        <\/div>\n                                        \n                                        \n                    \n                    <a class=\"noticias-widget-title d-block  m-0 \"  title=\"VI Semin\u00e1rio Internacional de Educa\u00e7\u00e3o a Dist\u00e2ncia \/ IV Conect EaD IF Goiano\" href=\"https:\/\/www.ufsm.br\/cursos\/pos-graduacao\/santa-maria\/ppge\/2026\/06\/09\/vi-seminario-internacional-de-educacao-a-distancia-iv-conect-ead-if-goiano\">\n                                                VI Semin\u00e1rio Internacional de Educa\u00e7\u00e3o a Dist\u00e2ncia \/ IV Conect EaD IF Goiano                    <\/a>\n                    \n                                            <div class=\"noticias-widget-introtext\">\n                            O VI Semin\u00e1rio Internacional de Educa\u00e7\u00e3o a Dist\u00e2ncia \/ IV Conect EaD IF Goiano \u00e9 um espa\u00e7o de di\u00e1logo e&hellip;                        <\/div>\n                    \n                                        \n                                        \n                                            \n                                                    <div title=\"Publicado em 09\/06\/2026 \" class=\"data-publicacao-widget\">\n                                <i  class=\"far fa-clock\"><\/i>\n                                09\/06\/2026                             <\/div>\n                                                                <\/div>\n                            <\/div>\n            <\/div>\n<div class=\"leia-mais p-1\">\n                <a href=\"https:\/\/www.ufsm.br\/cursos\/pos-graduacao\/santa-maria\/ppge\/busca\/?q=&area=post&orderby=date&sites%5B%5D=547\">\n            LEIA MAIS            <span class=\"icon-box\">\n                <span class=\"bg-ufsm-widget-icon\">\n                    <i class=\"fas fa-chevron-right\" aria-hidden=\"true\"><\/i>\n                <\/span>\n            <\/span>\n        <\/a>\n    <\/div>\n\t\t<\/div>\n\t\t\t\t<\/div>\n\t\t\t\t\t<\/div>\n\t\t<\/div>\n\t\t\t\t\t<\/div>\n\t\t<\/section>\n\t\t\t\t<\/div>\n\t\t","protected":false},"excerpt":{"rendered":"<p>Aten\u00e7\u00e3o aos novos fluxos de contato do PPGE! Para otimizar nosso atendimento, as demandas foram divididas: Coordena\u00e7\u00e3o (Demandas Acad\u00eamicas) &#8211; ppgeducacao@ufsm.br . Secretaria (Demandas Administrativas e Documentos) &#8211; secretariapg.ce@ufsm.br Clique aqui para ver todas as informa\u00e7\u00f5es de contato &times; Dismiss this alert. Destaques Apresenta\u00e7\u00e3o Utilidades Oferta\/Hor\u00e1rios Informa\u00e7\u00f5es Curriculares Calend\u00e1rio de Defesas Solicita\u00e7\u00e3o de Recursos Disserta\u00e7\u00f5es\/Teses [&hellip;]<\/p>\n","protected":false},"author":8,"featured_media":0,"parent":0,"menu_order":0,"comment_status":"closed","ping_status":"closed","template":"","meta":{"footnotes":""},"categories":[],"tags":[],"class_list":["post-5","page","type-page","status-publish","hentry"],"acf":[],"_links":{"self":[{"href":"https:\/\/www.ufsm.br\/cursos\/pos-graduacao\/santa-maria\/ppge\/wp-json\/wp\/v2\/pages\/5","targetHints":{"allow":["GET"]}}],"collection":[{"href":"https:\/\/www.ufsm.br\/cursos\/pos-graduacao\/santa-maria\/ppge\/wp-json\/wp\/v2\/pages"}],"about":[{"href":"https:\/\/www.ufsm.br\/cursos\/pos-graduacao\/santa-maria\/ppge\/wp-json\/wp\/v2\/types\/page"}],"author":[{"embeddable":true,"href":"https:\/\/www.ufsm.br\/cursos\/pos-graduacao\/santa-maria\/ppge\/wp-json\/wp\/v2\/users\/8"}],"replies":[{"embeddable":true,"href":"https:\/\/www.ufsm.br\/cursos\/pos-graduacao\/santa-maria\/ppge\/wp-json\/wp\/v2\/comments?post=5"}],"version-history":[{"count":0,"href":"https:\/\/www.ufsm.br\/cursos\/pos-graduacao\/santa-maria\/ppge\/wp-json\/wp\/v2\/pages\/5\/revisions"}],"wp:attachment":[{"href":"https:\/\/www.ufsm.br\/cursos\/pos-graduacao\/santa-maria\/ppge\/wp-json\/wp\/v2\/media?parent=5"}],"wp:term":[{"taxonomy":"category","embeddable":true,"href":"https:\/\/www.ufsm.br\/cursos\/pos-graduacao\/santa-maria\/ppge\/wp-json\/wp\/v2\/categories?post=5"},{"taxonomy":"post_tag","embeddable":true,"href":"https:\/\/www.ufsm.br\/cursos\/pos-graduacao\/santa-maria\/ppge\/wp-json\/wp\/v2\/tags?post=5"}],"curies":[{"name":"wp","href":"https:\/\/api.w.org\/{rel}","templated":true}]}}