{"id":5,"date":"2018-01-18T08:39:17","date_gmt":"2018-01-18T10:39:17","guid":{"rendered":"https:\/\/www.ufsm.br\/cursos\/graduacao\/nutricao\/12352\/?page_id=5"},"modified":"2026-08-25T11:17:34","modified_gmt":"2026-08-25T14:17:34","slug":"pagina-inicial","status":"publish","type":"page","link":"https:\/\/www.ufsm.br\/cursos\/pos-graduacao\/santa-maria\/ppgef\/","title":{"rendered":"P\u00e1gina Inicial"},"content":{"rendered":"\t\t<div data-elementor-type=\"wp-post\" data-elementor-id=\"5\" class=\"elementor elementor-5\">\n\t\t\t\t\t\t<section class=\"elementor-section elementor-top-section elementor-element elementor-element-b6231cd elementor-section-boxed elementor-section-height-default elementor-section-height-default\" data-id=\"b6231cd\" data-element_type=\"section\">\n\t\t\t\t\t\t<div class=\"elementor-container elementor-column-gap-default\">\n\t\t\t\t\t<div class=\"elementor-column elementor-col-100 elementor-top-column elementor-element elementor-element-c432f4b\" data-id=\"c432f4b\" data-element_type=\"column\">\n\t\t\t<div class=\"elementor-widget-wrap elementor-element-populated\">\n\t\t\t\t\t\t<div class=\"elementor-element elementor-element-5de51a2 elementor-widget elementor-widget-heading\" data-id=\"5de51a2\" data-element_type=\"widget\" data-widget_type=\"heading.default\">\n\t\t\t\t<div class=\"elementor-widget-container\">\n\t\t\t<h5 class=\"elementor-heading-title elementor-size-default\">Apresenta\u00e7\u00e3o<\/h5>\t\t<\/div>\n\t\t\t\t<\/div>\n\t\t\t\t<div class=\"elementor-element elementor-element-1233f35 elementor-widget elementor-widget-image\" data-id=\"1233f35\" data-element_type=\"widget\" data-widget_type=\"image.default\">\n\t\t\t\t<div class=\"elementor-widget-container\">\n\t\t\t\t\t\t\t\t\t\t\t\t\t<img fetchpriority=\"high\" decoding=\"async\" width=\"1024\" height=\"307\" src=\"https:\/\/www.ufsm.br\/app\/uploads\/sites\/555\/2026\/08\/ppgef-final-logo-1024x307.jpg\" class=\"attachment-large size-large wp-image-1446\" alt=\"\" srcset=\"https:\/\/www.ufsm.br\/app\/uploads\/sites\/555\/2026\/08\/ppgef-final-logo-1024x307.jpg 1024w, https:\/\/www.ufsm.br\/app\/uploads\/sites\/555\/2026\/08\/ppgef-final-logo-300x90.jpg 300w, https:\/\/www.ufsm.br\/app\/uploads\/sites\/555\/2026\/08\/ppgef-final-logo-768x230.jpg 768w, https:\/\/www.ufsm.br\/app\/uploads\/sites\/555\/2026\/08\/ppgef-final-logo-1536x460.jpg 1536w, https:\/\/www.ufsm.br\/app\/uploads\/sites\/555\/2026\/08\/ppgef-final-logo.jpg 1920w\" sizes=\"(max-width: 1024px) 100vw, 1024px\" \/>\t\t\t\t\t\t\t\t\t\t\t\t\t<\/div>\n\t\t\t\t<\/div>\n\t\t\t\t<div class=\"elementor-element elementor-element-4f46bd5 elementor-widget elementor-widget-text-editor\" data-id=\"4f46bd5\" data-element_type=\"widget\" data-widget_type=\"text-editor.default\">\n\t\t\t\t<div class=\"elementor-widget-container\">\n\t\t\t\t\t\t\t<p style=\"text-align: center\"><strong>ATEN\u00c7\u00c3O!<\/strong><br \/>O atendimento administrativo do\u00a0PPGEF agora\u00a0 \u00e9 feito pela Secretaria Integrada de P\u00f3s-Gradua\u00e7\u00e3o do Centro de Ci\u00eancias Rurais (SIPG\/CCR), na sala 3135 do Pr\u00e9dio 42.<\/p>\n<p style=\"text-align: center\">As demandas acad\u00eamicas-administrativas dever\u00e3o ser enviadas para o e-mail: sipg.ccr@ufsm.br<br \/>As demandas referentes a assuntos financeiros dever\u00e3o ser enviadas para:\u00a0financeiro.sipg.ccr@ufsm.br<br \/>As demandas referentes a qualifica\u00e7\u00e3o, defesa e diploma\u00e7\u00e3o dever\u00e3o ser enviadas para o e-mail: defesas.sipg.ccr@ufsm.br<br \/>Para se comunicar diretamente com a Coordena\u00e7\u00e3o do Programa: ppgef@ufsm.br<\/p>\n<p style=\"text-align: center\"><strong>COORDENA\u00c7\u00c3O DO CURSO<\/strong><br \/>Coordenadora: Profa. Dra. Cristiane Pedrazzi<br \/>Coordenadora Substituta: Profa. Dra. Carine Setter<\/p>\t\t\t\t\t\t<\/div>\n\t\t\t\t<\/div>\n\t\t\t\t\t<\/div>\n\t\t<\/div>\n\t\t\t\t\t<\/div>\n\t\t<\/section>\n\t\t\t\t<section class=\"elementor-section elementor-top-section elementor-element elementor-element-71f1b01 elementor-section-boxed elementor-section-height-default elementor-section-height-default\" data-id=\"71f1b01\" data-element_type=\"section\">\n\t\t\t\t\t\t<div class=\"elementor-container elementor-column-gap-default\">\n\t\t\t\t\t<div class=\"elementor-column elementor-col-100 elementor-top-column elementor-element elementor-element-c711c96\" data-id=\"c711c96\" data-element_type=\"column\">\n\t\t\t<div class=\"elementor-widget-wrap elementor-element-populated\">\n\t\t\t\t\t\t<div class=\"elementor-element elementor-element-32089a5 elementor-widget elementor-widget-text-editor\" data-id=\"32089a5\" data-element_type=\"widget\" data-widget_type=\"text-editor.default\">\n\t\t\t\t<div class=\"elementor-widget-container\">\n\t\t\t\t\t\t\t<p><div class=\"accordion\" id=\"accordion-cursos-informacoes-gerais\">\n                <div class=\"accordion-item\">\n                <h2 class=\"accordion-header\" id=\"accordion-cursos-informacoes-gerais-collapse-heading-760\">\n                    <button class=\"accordion-button collapsed\" type=\"button\" data-bs-toggle=\"collapse\" data-bs-target=\"#accordion-cursos-informacoes-gerais-collapse-760\" aria-expanded=\"false\" aria-controls=\"accordion-cursos-informacoes-gerais-collapse-760\">\n                        PG Engenharia Florestal &#8211; Mestrado                    <\/button>\n                <\/h2>\n                <div id=\"accordion-cursos-informacoes-gerais-collapse-760\" class=\"collapse \" aria-labelledby=\"accordion-cursos-informacoes-gerais-collapse-heading-760\"  data-bs-parent=\"#accordion-cursos-informacoes-gerais\">\n                                            <div class=\"accordion-body\"><p>O curso de <b>P\u00f3s-Gradua\u00e7\u00e3o em Engenharia Florestal<\/b> est\u00e1 localizado em <b>Campus Camobi &#8211; UFSM<\/b> na modalidade <b>Mestrado &#8211; Presencial<\/b>. A \u00e1rea de conhecimento do curso \u00e9 classificada como <b>MANEJO FLORESTAL<\/b>. Atualmente, a coordena\u00e7\u00e3o \u00e9 de responsabilidade de <b>CRISTIANE PEDRAZZI<\/b>, a coordena\u00e7\u00e3o substituta de <b>CARINE SETTER<\/b> e a secretaria de <b>JA\u00cdNE SOARES DE PAULA VASCONCELLOS<\/b>.<\/p><p>O curso \u00e9 ofertado em per\u00edodo <b>Semestral<\/b>, sendo <b>4<\/b> o n\u00famero de per\u00edodos indicados para sua conclus\u00e3o.<\/p><p class='mt-3'>Reconhecido pelo Minist\u00e9rio da Educa\u00e7\u00e3o &#8211; Portaria n. 609\/2019<\/p><\/div>\n                                    <\/div>\n            <\/div>\n                <div class=\"accordion-item\">\n                <h2 class=\"accordion-header\" id=\"accordion-cursos-informacoes-gerais-collapse-heading-759\">\n                    <button class=\"accordion-button collapsed\" type=\"button\" data-bs-toggle=\"collapse\" data-bs-target=\"#accordion-cursos-informacoes-gerais-collapse-759\" aria-expanded=\"false\" aria-controls=\"accordion-cursos-informacoes-gerais-collapse-759\">\n                        PG Engenharia Florestal &#8211; Doutorado                    <\/button>\n                <\/h2>\n                <div id=\"accordion-cursos-informacoes-gerais-collapse-759\" class=\"collapse \" aria-labelledby=\"accordion-cursos-informacoes-gerais-collapse-heading-759\"  data-bs-parent=\"#accordion-cursos-informacoes-gerais\">\n                                            <div class=\"accordion-body\"><p>O curso de <b>P\u00f3s-Gradua\u00e7\u00e3o em Engenharia Florestal<\/b> est\u00e1 localizado em <b>Campus Camobi &#8211; UFSM<\/b> na modalidade <b>Doutorado &#8211; Presencial<\/b>. A \u00e1rea de conhecimento do curso \u00e9 classificada como <b>MANEJO FLORESTAL<\/b>. Atualmente, a coordena\u00e7\u00e3o \u00e9 de responsabilidade de <b>CRISTIANE PEDRAZZI<\/b>, a coordena\u00e7\u00e3o substituta de <b>CARINE SETTER<\/b> e a secretaria de <b>JA\u00cdNE SOARES DE PAULA VASCONCELLOS<\/b>.<\/p><p>O curso \u00e9 ofertado em per\u00edodo <b>Semestral<\/b>, sendo <b>8<\/b> o n\u00famero de per\u00edodos indicados para sua conclus\u00e3o.<\/p><p class='mt-3'>Reconhecido pelo Minist\u00e9rio da Educa\u00e7\u00e3o &#8211; Portaria n. 609\/2019<\/p><\/div>\n                                    <\/div>\n            <\/div>\n    <\/div> \n<\/p>\t\t\t\t\t\t<\/div>\n\t\t\t\t<\/div>\n\t\t\t\t\t<\/div>\n\t\t<\/div>\n\t\t\t\t\t<\/div>\n\t\t<\/section>\n\t\t\t\t<section class=\"elementor-section elementor-top-section elementor-element elementor-element-c26c85e elementor-section-boxed elementor-section-height-default elementor-section-height-default\" data-id=\"c26c85e\" data-element_type=\"section\">\n\t\t\t\t\t\t<div class=\"elementor-container elementor-column-gap-default\">\n\t\t\t\t\t<div class=\"elementor-column elementor-col-100 elementor-top-column elementor-element elementor-element-12f8c56\" data-id=\"12f8c56\" data-element_type=\"column\">\n\t\t\t<div class=\"elementor-widget-wrap elementor-element-populated\">\n\t\t\t\t\t\t<div class=\"elementor-element elementor-element-4cbec33 elementor-widget elementor-widget-wp-widget-ufsm_utilidades\" data-id=\"4cbec33\" data-element_type=\"widget\" data-widget_type=\"wp-widget-ufsm_utilidades.default\">\n\t\t\t\t<div class=\"elementor-widget-container\">\n\t\t\t\t\t<h5 class=\"card-title titulo-conteudos\">Utilidades<\/h5>\n\t\t\t\t\n\t\t<div class=\"row \">\n\t\t\t\t\t\t\t<div class=\"col-12 col-sm-6 col-md-3 mt-4 text-center\">\n\t\t\t\t\t\t\t\t\t\t\t<a href=\"https:\/\/www.ufsm.br\/cursos\/pos-graduacao\/santa-maria\/ppgef\/horarios\" class=\"item-utilidades d-block\">\n\t\t\t\t\t\t\t\t\t\t<i class=\"fas fa-pencil-alt animation-pulse\" aria-hidden=\"true\"><\/i><b>Oferta \/ Hor\u00e1rios<\/b><\/a>\n\t\t\t\t<\/div>\n\t\t\t\t\t\t\t<div class=\"col-12 col-sm-6 col-md-3 mt-4 text-center\">\n\t\t\t\t\t\t\t\t\t\t\t<a href=\"https:\/\/portal.ufsm.br\/aluno\/\" class=\"item-utilidades d-block\">\n\t\t\t\t\t\t\t\t\t\t<i class=\"fa fa-user animation-pulse\" aria-hidden=\"true\"><\/i><b>Portal do Aluno<\/b><\/a>\n\t\t\t\t<\/div>\n\t\t\t\t\t\t\t<div class=\"col-12 col-sm-6 col-md-3 mt-4 text-center\">\n\t\t\t\t\t\t\t\t\t\t\t<a href=\"https:\/\/www.ufsm.br\/cursos\/pos-graduacao\/santa-maria\/ppgef\/informacoes-do-curriculo\" class=\"item-utilidades d-block\">\n\t\t\t\t\t\t\t\t\t\t<i class=\"fa fa-clipboard animation-pulse\" aria-hidden=\"true\"><\/i><b>Informa\u00e7\u00f5es Curriculares<\/b><\/a>\n\t\t\t\t<\/div>\n\t\t\t\t\t\t\t<div class=\"col-12 col-sm-6 col-md-3 mt-4 text-center\">\n\t\t\t\t\t\t\t\t\t\t\t<a href=\"https:\/\/www.ufsm.br\/cursos\/pos-graduacao\/santa-maria\/ppgef\/calendario-de-defesas\" class=\"item-utilidades d-block\">\n\t\t\t\t\t\t\t\t\t\t<i class=\"fa fa-calendar animation-pulse\" aria-hidden=\"true\"><\/i><b>Calend\u00e1rio de Defesas<\/b><\/a>\n\t\t\t\t<\/div>\n\t\t\t\t\t\t\t<div class=\"col-12 col-sm-6 col-md-3 mt-4 text-center\">\n\t\t\t\t\t\t\t\t\t\t\t<a href=\"https:\/\/www.ufsm.br\/cursos\/pos-graduacao\/santa-maria\/ppgef\/dissertacoes-teses\" class=\"item-utilidades d-block\">\n\t\t\t\t\t\t\t\t\t\t<i class=\"fa fa-book animation-pulse\" aria-hidden=\"true\"><\/i><b>Disserta\u00e7\u00f5es \/ Teses<\/b><\/a>\n\t\t\t\t<\/div>\n\t\t\t\t\t\t\t<div class=\"col-12 col-sm-6 col-md-3 mt-4 text-center\">\n\t\t\t\t\t\t\t\t\t\t\t<a href=\"https:\/\/www.ufsm.br\/cursos\/pos-graduacao\/santa-maria\/ppgef\/grupos\" class=\"item-utilidades d-block\">\n\t\t\t\t\t\t\t\t\t\t<i class=\"fas fa-user-friends animation-pulse\" aria-hidden=\"true\"><\/i><b>Grupos Acad\u00eamicos<\/b><\/a>\n\t\t\t\t<\/div>\n\t\t\t\t\t\t\t<div class=\"col-12 col-sm-6 col-md-3 mt-4 text-center\">\n\t\t\t\t\t\t\t\t\t\t\t<a href=\"https:\/\/www.ufsm.br\/cursos\/pos-graduacao\/santa-maria\/ppgef\/editais\" class=\"item-utilidades d-block\">\n\t\t\t\t\t\t\t\t\t\t<i class=\"far fa-copy animation-pulse\" aria-hidden=\"true\"><\/i><b>Editais<\/b><\/a>\n\t\t\t\t<\/div>\n\t\t\t\t\t<\/div>\n\t\t\t\t<\/div>\n\t\t\t\t<\/div>\n\t\t\t\t\t<\/div>\n\t\t<\/div>\n\t\t\t\t\t<\/div>\n\t\t<\/section>\n\t\t\t\t<section class=\"elementor-section elementor-top-section elementor-element elementor-element-d937d5c elementor-section-boxed elementor-section-height-default elementor-section-height-default\" data-id=\"d937d5c\" data-element_type=\"section\">\n\t\t\t\t\t\t<div class=\"elementor-container elementor-column-gap-default\">\n\t\t\t\t\t<div class=\"elementor-column elementor-col-100 elementor-top-column elementor-element elementor-element-cfcdee4\" data-id=\"cfcdee4\" data-element_type=\"column\">\n\t\t\t<div class=\"elementor-widget-wrap elementor-element-populated\">\n\t\t\t\t\t\t<div class=\"elementor-element elementor-element-01d89db elementor-widget elementor-widget-wp-widget-ufsm_noticias_widget\" data-id=\"01d89db\" data-element_type=\"widget\" data-widget_type=\"wp-widget-ufsm_noticias_widget.default\">\n\t\t\t\t<div class=\"elementor-widget-container\">\n\t\t\t<h5 class='titulo-conteudos'>Not\u00edcias<\/h5><div class='widget-noticias-inside'>\n                        <div class=\"row\">\n                                    <div class=\"col-12 col-lg-4 pb-4\">\n                                        \n                                        \n                    \n                    <a class=\"noticias-widget-title d-block \"  title=\"Programa de P\u00f3s-Gradua\u00e7\u00e3o em Engenharia Florestal divulga oferta de disciplinas e salas de aula para o 2\u00ba semestre de 2026\" href=\"https:\/\/www.ufsm.br\/cursos\/pos-graduacao\/santa-maria\/ppgef\/2026\/08\/06\/programa-de-pos-graduacao-em-engenharia-florestal-divulga-oferta-de-disciplinas-e-salas-de-aula-para-o-2o-semestre-de-2026\">\n                                                Programa de P\u00f3s-Gradua\u00e7\u00e3o em Engenharia Florestal divulga oferta de disciplinas e salas de aula para o 2\u00ba semestre de 2026                    <\/a>\n                    \n                                            <div class=\"noticias-widget-introtext\">\n                            J\u00e1 est\u00e1 dispon\u00edvel a rela\u00e7\u00e3o de disciplinas do Programa de P\u00f3s-Gradua\u00e7\u00e3o em Engenharia Florestal (PPGEF\/UFSM) para o 2\u00ba semestre de&hellip;                        <\/div>\n                    \n                                        \n                                        \n                                            \n                                                    <div title=\"Publicado em 06\/08\/2026 \" class=\"data-publicacao-widget\">\n                                <i  class=\"far fa-clock\"><\/i>\n                                06\/08\/2026                             <\/div>\n                                                                <\/div>\n                                    <div class=\"col-12 col-lg-4 pb-4\">\n                                        \n                                        \n                    \n                    <a class=\"noticias-widget-title d-block \"  title=\"Visita de professor da Michigan State University fortalece internacionaliza\u00e7\u00e3o e amplia coopera\u00e7\u00e3o cient\u00edfica e tecnol\u00f3gica\" href=\"https:\/\/www.ufsm.br\/cursos\/pos-graduacao\/santa-maria\/ppgef\/2026\/08\/06\/visita-de-professor-da-michigan-state-university-fortalece-internacionalizacao-e-amplia-cooperacao-cientifica-e-tecnologica\">\n                                                Visita de professor da Michigan State University fortalece internacionaliza\u00e7\u00e3o e amplia coopera\u00e7\u00e3o cient\u00edfica e tecnol\u00f3gica                    <\/a>\n                    \n                                            <div class=\"noticias-widget-introtext\">\n                            Entre os dias 17 e 24 de julho de 2026, a Universidade Federal de Santa Maria (UFSM) recebeu a visita&hellip;                        <\/div>\n                    \n                                        \n                                        \n                                            \n                                                    <div title=\"Publicado em 06\/08\/2026 \" class=\"data-publicacao-widget\">\n                                <i  class=\"far fa-clock\"><\/i>\n                                06\/08\/2026                             <\/div>\n                                                                <\/div>\n                                    <div class=\"col-12 col-lg-4 pb-4\">\n                                        \n                                        \n                    \n                    <a class=\"noticias-widget-title d-block \"  title=\"PPGEF divulga o resultado final da 2\u00aa janela do processo seletivo para ingresso em 2026\" href=\"https:\/\/www.ufsm.br\/cursos\/pos-graduacao\/santa-maria\/ppgef\/2026\/07\/02\/ppgef-divulga-o-resultado-final-da-2a-janela-do-processo-seletivo-para-ingresso-em-2026\">\n                                                PPGEF divulga o resultado final da 2\u00aa janela do processo seletivo para ingresso em 2026                    <\/a>\n                    \n                                            <div class=\"noticias-widget-introtext\">\n                            O Programa de P\u00f3s-Gradua\u00e7\u00e3o em Engenharia Florestal (PPGEF) da Universidade Federal de Santa Maria (UFSM) torna p\u00fablico o resultado final&hellip;                        <\/div>\n                    \n                                        \n                                        \n                                            \n                                                    <div title=\"Publicado em 02\/07\/2026 \" class=\"data-publicacao-widget\">\n                                <i  class=\"far fa-clock\"><\/i>\n                                02\/07\/2026                             <\/div>\n                                                                <\/div>\n                            <\/div>\n                    <div class=\"row\">\n                                    <div class=\"col-12 col-lg-4 pb-4\">\n                                        \n                                        \n                    \n                    <a class=\"noticias-widget-title d-block \"  title=\"Divulga\u00e7\u00e3o \u2013 Calend\u00e1rio da Prova Acad\u00eamica \u2013 Processo Seletivo de Ingresso PPGEF 2026 &#8211; 2\u00aa Janela do Edital PRPGP n\u00ba 030\/2025\" href=\"https:\/\/www.ufsm.br\/cursos\/pos-graduacao\/santa-maria\/ppgef\/2026\/06\/26\/divulgacao-calendario-da-prova-academica-processo-seletivo-de-ingresso-ppgef-2026-2a-janela-do-edital-prpgp-no-030-2025\">\n                                                Divulga\u00e7\u00e3o \u2013 Calend\u00e1rio da Prova Acad\u00eamica \u2013 Processo Seletivo de Ingresso PPGEF 2026 &#8211; 2\u00aa Janela do Edital PRPGP n\u00ba 030\/2025                    <\/a>\n                    \n                                            <div class=\"noticias-widget-introtext\">\n                            O Programa de P\u00f3s-Gradua\u00e7\u00e3o em Engenharia Florestal (PPGEF\/UFSM) divulga o Calend\u00e1rio para a realiza\u00e7\u00e3o da Prova Acad\u00eamica de Defesa do&hellip;                        <\/div>\n                    \n                                        \n                                        \n                                            \n                                                    <div title=\"Publicado em 26\/06\/2026 \" class=\"data-publicacao-widget\">\n                                <i  class=\"far fa-clock\"><\/i>\n                                26\/06\/2026                             <\/div>\n                                                                <\/div>\n                                    <div class=\"col-12 col-lg-4 pb-4\">\n                                        \n                                        \n                    \n                    <a class=\"noticias-widget-title d-block \"  title=\"PROCESSO DE SELE\u00c7\u00c3O DE INGRESSO AO PPGEF EDITAL 030\/2025 \u2013 PRIMEIRO SEMESTRE DE 2026.\" href=\"https:\/\/www.ufsm.br\/cursos\/pos-graduacao\/santa-maria\/ppgef\/2025\/12\/01\/processo-de-selecao-de-ingresso-ao-ppgef-edital-030-2025-primeiro-semestre-de-2026\">\n                                                PROCESSO DE SELE\u00c7\u00c3O DE INGRESSO AO PPGEF EDITAL 030\/2025 \u2013 PRIMEIRO SEMESTRE DE 2026.                    <\/a>\n                    \n                                            <div class=\"noticias-widget-introtext\">\n                            NOTA FINAL E CLASSIFICA\u00c7\u00c3O DOS CANDIDATOS                        <\/div>\n                    \n                                        \n                                        \n                                            \n                                                    <div title=\"Publicado em 01\/12\/2025 \" class=\"data-publicacao-widget\">\n                                <i  class=\"far fa-clock\"><\/i>\n                                01\/12\/2025                             <\/div>\n                                                                <\/div>\n                                    <div class=\"col-12 col-lg-4 pb-4\">\n                                        \n                                        \n                    \n                    <a class=\"noticias-widget-title d-block \"  title=\"RELA\u00c7\u00c3O DAS NOTAS DA 1\u00aa ETAPA DO PROCESSO DE SELE\u00c7\u00c3O DE INGRESSO AO PPGEF EDITAL 030\/2025 \u2013 PRIMEIRO SEMESTRE DE 2026.\" href=\"https:\/\/www.ufsm.br\/cursos\/pos-graduacao\/santa-maria\/ppgef\/2025\/11\/24\/relacao-das-notas-da-1a-etapa-do-processo-de-selecao-de-ingresso-ao-ppgef-edital-030-2025-primeiro-semestre-de-2026\">\n                                                RELA\u00c7\u00c3O DAS NOTAS DA 1\u00aa ETAPA DO PROCESSO DE SELE\u00c7\u00c3O DE INGRESSO AO PPGEF EDITAL 030\/2025 \u2013 PRIMEIRO SEMESTRE DE 2026.                    <\/a>\n                    \n                                            <div class=\"noticias-widget-introtext\">\n                                                    <\/div>\n                    \n                                        \n                                        \n                                            \n                                                    <div title=\"Publicado em 24\/11\/2025 \" class=\"data-publicacao-widget\">\n                                <i  class=\"far fa-clock\"><\/i>\n                                24\/11\/2025                             <\/div>\n                                                                <\/div>\n                            <\/div>\n            <\/div>\n<div class=\"leia-mais p-1\">\n                <a href=\"https:\/\/www.ufsm.br\/cursos\/pos-graduacao\/santa-maria\/ppgef\/busca\/?q=&area=post&orderby=date&sites%5B%5D=555\">\n            LEIA MAIS            <span class=\"icon-box\">\n                <span class=\"bg-ufsm-widget-icon\">\n                    <i class=\"fas fa-chevron-right\" aria-hidden=\"true\"><\/i>\n                <\/span>\n            <\/span>\n        <\/a>\n    <\/div>\n\t\t<\/div>\n\t\t\t\t<\/div>\n\t\t\t\t\t<\/div>\n\t\t<\/div>\n\t\t\t\t\t<\/div>\n\t\t<\/section>\n\t\t\t\t<\/div>\n\t\t","protected":false},"excerpt":{"rendered":"<p>Apresenta\u00e7\u00e3o ATEN\u00c7\u00c3O!O atendimento administrativo do\u00a0PPGEF agora\u00a0 \u00e9 feito pela Secretaria Integrada de P\u00f3s-Gradua\u00e7\u00e3o do Centro de Ci\u00eancias Rurais (SIPG\/CCR), na sala 3135 do Pr\u00e9dio 42. As demandas acad\u00eamicas-administrativas dever\u00e3o ser enviadas para o e-mail: sipg.ccr@ufsm.brAs demandas referentes a assuntos financeiros dever\u00e3o ser enviadas para:\u00a0financeiro.sipg.ccr@ufsm.brAs demandas referentes a qualifica\u00e7\u00e3o, defesa e diploma\u00e7\u00e3o dever\u00e3o ser enviadas para [&hellip;]<\/p>\n","protected":false},"author":8,"featured_media":0,"parent":0,"menu_order":0,"comment_status":"closed","ping_status":"closed","template":"","meta":{"footnotes":""},"categories":[],"tags":[],"class_list":["post-5","page","type-page","status-publish","hentry"],"acf":[],"_links":{"self":[{"href":"https:\/\/www.ufsm.br\/cursos\/pos-graduacao\/santa-maria\/ppgef\/wp-json\/wp\/v2\/pages\/5","targetHints":{"allow":["GET"]}}],"collection":[{"href":"https:\/\/www.ufsm.br\/cursos\/pos-graduacao\/santa-maria\/ppgef\/wp-json\/wp\/v2\/pages"}],"about":[{"href":"https:\/\/www.ufsm.br\/cursos\/pos-graduacao\/santa-maria\/ppgef\/wp-json\/wp\/v2\/types\/page"}],"author":[{"embeddable":true,"href":"https:\/\/www.ufsm.br\/cursos\/pos-graduacao\/santa-maria\/ppgef\/wp-json\/wp\/v2\/users\/8"}],"replies":[{"embeddable":true,"href":"https:\/\/www.ufsm.br\/cursos\/pos-graduacao\/santa-maria\/ppgef\/wp-json\/wp\/v2\/comments?post=5"}],"version-history":[{"count":0,"href":"https:\/\/www.ufsm.br\/cursos\/pos-graduacao\/santa-maria\/ppgef\/wp-json\/wp\/v2\/pages\/5\/revisions"}],"wp:attachment":[{"href":"https:\/\/www.ufsm.br\/cursos\/pos-graduacao\/santa-maria\/ppgef\/wp-json\/wp\/v2\/media?parent=5"}],"wp:term":[{"taxonomy":"category","embeddable":true,"href":"https:\/\/www.ufsm.br\/cursos\/pos-graduacao\/santa-maria\/ppgef\/wp-json\/wp\/v2\/categories?post=5"},{"taxonomy":"post_tag","embeddable":true,"href":"https:\/\/www.ufsm.br\/cursos\/pos-graduacao\/santa-maria\/ppgef\/wp-json\/wp\/v2\/tags?post=5"}],"curies":[{"name":"wp","href":"https:\/\/api.w.org\/{rel}","templated":true}]}}