{"id":2135,"date":"2025-10-16T16:32:54","date_gmt":"2025-10-16T19:32:54","guid":{"rendered":"https:\/\/www.ufsm.br\/cursos\/pos-graduacao\/santa-maria\/ppgter\/?page_id=2135"},"modified":"2026-09-02T13:23:03","modified_gmt":"2026-09-02T16:23:03","slug":"formularios-e-tutoriais","status":"publish","type":"page","link":"https:\/\/www.ufsm.br\/cursos\/pos-graduacao\/santa-maria\/ppgter\/formularios-e-tutoriais","title":{"rendered":"Formul\u00e1rios e Tutoriais"},"content":{"rendered":"\t\t<div data-elementor-type=\"wp-page\" data-elementor-id=\"2135\" class=\"elementor elementor-2135\">\n\t\t\t\t\t\t<section class=\"elementor-section elementor-top-section elementor-element elementor-element-a6fc79d elementor-section-boxed elementor-section-height-default elementor-section-height-default\" data-id=\"a6fc79d\" data-element_type=\"section\">\n\t\t\t\t\t\t<div class=\"elementor-container elementor-column-gap-default\">\n\t\t\t\t\t<div class=\"elementor-column elementor-col-50 elementor-top-column elementor-element elementor-element-0de961d\" data-id=\"0de961d\" data-element_type=\"column\">\n\t\t\t<div class=\"elementor-widget-wrap elementor-element-populated\">\n\t\t\t\t\t\t<div class=\"elementor-element elementor-element-52b7943 elementor-widget elementor-widget-heading\" data-id=\"52b7943\" data-element_type=\"widget\" data-widget_type=\"heading.default\">\n\t\t\t\t<div class=\"elementor-widget-container\">\n\t\t\t<h5 class=\"elementor-heading-title elementor-size-default\"><b>Plano de Estudos<\/b><\/h5>\t\t<\/div>\n\t\t\t\t<\/div>\n\t\t\t\t<div class=\"elementor-element elementor-element-6072447 elementor-widget elementor-widget-text-editor\" data-id=\"6072447\" data-element_type=\"widget\" data-widget_type=\"text-editor.default\">\n\t\t\t\t<div class=\"elementor-widget-container\">\n\t\t\t\t\t\t\t<p style=\"color: #000000;font-size: 16px\"><span style=\"font-size: 16px;font-weight: var( --e-global-typography-text-font-weight );text-align: var(--bs-body-text-align);color: #1c1c1c\">No primeiro semestre de v\u00ednculo ao curso, \u00e9 necess\u00e1rio elaborar um\u00a0<\/span><span style=\"font-size: 16px;text-align: var(--bs-body-text-align);font-weight: bolder;color: #1c1c1c\">Plano de Estudos<\/span><span style=\"font-size: 16px;font-weight: var( --e-global-typography-text-font-weight );text-align: var(--bs-body-text-align);color: #1c1c1c\">, que consiste em um planejamento das disciplinas que o estudante pretende cursar para completar os cr\u00e9ditos exigidos para a defesa. O Plano dever\u00e1 ser registrado por meio do\u00a0<\/span><a style=\"font-size: 16px;font-weight: var( --e-global-typography-text-font-weight );text-align: var(--bs-body-text-align);color: #204c90\" href=\"https:\/\/portal.ufsm.br\/aluno\/\">Portal Estudantil<\/a><span style=\"font-size: 16px;font-weight: var( --e-global-typography-text-font-weight );text-align: var(--bs-body-text-align);color: #1c1c1c\">\u00a0e revisado antes da Defesa da Disserta\u00e7\u00e3o para contemplar quaisquer altera\u00e7\u00f5es em rela\u00e7\u00e3o \u00e0 vers\u00e3o original.<\/span><\/p><p style=\"color: #000000;font-size: 16px\"><span style=\"color: #000000;font-size: 16px;font-weight: var( --e-global-typography-text-font-weight );text-align: var(--bs-body-text-align)\">O Plano de Estudos deve ser aprovado pela Coordena\u00e7\u00e3o do Curso\u00a0<\/span><span style=\"color: #000000;font-size: 16px;text-align: var(--bs-body-text-align);font-weight: bold\">antes da realiza\u00e7\u00e3o da matr\u00edcula para o segundo semestre letivo<\/span><span style=\"color: #000000;font-size: 16px;font-weight: var( --e-global-typography-text-font-weight );text-align: var(--bs-body-text-align)\">. Para realizar o preenchimento do Plano de Estudos, verifique o tutorial:<\/span><\/p><p style=\"color: #000000;font-size: 16px\"><a href=\"https:\/\/www.ufsm.br\/app\/uploads\/sites\/345\/2022\/02\/TUTORIAL-PLANO-DE-ESTUDOS.pdf\" target=\"_blank\" rel=\"noopener\">\u00a0<b>Tutorial de Preenchimento do Plano de Estudos<\/b><\/a><\/p>\t\t\t\t\t\t<\/div>\n\t\t\t\t<\/div>\n\t\t\t\t<div class=\"elementor-element elementor-element-677c7ca elementor-widget elementor-widget-toggle\" data-id=\"677c7ca\" data-element_type=\"widget\" data-widget_type=\"toggle.default\">\n\t\t\t\t<div class=\"elementor-widget-container\">\n\t\t\t\t\t<div class=\"elementor-toggle\">\n\t\t\t\t\t\t\t<div class=\"elementor-toggle-item\">\n\t\t\t\t\t<div id=\"elementor-tab-title-1081\" class=\"elementor-tab-title\" data-tab=\"1\" role=\"button\" aria-controls=\"elementor-tab-content-1081\" aria-expanded=\"false\">\n\t\t\t\t\t\t\t\t\t\t\t\t<span class=\"elementor-toggle-icon elementor-toggle-icon-left\" aria-hidden=\"true\">\n\t\t\t\t\t\t\t\t\t\t\t\t\t\t\t<span class=\"elementor-toggle-icon-closed\"><i class=\"fas fa-caret-down\"><\/i><\/span>\n\t\t\t\t\t\t\t\t<span class=\"elementor-toggle-icon-opened\"><i class=\"elementor-toggle-icon-opened fas fa-caret-up\"><\/i><\/span>\n\t\t\t\t\t\t\t\t\t\t\t\t\t<\/span>\n\t\t\t\t\t\t\t\t\t\t\t\t<a class=\"elementor-toggle-title\" tabindex=\"0\">Solicita\u00e7\u00e3o de Coorienta\u00e7\u00e3o<\/a>\n\t\t\t\t\t<\/div>\n\n\t\t\t\t\t<div id=\"elementor-tab-content-1081\" class=\"elementor-tab-content elementor-clearfix\" data-tab=\"1\" role=\"region\" aria-labelledby=\"elementor-tab-title-1081\"><p>O(a) discente, em acordo com o seu orientador, pode indicar um professor, interno ou externo \u00e0 UFSM, como coorientador, mediante encaminhamento do\u00a0<a href=\"https:\/\/www.ufsm.br\/app\/uploads\/sites\/517\/2021\/11\/solicitacao_coorientador.doc\" target=\"_blank\" rel=\"noopener\"><b>Requerimento de Solicita\u00e7\u00e3o de Coorienta\u00e7\u00e3o<\/b>.<\/a>\u00a0<span style=\"color: #1c1c1c;font-size: 16px;font-weight: var( --e-global-typography-text-font-weight )\">O pedido dever\u00e1 ser encaminhado via processo PEN-SIE, aberto pelo aluno(a), sendo que deve ser ASSINADO por todos os interessados \u2014 aluno(a), orientador(a), e candidato(a) a coorientador(a) \u2014 e tramitado para a Coordena\u00e7\u00e3o do PPGTER. O Colegiado analisar\u00e1 a solicita\u00e7\u00e3o de coorienta\u00e7\u00e3o.<\/span><\/p><p><span style=\"color: #1c1c1c;font-size: 16px;font-weight: var( --e-global-typography-text-font-weight )\">Os candidatos a coorientadores externos \u00e0 UFSM, que ainda n\u00e3o tenham assinatura digital junto ao PEN-SIE, devem realizar o cadastro no sistema conforme instru\u00e7\u00f5es dispon\u00edveis em:<\/span><span style=\"color: #1c1c1c;font-size: 16px;font-weight: var( --e-global-typography-text-font-weight )\">\u00a0<\/span><a style=\"font-size: 16px;font-weight: var( --e-global-typography-text-font-weight );color: #204c90\" href=\"https:\/\/www.ufsm.br\/orgaos-suplementares\/dag\/pen\/servicos\/cadastro-de-usuarios-externos\/\"><b>Cadastro de Usu\u00e1rios Externos<\/b>.<\/a><\/p><p style=\"margin-bottom: 1rem;color: #1c1c1c;font-size: 16px\">Ap\u00f3s a an\u00e1lise, o resultado ser\u00e1 informado aos interessados por meio do processo. Em caso de aprova\u00e7\u00e3o, o aluno deve incluir o Coorientador atrav\u00e9s de seu Plano de Estudos.<\/p><p style=\"margin-bottom: 1rem;color: #1c1c1c;font-size: 16px\"><span style=\"font-weight: bolder\">OBSERVA\u00c7\u00c3O:<\/span>\u00a0em caso de solicita\u00e7\u00e3o de coorientador(a) externo(a) ao programa, dever\u00e1 ser enviado o Curr\u00edculo Lattes do docente em quest\u00e3o, para an\u00e1lise do Colegiado do Programa.<\/p><p><b>No caso do(a) orientador(a) do(a) discente ser um(a) professor(a) colaborador(a), \u00e9 obrigat\u00f3ria a designa\u00e7\u00e3o de um(a) coorientador(a) que seja professor(a) do quadro permanente do Programa.<\/b><\/p><p><b>\u00a0<\/b><\/p><p><b><a href=\"https:\/\/www.ufsm.br\/app\/uploads\/sites\/517\/2022\/09\/micro_manual_pen_sie_solicitacao_coorientador.pdf\" target=\"_blank\" rel=\"noopener\">ACESSE AQUI O MINI TUTORIAL PARA SOLICITA\u00c7<\/a><a href=\"https:\/\/www.ufsm.br\/app\/uploads\/sites\/517\/2022\/09\/micro_manual_pen_sie_solicitacao_coorientador.pdf\">\u00c3O DE COORIENTA\u00c7\u00c3O<\/a><\/b><\/p><\/div>\n\t\t\t\t<\/div>\n\t\t\t\t\t\t\t<div class=\"elementor-toggle-item\">\n\t\t\t\t\t<div id=\"elementor-tab-title-1082\" class=\"elementor-tab-title\" data-tab=\"2\" role=\"button\" aria-controls=\"elementor-tab-content-1082\" aria-expanded=\"false\">\n\t\t\t\t\t\t\t\t\t\t\t\t<span class=\"elementor-toggle-icon elementor-toggle-icon-left\" aria-hidden=\"true\">\n\t\t\t\t\t\t\t\t\t\t\t\t\t\t\t<span class=\"elementor-toggle-icon-closed\"><i class=\"fas fa-caret-down\"><\/i><\/span>\n\t\t\t\t\t\t\t\t<span class=\"elementor-toggle-icon-opened\"><i class=\"elementor-toggle-icon-opened fas fa-caret-up\"><\/i><\/span>\n\t\t\t\t\t\t\t\t\t\t\t\t\t<\/span>\n\t\t\t\t\t\t\t\t\t\t\t\t<a class=\"elementor-toggle-title\" tabindex=\"0\">Preenchimento de Cadastro e Perfil do Ingressante<\/a>\n\t\t\t\t\t<\/div>\n\n\t\t\t\t\t<div id=\"elementor-tab-content-1082\" class=\"elementor-tab-content elementor-clearfix\" data-tab=\"2\" role=\"region\" aria-labelledby=\"elementor-tab-title-1082\"><p style=\"color: #1c1c1c;font-size: 16px\">Todos os ingressantes do PPGTER devem preencher uma\u00a0<a href=\"https:\/\/forms.gle\/8TGAhDyesdJfkT2R8\" target=\"_blank\" rel=\"noopener\"><b>ficha cadastral<\/b><\/a>\u00a0at\u00e9 o final do primeiro m\u00eas de curso, para que o programa possa manter informa\u00e7\u00f5es e documenta\u00e7\u00f5es atualizadas sobre os estudantes.<\/p><p style=\"color: #1c1c1c;font-size: 16px\">Al\u00e9m disso, junto \u00e0 ficha cadastral, o estudante dever\u00e1 fornecer algumas informa\u00e7\u00f5es para que o programa possa realizar uma an\u00e1lise do perfil do ingressante do PPGTER, de forma a conhecer melhor seus acad\u00eamicos e direcionar, da melhor forma poss\u00edvel, as a\u00e7\u00f5es do programa.<\/p><p style=\"color: #1c1c1c;font-size: 16px\">Ap\u00f3s o preenchimento do formul\u00e1rio, um comprovante ser\u00e1 enviado ao e-mail do aluno, que dever\u00e1 encaminhar este comprovante para o programa, atrav\u00e9s do e-mail <strong><a href=\"mailto:secretariapg.ce@ufsm.br\" target=\"_blank\" rel=\"noopener\">secretariapg.ce@ufsm.br<\/a><\/strong>, com o assunto: \u201cFicha Cadastral PPGTER \u2013 NOME_DO_ALUNO\u201d, anexando, tamb\u00e9m, o(s) seguinte(s) documento(s): fotoc\u00f3pia do diploma de gradua\u00e7\u00e3o e fotoc\u00f3pia do passaporte, caso n\u00e3o seja brasileiro.<\/p><p style=\"color: #1c1c1c;font-size: 16px\"><a href=\"https:\/\/forms.gle\/8TGAhDyesdJfkT2R8\" target=\"_blank\" rel=\"noopener\"><b>Clique aqui para acessar o formul\u00e1rio.<\/b><\/a><\/p><\/div>\n\t\t\t\t<\/div>\n\t\t\t\t\t\t\t\t<\/div>\n\t\t\t\t<\/div>\n\t\t\t\t<\/div>\n\t\t\t\t<div class=\"elementor-element elementor-element-cee30d9 elementor-widget elementor-widget-heading\" data-id=\"cee30d9\" data-element_type=\"widget\" data-widget_type=\"heading.default\">\n\t\t\t\t<div class=\"elementor-widget-container\">\n\t\t\t<h5 class=\"elementor-heading-title elementor-size-default\"><b>Disciplinas<\/b><\/h5>\t\t<\/div>\n\t\t\t\t<\/div>\n\t\t\t\t<div class=\"elementor-element elementor-element-a3aa361 elementor-widget elementor-widget-toggle\" data-id=\"a3aa361\" data-element_type=\"widget\" data-widget_type=\"toggle.default\">\n\t\t\t\t<div class=\"elementor-widget-container\">\n\t\t\t\t\t<div class=\"elementor-toggle\">\n\t\t\t\t\t\t\t<div class=\"elementor-toggle-item\">\n\t\t\t\t\t<div id=\"elementor-tab-title-1711\" class=\"elementor-tab-title\" data-tab=\"1\" role=\"button\" aria-controls=\"elementor-tab-content-1711\" aria-expanded=\"false\">\n\t\t\t\t\t\t\t\t\t\t\t\t<span class=\"elementor-toggle-icon elementor-toggle-icon-left\" aria-hidden=\"true\">\n\t\t\t\t\t\t\t\t\t\t\t\t\t\t\t<span class=\"elementor-toggle-icon-closed\"><i class=\"fas fa-caret-right\"><\/i><\/span>\n\t\t\t\t\t\t\t\t<span class=\"elementor-toggle-icon-opened\"><i class=\"elementor-toggle-icon-opened fas fa-caret-up\"><\/i><\/span>\n\t\t\t\t\t\t\t\t\t\t\t\t\t<\/span>\n\t\t\t\t\t\t\t\t\t\t\t\t<a class=\"elementor-toggle-title\" tabindex=\"0\">Aproveitamento e Dispensa de Disciplinas<\/a>\n\t\t\t\t\t<\/div>\n\n\t\t\t\t\t<div id=\"elementor-tab-content-1711\" class=\"elementor-tab-content elementor-clearfix\" data-tab=\"1\" role=\"region\" aria-labelledby=\"elementor-tab-title-1711\"><p>O discente pode solicitar a dispensa de disciplinas ou aproveitamento de cr\u00e9ditos obtidos em disciplinas realizadas em outros cursos de p\u00f3s-gradua\u00e7\u00e3o.\u00a0<span style=\"font-weight: var( --e-global-typography-text-font-weight )\">A solicita\u00e7\u00e3o \u00e9 realizada diretamente pelo aluno via PEN-SIE. Para solicitar a dispensa ou o aproveitamento de disciplina(s), s\u00e3o necess\u00e1rios os seguintes documentos:<\/span><\/p><ul><li><a href=\"https:\/\/www.ufsm.br\/app\/uploads\/sites\/345\/2022\/02\/Requerimento_de_Aproveitamento_de_Disciplinas-NCAPG-Copia.docx\" target=\"_blank\" rel=\"noopener\"><b>Requerimento de Aproveitamento de Disciplinas<\/b><\/a>\u00a0ou\u00a0<a href=\"https:\/\/www.ufsm.br\/app\/uploads\/sites\/517\/2021\/11\/Requerimento_de_Dispensa_de_Disciplinas-NCAPG.docx\" target=\"_blank\" rel=\"noopener\"><b>Requerimento de Dispensa de Disciplinas<\/b><\/a>, devidamente preenchido e assinado, em PDF<\/li><li>Hist\u00f3rico Escolar contendo a disciplina a ser aproveitada<\/li><li>Ementa da disciplina, <b>caso a disciplina seja de outra Institui\u00e7\u00e3o<\/b><\/li><\/ul><div>O Colegiado do PPGTER, na\u00a0<a href=\"https:\/\/portal.ufsm.br\/documentos\/publico\/documento.html?id=15922510\" target=\"_blank\" rel=\"noopener\">182\u00aa reuni\u00e3o<\/a>, decidiu que os\u00a0<span style=\"background-color: transparent;color: #000000;font-family: Arial, sans-serif;font-size: 12pt;white-space: pre-wrap\">pedidos de aproveitamento de disciplinas de outros cursos s\u00f3 ser\u00e3o analisados se estiverem acompanhados da declara\u00e7\u00e3o do orientador justificando a conex\u00e3o da disciplina com a pesquisa do discente.<\/span><\/div><div><b>\u00a0<\/b><\/div><div><p style=\"color: #1c1c1c;font-size: 16px\"><span style=\"font-weight: bolder\">DIFEREN\u00c7A ENTRE SOLICITA\u00c7\u00c3O DE DISPENSA DE DISCIPLINAS E SOLICITA\u00c7\u00c3O DE APROVEITAMENTO DE DISCIPLINAS<\/span><\/p><ul style=\"color: #1c1c1c;font-size: 16px\"><li><span style=\"font-weight: bolder\">SOLICITA\u00c7\u00c3O DE DISPENSA DE DISCIPLINAS \u2013<\/span>\u00a0Deve ser solicitada pelo(a) discente que quiser dispensar a(s) disciplina(s) do curso de p\u00f3s-gradua\u00e7\u00e3o da UFSM (que estiver matriculado como aluno regular) por disciplinas cursadas externamente ao curso na UFSM e\/ou em outras IES.\u00a0<span style=\"font-weight: bolder\">Destina-se a disciplinas que fazem parte da estrutura curricular do curso, principalmente, as cursadas como aluno especial anteriormente ao ingresso no curso.<\/span><ul><li>A dispensa de disciplinas faz com que o(a) discente n\u00e3o precise se matricular e cursar uma disciplina da estrutura curricular do curso de p\u00f3s-gradua\u00e7\u00e3o da UFSM, por substitui\u00e7\u00e3o a uma disciplina externa ao curso.<\/li><li>TIPO DOCUMENTAL QUE DEVE SER ABERTO NO PEN:\u00a0<span style=\"font-weight: bolder\">134.23 Solicita\u00e7\u00e3o de dispensa de disciplina de mestrado\/doutorado<\/span><\/li><\/ul><\/li><\/ul><ul style=\"color: #1c1c1c;font-size: 16px\"><li><span style=\"font-weight: bolder\">SOLICITA\u00c7\u00c3O DE APROVEITAMENTO DE DISCIPLINAS \u2013<\/span>\u00a0Deve ser solicitada pelo(a) discente que quiser aproveitar a(s) disciplina(s) cursada(s) e aprovada(s) em outro curso de p\u00f3s-gradua\u00e7\u00e3o da UFSM e\/ou em outras IES.\u00a0<span style=\"font-weight: bolder\">Destina-se a disciplinas que n\u00e3o fazem parte da estrutura curricular do curso.<\/span><ul><li>O aproveitamento de disciplinas permite que o(a) discente aluno regular de um curso de p\u00f3s-gradua\u00e7\u00e3o da UFSM inclua no seu plano de estudos uma disciplina cursada externamente ao curso.<\/li><li>TIPO DOCUMENTAL QUE DEVE SER ABERTO NO PEN:\u00a0<span style=\"font-weight: bolder\">134.23 Solicita\u00e7\u00e3o de aproveitamento de disciplina de mestrado\/doutorado<\/span><\/li><\/ul><\/li><\/ul><\/div><div><span style=\"color: #1c1c1c;font-size: 16px\">O processo ser\u00e1 analisado pela Coordena\u00e7\u00e3o ou em reuni\u00e3o do Colegiado do Programa.<\/span><span style=\"color: #1c1c1c;font-size: 16px\">\u00a0<\/span><\/div><\/div>\n\t\t\t\t<\/div>\n\t\t\t\t\t\t\t<div class=\"elementor-toggle-item\">\n\t\t\t\t\t<div id=\"elementor-tab-title-1712\" class=\"elementor-tab-title\" data-tab=\"2\" role=\"button\" aria-controls=\"elementor-tab-content-1712\" aria-expanded=\"false\">\n\t\t\t\t\t\t\t\t\t\t\t\t<span class=\"elementor-toggle-icon elementor-toggle-icon-left\" aria-hidden=\"true\">\n\t\t\t\t\t\t\t\t\t\t\t\t\t\t\t<span class=\"elementor-toggle-icon-closed\"><i class=\"fas fa-caret-right\"><\/i><\/span>\n\t\t\t\t\t\t\t\t<span class=\"elementor-toggle-icon-opened\"><i class=\"elementor-toggle-icon-opened fas fa-caret-up\"><\/i><\/span>\n\t\t\t\t\t\t\t\t\t\t\t\t\t<\/span>\n\t\t\t\t\t\t\t\t\t\t\t\t<a class=\"elementor-toggle-title\" tabindex=\"0\">Comprova\u00e7\u00e3o de Sufici\u00eancia em L\u00edngua Estrangeira<\/a>\n\t\t\t\t\t<\/div>\n\n\t\t\t\t\t<div id=\"elementor-tab-content-1712\" class=\"elementor-tab-content elementor-clearfix\" data-tab=\"2\" role=\"region\" aria-labelledby=\"elementor-tab-title-1712\"><p><span style=\"font-size: 16px\">Os discentes de p\u00f3s-gradua\u00e7\u00e3o em n\u00edvel de Mestrado dever\u00e3o comprovar sufici\u00eancia em uma l\u00edngua estrangeira, por meio de Exame de Sufici\u00eancia em L\u00edngua Estrangeira (espanhol, ingl\u00eas, franc\u00eas, italiano, alem\u00e3o) realizada na UFSM ou em outra Institui\u00e7\u00e3o de Ensino Superior.<\/span><\/p><p><span style=\"font-weight: var( --e-global-typography-text-font-weight )\">A solicita\u00e7\u00e3o \u00e9 realizada diretamente pelo aluno via PEN-SIE. Para solicitar o aproveitamento de sufici\u00eancia em l\u00edngua estrangeira, s\u00e3o necess\u00e1rios os seguintes documentos:<\/span><\/p><ul><li><a href=\"https:\/\/www.ufsm.br\/app\/uploads\/sites\/345\/2022\/02\/Requerimento_Comprovacao_Suf_Lingua_Estrangeira_NCAPG.docx\" target=\"_blank\" rel=\"noopener\"><b>Requerimento de Comprova\u00e7\u00e3o de Sufici\u00eancia em L\u00edngua Estrangeira<\/b><\/a>, devidamente preenchido e assinado, em PDF;<\/li><li>Documento comprobat\u00f3rio de aprova\u00e7\u00e3o em Teste de Sufici\u00eancia em L\u00edngua Estrangeira (emitido pela UFSM ou outras Institui\u00e7\u00f5es de Ensino Superior (IES) reconhecidas pelo MEC.<\/li><\/ul><div><span style=\"color: #1c1c1c;font-size: 16px\">Caso o requerente tenha feito o TOEFL, \u201c\u00e9 poss\u00edvel obter a equival\u00eancia, desde que tenha nota igual ou superior a 41 pontos na se\u00e7\u00e3o \u201cReading comprehension\u201d do TOEFL. Deve-se redigir um requerimento assinado com o cart\u00e3o de resultado do TOEFL em anexo e encaminhar junto com a solicita\u00e7\u00e3o.\u00a0<\/span><br \/><span style=\"color: #1c1c1c;font-size: 16px\"><br \/><\/span><\/div><div><p>O passo a passo para realiza\u00e7\u00e3o da solicita\u00e7\u00e3o via PEN-SIE est\u00e1 dispon\u00edvel no\u00a0<a href=\"https:\/\/www.ufsm.br\/pro-reitorias\/prpgp\/servicos\/comprovacao-de-suficiencia-em-lingua-estrangeira\" target=\"_blank\" rel=\"noopener\"><b>Tutorial para a Comprova\u00e7\u00e3o de Sufici\u00eancia em L\u00edngua Estrangeira<\/b><\/a>.\u00a0<span style=\"color: #1c1c1c;font-size: 16px\">O processo ser\u00e1 analisado em reuni\u00e3o do Colegiado do Programa.<\/span><\/p><p>\u00a0Certificados emitidos a mais de 5 (cinco) anos n\u00e3o ser\u00e3o aceitos.<\/p><\/div><\/div>\n\t\t\t\t<\/div>\n\t\t\t\t\t\t\t<div class=\"elementor-toggle-item\">\n\t\t\t\t\t<div id=\"elementor-tab-title-1713\" class=\"elementor-tab-title\" data-tab=\"3\" role=\"button\" aria-controls=\"elementor-tab-content-1713\" aria-expanded=\"false\">\n\t\t\t\t\t\t\t\t\t\t\t\t<span class=\"elementor-toggle-icon elementor-toggle-icon-left\" aria-hidden=\"true\">\n\t\t\t\t\t\t\t\t\t\t\t\t\t\t\t<span class=\"elementor-toggle-icon-closed\"><i class=\"fas fa-caret-right\"><\/i><\/span>\n\t\t\t\t\t\t\t\t<span class=\"elementor-toggle-icon-opened\"><i class=\"elementor-toggle-icon-opened fas fa-caret-up\"><\/i><\/span>\n\t\t\t\t\t\t\t\t\t\t\t\t\t<\/span>\n\t\t\t\t\t\t\t\t\t\t\t\t<a class=\"elementor-toggle-title\" tabindex=\"0\">Doc\u00eancia Orientada<\/a>\n\t\t\t\t\t<\/div>\n\n\t\t\t\t\t<div id=\"elementor-tab-content-1713\" class=\"elementor-tab-content elementor-clearfix\" data-tab=\"3\" role=\"region\" aria-labelledby=\"elementor-tab-title-1713\"><p>A Doc\u00eancia Orientada consiste n<span style=\"color: #1c1c1c;font-size: 16px\">a participa\u00e7\u00e3o de discente de p\u00f3s-gradua\u00e7\u00e3o em atividades de ensino na educa\u00e7\u00e3o superior da UFSM, servindo para a complementa\u00e7\u00e3o da forma\u00e7\u00e3o pedag\u00f3gica dos p\u00f3s-graduandos.<\/span>. O<span style=\"font-weight: var( --e-global-typography-text-font-weight )\">\u00a0discente dever\u00e1 encaminhar o\u00a0<\/span><a href=\"https:\/\/www.ufsm.br\/app\/uploads\/sites\/517\/2021\/11\/Modelo_Plano_Docencia_Orientada_PPGTER.docx\" target=\"_blank\" rel=\"noopener\"><b>Plano de Doc\u00eancia Orientada<\/b><\/a><span style=\"font-weight: var( --e-global-typography-text-font-weight )\">\u00a0at\u00e9 o in\u00edcio de semestre em que pretende realiz\u00e1-la. Ap\u00f3s o recebimento do plano de doc\u00eancia, o discente ser\u00e1 matriculado no est\u00e1gio de doc\u00eancia.<\/span><\/p><p>A doc\u00eancia orientada ser\u00e1 aprovada no Colegiado do PPGTER e no Colegiado do curso de gradua\u00e7\u00e3o. Ap\u00f3s a realiza\u00e7\u00e3o da Doc\u00eancia Orientada, para o encerramento da atividade, o discente dever\u00e1 elaborar o\u00a0<a href=\"https:\/\/www.ufsm.br\/app\/uploads\/sites\/517\/2022\/09\/Modelo_relatorio_docencia_orientada_PPGTER.docx\" target=\"_blank\" rel=\"noopener\"><b>Relat\u00f3rio de Doc\u00eancia Orientada<\/b><\/a>\u00a0e encaminh\u00e1-lo. Ap\u00f3s o envio do relat\u00f3rio. o professor respons\u00e1vel pela doc\u00eancia orientada poder\u00e1 encerrar a disciplina.<\/p><div>Para o encaminhamento do Plano de Doc\u00eancia Orientada, <b>\u00e9 necess\u00e1ria a abertura de um Processo Eletr\u00f4nico (PEN)<\/b>. <b>O<\/b> <b>relat\u00f3rio ser\u00e1 anexado ao mesmo processo no final da disciplina<\/b>. O passo a passo para abertura e encaminhamentos do Processo de Doc\u00eancia Orientada est\u00e1 dispon\u00edvel no\u00a0<a href=\"https:\/\/www.ufsm.br\/app\/uploads\/sites\/547\/2023\/03\/TUTORIAL-PROCESSO-DE-DOCENCIA-ORIENTADA.pdf\" target=\"_blank\" rel=\"noopener\"><b>Tutorial de Abertura do Processo de Doc\u00eancia Orientada<\/b><\/a>. Nele tamb\u00e9m consta o fluxo do processo.<\/div><\/div>\n\t\t\t\t<\/div>\n\t\t\t\t\t\t\t<div class=\"elementor-toggle-item\">\n\t\t\t\t\t<div id=\"elementor-tab-title-1714\" class=\"elementor-tab-title\" data-tab=\"4\" role=\"button\" aria-controls=\"elementor-tab-content-1714\" aria-expanded=\"false\">\n\t\t\t\t\t\t\t\t\t\t\t\t<span class=\"elementor-toggle-icon elementor-toggle-icon-left\" aria-hidden=\"true\">\n\t\t\t\t\t\t\t\t\t\t\t\t\t\t\t<span class=\"elementor-toggle-icon-closed\"><i class=\"fas fa-caret-right\"><\/i><\/span>\n\t\t\t\t\t\t\t\t<span class=\"elementor-toggle-icon-opened\"><i class=\"elementor-toggle-icon-opened fas fa-caret-up\"><\/i><\/span>\n\t\t\t\t\t\t\t\t\t\t\t\t\t<\/span>\n\t\t\t\t\t\t\t\t\t\t\t\t<a class=\"elementor-toggle-title\" tabindex=\"0\">Matr\u00edcula Extracurricular<\/a>\n\t\t\t\t\t<\/div>\n\n\t\t\t\t\t<div id=\"elementor-tab-content-1714\" class=\"elementor-tab-content elementor-clearfix\" data-tab=\"4\" role=\"region\" aria-labelledby=\"elementor-tab-title-1714\"><ol style=\"color: #1c1c1c;font-size: 16px\"><li>Caso o aluno seja\u00a0<span style=\"font-weight: bolder\">vinculado ao PPGTER<\/span>\u00a0e deseje realizar disciplinas extracurriculares em outros Programas, \u00e9 necess\u00e1rio\u00a0realizar a abertura do tipo de processo\u00a0<span style=\"font-weight: bolder\">Solicita\u00e7\u00e3o de matr\u00edcula extracurricular de mestrado\/doutorado<\/span>\u00a0no PEN-SIE. Deve ser anexado o\u00a0<a style=\"color: #204c90\" href=\"https:\/\/www.ufsm.br\/app\/uploads\/sites\/547\/2025\/02\/Requerimento_Matricula_Extracurricular_em-outro-curso.docx\">Requerimento de Matr\u00edcula Extracurricular\u00a0<\/a>preenchido, que deve ser assinado no PEN-SIE.<\/li><li>Caso o aluno esteja\u00a0<span style=\"font-weight: bolder\">vinculado a outro Programa de P\u00f3s-Gradua\u00e7\u00e3o da UFSM<\/span>\u00a0e deseje cursar disciplinas no PPGTER, ele deve, preferencialmente, abrir o processo &#8220;<span style=\"font-weight: bolder\">Solicita\u00e7\u00e3o de Matr\u00edcula Extracurricular de Mestrado\/Doutorado<\/span>&#8221; no PEN-SIE e anexar o\u00a0<a style=\"color: #204c90\" href=\"https:\/\/www.ufsm.br\/app\/uploads\/sites\/547\/2025\/02\/Requerimento_Matricula_Extracurricular_em-outro-curso.docx\">Requerimento de Matr\u00edcula Extracurricular<\/a>. Alternativamente, pode seguir as orienta\u00e7\u00f5es administrativas do seu curso de origem.<\/li><\/ol><p style=\"color: #1c1c1c;font-size: 16px\">\u00c9 indispens\u00e1vel que o requerimento seja devidamente assinado pelo discente e pelo coordenador ou orientador e encaminhado\u00a0<span style=\"font-weight: bold\">no per\u00edodo estipulado no\u00a0<\/span><a style=\"color: #204c90\" href=\"https:\/\/www.ufsm.br\/calendario\" target=\"_blank\" rel=\"noopener\"><span style=\"font-weight: bold\">Calend\u00e1rio Acad\u00eamico<\/span><\/a>.<\/p><\/div>\n\t\t\t\t<\/div>\n\t\t\t\t\t\t\t<div class=\"elementor-toggle-item\">\n\t\t\t\t\t<div id=\"elementor-tab-title-1715\" class=\"elementor-tab-title\" data-tab=\"5\" role=\"button\" aria-controls=\"elementor-tab-content-1715\" aria-expanded=\"false\">\n\t\t\t\t\t\t\t\t\t\t\t\t<span class=\"elementor-toggle-icon elementor-toggle-icon-left\" aria-hidden=\"true\">\n\t\t\t\t\t\t\t\t\t\t\t\t\t\t\t<span class=\"elementor-toggle-icon-closed\"><i class=\"fas fa-caret-right\"><\/i><\/span>\n\t\t\t\t\t\t\t\t<span class=\"elementor-toggle-icon-opened\"><i class=\"elementor-toggle-icon-opened fas fa-caret-up\"><\/i><\/span>\n\t\t\t\t\t\t\t\t\t\t\t\t\t<\/span>\n\t\t\t\t\t\t\t\t\t\t\t\t<a class=\"elementor-toggle-title\" tabindex=\"0\">Semin\u00e1rio Integrador<\/a>\n\t\t\t\t\t<\/div>\n\n\t\t\t\t\t<div id=\"elementor-tab-content-1715\" class=\"elementor-tab-content elementor-clearfix\" data-tab=\"5\" role=\"region\" aria-labelledby=\"elementor-tab-title-1715\"><p style=\"color: #1c1c1c;font-size: 16px\">A disciplina de Semin\u00e1rio Integrador I compreende momentos de orienta\u00e7\u00e3o individual entre orientado e orientador, com o objetivo de aprofundar sua pesquisa sobre um tema espec\u00edfico.<\/p><p style=\"color: #1c1c1c;font-size: 16px\">J\u00e1 a disciplina de\u00a0Semin\u00e1rio Integrador II\u00a0pode compreender, al\u00e9m dos momentos de orienta\u00e7\u00e3o, encontros entre os professores e estudantes do curso, com o objetivo de debater sobre os projetos de pesquisa e trabalhos sendo desenvolvidos pelos grupos, como forma de compartilhar conhecimentos entre os diferentes grupos e linhas de pesquisa que envolvem docentes e discentes do programa.<\/p><\/div>\n\t\t\t\t<\/div>\n\t\t\t\t\t\t\t\t<\/div>\n\t\t\t\t<\/div>\n\t\t\t\t<\/div>\n\t\t\t\t<div class=\"elementor-element elementor-element-76042c3 elementor-widget elementor-widget-heading\" data-id=\"76042c3\" data-element_type=\"widget\" data-widget_type=\"heading.default\">\n\t\t\t\t<div class=\"elementor-widget-container\">\n\t\t\t<h5 class=\"elementor-heading-title elementor-size-default\"><b>Qualifica\u00e7\u00e3o e Defesa de Disserta\u00e7\u00e3o<\/b><\/h5>\t\t<\/div>\n\t\t\t\t<\/div>\n\t\t\t\t<div class=\"elementor-element elementor-element-1d17bd9 elementor-widget elementor-widget-toggle\" data-id=\"1d17bd9\" data-element_type=\"widget\" data-widget_type=\"toggle.default\">\n\t\t\t\t<div class=\"elementor-widget-container\">\n\t\t\t\t\t<div class=\"elementor-toggle\">\n\t\t\t\t\t\t\t<div class=\"elementor-toggle-item\">\n\t\t\t\t\t<div id=\"elementor-tab-title-3051\" class=\"elementor-tab-title\" data-tab=\"1\" role=\"button\" aria-controls=\"elementor-tab-content-3051\" aria-expanded=\"false\">\n\t\t\t\t\t\t\t\t\t\t\t\t<span class=\"elementor-toggle-icon elementor-toggle-icon-left\" aria-hidden=\"true\">\n\t\t\t\t\t\t\t\t\t\t\t\t\t\t\t<span class=\"elementor-toggle-icon-closed\"><i class=\"fas fa-caret-right\"><\/i><\/span>\n\t\t\t\t\t\t\t\t<span class=\"elementor-toggle-icon-opened\"><i class=\"elementor-toggle-icon-opened fas fa-caret-up\"><\/i><\/span>\n\t\t\t\t\t\t\t\t\t\t\t\t\t<\/span>\n\t\t\t\t\t\t\t\t\t\t\t\t<a class=\"elementor-toggle-title\" tabindex=\"0\">Qualifica\u00e7\u00e3o de Disserta\u00e7\u00e3o<\/a>\n\t\t\t\t\t<\/div>\n\n\t\t\t\t\t<div id=\"elementor-tab-content-3051\" class=\"elementor-tab-content elementor-clearfix\" data-tab=\"1\" role=\"region\" aria-labelledby=\"elementor-tab-title-3051\"><p style=\"color: #000000;font-size: 16px\">O processo de Qualifica\u00e7\u00e3o no Mestrado em Educa\u00e7\u00e3o dever\u00e1 acontecer\u00a0<span style=\"font-weight: bold\">em at\u00e9 18 meses ap\u00f3s o ingresso<\/span>\u00a0no Curso.\u00a0<span style=\"color: #1c1c1c;font-size: 16px\">Os discentes que ingressaram antes de 07\/11\/2024 devem cumprir 75% dos cr\u00e9ditos totais para qualificar. Aqueles que entraram ap\u00f3s essa data devem apenas cursar o primeiro semestre letivo para que possam qualificar<\/span>.\u00a0<span style=\"color: #000000;font-size: 16px\">Para solicitar a qualifica\u00e7\u00e3o do projeto de disserta\u00e7\u00e3o, o aluno dever\u00e1<\/span><span style=\"color: #000000;font-size: 16px\">\u00a0<\/span><span style=\"color: #000000;font-size: 16px;font-weight: bold\">abrir no PEN\/SIE o &#8220;Processo de qualifica\u00e7\u00e3o de disserta\u00e7\u00e3o de mestrado (134.324)&#8221;\u00a0<\/span><span style=\"color: #000000;font-size: 16px\">com os seguintes documentos:<\/span><\/p><ul style=\"color: #000000;font-size: 16px\"><li><b><a href=\"https:\/\/www.ufsm.br\/app\/uploads\/sites\/517\/2026\/08\/Requerimento-de-Qualificacao-de-Dissertacao-NOME_DO_DISCENTE-4-1.docx\">Requerimento de Qualifica\u00e7\u00e3o de Disserta\u00e7\u00e3o<\/a><\/b>, em PDF<\/li><li>Hist\u00f3rico Escolar (emitido no Portal do Aluno), para comprova\u00e7\u00e3o da conclus\u00e3o dos cr\u00e9ditos necess\u00e1rios, se for o caso.<\/li><\/ul><div style=\"color: #000000;font-size: 16px\">O Requerimento de Qualifica\u00e7\u00e3o de Disserta\u00e7\u00e3o deve ser encaminhado com, pelo menos,\u00a0<span style=\"font-weight: bold\">20 dias de anteced\u00eancia<\/span>, devidamente preenchido e assinado pelo discente e seu orientador.<\/div><div style=\"color: #000000;font-size: 16px\"><span style=\"font-weight: var( --e-global-typography-text-font-weight )\">Ap\u00f3s o recebimento, a secretaria dar\u00e1 prosseguimento \u00e0 emiss\u00e3o da documenta\u00e7\u00e3o de defesa e abertura do processo de homologa\u00e7\u00e3o de ata.<\/span><\/div><p>A reserva de salas para realiza\u00e7\u00e3o de bancas de defesa \u00e9 realizada diretamente com o N\u00facleo de Infraestrutura do Centro de Educa\u00e7\u00e3o, conforme instru\u00e7\u00f5es dispon\u00edveis no\u00a0<a href=\"https:\/\/drive.google.com\/file\/d\/1NYPHX1D-ajmW-ONQ_-wOX1IuLBu_G7HL\/view\" target=\"_blank\" rel=\"noopener\"><b>Memorando Circular 002\/2023<\/b><\/a>.<\/p><\/div>\n\t\t\t\t<\/div>\n\t\t\t\t\t\t\t<div class=\"elementor-toggle-item\">\n\t\t\t\t\t<div id=\"elementor-tab-title-3052\" class=\"elementor-tab-title\" data-tab=\"2\" role=\"button\" aria-controls=\"elementor-tab-content-3052\" aria-expanded=\"false\">\n\t\t\t\t\t\t\t\t\t\t\t\t<span class=\"elementor-toggle-icon elementor-toggle-icon-left\" aria-hidden=\"true\">\n\t\t\t\t\t\t\t\t\t\t\t\t\t\t\t<span class=\"elementor-toggle-icon-closed\"><i class=\"fas fa-caret-right\"><\/i><\/span>\n\t\t\t\t\t\t\t\t<span class=\"elementor-toggle-icon-opened\"><i class=\"elementor-toggle-icon-opened fas fa-caret-up\"><\/i><\/span>\n\t\t\t\t\t\t\t\t\t\t\t\t\t<\/span>\n\t\t\t\t\t\t\t\t\t\t\t\t<a class=\"elementor-toggle-title\" tabindex=\"0\">Defesa de Disserta\u00e7\u00e3o<\/a>\n\t\t\t\t\t<\/div>\n\n\t\t\t\t\t<div id=\"elementor-tab-content-3052\" class=\"elementor-tab-content elementor-clearfix\" data-tab=\"2\" role=\"region\" aria-labelledby=\"elementor-tab-title-3052\"><p style=\"color: #000000;font-size: 16px\">O processo de Defesa Final de Disserta\u00e7\u00e3o dever\u00e1 acontecer\u00a0<span style=\"font-weight: bold\">em at\u00e9 24 meses ap\u00f3s o ingresso<\/span>\u00a0no Curso. Para tal, \u00e9 necess\u00e1rio que o discente tenha cumprido\u00a0<span style=\"font-weight: bold\">100% dos cr\u00e9ditos<\/span>\u00a0e\u00a0<span style=\"font-weight: bold\">qualificado com \u00eaxito o projeto de pesquisa<\/span>. Tamb\u00e9m \u00e9 necess\u00e1rio <b>c<\/b><span style=\"color: #1c1c1c;font-size: 16px\"><b>omprova\u00e7\u00e3o da publica\u00e7\u00e3o, ou o aceite para ela, de um artigo em peri\u00f3dico de Qualis m\u00ednimo B3<\/b>, em coautoria com seu orientador, <b>ou de um cap\u00edtulo de livro publicado em livro acad\u00eamico<\/b>, em coautoria com seu orientador. O artigo ou cap\u00edtulo de livro dever\u00e1 conter os resultados parciais obtidos na pesquisa.\u00a0<\/span><span style=\"color: #1c1c1c;font-size: 16px\">Os discentes que ingressaram antes de 07\/11\/2024, salvo se foi solicitada a sujei\u00e7\u00e3o ao novo regulamento, n\u00e3o necessitam comprovar a publica\u00e7\u00e3o de um artigo ou cap\u00edtulo de livro.<\/span><\/p><p style=\"color: #000000;font-size: 16px\">Para solicitar a defesa final de disserta\u00e7\u00e3o, o discente dever\u00e1:<\/p><ol style=\"color: #000000;font-size: 16px\"><li>Abrir processo de defesa de MDT via Portal do Aluno (<a style=\"color: #204c90\" href=\"https:\/\/www.ufsm.br\/app\/uploads\/sites\/547\/2025\/07\/TUTORIAL-DE-SOLICITACAO-DE-DEFESA-MDT.pdf\" target=\"_blank\" rel=\"noopener\"><span style=\"font-weight: bold\">Tutorial para abertura do processo<\/span><\/a>).<\/li><li>Encaminhar via e-mail (<a class=\"notranslate\" href=\"mailto:secretariapg.ce@ufsm.br\">secretariapg.ce@ufsm.br<\/a>), o\u00a0<a href=\"https:\/\/www.ufsm.br\/app\/uploads\/sites\/517\/2026\/09\/Requerimento-de-Defesa-de-Dissertacao-NOME_DO_DISCENTE.docx\"><b>Requerimento de Defesa de Disserta\u00e7\u00e3o<\/b><\/a>, em PDF.<\/li><\/ol><div style=\"color: #000000;font-size: 16px\"><span style=\"color: #1c1c1c;font-size: 16px\">Na composi\u00e7\u00e3o da banca, deve haver, no m\u00ednimo, um membro externo \u00e0 UFSM.\u00a0<\/span><\/div><div style=\"color: #000000;font-size: 16px\">Salienta-se que\u00a0<span style=\"font-weight: bold\">o sistema exige pelo menos 20 dias de anteced\u00eancia<\/span>\u00a0para o agendamento da Defesa de Disserta\u00e7\u00e3o.<\/div><div style=\"color: #000000;font-size: 16px\"><span style=\"font-size: 16px\">A reserva de salas para realiza\u00e7\u00e3o de bancas de defesa \u00e9 realizada diretamente com o N\u00facleo de Infraestrutura do Centro de Educa\u00e7\u00e3o, conforme instru\u00e7\u00f5es dispon\u00edveis no\u00a0<\/span><a style=\"font-size: 16px\" href=\"https:\/\/drive.google.com\/file\/d\/1NYPHX1D-ajmW-ONQ_-wOX1IuLBu_G7HL\/view\" target=\"_blank\" rel=\"noopener\"><span style=\"font-weight: bold\">Memorando Circular 002\/2023<\/span><\/a><span style=\"font-size: 16px\">.<\/span><\/div><\/div>\n\t\t\t\t<\/div>\n\t\t\t\t\t\t\t\t<\/div>\n\t\t\t\t<\/div>\n\t\t\t\t<\/div>\n\t\t\t\t<div class=\"elementor-element elementor-element-f5b7d0a elementor-widget elementor-widget-heading\" data-id=\"f5b7d0a\" data-element_type=\"widget\" data-widget_type=\"heading.default\">\n\t\t\t\t<div class=\"elementor-widget-container\">\n\t\t\t<h5 class=\"elementor-heading-title elementor-size-default\"><b>Solicita\u00e7\u00e3o de Prorroga\u00e7\u00e3o de Prazo de Defesa<\/b><\/h5>\t\t<\/div>\n\t\t\t\t<\/div>\n\t\t\t\t<div class=\"elementor-element elementor-element-4e629bd elementor-widget elementor-widget-toggle\" data-id=\"4e629bd\" data-element_type=\"widget\" data-widget_type=\"toggle.default\">\n\t\t\t\t<div class=\"elementor-widget-container\">\n\t\t\t\t\t<div class=\"elementor-toggle\">\n\t\t\t\t\t\t\t<div class=\"elementor-toggle-item\">\n\t\t\t\t\t<div id=\"elementor-tab-title-8211\" class=\"elementor-tab-title\" data-tab=\"1\" role=\"button\" aria-controls=\"elementor-tab-content-8211\" aria-expanded=\"false\">\n\t\t\t\t\t\t\t\t\t\t\t\t<span class=\"elementor-toggle-icon elementor-toggle-icon-left\" aria-hidden=\"true\">\n\t\t\t\t\t\t\t\t\t\t\t\t\t\t\t<span class=\"elementor-toggle-icon-closed\"><i class=\"fas fa-caret-right\"><\/i><\/span>\n\t\t\t\t\t\t\t\t<span class=\"elementor-toggle-icon-opened\"><i class=\"elementor-toggle-icon-opened fas fa-caret-up\"><\/i><\/span>\n\t\t\t\t\t\t\t\t\t\t\t\t\t<\/span>\n\t\t\t\t\t\t\t\t\t\t\t\t<a class=\"elementor-toggle-title\" tabindex=\"0\">Prorroga\u00e7\u00e3o de Defesa Final<\/a>\n\t\t\t\t\t<\/div>\n\n\t\t\t\t\t<div id=\"elementor-tab-content-8211\" class=\"elementor-tab-content elementor-clearfix\" data-tab=\"1\" role=\"region\" aria-labelledby=\"elementor-tab-title-8211\"><p><span style=\"color: #1c1c1c;font-size: 16px;text-align: justify;font-weight: var( --e-global-typography-text-font-weight )\">O <\/span><span style=\"color: #1c1c1c;font-size: 16px;text-align: justify\"><b>p<\/b><\/span><span style=\"color: #1c1c1c;font-size: 16px;text-align: justify;font-weight: bolder\">rocesso de prorroga\u00e7\u00e3o de prazo para defesa de disserta\u00e7\u00e3o pode ser aberto pelo discente<\/span><span style=\"color: #1c1c1c;font-size: 16px;text-align: justify;font-weight: var( --e-global-typography-text-font-weight )\">\u00a0<\/span><span style=\"color: #1c1c1c;font-size: 16px;text-align: justify;font-weight: var( --e-global-typography-text-font-weight )\">no<\/span><span style=\"color: #1c1c1c;font-size: 16px;text-align: justify;font-weight: var( --e-global-typography-text-font-weight )\">\u00a0<\/span><a style=\"font-size: 16px;text-align: justify;font-weight: var( --e-global-typography-text-font-weight );color: #204c90\" href=\"https:\/\/portal.ufsm.br\/documentos\/index.html\">Portal Documentos da UFSM<\/a><span style=\"color: #1c1c1c;font-size: 16px;text-align: justify;font-weight: var( --e-global-typography-text-font-weight )\">.<\/span><\/p><ul style=\"color: #1c1c1c;font-size: 16px\"><li style=\"text-align: justify\">Menu Novo &gt; Processo &gt; seleciona o PEN com tipo documental \u201c<span style=\"font-weight: bolder\">Processo de prorroga\u00e7\u00e3o de prazo para defesa de disserta\u00e7\u00e3o\/tese (134.333)<\/span>\u201c<\/li><\/ul><p style=\"color: #1c1c1c;font-size: 16px;text-align: justify\"><span style=\"font-weight: bolder\">Fluxo da abertura do PEN de prorroga\u00e7\u00e3o de prazo para defesa:<br \/><\/span>Discente &gt; Orientador &gt; Curso\/Colegiado &gt; N\u00facleo de Controle Acad\u00eamico da P\u00f3s-Gradua\u00e7\u00e3o da PRPGP.<\/p><p style=\"color: #1c1c1c;font-size: 16px;text-align: justify\"><span style=\"font-weight: bolder\"><u>Procedimento:<\/u>\u00a0<\/span>discente abre o PEN anexando o\u00a0<a style=\"color: #204c90\" href=\"https:\/\/www.ufsm.br\/app\/uploads\/sites\/517\/2024\/09\/Requerimento_Prorrogacao_Prazo_Defesa_StrictoSensu.docx\"><b>requerimento de prorroga\u00e7\u00e3o de prazo Stricto Sensu<\/b><\/a>\u00a0e demais documentos em formato PDF leg\u00edvel, tramita para o(a) orientador(a) e este tramita ao Curso para an\u00e1lise do Colegiado. O requerimento deve ser assinado eletronicamente pelo discente e seu orientador(a).<\/p><p style=\"color: #1c1c1c;font-size: 16px;text-align: justify\">O Colegiado do PPGTER, na\u00a0<a href=\"https:\/\/www.ufsm.br\/cursos\/pos-graduacao\/santa-maria\/ppgter\/wp-content\/uploads\/sites\/517\/2019\/01\/ATA_86_Colegiado_14_05_18.pdf\" target=\"_blank\" rel=\"noopener\">86\u00aa<\/a>\u00a0e na\u00a0<a href=\"https:\/\/portal.ufsm.br\/documentos\/publico\/documento.html?id=15922510\" target=\"_blank\" rel=\"noopener\">182\u00aa reuni\u00e3o<\/a>, decidiu que o discente deve encaminhar o texto em andamento da disserta\u00e7\u00e3o, ter sido aprovado no exame de qualifica\u00e7\u00e3o e que a aprova\u00e7\u00e3o conste na respectiva ata para que a solicita\u00e7\u00e3o de prorroga\u00e7\u00e3o de prazo seja aprovada.<\/p><\/div>\n\t\t\t\t<\/div>\n\t\t\t\t\t\t\t\t<\/div>\n\t\t\t\t<\/div>\n\t\t\t\t<\/div>\n\t\t\t\t<div class=\"elementor-element elementor-element-a0d210b elementor-widget elementor-widget-heading\" data-id=\"a0d210b\" data-element_type=\"widget\" data-widget_type=\"heading.default\">\n\t\t\t\t<div class=\"elementor-widget-container\">\n\t\t\t<h5 class=\"elementor-heading-title elementor-size-default\"><b>Procedimentos P\u00f3s-Defesa<\/b><\/h5>\t\t<\/div>\n\t\t\t\t<\/div>\n\t\t\t\t<div class=\"elementor-element elementor-element-b81a720 elementor-widget elementor-widget-toggle\" data-id=\"b81a720\" data-element_type=\"widget\" data-widget_type=\"toggle.default\">\n\t\t\t\t<div class=\"elementor-widget-container\">\n\t\t\t\t\t<div class=\"elementor-toggle\">\n\t\t\t\t\t\t\t<div class=\"elementor-toggle-item\">\n\t\t\t\t\t<div id=\"elementor-tab-title-1931\" class=\"elementor-tab-title\" data-tab=\"1\" role=\"button\" aria-controls=\"elementor-tab-content-1931\" aria-expanded=\"false\">\n\t\t\t\t\t\t\t\t\t\t\t\t<span class=\"elementor-toggle-icon elementor-toggle-icon-left\" aria-hidden=\"true\">\n\t\t\t\t\t\t\t\t\t\t\t\t\t\t\t<span class=\"elementor-toggle-icon-closed\"><i class=\"fas fa-caret-right\"><\/i><\/span>\n\t\t\t\t\t\t\t\t<span class=\"elementor-toggle-icon-opened\"><i class=\"elementor-toggle-icon-opened fas fa-caret-up\"><\/i><\/span>\n\t\t\t\t\t\t\t\t\t\t\t\t\t<\/span>\n\t\t\t\t\t\t\t\t\t\t\t\t<a class=\"elementor-toggle-title\" tabindex=\"0\">Entrega da DIsserta\u00e7\u00e3o e do Produto (Procedimentos P\u00f3s-Defesa)<\/a>\n\t\t\t\t\t<\/div>\n\n\t\t\t\t\t<div id=\"elementor-tab-content-1931\" class=\"elementor-tab-content elementor-clearfix\" data-tab=\"1\" role=\"region\" aria-labelledby=\"elementor-tab-title-1931\"><p><span style=\"font-size: 16px\">Ap\u00f3s a aprova\u00e7\u00e3o na defesa. a disserta\u00e7\u00e3o e o produto dever\u00e3o ser encaminhados ao Programa, por meio de processo aberto no PEN-SIE, com o tipo documental &#8220;<\/span>Ato de entrega de disserta\u00e7\u00e3o\/tese (134.334)&#8221;<span style=\"font-size: 16px\">. Devem ser inseridos no processo os seguintes documentos:\u00a0<\/span><\/p><ol style=\"color: #1c1c1c;font-size: 16px\"><li>Disserta\u00e7\u00e3o de Mestrado, em formato .pdf, contendo a Ficha Catalogr\u00e1fica;<\/li><li>Termo de Autoriza\u00e7\u00e3o para Disponibilidade de Disserta\u00e7\u00e3o no Manancial, dispon\u00edvel\u00a0<a style=\"color: #204c90\" href=\"https:\/\/www.ufsm.br\/orgaos-suplementares\/biblioteca\/formulario-de-autorizacao-para-publicacao-online-de-teses-e-dissertacoes\" target=\"_blank\" rel=\"noopener\">aqui<\/a>;<\/li><li>Comprovante de submiss\u00e3o de um artigo dos resultados finais da pesquisa, em um peri\u00f3dico de Qualis de extrato superior (A1 a A4), em coautoria com seu orientador, ou de um cap\u00edtulo publicado em livro acad\u00eamico, em coautoria com seu orientador, em formato .pdf;<\/li><li>Produto da disserta\u00e7\u00e3o, em sua totalidade, sendo que se ele for um software, os c\u00f3digos-fonte devem ser enviados tamb\u00e9m. Caso o sistema n\u00e3o permita o envio do produto em decorr\u00eancia do formato, tamanho, ou devido a qualquer outro problema, ele dever\u00e1 ser enviado para o e-mail da Secretaria Integrada da P\u00f3s-Gradua\u00e7\u00e3o (<strong><a href=\"mailto:secretariapg.ce@ufsm.br\" target=\"_blank\" rel=\"noopener\">secretariapg.ce@ufsm.br<\/a><\/strong>). Se o produto estiver em processo de registro de patente, ele deve ser inserido no processo com acesso restrito.<\/li><\/ol><p style=\"color: #1c1c1c;font-size: 16px\">Os discentes que ingressaram antes de 07\/11\/2024, salvo se foi solicitada a sujei\u00e7\u00e3o ao novo regulamento, n\u00e3o precisam comprovar submiss\u00e3o a peri\u00f3dico com Qualis A1 a A4, desde que a submiss\u00e3o tenha sido feita a peri\u00f3dico avaliado pela CAPES, que possua nota Qualis.<\/p><p style=\"color: #1c1c1c;font-size: 16px\">Adicionalmente, \u00e9 facultado ao discente disponibilizar o produto de sua disserta\u00e7\u00e3o no Manancial. Para isso, deve ser inserida, tamb\u00e9m:<\/p><ol style=\"color: #1c1c1c;font-size: 16px\"><li>Autoriza\u00e7\u00e3o para Disponibiliza\u00e7\u00e3o de Livros ou Trabalhos Acad\u00eamicos, preenchida com os dados referentes ao autor e e ao produto, dispon\u00edvel\u00a0<a style=\"color: #204c90\" href=\"https:\/\/www.ufsm.br\/app\/uploads\/sites\/362\/2021\/05\/autorizacao_para_livros_e_materiais_em_geral_online_2021-1.doc\">aqui<\/a>.<\/li><\/ol><p style=\"color: #000000;font-size: 16px\"><span style=\"color: #1c1c1c;font-size: 16px\">O produto deve estar em conformidade com as normativas de classifica\u00e7\u00e3o da CAPES. Para saber mais, consulte o relat\u00f3rio t\u00e9cnico\u00a0\u201c<\/span><a style=\"color: #204c90;font-size: 16px\" href=\"https:\/\/www.ufsm.br\/app\/uploads\/sites\/517\/2021\/06\/PPGTER.DIR_.24.2021.TEC_-1.pdf\">Artefatos T\u00e9cnicos e Tecnol\u00f3gicos: Identifica\u00e7\u00e3o e Cadastro<\/a><span style=\"color: #1c1c1c;font-size: 16px\">\u201c.<\/span><\/p><p style=\"color: #1c1c1c;font-size: 16px\">Al\u00e9m disso, dever\u00e1 ser preenchido um\u00a0<span style=\"font-weight: bolder\">Relat\u00f3rio P\u00f3s-Defesa<\/span>, que encontra-se dispon\u00edvel no link:\u00a0<a style=\"color: #204c90\" href=\"https:\/\/forms.gle\/pAjQSnzwaLM2F6NA9\">Relat\u00f3rio_P\u00f3s_Defesa<\/a>. Ap\u00f3s o preenchimento do mesmo, um comprovante ser\u00e1 enviado ao e-mail do aluno, que dever\u00e1 encaminhar este comprovante para a secretaria , atrav\u00e9s do e-mail <strong><a href=\"mailto:secretariapg.ce@ufsm.br\" target=\"_blank\" rel=\"noopener\">secretariapg.ce@ufsm.br<\/a><\/strong>, com o assunto: \u201cRelat\u00f3rio P\u00f3s-Defesa PPGTER \u2013 NOME_DO_ALUNO\u201d, junto com o restante da documenta\u00e7\u00e3o.<\/p><div style=\"color: #000000;font-size: 16px\" title=\"Page 1\"><p>Importante:<\/p><\/div><ul style=\"color: #000000;font-size: 16px\"><li>A disserta\u00e7\u00e3o\u00a0<span style=\"font-weight: bold\">n\u00e3o deve<\/span>\u00a0conter nenhuma assinatura no processo;<\/li><li>A Folha de Aprova\u00e7\u00e3o permanece no corpo da disserta\u00e7\u00e3o, mas n\u00e3o precisa ser assinada pelos membros da banca, pois a ata ser\u00e1 inserida no processo pela secretaria;<\/li><li>O orientador, no ato da verifica\u00e7\u00e3o dos documentos, deve observar se o t\u00edtulo da disserta\u00e7\u00e3o \u00e9 id\u00eantico ao t\u00edtulo informado no documento de libera\u00e7\u00e3o;<\/li><li>Caso tenha havido mudan\u00e7a do t\u00edtulo, por sugest\u00e3o da banca (informado na ata, em campo espec\u00edfico para tal), o novo t\u00edtulo deve constar em todos os documentos;<\/li><li>O PDF da disserta\u00e7\u00e3o n\u00e3o pode estar protegido, salvo se a publica\u00e7\u00e3o da disserta\u00e7\u00e3o estiver autorizada apenas ap\u00f3s um ou dois anos.<\/li><li>A inser\u00e7\u00e3o da\u00a0<a style=\"color: #204c90\" href=\"https:\/\/www.ufsm.br\/orgaos-suplementares\/biblioteca\/servicos\/ficha-catalografica\/\">Ficha Catalogr\u00e1fica<\/a>\u00a0na disserta\u00e7\u00e3o \u00e9 obrigat\u00f3ria e sua gera\u00e7\u00e3o \u00e9 efetuada na p\u00e1gina da Biblioteca Central.<\/li><\/ul><\/div>\n\t\t\t\t<\/div>\n\t\t\t\t\t\t\t\t<\/div>\n\t\t\t\t<\/div>\n\t\t\t\t<\/div>\n\t\t\t\t<div class=\"elementor-element elementor-element-a8c8f35 elementor-widget elementor-widget-toggle\" data-id=\"a8c8f35\" data-element_type=\"widget\" data-widget_type=\"toggle.default\">\n\t\t\t\t<div class=\"elementor-widget-container\">\n\t\t\t\t\t<div class=\"elementor-toggle\">\n\t\t\t\t\t\t\t<div class=\"elementor-toggle-item\">\n\t\t\t\t\t<div id=\"elementor-tab-title-1761\" class=\"elementor-tab-title\" data-tab=\"1\" role=\"button\" aria-controls=\"elementor-tab-content-1761\" aria-expanded=\"false\">\n\t\t\t\t\t\t\t\t\t\t\t\t<span class=\"elementor-toggle-icon elementor-toggle-icon-left\" aria-hidden=\"true\">\n\t\t\t\t\t\t\t\t\t\t\t\t\t\t\t<span class=\"elementor-toggle-icon-closed\"><i class=\"fas fa-caret-right\"><\/i><\/span>\n\t\t\t\t\t\t\t\t<span class=\"elementor-toggle-icon-opened\"><i class=\"elementor-toggle-icon-opened fas fa-caret-up\"><\/i><\/span>\n\t\t\t\t\t\t\t\t\t\t\t\t\t<\/span>\n\t\t\t\t\t\t\t\t\t\t\t\t<a class=\"elementor-toggle-title\" tabindex=\"0\">Solicita\u00e7\u00e3o de Urg\u00eancia para a Emiss\u00e3o do Diploma<\/a>\n\t\t\t\t\t<\/div>\n\n\t\t\t\t\t<div id=\"elementor-tab-content-1761\" class=\"elementor-tab-content elementor-clearfix\" data-tab=\"1\" role=\"region\" aria-labelledby=\"elementor-tab-title-1761\"><p style=\"color: #1c1c1c;font-size: 16px\">Com a finalidade de acelerar o processo de emiss\u00e3o de diploma da p\u00f3s-gradua\u00e7\u00e3o, foi criado o\u00a0<a style=\"color: #204c90\" href=\"https:\/\/www.ufsm.br\/pro-reitorias\/prpgp\/servicos\/urgencia-para-emissao-de-diploma-da-pos-graduacao\/#:~:text=Requerimento%20de%20urg%C3%AAncia%20(.DOC%20%2D%20140%2C50%20KB)\">requerimento de urg\u00eancia<\/a>. Os discentes que desejarem requerer urg\u00eancia, devem preencher e assinar o requerimento de urg\u00eancia. Depois, devem envi\u00e1-lo para a Secretaria Integrada da P\u00f3s-Gradua\u00e7\u00e3o por e-mail (<strong><a href=\"mailto:secretariapg.ce@ufsm.br\" target=\"_blank\" rel=\"noopener\">secretariapg.ce@ufsm.br<\/a><\/strong>).<\/p><p style=\"color: #1c1c1c;font-size: 16px;text-align: justify\">Os motivos mais comuns reconhecidos como urg\u00eancia para a expedi\u00e7\u00e3o do diploma s\u00e3o os listados abaixo, sendo aceitos outros motivos, desde que comprovados.<\/p><ul style=\"color: #1c1c1c;font-size: 16px;text-align: justify\"><li>Aprova\u00e7\u00e3o\/Posse em Concurso P\u00fablico;<\/li><li>Para progress\u00e3o\/titula\u00e7\u00e3o externa \u00e0 UFSM<span style=\"font-weight: bolder\">\u00a0<\/span>(para servidores da UFSM poder\u00e1 ser usada a ata de defesa homologada pela Coordena\u00e7\u00e3o do PPG\/CPG ou e acordo com normativa de progress\u00e3o atual da PROGEP);<\/li><li>Para ingresso em Curso de outra IES.<\/li><\/ul><\/div>\n\t\t\t\t<\/div>\n\t\t\t\t\t\t\t\t<\/div>\n\t\t\t\t<\/div>\n\t\t\t\t<\/div>\n\t\t\t\t<div class=\"elementor-element elementor-element-2b03a95 elementor-widget elementor-widget-heading\" data-id=\"2b03a95\" data-element_type=\"widget\" data-widget_type=\"heading.default\">\n\t\t\t\t<div class=\"elementor-widget-container\">\n\t\t\t<h5 class=\"elementor-heading-title elementor-size-default\"><b>Afastamentos<\/b><\/h5>\t\t<\/div>\n\t\t\t\t<\/div>\n\t\t\t\t<div class=\"elementor-element elementor-element-a9939f5 elementor-widget elementor-widget-toggle\" data-id=\"a9939f5\" data-element_type=\"widget\" data-widget_type=\"toggle.default\">\n\t\t\t\t<div class=\"elementor-widget-container\">\n\t\t\t\t\t<div class=\"elementor-toggle\">\n\t\t\t\t\t\t\t<div class=\"elementor-toggle-item\">\n\t\t\t\t\t<div id=\"elementor-tab-title-1771\" class=\"elementor-tab-title\" data-tab=\"1\" role=\"button\" aria-controls=\"elementor-tab-content-1771\" aria-expanded=\"false\">\n\t\t\t\t\t\t\t\t\t\t\t\t<span class=\"elementor-toggle-icon elementor-toggle-icon-left\" aria-hidden=\"true\">\n\t\t\t\t\t\t\t\t\t\t\t\t\t\t\t<span class=\"elementor-toggle-icon-closed\"><i class=\"fas fa-caret-right\"><\/i><\/span>\n\t\t\t\t\t\t\t\t<span class=\"elementor-toggle-icon-opened\"><i class=\"elementor-toggle-icon-opened fas fa-caret-up\"><\/i><\/span>\n\t\t\t\t\t\t\t\t\t\t\t\t\t<\/span>\n\t\t\t\t\t\t\t\t\t\t\t\t<a class=\"elementor-toggle-title\" tabindex=\"0\">Solicita\u00e7\u00e3o de Regime de Exerc\u00edcios Domiciliares<\/a>\n\t\t\t\t\t<\/div>\n\n\t\t\t\t\t<div id=\"elementor-tab-content-1771\" class=\"elementor-tab-content elementor-clearfix\" data-tab=\"1\" role=\"region\" aria-labelledby=\"elementor-tab-title-1771\"><p>Em caso de incapacidade de frequentar as aulas, nos termos do\u00a0<strong><a href=\"https:\/\/www.planalto.gov.br\/ccivil_03\/decreto-lei\/del1044.htm\">Decreto-Lei N. 1.044\/1969<\/a><\/strong>, por per\u00edodo superior a 5 dias, os alunos poder\u00e3o requerer\u00a0<b>Exerc\u00edcio de atividades domiciliares<\/b>.<\/p><p>Poder\u00e3o solicitar este benef\u00edcio, os alunos portadores de afec\u00e7\u00f5es cong\u00eanitas ou adquiridas, infec\u00e7\u00f5es, traumatismos ou outras condi\u00e7\u00f5es m\u00f3rbidas, dist\u00farbios agudos ou agudizados, caracterizados por: incapacidade f\u00edsica relativa incompat\u00edvel com a frequ\u00eancia presencial para realiza\u00e7\u00e3o dos trabalhos acad\u00eamicos, desde que se verifique a conserva\u00e7\u00e3o das condi\u00e7\u00f5es intelectuais e emocionais necess\u00e1rias para o prosseguimento da atividade acad\u00eamica em novos moldes.<\/p><p>O requerimento dever\u00e1 ser feito pelo aluno ou representante, em at\u00e9 dez dias \u00fateis da emiss\u00e3o do atestado m\u00e9dico, por meio de abertura de processo administrativo PEN.<\/p><p>O in\u00edcio, o t\u00e9rmino e a amplia\u00e7\u00e3o do afastamento ser\u00e3o determinados por atestado m\u00e9dico.\u00a0<b>O aluno dever\u00e1 manter contato com o orientador e com os professores das disciplinas para o desenvolvimento de atividades acad\u00eamicas substitutivas.<\/b>\u00a0Nos casos de concess\u00e3o de exerc\u00edcio de atividades domiciliares em que a situa\u00e7\u00e3o de sa\u00fade impossibilite a presen\u00e7a nas avalia\u00e7\u00f5es parciais, estar\u00e1 assegurado ao aluno o direito \u00e0 realiza\u00e7\u00e3o de avalia\u00e7\u00e3o final em data acordada com o docente, de acordo com o previsto para a situa\u00e7\u00e3o \u201cIncompleto\u201d<\/p><p><strong>OBS.:\u00a0O regime de exerc\u00edcios domiciliares n\u00e3o ser\u00e1 concedido para disciplinas com atividades pr\u00e1ticas (laborat\u00f3rio, prancheta, ambulat\u00f3rio ou equivalentes), para as que exigem est\u00e1gio supervisionado, tal como a doc\u00eancia orientada ou para aquelas oferecidas em per\u00edodos concentrados. Nestes casos, ser\u00e1 realizado o cancelamento da matr\u00edcula na disciplina.<\/strong><\/p><ul><li><b>BOLSISTAS<\/b>:\u00a0Quando o aluno continua desenvolvendo as atividades em regime domiciliar n\u00e3o \u00e9 necess\u00e1rio nenhum procedimento em rela\u00e7\u00e3o \u00e0 bolsa, pois as atividades continuam em desenvolvimento.<\/li><\/ul><p>O(A) discente interessado(a) dever\u00e1 abrir PEN tipo documental\u00a0<b>\u201cProcesso de regime domiciliar de aluno de mestrado\/doutorado\/especializa\u00e7\u00e3o\u201d<\/b>, contendo a seguinte documenta\u00e7\u00e3o:<\/p><ol><li>Requerimento dirigido \u00e0 coordena\u00e7\u00e3o do curso solicitando o regime de exerc\u00edcios domiciliares (<a href=\"https:\/\/www.ufsm.br\/app\/uploads\/sites\/345\/2024\/01\/Requerimento-Regime-Exercicios-Domiciliares.docx\"><strong>Modelo de Requerimento<\/strong><\/a>);<\/li><li>Atestado m\u00e9dico original ou que confira com o original, contendo o c\u00f3digo da doen\u00e7a conforme a Classifica\u00e7\u00e3o Estat\u00edstica internacional de Doen\u00e7as e Problemas Relacionados \u00e0 Sa\u00fade (CID), o n\u00famero de dias de afastamento, a identifica\u00e7\u00e3o do m\u00e9dico com CREMERS (assinatura e carimbo) e data de emiss\u00e3o.<\/li><\/ol><p><a href=\"https:\/\/www.ufsm.br\/pro-reitorias\/prpgp\/servicos\/afastamento-licenca-de-discente-da-pos-graduacao\"><strong>Clique aqui para verificar as orienta\u00e7\u00f5es completas de acordo com a PRPGP<\/strong><\/a><\/p><\/div>\n\t\t\t\t<\/div>\n\t\t\t\t\t\t\t<div class=\"elementor-toggle-item\">\n\t\t\t\t\t<div id=\"elementor-tab-title-1772\" class=\"elementor-tab-title\" data-tab=\"2\" role=\"button\" aria-controls=\"elementor-tab-content-1772\" aria-expanded=\"false\">\n\t\t\t\t\t\t\t\t\t\t\t\t<span class=\"elementor-toggle-icon elementor-toggle-icon-left\" aria-hidden=\"true\">\n\t\t\t\t\t\t\t\t\t\t\t\t\t\t\t<span class=\"elementor-toggle-icon-closed\"><i class=\"fas fa-caret-right\"><\/i><\/span>\n\t\t\t\t\t\t\t\t<span class=\"elementor-toggle-icon-opened\"><i class=\"elementor-toggle-icon-opened fas fa-caret-up\"><\/i><\/span>\n\t\t\t\t\t\t\t\t\t\t\t\t\t<\/span>\n\t\t\t\t\t\t\t\t\t\t\t\t<a class=\"elementor-toggle-title\" tabindex=\"0\">Solicita\u00e7\u00e3o de Suspens\u00e3o de Contagem de Prazo de Conclus\u00e3o de Curso por Licen\u00e7a Maternidade, Paternidade ou Tratamento de Sa\u00fade<\/a>\n\t\t\t\t\t<\/div>\n\n\t\t\t\t\t<div id=\"elementor-tab-content-1772\" class=\"elementor-tab-content elementor-clearfix\" data-tab=\"2\" role=\"region\" aria-labelledby=\"elementor-tab-title-1772\"><p>Os discentes matriculados em cursos de mestrado ou doutorado poder\u00e3o usufruir de licen\u00e7a com suspens\u00e3o da contagem dos prazos de conclus\u00e3o do curso nas seguintes situa\u00e7\u00f5es:<\/p><p>I \u2013 parto, nascimento de filho, ado\u00e7\u00e3o ou guarda judicial para fins de ado\u00e7\u00e3o de crian\u00e7a ou adolescente durante o curso;<\/p><p>II \u2013 condi\u00e7\u00e3o cl\u00ednica que inviabilize a sua dedica\u00e7\u00e3o \u00e0s atividades do curso por per\u00edodo igual ou superior a 30 dias ininterruptos;<\/p><p>III \u2013 interna\u00e7\u00e3o hospitalar, por prazo superior a 30 dias, de crian\u00e7a ou adolescente que seja filho do estudante ou esteja sob sua responsabilidade.<\/p><p>No caso previsto no inciso I, a prorroga\u00e7\u00e3o do prazo de conclus\u00e3o do curso ser\u00e1 de 180 (cento e oitenta) dias, devendo ser concedido o dobro do tempo nos casos de parentalidade at\u00edpica, decorrente de nascimento de filho, de ado\u00e7\u00e3o ou de obten\u00e7\u00e3o de guarda judicial para fins de ado\u00e7\u00e3o de crian\u00e7a ou adolescente com defici\u00eancia.<\/p><p>J\u00e1 nos casos previstos no inciso II a prorroga\u00e7\u00e3o dever\u00e1 corresponder ao per\u00edodo que inviabiliza a dedica\u00e7\u00e3o \u00e0s atividades.<\/p><p>Por fim, nos casos previstos no inciso III a prorroga\u00e7\u00e3o dever\u00e1 corresponder ao per\u00edodo da interna\u00e7\u00e3o.<\/p><p>A solicita\u00e7\u00e3o dever\u00e1 ser feita pelo(a) discente ou representante, em at\u00e9 10 (dez) dias \u00fateis da emiss\u00e3o do atestado m\u00e9dico, por meio de abertura de PEN.<\/p><p>O in\u00edcio, o t\u00e9rmino e a amplia\u00e7\u00e3o do afastamento ser\u00e3o determinados por atestado m\u00e9dico, que poder\u00e1 ser emitido como um atestado \u00fanico ou sucessivos atestados. Caso o requerimento seja realizado fora do prazo estabelecido, o estudante perder\u00e1 o direito de gozar da licen\u00e7a para tratamento de sa\u00fade dos dias j\u00e1 transcorridos e a licen\u00e7a contar\u00e1 a partir da data de abertura do PEN.<\/p><p>Nos casos de concess\u00e3o de licen\u00e7a para discentes com matr\u00edcula em disciplinas, poder\u00e1 ser solicitado o cancelamento da matr\u00edcula ou o registro da situa\u00e7\u00e3o \u201cIncompleto\u201d que lhe assegura o direito \u00e0 realiza\u00e7\u00e3o de avalia\u00e7\u00e3o final da disciplina ap\u00f3s o t\u00e9rmino da licen\u00e7a, em data acordada com o docente respons\u00e1vel pela disciplina.<\/p><p>O(A) discente interessado(a) dever\u00e1 abrir PEN tipo documental \u201c<strong>Processo de licen\u00e7a sa\u00fade\/maternidade\/paternidade com suspens\u00e3o do prazo de conclus\u00e3o de curso (Mestrado\/Doutorado)\u201d<\/strong>, contendo a seguinte documenta\u00e7\u00e3o:<\/p><ol><li>Requerimento de solicita\u00e7\u00e3o da licen\u00e7a <strong>(<\/strong><a href=\"https:\/\/www.ufsm.br\/app\/uploads\/sites\/345\/2024\/01\/Formulario-Licenca_Saude-NCAPG.docx\" data-wplink-edit=\"true\"><strong>Modelo<\/strong> <strong>de\u00a0Formul\u00e1rio<\/strong><\/a><strong>).<\/strong><\/li><li>Certid\u00e3o de nascimento ou de ado\u00e7\u00e3o (exigido para licen\u00e7a maternidade e paternidade).<\/li><li>Atestado m\u00e9dico original ou que confira com o original, contendo todas as seguintes informa\u00e7\u00f5es (exigido para licen\u00e7a sa\u00fade):<\/li><\/ol><ol><li><ol><li>C\u00f3digo da doen\u00e7a conforme a Classifica\u00e7\u00e3o Estat\u00edstica internacional de Doen\u00e7as e Problemas Relacionados \u00e0 Sa\u00fade (CID);<\/li><li>Declara\u00e7\u00e3o da incompatibilidade da CID com a realiza\u00e7\u00e3o de atividades domiciliares relacionadas ao curso de p\u00f3s-gradua\u00e7\u00e3o;<\/li><li>N\u00famero de dias de afastamento;<\/li><li>Identifica\u00e7\u00e3o do m\u00e9dico com CREMERS (assinatura e carimbo);<\/li><li>Data de emiss\u00e3o<\/li><\/ol><\/li><\/ol><p><a href=\"https:\/\/www.ufsm.br\/pro-reitorias\/prpgp\/servicos\/afastamento-licenca-de-discente-da-pos-graduacao\"><strong>Clique aqui para verificar as orienta\u00e7\u00f5es completas de acordo com a PRPGP<\/strong><\/a><\/p><\/div>\n\t\t\t\t<\/div>\n\t\t\t\t\t\t\t\t<\/div>\n\t\t\t\t<\/div>\n\t\t\t\t<\/div>\n\t\t\t\t\t<\/div>\n\t\t<\/div>\n\t\t\t\t<div class=\"elementor-column elementor-col-50 elementor-top-column elementor-element elementor-element-d145bd1\" data-id=\"d145bd1\" data-element_type=\"column\">\n\t\t\t<div class=\"elementor-widget-wrap elementor-element-populated\">\n\t\t\t\t\t\t<div class=\"elementor-element elementor-element-e077aba elementor-widget elementor-widget-heading\" data-id=\"e077aba\" data-element_type=\"widget\" data-widget_type=\"heading.default\">\n\t\t\t\t<div class=\"elementor-widget-container\">\n\t\t\t<h5 class=\"elementor-heading-title elementor-size-default\"><b>FORMUL\u00c1RIOS - CPD<\/b><\/h5>\t\t<\/div>\n\t\t\t\t<\/div>\n\t\t\t\t<div class=\"elementor-element elementor-element-9ca16d5 elementor-button-info elementor-align-justify elementor-widget elementor-widget-button\" data-id=\"9ca16d5\" data-element_type=\"widget\" data-widget_type=\"button.default\">\n\t\t\t\t<div class=\"elementor-widget-container\">\n\t\t\t\t\t\t\t<div class=\"elementor-button-wrapper\">\n\t\t\t\t\t<a class=\"elementor-button elementor-button-link elementor-size-sm\" href=\"https:\/\/www.ufsm.br\/orgaos-suplementares\/cpd\/tutorial-reuniao-segura-no-google-meet\">\n\t\t\t\t\t\t<span class=\"elementor-button-content-wrapper\">\n\t\t\t\t\t\t\t\t\t<span class=\"elementor-button-text\">Tutorial Defesas via Videoconfer\u00eancia<\/span>\n\t\t\t\t\t<\/span>\n\t\t\t\t\t<\/a>\n\t\t\t\t<\/div>\n\t\t\t\t\t\t<\/div>\n\t\t\t\t<\/div>\n\t\t\t\t<div class=\"elementor-element elementor-element-56c8c38 elementor-widget elementor-widget-heading\" data-id=\"56c8c38\" data-element_type=\"widget\" data-widget_type=\"heading.default\">\n\t\t\t\t<div class=\"elementor-widget-container\">\n\t\t\t<h5 class=\"elementor-heading-title elementor-size-default\"><b>FORMUL\u00c1RIOS - PLANO DE ESTUDOS<\/b><\/h5>\t\t<\/div>\n\t\t\t\t<\/div>\n\t\t\t\t<div class=\"elementor-element elementor-element-a12b0ff elementor-button-info elementor-align-justify elementor-widget elementor-widget-button\" data-id=\"a12b0ff\" data-element_type=\"widget\" data-widget_type=\"button.default\">\n\t\t\t\t<div class=\"elementor-widget-container\">\n\t\t\t\t\t\t\t<div class=\"elementor-button-wrapper\">\n\t\t\t\t\t<a class=\"elementor-button elementor-button-link elementor-size-sm\" href=\"https:\/\/www.ufsm.br\/app\/uploads\/sites\/517\/2021\/11\/solicitacao_coorientador.doc\">\n\t\t\t\t\t\t<span class=\"elementor-button-content-wrapper\">\n\t\t\t\t\t\t\t\t\t<span class=\"elementor-button-text\">Requerimento de Solicita\u00e7\u00e3o de Coorienta\u00e7\u00e3o<\/span>\n\t\t\t\t\t<\/span>\n\t\t\t\t\t<\/a>\n\t\t\t\t<\/div>\n\t\t\t\t\t\t<\/div>\n\t\t\t\t<\/div>\n\t\t\t\t<div class=\"elementor-element elementor-element-6afb93e elementor-button-info elementor-align-justify elementor-widget elementor-widget-button\" data-id=\"6afb93e\" data-element_type=\"widget\" data-widget_type=\"button.default\">\n\t\t\t\t<div class=\"elementor-widget-container\">\n\t\t\t\t\t\t\t<div class=\"elementor-button-wrapper\">\n\t\t\t\t\t<a class=\"elementor-button elementor-button-link elementor-size-sm\" href=\"https:\/\/forms.gle\/8TGAhDyesdJfkT2R8\">\n\t\t\t\t\t\t<span class=\"elementor-button-content-wrapper\">\n\t\t\t\t\t\t\t\t\t<span class=\"elementor-button-text\">Formul\u00e1rio de Cadastro e Perfil do Ingressante<\/span>\n\t\t\t\t\t<\/span>\n\t\t\t\t\t<\/a>\n\t\t\t\t<\/div>\n\t\t\t\t\t\t<\/div>\n\t\t\t\t<\/div>\n\t\t\t\t<div class=\"elementor-element elementor-element-7b38340 elementor-widget elementor-widget-heading\" data-id=\"7b38340\" data-element_type=\"widget\" data-widget_type=\"heading.default\">\n\t\t\t\t<div class=\"elementor-widget-container\">\n\t\t\t<h5 class=\"elementor-heading-title elementor-size-default\"><b>FORMUL\u00c1RIOS - DISCIPLINAS<\/b><\/h5>\t\t<\/div>\n\t\t\t\t<\/div>\n\t\t\t\t<div class=\"elementor-element elementor-element-c8ac625 elementor-button-info elementor-align-justify elementor-widget elementor-widget-button\" data-id=\"c8ac625\" data-element_type=\"widget\" data-widget_type=\"button.default\">\n\t\t\t\t<div class=\"elementor-widget-container\">\n\t\t\t\t\t\t\t<div class=\"elementor-button-wrapper\">\n\t\t\t\t\t<a class=\"elementor-button elementor-button-link elementor-size-sm\" href=\"https:\/\/www.ufsm.br\/app\/uploads\/sites\/345\/2022\/02\/Requerimento_de_Aproveitamento_de_Disciplinas-NCAPG-Copia.docx\">\n\t\t\t\t\t\t<span class=\"elementor-button-content-wrapper\">\n\t\t\t\t\t\t\t\t\t<span class=\"elementor-button-text\">Requerimento de Aproveitamento de Disciplina<\/span>\n\t\t\t\t\t<\/span>\n\t\t\t\t\t<\/a>\n\t\t\t\t<\/div>\n\t\t\t\t\t\t<\/div>\n\t\t\t\t<\/div>\n\t\t\t\t<div class=\"elementor-element elementor-element-1927625 elementor-button-info elementor-align-justify elementor-widget elementor-widget-button\" data-id=\"1927625\" data-element_type=\"widget\" data-widget_type=\"button.default\">\n\t\t\t\t<div class=\"elementor-widget-container\">\n\t\t\t\t\t\t\t<div class=\"elementor-button-wrapper\">\n\t\t\t\t\t<a class=\"elementor-button elementor-button-link elementor-size-sm\" href=\"https:\/\/www.ufsm.br\/app\/uploads\/sites\/517\/2021\/11\/Requerimento_de_Dispensa_de_Disciplinas-NCAPG.docx\">\n\t\t\t\t\t\t<span class=\"elementor-button-content-wrapper\">\n\t\t\t\t\t\t\t\t\t<span class=\"elementor-button-text\">Requerimento de Dispensa de Disciplina<\/span>\n\t\t\t\t\t<\/span>\n\t\t\t\t\t<\/a>\n\t\t\t\t<\/div>\n\t\t\t\t\t\t<\/div>\n\t\t\t\t<\/div>\n\t\t\t\t<div class=\"elementor-element elementor-element-46d9ade elementor-button-info elementor-align-justify elementor-widget elementor-widget-button\" data-id=\"46d9ade\" data-element_type=\"widget\" data-widget_type=\"button.default\">\n\t\t\t\t<div class=\"elementor-widget-container\">\n\t\t\t\t\t\t\t<div class=\"elementor-button-wrapper\">\n\t\t\t\t\t<a class=\"elementor-button elementor-button-link elementor-size-sm\" href=\"https:\/\/www.ufsm.br\/app\/uploads\/sites\/517\/2024\/08\/Requerimento_Comprovacao_Suf_Lingua_Estrangeira_NCAPG.docx\">\n\t\t\t\t\t\t<span class=\"elementor-button-content-wrapper\">\n\t\t\t\t\t\t\t\t\t<span class=\"elementor-button-text\">Requerimento de Comprova\u00e7\u00e3o de Sufici\u00eancia em L\u00edngua Estrangeira<\/span>\n\t\t\t\t\t<\/span>\n\t\t\t\t\t<\/a>\n\t\t\t\t<\/div>\n\t\t\t\t\t\t<\/div>\n\t\t\t\t<\/div>\n\t\t\t\t<div class=\"elementor-element elementor-element-f02c062 elementor-button-info elementor-align-justify elementor-widget elementor-widget-button\" data-id=\"f02c062\" data-element_type=\"widget\" data-widget_type=\"button.default\">\n\t\t\t\t<div class=\"elementor-widget-container\">\n\t\t\t\t\t\t\t<div class=\"elementor-button-wrapper\">\n\t\t\t\t\t<a class=\"elementor-button elementor-button-link elementor-size-sm\" href=\"https:\/\/www.ufsm.br\/app\/uploads\/sites\/517\/2021\/11\/Modelo_Plano_Docencia_Orientada_PPGTER.docx\">\n\t\t\t\t\t\t<span class=\"elementor-button-content-wrapper\">\n\t\t\t\t\t\t\t\t\t<span class=\"elementor-button-text\">Plano de Doc\u00eancia Orientada (Modelo)<\/span>\n\t\t\t\t\t<\/span>\n\t\t\t\t\t<\/a>\n\t\t\t\t<\/div>\n\t\t\t\t\t\t<\/div>\n\t\t\t\t<\/div>\n\t\t\t\t<div class=\"elementor-element elementor-element-1df7089 elementor-button-info elementor-align-justify elementor-widget elementor-widget-button\" data-id=\"1df7089\" data-element_type=\"widget\" data-widget_type=\"button.default\">\n\t\t\t\t<div class=\"elementor-widget-container\">\n\t\t\t\t\t\t\t<div class=\"elementor-button-wrapper\">\n\t\t\t\t\t<a class=\"elementor-button elementor-button-link elementor-size-sm\" href=\"https:\/\/www.ufsm.br\/app\/uploads\/sites\/517\/2022\/09\/Modelo_relatorio_docencia_orientada_PPGTER.docx\">\n\t\t\t\t\t\t<span class=\"elementor-button-content-wrapper\">\n\t\t\t\t\t\t\t\t\t<span class=\"elementor-button-text\">Relat\u00f3rio de Doc\u00eancia Orientada (Modelo)<\/span>\n\t\t\t\t\t<\/span>\n\t\t\t\t\t<\/a>\n\t\t\t\t<\/div>\n\t\t\t\t\t\t<\/div>\n\t\t\t\t<\/div>\n\t\t\t\t<div class=\"elementor-element elementor-element-256eadd elementor-button-info elementor-align-justify elementor-widget elementor-widget-button\" data-id=\"256eadd\" data-element_type=\"widget\" data-widget_type=\"button.default\">\n\t\t\t\t<div class=\"elementor-widget-container\">\n\t\t\t\t\t\t\t<div class=\"elementor-button-wrapper\">\n\t\t\t\t\t<a class=\"elementor-button elementor-button-link elementor-size-sm\" href=\"https:\/\/www.ufsm.br\/app\/uploads\/sites\/547\/2023\/06\/Requerimento_Matricula_Extracurricular_em-outro-curso.doc\">\n\t\t\t\t\t\t<span class=\"elementor-button-content-wrapper\">\n\t\t\t\t\t\t\t\t\t<span class=\"elementor-button-text\">Requerimento de Matr\u00edcula Extracurricular<\/span>\n\t\t\t\t\t<\/span>\n\t\t\t\t\t<\/a>\n\t\t\t\t<\/div>\n\t\t\t\t\t\t<\/div>\n\t\t\t\t<\/div>\n\t\t\t\t<div class=\"elementor-element elementor-element-85fa94e elementor-widget elementor-widget-heading\" data-id=\"85fa94e\" data-element_type=\"widget\" data-widget_type=\"heading.default\">\n\t\t\t\t<div class=\"elementor-widget-container\">\n\t\t\t<h5 class=\"elementor-heading-title elementor-size-default\"><b>QUALIFICA\u00c7\u00c3O E DEFESA<\/b><\/h5>\t\t<\/div>\n\t\t\t\t<\/div>\n\t\t\t\t<div class=\"elementor-element elementor-element-2ac0ad1 elementor-button-info elementor-align-justify elementor-widget elementor-widget-button\" data-id=\"2ac0ad1\" data-element_type=\"widget\" data-widget_type=\"button.default\">\n\t\t\t\t<div class=\"elementor-widget-container\">\n\t\t\t\t\t\t\t<div class=\"elementor-button-wrapper\">\n\t\t\t\t\t<a class=\"elementor-button elementor-button-link elementor-size-sm\" href=\"https:\/\/www.ufsm.br\/app\/uploads\/sites\/547\/2022\/08\/TUTORIAL-DE-SOLICITACAO-DE-DEFESA-MDT.pdf\">\n\t\t\t\t\t\t<span class=\"elementor-button-content-wrapper\">\n\t\t\t\t\t\t\t\t\t<span class=\"elementor-button-text\">Tutorial - Abertura de Processo de Defesa via Sistema<\/span>\n\t\t\t\t\t<\/span>\n\t\t\t\t\t<\/a>\n\t\t\t\t<\/div>\n\t\t\t\t\t\t<\/div>\n\t\t\t\t<\/div>\n\t\t\t\t<div class=\"elementor-element elementor-element-d28354f elementor-button-info elementor-align-justify elementor-widget elementor-widget-button\" data-id=\"d28354f\" data-element_type=\"widget\" data-widget_type=\"button.default\">\n\t\t\t\t<div class=\"elementor-widget-container\">\n\t\t\t\t\t\t\t<div class=\"elementor-button-wrapper\">\n\t\t\t\t\t<a class=\"elementor-button elementor-button-link elementor-size-sm\" href=\"https:\/\/www.ufsm.br\/app\/uploads\/sites\/517\/2026\/08\/Requerimento-de-Qualificacao-de-Dissertacao-NOME_DO_DISCENTE-4-1.docx\">\n\t\t\t\t\t\t<span class=\"elementor-button-content-wrapper\">\n\t\t\t\t\t\t\t\t\t<span class=\"elementor-button-text\">Requerimento de Qualifica\u00e7\u00e3o de Disserta\u00e7\u00e3o<\/span>\n\t\t\t\t\t<\/span>\n\t\t\t\t\t<\/a>\n\t\t\t\t<\/div>\n\t\t\t\t\t\t<\/div>\n\t\t\t\t<\/div>\n\t\t\t\t<div class=\"elementor-element elementor-element-4adf8d4 elementor-button-info elementor-align-justify elementor-widget elementor-widget-button\" data-id=\"4adf8d4\" data-element_type=\"widget\" data-widget_type=\"button.default\">\n\t\t\t\t<div class=\"elementor-widget-container\">\n\t\t\t\t\t\t\t<div class=\"elementor-button-wrapper\">\n\t\t\t\t\t<a class=\"elementor-button elementor-button-link elementor-size-sm\" href=\"https:\/\/www.ufsm.br\/app\/uploads\/sites\/517\/2026\/09\/Requerimento-de-Defesa-de-Dissertacao-NOME_DO_DISCENTE.docx\">\n\t\t\t\t\t\t<span class=\"elementor-button-content-wrapper\">\n\t\t\t\t\t\t\t\t\t<span class=\"elementor-button-text\">Requerimento de Defesa de Disserta\u00e7\u00e3o<\/span>\n\t\t\t\t\t<\/span>\n\t\t\t\t\t<\/a>\n\t\t\t\t<\/div>\n\t\t\t\t\t\t<\/div>\n\t\t\t\t<\/div>\n\t\t\t\t<div class=\"elementor-element elementor-element-8c28dce elementor-widget elementor-widget-heading\" data-id=\"8c28dce\" data-element_type=\"widget\" data-widget_type=\"heading.default\">\n\t\t\t\t<div class=\"elementor-widget-container\">\n\t\t\t<h5 class=\"elementor-heading-title elementor-size-default\"><b>FORMUL\u00c1RIOS - ENTREGA DE MDT<\/b><\/h5>\t\t<\/div>\n\t\t\t\t<\/div>\n\t\t\t\t<div class=\"elementor-element elementor-element-9e365e8 elementor-button-info elementor-align-justify elementor-widget elementor-widget-button\" data-id=\"9e365e8\" data-element_type=\"widget\" data-widget_type=\"button.default\">\n\t\t\t\t<div class=\"elementor-widget-container\">\n\t\t\t\t\t\t\t<div class=\"elementor-button-wrapper\">\n\t\t\t\t\t<a class=\"elementor-button elementor-button-link elementor-size-sm\" href=\"https:\/\/www.ufsm.br\/app\/uploads\/sites\/547\/2020\/11\/Formulariourgenciadiploma_OK_1.doc\">\n\t\t\t\t\t\t<span class=\"elementor-button-content-wrapper\">\n\t\t\t\t\t\t\t\t\t<span class=\"elementor-button-text\">Solicita\u00e7\u00e3o de Urg\u00eancia na Emiss\u00e3o do Diploma<\/span>\n\t\t\t\t\t<\/span>\n\t\t\t\t\t<\/a>\n\t\t\t\t<\/div>\n\t\t\t\t\t\t<\/div>\n\t\t\t\t<\/div>\n\t\t\t\t<div class=\"elementor-element elementor-element-429a5a7 elementor-widget elementor-widget-heading\" data-id=\"429a5a7\" data-element_type=\"widget\" data-widget_type=\"heading.default\">\n\t\t\t\t<div class=\"elementor-widget-container\">\n\t\t\t<h5 class=\"elementor-heading-title elementor-size-default\"><b>REQUERIMENTO - PRORROGA\u00c7\u00c3O DE PRAZO<\/b><\/h5>\t\t<\/div>\n\t\t\t\t<\/div>\n\t\t\t\t<div class=\"elementor-element elementor-element-8329429 elementor-button-info elementor-align-justify elementor-widget elementor-widget-button\" data-id=\"8329429\" data-element_type=\"widget\" data-widget_type=\"button.default\">\n\t\t\t\t<div class=\"elementor-widget-container\">\n\t\t\t\t\t\t\t<div class=\"elementor-button-wrapper\">\n\t\t\t\t\t<a class=\"elementor-button elementor-button-link elementor-size-sm\" href=\"https:\/\/www.ufsm.br\/app\/uploads\/sites\/517\/2024\/09\/Requerimento_Prorrogacao_Prazo_Defesa_StrictoSensu.docx\">\n\t\t\t\t\t\t<span class=\"elementor-button-content-wrapper\">\n\t\t\t\t\t\t\t\t\t<span class=\"elementor-button-text\">Solicita\u00e7\u00e3o de Prorroga\u00e7\u00e3o de Prazo de Defesa Final<\/span>\n\t\t\t\t\t<\/span>\n\t\t\t\t\t<\/a>\n\t\t\t\t<\/div>\n\t\t\t\t\t\t<\/div>\n\t\t\t\t<\/div>\n\t\t\t\t<div class=\"elementor-element elementor-element-cf0dc19 elementor-widget elementor-widget-heading\" data-id=\"cf0dc19\" data-element_type=\"widget\" data-widget_type=\"heading.default\">\n\t\t\t\t<div class=\"elementor-widget-container\">\n\t\t\t<h5 class=\"elementor-heading-title elementor-size-default\"><b> FORMUL\u00c1RIOS - AFASTAMENTOS <\/b><\/h5>\t\t<\/div>\n\t\t\t\t<\/div>\n\t\t\t\t<div class=\"elementor-element elementor-element-deeff79 elementor-button-info elementor-align-justify elementor-widget elementor-widget-button\" data-id=\"deeff79\" data-element_type=\"widget\" data-widget_type=\"button.default\">\n\t\t\t\t<div class=\"elementor-widget-container\">\n\t\t\t\t\t\t\t<div class=\"elementor-button-wrapper\">\n\t\t\t\t\t<a class=\"elementor-button elementor-button-link elementor-size-sm\" href=\"https:\/\/www.ufsm.br\/app\/uploads\/sites\/345\/2024\/01\/Requerimento-Regime-Exercicios-Domiciliares.docx\">\n\t\t\t\t\t\t<span class=\"elementor-button-content-wrapper\">\n\t\t\t\t\t\t\t\t\t<span class=\"elementor-button-text\">Requerimento de Regime de Exerc\u00edcos Domiciliares<\/span>\n\t\t\t\t\t<\/span>\n\t\t\t\t\t<\/a>\n\t\t\t\t<\/div>\n\t\t\t\t\t\t<\/div>\n\t\t\t\t<\/div>\n\t\t\t\t<div class=\"elementor-element elementor-element-324682c elementor-button-info elementor-align-justify elementor-widget elementor-widget-button\" data-id=\"324682c\" data-element_type=\"widget\" data-widget_type=\"button.default\">\n\t\t\t\t<div class=\"elementor-widget-container\">\n\t\t\t\t\t\t\t<div class=\"elementor-button-wrapper\">\n\t\t\t\t\t<a class=\"elementor-button elementor-button-link elementor-size-sm\" href=\"https:\/\/www.ufsm.br\/app\/uploads\/sites\/345\/2024\/01\/Formulario-Licenca_Saude-NCAPG.docx\">\n\t\t\t\t\t\t<span class=\"elementor-button-content-wrapper\">\n\t\t\t\t\t\t\t\t\t<span class=\"elementor-button-text\">Formul\u00e1rio Licen\u00e7a Sa\u00fade <\/span>\n\t\t\t\t\t<\/span>\n\t\t\t\t\t<\/a>\n\t\t\t\t<\/div>\n\t\t\t\t\t\t<\/div>\n\t\t\t\t<\/div>\n\t\t\t\t\t<\/div>\n\t\t<\/div>\n\t\t\t\t\t<\/div>\n\t\t<\/section>\n\t\t\t\t<\/div>\n\t\t","protected":false},"excerpt":{"rendered":"<p>Plano de Estudos No primeiro semestre de v\u00ednculo ao curso, \u00e9 necess\u00e1rio elaborar um\u00a0Plano de Estudos, que consiste em um planejamento das disciplinas que o estudante pretende cursar para completar os cr\u00e9ditos exigidos para a defesa. O Plano dever\u00e1 ser registrado por meio do\u00a0Portal Estudantil\u00a0e revisado antes da Defesa da Disserta\u00e7\u00e3o para contemplar quaisquer altera\u00e7\u00f5es [&hellip;]<\/p>\n","protected":false},"author":2369,"featured_media":0,"parent":0,"menu_order":0,"comment_status":"closed","ping_status":"closed","template":"","meta":{"footnotes":""},"categories":[],"tags":[],"class_list":["post-2135","page","type-page","status-publish","hentry"],"acf":[],"_links":{"self":[{"href":"https:\/\/www.ufsm.br\/cursos\/pos-graduacao\/santa-maria\/ppgter\/wp-json\/wp\/v2\/pages\/2135","targetHints":{"allow":["GET"]}}],"collection":[{"href":"https:\/\/www.ufsm.br\/cursos\/pos-graduacao\/santa-maria\/ppgter\/wp-json\/wp\/v2\/pages"}],"about":[{"href":"https:\/\/www.ufsm.br\/cursos\/pos-graduacao\/santa-maria\/ppgter\/wp-json\/wp\/v2\/types\/page"}],"author":[{"embeddable":true,"href":"https:\/\/www.ufsm.br\/cursos\/pos-graduacao\/santa-maria\/ppgter\/wp-json\/wp\/v2\/users\/2369"}],"replies":[{"embeddable":true,"href":"https:\/\/www.ufsm.br\/cursos\/pos-graduacao\/santa-maria\/ppgter\/wp-json\/wp\/v2\/comments?post=2135"}],"version-history":[{"count":0,"href":"https:\/\/www.ufsm.br\/cursos\/pos-graduacao\/santa-maria\/ppgter\/wp-json\/wp\/v2\/pages\/2135\/revisions"}],"wp:attachment":[{"href":"https:\/\/www.ufsm.br\/cursos\/pos-graduacao\/santa-maria\/ppgter\/wp-json\/wp\/v2\/media?parent=2135"}],"wp:term":[{"taxonomy":"category","embeddable":true,"href":"https:\/\/www.ufsm.br\/cursos\/pos-graduacao\/santa-maria\/ppgter\/wp-json\/wp\/v2\/categories?post=2135"},{"taxonomy":"post_tag","embeddable":true,"href":"https:\/\/www.ufsm.br\/cursos\/pos-graduacao\/santa-maria\/ppgter\/wp-json\/wp\/v2\/tags?post=2135"}],"curies":[{"name":"wp","href":"https:\/\/api.w.org\/{rel}","templated":true}]}}