{"id":244,"date":"2022-02-02T15:45:35","date_gmt":"2022-02-02T18:45:35","guid":{"rendered":"https:\/\/www.ufsm.br\/cursos\/pos-graduacao\/santa-maria\/profhistoria\/?page_id=244"},"modified":"2026-08-14T15:45:12","modified_gmt":"2026-08-14T18:45:12","slug":"docentes","status":"publish","type":"page","link":"https:\/\/www.ufsm.br\/cursos\/pos-graduacao\/santa-maria\/profhistoria\/docentes","title":{"rendered":"Docentes"},"content":{"rendered":"\t\t<div data-elementor-type=\"wp-page\" data-elementor-id=\"244\" class=\"elementor elementor-244\">\n\t\t\t\t\t\t<section class=\"elementor-section elementor-top-section elementor-element elementor-element-a16d871 elementor-section-boxed elementor-section-height-default elementor-section-height-default\" data-id=\"a16d871\" data-element_type=\"section\">\n\t\t\t\t\t\t<div class=\"elementor-container elementor-column-gap-default\">\n\t\t\t\t\t<div class=\"elementor-column elementor-col-100 elementor-top-column elementor-element elementor-element-13fef3e\" data-id=\"13fef3e\" data-element_type=\"column\">\n\t\t\t<div class=\"elementor-widget-wrap elementor-element-populated\">\n\t\t\t\t\t\t<div class=\"elementor-element elementor-element-97cdd10 elementor-widget__width-initial elementor-widget elementor-widget-text-editor\" data-id=\"97cdd10\" data-element_type=\"widget\" data-widget_type=\"text-editor.default\">\n\t\t\t\t<div class=\"elementor-widget-container\">\n\t\t\t\t\t\t\t<h5 class=\"entry-title\" style=\"text-align: left\">Docentes Programa de P\u00f3s-Gradua\u00e7\u00e3o em Ensino de Hist\u00f3ria<\/h5><table style=\"border-collapse: collapse;width: 100.897%;height: 499px\"><tbody><tr style=\"height: 23px\"><td style=\"width: 30.2019%;height: 23px\"><strong>Professores<\/strong><\/td><td style=\"width: 22.0368%;height: 23px;text-align: center\"><strong>Departamento<\/strong><\/td><td style=\"width: 29.2724%;text-align: center;height: 23px\"><strong>Linha de pesquisa<\/strong><\/td><td style=\"width: 121.827%;text-align: center;height: 23px\"><span style=\"font-weight: bold\">Curr\u00edculo<\/span><\/td><\/tr><tr style=\"height: 64px\"><td style=\"width: 30.2019%;height: 64px\"><strong>Aline S\u00f4nego\u00a0<\/strong><\/td><td style=\"width: 22.0368%;height: 64px;text-align: left\">Secretaria Administrativa do CAL<\/td><td style=\"width: 29.2724%;height: 64px;text-align: center\"><span style=\"font-weight: 400\">Saberes Hist\u00f3ricos em Diferentes Espa\u00e7os de Mem\u00f3ria<\/span><\/td><td style=\"width: 121.827%;text-align: center;height: 64px\"><span style=\"font-weight: bold\"><a style=\"color: #1a3d73;font-size: 16px\" href=\"http:\/\/lattes.cnpq.br\/3630356532562209\" target=\"_blank\" rel=\"noopener\">Curr\u00edculo Lattes<\/a><\/span><\/td><\/tr><tr style=\"height: 24px\"><td style=\"width: 30.2019%;height: 10px\"><strong><a href=\"https:\/\/ufsmpublica.ufsm.br\/docente\/14662\">Claudemir de Quadros<\/a><\/strong><\/td><td style=\"width: 22.0368%;height: 10px;text-align: left\">Departamento de Pol\u00edticas e Gest\u00e3o Educacional<\/td><td style=\"width: 29.2724%;height: 10px;text-align: center\"><span style=\"font-weight: 400\">Saberes Hist\u00f3ricos no Espa\u00e7o Escolar<\/span><\/td><td style=\"width: 121.827%;text-align: center;height: 10px\"><a style=\"color: #1a3d73;font-size: 16px\" href=\"http:\/\/lattes.cnpq.br\/9506136012570087\" target=\"_blank\" rel=\"noopener\"><span style=\"font-weight: bold\">Curr\u00edculo Lattes<\/span><\/a><\/td><\/tr><tr style=\"height: 66px\"><td style=\"width: 30.2019%;height: 66px\"><a href=\"https:\/\/ufsmpublica.ufsm.br\/docente\/16307\"><strong>Jorge Alberto Soares Cruz<\/strong><\/a><\/td><td style=\"width: 22.0368%;height: 66px\">Programa de P\u00f3s-Gradua\u00e7\u00e3o em Patrim\u00f4nio Cultural<\/td><td style=\"width: 29.2724%;height: 66px;text-align: center\"><span style=\"font-weight: 400\">Saberes Hist\u00f3ricos em Diferentes Espa\u00e7os de Mem\u00f3ria<\/span><\/td><td style=\"width: 121.827%;text-align: center;height: 66px\"><span style=\"font-weight: bold\"><a style=\"color: #1a3d73;font-size: 16px\" href=\"http:\/\/lattes.cnpq.br\/0595902218898376\" target=\"_blank\" rel=\"noopener\">Curr\u00edculo Lattes<\/a><\/span><\/td><\/tr><tr style=\"height: 24px\"><td style=\"width: 30.2019%;height: 24px\"><strong><a href=\"https:\/\/ufsmpublica.ufsm.br\/docente\/15005\"><span style=\"font-family: arial, helvetica, sans-serif\">Jos\u00e9 Iran Ribeiro<\/span><\/a><\/strong><\/td><td style=\"width: 22.0368%;height: 24px;text-align: left\">Departamento de Hist\u00f3ria<\/td><td style=\"width: 29.2724%;text-align: center;height: 24px\"><span style=\"font-weight: 400\">Saberes Hist\u00f3ricos no Espa\u00e7o Escolar <\/span><\/td><td style=\"width: 121.827%;text-align: center;height: 24px\"><a style=\"color: #1a3d73;font-size: 16px\" href=\"http:\/\/lattes.cnpq.br\/1466425361587196\" target=\"_blank\" rel=\"noopener\"><span style=\"font-weight: bold\">Curr\u00edculo Lattes<\/span><\/a><\/td><\/tr><tr style=\"height: 24px\"><td style=\"width: 30.2019%;height: 40px\"><strong><a href=\"https:\/\/ufsmpublica.ufsm.br\/docente\/17049\">Jos\u00e9 Martinho Rodrigues Rem\u00e9di<\/a><\/strong><\/td><td style=\"width: 22.0368%;height: 40px;text-align: left\">Departamento de Hist\u00f3ria<\/td><td style=\"width: 29.2724%;text-align: center;height: 40px\"><span style=\"font-weight: 400\">Saberes Hist\u00f3ricos no Espa\u00e7o Escolar<\/span><\/td><td style=\"width: 121.827%;text-align: center;height: 40px\"><a style=\"color: #1a3d73;font-size: 16px\" href=\"http:\/\/lattes.cnpq.br\/4112671771507306\" target=\"_blank\" rel=\"noopener\"><span style=\"font-weight: bold\">Curr\u00edculo Lattes<\/span><\/a><\/td><\/tr><tr style=\"height: 71px\"><td style=\"width: 30.2019%;height: 71px\"><strong><a href=\"https:\/\/ufsmpublica.ufsm.br\/docente\/4148\">Julio Ricardo Quevedo dos Santos<\/a><\/strong><\/td><td style=\"width: 22.0368%;height: 71px;text-align: left\">Departamento de Hist\u00f3ria<\/td><td style=\"width: 29.2724%;text-align: center;height: 71px\"><span style=\"font-weight: 400\">Saberes Hist\u00f3ricos no Espa\u00e7o Escolar<\/span><\/td><td style=\"width: 121.827%;text-align: center;height: 71px\"><a href=\"http:\/\/lattes.cnpq.br\/6418022027415183\" target=\"_blank\" rel=\"noopener\"><b>Curr\u00edculo Lattes<\/b><\/a><\/td><\/tr><tr style=\"height: 24px\"><td style=\"width: 30.2019%;height: 24px\"><a href=\"https:\/\/ufsmpublica.ufsm.br\/docente\/14811\"><strong><span style=\"font-family: arial, helvetica, sans-serif\">Leonardo da Rocha Botega<\/span><\/strong><\/a><\/td><td style=\"width: 22.0368%;height: 24px;text-align: left\">Coordenadoria de Ensino do Poli<\/td><td style=\"width: 29.2724%;text-align: center;height: 24px\"><span style=\"font-weight: 400\">Saberes Hist\u00f3ricos em Diferentes Espa\u00e7os de Mem\u00f3ria e Ensino de Hist\u00f3ria e Pol\u00edticas P\u00fablicas<\/span><\/td><td style=\"width: 121.827%;text-align: center;height: 24px\"><a style=\"color: #204c90;font-size: 16px\" href=\"http:\/\/lattes.cnpq.br\/9374731793684034\" target=\"_blank\" rel=\"noopener\"><span style=\"font-weight: bold\">Curr\u00edculo Lattes<\/span><\/a><\/td><\/tr><tr style=\"height: 24px\"><td style=\"width: 30.2019%;height: 24px\"><a href=\"https:\/\/ufsmpublica.ufsm.br\/docente\/26304\"><strong>Mara Regina do Nascimento<\/strong><\/a><\/td><td style=\"width: 22.0368%;text-align: center;height: 24px\"><p style=\"text-align: left\">Departamento de Metodologia do Ensino \/<\/p><p style=\"text-align: left\">Programa de P\u00f3s-Gradua\u00e7\u00e3o Mestrado Profissional em Hist\u00f3ria em Rede Nacional<\/p><\/td><td style=\"width: 29.2724%;text-align: center;height: 24px\"><span style=\"font-weight: 400\">Saberes Hist\u00f3ricos em Diferentes Espa\u00e7os de Mem\u00f3ria e Saberes Hist\u00f3ricos no Espa\u00e7o Escolar<\/span><\/td><td style=\"width: 121.827%;text-align: center;height: 24px\"><a style=\"color: #204c90;font-size: 16px\" href=\"http:\/\/lattes.cnpq.br\/2310487474847634\" target=\"_blank\" rel=\"noopener\"><span style=\"font-weight: bold\">Curr\u00edculo Lattes<\/span><\/a><\/td><\/tr><tr style=\"height: 24px\"><td style=\"width: 30.2019%;height: 24px\"><strong><a href=\"https:\/\/ufsmpublica.ufsm.br\/docente\/16584\">Marta Rosa Borin<\/a><\/strong><\/td><td style=\"width: 22.0368%;height: 24px;text-align: left\">Departamento de Metodologia do Ensino<\/td><td style=\"width: 29.2724%;text-align: center;height: 24px\"><span style=\"font-weight: 400\">Saberes Hist\u00f3ricos em Diferentes Espa\u00e7os de Mem\u00f3ria<\/span><\/td><td style=\"width: 121.827%;text-align: center;height: 24px\"><a style=\"color: #204c90;font-size: 16px\" href=\"http:\/\/lattes.cnpq.br\/5887358764231724\" target=\"_blank\" rel=\"noopener\"><span style=\"font-weight: bold\">Curr\u00edculo Lattes<\/span><\/a><\/td><\/tr><tr style=\"height: 81px\"><td style=\"width: 30.2019%;height: 81px\"><a href=\"https:\/\/ufsmpublica.ufsm.br\/docente\/12080\"><strong>Maria Medianeira Padoin<\/strong><\/a><\/td><td style=\"width: 22.0368%;height: 81px;text-align: left\">Departamento de Hist\u00f3ria<\/td><td style=\"width: 29.2724%;text-align: center;height: 81px\"><span style=\"font-weight: 400\">Ensino de Hist\u00f3ria e Pol\u00edticas P\u00fablicas e Saberes Hist\u00f3ricos em Diferentes Espa\u00e7os de Mem\u00f3ria<\/span><\/td><td style=\"width: 121.827%;text-align: center;height: 81px\"><span style=\"font-weight: bold\"><a style=\"color: #204c90;font-size: 16px\" href=\"http:\/\/lattes.cnpq.br\/7863155517478900\" target=\"_blank\" rel=\"noopener\">Curr\u00edculo Lattes<\/a><\/span><\/td><\/tr><tr style=\"height: 24px\"><td style=\"width: 30.2019%;height: 24px\"><a href=\"https:\/\/ufsmpublica.ufsm.br\/docente\/17222\"><strong>Mariana Flores da Cunha Thompson Flores<\/strong><\/a><\/td><td style=\"width: 22.0368%;height: 24px;text-align: left\">Departamento de Hist\u00f3ria<\/td><td style=\"width: 29.2724%;text-align: center;height: 24px\"><span style=\"font-weight: 400\">Saberes Hist\u00f3ricos no Espa\u00e7o Escolar<\/span><\/td><td style=\"width: 121.827%;text-align: center;height: 24px\"><a style=\"color: #204c90;font-size: 16px\" href=\"http:\/\/lattes.cnpq.br\/0741500213422724\" target=\"_blank\" rel=\"noopener\"><span style=\"font-weight: bold\">Curr\u00edculo Lattes<\/span><\/a><\/td><\/tr><tr style=\"height: 24px\"><td style=\"width: 30.2019%;height: 24px\"><strong><a href=\"https:\/\/ufsmpublica.ufsm.br\/docente\/18635\">Nikelen Acosta Witter<\/a><\/strong><\/td><td style=\"width: 22.0368%;height: 24px;text-align: left\">Departamento de Hist\u00f3ria<\/td><td style=\"width: 29.2724%;text-align: center;height: 24px\"><span style=\"font-weight: 400\">Linguagens e Narrativas Hist\u00f3ricas: Produ\u00e7\u00e3o e Difus\u00e3o<\/span><\/td><td style=\"width: 121.827%;text-align: center;height: 24px\"><a href=\"http:\/\/lattes.cnpq.br\/8774179848468670\" target=\"_blank\" rel=\"noopener\"><b>Curr\u00edculo Lattes<\/b><\/a><\/td><\/tr><\/tbody><\/table><p class=\"entry-title\">\u00a0<\/p>\t\t\t\t\t\t<\/div>\n\t\t\t\t<\/div>\n\t\t\t\t\t<\/div>\n\t\t<\/div>\n\t\t\t\t\t<\/div>\n\t\t<\/section>\n\t\t\t\t<\/div>\n\t\t","protected":false},"excerpt":{"rendered":"<p>Docentes Programa de P\u00f3s-Gradua\u00e7\u00e3o em Ensino de Hist\u00f3ria Professores Departamento Linha de pesquisa Curr\u00edculo Aline S\u00f4nego\u00a0 Secretaria Administrativa do CAL Saberes Hist\u00f3ricos em Diferentes Espa\u00e7os de Mem\u00f3ria Curr\u00edculo Lattes Claudemir de Quadros Departamento de Pol\u00edticas e Gest\u00e3o Educacional Saberes Hist\u00f3ricos no Espa\u00e7o Escolar Curr\u00edculo Lattes Jorge Alberto Soares Cruz Programa de P\u00f3s-Gradua\u00e7\u00e3o em Patrim\u00f4nio Cultural [&hellip;]<\/p>\n","protected":false},"author":2018,"featured_media":0,"parent":0,"menu_order":0,"comment_status":"closed","ping_status":"closed","template":"","meta":{"footnotes":""},"categories":[],"tags":[],"class_list":["post-244","page","type-page","status-publish","hentry"],"acf":[],"_links":{"self":[{"href":"https:\/\/www.ufsm.br\/cursos\/pos-graduacao\/santa-maria\/profhistoria\/wp-json\/wp\/v2\/pages\/244","targetHints":{"allow":["GET"]}}],"collection":[{"href":"https:\/\/www.ufsm.br\/cursos\/pos-graduacao\/santa-maria\/profhistoria\/wp-json\/wp\/v2\/pages"}],"about":[{"href":"https:\/\/www.ufsm.br\/cursos\/pos-graduacao\/santa-maria\/profhistoria\/wp-json\/wp\/v2\/types\/page"}],"author":[{"embeddable":true,"href":"https:\/\/www.ufsm.br\/cursos\/pos-graduacao\/santa-maria\/profhistoria\/wp-json\/wp\/v2\/users\/2018"}],"replies":[{"embeddable":true,"href":"https:\/\/www.ufsm.br\/cursos\/pos-graduacao\/santa-maria\/profhistoria\/wp-json\/wp\/v2\/comments?post=244"}],"version-history":[{"count":0,"href":"https:\/\/www.ufsm.br\/cursos\/pos-graduacao\/santa-maria\/profhistoria\/wp-json\/wp\/v2\/pages\/244\/revisions"}],"wp:attachment":[{"href":"https:\/\/www.ufsm.br\/cursos\/pos-graduacao\/santa-maria\/profhistoria\/wp-json\/wp\/v2\/media?parent=244"}],"wp:term":[{"taxonomy":"category","embeddable":true,"href":"https:\/\/www.ufsm.br\/cursos\/pos-graduacao\/santa-maria\/profhistoria\/wp-json\/wp\/v2\/categories?post=244"},{"taxonomy":"post_tag","embeddable":true,"href":"https:\/\/www.ufsm.br\/cursos\/pos-graduacao\/santa-maria\/profhistoria\/wp-json\/wp\/v2\/tags?post=244"}],"curies":[{"name":"wp","href":"https:\/\/api.w.org\/{rel}","templated":true}]}}