{"id":365,"date":"2025-10-31T13:45:35","date_gmt":"2025-10-31T16:45:35","guid":{"rendered":"https:\/\/www.ufsm.br\/cursos\/pos-graduacao\/santa-maria\/profhistoria\/?page_id=365"},"modified":"2026-08-19T14:30:22","modified_gmt":"2026-08-19T17:30:22","slug":"tutoriais","status":"publish","type":"page","link":"https:\/\/www.ufsm.br\/cursos\/pos-graduacao\/santa-maria\/profhistoria\/tutoriais","title":{"rendered":"Tutoriais"},"content":{"rendered":"\t\t<div data-elementor-type=\"wp-page\" data-elementor-id=\"365\" class=\"elementor elementor-365\">\n\t\t\t\t\t\t<section class=\"elementor-section elementor-top-section elementor-element elementor-element-c71db56 elementor-section-boxed elementor-section-height-default elementor-section-height-default\" data-id=\"c71db56\" data-element_type=\"section\">\n\t\t\t\t\t\t<div class=\"elementor-container elementor-column-gap-default\">\n\t\t\t\t\t<div class=\"elementor-column elementor-col-50 elementor-top-column elementor-element elementor-element-c19adb9\" data-id=\"c19adb9\" data-element_type=\"column\">\n\t\t\t<div class=\"elementor-widget-wrap elementor-element-populated\">\n\t\t\t\t\t\t<div class=\"elementor-element elementor-element-56a5611 elementor-widget elementor-widget-heading\" data-id=\"56a5611\" data-element_type=\"widget\" data-widget_type=\"heading.default\">\n\t\t\t\t<div class=\"elementor-widget-container\">\n\t\t\t<h5 class=\"elementor-heading-title elementor-size-default\">Plano de Estudos<\/h5>\t\t<\/div>\n\t\t\t\t<\/div>\n\t\t\t\t<div class=\"elementor-element elementor-element-95dd7f1 elementor-widget elementor-widget-text-editor\" data-id=\"95dd7f1\" data-element_type=\"widget\" data-widget_type=\"text-editor.default\">\n\t\t\t\t<div class=\"elementor-widget-container\">\n\t\t\t\t\t\t\t<p>O Plano de Estudos deve ser aprovado pela Coordena\u00e7\u00e3o do Curso\u00a0<strong>antes da realiza\u00e7\u00e3o da matr\u00edcula para o segundo semestre letivo.<\/strong> Para realizar o preenchimento do Plano de Estudos, verifique o tutorial:<\/p><ul style=\"color: #000000;font-size: 16px\"><li><span style=\"color: #000000;font-size: 1rem\"><a style=\"color: #204c90\" href=\"https:\/\/www.ufsm.br\/cursos\/pos-graduacao\/santa-maria\/ppge\/wp-content\/uploads\/sites\/547\/2019\/02\/TUTORIAL_-_PLANO_DE_ESTUDOS_1-2.pdf\" target=\"_blank\" rel=\"noopener\"><span style=\"font-weight: bold\">Tutorial de preenchimento do plano de estudos (Parte 1)\u00a0<\/span><\/a><\/span><\/li><li><a style=\"color: #204c90\" href=\"https:\/\/www.ufsm.br\/cursos\/pos-graduacao\/santa-maria\/ppge\/wp-content\/uploads\/sites\/547\/2019\/02\/TUTORIAL_-_PLANO_DE_ESTUDOS_2.pdf\" target=\"_blank\" rel=\"noopener\"><span style=\"font-weight: bold\">Tutorial de preenchimento do plano de estudos (Parte 2)<\/span><\/a><\/li><\/ul>\t\t\t\t\t\t<\/div>\n\t\t\t\t<\/div>\n\t\t\t\t<div class=\"elementor-element elementor-element-63b590b elementor-widget elementor-widget-toggle\" data-id=\"63b590b\" data-element_type=\"widget\" data-widget_type=\"toggle.default\">\n\t\t\t\t<div class=\"elementor-widget-container\">\n\t\t\t\t\t<div class=\"elementor-toggle\">\n\t\t\t\t\t\t\t<div class=\"elementor-toggle-item\">\n\t\t\t\t\t<div id=\"elementor-tab-title-1041\" class=\"elementor-tab-title\" data-tab=\"1\" role=\"button\" aria-controls=\"elementor-tab-content-1041\" aria-expanded=\"false\">\n\t\t\t\t\t\t\t\t\t\t\t\t<span class=\"elementor-toggle-icon elementor-toggle-icon-left\" aria-hidden=\"true\">\n\t\t\t\t\t\t\t\t\t\t\t\t\t\t\t<span class=\"elementor-toggle-icon-closed\"><i class=\"fas fa-caret-right\"><\/i><\/span>\n\t\t\t\t\t\t\t\t<span class=\"elementor-toggle-icon-opened\"><i class=\"elementor-toggle-icon-opened fas fa-caret-up\"><\/i><\/span>\n\t\t\t\t\t\t\t\t\t\t\t\t\t<\/span>\n\t\t\t\t\t\t\t\t\t\t\t\t<a class=\"elementor-toggle-title\" tabindex=\"0\">Solicita\u00e7\u00e3o de Coorienta\u00e7\u00e3o<\/a>\n\t\t\t\t\t<\/div>\n\n\t\t\t\t\t<div id=\"elementor-tab-content-1041\" class=\"elementor-tab-content elementor-clearfix\" data-tab=\"1\" role=\"region\" aria-labelledby=\"elementor-tab-title-1041\"><p>O orientador, em acordo com o seu orientando, pode indicar um professor, interno ou externo \u00e0 UFSM, como coorientador, mediante encaminhamento da Solicita\u00e7\u00e3o de Coorienta\u00e7\u00e3o. A solicita\u00e7\u00e3o deve ter uma justificativa e ser\u00e1 analisada pela Comiss\u00e3o Colegiada do Programa.<\/p><p>Para tal, deve ser encaminhado\u00a0<b>via email\u00a0<\/b><\/p><ul><li><a href=\"https:\/\/www.ufsm.br\/app\/uploads\/sites\/547\/2021\/06\/Requerimento-para-Solicitacao-de-Coorientacao.doc\" target=\"_blank\" rel=\"noopener\"><b>Requerimento de Solicita\u00e7\u00e3o de Coorienta\u00e7\u00e3o<\/b><\/a>, devidamente preenchido e assinado;<\/li><li>C\u00f3pia do Curr\u00edculo Lattes do professor coorientador.<\/li><\/ul><p><b>O professor coorientador deve estar ligado a um programa de P\u00f3s-Gradua\u00e7\u00e3o reconhecido pela CAPES e deve, tamb\u00e9m, estar em plena atividade de pesquisa.<\/b><\/p><\/div>\n\t\t\t\t<\/div>\n\t\t\t\t\t\t\t\t<\/div>\n\t\t\t\t<\/div>\n\t\t\t\t<\/div>\n\t\t\t\t<div class=\"elementor-element elementor-element-91beb0a elementor-widget elementor-widget-heading\" data-id=\"91beb0a\" data-element_type=\"widget\" data-widget_type=\"heading.default\">\n\t\t\t\t<div class=\"elementor-widget-container\">\n\t\t\t<h5 class=\"elementor-heading-title elementor-size-default\">Disciplinas<\/h5>\t\t<\/div>\n\t\t\t\t<\/div>\n\t\t\t\t<div class=\"elementor-element elementor-element-15d0ee1 elementor-widget elementor-widget-toggle\" data-id=\"15d0ee1\" data-element_type=\"widget\" data-widget_type=\"toggle.default\">\n\t\t\t\t<div class=\"elementor-widget-container\">\n\t\t\t\t\t<div class=\"elementor-toggle\">\n\t\t\t\t\t\t\t<div class=\"elementor-toggle-item\">\n\t\t\t\t\t<div id=\"elementor-tab-title-2281\" class=\"elementor-tab-title\" data-tab=\"1\" role=\"button\" aria-controls=\"elementor-tab-content-2281\" aria-expanded=\"false\">\n\t\t\t\t\t\t\t\t\t\t\t\t<span class=\"elementor-toggle-icon elementor-toggle-icon-left\" aria-hidden=\"true\">\n\t\t\t\t\t\t\t\t\t\t\t\t\t\t\t<span class=\"elementor-toggle-icon-closed\"><i class=\"fas fa-caret-right\"><\/i><\/span>\n\t\t\t\t\t\t\t\t<span class=\"elementor-toggle-icon-opened\"><i class=\"elementor-toggle-icon-opened fas fa-caret-up\"><\/i><\/span>\n\t\t\t\t\t\t\t\t\t\t\t\t\t<\/span>\n\t\t\t\t\t\t\t\t\t\t\t\t<a class=\"elementor-toggle-title\" tabindex=\"0\">Aproveitamento\/Dispensa de Disciplinas<\/a>\n\t\t\t\t\t<\/div>\n\n\t\t\t\t\t<div id=\"elementor-tab-content-2281\" class=\"elementor-tab-content elementor-clearfix\" data-tab=\"1\" role=\"region\" aria-labelledby=\"elementor-tab-title-2281\"><p>O discente pode solicitar aproveitamento de cr\u00e9ditos obtidos em disciplinas realizadas em outros cursos de P\u00f3s-Gradua\u00e7\u00e3o.<\/p><ul><li>No\u00a0<b>Mestrado<\/b>, podem ser aproveitados, no m\u00e1ximo,\u00a0<b>8 cr\u00e9ditos<\/b>;<\/li><li>No\u00a0<b>Doutorado<\/b>, podem ser aproveitados no m\u00e1ximo,\u00a0<b>12 cr\u00e9ditos<\/b>;<\/li><\/ul><div>A solicita\u00e7\u00e3o \u00e9 realizada diretamente pelo aluno via PEN-SIE. Para solicitar a dispensa de disciplina(s), s\u00e3o necess\u00e1rios os seguintes documentos:<\/div><ul><li><a href=\"https:\/\/www.ufsm.br\/app\/uploads\/sites\/345\/2022\/02\/Requerimento_de_Aproveitamento_de_Disciplinas-NCAPG-Copia.docx\" target=\"_blank\" rel=\"noopener\" data-wplink-edit=\"true\"><b>Requerimento de Dispensa ou Aproveitamento de Disciplinas<\/b><\/a>, devidamente preenchido e assinado, em PDF<\/li><li>Hist\u00f3rico Escolar contendo a disciplina a ser aproveitada<\/li><li>Ementa da disciplina,\u00a0<b>caso a disciplina seja de outra Institui\u00e7\u00e3o<\/b><\/li><\/ul><div>O passo a passo para realiza\u00e7\u00e3o da solicita\u00e7\u00e3o via PEN-SIE est\u00e1 dispon\u00edvel no\u00a0<a href=\"https:\/\/www.ufsm.br\/pro-reitorias\/prpgp\/servicos\/dispensa-aproveitamento-de-disciplinas-de-pos-graduacao\" target=\"_blank\" rel=\"noopener\"><b>Tutorial para Aproveitamento de Disciplinas<\/b><\/a>.<br \/><b>Obs.:<\/b>\u00a0Disciplinas cursadas h\u00e1 mais de 5 (cinco) anos n\u00e3o ser\u00e3o aceitas.<\/div><\/div>\n\t\t\t\t<\/div>\n\t\t\t\t\t\t\t<div class=\"elementor-toggle-item\">\n\t\t\t\t\t<div id=\"elementor-tab-title-2282\" class=\"elementor-tab-title\" data-tab=\"2\" role=\"button\" aria-controls=\"elementor-tab-content-2282\" aria-expanded=\"false\">\n\t\t\t\t\t\t\t\t\t\t\t\t<span class=\"elementor-toggle-icon elementor-toggle-icon-left\" aria-hidden=\"true\">\n\t\t\t\t\t\t\t\t\t\t\t\t\t\t\t<span class=\"elementor-toggle-icon-closed\"><i class=\"fas fa-caret-right\"><\/i><\/span>\n\t\t\t\t\t\t\t\t<span class=\"elementor-toggle-icon-opened\"><i class=\"elementor-toggle-icon-opened fas fa-caret-up\"><\/i><\/span>\n\t\t\t\t\t\t\t\t\t\t\t\t\t<\/span>\n\t\t\t\t\t\t\t\t\t\t\t\t<a class=\"elementor-toggle-title\" tabindex=\"0\">Comprova\u00e7\u00e3o de Sufici\u00eancia em L\u00edngua Estrangeira<\/a>\n\t\t\t\t\t<\/div>\n\n\t\t\t\t\t<div id=\"elementor-tab-content-2282\" class=\"elementor-tab-content elementor-clearfix\" data-tab=\"2\" role=\"region\" aria-labelledby=\"elementor-tab-title-2282\"><p>O discente de P\u00f3s-Gradua\u00e7\u00e3o, em n\u00edvel de Mestrado ou Doutorado, deve possuir sufici\u00eancia em l\u00edngua(s) estrangeira(s).<\/p><ul><li><ul><li>No\u00a0<b>Mestrado<\/b>, \u00e9 necess\u00e1ria\u00a0<b>1 (uma)<\/b>\u00a0l\u00edngua estrangeira.<\/li><li>No\u00a0<b>Doutorado<\/b>, s\u00e3o necess\u00e1rias\u00a0<b>2 (duas)<\/b>\u00a0l\u00ednguas estrangeiras.<\/li><\/ul><p>A solicita\u00e7\u00e3o \u00e9 realizada diretamente pelo aluno via PEN-SIE. Para solicitar o aproveitamento de sufici\u00eancia em l\u00edngua estrangeira, s\u00e3o necess\u00e1rios os seguintes documentos:<\/p><ul><li><a href=\"https:\/\/www.ufsm.br\/app\/uploads\/sites\/345\/2022\/02\/Requerimento_Comprovacao_Suf_Lingua_Estrangeira_NCAPG.docx\" target=\"_blank\" rel=\"noopener\"><b>Requerimento de Comprova\u00e7\u00e3o de Sufici\u00eancia em L\u00edngua Estrangeira<\/b><\/a>, devidamente preenchido e assinado, em PDF;<\/li><li>C\u00f3pia do Hist\u00f3rico Escolar Simplificado, obtida no Portal do Aluno;<\/li><li>Documento comprobat\u00f3rio de aprova\u00e7\u00e3o em Teste de Sufici\u00eancia em L\u00edngua Estrangeira (emitido pela UFSM ou outras Institui\u00e7\u00f5es de Ensino Superior (IES) reconhecidas pelo MEC.<\/li><\/ul><div>O passo a passo para realiza\u00e7\u00e3o da solicita\u00e7\u00e3o via PEN-SIE est\u00e1 dispon\u00edvel no\u00a0<a href=\"https:\/\/www.ufsm.br\/pro-reitorias\/prpgp\/servicos\/comprovacao-de-suficiencia-em-lingua-estrangeira\" target=\"_blank\" rel=\"noopener\"><b>Tutorial para Aproveitamento de L\u00edngua Estrangeira<\/b><\/a>.<br \/><b>Obs.:<\/b>\u00a0Certificados emitidos a mais de 5 (cinco) anos n\u00e3o ser\u00e3o aceitos.<\/div><\/li><\/ul><\/div>\n\t\t\t\t<\/div>\n\t\t\t\t\t\t\t<div class=\"elementor-toggle-item\">\n\t\t\t\t\t<div id=\"elementor-tab-title-2283\" class=\"elementor-tab-title\" data-tab=\"3\" role=\"button\" aria-controls=\"elementor-tab-content-2283\" aria-expanded=\"false\">\n\t\t\t\t\t\t\t\t\t\t\t\t<span class=\"elementor-toggle-icon elementor-toggle-icon-left\" aria-hidden=\"true\">\n\t\t\t\t\t\t\t\t\t\t\t\t\t\t\t<span class=\"elementor-toggle-icon-closed\"><i class=\"fas fa-caret-right\"><\/i><\/span>\n\t\t\t\t\t\t\t\t<span class=\"elementor-toggle-icon-opened\"><i class=\"elementor-toggle-icon-opened fas fa-caret-up\"><\/i><\/span>\n\t\t\t\t\t\t\t\t\t\t\t\t\t<\/span>\n\t\t\t\t\t\t\t\t\t\t\t\t<a class=\"elementor-toggle-title\" tabindex=\"0\">Doc\u00eancia Orientada<\/a>\n\t\t\t\t\t<\/div>\n\n\t\t\t\t\t<div id=\"elementor-tab-content-2283\" class=\"elementor-tab-content elementor-clearfix\" data-tab=\"3\" role=\"region\" aria-labelledby=\"elementor-tab-title-2283\"><p>A Doc\u00eancia Orientada \u00e9 um componente curricular obrigat\u00f3rio para os bolsistas do Programa de Demanda Social da CAPES e sugerido aos demais acad\u00eamicos. O\u00a0discente dever\u00e1 encaminhar o\u00a0<a href=\"https:\/\/www.ufsm.br\/app\/uploads\/sites\/620\/2025\/10\/PLANO_DOCENCIA_ORIENTADA_MODELO.correto-novo.docx\" target=\"_blank\" rel=\"noopener\"><b>Plano de Doc\u00eancia Orientada<\/b><\/a> (conforme modelo) no tempo entre a primeira e a terceira reuni\u00e3o do Colegiado do semestre para poder solicitar a matr\u00edcula na disciplina.\u00a0<\/p><p>Ap\u00f3s a realiza\u00e7\u00e3o da Doc\u00eancia Orientada, para o encerramento da atividade, o discente dever\u00e1 elaborar o\u00a0<a href=\"https:\/\/www.ufsm.br\/app\/uploads\/sites\/620\/2025\/10\/RELATORIO_DOCENCIA_ORIENTADA_1novo.docx\" target=\"_blank\" rel=\"noopener\"><b>Relat\u00f3rio de Doc\u00eancia Orientada<\/b><\/a> (conforme modelo) e encaminh\u00e1-lo no tempo entre a primeira e a terceira reuni\u00e3o do Colegiado do semestre subsequente.<\/p><p>Aos estudantes bolsistas do Programa:<\/p><ul><li>no Curso de Mestrado, deve-se realizar, obrigatoriamente, uma disciplina de Doc\u00eancia Orientada;<\/li><li>no Curso de Doutorado, deve-se realizar, obrigatoriamente, duas disciplinas de Doc\u00eancia Orientada.<\/li><\/ul><div>Para o encaminhamento do Plano de Doc\u00eancia Orientada,\u00a0<b>\u00e9 necess\u00e1ria a abertura de um Processo Eletr\u00f4nico (PEN)<\/b>.\u00a0<b>O<\/b>\u00a0<b>relat\u00f3rio ser\u00e1 anexado ao mesmo processo no final da disciplina<\/b>. O passo a passo para abertura e encaminhamentos do Processo de Doc\u00eancia Orientada est\u00e1 dispon\u00edvel no\u00a0<a href=\"https:\/\/www.ufsm.br\/app\/uploads\/sites\/547\/2025\/04\/TUTORIAL-PROCESSO-DE-DOCENCIA-ORIENTADA-1.pdf\" target=\"_blank\" rel=\"noopener\"><b>Tutorial de Abertura do Processo de Doc\u00eancia Orientada<\/b><\/a>. Nele tamb\u00e9m consta o fluxo do processo.<\/div><\/div>\n\t\t\t\t<\/div>\n\t\t\t\t\t\t\t<div class=\"elementor-toggle-item\">\n\t\t\t\t\t<div id=\"elementor-tab-title-2284\" class=\"elementor-tab-title\" data-tab=\"4\" role=\"button\" aria-controls=\"elementor-tab-content-2284\" aria-expanded=\"false\">\n\t\t\t\t\t\t\t\t\t\t\t\t<span class=\"elementor-toggle-icon elementor-toggle-icon-left\" aria-hidden=\"true\">\n\t\t\t\t\t\t\t\t\t\t\t\t\t\t\t<span class=\"elementor-toggle-icon-closed\"><i class=\"fas fa-caret-right\"><\/i><\/span>\n\t\t\t\t\t\t\t\t<span class=\"elementor-toggle-icon-opened\"><i class=\"elementor-toggle-icon-opened fas fa-caret-up\"><\/i><\/span>\n\t\t\t\t\t\t\t\t\t\t\t\t\t<\/span>\n\t\t\t\t\t\t\t\t\t\t\t\t<a class=\"elementor-toggle-title\" tabindex=\"0\">Matr\u00edcula Extracurricular<\/a>\n\t\t\t\t\t<\/div>\n\n\t\t\t\t\t<div id=\"elementor-tab-content-2284\" class=\"elementor-tab-content elementor-clearfix\" data-tab=\"4\" role=\"region\" aria-labelledby=\"elementor-tab-title-2284\"><ol><li>Caso o aluno seja\u00a0<strong>vinculado ao ProfHist\u00f3ria<\/strong>\u00a0e deseje realizar disciplinas extracurriculares em outros Programas, \u00e9 necess\u00e1rio\u00a0realizar a abertura do tipo de processo\u00a0<strong>Solicita\u00e7\u00e3o de matr\u00edcula extracurricular de mestrado\/doutorado<\/strong>\u00a0no PEN-SIE. Deve ser anexado o\u00a0<a href=\"https:\/\/www.ufsm.br\/app\/uploads\/sites\/547\/2025\/02\/Requerimento_Matricula_Extracurricular_em-outro-curso.docx\">Requerimento de Matr\u00edcula Extracurricular\u00a0<\/a>preenchido, que deve ser assinado no PEN-SIE.<\/li><li>Caso o aluno esteja\u00a0<strong>vinculado a outro Programa de P\u00f3s-Gradua\u00e7\u00e3o da UFSM<\/strong> e deseje cursar disciplinas no <strong>ProfHist\u00f3ria<\/strong>, ele deve, preferencialmente, abrir o processo \u201c<strong>Solicita\u00e7\u00e3o de Matr\u00edcula Extracurricular de Mestrado\/Doutorado<\/strong>\u201d no PEN-SIE e anexar o\u00a0<a href=\"https:\/\/www.ufsm.br\/app\/uploads\/sites\/547\/2025\/02\/Requerimento_Matricula_Extracurricular_em-outro-curso.docx\">Requerimento de Matr\u00edcula Extracurricular<\/a>. Alternativamente, pode seguir as orienta\u00e7\u00f5es administrativas do seu curso de origem.<\/li><\/ol><p>\u00c9 indispens\u00e1vel que o requerimento seja devidamente assinado pelo discente e pelo coordenador ou orientador e encaminhado\u00a0<b>no per\u00edodo estipulado no\u00a0<\/b><a href=\"https:\/\/www.ufsm.br\/calendario\" target=\"_blank\" rel=\"noopener\"><b>Calend\u00e1rio Acad\u00eamico<\/b><\/a>.<\/p><\/div>\n\t\t\t\t<\/div>\n\t\t\t\t\t\t\t\t<\/div>\n\t\t\t\t<\/div>\n\t\t\t\t<\/div>\n\t\t\t\t<div class=\"elementor-element elementor-element-bf45537 elementor-widget elementor-widget-heading\" data-id=\"bf45537\" data-element_type=\"widget\" data-widget_type=\"heading.default\">\n\t\t\t\t<div class=\"elementor-widget-container\">\n\t\t\t<h5 class=\"elementor-heading-title elementor-size-default\">Qualifica\u00e7\u00e3o de Disserta\u00e7\u00e3o\/Tese<\/h5>\t\t<\/div>\n\t\t\t\t<\/div>\n\t\t\t\t<div class=\"elementor-element elementor-element-210c1de elementor-widget elementor-widget-toggle\" data-id=\"210c1de\" data-element_type=\"widget\" data-widget_type=\"toggle.default\">\n\t\t\t\t<div class=\"elementor-widget-container\">\n\t\t\t\t\t<div class=\"elementor-toggle\">\n\t\t\t\t\t\t\t<div class=\"elementor-toggle-item\">\n\t\t\t\t\t<div id=\"elementor-tab-title-3461\" class=\"elementor-tab-title\" data-tab=\"1\" role=\"button\" aria-controls=\"elementor-tab-content-3461\" aria-expanded=\"false\">\n\t\t\t\t\t\t\t\t\t\t\t\t<span class=\"elementor-toggle-icon elementor-toggle-icon-left\" aria-hidden=\"true\">\n\t\t\t\t\t\t\t\t\t\t\t\t\t\t\t<span class=\"elementor-toggle-icon-closed\"><i class=\"fas fa-caret-right\"><\/i><\/span>\n\t\t\t\t\t\t\t\t<span class=\"elementor-toggle-icon-opened\"><i class=\"elementor-toggle-icon-opened fas fa-caret-up\"><\/i><\/span>\n\t\t\t\t\t\t\t\t\t\t\t\t\t<\/span>\n\t\t\t\t\t\t\t\t\t\t\t\t<a class=\"elementor-toggle-title\" tabindex=\"0\">Qualifica\u00e7\u00e3o de Disserta\u00e7\u00e3o<\/a>\n\t\t\t\t\t<\/div>\n\n\t\t\t\t\t<div id=\"elementor-tab-content-3461\" class=\"elementor-tab-content elementor-clearfix\" data-tab=\"1\" role=\"region\" aria-labelledby=\"elementor-tab-title-3461\"><p>O processo de Qualifica\u00e7\u00e3o no Mestrado em Ensino de Hist\u00f3ria dever\u00e1 acontecer em at\u00e9 18 meses ap\u00f3s o ingresso no Curso. Para tal, \u00e9 necess\u00e1rio que o discente tenha cumprido 75% dos cr\u00e9ditos e sido aprovado em teste de sufici\u00eancia em uma l\u00edngua estrangeira. Para solicitar a qualifica\u00e7\u00e3o do projeto de disserta\u00e7\u00e3o, o aluno dever\u00e1\u00a0<b>abrir no PEN\/SIE o \u201cProcesso de qualifica\u00e7\u00e3o de disserta\u00e7\u00e3o de mestrado (134.324)\u201d\u00a0<\/b>com os seguintes documentos:<\/p><ul><li><a href=\"https:\/\/www.ufsm.br\/app\/uploads\/sites\/620\/2026\/07\/Requerimento-de-Qualificacao-de-Dissertacao-NOME_DO_DISCENTE-novo.docx\" data-wplink-edit=\"true\"><b>Requerimento de Qualifica\u00e7\u00e3o de Disserta\u00e7\u00e3o<\/b>,<\/a> em PDF<\/li><li>Hist\u00f3rico Escolar (emitido no Portal do Aluno), para comprova\u00e7\u00e3o da conclus\u00e3o dos cr\u00e9ditos necess\u00e1rios e da aprova\u00e7\u00e3o em teste de sufici\u00eancia.<\/li><\/ul><div>O Requerimento de Qualifica\u00e7\u00e3o de Disserta\u00e7\u00e3o deve ser encaminhado com, pelo menos,\u00a020 dias de anteced\u00eancia, devidamente preenchido e assinado pelo discente e seu orientador.<\/div><div>Ap\u00f3s o recebimento, a secretaria dar\u00e1 prosseguimento \u00e0 emiss\u00e3o da documenta\u00e7\u00e3o de defesa e abertura do processo de homologa\u00e7\u00e3o de ata.<\/div><p>A reserva de salas para realiza\u00e7\u00e3o de bancas de defesa \u00e9 realizada diretamente com o N\u00facleo de Infraestrutura do Centro de Educa\u00e7\u00e3o, conforme instru\u00e7\u00f5es dispon\u00edveis no\u00a0<a href=\"https:\/\/drive.google.com\/file\/d\/1NYPHX1D-ajmW-ONQ_-wOX1IuLBu_G7HL\/view\" target=\"_blank\" rel=\"noopener\"><b>Memorando Circular 002\/2023<\/b><\/a><\/p><\/div>\n\t\t\t\t<\/div>\n\t\t\t\t\t\t\t<div class=\"elementor-toggle-item\">\n\t\t\t\t\t<div id=\"elementor-tab-title-3462\" class=\"elementor-tab-title\" data-tab=\"2\" role=\"button\" aria-controls=\"elementor-tab-content-3462\" aria-expanded=\"false\">\n\t\t\t\t\t\t\t\t\t\t\t\t<span class=\"elementor-toggle-icon elementor-toggle-icon-left\" aria-hidden=\"true\">\n\t\t\t\t\t\t\t\t\t\t\t\t\t\t\t<span class=\"elementor-toggle-icon-closed\"><i class=\"fas fa-caret-right\"><\/i><\/span>\n\t\t\t\t\t\t\t\t<span class=\"elementor-toggle-icon-opened\"><i class=\"elementor-toggle-icon-opened fas fa-caret-up\"><\/i><\/span>\n\t\t\t\t\t\t\t\t\t\t\t\t\t<\/span>\n\t\t\t\t\t\t\t\t\t\t\t\t<a class=\"elementor-toggle-title\" tabindex=\"0\">Qualifica\u00e7\u00e3o de Tese<\/a>\n\t\t\t\t\t<\/div>\n\n\t\t\t\t\t<div id=\"elementor-tab-content-3462\" class=\"elementor-tab-content elementor-clearfix\" data-tab=\"2\" role=\"region\" aria-labelledby=\"elementor-tab-title-3462\"><p>O processo de Qualifica\u00e7\u00e3o no Doutorado em Ensino de Hist\u00f3ria dever\u00e1 acontecer em at\u00e9 24 meses ap\u00f3s o ingresso no Curso. Para tal, \u00e9 necess\u00e1rio que o discente tenha cumprido 75% dos cr\u00e9ditos e sido aprovado em teste de sufici\u00eancia em duas l\u00ednguas estrangeiras. Para solicitar o Exame de Qualifica\u00e7\u00e3o de Tese de Doutorado, o aluno dever\u00e1 realizar o seguinte procedimento:<\/p><ol><li>\u00a0Abrir processo de Exame de Qualifica\u00e7\u00e3o via Portal do Aluno\u00a0(<a href=\"https:\/\/www.ufsm.br\/app\/uploads\/sites\/547\/2022\/08\/TUTORIAL-DE-SOLICITACAO-DE-DEFESA-MDT.pdf\" target=\"_blank\" rel=\"noopener\"><b>Tutorial para abertura do processo<\/b><\/a>);<\/li><li>Encaminhar, via e-mail(<a class=\"notranslate\" href=\"mailto:secretariapg.ce@ufsm.br\">secretariapg.ce@ufsm.br<\/a>); <a href=\"https:\/\/www.ufsm.br\/app\/uploads\/sites\/620\/2026\/07\/Requerimento-de-Qualificacao-de-Tese-NOME_DO_DISCENTE-1.docx\" data-wplink-edit=\"true\"><b>Requerimento de Qualifica\u00e7\u00e3o de Tese<\/b><\/a>, em PDF.<\/li><\/ol><div>Salienta-se que o sistema exige pelo menos 20 dias de anteced\u00eancia para o agendamento do Exame de Qualifica\u00e7\u00e3o de Doutorado e o Requerimento de Qualifica\u00e7\u00e3o de Tese deve ser encaminhado via e-mail (secretariapg.ce@ufsm.com.br) no mesmo prazo.<\/div><div>A reserva de salas para realiza\u00e7\u00e3o de bancas de defesa \u00e9 realizada diretamente com o N\u00facleo de Infraestrutura do Centro de Educa\u00e7\u00e3o, conforme instru\u00e7\u00f5es dispon\u00edveis no\u00a0<a href=\"https:\/\/drive.google.com\/file\/d\/1NYPHX1D-ajmW-ONQ_-wOX1IuLBu_G7HL\/view\" target=\"_blank\" rel=\"noopener\">Memorando Circular 002\/2023<\/a>.<\/div><\/div>\n\t\t\t\t<\/div>\n\t\t\t\t\t\t\t\t<\/div>\n\t\t\t\t<\/div>\n\t\t\t\t<\/div>\n\t\t\t\t<div class=\"elementor-element elementor-element-1c0678b elementor-widget elementor-widget-heading\" data-id=\"1c0678b\" data-element_type=\"widget\" data-widget_type=\"heading.default\">\n\t\t\t\t<div class=\"elementor-widget-container\">\n\t\t\t<h5 class=\"elementor-heading-title elementor-size-default\">Defesa Final de Disserta\u00e7\u00e3o\/Tese e Entrega da Documenta\u00e7\u00e3o Final<\/h5>\t\t<\/div>\n\t\t\t\t<\/div>\n\t\t\t\t<div class=\"elementor-element elementor-element-feece13 elementor-widget elementor-widget-toggle\" data-id=\"feece13\" data-element_type=\"widget\" data-widget_type=\"toggle.default\">\n\t\t\t\t<div class=\"elementor-widget-container\">\n\t\t\t\t\t<div class=\"elementor-toggle\">\n\t\t\t\t\t\t\t<div class=\"elementor-toggle-item\">\n\t\t\t\t\t<div id=\"elementor-tab-title-2671\" class=\"elementor-tab-title\" data-tab=\"1\" role=\"button\" aria-controls=\"elementor-tab-content-2671\" aria-expanded=\"false\">\n\t\t\t\t\t\t\t\t\t\t\t\t<span class=\"elementor-toggle-icon elementor-toggle-icon-left\" aria-hidden=\"true\">\n\t\t\t\t\t\t\t\t\t\t\t\t\t\t\t<span class=\"elementor-toggle-icon-closed\"><i class=\"fas fa-caret-right\"><\/i><\/span>\n\t\t\t\t\t\t\t\t<span class=\"elementor-toggle-icon-opened\"><i class=\"elementor-toggle-icon-opened fas fa-caret-up\"><\/i><\/span>\n\t\t\t\t\t\t\t\t\t\t\t\t\t<\/span>\n\t\t\t\t\t\t\t\t\t\t\t\t<a class=\"elementor-toggle-title\" tabindex=\"0\">Defesa Final de Disserta\u00e7\u00e3o<\/a>\n\t\t\t\t\t<\/div>\n\n\t\t\t\t\t<div id=\"elementor-tab-content-2671\" class=\"elementor-tab-content elementor-clearfix\" data-tab=\"1\" role=\"region\" aria-labelledby=\"elementor-tab-title-2671\"><p>O processo de Defesa Final de Disserta\u00e7\u00e3o dever\u00e1 acontecer\u00a0em at\u00e9 24 meses ap\u00f3s o ingresso\u00a0no Curso. Para tal, \u00e9 necess\u00e1rio que o discente tenha cumprido\u00a0100% dos cr\u00e9ditos\u00a0e\u00a0qualificado com \u00eaxito o projeto de pesquisa. Para solicitar a defesa final de disserta\u00e7\u00e3o, o discente dever\u00e1:<\/p><ol><li>Abrir processo de defesa de MDT via Portal do Aluno (<a href=\"https:\/\/www.ufsm.br\/app\/uploads\/sites\/547\/2025\/07\/TUTORIAL-DE-SOLICITACAO-DE-DEFESA-MDT.pdf\" target=\"_blank\" rel=\"noopener\">Tutorial para abertura do processo<\/a>);<\/li><li>Encaminhar via e-mail (secretariapg.ce@ufsm.br) , o <a href=\"https:\/\/www.ufsm.br\/app\/uploads\/sites\/620\/2026\/07\/Requerimento-de-Defesa-de-Dissertacao-NOME_DO_DISCENTE-1-novo.docx\" data-wplink-edit=\"true\"><b>Requerimento de Defesa de Disserta\u00e7\u00e3o<\/b><\/a>, em PDF.<\/li><\/ol><div>Salienta-se que\u00a0<b>o sistema exige pelo menos 20 dias de anteced\u00eancia<\/b>\u00a0para o agendamento da Defesa de Disserta\u00e7\u00e3o e o Requerimento deve ser encaminhado via e-mail no mesmo prazo.<\/div><div>A reserva de salas para realiza\u00e7\u00e3o de bancas de defesa \u00e9 realizada diretamente com o N\u00facleo de Infraestrutura do Centro de Educa\u00e7\u00e3o, conforme instru\u00e7\u00f5es dispon\u00edveis no\u00a0<a href=\"https:\/\/drive.google.com\/file\/d\/1NYPHX1D-ajmW-ONQ_-wOX1IuLBu_G7HL\/view\" target=\"_blank\" rel=\"noopener\">Memorando Circular 002\/2023<\/a>.<\/div><\/div>\n\t\t\t\t<\/div>\n\t\t\t\t\t\t\t<div class=\"elementor-toggle-item\">\n\t\t\t\t\t<div id=\"elementor-tab-title-2672\" class=\"elementor-tab-title\" data-tab=\"2\" role=\"button\" aria-controls=\"elementor-tab-content-2672\" aria-expanded=\"false\">\n\t\t\t\t\t\t\t\t\t\t\t\t<span class=\"elementor-toggle-icon elementor-toggle-icon-left\" aria-hidden=\"true\">\n\t\t\t\t\t\t\t\t\t\t\t\t\t\t\t<span class=\"elementor-toggle-icon-closed\"><i class=\"fas fa-caret-right\"><\/i><\/span>\n\t\t\t\t\t\t\t\t<span class=\"elementor-toggle-icon-opened\"><i class=\"elementor-toggle-icon-opened fas fa-caret-up\"><\/i><\/span>\n\t\t\t\t\t\t\t\t\t\t\t\t\t<\/span>\n\t\t\t\t\t\t\t\t\t\t\t\t<a class=\"elementor-toggle-title\" tabindex=\"0\">Defesa Final de Tese<\/a>\n\t\t\t\t\t<\/div>\n\n\t\t\t\t\t<div id=\"elementor-tab-content-2672\" class=\"elementor-tab-content elementor-clearfix\" data-tab=\"2\" role=\"region\" aria-labelledby=\"elementor-tab-title-2672\"><p>O processo de Defesa Final de Tese dever\u00e1 acontecer\u00a0em at\u00e9 48 meses ap\u00f3s o ingresso\u00a0no Curso. Para tal, \u00e9 necess\u00e1rio que o discente tenha cumprido\u00a0100% dos cr\u00e9ditos\u00a0e\u00a0obtido \u00eaxito no Exame de Qualifica\u00e7\u00e3o. Para solicitar a defesa final de tese, o discente dever\u00e1:<\/p><ol><li>\u00a0Abrir processo de defesa de MDT via Portal do Aluno (<a href=\"https:\/\/www.ufsm.br\/app\/uploads\/sites\/547\/2025\/07\/TUTORIAL-DE-SOLICITACAO-DE-DEFESA-MDT.pdf\" target=\"_blank\" rel=\"noopener\">Tutorial para abertura do processo<\/a>);<\/li><li>Encaminhar via e-mail (secretariapg.ce@ufsm.br), o <a href=\"https:\/\/www.ufsm.br\/app\/uploads\/sites\/620\/2025\/10\/Requerimento-de-Defesa-de-Tese-NOME_DO_DISCENTE.docx\" data-wplink-edit=\"true\"><b>Requerimento de Defesa de Tese<\/b><\/a>, em PDF.<\/li><\/ol><div>Salienta-se que\u00a0o sistema exige pelo menos 20 dias\u00a0de anteced\u00eancia\u00a0para o agendamento da Defesa de Tese e o Requerimento deve ser encaminhado via e-mail no mesmo prazo.<\/div><div>A reserva de salas para realiza\u00e7\u00e3o de bancas de defesa \u00e9 realizada diretamente com o N\u00facleo de Infraestrutura do Centro de Educa\u00e7\u00e3o, conforme instru\u00e7\u00f5es dispon\u00edveis no\u00a0<a href=\"https:\/\/drive.google.com\/file\/d\/1NYPHX1D-ajmW-ONQ_-wOX1IuLBu_G7HL\/view\" target=\"_blank\" rel=\"noopener\">Memorando Circular 002\/2023<\/a>.<\/div><\/div>\n\t\t\t\t<\/div>\n\t\t\t\t\t\t\t<div class=\"elementor-toggle-item\">\n\t\t\t\t\t<div id=\"elementor-tab-title-2673\" class=\"elementor-tab-title\" data-tab=\"3\" role=\"button\" aria-controls=\"elementor-tab-content-2673\" aria-expanded=\"false\">\n\t\t\t\t\t\t\t\t\t\t\t\t<span class=\"elementor-toggle-icon elementor-toggle-icon-left\" aria-hidden=\"true\">\n\t\t\t\t\t\t\t\t\t\t\t\t\t\t\t<span class=\"elementor-toggle-icon-closed\"><i class=\"fas fa-caret-right\"><\/i><\/span>\n\t\t\t\t\t\t\t\t<span class=\"elementor-toggle-icon-opened\"><i class=\"elementor-toggle-icon-opened fas fa-caret-up\"><\/i><\/span>\n\t\t\t\t\t\t\t\t\t\t\t\t\t<\/span>\n\t\t\t\t\t\t\t\t\t\t\t\t<a class=\"elementor-toggle-title\" tabindex=\"0\">Entrega de Disserta\u00e7\u00e3o\/Tese e Documenta\u00e7\u00e3o Final<\/a>\n\t\t\t\t\t<\/div>\n\n\t\t\t\t\t<div id=\"elementor-tab-content-2673\" class=\"elementor-tab-content elementor-clearfix\" data-tab=\"3\" role=\"region\" aria-labelledby=\"elementor-tab-title-2673\"><p>Ap\u00f3s a aprova\u00e7\u00e3o na defesa final do Mestrado\/Doutorado, o discente deve realizar o ato de entrega de MDT. Conforme regulamenta\u00e7\u00e3o da PRPGP, o ato de entrega \u00e9 realizado exclusivamente via PEN. O passo a passo est\u00e1 dispon\u00edvel no\u00a0<a href=\"https:\/\/www.ufsm.br\/app\/uploads\/sites\/547\/2022\/08\/TUTORIAL-Ato-de-entrega-de-MDT-1.pdf\">Tutorial \u2013 Ato de Entrega de MDT<\/a>.<\/p><p>Devem ser entregues os seguintes documentos:<\/p><ul><li>C\u00f3pia da Disserta\u00e7\u00e3o\/Tese em PDF* (aten\u00e7\u00e3o \u00e0s observa\u00e7\u00f5es abaixo)<\/li><li><a href=\"http:\/\/ufsm.br\/orgaos-suplementares\/biblioteca\/manancial-repositorio-digital-da-ufsm\"><strong>Termo de Autoriza\u00e7\u00e3o para Disponibiliza\u00e7\u00e3o (Biblioteca)<\/strong><\/a><\/li><\/ul><p>Os documentos devem ser\u00a0anexados em processo via PEN-SIE\u00a0e assinados eletronicamente (exceto a c\u00f3pia da disserta\u00e7\u00e3o\/tese)<\/p><p>Caso haja necessidade de urg\u00eancia, deve ser anexado o\u00a0<a href=\"https:\/\/www.ufsm.br\/app\/uploads\/sites\/547\/2020\/11\/Formulariourgenciadiploma_OK_1.doc\">Formul\u00e1rio de Solicita\u00e7\u00e3o de Urg\u00eancia na Emiss\u00e3o do Diploma<\/a><a href=\"https:\/\/www.ufsm.br\/app\/uploads\/sites\/547\/2020\/11\/Formulariourgenciadiploma_OK_1.doc\">\u00a0<\/a>com a respectiva justificativa.<\/p><p>As normas de MDT e a estrutura documental para trabalhos acad\u00eamicos da UFSM est\u00e3o dispon\u00edveis no\u00a0<a href=\"https:\/\/www.ufsm.br\/app\/uploads\/sites\/538\/2021\/12\/MDT_UFSM_2021.pdf\">Manual de Disserta\u00e7\u00f5es e Teses da UFSM<\/a>.<\/p><p>OBSERVA\u00c7\u00d5ES:<\/p><ol><li>A\u00a0<a href=\"https:\/\/www.ufsm.br\/app\/uploads\/sites\/547\/2021\/02\/MODELO-FOLHA-DE-APROVAO.doc\">folha de aprova\u00e7\u00e3o<\/a>deve constar na disserta\u00e7\u00e3o\/tese (conforme normas de MDT) contendo os nomes dos membros da banca que participaram efetivamente e a data de aprova\u00e7\u00e3o, mas n\u00e3o deve conter as assinaturas.<\/li><li>\u00a0Caso o discente ainda n\u00e3o possua assinatura eletr\u00f4nica cadastrada, deve consultar o\u00a0<a href=\"https:\/\/www.ufsm.br\/app\/uploads\/sites\/547\/2022\/09\/Passo-a-passo-termo-assinatura-eletronica-PEN-SIE.pdf\">Tutorial de Cadastro de Assinatura Eletr\u00f4nica \u2013 PEN-SIE<\/a>.<\/li><li><strong>\u00a0<\/strong>A disserta\u00e7\u00e3o deve apresentar\u00a0<strong>Ficha Catalogr\u00e1fica<\/strong>, que pode ser gerada atrav\u00e9s do\u00a0<a href=\"https:\/\/www.ufsm.br\/orgaos-suplementares\/biblioteca\/servicos\/ficha-catalografica\"><strong>Sistema para Gera\u00e7\u00e3o Autom\u00e1tica de Ficha Catalogr\u00e1fica de Teses e Disserta\u00e7\u00f5es da UFSM<\/strong><\/a>.<\/li><\/ol><\/div>\n\t\t\t\t<\/div>\n\t\t\t\t\t\t\t\t<\/div>\n\t\t\t\t<\/div>\n\t\t\t\t<\/div>\n\t\t\t\t<div class=\"elementor-element elementor-element-3ea69d2 elementor-widget elementor-widget-heading\" data-id=\"3ea69d2\" data-element_type=\"widget\" data-widget_type=\"heading.default\">\n\t\t\t\t<div class=\"elementor-widget-container\">\n\t\t\t<h5 class=\"elementor-heading-title elementor-size-default\">Solicita\u00e7\u00e3o de Prorroga\u00e7\u00e3o de Prazo de Qualifica\u00e7\u00e3o\/Defesa<\/h5>\t\t<\/div>\n\t\t\t\t<\/div>\n\t\t\t\t<div class=\"elementor-element elementor-element-f4e8f11 elementor-widget elementor-widget-text-editor\" data-id=\"f4e8f11\" data-element_type=\"widget\" data-widget_type=\"text-editor.default\">\n\t\t\t\t<div class=\"elementor-widget-container\">\n\t\t\t\t\t\t\t<p>Por solicita\u00e7\u00e3o justificada do professor orientador, os prazos m\u00e1ximos para conclus\u00e3o dos cursos de Mestrado ou Doutorado, poder\u00e3o ser prorrogados, mediante aprova\u00e7\u00e3o do Colegiado.<\/p>\t\t\t\t\t\t<\/div>\n\t\t\t\t<\/div>\n\t\t\t\t<div class=\"elementor-element elementor-element-e499987 elementor-widget elementor-widget-toggle\" data-id=\"e499987\" data-element_type=\"widget\" data-widget_type=\"toggle.default\">\n\t\t\t\t<div class=\"elementor-widget-container\">\n\t\t\t\t\t<div class=\"elementor-toggle\">\n\t\t\t\t\t\t\t<div class=\"elementor-toggle-item\">\n\t\t\t\t\t<div id=\"elementor-tab-title-2391\" class=\"elementor-tab-title\" data-tab=\"1\" role=\"button\" aria-controls=\"elementor-tab-content-2391\" aria-expanded=\"false\">\n\t\t\t\t\t\t\t\t\t\t\t\t<span class=\"elementor-toggle-icon elementor-toggle-icon-left\" aria-hidden=\"true\">\n\t\t\t\t\t\t\t\t\t\t\t\t\t\t\t<span class=\"elementor-toggle-icon-closed\"><i class=\"fas fa-caret-right\"><\/i><\/span>\n\t\t\t\t\t\t\t\t<span class=\"elementor-toggle-icon-opened\"><i class=\"elementor-toggle-icon-opened fas fa-caret-up\"><\/i><\/span>\n\t\t\t\t\t\t\t\t\t\t\t\t\t<\/span>\n\t\t\t\t\t\t\t\t\t\t\t\t<a class=\"elementor-toggle-title\" tabindex=\"0\">Prorroga\u00e7\u00e3o de Qualifica\u00e7\u00e3o<\/a>\n\t\t\t\t\t<\/div>\n\n\t\t\t\t\t<div id=\"elementor-tab-content-2391\" class=\"elementor-tab-content elementor-clearfix\" data-tab=\"1\" role=\"region\" aria-labelledby=\"elementor-tab-title-2391\"><p>O pedido de prorroga\u00e7\u00e3o de qualifica\u00e7\u00e3o deve ser encaminhado via email, contendo a <a href=\"https:\/\/www.ufsm.br\/app\/uploads\/sites\/547\/2025\/09\/Requerimento_Prorrogacao_Prazo_Qualificacao_StrictoSensu.docx\"><strong>Solicita\u00e7\u00e3o de Prorroga\u00e7\u00e3o de Prazo de Qualifica\u00e7\u00e3o<\/strong>,<\/a>\u00a0e cronograma contendo a descri\u00e7\u00e3o das atividades em andamento e a previs\u00e3o de defesa,\u00a0devidamente preenchida e assinada. Fica a crit\u00e9rio do discente a anexa\u00e7\u00e3o de quaisquer documentos comprobat\u00f3rios da justificativa.<\/p><p>A prorroga\u00e7\u00e3o de qualifica\u00e7\u00e3o n\u00e3o altera o prazo de defesa final.<\/p><\/div>\n\t\t\t\t<\/div>\n\t\t\t\t\t\t\t<div class=\"elementor-toggle-item\">\n\t\t\t\t\t<div id=\"elementor-tab-title-2392\" class=\"elementor-tab-title\" data-tab=\"2\" role=\"button\" aria-controls=\"elementor-tab-content-2392\" aria-expanded=\"false\">\n\t\t\t\t\t\t\t\t\t\t\t\t<span class=\"elementor-toggle-icon elementor-toggle-icon-left\" aria-hidden=\"true\">\n\t\t\t\t\t\t\t\t\t\t\t\t\t\t\t<span class=\"elementor-toggle-icon-closed\"><i class=\"fas fa-caret-right\"><\/i><\/span>\n\t\t\t\t\t\t\t\t<span class=\"elementor-toggle-icon-opened\"><i class=\"elementor-toggle-icon-opened fas fa-caret-up\"><\/i><\/span>\n\t\t\t\t\t\t\t\t\t\t\t\t\t<\/span>\n\t\t\t\t\t\t\t\t\t\t\t\t<a class=\"elementor-toggle-title\" tabindex=\"0\">Prorroga\u00e7\u00e3o Defesa Final de Disserta\u00e7\u00e3o\/Tese<\/a>\n\t\t\t\t\t<\/div>\n\n\t\t\t\t\t<div id=\"elementor-tab-content-2392\" class=\"elementor-tab-content elementor-clearfix\" data-tab=\"2\" role=\"region\" aria-labelledby=\"elementor-tab-title-2392\"><p>O processo de prorroga\u00e7\u00e3o de prazo para defesa de disserta\u00e7\u00e3o ou tese pode ser aberto pelo discente\u00a0no\u00a0<a href=\"https:\/\/portal.ufsm.br\/documentos\/index.html\">Portal Documentos da UFSM<\/a>.<\/p><ul><li>Menu Novo &gt; Processo&gt; seleciona o PEN com tipo documental \u201cProcesso de prorroga\u00e7\u00e3o de prazo para defesa de disserta\u00e7\u00e3o\/tese (134.333)\u201c<\/li><\/ul><p>Fluxo correto da abertura do PEN de prorroga\u00e7\u00e3o de prazo para defesa:<br \/>Discente &gt; Orientador &gt; Curso\/Colegiado &gt; N\u00facleo de Controle Acad\u00eamico da P\u00f3s-Gradua\u00e7\u00e3o da PRPGP.<\/p><p><u>Procedimento:<\/u>\u00a0discente abre o PEN anexando o\u00a0<a href=\"https:\/\/www.ufsm.br\/pro-reitorias\/prpgp\/servicos\/prorrogacao-de-prazo-para-defesa\"><b>requerimento de prorroga\u00e7\u00e3o de prazo Stricto<\/b> <strong>Sensu<\/strong><\/a>\u00a0, cronograma contendo a descri\u00e7\u00e3o das atividades em andamento, previs\u00e3o de defesa e demais documentos em formato PDF leg\u00edvel, tramita para o(a) orientador(a) e este tramita ao Curso para an\u00e1lise do Colegiado. O requerimento deve ser assinado eletronicamente pelo discente e seu orientador(a).<\/p><\/div>\n\t\t\t\t<\/div>\n\t\t\t\t\t\t\t\t<\/div>\n\t\t\t\t<\/div>\n\t\t\t\t<\/div>\n\t\t\t\t<div class=\"elementor-element elementor-element-813c637 elementor-widget elementor-widget-heading\" data-id=\"813c637\" data-element_type=\"widget\" data-widget_type=\"heading.default\">\n\t\t\t\t<div class=\"elementor-widget-container\">\n\t\t\t<h5 class=\"elementor-heading-title elementor-size-default\">Credenciamento\/Recredenciamento e Professor Visitante (Docentes)<\/h5>\t\t<\/div>\n\t\t\t\t<\/div>\n\t\t\t\t<div class=\"elementor-element elementor-element-1599c5e elementor-widget elementor-widget-toggle\" data-id=\"1599c5e\" data-element_type=\"widget\" data-widget_type=\"toggle.default\">\n\t\t\t\t<div class=\"elementor-widget-container\">\n\t\t\t\t\t<div class=\"elementor-toggle\">\n\t\t\t\t\t\t\t<div class=\"elementor-toggle-item\">\n\t\t\t\t\t<div id=\"elementor-tab-title-2261\" class=\"elementor-tab-title\" data-tab=\"1\" role=\"button\" aria-controls=\"elementor-tab-content-2261\" aria-expanded=\"false\">\n\t\t\t\t\t\t\t\t\t\t\t\t<span class=\"elementor-toggle-icon elementor-toggle-icon-left\" aria-hidden=\"true\">\n\t\t\t\t\t\t\t\t\t\t\t\t\t\t\t<span class=\"elementor-toggle-icon-closed\"><i class=\"fas fa-caret-right\"><\/i><\/span>\n\t\t\t\t\t\t\t\t<span class=\"elementor-toggle-icon-opened\"><i class=\"elementor-toggle-icon-opened fas fa-caret-up\"><\/i><\/span>\n\t\t\t\t\t\t\t\t\t\t\t\t\t<\/span>\n\t\t\t\t\t\t\t\t\t\t\t\t<a class=\"elementor-toggle-title\" tabindex=\"0\">Credenciamento e Recredenciamento<\/a>\n\t\t\t\t\t<\/div>\n\n\t\t\t\t\t<div id=\"elementor-tab-content-2261\" class=\"elementor-tab-content elementor-clearfix\" data-tab=\"1\" role=\"region\" aria-labelledby=\"elementor-tab-title-2261\"><div>Modelo de memorando \u2013 solicita\u00e7\u00e3o de credenciamento e recredenciamento<\/div>\n<div>\n<ul class=\"my-3\">\n<li><a href=\"https:\/\/www.ufsm.br\/cursos\/pos-graduacao\/santa-maria\/ppge\/wp-content\/uploads\/sites\/547\/2020\/01\/Memo_1.pdf\">Modelo 1 (arquivo pdf, 459 KB)<\/a><\/li>\n<\/ul>\n<ul class=\"my-3\">\n<li><a href=\"https:\/\/www.ufsm.br\/cursos\/pos-graduacao\/santa-maria\/ppge\/wp-content\/uploads\/sites\/547\/2020\/01\/memo_2.pdf\">Modelo 2 (arquivo pdf, 459 KB)<\/a><\/li>\n<\/ul>\n<ul class=\"my-3\">\n<li><a href=\"https:\/\/www.ufsm.br\/cursos\/pos-graduacao\/santa-maria\/ppge\/wp-content\/uploads\/sites\/547\/2020\/01\/memo_3.pdf\">Modelo 3 (arquivo pdf, 459 KB)<\/a><\/li>\n<\/ul>\n<ul class=\"my-3\">\n<li><a href=\"https:\/\/www.ufsm.br\/cursos\/pos-graduacao\/santa-maria\/ppge\/wp-content\/uploads\/sites\/547\/2020\/01\/memo_4.pdf\">Modelo 4 (arquivo pdf, 459 KB)<\/a><\/li>\n<\/ul>\n<\/div><\/div>\n\t\t\t\t<\/div>\n\t\t\t\t\t\t\t<div class=\"elementor-toggle-item\">\n\t\t\t\t\t<div id=\"elementor-tab-title-2262\" class=\"elementor-tab-title\" data-tab=\"2\" role=\"button\" aria-controls=\"elementor-tab-content-2262\" aria-expanded=\"false\">\n\t\t\t\t\t\t\t\t\t\t\t\t<span class=\"elementor-toggle-icon elementor-toggle-icon-left\" aria-hidden=\"true\">\n\t\t\t\t\t\t\t\t\t\t\t\t\t\t\t<span class=\"elementor-toggle-icon-closed\"><i class=\"fas fa-caret-right\"><\/i><\/span>\n\t\t\t\t\t\t\t\t<span class=\"elementor-toggle-icon-opened\"><i class=\"elementor-toggle-icon-opened fas fa-caret-up\"><\/i><\/span>\n\t\t\t\t\t\t\t\t\t\t\t\t\t<\/span>\n\t\t\t\t\t\t\t\t\t\t\t\t<a class=\"elementor-toggle-title\" tabindex=\"0\">Professor Visitante<\/a>\n\t\t\t\t\t<\/div>\n\n\t\t\t\t\t<div id=\"elementor-tab-content-2262\" class=\"elementor-tab-content elementor-clearfix\" data-tab=\"2\" role=\"region\" aria-labelledby=\"elementor-tab-title-2262\"><p>Professores visitantes podem passar um tempo no ProfHistoria desenvolvendo atividades de ensino, pesquisa e extens\u00e3o. Os editais espec\u00edficos para credenciamento como professor visitante n\u00e3o possuem periodicidade definida e s\u00e3o publicados pela PROGEP.<\/p>\n<p>Os crit\u00e9rios m\u00ednimos para credenciamento como professor no Programa, independente da categoria, podem ser consultados no (link)<\/p>\n<p>\u2013\u00a0<a href=\"https:\/\/www.ufsm.br\/cursos\/pos-graduacao\/santa-maria\/ppge\/wp-content\/uploads\/sites\/547\/2019\/02\/Ficha_prof._visitante.docx\" target=\"_blank\" rel=\"noopener\"><b>Ficha de Cadastro para Professor Visitante<\/b><\/a><\/p><\/div>\n\t\t\t\t<\/div>\n\t\t\t\t\t\t\t\t<\/div>\n\t\t\t\t<\/div>\n\t\t\t\t<\/div>\n\t\t\t\t<div class=\"elementor-element elementor-element-76a9f05 elementor-widget elementor-widget-heading\" data-id=\"76a9f05\" data-element_type=\"widget\" data-widget_type=\"heading.default\">\n\t\t\t\t<div class=\"elementor-widget-container\">\n\t\t\t<h5 class=\"elementor-heading-title elementor-size-default\">Afastamentos<\/h5>\t\t<\/div>\n\t\t\t\t<\/div>\n\t\t\t\t<div class=\"elementor-element elementor-element-37e5db0 elementor-widget elementor-widget-toggle\" data-id=\"37e5db0\" data-element_type=\"widget\" data-widget_type=\"toggle.default\">\n\t\t\t\t<div class=\"elementor-widget-container\">\n\t\t\t\t\t<div class=\"elementor-toggle\">\n\t\t\t\t\t\t\t<div class=\"elementor-toggle-item\">\n\t\t\t\t\t<div id=\"elementor-tab-title-5861\" class=\"elementor-tab-title\" data-tab=\"1\" role=\"button\" aria-controls=\"elementor-tab-content-5861\" aria-expanded=\"false\">\n\t\t\t\t\t\t\t\t\t\t\t\t<span class=\"elementor-toggle-icon elementor-toggle-icon-left\" aria-hidden=\"true\">\n\t\t\t\t\t\t\t\t\t\t\t\t\t\t\t<span class=\"elementor-toggle-icon-closed\"><i class=\"fas fa-caret-right\"><\/i><\/span>\n\t\t\t\t\t\t\t\t<span class=\"elementor-toggle-icon-opened\"><i class=\"elementor-toggle-icon-opened fas fa-caret-up\"><\/i><\/span>\n\t\t\t\t\t\t\t\t\t\t\t\t\t<\/span>\n\t\t\t\t\t\t\t\t\t\t\t\t<a class=\"elementor-toggle-title\" tabindex=\"0\">Solicita\u00e7\u00e3o de Regime de Exerc\u00edcios Domiciliares<\/a>\n\t\t\t\t\t<\/div>\n\n\t\t\t\t\t<div id=\"elementor-tab-content-5861\" class=\"elementor-tab-content elementor-clearfix\" data-tab=\"1\" role=\"region\" aria-labelledby=\"elementor-tab-title-5861\"><p>Em caso de incapacidade de frequentar as aulas, nos termos do\u00a0<strong><a href=\"https:\/\/www.planalto.gov.br\/ccivil_03\/decreto-lei\/del1044.htm\">Decreto-Lei N. 1.044\/1969<\/a><\/strong>, por per\u00edodo superior a 5 dias, os alunos poder\u00e3o requerer\u00a0<b>Exerc\u00edcio de atividades domiciliares<\/b>.<\/p><p>Poder\u00e3o solicitar este benef\u00edcio, os alunos portadores de afec\u00e7\u00f5es cong\u00eanitas ou adquiridas, infec\u00e7\u00f5es, traumatismos ou outras condi\u00e7\u00f5es m\u00f3rbidas, dist\u00farbios agudos ou agudizados, caracterizados por: incapacidade f\u00edsica relativa incompat\u00edvel com a frequ\u00eancia presencial para realiza\u00e7\u00e3o dos trabalhos acad\u00eamicos, desde que se verifique a conserva\u00e7\u00e3o das condi\u00e7\u00f5es intelectuais e emocionais necess\u00e1rias para o prosseguimento da atividade acad\u00eamica em novos moldes.<\/p><p>O requerimento dever\u00e1 ser feito pelo aluno ou representante, em at\u00e9 dez dias \u00fateis da emiss\u00e3o do atestado m\u00e9dico, por meio de abertura de processo administrativo PEN.<\/p><p>O in\u00edcio, o t\u00e9rmino e a amplia\u00e7\u00e3o do afastamento ser\u00e3o determinados por atestado m\u00e9dico.\u00a0<b>O aluno dever\u00e1 manter contato com o orientador e com os professores das disciplinas para o desenvolvimento de atividades acad\u00eamicas substitutivas.<\/b>\u00a0Nos casos de concess\u00e3o de exerc\u00edcio de atividades domiciliares em que a situa\u00e7\u00e3o de sa\u00fade impossibilite a presen\u00e7a nas avalia\u00e7\u00f5es parciais, estar\u00e1 assegurado ao aluno o direito \u00e0 realiza\u00e7\u00e3o de avalia\u00e7\u00e3o final em data acordada com o docente, de acordo com o previsto para a situa\u00e7\u00e3o \u201cIncompleto\u201d<\/p><p><strong>OBS.:\u00a0O regime de exerc\u00edcios domiciliares n\u00e3o ser\u00e1 concedido para disciplinas com atividades pr\u00e1ticas (laborat\u00f3rio, prancheta, ambulat\u00f3rio ou equivalentes), para as que exigem est\u00e1gio supervisionado, tal como a doc\u00eancia orientada ou para aquelas oferecidas em per\u00edodos concentrados. Nestes casos, ser\u00e1 realizado o cancelamento da matr\u00edcula na disciplina.<\/strong><\/p><ul><li><b>BOLSISTAS<\/b>:\u00a0Quando o aluno continua desenvolvendo as atividades em regime domiciliar n\u00e3o \u00e9 necess\u00e1rio nenhum procedimento em rela\u00e7\u00e3o \u00e0 bolsa, pois as atividades continuam em desenvolvimento.<\/li><\/ul><p>O(A) discente interessado(a) dever\u00e1 abrir PEN tipo documental\u00a0<b>\u201cProcesso de regime domiciliar de aluno de mestrado\/doutorado\/especializa\u00e7\u00e3o\u201d<\/b>, contendo a seguinte documenta\u00e7\u00e3o:<\/p><ol><li>Requerimento dirigido \u00e0 coordena\u00e7\u00e3o do curso solicitando o regime de exerc\u00edcios domiciliares (<a href=\"https:\/\/www.ufsm.br\/app\/uploads\/sites\/345\/2024\/01\/Requerimento-Regime-Exercicios-Domiciliares.docx\"><strong>Modelo de Requerimento<\/strong><\/a>);<\/li><li>Atestado m\u00e9dico original ou que confira com o original, contendo o c\u00f3digo da doen\u00e7a conforme a Classifica\u00e7\u00e3o Estat\u00edstica internacional de Doen\u00e7as e Problemas Relacionados \u00e0 Sa\u00fade (CID), o n\u00famero de dias de afastamento, a identifica\u00e7\u00e3o do m\u00e9dico com CREMERS (assinatura e carimbo) e data de emiss\u00e3o.<\/li><\/ol><p><a href=\"https:\/\/www.ufsm.br\/pro-reitorias\/prpgp\/servicos\/afastamento-licenca-de-discente-da-pos-graduacao\"><strong>Clique aqui para verificar as orienta\u00e7\u00f5es completa de acordo com a PRPGP<\/strong><\/a><\/p><\/div>\n\t\t\t\t<\/div>\n\t\t\t\t\t\t\t<div class=\"elementor-toggle-item\">\n\t\t\t\t\t<div id=\"elementor-tab-title-5862\" class=\"elementor-tab-title\" data-tab=\"2\" role=\"button\" aria-controls=\"elementor-tab-content-5862\" aria-expanded=\"false\">\n\t\t\t\t\t\t\t\t\t\t\t\t<span class=\"elementor-toggle-icon elementor-toggle-icon-left\" aria-hidden=\"true\">\n\t\t\t\t\t\t\t\t\t\t\t\t\t\t\t<span class=\"elementor-toggle-icon-closed\"><i class=\"fas fa-caret-right\"><\/i><\/span>\n\t\t\t\t\t\t\t\t<span class=\"elementor-toggle-icon-opened\"><i class=\"elementor-toggle-icon-opened fas fa-caret-up\"><\/i><\/span>\n\t\t\t\t\t\t\t\t\t\t\t\t\t<\/span>\n\t\t\t\t\t\t\t\t\t\t\t\t<a class=\"elementor-toggle-title\" tabindex=\"0\">Solicita\u00e7\u00e3o de Suspens\u00e3o de Contagem de Prazo de Conclus\u00e3o de Curso por Licen\u00e7a Maternidade, Paternidade ou Tratamento de Sa\u00fade<\/a>\n\t\t\t\t\t<\/div>\n\n\t\t\t\t\t<div id=\"elementor-tab-content-5862\" class=\"elementor-tab-content elementor-clearfix\" data-tab=\"2\" role=\"region\" aria-labelledby=\"elementor-tab-title-5862\"><p>Os discentes matriculados em cursos de mestrado ou doutorado poder\u00e3o usufruir de licen\u00e7a com suspens\u00e3o da contagem dos prazos de conclus\u00e3o do curso nas seguintes situa\u00e7\u00f5es:<\/p><p>I \u2013 parto, nascimento de filho, ado\u00e7\u00e3o ou guarda judicial para fins de ado\u00e7\u00e3o de crian\u00e7a ou adolescente durante o curso;<\/p><p>II \u2013 condi\u00e7\u00e3o cl\u00ednica que inviabilize a sua dedica\u00e7\u00e3o \u00e0s atividades do curso por per\u00edodo igual ou superior a 30 dias ininterruptos;<\/p><p>III \u2013 interna\u00e7\u00e3o hospitalar, por prazo superior a 30 dias, de crian\u00e7a ou adolescente que seja filho do estudante ou esteja sob sua responsabilidade.<\/p><p>No caso previsto no inciso I, a prorroga\u00e7\u00e3o do prazo de conclus\u00e3o do curso ser\u00e1 de 180 (cento e oitenta) dias, devendo ser concedido o dobro do tempo nos casos de parentalidade at\u00edpica, decorrente de nascimento de filho, de ado\u00e7\u00e3o ou de obten\u00e7\u00e3o de guarda judicial para fins de ado\u00e7\u00e3o de crian\u00e7a ou adolescente com defici\u00eancia.<\/p><p>J\u00e1 nos casos previstos no inciso II a prorroga\u00e7\u00e3o dever\u00e1 corresponder ao per\u00edodo que inviabiliza a dedica\u00e7\u00e3o \u00e0s atividades.<\/p><p>Por fim, nos casos previstos no inciso III a prorroga\u00e7\u00e3o dever\u00e1 corresponder ao per\u00edodo da interna\u00e7\u00e3o.<\/p><p>A solicita\u00e7\u00e3o dever\u00e1 ser feita pelo(a) discente ou representante, em at\u00e9 10 (dez) dias \u00fateis da emiss\u00e3o do atestado m\u00e9dico, por meio de abertura de PEN.<\/p><p>O in\u00edcio, o t\u00e9rmino e a amplia\u00e7\u00e3o do afastamento ser\u00e3o determinados por atestado m\u00e9dico, que poder\u00e1 ser emitido como um atestado \u00fanico ou sucessivos atestados. Caso o requerimento seja realizado fora do prazo estabelecido, o estudante perder\u00e1 o direito de gozar da licen\u00e7a para tratamento de sa\u00fade dos dias j\u00e1 transcorridos e a licen\u00e7a contar\u00e1 a partir da data de abertura do PEN.<\/p><p>Nos casos de concess\u00e3o de licen\u00e7a para discentes com matr\u00edcula em disciplinas, poder\u00e1 ser solicitado o cancelamento da matr\u00edcula ou o registro da situa\u00e7\u00e3o \u201cIncompleto\u201d que lhe assegura o direito \u00e0 realiza\u00e7\u00e3o de avalia\u00e7\u00e3o final da disciplina ap\u00f3s o t\u00e9rmino da licen\u00e7a, em data acordada com o docente respons\u00e1vel pela disciplina.<\/p><p>O(A) discente interessado(a) dever\u00e1 abrir PEN tipo documental \u201c<strong>Processo de licen\u00e7a sa\u00fade\/maternidade\/paternidade com suspens\u00e3o do prazo de conclus\u00e3o de curso (Mestrado\/Doutorado)\u201d<\/strong>, contendo a seguinte documenta\u00e7\u00e3o:<\/p><ol><li>Requerimento de solicita\u00e7\u00e3o da licen\u00e7a\u00a0<strong>(<\/strong><a href=\"https:\/\/www.ufsm.br\/app\/uploads\/sites\/345\/2024\/01\/Formulario-Licenca_Saude-NCAPG.docx\" data-wplink-edit=\"true\"><strong>Modelo<\/strong>\u00a0<strong>de\u00a0Formul\u00e1rio<\/strong><\/a><strong>).<\/strong><\/li><li>Certid\u00e3o de nascimento ou de ado\u00e7\u00e3o (exigido para licen\u00e7a maternidade e paternidade).<\/li><li>Atestado m\u00e9dico original ou que confira com o original, contendo todas as seguintes informa\u00e7\u00f5es (exigido para licen\u00e7a sa\u00fade):<\/li><\/ol><ol><li><ol><li>C\u00f3digo da doen\u00e7a conforme a Classifica\u00e7\u00e3o Estat\u00edstica internacional de Doen\u00e7as e Problemas Relacionados \u00e0 Sa\u00fade (CID);<\/li><li>Declara\u00e7\u00e3o da incompatibilidade da CID com a realiza\u00e7\u00e3o de atividades domiciliares relacionadas ao curso de p\u00f3s-gradua\u00e7\u00e3o;<\/li><li>N\u00famero de dias de afastamento;<\/li><li>Identifica\u00e7\u00e3o do m\u00e9dico com CREMERS (assinatura e carimbo);<\/li><li>Data de emiss\u00e3o<\/li><\/ol><\/li><\/ol><p><a href=\"https:\/\/www.ufsm.br\/pro-reitorias\/prpgp\/servicos\/afastamento-licenca-de-discente-da-pos-graduacao\"><strong>Clique aqui para verificar as orienta\u00e7\u00f5es completa de acordo com a PRPGP<\/strong><\/a><\/p><\/div>\n\t\t\t\t<\/div>\n\t\t\t\t\t\t\t\t<\/div>\n\t\t\t\t<\/div>\n\t\t\t\t<\/div>\n\t\t\t\t\t<\/div>\n\t\t<\/div>\n\t\t\t\t<div class=\"elementor-column elementor-col-50 elementor-top-column elementor-element elementor-element-1c0cc55\" data-id=\"1c0cc55\" data-element_type=\"column\">\n\t\t\t<div class=\"elementor-widget-wrap elementor-element-populated\">\n\t\t\t\t\t\t<div class=\"elementor-element elementor-element-7f532e3 elementor-widget__width-initial elementor-widget elementor-widget-heading\" data-id=\"7f532e3\" data-element_type=\"widget\" data-widget_type=\"heading.default\">\n\t\t\t\t<div class=\"elementor-widget-container\">\n\t\t\t<h5 class=\"elementor-heading-title elementor-size-default\">MODELOS DE CAPA<\/h5>\t\t<\/div>\n\t\t\t\t<\/div>\n\t\t\t\t<div class=\"elementor-element elementor-element-27b9d09 elementor-button-info elementor-align-justify elementor-widget elementor-widget-button\" data-id=\"27b9d09\" data-element_type=\"widget\" data-widget_type=\"button.default\">\n\t\t\t\t<div class=\"elementor-widget-container\">\n\t\t\t\t\t\t\t<div class=\"elementor-button-wrapper\">\n\t\t\t\t\t<a class=\"elementor-button elementor-button-link elementor-size-sm\" href=\"https:\/\/www.ufsm.br\/app\/uploads\/sites\/620\/2026\/07\/Capa-doutorado-Profhistoria-1.docx\">\n\t\t\t\t\t\t<span class=\"elementor-button-content-wrapper\">\n\t\t\t\t\t\t\t\t\t<span class=\"elementor-button-text\">Modelo de Capa Mestrado\/Doutorado<\/span>\n\t\t\t\t\t<\/span>\n\t\t\t\t\t<\/a>\n\t\t\t\t<\/div>\n\t\t\t\t\t\t<\/div>\n\t\t\t\t<\/div>\n\t\t\t\t<div class=\"elementor-element elementor-element-d5f6bed elementor-widget__width-initial elementor-widget elementor-widget-heading\" data-id=\"d5f6bed\" data-element_type=\"widget\" data-widget_type=\"heading.default\">\n\t\t\t\t<div class=\"elementor-widget-container\">\n\t\t\t<h5 class=\"elementor-heading-title elementor-size-default\">FORMUL\u00c1RIOS - CPD<\/h5>\t\t<\/div>\n\t\t\t\t<\/div>\n\t\t\t\t<div class=\"elementor-element elementor-element-a29bd7a elementor-button-info elementor-align-justify elementor-widget elementor-widget-button\" data-id=\"a29bd7a\" data-element_type=\"widget\" data-widget_type=\"button.default\">\n\t\t\t\t<div class=\"elementor-widget-container\">\n\t\t\t\t\t\t\t<div class=\"elementor-button-wrapper\">\n\t\t\t\t\t<a class=\"elementor-button elementor-button-link elementor-size-sm\" href=\"https:\/\/www.ufsm.br\/orgaos-suplementares\/cpd\/tutorial-reuniao-segura-no-google-meet\">\n\t\t\t\t\t\t<span class=\"elementor-button-content-wrapper\">\n\t\t\t\t\t\t\t\t\t<span class=\"elementor-button-text\">Tutorial Defesas via Videoconfer\u00eancia<\/span>\n\t\t\t\t\t<\/span>\n\t\t\t\t\t<\/a>\n\t\t\t\t<\/div>\n\t\t\t\t\t\t<\/div>\n\t\t\t\t<\/div>\n\t\t\t\t<div class=\"elementor-element elementor-element-0109e42 elementor-widget__width-initial elementor-widget elementor-widget-heading\" data-id=\"0109e42\" data-element_type=\"widget\" data-widget_type=\"heading.default\">\n\t\t\t\t<div class=\"elementor-widget-container\">\n\t\t\t<h5 class=\"elementor-heading-title elementor-size-default\">FORMUL\u00c1RIOS<\/h5>\t\t<\/div>\n\t\t\t\t<\/div>\n\t\t\t\t<div class=\"elementor-element elementor-element-1277e1e elementor-button-info elementor-widget elementor-widget-button\" data-id=\"1277e1e\" data-element_type=\"widget\" data-widget_type=\"button.default\">\n\t\t\t\t<div class=\"elementor-widget-container\">\n\t\t\t\t\t\t\t<div class=\"elementor-button-wrapper\">\n\t\t\t\t\t<a class=\"elementor-button elementor-button-link elementor-size-sm\" href=\"https:\/\/www.ufsm.br\/app\/uploads\/sites\/547\/2021\/06\/Requerimento-para-Solicitacao-de-Coorientacao.doc\">\n\t\t\t\t\t\t<span class=\"elementor-button-content-wrapper\">\n\t\t\t\t\t\t\t\t\t<span class=\"elementor-button-text\">Requerimento de Solicita\u00e7\u00e3o de Coorienta\u00e7\u00e3o<\/span>\n\t\t\t\t\t<\/span>\n\t\t\t\t\t<\/a>\n\t\t\t\t<\/div>\n\t\t\t\t\t\t<\/div>\n\t\t\t\t<\/div>\n\t\t\t\t<div class=\"elementor-element elementor-element-5e56d1c elementor-widget__width-initial elementor-widget elementor-widget-heading\" data-id=\"5e56d1c\" data-element_type=\"widget\" data-widget_type=\"heading.default\">\n\t\t\t\t<div class=\"elementor-widget-container\">\n\t\t\t<h5 class=\"elementor-heading-title elementor-size-default\">FORMUL\u00c1RIOS - DISCIPLINAS<\/h5>\t\t<\/div>\n\t\t\t\t<\/div>\n\t\t\t\t<div class=\"elementor-element elementor-element-f166e3c elementor-button-info elementor-align-left elementor-widget elementor-widget-button\" data-id=\"f166e3c\" data-element_type=\"widget\" data-widget_type=\"button.default\">\n\t\t\t\t<div class=\"elementor-widget-container\">\n\t\t\t\t\t\t\t<div class=\"elementor-button-wrapper\">\n\t\t\t\t\t<a class=\"elementor-button elementor-button-link elementor-size-sm\" href=\"https:\/\/www.ufsm.br\/app\/uploads\/sites\/345\/2022\/02\/Requerimento_de_Aproveitamento_de_Disciplinas-NCAPG-Copia.docx\">\n\t\t\t\t\t\t<span class=\"elementor-button-content-wrapper\">\n\t\t\t\t\t\t\t\t\t<span class=\"elementor-button-text\">Requerimento de Dispensa\/Aproveitamento de Disciplina<\/span>\n\t\t\t\t\t<\/span>\n\t\t\t\t\t<\/a>\n\t\t\t\t<\/div>\n\t\t\t\t\t\t<\/div>\n\t\t\t\t<\/div>\n\t\t\t\t<div class=\"elementor-element elementor-element-11ac9b1 elementor-button-info elementor-widget elementor-widget-button\" data-id=\"11ac9b1\" data-element_type=\"widget\" data-widget_type=\"button.default\">\n\t\t\t\t<div class=\"elementor-widget-container\">\n\t\t\t\t\t\t\t<div class=\"elementor-button-wrapper\">\n\t\t\t\t\t<a class=\"elementor-button elementor-button-link elementor-size-sm\" href=\"https:\/\/www.ufsm.br\/app\/uploads\/sites\/345\/2022\/02\/Requerimento_Comprovacao_Suf_Lingua_Estrangeira_NCAPG.docx\">\n\t\t\t\t\t\t<span class=\"elementor-button-content-wrapper\">\n\t\t\t\t\t\t\t\t\t<span class=\"elementor-button-text\">Formul\u00e1rio - Aproveitamento de Sufici\u00eancia em L\u00edngua Estrangeira<\/span>\n\t\t\t\t\t<\/span>\n\t\t\t\t\t<\/a>\n\t\t\t\t<\/div>\n\t\t\t\t\t\t<\/div>\n\t\t\t\t<\/div>\n\t\t\t\t<div class=\"elementor-element elementor-element-1fe15fb elementor-button-info elementor-widget elementor-widget-button\" data-id=\"1fe15fb\" data-element_type=\"widget\" data-widget_type=\"button.default\">\n\t\t\t\t<div class=\"elementor-widget-container\">\n\t\t\t\t\t\t\t<div class=\"elementor-button-wrapper\">\n\t\t\t\t\t<a class=\"elementor-button elementor-size-sm\" role=\"button\">\n\t\t\t\t\t\t<span class=\"elementor-button-content-wrapper\">\n\t\t\t\t\t\t\t\t\t<span class=\"elementor-button-text\">T\u00f3picos Especiais em Educa\u00e7\u00e3o - Ficha de Presen\u00e7a<\/span>\n\t\t\t\t\t<\/span>\n\t\t\t\t\t<\/a>\n\t\t\t\t<\/div>\n\t\t\t\t\t\t<\/div>\n\t\t\t\t<\/div>\n\t\t\t\t<div class=\"elementor-element elementor-element-84adac8 elementor-button-info elementor-align-justify elementor-widget__width-initial elementor-widget elementor-widget-button\" data-id=\"84adac8\" data-element_type=\"widget\" data-widget_type=\"button.default\">\n\t\t\t\t<div class=\"elementor-widget-container\">\n\t\t\t\t\t\t\t<div class=\"elementor-button-wrapper\">\n\t\t\t\t\t<a class=\"elementor-button elementor-button-link elementor-size-sm\" href=\"https:\/\/www.ufsm.br\/app\/uploads\/sites\/620\/2025\/10\/PLANO_DOCENCIA_ORIENTADA_MODELO.correto-novo.docx\">\n\t\t\t\t\t\t<span class=\"elementor-button-content-wrapper\">\n\t\t\t\t\t\t\t\t\t<span class=\"elementor-button-text\">Plano de Doc\u00eancia Orientada (Modelo)<\/span>\n\t\t\t\t\t<\/span>\n\t\t\t\t\t<\/a>\n\t\t\t\t<\/div>\n\t\t\t\t\t\t<\/div>\n\t\t\t\t<\/div>\n\t\t\t\t<div class=\"elementor-element elementor-element-5913d1b elementor-button-info elementor-widget elementor-widget-button\" data-id=\"5913d1b\" data-element_type=\"widget\" data-widget_type=\"button.default\">\n\t\t\t\t<div class=\"elementor-widget-container\">\n\t\t\t\t\t\t\t<div class=\"elementor-button-wrapper\">\n\t\t\t\t\t<a class=\"elementor-button elementor-button-link elementor-size-sm\" href=\"https:\/\/www.ufsm.br\/app\/uploads\/sites\/620\/2025\/10\/RELATORIO_DOCENCIA_ORIENTADA_1novo.docx\">\n\t\t\t\t\t\t<span class=\"elementor-button-content-wrapper\">\n\t\t\t\t\t\t\t\t\t<span class=\"elementor-button-text\">Relat\u00f3rio de Doc\u00eancia Orientada (Modelo)<\/span>\n\t\t\t\t\t<\/span>\n\t\t\t\t\t<\/a>\n\t\t\t\t<\/div>\n\t\t\t\t\t\t<\/div>\n\t\t\t\t<\/div>\n\t\t\t\t<div class=\"elementor-element elementor-element-6ad87d5 elementor-button-info elementor-widget elementor-widget-button\" data-id=\"6ad87d5\" data-element_type=\"widget\" data-widget_type=\"button.default\">\n\t\t\t\t<div class=\"elementor-widget-container\">\n\t\t\t\t\t\t\t<div class=\"elementor-button-wrapper\">\n\t\t\t\t\t<a class=\"elementor-button elementor-button-link elementor-size-sm\" href=\"https:\/\/www.ufsm.br\/app\/uploads\/sites\/547\/2025\/02\/Requerimento_Matricula_Extracurricular_em-outro-curso.docx\">\n\t\t\t\t\t\t<span class=\"elementor-button-content-wrapper\">\n\t\t\t\t\t\t\t\t\t<span class=\"elementor-button-text\">Requerimento de Matr\u00edcula Extracurricular<\/span>\n\t\t\t\t\t<\/span>\n\t\t\t\t\t<\/a>\n\t\t\t\t<\/div>\n\t\t\t\t\t\t<\/div>\n\t\t\t\t<\/div>\n\t\t\t\t<div class=\"elementor-element elementor-element-bd7f258 elementor-widget__width-initial elementor-widget elementor-widget-heading\" data-id=\"bd7f258\" data-element_type=\"widget\" data-widget_type=\"heading.default\">\n\t\t\t\t<div class=\"elementor-widget-container\">\n\t\t\t<h5 class=\"elementor-heading-title elementor-size-default\">REQUERIMENTOS<\/h5>\t\t<\/div>\n\t\t\t\t<\/div>\n\t\t\t\t<div class=\"elementor-element elementor-element-4e3e7b4 elementor-button-info elementor-align-justify elementor-widget elementor-widget-button\" data-id=\"4e3e7b4\" data-element_type=\"widget\" data-widget_type=\"button.default\">\n\t\t\t\t<div class=\"elementor-widget-container\">\n\t\t\t\t\t\t\t<div class=\"elementor-button-wrapper\">\n\t\t\t\t\t<a class=\"elementor-button elementor-button-link elementor-size-sm\" href=\"https:\/\/www.ufsm.br\/app\/uploads\/sites\/547\/2025\/07\/TUTORIAL-DE-SOLICITACAO-DE-DEFESA-MDT.pdf\">\n\t\t\t\t\t\t<span class=\"elementor-button-content-wrapper\">\n\t\t\t\t\t\t\t\t\t<span class=\"elementor-button-text\">Tutorial - Abertura de Processo de Defesa via Sistema<\/span>\n\t\t\t\t\t<\/span>\n\t\t\t\t\t<\/a>\n\t\t\t\t<\/div>\n\t\t\t\t\t\t<\/div>\n\t\t\t\t<\/div>\n\t\t\t\t<div class=\"elementor-element elementor-element-9610b2b elementor-button-info elementor-align-justify elementor-widget__width-initial elementor-widget elementor-widget-button\" data-id=\"9610b2b\" data-element_type=\"widget\" data-widget_type=\"button.default\">\n\t\t\t\t<div class=\"elementor-widget-container\">\n\t\t\t\t\t\t\t<div class=\"elementor-button-wrapper\">\n\t\t\t\t\t<a class=\"elementor-button elementor-button-link elementor-size-sm\" href=\"https:\/\/www.ufsm.br\/app\/uploads\/sites\/620\/2026\/07\/Requerimento-de-Qualificacao-de-Dissertacao-NOME_DO_DISCENTE-novo.docx\">\n\t\t\t\t\t\t<span class=\"elementor-button-content-wrapper\">\n\t\t\t\t\t\t\t\t\t<span class=\"elementor-button-text\">Requerimento de Qualifica\u00e7\u00e3o de Disserta\u00e7\u00e3o<\/span>\n\t\t\t\t\t<\/span>\n\t\t\t\t\t<\/a>\n\t\t\t\t<\/div>\n\t\t\t\t\t\t<\/div>\n\t\t\t\t<\/div>\n\t\t\t\t<div class=\"elementor-element elementor-element-7d7a6fc elementor-button-info elementor-widget__width-initial elementor-widget elementor-widget-button\" data-id=\"7d7a6fc\" data-element_type=\"widget\" data-widget_type=\"button.default\">\n\t\t\t\t<div class=\"elementor-widget-container\">\n\t\t\t\t\t\t\t<div class=\"elementor-button-wrapper\">\n\t\t\t\t\t<a class=\"elementor-button elementor-button-link elementor-size-sm\" href=\"https:\/\/www.ufsm.br\/app\/uploads\/sites\/620\/2026\/07\/Requerimento-de-Qualificacao-de-Tese-NOME_DO_DISCENTE-1.docx\">\n\t\t\t\t\t\t<span class=\"elementor-button-content-wrapper\">\n\t\t\t\t\t\t\t\t\t<span class=\"elementor-button-text\">Requerimento de Qualifica\u00e7\u00e3o de Tese<\/span>\n\t\t\t\t\t<\/span>\n\t\t\t\t\t<\/a>\n\t\t\t\t<\/div>\n\t\t\t\t\t\t<\/div>\n\t\t\t\t<\/div>\n\t\t\t\t<div class=\"elementor-element elementor-element-f4c8da1 elementor-button-info elementor-align-justify elementor-widget__width-initial elementor-widget elementor-widget-button\" data-id=\"f4c8da1\" data-element_type=\"widget\" data-widget_type=\"button.default\">\n\t\t\t\t<div class=\"elementor-widget-container\">\n\t\t\t\t\t\t\t<div class=\"elementor-button-wrapper\">\n\t\t\t\t\t<a class=\"elementor-button elementor-button-link elementor-size-sm\" href=\"https:\/\/www.ufsm.br\/app\/uploads\/sites\/620\/2026\/07\/Requerimento-de-Defesa-de-Dissertacao-NOME_DO_DISCENTE-1-novo.docx\">\n\t\t\t\t\t\t<span class=\"elementor-button-content-wrapper\">\n\t\t\t\t\t\t\t\t\t<span class=\"elementor-button-text\">Requerimento de Defesa de Disserta\u00e7\u00e3o<\/span>\n\t\t\t\t\t<\/span>\n\t\t\t\t\t<\/a>\n\t\t\t\t<\/div>\n\t\t\t\t\t\t<\/div>\n\t\t\t\t<\/div>\n\t\t\t\t<div class=\"elementor-element elementor-element-96e46a6 elementor-button-info elementor-align-justify elementor-widget elementor-widget-button\" data-id=\"96e46a6\" data-element_type=\"widget\" data-widget_type=\"button.default\">\n\t\t\t\t<div class=\"elementor-widget-container\">\n\t\t\t\t\t\t\t<div class=\"elementor-button-wrapper\">\n\t\t\t\t\t<a class=\"elementor-button elementor-button-link elementor-size-sm\" href=\"https:\/\/www.ufsm.br\/app\/uploads\/sites\/620\/2026\/07\/Requerimento-de-Defesa-de-Dissertacao-NOME_DO_DISCENTE-1-novo.docx\">\n\t\t\t\t\t\t<span class=\"elementor-button-content-wrapper\">\n\t\t\t\t\t\t\t\t\t<span class=\"elementor-button-text\">Requerimento de Defesa de Tese<\/span>\n\t\t\t\t\t<\/span>\n\t\t\t\t\t<\/a>\n\t\t\t\t<\/div>\n\t\t\t\t\t\t<\/div>\n\t\t\t\t<\/div>\n\t\t\t\t<div class=\"elementor-element elementor-element-da73f66 elementor-widget__width-initial elementor-widget elementor-widget-heading\" data-id=\"da73f66\" data-element_type=\"widget\" data-widget_type=\"heading.default\">\n\t\t\t\t<div class=\"elementor-widget-container\">\n\t\t\t<h5 class=\"elementor-heading-title elementor-size-default\">FORMUL\u00c1RIOS - ENTREGA DE MDT<\/h5>\t\t<\/div>\n\t\t\t\t<\/div>\n\t\t\t\t<div class=\"elementor-element elementor-element-4365d64 elementor-button-info elementor-align-justify elementor-widget elementor-widget-button\" data-id=\"4365d64\" data-element_type=\"widget\" data-widget_type=\"button.default\">\n\t\t\t\t<div class=\"elementor-widget-container\">\n\t\t\t\t\t\t\t<div class=\"elementor-button-wrapper\">\n\t\t\t\t\t<a class=\"elementor-button elementor-button-link elementor-size-sm\" href=\"https:\/\/www.ufsm.br\/app\/uploads\/sites\/547\/2021\/02\/MODELO-FOLHA-DE-APROVAO.doc\">\n\t\t\t\t\t\t<span class=\"elementor-button-content-wrapper\">\n\t\t\t\t\t\t\t\t\t<span class=\"elementor-button-text\">Modelo de Folha de Aprova\u00e7\u00e3o<\/span>\n\t\t\t\t\t<\/span>\n\t\t\t\t\t<\/a>\n\t\t\t\t<\/div>\n\t\t\t\t\t\t<\/div>\n\t\t\t\t<\/div>\n\t\t\t\t<div class=\"elementor-element elementor-element-2dd8e43 elementor-button-info elementor-widget__width-initial elementor-widget elementor-widget-button\" data-id=\"2dd8e43\" data-element_type=\"widget\" data-widget_type=\"button.default\">\n\t\t\t\t<div class=\"elementor-widget-container\">\n\t\t\t\t\t\t\t<div class=\"elementor-button-wrapper\">\n\t\t\t\t\t<a class=\"elementor-button elementor-button-link elementor-size-sm\" href=\"https:\/\/www.ufsm.br\/app\/uploads\/sites\/620\/2026\/02\/Titulacao_Plataforma_Sucupira-2.doc\">\n\t\t\t\t\t\t<span class=\"elementor-button-content-wrapper\">\n\t\t\t\t\t\t\t\t\t<span class=\"elementor-button-text\">Formul\u00e1rio - Titula\u00e7\u00e3o Plataforma Sucupira<\/span>\n\t\t\t\t\t<\/span>\n\t\t\t\t\t<\/a>\n\t\t\t\t<\/div>\n\t\t\t\t\t\t<\/div>\n\t\t\t\t<\/div>\n\t\t\t\t<div class=\"elementor-element elementor-element-bee1ef4 elementor-button-info elementor-widget elementor-widget-button\" data-id=\"bee1ef4\" data-element_type=\"widget\" data-widget_type=\"button.default\">\n\t\t\t\t<div class=\"elementor-widget-container\">\n\t\t\t\t\t\t\t<div class=\"elementor-button-wrapper\">\n\t\t\t\t\t<a class=\"elementor-button elementor-button-link elementor-size-sm\" href=\"https:\/\/www.ufsm.br\/app\/uploads\/sites\/547\/2020\/11\/Formulariourgenciadiploma_OK_1.doc\">\n\t\t\t\t\t\t<span class=\"elementor-button-content-wrapper\">\n\t\t\t\t\t\t\t\t\t<span class=\"elementor-button-text\">Solicita\u00e7\u00e3o de Urg\u00eancia na Emiss\u00e3o do Diploma<\/span>\n\t\t\t\t\t<\/span>\n\t\t\t\t\t<\/a>\n\t\t\t\t<\/div>\n\t\t\t\t\t\t<\/div>\n\t\t\t\t<\/div>\n\t\t\t\t<div class=\"elementor-element elementor-element-96ad738 elementor-widget__width-initial elementor-widget elementor-widget-heading\" data-id=\"96ad738\" data-element_type=\"widget\" data-widget_type=\"heading.default\">\n\t\t\t\t<div class=\"elementor-widget-container\">\n\t\t\t<h5 class=\"elementor-heading-title elementor-size-default\">MODELOS - PRORROGA\u00c7\u00c3O DE PRAZO<\/h5>\t\t<\/div>\n\t\t\t\t<\/div>\n\t\t\t\t<div class=\"elementor-element elementor-element-5bdf1af elementor-button-info elementor-widget elementor-widget-button\" data-id=\"5bdf1af\" data-element_type=\"widget\" data-widget_type=\"button.default\">\n\t\t\t\t<div class=\"elementor-widget-container\">\n\t\t\t\t\t\t\t<div class=\"elementor-button-wrapper\">\n\t\t\t\t\t<a class=\"elementor-button elementor-button-link elementor-size-sm\" href=\"https:\/\/www.ufsm.br\/pro-reitorias\/prpgp\/servicos\/prorrogacao-de-prazo-para-defesa\">\n\t\t\t\t\t\t<span class=\"elementor-button-content-wrapper\">\n\t\t\t\t\t\t\t\t\t<span class=\"elementor-button-text\">Solicita\u00e7\u00e3o de Prorroga\u00e7\u00e3o de Prazo de Defesa Final - Modelo<\/span>\n\t\t\t\t\t<\/span>\n\t\t\t\t\t<\/a>\n\t\t\t\t<\/div>\n\t\t\t\t\t\t<\/div>\n\t\t\t\t<\/div>\n\t\t\t\t<div class=\"elementor-element elementor-element-fa26e5a elementor-button-info elementor-widget elementor-widget-button\" data-id=\"fa26e5a\" data-element_type=\"widget\" data-widget_type=\"button.default\">\n\t\t\t\t<div class=\"elementor-widget-container\">\n\t\t\t\t\t\t\t<div class=\"elementor-button-wrapper\">\n\t\t\t\t\t<a class=\"elementor-button elementor-button-link elementor-size-sm\" href=\"https:\/\/www.ufsm.br\/app\/uploads\/sites\/547\/2025\/09\/Requerimento_Prorrogacao_Prazo_Qualificacao_StrictoSensu.docx\">\n\t\t\t\t\t\t<span class=\"elementor-button-content-wrapper\">\n\t\t\t\t\t\t\t\t\t<span class=\"elementor-button-text\">Solicita\u00e7\u00e3o de Prorroga\u00e7\u00e3o de Prazo de Qualifica\u00e7\u00e3o - Modelo<\/span>\n\t\t\t\t\t<\/span>\n\t\t\t\t\t<\/a>\n\t\t\t\t<\/div>\n\t\t\t\t\t\t<\/div>\n\t\t\t\t<\/div>\n\t\t\t\t<div class=\"elementor-element elementor-element-ef2625a elementor-widget__width-initial elementor-widget elementor-widget-heading\" data-id=\"ef2625a\" data-element_type=\"widget\" data-widget_type=\"heading.default\">\n\t\t\t\t<div class=\"elementor-widget-container\">\n\t\t\t<h5 class=\"elementor-heading-title elementor-size-default\">FORMUL\u00c1RIOS - AFASTAMENTOS<\/h5>\t\t<\/div>\n\t\t\t\t<\/div>\n\t\t\t\t<div class=\"elementor-element elementor-element-e88943a elementor-button-info elementor-align-center elementor-widget elementor-widget-button\" data-id=\"e88943a\" data-element_type=\"widget\" data-widget_type=\"button.default\">\n\t\t\t\t<div class=\"elementor-widget-container\">\n\t\t\t\t\t\t\t<div class=\"elementor-button-wrapper\">\n\t\t\t\t\t<a class=\"elementor-button elementor-button-link elementor-size-sm\" href=\"https:\/\/www.ufsm.br\/app\/uploads\/sites\/345\/2024\/01\/Requerimento-Regime-Exercicios-Domiciliares.docx\">\n\t\t\t\t\t\t<span class=\"elementor-button-content-wrapper\">\n\t\t\t\t\t\t\t\t\t<span class=\"elementor-button-text\">Requerimento de Regime de Exerc\u00edcos Domiciliares<\/span>\n\t\t\t\t\t<\/span>\n\t\t\t\t\t<\/a>\n\t\t\t\t<\/div>\n\t\t\t\t\t\t<\/div>\n\t\t\t\t<\/div>\n\t\t\t\t<div class=\"elementor-element elementor-element-b26f421 elementor-button-info elementor-align-justify elementor-widget elementor-widget-button\" data-id=\"b26f421\" data-element_type=\"widget\" data-widget_type=\"button.default\">\n\t\t\t\t<div class=\"elementor-widget-container\">\n\t\t\t\t\t\t\t<div class=\"elementor-button-wrapper\">\n\t\t\t\t\t<a class=\"elementor-button elementor-button-link elementor-size-sm\" href=\"https:\/\/www.ufsm.br\/app\/uploads\/sites\/345\/2024\/01\/Formulario-Licenca_Saude-NCAPG.docx\">\n\t\t\t\t\t\t<span class=\"elementor-button-content-wrapper\">\n\t\t\t\t\t\t\t\t\t<span class=\"elementor-button-text\">Formul\u00e1rio Licen\u00e7a Sa\u00fade<\/span>\n\t\t\t\t\t<\/span>\n\t\t\t\t\t<\/a>\n\t\t\t\t<\/div>\n\t\t\t\t\t\t<\/div>\n\t\t\t\t<\/div>\n\t\t\t\t\t<\/div>\n\t\t<\/div>\n\t\t\t\t\t<\/div>\n\t\t<\/section>\n\t\t\t\t<\/div>\n\t\t","protected":false},"excerpt":{"rendered":"<p>Plano de Estudos O Plano de Estudos deve ser aprovado pela Coordena\u00e7\u00e3o do Curso\u00a0antes da realiza\u00e7\u00e3o da matr\u00edcula para o segundo semestre letivo. Para realizar o preenchimento do Plano de Estudos, verifique o tutorial: Tutorial de preenchimento do plano de estudos (Parte 1)\u00a0 Tutorial de preenchimento do plano de estudos (Parte 2) Solicita\u00e7\u00e3o de Coorienta\u00e7\u00e3o [&hellip;]<\/p>\n","protected":false},"author":8966,"featured_media":0,"parent":0,"menu_order":0,"comment_status":"closed","ping_status":"closed","template":"","meta":{"footnotes":""},"categories":[],"tags":[],"class_list":["post-365","page","type-page","status-publish","hentry"],"acf":[],"_links":{"self":[{"href":"https:\/\/www.ufsm.br\/cursos\/pos-graduacao\/santa-maria\/profhistoria\/wp-json\/wp\/v2\/pages\/365","targetHints":{"allow":["GET"]}}],"collection":[{"href":"https:\/\/www.ufsm.br\/cursos\/pos-graduacao\/santa-maria\/profhistoria\/wp-json\/wp\/v2\/pages"}],"about":[{"href":"https:\/\/www.ufsm.br\/cursos\/pos-graduacao\/santa-maria\/profhistoria\/wp-json\/wp\/v2\/types\/page"}],"author":[{"embeddable":true,"href":"https:\/\/www.ufsm.br\/cursos\/pos-graduacao\/santa-maria\/profhistoria\/wp-json\/wp\/v2\/users\/8966"}],"replies":[{"embeddable":true,"href":"https:\/\/www.ufsm.br\/cursos\/pos-graduacao\/santa-maria\/profhistoria\/wp-json\/wp\/v2\/comments?post=365"}],"version-history":[{"count":0,"href":"https:\/\/www.ufsm.br\/cursos\/pos-graduacao\/santa-maria\/profhistoria\/wp-json\/wp\/v2\/pages\/365\/revisions"}],"wp:attachment":[{"href":"https:\/\/www.ufsm.br\/cursos\/pos-graduacao\/santa-maria\/profhistoria\/wp-json\/wp\/v2\/media?parent=365"}],"wp:term":[{"taxonomy":"category","embeddable":true,"href":"https:\/\/www.ufsm.br\/cursos\/pos-graduacao\/santa-maria\/profhistoria\/wp-json\/wp\/v2\/categories?post=365"},{"taxonomy":"post_tag","embeddable":true,"href":"https:\/\/www.ufsm.br\/cursos\/pos-graduacao\/santa-maria\/profhistoria\/wp-json\/wp\/v2\/tags?post=365"}],"curies":[{"name":"wp","href":"https:\/\/api.w.org\/{rel}","templated":true}]}}