{"id":108,"date":"2019-11-06T11:48:50","date_gmt":"2019-11-06T14:48:50","guid":{"rendered":"https:\/\/www.ufsm.br\/editoras\/editorappgart\/?page_id=108"},"modified":"2019-11-08T09:17:04","modified_gmt":"2019-11-08T12:17:04","slug":"publicacoes-2018","status":"publish","type":"page","link":"https:\/\/www.ufsm.br\/editoras\/editorappgart\/publicacoes-2018","title":{"rendered":"Publica\u00e7\u00f5es 2018"},"content":{"rendered":"\t\t<div data-elementor-type=\"wp-page\" data-elementor-id=\"108\" class=\"elementor elementor-108\">\n\t\t\t\t\t\t<section class=\"elementor-section elementor-top-section elementor-element elementor-element-6d13f5f elementor-section-boxed elementor-section-height-default elementor-section-height-default\" data-id=\"6d13f5f\" data-element_type=\"section\">\n\t\t\t\t\t\t<div class=\"elementor-container elementor-column-gap-default\">\n\t\t\t\t\t<div class=\"elementor-column elementor-col-100 elementor-top-column elementor-element elementor-element-7679f58\" data-id=\"7679f58\" data-element_type=\"column\">\n\t\t\t<div class=\"elementor-widget-wrap elementor-element-populated\">\n\t\t\t\t\t\t<div class=\"elementor-element elementor-element-48c7458 elementor-widget elementor-widget-wp-widget-text\" data-id=\"48c7458\" data-element_type=\"widget\" data-widget_type=\"wp-widget-text.default\">\n\t\t\t\t<div class=\"elementor-widget-container\">\n\t\t\t<h5>FACTORS 4.0<\/h5>\t\t\t<div class=\"textwidget\"><\/div>\n\t\t\t\t<\/div>\n\t\t\t\t<\/div>\n\t\t\t\t<div class=\"elementor-element elementor-element-095d4e1 elementor-position-left elementor-vertical-align-top elementor-widget elementor-widget-image-box\" data-id=\"095d4e1\" data-element_type=\"widget\" data-widget_type=\"image-box.default\">\n\t\t\t\t<div class=\"elementor-widget-container\">\n\t\t\t<div class=\"elementor-image-box-wrapper\"><figure class=\"elementor-image-box-img\"><a href=\"https:\/\/www.ufsm.br\/editoras\/ppgart\/wp-content\/uploads\/sites\/740\/2018\/08\/Catlogo_FACTORS_OK-1.pdf\" tabindex=\"-1\"><img fetchpriority=\"high\" decoding=\"async\" width=\"522\" height=\"745\" src=\"https:\/\/www.ufsm.br\/app\/uploads\/sites\/740\/2018\/08\/factors.jpg\" class=\"attachment-large size-large wp-image-46\" alt=\"factors\" srcset=\"https:\/\/www.ufsm.br\/app\/uploads\/sites\/740\/2018\/08\/factors.jpg 522w, https:\/\/www.ufsm.br\/app\/uploads\/sites\/740\/2018\/08\/factors-210x300.jpg 210w\" sizes=\"(max-width: 522px) 100vw, 522px\" \/><\/a><\/figure><div class=\"elementor-image-box-content\"><p class=\"elementor-image-box-description\">O Festival de Arte Ci\u00eancia e Tecnologia do Rio Grande do Sul exp\u00f5e desde 2014 a produ\u00e7\u00e3o contempor\u00e2nea de artistas nacionais e internacionais. O evento \u00e9 realizado pelo Laborat\u00f3rio de Pesquisa em Arte Contempor\u00e2nea, Tecnologia e M\u00eddias Digitais (LABART), com apoio do Programa de P\u00f3s-Gradua\u00e7\u00e3o em Artes Visuais (PPGART), do Centro de Artes e Letras (CAL) e da Universidade Federal de Santa Maria (UFSM). Para esta quarta edi\u00e7\u00e3o, a curadoria conjunta conta com apoio da Maestr\u00eda en Tecnolog\u00eda y Est\u00e9tica de las Artes\nElectr\u00f3nicas, da Universidad Nacional Tres de Febrero (UNTREF), e insere-se na primeira edi\u00e7\u00e3o argentina da BIENALSUR. Organiza\u00e7\u00e3o: Nara Cristina Santos (UFSM) e Mariela Yeregui (UNTREF)<\/p><\/div><\/div>\t\t<\/div>\n\t\t\t\t<\/div>\n\t\t\t\t\t<\/div>\n\t\t<\/div>\n\t\t\t\t\t<\/div>\n\t\t<\/section>\n\t\t\t\t<section class=\"elementor-section elementor-top-section elementor-element elementor-element-674691e elementor-section-boxed elementor-section-height-default elementor-section-height-default\" data-id=\"674691e\" data-element_type=\"section\">\n\t\t\t\t\t\t<div class=\"elementor-container elementor-column-gap-default\">\n\t\t\t\t\t<div class=\"elementor-column elementor-col-100 elementor-top-column elementor-element elementor-element-6c00946\" data-id=\"6c00946\" data-element_type=\"column\">\n\t\t\t<div class=\"elementor-widget-wrap elementor-element-populated\">\n\t\t\t\t\t\t<div class=\"elementor-element elementor-element-5b42b6f elementor-widget elementor-widget-wp-widget-text\" data-id=\"5b42b6f\" data-element_type=\"widget\" data-widget_type=\"wp-widget-text.default\">\n\t\t\t\t<div class=\"elementor-widget-container\">\n\t\t\t<h5>PluralSingular<\/h5>\t\t\t<div class=\"textwidget\"><\/div>\n\t\t\t\t<\/div>\n\t\t\t\t<\/div>\n\t\t\t\t<div class=\"elementor-element elementor-element-c5046e9 elementor-position-right elementor-vertical-align-top elementor-widget elementor-widget-image-box\" data-id=\"c5046e9\" data-element_type=\"widget\" data-widget_type=\"image-box.default\">\n\t\t\t\t<div class=\"elementor-widget-container\">\n\t\t\t<div class=\"elementor-image-box-wrapper\"><figure class=\"elementor-image-box-img\"><a href=\"https:\/\/www.ufsm.br\/editoras\/ppgart\/wp-content\/uploads\/sites\/740\/2018\/08\/Catalogo_GAD.pdf\" tabindex=\"-1\"><img decoding=\"async\" width=\"1024\" height=\"719\" src=\"https:\/\/www.ufsm.br\/app\/uploads\/sites\/740\/2018\/08\/plural-1024x719.png\" class=\"attachment-large size-large wp-image-49\" alt=\"plural\" srcset=\"https:\/\/www.ufsm.br\/app\/uploads\/sites\/740\/2018\/08\/plural-1024x719.png 1024w, https:\/\/www.ufsm.br\/app\/uploads\/sites\/740\/2018\/08\/plural-300x211.png 300w, https:\/\/www.ufsm.br\/app\/uploads\/sites\/740\/2018\/08\/plural-768x539.png 768w, https:\/\/www.ufsm.br\/app\/uploads\/sites\/740\/2018\/08\/plural.png 1304w\" sizes=\"(max-width: 1024px) 100vw, 1024px\" \/><\/a><\/figure><div class=\"elementor-image-box-content\"><p class=\"elementor-image-box-description\">A presente mostra PluralSingular, realizada na Sala de Exposi\u00e7\u00f5es Cl\u00e1udio Carriconde do Centro de Artes e Letras, entre outubro e novembro de 2017, apresenta investiga\u00e7\u00f5es pessoais dos participantes, em diferentes abordagens em arte e tecnologia. Enfatizam-se, via produ\u00e7\u00e3o grupal, os processos distintos e a pluralidade de vis\u00f5es e perspectivas partindo de referenciais \u00fanicos, singulares<\/p><\/div><\/div>\t\t<\/div>\n\t\t\t\t<\/div>\n\t\t\t\t\t<\/div>\n\t\t<\/div>\n\t\t\t\t\t<\/div>\n\t\t<\/section>\n\t\t\t\t<section class=\"elementor-section elementor-top-section elementor-element elementor-element-1f7e0d2 elementor-section-boxed elementor-section-height-default elementor-section-height-default\" data-id=\"1f7e0d2\" data-element_type=\"section\">\n\t\t\t\t\t\t<div class=\"elementor-container elementor-column-gap-default\">\n\t\t\t\t\t<div class=\"elementor-column elementor-col-100 elementor-top-column elementor-element elementor-element-2611733\" data-id=\"2611733\" data-element_type=\"column\">\n\t\t\t<div class=\"elementor-widget-wrap elementor-element-populated\">\n\t\t\t\t\t\t<div class=\"elementor-element elementor-element-c2cbcd5 elementor-widget elementor-widget-wp-widget-text\" data-id=\"c2cbcd5\" data-element_type=\"widget\" data-widget_type=\"wp-widget-text.default\">\n\t\t\t\t<div class=\"elementor-widget-container\">\n\t\t\t<h5>Cat\u00e1logo \u201cFACTORS 5.0\u201d<\/h5>\t\t\t<div class=\"textwidget\"><\/div>\n\t\t\t\t<\/div>\n\t\t\t\t<\/div>\n\t\t\t\t<div class=\"elementor-element elementor-element-0c34898 elementor-position-left elementor-vertical-align-top elementor-widget elementor-widget-image-box\" data-id=\"0c34898\" data-element_type=\"widget\" data-widget_type=\"image-box.default\">\n\t\t\t\t<div class=\"elementor-widget-container\">\n\t\t\t<div class=\"elementor-image-box-wrapper\"><figure class=\"elementor-image-box-img\"><a href=\"https:\/\/www.ufsm.br\/editoras\/ppgart\/wp-content\/uploads\/sites\/740\/2018\/12\/Catlogo_FACTORS_5.0.pdf\" tabindex=\"-1\"><img decoding=\"async\" width=\"456\" height=\"643\" src=\"https:\/\/www.ufsm.br\/app\/uploads\/sites\/740\/2018\/12\/factors_5.0.png\" class=\"attachment-full size-full wp-image-52\" alt=\"factors 5.0\" srcset=\"https:\/\/www.ufsm.br\/app\/uploads\/sites\/740\/2018\/12\/factors_5.0.png 456w, https:\/\/www.ufsm.br\/app\/uploads\/sites\/740\/2018\/12\/factors_5.0-213x300.png 213w\" sizes=\"(max-width: 456px) 100vw, 456px\" \/><\/a><\/figure><div class=\"elementor-image-box-content\"><p class=\"elementor-image-box-description\">O Festival de Arte, Ci\u00eancia e Tecnologia do Rio Grande do Sul inicia em 2014, por uma iniciativa do grupo de pesquisa Arte e Tecnologia\/CNPq e tem como objetivo expor a produ\u00e7\u00e3o contempor\u00e2nea de artistas nacionais e internacionais que atuam de modo transdisciplinar. O evento \u00e9 realizado pelo Laborat\u00f3rio de Pesquisa em Arte Contempor\u00e2nea, Tecnologia e M\u00eddias Digitais (LABART), com apoio do Programa de P\u00f3s-Gradua\u00e7\u00e3o em\nArtes Visuais (PPGART), do Centro de Artes e Letras (CAL) e da Universidade Federal de Santa Maria (UFSM). Conta com parceria e apoio do Mestrado em Tecnologia e Est\u00e9tica das Artes Eletr\u00f4nicas, da Universidad Nacional Tr\u00eas de Febrero (UNTREF\/Argentina).\nOrganiza\u00e7\u00e3o: Nara Cristina Santos (UFSM) e Mariela Yeregui (UNTREF)<\/p><\/div><\/div>\t\t<\/div>\n\t\t\t\t<\/div>\n\t\t\t\t\t<\/div>\n\t\t<\/div>\n\t\t\t\t\t<\/div>\n\t\t<\/section>\n\t\t\t\t<section class=\"elementor-section elementor-top-section elementor-element elementor-element-11b4cb4 elementor-section-boxed elementor-section-height-default elementor-section-height-default\" data-id=\"11b4cb4\" data-element_type=\"section\">\n\t\t\t\t\t\t<div class=\"elementor-container elementor-column-gap-default\">\n\t\t\t\t\t<div class=\"elementor-column elementor-col-100 elementor-top-column elementor-element elementor-element-74a8903\" data-id=\"74a8903\" data-element_type=\"column\">\n\t\t\t<div class=\"elementor-widget-wrap elementor-element-populated\">\n\t\t\t\t\t\t<div class=\"elementor-element elementor-element-4078deb elementor-widget elementor-widget-wp-widget-text\" data-id=\"4078deb\" data-element_type=\"widget\" data-widget_type=\"wp-widget-text.default\">\n\t\t\t\t<div class=\"elementor-widget-container\">\n\t\t\t<h5>PPGART 2007-2017: hist\u00f3rico e percurso<\/h5>\t\t\t<div class=\"textwidget\"><\/div>\n\t\t\t\t<\/div>\n\t\t\t\t<\/div>\n\t\t\t\t<div class=\"elementor-element elementor-element-97dd6e7 elementor-position-right elementor-vertical-align-top elementor-widget elementor-widget-image-box\" data-id=\"97dd6e7\" data-element_type=\"widget\" data-widget_type=\"image-box.default\">\n\t\t\t\t<div class=\"elementor-widget-container\">\n\t\t\t<div class=\"elementor-image-box-wrapper\"><figure class=\"elementor-image-box-img\"><a href=\"https:\/\/www.ufsm.br\/editoras\/ppgart\/wp-content\/uploads\/sites\/740\/2018\/12\/ebook_10anos_ppgart_2018.pdf\" tabindex=\"-1\"><img loading=\"lazy\" decoding=\"async\" width=\"603\" height=\"810\" src=\"https:\/\/www.ufsm.br\/app\/uploads\/sites\/740\/2018\/12\/10-anos-ppgart.jpg\" class=\"attachment-full size-full wp-image-55\" alt=\"10 anos ppgart\" srcset=\"https:\/\/www.ufsm.br\/app\/uploads\/sites\/740\/2018\/12\/10-anos-ppgart.jpg 603w, https:\/\/www.ufsm.br\/app\/uploads\/sites\/740\/2018\/12\/10-anos-ppgart-223x300.jpg 223w\" sizes=\"(max-width: 603px) 100vw, 603px\" \/><\/a><\/figure><div class=\"elementor-image-box-content\"><p class=\"elementor-image-box-description\">Esta publica\u00e7\u00e3o resulta do Encontro 10 Anos do PPGART, Programa de P\u00f3s-Gradua\u00e7\u00e3o em Artes Visuais\/Mestrado, um evento que congregou, em abril de 2017, os docentes, discentes, corpo t\u00e9cnico administrativo e convidados para compartilhar experi\u00eancias e viv\u00eancias nesta primeira d\u00e9cada de atividades. O Encontro reuniu docentes que atuam e atuaram no PPGART, com men\u00e7\u00e3o especial as professoras convidadas do PPGAV\/UFRGS, que contribu\u00edram no per\u00edodo inicial do curso atrav\u00e9s da Associa\u00e7\u00e3o Tempor\u00e1ria durante 5 anos, apoiada pela CAPES. No per\u00edodo de 2007-2017, o PPGART consolidou em 15 pessoas o corpo docente e formou 82 mestres, contribuindo efetivamente para a forma\u00e7\u00e3o na p\u00f3s-gradua\u00e7\u00e3o na \u00e1rea das Artes Visuais, no Centro de Artes e Letras, na Universidade Federal de Santa Maria, no estado do Rio Grande do Sul, com repercuss\u00e3o em todo Brasil e no exterior. Organiza\u00e7\u00e3o: Nara Cristina Santos e Andr\u00e9ia Machado Oliveira<\/p><\/div><\/div>\t\t<\/div>\n\t\t\t\t<\/div>\n\t\t\t\t\t<\/div>\n\t\t<\/div>\n\t\t\t\t\t<\/div>\n\t\t<\/section>\n\t\t\t\t<section class=\"elementor-section elementor-top-section elementor-element elementor-element-ee20d4c elementor-section-boxed elementor-section-height-default elementor-section-height-default\" data-id=\"ee20d4c\" data-element_type=\"section\">\n\t\t\t\t\t\t<div class=\"elementor-container elementor-column-gap-default\">\n\t\t\t\t\t<div class=\"elementor-column elementor-col-100 elementor-top-column elementor-element elementor-element-03cdc7c\" data-id=\"03cdc7c\" data-element_type=\"column\">\n\t\t\t<div class=\"elementor-widget-wrap elementor-element-populated\">\n\t\t\t\t\t\t<div class=\"elementor-element elementor-element-f96c802 elementor-widget elementor-widget-wp-widget-text\" data-id=\"f96c802\" data-element_type=\"widget\" data-widget_type=\"wp-widget-text.default\">\n\t\t\t\t<div class=\"elementor-widget-container\">\n\t\t\t<h5>Artes Visuais e suas I\/media\u00e7\u00f5es: conex\u00f5es interdisciplinares<\/h5>\t\t\t<div class=\"textwidget\"><\/div>\n\t\t\t\t<\/div>\n\t\t\t\t<\/div>\n\t\t\t\t<div class=\"elementor-element elementor-element-1b1000c elementor-position-left elementor-vertical-align-top elementor-widget elementor-widget-image-box\" data-id=\"1b1000c\" data-element_type=\"widget\" data-widget_type=\"image-box.default\">\n\t\t\t\t<div class=\"elementor-widget-container\">\n\t\t\t<div class=\"elementor-image-box-wrapper\"><figure class=\"elementor-image-box-img\"><a href=\"https:\/\/www.ufsm.br\/editoras\/ppgart\/wp-content\/uploads\/sites\/740\/2019\/01\/Livro-I_Mediacoes-Org-Lutiere-1.pdf\" tabindex=\"-1\"><img loading=\"lazy\" decoding=\"async\" width=\"652\" height=\"926\" src=\"https:\/\/www.ufsm.br\/app\/uploads\/sites\/740\/2019\/01\/artes_visuais_e_suas_imediacoes.jpg\" class=\"attachment-full size-full wp-image-63\" alt=\"artes visuais e suas imediacoes\" srcset=\"https:\/\/www.ufsm.br\/app\/uploads\/sites\/740\/2019\/01\/artes_visuais_e_suas_imediacoes.jpg 652w, https:\/\/www.ufsm.br\/app\/uploads\/sites\/740\/2019\/01\/artes_visuais_e_suas_imediacoes-211x300.jpg 211w\" sizes=\"(max-width: 652px) 100vw, 652px\" \/><\/a><\/figure><div class=\"elementor-image-box-content\"><p class=\"elementor-image-box-description\">Em cada contexto cultural, o campo das artes nos permite esbo\u00e7ar,\nsistematizar, organizar, apreender \u2013 sobretudo imaginar \u2013 rela\u00e7\u00f5es que\nconfiguram nossas rela\u00e7\u00f5es com o mundo. Neste sentido, inventamos a arte\npara, talvez, dimensionar \u00e0quilo que nos escapa \u00e0 linguagem escrita\/falada\nexigindo outras formas de compreens\u00e3o \u2013 abrindo-nos um leque de\npossibilidades e experimenta\u00e7\u00f5es.\nDiante de nossas experi\u00eancias est\u00e9ticas\/sens\u00edveis, o di\u00e1logo com as artes\nmovimenta reflex\u00f5es para al\u00e9m da complexidade formal e visual: nos\nestimula a perceber valores culturais, ideol\u00f3gicos e sociais devido \u00e0 sua\nnatureza relacional e subjetiva. Neste contexto, o convite para dialogar a\npartir das i\/media\u00e7\u00f5es com as artes diz respeito \u00e0s experi\u00eancias de sentido\nque movimentam e impelem processos inventivos: entre tantas alternativas,\n\u00e0quelas que nos interpelam, nos afetam e nos enredam em nossas pr\u00f3prias\nconvic\u00e7\u00f5es. Organiza\u00e7\u00e3o: Lutiere Dalla Valle<\/p><\/div><\/div>\t\t<\/div>\n\t\t\t\t<\/div>\n\t\t\t\t\t<\/div>\n\t\t<\/div>\n\t\t\t\t\t<\/div>\n\t\t<\/section>\n\t\t\t\t<\/div>\n\t\t","protected":false},"excerpt":{"rendered":"<p>O Festival de Arte Ci\u00eancia e Tecnologia do Rio Grande do Sul exp\u00f5e desde 2014 a produ\u00e7\u00e3o contempor\u00e2nea de artistas nacionais e internacionais. O evento \u00e9 realizado pelo Laborat\u00f3rio de Pesquisa em Arte Contempor\u00e2nea, Tecnologia e M\u00eddias Digitais (LABART), com apoio do Programa de P\u00f3s-Gradua\u00e7\u00e3o em Artes Visuais (PPGART), do Centro de Artes e Letras [&hellip;]<\/p>\n","protected":false},"author":1413,"featured_media":0,"parent":0,"menu_order":0,"comment_status":"closed","ping_status":"closed","template":"","meta":{"footnotes":""},"categories":[],"tags":[],"class_list":["post-108","page","type-page","status-publish","hentry"],"acf":[],"_links":{"self":[{"href":"https:\/\/www.ufsm.br\/editoras\/editorappgart\/wp-json\/wp\/v2\/pages\/108","targetHints":{"allow":["GET"]}}],"collection":[{"href":"https:\/\/www.ufsm.br\/editoras\/editorappgart\/wp-json\/wp\/v2\/pages"}],"about":[{"href":"https:\/\/www.ufsm.br\/editoras\/editorappgart\/wp-json\/wp\/v2\/types\/page"}],"author":[{"embeddable":true,"href":"https:\/\/www.ufsm.br\/editoras\/editorappgart\/wp-json\/wp\/v2\/users\/1413"}],"replies":[{"embeddable":true,"href":"https:\/\/www.ufsm.br\/editoras\/editorappgart\/wp-json\/wp\/v2\/comments?post=108"}],"version-history":[{"count":0,"href":"https:\/\/www.ufsm.br\/editoras\/editorappgart\/wp-json\/wp\/v2\/pages\/108\/revisions"}],"wp:attachment":[{"href":"https:\/\/www.ufsm.br\/editoras\/editorappgart\/wp-json\/wp\/v2\/media?parent=108"}],"wp:term":[{"taxonomy":"category","embeddable":true,"href":"https:\/\/www.ufsm.br\/editoras\/editorappgart\/wp-json\/wp\/v2\/categories?post=108"},{"taxonomy":"post_tag","embeddable":true,"href":"https:\/\/www.ufsm.br\/editoras\/editorappgart\/wp-json\/wp\/v2\/tags?post=108"}],"curies":[{"name":"wp","href":"https:\/\/api.w.org\/{rel}","templated":true}]}}