{"id":106,"date":"2020-10-19T18:53:25","date_gmt":"2020-10-19T21:53:25","guid":{"rendered":"https:\/\/www.ufsm.br\/editoras\/facos\/?page_id=106"},"modified":"2021-06-17T14:54:48","modified_gmt":"2021-06-17T17:54:48","slug":"livro-de-reporter","status":"publish","type":"page","link":"https:\/\/www.ufsm.br\/editoras\/facos\/livro-de-reporter","title":{"rendered":"Livro de rep\u00f3rter: autoralidade e cr\u00edtica das pr\u00e1ticas"},"content":{"rendered":"\t\t<div data-elementor-type=\"wp-page\" data-elementor-id=\"106\" class=\"elementor elementor-106\">\n\t\t\t\t\t\t<section class=\"elementor-section elementor-top-section elementor-element elementor-element-11e1616c elementor-section-boxed elementor-section-height-default elementor-section-height-default\" data-id=\"11e1616c\" data-element_type=\"section\">\n\t\t\t\t\t\t<div class=\"elementor-container elementor-column-gap-default\">\n\t\t\t\t\t<div class=\"elementor-column elementor-col-100 elementor-top-column elementor-element elementor-element-69657450\" data-id=\"69657450\" data-element_type=\"column\">\n\t\t\t<div class=\"elementor-widget-wrap elementor-element-populated\">\n\t\t\t\t\t\t<div class=\"elementor-element elementor-element-22cae0a7 elementor-widget elementor-widget-text-editor\" data-id=\"22cae0a7\" data-element_type=\"widget\" data-widget_type=\"text-editor.default\">\n\t\t\t\t<div class=\"elementor-widget-container\">\n\t\t\t\t\t\t\t<h1>Livro de rep\u00f3rter: autoralidade e cr\u00edtica das pr\u00e1ticas<\/h1>\n<h6>Beatriz Marocco, Angela Zamin e Marcia Veiga da Silva (organizadores)<\/h6>\t\t\t\t\t\t<\/div>\n\t\t\t\t<\/div>\n\t\t\t\t<section class=\"elementor-section elementor-inner-section elementor-element elementor-element-6dac3ad2 elementor-hidden-tablet elementor-section-boxed elementor-section-height-default elementor-section-height-default\" data-id=\"6dac3ad2\" data-element_type=\"section\">\n\t\t\t\t\t\t<div class=\"elementor-container elementor-column-gap-default\">\n\t\t\t\t\t<div class=\"elementor-column elementor-col-50 elementor-inner-column elementor-element elementor-element-3df684b2\" data-id=\"3df684b2\" data-element_type=\"column\">\n\t\t\t<div class=\"elementor-widget-wrap elementor-element-populated\">\n\t\t\t\t\t\t<div class=\"elementor-element elementor-element-196f3af5 elementor-widget elementor-widget-text-editor\" data-id=\"196f3af5\" data-element_type=\"widget\" data-widget_type=\"text-editor.default\">\n\t\t\t\t<div class=\"elementor-widget-container\">\n\t\t\t\t\t\t\t<figure id=\"attachment_63\" aria-describedby=\"caption-attachment-63\" style=\"width: 200px\" class=\"wp-caption aligncenter\"><img fetchpriority=\"high\" decoding=\"async\" class=\"size-medium wp-image-63\" src=\"https:\/\/www.ufsm.br\/app\/uploads\/sites\/746\/2019\/12\/Livro-de-reporter_P\u00e1gina_001-200x300.jpg\" alt=\"Livro de Rep\u00f3rter\" width=\"200\" height=\"300\" srcset=\"https:\/\/www.ufsm.br\/app\/uploads\/sites\/746\/2019\/12\/Livro-de-reporter_P\u00e1gina_001-200x300.jpg 200w, https:\/\/www.ufsm.br\/app\/uploads\/sites\/746\/2019\/12\/Livro-de-reporter_P\u00e1gina_001.jpg 300w\" sizes=\"(max-width: 200px) 100vw, 200px\" \/><figcaption id=\"caption-attachment-63\" class=\"wp-caption-text\">Livro de rep\u00f3rter: autoralidade e cr\u00edtica das pr\u00e1ticas<\/figcaption><\/figure>\t\t\t\t\t\t<\/div>\n\t\t\t\t<\/div>\n\t\t\t\t\t<\/div>\n\t\t<\/div>\n\t\t\t\t<div class=\"elementor-column elementor-col-50 elementor-inner-column elementor-element elementor-element-6794b3fd\" data-id=\"6794b3fd\" data-element_type=\"column\">\n\t\t\t<div class=\"elementor-widget-wrap elementor-element-populated\">\n\t\t\t\t\t\t<div class=\"elementor-element elementor-element-565786b4 elementor-widget elementor-widget-text-editor\" data-id=\"565786b4\" data-element_type=\"widget\" data-widget_type=\"text-editor.default\">\n\t\t\t\t<div class=\"elementor-widget-container\">\n\t\t\t\t\t\t\t<p>Pensar o jornalismo \u00e9 atividade permanente dos grupos de pesquisa Estudos em Jornalismo (CNPq\/Unisinos) e Resto \u2013 Laborat\u00f3rio de Pr\u00e1ticas Jornal\u00edsticas (CNPq\/UFSM); o primeiro, vinculado ao Programa de P\u00f3s-Gradua\u00e7\u00e3o em Ci\u00eancias da Comunica\u00e7\u00e3o da Universidade do Vale do Rio dos Sinos; o segundo, \u00e0 gradua\u00e7\u00e3o em Jornalismo da Universidade Federal de Santa Maria, Campus Frederico Westphalen. O presente livro re\u00fane pesquisas gestadas nesses espa\u00e7os, por docentes e discentes da gradua\u00e7\u00e3o e da p\u00f3s-gradua\u00e7\u00e3o. O ponto aglutinador \u00e9 o cotejamento do conceito de \u201clivro de rep\u00f3rter\u201d, derivado da pesquisa O controle discursivo que toma forma e circula nas pr\u00e1ticas jornal\u00edsticas, coordenada pela professora Beatriz Marocco, da Unisinos, e iniciada em 2009, com recursos oriundos de um edital universal do CNPq. Dez anos depois, apresentamos aqui desdobramentos em v\u00e1rios projetos de pesquisa que desenharam um campo de estudos, a cr\u00edtica das pr\u00e1ticas jornal\u00edsticas e, em seu interior, outra forma de fazer, que rompe com o que o fil\u00f3sofo italiano contempor\u00e2neo Gianni Vattimo (2016) considera \u201cjornalismo de domina\u00e7\u00e3o\u201d.<\/p>\t\t\t\t\t\t<\/div>\n\t\t\t\t<\/div>\n\t\t\t\t\t<\/div>\n\t\t<\/div>\n\t\t\t\t\t<\/div>\n\t\t<\/section>\n\t\t\t\t<div class=\"elementor-element elementor-element-1def0f4e elementor-hidden-desktop elementor-hidden-phone elementor-widget elementor-widget-text-editor\" data-id=\"1def0f4e\" data-element_type=\"widget\" data-widget_type=\"text-editor.default\">\n\t\t\t\t<div class=\"elementor-widget-container\">\n\t\t\t\t\t\t\t<figure id=\"attachment_63\" aria-describedby=\"caption-attachment-63\" style=\"width: 200px\" class=\"wp-caption alignleft\"><img fetchpriority=\"high\" decoding=\"async\" class=\"size-medium wp-image-63\" src=\"https:\/\/www.ufsm.br\/app\/uploads\/sites\/746\/2019\/12\/Livro-de-reporter_P\u00e1gina_001-200x300.jpg\" alt=\"Livro de Rep\u00f3rter\" width=\"200\" height=\"300\" srcset=\"https:\/\/www.ufsm.br\/app\/uploads\/sites\/746\/2019\/12\/Livro-de-reporter_P\u00e1gina_001-200x300.jpg 200w, https:\/\/www.ufsm.br\/app\/uploads\/sites\/746\/2019\/12\/Livro-de-reporter_P\u00e1gina_001.jpg 300w\" sizes=\"(max-width: 200px) 100vw, 200px\" \/><figcaption id=\"caption-attachment-63\" class=\"wp-caption-text\">Livro de rep\u00f3rter: autoralidade e cr\u00edtica das pr\u00e1ticas<\/figcaption><\/figure>\n<p>Pensar o jornalismo \u00e9 atividade permanente dos grupos de pesquisa Estudos em Jornalismo (CNPq\/Unisinos) e Resto \u2013 Laborat\u00f3rio de Pr\u00e1ticas Jornal\u00edsticas (CNPq\/UFSM); o primeiro, vinculado ao Programa de P\u00f3s-Gradua\u00e7\u00e3o em Ci\u00eancias da Comunica\u00e7\u00e3o da Universidade do Vale do Rio dos Sinos; o segundo, \u00e0 gradua\u00e7\u00e3o em Jornalismo da Universidade Federal de Santa Maria, Campus Frederico Westphalen. O presente livro re\u00fane pesquisas gestadas nesses espa\u00e7os, por docentes e discentes da gradua\u00e7\u00e3o e da p\u00f3s-gradua\u00e7\u00e3o. O ponto aglutinador \u00e9 o cotejamento do conceito de \u201clivro de rep\u00f3rter\u201d, derivado da pesquisa O controle discursivo que toma forma e circula nas pr\u00e1ticas jornal\u00edsticas, coordenada pela professora Beatriz Marocco, da Unisinos, e iniciada em 2009, com recursos oriundos de um edital universal do CNPq. Dez anos depois, apresentamos aqui desdobramentos em v\u00e1rios projetos de pesquisa que desenharam um campo de estudos, a cr\u00edtica das pr\u00e1ticas jornal\u00edsticas e, em seu interior, outra forma de fazer, que rompe com o que o fil\u00f3sofo italiano contempor\u00e2neo Gianni Vattimo (2016) considera \u201cjornalismo de domina\u00e7\u00e3o\u201d.<\/p>\t\t\t\t\t\t<\/div>\n\t\t\t\t<\/div>\n\t\t\t\t<div class=\"elementor-element elementor-element-5564e7e1 elementor-widget elementor-widget-heading\" data-id=\"5564e7e1\" data-element_type=\"widget\" data-widget_type=\"heading.default\">\n\t\t\t\t<div class=\"elementor-widget-container\">\n\t\t\t<h4 class=\"elementor-heading-title elementor-size-default\">Acesso \u00e0 obra<\/h4>\t\t<\/div>\n\t\t\t\t<\/div>\n\t\t\t\t\t<\/div>\n\t\t<\/div>\n\t\t\t\t\t<\/div>\n\t\t<\/section>\n\t\t\t\t<section class=\"elementor-section elementor-top-section elementor-element elementor-element-4cb27b52 elementor-section-boxed elementor-section-height-default elementor-section-height-default\" data-id=\"4cb27b52\" data-element_type=\"section\">\n\t\t\t\t\t\t<div class=\"elementor-container elementor-column-gap-default\">\n\t\t\t\t\t<div class=\"elementor-column elementor-col-25 elementor-top-column elementor-element elementor-element-33411380\" data-id=\"33411380\" data-element_type=\"column\">\n\t\t\t<div class=\"elementor-widget-wrap\">\n\t\t\t\t\t\t\t<\/div>\n\t\t<\/div>\n\t\t\t\t<div class=\"elementor-column elementor-col-25 elementor-top-column elementor-element elementor-element-2af60703\" data-id=\"2af60703\" data-element_type=\"column\">\n\t\t\t<div class=\"elementor-widget-wrap elementor-element-populated\">\n\t\t\t\t\t\t<div class=\"elementor-element elementor-element-49dcf849 elementor-align-center elementor-widget elementor-widget-button\" data-id=\"49dcf849\" data-element_type=\"widget\" data-widget_type=\"button.default\">\n\t\t\t\t<div class=\"elementor-widget-container\">\n\t\t\t\t\t\t\t<div class=\"elementor-button-wrapper\">\n\t\t\t\t\t<a class=\"elementor-button elementor-button-link elementor-size-md\" href=\"https:\/\/repositorio.ufsm.br\/bitstream\/handle\/1\/20064\/_Livro-de-reporter-autoralidade-e-critica-das-praticas%20%284%29.pdf?sequence=1&#038;isAllowed=y\">\n\t\t\t\t\t\t<span class=\"elementor-button-content-wrapper\">\n\t\t\t\t\t\t\t\t\t<span class=\"elementor-button-text\">Vers\u00e3o PDF<\/span>\n\t\t\t\t\t<\/span>\n\t\t\t\t\t<\/a>\n\t\t\t\t<\/div>\n\t\t\t\t\t\t<\/div>\n\t\t\t\t<\/div>\n\t\t\t\t\t<\/div>\n\t\t<\/div>\n\t\t\t\t<div class=\"elementor-column elementor-col-25 elementor-top-column elementor-element elementor-element-474d6166\" data-id=\"474d6166\" data-element_type=\"column\">\n\t\t\t<div class=\"elementor-widget-wrap elementor-element-populated\">\n\t\t\t\t\t\t<div class=\"elementor-element elementor-element-7d0e74ea elementor-align-center elementor-widget elementor-widget-button\" data-id=\"7d0e74ea\" data-element_type=\"widget\" data-widget_type=\"button.default\">\n\t\t\t\t<div class=\"elementor-widget-container\">\n\t\t\t\t\t\t\t<div class=\"elementor-button-wrapper\">\n\t\t\t\t\t<a class=\"elementor-button elementor-button-link elementor-size-md\" href=\"https:\/\/repositorio.ufsm.br\/handle\/1\/20064\">\n\t\t\t\t\t\t<span class=\"elementor-button-content-wrapper\">\n\t\t\t\t\t\t\t\t\t<span class=\"elementor-button-text\">No Manancial<\/span>\n\t\t\t\t\t<\/span>\n\t\t\t\t\t<\/a>\n\t\t\t\t<\/div>\n\t\t\t\t\t\t<\/div>\n\t\t\t\t<\/div>\n\t\t\t\t\t<\/div>\n\t\t<\/div>\n\t\t\t\t<div class=\"elementor-column elementor-col-25 elementor-top-column elementor-element elementor-element-57682e07\" data-id=\"57682e07\" data-element_type=\"column\">\n\t\t\t<div class=\"elementor-widget-wrap\">\n\t\t\t\t\t\t\t<\/div>\n\t\t<\/div>\n\t\t\t\t\t<\/div>\n\t\t<\/section>\n\t\t\t\t<section class=\"elementor-section elementor-top-section elementor-element elementor-element-1bde87c7 elementor-section-boxed elementor-section-height-default elementor-section-height-default\" data-id=\"1bde87c7\" data-element_type=\"section\">\n\t\t\t\t\t\t<div class=\"elementor-container elementor-column-gap-default\">\n\t\t\t\t\t<div class=\"elementor-column elementor-col-100 elementor-top-column elementor-element elementor-element-436ad71c\" data-id=\"436ad71c\" data-element_type=\"column\">\n\t\t\t<div class=\"elementor-widget-wrap elementor-element-populated\">\n\t\t\t\t\t\t<div class=\"elementor-element elementor-element-7e932747 elementor-tabs-alignment-stretch elementor-tabs-view-horizontal elementor-widget elementor-widget-tabs\" data-id=\"7e932747\" data-element_type=\"widget\" data-settings=\"{&quot;_animation&quot;:&quot;none&quot;}\" data-widget_type=\"tabs.default\">\n\t\t\t\t<div class=\"elementor-widget-container\">\n\t\t\t\t\t<div class=\"elementor-tabs\">\n\t\t\t<div class=\"elementor-tabs-wrapper\" role=\"tablist\" >\n\t\t\t\t\t\t\t\t\t<div id=\"elementor-tab-title-2121\" class=\"elementor-tab-title elementor-tab-desktop-title\" aria-selected=\"true\" data-tab=\"1\" role=\"tab\" tabindex=\"0\" aria-controls=\"elementor-tab-content-2121\" aria-expanded=\"false\">Dados da obra<\/div>\n\t\t\t\t\t\t\t\t\t<div id=\"elementor-tab-title-2122\" class=\"elementor-tab-title elementor-tab-desktop-title\" aria-selected=\"false\" data-tab=\"2\" role=\"tab\" tabindex=\"-1\" aria-controls=\"elementor-tab-content-2122\" aria-expanded=\"false\">Sum\u00e1rio<\/div>\n\t\t\t\t\t\t\t\t\t<div id=\"elementor-tab-title-2123\" class=\"elementor-tab-title elementor-tab-desktop-title\" aria-selected=\"false\" data-tab=\"3\" role=\"tab\" tabindex=\"-1\" aria-controls=\"elementor-tab-content-2123\" aria-expanded=\"false\">Autoria<\/div>\n\t\t\t\t\t\t\t\t\t<div id=\"elementor-tab-title-2124\" class=\"elementor-tab-title elementor-tab-desktop-title\" aria-selected=\"false\" data-tab=\"4\" role=\"tab\" tabindex=\"-1\" aria-controls=\"elementor-tab-content-2124\" aria-expanded=\"false\">Licen\u00e7a Creative Commons<\/div>\n\t\t\t\t\t\t\t<\/div>\n\t\t\t<div class=\"elementor-tabs-content-wrapper\" role=\"tablist\" aria-orientation=\"vertical\">\n\t\t\t\t\t\t\t\t\t<div class=\"elementor-tab-title elementor-tab-mobile-title\" aria-selected=\"true\" data-tab=\"1\" role=\"tab\" tabindex=\"0\" aria-controls=\"elementor-tab-content-2121\" aria-expanded=\"false\">Dados da obra<\/div>\n\t\t\t\t\t<div id=\"elementor-tab-content-2121\" class=\"elementor-tab-content elementor-clearfix\" data-tab=\"1\" role=\"tabpanel\" aria-labelledby=\"elementor-tab-title-2121\" tabindex=\"0\" hidden=\"false\"><p><b>Publica\u00e7\u00e3o:<br \/><\/b>2019 \/ 1\u00aa edi\u00e7\u00e3o<br \/>ISBN: 978-85-8384-084-8<\/p>\n<p><b>Refer\u00eancia:<\/b>\u00a0<br \/><span style=\"color: #333333\">MAROCCO, Beatriz; ZAMIN, Angela; SILVA, Marcia Veiga da (Org.). <strong>Livro de rep\u00f3rter<\/strong>: autoralidade e cr\u00edtica das pr\u00e1ticas. Santa Maria\/RS: FACOS-UFSM, 2019. 450 p. (Recurso eletr\u00f4nico)<\/span><\/p><\/div>\n\t\t\t\t\t\t\t\t\t<div class=\"elementor-tab-title elementor-tab-mobile-title\" aria-selected=\"false\" data-tab=\"2\" role=\"tab\" tabindex=\"-1\" aria-controls=\"elementor-tab-content-2122\" aria-expanded=\"false\">Sum\u00e1rio<\/div>\n\t\t\t\t\t<div id=\"elementor-tab-content-2122\" class=\"elementor-tab-content elementor-clearfix\" data-tab=\"2\" role=\"tabpanel\" aria-labelledby=\"elementor-tab-title-2122\" tabindex=\"0\" hidden=\"hidden\"><ul>\n<li>Apresenta\u00e7\u00e3o (p. 7-16);<\/li>\n<li>Pref\u00e1cio (p. 17-22);<\/li>\n<li>HORIZONTE TE\u00d3RICO (p. 23-118);<\/li>\n<li>DAS ESCRITURAS DE Adriana Mabilia e Helena Salem (p. 119-200);<\/li>\n<li>DAS ESCRITURAS DE Alexandra Lucas Coelho e Eliane Brum (p. 201-278);<\/li>\n<li>DAS ESCRITURAS DE Fabiana Moraes (p. 279-348);<\/li>\n<li>DAS ESCRITURAS DE Daniela Arbex e outro(as) rep\u00f3rteres (p. 349-400);<\/li>\n<li>A REPORTAGEM pelas rep\u00f3rteres (p. 401-438);<\/li>\n<li>Autoras e autores.<\/li>\n<\/ul><\/div>\n\t\t\t\t\t\t\t\t\t<div class=\"elementor-tab-title elementor-tab-mobile-title\" aria-selected=\"false\" data-tab=\"3\" role=\"tab\" tabindex=\"-1\" aria-controls=\"elementor-tab-content-2123\" aria-expanded=\"false\">Autoria<\/div>\n\t\t\t\t\t<div id=\"elementor-tab-content-2123\" class=\"elementor-tab-content elementor-clearfix\" data-tab=\"3\" role=\"tabpanel\" aria-labelledby=\"elementor-tab-title-2123\" tabindex=\"0\" hidden=\"hidden\"><div style=\"color: #333333;font-family: 'Helvetica Neue', Helvetica, Arial, sans-serif;font-size: 14px\"><span style=\"color: #000000;font-size: 12pt;font-family: georgia, palatino, serif\"><b>Organizadores:<\/b><\/span><\/div>\n<div style=\"color: #333333;font-family: 'Helvetica Neue', Helvetica, Arial, sans-serif;font-size: 14px\"><span style=\"color: #000000;font-size: 12pt;font-family: georgia, palatino, serif\">Beatriz Marocco,<\/span><\/div>\n<div style=\"color: #333333;font-family: 'Helvetica Neue', Helvetica, Arial, sans-serif;font-size: 14px\"><span style=\"color: #000000;font-size: 12pt;font-family: georgia, palatino, serif\">Angela Zamin,<\/span><\/div>\n<div style=\"color: #333333;font-family: 'Helvetica Neue', Helvetica, Arial, sans-serif;font-size: 14px\"><span style=\"color: #000000;font-size: 12pt;font-family: georgia, palatino, serif\">Marcia Veiga da Silva.<\/span><br \/><span style=\"color: #000000;font-size: 12pt;font-family: georgia, palatino, serif\"><br \/><\/span><\/div>\n<div style=\"color: #333333;font-family: 'Helvetica Neue', Helvetica, Arial, sans-serif;font-size: 14px\"><span style=\"font-family: georgia, palatino, serif;font-size: 12pt\"><b>Autores:<\/b><\/span><\/div>\n<div>Adriana Mabilia,<\/div>\n<div>Angela Zamin,<\/div>\n<div>Beatriz Marocco,<\/div>\n<div>Cl\u00e1udia Lago,<\/div>\n<div>Cleusa Jung,<\/div>\n<div>Fabiana Moraes,<\/div>\n<div>Dayane do Carmo Barretos,<\/div>\n<div>Jessica Hock,<\/div>\n<div>Lara Nasi,<\/div>\n<div>Marcia Veiga da Silva,<\/div>\n<div>Marlon Santa Maria Dias,<\/div>\n<div>Mateus Quevedo,<\/div>\n<div>Reges Schwaab,<\/div>\n<div>Taiz Gizele Richter,<\/div>\n<div>Tatiana Salem Levy,<\/div>\n<div>Tatiane Milani,<\/div>\n<div>T\u00e1ssia Becker Alexandre,<\/div>\n<div>Tonie Maria Gregory dos Santos,<\/div>\n<div>Virginia Pradelina da Silveira Fonseca,<\/div>\n<div>Vivian Augustin Eichler.<\/div><\/div>\n\t\t\t\t\t\t\t\t\t<div class=\"elementor-tab-title elementor-tab-mobile-title\" aria-selected=\"false\" data-tab=\"4\" role=\"tab\" tabindex=\"-1\" aria-controls=\"elementor-tab-content-2124\" aria-expanded=\"false\">Licen\u00e7a Creative Commons<\/div>\n\t\t\t\t\t<div id=\"elementor-tab-content-2124\" class=\"elementor-tab-content elementor-clearfix\" data-tab=\"4\" role=\"tabpanel\" aria-labelledby=\"elementor-tab-title-2124\" tabindex=\"0\" hidden=\"hidden\"><p><span style=\"color: #000000;font-size: 16px\">Esta obra est\u00e1 licenciada sob uma Licen\u00e7a Creative\u00a0Commons Atribui\u00e7\u00e3o-N\u00e3oComercial-SemDeriva\u00e7\u00f5es 4.0\u00a0Internacional. Para ver uma c\u00f3pia desta licen\u00e7a, visite:\u00a0<\/span><a style=\"background-color: #ffffff;font-size: 1rem\" href=\"http:\/\/creativecommons.org\/licenses\/by-nc-nd\/4.0\/\" target=\"_blank\" rel=\"noopener\">http:\/\/creativecommons.org\/licenses\/by-nc-nd\/4.0\/<\/a><\/p><\/div>\n\t\t\t\t\t\t\t<\/div>\n\t\t<\/div>\n\t\t\t\t<\/div>\n\t\t\t\t<\/div>\n\t\t\t\t\t<\/div>\n\t\t<\/div>\n\t\t\t\t\t<\/div>\n\t\t<\/section>\n\t\t\t\t<section class=\"elementor-section elementor-top-section elementor-element elementor-element-5516204c elementor-section-boxed elementor-section-height-default elementor-section-height-default\" data-id=\"5516204c\" data-element_type=\"section\">\n\t\t\t\t\t\t<div class=\"elementor-container elementor-column-gap-default\">\n\t\t\t\t\t<div class=\"elementor-column elementor-col-100 elementor-top-column elementor-element elementor-element-2f0ee95a\" data-id=\"2f0ee95a\" data-element_type=\"column\">\n\t\t\t<div class=\"elementor-widget-wrap elementor-element-populated\">\n\t\t\t\t\t\t<div class=\"elementor-element elementor-element-740923ef elementor-widget elementor-widget-wp-widget-ufsm_noticias_widget\" data-id=\"740923ef\" data-element_type=\"widget\" data-widget_type=\"wp-widget-ufsm_noticias_widget.default\">\n\t\t\t\t<div class=\"elementor-widget-container\">\n\t\t\t<h5 class='titulo-conteudos'>Publica\u00e7\u00f5es Relacionadas<\/h5><div class='widget-noticias-inside'>\n                        <div class=\"row\">\n                                    <div class=\"col-12 col-lg-12 pb-4\">\n                                        \n                                        \n                    \n                    <a class=\"noticias-widget-title d-block \"  title=\"Manual para a cobertura jornal\u00edstica dos desastres clim\u00e1ticos\" href=\"https:\/\/www.ufsm.br\/editoras\/facos\/manual-para-a-cobertura-jornalistica-dos-desastres-climaticos\">\n                                                Manual para a cobertura jornal\u00edstica dos desastres clim\u00e1ticos                    <\/a>\n                    \n                    \n                                        \n                                        \n                                        <\/div>\n                            <\/div>\n                    <div class=\"row\">\n                                    <div class=\"col-12 col-lg-12 pb-4\">\n                                        \n                                        \n                    \n                    <a class=\"noticias-widget-title d-block \"  title=\"Manual da .TXT: um guia de reda\u00e7\u00e3o e estilo\" href=\"https:\/\/www.ufsm.br\/editoras\/facos\/manual-da-txt\">\n                                                Manual da .TXT: um guia de reda\u00e7\u00e3o e estilo                    <\/a>\n                    \n                    \n                                        \n                                        \n                                        <\/div>\n                            <\/div>\n                    <div class=\"row\">\n                                    <div class=\"col-12 col-lg-12 pb-4\">\n                                        \n                                        \n                    \n                    <a class=\"noticias-widget-title d-block \"  title=\"Cr\u00edtica das pr\u00e1ticas jornal\u00edsticas\" href=\"https:\/\/www.ufsm.br\/editoras\/facos\/critica-das-praticas-jornalisticas\">\n                                                Cr\u00edtica das pr\u00e1ticas jornal\u00edsticas                    <\/a>\n                    \n                    \n                                        \n                                        \n                                        <\/div>\n                            <\/div>\n                    <div class=\"row\">\n                                    <div class=\"col-12 col-lg-12 pb-4\">\n                                        \n                                        \n                    \n                    <a class=\"noticias-widget-title d-block \"  title=\"Jornalismo Liter\u00e1rio: itiner\u00e1rios poss\u00edveis \u2013 Homenagem a Paulo Roberto Araujo\" href=\"https:\/\/www.ufsm.br\/editoras\/facos\/jornalismo-literario-itinerarios-possiveis\">\n                                                Jornalismo Liter\u00e1rio: itiner\u00e1rios poss\u00edveis \u2013 Homenagem a Paulo Roberto Araujo                    <\/a>\n                    \n                    \n                                        \n                                        \n                                        <\/div>\n                            <\/div>\n                    <div class=\"row\">\n                                    <div class=\"col-12 col-lg-12 pb-4\">\n                                        \n                                        \n                    \n                    <a class=\"noticias-widget-title d-block \"  title=\"Minimanual para a cobertura jornal\u00edstica das mudan\u00e7as clim\u00e1ticas\" href=\"https:\/\/www.ufsm.br\/editoras\/facos\/minimanual-para-a-cobertura-jornalistica-das-mudancas-climaticas\">\n                                                Minimanual para a cobertura jornal\u00edstica das mudan\u00e7as clim\u00e1ticas                    <\/a>\n                    \n                    \n                                        \n                                        \n                                        <\/div>\n                            <\/div>\n            <\/div>\n\t\t<\/div>\n\t\t\t\t<\/div>\n\t\t\t\t\t<\/div>\n\t\t<\/div>\n\t\t\t\t\t<\/div>\n\t\t<\/section>\n\t\t\t\t<\/div>\n\t\t","protected":false},"excerpt":{"rendered":"<p>Livro de rep\u00f3rter: autoralidade e cr\u00edtica das pr\u00e1ticas Beatriz Marocco, Angela Zamin e Marcia Veiga da Silva (organizadores) Pensar o jornalismo \u00e9 atividade permanente dos grupos de pesquisa Estudos em Jornalismo (CNPq\/Unisinos) e Resto \u2013 Laborat\u00f3rio de Pr\u00e1ticas Jornal\u00edsticas (CNPq\/UFSM); o primeiro, vinculado ao Programa de P\u00f3s-Gradua\u00e7\u00e3o em Ci\u00eancias da Comunica\u00e7\u00e3o da Universidade do Vale [&hellip;]<\/p>\n","protected":false},"author":68,"featured_media":145,"parent":0,"menu_order":0,"comment_status":"closed","ping_status":"closed","template":"","meta":{"footnotes":""},"categories":[24,136],"tags":[78,22,76,77,79],"class_list":["post-106","page","type-page","status-publish","has-post-thumbnail","hentry","category-comunicacao","category-jornalismo","tag-autoralidade","tag-ebook","tag-jornalismo","tag-livro-de-reporter","tag-praticas-jornalisticas"],"acf":[],"_links":{"self":[{"href":"https:\/\/www.ufsm.br\/editoras\/facos\/wp-json\/wp\/v2\/pages\/106","targetHints":{"allow":["GET"]}}],"collection":[{"href":"https:\/\/www.ufsm.br\/editoras\/facos\/wp-json\/wp\/v2\/pages"}],"about":[{"href":"https:\/\/www.ufsm.br\/editoras\/facos\/wp-json\/wp\/v2\/types\/page"}],"author":[{"embeddable":true,"href":"https:\/\/www.ufsm.br\/editoras\/facos\/wp-json\/wp\/v2\/users\/68"}],"replies":[{"embeddable":true,"href":"https:\/\/www.ufsm.br\/editoras\/facos\/wp-json\/wp\/v2\/comments?post=106"}],"version-history":[{"count":0,"href":"https:\/\/www.ufsm.br\/editoras\/facos\/wp-json\/wp\/v2\/pages\/106\/revisions"}],"wp:featuredmedia":[{"embeddable":true,"href":"https:\/\/www.ufsm.br\/editoras\/facos\/wp-json\/wp\/v2\/media\/145"}],"wp:attachment":[{"href":"https:\/\/www.ufsm.br\/editoras\/facos\/wp-json\/wp\/v2\/media?parent=106"}],"wp:term":[{"taxonomy":"category","embeddable":true,"href":"https:\/\/www.ufsm.br\/editoras\/facos\/wp-json\/wp\/v2\/categories?post=106"},{"taxonomy":"post_tag","embeddable":true,"href":"https:\/\/www.ufsm.br\/editoras\/facos\/wp-json\/wp\/v2\/tags?post=106"}],"curies":[{"name":"wp","href":"https:\/\/api.w.org\/{rel}","templated":true}]}}