{"id":179,"date":"2021-04-05T17:06:25","date_gmt":"2021-04-05T20:06:25","guid":{"rendered":"https:\/\/www.ufsm.br\/editoras\/facos\/?page_id=179"},"modified":"2023-02-22T17:42:47","modified_gmt":"2023-02-22T20:42:47","slug":"historia-regioes-e-fronteiras","status":"publish","type":"page","link":"https:\/\/www.ufsm.br\/editoras\/facos\/historia-regioes-e-fronteiras","title":{"rendered":"Hist\u00f3ria, regi\u00f5es e fronteiras"},"content":{"rendered":"\t\t<div data-elementor-type=\"wp-page\" data-elementor-id=\"179\" class=\"elementor elementor-179\">\n\t\t\t\t\t\t<section class=\"elementor-section elementor-top-section elementor-element elementor-element-5c49c5cc elementor-section-boxed elementor-section-height-default elementor-section-height-default\" data-id=\"5c49c5cc\" data-element_type=\"section\">\n\t\t\t\t\t\t<div class=\"elementor-container elementor-column-gap-default\">\n\t\t\t\t\t<div class=\"elementor-column elementor-col-100 elementor-top-column elementor-element elementor-element-5be1033c\" data-id=\"5be1033c\" data-element_type=\"column\">\n\t\t\t<div class=\"elementor-widget-wrap elementor-element-populated\">\n\t\t\t\t\t\t<div class=\"elementor-element elementor-element-2717264f elementor-widget elementor-widget-text-editor\" data-id=\"2717264f\" data-element_type=\"widget\" data-widget_type=\"text-editor.default\">\n\t\t\t\t<div class=\"elementor-widget-container\">\n\t\t\t\t\t\t\t<h1><span style=\"font-size: 2.5rem;background-color: transparent;color: black\">Hist\u00f3ria, Regi\u00f5es e Fronteiras<\/span><\/h1>\n<h6>Ana Frega Novales, F\u00e1bio K\u00fchn, Maria Celia Bravo, Maria Medianeira Padoin e Sonia Rosa Tedeschi (organizadores)<\/h6>\t\t\t\t\t\t<\/div>\n\t\t\t\t<\/div>\n\t\t\t\t\t<\/div>\n\t\t<\/div>\n\t\t\t\t\t<\/div>\n\t\t<\/section>\n\t\t\t\t<section class=\"elementor-section elementor-top-section elementor-element elementor-element-2897cc98 elementor-section-boxed elementor-section-height-default elementor-section-height-default\" data-id=\"2897cc98\" data-element_type=\"section\">\n\t\t\t\t\t\t<div class=\"elementor-container elementor-column-gap-default\">\n\t\t\t\t\t<div class=\"elementor-column elementor-col-100 elementor-top-column elementor-element elementor-element-7fd7107d\" data-id=\"7fd7107d\" data-element_type=\"column\">\n\t\t\t<div class=\"elementor-widget-wrap elementor-element-populated\">\n\t\t\t\t\t\t<div class=\"elementor-element elementor-element-469f9406 elementor-widget elementor-widget-wp-widget-ufsm_manancial_ficha_apresentacao\" data-id=\"469f9406\" data-element_type=\"widget\" data-widget_type=\"wp-widget-ufsm_manancial_ficha_apresentacao.default\">\n\t\t\t\t<div class=\"elementor-widget-container\">\n\t\t\t<div class=\"row g-0\">\n    <div class=\"col-12 col-lg-5\">\n        <div class=\"card rounded-0 bg-primary text-white\">\n                            <img decoding=\"async\" src=\"https:\/\/repositorio.ufsm.br\/bitstream\/handle\/1\/20202\/Hist\u00f3ria, regi\u00f5es e fronteiras (capa).jpg\" class=\"img-fluid img-thumbnail mx-5 mt-5 mb-1\" >\n                        <div class=\"card-body bg-transparent-on-contraste ms-4 ps-4 me-3\">\n                <p class=\"card-title fs-5 lh-sm\">Hist\u00f3ria, regi\u00f5es e fronteiras<\/p>\n                <div class=\"d-flex flex-wrap\">\n                    <a href=\"https:\/\/repositorio.ufsm.br\/handle\/1\/20202\" class=\"small link-light underline-on-hover me-3\" target=\"_blank\">\n                        <i class=\"fa fa-external-link me-1\" aria-hidden=\"true\"><\/i>\n                        Ver no Manancial\n                    <\/a>\n                                            <a href=\"https:\/\/repositorio.ufsm.br\/bitstream\/handle\/1\/20202\/Livro AUGM Revisao 3 HD.pdf\" class=\"small link-light underline-on-hover\" target=\"_blank\">\n                            <i class=\"fa fa-file-pdf-o me-1\" aria-hidden=\"true\"><\/i>\n                            Ver o PDF\n                        <\/a>\n                                                        <\/div>\n            <\/div>\n        <\/div>\n    <\/div>\n    <div class=\"col-12 col-lg-7 d-flex\">\n        <div class=\"card rounded-0 rounded-end border-0 shadow w-100\">\n            <div class=\"card-body bg-transparent-on-contraste my-2 mx-3\">\n                <ul class=\"nav nav-pills justify-content-center\" id=\"99a815cd-a07d-4de9-9883-99f864cd71d6\" role=\"tablist\">\n                    <li class=\"nav-item\" role=\"presentation\">\n            <button class=\"nav-link active\" id=\"section-99a815cd-a07d-4de9-9883-99f864cd71d6-resumo-tab\" data-bs-toggle=\"tab\" data-bs-target=\"#section-99a815cd-a07d-4de9-9883-99f864cd71d6-resumo\" type=\"button\" role=\"tab\" aria-controls=\"section-99a815cd-a07d-4de9-9883-99f864cd71d6-resumo\"  aria-selected=\"true\" >Resumo<\/button>\n        <\/li>\n                    <li class=\"nav-item\" role=\"presentation\">\n            <button class=\"nav-link \" id=\"section-99a815cd-a07d-4de9-9883-99f864cd71d6-organizacao-tab\" data-bs-toggle=\"tab\" data-bs-target=\"#section-99a815cd-a07d-4de9-9883-99f864cd71d6-organizacao\" type=\"button\" role=\"tab\" aria-controls=\"section-99a815cd-a07d-4de9-9883-99f864cd71d6-organizacao\" >Organiza\u00e7\u00e3o<\/button>\n        <\/li>\n                    <li class=\"nav-item\" role=\"presentation\">\n            <button class=\"nav-link \" id=\"section-99a815cd-a07d-4de9-9883-99f864cd71d6-autoria-tab\" data-bs-toggle=\"tab\" data-bs-target=\"#section-99a815cd-a07d-4de9-9883-99f864cd71d6-autoria\" type=\"button\" role=\"tab\" aria-controls=\"section-99a815cd-a07d-4de9-9883-99f864cd71d6-autoria\" >Autoria<\/button>\n        <\/li>\n                    <li class=\"nav-item\" role=\"presentation\">\n            <button class=\"nav-link \" id=\"section-99a815cd-a07d-4de9-9883-99f864cd71d6-outros-dados-tab\" data-bs-toggle=\"tab\" data-bs-target=\"#section-99a815cd-a07d-4de9-9883-99f864cd71d6-outros-dados\" type=\"button\" role=\"tab\" aria-controls=\"section-99a815cd-a07d-4de9-9883-99f864cd71d6-outros-dados\" >Dados da Obra<\/button>\n        <\/li>\n                    <li class=\"nav-item\" role=\"presentation\">\n            <button class=\"nav-link \" id=\"section-99a815cd-a07d-4de9-9883-99f864cd71d6-cnpq-tab\" data-bs-toggle=\"tab\" data-bs-target=\"#section-99a815cd-a07d-4de9-9883-99f864cd71d6-cnpq\" type=\"button\" role=\"tab\" aria-controls=\"section-99a815cd-a07d-4de9-9883-99f864cd71d6-cnpq\" >CNPq<\/button>\n        <\/li>\n    <\/ul>\n<div class=\"tab-content\" id=\"99a815cd-a07d-4de9-9883-99f864cd71d6Content\">\n            <div class=\"tab-pane fade show active pt-3\" id=\"section-99a815cd-a07d-4de9-9883-99f864cd71d6-resumo\" role=\"tabpanel\" aria-labelledby=\"section-99a815cd-a07d-4de9-9883-99f864cd71d6-resumo-tab\">\n            O Comit\u00ea Hist\u00f3ria, Regi\u00f5es e Fronteiras (CHRF) da Associa\u00e7\u00e3o de Universidades do Grupo Montevid\u00e9u (AUGM), criado em 2004, vem ano a ano consolidando sua atua\u00e7\u00e3o enquanto um Comit\u00ea Acad\u00eamico que engloba grupos de pesquisa e investigadores do Brasil, Uruguai, Argentina e Chile. Em 2010, na Reuni\u00e3o Acad\u00eamica do Comit\u00ea, em Montevid\u00e9u, Uruguai, foram definidas linhas de pesquisa, entre as quais: \u201cO Processo de Constru\u00e7\u00e3o do Estado e da Na\u00e7\u00e3o\u201d, \u201cHist\u00f3ria dos Ind\u00edgenas e dos Afro-descendentes\u201d e \u201cMundo do Trabalho e Movimentos Sociais\u201d. Deste ent\u00e3o, um dos objetivos tra\u00e7ados pelo Comit\u00ea foi divulgar as pesquisas que vem sendo desenvolvidas, especialmente integradas aos Programas de P\u00f3s-Gradua\u00e7\u00e3o das Universidades part\u00edcipes do CHRF\/AUGM. Assim sendo, a presente publica\u00e7\u00e3o, que conta com o apoio financeiro da Coordena\u00e7\u00e3o de Aperfei\u00e7oamento de Pessoal de N\u00edvel Superior (CAPES), \u00e9 realiza\u00e7\u00e3o deste objetivo concretizado pelo Programa de P\u00f3s-Gradua\u00e7\u00e3o em Hist\u00f3ria da Universidade Federal de Santa Maria (UFSM), com a parceria especial do Programa de P\u00f3s-Gradua\u00e7\u00e3o em Humanidades da Universidade Nacional de Tucuman (UNT), do Doutorado em Hist\u00f3ria da Universidade Nacional de C\u00f3rdoba (UNC) da Universidade Nacional de La Plata (UNLP).        <\/div>\n            <div class=\"tab-pane fade  pt-3\" id=\"section-99a815cd-a07d-4de9-9883-99f864cd71d6-organizacao\" role=\"tabpanel\" aria-labelledby=\"section-99a815cd-a07d-4de9-9883-99f864cd71d6-organizacao-tab\">\n            <div class=\"row row-cols-1 row-cols-md-2\">\n            <div class=\"col p-1\">\n            <div class=\"border-bottom border-1 h-100\">\n                Novales, Ana Frega            <\/div>\n        <\/div>\n            <div class=\"col p-1\">\n            <div class=\"border-bottom border-1 h-100\">\n                Padoin, Maria Medianeira            <\/div>\n        <\/div>\n            <div class=\"col p-1\">\n            <div class=\"border-bottom border-1 h-100\">\n                K\u00fchn, F\u00e1bio            <\/div>\n        <\/div>\n            <div class=\"col p-1\">\n            <div class=\"border-bottom border-1 h-100\">\n                Bravo, Maria Celia            <\/div>\n        <\/div>\n            <div class=\"col p-1\">\n            <div class=\"border-bottom border-1 h-100\">\n                Tedeschi, Sonia Rosa            <\/div>\n        <\/div>\n        \n<\/div>\n        <\/div>\n            <div class=\"tab-pane fade  pt-3\" id=\"section-99a815cd-a07d-4de9-9883-99f864cd71d6-autoria\" role=\"tabpanel\" aria-labelledby=\"section-99a815cd-a07d-4de9-9883-99f864cd71d6-autoria-tab\">\n            <div class=\"tab-content\" id=\"1777438091Content\">\n            <div class=\"tab-pane fade show active pt-3\" id=\"section-1777438091-0\" role=\"tabpanel\" aria-labelledby=\"section-1777438091-0-tab\">\n            <div class=\"row row-cols-1 row-cols-md-2\">\n            <div class=\"col p-1\">\n            <div class=\"border-bottom border-1 h-100\">\n                Chiaramonte, Jos\u00e9 Carlos            <\/div>\n        <\/div>\n            <div class=\"col p-1\">\n            <div class=\"border-bottom border-1 h-100\">\n                Tedeschi, Sonia Rosa            <\/div>\n        <\/div>\n            <div class=\"col p-1\">\n            <div class=\"border-bottom border-1 h-100\">\n                Grij\u00f3, Luiz Alberto            <\/div>\n        <\/div>\n            <div class=\"col p-1\">\n            <div class=\"border-bottom border-1 h-100\">\n                Ma\u00edz, Claudio            <\/div>\n        <\/div>\n            <div class=\"col p-1\">\n            <div class=\"border-bottom border-1 h-100\">\n                Souza, Susana Bleil de            <\/div>\n        <\/div>\n            <div class=\"col p-1\">\n            <div class=\"border-bottom border-1 h-100\">\n                K\u00fchn, F\u00e1bio            <\/div>\n        <\/div>\n            <div class=\"col p-1\">\n            <div class=\"border-bottom border-1 h-100\">\n                Moraes, Mar\u00eda In\u00e9s            <\/div>\n        <\/div>\n            <div class=\"col p-1\">\n            <div class=\"border-bottom border-1 h-100\">\n                Padoin, Maria Medianeira            <\/div>\n        <\/div>\n            <div class=\"col p-1\">\n            <div class=\"border-bottom border-1 h-100\">\n                Pereira, Alessandro de Almeida            <\/div>\n        <\/div>\n            <div class=\"col p-1\">\n            <div class=\"border-bottom border-1 h-100\">\n                Bidinoto, Lauro Manzoni            <\/div>\n        <\/div>\n            <div class=\"col p-1\">\n            <div class=\"border-bottom border-1 h-100\">\n                Macchi, Virginia            <\/div>\n        <\/div>\n            <div class=\"col p-1\">\n            <div class=\"border-bottom border-1 h-100\">\n                Ayrolo, Valentina            <\/div>\n        <\/div>\n            <div class=\"col p-1\">\n            <div class=\"border-bottom border-1 h-100\">\n                Morea, Alejandro            <\/div>\n        <\/div>\n            <div class=\"col p-1\">\n            <div class=\"border-bottom border-1 h-100\">\n                Lanteri, Ana Laura            <\/div>\n        <\/div>\n            <div class=\"col p-1\">\n            <div class=\"border-bottom border-1 h-100\">\n                Rossato, Monica            <\/div>\n        <\/div>\n            <div class=\"col p-1\">\n            <div class=\"border-bottom border-1 h-100\">\n                Ferullo, Diana Ver\u00f3nica            <\/div>\n        <\/div>\n        \n<\/div>\n        <\/div>\n            <div class=\"tab-pane fade  pt-3\" id=\"section-1777438091-1\" role=\"tabpanel\" aria-labelledby=\"section-1777438091-1-tab\">\n            <div class=\"row row-cols-1 row-cols-md-2\">\n            <div class=\"col p-1\">\n            <div class=\"border-bottom border-1 h-100\">\n                Bravo, Mar\u00eda Celia            <\/div>\n        <\/div>\n            <div class=\"col p-1\">\n            <div class=\"border-bottom border-1 h-100\">\n                Cunha, Jorge Luiz da            <\/div>\n        <\/div>\n            <div class=\"col p-1\">\n            <div class=\"border-bottom border-1 h-100\">\n                Marin, Diosen            <\/div>\n        <\/div>\n            <div class=\"col p-1\">\n            <div class=\"border-bottom border-1 h-100\">\n                Santos, J\u00falio Riardo Quevedo dos            <\/div>\n        <\/div>\n            <div class=\"col p-1\">\n            <div class=\"border-bottom border-1 h-100\">\n                Valdemarca, Laura            <\/div>\n        <\/div>\n            <div class=\"col p-1\">\n            <div class=\"border-bottom border-1 h-100\">\n                Silveira, Ada Cristina Machado            <\/div>\n        <\/div>\n            <div class=\"col p-1\">\n            <div class=\"border-bottom border-1 h-100\">\n                Guimar\u00e3es, Isabel Padilha            <\/div>\n        <\/div>\n            <div class=\"col p-1\">\n            <div class=\"border-bottom border-1 h-100\">\n                Lisb\u00f4a Filho, Flavi Ferreira            <\/div>\n        <\/div>\n            <div class=\"col p-1\">\n            <div class=\"border-bottom border-1 h-100\">\n                Pommer, Roselene Moreira Gomes            <\/div>\n        <\/div>\n            <div class=\"col p-1\">\n            <div class=\"border-bottom border-1 h-100\">\n                Konrad, Glaucia Vieira Ramos            <\/div>\n        <\/div>\n            <div class=\"col p-1\">\n            <div class=\"border-bottom border-1 h-100\">\n                Lima, Bruna            <\/div>\n        <\/div>\n            <div class=\"col p-1\">\n            <div class=\"border-bottom border-1 h-100\">\n                Konrad, Diorge Alceno            <\/div>\n        <\/div>\n            <div class=\"col p-1\">\n            <div class=\"border-bottom border-1 h-100\">\n                Barahona, Cristina Moyano            <\/div>\n        <\/div>\n            <div class=\"col p-1\">\n            <div class=\"border-bottom border-1 h-100\">\n                Cerda, Francisco Del Campo            <\/div>\n        <\/div>\n            <div class=\"col p-1\">\n            <div class=\"border-bottom border-1 h-100\">\n                L\u00e1zzaro, Silvia B.            <\/div>\n        <\/div>\n            <div class=\"col p-1\">\n            <div class=\"border-bottom border-1 h-100\">\n                Valdebenito, Hern\u00e1n Venegas            <\/div>\n        <\/div>\n        \n<\/div>\n        <\/div>\n            <div class=\"tab-pane fade  pt-3\" id=\"section-1777438091-2\" role=\"tabpanel\" aria-labelledby=\"section-1777438091-2-tab\">\n            <div class=\"row row-cols-1 row-cols-md-2\">\n            <div class=\"col p-1\">\n            <div class=\"border-bottom border-1 h-100\">\n                Campi, Daniel            <\/div>\n        <\/div>\n            <div class=\"col p-1\">\n            <div class=\"border-bottom border-1 h-100\">\n                Vignoli, Marcela            <\/div>\n        <\/div>\n            <div class=\"col p-1\">\n            <div class=\"border-bottom border-1 h-100\">\n                Borin, Marta Rosa            <\/div>\n        <\/div>\n            <div class=\"col p-1\">\n            <div class=\"border-bottom border-1 h-100\">\n                Nicoloso, Fabr\u00edcio Rigo            <\/div>\n        <\/div>\n        \n<\/div>\n        <\/div>\n    <\/div>\n<ul class=\"nav nav-pills justify-content-end\" id=\"1777438091\" role=\"tablist\">\n                    <li class=\"nav-item\" role=\"presentation\">\n            <button class=\"nav-link active\" id=\"section-1777438091-0-tab\" data-bs-toggle=\"tab\" data-bs-target=\"#section-1777438091-0\" type=\"button\" role=\"tab\" aria-controls=\"section-1777438091-0\"  aria-selected=\"true\" >1<\/button>\n        <\/li>\n                    <li class=\"nav-item\" role=\"presentation\">\n            <button class=\"nav-link \" id=\"section-1777438091-1-tab\" data-bs-toggle=\"tab\" data-bs-target=\"#section-1777438091-1\" type=\"button\" role=\"tab\" aria-controls=\"section-1777438091-1\" >2<\/button>\n        <\/li>\n                    <li class=\"nav-item\" role=\"presentation\">\n            <button class=\"nav-link \" id=\"section-1777438091-2-tab\" data-bs-toggle=\"tab\" data-bs-target=\"#section-1777438091-2\" type=\"button\" role=\"tab\" aria-controls=\"section-1777438091-2\" >3<\/button>\n        <\/li>\n    <\/ul>\n        <\/div>\n            <div class=\"tab-pane fade  pt-3\" id=\"section-99a815cd-a07d-4de9-9883-99f864cd71d6-outros-dados\" role=\"tabpanel\" aria-labelledby=\"section-99a815cd-a07d-4de9-9883-99f864cd71d6-outros-dados-tab\">\n            <dl class=\"row\">\n    <dt class=\"col-12 col-md-3\">Publica\u00e7\u00e3o<\/dt>\n    <dd class=\"col-12 col-md-9\">\n        <dl class=\"row\">\n            <dt class=\"col-12 col-md-4\">Ano<\/dt>\n            <dd class=\"col-12 col-md-8\">2012<\/dd>\n            <dt class=\"col-12 col-md-4\">ISBN<\/dt>\n            <dd class=\"col-12 col-md-8\">9788598031774<\/dd>\n        <\/dl>\n    <\/dd>\n                <dt class=\"col-12 col-md-3\">Assuntos<\/dt>\n        <dd class=\"col-12 col-md-9\">Hist\u00f3ria;<br>Pol\u00edtica;<br>Sociologia;<br>Regi\u00f5es;<br>Fronteiras<\/dd>\n                <dt class=\"col-12 col-md-3\">Licen\u00e7a<\/dt>\n        <dd class=\"col-12 col-md-9\">\n            Acesso Aberto;<br><a target='_blank' href='http:\/\/creativecommons.org\/licenses\/by-nc-nd\/4.0\/'>http:\/\/creativecommons.org\/licenses\/by-nc-nd\/4.0\/<\/a>        <\/dd>\n        \n<\/dl>\n        <\/div>\n            <div class=\"tab-pane fade  pt-3\" id=\"section-99a815cd-a07d-4de9-9883-99f864cd71d6-cnpq\" role=\"tabpanel\" aria-labelledby=\"section-99a815cd-a07d-4de9-9883-99f864cd71d6-cnpq-tab\">\n            <dl class=\"row\">\n    <dt class=\"col-12 col-md-3\">Grande \u00e1rea<\/dt>\n    <dd class=\"col-12 col-md-9 text-capitalize\">ciencias humanas<\/dd>\n    \n            <dt class=\"col-12 col-md-3\">\u00c1rea<\/dt>\n        <dd class=\"col-12 col-md-9 text-capitalize\">historia<\/dd>\n        \n            \n    <\/dl>\n        <\/div>\n    <\/div>\n            <\/div>\n        <\/div>\n    <\/div>\n<\/div>\n\t\t<\/div>\n\t\t\t\t<\/div>\n\t\t\t\t<div class=\"elementor-element elementor-element-359a3f29 elementor-widget elementor-widget-spacer\" data-id=\"359a3f29\" data-element_type=\"widget\" data-widget_type=\"spacer.default\">\n\t\t\t\t<div class=\"elementor-widget-container\">\n\t\t\t\t\t<div class=\"elementor-spacer\">\n\t\t\t<div class=\"elementor-spacer-inner\"><\/div>\n\t\t<\/div>\n\t\t\t\t<\/div>\n\t\t\t\t<\/div>\n\t\t\t\t<div class=\"elementor-element elementor-element-56fcc9dc elementor-widget elementor-widget-wp-widget-ufsm_noticias_widget\" data-id=\"56fcc9dc\" data-element_type=\"widget\" data-widget_type=\"wp-widget-ufsm_noticias_widget.default\">\n\t\t\t\t<div class=\"elementor-widget-container\">\n\t\t\t<h5 class='titulo-conteudos'>Publica\u00e7\u00f5es Relacionadas<\/h5><div class='widget-noticias-inside'>\n                        <div class=\"row\">\n                                    <div class=\"col-12 col-lg-3 pb-4\">\n                                            <div class=\"noticias-widget-wrap\" style=\"height: 280px; overflow: hidden;\">\n                            <a title=\"Capa do ebook Concurso liter\u00e1rio \u201cAs lembran\u00e7as que eu tenho da UFSM\/FW\u201d Edi\u00e7\u00f5es 2023 e 2024\" href=\"https:\/\/www.ufsm.br\/editoras\/facos\/concurso-literario-as-lembrancas-que-eu-tenho-da-ufsm-fw-edicoes-2023-e-2024\">\n                                <span class=\"visually-hidden\">\n                                    Capa do ebook Concurso liter\u00e1rio \u201cAs lembran\u00e7as que eu tenho da UFSM\/FW\u201d Edi\u00e7\u00f5es 2023 e 2024                                <\/span>\n                                <div class=\"noticias-widget-thumbs h-100\">\n                                    <img decoding=\"async\" class=\"object-fit-cover h-100 w-100\" alt=\"\" srcset=\"https:\/\/www.ufsm.br\/app\/uploads\/sites\/746\/2026\/01\/Concurso_literario-212x300.jpg 212w, https:\/\/www.ufsm.br\/app\/uploads\/sites\/746\/2026\/01\/Concurso_literario.jpg 596w\" src=\"https:\/\/www.ufsm.br\/app\/uploads\/sites\/746\/2026\/01\/Concurso_literario.jpg\"><\/img>\n                                <\/div>\n                            <\/a>\n                        <\/div>\n                                        \n                                        \n                    \n                    <a class=\"noticias-widget-title d-block  m-0 \"  title=\"Concurso liter\u00e1rio \u201cAs lembran\u00e7as que eu tenho da UFSM\/FW\u201d: Edi\u00e7\u00f5es 2023 e 2024\" href=\"https:\/\/www.ufsm.br\/editoras\/facos\/concurso-literario-as-lembrancas-que-eu-tenho-da-ufsm-fw-edicoes-2023-e-2024\">\n                                                Concurso liter\u00e1rio \u201cAs lembran\u00e7as que eu tenho da UFSM\/FW\u201d: Edi\u00e7\u00f5es 2023 e 2024                    <\/a>\n                    \n                    \n                                        \n                                        \n                                        <\/div>\n                                    <div class=\"col-12 col-lg-3 pb-4\">\n                                            <div class=\"noticias-widget-wrap\" style=\"height: 280px; overflow: hidden;\">\n                            <a title=\"Anais 7 SENAFE e 3 SEINFE\" href=\"https:\/\/www.ufsm.br\/editoras\/facos\/anais-vii-senafe-e-iii-seinfe\">\n                                <span class=\"visually-hidden\">\n                                    Anais 7 SENAFE e 3 SEINFE                                <\/span>\n                                <div class=\"noticias-widget-thumbs h-100\">\n                                    <img decoding=\"async\" class=\"object-fit-cover h-100 w-100\" alt=\"\" srcset=\"https:\/\/www.ufsm.br\/app\/uploads\/sites\/746\/2025\/11\/Anais-Senafe-2024-212x300.jpg 212w, https:\/\/www.ufsm.br\/app\/uploads\/sites\/746\/2025\/11\/Anais-Senafe-2024-724x1024.jpg 724w, https:\/\/www.ufsm.br\/app\/uploads\/sites\/746\/2025\/11\/Anais-Senafe-2024-768x1086.jpg 768w, https:\/\/www.ufsm.br\/app\/uploads\/sites\/746\/2025\/11\/Anais-Senafe-2024-1086x1536.jpg 1086w, https:\/\/www.ufsm.br\/app\/uploads\/sites\/746\/2025\/11\/Anais-Senafe-2024-1448x2048.jpg 1448w, https:\/\/www.ufsm.br\/app\/uploads\/sites\/746\/2025\/11\/Anais-Senafe-2024-scaled.jpg 1810w\" src=\"https:\/\/www.ufsm.br\/app\/uploads\/sites\/746\/2025\/11\/Anais-Senafe-2024-724x1024.jpg\"><\/img>\n                                <\/div>\n                            <\/a>\n                        <\/div>\n                                        \n                                        \n                    \n                    <a class=\"noticias-widget-title d-block  m-0 \"  title=\"Anais VII SENAFE e III SEINFE\u00a0\" href=\"https:\/\/www.ufsm.br\/editoras\/facos\/anais-vii-senafe-e-iii-seinfe\">\n                                                Anais VII SENAFE e III SEINFE\u00a0                    <\/a>\n                    \n                    \n                                        \n                                        \n                                        <\/div>\n                                    <div class=\"col-12 col-lg-3 pb-4\">\n                                            <div class=\"noticias-widget-wrap\" style=\"height: 280px; overflow: hidden;\">\n                            <a title=\"Capa do ebook Filosofia e Educa\u00e7\u00e3o\" href=\"https:\/\/www.ufsm.br\/editoras\/facos\/filosofia-e-educacao-sustentabilidade-violencia-escolar-e-formacao-para-a-cidadania\">\n                                <span class=\"visually-hidden\">\n                                    Capa do ebook Filosofia e Educa\u00e7\u00e3o                                <\/span>\n                                <div class=\"noticias-widget-thumbs h-100\">\n                                    <img decoding=\"async\" class=\"object-fit-cover h-100 w-100\" alt=\"\" srcset=\"https:\/\/www.ufsm.br\/app\/uploads\/sites\/746\/2025\/11\/Filosofia-e-educacao-212x300.jpg 212w, https:\/\/www.ufsm.br\/app\/uploads\/sites\/746\/2025\/11\/Filosofia-e-educacao-724x1024.jpg 724w, https:\/\/www.ufsm.br\/app\/uploads\/sites\/746\/2025\/11\/Filosofia-e-educacao-768x1086.jpg 768w, https:\/\/www.ufsm.br\/app\/uploads\/sites\/746\/2025\/11\/Filosofia-e-educacao-1086x1536.jpg 1086w, https:\/\/www.ufsm.br\/app\/uploads\/sites\/746\/2025\/11\/Filosofia-e-educacao.jpg 1092w\" src=\"https:\/\/www.ufsm.br\/app\/uploads\/sites\/746\/2025\/11\/Filosofia-e-educacao-724x1024.jpg\"><\/img>\n                                <\/div>\n                            <\/a>\n                        <\/div>\n                                        \n                                        \n                    \n                    <a class=\"noticias-widget-title d-block  m-0 \"  title=\"Filosofia e educa\u00e7\u00e3o: sustentabilidade, viol\u00eancia escolar e forma\u00e7\u00e3o para a cidadania\" href=\"https:\/\/www.ufsm.br\/editoras\/facos\/filosofia-e-educacao-sustentabilidade-violencia-escolar-e-formacao-para-a-cidadania\">\n                                                Filosofia e educa\u00e7\u00e3o: sustentabilidade, viol\u00eancia escolar e forma\u00e7\u00e3o para a cidadania                    <\/a>\n                    \n                    \n                                        \n                                        \n                                        <\/div>\n                                    <div class=\"col-12 col-lg-3 pb-4\">\n                                            <div class=\"noticias-widget-wrap\" style=\"height: 280px; overflow: hidden;\">\n                            <a title=\"Capa do livro Identidades e territ\u00f3rios\" href=\"https:\/\/www.ufsm.br\/editoras\/facos\/identidades-territorios-cultura-comunicacao-e-desenvolvimento\">\n                                <span class=\"visually-hidden\">\n                                    Capa do livro Identidades e territ\u00f3rios                                <\/span>\n                                <div class=\"noticias-widget-thumbs h-100\">\n                                    <img decoding=\"async\" class=\"object-fit-cover h-100 w-100\" alt=\"\" srcset=\"https:\/\/www.ufsm.br\/app\/uploads\/sites\/746\/2025\/08\/IDENTIDADES_E_TERRITORIOS-212x300.png 212w, https:\/\/www.ufsm.br\/app\/uploads\/sites\/746\/2025\/08\/IDENTIDADES_E_TERRITORIOS-724x1024.png 724w, https:\/\/www.ufsm.br\/app\/uploads\/sites\/746\/2025\/08\/IDENTIDADES_E_TERRITORIOS-768x1086.png 768w, https:\/\/www.ufsm.br\/app\/uploads\/sites\/746\/2025\/08\/IDENTIDADES_E_TERRITORIOS-1086x1536.png 1086w, https:\/\/www.ufsm.br\/app\/uploads\/sites\/746\/2025\/08\/IDENTIDADES_E_TERRITORIOS-1448x2048.png 1448w, https:\/\/www.ufsm.br\/app\/uploads\/sites\/746\/2025\/08\/IDENTIDADES_E_TERRITORIOS.png 1654w\" src=\"https:\/\/www.ufsm.br\/app\/uploads\/sites\/746\/2025\/08\/IDENTIDADES_E_TERRITORIOS-724x1024.png\"><\/img>\n                                <\/div>\n                            <\/a>\n                        <\/div>\n                                        \n                                        \n                    \n                    <a class=\"noticias-widget-title d-block  m-0 \"  title=\"Identidades &amp; territ\u00f3rios: cultura, comunica\u00e7\u00e3o e desenvolvimento\" href=\"https:\/\/www.ufsm.br\/editoras\/facos\/identidades-territorios-cultura-comunicacao-e-desenvolvimento\">\n                                                Identidades &amp; territ\u00f3rios: cultura, comunica\u00e7\u00e3o e desenvolvimento                    <\/a>\n                    \n                    \n                                        \n                                        \n                                        <\/div>\n                            <\/div>\n            <\/div>\n\t\t<\/div>\n\t\t\t\t<\/div>\n\t\t\t\t\t<\/div>\n\t\t<\/div>\n\t\t\t\t\t<\/div>\n\t\t<\/section>\n\t\t\t\t<\/div>\n\t\t","protected":false},"excerpt":{"rendered":"<p>Hist\u00f3ria, Regi\u00f5es e Fronteiras Ana Frega Novales, F\u00e1bio K\u00fchn, Maria Celia Bravo, Maria Medianeira Padoin e Sonia Rosa Tedeschi (organizadores)<\/p>\n","protected":false},"author":3829,"featured_media":299,"parent":0,"menu_order":0,"comment_status":"closed","ping_status":"closed","template":"","meta":{"footnotes":""},"categories":[141,140],"tags":[119,46,45,127,126],"class_list":["post-179","page","type-page","status-publish","has-post-thumbnail","hentry","category-cultura","category-historia","tag-fronteiras","tag-historia","tag-politica","tag-regioes","tag-sociologia"],"acf":[],"_links":{"self":[{"href":"https:\/\/www.ufsm.br\/editoras\/facos\/wp-json\/wp\/v2\/pages\/179","targetHints":{"allow":["GET"]}}],"collection":[{"href":"https:\/\/www.ufsm.br\/editoras\/facos\/wp-json\/wp\/v2\/pages"}],"about":[{"href":"https:\/\/www.ufsm.br\/editoras\/facos\/wp-json\/wp\/v2\/types\/page"}],"author":[{"embeddable":true,"href":"https:\/\/www.ufsm.br\/editoras\/facos\/wp-json\/wp\/v2\/users\/3829"}],"replies":[{"embeddable":true,"href":"https:\/\/www.ufsm.br\/editoras\/facos\/wp-json\/wp\/v2\/comments?post=179"}],"version-history":[{"count":0,"href":"https:\/\/www.ufsm.br\/editoras\/facos\/wp-json\/wp\/v2\/pages\/179\/revisions"}],"wp:featuredmedia":[{"embeddable":true,"href":"https:\/\/www.ufsm.br\/editoras\/facos\/wp-json\/wp\/v2\/media\/299"}],"wp:attachment":[{"href":"https:\/\/www.ufsm.br\/editoras\/facos\/wp-json\/wp\/v2\/media?parent=179"}],"wp:term":[{"taxonomy":"category","embeddable":true,"href":"https:\/\/www.ufsm.br\/editoras\/facos\/wp-json\/wp\/v2\/categories?post=179"},{"taxonomy":"post_tag","embeddable":true,"href":"https:\/\/www.ufsm.br\/editoras\/facos\/wp-json\/wp\/v2\/tags?post=179"}],"curies":[{"name":"wp","href":"https:\/\/api.w.org\/{rel}","templated":true}]}}