{"id":189,"date":"2021-06-03T19:56:47","date_gmt":"2021-06-03T22:56:47","guid":{"rendered":"https:\/\/www.ufsm.br\/editoras\/facos\/?page_id=189"},"modified":"2021-06-17T14:49:09","modified_gmt":"2021-06-17T17:49:09","slug":"anais-vi-senafe-e-ii-seinfe","status":"publish","type":"page","link":"https:\/\/www.ufsm.br\/editoras\/facos\/anais-vi-senafe-e-ii-seinfe","title":{"rendered":"Anais VI SENAFE e II SEINFE"},"content":{"rendered":"\t\t<div data-elementor-type=\"wp-page\" data-elementor-id=\"189\" class=\"elementor elementor-189\">\n\t\t\t\t\t\t<section class=\"elementor-section elementor-top-section elementor-element elementor-element-700e65e4 elementor-section-boxed elementor-section-height-default elementor-section-height-default\" data-id=\"700e65e4\" data-element_type=\"section\">\n\t\t\t\t\t\t<div class=\"elementor-container elementor-column-gap-default\">\n\t\t\t\t\t<div class=\"elementor-column elementor-col-100 elementor-top-column elementor-element elementor-element-2db11c78\" data-id=\"2db11c78\" data-element_type=\"column\">\n\t\t\t<div class=\"elementor-widget-wrap elementor-element-populated\">\n\t\t\t\t\t\t<div class=\"elementor-element elementor-element-546695f3 elementor-widget elementor-widget-text-editor\" data-id=\"546695f3\" data-element_type=\"widget\" data-widget_type=\"text-editor.default\">\n\t\t\t\t<div class=\"elementor-widget-container\">\n\t\t\t\t\t\t\t<h1>Anais VI SENAFE e II SEINFE<\/h1><h6>Amarildo Luiz Trevisan, Elisete Medianeira Tomazetti e Noeli Dutra Rossatto (organizadores)<\/h6>\t\t\t\t\t\t<\/div>\n\t\t\t\t<\/div>\n\t\t\t\t<section class=\"elementor-section elementor-inner-section elementor-element elementor-element-2cd219e1 elementor-hidden-tablet elementor-section-boxed elementor-section-height-default elementor-section-height-default\" data-id=\"2cd219e1\" data-element_type=\"section\">\n\t\t\t\t\t\t<div class=\"elementor-container elementor-column-gap-default\">\n\t\t\t\t\t<div class=\"elementor-column elementor-col-50 elementor-inner-column elementor-element elementor-element-3b67f40c\" data-id=\"3b67f40c\" data-element_type=\"column\">\n\t\t\t<div class=\"elementor-widget-wrap elementor-element-populated\">\n\t\t\t\t\t\t<div class=\"elementor-element elementor-element-157dd7aa elementor-widget elementor-widget-text-editor\" data-id=\"157dd7aa\" data-element_type=\"widget\" data-widget_type=\"text-editor.default\">\n\t\t\t\t<div class=\"elementor-widget-container\">\n\t\t\t\t\t\t\t<figure id=\"attachment_229\" aria-describedby=\"caption-attachment-229\" style=\"width: 212px\" class=\"wp-caption aligncenter\"><img fetchpriority=\"high\" decoding=\"async\" class=\"size-medium wp-image-229\" src=\"https:\/\/www.ufsm.br\/app\/uploads\/sites\/746\/2021\/06\/Anais-VI-SENAFE-e-II-SEINFE-capa-212x300.jpg\" alt=\"\" width=\"212\" height=\"300\" srcset=\"https:\/\/www.ufsm.br\/app\/uploads\/sites\/746\/2021\/06\/Anais-VI-SENAFE-e-II-SEINFE-capa-212x300.jpg 212w, https:\/\/www.ufsm.br\/app\/uploads\/sites\/746\/2021\/06\/Anais-VI-SENAFE-e-II-SEINFE-capa.jpg 595w\" sizes=\"(max-width: 212px) 100vw, 212px\" \/><figcaption id=\"caption-attachment-229\" class=\"wp-caption-text\">Anais VI SENAFE e II SEINFE<\/figcaption><\/figure>\t\t\t\t\t\t<\/div>\n\t\t\t\t<\/div>\n\t\t\t\t\t<\/div>\n\t\t<\/div>\n\t\t\t\t<div class=\"elementor-column elementor-col-50 elementor-inner-column elementor-element elementor-element-593af76f\" data-id=\"593af76f\" data-element_type=\"column\">\n\t\t\t<div class=\"elementor-widget-wrap elementor-element-populated\">\n\t\t\t\t\t\t<div class=\"elementor-element elementor-element-76729b26 elementor-widget elementor-widget-text-editor\" data-id=\"76729b26\" data-element_type=\"widget\" data-widget_type=\"text-editor.default\">\n\t\t\t\t<div class=\"elementor-widget-container\">\n\t\t\t\t\t\t\t<p>O <em>VI Senafe \u2013 Semin\u00e1rio Nacional de Filosofia e Educa\u00e7\u00e3o: Conflu\u00eancias <\/em>e<em> II Seinfe &#8211; Semin\u00e1rio Internacional de Filosofia e Educa\u00e7\u00e3o: Conflu\u00eancias<\/em> ocorreu nos dias 06, 07 e 08 de novembro de 2019, no campus da Universidade Federal de Santa Maria &#8211; UFSM na cidade de Santa Maria (Rio Grande do Sul\/Brasil). O tema do semin\u00e1rio \u201cEscola, Viol\u00eancia e \u00c9tica\u201d teve por objetivo congregar pesquisas que abordem o tema da viol\u00eancia relacionado \u00e0 Educa\u00e7\u00e3o, na perspectiva \u00c9tica. Pretendeu-se promover o di\u00e1logo com a comunidade escolar, bem como com acad\u00eamicos e professores pesquisadores da gradua\u00e7\u00e3o e da p\u00f3s gradua\u00e7\u00e3o, tendo em vista que o Grupo de Pesquisa Forma\u00e7\u00e3o Cultural, Hermen\u00eautica e Educa\u00e7\u00e3o (GPFORMA), o Grupo de Pesquisa Filosofia, Cultura Juvenil e Ensino M\u00e9dio (FILJEM) e o Grupo de Pesquisa Racionalidade e Forma\u00e7\u00e3o (RACIOFORM) investigam, a partir da complementariedade entre epistemologia e hermen\u00eautica, as narrativas oriundas das viv\u00eancias da escola b\u00e1sica em confronto com as teorias da educa\u00e7\u00e3o.<\/p>\t\t\t\t\t\t<\/div>\n\t\t\t\t<\/div>\n\t\t\t\t\t<\/div>\n\t\t<\/div>\n\t\t\t\t\t<\/div>\n\t\t<\/section>\n\t\t\t\t<div class=\"elementor-element elementor-element-b9b479b elementor-hidden-desktop elementor-hidden-phone elementor-widget elementor-widget-text-editor\" data-id=\"b9b479b\" data-element_type=\"widget\" data-widget_type=\"text-editor.default\">\n\t\t\t\t<div class=\"elementor-widget-container\">\n\t\t\t\t\t\t\t<figure id=\"attachment_229\" aria-describedby=\"caption-attachment-229\" style=\"width: 212px\" class=\"wp-caption aligncenter\"><img fetchpriority=\"high\" decoding=\"async\" class=\"size-medium wp-image-229\" src=\"https:\/\/www.ufsm.br\/app\/uploads\/sites\/746\/2021\/06\/Anais-VI-SENAFE-e-II-SEINFE-capa-212x300.jpg\" alt=\"\" width=\"212\" height=\"300\" srcset=\"https:\/\/www.ufsm.br\/app\/uploads\/sites\/746\/2021\/06\/Anais-VI-SENAFE-e-II-SEINFE-capa-212x300.jpg 212w, https:\/\/www.ufsm.br\/app\/uploads\/sites\/746\/2021\/06\/Anais-VI-SENAFE-e-II-SEINFE-capa.jpg 595w\" sizes=\"(max-width: 212px) 100vw, 212px\" \/><figcaption id=\"caption-attachment-229\" class=\"wp-caption-text\">Anais VI SENAFE e II SEINFE<\/figcaption><\/figure>\n<p>O <em>VI Senafe \u2013 Semin\u00e1rio Nacional de Filosofia e Educa\u00e7\u00e3o: Conflu\u00eancias <\/em>e<em> II Seinfe &#8211; Semin\u00e1rio Internacional de Filosofia e Educa\u00e7\u00e3o: Conflu\u00eancias<\/em> ocorreu nos dias 06, 07 e 08 de novembro de 2019, no campus da Universidade Federal de Santa Maria &#8211; UFSM na cidade de Santa Maria (Rio Grande do Sul\/Brasil). O tema do semin\u00e1rio \u201cEscola, Viol\u00eancia e \u00c9tica\u201d teve por objetivo congregar pesquisas que abordem o tema da viol\u00eancia relacionado \u00e0 Educa\u00e7\u00e3o, na perspectiva \u00c9tica. Pretendeu-se promover o di\u00e1logo com a comunidade escolar, bem como com acad\u00eamicos e professores pesquisadores da gradua\u00e7\u00e3o e da p\u00f3s gradua\u00e7\u00e3o, tendo em vista que o Grupo de Pesquisa Forma\u00e7\u00e3o Cultural, Hermen\u00eautica e Educa\u00e7\u00e3o (GPFORMA), o Grupo de Pesquisa Filosofia, Cultura Juvenil e Ensino M\u00e9dio (FILJEM) e o Grupo de Pesquisa Racionalidade e Forma\u00e7\u00e3o (RACIOFORM) investigam, a partir da complementariedade entre epistemologia e hermen\u00eautica, as narrativas oriundas das viv\u00eancias da escola b\u00e1sica em confronto com as teorias da educa\u00e7\u00e3o.<\/p>\t\t\t\t\t\t<\/div>\n\t\t\t\t<\/div>\n\t\t\t\t<div class=\"elementor-element elementor-element-2c9e5c21 elementor-widget elementor-widget-heading\" data-id=\"2c9e5c21\" data-element_type=\"widget\" data-widget_type=\"heading.default\">\n\t\t\t\t<div class=\"elementor-widget-container\">\n\t\t\t<h4 class=\"elementor-heading-title elementor-size-default\">Acesso \u00e0 obra<\/h4>\t\t<\/div>\n\t\t\t\t<\/div>\n\t\t\t\t\t<\/div>\n\t\t<\/div>\n\t\t\t\t\t<\/div>\n\t\t<\/section>\n\t\t\t\t<section class=\"elementor-section elementor-top-section elementor-element elementor-element-29af3925 elementor-section-boxed elementor-section-height-default elementor-section-height-default\" data-id=\"29af3925\" data-element_type=\"section\">\n\t\t\t\t\t\t<div class=\"elementor-container elementor-column-gap-default\">\n\t\t\t\t\t<div class=\"elementor-column elementor-col-25 elementor-top-column elementor-element elementor-element-3ff48aa7\" data-id=\"3ff48aa7\" data-element_type=\"column\">\n\t\t\t<div class=\"elementor-widget-wrap\">\n\t\t\t\t\t\t\t<\/div>\n\t\t<\/div>\n\t\t\t\t<div class=\"elementor-column elementor-col-25 elementor-top-column elementor-element elementor-element-6be50b5f\" data-id=\"6be50b5f\" data-element_type=\"column\">\n\t\t\t<div class=\"elementor-widget-wrap elementor-element-populated\">\n\t\t\t\t\t\t<div class=\"elementor-element elementor-element-35f9eb05 elementor-align-center elementor-widget elementor-widget-button\" data-id=\"35f9eb05\" data-element_type=\"widget\" data-widget_type=\"button.default\">\n\t\t\t\t<div class=\"elementor-widget-container\">\n\t\t\t\t\t\t\t<div class=\"elementor-button-wrapper\">\n\t\t\t\t\t<a class=\"elementor-button elementor-button-link elementor-size-md\" href=\"https:\/\/repositorio.ufsm.br\/bitstream\/handle\/1\/20248\/AnaisSenafeISBN.pdf?sequence=1&#038;isAllowed=y\">\n\t\t\t\t\t\t<span class=\"elementor-button-content-wrapper\">\n\t\t\t\t\t\t\t\t\t<span class=\"elementor-button-text\">Vers\u00e3o PDF<\/span>\n\t\t\t\t\t<\/span>\n\t\t\t\t\t<\/a>\n\t\t\t\t<\/div>\n\t\t\t\t\t\t<\/div>\n\t\t\t\t<\/div>\n\t\t\t\t\t<\/div>\n\t\t<\/div>\n\t\t\t\t<div class=\"elementor-column elementor-col-25 elementor-top-column elementor-element elementor-element-1133ccbf\" data-id=\"1133ccbf\" data-element_type=\"column\">\n\t\t\t<div class=\"elementor-widget-wrap elementor-element-populated\">\n\t\t\t\t\t\t<div class=\"elementor-element elementor-element-3b310bc9 elementor-align-center elementor-widget elementor-widget-button\" data-id=\"3b310bc9\" data-element_type=\"widget\" data-widget_type=\"button.default\">\n\t\t\t\t<div class=\"elementor-widget-container\">\n\t\t\t\t\t\t\t<div class=\"elementor-button-wrapper\">\n\t\t\t\t\t<a class=\"elementor-button elementor-button-link elementor-size-md\" href=\"https:\/\/repositorio.ufsm.br\/handle\/1\/20248\">\n\t\t\t\t\t\t<span class=\"elementor-button-content-wrapper\">\n\t\t\t\t\t\t\t\t\t<span class=\"elementor-button-text\">No Manancial<\/span>\n\t\t\t\t\t<\/span>\n\t\t\t\t\t<\/a>\n\t\t\t\t<\/div>\n\t\t\t\t\t\t<\/div>\n\t\t\t\t<\/div>\n\t\t\t\t\t<\/div>\n\t\t<\/div>\n\t\t\t\t<div class=\"elementor-column elementor-col-25 elementor-top-column elementor-element elementor-element-6c09814a\" data-id=\"6c09814a\" data-element_type=\"column\">\n\t\t\t<div class=\"elementor-widget-wrap\">\n\t\t\t\t\t\t\t<\/div>\n\t\t<\/div>\n\t\t\t\t\t<\/div>\n\t\t<\/section>\n\t\t\t\t<section class=\"elementor-section elementor-top-section elementor-element elementor-element-4d0a8c59 elementor-section-boxed elementor-section-height-default elementor-section-height-default\" data-id=\"4d0a8c59\" data-element_type=\"section\">\n\t\t\t\t\t\t<div class=\"elementor-container elementor-column-gap-default\">\n\t\t\t\t\t<div class=\"elementor-column elementor-col-100 elementor-top-column elementor-element elementor-element-2d0f15f5\" data-id=\"2d0f15f5\" data-element_type=\"column\">\n\t\t\t<div class=\"elementor-widget-wrap elementor-element-populated\">\n\t\t\t\t\t\t<div class=\"elementor-element elementor-element-3c573288 elementor-tabs-alignment-stretch elementor-tabs-view-horizontal elementor-widget elementor-widget-tabs\" data-id=\"3c573288\" data-element_type=\"widget\" data-settings=\"{&quot;_animation&quot;:&quot;none&quot;}\" data-widget_type=\"tabs.default\">\n\t\t\t\t<div class=\"elementor-widget-container\">\n\t\t\t\t\t<div class=\"elementor-tabs\">\n\t\t\t<div class=\"elementor-tabs-wrapper\" role=\"tablist\" >\n\t\t\t\t\t\t\t\t\t<div id=\"elementor-tab-title-1011\" class=\"elementor-tab-title elementor-tab-desktop-title\" aria-selected=\"true\" data-tab=\"1\" role=\"tab\" tabindex=\"0\" aria-controls=\"elementor-tab-content-1011\" aria-expanded=\"false\">Dados da obra<\/div>\n\t\t\t\t\t\t\t\t\t<div id=\"elementor-tab-title-1012\" class=\"elementor-tab-title elementor-tab-desktop-title\" aria-selected=\"false\" data-tab=\"2\" role=\"tab\" tabindex=\"-1\" aria-controls=\"elementor-tab-content-1012\" aria-expanded=\"false\">Sum\u00e1rio<\/div>\n\t\t\t\t\t\t\t\t\t<div id=\"elementor-tab-title-1013\" class=\"elementor-tab-title elementor-tab-desktop-title\" aria-selected=\"false\" data-tab=\"3\" role=\"tab\" tabindex=\"-1\" aria-controls=\"elementor-tab-content-1013\" aria-expanded=\"false\">Autoria<\/div>\n\t\t\t\t\t\t\t\t\t<div id=\"elementor-tab-title-1014\" class=\"elementor-tab-title elementor-tab-desktop-title\" aria-selected=\"false\" data-tab=\"4\" role=\"tab\" tabindex=\"-1\" aria-controls=\"elementor-tab-content-1014\" aria-expanded=\"false\">Licen\u00e7a Creative Commons<\/div>\n\t\t\t\t\t\t\t<\/div>\n\t\t\t<div class=\"elementor-tabs-content-wrapper\" role=\"tablist\" aria-orientation=\"vertical\">\n\t\t\t\t\t\t\t\t\t<div class=\"elementor-tab-title elementor-tab-mobile-title\" aria-selected=\"true\" data-tab=\"1\" role=\"tab\" tabindex=\"0\" aria-controls=\"elementor-tab-content-1011\" aria-expanded=\"false\">Dados da obra<\/div>\n\t\t\t\t\t<div id=\"elementor-tab-content-1011\" class=\"elementor-tab-content elementor-clearfix\" data-tab=\"1\" role=\"tabpanel\" aria-labelledby=\"elementor-tab-title-1011\" tabindex=\"0\" hidden=\"false\"><p><b>Publica\u00e7\u00e3o:<br \/><\/b>2020 \/ 1\u00aa edi\u00e7\u00e3o<br \/>ISBN: 978-65-5773-013-3<\/p><p><b>Refer\u00eancia:<\/b>\u00a0<br \/>SEMIN\u00c1RIO NACIONAL DE FILOSOFIA E EDUCA\u00c7\u00c3O: conflu\u00eancias, 6. SENAFE, 2. SEINFE, 2019, Santa Maria. <b>Anais eletr\u00f4nicos. <\/b>Santa Maria\/RS: FACOS-UFSM, 2020. 266 p. (Recurso eletr\u00f4nico)<\/p><\/div>\n\t\t\t\t\t\t\t\t\t<div class=\"elementor-tab-title elementor-tab-mobile-title\" aria-selected=\"false\" data-tab=\"2\" role=\"tab\" tabindex=\"-1\" aria-controls=\"elementor-tab-content-1012\" aria-expanded=\"false\">Sum\u00e1rio<\/div>\n\t\t\t\t\t<div id=\"elementor-tab-content-1012\" class=\"elementor-tab-content elementor-clearfix\" data-tab=\"2\" role=\"tabpanel\" aria-labelledby=\"elementor-tab-title-1012\" tabindex=\"0\" hidden=\"hidden\"><ul><li>Eixo tem\u00e1tico 01: Tecnologias, m\u00eddias sociais e educa\u00e7\u00e3o;<\/li><li>Eixo tem\u00e1tico 02: Biopol\u00edtica, barb\u00e1rie e educa\u00e7\u00e3o;<\/li><li>Eixo tem\u00e1tico 03: Ensino de filosofia, pr\u00e1ticas escolares e curr\u00edculo;<\/li><li>Eixo tem\u00e1tico 04: Viol\u00eancia, cultura e \u00e9tica no contempor\u00e2neo;<\/li><li>Eixo tem\u00e1tico 05: Escola, pol\u00edticas p\u00fablicas e inclus\u00e3o;<\/li><li>Eixo tem\u00e1tico 06: Epistemologia, narrativas e forma\u00e7\u00e3o;<\/li><li>Eixo tem\u00e1tico 07: Experi\u00eancia, inf\u00e2ncias e educa\u00e7\u00e3o;<\/li><li>Eixo tem\u00e1tico 08: Diferen\u00e7a, educa\u00e7\u00e3o e arte;<\/li><li>Eixo tem\u00e1tico 09: Diversidade, viol\u00eancia simb\u00f3lica e educa\u00e7\u00e3o;<\/li><\/ul><\/div>\n\t\t\t\t\t\t\t\t\t<div class=\"elementor-tab-title elementor-tab-mobile-title\" aria-selected=\"false\" data-tab=\"3\" role=\"tab\" tabindex=\"-1\" aria-controls=\"elementor-tab-content-1013\" aria-expanded=\"false\">Autoria<\/div>\n\t\t\t\t\t<div id=\"elementor-tab-content-1013\" class=\"elementor-tab-content elementor-clearfix\" data-tab=\"3\" role=\"tabpanel\" aria-labelledby=\"elementor-tab-title-1013\" tabindex=\"0\" hidden=\"hidden\"><div style=\"color: #333333;font-family: 'Helvetica Neue', Helvetica, Arial, sans-serif;font-size: 14px\"><span style=\"color: #000000;font-size: 12pt;font-family: georgia, palatino, serif\"><b>Organizadores:<\/b><\/span><\/div><div style=\"color: #333333;font-family: 'Helvetica Neue', Helvetica, Arial, sans-serif;font-size: 14px\"><span style=\"color: #000000;font-size: 12pt;font-family: georgia, palatino, serif\">Amarildo Luiz Trevisan,<\/span><\/div><div style=\"color: #333333;font-family: 'Helvetica Neue', Helvetica, Arial, sans-serif;font-size: 14px\"><span style=\"color: #000000;font-size: 12pt;font-family: georgia, palatino, serif\">Elisete Medianeira Tomazetti,<\/span><\/div><div style=\"color: #333333;font-family: 'Helvetica Neue', Helvetica, Arial, sans-serif;font-size: 14px\"><span style=\"color: #000000;font-size: 12pt;font-family: georgia, palatino, serif\">Noeli Dutra Rossatto .<\/span><br \/><span style=\"color: #000000;font-size: 12pt;font-family: georgia, palatino, serif\"><br \/><\/span><\/div><div style=\"color: #333333;font-family: 'Helvetica Neue', Helvetica, Arial, sans-serif;font-size: 14px\"><span style=\"font-family: georgia, palatino, serif;font-size: 12pt\"><b>Autores:<\/b><\/span><\/div><div style=\"color: #333333;font-family: 'Helvetica Neue', Helvetica, Arial, sans-serif;font-size: 14px\"><div class=\"ds-dc_contributor_author-authority\"><span style=\"font-size: 12pt;font-family: georgia, palatino, serif\">Souza, Greyce Kelly de<\/span><\/div><div class=\"ds-dc_contributor_author-authority\"><span style=\"font-size: 12pt;font-family: georgia, palatino, serif\">Martinez, Lucas da Silva<\/span><\/div><div class=\"ds-dc_contributor_author-authority\"><span style=\"font-size: 12pt;font-family: georgia, palatino, serif\">Salva, Sueli<\/span><\/div><div class=\"ds-dc_contributor_author-authority\"><span style=\"font-size: 12pt;font-family: georgia, palatino, serif\">Richter, Luciana<\/span><\/div><div class=\"ds-dc_contributor_author-authority\"><span style=\"font-size: 12pt;font-family: georgia, palatino, serif\">Nogara, Nain<\/span><\/div><div class=\"ds-dc_contributor_author-authority\"><span style=\"font-size: 12pt;font-family: georgia, palatino, serif\">Cureau, Mara R\u00fabia Roos<\/span><\/div><div class=\"ds-dc_contributor_author-authority\"><span style=\"font-size: 12pt;font-family: georgia, palatino, serif\">Neuenfeldt, Adriano Edo<\/span><\/div><div class=\"ds-dc_contributor_author-authority\"><span style=\"font-size: 12pt;font-family: georgia, palatino, serif\">Schuck, Rog\u00e9rio Jos\u00e9<\/span><\/div><div class=\"ds-dc_contributor_author-authority\"><span style=\"font-size: 12pt;font-family: georgia, palatino, serif\">Miorando, T\u00e2nia Micheline<\/span><\/div><div class=\"ds-dc_contributor_author-authority\"><span style=\"font-size: 12pt;font-family: georgia, palatino, serif\">Rossato De Bastiani, Vanessa<\/span><\/div><div class=\"ds-dc_contributor_author-authority\"><span style=\"font-size: 12pt;font-family: georgia, palatino, serif\">Rosa, M\u00e1rcia Prado Amaral<\/span><\/div><div class=\"ds-dc_contributor_author-authority\"><span style=\"font-size: 12pt;font-family: georgia, palatino, serif\">da Silva, Alex Sander<\/span><\/div><div class=\"ds-dc_contributor_author-authority\"><span style=\"font-size: 12pt;font-family: georgia, palatino, serif\">Cipriano dos Santos, Karoline<\/span><\/div><div class=\"ds-dc_contributor_author-authority\"><span style=\"font-size: 12pt;font-family: georgia, palatino, serif\">Casagrande, Aline<\/span><\/div><div class=\"ds-dc_contributor_author-authority\"><span style=\"font-size: 12pt;font-family: georgia, palatino, serif\">Grzibowski, Aline Ca\u00e7apava Hernandes<\/span><\/div><div class=\"ds-dc_contributor_author-authority\"><span style=\"font-size: 12pt;font-family: georgia, palatino, serif\">Campara Verdum, Ana Carolina<\/span><\/div><div class=\"ds-dc_contributor_author-authority\"><span style=\"font-size: 12pt;font-family: georgia, palatino, serif\">Martins da Silva, \u00c9rica<\/span><\/div><div class=\"ds-dc_contributor_author-authority\"><span style=\"font-size: 12pt;font-family: georgia, palatino, serif\">Azevedo, Mauricio Cristiano de<\/span><\/div><div class=\"ds-dc_contributor_author-authority\"><span style=\"font-size: 12pt;font-family: georgia, palatino, serif\">Gacki, S\u00e9rgio Ricardo Silva<\/span><\/div><div class=\"ds-dc_contributor_author-authority\"><span style=\"font-size: 12pt;font-family: georgia, palatino, serif\">Prohmann, Patr\u00edcia Ros\u00ed<\/span><\/div><div class=\"ds-dc_contributor_author-authority\"><span style=\"font-size: 12pt;font-family: georgia, palatino, serif\">Strieder, Roque<\/span><\/div><div class=\"ds-dc_contributor_author-authority\"><span style=\"font-size: 12pt;font-family: georgia, palatino, serif\">Silva, Araceli Girardi da<\/span><\/div><div class=\"ds-dc_contributor_author-authority\"><span style=\"font-size: 12pt;font-family: georgia, palatino, serif\">Ramos, Tadeu Alan<\/span><\/div><div class=\"ds-dc_contributor_author-authority\"><span style=\"font-size: 12pt;font-family: georgia, palatino, serif\">Machado, Clarice Rosa<\/span><\/div><div class=\"ds-dc_contributor_author-authority\"><span style=\"font-size: 12pt;font-family: georgia, palatino, serif\">Zanella, Diego Carlos<\/span><\/div><div class=\"ds-dc_contributor_author-authority\"><span style=\"font-size: 12pt;font-family: georgia, palatino, serif\">Benetti, Cl\u00e1udia Cisiane<\/span><\/div><div class=\"ds-dc_contributor_author-authority\"><span style=\"font-size: 12pt;font-family: georgia, palatino, serif\">Tomazetti, Elisete Medianeira<\/span><\/div><div class=\"ds-dc_contributor_author-authority\"><span style=\"font-size: 12pt;font-family: georgia, palatino, serif\">Barba, Clarides Henrich de<\/span><\/div><div class=\"ds-dc_contributor_author-authority\"><span style=\"font-size: 12pt;font-family: georgia, palatino, serif\">Marques, D\u00e9cio Keher<\/span><\/div><div class=\"ds-dc_contributor_author-authority\"><span style=\"font-size: 12pt;font-family: georgia, palatino, serif\">Silva, Marinaldo Felipe da<\/span><\/div><div class=\"ds-dc_contributor_author-authority\"><span style=\"font-size: 12pt;font-family: georgia, palatino, serif\">Campos, Edwiges Pereira<\/span><\/div><div class=\"ds-dc_contributor_author-authority\"><span style=\"font-size: 12pt;font-family: georgia, palatino, serif\">S\u00e1, Jonivan Martins de<\/span><\/div><div class=\"ds-dc_contributor_author-authority\"><span style=\"font-size: 12pt;font-family: georgia, palatino, serif\">Stein, Mateus<\/span><\/div><div class=\"ds-dc_contributor_author-authority\"><span style=\"font-size: 12pt;font-family: georgia, palatino, serif\">Pinto, Valmir de Jesus<\/span><\/div><div class=\"ds-dc_contributor_author-authority\"><span style=\"font-size: 12pt;font-family: georgia, palatino, serif\">Santos, Victor Santiago<\/span><\/div><div class=\"ds-dc_contributor_author-authority\"><span style=\"font-size: 12pt;font-family: georgia, palatino, serif\">Cilento, Angelo Zamora<\/span><\/div><div class=\"ds-dc_contributor_author-authority\"><span style=\"font-size: 12pt;font-family: georgia, palatino, serif\">Luiz, Erc\u00edlia Maria de Moura Garcia<\/span><\/div><div class=\"ds-dc_contributor_author-authority\"><span style=\"font-size: 12pt;font-family: georgia, palatino, serif\">Souza, Sandra Elisa R\u00e9quia<\/span><\/div><div class=\"ds-dc_contributor_author-authority\"><span style=\"font-size: 12pt;font-family: georgia, palatino, serif\">Santos, Jonas Gabriel Vilela<\/span><\/div><div class=\"ds-dc_contributor_author-authority\"><span style=\"font-size: 12pt;font-family: georgia, palatino, serif\">Ribeiro, Marcos Natanael Faria<\/span><\/div><div class=\"ds-dc_contributor_author-authority\"><span style=\"font-size: 12pt;font-family: georgia, palatino, serif\">Peixoto, Priscila dos Santos<\/span><\/div><div class=\"ds-dc_contributor_author-authority\"><span style=\"font-size: 12pt;font-family: georgia, palatino, serif\">Ceretta, Patr\u00edcio<\/span><\/div><div class=\"ds-dc_contributor_author-authority\"><span style=\"font-size: 12pt;font-family: georgia, palatino, serif\">Konrad, Let\u00edcia Regina<\/span><\/div><div class=\"ds-dc_contributor_author-authority\"><span style=\"font-size: 12pt;font-family: georgia, palatino, serif\">Pr\u00f3spero, Daniela Fernanda<\/span><\/div><div class=\"ds-dc_contributor_author-authority\"><span style=\"font-size: 12pt;font-family: georgia, palatino, serif\">Lima, Thanize Dethetis de<\/span><\/div><div class=\"ds-dc_contributor_author-authority\"><span style=\"font-size: 12pt;font-family: georgia, palatino, serif\">Oliveira, Elaine Maria Dias de<\/span><\/div><div class=\"ds-dc_contributor_author-authority\"><span style=\"font-size: 12pt;font-family: georgia, palatino, serif\">Andreis, Adriana Maria<\/span><\/div><div class=\"ds-dc_contributor_author-authority\"><span style=\"font-size: 12pt;font-family: georgia, palatino, serif\">Copatti, Carina<\/span><\/div><div class=\"ds-dc_contributor_author-authority\"><span style=\"font-size: 12pt;font-family: georgia, palatino, serif\">Zardo, Camila Erpen<\/span><\/div><div class=\"ds-dc_contributor_author-authority\"><span style=\"font-size: 12pt;font-family: georgia, palatino, serif\">Noya, Carolina Pereira<\/span><\/div><div class=\"ds-dc_contributor_author-authority\"><span style=\"font-size: 12pt;font-family: georgia, palatino, serif\">Rosa, Guiomar da Concei\u00e7\u00e3o da<\/span><\/div><div class=\"ds-dc_contributor_author-authority\"><span style=\"font-size: 12pt;font-family: georgia, palatino, serif\">Santos, Juliana Miranda Rocha<\/span><\/div><div class=\"ds-dc_contributor_author-authority\"><span style=\"font-size: 12pt;font-family: georgia, palatino, serif\">Segundo, Marcos de Andrade<\/span><\/div><div class=\"ds-dc_contributor_author-authority\"><span style=\"font-size: 12pt;font-family: georgia, palatino, serif\">Peixoto, Jociene dos Santos<\/span><\/div><div class=\"ds-dc_contributor_author-authority\"><span style=\"font-size: 12pt;font-family: georgia, palatino, serif\">Zotelli, Gabriel Perrenoud<\/span><\/div><div class=\"ds-dc_contributor_author-authority\"><span style=\"font-size: 12pt;font-family: georgia, palatino, serif\">Basso, La\u00eds<\/span><\/div><div class=\"ds-dc_contributor_author-authority\"><span style=\"font-size: 12pt;font-family: georgia, palatino, serif\">Santos Junior, Nei Jairo Fonseca dos<\/span><\/div><div class=\"ds-dc_contributor_author-authority\"><span style=\"font-size: 12pt;font-family: georgia, palatino, serif\">Braz, Lidiane da Silva<\/span><\/div><div class=\"ds-dc_contributor_author-authority\"><span style=\"font-size: 12pt;font-family: georgia, palatino, serif\">Mendes, Ang\u00e9lica da Silveira<\/span><\/div><div class=\"ds-dc_contributor_author-authority\"><span style=\"font-size: 12pt;font-family: georgia, palatino, serif\">Marquezan, Lorena In\u00eas Peterini<\/span><\/div><div class=\"ds-dc_contributor_author-authority\"><span style=\"font-size: 12pt;font-family: georgia, palatino, serif\">Oliveira, Loryne Viana de<\/span><\/div><div class=\"ds-dc_contributor_author-authority\"><span style=\"font-size: 12pt;font-family: georgia, palatino, serif\">Golbspan, Ricardo Boklis<\/span><\/div><div class=\"ds-dc_contributor_author-authority\"><span style=\"font-size: 12pt;font-family: georgia, palatino, serif\">Oliveira, Valeska Fortes de<\/span><\/div><div class=\"ds-dc_contributor_author-authority\"><span style=\"font-size: 12pt;font-family: georgia, palatino, serif\">Narvaes, Andr\u00e9a Becker<\/span><\/div><div class=\"ds-dc_contributor_author-authority\"><span style=\"font-size: 12pt;font-family: georgia, palatino, serif\">Regina, Karoline<\/span><\/div><div class=\"ds-dc_contributor_author-authority\"><span style=\"font-size: 12pt;font-family: georgia, palatino, serif\">Athaide, Alexandre de Souza<\/span><\/div><div class=\"ds-dc_contributor_author-authority\"><span style=\"font-size: 12pt;font-family: georgia, palatino, serif\">Silva, Luzia Batista de Oliveira<\/span><\/div><div class=\"ds-dc_contributor_author-authority\"><span style=\"font-size: 12pt;font-family: georgia, palatino, serif\">Pagnussat, Janessa<\/span><\/div><div class=\"ds-dc_contributor_author-authority\"><span style=\"font-size: 12pt;font-family: georgia, palatino, serif\">Machado, Jivago Furlan<\/span><\/div><div class=\"ds-dc_contributor_author-authority\"><span style=\"font-size: 12pt;font-family: georgia, palatino, serif\">Rizzi, Luciana Maria Schmidt<\/span><\/div><div class=\"ds-dc_contributor_author-authority\"><span style=\"font-size: 12pt;font-family: georgia, palatino, serif\">Maraschin, Renata<\/span><\/div><div class=\"ds-dc_contributor_author-authority\"><span style=\"font-size: 12pt;font-family: georgia, palatino, serif\">Corr\u00eaa, Marcos Britto<\/span><\/div><div class=\"ds-dc_contributor_author-authority\"><span style=\"font-size: 12pt;font-family: georgia, palatino, serif\">Nu\u00f1ez, Marcela Bautista<\/span><\/div><div class=\"ds-dc_contributor_author-authority\"><span style=\"font-size: 12pt;font-family: georgia, palatino, serif\">Silveira, Marli Teresinha Silva da<\/span><\/div><div class=\"ds-dc_contributor_author-authority\"><span style=\"font-size: 12pt;font-family: georgia, palatino, serif\">\u00c1vila, Paola Ramos<\/span><\/div><div class=\"ds-dc_contributor_author-authority\"><span style=\"font-size: 12pt;font-family: georgia, palatino, serif\">Kohls, Rosana Cristina<\/span><\/div><div class=\"ds-dc_contributor_author-authority\"><span style=\"font-size: 12pt;font-family: georgia, palatino, serif\">Cocco, Ricardo<\/span><\/div><div class=\"ds-dc_contributor_author-authority\"><span style=\"font-size: 12pt;font-family: georgia, palatino, serif\">Cella, Rosenei<\/span><\/div><div class=\"ds-dc_contributor_author-authority\"><span style=\"font-size: 12pt;font-family: georgia, palatino, serif\">Cavasin, Rosane da Silva Fran\u00e7a Lubaszewski<\/span><\/div><div class=\"ds-dc_contributor_author-authority\"><span style=\"font-size: 12pt;font-family: georgia, palatino, serif\">Jung, T\u00e9rcio In\u00e1cio<\/span><\/div><div class=\"ds-dc_contributor_author-authority\"><span style=\"font-size: 12pt;font-family: georgia, palatino, serif\">Duarte, Zuleyka da Silva<\/span><\/div><div class=\"ds-dc_contributor_author-authority\"><span style=\"font-size: 12pt;font-family: georgia, palatino, serif\">Martins, Alessandra da Silva Rezende Souza<\/span><\/div><div class=\"ds-dc_contributor_author-authority\"><span style=\"font-size: 12pt;font-family: georgia, palatino, serif\">Barin, Ana Cl\u00e1udia<\/span><\/div><div class=\"ds-dc_contributor_author-authority\"><span style=\"font-size: 12pt;font-family: georgia, palatino, serif\">Dalmaso, Alice Copetti<\/span><\/div><div class=\"ds-dc_contributor_author-authority\"><span style=\"font-size: 12pt;font-family: georgia, palatino, serif\">Nolli, Marcelo Ricardo<\/span><\/div><div class=\"ds-dc_contributor_author-authority\"><span style=\"font-size: 12pt;font-family: georgia, palatino, serif\">Girardi, Ra\u00edsla<\/span><\/div><div class=\"ds-dc_contributor_author-authority\"><span style=\"font-size: 12pt;font-family: georgia, palatino, serif\">Schwarz, Altemir<\/span><\/div><div class=\"ds-dc_contributor_author-authority\"><span style=\"font-size: 12pt;font-family: georgia, palatino, serif\">Neuscharank, Ang\u00e9lica<\/span><\/div><div class=\"ds-dc_contributor_author-authority\"><span style=\"font-size: 12pt;font-family: georgia, palatino, serif\">Batistela, Caroline Gassen<\/span><\/div><div class=\"ds-dc_contributor_author-authority\"><span style=\"font-size: 12pt;font-family: georgia, palatino, serif\">Bertotto, Cl\u00e1udio<\/span><\/div><div class=\"ds-dc_contributor_author-authority\"><span style=\"font-size: 12pt;font-family: georgia, palatino, serif\">Barboza, Daiani<\/span><\/div><div class=\"ds-dc_contributor_author-authority\"><span style=\"font-size: 12pt;font-family: georgia, palatino, serif\">M\u00f6rschb\u00e4cher, Dulce<\/span><\/div><div class=\"ds-dc_contributor_author-authority\"><span style=\"font-size: 12pt;font-family: georgia, palatino, serif\">Callai, Helena Copetti<\/span><\/div><div class=\"ds-dc_contributor_author-authority\"><span style=\"font-size: 12pt;font-family: georgia, palatino, serif\">Selvero, Caroline Mitidieri<\/span><\/div><div class=\"ds-dc_contributor_author-authority\"><span style=\"font-size: 12pt;font-family: georgia, palatino, serif\">Ferr\u00e3o, Iara da Silva<\/span><\/div><div class=\"ds-dc_contributor_author-authority\"><span style=\"font-size: 12pt;font-family: georgia, palatino, serif\">Trevisan, Amarildo Luiz<\/span><\/div><div class=\"ds-dc_contributor_author-authority\"><span style=\"font-size: 12pt;font-family: georgia, palatino, serif\">Amador, Cristian Reginato<\/span><\/div><div class=\"ds-dc_contributor_author-authority\"><span style=\"font-size: 12pt;font-family: georgia, palatino, serif\">Silva, Isabel Cristina Martins da<\/span><\/div><div class=\"ds-dc_contributor_author-authority\"><span style=\"font-size: 12pt;font-family: georgia, palatino, serif\">Alcamim, Daniela da Silva Pereira<\/span><\/div><div class=\"ds-dc_contributor_author-authority\"><span style=\"font-size: 12pt;font-family: georgia, palatino, serif\">Mwewa, Christian Muleka<\/span><\/div><div class=\"ds-dc_contributor_author-authority\"><span style=\"font-size: 12pt;font-family: georgia, palatino, serif\">Coelho, Gustavo Moraes<\/span><\/div><div class=\"ds-dc_contributor_author-authority\"><span style=\"font-size: 12pt;font-family: georgia, palatino, serif\">Rigon, Fabiana Oliveira<\/span><\/div><div class=\"ds-dc_contributor_author-authority\"><span style=\"font-size: 12pt;font-family: georgia, palatino, serif\">Lemos, Gabrielle Ferreira<\/span><\/div><div class=\"ds-dc_contributor_author-authority\"><span style=\"font-size: 12pt;font-family: georgia, palatino, serif\">Wendt, Lucas de B\u00e1rbara<\/span><\/div><div class=\"ds-dc_contributor_author-authority\"><span style=\"font-size: 12pt;font-family: georgia, palatino, serif\">Pereira, Karen Luci\u00e9len<\/span><\/div><div class=\"ds-dc_contributor_author-authority\"><span style=\"font-size: 12pt;font-family: georgia, palatino, serif\">Martins, Luis Carlos Sovat<\/span><\/div><div class=\"ds-dc_contributor_author-authority\"><span style=\"font-size: 12pt;font-family: georgia, palatino, serif\">Trevisan, Neiva Viera<\/span><\/div><div class=\"ds-dc_contributor_author-authority\"><span style=\"font-size: 12pt;font-family: georgia, palatino, serif\">Silva, Roberto Silva da<\/span><\/div><div class=\"ds-dc_contributor_author-authority\"><span style=\"font-size: 12pt;font-family: georgia, palatino, serif\">Gallina, Simone Freitas da Silva<\/span><\/div><\/div><\/div>\n\t\t\t\t\t\t\t\t\t<div class=\"elementor-tab-title elementor-tab-mobile-title\" aria-selected=\"false\" data-tab=\"4\" role=\"tab\" tabindex=\"-1\" aria-controls=\"elementor-tab-content-1014\" aria-expanded=\"false\">Licen\u00e7a Creative Commons<\/div>\n\t\t\t\t\t<div id=\"elementor-tab-content-1014\" class=\"elementor-tab-content elementor-clearfix\" data-tab=\"4\" role=\"tabpanel\" aria-labelledby=\"elementor-tab-title-1014\" tabindex=\"0\" hidden=\"hidden\"><p><span style=\"color: #000000;font-size: 16px\">Esta obra est\u00e1 licenciada sob uma Licen\u00e7a Creative\u00a0Commons Atribui\u00e7\u00e3o-N\u00e3oComercial-SemDeriva\u00e7\u00f5es 4.0\u00a0Internacional. Para ver uma c\u00f3pia desta licen\u00e7a, visite:\u00a0<\/span><a style=\"background-color: #ffffff;font-size: 1rem\" href=\"http:\/\/creativecommons.org\/licenses\/by-nc-nd\/4.0\/\" target=\"_blank\" rel=\"noopener\">http:\/\/creativecommons.org\/licenses\/by-nc-nd\/4.0\/<\/a><\/p><\/div>\n\t\t\t\t\t\t\t<\/div>\n\t\t<\/div>\n\t\t\t\t<\/div>\n\t\t\t\t<\/div>\n\t\t\t\t\t<\/div>\n\t\t<\/div>\n\t\t\t\t\t<\/div>\n\t\t<\/section>\n\t\t\t\t<section class=\"elementor-section elementor-top-section elementor-element elementor-element-7195d857 elementor-section-boxed elementor-section-height-default elementor-section-height-default\" data-id=\"7195d857\" data-element_type=\"section\">\n\t\t\t\t\t\t<div class=\"elementor-container elementor-column-gap-default\">\n\t\t\t\t\t<div class=\"elementor-column elementor-col-100 elementor-top-column elementor-element elementor-element-469753d7\" data-id=\"469753d7\" data-element_type=\"column\">\n\t\t\t<div class=\"elementor-widget-wrap elementor-element-populated\">\n\t\t\t\t\t\t<div class=\"elementor-element elementor-element-540bc46b elementor-widget elementor-widget-wp-widget-ufsm_noticias_widget\" data-id=\"540bc46b\" data-element_type=\"widget\" data-widget_type=\"wp-widget-ufsm_noticias_widget.default\">\n\t\t\t\t<div class=\"elementor-widget-container\">\n\t\t\t<h5 class='titulo-conteudos'>Publica\u00e7\u00f5es Relacionadas<\/h5><div class='widget-noticias-inside'>\n                        <div class=\"row\">\n                                    <div class=\"col-12 col-lg-12 pb-4\">\n                                        \n                                        \n                    \n                    <a class=\"noticias-widget-title d-block \"  title=\"Anais VII SENAFE e III SEINFE\u00a0\" href=\"https:\/\/www.ufsm.br\/editoras\/facos\/anais-vii-senafe-e-iii-seinfe\">\n                                                Anais VII SENAFE e III SEINFE\u00a0                    <\/a>\n                    \n                    \n                                        \n                                        \n                                        <\/div>\n                            <\/div>\n                    <div class=\"row\">\n                                    <div class=\"col-12 col-lg-12 pb-4\">\n                                        \n                                        \n                    \n                    <a class=\"noticias-widget-title d-block \"  title=\"Forma\u00e7\u00e3o e saberes em comunica\u00e7\u00e3o e m\u00eddia: volume I\" href=\"https:\/\/www.ufsm.br\/editoras\/facos\/formacao-e-saberes-em-comunicacao-e-midia-volume-i\">\n                                                Forma\u00e7\u00e3o e saberes em comunica\u00e7\u00e3o e m\u00eddia: volume I                    <\/a>\n                    \n                    \n                                        \n                                        \n                                        <\/div>\n                            <\/div>\n                    <div class=\"row\">\n                                    <div class=\"col-12 col-lg-12 pb-4\">\n                                        \n                                        \n                    \n                    <a class=\"noticias-widget-title d-block \"  title=\"Anais do I Semin\u00e1rio de Integra\u00e7\u00e3o PPGAUP UFSM\" href=\"https:\/\/www.ufsm.br\/editoras\/facos\/anais-do-i-seminario-de-integracao-ppgaup-ufsm\">\n                                                Anais do I Semin\u00e1rio de Integra\u00e7\u00e3o PPGAUP UFSM                    <\/a>\n                    \n                    \n                                        \n                                        \n                                        <\/div>\n                            <\/div>\n                    <div class=\"row\">\n                                    <div class=\"col-12 col-lg-12 pb-4\">\n                                        \n                                        \n                    \n                    <a class=\"noticias-widget-title d-block \"  title=\"Anais VI SENAFE e II SEINFE\" href=\"https:\/\/www.ufsm.br\/editoras\/facos\/anais-vi-senafe-e-ii-seinfe\">\n                                                Anais VI SENAFE e II SEINFE                    <\/a>\n                    \n                    \n                                        \n                                        \n                                        <\/div>\n                            <\/div>\n                    <div class=\"row\">\n                                    <div class=\"col-12 col-lg-12 pb-4\">\n                                        \n                                        \n                    \n                    <a class=\"noticias-widget-title d-block \"  title=\"Biopol\u00edtica, barb\u00e1rie e forma\u00e7\u00e3o humana\" href=\"https:\/\/www.ufsm.br\/editoras\/facos\/biopolitica-barbarie-e-formacao-humana\">\n                                                Biopol\u00edtica, barb\u00e1rie e forma\u00e7\u00e3o humana                    <\/a>\n                    \n                    \n                                        \n                                        \n                                        <\/div>\n                            <\/div>\n            <\/div>\n\t\t<\/div>\n\t\t\t\t<\/div>\n\t\t\t\t\t<\/div>\n\t\t<\/div>\n\t\t\t\t\t<\/div>\n\t\t<\/section>\n\t\t\t\t<\/div>\n\t\t","protected":false},"excerpt":{"rendered":"<p>Anais VI SENAFE e II SEINFE Amarildo Luiz Trevisan, Elisete Medianeira Tomazetti e Noeli Dutra Rossatto (organizadores) O VI Senafe \u2013 Semin\u00e1rio Nacional de Filosofia e Educa\u00e7\u00e3o: Conflu\u00eancias e II Seinfe &#8211; Semin\u00e1rio Internacional de Filosofia e Educa\u00e7\u00e3o: Conflu\u00eancias ocorreu nos dias 06, 07 e 08 de novembro de 2019, no campus da Universidade Federal [&hellip;]<\/p>\n","protected":false},"author":3829,"featured_media":230,"parent":0,"menu_order":0,"comment_status":"closed","ping_status":"closed","template":"","meta":{"footnotes":""},"categories":[139],"tags":[44,100,86,88,87,89],"class_list":["post-189","page","type-page","status-publish","has-post-thumbnail","hentry","category-filosofia","tag-educacao","tag-eventos","tag-filosofia","tag-formacao","tag-professores","tag-violencia"],"acf":[],"_links":{"self":[{"href":"https:\/\/www.ufsm.br\/editoras\/facos\/wp-json\/wp\/v2\/pages\/189","targetHints":{"allow":["GET"]}}],"collection":[{"href":"https:\/\/www.ufsm.br\/editoras\/facos\/wp-json\/wp\/v2\/pages"}],"about":[{"href":"https:\/\/www.ufsm.br\/editoras\/facos\/wp-json\/wp\/v2\/types\/page"}],"author":[{"embeddable":true,"href":"https:\/\/www.ufsm.br\/editoras\/facos\/wp-json\/wp\/v2\/users\/3829"}],"replies":[{"embeddable":true,"href":"https:\/\/www.ufsm.br\/editoras\/facos\/wp-json\/wp\/v2\/comments?post=189"}],"version-history":[{"count":0,"href":"https:\/\/www.ufsm.br\/editoras\/facos\/wp-json\/wp\/v2\/pages\/189\/revisions"}],"wp:featuredmedia":[{"embeddable":true,"href":"https:\/\/www.ufsm.br\/editoras\/facos\/wp-json\/wp\/v2\/media\/230"}],"wp:attachment":[{"href":"https:\/\/www.ufsm.br\/editoras\/facos\/wp-json\/wp\/v2\/media?parent=189"}],"wp:term":[{"taxonomy":"category","embeddable":true,"href":"https:\/\/www.ufsm.br\/editoras\/facos\/wp-json\/wp\/v2\/categories?post=189"},{"taxonomy":"post_tag","embeddable":true,"href":"https:\/\/www.ufsm.br\/editoras\/facos\/wp-json\/wp\/v2\/tags?post=189"}],"curies":[{"name":"wp","href":"https:\/\/api.w.org\/{rel}","templated":true}]}}