{"id":193,"date":"2021-06-03T19:49:42","date_gmt":"2021-06-03T22:49:42","guid":{"rendered":"https:\/\/www.ufsm.br\/editoras\/facos\/?page_id=193"},"modified":"2024-02-12T17:10:08","modified_gmt":"2024-02-12T20:10:08","slug":"biopolitica-barbarie-e-formacao-humana","status":"publish","type":"page","link":"https:\/\/www.ufsm.br\/editoras\/facos\/biopolitica-barbarie-e-formacao-humana","title":{"rendered":"Biopol\u00edtica, barb\u00e1rie e forma\u00e7\u00e3o humana"},"content":{"rendered":"\t\t<div data-elementor-type=\"wp-page\" data-elementor-id=\"193\" class=\"elementor elementor-193\">\n\t\t\t\t\t\t<section class=\"elementor-section elementor-top-section elementor-element elementor-element-7da5e30f elementor-section-boxed elementor-section-height-default elementor-section-height-default\" data-id=\"7da5e30f\" data-element_type=\"section\">\n\t\t\t\t\t\t<div class=\"elementor-container elementor-column-gap-default\">\n\t\t\t\t\t<div class=\"elementor-column elementor-col-100 elementor-top-column elementor-element elementor-element-4e9a0dba\" data-id=\"4e9a0dba\" data-element_type=\"column\">\n\t\t\t<div class=\"elementor-widget-wrap elementor-element-populated\">\n\t\t\t\t\t\t<div class=\"elementor-element elementor-element-73b4de19 elementor-widget elementor-widget-text-editor\" data-id=\"73b4de19\" data-element_type=\"widget\" data-widget_type=\"text-editor.default\">\n\t\t\t\t<div class=\"elementor-widget-container\">\n\t\t\t\t\t\t\t<h1>Biopol\u00edtica, barb\u00e1rie e forma\u00e7\u00e3o humana<\/h1><h6>Amarildo Luiz Trevisan, Elisete Medianeira Tomazetti e Noeli Dutra Rossatto (organizadores)<\/h6>\t\t\t\t\t\t<\/div>\n\t\t\t\t<\/div>\n\t\t\t\t<section class=\"elementor-section elementor-inner-section elementor-element elementor-element-304a416c elementor-hidden-tablet elementor-section-boxed elementor-section-height-default elementor-section-height-default\" data-id=\"304a416c\" data-element_type=\"section\">\n\t\t\t\t\t\t<div class=\"elementor-container elementor-column-gap-default\">\n\t\t\t\t\t<div class=\"elementor-column elementor-col-50 elementor-inner-column elementor-element elementor-element-3279329\" data-id=\"3279329\" data-element_type=\"column\">\n\t\t\t<div class=\"elementor-widget-wrap elementor-element-populated\">\n\t\t\t\t\t\t<div class=\"elementor-element elementor-element-353d353d elementor-widget elementor-widget-text-editor\" data-id=\"353d353d\" data-element_type=\"widget\" data-widget_type=\"text-editor.default\">\n\t\t\t\t<div class=\"elementor-widget-container\">\n\t\t\t\t\t\t\t<figure id=\"attachment_227\" aria-describedby=\"caption-attachment-227\" style=\"width: 212px\" class=\"wp-caption aligncenter\"><img fetchpriority=\"high\" decoding=\"async\" class=\"size-medium wp-image-227\" src=\"https:\/\/www.ufsm.br\/app\/uploads\/sites\/746\/2021\/06\/Biopolitica-barbarie-e-formacao-humana-capa-212x300.jpg\" alt=\"\" width=\"212\" height=\"300\" srcset=\"https:\/\/www.ufsm.br\/app\/uploads\/sites\/746\/2021\/06\/Biopolitica-barbarie-e-formacao-humana-capa-212x300.jpg 212w, https:\/\/www.ufsm.br\/app\/uploads\/sites\/746\/2021\/06\/Biopolitica-barbarie-e-formacao-humana-capa.jpg 595w\" sizes=\"(max-width: 212px) 100vw, 212px\" \/><figcaption id=\"caption-attachment-227\" class=\"wp-caption-text\">Biopol\u00edtica, barb\u00e1rie e forma\u00e7\u00e3o humana<\/figcaption><\/figure>\t\t\t\t\t\t<\/div>\n\t\t\t\t<\/div>\n\t\t\t\t\t<\/div>\n\t\t<\/div>\n\t\t\t\t<div class=\"elementor-column elementor-col-50 elementor-inner-column elementor-element elementor-element-1da90fbe\" data-id=\"1da90fbe\" data-element_type=\"column\">\n\t\t\t<div class=\"elementor-widget-wrap elementor-element-populated\">\n\t\t\t\t\t\t<div class=\"elementor-element elementor-element-66945fbb elementor-widget elementor-widget-text-editor\" data-id=\"66945fbb\" data-element_type=\"widget\" data-widget_type=\"text-editor.default\">\n\t\t\t\t<div class=\"elementor-widget-container\">\n\t\t\t\t\t\t\t<p>Centrado na \u00e1rea tem\u00e1tica da Filosofia da Educa\u00e7\u00e3o, especificamente os Fundamentos da Educa\u00e7\u00e3o, o livro est\u00e1 organizado em 9 Eixos Tem\u00e1ticos, resultando de momentos de discuss\u00e3o e troca de pesquisas entre professores e pesquisadores da \u00e1rea, advindos tanto de universidades brasileiras quanto internacionais. O projeto prop\u00f4s, concomitantemente em \u00e2mbito nacional e internacional, repensar a educa\u00e7\u00e3o a partir do debate sobre a constitui\u00e7\u00e3o \u00e9tica do presente, tendo vista a necessidade de propor um modelo de forma\u00e7\u00e3o sens\u00edvel aos riscos da barb\u00e1rie, inerente ao processo civilizat\u00f3rio e atento tamb\u00e9m \u00e0 dor do outro, convertida em fen\u00f4meno coletivo por conta de cat\u00e1strofes sociais. A partir do confronto com o legado te\u00f3rico acumulado sobre o tema, pretendeu-se discutir, em tempos p\u00f3s-traum\u00e1ticos, como a pol\u00edtica, ao inv\u00e9s da propalada emancipa\u00e7\u00e3o, recebeu uma assinatura biopol\u00edtica, e como essa transi\u00e7\u00e3o na modernidade pode ser pensada na rela\u00e7\u00e3o entre Filosofia e Educa\u00e7\u00e3o, mais especificamente as rela\u00e7\u00f5es existentes entre a biopol\u00edtica, a barb\u00e1rie e a forma\u00e7\u00e3o humana.<\/p>\t\t\t\t\t\t<\/div>\n\t\t\t\t<\/div>\n\t\t\t\t\t<\/div>\n\t\t<\/div>\n\t\t\t\t\t<\/div>\n\t\t<\/section>\n\t\t\t\t<div class=\"elementor-element elementor-element-230da40e elementor-hidden-desktop elementor-hidden-phone elementor-widget elementor-widget-text-editor\" data-id=\"230da40e\" data-element_type=\"widget\" data-widget_type=\"text-editor.default\">\n\t\t\t\t<div class=\"elementor-widget-container\">\n\t\t\t\t\t\t\t<figure id=\"attachment_227\" aria-describedby=\"caption-attachment-227\" style=\"width: 212px\" class=\"wp-caption aligncenter\"><img fetchpriority=\"high\" decoding=\"async\" class=\"size-medium wp-image-227\" src=\"https:\/\/www.ufsm.br\/app\/uploads\/sites\/746\/2021\/06\/Biopolitica-barbarie-e-formacao-humana-capa-212x300.jpg\" alt=\"\" width=\"212\" height=\"300\" srcset=\"https:\/\/www.ufsm.br\/app\/uploads\/sites\/746\/2021\/06\/Biopolitica-barbarie-e-formacao-humana-capa-212x300.jpg 212w, https:\/\/www.ufsm.br\/app\/uploads\/sites\/746\/2021\/06\/Biopolitica-barbarie-e-formacao-humana-capa.jpg 595w\" sizes=\"(max-width: 212px) 100vw, 212px\" \/><figcaption id=\"caption-attachment-227\" class=\"wp-caption-text\">Biopol\u00edtica, barb\u00e1rie e forma\u00e7\u00e3o humana<\/figcaption><\/figure>\n<p>Centrado na \u00e1rea tem\u00e1tica da Filosofia da Educa\u00e7\u00e3o, especificamente os Fundamentos da Educa\u00e7\u00e3o, o livro est\u00e1 organizado em 9 Eixos Tem\u00e1ticos, resultando de momentos de discuss\u00e3o e troca de pesquisas entre professores e pesquisadores da \u00e1rea, advindos tanto de universidades brasileiras quanto internacionais. O projeto prop\u00f4s, concomitantemente em \u00e2mbito nacional e internacional, repensar a educa\u00e7\u00e3o a partir do debate sobre a constitui\u00e7\u00e3o \u00e9tica do presente, tendo vista a necessidade de propor um modelo de forma\u00e7\u00e3o sens\u00edvel aos riscos da barb\u00e1rie, inerente ao processo civilizat\u00f3rio e atento tamb\u00e9m \u00e0 dor do outro, convertida em fen\u00f4meno coletivo por conta de cat\u00e1strofes sociais. A partir do confronto com o legado te\u00f3rico acumulado sobre o tema, pretendeu-se discutir, em tempos p\u00f3s-traum\u00e1ticos, como a pol\u00edtica, ao inv\u00e9s da propalada emancipa\u00e7\u00e3o, recebeu uma assinatura biopol\u00edtica, e como essa transi\u00e7\u00e3o na modernidade pode ser pensada na rela\u00e7\u00e3o entre Filosofia e Educa\u00e7\u00e3o, mais especificamente as rela\u00e7\u00f5es existentes entre a biopol\u00edtica, a barb\u00e1rie e a forma\u00e7\u00e3o humana.<\/p>\t\t\t\t\t\t<\/div>\n\t\t\t\t<\/div>\n\t\t\t\t<div class=\"elementor-element elementor-element-20d44ad1 elementor-widget elementor-widget-heading\" data-id=\"20d44ad1\" data-element_type=\"widget\" data-widget_type=\"heading.default\">\n\t\t\t\t<div class=\"elementor-widget-container\">\n\t\t\t<h4 class=\"elementor-heading-title elementor-size-default\">Acesso \u00e0 obra<\/h4>\t\t<\/div>\n\t\t\t\t<\/div>\n\t\t\t\t\t<\/div>\n\t\t<\/div>\n\t\t\t\t\t<\/div>\n\t\t<\/section>\n\t\t\t\t<section class=\"elementor-section elementor-top-section elementor-element elementor-element-9d8cad4 elementor-section-boxed elementor-section-height-default elementor-section-height-default\" data-id=\"9d8cad4\" data-element_type=\"section\">\n\t\t\t\t\t\t<div class=\"elementor-container elementor-column-gap-default\">\n\t\t\t\t\t<div class=\"elementor-column elementor-col-25 elementor-top-column elementor-element elementor-element-4bbc1415\" data-id=\"4bbc1415\" data-element_type=\"column\">\n\t\t\t<div class=\"elementor-widget-wrap\">\n\t\t\t\t\t\t\t<\/div>\n\t\t<\/div>\n\t\t\t\t<div class=\"elementor-column elementor-col-25 elementor-top-column elementor-element elementor-element-6cecf49d\" data-id=\"6cecf49d\" data-element_type=\"column\">\n\t\t\t<div class=\"elementor-widget-wrap elementor-element-populated\">\n\t\t\t\t\t\t<div class=\"elementor-element elementor-element-40375e2b elementor-align-center elementor-widget elementor-widget-button\" data-id=\"40375e2b\" data-element_type=\"widget\" data-widget_type=\"button.default\">\n\t\t\t\t<div class=\"elementor-widget-container\">\n\t\t\t\t\t\t\t<div class=\"elementor-button-wrapper\">\n\t\t\t\t\t<a class=\"elementor-button elementor-button-link elementor-size-md\" href=\"https:\/\/repositorio.ufsm.br\/bitstream\/handle\/1\/20262\/Biopolitica_Barbarie_FormacaoHumana.pdf?sequence=1&#038;isAllowed=y\">\n\t\t\t\t\t\t<span class=\"elementor-button-content-wrapper\">\n\t\t\t\t\t\t\t\t\t<span class=\"elementor-button-text\">Vers\u00e3o PDF<\/span>\n\t\t\t\t\t<\/span>\n\t\t\t\t\t<\/a>\n\t\t\t\t<\/div>\n\t\t\t\t\t\t<\/div>\n\t\t\t\t<\/div>\n\t\t\t\t\t<\/div>\n\t\t<\/div>\n\t\t\t\t<div class=\"elementor-column elementor-col-25 elementor-top-column elementor-element elementor-element-52997b65\" data-id=\"52997b65\" data-element_type=\"column\">\n\t\t\t<div class=\"elementor-widget-wrap elementor-element-populated\">\n\t\t\t\t\t\t<div class=\"elementor-element elementor-element-7901f61c elementor-align-center elementor-widget elementor-widget-button\" data-id=\"7901f61c\" data-element_type=\"widget\" data-widget_type=\"button.default\">\n\t\t\t\t<div class=\"elementor-widget-container\">\n\t\t\t\t\t\t\t<div class=\"elementor-button-wrapper\">\n\t\t\t\t\t<a class=\"elementor-button elementor-button-link elementor-size-md\" href=\"https:\/\/repositorio.ufsm.br\/handle\/1\/20262\">\n\t\t\t\t\t\t<span class=\"elementor-button-content-wrapper\">\n\t\t\t\t\t\t\t\t\t<span class=\"elementor-button-text\">No Manancial<\/span>\n\t\t\t\t\t<\/span>\n\t\t\t\t\t<\/a>\n\t\t\t\t<\/div>\n\t\t\t\t\t\t<\/div>\n\t\t\t\t<\/div>\n\t\t\t\t\t<\/div>\n\t\t<\/div>\n\t\t\t\t<div class=\"elementor-column elementor-col-25 elementor-top-column elementor-element elementor-element-2c0d46e7\" data-id=\"2c0d46e7\" data-element_type=\"column\">\n\t\t\t<div class=\"elementor-widget-wrap\">\n\t\t\t\t\t\t\t<\/div>\n\t\t<\/div>\n\t\t\t\t\t<\/div>\n\t\t<\/section>\n\t\t\t\t<section class=\"elementor-section elementor-top-section elementor-element elementor-element-534c96ed elementor-section-boxed elementor-section-height-default elementor-section-height-default\" data-id=\"534c96ed\" data-element_type=\"section\">\n\t\t\t\t\t\t<div class=\"elementor-container elementor-column-gap-default\">\n\t\t\t\t\t<div class=\"elementor-column elementor-col-100 elementor-top-column elementor-element elementor-element-1a3f682c\" data-id=\"1a3f682c\" data-element_type=\"column\">\n\t\t\t<div class=\"elementor-widget-wrap elementor-element-populated\">\n\t\t\t\t\t\t<div class=\"elementor-element elementor-element-473a25c4 elementor-tabs-alignment-stretch elementor-tabs-view-horizontal elementor-widget elementor-widget-tabs\" data-id=\"473a25c4\" data-element_type=\"widget\" data-settings=\"{&quot;_animation&quot;:&quot;none&quot;}\" data-widget_type=\"tabs.default\">\n\t\t\t\t<div class=\"elementor-widget-container\">\n\t\t\t\t\t<div class=\"elementor-tabs\">\n\t\t\t<div class=\"elementor-tabs-wrapper\" role=\"tablist\" >\n\t\t\t\t\t\t\t\t\t<div id=\"elementor-tab-title-1191\" class=\"elementor-tab-title elementor-tab-desktop-title\" aria-selected=\"true\" data-tab=\"1\" role=\"tab\" tabindex=\"0\" aria-controls=\"elementor-tab-content-1191\" aria-expanded=\"false\">Dados da obra<\/div>\n\t\t\t\t\t\t\t\t\t<div id=\"elementor-tab-title-1192\" class=\"elementor-tab-title elementor-tab-desktop-title\" aria-selected=\"false\" data-tab=\"2\" role=\"tab\" tabindex=\"-1\" aria-controls=\"elementor-tab-content-1192\" aria-expanded=\"false\">Sum\u00e1rio<\/div>\n\t\t\t\t\t\t\t\t\t<div id=\"elementor-tab-title-1193\" class=\"elementor-tab-title elementor-tab-desktop-title\" aria-selected=\"false\" data-tab=\"3\" role=\"tab\" tabindex=\"-1\" aria-controls=\"elementor-tab-content-1193\" aria-expanded=\"false\">Autoria<\/div>\n\t\t\t\t\t\t\t\t\t<div id=\"elementor-tab-title-1194\" class=\"elementor-tab-title elementor-tab-desktop-title\" aria-selected=\"false\" data-tab=\"4\" role=\"tab\" tabindex=\"-1\" aria-controls=\"elementor-tab-content-1194\" aria-expanded=\"false\">Licen\u00e7a Creative Commons<\/div>\n\t\t\t\t\t\t\t<\/div>\n\t\t\t<div class=\"elementor-tabs-content-wrapper\" role=\"tablist\" aria-orientation=\"vertical\">\n\t\t\t\t\t\t\t\t\t<div class=\"elementor-tab-title elementor-tab-mobile-title\" aria-selected=\"true\" data-tab=\"1\" role=\"tab\" tabindex=\"0\" aria-controls=\"elementor-tab-content-1191\" aria-expanded=\"false\">Dados da obra<\/div>\n\t\t\t\t\t<div id=\"elementor-tab-content-1191\" class=\"elementor-tab-content elementor-clearfix\" data-tab=\"1\" role=\"tabpanel\" aria-labelledby=\"elementor-tab-title-1191\" tabindex=\"0\" hidden=\"false\"><p><b>Publica\u00e7\u00e3o:<br><\/b>2021 \/ 1\u00aa edi\u00e7\u00e3o<br>ISBN: 978-65-5773-019-5<\/p>\n<p><b>Refer\u00eancia:<\/b>&nbsp;<br><span style=\"color: #333333\">TREVISAN, Amarildo Luiz; TOMAZETTI, Elisete Medianeira; ROSSATTO, Noeli Dutra (Org.). <strong>Biopol\u00edtica, barb\u00e1rie e forma\u00e7\u00e3o humana<\/strong>. Santa Maria\/RS: FACOS-UFSM, 2021. 502 p. (Recurso eletr\u00f4nico)<\/span><\/p><\/div>\n\t\t\t\t\t\t\t\t\t<div class=\"elementor-tab-title elementor-tab-mobile-title\" aria-selected=\"false\" data-tab=\"2\" role=\"tab\" tabindex=\"-1\" aria-controls=\"elementor-tab-content-1192\" aria-expanded=\"false\">Sum\u00e1rio<\/div>\n\t\t\t\t\t<div id=\"elementor-tab-content-1192\" class=\"elementor-tab-content elementor-clearfix\" data-tab=\"2\" role=\"tabpanel\" aria-labelledby=\"elementor-tab-title-1192\" tabindex=\"0\" hidden=\"hidden\"><ul><li>Eixo tem\u00e1tico 1: Tecnologias, m\u00eddias sociais e educa\u00e7\u00e3o;<\/li><li>Eixo tem\u00e1tico 2: Biopol\u00edtica, barb\u00e1rie e educa\u00e7\u00e3o;<\/li><li>Eixo tem\u00e1tico 3: Ensino de filosofia, pr\u00e1ticas escolares e curr\u00edculo;<\/li><li>Eixo tem\u00e1tico 4: Viol\u00eancia, cultura e \u00e9tica no contempor\u00e2neo;<\/li><li>Eixo tem\u00e1tico 5: Escola, pol\u00edticas p\u00fablicas e inclus\u00e3o;<\/li><li>Eixo tem\u00e1tico 6: Epistemologia, narrativas e forma\u00e7\u00e3o;<\/li><li>Eixo tem\u00e1tico 7: Experi\u00eancia, inf\u00e2ncias e educa\u00e7\u00e3o;<\/li><li>Eixo tem\u00e1tico 8: Diferen\u00e7a, educa\u00e7\u00e3o e arte;<\/li><li>Eixo tem\u00e1tico 9: Diversidade, viol\u00eancia simb\u00f3lica e educa\u00e7\u00e3o;<\/li><\/ul><\/div>\n\t\t\t\t\t\t\t\t\t<div class=\"elementor-tab-title elementor-tab-mobile-title\" aria-selected=\"false\" data-tab=\"3\" role=\"tab\" tabindex=\"-1\" aria-controls=\"elementor-tab-content-1193\" aria-expanded=\"false\">Autoria<\/div>\n\t\t\t\t\t<div id=\"elementor-tab-content-1193\" class=\"elementor-tab-content elementor-clearfix\" data-tab=\"3\" role=\"tabpanel\" aria-labelledby=\"elementor-tab-title-1193\" tabindex=\"0\" hidden=\"hidden\"><div style=\"color: #333333;font-family: 'Helvetica Neue', Helvetica, Arial, sans-serif;font-size: 14px\"><span style=\"color: #000000;font-size: 12pt;font-family: georgia, palatino, serif\"><b>Organizadores:<\/b><\/span><\/div><div style=\"color: #333333;font-family: 'Helvetica Neue', Helvetica, Arial, sans-serif;font-size: 14px\"><span style=\"font-family: georgia, palatino, serif;font-size: 12pt;color: #000000\">Amarildo Luiz Trevisan,<\/span><br \/><span style=\"font-family: georgia, palatino, serif;font-size: 12pt;color: #000000\">Elisete Medianeira Tomazetti,<\/span><br \/><span style=\"font-family: georgia, palatino, serif;font-size: 12pt;color: #000000\">Noeli Dutra Rossatto.<\/span><br \/><span style=\"color: #000000;font-size: 12pt;font-family: georgia, palatino, serif\"><br \/><\/span><\/div><div style=\"color: #333333;font-family: 'Helvetica Neue', Helvetica, Arial, sans-serif;font-size: 14px\"><span style=\"font-family: georgia, palatino, serif;font-size: 12pt;color: #000000\"><b>Autores:<\/b><\/span><\/div><div style=\"color: #333333;font-family: 'Helvetica Neue', Helvetica, Arial, sans-serif;font-size: 14px\"><div class=\"ds-dc_contributor_author-authority\"><span style=\"font-family: georgia, palatino, serif;font-size: 12pt;color: #000000\">Santos, Karoline Cipriano dos<\/span><\/div><div class=\"ds-dc_contributor_author-authority\"><span style=\"font-family: georgia, palatino, serif;font-size: 12pt;color: #000000\">Souza, Greyce Kelly de<\/span><\/div><div class=\"ds-dc_contributor_author-authority\"><span style=\"font-family: georgia, palatino, serif;font-size: 12pt;color: #000000\">Neuenfeldt, Adriano Edo<\/span><\/div><div class=\"ds-dc_contributor_author-authority\"><span style=\"font-family: georgia, palatino, serif;font-size: 12pt;color: #000000\">Schuck, Rog\u00e9rio Jos\u00e9<\/span><\/div><div class=\"ds-dc_contributor_author-authority\"><span style=\"font-family: georgia, palatino, serif;font-size: 12pt;color: #000000\">Miorando, T\u00e2nia Micheline<\/span><\/div><div class=\"ds-dc_contributor_author-authority\"><span style=\"font-family: georgia, palatino, serif;font-size: 12pt;color: #000000\">Richter, Luciana<\/span><\/div><div class=\"ds-dc_contributor_author-authority\"><span style=\"font-family: georgia, palatino, serif;font-size: 12pt;color: #000000\">Nog\u00e1ra, Nain<\/span><\/div><div class=\"ds-dc_contributor_author-authority\"><span style=\"font-family: georgia, palatino, serif;font-size: 12pt;color: #000000\">Bastiani, Vanessa Rossato de<\/span><\/div><div class=\"ds-dc_contributor_author-authority\"><span style=\"font-family: georgia, palatino, serif;font-size: 12pt;color: #000000\">Rosa, M\u00e1rcia Prado Amaral<\/span><\/div><div class=\"ds-dc_contributor_author-authority\"><span style=\"font-family: georgia, palatino, serif;font-size: 12pt;color: #000000\">Martinez, Lucas da Silva<\/span><\/div><div class=\"ds-dc_contributor_author-authority\"><span style=\"font-family: georgia, palatino, serif;font-size: 12pt;color: #000000\">Salva, Sueli<\/span><\/div><div class=\"ds-dc_contributor_author-authority\"><span style=\"font-family: georgia, palatino, serif;font-size: 12pt;color: #000000\">Ramos, Tadeu Alan<\/span><\/div><div class=\"ds-dc_contributor_author-authority\"><span style=\"font-family: georgia, palatino, serif;font-size: 12pt;color: #000000\">Strieder, Roque<\/span><\/div><div class=\"ds-dc_contributor_author-authority\"><span style=\"font-family: georgia, palatino, serif;font-size: 12pt;color: #000000\">Grzibowski, Aline Ca\u00e7apava Hernandes<\/span><\/div><div class=\"ds-dc_contributor_author-authority\"><span style=\"font-family: georgia, palatino, serif;font-size: 12pt;color: #000000\">Verdum, Ana Carolina Campara<\/span><\/div><div class=\"ds-dc_contributor_author-authority\"><span style=\"font-family: georgia, palatino, serif;font-size: 12pt;color: #000000\">Silva, Alex Sander da<\/span><\/div><div class=\"ds-dc_contributor_author-authority\"><span style=\"font-family: georgia, palatino, serif;font-size: 12pt;color: #000000\">Martins, \u00c9rica da Silva<\/span><\/div><div class=\"ds-dc_contributor_author-authority\"><span style=\"font-family: georgia, palatino, serif;font-size: 12pt;color: #000000\">Machado, Clarice Rosa<\/span><\/div><div class=\"ds-dc_contributor_author-authority\"><span style=\"font-family: georgia, palatino, serif;font-size: 12pt;color: #000000\">Zanella, Diego Carlos<\/span><\/div><div class=\"ds-dc_contributor_author-authority\"><span style=\"font-family: georgia, palatino, serif;font-size: 12pt;color: #000000\">Santos, Victor Santiago<\/span><\/div><div class=\"ds-dc_contributor_author-authority\"><span style=\"font-family: georgia, palatino, serif;font-size: 12pt;color: #000000\">Cilento, Angela Zamora<\/span><\/div><div class=\"ds-dc_contributor_author-authority\"><span style=\"font-family: georgia, palatino, serif;font-size: 12pt;color: #000000\">Campos, Edwiges Pereira<\/span><\/div><div class=\"ds-dc_contributor_author-authority\"><span style=\"font-family: georgia, palatino, serif;font-size: 12pt;color: #000000\">S\u00e1, Jonivan Martins de<\/span><\/div><div class=\"ds-dc_contributor_author-authority\"><span style=\"font-family: georgia, palatino, serif;font-size: 12pt;color: #000000\">Stein, Mateus<\/span><\/div><div class=\"ds-dc_contributor_author-authority\"><span style=\"font-family: georgia, palatino, serif;font-size: 12pt;color: #000000\">Sturza, Raquel Brum<\/span><\/div><div class=\"ds-dc_contributor_author-authority\"><span style=\"font-family: georgia, palatino, serif;font-size: 12pt;color: #000000\">Luiz, Erc\u00edlia Maria de Moura Garcia<\/span><\/div><div class=\"ds-dc_contributor_author-authority\"><span style=\"font-family: georgia, palatino, serif;font-size: 12pt;color: #000000\">Souza, Sandra Elisa R\u00e9quia<\/span><\/div><div class=\"ds-dc_contributor_author-authority\"><span style=\"font-family: georgia, palatino, serif;font-size: 12pt;color: #000000\">Lima, Thanize Dethetis de<\/span><\/div><div class=\"ds-dc_contributor_author-authority\"><span style=\"font-family: georgia, palatino, serif;font-size: 12pt;color: #000000\">Oliveira, Elaine Maria Dias de<\/span><\/div><div class=\"ds-dc_contributor_author-authority\"><span style=\"font-family: georgia, palatino, serif;font-size: 12pt;color: #000000\">Konrad, Let\u00edcia Regina<\/span><\/div><div class=\"ds-dc_contributor_author-authority\"><span style=\"font-family: georgia, palatino, serif;font-size: 12pt;color: #000000\">Pr\u00f3spero, Daniela Fernanda<\/span><\/div><div class=\"ds-dc_contributor_author-authority\"><span style=\"font-family: georgia, palatino, serif;font-size: 12pt;color: #000000\">Peixoto, Priscila dos Santos<\/span><\/div><div class=\"ds-dc_contributor_author-authority\"><span style=\"font-family: georgia, palatino, serif;font-size: 12pt;color: #000000\">Ceretta, Patr\u00edcio<\/span><\/div><div class=\"ds-dc_contributor_author-authority\"><span style=\"font-family: georgia, palatino, serif;font-size: 12pt;color: #000000\">Oliveira, Loryne Viana de<\/span><\/div><div class=\"ds-dc_contributor_author-authority\"><span style=\"font-family: georgia, palatino, serif;font-size: 12pt;color: #000000\">Oliveira, Valeska Fortes de<\/span><\/div><div class=\"ds-dc_contributor_author-authority\"><span style=\"font-family: georgia, palatino, serif;font-size: 12pt;color: #000000\">Narvaes, Andr\u00e9a Becker<\/span><\/div><div class=\"ds-dc_contributor_author-authority\"><span style=\"font-family: georgia, palatino, serif;font-size: 12pt;color: #000000\">Silva, Karoline Regina Pedroso da<\/span><\/div><div class=\"ds-dc_contributor_author-authority\"><span style=\"font-family: georgia, palatino, serif;font-size: 12pt;color: #000000\">Basso, La\u00eds<\/span><\/div><div class=\"ds-dc_contributor_author-authority\"><span style=\"font-family: georgia, palatino, serif;font-size: 12pt;color: #000000\">Santos Junior, Nei Jairo Fonseca dos<\/span><\/div><div class=\"ds-dc_contributor_author-authority\"><span style=\"font-family: georgia, palatino, serif;font-size: 12pt;color: #000000\">Andreis, Adriana Maria<\/span><\/div><div class=\"ds-dc_contributor_author-authority\"><span style=\"font-family: georgia, palatino, serif;font-size: 12pt;color: #000000\">Copatti, Carina<\/span><\/div><div class=\"ds-dc_contributor_author-authority\"><span style=\"font-family: georgia, palatino, serif;font-size: 12pt;color: #000000\">Oliari, Gilberto<\/span><\/div><div class=\"ds-dc_contributor_author-authority\"><span style=\"font-family: georgia, palatino, serif;font-size: 12pt;color: #000000\">Marquezan, Lorena In\u00eas Peterini<\/span><\/div><div class=\"ds-dc_contributor_author-authority\"><span style=\"font-family: georgia, palatino, serif;font-size: 12pt;color: #000000\">Mauer, Ane Carine<\/span><\/div><div class=\"ds-dc_contributor_author-authority\"><span style=\"font-family: georgia, palatino, serif;font-size: 12pt;color: #000000\">Zardo, Camila Erpen<\/span><\/div><div class=\"ds-dc_contributor_author-authority\"><span style=\"font-family: georgia, palatino, serif;font-size: 12pt;color: #000000\">Peixoto, Jociene dos Santos<\/span><\/div><div class=\"ds-dc_contributor_author-authority\"><span style=\"font-family: georgia, palatino, serif;font-size: 12pt;color: #000000\">Zotelli, Gabriel Perrenoud<\/span><\/div><div class=\"ds-dc_contributor_author-authority\"><span style=\"font-family: georgia, palatino, serif;font-size: 12pt;color: #000000\">Ribeiro, Marcos Natanael Faria<\/span><\/div><div class=\"ds-dc_contributor_author-authority\"><span style=\"font-family: georgia, palatino, serif;font-size: 12pt;color: #000000\">Rosa, Guiomar da Concei\u00e7\u00e3o da<\/span><\/div><div class=\"ds-dc_contributor_author-authority\"><span style=\"font-family: georgia, palatino, serif;font-size: 12pt;color: #000000\">Santos, Juliana Miranda Rocha<\/span><\/div><div class=\"ds-dc_contributor_author-authority\"><span style=\"font-family: georgia, palatino, serif;font-size: 12pt;color: #000000\">Segundo, Marcos de Andrade<\/span><\/div><div class=\"ds-dc_contributor_author-authority\"><span style=\"font-family: georgia, palatino, serif;font-size: 12pt;color: #000000\">Athaide, Alexandre de Souza<\/span><\/div><div class=\"ds-dc_contributor_author-authority\"><span style=\"font-family: georgia, palatino, serif;font-size: 12pt;color: #000000\">Pagnussat, Janessa<\/span><\/div><div class=\"ds-dc_contributor_author-authority\"><span style=\"font-family: georgia, palatino, serif;font-size: 12pt;color: #000000\">Rizzi, Luciana Maria Schmidt<\/span><\/div><div class=\"ds-dc_contributor_author-authority\"><span style=\"font-family: georgia, palatino, serif;font-size: 12pt;color: #000000\">Maraschin, Renata<\/span><\/div><div class=\"ds-dc_contributor_author-authority\"><span style=\"font-family: georgia, palatino, serif;font-size: 12pt;color: #000000\">Corr\u00eaa, Marcos Britto<\/span><\/div><div class=\"ds-dc_contributor_author-authority\"><span style=\"font-family: georgia, palatino, serif;font-size: 12pt;color: #000000\">Nu\u00f1ez, Marcela Bautista<\/span><\/div><div class=\"ds-dc_contributor_author-authority\"><span style=\"font-family: georgia, palatino, serif;font-size: 12pt;color: #000000\">\u00c1vila, Paola Ramos<\/span><\/div><div class=\"ds-dc_contributor_author-authority\"><span style=\"font-family: georgia, palatino, serif;font-size: 12pt;color: #000000\">Cavasin, Rosane da Silva Fran\u00e7a Lubaszewski<\/span><\/div><div class=\"ds-dc_contributor_author-authority\"><span style=\"font-family: georgia, palatino, serif;font-size: 12pt;color: #000000\">Nolli, Marcelo Ricardo<\/span><\/div><div class=\"ds-dc_contributor_author-authority\"><span style=\"font-family: georgia, palatino, serif;font-size: 12pt;color: #000000\">Martins, Alessandra da Silva Rezende Souza<\/span><\/div><div class=\"ds-dc_contributor_author-authority\"><span style=\"font-family: georgia, palatino, serif;font-size: 12pt;color: #000000\">Barin, Ana Cl\u00e1udia<\/span><\/div><div class=\"ds-dc_contributor_author-authority\"><span style=\"font-family: georgia, palatino, serif;font-size: 12pt;color: #000000\">Dalmaso, Alice Copetti<\/span><\/div><div class=\"ds-dc_contributor_author-authority\"><span style=\"font-family: georgia, palatino, serif;font-size: 12pt;color: #000000\">Padilha, J\u00e9ssica Coimbra<\/span><\/div><div class=\"ds-dc_contributor_author-authority\"><span style=\"font-family: georgia, palatino, serif;font-size: 12pt;color: #000000\">Neuscharank, Ang\u00e9lica<\/span><\/div><div class=\"ds-dc_contributor_author-authority\"><span style=\"font-family: georgia, palatino, serif;font-size: 12pt;color: #000000\">Batistela, Caroline Gassen<\/span><\/div><div class=\"ds-dc_contributor_author-authority\"><span style=\"font-family: georgia, palatino, serif;font-size: 12pt;color: #000000\">M\u00f6rschb\u00e4cher, Dulce<\/span><\/div><div class=\"ds-dc_contributor_author-authority\"><span style=\"font-family: georgia, palatino, serif;font-size: 12pt;color: #000000\">Garlet, Francieli Regina<\/span><\/div><div class=\"ds-dc_contributor_author-authority\"><span style=\"font-family: georgia, palatino, serif;font-size: 12pt;color: #000000\">Cardonetti, Vivien Kelling<\/span><\/div><div class=\"ds-dc_contributor_author-authority\"><span style=\"font-family: georgia, palatino, serif;font-size: 12pt;color: #000000\">Silva, Roberto Silva da<\/span><\/div><div class=\"ds-dc_contributor_author-authority\"><span style=\"font-family: georgia, palatino, serif;font-size: 12pt;color: #000000\">Trevisan, Neiva Viera<\/span><\/div><div class=\"ds-dc_contributor_author-authority\"><span style=\"font-family: georgia, palatino, serif;font-size: 12pt;color: #000000\">Gallina, Simone Freitas da Silva<\/span><\/div><div class=\"ds-dc_contributor_author-authority\"><span style=\"font-family: georgia, palatino, serif;font-size: 12pt;color: #000000\">Callai, Helena Copetti<\/span><\/div><div class=\"ds-dc_contributor_author-authority\"><span style=\"font-family: georgia, palatino, serif;font-size: 12pt;color: #000000\">Selvero, Caroline Mitidieri<\/span><\/div><div class=\"ds-dc_contributor_author-authority\"><span style=\"font-family: georgia, palatino, serif;font-size: 12pt;color: #000000\">Ferr\u00e3o, Iara da Silva<\/span><\/div><div class=\"ds-dc_contributor_author-authority\"><span style=\"font-family: georgia, palatino, serif;font-size: 12pt;color: #000000\">Trevisan, Amarildo Luiz<\/span><\/div><div class=\"ds-dc_contributor_author-authority\"><span style=\"font-family: georgia, palatino, serif;font-size: 12pt;color: #000000\">Alcamim, Daniela da Silva Pereira<\/span><\/div><div class=\"ds-dc_contributor_author-authority\"><span style=\"font-family: georgia, palatino, serif;font-size: 12pt;color: #000000\">Mwewa, Christian Muleka<\/span><\/div><div class=\"ds-dc_contributor_author-authority\"><span style=\"font-family: georgia, palatino, serif;font-size: 12pt;color: #000000\">Wendt, Lucas de B\u00e1rbara<\/span><\/div><div class=\"ds-dc_contributor_author-authority\"><span style=\"font-family: georgia, palatino, serif;font-size: 12pt;color: #000000\">Rodrigues, Karen Luci\u00e9len Pereira<\/span><\/div><div class=\"ds-dc_contributor_author-authority\"><span style=\"font-family: georgia, palatino, serif;font-size: 12pt;color: #000000\">Amador, Cristian Reginato<\/span><\/div><div class=\"ds-dc_contributor_author-authority\"><span style=\"font-family: georgia, palatino, serif;font-size: 12pt;color: #000000\">Silva, Isabel Cristina Martins da<\/span><\/div><div class=\"ds-dc_contributor_author-authority\"><span style=\"font-family: georgia, palatino, serif;font-size: 12pt;color: #000000\">Coelho, Gustavo Moraes<\/span><\/div><div class=\"ds-dc_contributor_author-authority\"><span style=\"font-family: georgia, palatino, serif;font-size: 12pt;color: #000000\">Rigon, Fabiana Oliveira<\/span><\/div><div class=\"ds-dc_contributor_author-authority\"><span style=\"font-family: georgia, palatino, serif;font-size: 12pt;color: #000000\">Lemos, Gabrielle Ferreira<\/span><\/div><div class=\"ds-dc_contributor_author-authority\"><span style=\"font-family: georgia, palatino, serif;font-size: 12pt;color: #000000\">Martins, Luis Carlos Sovat<\/span><\/div><div class=\"ds-dc_contributor_author-authority\"><span style=\"font-family: georgia, palatino, serif;font-size: 12pt;color: #000000\">Girardi, Arac\u00e9li<\/span><\/div><\/div><\/div>\n\t\t\t\t\t\t\t\t\t<div class=\"elementor-tab-title elementor-tab-mobile-title\" aria-selected=\"false\" data-tab=\"4\" role=\"tab\" tabindex=\"-1\" aria-controls=\"elementor-tab-content-1194\" aria-expanded=\"false\">Licen\u00e7a Creative Commons<\/div>\n\t\t\t\t\t<div id=\"elementor-tab-content-1194\" class=\"elementor-tab-content elementor-clearfix\" data-tab=\"4\" role=\"tabpanel\" aria-labelledby=\"elementor-tab-title-1194\" tabindex=\"0\" hidden=\"hidden\"><p><span style=\"color: #000000;font-size: 16px\">Esta obra est\u00e1 licenciada sob uma Licen\u00e7a Creative\u00a0Commons Atribui\u00e7\u00e3o-N\u00e3oComercial-SemDeriva\u00e7\u00f5es 4.0\u00a0Internacional. Para ver uma c\u00f3pia desta licen\u00e7a, visite:\u00a0<\/span><a style=\"background-color: #ffffff;font-size: 1rem\" href=\"http:\/\/creativecommons.org\/licenses\/by-nc-nd\/4.0\/\" target=\"_blank\" rel=\"noopener\">http:\/\/creativecommons.org\/licenses\/by-nc-nd\/4.0\/<\/a><\/p><\/div>\n\t\t\t\t\t\t\t<\/div>\n\t\t<\/div>\n\t\t\t\t<\/div>\n\t\t\t\t<\/div>\n\t\t\t\t\t<\/div>\n\t\t<\/div>\n\t\t\t\t\t<\/div>\n\t\t<\/section>\n\t\t\t\t<section class=\"elementor-section elementor-top-section elementor-element elementor-element-4a3d8a0d elementor-section-boxed elementor-section-height-default elementor-section-height-default\" data-id=\"4a3d8a0d\" data-element_type=\"section\">\n\t\t\t\t\t\t<div class=\"elementor-container elementor-column-gap-default\">\n\t\t\t\t\t<div class=\"elementor-column elementor-col-100 elementor-top-column elementor-element elementor-element-5a56b8f4\" data-id=\"5a56b8f4\" data-element_type=\"column\">\n\t\t\t<div class=\"elementor-widget-wrap elementor-element-populated\">\n\t\t\t\t\t\t<div class=\"elementor-element elementor-element-17e5e636 elementor-widget elementor-widget-wp-widget-ufsm_noticias_widget\" data-id=\"17e5e636\" data-element_type=\"widget\" data-widget_type=\"wp-widget-ufsm_noticias_widget.default\">\n\t\t\t\t<div class=\"elementor-widget-container\">\n\t\t\t<h5 class='titulo-conteudos'>Publica\u00e7\u00f5es Relacionadas<\/h5><div class='widget-noticias-inside'>\n                        <div class=\"row\">\n                                    <div class=\"col-12 col-lg-12 pb-4\">\n                                        \n                                        \n                    \n                    <a class=\"noticias-widget-title d-block \"  title=\"Anais VII SENAFE e III SEINFE\u00a0\" href=\"https:\/\/www.ufsm.br\/editoras\/facos\/anais-vii-senafe-e-iii-seinfe\">\n                                                Anais VII SENAFE e III SEINFE\u00a0                    <\/a>\n                    \n                    \n                                        \n                                        \n                                        <\/div>\n                            <\/div>\n                    <div class=\"row\">\n                                    <div class=\"col-12 col-lg-12 pb-4\">\n                                        \n                                        \n                    \n                    <a class=\"noticias-widget-title d-block \"  title=\"Forma\u00e7\u00e3o e saberes em comunica\u00e7\u00e3o e m\u00eddia: volume I\" href=\"https:\/\/www.ufsm.br\/editoras\/facos\/formacao-e-saberes-em-comunicacao-e-midia-volume-i\">\n                                                Forma\u00e7\u00e3o e saberes em comunica\u00e7\u00e3o e m\u00eddia: volume I                    <\/a>\n                    \n                    \n                                        \n                                        \n                                        <\/div>\n                            <\/div>\n                    <div class=\"row\">\n                                    <div class=\"col-12 col-lg-12 pb-4\">\n                                        \n                                        \n                    \n                    <a class=\"noticias-widget-title d-block \"  title=\"Anais VI SENAFE e II SEINFE\" href=\"https:\/\/www.ufsm.br\/editoras\/facos\/anais-vi-senafe-e-ii-seinfe\">\n                                                Anais VI SENAFE e II SEINFE                    <\/a>\n                    \n                    \n                                        \n                                        \n                                        <\/div>\n                            <\/div>\n                    <div class=\"row\">\n                                    <div class=\"col-12 col-lg-12 pb-4\">\n                                        \n                                        \n                    \n                    <a class=\"noticias-widget-title d-block \"  title=\"Biopol\u00edtica, barb\u00e1rie e forma\u00e7\u00e3o humana\" href=\"https:\/\/www.ufsm.br\/editoras\/facos\/biopolitica-barbarie-e-formacao-humana\">\n                                                Biopol\u00edtica, barb\u00e1rie e forma\u00e7\u00e3o humana                    <\/a>\n                    \n                    \n                                        \n                                        \n                                        <\/div>\n                            <\/div>\n                    <div class=\"row\">\n                                    <div class=\"col-12 col-lg-12 pb-4\">\n                                        \n                                        \n                    \n                    <a class=\"noticias-widget-title d-block \"  title=\"Educa\u00e7\u00e3o Patrimonial em Territ\u00f3rios Geoparques: uma vis\u00e3o interdisciplinar na Quarta Col\u00f4nia\" href=\"https:\/\/www.ufsm.br\/editoras\/facos\/educacao-patrimonial-em-territorios-geoparques\">\n                                                Educa\u00e7\u00e3o Patrimonial em Territ\u00f3rios Geoparques: uma vis\u00e3o interdisciplinar na Quarta Col\u00f4nia                    <\/a>\n                    \n                    \n                                        \n                                        \n                                        <\/div>\n                            <\/div>\n            <\/div>\n\t\t<\/div>\n\t\t\t\t<\/div>\n\t\t\t\t\t<\/div>\n\t\t<\/div>\n\t\t\t\t\t<\/div>\n\t\t<\/section>\n\t\t\t\t<\/div>\n\t\t","protected":false},"excerpt":{"rendered":"<p>Biopol\u00edtica, barb\u00e1rie e forma\u00e7\u00e3o humana Amarildo Luiz Trevisan, Elisete Medianeira Tomazetti e Noeli Dutra Rossatto (organizadores) Centrado na \u00e1rea tem\u00e1tica da Filosofia da Educa\u00e7\u00e3o, especificamente os Fundamentos da Educa\u00e7\u00e3o, o livro est\u00e1 organizado em 9 Eixos Tem\u00e1ticos, resultando de momentos de discuss\u00e3o e troca de pesquisas entre professores e pesquisadores da \u00e1rea, advindos tanto de [&hellip;]<\/p>\n","protected":false},"author":3829,"featured_media":228,"parent":0,"menu_order":0,"comment_status":"closed","ping_status":"closed","template":"","meta":{"footnotes":""},"categories":[139],"tags":[44,90,86,88,87,89],"class_list":["post-193","page","type-page","status-publish","has-post-thumbnail","hentry","category-filosofia","tag-educacao","tag-escolas","tag-filosofia","tag-formacao","tag-professores","tag-violencia"],"acf":[],"_links":{"self":[{"href":"https:\/\/www.ufsm.br\/editoras\/facos\/wp-json\/wp\/v2\/pages\/193","targetHints":{"allow":["GET"]}}],"collection":[{"href":"https:\/\/www.ufsm.br\/editoras\/facos\/wp-json\/wp\/v2\/pages"}],"about":[{"href":"https:\/\/www.ufsm.br\/editoras\/facos\/wp-json\/wp\/v2\/types\/page"}],"author":[{"embeddable":true,"href":"https:\/\/www.ufsm.br\/editoras\/facos\/wp-json\/wp\/v2\/users\/3829"}],"replies":[{"embeddable":true,"href":"https:\/\/www.ufsm.br\/editoras\/facos\/wp-json\/wp\/v2\/comments?post=193"}],"version-history":[{"count":0,"href":"https:\/\/www.ufsm.br\/editoras\/facos\/wp-json\/wp\/v2\/pages\/193\/revisions"}],"wp:featuredmedia":[{"embeddable":true,"href":"https:\/\/www.ufsm.br\/editoras\/facos\/wp-json\/wp\/v2\/media\/228"}],"wp:attachment":[{"href":"https:\/\/www.ufsm.br\/editoras\/facos\/wp-json\/wp\/v2\/media?parent=193"}],"wp:term":[{"taxonomy":"category","embeddable":true,"href":"https:\/\/www.ufsm.br\/editoras\/facos\/wp-json\/wp\/v2\/categories?post=193"},{"taxonomy":"post_tag","embeddable":true,"href":"https:\/\/www.ufsm.br\/editoras\/facos\/wp-json\/wp\/v2\/tags?post=193"}],"curies":[{"name":"wp","href":"https:\/\/api.w.org\/{rel}","templated":true}]}}