{"id":432,"date":"2023-01-19T09:07:38","date_gmt":"2023-01-19T12:07:38","guid":{"rendered":"https:\/\/www.ufsm.br\/editoras\/facos\/?page_id=432"},"modified":"2024-02-12T17:03:58","modified_gmt":"2024-02-12T20:03:58","slug":"altas-habilidades-superdotacao-abordagens-teorico-praticas-para-o-atendimento-educacional-especializado","status":"publish","type":"page","link":"https:\/\/www.ufsm.br\/editoras\/facos\/altas-habilidades-superdotacao-abordagens-teorico-praticas-para-o-atendimento-educacional-especializado","title":{"rendered":"Altas habilidades\/superdota\u00e7\u00e3o: abordagens te\u00f3rico-pr\u00e1ticas para o atendimento educacional especializado"},"content":{"rendered":"\t\t<div data-elementor-type=\"wp-page\" data-elementor-id=\"432\" class=\"elementor elementor-432\">\n\t\t\t\t\t\t<section class=\"elementor-section elementor-top-section elementor-element elementor-element-5dbfaa2c elementor-section-boxed elementor-section-height-default elementor-section-height-default\" data-id=\"5dbfaa2c\" data-element_type=\"section\">\n\t\t\t\t\t\t<div class=\"elementor-container elementor-column-gap-default\">\n\t\t\t\t\t<div class=\"elementor-column elementor-col-100 elementor-top-column elementor-element elementor-element-3e0c10bb\" data-id=\"3e0c10bb\" data-element_type=\"column\">\n\t\t\t<div class=\"elementor-widget-wrap elementor-element-populated\">\n\t\t\t\t\t\t<div class=\"elementor-element elementor-element-18d74d04 elementor-widget elementor-widget-text-editor\" data-id=\"18d74d04\" data-element_type=\"widget\" data-widget_type=\"text-editor.default\">\n\t\t\t\t<div class=\"elementor-widget-container\">\n\t\t\t\t\t\t\t<h2 class=\"page-header first-page-header\">Altas habilidades\/superdota\u00e7\u00e3o: abordagens te\u00f3rico-pr\u00e1ticas para o atendimento educacional especializado<\/h2><h6>Tatiane Negrini, Ravele Bueno Goulart e Bruna Perereira Alvez Fiorin (organizadores)<\/h6>\t\t\t\t\t\t<\/div>\n\t\t\t\t<\/div>\n\t\t\t\t\t<\/div>\n\t\t<\/div>\n\t\t\t\t\t<\/div>\n\t\t<\/section>\n\t\t\t\t<section class=\"elementor-section elementor-top-section elementor-element elementor-element-6e1e9ce7 elementor-section-boxed elementor-section-height-default elementor-section-height-default\" data-id=\"6e1e9ce7\" data-element_type=\"section\">\n\t\t\t\t\t\t<div class=\"elementor-container elementor-column-gap-default\">\n\t\t\t\t\t<div class=\"elementor-column elementor-col-100 elementor-top-column elementor-element elementor-element-1da7f695\" data-id=\"1da7f695\" data-element_type=\"column\">\n\t\t\t<div class=\"elementor-widget-wrap elementor-element-populated\">\n\t\t\t\t\t\t<div class=\"elementor-element elementor-element-70c7ccf0 elementor-widget elementor-widget-wp-widget-ufsm_manancial_ficha_apresentacao\" data-id=\"70c7ccf0\" data-element_type=\"widget\" data-widget_type=\"wp-widget-ufsm_manancial_ficha_apresentacao.default\">\n\t\t\t\t<div class=\"elementor-widget-container\">\n\t\t\t<div class=\"row g-0\">\n    <div class=\"col-12 col-lg-5\">\n        <div class=\"card rounded-0 bg-primary text-white\">\n                            <img decoding=\"async\" src=\"https:\/\/repositorio.ufsm.br\/bitstream\/handle\/1\/27623\/Altas habilidades-superdota\u00e7\u00e3o - abordagens te\u00f3rico-pr\u00e1ticas para o Atendimento Educacional Especializado - capa.png\" class=\"img-fluid img-thumbnail mx-5 mt-5 mb-1\" >\n                        <div class=\"card-body bg-transparent-on-contraste ms-4 ps-4 me-3\">\n                <p class=\"card-title fs-5 lh-sm\">Altas habilidades\/superdota\u00e7\u00e3o: abordagens te\u00f3rico-pr\u00e1ticas para o atendimento educacional especializado<\/p>\n                <div class=\"d-flex flex-wrap\">\n                    <a href=\"https:\/\/repositorio.ufsm.br\/handle\/1\/27623\" class=\"small link-light underline-on-hover me-3\" target=\"_blank\">\n                        <i class=\"fa fa-external-link me-1\" aria-hidden=\"true\"><\/i>\n                        Ver no Manancial\n                    <\/a>\n                                            <a href=\"https:\/\/repositorio.ufsm.br\/bitstream\/handle\/1\/27623\/Livro Altas Habilidades Superdota\u00e7\u00e3o.pdf\" class=\"small link-light underline-on-hover\" target=\"_blank\">\n                            <i class=\"fa fa-file-pdf-o me-1\" aria-hidden=\"true\"><\/i>\n                            Ver o PDF\n                        <\/a>\n                                                        <\/div>\n            <\/div>\n        <\/div>\n    <\/div>\n    <div class=\"col-12 col-lg-7 d-flex\">\n        <div class=\"card rounded-0 rounded-end border-0 shadow w-100\">\n            <div class=\"card-body bg-transparent-on-contraste my-2 mx-3\">\n                <ul class=\"nav nav-pills justify-content-center\" id=\"c886b522-d5f8-4b86-81bf-27435f0595db\" role=\"tablist\">\n                    <li class=\"nav-item\" role=\"presentation\">\n            <button class=\"nav-link active\" id=\"section-c886b522-d5f8-4b86-81bf-27435f0595db-resumo-tab\" data-bs-toggle=\"tab\" data-bs-target=\"#section-c886b522-d5f8-4b86-81bf-27435f0595db-resumo\" type=\"button\" role=\"tab\" aria-controls=\"section-c886b522-d5f8-4b86-81bf-27435f0595db-resumo\"  aria-selected=\"true\" >Resumo<\/button>\n        <\/li>\n                    <li class=\"nav-item\" role=\"presentation\">\n            <button class=\"nav-link \" id=\"section-c886b522-d5f8-4b86-81bf-27435f0595db-organizacao-tab\" data-bs-toggle=\"tab\" data-bs-target=\"#section-c886b522-d5f8-4b86-81bf-27435f0595db-organizacao\" type=\"button\" role=\"tab\" aria-controls=\"section-c886b522-d5f8-4b86-81bf-27435f0595db-organizacao\" >Organiza\u00e7\u00e3o<\/button>\n        <\/li>\n                    <li class=\"nav-item\" role=\"presentation\">\n            <button class=\"nav-link \" id=\"section-c886b522-d5f8-4b86-81bf-27435f0595db-autoria-tab\" data-bs-toggle=\"tab\" data-bs-target=\"#section-c886b522-d5f8-4b86-81bf-27435f0595db-autoria\" type=\"button\" role=\"tab\" aria-controls=\"section-c886b522-d5f8-4b86-81bf-27435f0595db-autoria\" >Autoria<\/button>\n        <\/li>\n                    <li class=\"nav-item\" role=\"presentation\">\n            <button class=\"nav-link \" id=\"section-c886b522-d5f8-4b86-81bf-27435f0595db-outros-dados-tab\" data-bs-toggle=\"tab\" data-bs-target=\"#section-c886b522-d5f8-4b86-81bf-27435f0595db-outros-dados\" type=\"button\" role=\"tab\" aria-controls=\"section-c886b522-d5f8-4b86-81bf-27435f0595db-outros-dados\" >Dados da Obra<\/button>\n        <\/li>\n                    <li class=\"nav-item\" role=\"presentation\">\n            <button class=\"nav-link \" id=\"section-c886b522-d5f8-4b86-81bf-27435f0595db-cnpq-tab\" data-bs-toggle=\"tab\" data-bs-target=\"#section-c886b522-d5f8-4b86-81bf-27435f0595db-cnpq\" type=\"button\" role=\"tab\" aria-controls=\"section-c886b522-d5f8-4b86-81bf-27435f0595db-cnpq\" >CNPq<\/button>\n        <\/li>\n    <\/ul>\n<div class=\"tab-content\" id=\"c886b522-d5f8-4b86-81bf-27435f0595dbContent\">\n            <div class=\"tab-pane fade show active pt-3\" id=\"section-c886b522-d5f8-4b86-81bf-27435f0595db-resumo\" role=\"tabpanel\" aria-labelledby=\"section-c886b522-d5f8-4b86-81bf-27435f0595db-resumo-tab\">\n            Altas Habilidades\/Superdota\u00e7\u00e3o: abordagens: te\u00f3rico-pr\u00e1ticas para o atendimento educacional especializado \u00e9 formado por sete artigos, que embasam os m\u00f3dulos que comp\u00f5em o curso \u201cServi\u00e7o de AEE para o estudante com Altas Habilidades\/Superdota\u00e7\u00e3o\u201d. O curso teve por objetivo formar professores da educa\u00e7\u00e3o b\u00e1sica da rede p\u00fablica de ensino e\/ou que atuam no servi\u00e7o de atendimento educacional especializado, em n\u00edvel de aperfei\u00e7oamento, com compet\u00eancia pedag\u00f3gica e metodol\u00f3gica para realizar o atendimento aos estudantes com Altas Habilidades\/Superdota\u00e7\u00e3o, tanto em salas de recursos multifuncionais quanto salas de aula regulares (projeto do curso). Busca-se discutir a respeito do atendimento educacional especializado para pessoas caracterizadas como sujeitos com Altas Habilidades\/Superdota\u00e7\u00e3o, uma vez que esses est\u00e3o inclu\u00eddos no p\u00fablico das pol\u00edticas educacionais da Educa\u00e7\u00e3o Especial, em especial da Pol\u00edtica Nacional de Educa\u00e7\u00e3o Especial na Perspectiva da Educa\u00e7\u00e3o Inclusiva.        <\/div>\n            <div class=\"tab-pane fade  pt-3\" id=\"section-c886b522-d5f8-4b86-81bf-27435f0595db-organizacao\" role=\"tabpanel\" aria-labelledby=\"section-c886b522-d5f8-4b86-81bf-27435f0595db-organizacao-tab\">\n            <div class=\"row row-cols-1 row-cols-md-2\">\n            <div class=\"col p-1\">\n            <div class=\"border-bottom border-1 h-100\">\n                Negrini, Tatiane            <\/div>\n        <\/div>\n            <div class=\"col p-1\">\n            <div class=\"border-bottom border-1 h-100\">\n                Fiorin, Bruna Pereira Alves            <\/div>\n        <\/div>\n            <div class=\"col p-1\">\n            <div class=\"border-bottom border-1 h-100\">\n                Goularte, Ravele Bueno            <\/div>\n        <\/div>\n        \n<\/div>\n        <\/div>\n            <div class=\"tab-pane fade  pt-3\" id=\"section-c886b522-d5f8-4b86-81bf-27435f0595db-autoria\" role=\"tabpanel\" aria-labelledby=\"section-c886b522-d5f8-4b86-81bf-27435f0595db-autoria-tab\">\n            <div class=\"row row-cols-1 row-cols-md-2\">\n            <div class=\"col p-1\">\n            <div class=\"border-bottom border-1 h-100\">\n                Rech, Andr\u00e9ia Jaqueline Devalle            <\/div>\n        <\/div>\n            <div class=\"col p-1\">\n            <div class=\"border-bottom border-1 h-100\">\n                Fiorin, Bruna Pereira Alves            <\/div>\n        <\/div>\n            <div class=\"col p-1\">\n            <div class=\"border-bottom border-1 h-100\">\n                Teixeira, Carolina Terribile            <\/div>\n        <\/div>\n            <div class=\"col p-1\">\n            <div class=\"border-bottom border-1 h-100\">\n                Vieira, Nara Joyce Wellausen            <\/div>\n        <\/div>\n            <div class=\"col p-1\">\n            <div class=\"border-bottom border-1 h-100\">\n                Sakaguti, Paula Mitsuyo Yamasaki            <\/div>\n        <\/div>\n            <div class=\"col p-1\">\n            <div class=\"border-bottom border-1 h-100\">\n                Bulh\u00f5es, Priscila Fonseca            <\/div>\n        <\/div>\n            <div class=\"col p-1\">\n            <div class=\"border-bottom border-1 h-100\">\n                Goularte, Ravele Bueno            <\/div>\n        <\/div>\n            <div class=\"col p-1\">\n            <div class=\"border-bottom border-1 h-100\">\n                Camargo, Renata Gomes            <\/div>\n        <\/div>\n            <div class=\"col p-1\">\n            <div class=\"border-bottom border-1 h-100\">\n                Medeiros, Ronise Venturini            <\/div>\n        <\/div>\n            <div class=\"col p-1\">\n            <div class=\"border-bottom border-1 h-100\">\n                Negrini, Tatiane            <\/div>\n        <\/div>\n        \n<\/div>\n        <\/div>\n            <div class=\"tab-pane fade  pt-3\" id=\"section-c886b522-d5f8-4b86-81bf-27435f0595db-outros-dados\" role=\"tabpanel\" aria-labelledby=\"section-c886b522-d5f8-4b86-81bf-27435f0595db-outros-dados-tab\">\n            <dl class=\"row\">\n    <dt class=\"col-12 col-md-3\">Publica\u00e7\u00e3o<\/dt>\n    <dd class=\"col-12 col-md-9\">\n        <dl class=\"row\">\n            <dt class=\"col-12 col-md-4\">Ano<\/dt>\n            <dd class=\"col-12 col-md-8\">2022<\/dd>\n            <dt class=\"col-12 col-md-4\">ISBN<\/dt>\n            <dd class=\"col-12 col-md-8\">9786557730515<\/dd>\n        <\/dl>\n    <\/dd>\n            <dt class=\"col-12 col-md-3\">Refer\u00eancia<\/dt>\n        <dd class=\"col-12 col-md-9\">NEGRINI, Tatiane; FIORIN, Bruna Pereira Alves; GOULARTE, Ravele Bueno (Orgs.). Altas Habilidades\/Superdota\u00e7\u00e3o: abordagens te\u00f3rico-pr\u00e1ticas para o atendimento educacional especializado. Santa Maria: Facos-UFSM, 2022.<\/dd>\n                <dt class=\"col-12 col-md-3\">Assuntos<\/dt>\n        <dd class=\"col-12 col-md-9\">Altas habilidades\/superdota\u00e7\u00e3o;<br>Abordagens te\u00f3rico-pr\u00e1ticas;<br>Atendimento educacional especializado<\/dd>\n                <dt class=\"col-12 col-md-3\">Licen\u00e7a<\/dt>\n        <dd class=\"col-12 col-md-9\">\n            Acesso Aberto;<br>Attribution-NonCommercial-NoDerivatives 4.0 International;<br><a target='_blank' href='http:\/\/creativecommons.org\/licenses\/by-nc-nd\/4.0\/'>http:\/\/creativecommons.org\/licenses\/by-nc-nd\/4.0\/<\/a>        <\/dd>\n        \n<\/dl>\n        <\/div>\n            <div class=\"tab-pane fade  pt-3\" id=\"section-c886b522-d5f8-4b86-81bf-27435f0595db-cnpq\" role=\"tabpanel\" aria-labelledby=\"section-c886b522-d5f8-4b86-81bf-27435f0595db-cnpq-tab\">\n            <dl class=\"row\">\n    <dt class=\"col-12 col-md-3\">Grande \u00e1rea<\/dt>\n    <dd class=\"col-12 col-md-9 text-capitalize\">ciencias humanas<\/dd>\n    \n            <dt class=\"col-12 col-md-3\">\u00c1rea<\/dt>\n        <dd class=\"col-12 col-md-9 text-capitalize\">educacao<\/dd>\n        \n                    <dt class=\"col-12 col-md-3\">Sub\u00e1rea<\/dt>\n            <dd class=\"col-12 col-md-9 text-capitalize\">topicos especificos de educacao<\/dd>\n            \n                            <dt class=\"col-12 col-md-3\">Especialidade<\/dt>\n                <dd class=\"col-12 col-md-9 text-capitalize\">educacao especial<\/dd>\n                    \n            \n    <\/dl>\n        <\/div>\n    <\/div>\n            <\/div>\n        <\/div>\n    <\/div>\n<\/div>\n\t\t<\/div>\n\t\t\t\t<\/div>\n\t\t\t\t<div class=\"elementor-element elementor-element-4345e82d elementor-widget elementor-widget-spacer\" data-id=\"4345e82d\" data-element_type=\"widget\" data-widget_type=\"spacer.default\">\n\t\t\t\t<div class=\"elementor-widget-container\">\n\t\t\t\t\t<div class=\"elementor-spacer\">\n\t\t\t<div class=\"elementor-spacer-inner\"><\/div>\n\t\t<\/div>\n\t\t\t\t<\/div>\n\t\t\t\t<\/div>\n\t\t\t\t<div class=\"elementor-element elementor-element-7417f3b1 elementor-widget elementor-widget-wp-widget-ufsm_noticias_widget\" data-id=\"7417f3b1\" data-element_type=\"widget\" data-widget_type=\"wp-widget-ufsm_noticias_widget.default\">\n\t\t\t\t<div class=\"elementor-widget-container\">\n\t\t\t<h5 class='titulo-conteudos'>Publica\u00e7\u00f5es Relacionadas<\/h5><div class='widget-noticias-inside'>\n                        <div class=\"row\">\n                                    <div class=\"col-12 col-lg-3 pb-4\">\n                                            <div class=\"noticias-widget-wrap\" style=\"height: 280px; overflow: hidden;\">\n                            <a title=\"Anais 7 SENAFE e 3 SEINFE\" href=\"https:\/\/www.ufsm.br\/editoras\/facos\/anais-vii-senafe-e-iii-seinfe\">\n                                <span class=\"visually-hidden\">\n                                    Anais 7 SENAFE e 3 SEINFE                                <\/span>\n                                <div class=\"noticias-widget-thumbs h-100\">\n                                    <img decoding=\"async\" class=\"object-fit-cover h-100 w-100\" alt=\"\" srcset=\"https:\/\/www.ufsm.br\/app\/uploads\/sites\/746\/2025\/11\/Anais-Senafe-2024-212x300.jpg 212w, https:\/\/www.ufsm.br\/app\/uploads\/sites\/746\/2025\/11\/Anais-Senafe-2024-724x1024.jpg 724w, https:\/\/www.ufsm.br\/app\/uploads\/sites\/746\/2025\/11\/Anais-Senafe-2024-768x1086.jpg 768w, https:\/\/www.ufsm.br\/app\/uploads\/sites\/746\/2025\/11\/Anais-Senafe-2024-1086x1536.jpg 1086w, https:\/\/www.ufsm.br\/app\/uploads\/sites\/746\/2025\/11\/Anais-Senafe-2024-1448x2048.jpg 1448w, https:\/\/www.ufsm.br\/app\/uploads\/sites\/746\/2025\/11\/Anais-Senafe-2024-scaled.jpg 1810w\" src=\"https:\/\/www.ufsm.br\/app\/uploads\/sites\/746\/2025\/11\/Anais-Senafe-2024-724x1024.jpg\"><\/img>\n                                <\/div>\n                            <\/a>\n                        <\/div>\n                                        \n                                        \n                    \n                    <a class=\"noticias-widget-title d-block  m-0 \"  title=\"Anais VII SENAFE e III SEINFE\u00a0\" href=\"https:\/\/www.ufsm.br\/editoras\/facos\/anais-vii-senafe-e-iii-seinfe\">\n                                                Anais VII SENAFE e III SEINFE\u00a0                    <\/a>\n                    \n                    \n                                        \n                                        \n                                        <\/div>\n                                    <div class=\"col-12 col-lg-3 pb-4\">\n                                            <div class=\"noticias-widget-wrap\" style=\"height: 280px; overflow: hidden;\">\n                            <a title=\"Capa do ebook Filosofia e Educa\u00e7\u00e3o\" href=\"https:\/\/www.ufsm.br\/editoras\/facos\/filosofia-e-educacao-sustentabilidade-violencia-escolar-e-formacao-para-a-cidadania\">\n                                <span class=\"visually-hidden\">\n                                    Capa do ebook Filosofia e Educa\u00e7\u00e3o                                <\/span>\n                                <div class=\"noticias-widget-thumbs h-100\">\n                                    <img decoding=\"async\" class=\"object-fit-cover h-100 w-100\" alt=\"\" srcset=\"https:\/\/www.ufsm.br\/app\/uploads\/sites\/746\/2025\/11\/Filosofia-e-educacao-212x300.jpg 212w, https:\/\/www.ufsm.br\/app\/uploads\/sites\/746\/2025\/11\/Filosofia-e-educacao-724x1024.jpg 724w, https:\/\/www.ufsm.br\/app\/uploads\/sites\/746\/2025\/11\/Filosofia-e-educacao-768x1086.jpg 768w, https:\/\/www.ufsm.br\/app\/uploads\/sites\/746\/2025\/11\/Filosofia-e-educacao-1086x1536.jpg 1086w, https:\/\/www.ufsm.br\/app\/uploads\/sites\/746\/2025\/11\/Filosofia-e-educacao.jpg 1092w\" src=\"https:\/\/www.ufsm.br\/app\/uploads\/sites\/746\/2025\/11\/Filosofia-e-educacao-724x1024.jpg\"><\/img>\n                                <\/div>\n                            <\/a>\n                        <\/div>\n                                        \n                                        \n                    \n                    <a class=\"noticias-widget-title d-block  m-0 \"  title=\"Filosofia e educa\u00e7\u00e3o: sustentabilidade, viol\u00eancia escolar e forma\u00e7\u00e3o para a cidadania\" href=\"https:\/\/www.ufsm.br\/editoras\/facos\/filosofia-e-educacao-sustentabilidade-violencia-escolar-e-formacao-para-a-cidadania\">\n                                                Filosofia e educa\u00e7\u00e3o: sustentabilidade, viol\u00eancia escolar e forma\u00e7\u00e3o para a cidadania                    <\/a>\n                    \n                    \n                                        \n                                        \n                                        <\/div>\n                                    <div class=\"col-12 col-lg-3 pb-4\">\n                                            <div class=\"noticias-widget-wrap\" style=\"height: 280px; overflow: hidden;\">\n                            <a title=\"Capa do livro Pesquisa e Desenvolvimento Criativo para divulga\u00e7\u00e3o de Indicadores da Educa\u00e7\u00e3o Superior\" href=\"https:\/\/www.ufsm.br\/editoras\/facos\/pesquisa-e-desenvolvimento-criativo-para-divulgacao-de-indicadores-da-educacao-superior\">\n                                <span class=\"visually-hidden\">\n                                    Capa do livro Pesquisa e Desenvolvimento Criativo para divulga\u00e7\u00e3o de Indicadores da Educa\u00e7\u00e3o Superior                                <\/span>\n                                <div class=\"noticias-widget-thumbs h-100\">\n                                    <img decoding=\"async\" class=\"object-fit-cover h-100 w-100\" alt=\"\" srcset=\"https:\/\/www.ufsm.br\/app\/uploads\/sites\/746\/2025\/10\/IMG-20251006-WA0112-212x300.jpg 212w, https:\/\/www.ufsm.br\/app\/uploads\/sites\/746\/2025\/10\/IMG-20251006-WA0112-722x1024.jpg 722w, https:\/\/www.ufsm.br\/app\/uploads\/sites\/746\/2025\/10\/IMG-20251006-WA0112-768x1089.jpg 768w, https:\/\/www.ufsm.br\/app\/uploads\/sites\/746\/2025\/10\/IMG-20251006-WA0112.jpg 840w\" src=\"https:\/\/www.ufsm.br\/app\/uploads\/sites\/746\/2025\/10\/IMG-20251006-WA0112-722x1024.jpg\"><\/img>\n                                <\/div>\n                            <\/a>\n                        <\/div>\n                                        \n                                        \n                    \n                    <a class=\"noticias-widget-title d-block  m-0 \"  title=\"Pesquisa e Desenvolvimento Criativo para divulga\u00e7\u00e3o de Indicadores da Educa\u00e7\u00e3o Superior\" href=\"https:\/\/www.ufsm.br\/editoras\/facos\/pesquisa-e-desenvolvimento-criativo-para-divulgacao-de-indicadores-da-educacao-superior\">\n                                                Pesquisa e Desenvolvimento Criativo para divulga\u00e7\u00e3o de Indicadores da Educa\u00e7\u00e3o Superior                    <\/a>\n                    \n                    \n                                        \n                                        \n                                        <\/div>\n                                    <div class=\"col-12 col-lg-3 pb-4\">\n                                            <div class=\"noticias-widget-wrap\" style=\"height: 280px; overflow: hidden;\">\n                            <a title=\"Capa do livro media\u00e7\u00e3o pedag\u00f3gica\" href=\"https:\/\/www.ufsm.br\/editoras\/facos\/mediacao-pedagogica-na-educacao-a-distancia-hibrida-e-presencial\">\n                                <span class=\"visually-hidden\">\n                                    Capa do livro media\u00e7\u00e3o pedag\u00f3gica                                <\/span>\n                                <div class=\"noticias-widget-thumbs h-100\">\n                                    <img decoding=\"async\" class=\"object-fit-cover h-100 w-100\" alt=\"\" srcset=\"https:\/\/www.ufsm.br\/app\/uploads\/sites\/746\/2025\/08\/Mediacao-pedagogica-209x300.png 209w, https:\/\/www.ufsm.br\/app\/uploads\/sites\/746\/2025\/08\/Mediacao-pedagogica-712x1024.png 712w, https:\/\/www.ufsm.br\/app\/uploads\/sites\/746\/2025\/08\/Mediacao-pedagogica-768x1104.png 768w, https:\/\/www.ufsm.br\/app\/uploads\/sites\/746\/2025\/08\/Mediacao-pedagogica-1068x1536.png 1068w, https:\/\/www.ufsm.br\/app\/uploads\/sites\/746\/2025\/08\/Mediacao-pedagogica.png 1260w\" src=\"https:\/\/www.ufsm.br\/app\/uploads\/sites\/746\/2025\/08\/Mediacao-pedagogica-712x1024.png\"><\/img>\n                                <\/div>\n                            <\/a>\n                        <\/div>\n                                        \n                                        \n                    \n                    <a class=\"noticias-widget-title d-block  m-0 \"  title=\"Media\u00e7\u00e3o pedag\u00f3gica na educa\u00e7\u00e3o a dist\u00e2ncia, h\u00edbrida e presencial\" href=\"https:\/\/www.ufsm.br\/editoras\/facos\/mediacao-pedagogica-na-educacao-a-distancia-hibrida-e-presencial\">\n                                                Media\u00e7\u00e3o pedag\u00f3gica na educa\u00e7\u00e3o a dist\u00e2ncia, h\u00edbrida e presencial                    <\/a>\n                    \n                    \n                                        \n                                        \n                                        <\/div>\n                            <\/div>\n            <\/div>\n\t\t<\/div>\n\t\t\t\t<\/div>\n\t\t\t\t\t<\/div>\n\t\t<\/div>\n\t\t\t\t\t<\/div>\n\t\t<\/section>\n\t\t\t\t<\/div>\n\t\t","protected":false},"excerpt":{"rendered":"<p>Altas habilidades\/superdota\u00e7\u00e3o: abordagens te\u00f3rico-pr\u00e1ticas para o atendimento educacional especializado Tatiane Negrini, Ravele Bueno Goulart e Bruna Perereira Alvez Fiorin (organizadores)<\/p>\n","protected":false},"author":2180,"featured_media":433,"parent":0,"menu_order":0,"comment_status":"closed","ping_status":"closed","template":"","meta":{"footnotes":""},"categories":[138],"tags":[],"class_list":["post-432","page","type-page","status-publish","has-post-thumbnail","hentry","category-educacao"],"acf":[],"_links":{"self":[{"href":"https:\/\/www.ufsm.br\/editoras\/facos\/wp-json\/wp\/v2\/pages\/432","targetHints":{"allow":["GET"]}}],"collection":[{"href":"https:\/\/www.ufsm.br\/editoras\/facos\/wp-json\/wp\/v2\/pages"}],"about":[{"href":"https:\/\/www.ufsm.br\/editoras\/facos\/wp-json\/wp\/v2\/types\/page"}],"author":[{"embeddable":true,"href":"https:\/\/www.ufsm.br\/editoras\/facos\/wp-json\/wp\/v2\/users\/2180"}],"replies":[{"embeddable":true,"href":"https:\/\/www.ufsm.br\/editoras\/facos\/wp-json\/wp\/v2\/comments?post=432"}],"version-history":[{"count":0,"href":"https:\/\/www.ufsm.br\/editoras\/facos\/wp-json\/wp\/v2\/pages\/432\/revisions"}],"wp:featuredmedia":[{"embeddable":true,"href":"https:\/\/www.ufsm.br\/editoras\/facos\/wp-json\/wp\/v2\/media\/433"}],"wp:attachment":[{"href":"https:\/\/www.ufsm.br\/editoras\/facos\/wp-json\/wp\/v2\/media?parent=432"}],"wp:term":[{"taxonomy":"category","embeddable":true,"href":"https:\/\/www.ufsm.br\/editoras\/facos\/wp-json\/wp\/v2\/categories?post=432"},{"taxonomy":"post_tag","embeddable":true,"href":"https:\/\/www.ufsm.br\/editoras\/facos\/wp-json\/wp\/v2\/tags?post=432"}],"curies":[{"name":"wp","href":"https:\/\/api.w.org\/{rel}","templated":true}]}}