{"id":485,"date":"2023-02-23T17:54:15","date_gmt":"2023-02-23T20:54:15","guid":{"rendered":"https:\/\/www.ufsm.br\/editoras\/facos\/?page_id=485"},"modified":"2023-02-23T17:56:30","modified_gmt":"2023-02-23T20:56:30","slug":"estrategias-midiaticas","status":"publish","type":"page","link":"https:\/\/www.ufsm.br\/editoras\/facos\/estrategias-midiaticas","title":{"rendered":"Estrat\u00e9gias midi\u00e1ticas"},"content":{"rendered":"\t\t<div data-elementor-type=\"wp-page\" data-elementor-id=\"485\" class=\"elementor elementor-485\">\n\t\t\t\t\t\t<section class=\"elementor-section elementor-top-section elementor-element elementor-element-1effddd5 elementor-section-boxed elementor-section-height-default elementor-section-height-default\" data-id=\"1effddd5\" data-element_type=\"section\">\n\t\t\t\t\t\t<div class=\"elementor-container elementor-column-gap-default\">\n\t\t\t\t\t<div class=\"elementor-column elementor-col-100 elementor-top-column elementor-element elementor-element-4a930cef\" data-id=\"4a930cef\" data-element_type=\"column\">\n\t\t\t<div class=\"elementor-widget-wrap elementor-element-populated\">\n\t\t\t\t\t\t<div class=\"elementor-element elementor-element-7c0dced elementor-widget elementor-widget-text-editor\" data-id=\"7c0dced\" data-element_type=\"widget\" data-widget_type=\"text-editor.default\">\n\t\t\t\t<div class=\"elementor-widget-container\">\n\t\t\t\t\t\t\t<h1>Estrat\u00e9gias Midi\u00e1ticas<\/h1><h6>Ada Cristina Machado da Silveira, Eug\u00eania Mariano da Rocha Barichello, Flavi Ferreira Lisb\u00f4a Filho e Maria Ivete Trevisan Foss\u00e1 (organizadores)<\/h6>\t\t\t\t\t\t<\/div>\n\t\t\t\t<\/div>\n\t\t\t\t\t<\/div>\n\t\t<\/div>\n\t\t\t\t\t<\/div>\n\t\t<\/section>\n\t\t\t\t<section class=\"elementor-section elementor-top-section elementor-element elementor-element-50687b10 elementor-section-boxed elementor-section-height-default elementor-section-height-default\" data-id=\"50687b10\" data-element_type=\"section\">\n\t\t\t\t\t\t<div class=\"elementor-container elementor-column-gap-default\">\n\t\t\t\t\t<div class=\"elementor-column elementor-col-100 elementor-top-column elementor-element elementor-element-1e3ee9b5\" data-id=\"1e3ee9b5\" data-element_type=\"column\">\n\t\t\t<div class=\"elementor-widget-wrap elementor-element-populated\">\n\t\t\t\t\t\t<div class=\"elementor-element elementor-element-44678b0d elementor-widget elementor-widget-wp-widget-ufsm_manancial_ficha_apresentacao\" data-id=\"44678b0d\" data-element_type=\"widget\" data-widget_type=\"wp-widget-ufsm_manancial_ficha_apresentacao.default\">\n\t\t\t\t<div class=\"elementor-widget-container\">\n\t\t\t<div class=\"row g-0\">\n    <div class=\"col-12 col-lg-5\">\n        <div class=\"card rounded-0 bg-primary text-white\">\n                            <img decoding=\"async\" src=\"https:\/\/repositorio.ufsm.br\/bitstream\/handle\/1\/27867\/ESTRATEGIAS-MIDIATICAS-2012.jpg\" class=\"img-fluid img-thumbnail mx-5 mt-5 mb-1\" >\n                        <div class=\"card-body bg-transparent-on-contraste ms-4 ps-4 me-3\">\n                <p class=\"card-title fs-5 lh-sm\">Estrat\u00e9gias midi\u00e1ticas<\/p>\n                <div class=\"d-flex flex-wrap\">\n                    <a href=\"https:\/\/repositorio.ufsm.br\/handle\/1\/27867\" class=\"small link-light underline-on-hover me-3\" target=\"_blank\">\n                        <i class=\"fa fa-external-link me-1\" aria-hidden=\"true\"><\/i>\n                        Ver no Manancial\n                    <\/a>\n                                            <a href=\"https:\/\/repositorio.ufsm.br\/bitstream\/handle\/1\/27867\/ESTRAT\u00c9GIAS-MIDI\u00c1TICAS-2012.pdf\" class=\"small link-light underline-on-hover\" target=\"_blank\">\n                            <i class=\"fa fa-file-pdf-o me-1\" aria-hidden=\"true\"><\/i>\n                            Ver o PDF\n                        <\/a>\n                                                        <\/div>\n            <\/div>\n        <\/div>\n    <\/div>\n    <div class=\"col-12 col-lg-7 d-flex\">\n        <div class=\"card rounded-0 rounded-end border-0 shadow w-100\">\n            <div class=\"card-body bg-transparent-on-contraste my-2 mx-3\">\n                <ul class=\"nav nav-pills justify-content-center\" id=\"12ef0b00-17b0-4a9d-aac0-e2f1c569f309\" role=\"tablist\">\n                    <li class=\"nav-item\" role=\"presentation\">\n            <button class=\"nav-link active\" id=\"section-12ef0b00-17b0-4a9d-aac0-e2f1c569f309-resumo-tab\" data-bs-toggle=\"tab\" data-bs-target=\"#section-12ef0b00-17b0-4a9d-aac0-e2f1c569f309-resumo\" type=\"button\" role=\"tab\" aria-controls=\"section-12ef0b00-17b0-4a9d-aac0-e2f1c569f309-resumo\"  aria-selected=\"true\" >Resumo<\/button>\n        <\/li>\n                    <li class=\"nav-item\" role=\"presentation\">\n            <button class=\"nav-link \" id=\"section-12ef0b00-17b0-4a9d-aac0-e2f1c569f309-organizacao-tab\" data-bs-toggle=\"tab\" data-bs-target=\"#section-12ef0b00-17b0-4a9d-aac0-e2f1c569f309-organizacao\" type=\"button\" role=\"tab\" aria-controls=\"section-12ef0b00-17b0-4a9d-aac0-e2f1c569f309-organizacao\" >Organiza\u00e7\u00e3o<\/button>\n        <\/li>\n                    <li class=\"nav-item\" role=\"presentation\">\n            <button class=\"nav-link \" id=\"section-12ef0b00-17b0-4a9d-aac0-e2f1c569f309-autoria-tab\" data-bs-toggle=\"tab\" data-bs-target=\"#section-12ef0b00-17b0-4a9d-aac0-e2f1c569f309-autoria\" type=\"button\" role=\"tab\" aria-controls=\"section-12ef0b00-17b0-4a9d-aac0-e2f1c569f309-autoria\" >Autoria<\/button>\n        <\/li>\n                    <li class=\"nav-item\" role=\"presentation\">\n            <button class=\"nav-link \" id=\"section-12ef0b00-17b0-4a9d-aac0-e2f1c569f309-outros-dados-tab\" data-bs-toggle=\"tab\" data-bs-target=\"#section-12ef0b00-17b0-4a9d-aac0-e2f1c569f309-outros-dados\" type=\"button\" role=\"tab\" aria-controls=\"section-12ef0b00-17b0-4a9d-aac0-e2f1c569f309-outros-dados\" >Dados da Obra<\/button>\n        <\/li>\n                    <li class=\"nav-item\" role=\"presentation\">\n            <button class=\"nav-link \" id=\"section-12ef0b00-17b0-4a9d-aac0-e2f1c569f309-cnpq-tab\" data-bs-toggle=\"tab\" data-bs-target=\"#section-12ef0b00-17b0-4a9d-aac0-e2f1c569f309-cnpq\" type=\"button\" role=\"tab\" aria-controls=\"section-12ef0b00-17b0-4a9d-aac0-e2f1c569f309-cnpq\" >CNPq<\/button>\n        <\/li>\n    <\/ul>\n<div class=\"tab-content\" id=\"12ef0b00-17b0-4a9d-aac0-e2f1c569f309Content\">\n            <div class=\"tab-pane fade show active pt-3\" id=\"section-12ef0b00-17b0-4a9d-aac0-e2f1c569f309-resumo\" role=\"tabpanel\" aria-labelledby=\"section-12ef0b00-17b0-4a9d-aac0-e2f1c569f309-resumo-tab\">\n            \"O voc\u00e1bulo estrat\u00e9gia tem uma ampla abertura, que perpassa diferentes \u00e1reas do conhecimento, mas parece que\r\npodemos come\u00e7ar a cerc\u00e1-lo quando focamos o espa\u00e7o de tempo que transcorre entre o pensar e o agir. Vamos utilizar esta \u00e2ncora temporal para situar o conceito com o qual os textos presentes neste livro pretendem contribuir: estrat\u00e9gia midi\u00e1tica.\r\nA no\u00e7\u00e3o ampla de estrat\u00e9gia est\u00e1 acompanhada de um segundo voc\u00e1bulo, que qualifica o primeiro: midi\u00e1tica. O acr\u00e9scimo\r\ndesse voc\u00e1bulo delimita, orienta nosso olhar para os artefatos que o ser humano constr\u00f3i para comunicar-se e seus usos, intera\u00e7\u00f5es e produ\u00e7\u00f5es de sentido, como veremos nos treze textos que comp\u00f5em este livro.\"        <\/div>\n            <div class=\"tab-pane fade  pt-3\" id=\"section-12ef0b00-17b0-4a9d-aac0-e2f1c569f309-organizacao\" role=\"tabpanel\" aria-labelledby=\"section-12ef0b00-17b0-4a9d-aac0-e2f1c569f309-organizacao-tab\">\n            <div class=\"row row-cols-1 row-cols-md-2\">\n            <div class=\"col p-1\">\n            <div class=\"border-bottom border-1 h-100\">\n                Silveira, Ada Cristina Machado da            <\/div>\n        <\/div>\n            <div class=\"col p-1\">\n            <div class=\"border-bottom border-1 h-100\">\n                Barichello, Eug\u00eania Maria Mariano da Rocha            <\/div>\n        <\/div>\n            <div class=\"col p-1\">\n            <div class=\"border-bottom border-1 h-100\">\n                Lisb\u00f4a Filho, Flavi Ferreira            <\/div>\n        <\/div>\n            <div class=\"col p-1\">\n            <div class=\"border-bottom border-1 h-100\">\n                Foss\u00e1, Maria Ivete Trevisan            <\/div>\n        <\/div>\n        \n<\/div>\n        <\/div>\n            <div class=\"tab-pane fade  pt-3\" id=\"section-12ef0b00-17b0-4a9d-aac0-e2f1c569f309-autoria\" role=\"tabpanel\" aria-labelledby=\"section-12ef0b00-17b0-4a9d-aac0-e2f1c569f309-autoria-tab\">\n            <div class=\"tab-content\" id=\"1777455788Content\">\n            <div class=\"tab-pane fade show active pt-3\" id=\"section-1777455788-0\" role=\"tabpanel\" aria-labelledby=\"section-1777455788-0-tab\">\n            <div class=\"row row-cols-1 row-cols-md-2\">\n            <div class=\"col p-1\">\n            <div class=\"border-bottom border-1 h-100\">\n                Silveira, Ada Cristina Machado da            <\/div>\n        <\/div>\n            <div class=\"col p-1\">\n            <div class=\"border-bottom border-1 h-100\">\n                Barichello, Eug\u00eania Maria Mariano da Rocha            <\/div>\n        <\/div>\n            <div class=\"col p-1\">\n            <div class=\"border-bottom border-1 h-100\">\n                Lisb\u00f4a Filho, Flavi Ferreira            <\/div>\n        <\/div>\n            <div class=\"col p-1\">\n            <div class=\"border-bottom border-1 h-100\">\n                Foss\u00e1, Maria Ivete Trevisan            <\/div>\n        <\/div>\n            <div class=\"col p-1\">\n            <div class=\"border-bottom border-1 h-100\">\n                Vizer, Eduardo            <\/div>\n        <\/div>\n            <div class=\"col p-1\">\n            <div class=\"border-bottom border-1 h-100\">\n                Carvalho, Helenice            <\/div>\n        <\/div>\n            <div class=\"col p-1\">\n            <div class=\"border-bottom border-1 h-100\">\n                Hohlfeldt, Antonio            <\/div>\n        <\/div>\n            <div class=\"col p-1\">\n            <div class=\"border-bottom border-1 h-100\">\n                Fausto Neto, Antonio            <\/div>\n        <\/div>\n            <div class=\"col p-1\">\n            <div class=\"border-bottom border-1 h-100\">\n                Peruzzolo, Adair Caetano            <\/div>\n        <\/div>\n            <div class=\"col p-1\">\n            <div class=\"border-bottom border-1 h-100\">\n                Toaldo, Mari\u00e2ngela Machado            <\/div>\n        <\/div>\n            <div class=\"col p-1\">\n            <div class=\"border-bottom border-1 h-100\">\n                Silva, Iara Silva da            <\/div>\n        <\/div>\n            <div class=\"col p-1\">\n            <div class=\"border-bottom border-1 h-100\">\n                Castro, Maria Lilia Dias de            <\/div>\n        <\/div>\n            <div class=\"col p-1\">\n            <div class=\"border-bottom border-1 h-100\">\n                Petermann, Juliana            <\/div>\n        <\/div>\n            <div class=\"col p-1\">\n            <div class=\"border-bottom border-1 h-100\">\n                Borelli, Viviane            <\/div>\n        <\/div>\n            <div class=\"col p-1\">\n            <div class=\"border-bottom border-1 h-100\">\n                Bomf\u00e1, Claudia Regina Ziliotto            <\/div>\n        <\/div>\n            <div class=\"col p-1\">\n            <div class=\"border-bottom border-1 h-100\">\n                Conrad, Kalliandra            <\/div>\n        <\/div>\n        \n<\/div>\n        <\/div>\n            <div class=\"tab-pane fade  pt-3\" id=\"section-1777455788-1\" role=\"tabpanel\" aria-labelledby=\"section-1777455788-1-tab\">\n            <div class=\"row row-cols-1 row-cols-md-2\">\n            <div class=\"col p-1\">\n            <div class=\"border-bottom border-1 h-100\">\n                Pinto, Rafaela            <\/div>\n        <\/div>\n            <div class=\"col p-1\">\n            <div class=\"border-bottom border-1 h-100\">\n                Maggioni, Fabiano            <\/div>\n        <\/div>\n            <div class=\"col p-1\">\n            <div class=\"border-bottom border-1 h-100\">\n                Schiavini, Janaina M.            <\/div>\n        <\/div>\n            <div class=\"col p-1\">\n            <div class=\"border-bottom border-1 h-100\">\n                Vargas, Katiuscia S.            <\/div>\n        <\/div>\n            <div class=\"col p-1\">\n            <div class=\"border-bottom border-1 h-100\">\n                Bolzan, Larissa M.            <\/div>\n        <\/div>\n            <div class=\"col p-1\">\n            <div class=\"border-bottom border-1 h-100\">\n                L\u00f6bler, Mauri Leodir            <\/div>\n        <\/div>\n            <div class=\"col p-1\">\n            <div class=\"border-bottom border-1 h-100\">\n                Roso, Adriane            <\/div>\n        <\/div>\n            <div class=\"col p-1\">\n            <div class=\"border-bottom border-1 h-100\">\n                Romanini, Mois\u00e9s            <\/div>\n        <\/div>\n            <div class=\"col p-1\">\n            <div class=\"border-bottom border-1 h-100\">\n                Macedo, Fernanda dos Santos de            <\/div>\n        <\/div>\n            <div class=\"col p-1\">\n            <div class=\"border-bottom border-1 h-100\">\n                Angonese, M\u00f4nica            <\/div>\n        <\/div>\n        \n<\/div>\n        <\/div>\n    <\/div>\n<ul class=\"nav nav-pills justify-content-end\" id=\"1777455788\" role=\"tablist\">\n                    <li class=\"nav-item\" role=\"presentation\">\n            <button class=\"nav-link active\" id=\"section-1777455788-0-tab\" data-bs-toggle=\"tab\" data-bs-target=\"#section-1777455788-0\" type=\"button\" role=\"tab\" aria-controls=\"section-1777455788-0\"  aria-selected=\"true\" >1<\/button>\n        <\/li>\n                    <li class=\"nav-item\" role=\"presentation\">\n            <button class=\"nav-link \" id=\"section-1777455788-1-tab\" data-bs-toggle=\"tab\" data-bs-target=\"#section-1777455788-1\" type=\"button\" role=\"tab\" aria-controls=\"section-1777455788-1\" >2<\/button>\n        <\/li>\n    <\/ul>\n        <\/div>\n            <div class=\"tab-pane fade  pt-3\" id=\"section-12ef0b00-17b0-4a9d-aac0-e2f1c569f309-outros-dados\" role=\"tabpanel\" aria-labelledby=\"section-12ef0b00-17b0-4a9d-aac0-e2f1c569f309-outros-dados-tab\">\n            <dl class=\"row\">\n    <dt class=\"col-12 col-md-3\">Publica\u00e7\u00e3o<\/dt>\n    <dd class=\"col-12 col-md-9\">\n        <dl class=\"row\">\n            <dt class=\"col-12 col-md-4\">Ano<\/dt>\n            <dd class=\"col-12 col-md-8\">2012<\/dd>\n            <dt class=\"col-12 col-md-4\">ISBN<\/dt>\n            <dd class=\"col-12 col-md-8\">85-98031-74-3<\/dd>\n        <\/dl>\n    <\/dd>\n            <dt class=\"col-12 col-md-3\">Refer\u00eancia<\/dt>\n        <dd class=\"col-12 col-md-9\">SILVEIRA, Ada Cristina Machado da, et al (orgs.). Estrat\u00e9gias midi\u00e1ticas. Santa Maria: FACOS-UFSM, 2012.<\/dd>\n                <dt class=\"col-12 col-md-3\">Assuntos<\/dt>\n        <dd class=\"col-12 col-md-9\">Sociologia da comunica\u00e7\u00e3o;<br>Comunica\u00e7\u00e3o;<br>M\u00eddia;<br>Comunica\u00e7\u00e3o midi\u00e1tica<\/dd>\n                <dt class=\"col-12 col-md-3\">Licen\u00e7a<\/dt>\n        <dd class=\"col-12 col-md-9\">\n            Acesso Aberto;<br>Attribution-NonCommercial-NoDerivatives 4.0 International;<br><a target='_blank' href='http:\/\/creativecommons.org\/licenses\/by-nc-nd\/4.0\/'>http:\/\/creativecommons.org\/licenses\/by-nc-nd\/4.0\/<\/a>        <\/dd>\n        \n<\/dl>\n        <\/div>\n            <div class=\"tab-pane fade  pt-3\" id=\"section-12ef0b00-17b0-4a9d-aac0-e2f1c569f309-cnpq\" role=\"tabpanel\" aria-labelledby=\"section-12ef0b00-17b0-4a9d-aac0-e2f1c569f309-cnpq-tab\">\n            <dl class=\"row\">\n    <dt class=\"col-12 col-md-3\">Grande \u00e1rea<\/dt>\n    <dd class=\"col-12 col-md-9 text-capitalize\">ciencias sociais aplicadas<\/dd>\n    \n            <dt class=\"col-12 col-md-3\">\u00c1rea<\/dt>\n        <dd class=\"col-12 col-md-9 text-capitalize\">comunicacao<\/dd>\n        \n            \n    <\/dl>\n        <\/div>\n    <\/div>\n            <\/div>\n        <\/div>\n    <\/div>\n<\/div>\n\t\t<\/div>\n\t\t\t\t<\/div>\n\t\t\t\t<div class=\"elementor-element elementor-element-5205c2d9 elementor-widget elementor-widget-spacer\" data-id=\"5205c2d9\" data-element_type=\"widget\" data-widget_type=\"spacer.default\">\n\t\t\t\t<div class=\"elementor-widget-container\">\n\t\t\t\t\t<div class=\"elementor-spacer\">\n\t\t\t<div class=\"elementor-spacer-inner\"><\/div>\n\t\t<\/div>\n\t\t\t\t<\/div>\n\t\t\t\t<\/div>\n\t\t\t\t<div class=\"elementor-element elementor-element-52935d8b elementor-widget elementor-widget-wp-widget-ufsm_noticias_widget\" data-id=\"52935d8b\" data-element_type=\"widget\" data-widget_type=\"wp-widget-ufsm_noticias_widget.default\">\n\t\t\t\t<div class=\"elementor-widget-container\">\n\t\t\t<h5 class='titulo-conteudos'>Publica\u00e7\u00f5es Relacionadas<\/h5><div class='widget-noticias-inside'>\n                        <div class=\"row\">\n                                    <div class=\"col-12 col-lg-3 pb-4\">\n                                            <div class=\"noticias-widget-wrap\" style=\"height: 280px; overflow: hidden;\">\n                            <a title=\"Territ\u00f3rios conectados pela sororidade\" href=\"https:\/\/www.ufsm.br\/editoras\/facos\/territorios-conectados-pela-sororidade\">\n                                <span class=\"visually-hidden\">\n                                    Territ\u00f3rios conectados pela sororidade                                <\/span>\n                                <div class=\"noticias-widget-thumbs h-100\">\n                                    <img decoding=\"async\" class=\"object-fit-cover h-100 w-100\" alt=\"\" srcset=\"https:\/\/www.ufsm.br\/app\/uploads\/sites\/746\/2026\/03\/Territorios-conectados-212x300.jpg 212w, https:\/\/www.ufsm.br\/app\/uploads\/sites\/746\/2026\/03\/Territorios-conectados-724x1024.jpg 724w, https:\/\/www.ufsm.br\/app\/uploads\/sites\/746\/2026\/03\/Territorios-conectados-768x1086.jpg 768w, https:\/\/www.ufsm.br\/app\/uploads\/sites\/746\/2026\/03\/Territorios-conectados-1086x1536.jpg 1086w, https:\/\/www.ufsm.br\/app\/uploads\/sites\/746\/2026\/03\/Territorios-conectados-1448x2048.jpg 1448w, https:\/\/www.ufsm.br\/app\/uploads\/sites\/746\/2026\/03\/Territorios-conectados-scaled.jpg 1810w\" src=\"https:\/\/www.ufsm.br\/app\/uploads\/sites\/746\/2026\/03\/Territorios-conectados-724x1024.jpg\"><\/img>\n                                <\/div>\n                            <\/a>\n                        <\/div>\n                                        \n                                        \n                    \n                    <a class=\"noticias-widget-title d-block  m-0 \"  title=\"Territ\u00f3rios conectados pela sororidade\" href=\"https:\/\/www.ufsm.br\/editoras\/facos\/territorios-conectados-pela-sororidade\">\n                                                Territ\u00f3rios conectados pela sororidade                    <\/a>\n                    \n                    \n                                        \n                                        \n                                        <\/div>\n                                    <div class=\"col-12 col-lg-3 pb-4\">\n                                            <div class=\"noticias-widget-wrap\" style=\"height: 280px; overflow: hidden;\">\n                            <a title=\"Capa do livro jornalismo e mem\u00f3ria\" href=\"https:\/\/www.ufsm.br\/editoras\/facos\/jornalismo-e-memoria-escrituras-possiveis-lugares-incomuns\">\n                                <span class=\"visually-hidden\">\n                                    Capa do livro jornalismo e mem\u00f3ria                                <\/span>\n                                <div class=\"noticias-widget-thumbs h-100\">\n                                    <img decoding=\"async\" class=\"object-fit-cover h-100 w-100\" alt=\"\" srcset=\"https:\/\/www.ufsm.br\/app\/uploads\/sites\/746\/2025\/12\/Jornalismo_e_memoria-212x300.jpg 212w, https:\/\/www.ufsm.br\/app\/uploads\/sites\/746\/2025\/12\/Jornalismo_e_memoria-724x1024.jpg 724w, https:\/\/www.ufsm.br\/app\/uploads\/sites\/746\/2025\/12\/Jornalismo_e_memoria-768x1086.jpg 768w, https:\/\/www.ufsm.br\/app\/uploads\/sites\/746\/2025\/12\/Jornalismo_e_memoria-1086x1536.jpg 1086w, https:\/\/www.ufsm.br\/app\/uploads\/sites\/746\/2025\/12\/Jornalismo_e_memoria-1448x2048.jpg 1448w, https:\/\/www.ufsm.br\/app\/uploads\/sites\/746\/2025\/12\/Jornalismo_e_memoria.jpg 1655w\" src=\"https:\/\/www.ufsm.br\/app\/uploads\/sites\/746\/2025\/12\/Jornalismo_e_memoria-724x1024.jpg\"><\/img>\n                                <\/div>\n                            <\/a>\n                        <\/div>\n                                        \n                                        \n                    \n                    <a class=\"noticias-widget-title d-block  m-0 \"  title=\"Jornalismo e mem\u00f3ria: escrituras poss\u00edveis, lugares (in)comuns\" href=\"https:\/\/www.ufsm.br\/editoras\/facos\/jornalismo-e-memoria-escrituras-possiveis-lugares-incomuns\">\n                                                Jornalismo e mem\u00f3ria: escrituras poss\u00edveis, lugares (in)comuns                    <\/a>\n                    \n                    \n                                        \n                                        \n                                        <\/div>\n                                    <div class=\"col-12 col-lg-3 pb-4\">\n                                            <div class=\"noticias-widget-wrap\" style=\"height: 280px; overflow: hidden;\">\n                            <a title=\"Capa do livro Pesquisa e Desenvolvimento Criativo para divulga\u00e7\u00e3o de Indicadores da Educa\u00e7\u00e3o Superior\" href=\"https:\/\/www.ufsm.br\/editoras\/facos\/pesquisa-e-desenvolvimento-criativo-para-divulgacao-de-indicadores-da-educacao-superior\">\n                                <span class=\"visually-hidden\">\n                                    Capa do livro Pesquisa e Desenvolvimento Criativo para divulga\u00e7\u00e3o de Indicadores da Educa\u00e7\u00e3o Superior                                <\/span>\n                                <div class=\"noticias-widget-thumbs h-100\">\n                                    <img decoding=\"async\" class=\"object-fit-cover h-100 w-100\" alt=\"\" srcset=\"https:\/\/www.ufsm.br\/app\/uploads\/sites\/746\/2025\/10\/IMG-20251006-WA0112-212x300.jpg 212w, https:\/\/www.ufsm.br\/app\/uploads\/sites\/746\/2025\/10\/IMG-20251006-WA0112-722x1024.jpg 722w, https:\/\/www.ufsm.br\/app\/uploads\/sites\/746\/2025\/10\/IMG-20251006-WA0112-768x1089.jpg 768w, https:\/\/www.ufsm.br\/app\/uploads\/sites\/746\/2025\/10\/IMG-20251006-WA0112.jpg 840w\" src=\"https:\/\/www.ufsm.br\/app\/uploads\/sites\/746\/2025\/10\/IMG-20251006-WA0112-722x1024.jpg\"><\/img>\n                                <\/div>\n                            <\/a>\n                        <\/div>\n                                        \n                                        \n                    \n                    <a class=\"noticias-widget-title d-block  m-0 \"  title=\"Pesquisa e Desenvolvimento Criativo para divulga\u00e7\u00e3o de Indicadores da Educa\u00e7\u00e3o Superior\" href=\"https:\/\/www.ufsm.br\/editoras\/facos\/pesquisa-e-desenvolvimento-criativo-para-divulgacao-de-indicadores-da-educacao-superior\">\n                                                Pesquisa e Desenvolvimento Criativo para divulga\u00e7\u00e3o de Indicadores da Educa\u00e7\u00e3o Superior                    <\/a>\n                    \n                    \n                                        \n                                        \n                                        <\/div>\n                                    <div class=\"col-12 col-lg-3 pb-4\">\n                                            <div class=\"noticias-widget-wrap\" style=\"height: 280px; overflow: hidden;\">\n                            <a title=\"Capa do livro Investigar en plataformas\" href=\"https:\/\/www.ufsm.br\/editoras\/facos\/investigar-en-plataformas-mediaticas-desde-america-latina-um-estado-de-situacao-e-uma-ferramenta-para-o-dialogo\">\n                                <span class=\"visually-hidden\">\n                                    Capa do livro Investigar en plataformas                                <\/span>\n                                <div class=\"noticias-widget-thumbs h-100\">\n                                    <img decoding=\"async\" class=\"object-fit-cover h-100 w-100\" alt=\"\" srcset=\"https:\/\/www.ufsm.br\/app\/uploads\/sites\/746\/2025\/09\/investigar-en-plataformas-212x300.png 212w, https:\/\/www.ufsm.br\/app\/uploads\/sites\/746\/2025\/09\/investigar-en-plataformas-724x1024.png 724w, https:\/\/www.ufsm.br\/app\/uploads\/sites\/746\/2025\/09\/investigar-en-plataformas-768x1086.png 768w, https:\/\/www.ufsm.br\/app\/uploads\/sites\/746\/2025\/09\/investigar-en-plataformas-1086x1536.png 1086w, https:\/\/www.ufsm.br\/app\/uploads\/sites\/746\/2025\/09\/investigar-en-plataformas.png 1240w\" src=\"https:\/\/www.ufsm.br\/app\/uploads\/sites\/746\/2025\/09\/investigar-en-plataformas-724x1024.png\"><\/img>\n                                <\/div>\n                            <\/a>\n                        <\/div>\n                                        \n                                        \n                    \n                    <a class=\"noticias-widget-title d-block  m-0 \"  title=\"Investigar en plataformas medi\u00e1ticas desde Am\u00e9rica Latina: Um estado de situa\u00e7\u00e3o e uma ferramenta para o di\u00e1logo\" href=\"https:\/\/www.ufsm.br\/editoras\/facos\/investigar-en-plataformas-mediaticas-desde-america-latina-um-estado-de-situacao-e-uma-ferramenta-para-o-dialogo\">\n                                                Investigar en plataformas medi\u00e1ticas desde Am\u00e9rica Latina: Um estado de situa\u00e7\u00e3o e uma ferramenta para o di\u00e1logo                    <\/a>\n                    \n                    \n                                        \n                                        \n                                        <\/div>\n                            <\/div>\n            <\/div>\n\t\t<\/div>\n\t\t\t\t<\/div>\n\t\t\t\t\t<\/div>\n\t\t<\/div>\n\t\t\t\t\t<\/div>\n\t\t<\/section>\n\t\t\t\t<\/div>\n\t\t","protected":false},"excerpt":{"rendered":"<p>Estrat\u00e9gias Midi\u00e1ticas Ada Cristina Machado da Silveira, Eug\u00eania Mariano da Rocha Barichello, Flavi Ferreira Lisb\u00f4a Filho e Maria Ivete Trevisan Foss\u00e1 (organizadores)<\/p>\n","protected":false},"author":2180,"featured_media":496,"parent":0,"menu_order":0,"comment_status":"closed","ping_status":"closed","template":"","meta":{"footnotes":""},"categories":[24,137],"tags":[],"class_list":["post-485","page","type-page","status-publish","has-post-thumbnail","hentry","category-comunicacao","category-midia"],"acf":[],"_links":{"self":[{"href":"https:\/\/www.ufsm.br\/editoras\/facos\/wp-json\/wp\/v2\/pages\/485","targetHints":{"allow":["GET"]}}],"collection":[{"href":"https:\/\/www.ufsm.br\/editoras\/facos\/wp-json\/wp\/v2\/pages"}],"about":[{"href":"https:\/\/www.ufsm.br\/editoras\/facos\/wp-json\/wp\/v2\/types\/page"}],"author":[{"embeddable":true,"href":"https:\/\/www.ufsm.br\/editoras\/facos\/wp-json\/wp\/v2\/users\/2180"}],"replies":[{"embeddable":true,"href":"https:\/\/www.ufsm.br\/editoras\/facos\/wp-json\/wp\/v2\/comments?post=485"}],"version-history":[{"count":0,"href":"https:\/\/www.ufsm.br\/editoras\/facos\/wp-json\/wp\/v2\/pages\/485\/revisions"}],"wp:featuredmedia":[{"embeddable":true,"href":"https:\/\/www.ufsm.br\/editoras\/facos\/wp-json\/wp\/v2\/media\/496"}],"wp:attachment":[{"href":"https:\/\/www.ufsm.br\/editoras\/facos\/wp-json\/wp\/v2\/media?parent=485"}],"wp:term":[{"taxonomy":"category","embeddable":true,"href":"https:\/\/www.ufsm.br\/editoras\/facos\/wp-json\/wp\/v2\/categories?post=485"},{"taxonomy":"post_tag","embeddable":true,"href":"https:\/\/www.ufsm.br\/editoras\/facos\/wp-json\/wp\/v2\/tags?post=485"}],"curies":[{"name":"wp","href":"https:\/\/api.w.org\/{rel}","templated":true}]}}