{"id":506,"date":"2023-07-04T16:55:46","date_gmt":"2023-07-04T19:55:46","guid":{"rendered":"https:\/\/www.ufsm.br\/editoras\/facos\/?page_id=506"},"modified":"2024-02-12T17:05:46","modified_gmt":"2024-02-12T20:05:46","slug":"os-interesses-dos-jovens-gauchos-em-ciencia-e-tecnologia-projeto-roses-rs-2022","status":"publish","type":"page","link":"https:\/\/www.ufsm.br\/editoras\/facos\/os-interesses-dos-jovens-gauchos-em-ciencia-e-tecnologia-projeto-roses-rs-2022","title":{"rendered":"Os interesses dos jovens ga\u00fachos em ci\u00eancia e tecnologia: Projeto ROSES-RS 2022"},"content":{"rendered":"\t\t<div data-elementor-type=\"wp-page\" data-elementor-id=\"506\" class=\"elementor elementor-506\">\n\t\t\t\t\t\t<section class=\"elementor-section elementor-top-section elementor-element elementor-element-6dc36dd0 elementor-section-boxed elementor-section-height-default elementor-section-height-default\" data-id=\"6dc36dd0\" data-element_type=\"section\">\n\t\t\t\t\t\t<div class=\"elementor-container elementor-column-gap-default\">\n\t\t\t\t\t<div class=\"elementor-column elementor-col-100 elementor-top-column elementor-element elementor-element-32208fd6\" data-id=\"32208fd6\" data-element_type=\"column\">\n\t\t\t<div class=\"elementor-widget-wrap elementor-element-populated\">\n\t\t\t\t\t\t<div class=\"elementor-element elementor-element-f3f6550 elementor-widget elementor-widget-text-editor\" data-id=\"f3f6550\" data-element_type=\"widget\" data-widget_type=\"text-editor.default\">\n\t\t\t\t<div class=\"elementor-widget-container\">\n\t\t\t\t\t\t\t<h1>Os interesses dos jovens ga\u00fachos em ci\u00eancia e tecnologia: Projeto ROSES-RS 2022<\/h1><h6>Luiz Caldeira Brant de Tolentino Neto (organizadores)<\/h6>\t\t\t\t\t\t<\/div>\n\t\t\t\t<\/div>\n\t\t\t\t\t<\/div>\n\t\t<\/div>\n\t\t\t\t\t<\/div>\n\t\t<\/section>\n\t\t\t\t<section class=\"elementor-section elementor-top-section elementor-element elementor-element-18819b62 elementor-section-boxed elementor-section-height-default elementor-section-height-default\" data-id=\"18819b62\" data-element_type=\"section\">\n\t\t\t\t\t\t<div class=\"elementor-container elementor-column-gap-default\">\n\t\t\t\t\t<div class=\"elementor-column elementor-col-100 elementor-top-column elementor-element elementor-element-3466670\" data-id=\"3466670\" data-element_type=\"column\">\n\t\t\t<div class=\"elementor-widget-wrap elementor-element-populated\">\n\t\t\t\t\t\t<div class=\"elementor-element elementor-element-71f25278 elementor-widget elementor-widget-wp-widget-ufsm_manancial_ficha_apresentacao\" data-id=\"71f25278\" data-element_type=\"widget\" data-widget_type=\"wp-widget-ufsm_manancial_ficha_apresentacao.default\">\n\t\t\t\t<div class=\"elementor-widget-container\">\n\t\t\t<div class=\"row g-0\">\n    <div class=\"col-12 col-lg-5\">\n        <div class=\"card rounded-0 bg-primary text-white\">\n                            <img decoding=\"async\" src=\"https:\/\/repositorio.ufsm.br\/bitstream\/handle\/1\/29603\/interesses_jovens_ga\u00fachos_cietec.jpg\" class=\"img-fluid img-thumbnail mx-5 mt-5 mb-1\" >\n                        <div class=\"card-body bg-transparent-on-contraste ms-4 ps-4 me-3\">\n                <p class=\"card-title fs-5 lh-sm\">Os interesses dos jovens ga\u00fachos em ci\u00eancia e tecnologia: Projeto ROSES-RS 2022<\/p>\n                <div class=\"d-flex flex-wrap\">\n                    <a href=\"https:\/\/repositorio.ufsm.br\/handle\/1\/29603\" class=\"small link-light underline-on-hover me-3\" target=\"_blank\">\n                        <i class=\"fa fa-external-link me-1\" aria-hidden=\"true\"><\/i>\n                        Ver no Manancial\n                    <\/a>\n                                            <a href=\"https:\/\/repositorio.ufsm.br\/bitstream\/handle\/1\/29603\/ROSES_Ebook (1) (1).pdf\" class=\"small link-light underline-on-hover\" target=\"_blank\">\n                            <i class=\"fa fa-file-pdf-o me-1\" aria-hidden=\"true\"><\/i>\n                            Ver o PDF\n                        <\/a>\n                                                        <\/div>\n            <\/div>\n        <\/div>\n    <\/div>\n    <div class=\"col-12 col-lg-7 d-flex\">\n        <div class=\"card rounded-0 rounded-end border-0 shadow w-100\">\n            <div class=\"card-body bg-transparent-on-contraste my-2 mx-3\">\n                <ul class=\"nav nav-pills justify-content-center\" id=\"d068a562-f1b1-4512-9982-3a8d135867ff\" role=\"tablist\">\n                    <li class=\"nav-item\" role=\"presentation\">\n            <button class=\"nav-link active\" id=\"section-d068a562-f1b1-4512-9982-3a8d135867ff-resumo-tab\" data-bs-toggle=\"tab\" data-bs-target=\"#section-d068a562-f1b1-4512-9982-3a8d135867ff-resumo\" type=\"button\" role=\"tab\" aria-controls=\"section-d068a562-f1b1-4512-9982-3a8d135867ff-resumo\"  aria-selected=\"true\" >Resumo<\/button>\n        <\/li>\n                    <li class=\"nav-item\" role=\"presentation\">\n            <button class=\"nav-link \" id=\"section-d068a562-f1b1-4512-9982-3a8d135867ff-organizacao-tab\" data-bs-toggle=\"tab\" data-bs-target=\"#section-d068a562-f1b1-4512-9982-3a8d135867ff-organizacao\" type=\"button\" role=\"tab\" aria-controls=\"section-d068a562-f1b1-4512-9982-3a8d135867ff-organizacao\" >Organiza\u00e7\u00e3o<\/button>\n        <\/li>\n                    <li class=\"nav-item\" role=\"presentation\">\n            <button class=\"nav-link \" id=\"section-d068a562-f1b1-4512-9982-3a8d135867ff-autoria-tab\" data-bs-toggle=\"tab\" data-bs-target=\"#section-d068a562-f1b1-4512-9982-3a8d135867ff-autoria\" type=\"button\" role=\"tab\" aria-controls=\"section-d068a562-f1b1-4512-9982-3a8d135867ff-autoria\" >Autoria<\/button>\n        <\/li>\n                    <li class=\"nav-item\" role=\"presentation\">\n            <button class=\"nav-link \" id=\"section-d068a562-f1b1-4512-9982-3a8d135867ff-outros-dados-tab\" data-bs-toggle=\"tab\" data-bs-target=\"#section-d068a562-f1b1-4512-9982-3a8d135867ff-outros-dados\" type=\"button\" role=\"tab\" aria-controls=\"section-d068a562-f1b1-4512-9982-3a8d135867ff-outros-dados\" >Dados da Obra<\/button>\n        <\/li>\n                    <li class=\"nav-item\" role=\"presentation\">\n            <button class=\"nav-link \" id=\"section-d068a562-f1b1-4512-9982-3a8d135867ff-cnpq-tab\" data-bs-toggle=\"tab\" data-bs-target=\"#section-d068a562-f1b1-4512-9982-3a8d135867ff-cnpq\" type=\"button\" role=\"tab\" aria-controls=\"section-d068a562-f1b1-4512-9982-3a8d135867ff-cnpq\" >CNPq<\/button>\n        <\/li>\n    <\/ul>\n<div class=\"tab-content\" id=\"d068a562-f1b1-4512-9982-3a8d135867ffContent\">\n            <div class=\"tab-pane fade show active pt-3\" id=\"section-d068a562-f1b1-4512-9982-3a8d135867ff-resumo\" role=\"tabpanel\" aria-labelledby=\"section-d068a562-f1b1-4512-9982-3a8d135867ff-resumo-tab\">\n            O livro apresenta os principais resultados e an\u00e1lises advindas do Projeto ROSES-RS que mapeou os interesses de jovens ga\u00fachos por Ci\u00eancia e Tecnologia. Em 2022, 2 mil meninos e meninas de 15 anos, de 48 cidades ga\u00fachas responderam sobre seus interesses escolares, aspira\u00e7\u00f5es profissionais, atitudes relacionadas ao meio ambiente e rela\u00e7\u00f5es com o mundo digital. Esses dados foram estudados por um grupo de pesquisadores interessado em tra\u00e7ar os perfis desses estudantes, conhecer suas posi\u00e7\u00f5es e interesses com vistas a qualificar tanto as pol\u00edticas p\u00fablicas quanto as pr\u00e1ticas em sala de aula.        <\/div>\n            <div class=\"tab-pane fade  pt-3\" id=\"section-d068a562-f1b1-4512-9982-3a8d135867ff-organizacao\" role=\"tabpanel\" aria-labelledby=\"section-d068a562-f1b1-4512-9982-3a8d135867ff-organizacao-tab\">\n            <div class=\"row row-cols-1 row-cols-md-2\">\n            <div class=\"col p-1\">\n            <div class=\"border-bottom border-1 h-100\">\n                Tolentino Neto, Luiz Caldeira Brant de            <\/div>\n        <\/div>\n        \n<\/div>\n        <\/div>\n            <div class=\"tab-pane fade  pt-3\" id=\"section-d068a562-f1b1-4512-9982-3a8d135867ff-autoria\" role=\"tabpanel\" aria-labelledby=\"section-d068a562-f1b1-4512-9982-3a8d135867ff-autoria-tab\">\n            <div class=\"row row-cols-1 row-cols-md-2\">\n            <div class=\"col p-1\">\n            <div class=\"border-bottom border-1 h-100\">\n                Tolentino Neto, Luiz Caldeira Brant de            <\/div>\n        <\/div>\n        \n<\/div>\n        <\/div>\n            <div class=\"tab-pane fade  pt-3\" id=\"section-d068a562-f1b1-4512-9982-3a8d135867ff-outros-dados\" role=\"tabpanel\" aria-labelledby=\"section-d068a562-f1b1-4512-9982-3a8d135867ff-outros-dados-tab\">\n            <dl class=\"row\">\n    <dt class=\"col-12 col-md-3\">Publica\u00e7\u00e3o<\/dt>\n    <dd class=\"col-12 col-md-9\">\n        <dl class=\"row\">\n            <dt class=\"col-12 col-md-4\">Ano<\/dt>\n            <dd class=\"col-12 col-md-8\">2023<\/dd>\n            <dt class=\"col-12 col-md-4\">ISBN<\/dt>\n            <dd class=\"col-12 col-md-8\">978-65-5773-054-6<\/dd>\n        <\/dl>\n    <\/dd>\n                    <dt class=\"col-12 col-md-3\">Licen\u00e7a<\/dt>\n        <dd class=\"col-12 col-md-9\">\n            Acesso Aberto;<br><a target='_blank' href='http:\/\/creativecommons.org\/licenses\/by-nc-nd\/4.0\/'>http:\/\/creativecommons.org\/licenses\/by-nc-nd\/4.0\/<\/a>        <\/dd>\n        \n<\/dl>\n        <\/div>\n            <div class=\"tab-pane fade  pt-3\" id=\"section-d068a562-f1b1-4512-9982-3a8d135867ff-cnpq\" role=\"tabpanel\" aria-labelledby=\"section-d068a562-f1b1-4512-9982-3a8d135867ff-cnpq-tab\">\n            <dl class=\"row\">\n    <dt class=\"col-12 col-md-3\">Grande \u00e1rea<\/dt>\n    <dd class=\"col-12 col-md-9 text-capitalize\">ciencias sociais aplicadas<\/dd>\n    \n            <dt class=\"col-12 col-md-3\">\u00c1rea<\/dt>\n        <dd class=\"col-12 col-md-9 text-capitalize\">comunicacao<\/dd>\n        \n            \n    <\/dl>\n        <\/div>\n    <\/div>\n            <\/div>\n        <\/div>\n    <\/div>\n<\/div>\n\t\t<\/div>\n\t\t\t\t<\/div>\n\t\t\t\t<div class=\"elementor-element elementor-element-3005f7cc elementor-widget elementor-widget-spacer\" data-id=\"3005f7cc\" data-element_type=\"widget\" data-widget_type=\"spacer.default\">\n\t\t\t\t<div class=\"elementor-widget-container\">\n\t\t\t\t\t<div class=\"elementor-spacer\">\n\t\t\t<div class=\"elementor-spacer-inner\"><\/div>\n\t\t<\/div>\n\t\t\t\t<\/div>\n\t\t\t\t<\/div>\n\t\t\t\t<div class=\"elementor-element elementor-element-631fe454 elementor-widget elementor-widget-wp-widget-ufsm_noticias_widget\" data-id=\"631fe454\" data-element_type=\"widget\" data-widget_type=\"wp-widget-ufsm_noticias_widget.default\">\n\t\t\t\t<div class=\"elementor-widget-container\">\n\t\t\t<h5 class='titulo-conteudos'>Publica\u00e7\u00f5es Relacionadas<\/h5><div class='widget-noticias-inside'>\n                        <div class=\"row\">\n                                    <div class=\"col-12 col-lg-3 pb-4\">\n                                            <div class=\"noticias-widget-wrap\" style=\"height: 280px; overflow: hidden;\">\n                            <a title=\"Anais 7 SENAFE e 3 SEINFE\" href=\"https:\/\/www.ufsm.br\/editoras\/facos\/anais-vii-senafe-e-iii-seinfe\">\n                                <span class=\"visually-hidden\">\n                                    Anais 7 SENAFE e 3 SEINFE                                <\/span>\n                                <div class=\"noticias-widget-thumbs h-100\">\n                                    <img decoding=\"async\" class=\"object-fit-cover h-100 w-100\" alt=\"\" srcset=\"https:\/\/www.ufsm.br\/app\/uploads\/sites\/746\/2025\/11\/Anais-Senafe-2024-212x300.jpg 212w, https:\/\/www.ufsm.br\/app\/uploads\/sites\/746\/2025\/11\/Anais-Senafe-2024-724x1024.jpg 724w, https:\/\/www.ufsm.br\/app\/uploads\/sites\/746\/2025\/11\/Anais-Senafe-2024-768x1086.jpg 768w, https:\/\/www.ufsm.br\/app\/uploads\/sites\/746\/2025\/11\/Anais-Senafe-2024-1086x1536.jpg 1086w, https:\/\/www.ufsm.br\/app\/uploads\/sites\/746\/2025\/11\/Anais-Senafe-2024-1448x2048.jpg 1448w, https:\/\/www.ufsm.br\/app\/uploads\/sites\/746\/2025\/11\/Anais-Senafe-2024-scaled.jpg 1810w\" src=\"https:\/\/www.ufsm.br\/app\/uploads\/sites\/746\/2025\/11\/Anais-Senafe-2024-724x1024.jpg\"><\/img>\n                                <\/div>\n                            <\/a>\n                        <\/div>\n                                        \n                                        \n                    \n                    <a class=\"noticias-widget-title d-block  m-0 \"  title=\"Anais VII SENAFE e III SEINFE\u00a0\" href=\"https:\/\/www.ufsm.br\/editoras\/facos\/anais-vii-senafe-e-iii-seinfe\">\n                                                Anais VII SENAFE e III SEINFE\u00a0                    <\/a>\n                    \n                    \n                                        \n                                        \n                                        <\/div>\n                                    <div class=\"col-12 col-lg-3 pb-4\">\n                                            <div class=\"noticias-widget-wrap\" style=\"height: 280px; overflow: hidden;\">\n                            <a title=\"Capa do ebook Filosofia e Educa\u00e7\u00e3o\" href=\"https:\/\/www.ufsm.br\/editoras\/facos\/filosofia-e-educacao-sustentabilidade-violencia-escolar-e-formacao-para-a-cidadania\">\n                                <span class=\"visually-hidden\">\n                                    Capa do ebook Filosofia e Educa\u00e7\u00e3o                                <\/span>\n                                <div class=\"noticias-widget-thumbs h-100\">\n                                    <img decoding=\"async\" class=\"object-fit-cover h-100 w-100\" alt=\"\" srcset=\"https:\/\/www.ufsm.br\/app\/uploads\/sites\/746\/2025\/11\/Filosofia-e-educacao-212x300.jpg 212w, https:\/\/www.ufsm.br\/app\/uploads\/sites\/746\/2025\/11\/Filosofia-e-educacao-724x1024.jpg 724w, https:\/\/www.ufsm.br\/app\/uploads\/sites\/746\/2025\/11\/Filosofia-e-educacao-768x1086.jpg 768w, https:\/\/www.ufsm.br\/app\/uploads\/sites\/746\/2025\/11\/Filosofia-e-educacao-1086x1536.jpg 1086w, https:\/\/www.ufsm.br\/app\/uploads\/sites\/746\/2025\/11\/Filosofia-e-educacao.jpg 1092w\" src=\"https:\/\/www.ufsm.br\/app\/uploads\/sites\/746\/2025\/11\/Filosofia-e-educacao-724x1024.jpg\"><\/img>\n                                <\/div>\n                            <\/a>\n                        <\/div>\n                                        \n                                        \n                    \n                    <a class=\"noticias-widget-title d-block  m-0 \"  title=\"Filosofia e educa\u00e7\u00e3o: sustentabilidade, viol\u00eancia escolar e forma\u00e7\u00e3o para a cidadania\" href=\"https:\/\/www.ufsm.br\/editoras\/facos\/filosofia-e-educacao-sustentabilidade-violencia-escolar-e-formacao-para-a-cidadania\">\n                                                Filosofia e educa\u00e7\u00e3o: sustentabilidade, viol\u00eancia escolar e forma\u00e7\u00e3o para a cidadania                    <\/a>\n                    \n                    \n                                        \n                                        \n                                        <\/div>\n                                    <div class=\"col-12 col-lg-3 pb-4\">\n                                            <div class=\"noticias-widget-wrap\" style=\"height: 280px; overflow: hidden;\">\n                            <a title=\"Capa do livro Pesquisa e Desenvolvimento Criativo para divulga\u00e7\u00e3o de Indicadores da Educa\u00e7\u00e3o Superior\" href=\"https:\/\/www.ufsm.br\/editoras\/facos\/pesquisa-e-desenvolvimento-criativo-para-divulgacao-de-indicadores-da-educacao-superior\">\n                                <span class=\"visually-hidden\">\n                                    Capa do livro Pesquisa e Desenvolvimento Criativo para divulga\u00e7\u00e3o de Indicadores da Educa\u00e7\u00e3o Superior                                <\/span>\n                                <div class=\"noticias-widget-thumbs h-100\">\n                                    <img decoding=\"async\" class=\"object-fit-cover h-100 w-100\" alt=\"\" srcset=\"https:\/\/www.ufsm.br\/app\/uploads\/sites\/746\/2025\/10\/IMG-20251006-WA0112-212x300.jpg 212w, https:\/\/www.ufsm.br\/app\/uploads\/sites\/746\/2025\/10\/IMG-20251006-WA0112-722x1024.jpg 722w, https:\/\/www.ufsm.br\/app\/uploads\/sites\/746\/2025\/10\/IMG-20251006-WA0112-768x1089.jpg 768w, https:\/\/www.ufsm.br\/app\/uploads\/sites\/746\/2025\/10\/IMG-20251006-WA0112.jpg 840w\" src=\"https:\/\/www.ufsm.br\/app\/uploads\/sites\/746\/2025\/10\/IMG-20251006-WA0112-722x1024.jpg\"><\/img>\n                                <\/div>\n                            <\/a>\n                        <\/div>\n                                        \n                                        \n                    \n                    <a class=\"noticias-widget-title d-block  m-0 \"  title=\"Pesquisa e Desenvolvimento Criativo para divulga\u00e7\u00e3o de Indicadores da Educa\u00e7\u00e3o Superior\" href=\"https:\/\/www.ufsm.br\/editoras\/facos\/pesquisa-e-desenvolvimento-criativo-para-divulgacao-de-indicadores-da-educacao-superior\">\n                                                Pesquisa e Desenvolvimento Criativo para divulga\u00e7\u00e3o de Indicadores da Educa\u00e7\u00e3o Superior                    <\/a>\n                    \n                    \n                                        \n                                        \n                                        <\/div>\n                                    <div class=\"col-12 col-lg-3 pb-4\">\n                                            <div class=\"noticias-widget-wrap\" style=\"height: 280px; overflow: hidden;\">\n                            <a title=\"Capa do livro media\u00e7\u00e3o pedag\u00f3gica\" href=\"https:\/\/www.ufsm.br\/editoras\/facos\/mediacao-pedagogica-na-educacao-a-distancia-hibrida-e-presencial\">\n                                <span class=\"visually-hidden\">\n                                    Capa do livro media\u00e7\u00e3o pedag\u00f3gica                                <\/span>\n                                <div class=\"noticias-widget-thumbs h-100\">\n                                    <img decoding=\"async\" class=\"object-fit-cover h-100 w-100\" alt=\"\" srcset=\"https:\/\/www.ufsm.br\/app\/uploads\/sites\/746\/2025\/08\/Mediacao-pedagogica-209x300.png 209w, https:\/\/www.ufsm.br\/app\/uploads\/sites\/746\/2025\/08\/Mediacao-pedagogica-712x1024.png 712w, https:\/\/www.ufsm.br\/app\/uploads\/sites\/746\/2025\/08\/Mediacao-pedagogica-768x1104.png 768w, https:\/\/www.ufsm.br\/app\/uploads\/sites\/746\/2025\/08\/Mediacao-pedagogica-1068x1536.png 1068w, https:\/\/www.ufsm.br\/app\/uploads\/sites\/746\/2025\/08\/Mediacao-pedagogica.png 1260w\" src=\"https:\/\/www.ufsm.br\/app\/uploads\/sites\/746\/2025\/08\/Mediacao-pedagogica-712x1024.png\"><\/img>\n                                <\/div>\n                            <\/a>\n                        <\/div>\n                                        \n                                        \n                    \n                    <a class=\"noticias-widget-title d-block  m-0 \"  title=\"Media\u00e7\u00e3o pedag\u00f3gica na educa\u00e7\u00e3o a dist\u00e2ncia, h\u00edbrida e presencial\" href=\"https:\/\/www.ufsm.br\/editoras\/facos\/mediacao-pedagogica-na-educacao-a-distancia-hibrida-e-presencial\">\n                                                Media\u00e7\u00e3o pedag\u00f3gica na educa\u00e7\u00e3o a dist\u00e2ncia, h\u00edbrida e presencial                    <\/a>\n                    \n                    \n                                        \n                                        \n                                        <\/div>\n                            <\/div>\n            <\/div>\n\t\t<\/div>\n\t\t\t\t<\/div>\n\t\t\t\t\t<\/div>\n\t\t<\/div>\n\t\t\t\t\t<\/div>\n\t\t<\/section>\n\t\t\t\t<\/div>\n\t\t","protected":false},"excerpt":{"rendered":"<p>Os interesses dos jovens ga\u00fachos em ci\u00eancia e tecnologia: Projeto ROSES-RS 2022 Luiz Caldeira Brant de Tolentino Neto (organizadores)<\/p>\n","protected":false},"author":2180,"featured_media":507,"parent":0,"menu_order":0,"comment_status":"closed","ping_status":"closed","template":"","meta":{"footnotes":""},"categories":[138],"tags":[],"class_list":["post-506","page","type-page","status-publish","has-post-thumbnail","hentry","category-educacao"],"acf":[],"_links":{"self":[{"href":"https:\/\/www.ufsm.br\/editoras\/facos\/wp-json\/wp\/v2\/pages\/506","targetHints":{"allow":["GET"]}}],"collection":[{"href":"https:\/\/www.ufsm.br\/editoras\/facos\/wp-json\/wp\/v2\/pages"}],"about":[{"href":"https:\/\/www.ufsm.br\/editoras\/facos\/wp-json\/wp\/v2\/types\/page"}],"author":[{"embeddable":true,"href":"https:\/\/www.ufsm.br\/editoras\/facos\/wp-json\/wp\/v2\/users\/2180"}],"replies":[{"embeddable":true,"href":"https:\/\/www.ufsm.br\/editoras\/facos\/wp-json\/wp\/v2\/comments?post=506"}],"version-history":[{"count":0,"href":"https:\/\/www.ufsm.br\/editoras\/facos\/wp-json\/wp\/v2\/pages\/506\/revisions"}],"wp:featuredmedia":[{"embeddable":true,"href":"https:\/\/www.ufsm.br\/editoras\/facos\/wp-json\/wp\/v2\/media\/507"}],"wp:attachment":[{"href":"https:\/\/www.ufsm.br\/editoras\/facos\/wp-json\/wp\/v2\/media?parent=506"}],"wp:term":[{"taxonomy":"category","embeddable":true,"href":"https:\/\/www.ufsm.br\/editoras\/facos\/wp-json\/wp\/v2\/categories?post=506"},{"taxonomy":"post_tag","embeddable":true,"href":"https:\/\/www.ufsm.br\/editoras\/facos\/wp-json\/wp\/v2\/tags?post=506"}],"curies":[{"name":"wp","href":"https:\/\/api.w.org\/{rel}","templated":true}]}}