{"id":521,"date":"2023-12-11T11:38:02","date_gmt":"2023-12-11T14:38:02","guid":{"rendered":"https:\/\/www.ufsm.br\/editoras\/facos\/?page_id=521"},"modified":"2024-02-12T17:15:52","modified_gmt":"2024-02-12T20:15:52","slug":"engenharia-e-tecnologia-ambiental-3","status":"publish","type":"page","link":"https:\/\/www.ufsm.br\/editoras\/facos\/engenharia-e-tecnologia-ambiental-3","title":{"rendered":"Engenharia e tecnologia ambiental"},"content":{"rendered":"\t\t<div data-elementor-type=\"wp-page\" data-elementor-id=\"521\" class=\"elementor elementor-521\">\n\t\t\t\t\t\t<section class=\"elementor-section elementor-top-section elementor-element elementor-element-c613ef elementor-section-boxed elementor-section-height-default elementor-section-height-default\" data-id=\"c613ef\" data-element_type=\"section\">\n\t\t\t\t\t\t<div class=\"elementor-container elementor-column-gap-default\">\n\t\t\t\t\t<div class=\"elementor-column elementor-col-100 elementor-top-column elementor-element elementor-element-f98703\" data-id=\"f98703\" data-element_type=\"column\">\n\t\t\t<div class=\"elementor-widget-wrap elementor-element-populated\">\n\t\t\t\t\t\t<div class=\"elementor-element elementor-element-7351ec98 elementor-widget elementor-widget-text-editor\" data-id=\"7351ec98\" data-element_type=\"widget\" data-widget_type=\"text-editor.default\">\n\t\t\t\t<div class=\"elementor-widget-container\">\n\t\t\t\t\t\t\t<h1>Engenharia e tecnologia ambiental<\/h1><h6>Aline Ferr\u00e3o Cust\u00f3dio Passini, Juliana Scapin, Lorimar Francisco Munaretto, Malva Andrea Mancuso e Marcus Bruno Domingues Soares (organizadores)<\/h6>\t\t\t\t\t\t<\/div>\n\t\t\t\t<\/div>\n\t\t\t\t\t<\/div>\n\t\t<\/div>\n\t\t\t\t\t<\/div>\n\t\t<\/section>\n\t\t\t\t<section class=\"elementor-section elementor-top-section elementor-element elementor-element-d30f11c elementor-section-boxed elementor-section-height-default elementor-section-height-default\" data-id=\"d30f11c\" data-element_type=\"section\">\n\t\t\t\t\t\t<div class=\"elementor-container elementor-column-gap-default\">\n\t\t\t\t\t<div class=\"elementor-column elementor-col-100 elementor-top-column elementor-element elementor-element-2eae5f8c\" data-id=\"2eae5f8c\" data-element_type=\"column\">\n\t\t\t<div class=\"elementor-widget-wrap elementor-element-populated\">\n\t\t\t\t\t\t<div class=\"elementor-element elementor-element-2a1cd47d elementor-widget elementor-widget-wp-widget-ufsm_manancial_ficha_apresentacao\" data-id=\"2a1cd47d\" data-element_type=\"widget\" data-widget_type=\"wp-widget-ufsm_manancial_ficha_apresentacao.default\">\n\t\t\t\t<div class=\"elementor-widget-container\">\n\t\t\t<div class=\"row g-0\">\n    <div class=\"col-12 col-lg-5\">\n        <div class=\"card rounded-0 bg-primary text-white\">\n                            <img decoding=\"async\" src=\"https:\/\/repositorio.ufsm.br\/bitstream\/handle\/1\/30814\/capa-engenharia.jpg\" class=\"img-fluid img-thumbnail mx-5 mt-5 mb-1\" >\n                        <div class=\"card-body bg-transparent-on-contraste ms-4 ps-4 me-3\">\n                <p class=\"card-title fs-5 lh-sm\">Engenharia e tecnologia ambiental<\/p>\n                <div class=\"d-flex flex-wrap\">\n                    <a href=\"https:\/\/repositorio.ufsm.br\/handle\/1\/30814\" class=\"small link-light underline-on-hover me-3\" target=\"_blank\">\n                        <i class=\"fa fa-external-link me-1\" aria-hidden=\"true\"><\/i>\n                        Ver no Manancial\n                    <\/a>\n                                            <a href=\"https:\/\/repositorio.ufsm.br\/bitstream\/handle\/1\/30814\/ENGENHARIA.pdf\" class=\"small link-light underline-on-hover\" target=\"_blank\">\n                            <i class=\"fa fa-file-pdf-o me-1\" aria-hidden=\"true\"><\/i>\n                            Ver o PDF\n                        <\/a>\n                                                        <\/div>\n            <\/div>\n        <\/div>\n    <\/div>\n    <div class=\"col-12 col-lg-7 d-flex\">\n        <div class=\"card rounded-0 rounded-end border-0 shadow w-100\">\n            <div class=\"card-body bg-transparent-on-contraste my-2 mx-3\">\n                <ul class=\"nav nav-pills justify-content-center\" id=\"e826be97-912e-4650-a672-0ae2d4f93520\" role=\"tablist\">\n                    <li class=\"nav-item\" role=\"presentation\">\n            <button class=\"nav-link active\" id=\"section-e826be97-912e-4650-a672-0ae2d4f93520-resumo-tab\" data-bs-toggle=\"tab\" data-bs-target=\"#section-e826be97-912e-4650-a672-0ae2d4f93520-resumo\" type=\"button\" role=\"tab\" aria-controls=\"section-e826be97-912e-4650-a672-0ae2d4f93520-resumo\"  aria-selected=\"true\" >Resumo<\/button>\n        <\/li>\n                    <li class=\"nav-item\" role=\"presentation\">\n            <button class=\"nav-link \" id=\"section-e826be97-912e-4650-a672-0ae2d4f93520-organizacao-tab\" data-bs-toggle=\"tab\" data-bs-target=\"#section-e826be97-912e-4650-a672-0ae2d4f93520-organizacao\" type=\"button\" role=\"tab\" aria-controls=\"section-e826be97-912e-4650-a672-0ae2d4f93520-organizacao\" >Organiza\u00e7\u00e3o<\/button>\n        <\/li>\n                    <li class=\"nav-item\" role=\"presentation\">\n            <button class=\"nav-link \" id=\"section-e826be97-912e-4650-a672-0ae2d4f93520-autoria-tab\" data-bs-toggle=\"tab\" data-bs-target=\"#section-e826be97-912e-4650-a672-0ae2d4f93520-autoria\" type=\"button\" role=\"tab\" aria-controls=\"section-e826be97-912e-4650-a672-0ae2d4f93520-autoria\" >Autoria<\/button>\n        <\/li>\n                    <li class=\"nav-item\" role=\"presentation\">\n            <button class=\"nav-link \" id=\"section-e826be97-912e-4650-a672-0ae2d4f93520-outros-dados-tab\" data-bs-toggle=\"tab\" data-bs-target=\"#section-e826be97-912e-4650-a672-0ae2d4f93520-outros-dados\" type=\"button\" role=\"tab\" aria-controls=\"section-e826be97-912e-4650-a672-0ae2d4f93520-outros-dados\" >Dados da Obra<\/button>\n        <\/li>\n                    <li class=\"nav-item\" role=\"presentation\">\n            <button class=\"nav-link \" id=\"section-e826be97-912e-4650-a672-0ae2d4f93520-cnpq-tab\" data-bs-toggle=\"tab\" data-bs-target=\"#section-e826be97-912e-4650-a672-0ae2d4f93520-cnpq\" type=\"button\" role=\"tab\" aria-controls=\"section-e826be97-912e-4650-a672-0ae2d4f93520-cnpq\" >CNPq<\/button>\n        <\/li>\n    <\/ul>\n<div class=\"tab-content\" id=\"e826be97-912e-4650-a672-0ae2d4f93520Content\">\n            <div class=\"tab-pane fade show active pt-3\" id=\"section-e826be97-912e-4650-a672-0ae2d4f93520-resumo\" role=\"tabpanel\" aria-labelledby=\"section-e826be97-912e-4650-a672-0ae2d4f93520-resumo-tab\">\n            \u00c9 com grande satisfa\u00e7\u00e3o que apresentamos em 2023 o III E-Book de Engenharia e\r\nTecnologia Ambiental. Os artigos aqui compartilhados abordam diferentes temas da \u00e1rea da\r\nEngenharia e das Tecnologias Ambientais, de interesse acad\u00eamico e profissional. Apresentamos,\r\na seguir, uma breve descri\u00e7\u00e3o das pesquisas desenvolvidas por docentes do Departamento de\r\nEngenharia e Tecnologia Ambiental da Universidade Federal de Santa Maria - UFSM, do Campus\r\nde Frederico Westphalen, e que comp\u00f5em os diferentes cap\u00edtulos desta publica\u00e7\u00e3o.        <\/div>\n            <div class=\"tab-pane fade  pt-3\" id=\"section-e826be97-912e-4650-a672-0ae2d4f93520-organizacao\" role=\"tabpanel\" aria-labelledby=\"section-e826be97-912e-4650-a672-0ae2d4f93520-organizacao-tab\">\n            <div class=\"row row-cols-1 row-cols-md-2\">\n            <div class=\"col p-1\">\n            <div class=\"border-bottom border-1 h-100\">\n                Passini, Aline Ferr\u00e3o Cust\u00f3dio            <\/div>\n        <\/div>\n            <div class=\"col p-1\">\n            <div class=\"border-bottom border-1 h-100\">\n                Scapin, Juliana            <\/div>\n        <\/div>\n            <div class=\"col p-1\">\n            <div class=\"border-bottom border-1 h-100\">\n                Munaretto, Lorimar Francisco            <\/div>\n        <\/div>\n            <div class=\"col p-1\">\n            <div class=\"border-bottom border-1 h-100\">\n                Mancuso, Malva Andrea            <\/div>\n        <\/div>\n            <div class=\"col p-1\">\n            <div class=\"border-bottom border-1 h-100\">\n                Soares, Marcus Bruno Domingues            <\/div>\n        <\/div>\n        \n<\/div>\n        <\/div>\n            <div class=\"tab-pane fade  pt-3\" id=\"section-e826be97-912e-4650-a672-0ae2d4f93520-autoria\" role=\"tabpanel\" aria-labelledby=\"section-e826be97-912e-4650-a672-0ae2d4f93520-autoria-tab\">\n            <div class=\"row row-cols-1 row-cols-md-2\">\n            <div class=\"col p-1\">\n            <div class=\"border-bottom border-1 h-100\">\n                Passini, Aline Ferr\u00e3o Cust\u00f3dio            <\/div>\n        <\/div>\n            <div class=\"col p-1\">\n            <div class=\"border-bottom border-1 h-100\">\n                Scapin, Juliana            <\/div>\n        <\/div>\n            <div class=\"col p-1\">\n            <div class=\"border-bottom border-1 h-100\">\n                Munaretto, Lorimar Francisco            <\/div>\n        <\/div>\n            <div class=\"col p-1\">\n            <div class=\"border-bottom border-1 h-100\">\n                Mancuso, Malva Andrea            <\/div>\n        <\/div>\n            <div class=\"col p-1\">\n            <div class=\"border-bottom border-1 h-100\">\n                Soares, Marcus Bruno Domingues            <\/div>\n        <\/div>\n        \n<\/div>\n        <\/div>\n            <div class=\"tab-pane fade  pt-3\" id=\"section-e826be97-912e-4650-a672-0ae2d4f93520-outros-dados\" role=\"tabpanel\" aria-labelledby=\"section-e826be97-912e-4650-a672-0ae2d4f93520-outros-dados-tab\">\n            <dl class=\"row\">\n    <dt class=\"col-12 col-md-3\">Publica\u00e7\u00e3o<\/dt>\n    <dd class=\"col-12 col-md-9\">\n        <dl class=\"row\">\n            <dt class=\"col-12 col-md-4\">Ano<\/dt>\n            <dd class=\"col-12 col-md-8\">2023<\/dd>\n            <dt class=\"col-12 col-md-4\">ISBN<\/dt>\n            <dd class=\"col-12 col-md-8\">ISBN 978-85-64049-25-3<\/dd>\n        <\/dl>\n    <\/dd>\n                <dt class=\"col-12 col-md-3\">Assuntos<\/dt>\n        <dd class=\"col-12 col-md-9\">Gest\u00e3o ambiental;<br>Tecnologias ambientais;<br>Recursos h\u00eddricos;<br>Sustentabilidade<\/dd>\n                <dt class=\"col-12 col-md-3\">Licen\u00e7a<\/dt>\n        <dd class=\"col-12 col-md-9\">\n            Acesso Aberto;<br>Attribution-NonCommercial-NoDerivatives 4.0 International;<br><a target='_blank' href='http:\/\/creativecommons.org\/licenses\/by-nc-nd\/4.0\/'>http:\/\/creativecommons.org\/licenses\/by-nc-nd\/4.0\/<\/a>        <\/dd>\n        \n<\/dl>\n        <\/div>\n            <div class=\"tab-pane fade  pt-3\" id=\"section-e826be97-912e-4650-a672-0ae2d4f93520-cnpq\" role=\"tabpanel\" aria-labelledby=\"section-e826be97-912e-4650-a672-0ae2d4f93520-cnpq-tab\">\n            <dl class=\"row\">\n    <dt class=\"col-12 col-md-3\">Grande \u00e1rea<\/dt>\n    <dd class=\"col-12 col-md-9 text-capitalize\">engenharias<\/dd>\n    \n    <\/dl>\n        <\/div>\n    <\/div>\n            <\/div>\n        <\/div>\n    <\/div>\n<\/div>\n\t\t<\/div>\n\t\t\t\t<\/div>\n\t\t\t\t<div class=\"elementor-element elementor-element-5c6aeb00 elementor-widget elementor-widget-spacer\" data-id=\"5c6aeb00\" data-element_type=\"widget\" data-widget_type=\"spacer.default\">\n\t\t\t\t<div class=\"elementor-widget-container\">\n\t\t\t\t\t<div class=\"elementor-spacer\">\n\t\t\t<div class=\"elementor-spacer-inner\"><\/div>\n\t\t<\/div>\n\t\t\t\t<\/div>\n\t\t\t\t<\/div>\n\t\t\t\t<div class=\"elementor-element elementor-element-782b32bb elementor-widget elementor-widget-wp-widget-ufsm_noticias_widget\" data-id=\"782b32bb\" data-element_type=\"widget\" data-widget_type=\"wp-widget-ufsm_noticias_widget.default\">\n\t\t\t\t<div class=\"elementor-widget-container\">\n\t\t\t<h5 class='titulo-conteudos'>Publica\u00e7\u00f5es Relacionadas<\/h5><div class='widget-noticias-inside'>\n                        <div class=\"row\">\n                                    <div class=\"col-12 col-lg-3 pb-4\">\n                                            <div class=\"noticias-widget-wrap\" style=\"height: 280px; overflow: hidden;\">\n                            <a title=\"Territ\u00f3rios conectados pela sororidade\" href=\"https:\/\/www.ufsm.br\/editoras\/facos\/territorios-conectados-pela-sororidade\">\n                                <span class=\"visually-hidden\">\n                                    Territ\u00f3rios conectados pela sororidade                                <\/span>\n                                <div class=\"noticias-widget-thumbs h-100\">\n                                    <img decoding=\"async\" class=\"object-fit-cover h-100 w-100\" alt=\"\" srcset=\"https:\/\/www.ufsm.br\/app\/uploads\/sites\/746\/2026\/03\/Territorios-conectados-212x300.jpg 212w, https:\/\/www.ufsm.br\/app\/uploads\/sites\/746\/2026\/03\/Territorios-conectados-724x1024.jpg 724w, https:\/\/www.ufsm.br\/app\/uploads\/sites\/746\/2026\/03\/Territorios-conectados-768x1086.jpg 768w, https:\/\/www.ufsm.br\/app\/uploads\/sites\/746\/2026\/03\/Territorios-conectados-1086x1536.jpg 1086w, https:\/\/www.ufsm.br\/app\/uploads\/sites\/746\/2026\/03\/Territorios-conectados-1448x2048.jpg 1448w, https:\/\/www.ufsm.br\/app\/uploads\/sites\/746\/2026\/03\/Territorios-conectados-scaled.jpg 1810w\" src=\"https:\/\/www.ufsm.br\/app\/uploads\/sites\/746\/2026\/03\/Territorios-conectados-724x1024.jpg\"><\/img>\n                                <\/div>\n                            <\/a>\n                        <\/div>\n                                        \n                                        \n                    \n                    <a class=\"noticias-widget-title d-block  m-0 \"  title=\"Territ\u00f3rios conectados pela sororidade\" href=\"https:\/\/www.ufsm.br\/editoras\/facos\/territorios-conectados-pela-sororidade\">\n                                                Territ\u00f3rios conectados pela sororidade                    <\/a>\n                    \n                    \n                                        \n                                        \n                                        <\/div>\n                                    <div class=\"col-12 col-lg-3 pb-4\">\n                                            <div class=\"noticias-widget-wrap\" style=\"height: 280px; overflow: hidden;\">\n                            <a title=\"Engenharia sanit\u00e1ria e ambiental: volume 5\" href=\"https:\/\/www.ufsm.br\/editoras\/facos\/engenharia-sanitaria-e-ambiental-volume-5\">\n                                <span class=\"visually-hidden\">\n                                    Engenharia sanit\u00e1ria e ambiental: volume 5                                <\/span>\n                                <div class=\"noticias-widget-thumbs h-100\">\n                                    <img decoding=\"async\" class=\"object-fit-cover h-100 w-100\" alt=\"\" srcset=\"https:\/\/www.ufsm.br\/app\/uploads\/sites\/746\/2026\/01\/Engenharia-sanitaria-ambiental-volume-5-212x300.jpg 212w, https:\/\/www.ufsm.br\/app\/uploads\/sites\/746\/2026\/01\/Engenharia-sanitaria-ambiental-volume-5-724x1024.jpg 724w, https:\/\/www.ufsm.br\/app\/uploads\/sites\/746\/2026\/01\/Engenharia-sanitaria-ambiental-volume-5-768x1086.jpg 768w, https:\/\/www.ufsm.br\/app\/uploads\/sites\/746\/2026\/01\/Engenharia-sanitaria-ambiental-volume-5.jpg 918w\" src=\"https:\/\/www.ufsm.br\/app\/uploads\/sites\/746\/2026\/01\/Engenharia-sanitaria-ambiental-volume-5-724x1024.jpg\"><\/img>\n                                <\/div>\n                            <\/a>\n                        <\/div>\n                                        \n                                        \n                    \n                    <a class=\"noticias-widget-title d-block  m-0 \"  title=\"Engenharia sanit\u00e1ria e ambiental: volume 5\" href=\"https:\/\/www.ufsm.br\/editoras\/facos\/engenharia-sanitaria-e-ambiental-volume-5\">\n                                                Engenharia sanit\u00e1ria e ambiental: volume 5                    <\/a>\n                    \n                    \n                                        \n                                        \n                                        <\/div>\n                                    <div class=\"col-12 col-lg-3 pb-4\">\n                                            <div class=\"noticias-widget-wrap\" style=\"height: 280px; overflow: hidden;\">\n                            <a title=\"Capa do livro jornalismo e mem\u00f3ria\" href=\"https:\/\/www.ufsm.br\/editoras\/facos\/jornalismo-e-memoria-escrituras-possiveis-lugares-incomuns\">\n                                <span class=\"visually-hidden\">\n                                    Capa do livro jornalismo e mem\u00f3ria                                <\/span>\n                                <div class=\"noticias-widget-thumbs h-100\">\n                                    <img decoding=\"async\" class=\"object-fit-cover h-100 w-100\" alt=\"\" srcset=\"https:\/\/www.ufsm.br\/app\/uploads\/sites\/746\/2025\/12\/Jornalismo_e_memoria-212x300.jpg 212w, https:\/\/www.ufsm.br\/app\/uploads\/sites\/746\/2025\/12\/Jornalismo_e_memoria-724x1024.jpg 724w, https:\/\/www.ufsm.br\/app\/uploads\/sites\/746\/2025\/12\/Jornalismo_e_memoria-768x1086.jpg 768w, https:\/\/www.ufsm.br\/app\/uploads\/sites\/746\/2025\/12\/Jornalismo_e_memoria-1086x1536.jpg 1086w, https:\/\/www.ufsm.br\/app\/uploads\/sites\/746\/2025\/12\/Jornalismo_e_memoria-1448x2048.jpg 1448w, https:\/\/www.ufsm.br\/app\/uploads\/sites\/746\/2025\/12\/Jornalismo_e_memoria.jpg 1655w\" src=\"https:\/\/www.ufsm.br\/app\/uploads\/sites\/746\/2025\/12\/Jornalismo_e_memoria-724x1024.jpg\"><\/img>\n                                <\/div>\n                            <\/a>\n                        <\/div>\n                                        \n                                        \n                    \n                    <a class=\"noticias-widget-title d-block  m-0 \"  title=\"Jornalismo e mem\u00f3ria: escrituras poss\u00edveis, lugares (in)comuns\" href=\"https:\/\/www.ufsm.br\/editoras\/facos\/jornalismo-e-memoria-escrituras-possiveis-lugares-incomuns\">\n                                                Jornalismo e mem\u00f3ria: escrituras poss\u00edveis, lugares (in)comuns                    <\/a>\n                    \n                    \n                                        \n                                        \n                                        <\/div>\n                                    <div class=\"col-12 col-lg-3 pb-4\">\n                                            <div class=\"noticias-widget-wrap\" style=\"height: 280px; overflow: hidden;\">\n                            <a title=\"Capa do livro Pesquisa e Desenvolvimento Criativo para divulga\u00e7\u00e3o de Indicadores da Educa\u00e7\u00e3o Superior\" href=\"https:\/\/www.ufsm.br\/editoras\/facos\/pesquisa-e-desenvolvimento-criativo-para-divulgacao-de-indicadores-da-educacao-superior\">\n                                <span class=\"visually-hidden\">\n                                    Capa do livro Pesquisa e Desenvolvimento Criativo para divulga\u00e7\u00e3o de Indicadores da Educa\u00e7\u00e3o Superior                                <\/span>\n                                <div class=\"noticias-widget-thumbs h-100\">\n                                    <img decoding=\"async\" class=\"object-fit-cover h-100 w-100\" alt=\"\" srcset=\"https:\/\/www.ufsm.br\/app\/uploads\/sites\/746\/2025\/10\/IMG-20251006-WA0112-212x300.jpg 212w, https:\/\/www.ufsm.br\/app\/uploads\/sites\/746\/2025\/10\/IMG-20251006-WA0112-722x1024.jpg 722w, https:\/\/www.ufsm.br\/app\/uploads\/sites\/746\/2025\/10\/IMG-20251006-WA0112-768x1089.jpg 768w, https:\/\/www.ufsm.br\/app\/uploads\/sites\/746\/2025\/10\/IMG-20251006-WA0112.jpg 840w\" src=\"https:\/\/www.ufsm.br\/app\/uploads\/sites\/746\/2025\/10\/IMG-20251006-WA0112-722x1024.jpg\"><\/img>\n                                <\/div>\n                            <\/a>\n                        <\/div>\n                                        \n                                        \n                    \n                    <a class=\"noticias-widget-title d-block  m-0 \"  title=\"Pesquisa e Desenvolvimento Criativo para divulga\u00e7\u00e3o de Indicadores da Educa\u00e7\u00e3o Superior\" href=\"https:\/\/www.ufsm.br\/editoras\/facos\/pesquisa-e-desenvolvimento-criativo-para-divulgacao-de-indicadores-da-educacao-superior\">\n                                                Pesquisa e Desenvolvimento Criativo para divulga\u00e7\u00e3o de Indicadores da Educa\u00e7\u00e3o Superior                    <\/a>\n                    \n                    \n                                        \n                                        \n                                        <\/div>\n                            <\/div>\n            <\/div>\n\t\t<\/div>\n\t\t\t\t<\/div>\n\t\t\t\t\t<\/div>\n\t\t<\/div>\n\t\t\t\t\t<\/div>\n\t\t<\/section>\n\t\t\t\t<\/div>\n\t\t","protected":false},"excerpt":{"rendered":"<p>Engenharia e tecnologia ambiental Aline Ferr\u00e3o Cust\u00f3dio Passini, Juliana Scapin, Lorimar Francisco Munaretto, Malva Andrea Mancuso e Marcus Bruno Domingues Soares (organizadores)<\/p>\n","protected":false},"author":2180,"featured_media":522,"parent":0,"menu_order":0,"comment_status":"closed","ping_status":"closed","template":"","meta":{"footnotes":""},"categories":[144,26,151],"tags":[],"class_list":["post-521","page","type-page","status-publish","has-post-thumbnail","hentry","category-engenharia","category-lancamento","category-ambiente"],"acf":[],"_links":{"self":[{"href":"https:\/\/www.ufsm.br\/editoras\/facos\/wp-json\/wp\/v2\/pages\/521","targetHints":{"allow":["GET"]}}],"collection":[{"href":"https:\/\/www.ufsm.br\/editoras\/facos\/wp-json\/wp\/v2\/pages"}],"about":[{"href":"https:\/\/www.ufsm.br\/editoras\/facos\/wp-json\/wp\/v2\/types\/page"}],"author":[{"embeddable":true,"href":"https:\/\/www.ufsm.br\/editoras\/facos\/wp-json\/wp\/v2\/users\/2180"}],"replies":[{"embeddable":true,"href":"https:\/\/www.ufsm.br\/editoras\/facos\/wp-json\/wp\/v2\/comments?post=521"}],"version-history":[{"count":0,"href":"https:\/\/www.ufsm.br\/editoras\/facos\/wp-json\/wp\/v2\/pages\/521\/revisions"}],"wp:featuredmedia":[{"embeddable":true,"href":"https:\/\/www.ufsm.br\/editoras\/facos\/wp-json\/wp\/v2\/media\/522"}],"wp:attachment":[{"href":"https:\/\/www.ufsm.br\/editoras\/facos\/wp-json\/wp\/v2\/media?parent=521"}],"wp:term":[{"taxonomy":"category","embeddable":true,"href":"https:\/\/www.ufsm.br\/editoras\/facos\/wp-json\/wp\/v2\/categories?post=521"},{"taxonomy":"post_tag","embeddable":true,"href":"https:\/\/www.ufsm.br\/editoras\/facos\/wp-json\/wp\/v2\/tags?post=521"}],"curies":[{"name":"wp","href":"https:\/\/api.w.org\/{rel}","templated":true}]}}