{"id":609,"date":"2026-03-31T11:14:35","date_gmt":"2026-03-31T14:14:35","guid":{"rendered":"https:\/\/www.ufsm.br\/editoras\/facos\/?page_id=609"},"modified":"2026-03-31T11:17:17","modified_gmt":"2026-03-31T14:17:17","slug":"territorios-conectados-pela-sororidade","status":"publish","type":"page","link":"https:\/\/www.ufsm.br\/editoras\/facos\/territorios-conectados-pela-sororidade","title":{"rendered":"Territ\u00f3rios conectados pela sororidade"},"content":{"rendered":"\t\t<div data-elementor-type=\"wp-page\" data-elementor-id=\"609\" class=\"elementor elementor-609\">\n\t\t\t\t\t\t<section class=\"elementor-section elementor-top-section elementor-element elementor-element-f15d996 elementor-section-boxed elementor-section-height-default elementor-section-height-default\" data-id=\"f15d996\" data-element_type=\"section\">\n\t\t\t\t\t\t<div class=\"elementor-container elementor-column-gap-default\">\n\t\t\t\t\t<div class=\"elementor-column elementor-col-100 elementor-top-column elementor-element elementor-element-7f83acd\" data-id=\"7f83acd\" data-element_type=\"column\">\n\t\t\t<div class=\"elementor-widget-wrap elementor-element-populated\">\n\t\t\t\t\t\t<div class=\"elementor-element elementor-element-4e83e676 elementor-widget elementor-widget-text-editor\" data-id=\"4e83e676\" data-element_type=\"widget\" data-widget_type=\"text-editor.default\">\n\t\t\t\t<div class=\"elementor-widget-container\">\n\t\t\t\t\t\t\t<h1 class=\"page-header first-page-header\">Territ\u00f3rios conectados pela sororidade: boas pr\u00e1ticas para acessibilidade em atravessamentos tecnol\u00f3gicos<\/h1><h6 class=\"ds-dc_contributor_author-authority\">Phillipp Dias Gripp e Carlise Schneider Rudnicki (organizadores)<\/h6>\t\t\t\t\t\t<\/div>\n\t\t\t\t<\/div>\n\t\t\t\t\t<\/div>\n\t\t<\/div>\n\t\t\t\t\t<\/div>\n\t\t<\/section>\n\t\t\t\t<section class=\"elementor-section elementor-top-section elementor-element elementor-element-1e7138aa elementor-section-boxed elementor-section-height-default elementor-section-height-default\" data-id=\"1e7138aa\" data-element_type=\"section\">\n\t\t\t\t\t\t<div class=\"elementor-container elementor-column-gap-default\">\n\t\t\t\t\t<div class=\"elementor-column elementor-col-100 elementor-top-column elementor-element elementor-element-5ba70686\" data-id=\"5ba70686\" data-element_type=\"column\">\n\t\t\t<div class=\"elementor-widget-wrap elementor-element-populated\">\n\t\t\t\t\t\t<div class=\"elementor-element elementor-element-327b6143 elementor-widget elementor-widget-wp-widget-ufsm_manancial_ficha_apresentacao\" data-id=\"327b6143\" data-element_type=\"widget\" data-widget_type=\"wp-widget-ufsm_manancial_ficha_apresentacao.default\">\n\t\t\t\t<div class=\"elementor-widget-container\">\n\t\t\t<div class=\"row g-0\">\n    <div class=\"col-12 col-lg-5\">\n        <div class=\"card rounded-0 bg-primary text-white\">\n                            <img decoding=\"async\" src=\"https:\/\/repositorio.ufsm.br\/bitstream\/handle\/1\/37865\/Territorios conectados.jpg\" class=\"img-fluid img-thumbnail mx-5 mt-5 mb-1\" >\n                        <div class=\"card-body bg-transparent-on-contraste ms-4 ps-4 me-3\">\n                <p class=\"card-title fs-5 lh-sm\">Territ\u00f3rios conectados pela sororidade: boas pr\u00e1ticas para acessibilidade em atravessamentos tecnol\u00f3gicos<\/p>\n                <div class=\"d-flex flex-wrap\">\n                    <a href=\"https:\/\/repositorio.ufsm.br\/handle\/1\/37865\" class=\"small link-light underline-on-hover me-3\" target=\"_blank\">\n                        <i class=\"fa fa-external-link me-1\" aria-hidden=\"true\"><\/i>\n                        Ver no Manancial\n                    <\/a>\n                                            <a href=\"https:\/\/repositorio.ufsm.br\/bitstream\/handle\/1\/37865\/E-book Territorios conectados - versa\u0303o final.pdf\" class=\"small link-light underline-on-hover\" target=\"_blank\">\n                            <i class=\"fa fa-file-pdf-o me-1\" aria-hidden=\"true\"><\/i>\n                            Ver o PDF\n                        <\/a>\n                                                        <\/div>\n            <\/div>\n        <\/div>\n    <\/div>\n    <div class=\"col-12 col-lg-7 d-flex\">\n        <div class=\"card rounded-0 rounded-end border-0 shadow w-100\">\n            <div class=\"card-body bg-transparent-on-contraste my-2 mx-3\">\n                <ul class=\"nav nav-pills justify-content-center\" id=\"bbc13ce9-7e01-4b48-ac25-f28a21b5db9e\" role=\"tablist\">\n                    <li class=\"nav-item\" role=\"presentation\">\n            <button class=\"nav-link active\" id=\"section-bbc13ce9-7e01-4b48-ac25-f28a21b5db9e-resumo-tab\" data-bs-toggle=\"tab\" data-bs-target=\"#section-bbc13ce9-7e01-4b48-ac25-f28a21b5db9e-resumo\" type=\"button\" role=\"tab\" aria-controls=\"section-bbc13ce9-7e01-4b48-ac25-f28a21b5db9e-resumo\"  aria-selected=\"true\" >Resumo<\/button>\n        <\/li>\n                    <li class=\"nav-item\" role=\"presentation\">\n            <button class=\"nav-link \" id=\"section-bbc13ce9-7e01-4b48-ac25-f28a21b5db9e-organizacao-tab\" data-bs-toggle=\"tab\" data-bs-target=\"#section-bbc13ce9-7e01-4b48-ac25-f28a21b5db9e-organizacao\" type=\"button\" role=\"tab\" aria-controls=\"section-bbc13ce9-7e01-4b48-ac25-f28a21b5db9e-organizacao\" >Organiza\u00e7\u00e3o<\/button>\n        <\/li>\n                    <li class=\"nav-item\" role=\"presentation\">\n            <button class=\"nav-link \" id=\"section-bbc13ce9-7e01-4b48-ac25-f28a21b5db9e-autoria-tab\" data-bs-toggle=\"tab\" data-bs-target=\"#section-bbc13ce9-7e01-4b48-ac25-f28a21b5db9e-autoria\" type=\"button\" role=\"tab\" aria-controls=\"section-bbc13ce9-7e01-4b48-ac25-f28a21b5db9e-autoria\" >Autoria<\/button>\n        <\/li>\n                    <li class=\"nav-item\" role=\"presentation\">\n            <button class=\"nav-link \" id=\"section-bbc13ce9-7e01-4b48-ac25-f28a21b5db9e-outros-dados-tab\" data-bs-toggle=\"tab\" data-bs-target=\"#section-bbc13ce9-7e01-4b48-ac25-f28a21b5db9e-outros-dados\" type=\"button\" role=\"tab\" aria-controls=\"section-bbc13ce9-7e01-4b48-ac25-f28a21b5db9e-outros-dados\" >Dados da Obra<\/button>\n        <\/li>\n                    <li class=\"nav-item\" role=\"presentation\">\n            <button class=\"nav-link \" id=\"section-bbc13ce9-7e01-4b48-ac25-f28a21b5db9e-cnpq-tab\" data-bs-toggle=\"tab\" data-bs-target=\"#section-bbc13ce9-7e01-4b48-ac25-f28a21b5db9e-cnpq\" type=\"button\" role=\"tab\" aria-controls=\"section-bbc13ce9-7e01-4b48-ac25-f28a21b5db9e-cnpq\" >CNPq<\/button>\n        <\/li>\n    <\/ul>\n<div class=\"tab-content\" id=\"bbc13ce9-7e01-4b48-ac25-f28a21b5db9eContent\">\n            <div class=\"tab-pane fade show active pt-3\" id=\"section-bbc13ce9-7e01-4b48-ac25-f28a21b5db9e-resumo\" role=\"tabpanel\" aria-labelledby=\"section-bbc13ce9-7e01-4b48-ac25-f28a21b5db9e-resumo-tab\">\n            Este E-book \u00e9 resultado de um esfor\u00e7o coletivo de pesquisa, extens\u00e3o, ensino e inova\u00e7\u00e3o, consolidado no \u00e2mbito do projeto \u201cTerrit\u00f3rios conectados pela sororidade: quest\u00f5es de g\u00eanero, TICs e fortalecimento de la\u00e7os em espa\u00e7os perif\u00e9ricos\u201d. Financiado pelo edital FAPERGS\/CNPq 07\/2022 (Programa de Apoio \u00e0 Fixa\u00e7\u00e3o de Jovens Doutores no Brasil), este projeto teve como objetivo organizar oficinas, reuni\u00f5es, mentorias e produtos midi\u00e1ticos a fim de construir uma rede de apoio para jovens, promovendo forma\u00e7\u00f5es de comunicadores populares. Desse modo, articulou-se encontros organizacionais para compreender as demandas dos p\u00fablicos, cursos e oficinas presenciais e online, com registros em audiovisuais, para diferentes p\u00fablicos nas regi\u00f5es central, da Quarta Col\u00f4nia e do Litoral Norte do RS sobre as Tecnologias de Comunica\u00e7\u00e3o e Informa\u00e7\u00e3o (TICs), atravessadas pelas tem\u00e1ticas da cidadania, lugares de fala, desinforma\u00e7\u00e3o, letramento midi\u00e1tico, acessibilidade, produ\u00e7\u00e3o cultural, entre outros.\r\nSe de in\u00edcio t\u00ednhamos uma proposta de qualifica\u00e7\u00e3o b\u00e1sica e execu\u00e7\u00e3o t\u00e9cnica atrav\u00e9s dos cursos, o decorrer da pesquisa demonstrou a necessidade de uma nova configura\u00e7\u00e3o estrat\u00e9gica, avan\u00e7ada e cr\u00edtica sobre o trabalho comunicacional, sobretudo pela forma\u00e7\u00e3o de redes. O percurso do projeto Territ\u00f3rios foi atravessado pela complexidade de transformar o planejamento acad\u00eamico em resposta \u00e0s demandas de territ\u00f3rios em situa\u00e7\u00e3o de vulnerabilidade, especialmente ap\u00f3s os eventos clim\u00e1ticos extremos que assolaram o Rio Grande do Sul em 2024.\r\nAs chuvas que devastaram o estado entre abril e maio de 2024 foram o estopim para mudan\u00e7as, novas conex\u00f5es e a\u00e7\u00f5es coletivas de uma rede que se estabeleceu e congrega pesquisadoras\/es de diferentes \u00e1reas do conhecimento e distintas institui\u00e7\u00f5es, como UFSM, UFRGS Litoral, UNILA, FURG e ONU- -FAO. Essa integra\u00e7\u00e3o foi vital quando a crise clim\u00e1tica no estado exigiu que abandon\u00e1ssemos a rigidez do planejamento inicial. Em vez de ofertar cursos predefinidos, transitamos para uma comunica\u00e7\u00e3o dial\u00f3gica de proximidade que constatou o que as comunidades atingidas necessitavam naquele momento. Esta mudan\u00e7a de rota permitiu enfrentar a evas\u00e3o e o isolamento social, transformando a extens\u00e3o universit\u00e1ria em um mecanismo de escuta e reconhecimento dos \u201clugares de fala\u201d das comunidades atingidas.        <\/div>\n            <div class=\"tab-pane fade  pt-3\" id=\"section-bbc13ce9-7e01-4b48-ac25-f28a21b5db9e-organizacao\" role=\"tabpanel\" aria-labelledby=\"section-bbc13ce9-7e01-4b48-ac25-f28a21b5db9e-organizacao-tab\">\n            <div class=\"row row-cols-1 row-cols-md-2\">\n            <div class=\"col p-1\">\n            <div class=\"border-bottom border-1 h-100\">\n                Gripp, Phillipp Dias            <\/div>\n        <\/div>\n            <div class=\"col p-1\">\n            <div class=\"border-bottom border-1 h-100\">\n                Rudnicki, Carlise Schneider            <\/div>\n        <\/div>\n        \n<\/div>\n        <\/div>\n            <div class=\"tab-pane fade  pt-3\" id=\"section-bbc13ce9-7e01-4b48-ac25-f28a21b5db9e-autoria\" role=\"tabpanel\" aria-labelledby=\"section-bbc13ce9-7e01-4b48-ac25-f28a21b5db9e-autoria-tab\">\n            <div class=\"row row-cols-1 row-cols-md-2\">\n            <div class=\"col p-1\">\n            <div class=\"border-bottom border-1 h-100\">\n                Gripp, Phillipp Dias            <\/div>\n        <\/div>\n            <div class=\"col p-1\">\n            <div class=\"border-bottom border-1 h-100\">\n                Rudnicki, Carlise Schneider            <\/div>\n        <\/div>\n            <div class=\"col p-1\">\n            <div class=\"border-bottom border-1 h-100\">\n                Silveira, Ada Cristina Machado Silveira            <\/div>\n        <\/div>\n            <div class=\"col p-1\">\n            <div class=\"border-bottom border-1 h-100\">\n                Scherer, Fernanda            <\/div>\n        <\/div>\n            <div class=\"col p-1\">\n            <div class=\"border-bottom border-1 h-100\">\n                Ribeiro, Ana            <\/div>\n        <\/div>\n            <div class=\"col p-1\">\n            <div class=\"border-bottom border-1 h-100\">\n                Gregolin, Adriana Calder\u00e1n            <\/div>\n        <\/div>\n            <div class=\"col p-1\">\n            <div class=\"border-bottom border-1 h-100\">\n                Chaustre, Ingrid Zabaleta            <\/div>\n        <\/div>\n            <div class=\"col p-1\">\n            <div class=\"border-bottom border-1 h-100\">\n                Candido, Mario Alex Duarte de            <\/div>\n        <\/div>\n            <div class=\"col p-1\">\n            <div class=\"border-bottom border-1 h-100\">\n                Forno, Marlise Am\u00e1lia Reinehr Dal            <\/div>\n        <\/div>\n            <div class=\"col p-1\">\n            <div class=\"border-bottom border-1 h-100\">\n                Wives, Daniela Garcez            <\/div>\n        <\/div>\n            <div class=\"col p-1\">\n            <div class=\"border-bottom border-1 h-100\">\n                Funes, Emmanuel Salgado            <\/div>\n        <\/div>\n            <div class=\"col p-1\">\n            <div class=\"border-bottom border-1 h-100\">\n                Pereira, Camila Rodrigues            <\/div>\n        <\/div>\n            <div class=\"col p-1\">\n            <div class=\"border-bottom border-1 h-100\">\n                Santos, Diovana Vieira dos            <\/div>\n        <\/div>\n            <div class=\"col p-1\">\n            <div class=\"border-bottom border-1 h-100\">\n                Giazzon, Luana            <\/div>\n        <\/div>\n            <div class=\"col p-1\">\n            <div class=\"border-bottom border-1 h-100\">\n                Dias, Isadora            <\/div>\n        <\/div>\n            <div class=\"col p-1\">\n            <div class=\"border-bottom border-1 h-100\">\n                Marques, Camila            <\/div>\n        <\/div>\n        \n<\/div>\n        <\/div>\n            <div class=\"tab-pane fade  pt-3\" id=\"section-bbc13ce9-7e01-4b48-ac25-f28a21b5db9e-outros-dados\" role=\"tabpanel\" aria-labelledby=\"section-bbc13ce9-7e01-4b48-ac25-f28a21b5db9e-outros-dados-tab\">\n            <dl class=\"row\">\n    <dt class=\"col-12 col-md-3\">Publica\u00e7\u00e3o<\/dt>\n    <dd class=\"col-12 col-md-9\">\n        <dl class=\"row\">\n            <dt class=\"col-12 col-md-4\">Ano<\/dt>\n            <dd class=\"col-12 col-md-8\">2026<\/dd>\n            <dt class=\"col-12 col-md-4\">ISBN<\/dt>\n            <dd class=\"col-12 col-md-8\">978-65-5773-115-4<\/dd>\n        <\/dl>\n    <\/dd>\n            <dt class=\"col-12 col-md-3\">Refer\u00eancia<\/dt>\n        <dd class=\"col-12 col-md-9\">GRIPP, Phillipp Dias; RUDNICKI, Carlise Schneider (Orgs.). Territ\u00f3rios conectados pela sororidade [livro eletr\u00f4nico] : boas pr\u00e1ticas para acessibilidade em atravessamentos tecnol\u00f3gicos. 1. ed. Santa Maria, RS: FACOS-UFSM, 2026.<\/dd>\n                <dt class=\"col-12 col-md-3\">Assuntos<\/dt>\n        <dd class=\"col-12 col-md-9\">Acessibilidade;<br>Comunica\u00e7\u00e3o;<br>Desenvolvimento;<br>Extens\u00e3o universit\u00e1ria;<br>Pesquisa;<br>Tecnologias da informa\u00e7\u00e3o;<br>Territ\u00f3rio;<br>Gripp, Phillipp Dias;<br>Rudnicki, Carlise Schneider<\/dd>\n                <dt class=\"col-12 col-md-3\">Licen\u00e7a<\/dt>\n        <dd class=\"col-12 col-md-9\">\n            Acesso Aberto;<br>Attribution-NonCommercial-NoDerivatives 4.0 International;<br><a target='_blank' href='http:\/\/creativecommons.org\/licenses\/by-nc-nd\/4.0\/'>http:\/\/creativecommons.org\/licenses\/by-nc-nd\/4.0\/<\/a>        <\/dd>\n        \n<\/dl>\n        <\/div>\n            <div class=\"tab-pane fade  pt-3\" id=\"section-bbc13ce9-7e01-4b48-ac25-f28a21b5db9e-cnpq\" role=\"tabpanel\" aria-labelledby=\"section-bbc13ce9-7e01-4b48-ac25-f28a21b5db9e-cnpq-tab\">\n            <dl class=\"row\">\n    <dt class=\"col-12 col-md-3\">Grande \u00e1rea<\/dt>\n    <dd class=\"col-12 col-md-9 text-capitalize\">ciencias sociais aplicadas<\/dd>\n    \n            <dt class=\"col-12 col-md-3\">\u00c1rea<\/dt>\n        <dd class=\"col-12 col-md-9 text-capitalize\">comunicacao<\/dd>\n        \n            \n    <\/dl>\n<hr class=\"border border-top border-secondary mb-3\"><dl class=\"row\">\n    <dt class=\"col-12 col-md-3\">Grande \u00e1rea<\/dt>\n    <dd class=\"col-12 col-md-9 text-capitalize\">ciencias sociais aplicadas<\/dd>\n    \n            <dt class=\"col-12 col-md-3\">\u00c1rea<\/dt>\n        <dd class=\"col-12 col-md-9 text-capitalize\">ciencia da informacao<\/dd>\n        \n            \n    <\/dl>\n        <\/div>\n    <\/div>\n            <\/div>\n        <\/div>\n    <\/div>\n<\/div>\n\t\t<\/div>\n\t\t\t\t<\/div>\n\t\t\t\t\t<\/div>\n\t\t<\/div>\n\t\t\t\t\t<\/div>\n\t\t<\/section>\n\t\t\t\t<\/div>\n\t\t","protected":false},"excerpt":{"rendered":"<p>Territ\u00f3rios conectados pela sororidade: boas pr\u00e1ticas para acessibilidade em atravessamentos tecnol\u00f3gicos Phillipp Dias Gripp e Carlise Schneider Rudnicki (organizadores)<\/p>\n","protected":false},"author":68,"featured_media":610,"parent":0,"menu_order":0,"comment_status":"closed","ping_status":"closed","template":"","meta":{"footnotes":""},"categories":[24,26],"tags":[211,48,212,188],"class_list":["post-609","page","type-page","status-publish","has-post-thumbnail","hentry","category-comunicacao","category-lancamento","tag-acessibilidade","tag-comunicacao","tag-extensao-2","tag-territorio"],"acf":[],"_links":{"self":[{"href":"https:\/\/www.ufsm.br\/editoras\/facos\/wp-json\/wp\/v2\/pages\/609","targetHints":{"allow":["GET"]}}],"collection":[{"href":"https:\/\/www.ufsm.br\/editoras\/facos\/wp-json\/wp\/v2\/pages"}],"about":[{"href":"https:\/\/www.ufsm.br\/editoras\/facos\/wp-json\/wp\/v2\/types\/page"}],"author":[{"embeddable":true,"href":"https:\/\/www.ufsm.br\/editoras\/facos\/wp-json\/wp\/v2\/users\/68"}],"replies":[{"embeddable":true,"href":"https:\/\/www.ufsm.br\/editoras\/facos\/wp-json\/wp\/v2\/comments?post=609"}],"version-history":[{"count":0,"href":"https:\/\/www.ufsm.br\/editoras\/facos\/wp-json\/wp\/v2\/pages\/609\/revisions"}],"wp:featuredmedia":[{"embeddable":true,"href":"https:\/\/www.ufsm.br\/editoras\/facos\/wp-json\/wp\/v2\/media\/610"}],"wp:attachment":[{"href":"https:\/\/www.ufsm.br\/editoras\/facos\/wp-json\/wp\/v2\/media?parent=609"}],"wp:term":[{"taxonomy":"category","embeddable":true,"href":"https:\/\/www.ufsm.br\/editoras\/facos\/wp-json\/wp\/v2\/categories?post=609"},{"taxonomy":"post_tag","embeddable":true,"href":"https:\/\/www.ufsm.br\/editoras\/facos\/wp-json\/wp\/v2\/tags?post=609"}],"curies":[{"name":"wp","href":"https:\/\/api.w.org\/{rel}","templated":true}]}}