{"id":626,"date":"2026-08-07T19:43:14","date_gmt":"2026-08-07T22:43:14","guid":{"rendered":"https:\/\/www.ufsm.br\/editoras\/facos\/?page_id=626"},"modified":"2026-08-10T10:37:08","modified_gmt":"2026-08-10T13:37:08","slug":"analise-do-discurso-digital","status":"publish","type":"page","link":"https:\/\/www.ufsm.br\/editoras\/facos\/analise-do-discurso-digital","title":{"rendered":"An\u00e1lise do discurso digital: teoriza\u00e7\u00f5es e aplica\u00e7\u00f5es metodol\u00f3gicas"},"content":{"rendered":"\t\t<div data-elementor-type=\"wp-page\" data-elementor-id=\"626\" class=\"elementor elementor-626\">\n\t\t\t\t\t\t<section class=\"elementor-section elementor-top-section elementor-element elementor-element-417d6fbf elementor-section-boxed elementor-section-height-default elementor-section-height-default\" data-id=\"417d6fbf\" data-element_type=\"section\">\n\t\t\t\t\t\t<div class=\"elementor-container elementor-column-gap-default\">\n\t\t\t\t\t<div class=\"elementor-column elementor-col-100 elementor-top-column elementor-element elementor-element-1f486233\" data-id=\"1f486233\" data-element_type=\"column\">\n\t\t\t<div class=\"elementor-widget-wrap elementor-element-populated\">\n\t\t\t\t\t\t<div class=\"elementor-element elementor-element-781574f7 elementor-widget elementor-widget-text-editor\" data-id=\"781574f7\" data-element_type=\"widget\" data-widget_type=\"text-editor.default\">\n\t\t\t\t<div class=\"elementor-widget-container\">\n\t\t\t\t\t\t\t<h1>An\u00e1lise do discurso digital: teoriza\u00e7\u00f5es e aplica\u00e7\u00f5es metodol\u00f3gicas<\/h1><h6>Gabriela Pereira Melo, Rejane de Oliveira Pozobon, Sendi Chiapinotto Spiazzi (organizadoras)<\/h6>\t\t\t\t\t\t<\/div>\n\t\t\t\t<\/div>\n\t\t\t\t\t<\/div>\n\t\t<\/div>\n\t\t\t\t\t<\/div>\n\t\t<\/section>\n\t\t\t\t<section class=\"elementor-section elementor-top-section elementor-element elementor-element-3a8c66f5 elementor-section-boxed elementor-section-height-default elementor-section-height-default\" data-id=\"3a8c66f5\" data-element_type=\"section\">\n\t\t\t\t\t\t<div class=\"elementor-container elementor-column-gap-default\">\n\t\t\t\t\t<div class=\"elementor-column elementor-col-100 elementor-top-column elementor-element elementor-element-591be4ad\" data-id=\"591be4ad\" data-element_type=\"column\">\n\t\t\t<div class=\"elementor-widget-wrap elementor-element-populated\">\n\t\t\t\t\t\t<div class=\"elementor-element elementor-element-743e679b elementor-widget elementor-widget-wp-widget-ufsm_manancial_ficha_apresentacao\" data-id=\"743e679b\" data-element_type=\"widget\" data-widget_type=\"wp-widget-ufsm_manancial_ficha_apresentacao.default\">\n\t\t\t\t<div class=\"elementor-widget-container\">\n\t\t\t<div class=\"row g-0\">\n    <div class=\"col-12 col-lg-5\">\n        <div class=\"card rounded-0 bg-primary text-white\">\n                            <img decoding=\"async\" src=\"https:\/\/repositorio.ufsm.br\/bitstream\/handle\/1\/38815\/Analise Discurso Digital.png\" class=\"img-fluid img-thumbnail mx-5 mt-5 mb-1\" >\n                        <div class=\"card-body bg-transparent-on-contraste ms-4 ps-4 me-3\">\n                <p class=\"card-title fs-5 lh-sm\">An\u00e1lise do discurso digital: teoriza\u00e7\u00f5es e aplica\u00e7\u00f5es metodol\u00f3gicas<\/p>\n                <div class=\"d-flex flex-wrap\">\n                    <a href=\"https:\/\/repositorio.ufsm.br\/handle\/1\/38815\" class=\"small link-light underline-on-hover me-3\" target=\"_blank\">\n                        <i class=\"fa fa-external-link me-1\" aria-hidden=\"true\"><\/i>\n                        Ver no Manancial\n                    <\/a>\n                                            <a href=\"https:\/\/repositorio.ufsm.br\/bitstream\/handle\/1\/38815\/Analise_discurso_digital.pdf\" class=\"small link-light underline-on-hover\" target=\"_blank\">\n                            <i class=\"fa fa-file-pdf-o me-1\" aria-hidden=\"true\"><\/i>\n                            Ver o PDF\n                        <\/a>\n                                                        <\/div>\n            <\/div>\n        <\/div>\n    <\/div>\n    <div class=\"col-12 col-lg-7 d-flex\">\n        <div class=\"card rounded-0 rounded-end border-0 shadow w-100\">\n            <div class=\"card-body bg-transparent-on-contraste my-2 mx-3\">\n                <ul class=\"nav nav-pills justify-content-center\" id=\"e428719d-394c-44bb-97c8-19e2aec1a016\" role=\"tablist\">\n                    <li class=\"nav-item\" role=\"presentation\">\n            <button class=\"nav-link active\" id=\"section-e428719d-394c-44bb-97c8-19e2aec1a016-resumo-tab\" data-bs-toggle=\"tab\" data-bs-target=\"#section-e428719d-394c-44bb-97c8-19e2aec1a016-resumo\" type=\"button\" role=\"tab\" aria-controls=\"section-e428719d-394c-44bb-97c8-19e2aec1a016-resumo\"  aria-selected=\"true\" >Resumo<\/button>\n        <\/li>\n                    <li class=\"nav-item\" role=\"presentation\">\n            <button class=\"nav-link \" id=\"section-e428719d-394c-44bb-97c8-19e2aec1a016-organizacao-tab\" data-bs-toggle=\"tab\" data-bs-target=\"#section-e428719d-394c-44bb-97c8-19e2aec1a016-organizacao\" type=\"button\" role=\"tab\" aria-controls=\"section-e428719d-394c-44bb-97c8-19e2aec1a016-organizacao\" >Organiza\u00e7\u00e3o<\/button>\n        <\/li>\n                    <li class=\"nav-item\" role=\"presentation\">\n            <button class=\"nav-link \" id=\"section-e428719d-394c-44bb-97c8-19e2aec1a016-autoria-tab\" data-bs-toggle=\"tab\" data-bs-target=\"#section-e428719d-394c-44bb-97c8-19e2aec1a016-autoria\" type=\"button\" role=\"tab\" aria-controls=\"section-e428719d-394c-44bb-97c8-19e2aec1a016-autoria\" >Autoria<\/button>\n        <\/li>\n                    <li class=\"nav-item\" role=\"presentation\">\n            <button class=\"nav-link \" id=\"section-e428719d-394c-44bb-97c8-19e2aec1a016-outros-dados-tab\" data-bs-toggle=\"tab\" data-bs-target=\"#section-e428719d-394c-44bb-97c8-19e2aec1a016-outros-dados\" type=\"button\" role=\"tab\" aria-controls=\"section-e428719d-394c-44bb-97c8-19e2aec1a016-outros-dados\" >Dados da Obra<\/button>\n        <\/li>\n                    <li class=\"nav-item\" role=\"presentation\">\n            <button class=\"nav-link \" id=\"section-e428719d-394c-44bb-97c8-19e2aec1a016-cnpq-tab\" data-bs-toggle=\"tab\" data-bs-target=\"#section-e428719d-394c-44bb-97c8-19e2aec1a016-cnpq\" type=\"button\" role=\"tab\" aria-controls=\"section-e428719d-394c-44bb-97c8-19e2aec1a016-cnpq\" >CNPq<\/button>\n        <\/li>\n    <\/ul>\n<div class=\"tab-content\" id=\"e428719d-394c-44bb-97c8-19e2aec1a016Content\">\n            <div class=\"tab-pane fade show active pt-3\" id=\"section-e428719d-394c-44bb-97c8-19e2aec1a016-resumo\" role=\"tabpanel\" aria-labelledby=\"section-e428719d-394c-44bb-97c8-19e2aec1a016-resumo-tab\">\n            A obra re\u00fane pesquisadores de diferentes \u00e1reas do conhecimento que vem se empenhando em pensar a aplicabilidade da an\u00e1lise discursiva para plataformas multimodais. Mais do que um simples conjunto de textos, esta obra prop\u00f5e uma reflex\u00e3o sobre as transforma\u00e7\u00f5es da linguagem, rompendo com a perspectiva dualista e arquitetando caminhos para melhor compreendermos a nossa realidade por meio da linguagem digitalmente constru\u00edda.        <\/div>\n            <div class=\"tab-pane fade  pt-3\" id=\"section-e428719d-394c-44bb-97c8-19e2aec1a016-organizacao\" role=\"tabpanel\" aria-labelledby=\"section-e428719d-394c-44bb-97c8-19e2aec1a016-organizacao-tab\">\n            <div class=\"row row-cols-1 row-cols-md-2\">\n            <div class=\"col p-1\">\n            <div class=\"border-bottom border-1 h-100\">\n                Melo, Gabriela Pereira            <\/div>\n        <\/div>\n            <div class=\"col p-1\">\n            <div class=\"border-bottom border-1 h-100\">\n                Pozobon, Rejane de Oliveira            <\/div>\n        <\/div>\n            <div class=\"col p-1\">\n            <div class=\"border-bottom border-1 h-100\">\n                Spiazzi, Sendi Chiapinotto            <\/div>\n        <\/div>\n        \n<\/div>\n        <\/div>\n            <div class=\"tab-pane fade  pt-3\" id=\"section-e428719d-394c-44bb-97c8-19e2aec1a016-autoria\" role=\"tabpanel\" aria-labelledby=\"section-e428719d-394c-44bb-97c8-19e2aec1a016-autoria-tab\">\n            <div class=\"row row-cols-1 row-cols-md-2\">\n            <div class=\"col p-1\">\n            <div class=\"border-bottom border-1 h-100\">\n                Melo, Gabriela Pereira            <\/div>\n        <\/div>\n            <div class=\"col p-1\">\n            <div class=\"border-bottom border-1 h-100\">\n                Pozobon, Rejane de Oliveira            <\/div>\n        <\/div>\n            <div class=\"col p-1\">\n            <div class=\"border-bottom border-1 h-100\">\n                Spiazzi, Sendi Chiapinotto            <\/div>\n        <\/div>\n            <div class=\"col p-1\">\n            <div class=\"border-bottom border-1 h-100\">\n                Silva, Almir Gomes da            <\/div>\n        <\/div>\n            <div class=\"col p-1\">\n            <div class=\"border-bottom border-1 h-100\">\n                Cordeiro, Maria Sirleidy            <\/div>\n        <\/div>\n            <div class=\"col p-1\">\n            <div class=\"border-bottom border-1 h-100\">\n                Nascimento, Vin\u00edcius Nic\u00e9as do            <\/div>\n        <\/div>\n            <div class=\"col p-1\">\n            <div class=\"border-bottom border-1 h-100\">\n                Hack, Wellington Felipe            <\/div>\n        <\/div>\n            <div class=\"col p-1\">\n            <div class=\"border-bottom border-1 h-100\">\n                Schwaab, Reges            <\/div>\n        <\/div>\n            <div class=\"col p-1\">\n            <div class=\"border-bottom border-1 h-100\">\n                Aguiar, Cassiane            <\/div>\n        <\/div>\n            <div class=\"col p-1\">\n            <div class=\"border-bottom border-1 h-100\">\n                Silva, Caroline Araujo da            <\/div>\n        <\/div>\n            <div class=\"col p-1\">\n            <div class=\"border-bottom border-1 h-100\">\n                Mateus, Samuel            <\/div>\n        <\/div>\n            <div class=\"col p-1\">\n            <div class=\"border-bottom border-1 h-100\">\n                Silva, Tha\u00eds Renata da            <\/div>\n        <\/div>\n            <div class=\"col p-1\">\n            <div class=\"border-bottom border-1 h-100\">\n                Caporal, Gibsy Lisie Soares            <\/div>\n        <\/div>\n            <div class=\"col p-1\">\n            <div class=\"border-bottom border-1 h-100\">\n                Foss\u00e1, Maria Ivete Trevisan            <\/div>\n        <\/div>\n        \n<\/div>\n        <\/div>\n            <div class=\"tab-pane fade  pt-3\" id=\"section-e428719d-394c-44bb-97c8-19e2aec1a016-outros-dados\" role=\"tabpanel\" aria-labelledby=\"section-e428719d-394c-44bb-97c8-19e2aec1a016-outros-dados-tab\">\n            <dl class=\"row\">\n    <dt class=\"col-12 col-md-3\">Publica\u00e7\u00e3o<\/dt>\n    <dd class=\"col-12 col-md-9\">\n        <dl class=\"row\">\n            <dt class=\"col-12 col-md-4\">Ano<\/dt>\n            <dd class=\"col-12 col-md-8\">2026<\/dd>\n            <dt class=\"col-12 col-md-4\">ISBN<\/dt>\n            <dd class=\"col-12 col-md-8\">978-65-5773-119-2<\/dd>\n        <\/dl>\n    <\/dd>\n            <dt class=\"col-12 col-md-3\">Refer\u00eancia<\/dt>\n        <dd class=\"col-12 col-md-9\">MELO, Gabriela Pereira; POZOBON, Rejane de Oliveira; SPIAZZI, Sendi Chiapinotto (orgs.). An\u00e1lise do discurso digital: teoriza\u00e7\u00f5es e aplica\u00e7\u00f5es metodol\u00f3gicas. Santa Maria, RS : FACOS-UFSM, 2026.<\/dd>\n                <dt class=\"col-12 col-md-3\">Assuntos<\/dt>\n        <dd class=\"col-12 col-md-9\">Lingu\u00edstica;<br>An\u00e1lise de discurso;<br>Discurso digital;<br>Pesquisa \u2013 Metodologia;<br>Comunica\u00e7\u00e3o digital;<br>Comunica\u00e7\u00e3o social;<br>Discurso pol\u00edtico;<br>Melo, Gabriela Pereira;<br>Pozobon, Rejane de Oliveira;<br>Spiazzi, Sendi Chiapinotto<\/dd>\n                <dt class=\"col-12 col-md-3\">Licen\u00e7a<\/dt>\n        <dd class=\"col-12 col-md-9\">\n            Acesso Aberto;<br>Attribution-NonCommercial-NoDerivatives 4.0 International;<br><a target='_blank' href='http:\/\/creativecommons.org\/licenses\/by-nc-nd\/4.0\/'>http:\/\/creativecommons.org\/licenses\/by-nc-nd\/4.0\/<\/a>        <\/dd>\n        \n<\/dl>\n        <\/div>\n            <div class=\"tab-pane fade  pt-3\" id=\"section-e428719d-394c-44bb-97c8-19e2aec1a016-cnpq\" role=\"tabpanel\" aria-labelledby=\"section-e428719d-394c-44bb-97c8-19e2aec1a016-cnpq-tab\">\n            <dl class=\"row\">\n    <dt class=\"col-12 col-md-3\">Grande \u00e1rea<\/dt>\n    <dd class=\"col-12 col-md-9 text-capitalize\">ciencias sociais aplicadas<\/dd>\n    \n            <dt class=\"col-12 col-md-3\">\u00c1rea<\/dt>\n        <dd class=\"col-12 col-md-9 text-capitalize\">comunicacao<\/dd>\n        \n            \n    <\/dl>\n        <\/div>\n    <\/div>\n            <\/div>\n        <\/div>\n    <\/div>\n<\/div>\n\t\t<\/div>\n\t\t\t\t<\/div>\n\t\t\t\t<div class=\"elementor-element elementor-element-3939040f elementor-widget elementor-widget-spacer\" data-id=\"3939040f\" data-element_type=\"widget\" data-widget_type=\"spacer.default\">\n\t\t\t\t<div class=\"elementor-widget-container\">\n\t\t\t\t\t<div class=\"elementor-spacer\">\n\t\t\t<div class=\"elementor-spacer-inner\"><\/div>\n\t\t<\/div>\n\t\t\t\t<\/div>\n\t\t\t\t<\/div>\n\t\t\t\t<div class=\"elementor-element elementor-element-faa53a6 elementor-widget elementor-widget-wp-widget-ufsm_noticias_widget\" data-id=\"faa53a6\" data-element_type=\"widget\" data-widget_type=\"wp-widget-ufsm_noticias_widget.default\">\n\t\t\t\t<div class=\"elementor-widget-container\">\n\t\t\t<h5 class='titulo-conteudos'>Publica\u00e7\u00f5es Relacionadas<\/h5><div class='widget-noticias-inside'>\n                        <div class=\"row\">\n                                    <div class=\"col-12 col-lg-3 pb-4\">\n                                            <div class=\"noticias-widget-wrap\" style=\"height: 400px; overflow: hidden;\">\n                            <a title=\"Capa do ebook\" href=\"https:\/\/www.ufsm.br\/editoras\/facos\/analise-do-discurso-digital\">\n                                <span class=\"visually-hidden\">\n                                    Capa do ebook                                <\/span>\n                                <div class=\"noticias-widget-thumbs h-100\">\n                                    <img decoding=\"async\" class=\"object-fit-cover h-100 w-100\" alt=\"\" srcset=\"https:\/\/www.ufsm.br\/app\/uploads\/sites\/746\/2026\/07\/Analise-Discurso-Digital-205x300.jpg 205w, https:\/\/www.ufsm.br\/app\/uploads\/sites\/746\/2026\/07\/Analise-Discurso-Digital-698x1024.jpg 698w, https:\/\/www.ufsm.br\/app\/uploads\/sites\/746\/2026\/07\/Analise-Discurso-Digital-768x1126.jpg 768w, https:\/\/www.ufsm.br\/app\/uploads\/sites\/746\/2026\/07\/Analise-Discurso-Digital-1048x1536.jpg 1048w, https:\/\/www.ufsm.br\/app\/uploads\/sites\/746\/2026\/07\/Analise-Discurso-Digital-1397x2048.jpg 1397w, https:\/\/www.ufsm.br\/app\/uploads\/sites\/746\/2026\/07\/Analise-Discurso-Digital.jpg 1495w\" src=\"https:\/\/www.ufsm.br\/app\/uploads\/sites\/746\/2026\/07\/Analise-Discurso-Digital-698x1024.jpg\"><\/img>\n                                <\/div>\n                            <\/a>\n                        <\/div>\n                                        \n                                        \n                    \n                    <a class=\"noticias-widget-title d-block  m-0 \"  title=\"An\u00e1lise do discurso digital: teoriza\u00e7\u00f5es e aplica\u00e7\u00f5es metodol\u00f3gicas\" href=\"https:\/\/www.ufsm.br\/editoras\/facos\/analise-do-discurso-digital\">\n                                                An\u00e1lise do discurso digital: teoriza\u00e7\u00f5es e aplica\u00e7\u00f5es metodol\u00f3gicas                    <\/a>\n                    \n                    \n                                        \n                                        \n                                        <\/div>\n                                    <div class=\"col-12 col-lg-3 pb-4\">\n                                            <div class=\"noticias-widget-wrap\" style=\"height: 400px; overflow: hidden;\">\n                            <a title=\"Capa do ebook\" href=\"https:\/\/www.ufsm.br\/editoras\/facos\/mulheres-protagonistas-do-campo-da-comunicacao-no-rio-grande-do-sul\">\n                                <span class=\"visually-hidden\">\n                                    Capa do ebook                                <\/span>\n                                <div class=\"noticias-widget-thumbs h-100\">\n                                    <img decoding=\"async\" class=\"object-fit-cover h-100 w-100\" alt=\"\" srcset=\"https:\/\/www.ufsm.br\/app\/uploads\/sites\/746\/2026\/07\/Ebook-mulheres-protagonistas-campo-comunicacao-no-RS-212x300.jpg 212w, https:\/\/www.ufsm.br\/app\/uploads\/sites\/746\/2026\/07\/Ebook-mulheres-protagonistas-campo-comunicacao-no-RS.jpg 596w\" src=\"https:\/\/www.ufsm.br\/app\/uploads\/sites\/746\/2026\/07\/Ebook-mulheres-protagonistas-campo-comunicacao-no-RS.jpg\"><\/img>\n                                <\/div>\n                            <\/a>\n                        <\/div>\n                                        \n                                        \n                    \n                    <a class=\"noticias-widget-title d-block  m-0 \"  title=\"Mulheres protagonistas do campo da comunica\u00e7\u00e3o no Rio Grande do Sul\" href=\"https:\/\/www.ufsm.br\/editoras\/facos\/mulheres-protagonistas-do-campo-da-comunicacao-no-rio-grande-do-sul\">\n                                                Mulheres protagonistas do campo da comunica\u00e7\u00e3o no Rio Grande do Sul                    <\/a>\n                    \n                    \n                                        \n                                        \n                                        <\/div>\n                                    <div class=\"col-12 col-lg-3 pb-4\">\n                                            <div class=\"noticias-widget-wrap\" style=\"height: 400px; overflow: hidden;\">\n                            <a title=\"Capa do livro Pesquisa e Desenvolvimento Criativo para divulga\u00e7\u00e3o de Indicadores da Educa\u00e7\u00e3o Superior\" href=\"https:\/\/www.ufsm.br\/editoras\/facos\/pesquisa-e-desenvolvimento-criativo-para-divulgacao-de-indicadores-da-educacao-superior\">\n                                <span class=\"visually-hidden\">\n                                    Capa do livro Pesquisa e Desenvolvimento Criativo para divulga\u00e7\u00e3o de Indicadores da Educa\u00e7\u00e3o Superior                                <\/span>\n                                <div class=\"noticias-widget-thumbs h-100\">\n                                    <img decoding=\"async\" class=\"object-fit-cover h-100 w-100\" alt=\"\" srcset=\"https:\/\/www.ufsm.br\/app\/uploads\/sites\/746\/2025\/10\/IMG-20251006-WA0112-212x300.jpg 212w, https:\/\/www.ufsm.br\/app\/uploads\/sites\/746\/2025\/10\/IMG-20251006-WA0112-722x1024.jpg 722w, https:\/\/www.ufsm.br\/app\/uploads\/sites\/746\/2025\/10\/IMG-20251006-WA0112-768x1089.jpg 768w, https:\/\/www.ufsm.br\/app\/uploads\/sites\/746\/2025\/10\/IMG-20251006-WA0112.jpg 840w\" src=\"https:\/\/www.ufsm.br\/app\/uploads\/sites\/746\/2025\/10\/IMG-20251006-WA0112-722x1024.jpg\"><\/img>\n                                <\/div>\n                            <\/a>\n                        <\/div>\n                                        \n                                        \n                    \n                    <a class=\"noticias-widget-title d-block  m-0 \"  title=\"Pesquisa e Desenvolvimento Criativo para divulga\u00e7\u00e3o de Indicadores da Educa\u00e7\u00e3o Superior\" href=\"https:\/\/www.ufsm.br\/editoras\/facos\/pesquisa-e-desenvolvimento-criativo-para-divulgacao-de-indicadores-da-educacao-superior\">\n                                                Pesquisa e Desenvolvimento Criativo para divulga\u00e7\u00e3o de Indicadores da Educa\u00e7\u00e3o Superior                    <\/a>\n                    \n                    \n                                        \n                                        \n                                        <\/div>\n                                    <div class=\"col-12 col-lg-3 pb-4\">\n                                            <div class=\"noticias-widget-wrap\" style=\"height: 400px; overflow: hidden;\">\n                            <a title=\"Capa do livro Investigar en plataformas\" href=\"https:\/\/www.ufsm.br\/editoras\/facos\/investigar-en-plataformas-mediaticas-desde-america-latina-um-estado-de-situacao-e-uma-ferramenta-para-o-dialogo\">\n                                <span class=\"visually-hidden\">\n                                    Capa do livro Investigar en plataformas                                <\/span>\n                                <div class=\"noticias-widget-thumbs h-100\">\n                                    <img decoding=\"async\" class=\"object-fit-cover h-100 w-100\" alt=\"\" srcset=\"https:\/\/www.ufsm.br\/app\/uploads\/sites\/746\/2025\/09\/investigar-en-plataformas-212x300.png 212w, https:\/\/www.ufsm.br\/app\/uploads\/sites\/746\/2025\/09\/investigar-en-plataformas-724x1024.png 724w, https:\/\/www.ufsm.br\/app\/uploads\/sites\/746\/2025\/09\/investigar-en-plataformas-768x1086.png 768w, https:\/\/www.ufsm.br\/app\/uploads\/sites\/746\/2025\/09\/investigar-en-plataformas-1086x1536.png 1086w, https:\/\/www.ufsm.br\/app\/uploads\/sites\/746\/2025\/09\/investigar-en-plataformas.png 1240w\" src=\"https:\/\/www.ufsm.br\/app\/uploads\/sites\/746\/2025\/09\/investigar-en-plataformas-724x1024.png\"><\/img>\n                                <\/div>\n                            <\/a>\n                        <\/div>\n                                        \n                                        \n                    \n                    <a class=\"noticias-widget-title d-block  m-0 \"  title=\"Investigar en plataformas medi\u00e1ticas desde Am\u00e9rica Latina: Um estado de situa\u00e7\u00e3o e uma ferramenta para o di\u00e1logo\" href=\"https:\/\/www.ufsm.br\/editoras\/facos\/investigar-en-plataformas-mediaticas-desde-america-latina-um-estado-de-situacao-e-uma-ferramenta-para-o-dialogo\">\n                                                Investigar en plataformas medi\u00e1ticas desde Am\u00e9rica Latina: Um estado de situa\u00e7\u00e3o e uma ferramenta para o di\u00e1logo                    <\/a>\n                    \n                    \n                                        \n                                        \n                                        <\/div>\n                            <\/div>\n            <\/div>\n\t\t<\/div>\n\t\t\t\t<\/div>\n\t\t\t\t\t<\/div>\n\t\t<\/div>\n\t\t\t\t\t<\/div>\n\t\t<\/section>\n\t\t\t\t<\/div>\n\t\t","protected":false},"excerpt":{"rendered":"<p>An\u00e1lise do discurso digital: teoriza\u00e7\u00f5es e aplica\u00e7\u00f5es metodol\u00f3gicas Gabriela Pereira Melo, Rejane de Oliveira Pozobon, Sendi Chiapinotto Spiazzi (organizadoras)<\/p>\n","protected":false},"author":68,"featured_media":627,"parent":0,"menu_order":0,"comment_status":"closed","ping_status":"closed","template":"","meta":{"footnotes":""},"categories":[24,26,137,223],"tags":[],"class_list":["post-626","page","type-page","status-publish","has-post-thumbnail","hentry","category-comunicacao","category-lancamento","category-midia","category-pesquisa_metodo"],"acf":[],"_links":{"self":[{"href":"https:\/\/www.ufsm.br\/editoras\/facos\/wp-json\/wp\/v2\/pages\/626","targetHints":{"allow":["GET"]}}],"collection":[{"href":"https:\/\/www.ufsm.br\/editoras\/facos\/wp-json\/wp\/v2\/pages"}],"about":[{"href":"https:\/\/www.ufsm.br\/editoras\/facos\/wp-json\/wp\/v2\/types\/page"}],"author":[{"embeddable":true,"href":"https:\/\/www.ufsm.br\/editoras\/facos\/wp-json\/wp\/v2\/users\/68"}],"replies":[{"embeddable":true,"href":"https:\/\/www.ufsm.br\/editoras\/facos\/wp-json\/wp\/v2\/comments?post=626"}],"version-history":[{"count":0,"href":"https:\/\/www.ufsm.br\/editoras\/facos\/wp-json\/wp\/v2\/pages\/626\/revisions"}],"wp:featuredmedia":[{"embeddable":true,"href":"https:\/\/www.ufsm.br\/editoras\/facos\/wp-json\/wp\/v2\/media\/627"}],"wp:attachment":[{"href":"https:\/\/www.ufsm.br\/editoras\/facos\/wp-json\/wp\/v2\/media?parent=626"}],"wp:term":[{"taxonomy":"category","embeddable":true,"href":"https:\/\/www.ufsm.br\/editoras\/facos\/wp-json\/wp\/v2\/categories?post=626"},{"taxonomy":"post_tag","embeddable":true,"href":"https:\/\/www.ufsm.br\/editoras\/facos\/wp-json\/wp\/v2\/tags?post=626"}],"curies":[{"name":"wp","href":"https:\/\/api.w.org\/{rel}","templated":true}]}}