{"id":634,"date":"2026-08-10T11:09:35","date_gmt":"2026-08-10T14:09:35","guid":{"rendered":"https:\/\/www.ufsm.br\/editoras\/facos\/?page_id=634"},"modified":"2026-08-10T11:14:14","modified_gmt":"2026-08-10T14:14:14","slug":"oficinas-comunicacao-de-proximidade","status":"publish","type":"page","link":"https:\/\/www.ufsm.br\/editoras\/facos\/oficinas-comunicacao-de-proximidade","title":{"rendered":"Oficinas Comunica\u00e7\u00e3o de Proximidade"},"content":{"rendered":"\t\t<div data-elementor-type=\"wp-page\" data-elementor-id=\"634\" class=\"elementor elementor-634\">\n\t\t\t\t\t\t<section class=\"elementor-section elementor-top-section elementor-element elementor-element-270b6051 elementor-section-boxed elementor-section-height-default elementor-section-height-default\" data-id=\"270b6051\" data-element_type=\"section\">\n\t\t\t\t\t\t<div class=\"elementor-container elementor-column-gap-default\">\n\t\t\t\t\t<div class=\"elementor-column elementor-col-100 elementor-top-column elementor-element elementor-element-1ef0daab\" data-id=\"1ef0daab\" data-element_type=\"column\">\n\t\t\t<div class=\"elementor-widget-wrap elementor-element-populated\">\n\t\t\t\t\t\t<div class=\"elementor-element elementor-element-5198630f elementor-widget elementor-widget-text-editor\" data-id=\"5198630f\" data-element_type=\"widget\" data-widget_type=\"text-editor.default\">\n\t\t\t\t<div class=\"elementor-widget-container\">\n\t\t\t\t\t\t\t<h1><b>Oficinas Comunica\u00e7\u00e3o de Proximidade<\/b><\/h1><h6><span style=\"font-weight: 400\">Ada Cristina Machado Silveira, Laura Storch (coord.), Aline Dalmolin, Sandra Depexe, Ana Julia Rodrigues e Larissa Ta\u00eds Ferreira (orgs.) <\/span><\/h6>\t\t\t\t\t\t<\/div>\n\t\t\t\t<\/div>\n\t\t\t\t\t<\/div>\n\t\t<\/div>\n\t\t\t\t\t<\/div>\n\t\t<\/section>\n\t\t\t\t<section class=\"elementor-section elementor-top-section elementor-element elementor-element-9eef2b8 elementor-section-boxed elementor-section-height-default elementor-section-height-default\" data-id=\"9eef2b8\" data-element_type=\"section\">\n\t\t\t\t\t\t<div class=\"elementor-container elementor-column-gap-default\">\n\t\t\t\t\t<div class=\"elementor-column elementor-col-100 elementor-top-column elementor-element elementor-element-74128418\" data-id=\"74128418\" data-element_type=\"column\">\n\t\t\t<div class=\"elementor-widget-wrap elementor-element-populated\">\n\t\t\t\t\t\t<div class=\"elementor-element elementor-element-2747b60d elementor-widget elementor-widget-wp-widget-ufsm_manancial_ficha_apresentacao\" data-id=\"2747b60d\" data-element_type=\"widget\" data-widget_type=\"wp-widget-ufsm_manancial_ficha_apresentacao.default\">\n\t\t\t\t<div class=\"elementor-widget-container\">\n\t\t\t<div class=\"row g-0\">\n    <div class=\"col-12 col-lg-5\">\n        <div class=\"card rounded-0 bg-primary text-white\">\n                            <img decoding=\"async\" src=\"https:\/\/repositorio.ufsm.br\/bitstream\/handle\/1\/38818\/cartilha_audiovisual.png\" class=\"img-fluid img-thumbnail mx-5 mt-5 mb-1\" >\n                        <div class=\"card-body bg-transparent-on-contraste ms-4 ps-4 me-3\">\n                <p class=\"card-title fs-5 lh-sm\">Audiovisual como ferramenta de registro: Reflex\u00f5es sobre mudan\u00e7as clim\u00e1ticas<\/p>\n                <div class=\"d-flex flex-wrap\">\n                    <a href=\"https:\/\/repositorio.ufsm.br\/handle\/1\/38818\" class=\"small link-light underline-on-hover me-3\" target=\"_blank\">\n                        <i class=\"fa fa-external-link me-1\" aria-hidden=\"true\"><\/i>\n                        Ver no Manancial\n                    <\/a>\n                                            <a href=\"https:\/\/repositorio.ufsm.br\/bitstream\/handle\/1\/38818\/cartilha_audiovisual.pdf\" class=\"small link-light underline-on-hover\" target=\"_blank\">\n                            <i class=\"fa fa-file-pdf-o me-1\" aria-hidden=\"true\"><\/i>\n                            Ver o PDF\n                        <\/a>\n                                                        <\/div>\n            <\/div>\n        <\/div>\n    <\/div>\n    <div class=\"col-12 col-lg-7 d-flex\">\n        <div class=\"card rounded-0 rounded-end border-0 shadow w-100\">\n            <div class=\"card-body bg-transparent-on-contraste my-2 mx-3\">\n                <ul class=\"nav nav-pills justify-content-center\" id=\"b39a4124-d7eb-42d1-b9dd-9334a567c843\" role=\"tablist\">\n                    <li class=\"nav-item\" role=\"presentation\">\n            <button class=\"nav-link active\" id=\"section-b39a4124-d7eb-42d1-b9dd-9334a567c843-resumo-tab\" data-bs-toggle=\"tab\" data-bs-target=\"#section-b39a4124-d7eb-42d1-b9dd-9334a567c843-resumo\" type=\"button\" role=\"tab\" aria-controls=\"section-b39a4124-d7eb-42d1-b9dd-9334a567c843-resumo\"  aria-selected=\"true\" >Resumo<\/button>\n        <\/li>\n                    <li class=\"nav-item\" role=\"presentation\">\n            <button class=\"nav-link \" id=\"section-b39a4124-d7eb-42d1-b9dd-9334a567c843-organizacao-tab\" data-bs-toggle=\"tab\" data-bs-target=\"#section-b39a4124-d7eb-42d1-b9dd-9334a567c843-organizacao\" type=\"button\" role=\"tab\" aria-controls=\"section-b39a4124-d7eb-42d1-b9dd-9334a567c843-organizacao\" >Organiza\u00e7\u00e3o<\/button>\n        <\/li>\n                    <li class=\"nav-item\" role=\"presentation\">\n            <button class=\"nav-link \" id=\"section-b39a4124-d7eb-42d1-b9dd-9334a567c843-autoria-tab\" data-bs-toggle=\"tab\" data-bs-target=\"#section-b39a4124-d7eb-42d1-b9dd-9334a567c843-autoria\" type=\"button\" role=\"tab\" aria-controls=\"section-b39a4124-d7eb-42d1-b9dd-9334a567c843-autoria\" >Autoria<\/button>\n        <\/li>\n                    <li class=\"nav-item\" role=\"presentation\">\n            <button class=\"nav-link \" id=\"section-b39a4124-d7eb-42d1-b9dd-9334a567c843-outros-dados-tab\" data-bs-toggle=\"tab\" data-bs-target=\"#section-b39a4124-d7eb-42d1-b9dd-9334a567c843-outros-dados\" type=\"button\" role=\"tab\" aria-controls=\"section-b39a4124-d7eb-42d1-b9dd-9334a567c843-outros-dados\" >Dados da Obra<\/button>\n        <\/li>\n                    <li class=\"nav-item\" role=\"presentation\">\n            <button class=\"nav-link \" id=\"section-b39a4124-d7eb-42d1-b9dd-9334a567c843-cnpq-tab\" data-bs-toggle=\"tab\" data-bs-target=\"#section-b39a4124-d7eb-42d1-b9dd-9334a567c843-cnpq\" type=\"button\" role=\"tab\" aria-controls=\"section-b39a4124-d7eb-42d1-b9dd-9334a567c843-cnpq\" >CNPq<\/button>\n        <\/li>\n    <\/ul>\n<div class=\"tab-content\" id=\"b39a4124-d7eb-42d1-b9dd-9334a567c843Content\">\n            <div class=\"tab-pane fade show active pt-3\" id=\"section-b39a4124-d7eb-42d1-b9dd-9334a567c843-resumo\" role=\"tabpanel\" aria-labelledby=\"section-b39a4124-d7eb-42d1-b9dd-9334a567c843-resumo-tab\">\n            A proposta busca refletir sobre o audiovisual como forma de registro e express\u00e3o de diferentes momentos, compreendendo-o para al\u00e9m do entretenimento: como documento hist\u00f3rico, ferramenta de mem\u00f3ria e meio de preserva\u00e7\u00e3o em contextos de adversidades clim\u00e1ticas. As Oficinas Comunica\u00e7\u00e3o de Proximidade foram desenvolvidas por professores e estudantes dos cursos de gradua\u00e7\u00e3o e p\u00f3s-gradua\u00e7\u00e3o em Comunica\u00e7\u00e3o da Universidade Federal de Santa Maria e realizadas em diversas escolas da rede p\u00fablica de ensino da regi\u00e3o da Quarta Col\u00f4nia, localizada na Regi\u00e3o Central do Rio Grande do Sul. A cole\u00e7\u00e3o de cartilhas \u00e9 resultado dos projetos \u201cComunica\u00e7\u00e3o de proximidade: mem\u00f3ria, resili\u00eancia e adapta\u00e7\u00e3o social a riscos clim\u00e1ticos e cat\u00e1strofes naturais na Quarta Col\u00f4nia\u201d (PROEXT\/CAPES) e \u201cGovernan\u00e7a e multidimensionalidade dos riscos clim\u00e1ticos: abordagem multidisciplinar em comunica\u00e7\u00e3o de proximidade, interpreta\u00e7\u00e3o geopatrimonial e economia ecol\u00f3gica aplicada aos Geoparques Unesco no Rio Grande do Sul\u201d (FAPERGS).        <\/div>\n            <div class=\"tab-pane fade  pt-3\" id=\"section-b39a4124-d7eb-42d1-b9dd-9334a567c843-organizacao\" role=\"tabpanel\" aria-labelledby=\"section-b39a4124-d7eb-42d1-b9dd-9334a567c843-organizacao-tab\">\n            <div class=\"row row-cols-1 row-cols-md-2\">\n            <div class=\"col p-1\">\n            <div class=\"border-bottom border-1 h-100\">\n                Dalmolin, Aline Roes            <\/div>\n        <\/div>\n            <div class=\"col p-1\">\n            <div class=\"border-bottom border-1 h-100\">\n                Depexe, Sandra            <\/div>\n        <\/div>\n            <div class=\"col p-1\">\n            <div class=\"border-bottom border-1 h-100\">\n                Rodrigues, Ana Julia            <\/div>\n        <\/div>\n            <div class=\"col p-1\">\n            <div class=\"border-bottom border-1 h-100\">\n                Ferreira, Larissa Ta\u00eds            <\/div>\n        <\/div>\n            <div class=\"col p-1\">\n            <div class=\"border-bottom border-1 h-100\">\n                Silveira, Ada Cristina Machado            <\/div>\n        <\/div>\n            <div class=\"col p-1\">\n            <div class=\"border-bottom border-1 h-100\">\n                Storch, Laura Strelow            <\/div>\n        <\/div>\n        \n<\/div>\n        <\/div>\n            <div class=\"tab-pane fade  pt-3\" id=\"section-b39a4124-d7eb-42d1-b9dd-9334a567c843-autoria\" role=\"tabpanel\" aria-labelledby=\"section-b39a4124-d7eb-42d1-b9dd-9334a567c843-autoria-tab\">\n            <div class=\"row row-cols-1 row-cols-md-2\">\n            <div class=\"col p-1\">\n            <div class=\"border-bottom border-1 h-100\">\n                Rodrigues, Ana Julia            <\/div>\n        <\/div>\n        \n<\/div>\n        <\/div>\n            <div class=\"tab-pane fade  pt-3\" id=\"section-b39a4124-d7eb-42d1-b9dd-9334a567c843-outros-dados\" role=\"tabpanel\" aria-labelledby=\"section-b39a4124-d7eb-42d1-b9dd-9334a567c843-outros-dados-tab\">\n            <dl class=\"row\">\n    <dt class=\"col-12 col-md-3\">Publica\u00e7\u00e3o<\/dt>\n    <dd class=\"col-12 col-md-9\">\n        <dl class=\"row\">\n            <dt class=\"col-12 col-md-4\">Ano<\/dt>\n            <dd class=\"col-12 col-md-8\">2026<\/dd>\n            <dt class=\"col-12 col-md-4\">ISBN<\/dt>\n            <dd class=\"col-12 col-md-8\">978-65-5773-120-8<\/dd>\n        <\/dl>\n    <\/dd>\n            <dt class=\"col-12 col-md-3\">Refer\u00eancia<\/dt>\n        <dd class=\"col-12 col-md-9\">SILVEIRA, Ada Cristina Machado; STORCH, Laura Strelow (Coord.); DALMOLIN, Aline Roes, et al (orgs.). Oficinas comunica\u00e7\u00e3o de proximidade: cole\u00e7\u00e3o. Santa Maria, RS: FACOS-UFSM, 2026.<\/dd>\n                <dt class=\"col-12 col-md-3\">Assuntos<\/dt>\n        <dd class=\"col-12 col-md-9\">Meio ambiente;<br>Mudan\u00e7a clim\u00e1tica;<br>Ensino fundamental;<br>Ensino m\u00e9dio;<br>Quarta Col\u00f4nia (RS);<br>Extens\u00e3o universit\u00e1ria;<br>Universidade Federal de Santa Maria. Departamento de Ci\u00eancias da Comunica\u00e7\u00e3o<\/dd>\n                <dt class=\"col-12 col-md-3\">Licen\u00e7a<\/dt>\n        <dd class=\"col-12 col-md-9\">\n            Acesso Aberto;<br>Attribution-NonCommercial-NoDerivatives 4.0 International;<br><a target='_blank' href='http:\/\/creativecommons.org\/licenses\/by-nc-nd\/4.0\/'>http:\/\/creativecommons.org\/licenses\/by-nc-nd\/4.0\/<\/a>        <\/dd>\n        \n<\/dl>\n        <\/div>\n            <div class=\"tab-pane fade  pt-3\" id=\"section-b39a4124-d7eb-42d1-b9dd-9334a567c843-cnpq\" role=\"tabpanel\" aria-labelledby=\"section-b39a4124-d7eb-42d1-b9dd-9334a567c843-cnpq-tab\">\n            <dl class=\"row\">\n    <dt class=\"col-12 col-md-3\">Grande \u00e1rea<\/dt>\n    <dd class=\"col-12 col-md-9 text-capitalize\">ciencias sociais aplicadas<\/dd>\n    \n            <dt class=\"col-12 col-md-3\">\u00c1rea<\/dt>\n        <dd class=\"col-12 col-md-9 text-capitalize\">comunicacao<\/dd>\n        \n            \n    <\/dl>\n        <\/div>\n    <\/div>\n            <\/div>\n        <\/div>\n    <\/div>\n<\/div>\n\t\t<\/div>\n\t\t\t\t<\/div>\n\t\t\t\t<div class=\"elementor-element elementor-element-7f35191e elementor-widget elementor-widget-spacer\" data-id=\"7f35191e\" data-element_type=\"widget\" data-widget_type=\"spacer.default\">\n\t\t\t\t<div class=\"elementor-widget-container\">\n\t\t\t\t\t<div class=\"elementor-spacer\">\n\t\t\t<div class=\"elementor-spacer-inner\"><\/div>\n\t\t<\/div>\n\t\t\t\t<\/div>\n\t\t\t\t<\/div>\n\t\t\t\t<div class=\"elementor-element elementor-element-1fff0e8 elementor-widget elementor-widget-wp-widget-ufsm_manancial_ficha_apresentacao\" data-id=\"1fff0e8\" data-element_type=\"widget\" data-widget_type=\"wp-widget-ufsm_manancial_ficha_apresentacao.default\">\n\t\t\t\t<div class=\"elementor-widget-container\">\n\t\t\t<div class=\"row g-0\">\n    <div class=\"col-12 col-lg-5\">\n        <div class=\"card rounded-0 bg-primary text-white\">\n                            <img decoding=\"async\" src=\"https:\/\/repositorio.ufsm.br\/bitstream\/handle\/1\/38819\/cartilha_publi_ou_dica.png\" class=\"img-fluid img-thumbnail mx-5 mt-5 mb-1\" >\n                        <div class=\"card-body bg-transparent-on-contraste ms-4 ps-4 me-3\">\n                <p class=\"card-title fs-5 lh-sm\">\u00c9 publi ou dica? Consumo consciente e an\u00e1lise cr\u00edtica de conte\u00fados publicit\u00e1rios<\/p>\n                <div class=\"d-flex flex-wrap\">\n                    <a href=\"https:\/\/repositorio.ufsm.br\/handle\/1\/38819\" class=\"small link-light underline-on-hover me-3\" target=\"_blank\">\n                        <i class=\"fa fa-external-link me-1\" aria-hidden=\"true\"><\/i>\n                        Ver no Manancial\n                    <\/a>\n                                            <a href=\"https:\/\/repositorio.ufsm.br\/bitstream\/handle\/1\/38819\/cartilha_publi_ou_dica.pdf\" class=\"small link-light underline-on-hover\" target=\"_blank\">\n                            <i class=\"fa fa-file-pdf-o me-1\" aria-hidden=\"true\"><\/i>\n                            Ver o PDF\n                        <\/a>\n                                                        <\/div>\n            <\/div>\n        <\/div>\n    <\/div>\n    <div class=\"col-12 col-lg-7 d-flex\">\n        <div class=\"card rounded-0 rounded-end border-0 shadow w-100\">\n            <div class=\"card-body bg-transparent-on-contraste my-2 mx-3\">\n                <ul class=\"nav nav-pills justify-content-center\" id=\"5d06fcca-d9c5-4686-92b1-a0df0b7fc0ac\" role=\"tablist\">\n                    <li class=\"nav-item\" role=\"presentation\">\n            <button class=\"nav-link active\" id=\"section-5d06fcca-d9c5-4686-92b1-a0df0b7fc0ac-resumo-tab\" data-bs-toggle=\"tab\" data-bs-target=\"#section-5d06fcca-d9c5-4686-92b1-a0df0b7fc0ac-resumo\" type=\"button\" role=\"tab\" aria-controls=\"section-5d06fcca-d9c5-4686-92b1-a0df0b7fc0ac-resumo\"  aria-selected=\"true\" >Resumo<\/button>\n        <\/li>\n                    <li class=\"nav-item\" role=\"presentation\">\n            <button class=\"nav-link \" id=\"section-5d06fcca-d9c5-4686-92b1-a0df0b7fc0ac-organizacao-tab\" data-bs-toggle=\"tab\" data-bs-target=\"#section-5d06fcca-d9c5-4686-92b1-a0df0b7fc0ac-organizacao\" type=\"button\" role=\"tab\" aria-controls=\"section-5d06fcca-d9c5-4686-92b1-a0df0b7fc0ac-organizacao\" >Organiza\u00e7\u00e3o<\/button>\n        <\/li>\n                    <li class=\"nav-item\" role=\"presentation\">\n            <button class=\"nav-link \" id=\"section-5d06fcca-d9c5-4686-92b1-a0df0b7fc0ac-autoria-tab\" data-bs-toggle=\"tab\" data-bs-target=\"#section-5d06fcca-d9c5-4686-92b1-a0df0b7fc0ac-autoria\" type=\"button\" role=\"tab\" aria-controls=\"section-5d06fcca-d9c5-4686-92b1-a0df0b7fc0ac-autoria\" >Autoria<\/button>\n        <\/li>\n                    <li class=\"nav-item\" role=\"presentation\">\n            <button class=\"nav-link \" id=\"section-5d06fcca-d9c5-4686-92b1-a0df0b7fc0ac-outros-dados-tab\" data-bs-toggle=\"tab\" data-bs-target=\"#section-5d06fcca-d9c5-4686-92b1-a0df0b7fc0ac-outros-dados\" type=\"button\" role=\"tab\" aria-controls=\"section-5d06fcca-d9c5-4686-92b1-a0df0b7fc0ac-outros-dados\" >Dados da Obra<\/button>\n        <\/li>\n                    <li class=\"nav-item\" role=\"presentation\">\n            <button class=\"nav-link \" id=\"section-5d06fcca-d9c5-4686-92b1-a0df0b7fc0ac-cnpq-tab\" data-bs-toggle=\"tab\" data-bs-target=\"#section-5d06fcca-d9c5-4686-92b1-a0df0b7fc0ac-cnpq\" type=\"button\" role=\"tab\" aria-controls=\"section-5d06fcca-d9c5-4686-92b1-a0df0b7fc0ac-cnpq\" >CNPq<\/button>\n        <\/li>\n    <\/ul>\n<div class=\"tab-content\" id=\"5d06fcca-d9c5-4686-92b1-a0df0b7fc0acContent\">\n            <div class=\"tab-pane fade show active pt-3\" id=\"section-5d06fcca-d9c5-4686-92b1-a0df0b7fc0ac-resumo\" role=\"tabpanel\" aria-labelledby=\"section-5d06fcca-d9c5-4686-92b1-a0df0b7fc0ac-resumo-tab\">\n            A oficina \u201cPubli ou Dica?\u201d tem como objetivo promover a educa\u00e7\u00e3o midi\u00e1tica entre estudantes de 11 a 14 anos, incentivando a identifica\u00e7\u00e3o e a an\u00e1lise cr\u00edtica de conte\u00fados publicit\u00e1rios disfar\u00e7ados\r\nde recomenda\u00e7\u00f5es nas redes sociais. As Oficinas Comunica\u00e7\u00e3o de Proximidade foram desenvolvidas por professores e estudantes dos cursos de gradua\u00e7\u00e3o e p\u00f3s-gradua\u00e7\u00e3o em Comunica\u00e7\u00e3o da Universidade Federal de Santa Maria e realizadas em diversas escolas da rede p\u00fablica de ensino da regi\u00e3o da Quarta Col\u00f4nia, localizada na Regi\u00e3o Central do Rio Grande do Sul. A cole\u00e7\u00e3o de cartilhas \u00e9 resultado dos projetos \u201cComunica\u00e7\u00e3o de proximidade: mem\u00f3ria, resili\u00eancia e adapta\u00e7\u00e3o social a riscos clim\u00e1ticos e cat\u00e1strofes naturais na Quarta Col\u00f4nia\u201d (PROEXT\/CAPES) e \u201cGovernan\u00e7a e multidimensionalidade dos riscos clim\u00e1ticos: abordagem multidisciplinar em comunica\u00e7\u00e3o de proximidade, interpreta\u00e7\u00e3o geopatrimonial e economia ecol\u00f3gica aplicada aos Geoparques Unesco no Rio Grande do Sul\u201d (FAPERGS).        <\/div>\n            <div class=\"tab-pane fade  pt-3\" id=\"section-5d06fcca-d9c5-4686-92b1-a0df0b7fc0ac-organizacao\" role=\"tabpanel\" aria-labelledby=\"section-5d06fcca-d9c5-4686-92b1-a0df0b7fc0ac-organizacao-tab\">\n            <div class=\"row row-cols-1 row-cols-md-2\">\n            <div class=\"col p-1\">\n            <div class=\"border-bottom border-1 h-100\">\n                Dalmolin, Aline Roes            <\/div>\n        <\/div>\n            <div class=\"col p-1\">\n            <div class=\"border-bottom border-1 h-100\">\n                Depexe, Sandra            <\/div>\n        <\/div>\n            <div class=\"col p-1\">\n            <div class=\"border-bottom border-1 h-100\">\n                Rodrigues, Ana Julia            <\/div>\n        <\/div>\n            <div class=\"col p-1\">\n            <div class=\"border-bottom border-1 h-100\">\n                Ferreira, Larissa Ta\u00eds            <\/div>\n        <\/div>\n        \n<\/div>\n        <\/div>\n            <div class=\"tab-pane fade  pt-3\" id=\"section-5d06fcca-d9c5-4686-92b1-a0df0b7fc0ac-autoria\" role=\"tabpanel\" aria-labelledby=\"section-5d06fcca-d9c5-4686-92b1-a0df0b7fc0ac-autoria-tab\">\n            <div class=\"row row-cols-1 row-cols-md-2\">\n            <div class=\"col p-1\">\n            <div class=\"border-bottom border-1 h-100\">\n                Martins, Sofia Pereira            <\/div>\n        <\/div>\n            <div class=\"col p-1\">\n            <div class=\"border-bottom border-1 h-100\">\n                Lima, Ana Cristina Witter            <\/div>\n        <\/div>\n            <div class=\"col p-1\">\n            <div class=\"border-bottom border-1 h-100\">\n                Puntel, Ana Lu\u00edsa            <\/div>\n        <\/div>\n            <div class=\"col p-1\">\n            <div class=\"border-bottom border-1 h-100\">\n                Martello, Odara Gon\u00e7alves            <\/div>\n        <\/div>\n            <div class=\"col p-1\">\n            <div class=\"border-bottom border-1 h-100\">\n                Aramburu, Renan Dias            <\/div>\n        <\/div>\n        \n<\/div>\n        <\/div>\n            <div class=\"tab-pane fade  pt-3\" id=\"section-5d06fcca-d9c5-4686-92b1-a0df0b7fc0ac-outros-dados\" role=\"tabpanel\" aria-labelledby=\"section-5d06fcca-d9c5-4686-92b1-a0df0b7fc0ac-outros-dados-tab\">\n            <dl class=\"row\">\n    <dt class=\"col-12 col-md-3\">Publica\u00e7\u00e3o<\/dt>\n    <dd class=\"col-12 col-md-9\">\n        <dl class=\"row\">\n            <dt class=\"col-12 col-md-4\">Ano<\/dt>\n            <dd class=\"col-12 col-md-8\">2026<\/dd>\n            <dt class=\"col-12 col-md-4\">ISBN<\/dt>\n            <dd class=\"col-12 col-md-8\">978-65-5773-120-8<\/dd>\n        <\/dl>\n    <\/dd>\n            <dt class=\"col-12 col-md-3\">Refer\u00eancia<\/dt>\n        <dd class=\"col-12 col-md-9\">SILVEIRA, Ada Cristina Machado; STORCH, Laura Strelow (Coord.); DALMOLIN, Aline Roes, et al (orgs.). Oficinas comunica\u00e7\u00e3o de proximidade: cole\u00e7\u00e3o. Santa Maria, RS: FACOS-UFSM, 2026.<\/dd>\n                <dt class=\"col-12 col-md-3\">Assuntos<\/dt>\n        <dd class=\"col-12 col-md-9\">Meio ambiente;<br>Mudan\u00e7a clim\u00e1tica;<br>Ensino fundamental;<br>Ensino m\u00e9dio;<br>Quarta Col\u00f4nia (RS);<br>Extens\u00e3o universit\u00e1ria;<br>Universidade Federal de Santa Maria. Departamento de Ci\u00eancias da Comunica\u00e7\u00e3o<\/dd>\n                <dt class=\"col-12 col-md-3\">Licen\u00e7a<\/dt>\n        <dd class=\"col-12 col-md-9\">\n            Acesso Aberto;<br>Attribution-NonCommercial-NoDerivatives 4.0 International;<br><a target='_blank' href='http:\/\/creativecommons.org\/licenses\/by-nc-nd\/4.0\/'>http:\/\/creativecommons.org\/licenses\/by-nc-nd\/4.0\/<\/a>        <\/dd>\n        \n<\/dl>\n        <\/div>\n            <div class=\"tab-pane fade  pt-3\" id=\"section-5d06fcca-d9c5-4686-92b1-a0df0b7fc0ac-cnpq\" role=\"tabpanel\" aria-labelledby=\"section-5d06fcca-d9c5-4686-92b1-a0df0b7fc0ac-cnpq-tab\">\n            <dl class=\"row\">\n    <dt class=\"col-12 col-md-3\">Grande \u00e1rea<\/dt>\n    <dd class=\"col-12 col-md-9 text-capitalize\">ciencias sociais aplicadas<\/dd>\n    \n            <dt class=\"col-12 col-md-3\">\u00c1rea<\/dt>\n        <dd class=\"col-12 col-md-9 text-capitalize\">comunicacao<\/dd>\n        \n            \n    <\/dl>\n        <\/div>\n    <\/div>\n            <\/div>\n        <\/div>\n    <\/div>\n<\/div>\n\t\t<\/div>\n\t\t\t\t<\/div>\n\t\t\t\t\t<\/div>\n\t\t<\/div>\n\t\t\t\t\t<\/div>\n\t\t<\/section>\n\t\t\t\t<section class=\"elementor-section elementor-top-section elementor-element elementor-element-17e3f5d elementor-section-boxed elementor-section-height-default elementor-section-height-default\" data-id=\"17e3f5d\" data-element_type=\"section\">\n\t\t\t\t\t\t<div class=\"elementor-container elementor-column-gap-default\">\n\t\t\t\t\t<div class=\"elementor-column elementor-col-100 elementor-top-column elementor-element elementor-element-1b0e794\" data-id=\"1b0e794\" data-element_type=\"column\">\n\t\t\t<div class=\"elementor-widget-wrap elementor-element-populated\">\n\t\t\t\t\t\t<div class=\"elementor-element elementor-element-ca270d6 elementor-widget elementor-widget-wp-widget-ufsm_manancial_ficha_apresentacao\" data-id=\"ca270d6\" data-element_type=\"widget\" data-widget_type=\"wp-widget-ufsm_manancial_ficha_apresentacao.default\">\n\t\t\t\t<div class=\"elementor-widget-container\">\n\t\t\t<div class=\"row g-0\">\n    <div class=\"col-12 col-lg-5\">\n        <div class=\"card rounded-0 bg-primary text-white\">\n                            <img decoding=\"async\" src=\"https:\/\/repositorio.ufsm.br\/bitstream\/handle\/1\/38821\/cartilha_desenhos.png\" class=\"img-fluid img-thumbnail mx-5 mt-5 mb-1\" >\n                        <div class=\"card-body bg-transparent-on-contraste ms-4 ps-4 me-3\">\n                <p class=\"card-title fs-5 lh-sm\">Desenhos para pensar meio ambiente: Preserva\u00e7\u00e3o, identidade e mem\u00f3ria territorial<\/p>\n                <div class=\"d-flex flex-wrap\">\n                    <a href=\"https:\/\/repositorio.ufsm.br\/handle\/1\/38821\" class=\"small link-light underline-on-hover me-3\" target=\"_blank\">\n                        <i class=\"fa fa-external-link me-1\" aria-hidden=\"true\"><\/i>\n                        Ver no Manancial\n                    <\/a>\n                                            <a href=\"https:\/\/repositorio.ufsm.br\/bitstream\/handle\/1\/38821\/cartilha_desenhos.pdf\" class=\"small link-light underline-on-hover\" target=\"_blank\">\n                            <i class=\"fa fa-file-pdf-o me-1\" aria-hidden=\"true\"><\/i>\n                            Ver o PDF\n                        <\/a>\n                                                        <\/div>\n            <\/div>\n        <\/div>\n    <\/div>\n    <div class=\"col-12 col-lg-7 d-flex\">\n        <div class=\"card rounded-0 rounded-end border-0 shadow w-100\">\n            <div class=\"card-body bg-transparent-on-contraste my-2 mx-3\">\n                <ul class=\"nav nav-pills justify-content-center\" id=\"ea7ecf49-e09f-4317-a9d2-21cbf788460a\" role=\"tablist\">\n                    <li class=\"nav-item\" role=\"presentation\">\n            <button class=\"nav-link active\" id=\"section-ea7ecf49-e09f-4317-a9d2-21cbf788460a-resumo-tab\" data-bs-toggle=\"tab\" data-bs-target=\"#section-ea7ecf49-e09f-4317-a9d2-21cbf788460a-resumo\" type=\"button\" role=\"tab\" aria-controls=\"section-ea7ecf49-e09f-4317-a9d2-21cbf788460a-resumo\"  aria-selected=\"true\" >Resumo<\/button>\n        <\/li>\n                    <li class=\"nav-item\" role=\"presentation\">\n            <button class=\"nav-link \" id=\"section-ea7ecf49-e09f-4317-a9d2-21cbf788460a-organizacao-tab\" data-bs-toggle=\"tab\" data-bs-target=\"#section-ea7ecf49-e09f-4317-a9d2-21cbf788460a-organizacao\" type=\"button\" role=\"tab\" aria-controls=\"section-ea7ecf49-e09f-4317-a9d2-21cbf788460a-organizacao\" >Organiza\u00e7\u00e3o<\/button>\n        <\/li>\n                    <li class=\"nav-item\" role=\"presentation\">\n            <button class=\"nav-link \" id=\"section-ea7ecf49-e09f-4317-a9d2-21cbf788460a-autoria-tab\" data-bs-toggle=\"tab\" data-bs-target=\"#section-ea7ecf49-e09f-4317-a9d2-21cbf788460a-autoria\" type=\"button\" role=\"tab\" aria-controls=\"section-ea7ecf49-e09f-4317-a9d2-21cbf788460a-autoria\" >Autoria<\/button>\n        <\/li>\n                    <li class=\"nav-item\" role=\"presentation\">\n            <button class=\"nav-link \" id=\"section-ea7ecf49-e09f-4317-a9d2-21cbf788460a-outros-dados-tab\" data-bs-toggle=\"tab\" data-bs-target=\"#section-ea7ecf49-e09f-4317-a9d2-21cbf788460a-outros-dados\" type=\"button\" role=\"tab\" aria-controls=\"section-ea7ecf49-e09f-4317-a9d2-21cbf788460a-outros-dados\" >Dados da Obra<\/button>\n        <\/li>\n                    <li class=\"nav-item\" role=\"presentation\">\n            <button class=\"nav-link \" id=\"section-ea7ecf49-e09f-4317-a9d2-21cbf788460a-cnpq-tab\" data-bs-toggle=\"tab\" data-bs-target=\"#section-ea7ecf49-e09f-4317-a9d2-21cbf788460a-cnpq\" type=\"button\" role=\"tab\" aria-controls=\"section-ea7ecf49-e09f-4317-a9d2-21cbf788460a-cnpq\" >CNPq<\/button>\n        <\/li>\n    <\/ul>\n<div class=\"tab-content\" id=\"ea7ecf49-e09f-4317-a9d2-21cbf788460aContent\">\n            <div class=\"tab-pane fade show active pt-3\" id=\"section-ea7ecf49-e09f-4317-a9d2-21cbf788460a-resumo\" role=\"tabpanel\" aria-labelledby=\"section-ea7ecf49-e09f-4317-a9d2-21cbf788460a-resumo-tab\">\n            A oficina busca estimular o pensamento cr\u00edtico dos estudantes por meio de atividades que envolvem o desenho e a pintura de ilustra\u00e7\u00f5es tem\u00e1ticas relacionadas \u00e0 conscientiza\u00e7\u00e3o ambiental. As Oficinas Comunica\u00e7\u00e3o de Proximidade foram desenvolvidas por professores e estudantes dos cursos de gradua\u00e7\u00e3o e p\u00f3s-gradua\u00e7\u00e3o em Comunica\u00e7\u00e3o da Universidade Federal de Santa Maria e realizadas em diversas escolas da rede p\u00fablica de ensino da regi\u00e3o da Quarta Col\u00f4nia, localizada na Regi\u00e3o Central do Rio Grande do Sul. A cole\u00e7\u00e3o de cartilhas \u00e9 resultado dos projetos \u201cComunica\u00e7\u00e3o de proximidade: mem\u00f3ria, resili\u00eancia e adapta\u00e7\u00e3o social a riscos clim\u00e1ticos e cat\u00e1strofes naturais na Quarta Col\u00f4nia\u201d (PROEXT\/CAPES) e \u201cGovernan\u00e7a e multidimensionalidade dos riscos clim\u00e1ticos: abordagem multidisciplinar em comunica\u00e7\u00e3o de proximidade, interpreta\u00e7\u00e3o geopatrimonial e economia ecol\u00f3gica aplicada aos Geoparques Unesco no Rio Grande do Sul\u201d (FAPERGS).        <\/div>\n            <div class=\"tab-pane fade  pt-3\" id=\"section-ea7ecf49-e09f-4317-a9d2-21cbf788460a-organizacao\" role=\"tabpanel\" aria-labelledby=\"section-ea7ecf49-e09f-4317-a9d2-21cbf788460a-organizacao-tab\">\n            <div class=\"row row-cols-1 row-cols-md-2\">\n            <div class=\"col p-1\">\n            <div class=\"border-bottom border-1 h-100\">\n                Dalmolin, Aline Roes            <\/div>\n        <\/div>\n            <div class=\"col p-1\">\n            <div class=\"border-bottom border-1 h-100\">\n                Depexe, Sandra            <\/div>\n        <\/div>\n            <div class=\"col p-1\">\n            <div class=\"border-bottom border-1 h-100\">\n                Rodrigues, Ana Julia            <\/div>\n        <\/div>\n            <div class=\"col p-1\">\n            <div class=\"border-bottom border-1 h-100\">\n                Ferreira, Larissa Ta\u00eds            <\/div>\n        <\/div>\n        \n<\/div>\n        <\/div>\n            <div class=\"tab-pane fade  pt-3\" id=\"section-ea7ecf49-e09f-4317-a9d2-21cbf788460a-autoria\" role=\"tabpanel\" aria-labelledby=\"section-ea7ecf49-e09f-4317-a9d2-21cbf788460a-autoria-tab\">\n            <div class=\"row row-cols-1 row-cols-md-2\">\n            <div class=\"col p-1\">\n            <div class=\"border-bottom border-1 h-100\">\n                Depexe, Sandra            <\/div>\n        <\/div>\n            <div class=\"col p-1\">\n            <div class=\"border-bottom border-1 h-100\">\n                Cristino, L\u00edvia de Oliveira            <\/div>\n        <\/div>\n            <div class=\"col p-1\">\n            <div class=\"border-bottom border-1 h-100\">\n                Martinho, Lairy Lima            <\/div>\n        <\/div>\n            <div class=\"col p-1\">\n            <div class=\"border-bottom border-1 h-100\">\n                Concei\u00e7\u00e3o, Talita Dilly Scoralick            <\/div>\n        <\/div>\n        \n<\/div>\n        <\/div>\n            <div class=\"tab-pane fade  pt-3\" id=\"section-ea7ecf49-e09f-4317-a9d2-21cbf788460a-outros-dados\" role=\"tabpanel\" aria-labelledby=\"section-ea7ecf49-e09f-4317-a9d2-21cbf788460a-outros-dados-tab\">\n            <dl class=\"row\">\n    <dt class=\"col-12 col-md-3\">Publica\u00e7\u00e3o<\/dt>\n    <dd class=\"col-12 col-md-9\">\n        <dl class=\"row\">\n            <dt class=\"col-12 col-md-4\">Ano<\/dt>\n            <dd class=\"col-12 col-md-8\">2026<\/dd>\n            <dt class=\"col-12 col-md-4\">ISBN<\/dt>\n            <dd class=\"col-12 col-md-8\">978-65-5773-120-8<\/dd>\n        <\/dl>\n    <\/dd>\n            <dt class=\"col-12 col-md-3\">Refer\u00eancia<\/dt>\n        <dd class=\"col-12 col-md-9\">SILVEIRA, Ada Cristina Machado; STORCH, Laura Strelow (Coord.); DALMOLIN, Aline Roes, et al (orgs.). Oficinas comunica\u00e7\u00e3o de proximidade: cole\u00e7\u00e3o. Santa Maria, RS: FACOS-UFSM, 2026.<\/dd>\n                <dt class=\"col-12 col-md-3\">Assuntos<\/dt>\n        <dd class=\"col-12 col-md-9\">Meio ambiente;<br>Mudan\u00e7a clim\u00e1tica;<br>Ensino fundamental;<br>Ensino m\u00e9dio;<br>Quarta Col\u00f4nia (RS);<br>Extens\u00e3o universit\u00e1ria;<br>Universidade Federal de Santa Maria. Departamento de Ci\u00eancias da Comunica\u00e7\u00e3o<\/dd>\n                <dt class=\"col-12 col-md-3\">Licen\u00e7a<\/dt>\n        <dd class=\"col-12 col-md-9\">\n            Acesso Aberto;<br>Attribution-NonCommercial-NoDerivatives 4.0 International;<br><a target='_blank' href='http:\/\/creativecommons.org\/licenses\/by-nc-nd\/4.0\/'>http:\/\/creativecommons.org\/licenses\/by-nc-nd\/4.0\/<\/a>        <\/dd>\n        \n<\/dl>\n        <\/div>\n            <div class=\"tab-pane fade  pt-3\" id=\"section-ea7ecf49-e09f-4317-a9d2-21cbf788460a-cnpq\" role=\"tabpanel\" aria-labelledby=\"section-ea7ecf49-e09f-4317-a9d2-21cbf788460a-cnpq-tab\">\n            <dl class=\"row\">\n    <dt class=\"col-12 col-md-3\">Grande \u00e1rea<\/dt>\n    <dd class=\"col-12 col-md-9 text-capitalize\">ciencias sociais aplicadas<\/dd>\n    \n            <dt class=\"col-12 col-md-3\">\u00c1rea<\/dt>\n        <dd class=\"col-12 col-md-9 text-capitalize\">comunicacao<\/dd>\n        \n            \n    <\/dl>\n        <\/div>\n    <\/div>\n            <\/div>\n        <\/div>\n    <\/div>\n<\/div>\n\t\t<\/div>\n\t\t\t\t<\/div>\n\t\t\t\t\t<\/div>\n\t\t<\/div>\n\t\t\t\t\t<\/div>\n\t\t<\/section>\n\t\t\t\t<section class=\"elementor-section elementor-top-section elementor-element elementor-element-15f6fb0 elementor-section-boxed elementor-section-height-default elementor-section-height-default\" data-id=\"15f6fb0\" data-element_type=\"section\">\n\t\t\t\t\t\t<div class=\"elementor-container elementor-column-gap-default\">\n\t\t\t\t\t<div class=\"elementor-column elementor-col-100 elementor-top-column elementor-element elementor-element-db0b588\" data-id=\"db0b588\" data-element_type=\"column\">\n\t\t\t<div class=\"elementor-widget-wrap elementor-element-populated\">\n\t\t\t\t\t\t<div class=\"elementor-element elementor-element-bc123da elementor-widget elementor-widget-wp-widget-ufsm_manancial_ficha_apresentacao\" data-id=\"bc123da\" data-element_type=\"widget\" data-widget_type=\"wp-widget-ufsm_manancial_ficha_apresentacao.default\">\n\t\t\t\t<div class=\"elementor-widget-container\">\n\t\t\t<div class=\"row g-0\">\n    <div class=\"col-12 col-lg-5\">\n        <div class=\"card rounded-0 bg-primary text-white\">\n                            <img decoding=\"async\" src=\"https:\/\/repositorio.ufsm.br\/bitstream\/handle\/1\/38823\/cartilha_HQs.png\" class=\"img-fluid img-thumbnail mx-5 mt-5 mb-1\" >\n                        <div class=\"card-body bg-transparent-on-contraste ms-4 ps-4 me-3\">\n                <p class=\"card-title fs-5 lh-sm\">Como contar hist\u00f3rias reais em quadrinhos: Cria\u00e7\u00e3o de narrativas gr\u00e1ficas sobre meio ambiente<\/p>\n                <div class=\"d-flex flex-wrap\">\n                    <a href=\"https:\/\/repositorio.ufsm.br\/handle\/1\/38823\" class=\"small link-light underline-on-hover me-3\" target=\"_blank\">\n                        <i class=\"fa fa-external-link me-1\" aria-hidden=\"true\"><\/i>\n                        Ver no Manancial\n                    <\/a>\n                                            <a href=\"https:\/\/repositorio.ufsm.br\/bitstream\/handle\/1\/38823\/cartilha_HQs.pdf\" class=\"small link-light underline-on-hover\" target=\"_blank\">\n                            <i class=\"fa fa-file-pdf-o me-1\" aria-hidden=\"true\"><\/i>\n                            Ver o PDF\n                        <\/a>\n                                                        <\/div>\n            <\/div>\n        <\/div>\n    <\/div>\n    <div class=\"col-12 col-lg-7 d-flex\">\n        <div class=\"card rounded-0 rounded-end border-0 shadow w-100\">\n            <div class=\"card-body bg-transparent-on-contraste my-2 mx-3\">\n                <ul class=\"nav nav-pills justify-content-center\" id=\"663c6c9b-644b-47e5-95f2-eb4150825177\" role=\"tablist\">\n                    <li class=\"nav-item\" role=\"presentation\">\n            <button class=\"nav-link active\" id=\"section-663c6c9b-644b-47e5-95f2-eb4150825177-resumo-tab\" data-bs-toggle=\"tab\" data-bs-target=\"#section-663c6c9b-644b-47e5-95f2-eb4150825177-resumo\" type=\"button\" role=\"tab\" aria-controls=\"section-663c6c9b-644b-47e5-95f2-eb4150825177-resumo\"  aria-selected=\"true\" >Resumo<\/button>\n        <\/li>\n                    <li class=\"nav-item\" role=\"presentation\">\n            <button class=\"nav-link \" id=\"section-663c6c9b-644b-47e5-95f2-eb4150825177-organizacao-tab\" data-bs-toggle=\"tab\" data-bs-target=\"#section-663c6c9b-644b-47e5-95f2-eb4150825177-organizacao\" type=\"button\" role=\"tab\" aria-controls=\"section-663c6c9b-644b-47e5-95f2-eb4150825177-organizacao\" >Organiza\u00e7\u00e3o<\/button>\n        <\/li>\n                    <li class=\"nav-item\" role=\"presentation\">\n            <button class=\"nav-link \" id=\"section-663c6c9b-644b-47e5-95f2-eb4150825177-autoria-tab\" data-bs-toggle=\"tab\" data-bs-target=\"#section-663c6c9b-644b-47e5-95f2-eb4150825177-autoria\" type=\"button\" role=\"tab\" aria-controls=\"section-663c6c9b-644b-47e5-95f2-eb4150825177-autoria\" >Autoria<\/button>\n        <\/li>\n                    <li class=\"nav-item\" role=\"presentation\">\n            <button class=\"nav-link \" id=\"section-663c6c9b-644b-47e5-95f2-eb4150825177-outros-dados-tab\" data-bs-toggle=\"tab\" data-bs-target=\"#section-663c6c9b-644b-47e5-95f2-eb4150825177-outros-dados\" type=\"button\" role=\"tab\" aria-controls=\"section-663c6c9b-644b-47e5-95f2-eb4150825177-outros-dados\" >Dados da Obra<\/button>\n        <\/li>\n                    <li class=\"nav-item\" role=\"presentation\">\n            <button class=\"nav-link \" id=\"section-663c6c9b-644b-47e5-95f2-eb4150825177-cnpq-tab\" data-bs-toggle=\"tab\" data-bs-target=\"#section-663c6c9b-644b-47e5-95f2-eb4150825177-cnpq\" type=\"button\" role=\"tab\" aria-controls=\"section-663c6c9b-644b-47e5-95f2-eb4150825177-cnpq\" >CNPq<\/button>\n        <\/li>\n    <\/ul>\n<div class=\"tab-content\" id=\"663c6c9b-644b-47e5-95f2-eb4150825177Content\">\n            <div class=\"tab-pane fade show active pt-3\" id=\"section-663c6c9b-644b-47e5-95f2-eb4150825177-resumo\" role=\"tabpanel\" aria-labelledby=\"section-663c6c9b-644b-47e5-95f2-eb4150825177-resumo-tab\">\n            A oficina busca apresentar as hist\u00f3rias em quadrinhos como uma linguagem capaz de narrar acontecimentos reais, aproximando os participantes do jornalismo, da mem\u00f3ria e das experi\u00eancias pessoais. As Oficinas Comunica\u00e7\u00e3o de Proximidade foram desenvolvidas por professores e estudantes dos cursos de gradua\u00e7\u00e3o e p\u00f3s-gradua\u00e7\u00e3o em Comunica\u00e7\u00e3o da Universidade Federal de Santa Maria e realizadas em diversas escolas da rede p\u00fablica de ensino da regi\u00e3o da Quarta Col\u00f4nia, localizada na Regi\u00e3o Central do Rio Grande do Sul. A cole\u00e7\u00e3o de cartilhas \u00e9 resultado dos projetos \u201cComunica\u00e7\u00e3o de proximidade: mem\u00f3ria, resili\u00eancia e adapta\u00e7\u00e3o social a riscos clim\u00e1ticos e cat\u00e1strofes naturais na Quarta Col\u00f4nia\u201d (PROEXT\/CAPES) e \u201cGovernan\u00e7a e multidimensionalidade dos riscos clim\u00e1ticos: abordagem multidisciplinar em comunica\u00e7\u00e3o de proximidade, interpreta\u00e7\u00e3o geopatrimonial e economia ecol\u00f3gica aplicada aos Geoparques Unesco no Rio Grande do Sul\u201d (FAPERGS).        <\/div>\n            <div class=\"tab-pane fade  pt-3\" id=\"section-663c6c9b-644b-47e5-95f2-eb4150825177-organizacao\" role=\"tabpanel\" aria-labelledby=\"section-663c6c9b-644b-47e5-95f2-eb4150825177-organizacao-tab\">\n            <div class=\"row row-cols-1 row-cols-md-2\">\n            <div class=\"col p-1\">\n            <div class=\"border-bottom border-1 h-100\">\n                Dalmolin, Aline Roes            <\/div>\n        <\/div>\n            <div class=\"col p-1\">\n            <div class=\"border-bottom border-1 h-100\">\n                Depexe, Sandra            <\/div>\n        <\/div>\n            <div class=\"col p-1\">\n            <div class=\"border-bottom border-1 h-100\">\n                Rodrigues, Ana Julia            <\/div>\n        <\/div>\n            <div class=\"col p-1\">\n            <div class=\"border-bottom border-1 h-100\">\n                Ferreira, Larissa Ta\u00eds            <\/div>\n        <\/div>\n            <div class=\"col p-1\">\n            <div class=\"border-bottom border-1 h-100\">\n                Silveira, Ada Cristina Machado            <\/div>\n        <\/div>\n            <div class=\"col p-1\">\n            <div class=\"border-bottom border-1 h-100\">\n                Storch, Laura Strelow            <\/div>\n        <\/div>\n        \n<\/div>\n        <\/div>\n            <div class=\"tab-pane fade  pt-3\" id=\"section-663c6c9b-644b-47e5-95f2-eb4150825177-autoria\" role=\"tabpanel\" aria-labelledby=\"section-663c6c9b-644b-47e5-95f2-eb4150825177-autoria-tab\">\n            <div class=\"row row-cols-1 row-cols-md-2\">\n            <div class=\"col p-1\">\n            <div class=\"border-bottom border-1 h-100\">\n                Moro, Pedro            <\/div>\n        <\/div>\n        \n<\/div>\n        <\/div>\n            <div class=\"tab-pane fade  pt-3\" id=\"section-663c6c9b-644b-47e5-95f2-eb4150825177-outros-dados\" role=\"tabpanel\" aria-labelledby=\"section-663c6c9b-644b-47e5-95f2-eb4150825177-outros-dados-tab\">\n            <dl class=\"row\">\n    <dt class=\"col-12 col-md-3\">Publica\u00e7\u00e3o<\/dt>\n    <dd class=\"col-12 col-md-9\">\n        <dl class=\"row\">\n            <dt class=\"col-12 col-md-4\">Ano<\/dt>\n            <dd class=\"col-12 col-md-8\">2026<\/dd>\n            <dt class=\"col-12 col-md-4\">ISBN<\/dt>\n            <dd class=\"col-12 col-md-8\">978-65-5773-120-8<\/dd>\n        <\/dl>\n    <\/dd>\n            <dt class=\"col-12 col-md-3\">Refer\u00eancia<\/dt>\n        <dd class=\"col-12 col-md-9\">SILVEIRA, Ada Cristina Machado; STORCH, Laura Strelow (Coord.); DALMOLIN, Aline Roes, et al (orgs.). Oficinas comunica\u00e7\u00e3o de proximidade: cole\u00e7\u00e3o. Santa Maria, RS: FACOS-UFSM, 2026.<\/dd>\n                <dt class=\"col-12 col-md-3\">Assuntos<\/dt>\n        <dd class=\"col-12 col-md-9\">Meio ambiente;<br>Mudan\u00e7a clim\u00e1tica;<br>Ensino fundamental;<br>Ensino m\u00e9dio;<br>Quarta Col\u00f4nia (RS);<br>Extens\u00e3o universit\u00e1ria;<br>Universidade Federal de Santa Maria. Departamento de Ci\u00eancias da Comunica\u00e7\u00e3o<\/dd>\n                <dt class=\"col-12 col-md-3\">Licen\u00e7a<\/dt>\n        <dd class=\"col-12 col-md-9\">\n            Acesso Aberto;<br>Attribution-NonCommercial-NoDerivatives 4.0 International;<br><a target='_blank' href='http:\/\/creativecommons.org\/licenses\/by-nc-nd\/4.0\/'>http:\/\/creativecommons.org\/licenses\/by-nc-nd\/4.0\/<\/a>        <\/dd>\n        \n<\/dl>\n        <\/div>\n            <div class=\"tab-pane fade  pt-3\" id=\"section-663c6c9b-644b-47e5-95f2-eb4150825177-cnpq\" role=\"tabpanel\" aria-labelledby=\"section-663c6c9b-644b-47e5-95f2-eb4150825177-cnpq-tab\">\n            <dl class=\"row\">\n    <dt class=\"col-12 col-md-3\">Grande \u00e1rea<\/dt>\n    <dd class=\"col-12 col-md-9 text-capitalize\">ciencias sociais aplicadas<\/dd>\n    \n            <dt class=\"col-12 col-md-3\">\u00c1rea<\/dt>\n        <dd class=\"col-12 col-md-9 text-capitalize\">comunicacao<\/dd>\n        \n            \n    <\/dl>\n        <\/div>\n    <\/div>\n            <\/div>\n        <\/div>\n    <\/div>\n<\/div>\n\t\t<\/div>\n\t\t\t\t<\/div>\n\t\t\t\t\t<\/div>\n\t\t<\/div>\n\t\t\t\t\t<\/div>\n\t\t<\/section>\n\t\t\t\t<section class=\"elementor-section elementor-top-section elementor-element elementor-element-c18afa0 elementor-section-boxed elementor-section-height-default elementor-section-height-default\" data-id=\"c18afa0\" data-element_type=\"section\">\n\t\t\t\t\t\t<div class=\"elementor-container elementor-column-gap-default\">\n\t\t\t\t\t<div class=\"elementor-column elementor-col-100 elementor-top-column elementor-element elementor-element-9d10945\" data-id=\"9d10945\" data-element_type=\"column\">\n\t\t\t<div class=\"elementor-widget-wrap elementor-element-populated\">\n\t\t\t\t\t\t<div class=\"elementor-element elementor-element-c625e24 elementor-widget elementor-widget-wp-widget-ufsm_manancial_ficha_apresentacao\" data-id=\"c625e24\" data-element_type=\"widget\" data-widget_type=\"wp-widget-ufsm_manancial_ficha_apresentacao.default\">\n\t\t\t\t<div class=\"elementor-widget-container\">\n\t\t\t<div class=\"row g-0\">\n    <div class=\"col-12 col-lg-5\">\n        <div class=\"card rounded-0 bg-primary text-white\">\n                            <img decoding=\"async\" src=\"https:\/\/repositorio.ufsm.br\/bitstream\/handle\/1\/38824\/cartilha_fotografia_b\u00e1sica.png\" class=\"img-fluid img-thumbnail mx-5 mt-5 mb-1\" >\n                        <div class=\"card-body bg-transparent-on-contraste ms-4 ps-4 me-3\">\n                <p class=\"card-title fs-5 lh-sm\">Fotografia b\u00e1sica: Registro de mem\u00f3rias sobre as mudan\u00e7as clim\u00e1ticas<\/p>\n                <div class=\"d-flex flex-wrap\">\n                    <a href=\"https:\/\/repositorio.ufsm.br\/handle\/1\/38824\" class=\"small link-light underline-on-hover me-3\" target=\"_blank\">\n                        <i class=\"fa fa-external-link me-1\" aria-hidden=\"true\"><\/i>\n                        Ver no Manancial\n                    <\/a>\n                                            <a href=\"https:\/\/repositorio.ufsm.br\/bitstream\/handle\/1\/38824\/cartilha_fotografia_b\u00e1sica.pdf\" class=\"small link-light underline-on-hover\" target=\"_blank\">\n                            <i class=\"fa fa-file-pdf-o me-1\" aria-hidden=\"true\"><\/i>\n                            Ver o PDF\n                        <\/a>\n                                                        <\/div>\n            <\/div>\n        <\/div>\n    <\/div>\n    <div class=\"col-12 col-lg-7 d-flex\">\n        <div class=\"card rounded-0 rounded-end border-0 shadow w-100\">\n            <div class=\"card-body bg-transparent-on-contraste my-2 mx-3\">\n                <ul class=\"nav nav-pills justify-content-center\" id=\"35f84f9f-4614-40c0-a149-53fe3264bc12\" role=\"tablist\">\n                    <li class=\"nav-item\" role=\"presentation\">\n            <button class=\"nav-link active\" id=\"section-35f84f9f-4614-40c0-a149-53fe3264bc12-resumo-tab\" data-bs-toggle=\"tab\" data-bs-target=\"#section-35f84f9f-4614-40c0-a149-53fe3264bc12-resumo\" type=\"button\" role=\"tab\" aria-controls=\"section-35f84f9f-4614-40c0-a149-53fe3264bc12-resumo\"  aria-selected=\"true\" >Resumo<\/button>\n        <\/li>\n                    <li class=\"nav-item\" role=\"presentation\">\n            <button class=\"nav-link \" id=\"section-35f84f9f-4614-40c0-a149-53fe3264bc12-organizacao-tab\" data-bs-toggle=\"tab\" data-bs-target=\"#section-35f84f9f-4614-40c0-a149-53fe3264bc12-organizacao\" type=\"button\" role=\"tab\" aria-controls=\"section-35f84f9f-4614-40c0-a149-53fe3264bc12-organizacao\" >Organiza\u00e7\u00e3o<\/button>\n        <\/li>\n                    <li class=\"nav-item\" role=\"presentation\">\n            <button class=\"nav-link \" id=\"section-35f84f9f-4614-40c0-a149-53fe3264bc12-autoria-tab\" data-bs-toggle=\"tab\" data-bs-target=\"#section-35f84f9f-4614-40c0-a149-53fe3264bc12-autoria\" type=\"button\" role=\"tab\" aria-controls=\"section-35f84f9f-4614-40c0-a149-53fe3264bc12-autoria\" >Autoria<\/button>\n        <\/li>\n                    <li class=\"nav-item\" role=\"presentation\">\n            <button class=\"nav-link \" id=\"section-35f84f9f-4614-40c0-a149-53fe3264bc12-outros-dados-tab\" data-bs-toggle=\"tab\" data-bs-target=\"#section-35f84f9f-4614-40c0-a149-53fe3264bc12-outros-dados\" type=\"button\" role=\"tab\" aria-controls=\"section-35f84f9f-4614-40c0-a149-53fe3264bc12-outros-dados\" >Dados da Obra<\/button>\n        <\/li>\n                    <li class=\"nav-item\" role=\"presentation\">\n            <button class=\"nav-link \" id=\"section-35f84f9f-4614-40c0-a149-53fe3264bc12-cnpq-tab\" data-bs-toggle=\"tab\" data-bs-target=\"#section-35f84f9f-4614-40c0-a149-53fe3264bc12-cnpq\" type=\"button\" role=\"tab\" aria-controls=\"section-35f84f9f-4614-40c0-a149-53fe3264bc12-cnpq\" >CNPq<\/button>\n        <\/li>\n    <\/ul>\n<div class=\"tab-content\" id=\"35f84f9f-4614-40c0-a149-53fe3264bc12Content\">\n            <div class=\"tab-pane fade show active pt-3\" id=\"section-35f84f9f-4614-40c0-a149-53fe3264bc12-resumo\" role=\"tabpanel\" aria-labelledby=\"section-35f84f9f-4614-40c0-a149-53fe3264bc12-resumo-tab\">\n            A oficina busca proporcionar uma introdu\u00e7\u00e3o ao conceito de fotografia como registro da realidade, com aprofundamento sobre como as imagens podem contar hist\u00f3rias e sua import\u00e2ncia para a mem\u00f3ria especialmente no contexto das cat\u00e1strofes clim\u00e1ticas. As Oficinas Comunica\u00e7\u00e3o de Proximidade foram desenvolvidas por professores e estudantes dos cursos de gradua\u00e7\u00e3o e p\u00f3s-gradua\u00e7\u00e3o em Comunica\u00e7\u00e3o da Universidade Federal de Santa Maria e realizadas em diversas escolas da rede p\u00fablica de ensino da regi\u00e3o da Quarta Col\u00f4nia, localizada na Regi\u00e3o Central do Rio Grande do Sul. A cole\u00e7\u00e3o de cartilhas \u00e9 resultado dos projetos \u201cComunica\u00e7\u00e3o de proximidade: mem\u00f3ria, resili\u00eancia e adapta\u00e7\u00e3o social a riscos clim\u00e1ticos e cat\u00e1strofes naturais na Quarta Col\u00f4nia\u201d (PROEXT\/CAPES) e \u201cGovernan\u00e7a e multidimensionalidade dos riscos clim\u00e1ticos: abordagem multidisciplinar em comunica\u00e7\u00e3o de proximidade, interpreta\u00e7\u00e3o geopatrimonial e economia ecol\u00f3gica aplicada aos Geoparques Unesco no Rio Grande do Sul\u201d (FAPERGS).        <\/div>\n            <div class=\"tab-pane fade  pt-3\" id=\"section-35f84f9f-4614-40c0-a149-53fe3264bc12-organizacao\" role=\"tabpanel\" aria-labelledby=\"section-35f84f9f-4614-40c0-a149-53fe3264bc12-organizacao-tab\">\n            <div class=\"row row-cols-1 row-cols-md-2\">\n            <div class=\"col p-1\">\n            <div class=\"border-bottom border-1 h-100\">\n                Dalmolin, Aline Roes            <\/div>\n        <\/div>\n            <div class=\"col p-1\">\n            <div class=\"border-bottom border-1 h-100\">\n                Depexe, Sandra            <\/div>\n        <\/div>\n            <div class=\"col p-1\">\n            <div class=\"border-bottom border-1 h-100\">\n                Rodrigues, Ana Julia            <\/div>\n        <\/div>\n            <div class=\"col p-1\">\n            <div class=\"border-bottom border-1 h-100\">\n                Ferreira, Larissa Ta\u00eds            <\/div>\n        <\/div>\n        \n<\/div>\n        <\/div>\n            <div class=\"tab-pane fade  pt-3\" id=\"section-35f84f9f-4614-40c0-a149-53fe3264bc12-autoria\" role=\"tabpanel\" aria-labelledby=\"section-35f84f9f-4614-40c0-a149-53fe3264bc12-autoria-tab\">\n            <div class=\"row row-cols-1 row-cols-md-2\">\n            <div class=\"col p-1\">\n            <div class=\"border-bottom border-1 h-100\">\n                Scherer, Fernanda            <\/div>\n        <\/div>\n        \n<\/div>\n        <\/div>\n            <div class=\"tab-pane fade  pt-3\" id=\"section-35f84f9f-4614-40c0-a149-53fe3264bc12-outros-dados\" role=\"tabpanel\" aria-labelledby=\"section-35f84f9f-4614-40c0-a149-53fe3264bc12-outros-dados-tab\">\n            <dl class=\"row\">\n    <dt class=\"col-12 col-md-3\">Publica\u00e7\u00e3o<\/dt>\n    <dd class=\"col-12 col-md-9\">\n        <dl class=\"row\">\n            <dt class=\"col-12 col-md-4\">Ano<\/dt>\n            <dd class=\"col-12 col-md-8\">2026<\/dd>\n            <dt class=\"col-12 col-md-4\">ISBN<\/dt>\n            <dd class=\"col-12 col-md-8\">978-65-5773-120-8<\/dd>\n        <\/dl>\n    <\/dd>\n            <dt class=\"col-12 col-md-3\">Refer\u00eancia<\/dt>\n        <dd class=\"col-12 col-md-9\">SILVEIRA, Ada Cristina Machado; STORCH, Laura Strelow (Coord.); DALMOLIN, Aline Roes, et al (orgs.). Oficinas comunica\u00e7\u00e3o de proximidade: cole\u00e7\u00e3o. Santa Maria, RS: FACOS-UFSM, 2026.<\/dd>\n                <dt class=\"col-12 col-md-3\">Assuntos<\/dt>\n        <dd class=\"col-12 col-md-9\">Meio ambiente;<br>Mudan\u00e7a clim\u00e1tica;<br>Ensino fundamental;<br>Ensino m\u00e9dio;<br>Quarta Col\u00f4nia (RS);<br>Extens\u00e3o universit\u00e1ria;<br>Universidade Federal de Santa Maria. Departamento de Ci\u00eancias da Comunica\u00e7\u00e3o<\/dd>\n                <dt class=\"col-12 col-md-3\">Licen\u00e7a<\/dt>\n        <dd class=\"col-12 col-md-9\">\n            Acesso Aberto;<br>Attribution-NonCommercial-NoDerivatives 4.0 International;<br><a target='_blank' href='http:\/\/creativecommons.org\/licenses\/by-nc-nd\/4.0\/'>http:\/\/creativecommons.org\/licenses\/by-nc-nd\/4.0\/<\/a>        <\/dd>\n        \n<\/dl>\n        <\/div>\n            <div class=\"tab-pane fade  pt-3\" id=\"section-35f84f9f-4614-40c0-a149-53fe3264bc12-cnpq\" role=\"tabpanel\" aria-labelledby=\"section-35f84f9f-4614-40c0-a149-53fe3264bc12-cnpq-tab\">\n            <dl class=\"row\">\n    <dt class=\"col-12 col-md-3\">Grande \u00e1rea<\/dt>\n    <dd class=\"col-12 col-md-9 text-capitalize\">ciencias sociais aplicadas<\/dd>\n    \n            <dt class=\"col-12 col-md-3\">\u00c1rea<\/dt>\n        <dd class=\"col-12 col-md-9 text-capitalize\">comunicacao<\/dd>\n        \n            \n    <\/dl>\n        <\/div>\n    <\/div>\n            <\/div>\n        <\/div>\n    <\/div>\n<\/div>\n\t\t<\/div>\n\t\t\t\t<\/div>\n\t\t\t\t\t<\/div>\n\t\t<\/div>\n\t\t\t\t\t<\/div>\n\t\t<\/section>\n\t\t\t\t<section class=\"elementor-section elementor-top-section elementor-element elementor-element-5a1f66b elementor-section-boxed elementor-section-height-default elementor-section-height-default\" data-id=\"5a1f66b\" data-element_type=\"section\">\n\t\t\t\t\t\t<div class=\"elementor-container elementor-column-gap-default\">\n\t\t\t\t\t<div class=\"elementor-column elementor-col-100 elementor-top-column elementor-element elementor-element-9a58337\" data-id=\"9a58337\" data-element_type=\"column\">\n\t\t\t<div class=\"elementor-widget-wrap elementor-element-populated\">\n\t\t\t\t\t\t<div class=\"elementor-element elementor-element-50fdb8c elementor-widget elementor-widget-wp-widget-ufsm_manancial_ficha_apresentacao\" data-id=\"50fdb8c\" data-element_type=\"widget\" data-widget_type=\"wp-widget-ufsm_manancial_ficha_apresentacao.default\">\n\t\t\t\t<div class=\"elementor-widget-container\">\n\t\t\t<div class=\"row g-0\">\n    <div class=\"col-12 col-lg-5\">\n        <div class=\"card rounded-0 bg-primary text-white\">\n                            <img decoding=\"async\" src=\"https:\/\/repositorio.ufsm.br\/bitstream\/handle\/1\/38825\/cartilha_cria\u00e7\u00e3o_sonora_IA.png\" class=\"img-fluid img-thumbnail mx-5 mt-5 mb-1\" >\n                        <div class=\"card-body bg-transparent-on-contraste ms-4 ps-4 me-3\">\n                <p class=\"card-title fs-5 lh-sm\">Produ\u00e7\u00e3o sonora com ferramentas de IA: Tecnologia como apoio para a resili\u00eancia clim\u00e1tica<\/p>\n                <div class=\"d-flex flex-wrap\">\n                    <a href=\"https:\/\/repositorio.ufsm.br\/handle\/1\/38825\" class=\"small link-light underline-on-hover me-3\" target=\"_blank\">\n                        <i class=\"fa fa-external-link me-1\" aria-hidden=\"true\"><\/i>\n                        Ver no Manancial\n                    <\/a>\n                                            <a href=\"https:\/\/repositorio.ufsm.br\/bitstream\/handle\/1\/38825\/cartilha_cria\u00e7\u00e3o_sonora_IA.pdf\" class=\"small link-light underline-on-hover\" target=\"_blank\">\n                            <i class=\"fa fa-file-pdf-o me-1\" aria-hidden=\"true\"><\/i>\n                            Ver o PDF\n                        <\/a>\n                                                        <\/div>\n            <\/div>\n        <\/div>\n    <\/div>\n    <div class=\"col-12 col-lg-7 d-flex\">\n        <div class=\"card rounded-0 rounded-end border-0 shadow w-100\">\n            <div class=\"card-body bg-transparent-on-contraste my-2 mx-3\">\n                <ul class=\"nav nav-pills justify-content-center\" id=\"6390dfc4-123b-4d25-b645-d73adf1a53d5\" role=\"tablist\">\n                    <li class=\"nav-item\" role=\"presentation\">\n            <button class=\"nav-link active\" id=\"section-6390dfc4-123b-4d25-b645-d73adf1a53d5-resumo-tab\" data-bs-toggle=\"tab\" data-bs-target=\"#section-6390dfc4-123b-4d25-b645-d73adf1a53d5-resumo\" type=\"button\" role=\"tab\" aria-controls=\"section-6390dfc4-123b-4d25-b645-d73adf1a53d5-resumo\"  aria-selected=\"true\" >Resumo<\/button>\n        <\/li>\n                    <li class=\"nav-item\" role=\"presentation\">\n            <button class=\"nav-link \" id=\"section-6390dfc4-123b-4d25-b645-d73adf1a53d5-organizacao-tab\" data-bs-toggle=\"tab\" data-bs-target=\"#section-6390dfc4-123b-4d25-b645-d73adf1a53d5-organizacao\" type=\"button\" role=\"tab\" aria-controls=\"section-6390dfc4-123b-4d25-b645-d73adf1a53d5-organizacao\" >Organiza\u00e7\u00e3o<\/button>\n        <\/li>\n                    <li class=\"nav-item\" role=\"presentation\">\n            <button class=\"nav-link \" id=\"section-6390dfc4-123b-4d25-b645-d73adf1a53d5-autoria-tab\" data-bs-toggle=\"tab\" data-bs-target=\"#section-6390dfc4-123b-4d25-b645-d73adf1a53d5-autoria\" type=\"button\" role=\"tab\" aria-controls=\"section-6390dfc4-123b-4d25-b645-d73adf1a53d5-autoria\" >Autoria<\/button>\n        <\/li>\n                    <li class=\"nav-item\" role=\"presentation\">\n            <button class=\"nav-link \" id=\"section-6390dfc4-123b-4d25-b645-d73adf1a53d5-outros-dados-tab\" data-bs-toggle=\"tab\" data-bs-target=\"#section-6390dfc4-123b-4d25-b645-d73adf1a53d5-outros-dados\" type=\"button\" role=\"tab\" aria-controls=\"section-6390dfc4-123b-4d25-b645-d73adf1a53d5-outros-dados\" >Dados da Obra<\/button>\n        <\/li>\n                    <li class=\"nav-item\" role=\"presentation\">\n            <button class=\"nav-link \" id=\"section-6390dfc4-123b-4d25-b645-d73adf1a53d5-cnpq-tab\" data-bs-toggle=\"tab\" data-bs-target=\"#section-6390dfc4-123b-4d25-b645-d73adf1a53d5-cnpq\" type=\"button\" role=\"tab\" aria-controls=\"section-6390dfc4-123b-4d25-b645-d73adf1a53d5-cnpq\" >CNPq<\/button>\n        <\/li>\n    <\/ul>\n<div class=\"tab-content\" id=\"6390dfc4-123b-4d25-b645-d73adf1a53d5Content\">\n            <div class=\"tab-pane fade show active pt-3\" id=\"section-6390dfc4-123b-4d25-b645-d73adf1a53d5-resumo\" role=\"tabpanel\" aria-labelledby=\"section-6390dfc4-123b-4d25-b645-d73adf1a53d5-resumo-tab\">\n            A oficina busca capacitar estudantes do ensino fundamental no uso de uma plataforma experimental de pesquisa e anota\u00e7\u00f5es com intelig\u00eancia artificial, denominada Gemini Notebook para a produ\u00e7\u00e3o\r\nde jornalismo sonoro (podcasts e p\u00edlulas de r\u00e1dio). As Oficinas Comunica\u00e7\u00e3o de Proximidade foram desenvolvidas por professores e estudantes dos cursos de gradua\u00e7\u00e3o e p\u00f3s-gradua\u00e7\u00e3o em Comunica\u00e7\u00e3o da Universidade Federal de Santa Maria e realizadas em diversas escolas da rede p\u00fablica de ensino da regi\u00e3o da Quarta Col\u00f4nia, localizada na Regi\u00e3o Central do Rio Grande do Sul. A cole\u00e7\u00e3o de cartilhas \u00e9 resultado dos projetos \u201cComunica\u00e7\u00e3o de proximidade: mem\u00f3ria, resili\u00eancia e adapta\u00e7\u00e3o social a riscos clim\u00e1ticos e cat\u00e1strofes naturais na Quarta Col\u00f4nia\u201d (PROEXT\/CAPES) e \u201cGovernan\u00e7a e multidimensionalidade dos riscos clim\u00e1ticos: abordagem multidisciplinar em comunica\u00e7\u00e3o de proximidade, interpreta\u00e7\u00e3o geopatrimonial e economia ecol\u00f3gica aplicada aos Geoparques Unesco no Rio Grande do Sul\u201d (FAPERGS).        <\/div>\n            <div class=\"tab-pane fade  pt-3\" id=\"section-6390dfc4-123b-4d25-b645-d73adf1a53d5-organizacao\" role=\"tabpanel\" aria-labelledby=\"section-6390dfc4-123b-4d25-b645-d73adf1a53d5-organizacao-tab\">\n            <div class=\"row row-cols-1 row-cols-md-2\">\n            <div class=\"col p-1\">\n            <div class=\"border-bottom border-1 h-100\">\n                Dalmolin, Aline Roes            <\/div>\n        <\/div>\n            <div class=\"col p-1\">\n            <div class=\"border-bottom border-1 h-100\">\n                Depexe, Sandra            <\/div>\n        <\/div>\n            <div class=\"col p-1\">\n            <div class=\"border-bottom border-1 h-100\">\n                Rodrigues, Ana Julia            <\/div>\n        <\/div>\n            <div class=\"col p-1\">\n            <div class=\"border-bottom border-1 h-100\">\n                Ferreira, Larissa Ta\u00eds            <\/div>\n        <\/div>\n            <div class=\"col p-1\">\n            <div class=\"border-bottom border-1 h-100\">\n                Silveira, Ada Cristina Machado            <\/div>\n        <\/div>\n            <div class=\"col p-1\">\n            <div class=\"border-bottom border-1 h-100\">\n                Storch, Laura Strelow            <\/div>\n        <\/div>\n        \n<\/div>\n        <\/div>\n            <div class=\"tab-pane fade  pt-3\" id=\"section-6390dfc4-123b-4d25-b645-d73adf1a53d5-autoria\" role=\"tabpanel\" aria-labelledby=\"section-6390dfc4-123b-4d25-b645-d73adf1a53d5-autoria-tab\">\n            <div class=\"row row-cols-1 row-cols-md-2\">\n            <div class=\"col p-1\">\n            <div class=\"border-bottom border-1 h-100\">\n                Kroth, Maicon Elias            <\/div>\n        <\/div>\n        \n<\/div>\n        <\/div>\n            <div class=\"tab-pane fade  pt-3\" id=\"section-6390dfc4-123b-4d25-b645-d73adf1a53d5-outros-dados\" role=\"tabpanel\" aria-labelledby=\"section-6390dfc4-123b-4d25-b645-d73adf1a53d5-outros-dados-tab\">\n            <dl class=\"row\">\n    <dt class=\"col-12 col-md-3\">Publica\u00e7\u00e3o<\/dt>\n    <dd class=\"col-12 col-md-9\">\n        <dl class=\"row\">\n            <dt class=\"col-12 col-md-4\">Ano<\/dt>\n            <dd class=\"col-12 col-md-8\">2026<\/dd>\n            <dt class=\"col-12 col-md-4\">ISBN<\/dt>\n            <dd class=\"col-12 col-md-8\">978-65-5773-120-8<\/dd>\n        <\/dl>\n    <\/dd>\n            <dt class=\"col-12 col-md-3\">Refer\u00eancia<\/dt>\n        <dd class=\"col-12 col-md-9\">SILVEIRA, Ada Cristina Machado; STORCH, Laura Strelow (Coord.); DALMOLIN, Aline Roes, et al (orgs.). Oficinas comunica\u00e7\u00e3o de proximidade: cole\u00e7\u00e3o. Santa Maria, RS: FACOS-UFSM, 2026.<\/dd>\n                <dt class=\"col-12 col-md-3\">Assuntos<\/dt>\n        <dd class=\"col-12 col-md-9\">Meio ambiente;<br>Mudan\u00e7a clim\u00e1tica;<br>Ensino fundamental;<br>Ensino m\u00e9dio;<br>Quarta Col\u00f4nia (RS);<br>Extens\u00e3o universit\u00e1ria;<br>Universidade Federal de Santa Maria. Departamento de Ci\u00eancias da Comunica\u00e7\u00e3o<\/dd>\n                <dt class=\"col-12 col-md-3\">Licen\u00e7a<\/dt>\n        <dd class=\"col-12 col-md-9\">\n            Acesso Aberto;<br>Attribution-NonCommercial-NoDerivatives 4.0 International;<br><a target='_blank' href='http:\/\/creativecommons.org\/licenses\/by-nc-nd\/4.0\/'>http:\/\/creativecommons.org\/licenses\/by-nc-nd\/4.0\/<\/a>        <\/dd>\n        \n<\/dl>\n        <\/div>\n            <div class=\"tab-pane fade  pt-3\" id=\"section-6390dfc4-123b-4d25-b645-d73adf1a53d5-cnpq\" role=\"tabpanel\" aria-labelledby=\"section-6390dfc4-123b-4d25-b645-d73adf1a53d5-cnpq-tab\">\n            <dl class=\"row\">\n    <dt class=\"col-12 col-md-3\">Grande \u00e1rea<\/dt>\n    <dd class=\"col-12 col-md-9 text-capitalize\">ciencias sociais aplicadas<\/dd>\n    \n            <dt class=\"col-12 col-md-3\">\u00c1rea<\/dt>\n        <dd class=\"col-12 col-md-9 text-capitalize\">comunicacao<\/dd>\n        \n            \n    <\/dl>\n        <\/div>\n    <\/div>\n            <\/div>\n        <\/div>\n    <\/div>\n<\/div>\n\t\t<\/div>\n\t\t\t\t<\/div>\n\t\t\t\t\t<\/div>\n\t\t<\/div>\n\t\t\t\t\t<\/div>\n\t\t<\/section>\n\t\t\t\t<section class=\"elementor-section elementor-top-section elementor-element elementor-element-e7cf215 elementor-section-boxed elementor-section-height-default elementor-section-height-default\" data-id=\"e7cf215\" data-element_type=\"section\">\n\t\t\t\t\t\t<div class=\"elementor-container elementor-column-gap-default\">\n\t\t\t\t\t<div class=\"elementor-column elementor-col-100 elementor-top-column elementor-element elementor-element-f4c202f\" data-id=\"f4c202f\" data-element_type=\"column\">\n\t\t\t<div class=\"elementor-widget-wrap elementor-element-populated\">\n\t\t\t\t\t\t<div class=\"elementor-element elementor-element-fc8193d elementor-widget elementor-widget-wp-widget-ufsm_manancial_ficha_apresentacao\" data-id=\"fc8193d\" data-element_type=\"widget\" data-widget_type=\"wp-widget-ufsm_manancial_ficha_apresentacao.default\">\n\t\t\t\t<div class=\"elementor-widget-container\">\n\t\t\t<div class=\"row g-0\">\n    <div class=\"col-12 col-lg-5\">\n        <div class=\"card rounded-0 bg-primary text-white\">\n                            <img decoding=\"async\" src=\"https:\/\/repositorio.ufsm.br\/bitstream\/handle\/1\/38817\/cartilha_jogos_educativos.png\" class=\"img-fluid img-thumbnail mx-5 mt-5 mb-1\" >\n                        <div class=\"card-body bg-transparent-on-contraste ms-4 ps-4 me-3\">\n                <p class=\"card-title fs-5 lh-sm\">Natureza encantada: Jogo educomunicativo para refletir sobre meio ambiente<\/p>\n                <div class=\"d-flex flex-wrap\">\n                    <a href=\"https:\/\/repositorio.ufsm.br\/handle\/1\/38817\" class=\"small link-light underline-on-hover me-3\" target=\"_blank\">\n                        <i class=\"fa fa-external-link me-1\" aria-hidden=\"true\"><\/i>\n                        Ver no Manancial\n                    <\/a>\n                                            <a href=\"https:\/\/repositorio.ufsm.br\/bitstream\/handle\/1\/38817\/cartilha_jogos_educativos.pdf\" class=\"small link-light underline-on-hover\" target=\"_blank\">\n                            <i class=\"fa fa-file-pdf-o me-1\" aria-hidden=\"true\"><\/i>\n                            Ver o PDF\n                        <\/a>\n                                                        <\/div>\n            <\/div>\n        <\/div>\n    <\/div>\n    <div class=\"col-12 col-lg-7 d-flex\">\n        <div class=\"card rounded-0 rounded-end border-0 shadow w-100\">\n            <div class=\"card-body bg-transparent-on-contraste my-2 mx-3\">\n                <ul class=\"nav nav-pills justify-content-center\" id=\"69649b06-3892-43ab-8cce-d62ea018f29e\" role=\"tablist\">\n                    <li class=\"nav-item\" role=\"presentation\">\n            <button class=\"nav-link active\" id=\"section-69649b06-3892-43ab-8cce-d62ea018f29e-resumo-tab\" data-bs-toggle=\"tab\" data-bs-target=\"#section-69649b06-3892-43ab-8cce-d62ea018f29e-resumo\" type=\"button\" role=\"tab\" aria-controls=\"section-69649b06-3892-43ab-8cce-d62ea018f29e-resumo\"  aria-selected=\"true\" >Resumo<\/button>\n        <\/li>\n                    <li class=\"nav-item\" role=\"presentation\">\n            <button class=\"nav-link \" id=\"section-69649b06-3892-43ab-8cce-d62ea018f29e-organizacao-tab\" data-bs-toggle=\"tab\" data-bs-target=\"#section-69649b06-3892-43ab-8cce-d62ea018f29e-organizacao\" type=\"button\" role=\"tab\" aria-controls=\"section-69649b06-3892-43ab-8cce-d62ea018f29e-organizacao\" >Organiza\u00e7\u00e3o<\/button>\n        <\/li>\n                    <li class=\"nav-item\" role=\"presentation\">\n            <button class=\"nav-link \" id=\"section-69649b06-3892-43ab-8cce-d62ea018f29e-autoria-tab\" data-bs-toggle=\"tab\" data-bs-target=\"#section-69649b06-3892-43ab-8cce-d62ea018f29e-autoria\" type=\"button\" role=\"tab\" aria-controls=\"section-69649b06-3892-43ab-8cce-d62ea018f29e-autoria\" >Autoria<\/button>\n        <\/li>\n                    <li class=\"nav-item\" role=\"presentation\">\n            <button class=\"nav-link \" id=\"section-69649b06-3892-43ab-8cce-d62ea018f29e-outros-dados-tab\" data-bs-toggle=\"tab\" data-bs-target=\"#section-69649b06-3892-43ab-8cce-d62ea018f29e-outros-dados\" type=\"button\" role=\"tab\" aria-controls=\"section-69649b06-3892-43ab-8cce-d62ea018f29e-outros-dados\" >Dados da Obra<\/button>\n        <\/li>\n                    <li class=\"nav-item\" role=\"presentation\">\n            <button class=\"nav-link \" id=\"section-69649b06-3892-43ab-8cce-d62ea018f29e-cnpq-tab\" data-bs-toggle=\"tab\" data-bs-target=\"#section-69649b06-3892-43ab-8cce-d62ea018f29e-cnpq\" type=\"button\" role=\"tab\" aria-controls=\"section-69649b06-3892-43ab-8cce-d62ea018f29e-cnpq\" >CNPq<\/button>\n        <\/li>\n    <\/ul>\n<div class=\"tab-content\" id=\"69649b06-3892-43ab-8cce-d62ea018f29eContent\">\n            <div class=\"tab-pane fade show active pt-3\" id=\"section-69649b06-3892-43ab-8cce-d62ea018f29e-resumo\" role=\"tabpanel\" aria-labelledby=\"section-69649b06-3892-43ab-8cce-d62ea018f29e-resumo-tab\">\n            A oficina tem como objetivo estimular estudantes a se conscientizarem sobre os elementos da natureza como \u00e1gua, solo, esp\u00e9cies de plantas e \u00e1rvores e as quatro esta\u00e7\u00f5es, a partir do jogo educomunicacional denominado \u201cNatureza Encantada\u201d produzido pelas egressas do curso de Comunica\u00e7\u00e3o Social \u2013 Produ\u00e7\u00e3o Editorial da UFSM,\r\nLisara Bittencourt e Roberta Bordiga. As Oficinas Comunica\u00e7\u00e3o de Proximidade foram desenvolvidas por professores e estudantes dos cursos de gradua\u00e7\u00e3o e p\u00f3s-gradua\u00e7\u00e3o em Comunica\u00e7\u00e3o da Universidade Federal de Santa Maria e realizadas em diversas escolas da rede p\u00fablica de ensino da regi\u00e3o da Quarta Col\u00f4nia, localizada na Regi\u00e3o Central do Rio Grande do Sul. A cole\u00e7\u00e3o de cartilhas \u00e9 resultado dos projetos \u201cComunica\u00e7\u00e3o de proximidade: mem\u00f3ria, resili\u00eancia e adapta\u00e7\u00e3o social a riscos clim\u00e1ticos e cat\u00e1strofes naturais na Quarta Col\u00f4nia\u201d (PROEXT\/CAPES) e \u201cGovernan\u00e7a e multidimensionalidade dos riscos clim\u00e1ticos: abordagem multidisciplinar em comunica\u00e7\u00e3o de proximidade, interpreta\u00e7\u00e3o geopatrimonial e economia ecol\u00f3gica aplicada aos Geoparques Unesco no Rio Grande do Sul\u201d (FAPERGS).        <\/div>\n            <div class=\"tab-pane fade  pt-3\" id=\"section-69649b06-3892-43ab-8cce-d62ea018f29e-organizacao\" role=\"tabpanel\" aria-labelledby=\"section-69649b06-3892-43ab-8cce-d62ea018f29e-organizacao-tab\">\n            <div class=\"row row-cols-1 row-cols-md-2\">\n            <div class=\"col p-1\">\n            <div class=\"border-bottom border-1 h-100\">\n                Dalmolin, Aline Roes            <\/div>\n        <\/div>\n            <div class=\"col p-1\">\n            <div class=\"border-bottom border-1 h-100\">\n                Depexe, Sandra            <\/div>\n        <\/div>\n            <div class=\"col p-1\">\n            <div class=\"border-bottom border-1 h-100\">\n                Rodrigues, Ana Julia            <\/div>\n        <\/div>\n            <div class=\"col p-1\">\n            <div class=\"border-bottom border-1 h-100\">\n                Ferreira, Larissa Ta\u00eds            <\/div>\n        <\/div>\n            <div class=\"col p-1\">\n            <div class=\"border-bottom border-1 h-100\">\n                Silveira, Ada Cristina Machado            <\/div>\n        <\/div>\n            <div class=\"col p-1\">\n            <div class=\"border-bottom border-1 h-100\">\n                Storch, Laura Strelow            <\/div>\n        <\/div>\n        \n<\/div>\n        <\/div>\n            <div class=\"tab-pane fade  pt-3\" id=\"section-69649b06-3892-43ab-8cce-d62ea018f29e-autoria\" role=\"tabpanel\" aria-labelledby=\"section-69649b06-3892-43ab-8cce-d62ea018f29e-autoria-tab\">\n            <div class=\"row row-cols-1 row-cols-md-2\">\n            <div class=\"col p-1\">\n            <div class=\"border-bottom border-1 h-100\">\n                Stevens, Leandro            <\/div>\n        <\/div>\n            <div class=\"col p-1\">\n            <div class=\"border-bottom border-1 h-100\">\n                Gay, Ana Carolina Cipolat            <\/div>\n        <\/div>\n            <div class=\"col p-1\">\n            <div class=\"border-bottom border-1 h-100\">\n                Rubir, Natalia Duarte dos Santos            <\/div>\n        <\/div>\n            <div class=\"col p-1\">\n            <div class=\"border-bottom border-1 h-100\">\n                Ineu, Lisara Bitencourt            <\/div>\n        <\/div>\n            <div class=\"col p-1\">\n            <div class=\"border-bottom border-1 h-100\">\n                Almeida, Roberta Bordiga de            <\/div>\n        <\/div>\n        \n<\/div>\n        <\/div>\n            <div class=\"tab-pane fade  pt-3\" id=\"section-69649b06-3892-43ab-8cce-d62ea018f29e-outros-dados\" role=\"tabpanel\" aria-labelledby=\"section-69649b06-3892-43ab-8cce-d62ea018f29e-outros-dados-tab\">\n            <dl class=\"row\">\n    <dt class=\"col-12 col-md-3\">Publica\u00e7\u00e3o<\/dt>\n    <dd class=\"col-12 col-md-9\">\n        <dl class=\"row\">\n            <dt class=\"col-12 col-md-4\">Ano<\/dt>\n            <dd class=\"col-12 col-md-8\">2026<\/dd>\n            <dt class=\"col-12 col-md-4\">ISBN<\/dt>\n            <dd class=\"col-12 col-md-8\">978-65-5773-120-8<\/dd>\n        <\/dl>\n    <\/dd>\n            <dt class=\"col-12 col-md-3\">Refer\u00eancia<\/dt>\n        <dd class=\"col-12 col-md-9\">SILVEIRA, Ada Cristina Machado; STORCH, Laura Strelow (Coord.); DALMOLIN, Aline Roes, et al (orgs.). Oficinas comunica\u00e7\u00e3o de proximidade: cole\u00e7\u00e3o. Santa Maria, RS: FACOS-UFSM, 2026.<\/dd>\n                <dt class=\"col-12 col-md-3\">Assuntos<\/dt>\n        <dd class=\"col-12 col-md-9\">Meio ambiente;<br>Mudan\u00e7a clim\u00e1tica;<br>Ensino fundamental;<br>Ensino m\u00e9dio;<br>Quarta Col\u00f4nia (RS);<br>Extens\u00e3o universit\u00e1ria;<br>Universidade Federal de Santa Maria. Departamento de Ci\u00eancias da Comunica\u00e7\u00e3o<\/dd>\n                <dt class=\"col-12 col-md-3\">Licen\u00e7a<\/dt>\n        <dd class=\"col-12 col-md-9\">\n            Acesso Aberto;<br>Attribution-NonCommercial-NoDerivatives 4.0 International;<br><a target='_blank' href='http:\/\/creativecommons.org\/licenses\/by-nc-nd\/4.0\/'>http:\/\/creativecommons.org\/licenses\/by-nc-nd\/4.0\/<\/a>        <\/dd>\n        \n<\/dl>\n        <\/div>\n            <div class=\"tab-pane fade  pt-3\" id=\"section-69649b06-3892-43ab-8cce-d62ea018f29e-cnpq\" role=\"tabpanel\" aria-labelledby=\"section-69649b06-3892-43ab-8cce-d62ea018f29e-cnpq-tab\">\n            <dl class=\"row\">\n    <dt class=\"col-12 col-md-3\">Grande \u00e1rea<\/dt>\n    <dd class=\"col-12 col-md-9 text-capitalize\">ciencias sociais aplicadas<\/dd>\n    \n            <dt class=\"col-12 col-md-3\">\u00c1rea<\/dt>\n        <dd class=\"col-12 col-md-9 text-capitalize\">comunicacao<\/dd>\n        \n            \n    <\/dl>\n        <\/div>\n    <\/div>\n            <\/div>\n        <\/div>\n    <\/div>\n<\/div>\n\t\t<\/div>\n\t\t\t\t<\/div>\n\t\t\t\t\t<\/div>\n\t\t<\/div>\n\t\t\t\t\t<\/div>\n\t\t<\/section>\n\t\t\t\t<section class=\"elementor-section elementor-top-section elementor-element elementor-element-f7b32d0 elementor-section-boxed elementor-section-height-default elementor-section-height-default\" data-id=\"f7b32d0\" data-element_type=\"section\">\n\t\t\t\t\t\t<div class=\"elementor-container elementor-column-gap-default\">\n\t\t\t\t\t<div class=\"elementor-column elementor-col-100 elementor-top-column elementor-element elementor-element-e7b42a4\" data-id=\"e7b42a4\" data-element_type=\"column\">\n\t\t\t<div class=\"elementor-widget-wrap elementor-element-populated\">\n\t\t\t\t\t\t<div class=\"elementor-element elementor-element-e1c89be elementor-widget elementor-widget-wp-widget-ufsm_manancial_ficha_apresentacao\" data-id=\"e1c89be\" data-element_type=\"widget\" data-widget_type=\"wp-widget-ufsm_manancial_ficha_apresentacao.default\">\n\t\t\t\t<div class=\"elementor-widget-container\">\n\t\t\t<div class=\"row g-0\">\n    <div class=\"col-12 col-lg-5\">\n        <div class=\"card rounded-0 bg-primary text-white\">\n                            <img decoding=\"async\" src=\"https:\/\/repositorio.ufsm.br\/bitstream\/handle\/1\/38820\/cartilha_reflex\u00f5es_visuais.png\" class=\"img-fluid img-thumbnail mx-5 mt-5 mb-1\" >\n                        <div class=\"card-body bg-transparent-on-contraste ms-4 ps-4 me-3\">\n                <p class=\"card-title fs-5 lh-sm\">Reflex\u00f5es visuais: Constru\u00e7\u00e3o de mapas conceituais sobre desastres clim\u00e1ticos<\/p>\n                <div class=\"d-flex flex-wrap\">\n                    <a href=\"https:\/\/repositorio.ufsm.br\/handle\/1\/38820\" class=\"small link-light underline-on-hover me-3\" target=\"_blank\">\n                        <i class=\"fa fa-external-link me-1\" aria-hidden=\"true\"><\/i>\n                        Ver no Manancial\n                    <\/a>\n                                            <a href=\"https:\/\/repositorio.ufsm.br\/bitstream\/handle\/1\/38820\/cartilha_reflex\u00f5es_visuais.pdf\" class=\"small link-light underline-on-hover\" target=\"_blank\">\n                            <i class=\"fa fa-file-pdf-o me-1\" aria-hidden=\"true\"><\/i>\n                            Ver o PDF\n                        <\/a>\n                                                        <\/div>\n            <\/div>\n        <\/div>\n    <\/div>\n    <div class=\"col-12 col-lg-7 d-flex\">\n        <div class=\"card rounded-0 rounded-end border-0 shadow w-100\">\n            <div class=\"card-body bg-transparent-on-contraste my-2 mx-3\">\n                <ul class=\"nav nav-pills justify-content-center\" id=\"e6185b8e-f7c9-4367-93e2-8d1c0c559d7e\" role=\"tablist\">\n                    <li class=\"nav-item\" role=\"presentation\">\n            <button class=\"nav-link active\" id=\"section-e6185b8e-f7c9-4367-93e2-8d1c0c559d7e-resumo-tab\" data-bs-toggle=\"tab\" data-bs-target=\"#section-e6185b8e-f7c9-4367-93e2-8d1c0c559d7e-resumo\" type=\"button\" role=\"tab\" aria-controls=\"section-e6185b8e-f7c9-4367-93e2-8d1c0c559d7e-resumo\"  aria-selected=\"true\" >Resumo<\/button>\n        <\/li>\n                    <li class=\"nav-item\" role=\"presentation\">\n            <button class=\"nav-link \" id=\"section-e6185b8e-f7c9-4367-93e2-8d1c0c559d7e-organizacao-tab\" data-bs-toggle=\"tab\" data-bs-target=\"#section-e6185b8e-f7c9-4367-93e2-8d1c0c559d7e-organizacao\" type=\"button\" role=\"tab\" aria-controls=\"section-e6185b8e-f7c9-4367-93e2-8d1c0c559d7e-organizacao\" >Organiza\u00e7\u00e3o<\/button>\n        <\/li>\n                    <li class=\"nav-item\" role=\"presentation\">\n            <button class=\"nav-link \" id=\"section-e6185b8e-f7c9-4367-93e2-8d1c0c559d7e-autoria-tab\" data-bs-toggle=\"tab\" data-bs-target=\"#section-e6185b8e-f7c9-4367-93e2-8d1c0c559d7e-autoria\" type=\"button\" role=\"tab\" aria-controls=\"section-e6185b8e-f7c9-4367-93e2-8d1c0c559d7e-autoria\" >Autoria<\/button>\n        <\/li>\n                    <li class=\"nav-item\" role=\"presentation\">\n            <button class=\"nav-link \" id=\"section-e6185b8e-f7c9-4367-93e2-8d1c0c559d7e-outros-dados-tab\" data-bs-toggle=\"tab\" data-bs-target=\"#section-e6185b8e-f7c9-4367-93e2-8d1c0c559d7e-outros-dados\" type=\"button\" role=\"tab\" aria-controls=\"section-e6185b8e-f7c9-4367-93e2-8d1c0c559d7e-outros-dados\" >Dados da Obra<\/button>\n        <\/li>\n                    <li class=\"nav-item\" role=\"presentation\">\n            <button class=\"nav-link \" id=\"section-e6185b8e-f7c9-4367-93e2-8d1c0c559d7e-cnpq-tab\" data-bs-toggle=\"tab\" data-bs-target=\"#section-e6185b8e-f7c9-4367-93e2-8d1c0c559d7e-cnpq\" type=\"button\" role=\"tab\" aria-controls=\"section-e6185b8e-f7c9-4367-93e2-8d1c0c559d7e-cnpq\" >CNPq<\/button>\n        <\/li>\n    <\/ul>\n<div class=\"tab-content\" id=\"e6185b8e-f7c9-4367-93e2-8d1c0c559d7eContent\">\n            <div class=\"tab-pane fade show active pt-3\" id=\"section-e6185b8e-f7c9-4367-93e2-8d1c0c559d7e-resumo\" role=\"tabpanel\" aria-labelledby=\"section-e6185b8e-f7c9-4367-93e2-8d1c0c559d7e-resumo-tab\">\n            A oficina busca promover a conscientiza\u00e7\u00e3o e estimular o pensamento cr\u00edtico dos estudantes por meio da experimenta\u00e7\u00e3o e da elabora\u00e7\u00e3o de mapas conceituais. As Oficinas Comunica\u00e7\u00e3o de Proximidade foram desenvolvidas por professores e estudantes dos cursos de gradua\u00e7\u00e3o e p\u00f3s-gradua\u00e7\u00e3o em Comunica\u00e7\u00e3o da Universidade Federal de Santa Maria e realizadas em diversas escolas da rede p\u00fablica de ensino da regi\u00e3o da Quarta Col\u00f4nia, localizada na Regi\u00e3o Central do Rio Grande do Sul. A cole\u00e7\u00e3o de cartilhas \u00e9 resultado dos projetos \u201cComunica\u00e7\u00e3o de proximidade: mem\u00f3ria, resili\u00eancia e adapta\u00e7\u00e3o social a riscos clim\u00e1ticos e cat\u00e1strofes naturais na Quarta Col\u00f4nia\u201d (PROEXT\/CAPES) e \u201cGovernan\u00e7a e multidimensionalidade dos riscos clim\u00e1ticos: abordagem multidisciplinar em comunica\u00e7\u00e3o de proximidade, interpreta\u00e7\u00e3o geopatrimonial e economia ecol\u00f3gica aplicada aos Geoparques Unesco no Rio Grande do Sul\u201d (FAPERGS).        <\/div>\n            <div class=\"tab-pane fade  pt-3\" id=\"section-e6185b8e-f7c9-4367-93e2-8d1c0c559d7e-organizacao\" role=\"tabpanel\" aria-labelledby=\"section-e6185b8e-f7c9-4367-93e2-8d1c0c559d7e-organizacao-tab\">\n            <div class=\"row row-cols-1 row-cols-md-2\">\n            <div class=\"col p-1\">\n            <div class=\"border-bottom border-1 h-100\">\n                Dalmolin, Aline Roes            <\/div>\n        <\/div>\n            <div class=\"col p-1\">\n            <div class=\"border-bottom border-1 h-100\">\n                Depexe, Sandra            <\/div>\n        <\/div>\n            <div class=\"col p-1\">\n            <div class=\"border-bottom border-1 h-100\">\n                Rodrigues, Ana Julia            <\/div>\n        <\/div>\n            <div class=\"col p-1\">\n            <div class=\"border-bottom border-1 h-100\">\n                Ferreira, Larissa Ta\u00eds            <\/div>\n        <\/div>\n            <div class=\"col p-1\">\n            <div class=\"border-bottom border-1 h-100\">\n                Silveira, Ada Cristina Machado            <\/div>\n        <\/div>\n            <div class=\"col p-1\">\n            <div class=\"border-bottom border-1 h-100\">\n                Storch, Laura Strelow            <\/div>\n        <\/div>\n        \n<\/div>\n        <\/div>\n            <div class=\"tab-pane fade  pt-3\" id=\"section-e6185b8e-f7c9-4367-93e2-8d1c0c559d7e-autoria\" role=\"tabpanel\" aria-labelledby=\"section-e6185b8e-f7c9-4367-93e2-8d1c0c559d7e-autoria-tab\">\n            <div class=\"row row-cols-1 row-cols-md-2\">\n            <div class=\"col p-1\">\n            <div class=\"border-bottom border-1 h-100\">\n                Depexe, Sandra            <\/div>\n        <\/div>\n            <div class=\"col p-1\">\n            <div class=\"border-bottom border-1 h-100\">\n                Rodrigues, Ana Julia            <\/div>\n        <\/div>\n            <div class=\"col p-1\">\n            <div class=\"border-bottom border-1 h-100\">\n                Cristino, L\u00edvia Oliveira            <\/div>\n        <\/div>\n        \n<\/div>\n        <\/div>\n            <div class=\"tab-pane fade  pt-3\" id=\"section-e6185b8e-f7c9-4367-93e2-8d1c0c559d7e-outros-dados\" role=\"tabpanel\" aria-labelledby=\"section-e6185b8e-f7c9-4367-93e2-8d1c0c559d7e-outros-dados-tab\">\n            <dl class=\"row\">\n    <dt class=\"col-12 col-md-3\">Publica\u00e7\u00e3o<\/dt>\n    <dd class=\"col-12 col-md-9\">\n        <dl class=\"row\">\n            <dt class=\"col-12 col-md-4\">Ano<\/dt>\n            <dd class=\"col-12 col-md-8\">2026<\/dd>\n            <dt class=\"col-12 col-md-4\">ISBN<\/dt>\n            <dd class=\"col-12 col-md-8\">978-65-5773-120-8<\/dd>\n        <\/dl>\n    <\/dd>\n            <dt class=\"col-12 col-md-3\">Refer\u00eancia<\/dt>\n        <dd class=\"col-12 col-md-9\">SILVEIRA, Ada Cristina Machado; STORCH, Laura Strelow (Coord.); DALMOLIN, Aline Roes, et al (orgs.). Oficinas comunica\u00e7\u00e3o de proximidade: cole\u00e7\u00e3o. Santa Maria, RS: FACOS-UFSM, 2026.<\/dd>\n                <dt class=\"col-12 col-md-3\">Assuntos<\/dt>\n        <dd class=\"col-12 col-md-9\">Meio ambiente;<br>Mudan\u00e7a clim\u00e1tica;<br>Ensino fundamental;<br>Ensino m\u00e9dio;<br>Quarta Col\u00f4nia (RS);<br>Extens\u00e3o universit\u00e1ria;<br>Universidade Federal de Santa Maria. Departamento de Ci\u00eancias da Comunica\u00e7\u00e3o<\/dd>\n                <dt class=\"col-12 col-md-3\">Licen\u00e7a<\/dt>\n        <dd class=\"col-12 col-md-9\">\n            Acesso Aberto;<br>Attribution-NonCommercial-NoDerivatives 4.0 International;<br><a target='_blank' href='http:\/\/creativecommons.org\/licenses\/by-nc-nd\/4.0\/'>http:\/\/creativecommons.org\/licenses\/by-nc-nd\/4.0\/<\/a>        <\/dd>\n        \n<\/dl>\n        <\/div>\n            <div class=\"tab-pane fade  pt-3\" id=\"section-e6185b8e-f7c9-4367-93e2-8d1c0c559d7e-cnpq\" role=\"tabpanel\" aria-labelledby=\"section-e6185b8e-f7c9-4367-93e2-8d1c0c559d7e-cnpq-tab\">\n            <dl class=\"row\">\n    <dt class=\"col-12 col-md-3\">Grande \u00e1rea<\/dt>\n    <dd class=\"col-12 col-md-9 text-capitalize\">ciencias sociais aplicadas<\/dd>\n    \n            <dt class=\"col-12 col-md-3\">\u00c1rea<\/dt>\n        <dd class=\"col-12 col-md-9 text-capitalize\">comunicacao<\/dd>\n        \n            \n    <\/dl>\n        <\/div>\n    <\/div>\n            <\/div>\n        <\/div>\n    <\/div>\n<\/div>\n\t\t<\/div>\n\t\t\t\t<\/div>\n\t\t\t\t\t<\/div>\n\t\t<\/div>\n\t\t\t\t\t<\/div>\n\t\t<\/section>\n\t\t\t\t<section class=\"elementor-section elementor-top-section elementor-element elementor-element-078e85f elementor-section-boxed elementor-section-height-default elementor-section-height-default\" data-id=\"078e85f\" data-element_type=\"section\">\n\t\t\t\t\t\t<div class=\"elementor-container elementor-column-gap-default\">\n\t\t\t\t\t<div class=\"elementor-column elementor-col-100 elementor-top-column elementor-element elementor-element-4676924\" data-id=\"4676924\" data-element_type=\"column\">\n\t\t\t<div class=\"elementor-widget-wrap elementor-element-populated\">\n\t\t\t\t\t\t<div class=\"elementor-element elementor-element-ba2d350 elementor-widget elementor-widget-wp-widget-ufsm_manancial_ficha_apresentacao\" data-id=\"ba2d350\" data-element_type=\"widget\" data-widget_type=\"wp-widget-ufsm_manancial_ficha_apresentacao.default\">\n\t\t\t\t<div class=\"elementor-widget-container\">\n\t\t\t<div class=\"row g-0\">\n    <div class=\"col-12 col-lg-5\">\n        <div class=\"card rounded-0 bg-primary text-white\">\n                            <img decoding=\"async\" src=\"https:\/\/repositorio.ufsm.br\/bitstream\/handle\/1\/38822\/cartilha_desinforma\u00e7\u00e3o_clim\u00e1tica.png\" class=\"img-fluid img-thumbnail mx-5 mt-5 mb-1\" >\n                        <div class=\"card-body bg-transparent-on-contraste ms-4 ps-4 me-3\">\n                <p class=\"card-title fs-5 lh-sm\">Desinforma\u00e7\u00e3o clim\u00e1tica: pr\u00e1ticas educomunicativas e conscientiza\u00e7\u00e3o socioambiental<\/p>\n                <div class=\"d-flex flex-wrap\">\n                    <a href=\"https:\/\/repositorio.ufsm.br\/handle\/1\/38822\" class=\"small link-light underline-on-hover me-3\" target=\"_blank\">\n                        <i class=\"fa fa-external-link me-1\" aria-hidden=\"true\"><\/i>\n                        Ver no Manancial\n                    <\/a>\n                                            <a href=\"https:\/\/repositorio.ufsm.br\/bitstream\/handle\/1\/38822\/cartilha_desinforma\u00e7\u00e3o_clim\u00e1tica.pdf\" class=\"small link-light underline-on-hover\" target=\"_blank\">\n                            <i class=\"fa fa-file-pdf-o me-1\" aria-hidden=\"true\"><\/i>\n                            Ver o PDF\n                        <\/a>\n                                                        <\/div>\n            <\/div>\n        <\/div>\n    <\/div>\n    <div class=\"col-12 col-lg-7 d-flex\">\n        <div class=\"card rounded-0 rounded-end border-0 shadow w-100\">\n            <div class=\"card-body bg-transparent-on-contraste my-2 mx-3\">\n                <ul class=\"nav nav-pills justify-content-center\" id=\"2127b574-d276-4bc3-b6ec-735bd6dfc020\" role=\"tablist\">\n                    <li class=\"nav-item\" role=\"presentation\">\n            <button class=\"nav-link active\" id=\"section-2127b574-d276-4bc3-b6ec-735bd6dfc020-resumo-tab\" data-bs-toggle=\"tab\" data-bs-target=\"#section-2127b574-d276-4bc3-b6ec-735bd6dfc020-resumo\" type=\"button\" role=\"tab\" aria-controls=\"section-2127b574-d276-4bc3-b6ec-735bd6dfc020-resumo\"  aria-selected=\"true\" >Resumo<\/button>\n        <\/li>\n                    <li class=\"nav-item\" role=\"presentation\">\n            <button class=\"nav-link \" id=\"section-2127b574-d276-4bc3-b6ec-735bd6dfc020-organizacao-tab\" data-bs-toggle=\"tab\" data-bs-target=\"#section-2127b574-d276-4bc3-b6ec-735bd6dfc020-organizacao\" type=\"button\" role=\"tab\" aria-controls=\"section-2127b574-d276-4bc3-b6ec-735bd6dfc020-organizacao\" >Organiza\u00e7\u00e3o<\/button>\n        <\/li>\n                    <li class=\"nav-item\" role=\"presentation\">\n            <button class=\"nav-link \" id=\"section-2127b574-d276-4bc3-b6ec-735bd6dfc020-autoria-tab\" data-bs-toggle=\"tab\" data-bs-target=\"#section-2127b574-d276-4bc3-b6ec-735bd6dfc020-autoria\" type=\"button\" role=\"tab\" aria-controls=\"section-2127b574-d276-4bc3-b6ec-735bd6dfc020-autoria\" >Autoria<\/button>\n        <\/li>\n                    <li class=\"nav-item\" role=\"presentation\">\n            <button class=\"nav-link \" id=\"section-2127b574-d276-4bc3-b6ec-735bd6dfc020-outros-dados-tab\" data-bs-toggle=\"tab\" data-bs-target=\"#section-2127b574-d276-4bc3-b6ec-735bd6dfc020-outros-dados\" type=\"button\" role=\"tab\" aria-controls=\"section-2127b574-d276-4bc3-b6ec-735bd6dfc020-outros-dados\" >Dados da Obra<\/button>\n        <\/li>\n                    <li class=\"nav-item\" role=\"presentation\">\n            <button class=\"nav-link \" id=\"section-2127b574-d276-4bc3-b6ec-735bd6dfc020-cnpq-tab\" data-bs-toggle=\"tab\" data-bs-target=\"#section-2127b574-d276-4bc3-b6ec-735bd6dfc020-cnpq\" type=\"button\" role=\"tab\" aria-controls=\"section-2127b574-d276-4bc3-b6ec-735bd6dfc020-cnpq\" >CNPq<\/button>\n        <\/li>\n    <\/ul>\n<div class=\"tab-content\" id=\"2127b574-d276-4bc3-b6ec-735bd6dfc020Content\">\n            <div class=\"tab-pane fade show active pt-3\" id=\"section-2127b574-d276-4bc3-b6ec-735bd6dfc020-resumo\" role=\"tabpanel\" aria-labelledby=\"section-2127b574-d276-4bc3-b6ec-735bd6dfc020-resumo-tab\">\n            A oficina busca promover pr\u00e1ticas educomunicativas associadas ao combate \u00e0 desinforma\u00e7\u00e3o clim\u00e1tica, voltada a estudantes do 6\u00ba ao 9\u00ba ano do Ensino Fundamental e Ensino M\u00e9dio. As Oficinas Comunica\u00e7\u00e3o de Proximidade foram desenvolvidas por professores e estudantes dos cursos de gradua\u00e7\u00e3o e p\u00f3s-gradua\u00e7\u00e3o em Comunica\u00e7\u00e3o da Universidade Federal de Santa Maria e realizadas em diversas escolas da rede p\u00fablica de ensino da regi\u00e3o da Quarta Col\u00f4nia, localizada na Regi\u00e3o Central do Rio Grande do Sul. A cole\u00e7\u00e3o de cartilhas \u00e9 resultado dos projetos \u201cComunica\u00e7\u00e3o de proximidade: mem\u00f3ria, resili\u00eancia e adapta\u00e7\u00e3o social a riscos clim\u00e1ticos e cat\u00e1strofes naturais na Quarta Col\u00f4nia\u201d (PROEXT\/CAPES) e \u201cGovernan\u00e7a e multidimensionalidade dos riscos clim\u00e1ticos: abordagem multidisciplinar em comunica\u00e7\u00e3o de proximidade, interpreta\u00e7\u00e3o geopatrimonial e economia ecol\u00f3gica aplicada aos Geoparques Unesco no Rio Grande do Sul\u201d (FAPERGS).        <\/div>\n            <div class=\"tab-pane fade  pt-3\" id=\"section-2127b574-d276-4bc3-b6ec-735bd6dfc020-organizacao\" role=\"tabpanel\" aria-labelledby=\"section-2127b574-d276-4bc3-b6ec-735bd6dfc020-organizacao-tab\">\n            <div class=\"row row-cols-1 row-cols-md-2\">\n            <div class=\"col p-1\">\n            <div class=\"border-bottom border-1 h-100\">\n                Dalmolin, Aline Roes            <\/div>\n        <\/div>\n            <div class=\"col p-1\">\n            <div class=\"border-bottom border-1 h-100\">\n                Depexe, Sandra            <\/div>\n        <\/div>\n            <div class=\"col p-1\">\n            <div class=\"border-bottom border-1 h-100\">\n                Rodrigues, Ana Julia            <\/div>\n        <\/div>\n            <div class=\"col p-1\">\n            <div class=\"border-bottom border-1 h-100\">\n                Ferreira, Larissa Ta\u00eds            <\/div>\n        <\/div>\n            <div class=\"col p-1\">\n            <div class=\"border-bottom border-1 h-100\">\n                Silveira, Ada Cristina Machado            <\/div>\n        <\/div>\n            <div class=\"col p-1\">\n            <div class=\"border-bottom border-1 h-100\">\n                Storch, Laura Strelow            <\/div>\n        <\/div>\n        \n<\/div>\n        <\/div>\n            <div class=\"tab-pane fade  pt-3\" id=\"section-2127b574-d276-4bc3-b6ec-735bd6dfc020-autoria\" role=\"tabpanel\" aria-labelledby=\"section-2127b574-d276-4bc3-b6ec-735bd6dfc020-autoria-tab\">\n            <div class=\"row row-cols-1 row-cols-md-2\">\n            <div class=\"col p-1\">\n            <div class=\"border-bottom border-1 h-100\">\n                Dalmolin, Aline Roes            <\/div>\n        <\/div>\n            <div class=\"col p-1\">\n            <div class=\"border-bottom border-1 h-100\">\n                Storch, Laura Strelow            <\/div>\n        <\/div>\n            <div class=\"col p-1\">\n            <div class=\"border-bottom border-1 h-100\">\n                Soares, Natalie Pereira            <\/div>\n        <\/div>\n        \n<\/div>\n        <\/div>\n            <div class=\"tab-pane fade  pt-3\" id=\"section-2127b574-d276-4bc3-b6ec-735bd6dfc020-outros-dados\" role=\"tabpanel\" aria-labelledby=\"section-2127b574-d276-4bc3-b6ec-735bd6dfc020-outros-dados-tab\">\n            <dl class=\"row\">\n    <dt class=\"col-12 col-md-3\">Publica\u00e7\u00e3o<\/dt>\n    <dd class=\"col-12 col-md-9\">\n        <dl class=\"row\">\n            <dt class=\"col-12 col-md-4\">Ano<\/dt>\n            <dd class=\"col-12 col-md-8\">2026<\/dd>\n            <dt class=\"col-12 col-md-4\">ISBN<\/dt>\n            <dd class=\"col-12 col-md-8\">978-65-5773-120-8<\/dd>\n        <\/dl>\n    <\/dd>\n            <dt class=\"col-12 col-md-3\">Refer\u00eancia<\/dt>\n        <dd class=\"col-12 col-md-9\">SILVEIRA, Ada Cristina Machado; STORCH, Laura Strelow (Coord.); DALMOLIN, Aline Roes, et al (orgs.). Oficinas comunica\u00e7\u00e3o de proximidade: cole\u00e7\u00e3o. Santa Maria, RS: FACOS-UFSM, 2026.<\/dd>\n                <dt class=\"col-12 col-md-3\">Assuntos<\/dt>\n        <dd class=\"col-12 col-md-9\">Meio ambiente;<br>Mudan\u00e7a clim\u00e1tica;<br>Ensino fundamental;<br>Ensino m\u00e9dio;<br>Quarta Col\u00f4nia (RS);<br>Extens\u00e3o universit\u00e1ria;<br>Universidade Federal de Santa Maria. Departamento de Ci\u00eancias da Comunica\u00e7\u00e3o<\/dd>\n                <dt class=\"col-12 col-md-3\">Licen\u00e7a<\/dt>\n        <dd class=\"col-12 col-md-9\">\n            Acesso Aberto;<br>Attribution-NonCommercial-NoDerivatives 4.0 International;<br><a target='_blank' href='http:\/\/creativecommons.org\/licenses\/by-nc-nd\/4.0\/'>http:\/\/creativecommons.org\/licenses\/by-nc-nd\/4.0\/<\/a>        <\/dd>\n        \n<\/dl>\n        <\/div>\n            <div class=\"tab-pane fade  pt-3\" id=\"section-2127b574-d276-4bc3-b6ec-735bd6dfc020-cnpq\" role=\"tabpanel\" aria-labelledby=\"section-2127b574-d276-4bc3-b6ec-735bd6dfc020-cnpq-tab\">\n            <dl class=\"row\">\n    <dt class=\"col-12 col-md-3\">Grande \u00e1rea<\/dt>\n    <dd class=\"col-12 col-md-9 text-capitalize\">ciencias sociais aplicadas<\/dd>\n    \n            <dt class=\"col-12 col-md-3\">\u00c1rea<\/dt>\n        <dd class=\"col-12 col-md-9 text-capitalize\">comunicacao<\/dd>\n        \n            \n    <\/dl>\n        <\/div>\n    <\/div>\n            <\/div>\n        <\/div>\n    <\/div>\n<\/div>\n\t\t<\/div>\n\t\t\t\t<\/div>\n\t\t\t\t\t<\/div>\n\t\t<\/div>\n\t\t\t\t\t<\/div>\n\t\t<\/section>\n\t\t\t\t<section class=\"elementor-section elementor-top-section elementor-element elementor-element-d538ecc elementor-section-boxed elementor-section-height-default elementor-section-height-default\" data-id=\"d538ecc\" data-element_type=\"section\">\n\t\t\t\t\t\t<div class=\"elementor-container elementor-column-gap-default\">\n\t\t\t\t\t<div class=\"elementor-column elementor-col-100 elementor-top-column elementor-element elementor-element-dbfd90c\" data-id=\"dbfd90c\" data-element_type=\"column\">\n\t\t\t<div class=\"elementor-widget-wrap elementor-element-populated\">\n\t\t\t\t\t\t<div class=\"elementor-element elementor-element-20e8ebb2 elementor-widget elementor-widget-wp-widget-ufsm_noticias_widget\" data-id=\"20e8ebb2\" data-element_type=\"widget\" data-widget_type=\"wp-widget-ufsm_noticias_widget.default\">\n\t\t\t\t<div class=\"elementor-widget-container\">\n\t\t\t<h5 class='titulo-conteudos'>Publica\u00e7\u00f5es Relacionadas<\/h5><div class='widget-noticias-inside'>\n                        <div class=\"row\">\n                                    <div class=\"col-12 col-lg-3 pb-4\">\n                                            <div class=\"noticias-widget-wrap\" style=\"height: 360px; overflow: hidden;\">\n                            <a title=\"Cole\u00e7\u00e3o de cartilhas Oficinas Comunica\u00e7\u00e3o de Proximidade\" href=\"https:\/\/www.ufsm.br\/editoras\/facos\/oficinas-comunicacao-de-proximidade\">\n                                <span class=\"visually-hidden\">\n                                    Cole\u00e7\u00e3o de cartilhas Oficinas Comunica\u00e7\u00e3o de Proximidade                                <\/span>\n                                <div class=\"noticias-widget-thumbs h-100\">\n                                    <img decoding=\"async\" class=\"object-fit-cover h-100 w-100\" alt=\"\" srcset=\"https:\/\/www.ufsm.br\/app\/uploads\/sites\/746\/2026\/08\/colecao_cartilhas-225x300.jpg 225w, https:\/\/www.ufsm.br\/app\/uploads\/sites\/746\/2026\/08\/colecao_cartilhas-768x1024.jpg 768w, https:\/\/www.ufsm.br\/app\/uploads\/sites\/746\/2026\/08\/colecao_cartilhas.jpg 886w\" src=\"https:\/\/www.ufsm.br\/app\/uploads\/sites\/746\/2026\/08\/colecao_cartilhas-768x1024.jpg\"><\/img>\n                                <\/div>\n                            <\/a>\n                        <\/div>\n                                        \n                                        \n                    \n                    <a class=\"noticias-widget-title d-block  m-0 \"  title=\"Oficinas Comunica\u00e7\u00e3o de Proximidade\" href=\"https:\/\/www.ufsm.br\/editoras\/facos\/oficinas-comunicacao-de-proximidade\">\n                                                Oficinas Comunica\u00e7\u00e3o de Proximidade                    <\/a>\n                    \n                    \n                                        \n                                        \n                                        <\/div>\n                                    <div class=\"col-12 col-lg-3 pb-4\">\n                                            <div class=\"noticias-widget-wrap\" style=\"height: 360px; overflow: hidden;\">\n                            <a title=\"Capa do livro\" href=\"https:\/\/www.ufsm.br\/editoras\/facos\/manual-para-a-cobertura-jornalistica-dos-desastres-climaticos\">\n                                <span class=\"visually-hidden\">\n                                    Capa do livro                                <\/span>\n                                <div class=\"noticias-widget-thumbs h-100\">\n                                    <img decoding=\"async\" class=\"object-fit-cover h-100 w-100\" alt=\"\" srcset=\"https:\/\/www.ufsm.br\/app\/uploads\/sites\/746\/2025\/01\/manual-para-a-cobertura-jornalistica-de-desastres-climaticos-2024_Pagina_01-252x300.jpg 252w, https:\/\/www.ufsm.br\/app\/uploads\/sites\/746\/2025\/01\/manual-para-a-cobertura-jornalistica-de-desastres-climaticos-2024_Pagina_01-860x1024.jpg 860w, https:\/\/www.ufsm.br\/app\/uploads\/sites\/746\/2025\/01\/manual-para-a-cobertura-jornalistica-de-desastres-climaticos-2024_Pagina_01-768x914.jpg 768w, https:\/\/www.ufsm.br\/app\/uploads\/sites\/746\/2025\/01\/manual-para-a-cobertura-jornalistica-de-desastres-climaticos-2024_Pagina_01-1291x1536.jpg 1291w, https:\/\/www.ufsm.br\/app\/uploads\/sites\/746\/2025\/01\/manual-para-a-cobertura-jornalistica-de-desastres-climaticos-2024_Pagina_01-1721x2048.jpg 1721w, https:\/\/www.ufsm.br\/app\/uploads\/sites\/746\/2025\/01\/manual-para-a-cobertura-jornalistica-de-desastres-climaticos-2024_Pagina_01.jpg 1920w\" src=\"https:\/\/www.ufsm.br\/app\/uploads\/sites\/746\/2025\/01\/manual-para-a-cobertura-jornalistica-de-desastres-climaticos-2024_Pagina_01-860x1024.jpg\"><\/img>\n                                <\/div>\n                            <\/a>\n                        <\/div>\n                                        \n                                        \n                    \n                    <a class=\"noticias-widget-title d-block  m-0 \"  title=\"Manual para a cobertura jornal\u00edstica dos desastres clim\u00e1ticos\" href=\"https:\/\/www.ufsm.br\/editoras\/facos\/manual-para-a-cobertura-jornalistica-dos-desastres-climaticos\">\n                                                Manual para a cobertura jornal\u00edstica dos desastres clim\u00e1ticos                    <\/a>\n                    \n                    \n                                        \n                                        \n                                        <\/div>\n                                    <div class=\"col-12 col-lg-3 pb-4\">\n                                            <div class=\"noticias-widget-wrap\" style=\"height: 360px; overflow: hidden;\">\n                            <a title=\"Capa do livro Borboletas da regi\u00e3o central do Rio Grande do Sul\" href=\"https:\/\/www.ufsm.br\/editoras\/facos\/borboletas-da-regiao-central-do-rio-grande-do-sul\">\n                                <span class=\"visually-hidden\">\n                                    Capa do livro Borboletas da regi\u00e3o central do Rio Grande do Sul                                <\/span>\n                                <div class=\"noticias-widget-thumbs h-100\">\n                                    <img decoding=\"async\" class=\"object-fit-cover h-100 w-100\" alt=\"\" srcset=\"https:\/\/www.ufsm.br\/app\/uploads\/sites\/746\/2024\/12\/ebook_borboletas_RS-capa-233x300.jpg 233w, https:\/\/www.ufsm.br\/app\/uploads\/sites\/746\/2024\/12\/ebook_borboletas_RS-capa-797x1024.jpg 797w, https:\/\/www.ufsm.br\/app\/uploads\/sites\/746\/2024\/12\/ebook_borboletas_RS-capa-768x987.jpg 768w, https:\/\/www.ufsm.br\/app\/uploads\/sites\/746\/2024\/12\/ebook_borboletas_RS-capa-1195x1536.jpg 1195w, https:\/\/www.ufsm.br\/app\/uploads\/sites\/746\/2024\/12\/ebook_borboletas_RS-capa-1593x2048.jpg 1593w, https:\/\/www.ufsm.br\/app\/uploads\/sites\/746\/2024\/12\/ebook_borboletas_RS-capa.jpg 1654w\" src=\"https:\/\/www.ufsm.br\/app\/uploads\/sites\/746\/2024\/12\/ebook_borboletas_RS-capa-797x1024.jpg\"><\/img>\n                                <\/div>\n                            <\/a>\n                        <\/div>\n                                        \n                                        \n                    \n                    <a class=\"noticias-widget-title d-block  m-0 \"  title=\"Borboletas da regi\u00e3o central do Rio Grande do Sul\" href=\"https:\/\/www.ufsm.br\/editoras\/facos\/borboletas-da-regiao-central-do-rio-grande-do-sul\">\n                                                Borboletas da regi\u00e3o central do Rio Grande do Sul                    <\/a>\n                    \n                    \n                                        \n                                        \n                                        <\/div>\n                                    <div class=\"col-12 col-lg-3 pb-4\">\n                                            <div class=\"noticias-widget-wrap\" style=\"height: 360px; overflow: hidden;\">\n                            <a title=\"\" href=\"https:\/\/www.ufsm.br\/editoras\/facos\/laboratorio-lageolam-ufsm-25-anos-estudando-areas-de-risco-a-desastres-naturais-volume-3-o-periodo-de-2016-a-2021\">\n                                <span class=\"visually-hidden\">\n                                    Laborat\u00f3rio LAGEOLAM\/UFSM: 25 anos estudando \u00e1reas de risco a desastres naturais \u2013 volume 3 \u2013 o per\u00edodo de 2016 a 2021                                <\/span>\n                                <div class=\"noticias-widget-thumbs h-100\">\n                                    <img decoding=\"async\" class=\"object-fit-cover h-100 w-100\" alt=\"\" srcset=\"https:\/\/www.ufsm.br\/app\/uploads\/sites\/746\/2023\/08\/template-capas-site_lageolam_3-300x169.jpg 300w, https:\/\/www.ufsm.br\/app\/uploads\/sites\/746\/2023\/08\/template-capas-site_lageolam_3-1024x576.jpg 1024w, https:\/\/www.ufsm.br\/app\/uploads\/sites\/746\/2023\/08\/template-capas-site_lageolam_3-768x432.jpg 768w, https:\/\/www.ufsm.br\/app\/uploads\/sites\/746\/2023\/08\/template-capas-site_lageolam_3.jpg 1200w\" src=\"https:\/\/www.ufsm.br\/app\/uploads\/sites\/746\/2023\/08\/template-capas-site_lageolam_3-1024x576.jpg\"><\/img>\n                                <\/div>\n                            <\/a>\n                        <\/div>\n                                        \n                                        \n                    \n                    <a class=\"noticias-widget-title d-block  m-0 \"  title=\"Laborat\u00f3rio LAGEOLAM\/UFSM: 25 anos estudando \u00e1reas de risco a desastres naturais \u2013 volume 3 \u2013 o per\u00edodo de 2016 a 2021\" href=\"https:\/\/www.ufsm.br\/editoras\/facos\/laboratorio-lageolam-ufsm-25-anos-estudando-areas-de-risco-a-desastres-naturais-volume-3-o-periodo-de-2016-a-2021\">\n                                                Laborat\u00f3rio LAGEOLAM\/UFSM: 25 anos estudando \u00e1reas de risco a desastres naturais \u2013 volume 3 \u2013 o per\u00edodo de 2016 a 2021                    <\/a>\n                    \n                    \n                                        \n                                        \n                                        <\/div>\n                            <\/div>\n            <\/div>\n\t\t<\/div>\n\t\t\t\t<\/div>\n\t\t\t\t\t<\/div>\n\t\t<\/div>\n\t\t\t\t\t<\/div>\n\t\t<\/section>\n\t\t\t\t<\/div>\n\t\t","protected":false},"excerpt":{"rendered":"<p>Oficinas Comunica\u00e7\u00e3o de Proximidade Ada Cristina Machado Silveira, Laura Storch (coord.), Aline Dalmolin, Sandra Depexe, Ana Julia Rodrigues e Larissa Ta\u00eds Ferreira (orgs.)<\/p>\n","protected":false},"author":68,"featured_media":635,"parent":0,"menu_order":0,"comment_status":"closed","ping_status":"closed","template":"","meta":{"footnotes":""},"categories":[24,26,151],"tags":[225,212],"class_list":["post-634","page","type-page","status-publish","has-post-thumbnail","hentry","category-comunicacao","category-lancamento","category-ambiente","tag-cartilha","tag-extensao-2"],"acf":[],"_links":{"self":[{"href":"https:\/\/www.ufsm.br\/editoras\/facos\/wp-json\/wp\/v2\/pages\/634","targetHints":{"allow":["GET"]}}],"collection":[{"href":"https:\/\/www.ufsm.br\/editoras\/facos\/wp-json\/wp\/v2\/pages"}],"about":[{"href":"https:\/\/www.ufsm.br\/editoras\/facos\/wp-json\/wp\/v2\/types\/page"}],"author":[{"embeddable":true,"href":"https:\/\/www.ufsm.br\/editoras\/facos\/wp-json\/wp\/v2\/users\/68"}],"replies":[{"embeddable":true,"href":"https:\/\/www.ufsm.br\/editoras\/facos\/wp-json\/wp\/v2\/comments?post=634"}],"version-history":[{"count":0,"href":"https:\/\/www.ufsm.br\/editoras\/facos\/wp-json\/wp\/v2\/pages\/634\/revisions"}],"wp:featuredmedia":[{"embeddable":true,"href":"https:\/\/www.ufsm.br\/editoras\/facos\/wp-json\/wp\/v2\/media\/635"}],"wp:attachment":[{"href":"https:\/\/www.ufsm.br\/editoras\/facos\/wp-json\/wp\/v2\/media?parent=634"}],"wp:term":[{"taxonomy":"category","embeddable":true,"href":"https:\/\/www.ufsm.br\/editoras\/facos\/wp-json\/wp\/v2\/categories?post=634"},{"taxonomy":"post_tag","embeddable":true,"href":"https:\/\/www.ufsm.br\/editoras\/facos\/wp-json\/wp\/v2\/tags?post=634"}],"curies":[{"name":"wp","href":"https:\/\/api.w.org\/{rel}","templated":true}]}}