{"id":834,"date":"2024-12-10T10:04:58","date_gmt":"2024-12-10T13:04:58","guid":{"rendered":"https:\/\/www.ufsm.br\/global\/?page_id=834"},"modified":"2024-12-13T13:30:42","modified_gmt":"2024-12-13T16:30:42","slug":"imigrantes-e-refugiados","status":"publish","type":"page","link":"https:\/\/www.ufsm.br\/global\/imigrantes-e-refugiados","title":{"rendered":"Imigrantes e refugiados"},"content":{"rendered":"\t\t<div data-elementor-type=\"wp-page\" data-elementor-id=\"834\" class=\"elementor elementor-834\">\n\t\t\t\t\t\t<section class=\"elementor-section elementor-top-section elementor-element elementor-element-8b5fb51 elementor-section-boxed elementor-section-height-default elementor-section-height-default\" data-id=\"8b5fb51\" data-element_type=\"section\">\n\t\t\t\t\t\t<div class=\"elementor-container elementor-column-gap-default\">\n\t\t\t\t\t<div class=\"elementor-column elementor-col-100 elementor-top-column elementor-element elementor-element-cc09c5b\" data-id=\"cc09c5b\" data-element_type=\"column\">\n\t\t\t<div class=\"elementor-widget-wrap elementor-element-populated\">\n\t\t\t\t\t\t<div class=\"elementor-element elementor-element-1b8469b elementor-widget elementor-widget-image\" data-id=\"1b8469b\" data-element_type=\"widget\" data-widget_type=\"image.default\">\n\t\t\t\t<div class=\"elementor-widget-container\">\n\t\t\t\t\t\t\t\t\t\t\t\t\t<img fetchpriority=\"high\" decoding=\"async\" width=\"1344\" height=\"223\" src=\"https:\/\/www.ufsm.br\/app\/uploads\/sites\/906\/2024\/12\/Imigrantes-e-refugiados-PT-BR.png\" class=\"attachment-full size-full wp-image-835\" alt=\"\" srcset=\"https:\/\/www.ufsm.br\/app\/uploads\/sites\/906\/2024\/12\/Imigrantes-e-refugiados-PT-BR.png 1344w, https:\/\/www.ufsm.br\/app\/uploads\/sites\/906\/2024\/12\/Imigrantes-e-refugiados-PT-BR-300x50.png 300w, https:\/\/www.ufsm.br\/app\/uploads\/sites\/906\/2024\/12\/Imigrantes-e-refugiados-PT-BR-1024x170.png 1024w, https:\/\/www.ufsm.br\/app\/uploads\/sites\/906\/2024\/12\/Imigrantes-e-refugiados-PT-BR-768x127.png 768w\" sizes=\"(max-width: 1344px) 100vw, 1344px\" \/>\t\t\t\t\t\t\t\t\t\t\t\t\t<\/div>\n\t\t\t\t<\/div>\n\t\t\t\t<div class=\"elementor-element elementor-element-0d03749 elementor-align-right elementor-widget__width-initial elementor-widget elementor-widget-button\" data-id=\"0d03749\" data-element_type=\"widget\" data-widget_type=\"button.default\">\n\t\t\t\t<div class=\"elementor-widget-container\">\n\t\t\t\t\t\t\t<div class=\"elementor-button-wrapper\">\n\t\t\t\t\t<a class=\"elementor-button elementor-button-link elementor-size-sm\" href=\"https:\/\/www.ufsm.br\/global\/reception-and-support-for-immigrants-and-refugees-at-ufsm\" target=\"_blank\">\n\t\t\t\t\t\t<span class=\"elementor-button-content-wrapper\">\n\t\t\t\t\t\t\t\t\t<span class=\"elementor-button-text\">English<\/span>\n\t\t\t\t\t<\/span>\n\t\t\t\t\t<\/a>\n\t\t\t\t<\/div>\n\t\t\t\t\t\t<\/div>\n\t\t\t\t<\/div>\n\t\t\t\t\t<\/div>\n\t\t<\/div>\n\t\t\t\t\t<\/div>\n\t\t<\/section>\n\t\t\t\t<section class=\"elementor-section elementor-top-section elementor-element elementor-element-8ca1bae elementor-section-boxed elementor-section-height-default elementor-section-height-default\" data-id=\"8ca1bae\" data-element_type=\"section\">\n\t\t\t\t\t\t<div class=\"elementor-container elementor-column-gap-default\">\n\t\t\t\t\t<div class=\"elementor-column elementor-col-100 elementor-top-column elementor-element elementor-element-3c0e984\" data-id=\"3c0e984\" data-element_type=\"column\">\n\t\t\t<div class=\"elementor-widget-wrap elementor-element-populated\">\n\t\t\t\t\t\t<div class=\"elementor-element elementor-element-c5c048e elementor-widget elementor-widget-text-editor\" data-id=\"c5c048e\" data-element_type=\"widget\" data-widget_type=\"text-editor.default\">\n\t\t\t\t<div class=\"elementor-widget-container\">\n\t\t\t\t\t\t\t<p>Se voc\u00ea \u00e9 refugiado(a) ou imigrante em situa\u00e7\u00e3o de vulnerabilidade social e est\u00e1 ingressando ou j\u00e1 faz parte da Universidade Federal de Santa Maria (UFSM), saiba que a institui\u00e7\u00e3o oferece uma s\u00e9rie de medidas de acolhimento e suporte para garantir uma experi\u00eancia acad\u00eamica inclusiva e igualit\u00e1ria. Este guia orienta voc\u00ea sobre os principais passos e servi\u00e7os dispon\u00edveis. A maioria dos benef\u00edcios requer inscri\u00e7\u00e3o e passa por um processo de an\u00e1lise em editais ou chamadas institucionais espec\u00edficas.<\/p>\n<p><strong><span style=\"color: #000000;font-size: 12pt\">1. Unidades Respons\u00e1veis pelo Seu Acolhimento<\/span><\/strong><\/p>\n<p align=\"justify\">Na UFSM, v\u00e1rias unidades trabalham juntas para garantir seu acolhimento e suporte:<\/p>\n<ul>\n<li><strong>Pr\u00f3-Reitoria de Gradua\u00e7\u00e3o (PROGRAD):<\/strong> Cuida do seu processo de ingresso nos cursos de gradua\u00e7\u00e3o.<\/li>\n<li><strong>Pr\u00f3-Reitoria de P\u00f3s-Gradua\u00e7\u00e3o e Pesquisa (PRPGP):<\/strong> Cuida do seu processo de ingresso nos cursos de mestrado e doutorado.<\/li>\n<li><strong>Secretaria de Apoio Internacional (SAI):<\/strong> Orienta sobre a documenta\u00e7\u00e3o necess\u00e1ria para perman\u00eancia legal no Brasil.<\/li>\n<li><strong>Pr\u00f3-Reitoria de Assuntos Estudantis (PRAE):<\/strong> Oferece suporte em assist\u00eancia estudantil, como moradia e benef\u00edcios.<\/li>\n<li><strong>Pr\u00f3-Reitoria de Extens\u00e3o (PRE):<\/strong> Promove sua integra\u00e7\u00e3o por meio de oportunidades em projetos de extens\u00e3o.<\/li>\n<\/ul>\n<p><strong>2. Fluxo de Acolhimento e Suporte<\/strong><br>Aqui est\u00e3o as etapas pelas quais voc\u00ea passar\u00e1 ao ingressar na UFSM:<\/p>\n<ul>\n<li><strong>Sele\u00e7\u00e3o e Ingresso:<\/strong> A PROGRAD (gradua\u00e7\u00e3o) e a PRPGP (p\u00f3s-gradua\u00e7\u00e3o) avaliar\u00e3o sua inscri\u00e7\u00e3o, considerando a capacidade da UFSM de oferecer suporte financeiro e log\u00edstico.<\/li>\n<li><strong>Orienta\u00e7\u00e3o sobre Documenta\u00e7\u00e3o:<\/strong> Ap\u00f3s ser selecionado(a), voc\u00ea participar\u00e1 de uma etapa obrigat\u00f3ria conduzida pela SAI, que ajudar\u00e1 voc\u00ea a regularizar sua documenta\u00e7\u00e3o no Brasil. Essa orienta\u00e7\u00e3o n\u00e3o afeta sua classifica\u00e7\u00e3o no processo seletivo.<\/li>\n<li><strong>Assist\u00eancia Estudantil:<\/strong> A SAI orientar\u00e1 sobre como acessar o sistema de sa\u00fade p\u00fablica e a PRAE como participar dos editais para obter benef\u00edcios como moradia, alimenta\u00e7\u00e3o no restaurante universit\u00e1rio e transporte.<\/li>\n<li><strong>Projetos de ensino, pesquisa e extens\u00e3o:<\/strong> A PRE, por meio do Observat\u00f3rio de Direitos Humanos (ODH), criar\u00e1 editais espec\u00edficos para que voc\u00ea possa participar de projetos de ensino, pesquisa e extens\u00e3o.<\/li>\n<\/ul>\n<p><strong>Observa\u00e7\u00e3o:<\/strong> A SAI coordenar\u00e1 programas de Portugu\u00eas como L\u00edngua Estrangeira (PLE) e atividades de adapta\u00e7\u00e3o cultural.<\/p>\n<p><strong>3. Recep\u00e7\u00e3o e Acompanhamento<\/strong><br>A UFSM organiza recep\u00e7\u00f5es espec\u00edficas para refugiados(as) e imigrantes, para al\u00e9m da programa\u00e7\u00e3o regular da universidade. Essas recep\u00e7\u00f5es ser\u00e3o organizadas pelas unidades mencionadas e abordar\u00e3o temas importantes para sua jornada acad\u00eamica e integra\u00e7\u00e3o na comunidade universit\u00e1ria.<br>Se voc\u00ea est\u00e1 em um curso de p\u00f3s-gradua\u00e7\u00e3o, a recep\u00e7\u00e3o ser\u00e1 ajustada conforme sua data de chegada, em parceria com a coordena\u00e7\u00e3o do seu programa.<\/p>\n<p><strong>4. Importante: Participa\u00e7\u00e3o em a\u00e7\u00f5es de Ensino, Pesquisa e Extens\u00e3o<\/strong><br>A UFSM incentiva sua participa\u00e7\u00e3o em atividades extracurriculares, como projetos de ensino, pesquisa e extens\u00e3o, para auxiliar na sua integra\u00e7\u00e3o \u00e0 vida acad\u00eamica e \u00e0 comunidade local. Editais espec\u00edficos para refugiados(as) e imigrantes ser\u00e3o lan\u00e7ados pela PRE. No site da UFSM h\u00e1 uma p\u00e1gina que armazena as oportunidades de bolsas disponibilizadas por editais, fique atento(a) a ela: <a href=\"https:\/\/www.ufsm.br\/bolsas\" target=\"_blank\" rel=\"noopener\">www.ufsm.br\/bolsas<\/a>.<\/p>\n<p><strong>5. Casa do Estudante para Imigrantes e Refugiados<\/strong><br>A UFSM oferece moradia estudantil, conhecida como <strong>Casa do Estudante Universit\u00e1rio (CEU)<\/strong>, para estudantes de gradua\u00e7\u00e3o e p\u00f3s-gradua\u00e7\u00e3o que se encontrem em situa\u00e7\u00e3o de vulnerabilidade social. Refugiados(as) e imigrantes podem solicitar o acesso \u00e0 CEU somente ap\u00f3s formalizado o Benef\u00edcio Socioecon\u00f4mico (BSE). O processo de solicita\u00e7\u00e3o \u00e9 feito por meio de edital da <strong>PRAE<\/strong>, e a an\u00e1lise \u00e9 baseada em crit\u00e9rios socioecon\u00f4micos.<\/p>\n<p><strong>Ent\u00e3o, aten\u00e7\u00e3o:<\/strong> atente aos prazos de editais programa BSE e Moradia Estudantil em <a href=\"https:\/\/www.ufsm.br\/pro-reitorias\/prae\/bolsa-beneficio-socioeconomico\" target=\"_blank\" rel=\"noopener\">www.ufsm.br\/pro-reitorias\/prae\/bolsa-beneficio-socioeconomico<\/a><\/p>\n<p><strong>6. Sistema \u00danico de Sa\u00fade (SUS)<\/strong><br>O SUS \u00e9 o sistema de sa\u00fade p\u00fablica do Brasil, acess\u00edvel a todos os residentes, incluindo refugiados(as) e imigrantes, independentemente de sua situa\u00e7\u00e3o migrat\u00f3ria. Voc\u00ea ter\u00e1 direito a utilizar o SUS para consultas m\u00e9dicas, tratamentos, vacinas e outros servi\u00e7os de sa\u00fade de forma gratuita. Para ser atendido(a), \u00e9 necess\u00e1rio registrar-se em uma Unidade B\u00e1sica de Sa\u00fade (UBS) pr\u00f3xima ao seu local de resid\u00eancia. &nbsp;&nbsp;&nbsp;&nbsp;A SAI poder\u00e1 orient\u00e1-lo(a) sobre o procedimento.&nbsp;<\/p>\n<p>Mais informa\u00e7\u00f5es sobre sa\u00fade p\u00fablica no Brasil, acesse as informa\u00e7\u00f5es no site da ACNUR:<a href=\"https:\/\/help.unhcr.org\/brazil\/saude\/\" target=\"_blank\" rel=\"noopener\"> https:\/\/help.unhcr.org\/brazil\/saude\/<\/a><\/p>\n<p><strong>7. Alimenta\u00e7\u00e3o no Restaurante Universit\u00e1rio (RU)<\/strong><br>O <strong>Restaurante Universit\u00e1rio (RU)<\/strong> oferece refei\u00e7\u00f5es a pre\u00e7os subsidiados para estudantes matriculados(as) na UFSM. No entanto, \u00e9 importante ressaltar que o acesso ao RU s\u00f3 ser\u00e1 permitido <strong><span style=\"text-decoration: underline\">ap\u00f3s<\/span> <\/strong>a confirma\u00e7\u00e3o da sua matr\u00edcula.<\/p>\n<p>S\u00e3o duas possibilidades:<\/p>\n<ul>\n<li><strong>Subsidiado<\/strong> para todos os estudantes da UFSM<\/li>\n<li><strong>Gratuidade<\/strong> para estudantes com BSE<\/li>\n<\/ul>\n<p>Para a gratuidade, voc\u00ea deve solicitar o Benef\u00edcio Socioecon\u00f4mico (BSE) via edital. Ap\u00f3s aprovado, este d\u00e1 acesso \u00e0 gratuidade.<\/p>\n<p><strong>Ent\u00e3o, aten\u00e7\u00e3o:<\/strong> atente aos prazos de editais programa BSE para fazer sua solicita\u00e7\u00e3o neste link <a href=\"http:\/\/www.ufsm.br\/orgaos-suplementares\/ru\" target=\"_blank\" rel=\"noopener\">www.ufsm.br\/orgaos-suplementares\/ru<\/a><\/p>\n<p><strong>8. Organize sua Vinda \u00e0 UFSM<\/strong><br>\u00c9 essencial que voc\u00ea organize sua vinda \u00e0 UFSM somente ap\u00f3s receber confirma\u00e7\u00e3o oficial da sua matr\u00edcula na UFSM por email. A universidade s\u00f3 poder\u00e1 oferecer suporte e assist\u00eancia ap\u00f3s voc\u00ea estar formalmente matriculado(a) como estudante. Portanto, aguarde a finaliza\u00e7\u00e3o do processo seletivo e o &#8220;ok&#8221; final antes de planejar sua chegada.<\/p>\n<p><strong>9. Explore o site UFSM Global<\/strong><\/p>\n<p>No site voc\u00ea encontrar\u00e1 mais informa\u00e7\u00f5es sobre possibilidades de servi\u00e7o p\u00fablico de transportes, contas em bancos, cursos de portugu\u00eas e mais!<\/p>\n<ul>\n<li><strong>Admiss\u00e3o:<\/strong>&nbsp;<a href=\"https:\/\/www.ufsm.br\/global\/undergraduaterefugees\" target=\"_blank\" rel=\"noopener\">&nbsp;www.ufsm.br\/global\/undergraduaterefugees<\/a><\/li>\n<li><strong style=\"color: #000000;font-size: 1rem\">Informa\u00e7\u00f5es importantes:<\/strong> <a style=\"font-size: 1rem;font-weight: var( --e-global-typography-text-font-weight )\" href=\"https:\/\/www.ufsm.br\/global\/whatsnext\" target=\"_blank\" rel=\"noopener\">www.ufsm.br\/global\/whatsnext<\/a><\/li>\n<\/ul>\n<p><strong>10. Veja os contatos abaixo<\/strong><\/p>\n<ul>\n<li><strong>PRAE &#8211;<\/strong> prae@ufsm.br e <a href=\"http:\/\/www.ufsm.br\/prae\" target=\"_blank\" rel=\"noopener\">www.ufsm.br\/prae<\/a><\/li>\n<li><strong>PROGRAD &#8211;<\/strong> prograd@ufsm.br e <a href=\"http:\/\/www.ufsm.br\/prograd\" target=\"_blank\" rel=\"noopener\">www.ufsm.br\/prograd<\/a><\/li>\n<li><strong>SAI &#8211;<\/strong> sai@ufsm.br e <a href=\"http:\/\/www.ufsm.br\/prograd\" target=\"_blank\" rel=\"noopener\">www.ufsm.br\/sai<\/a><\/li>\n<li><strong>PRPGP &#8211;<\/strong> prpgp@ufsm.br e <a href=\"http:\/\/www.ufsm.br\/prpgp\" target=\"_blank\" rel=\"noopener\">www.ufsm.br\/prpgp<\/a><\/li>\n<li><strong>PRE-ODH&nbsp; &#8211;<\/strong> observatoriodh@ufsm.br <a href=\"http:\/\/www.ufsm.br\/pro-reitorias\/pre\/observatorio-de-direitos-humanos\" target=\"_blank\" rel=\"noopener\">www.ufsm.br\/pro-reitorias\/pre\/observatorio-de-direitos-humanos<\/a><\/li><\/ul>\t\t\t\t\t\t<\/div>\n\t\t\t\t<\/div>\n\t\t\t\t\t<\/div>\n\t\t<\/div>\n\t\t\t\t\t<\/div>\n\t\t<\/section>\n\t\t\t\t<\/div>\n\t\t","protected":false},"excerpt":{"rendered":"<p>English Se voc\u00ea \u00e9 refugiado(a) ou imigrante em situa\u00e7\u00e3o de vulnerabilidade social e est\u00e1 ingressando ou j\u00e1 faz parte da Universidade Federal de Santa Maria (UFSM), saiba que a institui\u00e7\u00e3o oferece uma s\u00e9rie de medidas de acolhimento e suporte para garantir uma experi\u00eancia acad\u00eamica inclusiva e igualit\u00e1ria. Este guia orienta voc\u00ea sobre os principais passos [&hellip;]<\/p>\n","protected":false},"author":6328,"featured_media":836,"parent":0,"menu_order":0,"comment_status":"closed","ping_status":"closed","template":"","meta":{"footnotes":""},"categories":[],"tags":[],"class_list":["post-834","page","type-page","status-publish","has-post-thumbnail","hentry"],"acf":[],"_links":{"self":[{"href":"https:\/\/www.ufsm.br\/global\/wp-json\/wp\/v2\/pages\/834","targetHints":{"allow":["GET"]}}],"collection":[{"href":"https:\/\/www.ufsm.br\/global\/wp-json\/wp\/v2\/pages"}],"about":[{"href":"https:\/\/www.ufsm.br\/global\/wp-json\/wp\/v2\/types\/page"}],"author":[{"embeddable":true,"href":"https:\/\/www.ufsm.br\/global\/wp-json\/wp\/v2\/users\/6328"}],"replies":[{"embeddable":true,"href":"https:\/\/www.ufsm.br\/global\/wp-json\/wp\/v2\/comments?post=834"}],"version-history":[{"count":0,"href":"https:\/\/www.ufsm.br\/global\/wp-json\/wp\/v2\/pages\/834\/revisions"}],"wp:featuredmedia":[{"embeddable":true,"href":"https:\/\/www.ufsm.br\/global\/wp-json\/wp\/v2\/media\/836"}],"wp:attachment":[{"href":"https:\/\/www.ufsm.br\/global\/wp-json\/wp\/v2\/media?parent=834"}],"wp:term":[{"taxonomy":"category","embeddable":true,"href":"https:\/\/www.ufsm.br\/global\/wp-json\/wp\/v2\/categories?post=834"},{"taxonomy":"post_tag","embeddable":true,"href":"https:\/\/www.ufsm.br\/global\/wp-json\/wp\/v2\/tags?post=834"}],"curies":[{"name":"wp","href":"https:\/\/api.w.org\/{rel}","templated":true}]}}