{"id":1432,"date":"2020-01-08T09:19:41","date_gmt":"2020-01-08T12:19:41","guid":{"rendered":"https:\/\/www.ufsm.br\/laboratorios\/corpus\/?page_id=1432"},"modified":"2021-09-07T15:57:46","modified_gmt":"2021-09-07T18:57:46","slug":"centro-de-documentacao-e-memoria","status":"publish","type":"page","link":"https:\/\/www.ufsm.br\/laboratorios\/corpus\/centro-de-documentacao-e-memoria","title":{"rendered":"Centro de Documenta\u00e7\u00e3o e Mem\u00f3ria"},"content":{"rendered":"\n<figure id=\"attachment_1433\" aria-describedby=\"caption-attachment-1433\" style=\"width: 329px\" class=\"wp-caption alignleft\"><a href=\"https:\/\/www.ufsm.br\/laboratorios\/corpus\/wp-content\/uploads\/sites\/771\/2020\/01\/20180316_163530.jpg\"><img fetchpriority=\"high\" decoding=\"async\" class=\"wp-image-1433\" src=\"https:\/\/www.ufsm.br\/laboratorios\/corpus\/wp-content\/uploads\/sites\/771\/2020\/01\/20180316_163530-300x225.jpg\" alt=\"Vista Frontal - UFSM\/Silveira Martins\" width=\"329\" height=\"247\" srcset=\"https:\/\/www.ufsm.br\/app\/uploads\/sites\/771\/2020\/01\/20180316_163530-300x225.jpg 300w, https:\/\/www.ufsm.br\/app\/uploads\/sites\/771\/2020\/01\/20180316_163530-1024x768.jpg 1024w, https:\/\/www.ufsm.br\/app\/uploads\/sites\/771\/2020\/01\/20180316_163530-768x576.jpg 768w, https:\/\/www.ufsm.br\/app\/uploads\/sites\/771\/2020\/01\/20180316_163530-1536x1152.jpg 1536w, https:\/\/www.ufsm.br\/app\/uploads\/sites\/771\/2020\/01\/20180316_163530.jpg 1920w\" sizes=\"(max-width: 329px) 100vw, 329px\" \/><\/a><figcaption id=\"caption-attachment-1433\" class=\"wp-caption-text\">Vista Frontal &#8211; UFSM\/Silveira Martins<\/figcaption><\/figure>\n<p style=\"text-align: justify\">O Centro de Documenta\u00e7\u00e3o e Mem\u00f3ria (doravante CDM) caracteriza-se como uma \u201centidade mista\u201d que recebe doa\u00e7\u00f5es de documentos e objetos de pessoas que, de modo direto ou indireto, contribu\u00edram para a constru\u00e7\u00e3o da hist\u00f3ria e dos saberes pr\u00f3prios ao Centro de Artes e Letras (e) da UFSM. O referido Centro foi pensado inicialmente por uma equipe de pesquisadores do Laborat\u00f3rio Corpus e hoje, localizado na nova unidade de pesquisa e extens\u00e3o da UFSM, faz parte do Espa\u00e7o Multidisciplinar \u2013 UFSM Silveira Martins. Ele tem por meta principal preservar a mem\u00f3ria das pesquisas, dos pesquisadores e das pessoas que fazem parte da vida acad\u00eamica do Centro de Arte e Letras, al\u00e9m de contribuir para o desenvolvimento de pesquisas sobre o disciplinar contempor\u00e2neo. Ele tem sob sua cust\u00f3dia documentos de interesse lingu\u00edstico, liter\u00e1rio e art\u00edstico. A fun\u00e7\u00e3o do Centro \u00e9 receber, organizar, conservar, descrever e divulgar informa\u00e7\u00f5es constantes do acervo, proporcionando um espa\u00e7o de mem\u00f3ria e pesquisa.<\/p>\n<p style=\"text-align: justify\">&nbsp;<\/p>\n<p style=\"text-align: justify\">Seus objetivos s\u00e3o:<\/p>\n<ul>\n<li style=\"text-align: justify\">Guardar e difundir documentos de pessoas que, de algum modo, contribu\u00edram para que a hist\u00f3ria do Centro de Artes e Letras da UFSM fosse escrita desta maneira e n\u00e3o de outra;<\/li>\n<li style=\"text-align: justify\">Receber e manter fundos documentais e ou acervos liter\u00e1rios que re\u00fanam arquivos sobre diferentes tem\u00e1ticas, mas que, ao constitu\u00edrem um Fundo e ou um Acervo, tenham, no m\u00ednimo, uma origem comum: um pesquisador, um grupo de pesquisa, etc. (o que, em \u00faltima inst\u00e2ncia, dever\u00e1 nomear o Fundo\/Acervo);<\/li>\n<li style=\"text-align: justify\">Viabilizar pesquisas de cunho biogr\u00e1fico, bibliogr\u00e1fico, textual, imag\u00e9tico, entre outros. A consulta ao acervo do CDM \u00e9 p\u00fablica, realizada somente no local, (futuramente ser\u00e1 disponibilizado de forma eletr\u00f4nica, conforme a especificidade de cada conjunto documental \u2013 quest\u00f5es legais e do estado de conserva\u00e7\u00e3o do documento) e o acesso aos documentos \u00e9 mediado por um profissional respons\u00e1vel, mediante solicita\u00e7\u00e3o justificada atrav\u00e9s de formul\u00e1rio espec\u00edfico.<\/li>\n<\/ul>\n\n\n\n<p>Fotografias do espa\u00e7o do CDM na UFSM\/Silveira Martins<\/p>\n<p><a href=\"https:\/\/www.ufsm.br\/laboratorios\/corpus\/wp-content\/uploads\/sites\/771\/2020\/01\/cdmespaco2.jpeg\"><img decoding=\"async\" class=\"wp-image-1438 alignleft\" src=\"https:\/\/www.ufsm.br\/laboratorios\/corpus\/wp-content\/uploads\/sites\/771\/2020\/01\/cdmespaco2-300x300.jpeg\" alt=\"\" width=\"400\" height=\"400\" srcset=\"https:\/\/www.ufsm.br\/app\/uploads\/sites\/771\/2020\/01\/cdmespaco2-300x300.jpeg 300w, https:\/\/www.ufsm.br\/app\/uploads\/sites\/771\/2020\/01\/cdmespaco2-1024x1024.jpeg 1024w, https:\/\/www.ufsm.br\/app\/uploads\/sites\/771\/2020\/01\/cdmespaco2-150x150.jpeg 150w, https:\/\/www.ufsm.br\/app\/uploads\/sites\/771\/2020\/01\/cdmespaco2-768x768.jpeg 768w, https:\/\/www.ufsm.br\/app\/uploads\/sites\/771\/2020\/01\/cdmespaco2.jpeg 1280w\" sizes=\"(max-width: 400px) 100vw, 400px\" \/><\/a><\/p>\n<p><a href=\"https:\/\/www.ufsm.br\/laboratorios\/corpus\/wp-content\/uploads\/sites\/771\/2020\/01\/cdmespaco1.jpeg\"><img decoding=\"async\" class=\"wp-image-1437 alignleft\" src=\"https:\/\/www.ufsm.br\/laboratorios\/corpus\/wp-content\/uploads\/sites\/771\/2020\/01\/cdmespaco1-225x300.jpeg\" alt=\"\" width=\"300\" height=\"400\" srcset=\"https:\/\/www.ufsm.br\/app\/uploads\/sites\/771\/2020\/01\/cdmespaco1-225x300.jpeg 225w, https:\/\/www.ufsm.br\/app\/uploads\/sites\/771\/2020\/01\/cdmespaco1-768x1024.jpeg 768w, https:\/\/www.ufsm.br\/app\/uploads\/sites\/771\/2020\/01\/cdmespaco1.jpeg 774w\" sizes=\"(max-width: 300px) 100vw, 300px\" \/><\/a><\/p>\n<p>\u00a0<\/p>\n<p>\u00a0<\/p>\n<p>\u00a0<\/p>\n<p>\u00a0<\/p>\n<p>\u00a0<\/p>\n<p>\u00a0<\/p>\n<p>\u00a0<\/p>\n<p>\u00a0<\/p>\n<p>\u00a0<\/p>\n<p>\u00a0<\/p>\n\n\n\n<p style=\"text-align: justify\"><strong>Centro de Documenta\u00e7\u00e3o e Mem\u00f3ria<\/strong><\/p>\n<ul>\n<li style=\"text-align: justify\">Endere\u00e7o: Rua Francisco Guerino, n. 407<\/li>\n<li style=\"text-align: justify\">Centro<\/li>\n<li style=\"text-align: justify\">Silveira Martins \u2013 RS<\/li>\n<li style=\"text-align: justify\">CEP 97.195-000<\/li>\n<li style=\"text-align: justify\">Telefone: (55) 3224-4701<\/li>\n<li style=\"text-align: justify\">Email: <a href=\"mailto:cdm@ufsm.br\">cdm@ufsm.br<\/a><\/li>\n<li style=\"text-align: justify\">Hor\u00e1rio de atendimento: de segunda a sexta, exceto feriados nacionais, estaduais ou municipais, das 8:00 \u00e0s 18:00.<\/li>\n<\/ul>\n","protected":false},"excerpt":{"rendered":"<p>O Centro de Documenta\u00e7\u00e3o e Mem\u00f3ria (doravante CDM) caracteriza-se como uma \u201centidade mista\u201d que recebe doa\u00e7\u00f5es de documentos e objetos de pessoas que, de modo direto ou indireto, contribu\u00edram para a constru\u00e7\u00e3o da hist\u00f3ria e dos saberes pr\u00f3prios ao Centro de Artes e Letras (e) da UFSM. O referido Centro foi pensado inicialmente por uma [&hellip;]<\/p>\n","protected":false},"author":8,"featured_media":0,"parent":0,"menu_order":0,"comment_status":"closed","ping_status":"closed","template":"","meta":{"footnotes":""},"categories":[],"tags":[],"class_list":["post-1432","page","type-page","status-publish","hentry"],"acf":[],"_links":{"self":[{"href":"https:\/\/www.ufsm.br\/laboratorios\/corpus\/wp-json\/wp\/v2\/pages\/1432","targetHints":{"allow":["GET"]}}],"collection":[{"href":"https:\/\/www.ufsm.br\/laboratorios\/corpus\/wp-json\/wp\/v2\/pages"}],"about":[{"href":"https:\/\/www.ufsm.br\/laboratorios\/corpus\/wp-json\/wp\/v2\/types\/page"}],"author":[{"embeddable":true,"href":"https:\/\/www.ufsm.br\/laboratorios\/corpus\/wp-json\/wp\/v2\/users\/8"}],"replies":[{"embeddable":true,"href":"https:\/\/www.ufsm.br\/laboratorios\/corpus\/wp-json\/wp\/v2\/comments?post=1432"}],"version-history":[{"count":0,"href":"https:\/\/www.ufsm.br\/laboratorios\/corpus\/wp-json\/wp\/v2\/pages\/1432\/revisions"}],"wp:attachment":[{"href":"https:\/\/www.ufsm.br\/laboratorios\/corpus\/wp-json\/wp\/v2\/media?parent=1432"}],"wp:term":[{"taxonomy":"category","embeddable":true,"href":"https:\/\/www.ufsm.br\/laboratorios\/corpus\/wp-json\/wp\/v2\/categories?post=1432"},{"taxonomy":"post_tag","embeddable":true,"href":"https:\/\/www.ufsm.br\/laboratorios\/corpus\/wp-json\/wp\/v2\/tags?post=1432"}],"curies":[{"name":"wp","href":"https:\/\/api.w.org\/{rel}","templated":true}]}}