{"id":1646,"date":"2024-07-22T15:14:50","date_gmt":"2024-07-22T18:14:50","guid":{"rendered":"https:\/\/www.ufsm.br\/laboratorios\/corpus\/?page_id=1646"},"modified":"2024-09-19T13:56:53","modified_gmt":"2024-09-19T16:56:53","slug":"xxvii-seminario-corpus-enlaces-e-perspectivas","status":"publish","type":"page","link":"https:\/\/www.ufsm.br\/laboratorios\/corpus\/xxvii-seminario-corpus-enlaces-e-perspectivas","title":{"rendered":"XXVII Semin\u00e1rio Corpus: Laborat\u00f3rio Corpus 25 anos &#8211; enlaces e perspectivas"},"content":{"rendered":"\t\t<div data-elementor-type=\"wp-page\" data-elementor-id=\"1646\" class=\"elementor elementor-1646\">\n\t\t\t\t\t\t<section class=\"elementor-section elementor-top-section elementor-element elementor-element-af329ea elementor-section-boxed elementor-section-height-default elementor-section-height-default\" data-id=\"af329ea\" data-element_type=\"section\">\n\t\t\t\t\t\t<div class=\"elementor-container elementor-column-gap-default\">\n\t\t\t\t\t<div class=\"elementor-column elementor-col-100 elementor-top-column elementor-element elementor-element-568687a\" data-id=\"568687a\" data-element_type=\"column\">\n\t\t\t<div class=\"elementor-widget-wrap elementor-element-populated\">\n\t\t\t\t\t\t<div class=\"elementor-element elementor-element-153430f elementor-widget elementor-widget-image\" data-id=\"153430f\" data-element_type=\"widget\" data-widget_type=\"image.default\">\n\t\t\t\t<div class=\"elementor-widget-container\">\n\t\t\t\t\t\t\t\t\t\t\t\t\t<img fetchpriority=\"high\" decoding=\"async\" width=\"1080\" height=\"400\" src=\"https:\/\/www.ufsm.br\/app\/uploads\/sites\/771\/2024\/07\/Header.jpg\" class=\"attachment-full size-full wp-image-1652\" alt=\"\" srcset=\"https:\/\/www.ufsm.br\/app\/uploads\/sites\/771\/2024\/07\/Header.jpg 1080w, https:\/\/www.ufsm.br\/app\/uploads\/sites\/771\/2024\/07\/Header-300x111.jpg 300w, https:\/\/www.ufsm.br\/app\/uploads\/sites\/771\/2024\/07\/Header-1024x379.jpg 1024w, https:\/\/www.ufsm.br\/app\/uploads\/sites\/771\/2024\/07\/Header-768x284.jpg 768w\" sizes=\"(max-width: 1080px) 100vw, 1080px\" \/>\t\t\t\t\t\t\t\t\t\t\t\t\t<\/div>\n\t\t\t\t<\/div>\n\t\t\t\t\t<\/div>\n\t\t<\/div>\n\t\t\t\t\t<\/div>\n\t\t<\/section>\n\t\t\t\t<section class=\"elementor-section elementor-top-section elementor-element elementor-element-d91e737 elementor-section-boxed elementor-section-height-default elementor-section-height-default\" data-id=\"d91e737\" data-element_type=\"section\">\n\t\t\t\t\t\t<div class=\"elementor-container elementor-column-gap-default\">\n\t\t\t\t\t<div class=\"elementor-column elementor-col-100 elementor-top-column elementor-element elementor-element-146976e\" data-id=\"146976e\" data-element_type=\"column\">\n\t\t\t<div class=\"elementor-widget-wrap elementor-element-populated\">\n\t\t\t\t\t\t<div class=\"elementor-element elementor-element-0a2f4bf elementor-widget elementor-widget-text-editor\" data-id=\"0a2f4bf\" data-element_type=\"widget\" data-widget_type=\"text-editor.default\">\n\t\t\t\t<div class=\"elementor-widget-container\">\n\t\t\t\t\t\t\t<p style=\"text-align: center\"><span style=\"font-family: 'andale mono', monospace\"><strong>Primavera de pesquisas no Sul: hist\u00f3ria, sujeito e mem\u00f3ria<\/strong><\/span><\/p><p style=\"text-align: center\"><span style=\"font-family: 'andale mono', monospace\"><strong>XXVII Semin\u00e1rio Corpus: Laborat\u00f3rio Corpus 25 anos: enlaces e perspectivas<\/strong><\/span><\/p><p style=\"text-align: center\"><span style=\"font-family: 'andale mono', monospace\"><strong>Observat\u00f3rio de pr\u00e1ticas sociais e linguageiras: produ\u00e7\u00e3o de sentidos em tempos de pandemia<\/strong><\/span><\/p>\t\t\t\t\t\t<\/div>\n\t\t\t\t<\/div>\n\t\t\t\t\t<\/div>\n\t\t<\/div>\n\t\t\t\t\t<\/div>\n\t\t<\/section>\n\t\t\t\t<section class=\"elementor-section elementor-top-section elementor-element elementor-element-89bc6cc elementor-section-boxed elementor-section-height-default elementor-section-height-default\" data-id=\"89bc6cc\" data-element_type=\"section\">\n\t\t\t\t\t\t<div class=\"elementor-container elementor-column-gap-default\">\n\t\t\t\t\t<div class=\"elementor-column elementor-col-33 elementor-top-column elementor-element elementor-element-b7ed8a6\" data-id=\"b7ed8a6\" data-element_type=\"column\">\n\t\t\t<div class=\"elementor-widget-wrap elementor-element-populated\">\n\t\t\t\t\t\t<div class=\"elementor-element elementor-element-1a3f3a9 elementor-align-center elementor-widget elementor-widget-button\" data-id=\"1a3f3a9\" data-element_type=\"widget\" data-widget_type=\"button.default\">\n\t\t\t\t<div class=\"elementor-widget-container\">\n\t\t\t\t\t\t\t<div class=\"elementor-button-wrapper\">\n\t\t\t\t\t<a class=\"elementor-button elementor-button-link elementor-size-sm\" href=\"https:\/\/forms.gle\/GzgK6L5KC6aVQiRU9\" target=\"_blank\" https=\"\">\n\t\t\t\t\t\t<span class=\"elementor-button-content-wrapper\">\n\t\t\t\t\t\t<span class=\"elementor-button-icon\">\n\t\t\t\t<i aria-hidden=\"true\" class=\"far fa-calendar-alt\"><\/i>\t\t\t<\/span>\n\t\t\t\t\t\t\t\t\t<span class=\"elementor-button-text\">Inscri\u00e7\u00e3o para o evento<\/span>\n\t\t\t\t\t<\/span>\n\t\t\t\t\t<\/a>\n\t\t\t\t<\/div>\n\t\t\t\t\t\t<\/div>\n\t\t\t\t<\/div>\n\t\t\t\t\t<\/div>\n\t\t<\/div>\n\t\t\t\t<div class=\"elementor-column elementor-col-33 elementor-top-column elementor-element elementor-element-c7dd1cb\" data-id=\"c7dd1cb\" data-element_type=\"column\">\n\t\t\t<div class=\"elementor-widget-wrap elementor-element-populated\">\n\t\t\t\t\t\t<div class=\"elementor-element elementor-element-98bde8c elementor-align-center elementor-widget elementor-widget-button\" data-id=\"98bde8c\" data-element_type=\"widget\" data-widget_type=\"button.default\">\n\t\t\t\t<div class=\"elementor-widget-container\">\n\t\t\t\t\t\t\t<div class=\"elementor-button-wrapper\">\n\t\t\t\t\t<a class=\"elementor-button elementor-button-link elementor-size-sm\" href=\"https:\/\/www.ufsm.br\/app\/uploads\/sites\/771\/2024\/09\/XXVII-Seminario-Corpus-Programacao-geral-.docx.pdf\" target=\"_blank\" https=\"\">\n\t\t\t\t\t\t<span class=\"elementor-button-content-wrapper\">\n\t\t\t\t\t\t<span class=\"elementor-button-icon\">\n\t\t\t\t<i aria-hidden=\"true\" class=\"far fa-calendar-alt\"><\/i>\t\t\t<\/span>\n\t\t\t\t\t\t\t\t\t<span class=\"elementor-button-text\">Programa\u00e7\u00e3o (nova)<\/span>\n\t\t\t\t\t<\/span>\n\t\t\t\t\t<\/a>\n\t\t\t\t<\/div>\n\t\t\t\t\t\t<\/div>\n\t\t\t\t<\/div>\n\t\t\t\t\t<\/div>\n\t\t<\/div>\n\t\t\t\t<div class=\"elementor-column elementor-col-33 elementor-top-column elementor-element elementor-element-1c4253b\" data-id=\"1c4253b\" data-element_type=\"column\">\n\t\t\t<div class=\"elementor-widget-wrap elementor-element-populated\">\n\t\t\t\t\t\t<div class=\"elementor-element elementor-element-ac6aa6c elementor-align-center elementor-widget elementor-widget-button\" data-id=\"ac6aa6c\" data-element_type=\"widget\" data-widget_type=\"button.default\">\n\t\t\t\t<div class=\"elementor-widget-container\">\n\t\t\t\t\t\t\t<div class=\"elementor-button-wrapper\">\n\t\t\t\t\t<a class=\"elementor-button elementor-button-link elementor-size-sm\" href=\"https:\/\/www.ufsm.br\/app\/uploads\/sites\/771\/2024\/09\/Apresentacao-de-posteres-24-e-25-de-setembro.docx.pdf\" target=\"_blank\" https=\"\">\n\t\t\t\t\t\t<span class=\"elementor-button-content-wrapper\">\n\t\t\t\t\t\t<span class=\"elementor-button-icon\">\n\t\t\t\t<i aria-hidden=\"true\" class=\"far fa-calendar-alt\"><\/i>\t\t\t<\/span>\n\t\t\t\t\t\t\t\t\t<span class=\"elementor-button-text\">Apresenta\u00e7\u00f5es em p\u00f4ster<\/span>\n\t\t\t\t\t<\/span>\n\t\t\t\t\t<\/a>\n\t\t\t\t<\/div>\n\t\t\t\t\t\t<\/div>\n\t\t\t\t<\/div>\n\t\t\t\t\t<\/div>\n\t\t<\/div>\n\t\t\t\t\t<\/div>\n\t\t<\/section>\n\t\t\t\t<section class=\"elementor-section elementor-top-section elementor-element elementor-element-d2807f0 elementor-section-boxed elementor-section-height-default elementor-section-height-default\" data-id=\"d2807f0\" data-element_type=\"section\">\n\t\t\t\t\t\t<div class=\"elementor-container elementor-column-gap-default\">\n\t\t\t\t\t<div class=\"elementor-column elementor-col-100 elementor-top-column elementor-element elementor-element-c7e98f6\" data-id=\"c7e98f6\" data-element_type=\"column\">\n\t\t\t<div class=\"elementor-widget-wrap elementor-element-populated\">\n\t\t\t\t\t\t<div class=\"elementor-element elementor-element-a169778 elementor-widget elementor-widget-heading\" data-id=\"a169778\" data-element_type=\"widget\" data-widget_type=\"heading.default\">\n\t\t\t\t<div class=\"elementor-widget-container\">\n\t\t\t<h3 class=\"elementor-heading-title elementor-size-default\">CHAMADA PARA APRESENTA\u00c7\u00c3O DE TRABALHOS<\/h3>\t\t<\/div>\n\t\t\t\t<\/div>\n\t\t\t\t<div class=\"elementor-element elementor-element-2a3e3e6 elementor-widget elementor-widget-spacer\" data-id=\"2a3e3e6\" data-element_type=\"widget\" data-widget_type=\"spacer.default\">\n\t\t\t\t<div class=\"elementor-widget-container\">\n\t\t\t\t\t<div class=\"elementor-spacer\">\n\t\t\t<div class=\"elementor-spacer-inner\"><\/div>\n\t\t<\/div>\n\t\t\t\t<\/div>\n\t\t\t\t<\/div>\n\t\t\t\t<div class=\"elementor-element elementor-element-ed43840 elementor-widget elementor-widget-text-editor\" data-id=\"ed43840\" data-element_type=\"widget\" data-widget_type=\"text-editor.default\">\n\t\t\t\t<div class=\"elementor-widget-container\">\n\t\t\t\t\t\t\t<p style=\"text-align: left\"><span style=\"font-weight: 400\">O Corpus &#8211; Laborat\u00f3rio de fontes de estudos da linguagem convida os pesquisadores em forma\u00e7\u00e3o e\/ou com trabalhos consolidados vinculados aos laborat\u00f3rios parceiros para a apresenta\u00e7\u00e3o de trabalhos acad\u00eamicos no <\/span><b><i>XXVII Semin\u00e1rio Corpus &#8211; Laborat\u00f3rio Corpus 25 anos: enlaces e perspectivas<\/i><\/b><span style=\"font-weight: 400\">. Os trabalhos submetidos e aprovados dever\u00e3o ser apresentados presencialmente no formato de banner entre os dias 23 e 25 de setembro de 2024 na Universidade Federal de Santa Maria &#8211; Campus Sede.&nbsp;<\/span><\/p>\n<p><span style=\"font-weight: 400\">Mais informa\u00e7\u00f5es:<\/span><a href=\"https:\/\/www.ufsm.br\/laboratorios\/corpus\"> <b>https:\/\/www.ufsm.br\/laboratorios\/corpus<\/b><\/a><span style=\"font-weight: 400\">.<\/span><\/p>\n<p><span style=\"font-weight: 400\">&nbsp;<\/span><\/p>\n<p><b>As inscri\u00e7\u00f5es e a submiss\u00e3o de trabalhos devem ser feitas pelo Google Forms at\u00e9 25 de agosto, conforme segue:<\/b><a href=\"https:\/\/forms.gle\/zdci4R1acSPocU1PA\"> <b><i>https:\/\/forms.gle\/zdci4R1acSPocU1PA<\/i><\/b><\/a>&nbsp;(encerrado)<\/p>\n<p><span style=\"font-weight: 400\">Template do resumo: <\/span><a href=\"https:\/\/docs.google.com\/document\/d\/1KAHGentvX0-7WSw6wGKtWMvKjhTaYt7V\/edit?usp=drive_link&amp;ouid=103004956075780521952&amp;rtpof=true&amp;sd=true\"><span style=\"font-weight: 400\">clique aqui<\/span><\/a><\/p>\n<p><span style=\"font-weight: 400\">Template do banner: <\/span><a href=\"https:\/\/docs.google.com\/presentation\/d\/1QGcIPCtd93dvoHOFx6x5OAgKBXKxyUl9\/edit?usp=sharing&amp;ouid=103004956075780521952&amp;rtpof=true&amp;sd=true\"><span style=\"font-weight: 400\">clique aqui<\/span><\/a><\/p>\n<p><b><i>D\u00favidas podem ser enviadas para o email <\/i><\/b><b><i>labcorpus1@gmail.com<\/i><\/b><span style=\"font-weight: 400\">&nbsp;<\/span><\/p>\n<p><\/p>\n<p style=\"text-align: right\"><span style=\"font-weight: 400\">Atenciosamente,<\/span><\/p>\n<p style=\"text-align: right\"><span style=\"font-weight: 400\">Comiss\u00e3o Organizadora.<\/span><\/p>\t\t\t\t\t\t<\/div>\n\t\t\t\t<\/div>\n\t\t\t\t\t<\/div>\n\t\t<\/div>\n\t\t\t\t\t<\/div>\n\t\t<\/section>\n\t\t\t\t<\/div>\n\t\t","protected":false},"excerpt":{"rendered":"<p>Primavera de pesquisas no Sul: hist\u00f3ria, sujeito e mem\u00f3ria XXVII Semin\u00e1rio Corpus: Laborat\u00f3rio Corpus 25 anos: enlaces e perspectivas Observat\u00f3rio de pr\u00e1ticas sociais e linguageiras: produ\u00e7\u00e3o de sentidos em tempos de pandemia Inscri\u00e7\u00e3o para o evento Programa\u00e7\u00e3o (nova) Apresenta\u00e7\u00f5es em p\u00f4ster CHAMADA PARA APRESENTA\u00c7\u00c3O DE TRABALHOS O Corpus &#8211; Laborat\u00f3rio de fontes de estudos da [&hellip;]<\/p>\n","protected":false},"author":3679,"featured_media":0,"parent":0,"menu_order":0,"comment_status":"closed","ping_status":"closed","template":"","meta":{"footnotes":""},"categories":[],"tags":[],"class_list":["post-1646","page","type-page","status-publish","hentry"],"acf":[],"_links":{"self":[{"href":"https:\/\/www.ufsm.br\/laboratorios\/corpus\/wp-json\/wp\/v2\/pages\/1646","targetHints":{"allow":["GET"]}}],"collection":[{"href":"https:\/\/www.ufsm.br\/laboratorios\/corpus\/wp-json\/wp\/v2\/pages"}],"about":[{"href":"https:\/\/www.ufsm.br\/laboratorios\/corpus\/wp-json\/wp\/v2\/types\/page"}],"author":[{"embeddable":true,"href":"https:\/\/www.ufsm.br\/laboratorios\/corpus\/wp-json\/wp\/v2\/users\/3679"}],"replies":[{"embeddable":true,"href":"https:\/\/www.ufsm.br\/laboratorios\/corpus\/wp-json\/wp\/v2\/comments?post=1646"}],"version-history":[{"count":0,"href":"https:\/\/www.ufsm.br\/laboratorios\/corpus\/wp-json\/wp\/v2\/pages\/1646\/revisions"}],"wp:attachment":[{"href":"https:\/\/www.ufsm.br\/laboratorios\/corpus\/wp-json\/wp\/v2\/media?parent=1646"}],"wp:term":[{"taxonomy":"category","embeddable":true,"href":"https:\/\/www.ufsm.br\/laboratorios\/corpus\/wp-json\/wp\/v2\/categories?post=1646"},{"taxonomy":"post_tag","embeddable":true,"href":"https:\/\/www.ufsm.br\/laboratorios\/corpus\/wp-json\/wp\/v2\/tags?post=1646"}],"curies":[{"name":"wp","href":"https:\/\/api.w.org\/{rel}","templated":true}]}}