{"id":64,"date":"2019-12-18T10:30:45","date_gmt":"2019-12-18T13:30:45","guid":{"rendered":"https:\/\/www.ufsm.br\/laboratorios\/corpus\/?page_id=64"},"modified":"2020-01-06T11:32:53","modified_gmt":"2020-01-06T14:32:53","slug":"periodicos","status":"publish","type":"page","link":"https:\/\/www.ufsm.br\/laboratorios\/corpus\/periodicos","title":{"rendered":"Peri\u00f3dicos"},"content":{"rendered":"\t\t<div data-elementor-type=\"wp-page\" data-elementor-id=\"64\" class=\"elementor elementor-64\">\n\t\t\t\t\t\t<section class=\"elementor-section elementor-top-section elementor-element elementor-element-2cbb768 elementor-section-boxed elementor-section-height-default elementor-section-height-default\" data-id=\"2cbb768\" data-element_type=\"section\">\n\t\t\t\t\t\t<div class=\"elementor-container elementor-column-gap-default\">\n\t\t\t\t\t<div class=\"elementor-column elementor-col-100 elementor-top-column elementor-element elementor-element-d8accd3\" data-id=\"d8accd3\" data-element_type=\"column\">\n\t\t\t<div class=\"elementor-widget-wrap elementor-element-populated\">\n\t\t\t\t\t\t<div class=\"elementor-element elementor-element-f0b3420 elementor-widget elementor-widget-toggle\" data-id=\"f0b3420\" data-element_type=\"widget\" data-widget_type=\"toggle.default\">\n\t\t\t\t<div class=\"elementor-widget-container\">\n\t\t\t\t\t<div class=\"elementor-toggle\">\n\t\t\t\t\t\t\t<div class=\"elementor-toggle-item\">\n\t\t\t\t\t<div id=\"elementor-tab-title-2521\" class=\"elementor-tab-title\" data-tab=\"1\" role=\"button\" aria-controls=\"elementor-tab-content-2521\" aria-expanded=\"false\">\n\t\t\t\t\t\t\t\t\t\t\t\t<span class=\"elementor-toggle-icon elementor-toggle-icon-left\" aria-hidden=\"true\">\n\t\t\t\t\t\t\t\t\t\t\t\t\t\t\t<span class=\"elementor-toggle-icon-closed\"><i class=\"fas fa-caret-right\"><\/i><\/span>\n\t\t\t\t\t\t\t\t<span class=\"elementor-toggle-icon-opened\"><i class=\"elementor-toggle-icon-opened fas fa-caret-up\"><\/i><\/span>\n\t\t\t\t\t\t\t\t\t\t\t\t\t<\/span>\n\t\t\t\t\t\t\t\t\t\t\t\t<a class=\"elementor-toggle-title\" tabindex=\"0\">Letra A<\/a>\n\t\t\t\t\t<\/div>\n\n\t\t\t\t\t<div id=\"elementor-tab-content-2521\" class=\"elementor-tab-content elementor-clearfix\" data-tab=\"1\" role=\"region\" aria-labelledby=\"elementor-tab-title-2521\"><p>ABRAPLIP: Mem\u00f3ria e Identidade. Associa\u00e7\u00e3o Brasileira de Professores de Literatura Portuguesa. n\u00ba 2, Santa Maria: ABRALIP: 2001.<br \/><br \/>ABRAPLIP: XVIII Encontro da ABRAPLIP. Encontro de Professores Brasileiros de Literatura Portuguesa, Santa Maria, 2003.<br \/><br \/>ACTA. VIII Semin\u00e1rio de Integra\u00e7\u00e3o de Pesquisa e P\u00f3s-Gradua\u00e7\u00e3o: ci\u00eancias e tecnologias em defesa da vida. URI\/FW, 2004.<br \/><br \/>ACTA SCIENTIARUM: Language and Culture. v.30, n\u00b0 2, Jul\/Dez 2008.<br \/><br \/>ALFA: Tradu\u00e7\u00e3o, descontra\u00e7\u00e3o e p\u00f3s-modernidade. S\u00e3o Paulo: UNESP, 2000.<br \/><br \/>ANAIS: I Semin\u00e1rio Internacional Interdisciplinar, 1993.<br \/><br \/>ANAIS: IV Congresso Brasileiro de Lingu\u00edstica Aplicada. IEL\/Unicamp, 1995.<br \/><br \/>ANAIS. VIII Semin\u00e1rio de Integra\u00e7\u00e3o de Pesquisa e P\u00f3s-Gradua\u00e7\u00e3o: ci\u00eancias e tecnologias em defesa da vida. URI\/FW, 2004.<br \/><br \/>ANAIS. II Congresso de Direito, multiculturalismo e cidadania. URI\/Santo \u00c2ngelo\/Nov. 2008.<br \/><br \/>ANAIS, I semin\u00e1rio Nacional: subjetividade e escrita. Santa Maria: UFSM, 2000.<br \/><br \/>ANIMUS: Revista Interamericana de Comunica\u00e7\u00e3o Midi\u00e1tica, n\u00ba 1. UFSM\/CCSH, NedM\u00eddia, 2003.<br \/><br \/>ANIMUS: Revista Interamericana de Comunica\u00e7\u00e3o Midi\u00e1tica. Vol. III. N. 01. jan\/jun. 2004. UFSM, NedM\u00eddia, 2004.<br \/><br \/>ANIMUS: Revista Interamericana de Comunica\u00e7\u00e3o Midi\u00e1tica. Vol. III. N. 02. jul\/dez. 2004. UFSM, NedM\u00eddia, 2004.<br \/><br \/>ANNUAIRE ET ESPECTACLE 1997 \u2013 1998 \u2013 1999.<br \/><br \/>ANPOLL \u2013 Associa\u00e7\u00e3o Nacional de P\u00f3s-Gradua\u00e7\u00e3o e Pesquisa em Letras e Ling\u00fc\u00edstica. n. 2. S\u00e3o Paulo: FFL, 1996.<br \/><br \/>ANPOLL \u2013 Associa\u00e7\u00e3o Nacional de P\u00f3s-Gradua\u00e7\u00e3o e Pesquisa em Letras e Ling\u00fc\u00edstica. n. 3. S\u00e3o Paulo: Humanitas, 1997.<br \/><br \/>ANPOLL \u2013 Associa\u00e7\u00e3o Nacional de P\u00f3s-Gradua\u00e7\u00e3o e Pesquisa em Letras e Ling\u00fc\u00edstica. n. 4. S\u00e3o Paulo: Humanitas,1998.<br \/><br \/>ANPOLL \u2013 Associa\u00e7\u00e3o Nacional de P\u00f3s-Gradua\u00e7\u00e3o e Pesquisa em Letras e Ling\u00fc\u00edstica. n. 5. S\u00e3o Paulo: Humanitas, 1998.<br \/><br \/>ANPOLL \u2013 Associa\u00e7\u00e3o Nacional de P\u00f3s-Gradua\u00e7\u00e3o e Pesquisa em Letras e Ling\u00fc\u00edstica. n. 10. S\u00e3o Paulo: Humanitas, 2001.<br \/><br \/>ANPOLL \u2013 Associa\u00e7\u00e3o Nacional de P\u00f3s-Gradua\u00e7\u00e3o e Pesquisa em Letras e Ling\u00fc\u00edstica. n. 11. S\u00e3o Paulo: Humanitas, 2001.<br \/><br \/>ANPOLL \u2013 Associa\u00e7\u00e3o Nacional de P\u00f3s-Gradua\u00e7\u00e3o e Pesquisa em Letras e Ling\u00fc\u00edstica. n.12. S\u00e3o Paulo: Humanitas, 2002.<br \/><br \/>ANPOLL \u2013 Associa\u00e7\u00e3o Nacional de P\u00f3s-Gradua\u00e7\u00e3o e Pesquisa em Letras e Ling\u00fc\u00edstica. n. 13. S\u00e3o Paulo: Humanitas, 2002.<br \/><br \/>ANPOLL \u2013 Associa\u00e7\u00e3o Nacional de P\u00f3s-Gradua\u00e7\u00e3o e Pesquisa em Letras e Ling\u00fc\u00edstica. n. 14. S\u00e3o Paulo: Humanitas, 2003.<br \/><br \/>ANPOLL \u2013 Associa\u00e7\u00e3o Nacional de P\u00f3s-Gradua\u00e7\u00e3o e Pesquisa em Letras e Ling\u00fc\u00edstica. n. 16. S\u00e3o Paulo: Humanitas, 2004.<br \/><br \/>ANPOLL \u2013 Associa\u00e7\u00e3o Nacional de P\u00f3s-Gradua\u00e7\u00e3o e Pesquisa em Letras e Ling\u00fc\u00edstica. n. 18. Campinas: IEL, 2005.<br \/><br \/>ANPOLL. \u2013 Associa\u00e7\u00e3o Nacional de P\u00f3s-Gradua\u00e7\u00e3o e Pesquisa em Letras e Ling\u00fc\u00edstica. n. 20. Campinas: IEL, 2006.<br \/><br \/>ANPOLL \u2013 Associa\u00e7\u00e3o Nacional de P\u00f3s-Gradua\u00e7\u00e3o e Pesquisa em Letras e Ling\u00fc\u00edstica. n. 21. Campinas: IEL, 2006.<br \/><br \/>ANPOLL \u2013 Associa\u00e7\u00e3o Nacional de P\u00f3s-Gradua\u00e7\u00e3o e Pesquisa em Letras e Ling\u00fc\u00edstica. n. 22. Bras\u00edlia: UnB, 2007.<br \/><br \/>ANPOLL \u2013 Associa\u00e7\u00e3o Nacional de P\u00f3s-Gradua\u00e7\u00e3o e Pesquisa em Letras e Ling\u00fc\u00edstica. n.23. Bras\u00edlia: UnB, 2007.<br \/><br \/>ANPOLL \u2013 Associa\u00e7\u00e3o Nacional de P\u00f3s-Gradua\u00e7\u00e3o e Pesquisa em Letras e Ling\u00fc\u00edstica. n.24. Bras\u00edlia: UnB, 2008.<br \/><br \/>ANPOLL \u2013 Associa\u00e7\u00e3o Nacional de P\u00f3s-Gradua\u00e7\u00e3o e Pesquisa em Letras e Ling\u00fc\u00edstica. n.25. Bras\u00edlia: UnB, 2008.<br \/><br \/>ANPOLL \u2013 Associa\u00e7\u00e3o Nacional de P\u00f3s-Gradua\u00e7\u00e3o e Pesquisa em Letras e Ling\u00fc\u00edstica. n.26. Belo Horizonte: UFMG, 2009.<br \/><br \/>ANPOLL \u2013 Associa\u00e7\u00e3o Nacional de P\u00f3s-Gradua\u00e7\u00e3o e Pesquisa em Letras e Ling\u00fc\u00edstica. n. 28. Belo Horizonte: UFMG, 2010.<br \/><br \/>ANPOLL \u2013 Associa\u00e7\u00e3o Nacional de P\u00f3s-Gradua\u00e7\u00e3o e Pesquisa em Letras e Ling\u00fc\u00edstica. n. 29. Belo Horizonte: UFMG, 2010.<br \/><br \/>ANPOLL \u2013 Associa\u00e7\u00e3o Nacional de P\u00f3s-Gradua\u00e7\u00e3o e Pesquisa em Letras e Ling\u00fc\u00edstica. Boletim Informativo do XVII Encontro Nacional da Anpoll: A P\u00f3s-gradua\u00e7\u00e3o em Letras e Ling\u00fc\u00edstica no Brasil:Mem\u00f3rias e Proje\u00e7\u00f5es. n\u00ba 31. Gramado, RS, 2002.<br \/><br \/>ANPOLL \u2013 Associa\u00e7\u00e3o Nacional de P\u00f3s-Gradua\u00e7\u00e3o e Pesquisa em Letras e Ling\u00fc\u00edstica. Boletim Informativo do XIX Encontro Nacional da Anpoll: Ci\u00eancia para o Brasil e a \u00e1rea de Letras e Ling\u00fc\u00edstica. n\u00ba 32. Macei\u00f3, AL, 2004.<br \/><br \/>ANPOLL \u2013 Associa\u00e7\u00e3o Nacional de P\u00f3s-Gradua\u00e7\u00e3o e Pesquisa em Letras e Ling\u00fc\u00edstica. Lingu\u00edstica: Linguagem, hist\u00f3ria e acontecimento. n\u00ba 32. Bras\u00edlia, DF, 2012.<br \/><br \/>AO P\u00c9 DA LETRA. Revista dos alunos de gradua\u00e7\u00e3o em Letras. v. 4.2. dez. 2002. Universidade de Federal de Pernambuco, 2002.<br \/><br \/>ARTEXTO \u2013 Revista do Departamento de Letras e artes. Vol. 9, Rio Grande, RS, 1998.<br \/><br \/>ARTEXTO \u2013 Revista do Departamento de Letras e artes. Vol. 10, Rio Grande, RS, 1999.<br \/><br \/>ARTEXTO \u2013 Revista do Departamento de Letras e artes. Vol. 11, Rio Grande, RS, 2000.<br \/><br \/>ARTEXTO \u2013 Revista do Departamento de Letras e artes. Vol. 12, Rio Grande, RS, 2001.<br \/><br \/>APRECIANDO \u2013 Curso de Desenho e Pl\u00e1stica, n\u00ba8, 2002. CARTA DE PORTO ALEGRE: Chamamento contra a transforma\u00e7\u00e3o da Educa\u00e7\u00e3o em mercadoria. III Cumbre.<br \/><br \/>Aspectos de Ia adquisici\u00f3n y de Ia did\u00e1ctica de Ias lenguas. Universidad Nacional de Tucum\u00e1n. S\u00e3o Miguel de Tucum\u00e1n, Argentina, 2000.<br \/><br \/>A TERRA, O HOMEM E A EDUCA\u00c7\u00c3O \u2013 Jos\u00e9 Mariano da Rocha Filho \u2013 UFSM, 2\u00aa Ed.<br \/><br \/>A UNIVERSIDADE DA FOTOGRAFIA \u2013 MUSEU DA UFRGS<br \/><br \/>AUTORES GA\u00daCHOS: Cyro Martins. Porto Alegre, IEL, Vol. 1. 1984.<br \/><br \/>AUTORES GA\u00daCHOS: M\u00e1rio Quintana. Porto Alegre, IEL, Vol.6. 1985.<br \/><br \/>AUTORES GA\u00daCHOS: Josu\u00e9 Guimar\u00e3es. Porto Alegre, IEL, Vol.15. 1988.<br \/><br \/>AUTORES GA\u00daCHOS: Heitor Saldanha. Porto Alegre, IEL, Vol.2. 1984.<br \/><br \/>AUTORES GA\u00daCHOS: Luis Fernando ver\u00edssimo. Porto Alegre, IEL, Vol.4. 1984.<br \/><br \/>AUTORES GA\u00daCHOS: Armindo Trevisan. Porto Alegre, IEL, Vol. 10. 1986.<br \/><br \/>AUTORES GA\u00daCHOS: S\u00e9rgio Faraco. Porto Alegre, IEL, Vol. 11. 1986.<br \/><br \/>AUTORES GA\u00daCHOS: Carlos carvalho. Porto Alegre, IEL, Vol. 12. 1986.<br \/><br \/>AUTORES GA\u00daCHOS: Lara de Lemos. Porto Alegre, IEL, Vol. 14. 1987.<br \/><br \/>AUTORES GA\u00daCHOS: Lara de Lemos. Porto Alegre, IEL, 1995. Vol. 14. (2\u00aa edi\u00e7\u00e3o).<br \/><br \/>AUTORES GA\u00daCHOS: Jos\u00e9 Clemente Pozenato. Porto Alegre, IEL, Vol. 25. 1995 (2\u00aa edi\u00e7\u00e3o).<\/p><\/div>\n\t\t\t\t<\/div>\n\t\t\t\t\t\t\t<div class=\"elementor-toggle-item\">\n\t\t\t\t\t<div id=\"elementor-tab-title-2522\" class=\"elementor-tab-title\" data-tab=\"2\" role=\"button\" aria-controls=\"elementor-tab-content-2522\" aria-expanded=\"false\">\n\t\t\t\t\t\t\t\t\t\t\t\t<span class=\"elementor-toggle-icon elementor-toggle-icon-left\" aria-hidden=\"true\">\n\t\t\t\t\t\t\t\t\t\t\t\t\t\t\t<span class=\"elementor-toggle-icon-closed\"><i class=\"fas fa-caret-right\"><\/i><\/span>\n\t\t\t\t\t\t\t\t<span class=\"elementor-toggle-icon-opened\"><i class=\"elementor-toggle-icon-opened fas fa-caret-up\"><\/i><\/span>\n\t\t\t\t\t\t\t\t\t\t\t\t\t<\/span>\n\t\t\t\t\t\t\t\t\t\t\t\t<a class=\"elementor-toggle-title\" tabindex=\"0\">Letra B<\/a>\n\t\t\t\t\t<\/div>\n\n\t\t\t\t\t<div id=\"elementor-tab-content-2522\" class=\"elementor-tab-content elementor-clearfix\" data-tab=\"2\" role=\"region\" aria-labelledby=\"elementor-tab-title-2522\"><p>Barbar\u00f3i. Revista do Departamento de Ci\u00eancias Humanas e do Departamento de Psicologia, n.\u00ba 7, UNISC: 1997.<br \/><br \/>Barbar\u00f3i. Revista do Departamento de Ci\u00eancias Humanas e do Departamento de Psicologia, n.\u00ba 10, UNISC: 1999.<br \/><br \/>Barbar\u00f3i. Revista do Departamento de Ci\u00eancias Humanas e do Departamento de Psicologia, n.\u00ba 12, UNISC: 2000.<br \/><br \/>Barbar\u00f3i. Revista do Departamento de Ci\u00eancias Humanas e do Departamento de Psicologia, n.\u00ba 14, UNISC: 2001. (2 Exemplares)<br \/><br \/>Barbar\u00f3i. Revista do Departamento de Ci\u00eancias Humanas e do Departamento de Psicologia, n.\u00ba 16, UNISC: 2002.<br \/><br \/>BOLETIM DO CAL, n. 8. 2000 \u2013 2002.<br \/><br \/>BRAVO ENTREVISTA, 2002.<br \/><br \/>BRAVO \u2013 n.172, dezembro de 2011.<br \/><br \/>BRAVO (especial) \u2013 n.172, dezembro de 2011.<br \/><br \/>BRAVO \u2013 186, FEVEREIRO, 2013.<br \/><br \/>BULLETIN DE FRAN\u00c7AIS INSTRUMENTAL, n\u00ba12. Paris\/Fran\u00e7a, 1990.<br \/><br \/>BULLETIN ANALYTIQUE DE LINGUISTIQUE FRAN\u00c7AISE. Paris\/Fran\u00e7a, 1982.<\/p><\/div>\n\t\t\t\t<\/div>\n\t\t\t\t\t\t\t<div class=\"elementor-toggle-item\">\n\t\t\t\t\t<div id=\"elementor-tab-title-2523\" class=\"elementor-tab-title\" data-tab=\"3\" role=\"button\" aria-controls=\"elementor-tab-content-2523\" aria-expanded=\"false\">\n\t\t\t\t\t\t\t\t\t\t\t\t<span class=\"elementor-toggle-icon elementor-toggle-icon-left\" aria-hidden=\"true\">\n\t\t\t\t\t\t\t\t\t\t\t\t\t\t\t<span class=\"elementor-toggle-icon-closed\"><i class=\"fas fa-caret-right\"><\/i><\/span>\n\t\t\t\t\t\t\t\t<span class=\"elementor-toggle-icon-opened\"><i class=\"elementor-toggle-icon-opened fas fa-caret-up\"><\/i><\/span>\n\t\t\t\t\t\t\t\t\t\t\t\t\t<\/span>\n\t\t\t\t\t\t\t\t\t\t\t\t<a class=\"elementor-toggle-title\" tabindex=\"0\">Letra C<\/a>\n\t\t\t\t\t<\/div>\n\n\t\t\t\t\t<div id=\"elementor-tab-content-2523\" class=\"elementor-tab-content elementor-clearfix\" data-tab=\"3\" role=\"region\" aria-labelledby=\"elementor-tab-title-2523\"><p>CADERNO ADuniamp. Contra a reforma da \u2018IM\u2019 previd\u00eancia, 2003.<br \/><br \/>CADERNOS DE COMUNICA\u00c7\u00c3O, n.\u00ba2, UFSM: dezembro, 1997.<br \/><br \/>CADERNOS DE COMUNICA\u00c7\u00c3O, n.\u00ba10, UFSM: junho, 2004.<br \/><br \/>CADERNOS CEDES. Pol\u00edticas p\u00fablicas e educa\u00e7\u00e3o, n. 55, Campinas: 2001.<br \/><br \/>CADERNOS CEDES. Inf\u00e2ncia e educa\u00e7\u00e3o: as meninas, n. 56, Campinas: 2002.<br \/><br \/>CADERNOS CEDES. Educa\u00e7\u00e3o, adolesc\u00eancias e culturas juvenis: diferentes contextos, n.\u00ba 57, Campinas: agosto 2002.<br \/><br \/>CADERNOS DE ESTUDOS LING\u00dc\u00cdSTICOS: n\u00ba 27, UNICAMP\/IEL, 1994.<br \/><br \/>CADERNOS DE ESTUDOS LING\u00dc\u00cdSTICOS: n\u00ba 30, UNICAMP\/IEL, 1996.<br \/><br \/>CADERNOS DE ESTUDOS LING\u00dc\u00cdSTICOS: n\u00ba 36, UNICAMP\/IEL, 1999.<br \/><br \/>CADERNOS DE ESTUDOS LING\u00dc\u00cdSTICOS: n\u00ba 37, UNICAMP\/IEL, 1999.<br \/><br \/>CADERNOS DE ESTUDOS LING\u00dc\u00cdSTICOS: A Singularidade como quest\u00e3o, n.\u00ba 38, UNICAMP\/IEL , 2000.<br \/><br \/>CADERNOS DE ESTUDOS LING\u00dc\u00cdSTICOS: Quest\u00f5es de referencia\u00e7\u00e3o, n\u00ba 41, 2001.<br \/><br \/>CADERNOS DE ESTUDOS LING\u00dc\u00cdSTICOS: Hist\u00f3ria das id\u00e9ias ling\u00fc\u00edsticas, n.\u00ba 42, UNICAMP\/IEL, 2002.<br \/><br \/>CADERNOS DE ESTUDOS LING\u00dc\u00cdSTICOS: n\u00ba 46(1), UNICAMP\/IEL, 2004.<br \/><br \/>CADERNOS DE ESTUDOS LING\u00dc\u00cdSTICOS: n\u00ba 50(2), UNICAMP\/IEL, 2008.<br \/><br \/>CADERNOS DE ESTUDOS LING\u00dc\u00cdSTICOS: n\u00ba 51(1), UNICAMP\/IEL, 2009.<br \/><br \/>CADERNO DE RESUMOS. 1\u00ba Semin\u00e1rio de Trabalho Corpus: an\u00e1lise de dados e cultura acad\u00eamica. 1999.<br \/><br \/>CADERNO DE RESUMOS. V SENALE. Pelotas: UCPel, 2007.<br \/><br \/>CADERNOS DE RESUMOS. XVII ENCONTRO DE PROFESSORES BRASILEIROS DE LITERATURA PORTUGUESA. Santa Maria, RS: Gr\u00e1fica Palloti, 2001.<br \/><br \/>CADERNO DO P\u00d3S: Mestrado em Letras, 1997.<br \/><br \/>CADERNO SEMINAL. Vol. 8, n\u00b0 8,1\u00aa ed. Rio de Janeiro: DIALOGARTS; 2000.<br \/><br \/>CADERNOS LUSO-AFRICANOS: As literaturas africanas em l\u00edngua portuguesa, n. 1, UNIJU\u00cd, 1986.<br \/><br \/>CADERNOS PUC S\u00e3o Paulo. Ling\u00fc\u00edstica, aquisi\u00e7\u00e3o de linguagem e problemas metodol\u00f3gicos. S\u00e3o Paulo: Cortez, v. 9.<br \/><br \/>CADERNOS DE TEXTOS DE INICIA\u00c7\u00c3O \u00c0 LINGU\u00cdSTICA. Vol. 1.<br \/><br \/>CADERNOS DE TEXTOS DE INICIA\u00c7\u00c3O \u00c0 LINGU\u00cdSTICA. Vol. 2.<br \/><br \/>CADERNOS DE TRADU\u00c7\u00c3O, n.4, UFRGS, out. 1998.<br \/><br \/>CADERNOS DE TRADU\u00c7\u00c3O, n. 9, UFRGS, jan\/mar 2000.<br \/><br \/>CADERNOS DE TRADU\u00c7\u00c3O, n. 10, UFRGS, abr\/jun 2000.<br \/><br \/>CADERNOS DE TRADU\u00c7\u00c3O, n. 11, UFRGS, jul\/set 2000.<br \/><br \/>CADERNOS DE TRADU\u00c7\u00c3O, n. 12, UFRGS, out\/dez 2000.<br \/><br \/>CADERNOS DE TRADU\u00c7\u00c3O, n. 13, UFRGS, jan\/mar 2001.<br \/><br \/>CADERNOS DE TRADU\u00c7\u00c3O, n. 14, UFRGS, abr\/jun 2001.<br \/><br \/>CADERNOS DE TRADU\u00c7\u00c3O, n. 15, UFRGS , jul\/set 2001.<br \/><br \/>CADERNOS DE TRADU\u00c7\u00c3O, n. 16, UFRGS, 2002.<br \/><br \/>CADERNOS DE TRADU\u00c7\u00c3O, n. 19, UFRGS, abr\/jun 2006.<br \/><br \/>CADERNOS DE TRADU\u00c7\u00c3O, n. I, UFSC, 1996.<br \/><br \/>CADERNOS DE TRADU\u00c7\u00c3O, n. V, UFSC, 2000.<br \/><br \/>CADERNOS DE TRADU\u00c7\u00c3O, n. X , UFSC, 2002.<br \/><br \/>CADERNOS DE TRADU\u00c7\u00c3O, n. XII, UFSC, 2003.<br \/><br \/>CADERNOS DE TRADU\u00c7\u00c3O, n. XXIX, UFSC, 2012.<br \/><br \/>CADERNOS DO CENTRO DE PESQUISAS LITER\u00c1RIAS DA PUCRS. POA, Vol. 1, n 1, abril, 1995.<br \/><br \/>CADERNOS DO CENTRO DE PESQUISAS LITER\u00c1RIAS DA PUCRS. POA, Vol. 3, n 1, janeiro, 1997.<br \/><br \/>CADERNOS DO CENTRO DE PESQUISAS LITER\u00c1RIAS DA PUCRS. POA, Vol. 4, n 2, novembro,1998.<br \/><br \/>CADERNOS DO CENTRO DE PESQUISAS LITER\u00c1RIAS DA PUCRS. POA, Vol. 4, n 3, dezembro, 1998.<br \/><br \/>CADERNOS DO CENTRO DE PESQUISAS LITER\u00c1RIAS DA PUCRS. POA, Vol. 8, n 1, novembro, 2002.<br \/><br \/>CADERNOS DO CENTRO DE PESQUISAS LITER\u00c1RIAS DA PUCRS. POA, Vol. 9, n 1, junho, 2003.<br \/><br \/>CADERNOS DO CENTRO DE PESQUISAS LITER\u00c1RIAS DA PUCRS. POA, Vol. 9, n 2, outubro, 2003.<br \/><br \/>CARAVELA, Studi e ricerche di l\u00edngua e letterature di espressione portoghese, NAPOLI: 2000.<br \/><br \/>CARTA DE PORTO ALEGRE: chamamento contra a transforma\u00e7\u00e3o da educa\u00e7\u00e3o em mercadoria. UFRGS.<br \/><br \/>CAT\u00c1LOGO DE DISSERTA\u00c7\u00d5ES: mestrado em Letras. UFSM, 1991 a 1997.<br \/><br \/>CERRADOS: Revista do Curso de P\u00f3s-Gradua\u00e7\u00e3o em Literatura, n. l0. Universidade de Bras\u00edlia, 2000.<br \/><br \/>CIENCIAS &amp; LETRAS: Educa\u00e7\u00e3o e Ensino, n. 29, 2001. FAPA.<br \/><br \/>CI\u00caNCIAS &amp; LETRAS: Aprendizagem e Ensino, n.\u00ba 30, 2001. FAPA.<br \/><br \/>CI\u00caNCIAS &amp; LETRAS: Aprendizagem e Ensino, n.\u00ba 31, 2002. FAPA.<br \/><br \/>COLE\u00c7\u00c3O CADERNOS URCAMP. A poesia de Apparicio Silva Rillo na educa\u00e7\u00e3o b\u00e1sica. S\u00e3o Borja, 2005.<br \/><br \/>COMMUNAUT\u00c9 LINGUISTIQUE: unit\u00e9 et diversit\u00e9, n.\u00ba l0. UNlVERSIT\u00c9 DE LAUSANNE, 1089.<br \/><br \/>COMMUNICARE: Revista de Pesquisa\/ Centro Interdisciplinar de Pesquisa. V. 3, n\u00ba 2, S\u00e3o Paulo: Faculdade de Comunica\u00e7\u00e3o Social C\u00e1sper L\u00edbero, 2003.<br \/><br \/>CONEX\u00c3O LETRAS: Ling\u00fc\u00edstica, Literatura &amp; Hist\u00f3ria\/ PPG-Letras da UFRGS; Ana Zandwais, Jane Tutikian, L\u00facia S\u00e1 Rebello (organizadoras); Porto Alegre: Sagra Luzzatto, n\u00b01, v.1, 2005.<br \/><br \/>CONEX\u00c3O LETRAS: Ling\u00fc\u00edstica, Literatura &amp; Identidade\/ PPG-Letras da UFRGS; Porto Alegre: UFRGS, n\u00b02, v.2, 2006.<br \/><br \/>CONEX\u00c3O LETRAS: Ling\u00fc\u00edstica, Literatura &amp; Encontros e Pesquisa\/ PPG-Letras da UFRGS; Porto Alegre: UFRGS, n\u00b03, v.3, 2008.<br \/><br \/>CONEX\u00c3O LETRAS: Ling\u00fc\u00edstica, Literatura &amp; Encontros e Pesquisa\/ PPG-Letras da UFRGS; Porto Alegre: UFRGS, n\u00b04, v.4, 2009.<br \/><br \/>CONTRAPONTOS: Revista de educa\u00e7\u00e3o da Universidade do Vale do Itaja\u00ed, n. 4, 2002.<br \/><br \/>COURRIER, n\u00ba 09, 1985.<br \/><br \/>COURRIER, n\u00ba 10, 1986.<br \/><br \/>COURRIER, n\u00ba 13, 1990.<br \/><br \/>CUADERNOS DE RECIENVENIDO. Conversi\u00f3n e invenci\u00f3n: dos visiones del Nuevo Mundo\/ Eduardo Subirats, S\u00e3o Paulo: Depto de Letras Modernas\/ FFLCH\/ USP, 1997, n\u00b0 6.<br \/><br \/>CUADERNOS DE RECIENVENIDO. Am\u00e9rica em la torre de Babel. Blas Matamoro, S\u00e3o Paulo: Depto de Letras Modernas\/ FFLCH\/ USP, 1997, n\u00b07.<br \/><br \/>CUADERNOS DE RECIENVENIDO. La singularidad de la fama de Don Quijote. Riley, Edward C.; S\u00e3o Paulo: Depto de Letras Modernas\/ FFLCH\/ USP, 1998, n\u00b08.<br \/><br \/>CUADERNOS DE RECIENVENIDO. Borges: El arte de narrar. Pliglia, Ricardo S\u00e3o Paulo: Depto de Letras Modernas\/ FFLCH\/ USP, 1999, n\u00b0 12.<br \/><br \/>CUADERNOS DE RECIENVENIDO. Sobre literatura.Juan Jos\u00e9 Saer. S\u00e3o Paulo: Depto de Letras Modernas\/ FFLCH\/ USP, 2000, n\u00b0 14.<br \/><br \/>CUADERNOS DE RECIENVENIDO. Cervantes em el di\u00e1logo aleg\u00f3rico de Clavile\u00f1o ante Espuela de Plata. Jes\u00fas J. Barquet. S\u00e3o Paulo: Depto de Letras Modernas\/ FFLCH\/ USP, 2002, n\u00b0 17.<br \/><br \/>CUADERNOS DE RECIENVENIDO. Homenaje a Nestor Pergongher. S\u00e3o Paulo: Depto de Letras Modernas\/ FFLCH\/ USP, 2002, n\u00b0 18.<br \/><br \/>CUADERNOS DE RECIENVENIDO. Dos ausentes en Ezeiza (poesia y pol\u00edtica em el nuevo siglo). Kohan, Mart\u00edn. S\u00e3o Paulo: Depto de Letras Modernas\/ FFLCH\/ USP, 2002, n\u00b0 20.<br \/><br \/>CUADERNOS DE RECIENVENIDO. El discurso de la historia. Cubagua, de Enrique Bernardo Nu\u00f1ez\/Jorge Romero L\u00e9on. S\u00e3o Paulo: Depto de Letras Modernas\/ FFLCH\/ USP, 2002, n\u00b0 21.<\/p><\/div>\n\t\t\t\t<\/div>\n\t\t\t\t\t\t\t<div class=\"elementor-toggle-item\">\n\t\t\t\t\t<div id=\"elementor-tab-title-2524\" class=\"elementor-tab-title\" data-tab=\"4\" role=\"button\" aria-controls=\"elementor-tab-content-2524\" aria-expanded=\"false\">\n\t\t\t\t\t\t\t\t\t\t\t\t<span class=\"elementor-toggle-icon elementor-toggle-icon-left\" aria-hidden=\"true\">\n\t\t\t\t\t\t\t\t\t\t\t\t\t\t\t<span class=\"elementor-toggle-icon-closed\"><i class=\"fas fa-caret-right\"><\/i><\/span>\n\t\t\t\t\t\t\t\t<span class=\"elementor-toggle-icon-opened\"><i class=\"elementor-toggle-icon-opened fas fa-caret-up\"><\/i><\/span>\n\t\t\t\t\t\t\t\t\t\t\t\t\t<\/span>\n\t\t\t\t\t\t\t\t\t\t\t\t<a class=\"elementor-toggle-title\" tabindex=\"0\">Letra D<\/a>\n\t\t\t\t\t<\/div>\n\n\t\t\t\t\t<div id=\"elementor-tab-content-2524\" class=\"elementor-tab-content elementor-clearfix\" data-tab=\"4\" role=\"region\" aria-labelledby=\"elementor-tab-title-2524\"><p>DIALOGUES ET CULTURES. Le Fran\u00e7ais pour Demain. n. 33, 1989. (2 exemplares)<br \/><br \/>DIRET\u00d3RIO DE PESQUISA UFSM, 2004.<br \/><br \/>DISCURSOS. Forma\u00e7\u00e3o de Professores. Universidade Aberta. Departamento de ci\u00eancias da Educa\u00e7\u00e3o. Dez. 2004.<br \/><br \/>DISCIPLINARUM SCIENTIA. Revista de IC. S\u00e9rie: Ci\u00eancias Naturais e Tecnol\u00f3gicas. Santa Maria\/Unifra. V.4, n.1, 2003.<br \/><br \/>DISCIPLINARUM SCIENTIA. Revista de IC. S\u00e9rie: Artes, Letras e Comunica\u00e7\u00e3o. Santa Maria\/Unifra. V.6, n.1, 2005.<br \/><br \/>DISCIPLINARUM SCIENTIA. Revista de IC. S\u00e9rie: Ci\u00eancias Humanas. Santa Maria\/Unifra. V.6, n.1, 2005.<br \/><br \/>DISCIPLINARUM SCIENTIA. Revista de IC. S\u00e9rie: Ci\u00eancias da Sa\u00fade. Santa Maria\/Unifra. V.6, n.1, 2005.<br \/><br \/>DISCIPLINARUM SCIENTIA. Revista de IC. S\u00e9rie: Ci\u00eancias Sociais Aplicadas. Santa Maria\/Unifra. V.2, n.1, 2006.<br \/><br \/>DISCIPLINARUM SCIENTIA. Revista de IC. S\u00e9rie: Artes, Letras e Comunica\u00e7\u00e3o. Santa Maria\/Unifra. V.7, n.1, 2006.<br \/><br \/>DISCIPLINARUM SCIENTIA. Revista de IC. S\u00e9rie: Ci\u00eancias da Sa\u00fade. Santa Maria\/Unifra. V.7, n.1, 2006.<br \/><br \/>DISCIPLINARUM SCIENTIA. Revista de IC. S\u00e9rie: Ci\u00eancias Humanas. Santa Maria\/Unifra. V.7, n.1, 2006.<br \/><br \/>DISCIPLINARUM SCIENTIA. S\u00e9rie: Ci\u00eancias Naturais e Tecnol\u00f3gicas. Santa Maria\/Unifra. V.8, n.1, 2007.<br \/><br \/>DISCIPLINARUM SCIENTIA. S\u00e9rie: Artes, Letras e Comunica\u00e7\u00e3o. Santa Maria\/Unifra. V.8, n.1, 2007.<br \/><br \/>DISCIPLINARUM SCIENTIA. S\u00e9rie: Ci\u00eancias Humanas. Santa Maria\/Unifra. V.8, n.1, 2007.<br \/><br \/>DISCIPLINARUM SCIENTIA. Revista de IC. S\u00e9rie: Artes, Letras e Comunica\u00e7\u00e3o. Santa Maria\/Unifra. V.9, n.1, 2008.<br \/><br \/>DISCIPLINARUM SCIENTIA. S\u00e9rie: Ci\u00eancias Humanas. Santa Maria\/Unifra. V.9, n.1, 2008.<br \/><br \/>DISCIPLINARUM SCIENTIA. S\u00e9rie: Ci\u00eancias da Sa\u00fade. Santa Maria\/Unifra. V. 9, n. 1, 2008.<br \/><br \/>DISCIPLINARUM SCIENTIA. S\u00e9rie: Ci\u00eancias Humanas. Santa Maria\/Unifra. V.10, n.1, 2009.<br \/><br \/>DIREITOS CULTURAIS: Revista do Programa de P\u00f3s-Gradua\u00e7\u00e3o em Direito \u2013 Mestrado da URI \u2013 Santo \u00c2ngelo\/Universidade Regional Integrada do Alto Uruguai e das Miss\u00f5es \u2013 URI\/Santo \u00c2ngelo,v.1, n.2 (jun.2007). EDIURI, 2007.<br \/><br \/>DIREITOS CULTURAIS: Revista do Programa de P\u00f3s-Gradua\u00e7\u00e3o em Direito \u2013 Mestrado da URI \u2013 Santo \u00c2ngelo\/Universidade Regional Integrada do Alto Uruguai e das Miss\u00f5es \u2013 URI\/Santo \u00c2ngelo, v.2, n.3 (jul.\/dez. 2007). EDIURI, 2007.<br \/><br \/>DIREITOS CULTURAIS: Revista do Programa de P\u00f3s-Gradua\u00e7\u00e3o em Direito \u2013 Mestrado da URI \u2013 Santo \u00c2ngelo\/Universidade Regional Integrada do Alto Uruguai e das Miss\u00f5es \u2013 URI\/Santo \u00c2ngelo, v.3, n.4 (jan.\/jun. 2008). EDIURI, 2008.<br \/><br \/>DIREITOS CULTURAIS: Revista do Programa de P\u00f3s-Gradua\u00e7\u00e3o em Direito \u2013 Mestrado da URI \u2013 Santo \u00c2ngelo\/Universidade Regional Integrada do Alto Uruguai e das Miss\u00f5es \u2013 URI\/Santo \u00c2ngelo, v.3, n.5 (jul.\/dez. 2008). EDIURI, 2008.<br \/><br \/>DIRET\u00d3RIO DE PESQUISA \u2013 UFSM<br \/><br \/>DOCUMENTA\u00c7\u00c3O DE ESTUDOS EM LINGU\u00cdSTICA TE\u00d3RICA E APLICA (DELTA) \u2013 Vol. 13, n2, 1997.<br \/><br \/>DOCUMENTA\u00c7\u00c3O DE ESTUDOS EM LINGU\u00cdSTICA TE\u00d3RICA E APLICA (DELTA) \u2013 Vol. 13, n1, 1997.<br \/><br \/>DOCUMENTA\u00c7\u00c3O DE ESTUDOS EM LINGU\u00cdSTICA TE\u00d3RICA E APLICA (DELTA) \u2013 Vol. 12, n2, 1996.<br \/><br \/>DOCUMENTA\u00c7\u00c3O DE ESTUDOS EM LINGU\u00cdSTICA TE\u00d3RICA E APLICA (DELTA) \u2013 Vol. 11, n2, 1995.<br \/><br \/>DOCUMENTA\u00c7\u00c3O DE ESTUDOS EM LINGU\u00cdSTICA TE\u00d3RICA E APLICA (DELTA) \u2013 Vol. 11, n1, 1995.<br \/><br \/>DOCUMENTA\u00c7\u00c3O DE ESTUDOS EM LINGU\u00cdSTICA TE\u00d3RICA E APLICA (DELTA) \u2013 Vol. 9, n\u00famero especial, 1993.<br \/><br \/>DOCUMENTA\u00c7\u00c3O DE ESTUDOS EM LINGU\u00cdSTICA TE\u00d3RICA E APLICA (DELTA) \u2013 Vol. 9, n2, 1993.<br \/><br \/>DOCUMENTA\u00c7\u00c3O DE ESTUDOS EM LINGU\u00cdSTICA TE\u00d3RICA E APLICA (DELTA) \u2013 Vol. 9, n1, 1993.<br \/><br \/>DOCUMENTA\u00c7\u00c3O DE ESTUDOS EM LINGU\u00cdSTICA TE\u00d3RICA E APLICA (DELTA) \u2013 Vol. 8, n2, 1992.<br \/><br \/>DOCUMENTA\u00c7\u00c3O DE ESTUDOS EM LINGU\u00cdSTICA TE\u00d3RICA E APLICA (DELTA) \u2013 Vol. 8, n1, 1993.<br \/><br \/>DOCUMENTA\u00c7\u00c3O DE ESTUDOS EM LINGU\u00cdSTICA TE\u00d3RICA E APLICA (DELTA) \u2013 Vol. 7, n1, 1991.<br \/><br \/>DOCUMENTA\u00c7\u00c3O DE ESTUDOS EM LINGU\u00cdSTICA TE\u00d3RICA E APLICA (DELTA) \u2013 Vol. 7, n2, 1991.<br \/><br \/>DOCUMENTA\u00c7\u00c3O DE ESTUDOS EM LINGU\u00cdSTICA TE\u00d3RICA E APLICA (DELTA) \u2013 Vol. 6, n1, 1990.<br \/><br \/>DOCUMENTA\u00c7\u00c3O DE ESTUDOS EM LINGU\u00cdSTICA TE\u00d3RICA E APLICA (DELTA) \u2013 Vol. 6, n2, 1990.<br \/><br \/>DOCUMENTA\u00c7\u00c3O DE ESTUDOS EM LINGU\u00cdSTICA TE\u00d3RICA E APLICA (DELTA) \u2013 Vol. 2, n1, 1986.<br \/><br \/>DOCUMENTA\u00c7\u00c3O DE ESTUDOS EM LINGU\u00cdSTICA TE\u00d3RICA E APLICA (DELTA) \u2013 Vol. 1, n 1 e 2, 1985.<\/p><\/div>\n\t\t\t\t<\/div>\n\t\t\t\t\t\t\t<div class=\"elementor-toggle-item\">\n\t\t\t\t\t<div id=\"elementor-tab-title-2525\" class=\"elementor-tab-title\" data-tab=\"5\" role=\"button\" aria-controls=\"elementor-tab-content-2525\" aria-expanded=\"false\">\n\t\t\t\t\t\t\t\t\t\t\t\t<span class=\"elementor-toggle-icon elementor-toggle-icon-left\" aria-hidden=\"true\">\n\t\t\t\t\t\t\t\t\t\t\t\t\t\t\t<span class=\"elementor-toggle-icon-closed\"><i class=\"fas fa-caret-right\"><\/i><\/span>\n\t\t\t\t\t\t\t\t<span class=\"elementor-toggle-icon-opened\"><i class=\"elementor-toggle-icon-opened fas fa-caret-up\"><\/i><\/span>\n\t\t\t\t\t\t\t\t\t\t\t\t\t<\/span>\n\t\t\t\t\t\t\t\t\t\t\t\t<a class=\"elementor-toggle-title\" tabindex=\"0\">Letra E<\/a>\n\t\t\t\t\t<\/div>\n\n\t\t\t\t\t<div id=\"elementor-tab-content-2525\" class=\"elementor-tab-content elementor-clearfix\" data-tab=\"5\" role=\"region\" aria-labelledby=\"elementor-tab-title-2525\"><p>EDUCA\u00c7\u00c3O \u2013 Revista do centro de educa\u00e7\u00e3o da UFSM. Santa Maria, RS, Vol. 23, n\u00ba 1, 1998.<br \/><br \/>EDUCA\u00c7\u00c3O E SOCIEDADE. n. 56. Campinas: CEDES, 1996.<br \/><br \/>EDUCA\u00c7\u00c3O E SOCIEDADE. Dossi\u00ea Pol\u00edticas educacionais, n. 75. Campinas: CEDES, 2001.<br \/><br \/>EDUCA\u00c7\u00c3O EM REVISTA. Revista da Faculdade de Educa\u00e7\u00e3o da UFMG: Dossi\u00ea: Hist\u00f3ria da Educa\u00e7\u00e3o, n. 34, 2001.<br \/><br \/>\u00c9MILE VERHAEREN, n\u00ba11, 1994.<br \/><br \/>ENSAIOS: Artigos de disserta\u00e7\u00f5es defendidas no Curso de Mestrado em Letras no per\u00edodo de 1992 \u2013 1997. Centro de Artes e Letras\/UFSM. N.\u00ba 1, Santa Maria, dezembro de 1998.<br \/><br \/>ENSAIOS: Estudos em Ling\u00fc\u00edstica e Literatura. Centro de Artes e Letras\/UFSM. N.\u00ba 3, Santa Maria, dezembro de 2000.<br \/><br \/>ENSAIOS: Literatura e autoritarismo. Centro de Artes e Letras\/UFSM. N\u00ba 4. Santa Maria, dezembro de 2001.<br \/><br \/>ENSAIOS: Bakhtin: di\u00e1logos inconclusos. Centro de Artes e Letras\/UFSM. N.\u00ba 5. Santa Maria, dezembro de 2002.<br \/><br \/>ESCRITOS. Escrita, Escritura, Cidade (I). N. 5. Labeurb, Nudecri. Unicamp, Campinas. Dez., 1999.<br \/><br \/>ESCRITOS. Escrita, Escritura, Cidade (III). N. 7. Labeurb, Nudecri. Unicamp, Campinas. Ago. 2002.<br \/><br \/>ESTUDOS DA LINGUA(GEM). Michel P\u00eacheux e a An\u00e1lise de Discurso. Vit\u00f3ria da Conquista: UESB, n.1 jun., 2005.<br \/><br \/>ESTUDOS DA LINGUA(GEM). Pesquisas em L\u00ednguas Ind\u00edgenas. Vit\u00f3ria da Conquista: UESB , v.4, n.2 dez., 2006.<br \/><br \/>ESTUDOS DA LINGUA(GEM). Vit\u00f3ria da Conquista: UESB , v.5, n.2 dez., 2007.<br \/><br \/>ESTUDOS DA LINGUA(GEM). Estudos em Neurolingu\u00edstica. Vit\u00f3ria da Conquista: UESB , v.6, n.2 dez., 2008.<br \/><br \/>ESTUDOS DA LINGUA(GEM). Estudos em Aquisi\u00e7\u00e3o de L1 e L2. Vit\u00f3ria da Conquista: UESB , v.7, n.2 dez., 2009.<br \/><br \/>ESTUDOS DA LINGUA(GEM). Estudos diacr\u00f4nicos e sincr\u00f4nicos da L\u00edngua Portuguesa. Vit\u00f3ria da Conquista: UESB , v.8, n.1 jun., 2010. (2 EXEMPLARES)<br \/><br \/>ESTUDOS DA LINGUA(GEM). Estudos diacr\u00f4nicos e sincr\u00f4nicos da L\u00edngua Portuguesa. Vit\u00f3ria da Conquista: UESB , v.8, n.2 dez., 2010. (2 EXEMPLARES)<br \/><br \/>ESTUDOS DE LITERATURA BRASILEIRA CONTEMPOR\u00c2NEA, n 3, Bras\u00edlia, janeiro, 2000.<br \/><br \/>ESTUDOS DE LITERATURA BRASILEIRA CONTEMPOR\u00c2NEA, n 5, Bras\u00edlia, mar\u00e7o, 2000.<br \/><br \/>ESTUDOS PORTUGUESES E AFRICANOS. Campinas, 1\u00b0 e 2\u00b0 Semestres de 1999, n 33\/34, 1999.<br \/><br \/>EXPRESS\u00c3O. Revista do Centro de Artes e Letras. CAL\/UFSM. Santa Maria. N\u00ba 1-2, 1997.<br \/><br \/>EXPRESS\u00c3O. Revista do Centro de Artes e Letras. CAL\/UFSM. Santa Maria. N\u00ba1, 1998.<br \/><br \/>EXPRESS\u00c3O. Revista do Centro de Artes e Letras. CAL\/UFSM. Santa Maria. N\u00ba2, 1998.<br \/><br \/>EXPRESS\u00c3O. Revista do Centro de Artes e Letras. CAL\/UFSM. Santa Maria. N\u00ba1, 1999.<br \/><br \/>EXPRESS\u00c3O. Revista do Centro de Artes e Letras. CAL\/UFSM. Santa Maria. N\u00ba2, 1999.<br \/><br \/>EXPRESS\u00c3O. Revista do Centro de Artes e Letras. CAL\/UFSM. Santa Maria. N\u00ba1, 2000.<br \/><br \/>EXPRESS\u00c3O. Revista do Centro de Artes e Letras. CAL\/UFSM. Santa Maria. N\u00ba2, 2000.<br \/><br \/>EXPRESS\u00c3O. Revista do Centro de Artes e Letras. CAL\/UFSM. Santa Maria. N\u00ba1, 2001.<br \/><br \/>EXPRESS\u00c3O. Revista do Centro de Artes e Letras. CAL\/UFSM. Santa Maria. N\u00ba2, 2001.<br \/><br \/>EXPRESS\u00c3O. Revista do Centro de Artes e Letras. CAL\/UFSM. Santa Maria. N\u00ba1, 2002.<br \/><br \/>EXPRESS\u00c3O. Revista do Centro de Artes e Letras. CAL\/UFSM. Santa Maria. N\u00ba2, 2002.<br \/><br \/>EXPRESS\u00c3O. Revista do Centro de Artes e Letras. CAL\/UFSM. Santa Maria. N\u00ba1, 2003.<br \/><br \/>EXPRESS\u00c3O. Revista do Centro de Artes e Letras. CAL\/UFSM. Santa Maria. N\u00ba2, 2003.<br \/><br \/>EXPRESS\u00c3O. Revista do Centro de Artes e Letras. CAL\/UFSM. Santa Maria. N\u00ba1, 2004.<br \/><br \/>EXPRESS\u00c3O. Revista do Centro de Artes e Letras. CAL\/UFSM. Santa Maria. N\u00ba2, 2004.<br \/><br \/>EXPRESS\u00c3O. Revista do Centro de Artes e Letras. CAL\/UFSM. Santa Maria. N\u00ba1, 2005.<br \/><br \/>EXPRESS\u00c3O. Revista do Centro de Artes e Letras. CAL\/UFSM. Santa Maria. N\u00ba2, 2005.<br \/><br \/>EXPRESS\u00c3O. Revista do Centro de Artes e Letras. CAL\/UFSM. Santa Maria. Ano 10. N\u00ba1, 2006.<br \/><br \/>EXPRESS\u00c3O. Revista do Centro de Artes e Letras. CAL\/UFSM. Santa Maria. N. 2, 2006.<br \/><br \/>EXPRESS\u00c3O. Revista do Centro de Artes e Letras. CAL\/UFSM. Santa Maria. N\u00ba1, 2007.<br \/><br \/>EXPRESS\u00c3O. Revista do Centro de Artes e Letras. CAL\/UFSM. Santa Maria. N\u00ba2, 2007.<br \/><br \/>EXPRESS\u00c3O. Revista do Centro de Artes e Letras. CAL\/UFSM. Santa Maria. N\u00ba2, Especial ABRALIC\/2007. (2 exemplares)<br \/><br \/>EXPRESS\u00c3O. Revista do Centro de Artes e Letras. CAL\/UFSM. Santa Maria. N\u00ba 1, 2008.<br \/><br \/>EXPRESS\u00c3O. Revista do Centro de Artes e Letras. CAL\/UFSM. Santa Maria. N\u00ba 2, 2008.<br \/><br \/>EXPRESS\u00c3O. Revista do Centro de Artes e Letras. CAL\/UFSM. Santa Maria. N\u00ba1, 2009.<br \/><br \/>EXPRESS\u00c3O. Revista do Centro de Artes e Letras. CAL\/UFSM. Santa Maria. N\u00ba1, 2009.<br \/><br \/>EXPRESS\u00c3O. Revista do Centro de Artes e Letras. CAL\/UFSM. Santa Maria. N\u00ba2, 2009.<br \/><br \/>EXPRESS\u00c3O. Revista do Centro de Artes e Letras. CAL\/UFSM. Santa Maria. N\u00ba1, 2010.<br \/><br \/>EXPRESS\u00c3O. Revista do Centro de Artes e Letras. CAL\/UFSM. Santa Maria. N\u00ba2, 2010.<br \/><br \/>EXPRESS\u00c3O. Revista do Centro de Artes e Letras. CAL\/UFSM. Santa Maria. N\u00ba2, 2011.<\/p><\/div>\n\t\t\t\t<\/div>\n\t\t\t\t\t\t\t<div class=\"elementor-toggle-item\">\n\t\t\t\t\t<div id=\"elementor-tab-title-2526\" class=\"elementor-tab-title\" data-tab=\"6\" role=\"button\" aria-controls=\"elementor-tab-content-2526\" aria-expanded=\"false\">\n\t\t\t\t\t\t\t\t\t\t\t\t<span class=\"elementor-toggle-icon elementor-toggle-icon-left\" aria-hidden=\"true\">\n\t\t\t\t\t\t\t\t\t\t\t\t\t\t\t<span class=\"elementor-toggle-icon-closed\"><i class=\"fas fa-caret-right\"><\/i><\/span>\n\t\t\t\t\t\t\t\t<span class=\"elementor-toggle-icon-opened\"><i class=\"elementor-toggle-icon-opened fas fa-caret-up\"><\/i><\/span>\n\t\t\t\t\t\t\t\t\t\t\t\t\t<\/span>\n\t\t\t\t\t\t\t\t\t\t\t\t<a class=\"elementor-toggle-title\" tabindex=\"0\">Letra F<\/a>\n\t\t\t\t\t<\/div>\n\n\t\t\t\t\t<div id=\"elementor-tab-content-2526\" class=\"elementor-tab-content elementor-clearfix\" data-tab=\"6\" role=\"region\" aria-labelledby=\"elementor-tab-title-2526\"><p>FAMECOS: m\u00eddia, cultura e tecnologia. Faculdade de Comunica\u00e7\u00e3o Social, PUCRS. N. 5. EDIPUCRS : Porto Alegre, dez.1996.<br \/><br \/>FAMECOS: m\u00eddia, cultura e tecnologia. Faculdade de Comunica\u00e7\u00e3o Social, PUCRS. N. 6. EDIPUCRS : Porto Alegre, maio 1997.<br \/><br \/>FAMECOS: m\u00eddia, cultura e tecnologia. Faculdade de Comunica\u00e7\u00e3o Social, PUCRS. N. 7. EDIPUCRS : Porto Alegre, dez. 1997.<br \/><br \/>FAMECOS: m\u00eddia, cultura e tecnologia. Faculdade de Comunica\u00e7\u00e3o Social, PUCRS. N. 8. EDIPUCRS : Porto Alegre, Jul. 1998.<br \/><br \/>FAMECOS: m\u00eddia, cultura e tecnologia. Faculdade de Comunica\u00e7\u00e3o Social, PUCRS. N. 9. EDIPUCRS : Porto Alegre, dez. 1998.<br \/><br \/>FAMECOS: m\u00eddia, cultura e tecnologia. Faculdade de Comunica\u00e7\u00e3o Social, PUCRS. N. 11. EDIPUCRS : Porto Alegre, dez.1999.<br \/><br \/>FAMECOS: m\u00eddia, cultura e tecnologia. Faculdade de Comunica\u00e7\u00e3o Social, PUCRS. N. 12. EDIPUCRS : Porto Alegre, jun. 2000.<br \/><br \/>FAMECOS: m\u00eddia, cultura e tecnologia. Faculdade de Comunica\u00e7\u00e3o Social, PUCRS. N. 13. EDIPUCRS : Porto Alegre, dez. 2000.<br \/><br \/>FAMECOS: m\u00eddia, cultura e tecnologia. Faculdade de Comunica\u00e7\u00e3o Social, PUCRS. N. 14. EDIPUCRS : Porto Alegre, abr.2001.<br \/><br \/>FAMECOS: m\u00eddia, cultura e tecnologia. Faculdade de Comunica\u00e7\u00e3o Social, PUCRS. N. 16. EDIPUCRS : Porto Alegre, dez. 2001.<br \/><br \/>FAMECOS: m\u00eddia, cultura e tecnologia. Faculdade de Comunica\u00e7\u00e3o Social, PUCRS. N. 17. EDIPUCRS : Porto Alegre, abr.2002.<br \/><br \/>FAMECOS: m\u00eddia, cultura e tecnologia. Faculdade de Comunica\u00e7\u00e3o Social, PUCRS. N. 18. EDIPUCRS : Porto Alegre, ago.2002.<br \/><br \/>FAMECOS: m\u00eddia, cultura e tecnologia. Faculdade de Comunica\u00e7\u00e3o Social, PUCRS. N. 19. EDIPUCRS : Porto Alegre, dez.2002.<br \/><br \/>FAMECOS: m\u00eddia, cultura e tecnologia. Faculdade de Comunica\u00e7\u00e3o Social, PUCRS. N. 20. EDIPUCRS : Porto Alegre, abr.2003.<br \/><br \/>FAMECOS: m\u00eddia, cultura e tecnologia. Faculdade de Comunica\u00e7\u00e3o Social, PUCRS. N. 21. EDIPUCRS : Porto Alegre, ago.2003.<br \/><br \/>FAMECOS: m\u00eddia, cultura e tecnologia. Faculdade de Comunica\u00e7\u00e3o Social, PUCRS. N. 22. EDIPUCRS : Porto Alegre, dez. 2003.<br \/><br \/>FAMECOS: m\u00eddia, cultura e tecnologia. Faculdade de Comunica\u00e7\u00e3o Social, PUCRS. N. 23. EDIPUCRS : Porto Alegre, abr.2004.<br \/><br \/>FAMECOS: m\u00eddia, cultura e tecnologia. Faculdade de Comunica\u00e7\u00e3o Social, PUCRS. N. 24. EDIPUCRS : Porto Alegre, jul. 2004.<br \/><br \/>FAMECOS: m\u00eddia, cultura e tecnologia. Faculdade de Comunica\u00e7\u00e3o Social, PUCRS. N. 25. EDIPUCRS : Porto Alegre, dez. 2004.<br \/><br \/>FAMECOS: m\u00eddia, cultura e tecnologia. Faculdade de Comunica\u00e7\u00e3o Social, PUCRS. N. 26. EDIPUCRS : Porto Alegre, abr.2005.<br \/><br \/>FAMECOS: m\u00eddia, cultura e tecnologia. Faculdade de Comunica\u00e7\u00e3o Social, PUCRS. N. 27. EDIPUCRS : Porto Alegre, ago. 2005.<br \/><br \/>FAMECOS: m\u00eddia, cultura e tecnologia. Faculdade de Comunica\u00e7\u00e3o Social, PUCRS. N. 28. EDIPUCRS : Porto Alegre, dez. 2005.<br \/><br \/>FAMECOS: m\u00eddia, cultura e tecnologia. Faculdade de Comunica\u00e7\u00e3o Social, PUCRS. N. 29. EDIPUCRS : Porto Alegre, abr. 2006.<br \/><br \/>FAMECOS: m\u00eddia, cultura e tecnologia. Faculdade de Comunica\u00e7\u00e3o Social, PUCRS. N. 30. EDIPUCRS : Porto Alegre, ago. 2006.<br \/><br \/>FAMECOS: m\u00eddia, cultura e tecnologia. Faculdade de Comunica\u00e7\u00e3o Social, PUCRS. N. 32. EDIPUCRS: Porto Alegre, abr. 2007.<br \/><br \/>FAMECOS: m\u00eddia, cultura e tecnologia. Faculdade de Comunica\u00e7\u00e3o Social, PUCRS. N. 36. EDIPUCRS: Porto Alegre, ago. 2008.<br \/><br \/>FILOLOGIA E LINGU\u00cdSTICA PORTUGUESA \u2013 Universidade de S\u00e3o Paulo, n\u00ba 6, 2004.<br \/><br \/>FRAGMENTA. Curso de P\u00f3s-Gradua\u00e7\u00e3o em Letras;Curitiba:UFPR; n. 4, 1987.<br \/><br \/>FRAGMENTOS. Universidade Federal de Santa Catarina. v.1, n.1 Ed. da UFSC : Florian\u00f3polis, jan\/jun, 1986.<br \/><br \/>FRAGMENTOS. Revista de l\u00ednguas e processos discursivos: teorias e pr\u00e1ticas. Universidade Federal de Santa Catarina. N. 22. Ed. da UFSC: Florian\u00f3polis, jan\/dez 2003.<br \/><br \/>FRAGMENTOS. Revista de L\u00edngua e Literatura Estrangeiras. Universidade Federal de Santa Catarina. N. 25. Ed. da UFSC: Florian\u00f3polis, jan\/dez 2005.<br \/><br \/>FRAGMENTOS. Revista de L\u00edngua e Literatura Estrangeiras. Universidade Federal de Santa Catarina. N. 26. Ed. da UFSC: Florian\u00f3polis, jan\/jun 2005.<br \/><br \/>FRAGMENTOS. Revista de L\u00edngua e Literatura Estrangeiras. Universidade Federal de Santa Catarina. N. 27. Ed. da UFSC: Florian\u00f3polis, jul\/dez 2005.<br \/><br \/>FRAGMENTOS. Revista de L\u00edngua e Literatura Estrangeiras. Universidade Federal de Santa Catarina. N. 28\/29. Ed. da UFSC: Florian\u00f3polis, Jan\/dez 2006.<br \/><br \/>FRAGMENTOS. Revista de L\u00edngua e Literatura Estrangeiras. Universidade Federal de Santa Catarina. N. 32, Ed. da UFSC: Florian\u00f3polis, 2007.<br \/><br \/>FRAGMENTOS. Revista de L\u00edngua e Literatura Estrangeiras. Universidade Federal de Santa Catarina. N. 34, Ed. da UFSC: Florian\u00f3polis, 2008.<br \/><br \/>FRAGMENTUM, n\u00ba1. Hist\u00f3ria, mem\u00f3ria e mito no romance da inconfid\u00eancia. Scherer, Amanda (coord.). Corpus, PPGL\/UFSM: Santa Maria, 2001.<br \/><br \/>FRAGMENTUM, n\u00ba2. Mem\u00f3ria da escrita e escrita da mem\u00f3ria. Scherer, Amanda (coord.). Corpus, PPGL\/UFSM, 2001. (3 exemplares)<br \/><br \/>FRAGMENTUM, n\u00ba3. Quest\u00f5es sobre identidade e diferen\u00e7a: tens\u00e3o entre o mesmo e o outro. Amanda Scherer (coord.). Corpus, PPGL\/UFSM, 2002. (3 exemplares)<br \/><br \/>FRAGMENTUM, n\u00ba4. Literatura, hist\u00f3ria e mem\u00f3ria em ba\u00fa de ossos. Amanda Scherer (coord.). Corpus, PPGL\/UFSM, 2002.<br \/><br \/>FRAGMENTUM, n\u00ba5. A forma\u00e7\u00e3o do p\u00f3s-gradua\u00e7\u00e3o em Letras no Rio Grande do Sul. Entrevista com Regina Zilberman. Amanda Scherer (org.), Corpus\/UFSM: Santa Maria, 2004. (3 exemplares)<br \/><br \/>FRAGMENTUM, n\u00ba6. Uma trajet\u00f3ria em busca do saber uma refer\u00eancia na hist\u00f3ria das id\u00e9ias ling\u00fc\u00edsticas no RS. Entrevista com Leonor Scliar Cabral. Amanda Scherer (coord.) Corpus\/UFSM: Santa<br \/>Maria, 2004. (3 exemplares)<br \/><br \/>FRAGMENTUM, n\u00ba7. Hist\u00f3ria das id\u00e9ias X hist\u00f3ria de vida. Entrevista com Eni Orlandi. Amanda Scherer (coord.) Corpus\/UFSM: Santa Maria, 2004.<br \/><br \/>FRAGMENTUM, n\u00ba8. Vozes da narrativa contempor\u00e2nea. S\u00edlvia Carneiro Lobato Paraense (coord.) Corpus\/UFSM: Santa Maria, 2004.<br \/><br \/>FRAGMENTUM, n\u00ba9. Da agenda azul ao romance de Saramago: os manuscritos da Biblioteca Nacional de Lisboa. Gerson Luiz Roani (coord.) Corpus\/UFSM: Santa Maria, 2004. (2 exemplares)<br \/><br \/>FRAGMENTUM, n\u00ba10. Oralidade e escritura da hist\u00f3ria. Entrevista com Fran\u00e7ois Dosse. Scherer, Amanda (coord.) Corpus, PPGL-UFSM Editores, Santa Maria, 2006. (2 exemplares)<br \/><br \/>FRAGMENTUM, n\u00ba11. Sujeito, \u00e9tica e hist\u00f3ria. Entrevista com Jos\u00e9 Luiz Fiorin. Scherer, Amanda (coord.) Corpus, PPGL-UFSM Editores, Santa Maria, 2007. (2 exemplares)<br \/><br \/>FRAGMENTUM, n\u00ba12. Ci\u00eancia e pol\u00edtica na\/da hist\u00f3ria. Entrevista com Eduardo Junqueira Guimar\u00e3es. Scherer, Amanda (coord.) Corpus, PPGL-UFSM Editores, Santa Maria, 2007.<br \/><br \/>FRAGMENTUM, n\u00ba13. Circula\u00e7\u00e3o da id\u00e9ias ling\u00fc\u00edsticas. Scherer, Amanda; Petri, Verli (coords.). Corpus, PPGL-UFSM Editores, Santa Maria, 2007.<br \/><br \/>FRAGMENTUM, n\u00ba14. Percurso, discurso e pesquisa em letras na UFSM. Scherer, Amanda; Petri Verli (Coord.) Corpus, PPGL-UFSM Editores, Santa Maria, 2007. (2 exemplares)<br \/><br \/>FRAGMENTUM, n\u00ba15. Literatura regionalista ga\u00facha na Hist\u00f3ria das Id\u00e9ias Ling\u00fc\u00edsticas. Petri, Verli (Coord.) Corpus, PPGL-UFSM Editores, Santa Maria, 2008.<br \/><br \/>FRAGMENTUM, n\u00ba16. Constituir, Formular e fazer circular sentidos: Dispers\u00e3o e mem\u00f3ria no discurso sobre\/na cidade. Scotta, Larissa (org.); Scherer, Amanda (coord.) Corpus, PPGL-UFSM Editores, Santa Maria, 2006.<br \/><br \/>FRAGMENTUM, n\u00ba17. Por uma hist\u00f3ria social das Id\u00e9ias Ling\u00fc\u00edsticas no Sul do Brasil. Entrevista com Ana Zandwais. Beck, Maur\u00edcio (org.); Scherer, Amanda (coord.) Corpus, PPGL-UFSM Editores,Santa Maria, 2006. (2 exemplares)<br \/><br \/>FRAGMENTUM, n\u00ba18. A L\u00edngua que se faz comunicar: Hist\u00f3ria e Mem\u00f3ria da Comunica\u00e7\u00e3o Social. Entrevista com Quintino de Oliveira. Medeiros, Caciane Souza de. (org.); Scherer, Amanda (coord.)Corpus, PPGL-UFSM Editores, Santa Maria, 2008. (2 exemplares)<br \/><br \/>FRAGMENTUM, n\u00ba19. A Gram\u00e1tica no tempo presente. Luz, Mary Neiva Surdi. (org.); Scherer, Amanda (coord.) Corpus, PPGL-UFSM Editores, Santa Maria, 2008.<br \/><br \/>FRAGMENTUM, n\u00b020. Hist\u00f3ria das id\u00e9ias ling\u00fc\u00edsticas. Amanda Sherer (coord.). Cl\u00e1udia Pheiffer e Larissa Montagner Cervo (orgs.). Corpus, PPGL\/UFSM, Santa Maria, 2001. (2 exemplares)<br \/><br \/>FRAGMENTUM, n\u00ba22. Entre l\u00ednguas e culturas: Uma hist\u00f3ria de vida e uma hist\u00f3ria social na Lingu\u00edstica Aplicada. Entrevista com Maria Jos\u00e9 Coracini. Amanda Scherer (corrd.). Beatriz Echert Hoff (UniAnchieta) e Marluza da Rosa (Unicamp) (orgs.). Corpus, PPGL\/UFSM, Santa Maria, 2009. (2 exemplares)<br \/><br \/>FRAGMENTUM, n\u00ba23. Historicidade e papel da mem\u00f3ria. Caderno de resumos da II jornada Regional de Inicia\u00e7\u00e3o Cient\u00edfica em Estudos Lingu\u00edsticos. Amanda Scherer e Verli Petri (coords.). Corpus, PPGL-UFSM Editores, Santa Maria, 2009. (2 exemplares)<br \/><br \/>FRAGMENTUM, n\u00ba24. Hist\u00f3ria das Ideias Lingu\u00edsticas no Sul e os Estudos do Discurso: Entrevista com Leci Borges Barbisan. Ta\u00eds da silva Martins(Org.). Corpus, PPGL-UFSM Editores, Santa Maria, 2010. (3 exemplares)<br \/><br \/>FRAGMENTUM, n\u00ba25. Verso e reverso: Teatro itinerante e outros teatros. Entrevista com Cl\u00f3vis Dias Massa e Bem-hur Benvenuto de Almeida. Elaine dos Santos e Pedro brum dos Santos (Orgs.). Corpus, PPGL-UFSM Editores, Santa Maria, 2010. (3 exemplares)<br \/><br \/>FRAGMENTUM, n\u00ba26. Dicion\u00e1rio, sujeito e espa\u00e7o. Jos\u00e9 Horta Nunes (Org.). Corpus, PPGL-UFSM Editores, Santa Maria, 2010. (2 exemplares)<br \/><br \/>FRAGMENTUM, n\u00ba28. Celso Pedro Luft: Um saber lingu\u00edstico no Sul. Amanda eloina Scherer e Maria Iraci Sousa Costa (Orgs.). Corpus, PPGL-UFSM Editores, Santa Maria, 2011.<br \/><br \/>FRAGMENTUM, n\u00ba29. Percursos te\u00f3ricos e anal\u00edticos em An\u00e1lise de Discurso \u2013 Parte I. Bethania Mariani e Vanise Medeiros (Orgs.). Corpus, PPGL-UFSM Editores, Santa Maria, 2011. (3 exemplares)<br \/><br \/>FRAGMENTUM, n\u00ba29. Percursos te\u00f3ricos e anal\u00edticos em An\u00e1lise de Discurso \u2013 Parte II. Bethania Mariani e Vanise Medeiros (Orgs.). Corpus, PPGL-UFSM Editores, Santa Maria, 2011. (3 exemplares)<br \/><br \/>FRAGMENTUM, n\u00ba32. De fragmentum a mosaico. Luc\u00edlia Maria Sousa Rom\u00e3o e Fernanda Correa Silveira Galli (Orgs.). Corpus, PPGL-UFSM Editores, Santa Maria, 2011. (3 exemplares)<\/p><\/div>\n\t\t\t\t<\/div>\n\t\t\t\t\t\t\t<div class=\"elementor-toggle-item\">\n\t\t\t\t\t<div id=\"elementor-tab-title-2527\" class=\"elementor-tab-title\" data-tab=\"7\" role=\"button\" aria-controls=\"elementor-tab-content-2527\" aria-expanded=\"false\">\n\t\t\t\t\t\t\t\t\t\t\t\t<span class=\"elementor-toggle-icon elementor-toggle-icon-left\" aria-hidden=\"true\">\n\t\t\t\t\t\t\t\t\t\t\t\t\t\t\t<span class=\"elementor-toggle-icon-closed\"><i class=\"fas fa-caret-right\"><\/i><\/span>\n\t\t\t\t\t\t\t\t<span class=\"elementor-toggle-icon-opened\"><i class=\"elementor-toggle-icon-opened fas fa-caret-up\"><\/i><\/span>\n\t\t\t\t\t\t\t\t\t\t\t\t\t<\/span>\n\t\t\t\t\t\t\t\t\t\t\t\t<a class=\"elementor-toggle-title\" tabindex=\"0\">Letra G<\/a>\n\t\t\t\t\t<\/div>\n\n\t\t\t\t\t<div id=\"elementor-tab-content-2527\" class=\"elementor-tab-content elementor-clearfix\" data-tab=\"7\" role=\"region\" aria-labelledby=\"elementor-tab-title-2527\"><p>GRAGOAT\u00c1: A condi\u00e7\u00e3o P\u00f3s-Colonial. Niter\u00f3i\/EdUFF. 2. sem. de 1996. n\u00ba1, 1996.<br \/><br \/>GRAGOAT\u00c1: Figura\u00e7\u00f5es do g\u00eanero e da identidade. Niter\u00f3i\/EdUFF. 2 sem. de 1997. n\u00ba3, UFF, 1997.<br \/><br \/>GRAGOAT\u00c1: Linguagem, L\u00edngua e Discurso. Niter\u00f3i\/EdUFF. 2 sem. de 1998. n\u00ba27, 1998.<br \/><br \/>GRAGOAT\u00c1: G\u00eanero e narratividade. Niter\u00f3i: EdUFF, 1 semestre de 2010, n\u00ba 28.<br \/><br \/>GRAGOAT\u00c1: Conting\u00eancia e express\u00e3o \u2013 Niter\u00f3i\/EdUFF, 2 sem. n\u00ba5, 2009.<br \/><br \/>GRAGOAT\u00c1: Abordagens metodol\u00f3gicas\u2013 Niter\u00f3i\/EdUFF, 2\u00ba sem., n\u00ba29, 2010.<br \/><br \/>GRAGOAT\u00c1: Aquisi\u00e7\u00e3o da LInguagem \u2013 Niter\u00f3i\/EdUFF, 1 sem. 2011, n\u00ba 30, 2011<br \/><br \/>GRAGOAT\u00c1: Cruzamentos interculturais \u2013 Niter\u00f3i\/EdUFF, 2 sem. 2011, n\u00ba 31, 2011<br \/><br \/>GRIFOS: Revista Cient\u00edfica da Unoesc \u2013 Chapec\u00f3, n. 8, 2000.<br \/><br \/>GRIFOS: Revista Cient\u00edfica da Unoesc \u2013 Chapec\u00f3, n. 9, 2000.<br \/><br \/>GRIFOS: Revista Cient\u00edfica da Unoesc \u2013 Chapec\u00f3, n. 11, 2001.<br \/><br \/>GRIFOS: Revista Cient\u00edfica da Unoesc \u2013 Chapec\u00f3, n. 12, 2002.<br \/><br \/>GRIFOS: Revista Cient\u00edfica da Unoesc \u2013 Chapec\u00f3, n. 15, 2003.<\/p><\/div>\n\t\t\t\t<\/div>\n\t\t\t\t\t\t\t<div class=\"elementor-toggle-item\">\n\t\t\t\t\t<div id=\"elementor-tab-title-2528\" class=\"elementor-tab-title\" data-tab=\"8\" role=\"button\" aria-controls=\"elementor-tab-content-2528\" aria-expanded=\"false\">\n\t\t\t\t\t\t\t\t\t\t\t\t<span class=\"elementor-toggle-icon elementor-toggle-icon-left\" aria-hidden=\"true\">\n\t\t\t\t\t\t\t\t\t\t\t\t\t\t\t<span class=\"elementor-toggle-icon-closed\"><i class=\"fas fa-caret-right\"><\/i><\/span>\n\t\t\t\t\t\t\t\t<span class=\"elementor-toggle-icon-opened\"><i class=\"elementor-toggle-icon-opened fas fa-caret-up\"><\/i><\/span>\n\t\t\t\t\t\t\t\t\t\t\t\t\t<\/span>\n\t\t\t\t\t\t\t\t\t\t\t\t<a class=\"elementor-toggle-title\" tabindex=\"0\">Letra H<\/a>\n\t\t\t\t\t<\/div>\n\n\t\t\t\t\t<div id=\"elementor-tab-content-2528\" class=\"elementor-tab-content elementor-clearfix\" data-tab=\"8\" role=\"region\" aria-labelledby=\"elementor-tab-title-2528\"><p>HISTOIRE EPISTEMOLOGIE LANGAGE. Tome XXVIII. Fascicule 2. Hyperlangues ET fabriques de langues. 2006.<\/p><\/div>\n\t\t\t\t<\/div>\n\t\t\t\t\t\t\t<div class=\"elementor-toggle-item\">\n\t\t\t\t\t<div id=\"elementor-tab-title-2529\" class=\"elementor-tab-title\" data-tab=\"9\" role=\"button\" aria-controls=\"elementor-tab-content-2529\" aria-expanded=\"false\">\n\t\t\t\t\t\t\t\t\t\t\t\t<span class=\"elementor-toggle-icon elementor-toggle-icon-left\" aria-hidden=\"true\">\n\t\t\t\t\t\t\t\t\t\t\t\t\t\t\t<span class=\"elementor-toggle-icon-closed\"><i class=\"fas fa-caret-right\"><\/i><\/span>\n\t\t\t\t\t\t\t\t<span class=\"elementor-toggle-icon-opened\"><i class=\"elementor-toggle-icon-opened fas fa-caret-up\"><\/i><\/span>\n\t\t\t\t\t\t\t\t\t\t\t\t\t<\/span>\n\t\t\t\t\t\t\t\t\t\t\t\t<a class=\"elementor-toggle-title\" tabindex=\"0\">Letra I<\/a>\n\t\t\t\t\t<\/div>\n\n\t\t\t\t\t<div id=\"elementor-tab-content-2529\" class=\"elementor-tab-content elementor-clearfix\" data-tab=\"9\" role=\"region\" aria-labelledby=\"elementor-tab-title-2529\"><p>ID\u00c9IAS. Revista do Curso de Letras. Letras\/UFSM. N\u00ba 3. Janeiro de 1993. (3 exemplares)<br \/><br \/>ID\u00c9IAS. Revista do Curso de Letras. Letras\/UFSM. N\u00ba 3. Junho de 1997.<br \/><br \/>ID\u00c9IAS. Revista do Curso de Letras. Letras\/UFSM. N\u00ba 6. Dezembro de 1997.<br \/><br \/>ID\u00c9IAS. Revista do Curso de Letras. Letras\/UFSM. N\u00ba 7. Agosto de 1998.<br \/><br \/>ID\u00c9IAS. Revista do Curso de Letras. Letras\/UFSM. N\u00ba 8. Jan.\/Dez de 1998.<br \/><br \/>ID\u00c9IAS. Revista do Curso de Letras. Letras\/UFSM. N\u00ba 9. Jan.\/Jun. de 1999.<br \/><br \/>ID\u00c9IAS. Revista do Curso de Letras. Letras\/UFSM. N\u00ba 10. Jul.\/Dez de 1999.<br \/><br \/>ID\u00c9IAS. Revista do Curso de Letras. Letras\/UFSM. N\u00ba 11. Jan.\/Jun. de 2000.<br \/><br \/>ID\u00c9IAS. Revista do Curso de Letras. Letras\/UFSM. N\u00ba. 12. Jul.\/Dez de 2000.<br \/><br \/>ID\u00c9IAS. Revista do Curso de Letras. Letras\/UFSM. N\u00ba 13. Jan.\/Jun. de 2001.<br \/><br \/>ID\u00c9IAS. Revista do Curso de Letras. Letras\/UFSM. N\u00ba 14. Jul\/Dez de 2001.<br \/><br \/>ID\u00c9IAS. Revista do Curso de Letras. Letras\/UFSM. N\u00ba 15. Jan\/Jun. de 2002.<br \/><br \/>ID\u00c9IAS. Revista do Curso de Letras. Letras\/UFSM. N\u00ba 16. Jul.\/Dez. de 2002.<br \/><br \/>ID\u00c9IAS. Revista do Curso de Letras. Letras\/UFSM. N\u00ba 18. Jul.\/Dez. de 2003.<br \/><br \/>ID\u00c9IAS. Revista do Curso de Letras. Letras\/UFSM. N\u00ba 19. Jul.\/Dez. de 2004.<br \/><br \/>ID\u00c9IAS. Revista do Curso de Letras. Letras\/UFSM. N\u00ba 20. Jul.\/Dez. de 2004.<br \/><br \/>ID\u00c9IAS. Revista do Curso de Letras. Letras\/UFSM. N\u00ba 21. Jan.\/Jun. de 2005.<br \/><br \/>ID\u00c9IAS. Revista do Curso de Letras. Letras\/UFSM. N\u00ba 22. Jul\/Dez. de 2005.<br \/><br \/>ID\u00c9IAS Revista do Curso de Letras. Letras\/UFSM. N\u00ba 23. Jan.\/Jun. de 2006.<br \/><br \/>ID\u00c9IAS. Revista do Curso de Letras. Letras\/UFSM. N\u00ba 24. Jul\/Dez. de 2007. (2 exemplares)<br \/><br \/>IMAGENS, n\u00ba4, 1995.<br \/><br \/>IPOTESI \u2013 Revista de Estudos Liter\u00e1rios. Universidade Federal de Juiz de Fora. Vol. 11, N.1, 2007.<br \/><br \/>IPOTESI \u2013 Revista de Estudos Liter\u00e1rios. Universidade Federal de Juiz de Fora. Vol. 13, N.1, 2009.<br \/><br \/>ISTO\u00c9 CINEMA BRASILEIRO: O pagador de promessas. Vol.1.<br \/><br \/>ISTO\u00c9 CINEMA BRASILEIRO: Pixote. Vol.2.<br \/><br \/>ISTO\u00c9 CINEMA BRASILEIRO: Bonitinha, mas ordin\u00e1ria. Vol.3.<br \/><br \/>ISTO\u00c9 CINEMA BRASILEIRO: Os cafajestes. Vol.4.<br \/><br \/>ISTO\u00c9 CINEMA BRASILEIRO: O cangaceiro. Vol.5.<br \/><br \/>ISTO\u00c9 CINEMA BRASILEIRO: Parahyba, mulher macho. Vol.6.<br \/><br \/>ISTO\u00c9 CINEMA BRASILEIRO: Lamarca. Vol.7.<br \/><br \/>ISTO\u00c9 CINEMA BRASILEIRO: O beijo da mulher aranha. Vol.8.<br \/><br \/>ISTO\u00c9 CINEMA BRASILEIRO: Lampi\u00e3o, rei do canga\u00e7o. Vol.10.<br \/><br \/>ISTO\u00c9 CINEMA BRASILEIRO: Terra em Transe. Vol.12.<br \/><br \/>ISTO\u00c9 CINEMA BRASILEIRO: Mulher objeto. Vol.19.<br \/><br \/>ISTO\u00c9 CINEMA BRASILEIRO: O drag\u00e3o da maldade contra o santo guerreiro. Vol.20.<br \/><br \/>INVESTIGA\u00c7\u00d5ES: Ling\u00fc\u00edstica e teoria liter\u00e1ria. Vol. 20, n\u00ba 1, jan\/ 2007.<br \/><br \/>INVESTIGA\u00c7\u00d5ES: Ling\u00fc\u00edstica e teoria liter\u00e1ria. Vol. 20, n\u00ba 2, jul\/ 2007.<br \/><br \/>ITINER\u00c1RIOS: Revista de Literatura, n. 15\/16, 2000.<br \/><br \/>ITINER\u00c1RIOS: Revista de Literatura, n. 17\/18, 2001.<\/p><\/div>\n\t\t\t\t<\/div>\n\t\t\t\t\t\t\t<div class=\"elementor-toggle-item\">\n\t\t\t\t\t<div id=\"elementor-tab-title-25210\" class=\"elementor-tab-title\" data-tab=\"10\" role=\"button\" aria-controls=\"elementor-tab-content-25210\" aria-expanded=\"false\">\n\t\t\t\t\t\t\t\t\t\t\t\t<span class=\"elementor-toggle-icon elementor-toggle-icon-left\" aria-hidden=\"true\">\n\t\t\t\t\t\t\t\t\t\t\t\t\t\t\t<span class=\"elementor-toggle-icon-closed\"><i class=\"fas fa-caret-right\"><\/i><\/span>\n\t\t\t\t\t\t\t\t<span class=\"elementor-toggle-icon-opened\"><i class=\"elementor-toggle-icon-opened fas fa-caret-up\"><\/i><\/span>\n\t\t\t\t\t\t\t\t\t\t\t\t\t<\/span>\n\t\t\t\t\t\t\t\t\t\t\t\t<a class=\"elementor-toggle-title\" tabindex=\"0\">Letra J<\/a>\n\t\t\t\t\t<\/div>\n\n\t\t\t\t\t<div id=\"elementor-tab-content-25210\" class=\"elementor-tab-content elementor-clearfix\" data-tab=\"10\" role=\"region\" aria-labelledby=\"elementor-tab-title-25210\"><p>JOURNAL OF PRAGMATICS: An Interdisciplinary Monthly of Langage Studies. North-Holland, Amsterdam. Volume 24, n1\/2, 1995.<\/p><\/div>\n\t\t\t\t<\/div>\n\t\t\t\t\t\t\t<div class=\"elementor-toggle-item\">\n\t\t\t\t\t<div id=\"elementor-tab-title-25211\" class=\"elementor-tab-title\" data-tab=\"11\" role=\"button\" aria-controls=\"elementor-tab-content-25211\" aria-expanded=\"false\">\n\t\t\t\t\t\t\t\t\t\t\t\t<span class=\"elementor-toggle-icon elementor-toggle-icon-left\" aria-hidden=\"true\">\n\t\t\t\t\t\t\t\t\t\t\t\t\t\t\t<span class=\"elementor-toggle-icon-closed\"><i class=\"fas fa-caret-right\"><\/i><\/span>\n\t\t\t\t\t\t\t\t<span class=\"elementor-toggle-icon-opened\"><i class=\"elementor-toggle-icon-opened fas fa-caret-up\"><\/i><\/span>\n\t\t\t\t\t\t\t\t\t\t\t\t\t<\/span>\n\t\t\t\t\t\t\t\t\t\t\t\t<a class=\"elementor-toggle-title\" tabindex=\"0\">Letra L<\/a>\n\t\t\t\t\t<\/div>\n\n\t\t\t\t\t<div id=\"elementor-tab-content-25211\" class=\"elementor-tab-content elementor-clearfix\" data-tab=\"11\" role=\"region\" aria-labelledby=\"elementor-tab-title-25211\"><p>LANGAGES \u2013 Analyse du discours politique \u2013 n\u00ba 62, jun. 1981.<br \/><br \/>LANGUAGE ET SOCIET\u00c9: Positivisme et ethom\u00e9thologie, n. 48, 1989.<br \/><br \/>LANGUE FRAN\u00c7AISE. La linguistique comme discipline en France, n\u00ba117, 1998.<br \/><br \/>LATIN AMERICAN INDIAN LITERATURES JOURNAL: A Review of American Indian Texts and Studies, vol.2, n. 1, 1986.<br \/><br \/>LATIN AMERICAN INDIAN LITERATURES JOURNAL: A Review of American Indian Texts and Studies, vol.2, n. 2, 1986.<br \/><br \/>LE FRAN\u00c7AIS DANS LE MONDE. Recherches et applications: enseignements\/ apprendissages precoces d\u00eas langues. 1992.<br \/><br \/>LE FRAN\u00c7AIS DANS LE MONDE. Recherches et applications: les auto-apprentissages. 1992.<br \/><br \/>LE FRAN\u00c7AIS DANS LE MONDE. La revue internationale des professeurs de fran\u00e7ais. n.292, octubre, 1997.<br \/><br \/>LEITURA: An\u00e1lise do Discurso, n. 23, 1999.<br \/><br \/>LEITURA EM L\u00cdNGUA ESTRANGEIRA NA ESCOLA: Teoria e pr\u00e1tica, 1998.<br \/><br \/>LEITURAS: ENSINO DE L\u00cdNGUAS. Porto Alegre, 1983.<br \/><br \/>LE MONDE, n\u00ba3, 2004.<br \/><br \/>LE MONDE, n\u00ba6, 2004.<br \/><br \/>LE MONDE, n\u00ba7, 2004.<br \/><br \/>LETRAS. n. 1, 1991.<br \/><br \/>LETRAS: Ling\u00fc\u00edstica Aplicada, n. 2, 1991.<br \/><br \/>LETRAS: Literatura e Modernidade, n. 3, 1992.<br \/><br \/>LETRAS: Ensino de L\u00ednguas, n. 4, 1992.<br \/><br \/>LETRAS: Fonologia e Sintaxe, n. 5, 1993.<br \/><br \/>LETRAS: Literatura e Hist\u00f3ria, n. 6, 1993.<br \/><br \/>LETRAS: M\u00e1rio de Andrade, n. 7, 1993.<br \/><br \/>LETRAS: Tradu\u00e7\u00e3o, n. 8, 1994.<br \/><br \/>LETRAS: Pesquisa em Letras, n. 9, 1994.<br \/><br \/>LETRAS: Fernando Pessoa, edi\u00e7\u00e3o especial, 1995.<br \/><br \/>LETRAS: O Discurso Pedag\u00f3gico: A presen\u00e7a do outro, n. 12, 1996.<br \/><br \/>LETRAS: Formas de sedu\u00e7\u00e3o: n. 13, 1996.<br \/><br \/>LETRAS: Alteridade e heterogeneidade, n. 14, 1997.<br \/><br \/>LETRAS: Propostas de Estudos Avan\u00e7ados em Ling\u00fc\u00edstica e Literatura, n\u00ba 15, 1997.<br \/><br \/>LETRAS: Literatura, Viol\u00eancia e Direitos Humanos, n. 16, 1998.<br \/><br \/>LETRAS: Escrita como Pr\u00e1tica Social, n. 17, 1998.<br \/><br \/>LETRAS: Edi\u00e7\u00e3o Especial Quinto Centen\u00e1rio, n. 18 e 19, 1999.<br \/><br \/>LETRAS: Texto: Abordagens e Perspectivas, n. 20, 2000.<br \/><br \/>LETRAS: Corpus: An\u00e1lise de dados e cultura acad\u00eamica. N\u00ba 21, 2000.<br \/><br \/>LETRAS: Literatura e Autoritarismo, n. 22, 2001. (2 exemplares).<br \/><br \/>LETRAS: Literatura portuguesa e p\u00f3s-colonialismo: Produ\u00e7\u00e3o, Recep\u00e7\u00e3o e Cultura, n. 23, 2001. (2 exemplares).<br \/><br \/>LETRAS: Literatura e pensamento entre o final da Renascen\u00e7a, o Barroco e a Idade Cl\u00e1ssica. N\u00ba 24, 2002. (2 exemplares).<br \/><br \/>LETRAS: Produ\u00e7\u00e3o discente PPGL 1991 a 2003, n. 25, 2002. (3 exemplares).<br \/><br \/>LETRAS: L\u00edngua e Literatura: limites e fronteiras, n. 26, 2003.<br \/><br \/>LETRAS: Espa\u00e7os de circula\u00e7\u00e3o da linguagem, n. 27, 2003.<br \/><br \/>LETRAS: \u00c9tica e Cordialidade. N\u00ba. 32, 2006.<br \/><br \/>LETRAS: Aquisi\u00e7\u00e3o de L\u00ednguas estrangeiras. N\u00ba 30 e 31, 2005.<br \/><br \/>LETRAS: \u00c9mile Benveniste: Interfaces, Enuncia\u00e7\u00e3o e Discursos. N\u00ba. 33, 2006.<br \/><br \/>LETRAS: Literatura, Outras Artes e Culturas das M\u00eddias. N\u00b0 34, Jan\/Jun 2007.<br \/><br \/>LETRAS: O Quintal do vizinho. N\u00b0 35, Jul\/Ago 2007.<br \/><br \/>LETRAS: Aquisi\u00e7\u00e3o de L\u00edngua Materna: Heterogeneidade da Pesquisa. N\u00b0 36, Jan\/Jun 2008. (2 exemplares)<br \/><br \/>LETRAS: L\u00edngua, sujeito e hist\u00f3ria. N\u00b0 37, Jul\/Dez 2008.<br \/><br \/>LETRAS: Poesia, pensamento e normativas nos s\u00e9culos XVI e XVII. Vol.21, N43, Jul\/dez. 2012.<br \/><br \/>LETRAS DE HOJE, n. 30, 1977.<br \/><br \/>LETRAS DE HOJE, n. 46, 1981.<br \/><br \/>LETRAS DE HOJE, n. 62, 1985.<br \/><br \/>LETRAS EM REVISTA. V.1, N\u00ba1; (agos\/dez) Teresina: Curso de Letras da Universidade Estadual do Piau\u00ed, 2007.<br \/><br \/>LETRAS &amp; LETRAS. Revista do Instituto de Letras e Ling\u00fc\u00edstica. V. 17. N. 1 e 2. Universidade Federal de Uberl\u00e2ndia, 2001.<br \/><br \/>LETRAS: Revista da Faculdade de Letras da PUC. v. 21 (1\/2). Dez. 2002. Campinas, 2002.<br \/><br \/>LETRAS: Revista da Faculdade de Letras da PUC. v. 23, n\u00ba 1. Dez. 2004. Campinas, 2004.<br \/><br \/>L\u00ednguas e Instrumentos Ling\u00fc\u00edsticos. Universidade Estadual de Campinas: Pontes, n\u00ba 1, jan\/jun de 1998.<br \/><br \/>L\u00ednguas e Instrumentos Ling\u00fc\u00edsticos. Universidade Estadual de Campinas: Pontes, n\u00ba 2, jul\/dez de 1998.<br \/><br \/>L\u00ednguas e Instrumentos Ling\u00fc\u00edsticos. Universidade Estadual de Campinas: Pontes, n\u00ba 6, jul\/dez de 2000.<br \/><br \/>L\u00ednguas e Instrumentos Ling\u00fc\u00edsticos. Universidade Estadual de Campinas: Pontes, n\u00ba 9\/10, jan\/dez de 2002. (2 exemplares)<br \/><br \/>L\u00ednguas e Instrumentos Ling\u00fc\u00edsticos. Universidade Estadual de Campinas: Pontes, n\u00ba 11, jan\/jun de 2003.<br \/><br \/>L\u00ednguas e Instrumentos Ling\u00fc\u00edsticos. Universidade Estadual de Campinas: Pontes, n\u00ba 15, jan\/jun de 2005.<br \/><br \/>L\u00ednguas e Instrumentos Ling\u00fc\u00edsticos. Universidade Estadual de Campinas: Pontes, n\u00ba 16, jul\/dez de 2005.<br \/><br \/>L\u00ednguas e Instrumentos Ling\u00fc\u00edsticos. Universidade Estadual de Campinas: Pontes, n\u00ba 18, jul\/dez de 2006.<br \/><br \/>L\u00ednguas e Instrumentos Ling\u00fc\u00edsticos. Universidade Estadual de Campinas: Pontes, n\u00ba 21, 2009.<br \/><br \/>L\u00ednguas e Instrumentos Ling\u00fc\u00edsticos. Universidade Estadual de Campinas: Pontes, n\u00ba 22, 2009.<br \/><br \/>L\u00ednguas e Instrumentos Ling\u00fc\u00edsticos. Universidade Estadual de Campinas: Pontes, n\u00ba 23\/24, 2009.<br \/><br \/>L\u00ednguas e Instrumentos Ling\u00fc\u00edsticos. Universidade Estadual de Campinas: Pontes, n\u00ba 25, 2009.<br \/><br \/>L\u00ednguas e Instrumentos Ling\u00fc\u00edsticos. Universidade Estadual de Campinas: Pontes, n\u00ba 26, 2009.<br \/><br \/>LINGUA(GEM) \u2013 Instituto Latino-Americano de pesquisas Cient\u00edficas (ILAPEC) Vol.1, n.1, Jan.\/Jun\/2004.<br \/><br \/>LINGUAGEM E ENSINO. Revista do Programa de P\u00f3s-Gradua\u00e7\u00e3o em Letras da UCPEL. v. 8. N\u00ba 2. jul\/dez, 2005.<br \/><br \/>LINGUAGEM E ENSINO. Revista do Programa de P\u00f3s-Gradua\u00e7\u00e3o em Letras da UCPEL. v. 9. N\u00ba 1, jan\/jun, 2006.<br \/><br \/>LINGUAGEM E ENSINO. Revista do Programa de P\u00f3s-Gradua\u00e7\u00e3o em Letras da UCPEL. v. 9. n. 2. jul\/dez, 2006.<br \/><br \/>LINGUAGEM E ENSINO. Revista do Programa de P\u00f3s-Gradua\u00e7\u00e3o em Letras da UCPEL. v. 12. n. 1, Jan.\/jul., 2009.<br \/><br \/>LINGUAGEM E ENSINO. Revista do Programa de P\u00f3s-Gradua\u00e7\u00e3o em Letras da UCPEL. v. 12. N. 2, Jul\/dez, 2009.<br \/><br \/>LINGUAGEM E ENSINO. Revista do Programa de P\u00f3s-Gradua\u00e7\u00e3o em Letras da UCPEL. v. 13. N. 1, Jan\/jun, 2010.<br \/><br \/>LINGUAGEM E ENSINO. Revista do Programa de P\u00f3s-Gradua\u00e7\u00e3o em Letras da UCPEL. v. 15. N. 1, Jan\/jun, 2012.<br \/><br \/>LINGUAGEM EM (DIS)CURSO. Universidade do Sul de Santa Catarina. V.1, n.1, Palho\u00e7a:Unisul, 2000.<br \/><br \/>LINGUAGEM EM (DIS)CURSO. Universidade do Sul de Santa Catarina. V.9, n.2, Palho\u00e7a: Unisul, 2009.<br \/><br \/>LINGUAGEM EM (DIS)CURSO. Universidade do Sul de Santa Catarina. V.9, n.3, Palho\u00e7a: Unisul, 2009.<br \/><br \/>L\u00cdNGUAS E LETRAS: dossi\u00ea: o curso de letras e a forma\u00e7\u00e3o de professores. Vol. 7, n\u00ba12, 1\u00ba semestre de 2006.<br \/><br \/>LINX, n\u00ba10, 1984<br \/><br \/>LITERATURA EM REVISTA (e jornal): per\u00edodos do Rio Grande do Sul e de Minas Gerais. Belo Horizonte: Faculdade de Letras da UFMG, POS-LIT; Rio Grande: Funda\u00e7\u00e3o Universidade Federal do RioGrande, 2005.<br \/><br \/>LITTERA LING\u00dc\u00cdSTICA E LITERATURA, n. 3, 2001.<br \/><br \/>LITTERALIS: Estudos e debates de assuntos de ling\u00fc\u00edstica, letras e artes, n. 1, 2002.<\/p><\/div>\n\t\t\t\t<\/div>\n\t\t\t\t\t\t\t<div class=\"elementor-toggle-item\">\n\t\t\t\t\t<div id=\"elementor-tab-title-25212\" class=\"elementor-tab-title\" data-tab=\"12\" role=\"button\" aria-controls=\"elementor-tab-content-25212\" aria-expanded=\"false\">\n\t\t\t\t\t\t\t\t\t\t\t\t<span class=\"elementor-toggle-icon elementor-toggle-icon-left\" aria-hidden=\"true\">\n\t\t\t\t\t\t\t\t\t\t\t\t\t\t\t<span class=\"elementor-toggle-icon-closed\"><i class=\"fas fa-caret-right\"><\/i><\/span>\n\t\t\t\t\t\t\t\t<span class=\"elementor-toggle-icon-opened\"><i class=\"elementor-toggle-icon-opened fas fa-caret-up\"><\/i><\/span>\n\t\t\t\t\t\t\t\t\t\t\t\t\t<\/span>\n\t\t\t\t\t\t\t\t\t\t\t\t<a class=\"elementor-toggle-title\" tabindex=\"0\">Letra M<\/a>\n\t\t\t\t\t<\/div>\n\n\t\t\t\t\t<div id=\"elementor-tab-content-25212\" class=\"elementor-tab-content elementor-clearfix\" data-tab=\"12\" role=\"region\" aria-labelledby=\"elementor-tab-title-25212\"><p>MATRAGA. Revista do Programa de P\u00f3s-Gradua\u00e7\u00e3o de Letras. Ano 13. N. 18. Universidade do Estado do Rio de Janeiro. Rio de Janeiro: Ed. Caet\u00e9s, 2006.<br \/><br \/>MATRAGA. Revista do Programa de P\u00f3s-Gradua\u00e7\u00e3o de Letras. Vol 14. N. 21. Universidade do Estado do Rio de Janeiro. Rio de Janeiro: Ed. Caet\u00e9s, 2007.<br \/><br \/>MATRAGA. Revista do Programa de P\u00f3s-Gradua\u00e7\u00e3o de Letras. Vol 15 N. 22 Universidade do Estado do Rio de Janeiro. Rio de Janeiro: Ed. Caet\u00e9s, 2008.<br \/><br \/>M\u00c9TIS: hist\u00f3ria e cultura. Revista de Hist\u00f3ria da Universidade de Caxias do Sul. Vol. 1. N.1. Caxias do Sul, RS : Educs, 2002.<br \/><br \/>M\u00c9TIS: hist\u00f3ria e cultura. Revista de Hist\u00f3ria da Universidade de Caxias do Sul. Vol. 1. N.2. Caxias do Sul, RS : Educs, 2002.<br \/><br \/>M\u00c9TIS: hist\u00f3ria e cultura. Revista de Hist\u00f3ria da Universidade de Caxias do Sul. Vol. 2. N.4. Caxias do Sul, RS : Educs, 2003.<br \/><br \/>M\u00c9TIS: hist\u00f3ria e cultura. Revista de Hist\u00f3ria da Universidade de Caxias do Sul. Vol. 3. N.6. Caxias do Sul, RS : Educs, 2004.<br \/><br \/>M\u00c9TIS: hist\u00f3ria e cultura. Revista de Hist\u00f3ria da Universidade de Caxias do Sul. Vol. 4. N.7. Caxias do Sul, RS : Educs, 2005.<br \/><br \/>M\u00c9TIS: hist\u00f3ria e cultura. Revista de Hist\u00f3ria da Universidade de Caxias do Sul. Vol. 4. N.8. Caxias do Sul, RS : Educs, 2005.<br \/><br \/>M\u00c9TIS: hist\u00f3ria e cultura. Revista de Hist\u00f3ria da Universidade de Caxias do Sul. Vol. 5. N.9. Caxias do Sul, RS : Educs, 2006.<br \/><br \/>M\u00c9TIS: hist\u00f3ria e cultura. Revista de Hist\u00f3ria da Universidade de Caxias do Sul. Vol. 5. N.10. Caxias do Sul, RS : Educs, 2006.<br \/><br \/>M\u00c9TIS: hist\u00f3ria e cultura. Revista de Hist\u00f3ria da Universidade de Caxias do Sul. Vol. 6. N.11. Caxias do Sul, RS : Educs, 2007.<br \/><br \/>M\u00c9TIS: hist\u00f3ria e cultura. Revista de Hist\u00f3ria da Universidade de Caxias do Sul. Vol. 6. N.12. Caxias do Sul, RS : Educs, 2007.<br \/><br \/>M\u00c9TIS: hist\u00f3ria e cultura. Revista de Hist\u00f3ria da Universidade de Caxias do Sul. Vol. 7. N.13. Caxias do Sul, RS : Educs, 2008.<br \/><br \/>M\u00c9TIS: hist\u00f3ria e cultura. Revista de Hist\u00f3ria da Universidade de Caxias do Sul. Vol. 7. N.14. Caxias do Sul, RS : Educs, 2008.<br \/><br \/>M\u00c9TIS: hist\u00f3ria e cultura. Revista de Hist\u00f3ria da Universidade de Caxias do Sul. Vol. 8. N.15. Caxias do Sul, RS : Educs, 2009.<br \/><br \/>M\u00c9TIS: hist\u00f3ria e cultura. Revista de Hist\u00f3ria da Universidade de Caxias do Sul. Vol. 8. N.16. Caxias do Sul, RS : Educs, 2009.<br \/><br \/>M\u00c9TIS: hist\u00f3ria e cultura. Revista de Hist\u00f3ria da Universidade de Caxias do Sul. Vol. 9. N.17. Caxias do Sul, RS : Educs, 2010.<br \/><br \/>M\u00c9TIS: hist\u00f3ria e cultura. Revista de Hist\u00f3ria da Universidade de Caxias do Sul. Vol. 9. N.18. Caxias do Sul, RS : Educs, 2010.<br \/><br \/>M\u00c9TIS: hist\u00f3ria e cultura. Revista de Hist\u00f3ria da Universidade de Caxias do Sul. Vol. 10. N.19. Caxias do Sul, RS : Educs, 2011.<br \/><br \/>M\u00c9TIS: hist\u00f3ria e cultura. Revista de Hist\u00f3ria da Universidade de Caxias do Sul. Vol. 10. N.20. Caxias do Sul, RS : Educs, 2011.<br \/><br \/>MET\u00d3DICA: Revista da faculdade metodista de Santa Maria, n. 1-2, 1999<br \/><br \/>MET\u00d3DICA: Revista da faculdade metodista de Santa Maria, n\u00ba4, 2000.<br \/><br \/>MISCEL\u00c2NEA. Revista de P\u00f3s-gradua\u00e7\u00e3o em Letras: teoria liter\u00e1ria, literatura comparada e literaturas de l\u00edngua portuguesa. V. 2. Universidade Estadual Paulista. S\u00e3o Paulo, 1995.<br \/><br \/>MOARA. Revista da p\u00f3s Gradua\u00e7\u00e3o em Letras da UFPA. Bel\u00e9m: CLA\/UFPA; n.16, 2001.<br \/><br \/>MUIRAQUIT\u00c3. Revista de letras e humanidades. Universidade Federal do Acre. Departamento de letras, Ano 1, n\u00ba 1; 2004.<\/p><\/div>\n\t\t\t\t<\/div>\n\t\t\t\t\t\t\t<div class=\"elementor-toggle-item\">\n\t\t\t\t\t<div id=\"elementor-tab-title-25213\" class=\"elementor-tab-title\" data-tab=\"13\" role=\"button\" aria-controls=\"elementor-tab-content-25213\" aria-expanded=\"false\">\n\t\t\t\t\t\t\t\t\t\t\t\t<span class=\"elementor-toggle-icon elementor-toggle-icon-left\" aria-hidden=\"true\">\n\t\t\t\t\t\t\t\t\t\t\t\t\t\t\t<span class=\"elementor-toggle-icon-closed\"><i class=\"fas fa-caret-right\"><\/i><\/span>\n\t\t\t\t\t\t\t\t<span class=\"elementor-toggle-icon-opened\"><i class=\"elementor-toggle-icon-opened fas fa-caret-up\"><\/i><\/span>\n\t\t\t\t\t\t\t\t\t\t\t\t\t<\/span>\n\t\t\t\t\t\t\t\t\t\t\t\t<a class=\"elementor-toggle-title\" tabindex=\"0\">Letra N<\/a>\n\t\t\t\t\t<\/div>\n\n\t\t\t\t\t<div id=\"elementor-tab-content-25213\" class=\"elementor-tab-content elementor-clearfix\" data-tab=\"13\" role=\"region\" aria-labelledby=\"elementor-tab-title-25213\"><p>NEPLA. CADERNOS AFRICANOS: O Negro escravo e a m\u00fasica brasileira, n\u00ba1, 1986.<br \/><br \/>NEPLA. CADERNOS AFRICANOS: As religi\u00f5es da \u00c1frica Negra, n\u00ba2, 1986.<br \/><br \/>NEPLA. CADERNOS AFRICANOS: a REPRESS\u00c3O Pol\u00edtica aos Cultos Afro-Brasileiros em Porto Alegre nas D\u00e9cadas de 20 e 30, n\u00ba3, 1986.<br \/><br \/>NEPLA. CADERNOS AFRICANOS: O \u00a8Bom Selvagem\u00a8Africano e o \u00a8Civilizado\u00a8 Europeu, n\u00ba4, 1986.<br \/><br \/>NEPLA. CADERNOS AFRICANOS: Prosa po\u00e9tica, n\u00ba5, 1986.<br \/><br \/>NONADA: Letras em Revista, POA, 1999, V. 2; n.1.<br \/><br \/>NONADA: Letras em Revista, POA, 1999, V. 2; n.2.<br \/><br \/>NONADA: Letras em Revista, POA, 1999, V. 2; n.3.<br \/><br \/>NONADA: Letras em Revista, POA, 2000, V.3; n. 4.<br \/><br \/>NORDIC JOURNAL OF LINGUISTICS, vol.1, n\u00ba1, 1978.<br \/><br \/>NORDIC JOURNAL OF LINGUISTICS, vol.2, n\u00ba2, 1978.<br \/><br \/>NORDIC JOURNAL OF LINGUISTICS, vol.2, n\u00ba1, 1979.<br \/><br \/>NOVAS PROPOSTAS PARA O DESENVOLVIMENTO DA LINGUAGEM EM PRIMEIROS E SEGUNDO GRAUS . Caderno de resumos. UFSM, maio 1998.<\/p><\/div>\n\t\t\t\t<\/div>\n\t\t\t\t\t\t\t<div class=\"elementor-toggle-item\">\n\t\t\t\t\t<div id=\"elementor-tab-title-25214\" class=\"elementor-tab-title\" data-tab=\"14\" role=\"button\" aria-controls=\"elementor-tab-content-25214\" aria-expanded=\"false\">\n\t\t\t\t\t\t\t\t\t\t\t\t<span class=\"elementor-toggle-icon elementor-toggle-icon-left\" aria-hidden=\"true\">\n\t\t\t\t\t\t\t\t\t\t\t\t\t\t\t<span class=\"elementor-toggle-icon-closed\"><i class=\"fas fa-caret-right\"><\/i><\/span>\n\t\t\t\t\t\t\t\t<span class=\"elementor-toggle-icon-opened\"><i class=\"elementor-toggle-icon-opened fas fa-caret-up\"><\/i><\/span>\n\t\t\t\t\t\t\t\t\t\t\t\t\t<\/span>\n\t\t\t\t\t\t\t\t\t\t\t\t<a class=\"elementor-toggle-title\" tabindex=\"0\">Letra O<\/a>\n\t\t\t\t\t<\/div>\n\n\t\t\t\t\t<div id=\"elementor-tab-content-25214\" class=\"elementor-tab-content elementor-clearfix\" data-tab=\"14\" role=\"region\" aria-labelledby=\"elementor-tab-title-25214\"><p>O QI: Revista Experimental do Curso de Comunica\u00e7\u00e3o Social \u2013 Produ\u00e7\u00e3o Editorial \u2013 UFSM \u2013 Vol. 1, N.1, 2002.<br \/><br \/>ORGANON 35: Discurso, L\u00edngua e Mem\u00f3ria, Vol.17, 2003.<br \/><br \/>ORGANON 40\/41: Linguagem e sintoma, Vol.20, 2006.<br \/><br \/>ORGANON 47:Pol\u00edticas e Pr\u00e1ticas sociais de resist\u00eancia, Vol.23, 2009.<br \/><br \/>ORGANON 48. A Pesquisa em An\u00e1lise de Discurso no PPG-Letras\/UFRGS e sua expans\u00e3o institucional, Vol.24, 2010.<br \/><br \/>OS GRANDES DA MPB: a hist\u00f3ria, as biografias, as discografias\u2026e muito mais. Vol.0.<br \/><br \/>OS GRANDES DA MPB: a hist\u00f3ria, as biografias, as discografias\u2026e muito mais. Vol.1.<br \/><br \/>OS GRANDES DA MPB: a hist\u00f3ria, as biografias, as discografias\u2026e muito mais. Vol.2.<br \/><br \/>OS GRANDES DA MPB: a hist\u00f3ria, as biografias, as discografias\u2026e muito mais. Vol.4.<br \/><br \/>OS GRANDES DA MPB: a hist\u00f3ria, as biografias, as discografias\u2026e muito mais. Vol.5.<br \/><br \/>OS GRANDES DA MPB: a hist\u00f3ria, as biografias, as discografias\u2026e muito mais. Vol.6.<br \/><br \/>OS GRANDES DA MPB: a hist\u00f3ria, as biografias, as discografias\u2026e muito mais. Vol. 7.<br \/><br \/>OS GRANDES DA MPB: a hist\u00f3ria, as biografias, as discografias\u2026e muito mais. Vol.8.<br \/><br \/>OS GRANDES DA MPB: a hist\u00f3ria, as biografias, as discografias\u2026e muito mais. Vol.9<\/p><\/div>\n\t\t\t\t<\/div>\n\t\t\t\t\t\t\t<div class=\"elementor-toggle-item\">\n\t\t\t\t\t<div id=\"elementor-tab-title-25215\" class=\"elementor-tab-title\" data-tab=\"15\" role=\"button\" aria-controls=\"elementor-tab-content-25215\" aria-expanded=\"false\">\n\t\t\t\t\t\t\t\t\t\t\t\t<span class=\"elementor-toggle-icon elementor-toggle-icon-left\" aria-hidden=\"true\">\n\t\t\t\t\t\t\t\t\t\t\t\t\t\t\t<span class=\"elementor-toggle-icon-closed\"><i class=\"fas fa-caret-right\"><\/i><\/span>\n\t\t\t\t\t\t\t\t<span class=\"elementor-toggle-icon-opened\"><i class=\"elementor-toggle-icon-opened fas fa-caret-up\"><\/i><\/span>\n\t\t\t\t\t\t\t\t\t\t\t\t\t<\/span>\n\t\t\t\t\t\t\t\t\t\t\t\t<a class=\"elementor-toggle-title\" tabindex=\"0\">Letra P<\/a>\n\t\t\t\t\t<\/div>\n\n\t\t\t\t\t<div id=\"elementor-tab-content-25215\" class=\"elementor-tab-content elementor-clearfix\" data-tab=\"15\" role=\"region\" aria-labelledby=\"elementor-tab-title-25215\"><p>PANORAMA ACAD\u00caMICO: Revista Interdisciplinar do Campus IV, vol.4, 2001.<br \/><br \/>PERCEP\u00c7\u00d5ES DE COMUNICA\u00c7\u00c3O E M\u00cdDIA NO OESTE CATARINENSE. Jorge Arlan de Oliveira Pereira, Luis Fernando Rabello Borge.(orgs.) Chapec\u00f3: Pallotti, 2006.<br \/><br \/>PESQUISA NA URI. Erechim, RS: EdiFAPES, 2003.<br \/><br \/>POL\u00cdTICA E SOCIEDADE: Revista de Sociologia Pol\u00edtica, n\u00ba1, 2002.<br \/><br \/>PORTO E V\u00cdRGULA: O moderno e o p\u00f3s-modernismo de Helo\u00edsa Buarque de Holanda. Vol. 10.<br \/><br \/>PORTO E V\u00cdRGULA: Carlitos. Vol. 11.<br \/><br \/>PRATIQUES: Argumenter, n.28 octobre, 1980.<br \/><br \/>PRAGMATICS 13, n\u00ba1, 2003.<br \/><br \/>PRAGMATICS 13, n\u00ba2, 2003.<br \/><br \/>PRAGMATICS 13, n\u00ba3\/4, 2003.<br \/><br \/>PRO-POSI\u00c7\u00d5ES: Dossi\u00ea \u2013 educa\u00e7\u00e3o fronteiri\u00e7a Brasil\/uruguay, l\u00ednguas e sujeitos. Universidade Estadual de Campinas. Vol. 21, n\u00ba 3, set.\/dez. de 2010.<br \/><br \/>PUBLICA\u00c7\u00c3O COMEMORATIVA 30 ANOS \u2013 Pr\u00eamio Almirante \u00c1lvaro Alberto para ci\u00eancia e tecnologia.<\/p><\/div>\n\t\t\t\t<\/div>\n\t\t\t\t\t\t\t<div class=\"elementor-toggle-item\">\n\t\t\t\t\t<div id=\"elementor-tab-title-25216\" class=\"elementor-tab-title\" data-tab=\"16\" role=\"button\" aria-controls=\"elementor-tab-content-25216\" aria-expanded=\"false\">\n\t\t\t\t\t\t\t\t\t\t\t\t<span class=\"elementor-toggle-icon elementor-toggle-icon-left\" aria-hidden=\"true\">\n\t\t\t\t\t\t\t\t\t\t\t\t\t\t\t<span class=\"elementor-toggle-icon-closed\"><i class=\"fas fa-caret-right\"><\/i><\/span>\n\t\t\t\t\t\t\t\t<span class=\"elementor-toggle-icon-opened\"><i class=\"elementor-toggle-icon-opened fas fa-caret-up\"><\/i><\/span>\n\t\t\t\t\t\t\t\t\t\t\t\t\t<\/span>\n\t\t\t\t\t\t\t\t\t\t\t\t<a class=\"elementor-toggle-title\" tabindex=\"0\">Letra R<\/a>\n\t\t\t\t\t<\/div>\n\n\t\t\t\t\t<div id=\"elementor-tab-content-25216\" class=\"elementor-tab-content elementor-clearfix\" data-tab=\"16\" role=\"region\" aria-labelledby=\"elementor-tab-title-25216\"><p>REESCREVENDO A EDUCA\u00c7\u00c3O. Org. por Clenio Lago. Chapec\u00f3: ed. Sinproeste, 2007.<br \/><br \/>REFLEX\u00d5ES DOCENTES III. Colet\u00e2neas de artigos publicados nos jornais A Raz\u00e3o e Di\u00e1rio de Santa Maria. Jun\/2006 e Jul\/2008.<br \/><br \/>REVISTA BRASILEIRA DE LINGU\u00cdSTICA ANTROPOL\u00d3GICA \u2013 Bras\u00edlia: Universidade de Bras\u00edlia. Vol. 1, N\u00ba 1, julho 2009<br \/><br \/>REVISTA BRASILEIRA DE LINGU\u00cdSTICA ANTROPOL\u00d3GICA \u2013 Bras\u00edlia: Universidade de Bras\u00edlia. Vol. 1, N\u00ba 2, dezembro 2009<br \/><br \/>REVISTA BRASILEIRA DE LINGU\u00cdSTICA ANTROPOL\u00d3GICA \u2013 Bras\u00edlia: Universidade de Bras\u00edlia. Vol. 2, N\u00ba 1, julho 2010<br \/><br \/>REVISTA BRASILEIRA DE LINGU\u00cdSTICA ANTROPOL\u00d3GICA \u2013 Bras\u00edlia: Universidade de Bras\u00edlia. Vol. 2, N\u00ba 2, dezembro 2010<br \/><br \/>REVISTA BRASILEIRA DE LINGU\u00cdSTICA ANTROPOL\u00d3GICA \u2013 Bras\u00edlia: Universidade de Bras\u00edlia. Vol. 3, N\u00ba 1, julho 2011<br \/><br \/>REVISTA BRASILEIRA DE LINGU\u00cdSTICA ANTROPOL\u00d3GICA \u2013 Bras\u00edlia: Universidade de Bras\u00edlia. Vol. 3, N\u00ba 2, dezembro 2011<br \/><br \/>REVISTA BRASILEIRA DE LINGU\u00cdSTICA ANTROPOL\u00d3GICA \u2013 Bras\u00edlia: Universidade de Bras\u00edlia. Vol. 4, N\u00ba 1, julho 2012<br \/><br \/>REVISTA BRASILIA. Faculdade de Letras da Universidade de Coimbra \u2013 Instituto de Estudos Brasileiros. Coimbra: Vol. I, 1942.<br \/><br \/>REVISTA BRASILIA. Faculdade de Letras da Universidade de Coimbra \u2013 Instituto de Estudos Brasileiros. Coimbra: Vol. III, 1946.<br \/><br \/>REVISTA BRASILIA. Faculdade de Letras da Universidade de Coimbra \u2013 Instituto de Estudos Brasileiros. Coimbra: Vol. IV, 1949.<br \/><br \/>REVISTA BRASILIA. Faculdade de Letras da Universidade de Coimbra \u2013 Instituto de Estudos Brasileiros. Coimbra: Vol. V, 1950.<br \/><br \/>REVISTA BRASILIA. Faculdade de Letras da Universidade de Coimbra \u2013 Instituto de Estudos Brasileiros. Coimbra: Vol. VI, 1951.<br \/><br \/>REVISTA BRASILIA. Faculdade de Letras da Universidade de Coimbra \u2013 Instituto de Estudos Brasileiros. Coimbra: Vol. VII, 1952.<br \/><br \/>REVISTA BRASILIA. Faculdade de Letras da Universidade de Coimbra \u2013 Instituto de Estudos Brasileiros. Coimbra: Vol. VIII, 1953.<br \/><br \/>REVISTA BRASILIA. Faculdade de Letras da Universidade de Coimbra \u2013 Instituto de Estudos Brasileiros. Coimbra: Vol. IX, 1955.<br \/><br \/>REVISTA BRASILIA. Faculdade de Letras da Universidade de Coimbra \u2013 Instituto de Estudos Brasileiros. Coimbra: Vol. X, 1958.<br \/><br \/>REVISTA BRASILIA. Faculdade de Letras da Universidade de Coimbra \u2013 Instituto de Estudos Brasileiros. Coimbra: Vol. XI, 1961.<br \/><br \/>REVISTA BRASILIA. Faculdade de Letras da Universidade de Coimbra \u2013 Instituto de Estudos Brasileiros. Coimbra: Vol. XII, 1965.<br \/><br \/>REVISTA BRASILIA. Faculdade de Letras da Universidade de Coimbra \u2013 Instituto de Estudos Brasileiros. Coimbra: Vol. XIII, 1968.<br \/><br \/>REVISTA CAMONIANA, vol.13, 2003.<br \/><br \/>REVISTA BRASILEIRA DE LINGU\u00cdSTICA APLICADA \u2013 Belo horizonte, Vol.10, n.3, 2010<br \/><br \/>REVISTA BRASILEIRA DE LINGU\u00cdSTICA APLICADA \u2013 Belo horizonte, Vol.10, n.4, 2010.<br \/><br \/>REVISTA BRASILEIRA DE LINGU\u00cdSTICA APLICADA \u2013 Belo horizonte, Vol.11, n.1, 2011<br \/><br \/>REVISTA BRASILEIRA DE LINGU\u00cdSTICA APLICADA \u2013 Belo horizonte, Vol.11, n.2, 2011.<br \/><br \/>REVISTA COGITARE. VOLUME 11. IR\u00c8NE FENOGLIO \u2013 9 VOLUMES<br \/><br \/>REVISTA DA ABRALIN. v. 1. n. 1. jul. 2002.<br \/><br \/>REVISTA DA ABRALIN. v.1. n. 2. dez 20O2.<br \/><br \/>REVISTA DA ABRALIN. v. 2. n. 1. jul. 2003.<br \/><br \/>REVISTA DA ABRALIN. v. 2. n. 2. Dez. 2003.<br \/><br \/>REVISTA DA ABRALIN. v.3. n. 1 e 2. jul\/dez 2004.<br \/><br \/>REVISTA DA ABRALIN. v.4. n. 1 e 2. Dez 2005.<br \/><br \/>REVISTA DA ABRALIN. V.5. n. 1 e 2. Dez 2006.<br \/><br \/>REVISTA DA ABRALIN. V.6. n. 1. Jan.\/Jun. 2007<br \/><br \/>REVISTA DA ABRALIN. V.6. n. 2. Dez 2007<br \/><br \/>REVISTA DA ABRALIN. V.7. n.1, Jan.\/Jun. 2008.<br \/><br \/>REVISTA DA ABRALIN. V.7. n. 2. Jul.\/Dez. 2008.<br \/><br \/>REVISTA DA ABRALIN. V.8. n. 1. Jan.\/Jun. 2009.<br \/><br \/>REVISTA DA ABRALIN. V.8. n. 2. Jul.\/Dez. 2009.<br \/><br \/>REVISTA DA ABRALIN. V.9. n. 1. Jan.\/Jun. 2010.<br \/><br \/>REVISTA DA ABRALIN. V.9. n. 2. Jul.\/Dez. 2010.<br \/><br \/>REVISTA DA ABRALIN. V.10. n. 1. Jan.\/Jun. 2011.<br \/><br \/>REVISTA DA ABRALIN. V.10. n. 2. Jul.\/Dez. 2011.<br \/><br \/>REVISTA DE CI\u00caNCIAS HUMANAS. URI. Departamento de Ci\u00eancias Humanas. \u2013 Vol. 7, n\u00b0 8. Frederico Westphalen. Ed. URI, 2006.<br \/><br \/>REVISTA DE CI\u00caNCIAS HUMANAS. URI. Departamento de Ci\u00eancias Humanas. \u2013 Vol. 7, n\u00b0 9. Frederico Westphalen. Ed. URI, 2006.<br \/><br \/>REVISTA DE ESTUDOS DA LINGUAGEM, vol.6, N. 2, 1997.<br \/><br \/>REVISTA DE ESTUDOS DA COMUNICA\u00c7\u00c3O, V.6, N.11, 2005.<br \/><br \/>REVISTA DE ESTUDOS DA COMUNICA\u00c7\u00c3O, V.6, N.12, 2005.<br \/><br \/>REVISTA DE ESTUDOS DA COMUNICA\u00c7\u00c3O, V.7, N.13, 2006.<br \/><br \/>REVISTA DE ESTUDOS DA COMUNICA\u00c7\u00c3O, V.8, N.15, 2007.<br \/><br \/>REVISTA DE ESTUDOS DA COMUNICA\u00c7\u00c3O, V.8, N.16, 2007.<br \/><br \/>REVISTA DE ESTUDOS DA COMUNICA\u00c7\u00c3O, V.8, N.17, 2007.<br \/><br \/>REVISTA DE ESTUDOS DA COMUNICA\u00c7\u00c3O, V.9, N.19, 2008.<br \/><br \/>REVISTA DE ESTUDOS DA COMUNICA\u00c7\u00c3O, V.9, N.20, 2008.<br \/><br \/>REVISTA DE ESTUDOS DA COMUNICA\u00c7\u00c3O, V.10, N.21, 2009.<br \/><br \/>REVISTA DE ESTUDOS DA COMUNICA\u00c7\u00c3O, v. 12, N.29, 2011.<br \/><br \/>REVISTA DE HIST\u00d3RIA DAS ID\u00c9IAS. Faculdade de Letras da Universidade de Coimbra; V. 11, 1989.<br \/><br \/>REVISTA DE HIST\u00d3RIA DAS ID\u00c9IAS. \u00cdndices vols. 1-10; Faculdade de Letras da Universidade de Coimbra; V. 11, 1989.<br \/><br \/>REVISTA DE HIST\u00d3RIA DAS ID\u00c9IAS. Faculdade de Letras da Universidade de Coimbra; V. 14, 1992.<br \/><br \/>REVISTA DE LETRAS: Formas da Sedu\u00e7\u00e3o, n. 13, 1996. LETRAS: Faculdade de Filosofia, Ci\u00eancias e Letras de Assis. 1970\/71. Vol. 13.<br \/><br \/>REVISTA DA FACULDADE DE LETRAS, PUC, Campinas, v.23, n\u00ba1. jan\/jun 2004.<br \/><br \/>REVISTA DE FILOSOFIA E CI\u00caNCIAS HUMANAS, Passo Fundo, Ano 14, n. II, 1998 \u2013 Ano15, n. I, 1999.<br \/><br \/>REVISTA DO LIVRO DA FUNDA\u00c7\u00c3O BIBLIOTECA NACIONAL. N\u00ba45, 2002.<br \/><br \/>REVISTA DO GEL. Grupo de estudos Ling\u00fc\u00edsticos do Estado de SP. V.4, n.2, 2007.<br \/><br \/>REVISTA INTERNACIONAL DE LING\u00dc\u00cdSTICA IBEROAMERICANA.<br \/><br \/>REVISTA LIAMES: L\u00ednguas Ind\u00edgenas Americanas, n\u00ba1, 2001, UNICAMP.<br \/><br \/>REVISTA RUA: Revista do N\u00facleo de desenvolvimento da criatividade da UNICAMP \u2013 NUDECRI. Campinas, SP, Vol. 1, n\u00ba3, mar\u00e7o de 1997.<br \/><br \/>REVISTA RUA: Revista do N\u00facleo de desenvolvimento da criatividade da UNICAMP \u2013 NUDECRI. Campinas, SP. N\u00ba4, mar\u00e7o de 1998.<br \/><br \/>REVISTA RUA: Revista do N\u00facleo de desenvolvimento da criatividade da UNICAMP \u2013 NUDECRI. Campinas, SP. N\u00famero especial, julho de 1999.<br \/><br \/>REVISTA RUA: Revista do N\u00facleo de desenvolvimento da criatividade da UNICAMP \u2013 NUDECRI. Campinas, SP. N\u00ba7, mar\u00e7o de 2001. (2 exemplares).<br \/><br \/>REVISTA DE PSICAN\u00c1LISE DA SPPA, vol.IX, n\u00ba2, 2002.<br \/><br \/>REVISTA DE PSICAN\u00c1LISE DA SPPA, vol.IX, n\u00ba3, 2002.<br \/><br \/>REVISTA DO CENTRO DE EDUCA\u00c7\u00c3O. V. 23, N\u00ba. 1, 1998.<br \/><br \/>REVISTA L\u00cdNGUA E LITERATURA. USP, n. 21, 1994\/1995.<br \/><br \/>REVISTA L\u00cdNGUA E LITERATURA, URI, Ano I, n. 1, 1998.<br \/><br \/>REVISTA L\u00cdNGUA E LITERATURA, URI, Ano I n. 2, 1999.<br \/><br \/>REVISTA L\u00cdNGUA E LITERATURA, URI, n. 3, 1999. (2 exemplares)<br \/><br \/>REVISTA L\u00cdNGUA E LITERATURA, URI, Ano II, n. 4, 2000.<br \/><br \/>REVISTA L\u00cdNGUA E LITERATURA, URI, Ano II, n. 5, 2000.<br \/><br \/>REVISTA L\u00cdNGUA E LITERATURA, URI, Ano III, n. 6\/7, 2001. (2 exemplares)<br \/><br \/>REVISTA L\u00cdNGUA E LITERATURA, URI, Ano IV e V, n. 8\/9, 2002\/2003.<br \/><br \/>REVISTA L\u00cdNGUA E LITERATURA, URI, Ano VIII, n. 12, 2006.<br \/><br \/>REVISTA L\u00cdNGUA E LITERATURA, URI, Ano IX, n. 13, 2007. (2 EXEMPLARES)<br \/><br \/>REVISTA L\u00cdNGUA E LITERATURA, URI, Ano X, n. 14, 2008. (3 exemplares)<br \/><br \/>REVISTA L\u00cdNGUA E LITERATURA, URI, Ano X, n. 15, 2008. (3 exemplares)<br \/><br \/>REVISTA L\u00cdNGUA E LITERATURA, URI, Ano XI, n. 16, 2009. (2 EXEMPLARES)<br \/><br \/>REVISTA L\u00cdNGUA E LITERATURA, URI, Ano XI, n. 17, 2009.(2 EXEMPLARES).<br \/><br \/>REVISTA L\u00cdNGUA E LITERATURA, URI, Ano XIII, n. 21, 2011.<br \/><br \/>REVISTA LINGUAGEM, Instituto Latino \u2013 Americano de Pesquisas Cient\u00edficas- ILAPEC, Santa Maria, v.1,n.1, jan\/jun, 2004.<br \/><br \/>REVISTA LITTERALIS: estudos e debates de assuntos de lingu\u00edstica, letras e artes. Santo \u00c2ngelo: EDIURI, 2002.<br \/><br \/>REVISTA ROCHA FILHO, Jos\u00e9 Mariano da. A terra, o homem e a educa\u00e7\u00e3o. Santa Maria: Pallotti, 2\u00aa ed., 1993<br \/><br \/>REVISTA DO INSTITUTO DE LINGUA PORTUGUESA., n.25 e 26, RJ, 2003.<br \/><br \/>REVUE \u00c9DUCATION PERMANENTE, N. 92 &#8211; \u00c9ducation permanente et formation des adultes\/N. 96 \u2013 La formation continue des enseignants.<br \/><br \/>ROTEIRO DE PR\u00c1TICAS LEITORAS PARA A ESCOLA \u2013 Quem conta encanta (educa\u00e7\u00e3o infantil). R\u00d6SING, T\u00e2nia M. K, LEITE, Eliana Rodrigues; NICKHORN, Mateus Mattielo.<br \/><br \/>ROTEIRO DE PR\u00c1TICAS LEITORAS PARA A ESCOLA \u2013 Leitura audiovisual (1\u00ba e 2\u00ba anos do ensino fundamental). R\u00d6SING, T\u00e2nia M. K.; BLANCK, Lisandra.<br \/><br \/>ROTEIRO DE PR\u00c1TICAS LEITORAS PARA A ESCOLA \u2013 Quando os objetos ganham vida (3\u00ba e 4\u00ba anos do fundamental) R\u00d6SING, T\u00e2nia M. K.; VIEIRA, Lisiane.<br \/><br \/>ROTEIRO DE PR\u00c1TICAS LEITORAS PARA A ESCOLA \u2013 Literatura e tecnologia (1\u00ba ao 4\u00ba anos do ensino fundamental) R\u00d6SING, T\u00e2nia M. K.; MELLO Elis\u00e2ngela de F. F. de.<br \/><br \/>ROTEIRO DE PR\u00c1TICAS LEITORAS PARA A ESCOLA \u2013 linguagem quadrinizada (5\u00ba e 6\u00ba anos do ensino fundamental) R\u00d6SING, T\u00e2nia M. K.; TEIXEIRA, Eliana.<br \/><br \/>ROTEIRO DE PR\u00c1TICAS LEITORAS PARA A ESCOLA \u2013 Agregar m\u00eddias e criar colaborativamente (7\u00ba, 8\u00ba e 9\u00ba anos do ensino fundamental) R\u00d6SING, T\u00e2nia M. K.; MELLO Elis\u00e2ngela de F. F. de.<br \/><br \/>ROTEIRO DE PR\u00c1TICAS LEITORAS PARA A ESCOLA \u2013 Miniconto: a literatura em c\u00e1psulas. (Ensino M\u00e9dio) R\u00d6SING, T\u00e2nia M. K.; PHILIPPSEN, Bruno.<\/p><\/div>\n\t\t\t\t<\/div>\n\t\t\t\t\t\t\t<div class=\"elementor-toggle-item\">\n\t\t\t\t\t<div id=\"elementor-tab-title-25217\" class=\"elementor-tab-title\" data-tab=\"17\" role=\"button\" aria-controls=\"elementor-tab-content-25217\" aria-expanded=\"false\">\n\t\t\t\t\t\t\t\t\t\t\t\t<span class=\"elementor-toggle-icon elementor-toggle-icon-left\" aria-hidden=\"true\">\n\t\t\t\t\t\t\t\t\t\t\t\t\t\t\t<span class=\"elementor-toggle-icon-closed\"><i class=\"fas fa-caret-right\"><\/i><\/span>\n\t\t\t\t\t\t\t\t<span class=\"elementor-toggle-icon-opened\"><i class=\"elementor-toggle-icon-opened fas fa-caret-up\"><\/i><\/span>\n\t\t\t\t\t\t\t\t\t\t\t\t\t<\/span>\n\t\t\t\t\t\t\t\t\t\t\t\t<a class=\"elementor-toggle-title\" tabindex=\"0\">Letra S<\/a>\n\t\t\t\t\t<\/div>\n\n\t\t\t\t\t<div id=\"elementor-tab-content-25217\" class=\"elementor-tab-content elementor-clearfix\" data-tab=\"17\" role=\"region\" aria-labelledby=\"elementor-tab-title-25217\"><p>SEMANA ACAD\u00caMICA DE LETRAS DA UFSM: (II Extraordin\u00e1ria). Caderno de Resumos. out. 2004.<br \/><br \/>SEMANA ACAD\u00caMICA DE LETRAS DA UFSM: Regi\u00e3o e regionalismo ga\u00fachos. Caderno de Resumos. out. 2005.<br \/><br \/>SEMANA ACED\u00caMICA DE LETRAS DA UFSM. Anos 60: utopias que transformaram a \u00e1rea das Letras. Caderno de Resumos. Curso de Letras\/UFSM. ago. 2006.<br \/><br \/>SEMEAR, Revista da C\u00e1tedra Padre Ant\u00f4nio Vieira de Estudos Portugueses: Cultura e Democracia, n\u00ba5, 2001.<br \/><br \/>SEMIN\u00c1RIO LITERATURA E HIST\u00d3RIA: Perspectivas e converg\u00eancias. Relatos de Pesquisa; Resumos de comunica\u00e7\u00f5es. UFSM, agosto 1999.<br \/><br \/>S\u00c9RIE CADERNOS PUC- 31: Sujeito &amp; Texto. ORLANDI, Eni. et al. (Orgs.). S\u00e3o Paulo, 1988.<br \/><br \/>SIGNO, vol.22, n\u00ba32\/33, 1997.<br \/><br \/>SIGNO, VOL.27, N\u00ba42, 2002.<br \/><br \/>SIGNO &amp; SE\u00d1A \u2013 El espa\u00f1ol en Brasil. Investigaci\u00f3n, ense\u00f1anza, pol\u00edticas. Revista del Instituto de Ling\u00fc\u00edstica, Facultad de Filosofia y Letras. Universidad de Buenos Aires. N\u00ba 20, Janeiro de 2009.<br \/><br \/>S\u00cdNTESES: Especial IEL 25 anos<br \/><br \/>S\u00cdNTESES, vol.8, 2003.<br \/><br \/>SOCIAIS E HUMANAS, vol.1. n\u00ba1, 1998.<br \/><br \/>SYNERGIES BR\u00c9SIL, n\u00ba1, 2000.<\/p><\/div>\n\t\t\t\t<\/div>\n\t\t\t\t\t\t\t<div class=\"elementor-toggle-item\">\n\t\t\t\t\t<div id=\"elementor-tab-title-25218\" class=\"elementor-tab-title\" data-tab=\"18\" role=\"button\" aria-controls=\"elementor-tab-content-25218\" aria-expanded=\"false\">\n\t\t\t\t\t\t\t\t\t\t\t\t<span class=\"elementor-toggle-icon elementor-toggle-icon-left\" aria-hidden=\"true\">\n\t\t\t\t\t\t\t\t\t\t\t\t\t\t\t<span class=\"elementor-toggle-icon-closed\"><i class=\"fas fa-caret-right\"><\/i><\/span>\n\t\t\t\t\t\t\t\t<span class=\"elementor-toggle-icon-opened\"><i class=\"elementor-toggle-icon-opened fas fa-caret-up\"><\/i><\/span>\n\t\t\t\t\t\t\t\t\t\t\t\t\t<\/span>\n\t\t\t\t\t\t\t\t\t\t\t\t<a class=\"elementor-toggle-title\" tabindex=\"0\">Letra T<\/a>\n\t\t\t\t\t<\/div>\n\n\t\t\t\t\t<div id=\"elementor-tab-content-25218\" class=\"elementor-tab-content elementor-clearfix\" data-tab=\"18\" role=\"region\" aria-labelledby=\"elementor-tab-title-25218\"><p>TANTAS PALAVRAS \u2013 N.13, out.2011.<br \/><br \/>TESES: cat\u00e1logos 1954\/1994 \u2013 Resumos 1992, 1994.<br \/><br \/>TEXTILES. Revue d\u00eas lettres belges de langue fran\u00e7aise. Jean-Philippe Toussaint. N\u00ba 38. 2010. (2 exemplares)<br \/><br \/>TEXTILES. Revue d\u00eas lettres belges de langue fran\u00e7aise. Les \u00e9crivains-journalistes. N\u00ba 39. 2010. (2 exemplares)<br \/><br \/>TRABALHOS EM AN\u00c1LISE DE DISCURSO \u2013 N\u00ba2. Discurso Televisivo, discurso jur\u00eddico, discurso lexicogr\u00e1fico. Departamento de Estudos Lingu\u00edsticos e Liter\u00e1rios. IBILCE\/UNESP- S\u00e3o Jos\u00e9 do RioPreto. 2004.<br \/><br \/>TRABALHOS EM AN\u00c1LISE DE DISCURSO \u2013 N\u00ba 3. Documenta\u00e7\u00e3o ling\u00fc\u00edstica: arquivo, instrumenta\u00e7\u00e3o, divulga\u00e7\u00e3o. Departamento de Estudos Lingu\u00edsticos e liter\u00e1rios. IBILCE\/UNESP \u2013 S\u00e3o Jos\u00e9 do Rio Preto. 2006.<br \/><br \/>TRABALHOS EM AN\u00c1LISE DE DISCURSO \u2013 N\u00ba4. Dicion\u00e1rio e Discurso: arquivo, instrumenta\u00e7\u00e3o e divulga\u00e7\u00e3o. Departamento de Estudos ling\u00fc\u00edsticos e liter\u00e1rios. IBILCE\/UNESP \u2013 S\u00e3o Jos\u00e9 do Rio Preto. 2008.<br \/><br \/>TRABALHOS EM LING\u00dc\u00cdSTICA APLICADA. Campinas: UNICAMP \u2013 IEL. Vol. 36 (2), Jul\/Dez de 2000.<br \/><br \/>TRABALHOS EM LING\u00dc\u00cdSTICA APLICADA. Campinas: UNICAMP \u2013 IEL. Vol. 41(1), Jan\/Jun. de 2003.<br \/><br \/>TRABALHOS EM LING\u00dc\u00cdSTICA APLICADA. Campinas: UNICAMP \u2013 IEL. Vol. 42(2), Jul\/Dez. de 2003.<br \/><br \/>TRABALHOS EM LING\u00dc\u00cdSTICA APLICADA. Campinas: UNICAMP \u2013 IEL. Vol. 46(1), Jan\/Jun. de 2007.<br \/><br \/>TRABALHOS EM LING\u00dc\u00cdSTICA APLICADA. Campinas: UNICAMP \u2013 IEL. Vol. 46(2), Jul.\/Dez. de 2007.<br \/><br \/>TRABALHOS EM LING\u00dc\u00cdSTICA APLICADA: homenagem a Paulo Roberto Ottoni. Campinas: UNICAMP \u2013 IEL. Vol. Especial de 2007.<br \/><br \/>TRABALHOS EM LING\u00dc\u00cdSTICA APLICADA. Campinas: UNICAMP \u2013 IEL. Vol. 47(1), Jan.\/Jul. de 2008.<br \/><br \/>TRABALHOS EM LING\u00dc\u00cdSTICA APLICADA. Campinas: UNICAMP \u2013 IEL. Vol. 47(2), Jul.\/Dez. de 2008.<br \/><br \/>TRABALHOS EM LING\u00dc\u00cdSTICA APLICADA. Campinas: UNICAMP \u2013 IEL. Vol. 48(1), Jan.\/Jun. de 2009.<br \/><br \/>TRABALHOS EM LING\u00dc\u00cdSTICA APLICADA. Campinas: UNICAMP \u2013 IEL. Vol. 48(2), Jul.\/Dez. de 2009.<br \/><br \/>TRABALHOS EM LING\u00dc\u00cdSTICA APLICADA. Campinas: UNICAMP \u2013 IEL. N.30, Jul.\/Dez. de 1997.<br \/><br \/>TRABALHOS EM LING\u00dc\u00cdSTICA APLICADA. Campinas: UNICAMP \u2013 IEL. N.29, Jan.\/Jun. de 1997.<br \/><br \/>TRABALHOS EM LING\u00dc\u00cdSTICA APLICADA. Campinas: UNICAMP \u2013 IEL. N.28, Jul.\/Dez. de 1996.<br \/><br \/>TRABALHOS EM LING\u00dc\u00cdSTICA APLICADA. Campinas: UNICAMP \u2013 IEL. N.27, Jan.\/Jun. de 1996.<br \/><br \/>TRABALHOS EM LING\u00dc\u00cdSTICA APLICADA. Campinas: UNICAMP \u2013 IEL. N.26, Jul.\/Dez. de 1995.<br \/><br \/>TRABALHOS EM LING\u00dc\u00cdSTICA APLICADA. Campinas: UNICAMP \u2013 IEL. N.25, Jan.\/Jun. de 1995.<br \/><br \/>TRABALHOS EM LING\u00dc\u00cdSTICA APLICADA. Campinas: UNICAMP \u2013 IEL. N.24, Jul.\/Dez. de 1994.<br \/><br \/>TRABALHOS EM LING\u00dc\u00cdSTICA APLICADA. Campinas: UNICAMP \u2013 IEL. N.23, Jan.\/Jun. de 1994.<br \/><br \/>TRABALHOS EM LING\u00dc\u00cdSTICA APLICADA. Campinas: UNICAMP \u2013 IEL. N.22, Jul.\/Dez. de 1993.<br \/><br \/>TRABALHOS EM LING\u00dc\u00cdSTICA APLICADA. Campinas: UNICAMP \u2013 IEL. N.21, Jan.\/Jun. de 1993.<br \/><br \/>TRABALHOS EM LING\u00dc\u00cdSTICA APLICADA. Campinas: UNICAMP \u2013 IEL. N.20, Jul.\/Dez. de 1992.<br \/><br \/>TRABALHOS EM LING\u00dc\u00cdSTICA APLICADA. Campinas: UNICAMP \u2013 IEL. N.19, Jan.\/Jun. de 1992.<br \/><br \/>TRABALHOS EM LING\u00dc\u00cdSTICA APLICADA. Campinas: UNICAMP \u2013 IEL. N.18, Jul.\/Dez. de 1991.<br \/><br \/>TRABALHOS EM LING\u00dc\u00cdSTICA APLICADA. Campinas: UNICAMP \u2013 IEL. N.17, Jan.\/Jun. de 1991.<br \/><br \/>TRABALHOS EM LING\u00dc\u00cdSTICA APLICADA. Campinas: UNICAMP \u2013 IEL. N.16, Jul.\/Dez. de 1990.<br \/><br \/>TRABALHOS EM LING\u00dc\u00cdSTICA APLICADA. Campinas: UNICAMP \u2013 IEL. N.15, Jan.\/Jun. de 1990.<br \/><br \/>TRABALHOS EM LING\u00dc\u00cdSTICA APLICADA. Campinas: UNICAMP \u2013 IEL. N.11, Jan.\/Jun. de 1988.<br \/><br \/>TRABALHOS EM LING\u00dc\u00cdSTICA APLICADA. Campinas: UNICAMP \u2013 IEL. N.10, Jul.\/Dez. de 1987.<br \/><br \/>TRABALHOS EM LING\u00dc\u00cdSTICA APLICADA. Campinas: UNICAMP \u2013 IEL. N.8, Jul.\/Dez. de 1986.<br \/><br \/>TRABALHOS EM LING\u00dc\u00cdSTICA APLICADA. Campinas: UNICAMP \u2013 IEL. N.4, Dez. de 1984.<br \/><br \/>TRABALHOS EM LING\u00dc\u00cdSTICA APLICADA. Campinas: UNICAMP \u2013 IEL. N.2, Jul.\/Dez. de 1983.<br \/><br \/>TRAMA. Colegiado do Curso de Letras; Centro de Ci\u00eancias Humanas, Educa\u00e7\u00e3o Letras da UNIOESTE, Campus de Marechal C\u00e2ndido Rondon. V.1, n.2 (2005). Marechal C\u00e2ndido Rondon, Escala, 2005.<\/p><\/div>\n\t\t\t\t<\/div>\n\t\t\t\t\t\t\t<div class=\"elementor-toggle-item\">\n\t\t\t\t\t<div id=\"elementor-tab-title-25219\" class=\"elementor-tab-title\" data-tab=\"19\" role=\"button\" aria-controls=\"elementor-tab-content-25219\" aria-expanded=\"false\">\n\t\t\t\t\t\t\t\t\t\t\t\t<span class=\"elementor-toggle-icon elementor-toggle-icon-left\" aria-hidden=\"true\">\n\t\t\t\t\t\t\t\t\t\t\t\t\t\t\t<span class=\"elementor-toggle-icon-closed\"><i class=\"fas fa-caret-right\"><\/i><\/span>\n\t\t\t\t\t\t\t\t<span class=\"elementor-toggle-icon-opened\"><i class=\"elementor-toggle-icon-opened fas fa-caret-up\"><\/i><\/span>\n\t\t\t\t\t\t\t\t\t\t\t\t\t<\/span>\n\t\t\t\t\t\t\t\t\t\t\t\t<a class=\"elementor-toggle-title\" tabindex=\"0\">Letra U<\/a>\n\t\t\t\t\t<\/div>\n\n\t\t\t\t\t<div id=\"elementor-tab-content-25219\" class=\"elementor-tab-content elementor-clearfix\" data-tab=\"19\" role=\"region\" aria-labelledby=\"elementor-tab-title-25219\"><p>UERGS NA FRONTEIRA OESTE E CAMPANHA. Vol.1, 2006.<br \/><br \/>UERGS NA FRONTEIRA OESTE E CAMPANHA. Vol.2, 2007.<br \/><br \/>UERGS NA FRONTEIRA OESTE E CAMPANHA. Vol.3, 2007<\/p><\/div>\n\t\t\t\t<\/div>\n\t\t\t\t\t\t\t<div class=\"elementor-toggle-item\">\n\t\t\t\t\t<div id=\"elementor-tab-title-25220\" class=\"elementor-tab-title\" data-tab=\"20\" role=\"button\" aria-controls=\"elementor-tab-content-25220\" aria-expanded=\"false\">\n\t\t\t\t\t\t\t\t\t\t\t\t<span class=\"elementor-toggle-icon elementor-toggle-icon-left\" aria-hidden=\"true\">\n\t\t\t\t\t\t\t\t\t\t\t\t\t\t\t<span class=\"elementor-toggle-icon-closed\"><i class=\"fas fa-caret-right\"><\/i><\/span>\n\t\t\t\t\t\t\t\t<span class=\"elementor-toggle-icon-opened\"><i class=\"elementor-toggle-icon-opened fas fa-caret-up\"><\/i><\/span>\n\t\t\t\t\t\t\t\t\t\t\t\t\t<\/span>\n\t\t\t\t\t\t\t\t\t\t\t\t<a class=\"elementor-toggle-title\" tabindex=\"0\">Letra V<\/a>\n\t\t\t\t\t<\/div>\n\n\t\t\t\t\t<div id=\"elementor-tab-content-25220\" class=\"elementor-tab-content elementor-clearfix\" data-tab=\"20\" role=\"region\" aria-labelledby=\"elementor-tab-title-25220\"><p>VEREDAS: Revista da Associa\u00e7\u00e3o Internacional de Lusitanistas, vol.1, 1998.<br \/><br \/>VIDYA: \u00c1gua, fonte de vida: diferentes sentidos e contextos. Centro Universit\u00e1rio Franciscano. V. 24, n.41, Santa Maria, jan.\/jun., 2004.<br \/><br \/>VIDYA: Educa\u00e7\u00e3o. Centro Universit\u00e1rio Franciscano. V. 1, n.1,Santa Maria, jul.\/dez., 2004.<br \/><br \/>VIDYA: Educa\u00e7\u00e3o. Centro Universit\u00e1rio Franciscano. V. 25, n.1,Santa Maria, jan.\/jun., 2005.<br \/><br \/>VIDYA: Educa\u00e7\u00e3o. Centro Universit\u00e1rio Franciscano. V. 25, n.2,Santa Maria, jan.\/jun., 2005.<br \/><br \/>VIDYA: Educa\u00e7\u00e3o. Centro Universit\u00e1rio Franciscano. V. 26, n.1,Santa Maria, jan.\/jun., 2006.<br \/><br \/>VIDYA: Educa\u00e7\u00e3o. Centro Universit\u00e1rio Franciscano. V. 26, n.2,Santa Maria, jul.\/dez., 2006.<br \/><br \/>VIDYA: Educa\u00e7\u00e3o. Centro Universit\u00e1rio Franciscano. V. 28, n.1. Santa Maria, jan.\/jun, 2008.<br \/><br \/>VIDYA: Educa\u00e7\u00e3o. Centro Universit\u00e1rio Franciscano. V. 28, n.2. Santa Maria, jul.\/dez., 2008.<br \/><br \/>VIDYA: Educa\u00e7\u00e3o. Centro Universit\u00e1rio Franciscano. V. 29, n.1. Santa Maria, jan.\/jun., 2009.<br \/><br \/>VIDYA: Educa\u00e7\u00e3o. Centro Universit\u00e1rio Franciscano. V. 30, n.2. Santa Maria, jul.\/dez., 2010.<br \/><br \/>V\u00cdNCULO: Revista de Letras da UNIMONTES. V. 9, N. 1, JAN\/JUN DE 2008.<br \/><br \/>V\u00cdNCULO: Revista de Letras da UNIMONTES. V. 9, N. 2, JUL\/DEZ DE 2008.<\/p><\/div>\n\t\t\t\t<\/div>\n\t\t\t\t\t\t\t<div class=\"elementor-toggle-item\">\n\t\t\t\t\t<div id=\"elementor-tab-title-25221\" class=\"elementor-tab-title\" data-tab=\"21\" role=\"button\" aria-controls=\"elementor-tab-content-25221\" aria-expanded=\"false\">\n\t\t\t\t\t\t\t\t\t\t\t\t<span class=\"elementor-toggle-icon elementor-toggle-icon-left\" aria-hidden=\"true\">\n\t\t\t\t\t\t\t\t\t\t\t\t\t\t\t<span class=\"elementor-toggle-icon-closed\"><i class=\"fas fa-caret-right\"><\/i><\/span>\n\t\t\t\t\t\t\t\t<span class=\"elementor-toggle-icon-opened\"><i class=\"elementor-toggle-icon-opened fas fa-caret-up\"><\/i><\/span>\n\t\t\t\t\t\t\t\t\t\t\t\t\t<\/span>\n\t\t\t\t\t\t\t\t\t\t\t\t<a class=\"elementor-toggle-title\" tabindex=\"0\">Letra X<\/a>\n\t\t\t\t\t<\/div>\n\n\t\t\t\t\t<div id=\"elementor-tab-content-25221\" class=\"elementor-tab-content elementor-clearfix\" data-tab=\"21\" role=\"region\" aria-labelledby=\"elementor-tab-title-25221\"><p>XVIII Encontro de Professores Brasileiros de Literatura Portuguesa \u2013 Resumos de Comunica\u00e7\u00e3o. Santa Maria, RS, 2001.<\/p><\/div>\n\t\t\t\t<\/div>\n\t\t\t\t\t\t\t\t<\/div>\n\t\t\t\t<\/div>\n\t\t\t\t<\/div>\n\t\t\t\t\t<\/div>\n\t\t<\/div>\n\t\t\t\t\t<\/div>\n\t\t<\/section>\n\t\t\t\t<\/div>\n\t\t","protected":false},"excerpt":{"rendered":"<p>Letra A ABRAPLIP: Mem\u00f3ria e Identidade. Associa\u00e7\u00e3o Brasileira de Professores de Literatura Portuguesa. n\u00ba 2, Santa Maria: ABRALIP: 2001. ABRAPLIP: XVIII Encontro da ABRAPLIP. Encontro de Professores Brasileiros de Literatura Portuguesa, Santa Maria, 2003. ACTA. VIII Semin\u00e1rio de Integra\u00e7\u00e3o de Pesquisa e P\u00f3s-Gradua\u00e7\u00e3o: ci\u00eancias e tecnologias em defesa da vida. URI\/FW, 2004. ACTA SCIENTIARUM: Language [&hellip;]<\/p>\n","protected":false},"author":118,"featured_media":0,"parent":0,"menu_order":0,"comment_status":"closed","ping_status":"closed","template":"","meta":{"footnotes":""},"categories":[],"tags":[],"class_list":["post-64","page","type-page","status-publish","hentry"],"acf":[],"_links":{"self":[{"href":"https:\/\/www.ufsm.br\/laboratorios\/corpus\/wp-json\/wp\/v2\/pages\/64","targetHints":{"allow":["GET"]}}],"collection":[{"href":"https:\/\/www.ufsm.br\/laboratorios\/corpus\/wp-json\/wp\/v2\/pages"}],"about":[{"href":"https:\/\/www.ufsm.br\/laboratorios\/corpus\/wp-json\/wp\/v2\/types\/page"}],"author":[{"embeddable":true,"href":"https:\/\/www.ufsm.br\/laboratorios\/corpus\/wp-json\/wp\/v2\/users\/118"}],"replies":[{"embeddable":true,"href":"https:\/\/www.ufsm.br\/laboratorios\/corpus\/wp-json\/wp\/v2\/comments?post=64"}],"version-history":[{"count":0,"href":"https:\/\/www.ufsm.br\/laboratorios\/corpus\/wp-json\/wp\/v2\/pages\/64\/revisions"}],"wp:attachment":[{"href":"https:\/\/www.ufsm.br\/laboratorios\/corpus\/wp-json\/wp\/v2\/media?parent=64"}],"wp:term":[{"taxonomy":"category","embeddable":true,"href":"https:\/\/www.ufsm.br\/laboratorios\/corpus\/wp-json\/wp\/v2\/categories?post=64"},{"taxonomy":"post_tag","embeddable":true,"href":"https:\/\/www.ufsm.br\/laboratorios\/corpus\/wp-json\/wp\/v2\/tags?post=64"}],"curies":[{"name":"wp","href":"https:\/\/api.w.org\/{rel}","templated":true}]}}