{"id":46,"date":"2020-01-28T09:32:25","date_gmt":"2020-01-28T12:32:25","guid":{"rendered":"https:\/\/www.ufsm.br\/laboratorios\/estudio21\/?page_id=46"},"modified":"2020-01-28T10:00:24","modified_gmt":"2020-01-28T13:00:24","slug":"regulamento","status":"publish","type":"page","link":"https:\/\/www.ufsm.br\/laboratorios\/estudio21\/regulamento","title":{"rendered":"Regulamento"},"content":{"rendered":"\n<p>I. <strong>DEFINI\u00c7\u00c3O<\/strong><\/p>\n<p>Este laborat\u00f3rio \u00e9 destinado a atividades de ensino, pesquisa e extens\u00e3o na \u00e1rea audiovisual, sonora e fotogr\u00e1fica com participa\u00e7\u00e3o de professores, pesquisadores, t\u00e9cnicos, alunos de gradua\u00e7\u00e3o e p\u00f3s-gradua\u00e7\u00e3o dos Cursos de Comunica\u00e7\u00e3o Social da UFSM. O laborat\u00f3rio est\u00e1 ligado ao Departamento de Ci\u00eancias da Comunica\u00e7\u00e3o e possui a seguinte estrutura:<\/p>\n<ol>\n<li>Uma sala did\u00e1tica para debates, an\u00e1lises e reuni\u00f5es;<\/li>\n<li>Um est\u00fadio de grava\u00e7\u00f5es audiovisuais e produ\u00e7\u00f5es fotogr\u00e1ficas;<\/li>\n<li>Uma sala de p\u00f3s-produ\u00e7\u00e3o;<\/li>\n<li>Um est\u00fadio de produ\u00e7\u00e3o e edi\u00e7\u00e3o sonora;<\/li>\n<li>Uma sala de produ\u00e7\u00e3o e coordena\u00e7\u00e3o.<\/li>\n<\/ol>\n<p>\u00a0<\/p>\n<p>II. <strong>FINALIDADES<\/strong><\/p>\n<ol>\n<li>Propiciar a pr\u00e1tica experimental na \u00e1rea audiovisual, sonora e fotogr\u00e1fica.<\/li>\n<li>Apoiar atividades de pesquisa, ensino e extens\u00e3o dos cursos de Comunica\u00e7\u00e3o Social e P\u00f3s-gradua\u00e7\u00e3o em Comunica\u00e7\u00e3o.<\/li>\n<li>Desenvolver projetos de pesquisa, ensino e extens\u00e3o ligadas ao seu campo de atua\u00e7\u00e3o.<\/li>\n<li>Incentivar o aluno ao autodesenvolvimento nas \u00e1reas de atua\u00e7\u00e3o do Laborat\u00f3rio.<\/li>\n<li>Oferecer oficinas, capacita\u00e7\u00f5es, atividades, reuni\u00f5es e encontros;<\/li>\n<li>Atender a comunidade acad\u00eamica da UFSM.<\/li>\n<li>Constituir acervo hist\u00f3rico fotogr\u00e1fico, audiovisual e sonoro do Departamento de Ci\u00eancias da Comunica\u00e7\u00e3o.<\/li>\n<\/ol>\n<p>\u00a0<\/p>\n<p>III. <strong>MODALIDADES DE ATENDIMENTO<\/strong><\/p>\n<p>O Est\u00fadio 21 desenvolve suas atividades atrav\u00e9s de duas modalidades de atendimento:<\/p>\n<ol>\n<li><strong>Apoio t\u00e9cnico ao ensino:<\/strong>\u00a0atendimento direcionado exclusivamente \u00e0s disciplinas com carga hor\u00e1ria pr\u00e1tica na \u00e1rea de audiovisual, sonora e fotogr\u00e1fica dos Cursos de Comunica\u00e7\u00e3o Social. O Laborat\u00f3rio Est\u00fadio 21 faz acompanhamento do trabalho e presta instru\u00e7\u00f5es t\u00e9cnicas na opera\u00e7\u00e3o de equipamentos e condu\u00e7\u00e3o da atividade. A responsabilidade pela condu\u00e7\u00e3o e resultado do processo \u00e9 do aluno e do professor da disciplina.<br \/><br \/>\u00a7 1 &#8211; Uma c\u00f3pia do produto final dever\u00e1 ser entregue ao Diretor de Produ\u00e7\u00e3o do Laborat\u00f3rio para arquivamento no reposit\u00f3rio, sendo resguardadas as quest\u00f5es relativas ao direito autoral e de uso de imagem das obras.\u00a0<br \/><br \/>\u00a7 2 &#8211; \u00c9 obriga\u00e7\u00e3o do professor da disciplina estar presente durante a execu\u00e7\u00e3o dos trabalhos por ele propostos, bem como acompanhar o desenvolvimento dos trabalhos e de seus alunos. Cabe, portanto, ao laborat\u00f3rio, prestar, estritamente, apoio did\u00e1tico e, n\u00e3o, execu\u00e7\u00e3o.<br \/><br \/><\/li>\n<li><strong>Realiza\u00e7\u00e3o:<\/strong>\u00a0Quando o produto, ou parte dele, \u00e9 gerado sob demanda de projetos de pesquisa e extens\u00e3o e\/ou quando o produto est\u00e1 sob a responsabilidade direta dos servidores do Laborat\u00f3rio em atendimento a demanda de cliente externo. A responsabilidade pela condu\u00e7\u00e3o e resultado do processo \u00e9 compartilhada entre o coordenador do projeto e os t\u00e9cnicos diretamente envolvidos.<\/li>\n<\/ol>\n<p>\u00a0<\/p>\n<p>III. <strong>O LABORAT\u00d3RIO PODE ATENDER<\/strong><\/p>\n<ol>\n<li>Reitoria, Pr\u00f3-Reitorias, \u00d3rg\u00e3os Executivos e Suplementares da UFSM;<\/li>\n<li>Unidades Universit\u00e1rias, Departamentos e Cursos da UFSM;<\/li>\n<li>Entidades e Institui\u00e7\u00f5es parceiras da UFSM ou com as quais sejam mantidos conv\u00eanios que n\u00e3o sejam atendidas por ag\u00eancias de comunica\u00e7\u00e3o ou produtoras audiovisuais\/sonoras\/fotogr\u00e1ficas do mercado local;<\/li>\n<li>Demais laborat\u00f3rios do Departamento de Ci\u00eancias da Comunica\u00e7\u00e3o da UFSM.<\/li>\n<\/ol>\n<p>\u00a0<\/p>\n<p>IV. <strong>DAS ATIVIDADES<\/strong><\/p>\n<p>O laborat\u00f3rio tem compet\u00eancia para atuar junto a pr\u00e9-produ\u00e7\u00e3o, produ\u00e7\u00e3o e p\u00f3s-produ\u00e7\u00e3o de produtos audiovisuais, sonoros e fotogr\u00e1ficos. A saber:<\/p>\n<ol>\n<li>Cria\u00e7\u00e3o, produ\u00e7\u00e3o e an\u00e1lise de filmes curtas-metragens, comerciais audiovisuais, v\u00eddeos interativos, v\u00eddeos institucionais, videoaula, reportagens, mat\u00e9rias jornal\u00edsticas, produ\u00e7\u00f5es editoriais, document\u00e1rios, programas de entretenimento e divulga\u00e7\u00e3o cient\u00edfica.<\/li>\n<li>Reda\u00e7\u00e3o de Roteiros para produtos audiovisuais e sonoros.<\/li>\n<li>Cria\u00e7\u00e3o, produ\u00e7\u00e3o e an\u00e1lise de spots publicit\u00e1rios, jingles, m\u00fasicas, sonoplastias, efeitos sonoros, desenho de som cinematogr\u00e1fico, narrativas sonoras de qualquer ordem, audiobooks, podcasts, mat\u00e9rias jornal\u00edsticas, reportagens e produ\u00e7\u00f5es editoriais para o meio sonoro e digital.<\/li>\n<li>Cria\u00e7\u00e3o, produ\u00e7\u00e3o e an\u00e1lise de ensaios fotogr\u00e1ficos de qualquer ordem.<\/li>\n<li>An\u00e1lises cient\u00edficas de pe\u00e7as audiovisuais, sonoras, fotogr\u00e1ficas e multiplataforma<\/li>\n<li>Apoio a pesquisas em ci\u00eancias sociais e humanas ou de outras \u00e1reas;<\/li>\n<li>Reposit\u00f3rio digital de pe\u00e7as audiovisuais, sonoras e fotogr\u00e1ficas desenvolvidos pelos cursos de Comunica\u00e7\u00e3o Social.<br \/><br \/>\u00a7 1 \u2013 Uma c\u00f3pia do produto final dever\u00e1 ser entregue ao Diretor de Produ\u00e7\u00e3o do Laborat\u00f3rio, a qual ser\u00e1 arquivada e compor\u00e1 o relat\u00f3rio anual e acervo.<br \/><br \/>\u00a7 2 \u2013 As solicita\u00e7\u00f5es de cess\u00e3o de acervo dever\u00e3o ser encaminhadas \u00e0 coordena\u00e7\u00e3o do Laborat\u00f3rio.<\/li>\n<\/ol>\n<p>\u00a0<\/p>\n<p>V. <strong>DA ORGANIZA\u00c7\u00c3O INTERNA<\/strong><\/p>\n<p>O Laborat\u00f3rio \u00e9 constitu\u00eddo por n\u00facleos respons\u00e1veis por \u00e1reas espec\u00edficas no audiovisual. Esses n\u00facleos podem ser compostos por docentes, t\u00e9cnicos ou alunos, organizados de acordo com a demanda e atividade a ser desenvolvida. Os n\u00facleos s\u00e3o:<\/p>\n<ol>\n<li>Coordena\u00e7\u00e3o pedag\u00f3gica<\/li>\n<li>Coordena\u00e7\u00e3o t\u00e9cnica<\/li>\n<li>Dire\u00e7\u00e3o de produ\u00e7\u00e3o<\/li>\n<li>Opera\u00e7\u00e3o de C\u00e2mera<\/li>\n<li>Sonoplastia<\/li>\n<li>Apoio t\u00e9cnico audiovisual<\/li>\n<li>Edi\u00e7\u00e3o<\/li>\n<\/ol>\n<p>\u00a0<\/p>\n<p>VI. <strong>DAS ATRIBUI\u00c7\u00d5ES DE PESSOAL<\/strong><\/p>\n<p>A coordena\u00e7\u00e3o pedag\u00f3gica do Laborat\u00f3rio ser\u00e1 exercida por um professor do Departamento de Ci\u00eancias da Comunica\u00e7\u00e3o, eleito por seus pares. O coordenador responder\u00e1 pelo laborat\u00f3rio junto \u00e0 chefia de departamento.<\/p>\n<p>\u00a7 1 &#8211; S\u00e3o atribui\u00e7\u00f5es do Coordenador Pedag\u00f3gico:<\/p>\n<ol>\n<li>Planejar, coordenar e avaliar as atividades relacionadas com o processo de ensino e aprendizagem no laborat\u00f3rio;<\/li>\n<li>Acompanhar e incentivar o desenvolvimento t\u00e9cnico e intelectual de bolsistas e volunt\u00e1rios;<\/li>\n<li>Representar o laborat\u00f3rio junto aos docentes;\u00a0<\/li>\n<li>Gerenciar as atividades gerais do laborat\u00f3rio;<\/li>\n<li>Avaliar as solicita\u00e7\u00f5es de trabalhos e formar pareceres sobre as mesmas;<\/li>\n<li>Solicita\u00e7\u00e3o de materiais e equipamentos necess\u00e1rios ao desenvolvimento das atividades;<\/li>\n<li>Estimular o incremento de atividades pertinentes ao laborat\u00f3rio;<\/li>\n<li>Avaliar or\u00e7amentos realizados pela coordena\u00e7\u00e3o t\u00e9cnica;<\/li>\n<li>Liderar e avaliar o desempenho da equipe de t\u00e9cnicos e alunos que atuam no laborat\u00f3rio.<br \/><br \/><br \/>\u00a7 2 &#8211; S\u00e3o atribui\u00e7\u00f5es do Coordenador T\u00e9cnico:<\/li>\n<\/ol>\n<ol>\n<li>Planejar, coordenar e avaliar as atividades relacionadas com o processo de ensino e aprendizagem no laborat\u00f3rio;<\/li>\n<li>Acompanhar e incentivar o desenvolvimento t\u00e9cnico e intelectual de bolsistas e volunt\u00e1rios;<\/li>\n<li>Gerenciar as atividades gerais do laborat\u00f3rio;<\/li>\n<li>Avaliar as solicita\u00e7\u00f5es de trabalhos e formar pareceres sobre as mesmas;<\/li>\n<li>Organizar cronograma das atividades requeridas e registradas no in\u00edcio de cada semestre;<\/li>\n<li>Solicita\u00e7\u00e3o de materiais e equipamentos necess\u00e1rios ao desenvolvimento das atividades;<\/li>\n<li>Sele\u00e7\u00e3o e ingresso de alunos, mediante processo seletivo;<\/li>\n<li>Estimular o incremento de atividades pertinentes ao laborat\u00f3rio;<\/li>\n<li>Realizar or\u00e7amentos e debater com coordena\u00e7\u00e3o pedag\u00f3gico;<\/li>\n<li>Liderar e avaliar o desempenho da equipe de t\u00e9cnicos e alunos que atuam no laborat\u00f3rio.\u00a0<\/li>\n<li>Encaminhar ao departamento c\u00f3pias de relat\u00f3rio de atividades ao final de cada ano;<\/li>\n<li>Liderar a equipe do laborat\u00f3rio em conjunto com o coordenador.<br \/><br \/><br \/>\u00a7 3 &#8211; S\u00e3o atribui\u00e7\u00f5es do N\u00facleo de Dire\u00e7\u00e3o de Produ\u00e7\u00e3o:<\/li>\n<\/ol>\n<ol>\n<li>Atuar na pr\u00e9-produ\u00e7\u00e3o e produ\u00e7\u00e3o de trabalhos executados pelo Laborat\u00f3rio;<\/li>\n<li>Orienta\u00e7\u00e3o e assessoramento aos alunos nas etapas de produ\u00e7\u00e3o;<\/li>\n<li>Receber e avaliar a viabilidade dos pedidos de trabalho;<\/li>\n<li>Encaminhar e acompanhar os trabalhos junto aos solicitantes;<\/li>\n<li>Encaminhar as atividades inscritas no laborat\u00f3rio aos bolsistas e aos volunt\u00e1rios;<\/li>\n<li>Gerenciar o sistema de agendamento do laborat\u00f3rio;<\/li>\n<li>Zelar pela estrutura f\u00edsica e tecnol\u00f3gica do laborat\u00f3rio;<\/li>\n<li>Acompanhar e assessorar os usu\u00e1rios no decorrer das atividades;<\/li>\n<li>Organizar o acervo geral do est\u00fadio.<br \/><br \/><br \/>\u00a7 4 &#8211; S\u00e3o atribui\u00e7\u00f5es do N\u00facleo de Opera\u00e7\u00e3o de C\u00e2mera:<\/li>\n<\/ol>\n<ol>\n<li>Acompanhar usu\u00e1rios em sa\u00eddas de campo e produ\u00e7\u00f5es internas;<\/li>\n<li>Assessorar usu\u00e1rios na opera\u00e7\u00e3o de equipamentos de grava\u00e7\u00e3o audiovisual;<\/li>\n<li>Preparar os equipamentos de grava\u00e7\u00e3o audiovisual para as atividades no laborat\u00f3rio;<\/li>\n<li>Zelar pela estrutura f\u00edsica e tecnol\u00f3gica do laborat\u00f3rio;<\/li>\n<li>Assessorar a compra e o recebimento de equipamentos;<\/li>\n<li>Responsabilizar-se pelo material de consumo, equipamentos e material permanente \u00e0 sua disposi\u00e7\u00e3o;<\/li>\n<li>Operar c\u00e2mera em trabalhos do Laborat\u00f3rio.<br \/><br \/><br \/>\u00a7 5 &#8211; S\u00e3o atribui\u00e7\u00f5es do N\u00facleo de Apoio T\u00e9cnico Audiovisual:<\/li>\n<\/ol>\n<p>\u00a0<\/p>\n<ol>\n<li>Acompanhar usu\u00e1rios em sa\u00eddas de campo e produ\u00e7\u00f5es internas;<\/li>\n<li>Zelar pela estrutura f\u00edsica e tecnol\u00f3gica do laborat\u00f3rio;<\/li>\n<li>Responsabilizar-se pelo material de consumo, equipamentos e material permanente \u00e0 sua disposi\u00e7\u00e3o;<\/li>\n<li>Executar pequenos consertos mec\u00e2nicos e el\u00e9tricos nos equipamentos;<\/li>\n<li>Manter atualizado o controle de patrim\u00f4nio do laborat\u00f3rio;<\/li>\n<li>Montar e instalar equipamentos de grava\u00e7\u00e3o e proje\u00e7\u00e3o audiovisual;<\/li>\n<li>Controlar a circula\u00e7\u00e3o dos equipamentos do laborat\u00f3rio.<br \/><br \/><br \/>\u00a7 6 \u2013 S\u00e3o atribui\u00e7\u00f5es do N\u00facleo de Sonoplastia:<\/li>\n<\/ol>\n<ol>\n<li>Acompanhar e assessorar usu\u00e1rios em produ\u00e7\u00f5es sonoras;<\/li>\n<li>Zelar pela estrutura f\u00edsica e tecnol\u00f3gica do laborat\u00f3rio;<\/li>\n<li>Manter os equipamentos do laborat\u00f3rio de \u00e1udio organizados e limpos;<\/li>\n<li>Organizar o acervo sonoro;<\/li>\n<li>Manter atualizado o controle de patrim\u00f4nio do laborat\u00f3rio de \u00e1udio;<\/li>\n<li>Organizar a agenda de utiliza\u00e7\u00e3o do laborat\u00f3rio de \u00e1udio e repassar as informa\u00e7\u00f5es ao diretor de produ\u00e7\u00e3o;<\/li>\n<li>Atuar na capta\u00e7\u00e3o e edi\u00e7\u00e3o de \u00e1udio em trabalhos executados pelo Laborat\u00f3rio Est\u00fadio 21.<br \/><br \/><br \/>\u00a7 7 \u2013 S\u00e3o atribui\u00e7\u00f5es do N\u00facleo de Edi\u00e7\u00e3o:<\/li>\n<\/ol>\n<ol>\n<li>Executar captura, edi\u00e7\u00e3o, finaliza\u00e7\u00e3o e arquivamento de materiais audiovisuais;<\/li>\n<li>Assessorar usu\u00e1rios na opera\u00e7\u00e3o de equipamentos de edi\u00e7\u00e3o de audiovisuais;<\/li>\n<li>Zelar pela estrutura f\u00edsica e tecnol\u00f3gica do laborat\u00f3rio;<\/li>\n<li>Manter os equipamentos de edi\u00e7\u00e3o organizados e em pleno funcionamento;<\/li>\n<li>Organizar o acervo de produ\u00e7\u00f5es do laborat\u00f3rio.<\/li>\n<\/ol>\n<p>\u00a0<\/p>\n<p>VI. <strong>DAS FORMAS DE INGRESSO DE ALUNOS<\/strong><\/p>\n<p>O Est\u00fadio tem autonomia para efetuar processo seletivo para o preenchimento das vagas existentes para volunt\u00e1rios ou bolsistas. O n\u00famero de vagas ser\u00e1 definido pela coordena\u00e7\u00e3o do laborat\u00f3rio com base na remunera\u00e7\u00e3o dispon\u00edvel no momento para bolsas e na demanda por projetos. Esta informa\u00e7\u00e3o ser\u00e1 divulgada ao meio acad\u00eamico no in\u00edcio do processo seletivo.<\/p>\n<p>\u00a71 \u2013 Em caso extraordin\u00e1rio, poder\u00e1 ocorrer a constitui\u00e7\u00e3o de equipes de apoio formada por aprendizes volunt\u00e1rios, segundo o tamanho da demanda pelo Laborat\u00f3rio.<\/p>\n<p>\u00a72 \u2013 As equipes de apoio ter\u00e3o suas fun\u00e7\u00f5es e responsabilidades especificadas de acordo com as caracter\u00edsticas do projeto que estiverem envolvidos.<\/p>\n<p>\u00a73 \u2013 O per\u00edodo de trabalho dos alunos selecionados ser\u00e1 de um semestre letivo, podendo ser renovado.<\/p>\n<p>\u00a0<\/p>\n<p>VII. <strong>DO AGENDAMENTO PARA USO<\/strong><\/p>\n<p>O usu\u00e1rio, seja professor ou aluno, dever\u00e1 agendar com pelo menos 48h de anteced\u00eancia, pelo site\u00a0<a href=\"http:\/\/www.ufsm.br\/estudio21\">www.ufsm.br\/estudio21<\/a>.<br \/>Para agendar, o usu\u00e1rio dever\u00e1 acessar o referido site, consultar a agenda do laborat\u00f3rio e verificar os hor\u00e1rios dispon\u00edveis. Ap\u00f3s, precisar\u00e1 preencher o formul\u00e1rio digital descrevendo detalhadamente a atividade que desenvolver\u00e1 no Laborat\u00f3rio. Quando poss\u00edvel, \u00e9 necess\u00e1rio anexar ao formul\u00e1rio, o roteiro do trabalho (em caso de entrevistas e reportagens, anexar pelo menos a previs\u00e3o de pauta).<br \/>As solicita\u00e7\u00f5es ser\u00e3o avaliadas em at\u00e9 12horas. Ap\u00f3s este prazo, a solicita\u00e7\u00e3o dever\u00e1 aparecer na agenda do laborat\u00f3rio. Caso a solicita\u00e7\u00e3o n\u00e3o conste na agenda, o usu\u00e1rio dever\u00e1 contatar o laborat\u00f3rio pelo e-mail\u00a0<span id=\"cloak03167ff4b855dc08b816da954b0bf776\"><a href=\"mailto:facos.estudio.21@gmail.com\">facos.estudio.21@gmail.com<\/a><\/span>\u00a0ou telefone 3220-8489.<br \/>Havendo disponibilidade, o laborat\u00f3rio de \u00e1udio e as ilhas de edi\u00e7\u00e3o podem ser utilizados sem a reserva de hor\u00e1rio. No entanto, o registro da utiliza\u00e7\u00e3o deve ser feito de forma retroativa, informando-se os dados do trabalho no formul\u00e1rio digital dispon\u00edvel em\u00a0<a href=\"http:\/\/www.ufsm.br\/estudio21\">www.ufsm.br\/estudio21<\/a>.<\/p>\n<p>\u00a71 \u2013 Agendamento pelo Aluno<br \/>O aluno que desejar utilizar o laborat\u00f3rio poder\u00e1 faz\u00ea-lo para projetos individuais vinculados a disciplinas, para pesquisas, atividades extensionistas ou para seu pr\u00f3prio autocrescimento (nesse \u00faltimo caso, a demanda dever\u00e1 ser encaminhada \u00e0 coordena\u00e7\u00e3o do Laborat\u00f3rio para an\u00e1lise sob os seguintes aspectos: relev\u00e2ncia pedag\u00f3gica, viabilidade t\u00e9cnica). Dever\u00e1 sempre ter a anu\u00eancia de um professor orientador ou respons\u00e1vel pelo projeto. O professor respons\u00e1vel dever\u00e1 ser contatado com anteced\u00eancia.<br \/>\u00c9 obriga\u00e7\u00e3o do aluno fornecer c\u00f3pia do trabalho final pronto ao Diretor de Produ\u00e7\u00e3o do Laborat\u00f3rio. O n\u00e3o fornecimento da c\u00f3pia impedir\u00e1 o aluno de uso at\u00e9 a entrega da mesma.<\/p>\n<p>\u00a72\u00ba Agendamento pelo Professor<br \/>O professor que desejar utilizar o laborat\u00f3rio poder\u00e1 faz\u00ea-lo para projetos vinculados a atividades de ensino, pesquisa e extens\u00e3o.<br \/>Para agendar, o professor deve anexar ao formul\u00e1rio digital dispon\u00edvel em\u00a0<a href=\"http:\/\/www.ufsm.br\/estudio21\">www.ufsm.br\/estudio21<\/a>, no in\u00edcio de cada semestre, um cronograma (pode ser uma previs\u00e3o apenas) com os seguintes itens: espa\u00e7os f\u00edsicos a serem ocupados no laborat\u00f3rio, datas em que usar\u00e1 cada espa\u00e7o f\u00edsico, hor\u00e1rios das atividades, descri\u00e7\u00e3o das atividades.<br \/>O professor dever\u00e1 orientar os alunos a SEMPRE preencher o formul\u00e1rio digital para agendar os trabalhos que ser\u00e3o desenvolvidos. Cada trabalho exige um agendamento espec\u00edfico.<br \/>A capacidade de atendimento a cada professor ser\u00e1 calculada de acordo com a demanda solicitada. Por isso, \u00e9 importante que o professor fa\u00e7a seu planejamento no in\u00edcio de cada semestre.<br \/>\u00c9 obriga\u00e7\u00e3o do professor, acompanhar pessoalmente, o desenvolvimento do trabalho de seus alunos agendados junto ao Laborat\u00f3rio.<br \/>\u00c9 obriga\u00e7\u00e3o do professor gerenciar o fornecimento de c\u00f3pia dos trabalhos finais prontos. O n\u00e3o fornecimento da c\u00f3pia impedir\u00e1 o aluno envolvido de uso at\u00e9 a entrega da mesma.<\/p>\n<p>\u00a0<\/p>\n<p><strong>VIII. DOS HOR\u00c1RIOS DE FUNCIONAMENTO DO LABORAT\u00d3RIO<\/strong><\/p>\n<p>O hor\u00e1rio de funcionamento do Est\u00fadio 21 \u00e9 de segunda-feira a sexta-feira das 8h \u00e0s 12h, e das 13h30min \u00e0s 17h30min.<\/p>\n","protected":false},"excerpt":{"rendered":"<p>I. DEFINI\u00c7\u00c3O Este laborat\u00f3rio \u00e9 destinado a atividades de ensino, pesquisa e extens\u00e3o na \u00e1rea audiovisual, sonora e fotogr\u00e1fica com participa\u00e7\u00e3o de professores, pesquisadores, t\u00e9cnicos, alunos de gradua\u00e7\u00e3o e p\u00f3s-gradua\u00e7\u00e3o dos Cursos de Comunica\u00e7\u00e3o Social da UFSM. O laborat\u00f3rio est\u00e1 ligado ao Departamento de Ci\u00eancias da Comunica\u00e7\u00e3o e possui a seguinte estrutura: Uma sala did\u00e1tica [&hellip;]<\/p>\n","protected":false},"author":867,"featured_media":0,"parent":0,"menu_order":0,"comment_status":"closed","ping_status":"closed","template":"","meta":{"footnotes":""},"categories":[],"tags":[],"class_list":["post-46","page","type-page","status-publish","hentry"],"acf":[],"_links":{"self":[{"href":"https:\/\/www.ufsm.br\/laboratorios\/estudio21\/wp-json\/wp\/v2\/pages\/46","targetHints":{"allow":["GET"]}}],"collection":[{"href":"https:\/\/www.ufsm.br\/laboratorios\/estudio21\/wp-json\/wp\/v2\/pages"}],"about":[{"href":"https:\/\/www.ufsm.br\/laboratorios\/estudio21\/wp-json\/wp\/v2\/types\/page"}],"author":[{"embeddable":true,"href":"https:\/\/www.ufsm.br\/laboratorios\/estudio21\/wp-json\/wp\/v2\/users\/867"}],"replies":[{"embeddable":true,"href":"https:\/\/www.ufsm.br\/laboratorios\/estudio21\/wp-json\/wp\/v2\/comments?post=46"}],"version-history":[{"count":0,"href":"https:\/\/www.ufsm.br\/laboratorios\/estudio21\/wp-json\/wp\/v2\/pages\/46\/revisions"}],"wp:attachment":[{"href":"https:\/\/www.ufsm.br\/laboratorios\/estudio21\/wp-json\/wp\/v2\/media?parent=46"}],"wp:term":[{"taxonomy":"category","embeddable":true,"href":"https:\/\/www.ufsm.br\/laboratorios\/estudio21\/wp-json\/wp\/v2\/categories?post=46"},{"taxonomy":"post_tag","embeddable":true,"href":"https:\/\/www.ufsm.br\/laboratorios\/estudio21\/wp-json\/wp\/v2\/tags?post=46"}],"curies":[{"name":"wp","href":"https:\/\/api.w.org\/{rel}","templated":true}]}}