{"id":217,"date":"2019-08-27T15:28:44","date_gmt":"2019-08-27T18:28:44","guid":{"rendered":"https:\/\/www.ufsm.br\/laboratorios\/inct\/?page_id=217"},"modified":"2022-06-06T11:19:39","modified_gmt":"2022-06-06T14:19:39","slug":"trabalhos-apresentados-em-congressos-cientificos","status":"publish","type":"page","link":"https:\/\/www.ufsm.br\/laboratorios\/inct\/trabalhos-apresentados-em-congressos-cientificos","title":{"rendered":"Trabalhos Apresentados em Congressos Cient\u00edficos"},"content":{"rendered":"\t\t<div data-elementor-type=\"wp-page\" data-elementor-id=\"217\" class=\"elementor elementor-217\">\n\t\t\t\t\t\t<section class=\"elementor-section elementor-top-section elementor-element elementor-element-317f6bf elementor-section-boxed elementor-section-height-default elementor-section-height-default\" data-id=\"317f6bf\" data-element_type=\"section\">\n\t\t\t\t\t\t<div class=\"elementor-container elementor-column-gap-default\">\n\t\t\t\t\t<div class=\"elementor-column elementor-col-100 elementor-top-column elementor-element elementor-element-6802fee\" data-id=\"6802fee\" data-element_type=\"column\">\n\t\t\t<div class=\"elementor-widget-wrap elementor-element-populated\">\n\t\t\t\t\t\t<div class=\"elementor-element elementor-element-6adbcae elementor-tabs-view-horizontal elementor-widget elementor-widget-tabs\" data-id=\"6adbcae\" data-element_type=\"widget\" data-widget_type=\"tabs.default\">\n\t\t\t\t<div class=\"elementor-widget-container\">\n\t\t\t\t\t<div class=\"elementor-tabs\">\n\t\t\t<div class=\"elementor-tabs-wrapper\" role=\"tablist\" >\n\t\t\t\t\t\t\t\t\t<div id=\"elementor-tab-title-1121\" class=\"elementor-tab-title elementor-tab-desktop-title\" aria-selected=\"true\" data-tab=\"1\" role=\"tab\" tabindex=\"0\" aria-controls=\"elementor-tab-content-1121\" aria-expanded=\"false\">2021<\/div>\n\t\t\t\t\t\t\t\t\t<div id=\"elementor-tab-title-1122\" class=\"elementor-tab-title elementor-tab-desktop-title\" aria-selected=\"false\" data-tab=\"2\" role=\"tab\" tabindex=\"-1\" aria-controls=\"elementor-tab-content-1122\" aria-expanded=\"false\">2020<\/div>\n\t\t\t\t\t\t\t\t\t<div id=\"elementor-tab-title-1123\" class=\"elementor-tab-title elementor-tab-desktop-title\" aria-selected=\"false\" data-tab=\"3\" role=\"tab\" tabindex=\"-1\" aria-controls=\"elementor-tab-content-1123\" aria-expanded=\"false\">2019<\/div>\n\t\t\t\t\t\t\t\t\t<div id=\"elementor-tab-title-1124\" class=\"elementor-tab-title elementor-tab-desktop-title\" aria-selected=\"false\" data-tab=\"4\" role=\"tab\" tabindex=\"-1\" aria-controls=\"elementor-tab-content-1124\" aria-expanded=\"false\">2018<\/div>\n\t\t\t\t\t\t\t\t\t<div id=\"elementor-tab-title-1125\" class=\"elementor-tab-title elementor-tab-desktop-title\" aria-selected=\"false\" data-tab=\"5\" role=\"tab\" tabindex=\"-1\" aria-controls=\"elementor-tab-content-1125\" aria-expanded=\"false\">2017<\/div>\n\t\t\t\t\t\t\t<\/div>\n\t\t\t<div class=\"elementor-tabs-content-wrapper\" role=\"tablist\" aria-orientation=\"vertical\">\n\t\t\t\t\t\t\t\t\t<div class=\"elementor-tab-title elementor-tab-mobile-title\" aria-selected=\"true\" data-tab=\"1\" role=\"tab\" tabindex=\"0\" aria-controls=\"elementor-tab-content-1121\" aria-expanded=\"false\">2021<\/div>\n\t\t\t\t\t<div id=\"elementor-tab-content-1121\" class=\"elementor-tab-content elementor-clearfix\" data-tab=\"1\" role=\"tabpanel\" aria-labelledby=\"elementor-tab-title-1121\" tabindex=\"0\" hidden=\"false\"><div style=\"color: #1c1c1c;font-size: 16px;padding: 20px;width: 850px;margin: 10px;border: 1px solid #dcdcdc;border-radius: 5px\">\n<div style=\"margin-left: calc(var(--bs-gutter-x)*-0.5);margin-right: calc(var(--bs-gutter-x)*-0.5);margin-top: calc(var(--bs-gutter-y)*-1)\">\n<div style=\"margin-top: var(--bs-gutter-y);padding-left: calc(var(--bs-gutter-x)*0.5);padding-right: calc(var(--bs-gutter-x)*0.5);width: 624px\">\n<div style=\"width: 600px\">\n<p>Acionamento e Controle do Motor S\u00edncrono de Im\u00e3s Permanentes para Aplica\u00e7\u00e3o no Sistema de Tra\u00e7\u00e3o de Ve\u00edculos El\u00e9tricos<br><strong><br>Autores: <\/strong>P. S. VIANNA, R. P. VIEIRA, A. L. BATSCHAUER, C. RECH<br><b><br>Ano:&nbsp;<\/b><em><span>2021<\/span><br><\/em><i><br><\/i><b>Evento: <\/b><em>13th Seminar on Power Electronics and Control<br><\/em><span style=\"font-size: 0.875em\"><i><br><\/i><\/span><\/p>\n<pre><span style=\"font-size: 0.875em\">Dispon\u00edvel no reposit\u00f3rio em 2022.<\/span><\/pre>\n<p><\/p>\n<\/div>\n<\/div>\n<\/div>\n<\/div>\n<div style=\"color: #1c1c1c;font-size: 16px;padding: 20px;width: 850px;margin: 10px;border: 1px solid #dcdcdc;border-radius: 5px\">\n<div style=\"margin-left: calc(var(--bs-gutter-x)*-0.5);margin-right: calc(var(--bs-gutter-x)*-0.5);margin-top: calc(var(--bs-gutter-y)*-1)\">\n<div style=\"margin-top: var(--bs-gutter-y);padding-left: calc(var(--bs-gutter-x)*0.5);padding-right: calc(var(--bs-gutter-x)*0.5);width: 624px\">\n<div style=\"width: 600px\">\n<p>An\u00e1lise e Projeto de um Conversor ANPC Multin\u00edvel com Capacitor Chaveado Operando de Maneira Intercalada<br><strong><br>Autores: <\/strong>L. C. BACH, W. A. P. CASTIBLANCO, C. RECH<br><b><br>Ano:&nbsp;<\/b><em><span>2021<\/span><br><\/em><i><br><\/i><b>Evento: <\/b><em>13th Seminar on Power Electronics and Control<br><\/em><span style=\"font-size: 0.875em\"><i><br><\/i><\/span><\/p>\n<pre><span style=\"font-size: 0.875em\">Dispon\u00edvel no reposit\u00f3rio em 2022.<\/span><\/pre>\n<p><\/p>\n<\/div>\n<\/div>\n<\/div>\n<\/div>\n<div style=\"color: #1c1c1c;font-size: 16px;padding: 20px;width: 850px;margin: 10px;border: 1px solid #dcdcdc;border-radius: 5px\">\n<div style=\"margin-left: calc(var(--bs-gutter-x)*-0.5);margin-right: calc(var(--bs-gutter-x)*-0.5);margin-top: calc(var(--bs-gutter-y)*-1)\">\n<div style=\"margin-top: var(--bs-gutter-y);padding-left: calc(var(--bs-gutter-x)*0.5);padding-right: calc(var(--bs-gutter-x)*0.5);width: 624px\">\n<div style=\"width: 600px\">\n<p>An\u00e1lise do Conversor Totem Pole Para Corre\u00e7\u00e3o do Fator de Pot\u00eancia Utilizando Semicondutores de Nitreto de G\u00e1lio (GaN)<br><strong><br>Autores:<\/strong><span> L. C. BACH, C. RECH, A. BATSCHAUER<\/span><br><br><b>Ano:&nbsp;<\/b><em><span>2021<\/span><br><\/em><i><br><\/i><b>Evento: <\/b><em>13th Seminar on Power Electronics and Control<br><\/em><span style=\"font-size: 0.875em\"><i><br><\/i><\/span><\/p>\n<pre><span style=\"font-size: 0.875em\">Dispon\u00edvel no reposit\u00f3rio em 2022.<\/span><\/pre>\n<p><\/p>\n<p><i><\/i><\/p>\n<\/div>\n<\/div>\n<\/div>\n<\/div>\n<div style=\"color: #1c1c1c;font-size: 16px;padding: 20px;width: 850px;margin: 10px;border: 1px solid #dcdcdc;border-radius: 5px\">\n<div style=\"margin-left: calc(var(--bs-gutter-x)*-0.5);margin-right: calc(var(--bs-gutter-x)*-0.5);margin-top: calc(var(--bs-gutter-y)*-1)\">\n<div style=\"margin-top: var(--bs-gutter-y);padding-left: calc(var(--bs-gutter-x)*0.5);padding-right: calc(var(--bs-gutter-x)*0.5);width: 624px\">\n<div style=\"width: 600px\">\n<p>An\u00e1lise e projeto de um sistema de recarga de ve\u00edculos el\u00e9tricos atrav\u00e9s da transfer\u00eancia de energia sem fio<br><strong><br>Autores: <\/strong><span>L. A. B. VIERA, P. PASCOAL, C. RECH, M. MEZAROBA<\/span><br><br><b>Ano:&nbsp;<\/b><em><span>2021<\/span><br><\/em><i><br><\/i><b>Evento: <\/b><em>13th Seminar on Power Electronics and Control<br><\/em><span style=\"font-size: 0.875em\"><i><br><\/i><\/span><\/p>\n<pre><span style=\"font-size: 0.875em\">Dispon\u00edvel no reposit\u00f3rio em 2022.<\/span><\/pre>\n<p><\/p>\n<\/div>\n<\/div>\n<\/div>\n<\/div>\n<div style=\"color: #1c1c1c;font-size: 16px;padding: 20px;width: 850px;margin: 10px;border: 1px solid #dcdcdc;border-radius: 5px\">\n<div style=\"margin-left: calc(var(--bs-gutter-x)*-0.5);margin-right: calc(var(--bs-gutter-x)*-0.5);margin-top: calc(var(--bs-gutter-y)*-1)\">\n<div style=\"margin-top: var(--bs-gutter-y);padding-left: calc(var(--bs-gutter-x)*0.5);padding-right: calc(var(--bs-gutter-x)*0.5);width: 624px\">\n<div style=\"width: 600px\">\n<p>An\u00e1lise de Desequil\u00edbrio de Tens\u00e3o para Sistema de Distribui\u00e7\u00e3o de Energia El\u00e9trica n\u00e3o Convencional<br><strong><br>Autores: <\/strong>E. GIULIANI; A. L. OLIVEIRA; G. J. CARDOSO; G. MARCHESAN; L. F. SILVEIRA; G. D. N. FILHO<br><br><b>Ano:&nbsp;<\/b><em><span>2021<\/span><br><\/em><i><br><\/i><b>Evento: <\/b><em>13th Seminar on Power Electronics and Control<br><\/em><span style=\"font-size: 0.875em\"><i><br><\/i><\/span><\/p>\n<pre><span style=\"font-size: 0.875em\">Dispon\u00edvel no reposit\u00f3rio em 2022.<\/span><\/pre>\n<p><\/p>\n<\/div>\n<\/div>\n<\/div>\n<\/div>\n<div style=\"color: #1c1c1c;font-size: 16px;padding: 20px;width: 850px;margin: 10px;border: 1px solid #dcdcdc;border-radius: 5px\">\n<div style=\"margin-left: calc(var(--bs-gutter-x)*-0.5);margin-right: calc(var(--bs-gutter-x)*-0.5);margin-top: calc(var(--bs-gutter-y)*-1)\">\n<div style=\"margin-top: var(--bs-gutter-y);padding-left: calc(var(--bs-gutter-x)*0.5);padding-right: calc(var(--bs-gutter-x)*0.5);width: 624px\">\n<div style=\"width: 600px\">\n<p>Implementa\u00e7\u00e3o de Modelo de Falta de Alta Imped\u00e2ncia para Aplica\u00e7\u00e3o em Simula\u00e7\u00f5es Digitais em Tempo Real<br><strong><br>Autores: <\/strong>J. CASSOL; A. WONTROBA; A. P. MORAIS; G. K. GUARDA<br><br><b>Ano:&nbsp;<\/b><em><span>2021<\/span><br><\/em><i><br><\/i><b>Evento: <\/b><em>13th Seminar on Power Electronics and Control<br><\/em><span style=\"font-size: 0.875em\"><i><br><\/i><\/span><\/p>\n<pre><span style=\"font-size: 0.875em\">Dispon\u00edvel no reposit\u00f3rio em 2022.<\/span><\/pre>\n<p><\/p>\n<p><i><\/i><\/p>\n<\/div>\n<\/div>\n<\/div>\n<\/div>\n<div style=\"color: #1c1c1c;font-size: 16px;padding: 20px;width: 850px;margin: 10px;border: 1px solid #dcdcdc;border-radius: 5px\">\n<div style=\"margin-left: calc(var(--bs-gutter-x)*-0.5);margin-right: calc(var(--bs-gutter-x)*-0.5);margin-top: calc(var(--bs-gutter-y)*-1)\">\n<div style=\"margin-top: var(--bs-gutter-y);padding-left: calc(var(--bs-gutter-x)*0.5);padding-right: calc(var(--bs-gutter-x)*0.5);width: 624px\">\n<div style=\"width: 600px\">\n<p>Finite Control Set Model Predictive Control Without Weighting Factors for Common Grounded Five-Level PV Inverter<br><strong><br>Autores: <\/strong>M. ALY; F. M. CARNIELUTTI; M. NORAMBUENA; A. RATHORE; S. KOURO; J. RODRIGUEZ<br><br><b>Ano:&nbsp;<\/b><em><span>2021<\/span><br><\/em><i><br><\/i><b>Evento: <\/b><em>30th IEEE INTERNATIONAL SYMPOSIUM ON INDUSTRIAL ELECTRONICS<br><\/em><span style=\"font-size: 0.875em\"><i><br><\/i><\/span><\/p>\n<pre><span style=\"font-size: 0.875em\">Dispon\u00edvel no reposit\u00f3rio em 2022.<\/span><\/pre>\n<p><\/p>\n<\/div>\n<\/div>\n<\/div>\n<\/div>\n<div style=\"color: #1c1c1c;font-size: 16px;padding: 20px;width: 850px;margin: 10px;border: 1px solid #dcdcdc;border-radius: 5px\">\n<div style=\"margin-left: calc(var(--bs-gutter-x)*-0.5);margin-right: calc(var(--bs-gutter-x)*-0.5);margin-top: calc(var(--bs-gutter-y)*-1)\">\n<div style=\"margin-top: var(--bs-gutter-y);padding-left: calc(var(--bs-gutter-x)*0.5);padding-right: calc(var(--bs-gutter-x)*0.5);width: 624px\">\n<div style=\"width: 600px\">\n<p>Fixed Switching Frequency Model Predictive Controller for Doubly-Grounded Five-Level Photovoltaic Inverter<br><strong><br>Autores: <\/strong>M. ALY; F. M. CARNIELUTTI; M. NORAMBUENA; E. AHMED; S. KOURO; J. RODRIGUEZ<br><br><b>Ano:&nbsp;<\/b><em><span>2021<\/span><br><\/em><i><br><\/i><b>Evento: <\/b><em>ENERGY CONVERSION CONGRESS AND EXPOSITION ASIA<br><\/em><span style=\"font-size: 0.875em\"><i><br><\/i><\/span><\/p>\n<pre><span style=\"font-size: 0.875em\">Dispon\u00edvel no reposit\u00f3rio em 2022.<\/span><\/pre>\n<p><\/p>\n<\/div>\n<\/div>\n<\/div>\n<\/div>\n<div style=\"color: #1c1c1c;font-size: 16px;padding: 20px;width: 850px;margin: 10px;border: 1px solid #dcdcdc;border-radius: 5px\">\n<div style=\"margin-left: calc(var(--bs-gutter-x)*-0.5);margin-right: calc(var(--bs-gutter-x)*-0.5);margin-top: calc(var(--bs-gutter-y)*-1)\">\n<div style=\"margin-top: var(--bs-gutter-y);padding-left: calc(var(--bs-gutter-x)*0.5);padding-right: calc(var(--bs-gutter-x)*0.5);width: 624px\">\n<div style=\"width: 600px\">\n<p>Predictive Control for Multilevel Inverters with Reduced Number of Commutations<br><strong><br>Autores: <\/strong>M. ALY; F. M. CARNIELUTTI; M. NORAMBUENA; M. NARIMANI; J. RODRIGUEZ<br><br><b>Ano:&nbsp;<\/b><em><span>2021<\/span><br><\/em><i><br><\/i><b>Evento: <\/b><em>ENERGY CONVERSION CONGRESS AND EXPOSITION ASIA<br><\/em><span style=\"font-size: 0.875em\"><i><br><\/i><\/span><\/p>\n<pre><span style=\"font-size: 0.875em\">Dispon\u00edvel no reposit\u00f3rio em 2022.<\/span><\/pre>\n<p><\/p>\n<p><i><\/i><\/p>\n<\/div>\n<\/div>\n<\/div>\n<\/div>\n<div style=\"color: #1c1c1c;font-size: 16px;padding: 20px;width: 850px;margin: 10px;border: 1px solid #dcdcdc;border-radius: 5px\">\n<div style=\"margin-left: calc(var(--bs-gutter-x)*-0.5);margin-right: calc(var(--bs-gutter-x)*-0.5);margin-top: calc(var(--bs-gutter-y)*-1)\">\n<div style=\"margin-top: var(--bs-gutter-y);padding-left: calc(var(--bs-gutter-x)*0.5);padding-right: calc(var(--bs-gutter-x)*0.5);width: 624px\">\n<div style=\"width: 600px\">\n<p>Model Predictive Control Method for Flying Capacitor Five-Level Commonly-Grounded Photovoltaic Inverter<br><strong><br>Autores: <\/strong>M. ALY; F. M. CARNIELUTTI; M. NORAMBUENA; V. YARAMASU; J. RODRIGUEZ<br><br><b>Ano:&nbsp;<\/b><em><span>2021<\/span><br><\/em><i><br><\/i><b>Evento: <\/b><em>ENERGY CONVERSION CONGRESS AND EXPOSITION ASIA<br><\/em><span style=\"font-size: 0.875em\"><i><br><\/i><\/span><\/p>\n<pre><span style=\"font-size: 0.875em\">Dispon\u00edvel no reposit\u00f3rio em 2022.<\/span><\/pre>\n<p><\/p>\n<\/div>\n<\/div>\n<\/div>\n<\/div>\n<div style=\"color: #1c1c1c;font-size: 16px;padding: 20px;width: 850px;margin: 10px;border: 1px solid #dcdcdc;border-radius: 5px\">\n<div style=\"margin-left: calc(var(--bs-gutter-x)*-0.5);margin-right: calc(var(--bs-gutter-x)*-0.5);margin-top: calc(var(--bs-gutter-y)*-1)\">\n<div style=\"margin-top: var(--bs-gutter-y);padding-left: calc(var(--bs-gutter-x)*0.5);padding-right: calc(var(--bs-gutter-x)*0.5);width: 624px\">\n<div style=\"width: 600px\">\n<p>Aplica\u00e7\u00e3o do Conversor Dual Active Half-Bridge no Gerenciamento de M\u00faltiplas Fontes em Sistemas de Gera\u00e7\u00e3o Energia<br><strong><br>Autores: <\/strong>M. L. FLACH; R. F. CAMARGO; L. G. SCHERER<br><br><b>Ano:&nbsp;<\/b><em><span>2021<\/span><br><\/em><i><br><\/i><b>Evento: <\/b><em>13th Seminar on Power Electronics and Control<br><\/em><span style=\"font-size: 0.875em\"><i><br><\/i><\/span><\/p>\n<pre><span style=\"font-size: 0.875em\">Dispon\u00edvel no reposit\u00f3rio em 2022.<\/span><\/pre>\n<p><\/p>\n<\/div>\n<\/div>\n<\/div>\n<\/div>\n<div style=\"color: #1c1c1c;font-size: 16px;padding: 20px;width: 850px;margin: 10px;border: 1px solid #dcdcdc;border-radius: 5px\">\n<div style=\"margin-left: calc(var(--bs-gutter-x)*-0.5);margin-right: calc(var(--bs-gutter-x)*-0.5);margin-top: calc(var(--bs-gutter-y)*-1)\">\n<div style=\"margin-top: var(--bs-gutter-y);padding-left: calc(var(--bs-gutter-x)*0.5);padding-right: calc(var(--bs-gutter-x)*0.5);width: 624px\">\n<div style=\"width: 600px\">\n<p>Identifica\u00e7\u00e3o de Par\u00e2metros Din\u00e2micos de M\u00e1quinas S\u00edncronas de Polos Salientes de Pequena Pot\u00eancia Atrav\u00e9s de Ensaios de Resposta em Frequ\u00eancia<br><strong><br>Autores: <\/strong>R. E. PIVETTA; L. G. SCHERER; R. F. CAMARGO; F. B. GRIGOLETTO<br><br><b>Ano:&nbsp;<\/b><em><span>2021<\/span><br><\/em><i><br><\/i><b>Evento: <\/b><em>13th Seminar on Power Electronics and Control<br><\/em><span style=\"font-size: 0.875em\"><i><br><\/i><\/span><pre><span style=\"font-size: 0.875em\">Dispon\u00edvel no reposit\u00f3rio em 2022.<\/span><\/pre><\/p><p><i><\/i><\/p>\n<\/div>\n<\/div>\n<\/div>\n<\/div>\n<div style=\"color: #1c1c1c;font-size: 16px;padding: 20px;width: 850px;margin: 10px;border: 1px solid #dcdcdc;border-radius: 5px\">\n<div style=\"margin-left: calc(var(--bs-gutter-x)*-0.5);margin-right: calc(var(--bs-gutter-x)*-0.5);margin-top: calc(var(--bs-gutter-y)*-1)\">\n<div style=\"margin-top: var(--bs-gutter-y);padding-left: calc(var(--bs-gutter-x)*0.5);padding-right: calc(var(--bs-gutter-x)*0.5);width: 624px\">\n<div style=\"width: 600px\">\n<p>APRESENTA\u00c7\u00c3O DE UMA PLATAFORMA DE CONTE\u00daDO T\u00c9CNICO-COMERCIAL DA ENERGIA SOLAR FOTOVOLTAICA NO BRASIL: SOLARMAP<br><strong><br>Autores: <\/strong>ROSA, CARMEN B.; MICHELS, LEANDRO; SILUK, JULIO CEZAR M.; RIGO, P. D.; REDISKE, G.; MARINHO, M. G.<br><br><b>Ano:&nbsp;<\/b><em><span>2021<\/span><br><\/em><i><br><\/i><b>Evento: <\/b><em>13th Seminar on Power Electronics and Control<br><\/em><span style=\"font-size: 0.875em\"><i><br><\/i><\/span><pre><span style=\"font-size: 0.875em\">Dispon\u00edvel no reposit\u00f3rio em 2022.<\/span><\/pre><\/p>\n<\/div>\n<\/div>\n<\/div>\n<\/div>\n<div style=\"color: #1c1c1c;font-size: 16px;padding: 20px;width: 850px;margin: 10px;border: 1px solid #dcdcdc;border-radius: 5px\">\n<div style=\"margin-left: calc(var(--bs-gutter-x)*-0.5);margin-right: calc(var(--bs-gutter-x)*-0.5);margin-top: calc(var(--bs-gutter-y)*-1)\">\n<div style=\"margin-top: var(--bs-gutter-y);padding-left: calc(var(--bs-gutter-x)*0.5);padding-right: calc(var(--bs-gutter-x)*0.5);width: 624px\">\n<div style=\"width: 600px\">\n<p>Projeto e Desenvolvimento de um Carregador Isolado de Baterias com Filtro de Sa\u00edda LCL<br><strong><br>Autores: <\/strong>G. C. DAROS; J. P. S. CIPRIANI; L. M. ILHA; A. R. SEIDEL; L. ROGGIA; A. P. MORAIS; L. F. ROCHA<br><br><b>Ano:&nbsp;<\/b><em><span>2021<\/span><br><\/em><i><br><\/i><b>Evento: <\/b><em>13th Seminar on Power Electronics and Control<br><\/em><span style=\"font-size: 0.875em\"><i><br><\/i><\/span><pre><span style=\"font-size: 0.875em\">Dispon\u00edvel no reposit\u00f3rio em 2022.<\/span><\/pre><\/p>\n<\/div>\n<\/div>\n<\/div>\n<\/div>\n<div style=\"color: #1c1c1c;font-size: 16px;padding: 20px;width: 850px;margin: 10px;border: 1px solid #dcdcdc;border-radius: 5px\">\n<div style=\"margin-left: calc(var(--bs-gutter-x)*-0.5);margin-right: calc(var(--bs-gutter-x)*-0.5);margin-top: calc(var(--bs-gutter-y)*-1)\">\n<div style=\"margin-top: var(--bs-gutter-y);padding-left: calc(var(--bs-gutter-x)*0.5);padding-right: calc(var(--bs-gutter-x)*0.5);width: 624px\">\n<div style=\"width: 600px\">\n<p>Projeto e Desenvolvimento de um Descarregador de Baterias Chumbo-\u00c1cido com Aquisi\u00e7\u00e3o de Dados<br><strong><br>Autores: <\/strong>L. M. ILHA; J. P. S. CIPRIANI; G. C. DAROS; A. R. SEIDEL; L. OLIVEIRA; A. P. MORAIS; L. F. ROCHA<br><br><b>Ano:&nbsp;<\/b><em><span>2021<\/span><br><\/em><i><br><\/i><b>Evento: <\/b><em>13th Seminar on Power Electronics and Control<br><\/em><span style=\"font-size: 0.875em\"><i><br><\/i><\/span><pre><span style=\"font-size: 0.875em\">Dispon\u00edvel no reposit\u00f3rio em 2022.<\/span><\/pre><\/p><p><i><\/i><\/p>\n<\/div>\n<\/div>\n<\/div>\n<\/div>\n<div style=\"color: #1c1c1c;font-size: 16px;padding: 20px;width: 850px;margin: 10px;border: 1px solid #dcdcdc;border-radius: 5px\">\n<div style=\"margin-left: calc(var(--bs-gutter-x)*-0.5);margin-right: calc(var(--bs-gutter-x)*-0.5);margin-top: calc(var(--bs-gutter-y)*-1)\">\n<div style=\"margin-top: var(--bs-gutter-y);padding-left: calc(var(--bs-gutter-x)*0.5);padding-right: calc(var(--bs-gutter-x)*0.5);width: 624px\">\n<div style=\"width: 600px\">\n<p>An\u00e1lise Diel\u00e9trica e Metodologia de Amostragem para Ensaios Diel\u00e9tricos em Transformadores de Pot\u00eancia<br><strong><br>Autores: <\/strong>D. M. BUENO; L. H. MEDEIROS; M. S. QUINTILIANO; A. M. KAMINSKI; G. C. NOGUEIRA; R. C. BELTRAME; V. C. BENDER; T. B. MARCHESAN<br><br><b>Ano:&nbsp;<\/b><em><span>2021<\/span><br><\/em><i><br><\/i><b>Evento: <\/b><em>13th Seminar on Power Electronics and Control<br><\/em><span style=\"font-size: 0.875em\"><i><br><\/i><\/span><pre><span style=\"font-size: 0.875em\">Dispon\u00edvel no reposit\u00f3rio em 2022.<\/span><\/pre><\/p>\n<\/div>\n<\/div>\n<\/div>\n<\/div>\n<div style=\"color: #1c1c1c;font-size: 16px;padding: 20px;width: 850px;margin: 10px;border: 1px solid #dcdcdc;border-radius: 5px\">\n<div style=\"margin-left: calc(var(--bs-gutter-x)*-0.5);margin-right: calc(var(--bs-gutter-x)*-0.5);margin-top: calc(var(--bs-gutter-y)*-1)\">\n<div style=\"margin-top: var(--bs-gutter-y);padding-left: calc(var(--bs-gutter-x)*0.5);padding-right: calc(var(--bs-gutter-x)*0.5);width: 624px\">\n<div style=\"width: 600px\">\n<p>Desenvolvimento de uma Ferramenta para Ensino de Gera\u00e7\u00e3o Distribu\u00edda em Escolas de Ensino Fundamental<br><strong><br>Autores: <\/strong>L. A. R. MAZOCCO; R. J. BULSING; R. C. BELTRAME<br><br><b>Ano:&nbsp;<\/b><em><span>2021<\/span><br><\/em><i><br><\/i><b>Evento: <\/b><em>13th Seminar on Power Electronics and Control<br><\/em><span style=\"font-size: 0.875em\"><i><br><\/i><\/span><pre><span style=\"font-size: 0.875em\">Dispon\u00edvel no reposit\u00f3rio em 2022.<\/span><\/pre><\/p>\n<\/div>\n<\/div>\n<\/div>\n<\/div>\n<div style=\"color: #1c1c1c;font-size: 16px;padding: 20px;width: 850px;margin: 10px;border: 1px solid #dcdcdc;border-radius: 5px\">\n<div style=\"margin-left: calc(var(--bs-gutter-x)*-0.5);margin-right: calc(var(--bs-gutter-x)*-0.5);margin-top: calc(var(--bs-gutter-y)*-1)\">\n<div style=\"margin-top: var(--bs-gutter-y);padding-left: calc(var(--bs-gutter-x)*0.5);padding-right: calc(var(--bs-gutter-x)*0.5);width: 624px\">\n<div style=\"width: 600px\">\n<p>Apresenta\u00e7\u00e3o de uma Plataforma de Conte\u00fado-t\u00e9cnico Comercial da Energia Solar Fotovoltaica no Brasil: Solarmap<br><strong><br>Autores: <\/strong>M. G. MARINHO; C. B. ROSA; P. D. RIGO; G. REDISKE; L. MICHELS<br><br><b>Ano:&nbsp;<\/b><em><span>2021<\/span><br><\/em><i><br><\/i><b>Evento: <\/b><em>13th Seminar on Power Electronics and Control<br><\/em><span style=\"font-size: 0.875em\"><i><br><\/i><\/span><pre><span style=\"font-size: 0.875em\">Dispon\u00edvel no reposit\u00f3rio em 2022.<\/span><\/pre><\/p><p><i><\/i><\/p>\n<\/div>\n<\/div>\n<\/div>\n<\/div>\n<div style=\"color: #1c1c1c;font-size: 16px;padding: 20px;width: 850px;margin: 10px;border: 1px solid #dcdcdc;border-radius: 5px\">\n<div style=\"margin-left: calc(var(--bs-gutter-x)*-0.5);margin-right: calc(var(--bs-gutter-x)*-0.5);margin-top: calc(var(--bs-gutter-y)*-1)\">\n<div style=\"margin-top: var(--bs-gutter-y);padding-left: calc(var(--bs-gutter-x)*0.5);padding-right: calc(var(--bs-gutter-x)*0.5);width: 624px\">\n<div style=\"width: 600px\">\n<p>Inversor fotovoltaico de fases reconfigur\u00e1veis<br><strong><br>Autores: <\/strong>C. SCHARDONG; G. A. SACCOL; L. MICHELS; L. V. BELLINASO; C. RECH, C.; M. B. MEIER; W. M. SANTOS<br><br><b>Ano:&nbsp;<\/b><em><span>2021<\/span><br><\/em><i><br><\/i><b>Evento: <\/b><em>13th Seminar on Power Electronics and Control<br><\/em><span style=\"font-size: 0.875em\"><i><br><\/i><\/span><pre><span style=\"font-size: 0.875em\">Dispon\u00edvel no reposit\u00f3rio em 2022.<\/span><\/pre><\/p>\n<\/div>\n<\/div>\n<\/div>\n<\/div>\n<div style=\"color: #1c1c1c;font-size: 16px;padding: 20px;width: 850px;margin: 10px;border: 1px solid #dcdcdc;border-radius: 5px\">\n<div style=\"margin-left: calc(var(--bs-gutter-x)*-0.5);margin-right: calc(var(--bs-gutter-x)*-0.5);margin-top: calc(var(--bs-gutter-y)*-1)\">\n<div style=\"margin-top: var(--bs-gutter-y);padding-left: calc(var(--bs-gutter-x)*0.5);padding-right: calc(var(--bs-gutter-x)*0.5);width: 624px\">\n<div style=\"width: 600px\">\n<p>Metodologia de Projeto Para Medi\u00e7\u00e3o de Fluxo Volum\u00e9trico Empregando Sensores n\u00e3o Invasivos<br><strong><br>Autores:<\/strong> A. M. JAIME; C. A. HAAB; L. MICHELS<br><br><b>Ano:&nbsp;<\/b><em><span>2021<\/span><br><\/em><i><br><\/i><b>Evento: <\/b><em>13th Seminar on Power Electronics and Control<br><\/em><span style=\"font-size: 0.875em\"><i><br><\/i><\/span><pre><span style=\"font-size: 0.875em\">Dispon\u00edvel no reposit\u00f3rio em 2022.<\/span><\/pre><\/p>\n<\/div>\n<\/div>\n<\/div>\n<\/div>\n<div style=\"color: #1c1c1c;font-size: 16px;padding: 20px;width: 850px;margin: 10px;border: 1px solid #dcdcdc;border-radius: 5px\">\n<div style=\"margin-left: calc(var(--bs-gutter-x)*-0.5);margin-right: calc(var(--bs-gutter-x)*-0.5);margin-top: calc(var(--bs-gutter-y)*-1)\">\n<div style=\"margin-top: var(--bs-gutter-y);padding-left: calc(var(--bs-gutter-x)*0.5);padding-right: calc(var(--bs-gutter-x)*0.5);width: 624px\">\n<div style=\"width: 600px\">\n<p>An\u00e1lise e Projeto do Conversor Dual Active Bridge &#8211; Multin\u00edvel Aplicado em Sistemas de Armazenamento de Energia<br><strong><br>Autores: <\/strong>P. R. M. COSTA; G. S. AZZOLIN; W. M. SANTOS; M. B. MEIER; L. V. BELLINASO; C. RECH; L. MICHELS<br><br><b>Ano:&nbsp;<\/b><em><span>2021<\/span><br><\/em><i><br><\/i><b>Evento: <\/b><em>13th Seminar on Power Electronics and Control<br><\/em><span style=\"font-size: 0.875em\"><i><br><\/i><\/span><pre><span style=\"font-size: 0.875em\">Dispon\u00edvel no reposit\u00f3rio em 2022.<\/span><\/pre><\/p><p><i><\/i><\/p>\n<\/div>\n<\/div>\n<\/div>\n<\/div>\n<div style=\"color: #1c1c1c;font-size: 16px;padding: 20px;width: 850px;margin: 10px;border: 1px solid #dcdcdc;border-radius: 5px\">\n<div style=\"margin-left: calc(var(--bs-gutter-x)*-0.5);margin-right: calc(var(--bs-gutter-x)*-0.5);margin-top: calc(var(--bs-gutter-y)*-1)\">\n<div style=\"margin-top: var(--bs-gutter-y);padding-left: calc(var(--bs-gutter-x)*0.5);padding-right: calc(var(--bs-gutter-x)*0.5);width: 624px\">\n<div style=\"width: 600px\">\n<p>Descriptive Data Analysis of Weather Inputs for Non-Technical Losses Detection System<br><strong><br>Autores: <\/strong>M. B. CAPELETTI; A. R. ABAIDE; B. K. HAMMERSCHMITT; N. K. NETO; L. L. C. SANTOS; R. G. MILBRADT; F. G. K. GUARDA; L. R. PRADE; G. R. MOREIRA<br><br><b>Ano:&nbsp;<\/b><em><span>2021<\/span><br><\/em><i><br><\/i><b>Evento: <\/b><em>9TH INTERNATIONAL CONFERENCE ON MODERN POWER SYSTEMS<br><\/em><span style=\"font-size: 0.875em\"><i><br><\/i><\/span><pre><span style=\"font-size: 0.875em\">Dispon\u00edvel no reposit\u00f3rio em 2022.<\/span><\/pre><\/p>\n<\/div>\n<\/div>\n<\/div>\n<\/div>\n<div style=\"color: #1c1c1c;font-size: 16px;padding: 20px;width: 850px;margin: 10px;border: 1px solid #dcdcdc;border-radius: 5px\">\n<div style=\"margin-left: calc(var(--bs-gutter-x)*-0.5);margin-right: calc(var(--bs-gutter-x)*-0.5);margin-top: calc(var(--bs-gutter-y)*-1)\">\n<div style=\"margin-top: var(--bs-gutter-y);padding-left: calc(var(--bs-gutter-x)*0.5);padding-right: calc(var(--bs-gutter-x)*0.5);width: 624px\">\n<div style=\"width: 600px\">\n<p>Proposal of a load curve modeling applied to Highway EV Fast Charging Stations<br><strong><br>Autores: <\/strong>Leonardo da Silva, A. R. ABAIDE; Joelson PAIX\u00c3O; Jordan Passinato Sausen; Cristian H. Correa<br><br><b>Ano:&nbsp;<\/b><em><span>2021<\/span><br><\/em><i><br><\/i><b>Evento: <\/b><em>56th International Universities Power Engineering Conference<br><\/em><span style=\"font-size: 0.875em\"><i><br><\/i><\/span><pre><span style=\"font-size: 0.875em\">Dispon\u00edvel no reposit\u00f3rio em 2022.<\/span><\/pre><\/p>\n<\/div>\n<\/div>\n<\/div>\n<\/div>\n<div style=\"color: #1c1c1c;font-size: 16px;padding: 20px;width: 850px;margin: 10px;border: 1px solid #dcdcdc;border-radius: 5px\">\n<div style=\"margin-left: calc(var(--bs-gutter-x)*-0.5);margin-right: calc(var(--bs-gutter-x)*-0.5);margin-top: calc(var(--bs-gutter-y)*-1)\">\n<div style=\"margin-top: var(--bs-gutter-y);padding-left: calc(var(--bs-gutter-x)*0.5);padding-right: calc(var(--bs-gutter-x)*0.5);width: 624px\">\n<div style=\"width: 600px\">\n<p>Classifica\u00e7\u00e3o de Unidades Consumidoras Irrigantes de Arroz para An\u00e1lise de Perdas N\u00e3o T\u00e9cnicas Utilizando o M\u00e9todo de Random Forest<br><strong><br>Autores: <\/strong>EICHKOFF, H. S. ; BERNARDON, D.P. ; SOUSA, N. B. ; MARCOLIN, P. ; MADALOZ, J. C. C. ; KOPP, L. M. ; CHIARA, L. M. ; SILVA, J. A.<br><br><b>Ano:&nbsp;<\/b><em><span>2021<\/span><br><\/em><i><br><\/i><b>Evento: <\/b><em>13th Seminar on Power Electronics and Control<br><\/em><span style=\"font-size: 0.875em\"><i><br><\/i><\/span><pre><span style=\"font-size: 0.875em\">Dispon\u00edvel no reposit\u00f3rio em 2022.<\/span><\/pre><\/p>\n<\/div>\n<\/div>\n<\/div>\n<\/div><\/div>\n\t\t\t\t\t\t\t\t\t<div class=\"elementor-tab-title elementor-tab-mobile-title\" aria-selected=\"false\" data-tab=\"2\" role=\"tab\" tabindex=\"-1\" aria-controls=\"elementor-tab-content-1122\" aria-expanded=\"false\">2020<\/div>\n\t\t\t\t\t<div id=\"elementor-tab-content-1122\" class=\"elementor-tab-content elementor-clearfix\" data-tab=\"2\" role=\"tabpanel\" aria-labelledby=\"elementor-tab-title-1122\" tabindex=\"0\" hidden=\"hidden\"><div style=\"color: #1c1c1c;font-size: 16px;padding: 20px;width: 850px;margin: 10px;border: 1px solid #dcdcdc;border-radius: 5px\"><div style=\"margin-left: calc(var(--bs-gutter-x)*-0.5);margin-right: calc(var(--bs-gutter-x)*-0.5);margin-top: calc(var(--bs-gutter-y)*-1)\"><div style=\"margin-top: var(--bs-gutter-y);padding-left: calc(var(--bs-gutter-x)*0.5);padding-right: calc(var(--bs-gutter-x)*0.5);width: 624px\"><div style=\"width: 600px\"><p><a href=\"https:\/\/2022.ieee-icit.org\/\">A Distributed Generation Manager with support for Distributed Network Operator Commands<\/a><br \/><strong><br \/>Autores: <\/strong>SANTOS, L. N. ; SOUSA. G. G. ; SALVATTI, GABRIEL ANT\u00d4NIO ; CARATI, EMERSON G. ; COSTA, JEAN PATRIC DA ; CARDOSO, R. ; STEIN, CARLOS MARCELO DE OLIVEIRA ; NADAL, Z. L. I.\u00a0<\/p><p><b>Ano:\u00a0<\/b><em>2020<br \/><\/em><i><br \/><\/i><b>Evento:<\/b><em> IEEE International Conference on Industrial Technology<br \/><\/em><span style=\"font-size: 0.875em\"><i><br \/><\/i><\/span><\/p><pre><span style=\"font-size: 0.875em\">Dispon\u00edvel no reposit\u00f3rio em 2022.<\/span><\/pre><\/div><\/div><\/div><\/div><div style=\"color: #1c1c1c;font-size: 16px;padding: 20px;width: 850px;margin: 10px;border: 1px solid #dcdcdc;border-radius: 5px\"><div style=\"margin-left: calc(var(--bs-gutter-x)*-0.5);margin-right: calc(var(--bs-gutter-x)*-0.5);margin-top: calc(var(--bs-gutter-y)*-1)\"><div style=\"margin-top: var(--bs-gutter-y);padding-left: calc(var(--bs-gutter-x)*0.5);padding-right: calc(var(--bs-gutter-x)*0.5);width: 624px\"><div style=\"width: 600px\"><p><a href=\"https:\/\/2022.ieee-icit.org\/\">Event Management Layer for Distributed Generation Photovoltaic Inverters<\/a><br \/><strong><br \/>Autores: <\/strong>Barbosa, V. E. S.; Carati, Emerson G. ; COSTA, Jean Patric da ; CARDOSO, R. ; Stein, Carlos Marcelo de Oliveira ; Nadal, Z. L. I.<\/p><p><b>Ano:\u00a0<\/b><em>2020<br \/><\/em><i><br \/><\/i><b>Evento:<\/b> <em> IEEE International Conference on Industrial Technology<br \/><\/em><span style=\"font-size: 0.875em\"><i><br \/><\/i><\/span><\/p><pre><span style=\"font-size: 0.875em\">Dispon\u00edvel no reposit\u00f3rio em 2022.<\/span><\/pre><\/div><\/div><\/div><\/div><div style=\"color: #1c1c1c;font-size: 16px;padding: 20px;width: 850px;margin: 10px;border: 1px solid #dcdcdc;border-radius: 5px\"><div style=\"margin-left: calc(var(--bs-gutter-x)*-0.5);margin-right: calc(var(--bs-gutter-x)*-0.5);margin-top: calc(var(--bs-gutter-y)*-1)\"><div style=\"margin-top: var(--bs-gutter-y);padding-left: calc(var(--bs-gutter-x)*0.5);padding-right: calc(var(--bs-gutter-x)*0.5);width: 624px\"><div style=\"width: 600px\"><p><a href=\"https:\/\/ieee-isgt.org\/\">A Smart Home system using Artificial Intelligence and integration with Energy Storage and Microgeneration<\/a><br \/><strong><br \/>Autores: <\/strong>SOUZA, ALISSON TRINDADE; CANHA, LUCIANE NEVES ; MILBRADT, RAFAEL GRESSLER ; LEMOS, CHRISTIAN LUA ; MICHELS, CASSIO ; SANTANA, TIAGO AUGUSTO SILVA\u00a0<\/p><p><b>Ano:\u00a0<\/b><em>2020<br \/><\/em><i><br \/><\/i><b>Evento: <\/b><em>IEEE Power &amp; Energy Society Innovative Smart Grid Technologies Conference<br \/><\/em><span style=\"font-size: 0.875em\"><i><br \/><\/i><\/span><\/p><pre><span style=\"font-size: 0.875em\">Dispon\u00edvel no reposit\u00f3rio em 2022.<\/span><\/pre><\/div><\/div><\/div><\/div><p>\u00a0<\/p><\/div>\n\t\t\t\t\t\t\t\t\t<div class=\"elementor-tab-title elementor-tab-mobile-title\" aria-selected=\"false\" data-tab=\"3\" role=\"tab\" tabindex=\"-1\" aria-controls=\"elementor-tab-content-1123\" aria-expanded=\"false\">2019<\/div>\n\t\t\t\t\t<div id=\"elementor-tab-content-1123\" class=\"elementor-tab-content elementor-clearfix\" data-tab=\"3\" role=\"tabpanel\" aria-labelledby=\"elementor-tab-title-1123\" tabindex=\"0\" hidden=\"hidden\"><div style=\"color: #1c1c1c;font-size: 16px;padding: 20px;width: 850px;margin: 10px;border: 1px solid #dcdcdc;border-radius: 5px\"><div style=\"margin-left: calc(var(--bs-gutter-x)*-0.5);margin-right: calc(var(--bs-gutter-x)*-0.5);margin-top: calc(var(--bs-gutter-y)*-1)\"><div style=\"margin-top: var(--bs-gutter-y);padding-left: calc(var(--bs-gutter-x)*0.5);padding-right: calc(var(--bs-gutter-x)*0.5);width: 624px\"><div style=\"width: 600px\"><p><a href=\"http:\/\/portal.abepro.org.br\/enegep\/\">Impacto da TUSD na viabilidade econ\u00f4mica de sistemas fotovoltaicos no brasil. In: XXIX Encontro Nacional de Engenharia de Produ\u00e7\u00e3o<\/a><\/p><p><b>Autores:\u00a0<\/b>RIGO, PAULA. D. ; SANTOS, JORDANA R. G.; FREITAS, CLEBER. V.; RABENSCHLAG, DENIS R.; SILUK, JULIO C. M<\/p><p><b>Ano:\u00a0<\/b><em>2019<br \/><\/em><i><br \/><\/i><b>Evento: <\/b><em>XXIX Encontro Nacional de Engenharia de Produ\u00e7\u00e3o<br \/><\/em><span style=\"font-size: 0.875em\"><i><br \/><\/i><\/span><\/p><pre><span style=\"font-size: 0.875em\">Dispon\u00edvel no reposit\u00f3rio em 2022.<\/span><\/pre><\/div><\/div><\/div><\/div><div style=\"color: #1c1c1c;font-size: 16px;padding: 20px;width: 850px;margin: 10px;border: 1px solid #dcdcdc;border-radius: 5px\"><div style=\"color: #1c1c1c;font-size: 16px\"><p><a href=\"http:\/\/portal.abepro.org.br\/enegep\/\">Identifica\u00e7\u00e3o de locais ideais para instala\u00e7\u00e3o de usinas de energia fotovoltaica: um estudo de caso<\/a><br \/><strong style=\"color: #1c1c1c;font-size: 16px\"><br \/>Autores:<\/strong><span style=\"color: #1c1c1c;font-size: 16px\"> REDISKE, GRACIELE; ROSA, CARMEN B.; RIGO, PAULA. D.; GASTALDO, NAT\u00c1LIA G.; MICHELS, LEANDRO<br \/><\/span><span style=\"color: #1c1c1c;font-size: 16px\"><br \/><b>Ano:<\/b><\/span><b> <\/b><em style=\"color: #1c1c1c;font-size: 16px\">2019<br \/><\/em><span style=\"color: #1c1c1c;font-size: 16px\"><i><br \/><\/i><b>Evento: <\/b><\/span><em style=\"color: #1c1c1c;font-size: 16px\">XXIX Encontro Nacional de Engenharia de Produ\u00e7\u00e3o<br \/><\/em><span style=\"color: #1c1c1c;font-size: 0.875em\"><i><br \/><\/i><\/span><\/p><pre><span style=\"color: #1c1c1c;font-size: 0.875em\">Dispon\u00edvel no reposit\u00f3rio em 2022.<\/span><\/pre><\/div><\/div><div style=\"color: #1c1c1c;font-size: 16px;padding: 20px;width: 850px;margin: 10px;border: 1px solid #dcdcdc;border-radius: 5px\"><div style=\"margin-left: calc(var(--bs-gutter-x)*-0.5);margin-right: calc(var(--bs-gutter-x)*-0.5);margin-top: calc(var(--bs-gutter-y)*-1)\"><div style=\"margin-top: var(--bs-gutter-y);padding-left: calc(var(--bs-gutter-x)*0.5);padding-right: calc(var(--bs-gutter-x)*0.5);width: 624px\"><div style=\"width: 600px\"><p><a href=\"http:\/\/portal.abepro.org.br\/enegep\/\">An\u00e1lise sist\u00eamica do contexto brasileiro na implementa\u00e7\u00e3o de energia fotovoltaica<\/a><\/p><p><b>Autores: <\/b>SILVA, TA\u00cdS O.; CASSEL, RICARDO A.<\/p><p><b>Ano:\u00a0<\/b><em>2019<br \/><\/em><i><br \/><\/i><b>Evento: <\/b><em>XXIX Encontro Nacional de Engenharia de Produ\u00e7\u00e3o<br \/><\/em><span style=\"font-size: 0.875em\"><i><br \/><\/i><\/span><\/p><pre><span style=\"font-size: 0.875em\">Dispon\u00edvel no reposit\u00f3rio em 2022.<\/span><\/pre><\/div><\/div><\/div><\/div><div style=\"color: #1c1c1c;font-size: 16px;padding: 20px;width: 850px;margin: 10px;border: 1px solid #dcdcdc;border-radius: 5px\"><div style=\"color: #1c1c1c;font-size: 16px\"><p><a href=\"http:\/\/portal.abepro.org.br\/enegep\/\">Manuten\u00e7\u00e3o preditiva com uso de termografia em redes de distribui\u00e7\u00e3o de energia el\u00e9trica<\/a><br \/><strong style=\"color: #1c1c1c;font-size: 16px\"><br \/>Autores: <\/strong>NASCIMENTO, FELIPE M.; SILUK, JULIO C. M<br \/><span style=\"color: #1c1c1c;font-size: 16px\"><b><br \/>Ano:<\/b><\/span> <em style=\"color: #1c1c1c;font-size: 16px\">2019<br \/><\/em><span style=\"color: #1c1c1c;font-size: 16px\"><b><br \/>Evento: <\/b><\/span><em style=\"color: #1c1c1c;font-size: 16px\">XXIX Encontro Nacional de Engenharia de Produ\u00e7\u00e3o<br \/><\/em><span style=\"color: #1c1c1c;font-size: 0.875em\"><br \/><\/span><\/p><pre><span style=\"color: #1c1c1c;font-size: 0.875em\">Dispon\u00edvel no reposit\u00f3rio em 2022.<\/span><\/pre><\/div><\/div><div style=\"color: #1c1c1c;font-size: 16px;padding: 20px;width: 850px;margin: 10px;border: 1px solid #dcdcdc;border-radius: 5px\"><div style=\"margin-left: calc(var(--bs-gutter-x)*-0.5);margin-right: calc(var(--bs-gutter-x)*-0.5);margin-top: calc(var(--bs-gutter-y)*-1)\"><div style=\"margin-top: var(--bs-gutter-y);padding-left: calc(var(--bs-gutter-x)*0.5);padding-right: calc(var(--bs-gutter-x)*0.5);width: 624px\"><div style=\"width: 600px\"><p><a style=\"color: #1c1c1c;font-size: 16px\" href=\"https:\/\/www.acofi.edu.co\/eventos\/xii-simposio-internacional-de-ingenieria-industrial-actualidad-y-nuevas-tendencias\/\">Revis\u00e3o sistem\u00e1tica dos impactos econ\u00f4mico-financeiros da gera\u00e7\u00e3o distribu\u00edda fotovoltaica nas distribuidoras de eletricidade<\/a><br \/><span style=\"color: #1c1c1c;font-size: 16px\"><br \/><b>Autores: <\/b><\/span><span style=\"color: #1c1c1c\">NASCIMENTO, FELIPE M.; SILUK, JULIO C. M<br \/><\/span><span style=\"color: #1c1c1c;font-size: 16px\"><br \/><b>Ano:\u00a0<\/b><\/span><em style=\"color: #1c1c1c;font-size: 16px\">2019<br \/><\/em><span style=\"color: #1c1c1c;font-size: 16px\"><i><br \/><\/i><b>Evento: <\/b><\/span><em><span style=\"color: #1c1c1c\">XII Simposio Internacional de Ingenier\u00eda Industrial: Actualidad y Nuevas Tendencias<br \/><\/span><\/em><span style=\"font-size: 0.875em\"><i><br \/><\/i><\/span><\/p><pre><span style=\"font-size: 0.875em\">Dispon\u00edvel no reposit\u00f3rio em 2022.<\/span><\/pre><\/div><\/div><\/div><\/div><div style=\"color: #1c1c1c;font-size: 16px;padding: 20px;width: 850px;margin: 10px;border: 1px solid #dcdcdc;border-radius: 5px\"><div style=\"color: #1c1c1c;font-size: 16px\"><p><a href=\"https:\/\/seprosul2019.wixsite.com\/seprosul2019\">Energia solar fotovoltaica e gera\u00e7\u00e3o distribu\u00edda: um estudo bibliom\u00e9trico<\/a><br \/><strong style=\"color: #1c1c1c;font-size: 16px\"><br \/>Autores: <\/strong>BURIN, HELO\u00cdSA P.; SILUK, JULIO C. M.; SILVA JUNIOR, C. R<span style=\"color: #1c1c1c;font-size: 16px\"><br \/><\/span><span style=\"color: #1c1c1c;font-size: 16px\"><br \/><b>Ano:<\/b><\/span> <em style=\"color: #1c1c1c;font-size: 16px\">2019<br \/><\/em><span style=\"color: #1c1c1c;font-size: 16px\"><i><br \/><\/i><b>Evento: <\/b><em>XIX Semana de Engenharia de Produ\u00e7\u00e3o e Mec\u00e2nica Sul-Americana<br \/><\/em><\/span><span style=\"color: #1c1c1c;font-size: 0.875em\"><br \/><\/span><\/p><pre><span style=\"color: #1c1c1c;font-size: 0.875em\">Dispon\u00edvel no reposit\u00f3rio em 2022.<\/span><\/pre><\/div><\/div><div style=\"color: #1c1c1c;font-size: 16px;padding: 20px;width: 850px;margin: 10px;border: 1px solid #dcdcdc;border-radius: 5px\"><div style=\"margin-left: calc(var(--bs-gutter-x)*-0.5);margin-right: calc(var(--bs-gutter-x)*-0.5);margin-top: calc(var(--bs-gutter-y)*-1)\"><div style=\"margin-top: var(--bs-gutter-y);padding-left: calc(var(--bs-gutter-x)*0.5);padding-right: calc(var(--bs-gutter-x)*0.5);width: 624px\"><div style=\"width: 600px\"><p><a href=\"http:\/\/www2.uesb.br\/eventos\/seminarioict\/\">Energia fotovoltaica e M\u00e9todos multicrit\u00e9rios: Uma vis\u00e3o bibliom\u00e9trica e cientom\u00e9trica<\/a><\/p><p><b>Autores: <\/b>RUHOFF, AUGUSTO; SCHAEFER, JONES L.; SILUK, JULIO C. M.; NARA, ELP\u00cdDIO O. B.<\/p><p><b>Ano:\u00a0<\/b><em>2019<br \/><\/em><i><br \/><\/i><b>Evento: <\/b><em>XXV Semin\u00e1rio de Inicia\u00e7\u00e3o Cient\u00edfica<br \/><\/em><span style=\"font-size: 0.875em\"><i><br \/><\/i><\/span><\/p><pre><span style=\"font-size: 0.875em\">Dispon\u00edvel no reposit\u00f3rio em 2022.<\/span><\/pre><\/div><\/div><\/div><\/div><div style=\"color: #1c1c1c;font-size: 16px;padding: 20px;width: 850px;margin: 10px;border: 1px solid #dcdcdc;border-radius: 5px\"><div style=\"color: #1c1c1c;font-size: 16px\"><p><a href=\"https:\/\/2022.ieee-icit.org\/\">Analytical Methodology to Design Third-Order Filter (LCL) for Battery Chargers<\/a><br \/><strong style=\"color: #1c1c1c;font-size: 16px\"><br \/>Autores: <\/strong>FELIPE, CARLA APARECIDA; CARVALHO, EDIVAN LAERCIO ; CARATI, EMERSON GIOVANI ; MICHELS, LEANDRO ; BELLINASO, LUCAS V. ; CARDOSO, RAFAEL<br \/><span style=\"color: #1c1c1c;font-size: 16px\"><b><br \/>Ano:<\/b><\/span> <em style=\"color: #1c1c1c;font-size: 16px\">2019<br \/><\/em><span style=\"color: #1c1c1c;font-size: 16px\"><b><br \/>Evento: <\/b><em>IEEE International Conference on Industrial Technology<br \/><\/em><\/span><span style=\"color: #1c1c1c;font-size: 0.875em\"><br \/><\/span><\/p><pre><span style=\"color: #1c1c1c;font-size: 0.875em\">Dispon\u00edvel no reposit\u00f3rio em 2022.<\/span><\/pre><\/div><\/div><div style=\"color: #1c1c1c;font-size: 16px;padding: 20px;width: 850px;margin: 10px;border: 1px solid #dcdcdc;border-radius: 5px\"><div style=\"margin-left: calc(var(--bs-gutter-x)*-0.5);margin-right: calc(var(--bs-gutter-x)*-0.5);margin-top: calc(var(--bs-gutter-y)*-1)\"><div style=\"margin-top: var(--bs-gutter-y);padding-left: calc(var(--bs-gutter-x)*0.5);padding-right: calc(var(--bs-gutter-x)*0.5);width: 624px\"><div style=\"width: 600px\"><p><a href=\"https:\/\/isgt2021.org\/\">Bidirectional Interlink Converter for Bipolar DC Microgrids<\/a><\/p><p><b>Autores: <\/b>CARVALHO, EDIVAN LAERCIO; MENEGHETTI, LUIZ H. ; BELLINASO, LUCAS ; CARDOSO, RAFAEL ; MICHELS, LEANDRO<\/p><p><b>Ano:\u00a0<\/b><em>2019<br \/><\/em><i><br \/><\/i><b>Evento: <\/b><em>IEEE PES Innovative Smart Grid Technologies Conference Latin America<br \/><\/em><span style=\"font-size: 0.875em\"><br \/><\/span><\/p><pre><span style=\"font-size: 0.875em\">Dispon\u00edvel no reposit\u00f3rio em 2022.<\/span><\/pre><\/div><\/div><\/div><\/div><div style=\"color: #1c1c1c;font-size: 16px;padding: 20px;width: 850px;margin: 10px;border: 1px solid #dcdcdc;border-radius: 5px\"><div style=\"color: #1c1c1c;font-size: 16px\"><p><a href=\"https:\/\/www.ufsm.br\/cursos\/pos-graduacao\/santa-maria\/ppgee\/eventos\/sepoc2019\/\">Standards for Interconnecting Distributed Energy Resources with Electric Power System: Current scenario and challenges<\/a><br \/><strong style=\"color: #1c1c1c;font-size: 16px\"><br \/>Autores: <\/strong>MOCCELLIN, A. P.; BORTOLINI, R. J. F.; MICHELS, L.; SPERANDIO, M.<span style=\"color: #1c1c1c;font-size: 16px\"><br \/><\/span><span style=\"color: #1c1c1c;font-size: 16px\"><br \/><b>Ano:<\/b><\/span> <em style=\"color: #1c1c1c;font-size: 16px\">2019<br \/><\/em><span style=\"color: #1c1c1c;font-size: 16px\"><i><br \/><\/i><b>Evento: <\/b><em>12th Seminar on Power Electronics and Control<br \/><\/em><\/span><span style=\"color: #1c1c1c;font-size: 0.875em\"><br \/><\/span><\/p><pre><span style=\"color: #1c1c1c;font-size: 0.875em\">Dispon\u00edvel no reposit\u00f3rio em 2022.<\/span><\/pre><\/div><\/div><div style=\"color: #1c1c1c;font-size: 16px;padding: 20px;width: 850px;margin: 10px;border: 1px solid #dcdcdc;border-radius: 5px\"><div style=\"margin-left: calc(var(--bs-gutter-x)*-0.5);margin-right: calc(var(--bs-gutter-x)*-0.5);margin-top: calc(var(--bs-gutter-y)*-1)\"><div style=\"margin-top: var(--bs-gutter-y);padding-left: calc(var(--bs-gutter-x)*0.5);padding-right: calc(var(--bs-gutter-x)*0.5);width: 624px\"><div style=\"width: 600px\"><p><a href=\"https:\/\/isgt2021.org\/\">Design of Common and Differential Mode Filters for Single-Phase Full-Bridge Photovoltaic Inverters<\/a><\/p><p><b>Autores: <\/b>HAAB, CHARLES ANDRE; MICHELS, LEANDRO; RECH, CASSIANO; BELLINASO, LUCAS VIZZOTTO<\/p><p><b>Ano:\u00a0<\/b><em>2019<br \/><\/em><i><br \/><\/i><b>Evento: <\/b><em>IEEE PES Innovative Smart Grid Technologies Conference Latin America<br \/><\/em><span style=\"font-size: 0.875em\"><i><br \/><\/i><\/span><\/p><pre><span style=\"font-size: 0.875em\">Dispon\u00edvel no reposit\u00f3rio em 2022.<\/span><\/pre><\/div><\/div><\/div><\/div><div style=\"color: #1c1c1c;font-size: 16px;padding: 20px;width: 850px;margin: 10px;border: 1px solid #dcdcdc;border-radius: 5px\"><div style=\"color: #1c1c1c;font-size: 16px\"><p><a href=\"https:\/\/ieeexplore.ieee.org\/xpl\/conhome\/8631283\/proceeding\">Methodology for experimental determination of equivalent grid impedance by using external commands of PV inverters<\/a><br \/><strong style=\"color: #1c1c1c;font-size: 16px\"><br \/>Autores: <\/strong>FELTRIN, V. B. ; DALMOLIN, T. B. ; BELLINASO, L. V. ; MICHELS, L.<span style=\"color: #1c1c1c;font-size: 16px\"><br \/><\/span><span style=\"color: #1c1c1c;font-size: 16px\"><br \/><b>Ano:<\/b><\/span> <em style=\"color: #1c1c1c;font-size: 16px\">2019<br \/><\/em><span style=\"color: #1c1c1c;font-size: 16px\"><i><br \/><\/i><b>Evento: <\/b><em>Proceedings 4th IEEE Southern Power Electronics Conference<br \/><\/em><\/span><span style=\"color: #1c1c1c;font-size: 0.875em\"><br \/><\/span><\/p><pre><span style=\"color: #1c1c1c;font-size: 0.875em\">Dispon\u00edvel no reposit\u00f3rio em 2022.<\/span><\/pre><\/div><\/div><div style=\"color: #1c1c1c;font-size: 16px;padding: 20px;width: 850px;margin: 10px;border: 1px solid #dcdcdc;border-radius: 5px\"><div style=\"margin-left: calc(var(--bs-gutter-x)*-0.5);margin-right: calc(var(--bs-gutter-x)*-0.5);margin-top: calc(var(--bs-gutter-y)*-1)\"><div style=\"margin-top: var(--bs-gutter-y);padding-left: calc(var(--bs-gutter-x)*0.5);padding-right: calc(var(--bs-gutter-x)*0.5);width: 624px\"><div style=\"width: 600px\"><p><a href=\"https:\/\/ieeexplore.ieee.org\/xpl\/conhome\/9062288\/proceeding\">Methodology for experimental determination of equivalent grid impedance by using external commands of PV inverters<\/a><\/p><p><b>Autores: <\/b>FELTRIN, VALESCA BETTIM; BREZOLIN DALMOLIN, THIAGO ; BELLINASO, LUCAS VIZZOTTO; MICHELS, LEANDRO<\/p><p><b>Ano:\u00a0<\/b><em>2019<br \/><\/em><i><br \/><\/i><b>Evento: <\/b><em>15th Brazilian Power Electronics Conference and 5th IEEE Southern Power Electronics Conference<br \/><\/em><span style=\"font-size: 0.875em\"><i><br \/><\/i><\/span><\/p><pre><span style=\"font-size: 0.875em\">Dispon\u00edvel no reposit\u00f3rio em 2022.<\/span><\/pre><\/div><\/div><\/div><\/div><div style=\"color: #1c1c1c;font-size: 16px;padding: 20px;width: 850px;margin: 10px;border: 1px solid #dcdcdc;border-radius: 5px\"><div style=\"color: #1c1c1c;font-size: 16px\"><p><a href=\"https:\/\/ieeexplore.ieee.org\/xpl\/conhome\/9062288\/proceeding\">Reference Grid Impedance for Tests of Grid-connected Power Converters for Distributed Energy Resources: The Brazilian Case<\/a><br \/><strong style=\"color: #1c1c1c;font-size: 16px\"><br \/>Autores: <\/strong>SACCOL, GABRIEL AVILA; SCHARDONG, CHARLES ; MICHELS, LEANDRO (UFSM); BELLINASO, LUCAS VIZZOTTO (UFSM); RECH, CASSIANO (UFSM)<span style=\"color: #1c1c1c;font-size: 16px\"><br \/><\/span><span style=\"color: #1c1c1c;font-size: 16px\"><br \/><b>Ano:<\/b><\/span> <em style=\"color: #1c1c1c;font-size: 16px\">2019<br \/><\/em><span style=\"color: #1c1c1c;font-size: 16px\"><i><br \/><\/i><b>Evento: <\/b><em>15th Brazilian Power Electronics Conference and 5th IEEE Southern Power Electronics Conference<br \/><\/em><\/span><span style=\"color: #1c1c1c;font-size: 0.875em\"><br \/><\/span><\/p><pre><span style=\"color: #1c1c1c;font-size: 0.875em\">Dispon\u00edvel no reposit\u00f3rio em 2022.<\/span><\/pre><\/div><\/div><div style=\"color: #1c1c1c;font-size: 16px;padding: 20px;width: 850px;margin: 10px;border: 1px solid #dcdcdc;border-radius: 5px\"><div style=\"margin-left: calc(var(--bs-gutter-x)*-0.5);margin-right: calc(var(--bs-gutter-x)*-0.5);margin-top: calc(var(--bs-gutter-y)*-1)\"><div style=\"margin-top: var(--bs-gutter-y);padding-left: calc(var(--bs-gutter-x)*0.5);padding-right: calc(var(--bs-gutter-x)*0.5);width: 624px\"><div style=\"width: 600px\"><p><a href=\"https:\/\/ieeexplore.ieee.org\/xpl\/conhome\/9062288\/proceeding\">New semiconductor technologies for power electronics<\/a><\/p><p><b>Autores: <\/b>HEERDT, J. A.; FRANCA, P. H. T. ; MENGATTO, A. ; DIESEL, J. A. D.<\/p><p><b>Ano:\u00a0<\/b><em>2019<br \/><\/em><i><br \/><\/i><b>Evento: <\/b><em>15th Brazilian Power Electronics Conference and 5th IEEE Southern Power Electronics Conference<br \/><\/em><span style=\"font-size: 0.875em\"><i><br \/><\/i><\/span><\/p><pre><span style=\"font-size: 0.875em\">Dispon\u00edvel no reposit\u00f3rio em 2022.<\/span><\/pre><\/div><\/div><\/div><\/div><div style=\"color: #1c1c1c;font-size: 16px;padding: 20px;width: 850px;margin: 10px;border: 1px solid #dcdcdc;border-radius: 5px\"><div style=\"color: #1c1c1c;font-size: 16px\"><p><a href=\"https:\/\/ieeexplore.ieee.org\/xpl\/conhome\/9062288\/proceeding\">Non-Isolated High Current Battery Charger with PFC Semi-Bridgeless Rectifier<\/a><br \/><strong style=\"color: #1c1c1c;font-size: 16px\"><br \/>Autores: <\/strong>DACOL, R. P. ; WALTRICH, G. ; HEERDT, J. A.<span style=\"color: #1c1c1c;font-size: 16px\"><br \/><\/span><span style=\"color: #1c1c1c;font-size: 16px\"><br \/><b>Ano:<\/b><\/span> <em style=\"color: #1c1c1c;font-size: 16px\">2019<br \/><\/em><span style=\"color: #1c1c1c;font-size: 16px\"><i><br \/><\/i><b>Evento: <\/b><em>15th Brazilian Power Electronics Conference and 5th IEEE Southern Power Electronics Conference<br \/><\/em><\/span><span style=\"color: #1c1c1c;font-size: 0.875em\"><br \/><\/span><\/p><pre><span style=\"color: #1c1c1c;font-size: 0.875em\">Dispon\u00edvel no reposit\u00f3rio em 2022.<\/span><\/pre><\/div><\/div><div style=\"color: #1c1c1c;font-size: 16px;padding: 20px;width: 850px;margin: 10px;border: 1px solid #dcdcdc;border-radius: 5px\"><div style=\"margin-left: calc(var(--bs-gutter-x)*-0.5);margin-right: calc(var(--bs-gutter-x)*-0.5);margin-top: calc(var(--bs-gutter-y)*-1)\"><div style=\"margin-top: var(--bs-gutter-y);padding-left: calc(var(--bs-gutter-x)*0.5);padding-right: calc(var(--bs-gutter-x)*0.5);width: 624px\"><div style=\"width: 600px\"><p><a href=\"https:\/\/ieee-pvsc.org\/PVSC46\/program-technical.php\">Citizens on the driving seat of Photovoltaics<\/a><\/p><p><b>Autores: <\/b>CRISTOBAL, ANA B. ; UNGER, EVA ; HAAS, SABINE ; ZILLES, ROBERTO ; NARVARTE, LUIS ; ANTOLIN, ELISA ; CANIZO, CARLOS DEL ; BARBOSA, LUISA F. ; FIALHO, LUIS ; HERNANDEZ, DAVID ; TYUTYUNDZHIEV, NIKOLAY ; CUESTA, INMACULADA<\/p><p><b>Ano:\u00a0<\/b><em>2019<br \/><\/em><i><br \/><\/i><b>Evento:<\/b><em> IEEE 46th Photovoltaic Specialists Conference<br \/><\/em><span style=\"font-size: 0.875em\"><i><br \/><\/i><\/span><\/p><pre><span style=\"font-size: 0.875em\">Dispon\u00edvel no reposit\u00f3rio em 2022.<\/span><\/pre><\/div><\/div><\/div><\/div><div style=\"color: #1c1c1c;font-size: 16px;padding: 20px;width: 850px;margin: 10px;border: 1px solid #dcdcdc;border-radius: 5px\"><div style=\"color: #1c1c1c;font-size: 16px\"><p><a href=\"https:\/\/ieeexplore.ieee.org\/xpl\/conhome\/9062288\/proceeding\">Comparative Study of the Power Sharing Techniques for Microgrids in Autonomous Mode<\/a><br \/><strong style=\"color: #1c1c1c;font-size: 16px\"><br \/>Autores: <\/strong>AZEVEDO, GUSTAVO M. S. ; OLIVEIRA, ERIK C. ; CAVALCANTI, MARCELO C. ; LIMONGI, LEONARDO R.<span style=\"color: #1c1c1c;font-size: 16px\"><br \/><\/span><span style=\"color: #1c1c1c;font-size: 16px\"><br \/><b>Ano:<\/b><\/span> <em style=\"color: #1c1c1c;font-size: 16px\">2019<br \/><\/em><span style=\"color: #1c1c1c;font-size: 16px\"><i><br \/><\/i><b>Evento: <\/b><em>IEEE 15th Brazilian Power Electronics Conference and 5th IEEE Southern Power Electronics Conference<br \/><\/em><\/span><span style=\"color: #1c1c1c;font-size: 0.875em\"><br \/><\/span><\/p><pre><span style=\"color: #1c1c1c;font-size: 0.875em\">Dispon\u00edvel no reposit\u00f3rio em 2022.<\/span><\/pre><\/div><\/div><div style=\"color: #1c1c1c;font-size: 16px;padding: 20px;width: 850px;margin: 10px;border: 1px solid #dcdcdc;border-radius: 5px\"><div style=\"margin-left: calc(var(--bs-gutter-x)*-0.5);margin-right: calc(var(--bs-gutter-x)*-0.5);margin-top: calc(var(--bs-gutter-y)*-1)\"><div style=\"margin-top: var(--bs-gutter-y);padding-left: calc(var(--bs-gutter-x)*0.5);padding-right: calc(var(--bs-gutter-x)*0.5);width: 624px\"><div style=\"width: 600px\"><p><a href=\"http:\/\/upec2019.com\/\">Energy Storage Systems Role in Supporting Renewable Resources: Global Overview<\/a><\/p><p><b>Autores: <\/b>LUCCHESE, FELIPE C. ; CANHA, LUCIANA N. ; BRIGNOL, WAGNER S. ; HAMMERSCHMITT, BRUNO K. ; DA SILVA, LEONARDO N. F. ; MARTINS, CRICIELE C.<\/p><p><b>Ano:\u00a0<\/b><em>2019<br \/><\/em><i><br \/><\/i><b>Evento: <\/b><em>54th International Universities Power Engineering Conference<br \/><\/em><span style=\"font-size: 0.875em\"><i><br \/><\/i><\/span><\/p><pre><span style=\"font-size: 0.875em\">Dispon\u00edvel no reposit\u00f3rio em 2022.<\/span><\/pre><\/div><\/div><\/div><\/div><div style=\"color: #1c1c1c;font-size: 16px;padding: 20px;width: 850px;margin: 10px;border: 1px solid #dcdcdc;border-radius: 5px\"><div style=\"color: #1c1c1c;font-size: 16px\"><p><a href=\"https:\/\/www.ieee-pes.org\/meetings-and-conferences\/conference-calendar\/monthly-view\/167-cosponsored-by-pes\/1005-isgt-la\">Study of a Reliability Model for Distribution Systems Applied to the Residential Consumer<\/a><br \/><strong style=\"color: #1c1c1c;font-size: 16px\"><br \/>Autores: <\/strong>SCHMITZ, WILLIAM I. ; SCHMITZ, MAGDIEL ; CANHA, LUCIANE. N<span style=\"color: #1c1c1c;font-size: 16px\"><br \/><\/span><span style=\"color: #1c1c1c;font-size: 16px\"><br \/><b>Ano:<\/b><\/span> <em style=\"color: #1c1c1c;font-size: 16px\">2019<br \/><\/em><span style=\"color: #1c1c1c;font-size: 16px\"><i><br \/><\/i><b>Evento:<\/b> <em>IEEE PES Innovative Smart Grid Technologies Conference Latin America<br \/><\/em><\/span><span style=\"color: #1c1c1c;font-size: 0.875em\"><br \/><\/span><\/p><pre><span style=\"color: #1c1c1c;font-size: 0.875em\">Dispon\u00edvel no reposit\u00f3rio em 2022.<\/span><\/pre><\/div><\/div><div style=\"color: #1c1c1c;font-size: 16px;padding: 20px;width: 850px;margin: 10px;border: 1px solid #dcdcdc;border-radius: 5px\"><div style=\"margin-left: calc(var(--bs-gutter-x)*-0.5);margin-right: calc(var(--bs-gutter-x)*-0.5);margin-top: calc(var(--bs-gutter-y)*-1)\"><div style=\"margin-top: var(--bs-gutter-y);padding-left: calc(var(--bs-gutter-x)*0.5);padding-right: calc(var(--bs-gutter-x)*0.5);width: 624px\"><div style=\"width: 600px\"><p><a href=\"https:\/\/ieeexplore.ieee.org\/xpl\/conhome\/9062288\/proceeding\">Electromagnetic Analysis of Load Transfers in Smart Grids<\/a><\/p><p><b>Autores: <\/b>ORTIZ, M. S.; EISENKRAEMER, P. H.; BERNARDON, D.P.; SILVA, E. R.; PFITSCHER, LUCIANO LOPES; WOLTER, M<\/p><p><b>Ano:\u00a0<\/b><em>2019<br \/><\/em><i><br \/><\/i><b>Evento: <\/b><em>IEEE PES Innovative Smart Grid Technologies Conference Latin America<br \/><\/em><span style=\"font-size: 0.875em\"><i><br \/><\/i><\/span><\/p><pre><span style=\"font-size: 0.875em\">Dispon\u00edvel no reposit\u00f3rio em 2022.<\/span><\/pre><\/div><\/div><\/div><\/div><div style=\"color: #1c1c1c;font-size: 16px;padding: 20px;width: 850px;margin: 10px;border: 1px solid #dcdcdc;border-radius: 5px\"><div style=\"color: #1c1c1c;font-size: 16px\"><p><a href=\"https:\/\/ieeexplore.ieee.org\/xpl\/conhome\/9062288\/proceeding\">Emergency Response in the Electric Distribution System With Microgrids Considering DG Costs and High Penetration of Residential PV Systems<\/a><br \/><strong style=\"color: #1c1c1c;font-size: 16px\"><br \/>Autores: <\/strong>SCHMITZ, M.; GARCIA, V. J.; BERNARDON, D.P.; WOLTER, M.; PFITSCHER, L. L.; SCHMITZ, W. I<span style=\"color: #1c1c1c;font-size: 16px\"><br \/><\/span><span style=\"color: #1c1c1c;font-size: 16px\"><br \/><b>Ano:<\/b><\/span> <em style=\"color: #1c1c1c;font-size: 16px\">2019<br \/><\/em><span style=\"color: #1c1c1c;font-size: 16px\"><i><br \/><\/i><b>Evento: <\/b><em>IEEE PES Innovative Smart Grid Technologies Conference Latin America<br \/><\/em><\/span><span style=\"color: #1c1c1c;font-size: 0.875em\"><br \/><\/span><\/p><pre><span style=\"color: #1c1c1c;font-size: 0.875em\">Dispon\u00edvel no reposit\u00f3rio em 2022.<\/span><\/pre><\/div><\/div><div style=\"color: #1c1c1c;font-size: 16px;padding: 20px;width: 850px;margin: 10px;border: 1px solid #dcdcdc;border-radius: 5px\"><div style=\"margin-left: calc(var(--bs-gutter-x)*-0.5);margin-right: calc(var(--bs-gutter-x)*-0.5);margin-top: calc(var(--bs-gutter-y)*-1)\"><div style=\"margin-top: var(--bs-gutter-y);padding-left: calc(var(--bs-gutter-x)*0.5);padding-right: calc(var(--bs-gutter-x)*0.5);width: 624px\"><div style=\"width: 600px\"><p><a href=\"https:\/\/ieeexplore.ieee.org\/xpl\/conhome\/9062288\/proceeding\">Real-Time Hardware-In-the-Loop Testbed Applied to Voltage Control in Distribution Smart Grids<\/a><\/p><p><b>Autores: <\/b>MARTINS, BRENO SANTOS ; KORK SCHMITT, KONRAD E. ; CANHA, LUCIANE NEVES ; DE ABREU ANTUNES, MARCIO ; DA SILVA PEREIRA, PAULO RICARDO ; CRISTINA NUNES ARAUJO, SIMONE<\/p><p><b>Ano:\u00a0<\/b><em>2019<br \/><\/em><i><br \/><\/i><b>Evento: <\/b><span style=\"color: #1c1c1c;font-size: 16px\"><em>IEEE PES Innovative Smart Grid Technologies Conference Latin America<br \/><\/em><\/span><span style=\"font-size: 0.875em\"><i><br \/><\/i><\/span><\/p><pre><span style=\"font-size: 0.875em\">Dispon\u00edvel no reposit\u00f3rio em 2022.<\/span><\/pre><\/div><\/div><\/div><\/div><div style=\"color: #1c1c1c;font-size: 16px;padding: 20px;width: 850px;margin: 10px;border: 1px solid #dcdcdc;border-radius: 5px\"><div style=\"color: #1c1c1c;font-size: 16px\"><p><a href=\"https:\/\/ieeexplore.ieee.org\/xpl\/conhome\/9062288\/proceeding\">Battery Energy Storage Systems: Impact Analysis on Different Loads with Distributed Generation<\/a><br \/><strong style=\"color: #1c1c1c;font-size: 16px\"><br \/>Autores: <\/strong>FARIAS, HERICLES EDUARDO OLIVEIRA ; CANHA, LUCIANE NEVES<span style=\"color: #1c1c1c;font-size: 16px\"><br \/><\/span><span style=\"color: #1c1c1c;font-size: 16px\"><br \/><b>Ano:<\/b><\/span> <em style=\"color: #1c1c1c;font-size: 16px\">2019<br \/><\/em><span style=\"color: #1c1c1c;font-size: 16px\"><i><br \/><\/i><b>Evento: <\/b><em>IEEE PES Innovative Smart Grid Technologies Conference Latin America<br \/><\/em><\/span><span style=\"color: #1c1c1c;font-size: 0.875em\"><br \/><\/span><\/p><pre><span style=\"color: #1c1c1c;font-size: 0.875em\">Dispon\u00edvel no reposit\u00f3rio em 2022.<\/span><\/pre><\/div><\/div><div style=\"color: #1c1c1c;font-size: 16px;padding: 20px;width: 850px;margin: 10px;border: 1px solid #dcdcdc;border-radius: 5px\"><div style=\"margin-left: calc(var(--bs-gutter-x)*-0.5);margin-right: calc(var(--bs-gutter-x)*-0.5);margin-top: calc(var(--bs-gutter-y)*-1)\"><div style=\"margin-top: var(--bs-gutter-y);padding-left: calc(var(--bs-gutter-x)*0.5);padding-right: calc(var(--bs-gutter-x)*0.5);width: 624px\"><div style=\"width: 600px\"><p><a href=\"https:\/\/ieeexplore.ieee.org\/xpl\/conhome\/9062288\/proceeding\">Transmission Cost Allocation using Nodal Methodology<\/a><\/p><p><b>Autores: <\/b>LUCCHESE, FELIPE C. ; CANHA, LUCIANA N. ; BRIGNOL, WAGNER S. ; BENETTI, MARCELO ; Sperandio, Mauricio ; SCHOPF, ALEXANDRE ; HINTERHOLZ, TIAGO<\/p><p><b>Ano:\u00a0<\/b><em>2019<br \/><\/em><i><br \/><\/i><b>Evento: <\/b><span style=\"color: #1c1c1c;font-size: 16px\"><em>IEEE PES Innovative Smart Grid Technologies Conference Latin America<br \/><\/em><\/span><span style=\"font-size: 0.875em\"><i><br \/><\/i><\/span><\/p><pre><span style=\"font-size: 0.875em\">Dispon\u00edvel no reposit\u00f3rio em 2022.<\/span><\/pre><\/div><\/div><\/div><\/div><div style=\"color: #1c1c1c;font-size: 16px;padding: 20px;width: 850px;margin: 10px;border: 1px solid #dcdcdc;border-radius: 5px\"><div style=\"color: #1c1c1c;font-size: 16px\"><p><a href=\"https:\/\/ieeexplore.ieee.org\/xpl\/conhome\/9062288\/proceeding\">Intelligent Demand Response System integrated with Micro Generation and Energy Storage using Machine Learning and Internet of Things Concepts<\/a><br \/><strong style=\"color: #1c1c1c;font-size: 16px\"><br \/>Autores: <\/strong>SOUZA, ALISSON TRINDADE ; NEVES CANHA, LUCIANE ; MILBRADT, Rafael Gressler ; LUA LEMOS, CHRISTIAN ; MICHELS, CASSIO ; SANTANA, TIAGO AUGUSTO<span style=\"color: #1c1c1c;font-size: 16px\"><br \/><\/span><span style=\"color: #1c1c1c;font-size: 16px\"><br \/><b>Ano:<\/b><\/span> <em style=\"color: #1c1c1c;font-size: 16px\">2019<br \/><\/em><span style=\"color: #1c1c1c;font-size: 16px\"><i><br \/><\/i><b>Evento: <\/b><em>IEEE PES Innovative Smart Grid Technologies Conference Latin America<br \/><\/em><\/span><span style=\"color: #1c1c1c;font-size: 0.875em\"><br \/><\/span><\/p><pre><span style=\"color: #1c1c1c;font-size: 0.875em\">Dispon\u00edvel no reposit\u00f3rio em 2022.<\/span><\/pre><\/div><\/div><div style=\"color: #1c1c1c;font-size: 16px;padding: 20px;width: 850px;margin: 10px;border: 1px solid #dcdcdc;border-radius: 5px\"><div style=\"margin-left: calc(var(--bs-gutter-x)*-0.5);margin-right: calc(var(--bs-gutter-x)*-0.5);margin-top: calc(var(--bs-gutter-y)*-1)\"><div style=\"margin-top: var(--bs-gutter-y);padding-left: calc(var(--bs-gutter-x)*0.5);padding-right: calc(var(--bs-gutter-x)*0.5);width: 624px\"><div style=\"width: 600px\"><p><a href=\"https:\/\/ieeexplore.ieee.org\/xpl\/conhome\/8753820\/proceeding\">Diagnostic and Input Selection Tool applied on Weather Variables for Studies of Short-Term Load Forecasting<\/a><\/p><p><b>Autores:<\/b> SILVA, L. N. ; Abaide, A. R. ; NEGRI, V. G. ; CAPELETTI, M. ; LOPES, L. F. ; CARDOSO, G.<\/p><p><b>Ano:\u00a0<\/b><em>2019<br \/><\/em><i><br \/><\/i><b>Evento: <\/b><em>8th International Conference on Modern Power Systems<br \/><\/em><span style=\"font-size: 0.875em\"><i><br \/><\/i><\/span><\/p><pre><span style=\"font-size: 0.875em\">Dispon\u00edvel no reposit\u00f3rio em 2022.<\/span><\/pre><\/div><\/div><\/div><\/div><div style=\"color: #1c1c1c;font-size: 16px;padding: 20px;width: 850px;margin: 10px;border: 1px solid #dcdcdc;border-radius: 5px\"><div style=\"color: #1c1c1c;font-size: 16px\"><p><a href=\"http:\/\/upec2019.com\/\">Impact Evaluation of Feature Selection to Short-Term Load Forecasting Models considering Weather Inputs and Load History<\/a><br \/><strong style=\"color: #1c1c1c;font-size: 16px\"><br \/>Autores: <\/strong>SILVA, L. N. ; Abaide, A. R. ; NEGRI, V. G. ; CAPELETTI, M. ; LOPES, L. F.<span style=\"color: #1c1c1c;font-size: 16px\"><br \/><\/span><span style=\"color: #1c1c1c;font-size: 16px\"><br \/><b>Ano:<\/b><\/span> <em style=\"color: #1c1c1c;font-size: 16px\">2019<br \/><\/em><span style=\"color: #1c1c1c;font-size: 16px\"><i><br \/><\/i><b>Evento: <\/b><em>54th International Universities Power Engineering Conference<br \/><\/em><\/span><span style=\"color: #1c1c1c;font-size: 0.875em\"><br \/><\/span><\/p><pre><span style=\"color: #1c1c1c;font-size: 0.875em\">Dispon\u00edvel no reposit\u00f3rio em 2022.<\/span><\/pre><\/div><\/div><div style=\"color: #1c1c1c;font-size: 16px;padding: 20px;width: 850px;margin: 10px;border: 1px solid #dcdcdc;border-radius: 5px\"><div style=\"margin-left: calc(var(--bs-gutter-x)*-0.5);margin-right: calc(var(--bs-gutter-x)*-0.5);margin-top: calc(var(--bs-gutter-y)*-1)\"><div style=\"margin-top: var(--bs-gutter-y);padding-left: calc(var(--bs-gutter-x)*0.5);padding-right: calc(var(--bs-gutter-x)*0.5);width: 624px\"><div style=\"width: 600px\"><p><a href=\"https:\/\/ieeexplore.ieee.org\/xpl\/conhome\/9062288\/proceeding\">Fault Indication in Distribution Systems Using an LPWAN Network<\/a><\/p><p><b>Autores: <\/b>RECK, F.G. ; SPERANDIO, M. ; BARRIQUELLO, C.H. ; CARLOTO, F.G. ; MAZIERO, L. ; VIZZOTTO, W. D.<\/p><p><b>Ano:\u00a0<\/b><em>2019<br \/><\/em><i><br \/><\/i><b>Evento: <\/b><em>IEEE PES Innovative Smart Grid Technologies Conference Latin America<br \/><\/em><span style=\"font-size: 0.875em\"><i><br \/><\/i><\/span><\/p><pre><span style=\"font-size: 0.875em\">Dispon\u00edvel no reposit\u00f3rio em 2022.<\/span><\/pre><\/div><\/div><\/div><\/div><div style=\"color: #1c1c1c;font-size: 16px;padding: 20px;width: 850px;margin: 10px;border: 1px solid #dcdcdc;border-radius: 5px\"><div style=\"color: #1c1c1c;font-size: 16px\"><p><a href=\"https:\/\/ieeexplore.ieee.org\/xpl\/conhome\/9062288\/proceeding\">Sensitivity Analysis of the Brazilian Methodology of Calculation of Technical Losses in the Electric Energy Distribution System<\/a><br \/><strong style=\"color: #1c1c1c;font-size: 16px\"><br \/>Autores: <\/strong>MARTINS, C.C. ; SOUSA, R.S. ; SPERANDIO, M.<span style=\"color: #1c1c1c;font-size: 16px\"><br \/><\/span><span style=\"color: #1c1c1c;font-size: 16px\"><br \/><b>Ano:<\/b><\/span> <em style=\"color: #1c1c1c;font-size: 16px\">2019<br \/><\/em><span style=\"color: #1c1c1c;font-size: 16px\"><i><br \/><\/i><b>Evento: <\/b><em>IEEE PES Innovative Smart Grid Technologies Conference Latin America<br \/><\/em><\/span><span style=\"color: #1c1c1c;font-size: 0.875em\"><br \/><\/span><\/p><pre><span style=\"color: #1c1c1c;font-size: 0.875em\">Dispon\u00edvel no reposit\u00f3rio em 2022.<\/span><\/pre><\/div><\/div><div style=\"color: #1c1c1c;font-size: 16px;padding: 20px;width: 850px;margin: 10px;border: 1px solid #dcdcdc;border-radius: 5px\"><div style=\"margin-left: calc(var(--bs-gutter-x)*-0.5);margin-right: calc(var(--bs-gutter-x)*-0.5);margin-top: calc(var(--bs-gutter-y)*-1)\"><div style=\"margin-top: var(--bs-gutter-y);padding-left: calc(var(--bs-gutter-x)*0.5);padding-right: calc(var(--bs-gutter-x)*0.5);width: 624px\"><div style=\"width: 600px\"><p><a href=\"https:\/\/ieeexplore.ieee.org\/xpl\/conhome\/9062288\/proceeding\">Impact Evaluation in Tap- Change Voltage Regulators within Photovoltaic Generation<\/a><\/p><p><b>Autores: <\/b>MARTINS, C. C.; LUCCHESE, F. C.; SPERANDIO, M.; HINTERHOLZ, T. F.; HAMMERSCHMITT, B. K.<\/p><p><b>Ano:\u00a0<\/b><em>2019<br \/><\/em><i><br \/><\/i><b>Evento: <\/b><em>IEEE PES Innovative Smart Grid Technologies Conference Latin America<br \/><\/em><span style=\"font-size: 0.875em\"><i><br \/><\/i><\/span><\/p><pre><span style=\"font-size: 0.875em\">Dispon\u00edvel no reposit\u00f3rio em 2022.<\/span><\/pre><\/div><\/div><\/div><\/div><div style=\"color: #1c1c1c;font-size: 16px;padding: 20px;width: 850px;margin: 10px;border: 1px solid #dcdcdc;border-radius: 5px\"><div style=\"color: #1c1c1c;font-size: 16px\"><p><a href=\"https:\/\/ieeexplore.ieee.org\/xpl\/conhome\/9062288\/proceeding\">DG real-time dispatch order for demand control: a case study with the UFSM microgrid<\/a><br \/><strong style=\"color: #1c1c1c;font-size: 16px\"><br \/>Autores: <\/strong>HINTERHOLZ, T.F. ; SPERANDIO, M. ; LUCCHESE, F.C. ; MARTINS, C.C.<span style=\"color: #1c1c1c;font-size: 16px\"><br \/><\/span><span style=\"color: #1c1c1c;font-size: 16px\"><br \/><b>Ano:<\/b><\/span> <em style=\"color: #1c1c1c;font-size: 16px\">2019<br \/><\/em><span style=\"color: #1c1c1c;font-size: 16px\"><i><br \/><\/i><b>Evento: <\/b><em>IEEE PES Innovative Smart Grid Technologies Conference Latin America<br \/><\/em><\/span><span style=\"color: #1c1c1c;font-size: 0.875em\"><br \/><\/span><\/p><pre><span style=\"color: #1c1c1c;font-size: 0.875em\">Dispon\u00edvel no reposit\u00f3rio em 2022.<\/span><\/pre><\/div><\/div><div style=\"color: #1c1c1c;font-size: 16px;padding: 20px;width: 850px;margin: 10px;border: 1px solid #dcdcdc;border-radius: 5px\"><div style=\"margin-left: calc(var(--bs-gutter-x)*-0.5);margin-right: calc(var(--bs-gutter-x)*-0.5);margin-top: calc(var(--bs-gutter-y)*-1)\"><div style=\"margin-top: var(--bs-gutter-y);padding-left: calc(var(--bs-gutter-x)*0.5);padding-right: calc(var(--bs-gutter-x)*0.5);width: 624px\"><div style=\"width: 600px\"><p><a href=\"https:\/\/ieeexplore.ieee.org\/xpl\/conhome\/9062288\/proceeding\">Vehicle-to-Home Evaluation in Brazil<\/a><\/p><p><b>Autores: <\/b>LAZARI, G.M. ; SPERANDIO, M.<\/p><p><b>Ano:\u00a0<\/b><em>2019<br \/><\/em><i><br \/><\/i><b>Evento: <\/b><em>IEEE PES Innovative Smart Grid Technologies Conference Latin America<br \/><\/em><span style=\"font-size: 0.875em\"><i><br \/><\/i><\/span><\/p><pre><span style=\"font-size: 0.875em\">Dispon\u00edvel no reposit\u00f3rio em 2022.<\/span><\/pre><\/div><\/div><\/div><\/div><div style=\"color: #1c1c1c;font-size: 16px;padding: 20px;width: 850px;margin: 10px;border: 1px solid #dcdcdc;border-radius: 5px\"><div style=\"color: #1c1c1c;font-size: 16px\"><p><a href=\"https:\/\/ieeexplore.ieee.org\/xpl\/conhome\/9062288\/proceeding\">Distribution System Reliability Assessment Using Sequential Monte Carlo Simulation<\/a><br \/><strong style=\"color: #1c1c1c;font-size: 16px\"><br \/>Autores: <\/strong>SOUSA, R.S. ; MARTINS, C.C. ; SPERANDIO, M.<span style=\"color: #1c1c1c;font-size: 16px\"><br \/><\/span><span style=\"color: #1c1c1c;font-size: 16px\"><br \/><b>Ano:<\/b><\/span> <em style=\"color: #1c1c1c;font-size: 16px\">2019<br \/><\/em><span style=\"color: #1c1c1c;font-size: 16px\"><i><br \/><\/i><b>Evento: <\/b><em>IEEE PES Innovative Smart Grid Technologies Conference Latin America<br \/><\/em><\/span><span style=\"color: #1c1c1c;font-size: 0.875em\"><br \/><\/span><\/p><pre><span style=\"color: #1c1c1c;font-size: 0.875em\">Dispon\u00edvel no reposit\u00f3rio em 2022.<\/span><\/pre><\/div><\/div><div style=\"color: #1c1c1c;font-size: 16px;padding: 20px;width: 850px;margin: 10px;border: 1px solid #dcdcdc;border-radius: 5px\"><div style=\"margin-left: calc(var(--bs-gutter-x)*-0.5);margin-right: calc(var(--bs-gutter-x)*-0.5);margin-top: calc(var(--bs-gutter-y)*-1)\"><div style=\"margin-top: var(--bs-gutter-y);padding-left: calc(var(--bs-gutter-x)*0.5);padding-right: calc(var(--bs-gutter-x)*0.5);width: 624px\"><div style=\"width: 600px\"><p><a href=\"https:\/\/ieeexplore.ieee.org\/xpl\/conhome\/9062288\/proceeding\">Transmission Cost Allocation using Nodal Methodology<\/a><\/p><p><b>Autores: <\/b>LUCCHESE, F. C. ; CANHA, L. N. ; SPERANDIO, M. ; BRIGNOL, W. ; BENETTI, M. A. ; SILVEIRA, A. S. ; HINTERHOLZ, T. F.<\/p><p><b>Ano:\u00a0<\/b><em>2019<br \/><\/em><i><br \/><\/i><b>Evento: <\/b><em>IEEE PES Innovative Smart Grid Technologies Conference Latin America<br \/><\/em><span style=\"font-size: 0.875em\"><i><br \/><\/i><\/span><\/p><pre><span style=\"font-size: 0.875em\">Dispon\u00edvel no reposit\u00f3rio em 2022.<\/span><\/pre><\/div><\/div><\/div><\/div><div style=\"color: #1c1c1c;font-size: 16px;padding: 20px;width: 850px;margin: 10px;border: 1px solid #dcdcdc;border-radius: 5px\"><div style=\"color: #1c1c1c;font-size: 16px\"><p><a href=\"https:\/\/ieeexplore.ieee.org\/xpl\/conhome\/9062288\/proceeding\">Heuristic Transmission Expansion Planning Analysis Considering Generation Uncertainty<\/a><br \/><strong style=\"color: #1c1c1c;font-size: 16px\"><br \/>Autores: <\/strong>ADEYANJU, O.M. ; SILVA, L.N.F. ; SPERANDIO, M. ; CANHA, L.N. ; ABAIDE, A.R.<span style=\"color: #1c1c1c;font-size: 16px\"><br \/><\/span><span style=\"color: #1c1c1c;font-size: 16px\"><br \/><b>Ano:<\/b><\/span> <em style=\"color: #1c1c1c;font-size: 16px\">2019<br \/><\/em><span style=\"color: #1c1c1c;font-size: 16px\"><i><br \/><\/i><b>Evento: <\/b><em>IEEE PES Innovative Smart Grid Technologies Conference Latin America<br \/><\/em><\/span><span style=\"color: #1c1c1c;font-size: 0.875em\"><br \/><\/span><\/p><pre><span style=\"color: #1c1c1c;font-size: 0.875em\">Dispon\u00edvel no reposit\u00f3rio em 2022.<\/span><\/pre><\/div><\/div><div style=\"color: #1c1c1c;font-size: 16px;padding: 20px;width: 850px;margin: 10px;border: 1px solid #dcdcdc;border-radius: 5px\"><div style=\"margin-left: calc(var(--bs-gutter-x)*-0.5);margin-right: calc(var(--bs-gutter-x)*-0.5);margin-top: calc(var(--bs-gutter-y)*-1)\"><div style=\"margin-top: var(--bs-gutter-y);padding-left: calc(var(--bs-gutter-x)*0.5);padding-right: calc(var(--bs-gutter-x)*0.5);width: 624px\"><div style=\"width: 600px\"><p><a href=\"http:\/\/cieemat.ipb.pt\/PT_index.html\">Viabilidade do Ambiente de Contrata\u00e7\u00e3o Livre para \u00d3rg\u00e3os P\u00fablicos<\/a><\/p><p><b>Autores: <\/b>TRINDADE, H.O. ; SPERANDIO, M.<\/p><p><b>Ano:\u00a0<\/b><em>2019<br \/><\/em><i><br \/><\/i><b>Evento: <\/b><em>Congresso Ibero-Americano de Empreendedorismo, Energia, Ambiente e Tecnologia<br \/><\/em><span style=\"font-size: 0.875em\"><i><br \/><\/i><\/span><\/p><pre><span style=\"font-size: 0.875em\">Dispon\u00edvel no reposit\u00f3rio em 2022.<\/span><\/pre><\/div><\/div><\/div><\/div><div style=\"color: #1c1c1c;font-size: 16px;padding: 20px;width: 850px;margin: 10px;border: 1px solid #dcdcdc;border-radius: 5px\"><div style=\"color: #1c1c1c;font-size: 16px\"><p><a href=\"https:\/\/ieeexplore.ieee.org\/xpl\/conhome\/8897531\/proceeding\">Review of LED drivers for Visible Light Communication<\/a><br \/><strong style=\"color: #1c1c1c;font-size: 16px\"><br \/>Autores: <\/strong>TEIXEIRA, L. ; LOOSE, F. ; BARRIQUELLO, C. H. ; REGUERA, V. ALFONSO ; COSTA, M. A. DALLA; ALONSO, J. M.<span style=\"color: #1c1c1c;font-size: 16px\"><br \/><\/span><span style=\"color: #1c1c1c;font-size: 16px\"><br \/><b>Ano:<\/b><\/span> <em style=\"color: #1c1c1c;font-size: 16px\">2019<br \/><\/em><span style=\"color: #1c1c1c;font-size: 16px\"><i><br \/><\/i><b>Evento: <\/b><em>45th Annual Conference of the IEEE Industrial Electronics Society<br \/><\/em><\/span><span style=\"color: #1c1c1c;font-size: 0.875em\"><br \/><\/span><\/p><pre><span style=\"color: #1c1c1c;font-size: 0.875em\">Dispon\u00edvel no reposit\u00f3rio em 2022.<\/span><\/pre><\/div><\/div><div style=\"color: #1c1c1c;font-size: 16px;padding: 20px;width: 850px;margin: 10px;border: 1px solid #dcdcdc;border-radius: 5px\"><div style=\"margin-left: calc(var(--bs-gutter-x)*-0.5);margin-right: calc(var(--bs-gutter-x)*-0.5);margin-top: calc(var(--bs-gutter-y)*-1)\"><div style=\"margin-top: var(--bs-gutter-y);padding-left: calc(var(--bs-gutter-x)*0.5);padding-right: calc(var(--bs-gutter-x)*0.5);width: 624px\"><div style=\"width: 600px\"><p><a href=\"https:\/\/ieeexplore.ieee.org\/xpl\/conhome\/8897531\/proceeding\">Comparative Analysis between the Half Brige Resonant LLC and Buck Converters as the Power Stage of an LED Driver<\/a><\/p><p><b>Autores: <\/b>OLIVEIRA, THEYLLOR H. ; COSTA, MARCO A. DALLA ; SPODE, NELSON<\/p><p><b>Ano:\u00a0<\/b><em>2019<br \/><\/em><i><br \/><\/i><b>Evento: <\/b><span style=\"color: #1c1c1c;font-size: 16px\"><em>45th Annual Conference of the IEEE Industrial Electronics Society<br \/><\/em><\/span><span style=\"font-size: 0.875em\"><i><br \/><\/i><\/span><\/p><pre><span style=\"font-size: 0.875em\">Dispon\u00edvel no reposit\u00f3rio em 2022.<\/span><\/pre><\/div><\/div><\/div><\/div><div style=\"color: #1c1c1c;font-size: 16px;padding: 20px;width: 850px;margin: 10px;border: 1px solid #dcdcdc;border-radius: 5px\"><div style=\"color: #1c1c1c;font-size: 16px\"><p><a href=\"https:\/\/www.showsbee.com\/fairs\/54080-IEEE-IAS-Annual-Meeting-2019.html#:~:text=The%202019%20IEEE%20Industry%20Applications%20Society%20Annual%20Meeting,from%209%2F29%2F2019%20to%2010%2F3%2F2019%20in%20Baltimore%20Convention%20Center.\">High-Efficient High-Power-Factor Off-Line LED Driver based on Integrated Buck and Boost Converter<\/a><br \/><strong style=\"color: #1c1c1c;font-size: 16px\"><br \/>Autores: <\/strong>ABDELMESSIH, GUIRGUIS Z. ; ALONSO, J. MARCOS ; TSAI, WEN-TIEN ; DALLA COSTA, MARCO A.<span style=\"color: #1c1c1c;font-size: 16px\"><br \/><\/span><span style=\"color: #1c1c1c;font-size: 16px\"><br \/><b>Ano:<\/b><\/span> <em style=\"color: #1c1c1c;font-size: 16px\">2019<br \/><\/em><span style=\"color: #1c1c1c;font-size: 16px\"><i><br \/><\/i><b>Evento: <\/b><em>IEEE Industry Applications Society Annual Meeting<br \/><\/em><\/span><span style=\"color: #1c1c1c;font-size: 0.875em\"><br \/><\/span><\/p><pre><span style=\"color: #1c1c1c;font-size: 0.875em\">Dispon\u00edvel no reposit\u00f3rio em 2022.<\/span><\/pre><\/div><\/div><div style=\"color: #1c1c1c;font-size: 16px;padding: 20px;width: 850px;margin: 10px;border: 1px solid #dcdcdc;border-radius: 5px\"><div style=\"margin-left: calc(var(--bs-gutter-x)*-0.5);margin-right: calc(var(--bs-gutter-x)*-0.5);margin-top: calc(var(--bs-gutter-y)*-1)\"><div style=\"margin-top: var(--bs-gutter-y);padding-left: calc(var(--bs-gutter-x)*0.5);padding-right: calc(var(--bs-gutter-x)*0.5);width: 624px\"><div style=\"width: 600px\"><p><a href=\"https:\/\/www.showsbee.com\/fairs\/54080-IEEE-IAS-Annual-Meeting-2019.html#:~:text=The%202019%20IEEE%20Industry%20Applications%20Society%20Annual%20Meeting,from%209%2F29%2F2019%20to%2010%2F3%2F2019%20in%20Baltimore%20Convention%20Center.\">Single-Stage Standalone Lighting System Based on GaN Transistors<\/a><\/p><p><b>Autores: <\/b>DUARTE, RENAN R. ; CAMPOS, ABNER ; DALLA COSTA, MARCO A. ; BENDER, VITOR C. ; ALONSO, J. MARCOS<\/p><p><b>Ano:\u00a0<\/b><em>2019<br \/><\/em><i><br \/><\/i><b>Evento: <\/b><span style=\"color: #1c1c1c;font-size: 16px\"><em>IEEE Industry Applications Society Annual Meeting<br \/><\/em><\/span><span style=\"font-size: 0.875em\"><i><br \/><\/i><\/span><\/p><pre><span style=\"font-size: 0.875em\">Dispon\u00edvel no reposit\u00f3rio em 2022.<\/span><\/pre><\/div><\/div><\/div><\/div><div style=\"color: #1c1c1c;font-size: 16px;padding: 20px;width: 850px;margin: 10px;border: 1px solid #dcdcdc;border-radius: 5px\"><div style=\"color: #1c1c1c;font-size: 16px\"><p><a href=\"https:\/\/www.showsbee.com\/fairs\/54080-IEEE-IAS-Annual-Meeting-2019.html#:~:text=The%202019%20IEEE%20Industry%20Applications%20Society%20Annual%20Meeting,from%209%2F29%2F2019%20to%2010%2F3%2F2019%20in%20Baltimore%20Convention%20Center.\">IEEE Industry Applications Society Annual Meeting<\/a><br \/><strong style=\"color: #1c1c1c;font-size: 16px\"><br \/>Autores: <\/strong>LOOSE, FELIPE ; TEIXEIRA, LUCAS ; BRUM, JOAO P. ; DALLA COSTA, MARCO A. ; BARRIQUELLO, CARLOS H. ; REGUERA, VITALIO A. ; ALONSO, J. MARCOS<span style=\"color: #1c1c1c;font-size: 16px\"><br \/><\/span><span style=\"color: #1c1c1c;font-size: 16px\"><br \/><b>Ano:<\/b><\/span> <em style=\"color: #1c1c1c;font-size: 16px\">2019<br \/><\/em><span style=\"color: #1c1c1c;font-size: 16px\"><i><br \/><\/i><b>Evento: <\/b><em>IEEE Industry Applications Society Annual Meeting<br \/><\/em><\/span><span style=\"color: #1c1c1c;font-size: 0.875em\"><br \/><\/span><\/p><pre><span style=\"color: #1c1c1c;font-size: 0.875em\">Dispon\u00edvel no reposit\u00f3rio em 2022.<\/span><\/pre><\/div><\/div><div style=\"color: #1c1c1c;font-size: 16px;padding: 20px;width: 850px;margin: 10px;border: 1px solid #dcdcdc;border-radius: 5px\"><div style=\"margin-left: calc(var(--bs-gutter-x)*-0.5);margin-right: calc(var(--bs-gutter-x)*-0.5);margin-top: calc(var(--bs-gutter-y)*-1)\"><div style=\"margin-top: var(--bs-gutter-y);padding-left: calc(var(--bs-gutter-x)*0.5);padding-right: calc(var(--bs-gutter-x)*0.5);width: 624px\"><div style=\"width: 600px\"><p><a href=\"https:\/\/isgt2021.org\/\">Signaling for Physical Layer Security on Wireless Smart Grid<\/a><\/p><p><b>Autores: <\/b>PEREZ GARCIA, JULIO CESAR ; ORTIZ GUERRA, ERIK ; BARRIQUELLO, CARLOS HENRIQUE ; DALLA COSTA, MARCO ANTONIO ; REGUERA, VITALIO ALFONSO<\/p><p><b>Ano:\u00a0<\/b><em>2019<br \/><\/em><i><br \/><\/i><b>Evento: <\/b><em>IEEE PES Innovative Smart Grid Technologies Conference Latin America<br \/><\/em><span style=\"font-size: 0.875em\"><i><br \/><\/i><\/span><\/p><pre><span style=\"font-size: 0.875em\">Dispon\u00edvel no reposit\u00f3rio em 2022.<\/span><\/pre><\/div><\/div><\/div><\/div><div style=\"color: #1c1c1c;font-size: 16px;padding: 20px;width: 850px;margin: 10px;border: 1px solid #dcdcdc;border-radius: 5px\"><div style=\"color: #1c1c1c;font-size: 16px\"><p><a href=\"https:\/\/isgt2021.org\/\">The Role of a Smart Street Lighting into a Smart Grid Environment<\/a><br \/><strong style=\"color: #1c1c1c;font-size: 16px\"><br \/>Autores: <\/strong>CARLOTO, FILIPE GABRIEL ; COSTA, MARCO ANTONIO DALLA ; BARRIQUELLO, CARLOS HENRIQUE ; BERNARDON, DANIEL PINHEIRO ; SILVA SPODE, NELSON DA ; MAZIERO, LUCAS ; VIZZOTTO, WILLIAM DOTTO ; RECK, FLAVIO GARLET<span style=\"color: #1c1c1c;font-size: 16px\"><br \/><\/span><span style=\"color: #1c1c1c;font-size: 16px\"><br \/><b>Ano:<\/b><\/span> <em style=\"color: #1c1c1c;font-size: 16px\">2019<br \/><\/em><span style=\"color: #1c1c1c;font-size: 16px\"><i><br \/><\/i><b>Evento: <\/b><em>IEEE PES Innovative Smart Grid Technologies Conference Latin America<br \/><\/em><\/span><span style=\"color: #1c1c1c;font-size: 0.875em\"><br \/><\/span><\/p><pre><span style=\"color: #1c1c1c;font-size: 0.875em\">Dispon\u00edvel no reposit\u00f3rio em 2022.<\/span><\/pre><\/div><\/div><div style=\"color: #1c1c1c;font-size: 16px;padding: 20px;width: 850px;margin: 10px;border: 1px solid #dcdcdc;border-radius: 5px\"><div style=\"margin-left: calc(var(--bs-gutter-x)*-0.5);margin-right: calc(var(--bs-gutter-x)*-0.5);margin-top: calc(var(--bs-gutter-y)*-1)\"><div style=\"margin-top: var(--bs-gutter-y);padding-left: calc(var(--bs-gutter-x)*0.5);padding-right: calc(var(--bs-gutter-x)*0.5);width: 624px\"><div style=\"width: 600px\"><p><a href=\"https:\/\/isgt2021.org\/\">Impact of distributed generation insertion in transformers: electromechanical forces analysis<\/a><\/p><p><b>Autores: <\/b>MEDEIROS, L. H.; MASCHIO, G.; FEIL, D. L. P., BENDER, V. C.; MARCHESAN, T. B<\/p><p><b>Ano:\u00a0<\/b><em>2019<br \/><\/em><i><br \/><\/i><b>Evento: <\/b><em>IEEE PES Innovative Smart Grid Technologies Conference Latin America<br \/><\/em><span style=\"font-size: 0.875em\"><i><br \/><\/i><\/span><\/p><pre><span style=\"font-size: 0.875em\">Dispon\u00edvel no reposit\u00f3rio em 2022.<\/span><\/pre><\/div><\/div><\/div><\/div><div style=\"color: #1c1c1c;font-size: 16px;padding: 20px;width: 850px;margin: 10px;border: 1px solid #dcdcdc;border-radius: 5px\"><div style=\"color: #1c1c1c;font-size: 16px\"><p><a href=\"https:\/\/isgt2021.org\/\">Proposal of an automation system for measurment of short circuit impedance and load loss in distribution transformers<\/a><br \/><strong style=\"color: #1c1c1c;font-size: 16px\"><br \/>Autores: <\/strong>MIRANDA, R. O.; MARCHESAN, A. P. G.; FARIAS, M. L.; CATTANI, G. F. F.; BENDER, V. C.; BELTRAME, R. C.\u00a0<span style=\"color: #1c1c1c;font-size: 16px\"><br \/><\/span><span style=\"color: #1c1c1c;font-size: 16px\"><br \/><b>Ano:<\/b><\/span> <em style=\"color: #1c1c1c;font-size: 16px\">2019<br \/><\/em><span style=\"color: #1c1c1c;font-size: 16px\"><i><br \/><\/i><b>Evento: <\/b><em>IEEE PES Innovative Smart Grid Technologies Conference Latin America<br \/><\/em><\/span><span style=\"color: #1c1c1c;font-size: 0.875em\"><br \/><\/span><\/p><pre><span style=\"color: #1c1c1c;font-size: 0.875em\">Dispon\u00edvel no reposit\u00f3rio em 2022.<\/span><\/pre><\/div><\/div><div style=\"color: #1c1c1c;font-size: 16px;padding: 20px;width: 850px;margin: 10px;border: 1px solid #dcdcdc;border-radius: 5px\"><div style=\"margin-left: calc(var(--bs-gutter-x)*-0.5);margin-right: calc(var(--bs-gutter-x)*-0.5);margin-top: calc(var(--bs-gutter-y)*-1)\"><div style=\"margin-top: var(--bs-gutter-y);padding-left: calc(var(--bs-gutter-x)*0.5);padding-right: calc(var(--bs-gutter-x)*0.5);width: 624px\"><div style=\"width: 600px\"><p><a href=\"https:\/\/www.ufsm.br\/pro-reitorias\/prpgp\/jai\">Ensino de gera\u00e7\u00e3o distribu\u00edda e efici\u00eancia energ\u00e9tica para alunos do ensino fundamental com enfoque na energia e\u00f3lica<\/a><\/p><p><b>Autores: <\/b>BULSING, R. J.; MAZOCCO, L. A.; BELTRAME, R. C.; DE CAMARGO, R. F.; DE CAMPOS, M.\u00a0<\/p><p><b>Ano:\u00a0<\/b><em>2019<br \/><\/em><i><br \/><\/i><b>Evento: <\/b><em>Jornada Acad\u00eamica Integrada<br \/><\/em><span style=\"font-size: 0.875em\"><i><br \/><\/i><\/span><\/p><pre><span style=\"font-size: 0.875em\">Dispon\u00edvel no reposit\u00f3rio em 2022.<\/span><\/pre><\/div><\/div><\/div><\/div><div style=\"color: #1c1c1c;font-size: 16px;padding: 20px;width: 850px;margin: 10px;border: 1px solid #dcdcdc;border-radius: 5px\"><div style=\"color: #1c1c1c;font-size: 16px\"><p><a href=\"https:\/\/www.ufsm.br\/pro-reitorias\/prpgp\/jai\">Adequa\u00e7\u00e3o das portarias para o processo de etiquetagem de transformadores de distribui\u00e7\u00e3o em l\u00edquido isolante<\/a><br \/><strong style=\"color: #1c1c1c;font-size: 16px\"><br \/>Autores: <\/strong>CATTANI, G. F. F.; FARIAS, M. L.; MARCHESAN, A. P.; BRODT, E. S.; BELTRAME, R. C.; MIRANDA, R. O.; BENDER, V. C.; DE CAMPOS, M<span style=\"color: #1c1c1c;font-size: 16px\"><br \/><\/span><span style=\"color: #1c1c1c;font-size: 16px\"><br \/><b>Ano:<\/b><\/span> <em style=\"color: #1c1c1c;font-size: 16px\">2019<br \/><\/em><span style=\"color: #1c1c1c;font-size: 16px\"><i><br \/><\/i><b>Evento: <\/b><em>Jornada Acad\u00eamica Integrada<br \/><\/em><\/span><span style=\"color: #1c1c1c;font-size: 0.875em\"><br \/><\/span><\/p><pre><span style=\"color: #1c1c1c;font-size: 0.875em\">Dispon\u00edvel no reposit\u00f3rio em 2022.<\/span><\/pre><\/div><\/div><div style=\"color: #1c1c1c;font-size: 16px;padding: 20px;width: 850px;margin: 10px;border: 1px solid #dcdcdc;border-radius: 5px\"><div style=\"margin-left: calc(var(--bs-gutter-x)*-0.5);margin-right: calc(var(--bs-gutter-x)*-0.5);margin-top: calc(var(--bs-gutter-y)*-1)\"><div style=\"margin-top: var(--bs-gutter-y);padding-left: calc(var(--bs-gutter-x)*0.5);padding-right: calc(var(--bs-gutter-x)*0.5);width: 624px\"><div style=\"width: 600px\"><p><a href=\"https:\/\/www.ufsm.br\/pro-reitorias\/prpgp\/jai\">Unidade de condicionamento de sinais para um laborat\u00f3rio de ensaios em transformadores de m\u00e9dia tens\u00e3o<\/a><\/p><p><b>Autores: <\/b>FARIAS, M. L.; MARCHESAN, A. P. G.; BRODT, E. S.; CATTANI, G. F. F.; MIRANDA, R. O.; BELTRAME, R. C.; BENDER, V. C.; DE CAMPOS, M<\/p><p><b>Ano:\u00a0<\/b><em>2019<br \/><\/em><i><br \/><\/i><b>Evento: <\/b><em>Jornada Acad\u00eamica Integrada<br \/><\/em><span style=\"font-size: 0.875em\"><i><br \/><\/i><\/span><\/p><pre><span style=\"font-size: 0.875em\">Dispon\u00edvel no reposit\u00f3rio em 2022.<\/span><\/pre><\/div><\/div><\/div><\/div><div style=\"color: #1c1c1c;font-size: 16px;padding: 20px;width: 850px;margin: 10px;border: 1px solid #dcdcdc;border-radius: 5px\"><div style=\"color: #1c1c1c;font-size: 16px\"><p><a href=\"https:\/\/www.ufsm.br\/pro-reitorias\/prpgp\/jai\">Ensino de gera\u00e7\u00e3o distribu\u00edda e efici\u00eancia energ\u00e9tica para alunos do ensino fundamental<\/a><br \/><strong style=\"color: #1c1c1c;font-size: 16px\"><br \/>Autores:\u00a0<\/strong>MANENTI, J.; DUR\u00c3O, C. R.; MAZZARDO, R. W.; BELTRAME, R. C.; DE CAMARGO, R. F.; DE CAMPOS, M<br \/><span style=\"color: #1c1c1c;font-size: 16px\"><b><br \/>Ano:<\/b><\/span> <em style=\"color: #1c1c1c;font-size: 16px\">2019<br \/><\/em><span style=\"color: #1c1c1c;font-size: 16px\"><b><br \/>Evento: <\/b><em>Jornada Acad\u00eamica Integrada<br \/><\/em><\/span><span style=\"color: #1c1c1c;font-size: 0.875em\"><br \/><\/span><\/p><pre><span style=\"color: #1c1c1c;font-size: 0.875em\">Dispon\u00edvel no reposit\u00f3rio em 2022.<\/span><\/pre><\/div><\/div><div style=\"color: #1c1c1c;font-size: 16px;padding: 20px;width: 850px;margin: 10px;border: 1px solid #dcdcdc;border-radius: 5px\"><div style=\"margin-left: calc(var(--bs-gutter-x)*-0.5);margin-right: calc(var(--bs-gutter-x)*-0.5);margin-top: calc(var(--bs-gutter-y)*-1)\"><div style=\"margin-top: var(--bs-gutter-y);padding-left: calc(var(--bs-gutter-x)*0.5);padding-right: calc(var(--bs-gutter-x)*0.5);width: 624px\"><div style=\"width: 600px\"><p><a href=\"https:\/\/www.ufsm.br\/pro-reitorias\/prpgp\/jai\">Uma abordagem nas escolas de ensino fundamental sobre a gera\u00e7\u00e3o de energia solar fotovoltaica e a gera\u00e7\u00e3o distribu\u00edda<\/a><\/p><p><b>Autores: <\/b>MAZOCCO, L. A. R.; BULSING, R. J.; BELTRAME, R. C.; DE CAMARGO, R. F.; DE CAMPOS, M<\/p><p><b>Ano:\u00a0<\/b><em>2019<br \/><\/em><i><br \/><\/i><b>Evento: <\/b><em>Jornada Acad\u00eamica Integrada<br \/><\/em><span style=\"font-size: 0.875em\"><i><br \/><\/i><\/span><\/p><pre><span style=\"font-size: 0.875em\">Dispon\u00edvel no reposit\u00f3rio em 2022.<\/span><\/pre><\/div><\/div><\/div><\/div><p>\u00a0<\/p><\/div>\n\t\t\t\t\t\t\t\t\t<div class=\"elementor-tab-title elementor-tab-mobile-title\" aria-selected=\"false\" data-tab=\"4\" role=\"tab\" tabindex=\"-1\" aria-controls=\"elementor-tab-content-1124\" aria-expanded=\"false\">2018<\/div>\n\t\t\t\t\t<div id=\"elementor-tab-content-1124\" class=\"elementor-tab-content elementor-clearfix\" data-tab=\"4\" role=\"tabpanel\" aria-labelledby=\"elementor-tab-title-1124\" tabindex=\"0\" hidden=\"hidden\"><div style=\"padding: 20px;width: 850px;margin: 10px;border: 1px solid #dcdcdc;border-radius: 5px\">\n<p><a class=\"card-title card-link font-weight-bold\" href=\"https:\/\/www.ufsm.br\/laboratorios\/inct\/wp-content\/uploads\/sites\/737\/2019\/08\/20_-_Simula\u00e7\u00f5es_Num\u00e9ricas_para_Determina\u00e7\u00e3o_de_Inclina\u00e7\u00f5es_\u00d3timas_para_M\u00f3dulos_Fotovoltaicos.pdf\" target=\"_blank\" rel=\"noopener\">Simula\u00e7\u00f5es Num\u00e9ricas para Determina\u00e7\u00e3o de Inclina\u00e7\u00f5es \u00d3timas para M\u00f3dulos Fotovoltaicos<\/a><br><strong class=\"mr-1\"><br>Autores:&nbsp;<\/strong><span>Sehnem, J. M. ; Michels, L. ; Zimermann, H. R.<\/span><br><span class=\"mr-1\"><i><br><\/i><b>Ano:&nbsp;<\/b><\/span><i><span>2018<\/span><br><\/i><i><br><\/i><b>Evento:&nbsp;<\/b><i>VII Congresso Brasileiro de Energia Solar<br><\/i><span style=\"font-size: 0.875em\"><i><br><\/i><\/span><\/p>\n<pre><span style=\"font-size: 0.875em\">Dispon\u00edvel no reposit\u00f3rio em 2018.<\/span><\/pre>\n<p><\/p>\n<\/div>\n<div style=\"padding: 20px;width: 850px;margin: 10px;border: 1px solid #dcdcdc;border-radius: 5px\">\n<p><a class=\"card-title card-link font-weight-bold\" href=\"https:\/\/www.ufsm.br\/laboratorios\/inct\/wp-content\/uploads\/sites\/737\/2019\/08\/21_-_Development_of_a_Demand_Response_System.pdf\" target=\"_blank\" rel=\"noopener\">Development of a Demand Response System integrated to Photovoltaic Generation and Energy Storage using IoT and Artificial Intelligence<\/a><br><span class=\"mr-1\"><br><b>Autores:&nbsp;<\/b><\/span><span>Luciane Neves Canha, Rafael Gressler Milbradt e Alisson Trindade Souza<\/span><br><span class=\"mr-1\"><i><br><\/i><b>Ano:&nbsp;<\/b><\/span><i><span>2018<\/span><br><\/i><i><br><\/i><b>Evento:&nbsp;<\/b><span>15th International Conference on the European Energy Marketing<br><\/span><span style=\"font-size: 0.875em\"><br><\/span><\/p>\n<pre><span style=\"font-size: 0.875em\">Dispon\u00edvel no reposit\u00f3rio em 2018.<\/span><\/pre>\n<p><\/p>\n<\/div>\n<div style=\"padding: 20px;width: 850px;margin: 10px;border: 1px solid #dcdcdc;border-radius: 5px\">\n<p><a class=\"card-title card-link font-weight-bold\" href=\"https:\/\/www.ufsm.br\/laboratorios\/inct\/wp-content\/uploads\/sites\/737\/2019\/08\/22_-_Ferramenta_Computacional_para_Mensura\u00e7\u00e3o_da_Competitividade_na_Gera\u00e7\u00e3o_de_Energia_Fotovoltaica.pdf\" target=\"_blank\" rel=\"noopener\">Ferramenta Computacional para Mensura\u00e7\u00e3o da Competitividade na Gera\u00e7\u00e3o de Energia Fotovoltaica<\/a><br><strong class=\"mr-1\"><br>Autores:&nbsp;<\/strong><span>Carmen Brum Rosa, Graciele Rediske, Paula Donaduzzi Rigo, Julio Cezar Mairesse Siluk, Leandro Michels<br><\/span><span class=\"mr-1\"><b><br>Ano:&nbsp;<\/b><\/span><i><span>2018<\/span><br><\/i><i><br><\/i><b>Evento:&nbsp;<\/b><i>Congresso Brasileiro de Energia Solar<br><\/i><span style=\"font-size: 0.875em\"><i><br><\/i><\/span><\/p>\n<pre><span style=\"font-size: 0.875em\">Dispon\u00edvel no reposit\u00f3rio em 2018.<\/span><\/pre>\n<p><\/p>\n<\/div>\n<div style=\"padding: 20px;width: 850px;margin: 10px;border: 1px solid #dcdcdc;border-radius: 5px\">\n<p><a class=\"card-title card-link font-weight-bold\" href=\"https:\/\/www.ufsm.br\/laboratorios\/inct\/wp-content\/uploads\/sites\/737\/2019\/08\/23_-_Proposta_de_Modelagem_para_Mensura\u00e7\u00e3o_da_Competitividade_de_Setores_Urbanos_na_Instala\u00e7\u00e3o_de_Sistemas_Fotovoltaicos.pdf\" target=\"_blank\" rel=\"noopener\">Proposta de Modelagem para Mensura\u00e7\u00e3o da Competitividade de Setores Urbanos na Instala\u00e7\u00e3o de Sistemas Fotovoltaicos<\/a><br><strong class=\"mr-1\"><br>Autores:&nbsp;<\/strong><span>Carmen Brum Rosa, Leandro Michels, Julio Cezar Mairesse Siluk, Daniel Chaves, Eriton Steindorff Ceolin<\/span><br><span class=\"mr-1\"><i><br><\/i><b>Ano:&nbsp;<\/b><\/span><i><span>2018<\/span><br><\/i><i><br><\/i><b>Evento:&nbsp;<\/b><i>VII Congresso Brasileiro de Energia Solar<br><\/i><span style=\"font-size: 0.875em\"><i><br><\/i><\/span><\/p>\n<pre><span style=\"font-size: 0.875em\">Dispon\u00edvel no reposit\u00f3rio em 2018.<\/span><\/pre>\n<p><\/p>\n<\/div>\n<div style=\"padding: 20px;width: 850px;margin: 10px;border: 1px solid #dcdcdc;border-radius: 5px\">\n<p><a class=\"card-title card-link font-weight-bold\" href=\"https:\/\/www.ufsm.br\/laboratorios\/inct\/wp-content\/uploads\/sites\/737\/2019\/08\/26_-_Optimization_of_street_lighting_design_following_the_Brazilian_standard_using_PSO.pdf\" target=\"_blank\" rel=\"noopener\">Optimization of street lighting design following the Brazilian standard using PSO<\/a><br><span class=\"mr-1\"><br><b>Autores:&nbsp;<\/b><\/span><span>Antunes, Lucas Eduardo Dorneles ; Santos, Eduardo Machado Dos ; Santos, Jefferson Oliveira Dos ; Bender, Vitor Cristiano ; Neto, Joao Plonio Juchem<\/span><br><span class=\"mr-1\"><i><br><\/i><b>Ano:&nbsp;<\/b><\/span><i><span>2018<\/span><br><\/i><i><br><\/i><b>Evento:&nbsp;<\/b><i>SEPOC 2018<br><\/i><span style=\"font-size: 0.875em\"><i><br><\/i><\/span><\/p>\n<pre><span style=\"font-size: 0.875em\">Dispon\u00edvel no reposit\u00f3rio em 2018.<\/span><\/pre>\n<p><\/p>\n<\/div>\n<div style=\"padding: 20px;width: 850px;margin: 10px;border: 1px solid #dcdcdc;border-radius: 5px\">\n<p><a class=\"card-title card-link font-weight-bold\" href=\"https:\/\/ieeexplore.ieee.org\/document\/8257283\" target=\"_blank\" rel=\"noopener\">Self-oscillating resonant converter for led applications at 500 Khz<\/a><br><strong class=\"mr-1\"><br>Autores:&nbsp;<\/strong><span>W. G. Rosa; M. F. Menke; F. E. Bisogno; A. R. Seidel<\/span><br><span class=\"mr-1\"><i><br><\/i><b>Ano:&nbsp;<\/b><\/span><i><span>2018<\/span><br><\/i><i><br><\/i><b>Evento:&nbsp;<\/b><i>Brazilian Power Electronics Conference<br><\/i><span style=\"font-size: 0.875em\"><i><br><\/i><\/span><\/p>\n<pre><span style=\"font-size: 0.875em\">Dispon\u00edvel no reposit\u00f3ria em 2018.<\/span><\/pre>\n<p><\/p>\n<\/div>\n<div style=\"padding: 20px;width: 850px;margin: 10px;border: 1px solid #dcdcdc;border-radius: 5px\">\n<p><a class=\"card-title card-link font-weight-bold\" href=\"https:\/\/www.ufsm.br\/laboratorios\/inct\/wp-content\/uploads\/sites\/737\/2019\/10\/5-08433826.pdf\" target=\"_blank\" rel=\"noopener\">Structures of Repetitive Controllers Based on GDSC with Feedforward Action<\/a><br><strong class=\"mr-1\"><br>Autores:&nbsp;<\/strong><span>R. C. Neto, F. A. S. Neves, G. M. S. Azevedo, H. E. P. De Souza, Y. N. Batista<\/span><br><span class=\"mr-1\"><i><br><\/i><b>Ano:&nbsp;<\/b><\/span><i><span>2018<\/span><br><\/i><i><br><\/i><b>Evento:&nbsp;<\/b><i>27th International Symposium on Industrial Electronics (IEEE-ISIE)<br><\/i><span style=\"font-size: 0.875em\"><i><br><\/i><\/span><\/p>\n<pre><span style=\"font-size: 0.875em\">Dispon\u00edvel em IEEE Xplore em 13\/08\/2018.<\/span><\/pre>\n<p><\/p>\n<\/div>\n<div style=\"padding: 20px;width: 850px;margin: 10px;border: 1px solid #dcdcdc;border-radius: 5px\">\n<p><a class=\"card-title card-link font-weight-bold\" href=\"https:\/\/www.ufsm.br\/laboratorios\/inct\/wp-content\/uploads\/sites\/737\/2019\/10\/6-CBA2018-0926.pdf\" target=\"_blank\" rel=\"noopener\">Controladores Complexos Aplicados a Vetores Espaciais: Caracter\u00edsticas e Vantagens<\/a><br><strong class=\"mr-1\"><br>Autores:&nbsp;<\/strong><span>R. C. Neto, H. E. P. De Souza, F. A.S. Neves, G. M. S. Azevedo, L. R. Limongi<\/span><br><span class=\"mr-1\"><i><br><\/i><b>Ano:&nbsp;<\/b><\/span><i><span>2018<\/span><br><\/i><i><br><\/i><b>Evento:&nbsp;<\/b><i>XXII Congresso Brasileiro de Autom\u00e1tica<br><\/i><span style=\"font-size: 0.875em\"><i><br><\/i><\/span><\/p>\n<pre><span style=\"font-size: 0.875em\">Dispon\u00edvel no reposit\u00f3rio em 2018.<\/span><\/pre>\n<p><\/p>\n<\/div>\n<div style=\"padding: 20px;width: 850px;margin: 10px;border: 1px solid #dcdcdc;border-radius: 5px\">\n<p><a class=\"card-title card-link font-weight-bold\" href=\"https:\/\/www.ufsm.br\/laboratorios\/inct\/wp-content\/uploads\/sites\/737\/2019\/10\/6-CBA2018-0926.pdf\" target=\"_blank\" rel=\"noopener\">Paralelismo de inversores com compartilhamento instant\u00e2neo de pot\u00eancia e taxa de comunica\u00e7\u00e3o reduzida<\/a><br><strong class=\"mr-1\"><br>Autores:&nbsp;<\/strong><span>A. Toebe, C. Rech<\/span><br><span class=\"mr-1\"><i><br><\/i><b>Ano:&nbsp;<\/b><\/span><i><span>2018<\/span><br><\/i><i><br><\/i><b>Evento:&nbsp;<\/b><i>XXII Congresso Brasileiro de Autom\u00e1tica<br><\/i><span style=\"font-size: 0.875em\"><i><br><\/i><\/span><\/p>\n<pre><span style=\"font-size: 0.875em\">Dispon\u00edvel no reposit\u00f3ria em 2017.<\/span><\/pre>\n<p><\/p>\n<\/div>\n<div style=\"padding: 20px;width: 850px;margin: 10px;border: 1px solid #dcdcdc;border-radius: 5px\">\n<p><a class=\"card-title card-link font-weight-bold\" href=\"https:\/\/ieeexplore.ieee.org\/document\/8571557\" target=\"_blank\" rel=\"noopener\">A strategy for increasing SST&#8217;s efficiency at low load operation<\/a><br><strong class=\"mr-1\"><br>Autores:&nbsp;<\/strong><span>L. Kehler, A. M. Kaminski, D. P. Bernardon, C. Rech, T. B. Marchesan<\/span><br><span class=\"mr-1\"><i><br><\/i><b>Ano:&nbsp;<\/b><\/span><i><span>2018<\/span><br><\/i><i><br><\/i><b>Evento:&nbsp;<\/b><i>IEEE PES Innovative Smart Grid Technologies Conference Europe (ISGT-Europe)<br><\/i><span style=\"font-size: 0.875em\"><i><br><\/i><\/span><\/p>\n<pre><span style=\"font-size: 0.875em\">Dispon\u00edvel em IEEE Xplore em 13\/12\/2018.<\/span><\/pre>\n<p><\/p>\n<\/div>\n<div style=\"padding: 20px;width: 850px;margin: 10px;border: 1px solid #dcdcdc;border-radius: 5px\">\n<p><a class=\"card-title card-link font-weight-bold\" href=\"https:\/\/www.ufsm.br\/laboratorios\/inct\/wp-content\/uploads\/sites\/737\/2019\/08\/31_-_Proposta_de_sistema_de_automa\u00e7\u00e3o_para_aquisi\u00e7\u00e3o_de_dados.pdf\" target=\"_blank\" rel=\"noopener\">Proposta de sistema de automa\u00e7\u00e3o para aquisi\u00e7\u00e3o de dados de ensaio de medi\u00e7\u00e3o da imped\u00e2ncia de curto-circuito e perdas em carga em transformadores de distribui\u00e7\u00e3o<\/a><br><strong class=\"mr-1\"><br>Autores:&nbsp;<\/strong><span>Rodrigo Oliveira de Miranda, Manuella Leite Farias, Ana Paula Ghesti Marchesan, Tiago Bandeira Marchesan e Rafael Concatto Beltrame<\/span><br><span class=\"mr-1\"><i><br><\/i><b>Ano:&nbsp;<\/b><\/span><i><span>2018<\/span><br><\/i><i><br><\/i><b>Evento:&nbsp;<\/b><i>XXII Congresso Brasileiro de Autom\u00e1tica<br><\/i><span style=\"font-size: 0.875em\"><i><br><\/i><\/span><\/p>\n<pre><span style=\"font-size: 0.875em\">Dispon\u00edvel no reposit\u00f3rio em 2018.<\/span><\/pre>\n<p><\/p>\n<\/div>\n<div style=\"padding: 20px;width: 850px;margin: 10px;border: 1px solid #dcdcdc;border-radius: 5px\">\n<p><a class=\"card-title card-link font-weight-bold\" href=\"https:\/\/www.ufsm.br\/laboratorios\/inct\/wp-content\/uploads\/sites\/737\/2019\/08\/32_-_Revis\u00e3o_normativa_de_ensaios_em_transformadores_de_distribui\u00e7\u00e3o_na_am\u00e9rica_latina.pdf\" target=\"_blank\" rel=\"noopener\">Revis\u00e3o normativa de ensaios em transformadores de distribui\u00e7\u00e3o na am\u00e9rica latina. IX Workshop Internacional sobre Transformadores de Pot\u00eancia, Equipamentos, Subesta\u00e7\u00f5es e Materiais<\/a><br><strong class=\"mr-1\"><br>Autores:&nbsp;<\/strong><span>Rafael Concatto Beltrame, Ana Paula Ghesti Marchesan, Rodrigo Oliveira de Miranda, Manuella Leite Farias e Tiago Bandeira Marchesan<\/span><br><span class=\"mr-1\"><i><br><\/i><b>Ano:&nbsp;<\/b><\/span><i><span>2018<\/span><br><\/i><i><br><\/i><b>Evento:&nbsp;<\/b><i>CIGR\u00c9 2018<br><\/i><span style=\"font-size: 0.875em\"><i><br><\/i><\/span><\/p>\n<pre><span style=\"font-size: 0.875em\">Dispon\u00edvel no reposit\u00f3rio em 2018.<\/span><\/pre>\n<p><\/p>\n<\/div>\n<div style=\"padding: 20px;width: 850px;margin: 10px;border: 1px solid #dcdcdc;border-radius: 5px\">\n<p><a class=\"card-title card-link font-weight-bold\" href=\"https:\/\/www.ufsm.br\/laboratorios\/inct\/wp-content\/uploads\/sites\/737\/2019\/08\/33_-_Proposta_de_sistema_supervis\u00f3rio_de_aquisi\u00e7\u00e3o_de_dados.pdf\" target=\"_blank\" rel=\"noopener\">Proposta de sistema supervis\u00f3rio de aquisi\u00e7\u00e3o de dados para realiza\u00e7\u00e3o de ensaio de medi\u00e7\u00e3o de perdas a vazio e corrente de excita\u00e7\u00e3o<\/a><br><strong class=\"mr-1\"><br>Autores:&nbsp;<\/strong><span>Rodrigo Oliveira de Miranda, El\u00e9n Silva Brodt, Manuella Leite Farias, Ana Paula Ghesti Marchesan, Tiago Bandeira Marchesan e Rafael Concatto Beltrame<\/span><br><span class=\"mr-1\"><i><br><\/i><b>Ano:&nbsp;<\/b><\/span><i><span>2018<\/span><br><\/i><i><br><\/i><b>Evento:&nbsp;<\/b><i>SEPOC 2018<br><\/i><span style=\"font-size: 0.875em\"><i><br><\/i><\/span><\/p>\n<pre><span style=\"font-size: 0.875em\">Dispon\u00edvel no reposit\u00f3ria em 2017.<\/span><\/pre>\n<p><\/p>\n<\/div>\n<div style=\"padding: 20px;width: 850px;margin: 10px;border: 1px solid #dcdcdc;border-radius: 5px\">\n<p><a class=\"card-title card-link font-weight-bold\" href=\"https:\/\/www.ufsm.br\/laboratorios\/inct\/wp-content\/uploads\/sites\/737\/2019\/10\/0-CBA2018-0495.pdf\" target=\"_blank\" rel=\"noopener\">An\u00e1lise da Opera\u00e7\u00e3o de Conversores em uma Microrrede sem Canais de Comunica\u00e7\u00e3o em Modo Conectado \u00e0 Rede El\u00e9trica Principa<\/a><br><strong class=\"mr-1\"><br>Autores:&nbsp;<\/strong><span>T. D. Cardoso, M. Mezaroba, G. M. S. Azevedo, M. C. Cavalcanti, F. A. S. Neves<\/span><br><span class=\"mr-1\"><i><br><\/i><b>Ano:&nbsp;<\/b><\/span><i><span>2018<\/span><br><\/i><i><br><\/i><b>Evento:&nbsp;<\/b><i>XXII Congresso Brasileiro de Autom\u00e1tica<br><\/i><span style=\"font-size: 0.875em\"><i><br><\/i><\/span><\/p>\n<pre><span style=\"font-size: 0.875em\">Dispon\u00edvel no reposit\u00f3rio em 2018.<\/span><\/pre>\n<p><\/p>\n<\/div>\n<div style=\"padding: 20px;width: 850px;margin: 10px;border: 1px solid #dcdcdc;border-radius: 5px\">\n<p><a class=\"card-title card-link font-weight-bold\" href=\"https:\/\/www.ufsm.br\/laboratorios\/inct\/wp-content\/uploads\/sites\/737\/2019\/10\/1-CBA2018-1315.pdf\" target=\"_blank\" rel=\"noopener\">T\u00e9cnica de Limita\u00e7\u00e3o de Corrente por Meio de Resist\u00eancia Virtual N\u00e3o Linear Aplicado a um DSTATCOM Controlado em Tens\u00e3o<\/a><br><strong class=\"mr-1\"><br>Autores:&nbsp;<\/strong><span>A. L. Batschauer, F. J. Zimann, R. T. Hock Junior, A. D. Maffezzolli<\/span><br><span class=\"mr-1\"><i><br><\/i><b>Ano:&nbsp;<\/b><\/span><i><span>2018<\/span><br><\/i><i><br><\/i><b>Evento:&nbsp;<\/b><i>XXII Congresso Brasileiro de Autom\u00e1tica<br><\/i><span style=\"font-size: 0.875em\"><i><br><\/i><\/span><\/p>\n<pre><span style=\"font-size: 0.875em\">Dispon\u00edvel no reposit\u00f3rio em 2018.<\/span><\/pre>\n<p><\/p>\n<\/div>\n<div style=\"padding: 20px;width: 850px;margin: 10px;border: 1px solid #dcdcdc;border-radius: 5px\">\n<p><a class=\"card-title card-link font-weight-bold\" href=\"https:\/\/ieeexplore.ieee.org\/document\/8433720\" target=\"_blank\" rel=\"noopener\">Design of Repetitive Controllers Through Sensitivity Function<\/a><br><strong class=\"mr-1\"><br>Autores:&nbsp;<\/strong><span>R. C. Neto, F. A. S. Neves, H. E. P. De Souza, F. J. Zimann, A. L. Batschauer<\/span><br><span class=\"mr-1\"><i><br><\/i><b>Ano:&nbsp;<\/b><\/span><i><span>2018<\/span><br><\/i><i><br><\/i><b>Evento:&nbsp;<\/b><span><i>27th International Symposium on Industrial Electronics (IEEE-ISIE)<\/i><br><\/span><span style=\"font-size: 0.875em\"><br><\/span><\/p>\n<pre><span style=\"font-size: 0.875em\">Dispon\u00edvel em IEEE Xplore em 13\/08\/2018.<\/span><\/pre>\n<p><\/p>\n<\/div>\n<div style=\"padding: 20px;width: 850px;margin: 10px;border: 1px solid #dcdcdc;border-radius: 5px\">\n<p><a class=\"card-title card-link font-weight-bold\" href=\"https:\/\/ieeexplore.ieee.org\/document\/8433680\" target=\"_blank\" rel=\"noopener\">A nk pm m-Order Harmonic Repetitive Control Scheme with Improved Stability Characteristics<\/a><br><strong class=\"mr-1\"><br>Autores:&nbsp;<\/strong><span>R. C. Neto, H. E. P. De Souza, C. Rech, F. A.S. Neves<\/span><br><span class=\"mr-1\"><i><br><\/i><b>Ano:&nbsp;<\/b><\/span><i><span>2018<\/span><br><\/i><i><br><\/i><b>Evento:&nbsp;<\/b><i>27th International Symposium on Industrial Electronics (IEEE-ISIE)<br><\/i><span style=\"font-size: 0.875em\"><i><br><\/i><\/span><\/p>\n<pre><span style=\"font-size: 0.875em\">Dispon\u00edvel em IEEE Xplore em 13\/08\/2018.<\/span><\/pre>\n<p><\/p>\n<\/div>\n<div style=\"padding: 20px;width: 850px;margin: 10px;border: 1px solid #dcdcdc;border-radius: 5px\">\n<p><a class=\"card-title card-link font-weight-bold\" href=\"https:\/\/ieeexplore.ieee.org\/document\/8433764\">A Fast Distance Relay Based on Variable-Structure GDSC<\/a><br><strong class=\"mr-1\"><br>Autores:&nbsp;<\/strong><span>Y. N. Batista, H. E. P. De Souza, F. A. S. Neves, R. C. Neto, R. F. Dias Filho<\/span><br><span class=\"mr-1\"><i><br><\/i><b>Ano:&nbsp;<\/b><\/span><i><span>2018<\/span><br><\/i><i><br><\/i><b>Evento:&nbsp;<\/b><i>27th International Symposium on Industrial Electronics (IEEE-ISIE)<br><\/i><span style=\"font-size: 0.875em\"><i><br><\/i><\/span><\/p>\n<pre><span style=\"font-size: 0.875em\">Dispon\u00edvel em IEEE Xplore em 13\/08\/2018.<\/span><\/pre>\n<p><\/p>\n<\/div>\n<div style=\"padding: 20px;width: 850px;margin: 10px;border: 1px solid #dcdcdc;border-radius: 5px\">\n<p><a class=\"card-title card-link font-weight-bold\" href=\"https:\/\/ieeexplore.ieee.org\/document\/8433826\" target=\"_blank\" rel=\"noopener\">Structures of Repetitive Controllers Based on GDSC with Feedforward Action<\/a><br><strong class=\"mr-1\"><br>Autores:&nbsp;<\/strong><span>R. C. Neto, F. A. S. Neves, G. M. S. Azevedo, H. E. P. De Souza, Y. N. Batista<\/span><br><span class=\"mr-1\"><i><br><\/i><b>Ano:&nbsp;<\/b><\/span><i><span>2018<\/span><br><\/i><i><br><\/i><b>Evento:&nbsp;<\/b><i>27th International Symposium on Industrial Electronics (IEEE-ISIE)<br><\/i><span style=\"font-size: 0.875em\"><i><br><\/i><\/span><\/p>\n<pre><span style=\"font-size: 0.875em\">Dispon\u00edvel em IEEE Xplore em 2018.<\/span><\/pre>\n<p><\/p>\n<\/div>\n<div style=\"padding: 20px;width: 850px;margin: 10px;border: 1px solid #dcdcdc;border-radius: 5px\">\n<p><a class=\"card-title card-link font-weight-bold\" href=\"https:\/\/www.ufsm.br\/laboratorios\/inct\/wp-content\/uploads\/sites\/737\/2019\/10\/9-93270-field_submission_abstract_file2.pdf\" target=\"_blank\" rel=\"noopener\">Conversor h\u00edbrido assim\u00e9trico com capacitores flutuantes e pernas magneticamente acopladas<\/a><br><strong class=\"mr-1\"><br>Autores:&nbsp;<\/strong><span>J. Romani, G. A. Saccol, C. Rech<\/span><br><span class=\"mr-1\"><i><br><\/i><b>Ano:&nbsp;<\/b><\/span><i><span>2018<\/span><br><\/i><i><br><\/i><b>Evento:&nbsp;<\/b><i>13th IEEE\/IAS International Conference on Industry Applications<br><\/i><span style=\"font-size: 0.875em\"><i><br><\/i><\/span><\/p>\n<pre><span style=\"font-size: 0.875em\">Dispon\u00edvel no reposit\u00f3rio em 2018.<\/span><\/pre>\n<p><\/p>\n<\/div>\n<div style=\"padding: 20px;width: 850px;margin: 10px;border: 1px solid #dcdcdc;border-radius: 5px\">\n<p><a class=\"card-title card-link font-weight-bold\" href=\"https:\/\/www.ufsm.br\/laboratorios\/inct\/wp-content\/uploads\/sites\/737\/2019\/10\/10-08542017.pdf\" target=\"_blank\" rel=\"noopener\">Impact of the State Estimation in Different Scenarios and Topologies in a Power Distribution System<\/a><br><strong class=\"mr-1\"><br>Autores:&nbsp;<\/strong><span>Silva, E. R. ; Bernardon, D.P. ; Delavechia, R. P. ; Ortiz, M. S. ; Milbradt, R. G. ; Canha, L. N.<\/span><br><span class=\"mr-1\"><i><br><\/i><b>Ano:&nbsp;<\/b><\/span><i><span>2018<\/span><br><\/i><i><br><\/i><b>Evento:&nbsp;<\/b><i>53rd International Universities Power Engineering Conference<br><\/i><span style=\"font-size: 0.875em\"><i><br><\/i><\/span><\/p>\n<pre><span style=\"font-size: 0.875em\">Dispon\u00edvel no reposit\u00f3rio em 2018.<\/span><\/pre>\n<p><\/p>\n<\/div>\n<div style=\"padding: 20px;width: 850px;margin: 10px;border: 1px solid #dcdcdc;border-radius: 5px\">\n<p><a class=\"card-title card-link font-weight-bold\" href=\"https:\/\/www.ufsm.br\/laboratorios\/inct\/wp-content\/uploads\/sites\/737\/2019\/10\/11-91729-field_submission_abstract_file2.pdf\" target=\"_blank\" rel=\"noopener\">Minimiza\u00e7\u00e3o do custo de gera\u00e7\u00e3o em um sistema IEEE 9 barras utilizando a t\u00e9cnica do Fluxo de Pot\u00eancia \u00d3timo<\/a><br><strong class=\"mr-1\"><br>Autores:&nbsp;<\/strong><span>E. R. ; Bernardon, D.P. ; Delavechia, R. P. ; Ortiz, M. S.<\/span><br><span class=\"mr-1\"><i><br><\/i><b>Ano:&nbsp;<\/b><\/span><i><span>2018<\/span><br><\/i><i><br><\/i><b>Evento:&nbsp;<\/b><i>11th Seminar on Power Electronics and Control<br><\/i><span style=\"font-size: 0.875em\"><i><br><\/i><\/span><\/p>\n<pre><span style=\"font-size: 0.875em\">Dispon\u00edvel no reposit\u00f3rio em 2018.<\/span><\/pre>\n<p><\/p>\n<\/div>\n<div style=\"padding: 20px;width: 850px;margin: 10px;border: 1px solid #dcdcdc;border-radius: 5px\">\n<p><a class=\"card-title card-link font-weight-bold\" href=\"https:\/\/www.ufsm.br\/laboratorios\/inct\/wp-content\/uploads\/sites\/737\/2019\/10\/12-93600-field_submission_abstract_file2.pdf\" target=\"_blank\" rel=\"noopener\">Detec\u00e7\u00e3o de ilhamento em gera\u00e7\u00e3o distribu\u00edda atrav\u00e9s da classifica\u00e7\u00e3o de padr\u00f5es de frequ\u00eancia<\/a><br><strong class=\"mr-1\"><br>Autores:&nbsp;<\/strong><span>Maresch, K. ; Marchesan, G. ; Cardoso Jr, G. ; Bernardon, D. P.<\/span><br><span class=\"mr-1\"><i><br><\/i><b>Ano:&nbsp;<\/b><\/span><i><span>2018<\/span><br><\/i><i><br><\/i><b>Evento:&nbsp;<\/b><i>11th Seminar on Power Electronics and Control<br><\/i><span style=\"font-size: 0.875em\"><i><br><\/i><\/span><\/p>\n<pre><span style=\"font-size: 0.875em\">Dispon\u00edvel no reposit\u00f3rio em 2018.<\/span><\/pre>\n<p><\/p>\n<\/div>\n<div style=\"padding: 20px;width: 850px;margin: 10px;border: 1px solid #dcdcdc;border-radius: 5px\">\n<p><a class=\"card-title card-link font-weight-bold\" href=\"https:\/\/ieeexplore.ieee.org\/document\/8511664\" target=\"_blank\" rel=\"noopener\">Development of a Power Flow Error Scanning Algorithm in a Platform for Active Distribution Management System<\/a><br><strong class=\"mr-1\"><br>Autores:&nbsp;<\/strong><span>Silva, E. R. ; Bernardon, D.P. ; Cechin, F. ; Ortiz, M. S. ; Viana, S. ; Hokama, W. S.<\/span><br><span class=\"mr-1\"><i><br><\/i><b>Ano:&nbsp;<\/b><\/span><i><span>2018<\/span><br><\/i><i><br><\/i><b>Evento:&nbsp;<\/b><i>IEEE PES Transmission &amp; Distribution Conference and Exhibition &#8211; Latin America (T&amp;D-LA)<br><\/i><span style=\"font-size: 0.875em\"><i><br><\/i><\/span><\/p>\n<pre><span style=\"font-size: 0.875em\">Dispon\u00edvel em IEEE Xplore em 29\/10\/2018.<\/span><\/pre>\n<p><\/p>\n<\/div>\n<div style=\"padding: 20px;width: 850px;margin: 10px;border: 1px solid #dcdcdc;border-radius: 5px\">\n<p><a class=\"card-title card-link font-weight-bold\" href=\"https:\/\/ieeexplore.ieee.org\/document\/8511744\" target=\"_blank\" rel=\"noopener\">Curve Fitting Analysis of Expulsion Fuse Links through the Cross-Validation Technique<\/a><br><span class=\"mr-1\"><br><b>Autores:&nbsp;<\/b><\/span><span>Costa, Guilherme Braga Da; Bertoletti, Augusto Zanin; Morais, Adriano Peres De; Junior, Ghendy Cardoso<\/span><br><span class=\"mr-1\"><i><br><\/i><b>Ano:&nbsp;<\/b><\/span><i><span>2018<\/span><br><\/i><i><br><\/i><b>Evento:&nbsp;<\/b><i>IEEE PES Transmission &amp; Distribution Conference and Exhibition &#8211; Latin America (T&amp;D-LA)<br><\/i><span style=\"font-size: 0.875em\"><i><br><\/i><\/span><\/p>\n<pre><span style=\"font-size: 0.875em\">Dispon\u00edvel em IEEE Xplore em 2018.<\/span><\/pre>\n<p><\/p>\n<\/div>\n<div style=\"padding: 20px;width: 850px;margin: 10px;border: 1px solid #dcdcdc;border-radius: 5px\">\n<p><a class=\"card-title card-link font-weight-bold\" href=\"https:\/\/www.ufsm.br\/laboratorios\/inct\/wp-content\/uploads\/sites\/737\/2019\/10\/1-Trabalho-01-INDUS18_0262_FI-Hollweg.pdf\" target=\"_blank\" rel=\"noopener\">Controle Adaptativo por Modelo de Refer\u00eancia para Regula\u00e7\u00e3o da Tens\u00e3o de Barramento do Inversor quasi-Z-Source<\/a><br><strong class=\"mr-1\"><br>Autores:&nbsp;<\/strong><span>Guilherme Vieira Hollweg, Everson Mattos, Rodrigo Varella Tambara , Rodrigo Zelir Azzolin, M\u00e1rio L\u00facio da Silva Martins<\/span><br><span class=\"mr-1\"><i><br><\/i><b>Ano:&nbsp;<\/b><\/span><i><span>2018<\/span><br><\/i><i><br><\/i><b>Evento:&nbsp;<\/b><i>13th IEEE International Conference on Industry Applications<br><\/i><span style=\"font-size: 0.875em\"><i><br><\/i><\/span><\/p>\n<pre><span style=\"font-size: 0.875em\">Dispon\u00edvel no reposit\u00f3rio em 2018.<\/span><\/pre>\n<p><\/p>\n<\/div>\n<div style=\"padding: 20px;width: 850px;margin: 10px;border: 1px solid #dcdcdc;border-radius: 5px\">\n<p><a class=\"card-title card-link font-weight-bold\" href=\"https:\/\/www.ufsm.br\/laboratorios\/inct\/wp-content\/uploads\/sites\/737\/2019\/10\/2-Trabalho-02-INDUS18_0303_FI-Hollweg.pdf\" target=\"_blank\" rel=\"noopener\">Aplica\u00e7\u00e3o da Teoria de Fryze das Pot\u00eancias no conversor Forward S-CPC Empregado em Sistemas Fotovoltaicos<\/a><br><span class=\"mr-1\"><br><b>Autores:&nbsp;<\/b><\/span><span>Niwton Gabriel Feliciani dos Santos, Guilherme Vieira Hollweg, M\u00e1rio L\u00facio da Silva Martins, H\u00e9lio Le\u00e3es Hey, Jonatan Rafael Rakoski Zientarski<\/span><br><span class=\"mr-1\"><i><br><\/i><b>Ano:&nbsp;<\/b><\/span><i><i><span>2018<\/span><br><\/i><\/i><i><br><\/i><b>Evento:&nbsp;<\/b><i><i>13th IEEE\/IAS International Conference on Industry Applications<br><\/i><\/i><span style=\"font-size: 0.875em\"><i><br><\/i><\/span><\/p>\n<pre><span style=\"font-size: 0.875em\">Dispon\u00edvel no reposit\u00f3rio em 2018.<\/span><\/pre>\n<p><\/p>\n<\/div>\n<div style=\"padding: 20px;width: 850px;margin: 10px;border: 1px solid #dcdcdc;border-radius: 5px\">\n<p><a class=\"card-title card-link font-weight-bold\" href=\"https:\/\/www.ufsm.br\/laboratorios\/inct\/wp-content\/uploads\/sites\/737\/2019\/10\/3-Trabalho-03-SEPOC2018-Wagner.pdf\" target=\"_blank\" rel=\"noopener\">Conversor de Alto Ganho de Tens\u00e3o Dual Boost Quadr\u00e1tico<\/a><br><span class=\"mr-1\"><br><b>Autores:&nbsp;<\/b><\/span><span>Wagner de Azevedo Ayres, \u00c9der Bridi, Hamiltom Confortin Sartori e Jos\u00e9 Renes Pinheiro<\/span><br><span class=\"mr-1\"><i><br><\/i><b>Ano:&nbsp;<\/b><\/span><i><span>2018<\/span><br><\/i><i><br><\/i><b>Evento:&nbsp;<\/b><i>11th Seminar on Power Electronics and Control<br><\/i><span style=\"font-size: 0.875em\"><i><br><\/i><\/span><\/p>\n<pre><span style=\"font-size: 0.875em\">Dispon\u00edvel no reposit\u00f3rio em 2018.<\/span><\/pre>\n<p><\/p>\n<\/div>\n<div style=\"padding: 20px;width: 850px;margin: 10px;border: 1px solid #dcdcdc;border-radius: 5px\">\n<p><a class=\"card-title card-link font-weight-bold\" href=\"https:\/\/www.ufsm.br\/laboratorios\/inct\/wp-content\/uploads\/sites\/737\/2019\/10\/4-Trabalho-04-SEPOC-2018-Flach.pdf\" target=\"_blank\" rel=\"noopener\">Conversor DAHB Aplicado a um Sistema H\u00edbrido Hidro-PV com Armazenamento de Energia em Baterias<\/a><br><strong class=\"mr-1\"><br>Autores:&nbsp;<\/strong><span>Maicon Lu\u00eds Flach, Lucas Giulini Scherer, Robinson Figueiredo de Camargo, Fabr\u00edcio Hoff Dupony<\/span><br><span class=\"mr-1\"><i><br><\/i><b>Ano:&nbsp;<\/b><\/span><i><i><span>2018<\/span><br><\/i><\/i><i><br><\/i><b>Evento:&nbsp;<\/b><i>11th Seminar on Power Electronics and Control<br><\/i><span style=\"font-size: 0.875em\"><i><br><\/i><\/span><\/p>\n<pre><span style=\"font-size: 0.875em\">Dispon\u00edvel no reposit\u00f3rio em 2018.<\/span><\/pre>\n<p><\/p>\n<\/div>\n<div style=\"padding: 20px;width: 850px;margin: 10px;border: 1px solid #dcdcdc;border-radius: 5px\">\n<p><a class=\"card-title card-link font-weight-bold\" href=\"https:\/\/www.ufsm.br\/laboratorios\/inct\/wp-content\/uploads\/sites\/737\/2019\/10\/5-Trabalho-05-SEPOC-2018-Flach.pdf\" target=\"_blank\" rel=\"noopener\">Modelagem Matem\u00e1tica de um Sistema de Microgera\u00e7\u00e3o Baseado em Gerador de Indu\u00e7\u00e3o Auto-Excitado na Configura\u00e7\u00e3o 4 Fios<\/a><br><span class=\"mr-1\"><br><b>Autores:&nbsp;<\/b><\/span><span>Carlos Antonio Souza, Celso Becker Tischer, Lucas Giulini Scherer, Maicon Lu\u00eds Flach, Robinson Figueiredo de Camargo<\/span><br><span class=\"mr-1\"><i><br><\/i><b>Ano:&nbsp;<\/b><\/span><i><span>2018<\/span><br><\/i><i><br><\/i><b>Evento:&nbsp;<\/b><i>11th Seminar on Power Electronics and Control<br><\/i><span style=\"font-size: 0.875em\"><i><br><\/i><\/span><\/p>\n<pre><span style=\"font-size: 0.875em\">Dispon\u00edvel no reposit\u00f3rio em 2018.<\/span><\/pre>\n<p><\/p>\n<\/div>\n<div style=\"padding: 20px;width: 850px;margin: 10px;border: 1px solid #dcdcdc;border-radius: 5px\">\n<p><a class=\"card-title card-link font-weight-bold\" href=\"https:\/\/www.ufsm.br\/laboratorios\/inct\/wp-content\/uploads\/sites\/737\/2019\/10\/6-Trabalho-06-INDUSCON-2018-Flach.pdf\" target=\"_blank\" rel=\"noopener\">Application of the DAB Converter to a Hybrid System for Hydro-PV and Battery<\/a><br><strong class=\"mr-1\"><br>Autores: <\/strong><span>Maicon Lu\u00eds Flach, Carlos Antonio Souza, Lucas Giulini Scherer, Robinson Figueiredo de Camargo,&nbsp; Fabr\u00edcio Hoff Dupont<\/span><br><span class=\"mr-1\"><i><br><\/i><b>Ano:&nbsp;<\/b><\/span><i><i><span>2018<\/span><br><\/i><\/i><i><br><\/i><b>Evento:&nbsp;<\/b><i>13th IEEE\/IAS International Conference on Industry Applications<br><\/i><span style=\"font-size: 0.875em\"><i><br><\/i><\/span><\/p>\n<pre><span style=\"font-size: 0.875em\">Dispon\u00edvel no reposit\u00f3rio em 2018.<\/span><\/pre>\n<p><\/p>\n<\/div>\n<div style=\"padding: 20px;width: 850px;margin: 10px;border: 1px solid #dcdcdc;border-radius: 5px\">\n<p><a class=\"card-title card-link font-weight-bold\" href=\"https:\/\/www.ufsm.br\/laboratorios\/inct\/wp-content\/uploads\/sites\/737\/2019\/10\/7-Trabalho-07-CBA-2018-Roggia.pdf\" target=\"_blank\" rel=\"noopener\">Conversor Buck-Boost Aplicado a um Sistema Fotovoltaico com a Utiliza\u00e7\u00e3o de T\u00e9cnicas de Indutor Vari\u00e1vel<\/a><br><span class=\"mr-1\"><br><b>Autores:&nbsp;<\/b><\/span><span>Sebastian Martins, Gabriel Ali, \u00c1lysson R. Seidel, Rodrigo V. Tambara, Leandro Roggia<\/span><br><span class=\"mr-1\"><i><br><\/i><b>Ano:&nbsp;<\/b><\/span><i><i><span>2018<\/span><br><\/i><\/i><i><br><\/i><b>Evento:&nbsp;<\/b><i>Congresso Brasileiro de Autom\u00e1tica<br><\/i><span style=\"font-size: 0.875em\"><i><br><\/i><\/span><\/p>\n<pre><span style=\"font-size: 0.875em\">Dispon\u00edvel no reposit\u00f3rio em 2018.<\/span><\/pre>\n<p><\/p>\n<\/div>\n<div style=\"padding: 20px;width: 850px;margin: 10px;border: 1px solid #dcdcdc;border-radius: 5px\">\n<p><a class=\"card-title card-link font-weight-bold\" href=\"https:\/\/www.ufsm.br\/laboratorios\/inct\/wp-content\/uploads\/sites\/737\/2019\/10\/8-Trabalho-08-CBA-2018-Roggia.pdf\" target=\"_blank\" rel=\"noopener\">Controle de Corrente e Tens\u00e3o do Conversor DAB Modificado aplicado \u00e0 Carga de Baterias<\/a><br><span class=\"mr-1\"><br><b>Autores:&nbsp;<\/b><\/span><span>Pablo F. S. Costa, Pedro H. B. Lobler, Leandro Roggia, Luciano Schuch<\/span><br><span class=\"mr-1\"><i><br><\/i><b>Ano:&nbsp;<\/b><\/span><i><i><span>2018<\/span><br><\/i><\/i><i><br><\/i><b>Evento:&nbsp;<\/b><i>Congresso Brasileiro de Autom\u00e1tica<br><\/i><span style=\"font-size: 0.875em\"><i><br><\/i><\/span><\/p>\n<pre><span style=\"font-size: 0.875em\">Dispon\u00edvel no reposit\u00f3rio em 2018.<\/span><\/pre>\n<p><\/p>\n<\/div>\n<div style=\"padding: 20px;width: 850px;margin: 10px;border: 1px solid #dcdcdc;border-radius: 5px\">\n<p><a class=\"card-title card-link font-weight-bold\" href=\"https:\/\/www.ufsm.br\/laboratorios\/inct\/wp-content\/uploads\/sites\/737\/2019\/10\/9-Trabalho-09-IECON-2018-Grigoletto.pdf\" target=\"_blank\" rel=\"noopener\">Space Vector Modulation for Packed-U-Cell Converters (PUC)<\/a><br><strong class=\"mr-1\"><br>Autores:&nbsp;<\/strong><span>Felipe B. Grigoletto, Dimas Schuetz, Luiz A. Junior, Fernanda de M. Carnielutti, Humberto Pinheiro<\/span><br><span class=\"mr-1\"><i><br><\/i><b>Ano:&nbsp;<\/b><\/span><i><span>2018<\/span><br><\/i><i><br><\/i><b>Evento:&nbsp;<\/b><i>44th Annual Conference of the IEEE Industrial Electronics Society<br><\/i><span style=\"font-size: 0.875em\"><i><br><\/i><\/span><\/p>\n<pre><span style=\"font-size: 0.875em\">Dispon\u00edvel no reposit\u00f3rio em 2018.<\/span><\/pre>\n<p><\/p>\n<\/div>\n<div style=\"padding: 20px;width: 850px;margin: 10px;border: 1px solid #dcdcdc;border-radius: 5px\">\n<p><a class=\"card-title card-link font-weight-bold\" href=\"https:\/\/www.ufsm.br\/laboratorios\/inct\/wp-content\/uploads\/sites\/737\/2019\/10\/10-Trabalho-10-SEPOC-2018-Rafael-Aquino.pdf\" target=\"_blank\" rel=\"noopener\">An\u00e1lise do Acoplamento de Pot\u00eancia na Integra\u00e7\u00e3o de Gera\u00e7\u00e3o Distribu\u00edda em Microrredes CA<\/a><br><span class=\"mr-1\"><br><b>Autores:&nbsp;<\/b><\/span><span>Rafael R. de Aquino, Juliano C. L. da Silvay, Ricardo L\u00facio&nbsp; A. Ribeiro, Thiago de O. A. Rocha<\/span><br><span class=\"mr-1\"><br><b>Ano:&nbsp;<\/b><\/span><i><i><span>2018<\/span><br><\/i><\/i><i><br><\/i><b>Evento:&nbsp;<\/b><i><i>11th Seminar on Power Electronics and Control<br><\/i><\/i><span style=\"font-size: 0.875em\"><i><br><\/i><\/span><pre><span style=\"font-size: 0.875em\">Dispon\u00edvel no reposit\u00f3rio em 2018.<\/span><\/pre><\/p>\n<\/div>\n<div style=\"padding: 20px;width: 850px;margin: 10px;border: 1px solid #dcdcdc;border-radius: 5px\">\n<p><a class=\"card-title card-link font-weight-bold\" href=\"https:\/\/www.ufsm.br\/laboratorios\/inct\/wp-content\/uploads\/sites\/737\/2019\/10\/11-Trabalho-11-SEPOC-2018-R-L-Ribeiro.pdf\" target=\"_blank\" rel=\"noopener\">Estrat\u00e9gia de Controle Cooperativo para Sistemas de Gera\u00e7\u00e3o Distribu\u00edda Integrada a Sistemas de Armazenamento de Energia El\u00e9trica<\/a><br><span class=\"mr-1\"><br><b>Autores:&nbsp;<\/b><\/span><span>Juliano C. L. da Silva, Ricardo L\u00facio de A. Ribeiro, Thiago de O. A. Rochaz e Fl\u00e1vio B. Costa<\/span><br><span class=\"mr-1\"><br><b>Ano:&nbsp;<\/b><\/span><i><span>2018<\/span><br><\/i><i><br><\/i><b>Evento:&nbsp;<\/b><i>11th Seminar on Power Electronics and Control<br><\/i><span style=\"font-size: 0.875em\"><i><br><\/i><\/span><pre><span style=\"font-size: 0.875em\">Dispon\u00edvel no reposit\u00f3rio em 2018.<\/span><\/pre><\/p>\n<\/div>\n<div style=\"padding: 20px;width: 850px;margin: 10px;border: 1px solid #dcdcdc;border-radius: 5px\">\n<p><a class=\"card-title card-link font-weight-bold\" href=\"https:\/\/www.ufsm.br\/laboratorios\/inct\/wp-content\/uploads\/sites\/737\/2019\/10\/12-7.-SEPOC-Carmen.pdf\" target=\"_blank\" rel=\"noopener\">Desenvolvimento de um Roadmap T\u00e9cnico-Comercial da Energia Solar Fotovoltaica centralizada no Brasil<\/a><br><span class=\"mr-1\"><br><b>Autores:&nbsp;<\/b><\/span><span>Lopes, E.; Rosa, C. B.; Rediske, G.; Rigo, P. D.; Michels, L.; Siluk, J. C. M.<\/span><br><span class=\"mr-1\"><br><b>Ano:&nbsp;<\/b><\/span><i><i><span>2018<\/span><br><\/i><\/i><i><br><\/i><b>Evento:&nbsp;<\/b><i>Seminar on Power Eletronics and Control<br><\/i><span style=\"font-size: 0.875em\"><i><br><\/i><\/span><pre><span style=\"font-size: 0.875em\">Dispon\u00edvel no reposit\u00f3rio em 2018.<\/span><\/pre><\/p>\n<\/div>\n<div style=\"padding: 20px;width: 850px;margin: 10px;border: 1px solid #dcdcdc;border-radius: 5px\">\n<p><a class=\"card-title card-link font-weight-bold\" href=\"https:\/\/www.ufsm.br\/laboratorios\/inct\/wp-content\/uploads\/sites\/737\/2019\/10\/13-6.-SEPOC-Natalia.pdf\" target=\"_blank\" rel=\"noopener\">Investidores de Energia Solar Fotovoltaica no Rio Grande do Sul\/Brasil: Uma Perspectiva sobre os Fatores Motivacionais<\/a><br><span class=\"mr-1\"><br><b>Autores:&nbsp;<\/b><\/span><span>Gastaldo, N. G.; Rigo, P. D.; Rediske, G.; Rosa, C. B.; Siluk, J. C. M.; Michels, L.<\/span><br><span class=\"mr-1\"><br><b>Ano:&nbsp;<\/b><\/span><i><span>2018<\/span><br><\/i><strong><br>Evento:&nbsp;<\/strong><i>Seminar on Power Eletronics and Control<br><\/i><span style=\"font-size: 0.875em\"><i><br><\/i><\/span><pre><span style=\"font-size: 0.875em\">Dispon\u00edvel no reposit\u00f3rio em 2018.<\/span><\/pre><\/p>\n<\/div>\n<div style=\"padding: 20px;width: 850px;margin: 10px;border: 1px solid #dcdcdc;border-radius: 5px\">\n<p><a class=\"card-title card-link font-weight-bold\" href=\"https:\/\/www.ufsm.br\/laboratorios\/inct\/wp-content\/uploads\/sites\/737\/2019\/10\/14-1.-Michels-Morari-ESW.pdf\" target=\"_blank\" rel=\"noopener\">Sistema para ensaio de inversores fotovoltaicos de acordo com a norma IEC62109-2.<\/a><br><strong class=\"mr-1\"><br>Autores:&nbsp;<\/strong><span>Morari, H. B. ; Michels, L. ; Bellinaso, Lucas<\/span><br><span class=\"mr-1\"><br><b>Ano:&nbsp;<\/b><\/span><i><i><span>2018<\/span><br><\/i><\/i><i><br><\/i><b>Evento:&nbsp;<\/b><i>IX IEEE ESW Electrical Safety Workshop Brasil<br><\/i><span style=\"font-size: 0.875em\"><i><br><\/i><\/span><pre><span style=\"font-size: 0.875em\">Dispon\u00edvel no reposit\u00f3rio em 2018.<\/span><\/pre><\/p>\n<\/div>\n<div style=\"padding: 20px;width: 850px;margin: 10px;border: 1px solid #dcdcdc;border-radius: 5px\">\n<p><a class=\"card-title card-link font-weight-bold\" href=\"https:\/\/www.ufsm.br\/laboratorios\/inct\/wp-content\/uploads\/sites\/737\/2019\/10\/15-2.-Michels-Marcos-SEPOC.pdf\" target=\"_blank\" rel=\"noopener\">M\u00e9todos de Aquisi\u00e7\u00e3o Experimental de Curvas I-V de Arranjos Fotovoltaicos: Uma Revis\u00e3o<\/a><br><span class=\"mr-1\"><br><b>Autores:&nbsp;<\/b><\/span><span>Treter, M. E. ; Michels, L.<\/span><br><span class=\"mr-1\"><br><b>Ano:&nbsp;<\/b><\/span><i><i><span>2018<\/span><br><\/i><\/i><i><br><\/i><b>Evento:&nbsp;<\/b><i><i>11th Power Electronics Seminar<br><\/i><\/i><span style=\"font-size: 0.875em\"><i><br><\/i><\/span><pre><span style=\"font-size: 0.875em\">Dispon\u00edvel no reposit\u00f3rio em 2018.<\/span><\/pre><\/p>\n<\/div>\n<div style=\"padding: 20px;width: 850px;margin: 10px;border: 1px solid #dcdcdc;border-radius: 5px\">\n<p><a class=\"card-title card-link font-weight-bold\" href=\"https:\/\/www.ufsm.br\/laboratorios\/inct\/wp-content\/uploads\/sites\/737\/2019\/10\/16-3.-Michels-Charles-SEPOC.pdf\" target=\"_blank\" rel=\"noopener\">Metodologia de Projeto para Controlador de Carga Fotovoltaico Empregando Conversor Buck CCM com Filtro de Quarta Ordem na Sa\u00edda<\/a><br><strong class=\"mr-1\"><br>Autores:&nbsp;<\/strong><span>Haab, C. A. ; Reiter, R. D. O. ; Michels, L.<\/span><br><span class=\"mr-1\"><br><b>Ano:&nbsp;<\/b><\/span><i><i><span>2018<\/span><br><\/i><\/i><i><br><\/i><b>Evento:&nbsp;<\/b><i><i>11th Power Electronics Seminar<br><\/i><\/i><span style=\"font-size: 0.875em\"><i><br><\/i><\/span><pre><span style=\"font-size: 0.875em\">Dispon\u00edvel no reposit\u00f3rio em 2018.<\/span><\/pre><\/p>\n<\/div>\n<div style=\"padding: 20px;width: 850px;margin: 10px;border: 1px solid #dcdcdc;border-radius: 5px\">\n<p><a class=\"card-title card-link font-weight-bold\" href=\"https:\/\/www.ufsm.br\/laboratorios\/inct\/wp-content\/uploads\/sites\/737\/2019\/10\/17-4.-Michels-Edivan-SEPOC-cont.pdf\" target=\"_blank\" rel=\"noopener\">A Discrete-Time Robust Adaptive Controller Applied to a Bidirectional Isolated Converter<\/a><br><span class=\"mr-1\"><br><b>Autores:&nbsp;<\/b><\/span><span>Silva, E. C. ; Tambara, R. V. ; Cardoso, R. ; Michels, L.<\/span><br><span class=\"mr-1\"><br><b>Ano:&nbsp;<\/b><\/span><i><i><span>2018<\/span><br><\/i><\/i><i><br><\/i><b>Evento:&nbsp;<\/b><i>11th Power Electronics Seminar<br><\/i><span style=\"font-size: 0.875em\"><i><br><\/i><\/span><pre><span style=\"font-size: 0.875em\">Dispon\u00edvel no reposit\u00f3rio em 2018.<\/span><\/pre><\/p>\n<\/div>\n<div style=\"padding: 20px;width: 850px;margin: 10px;border: 1px solid #dcdcdc;border-radius: 5px\">\n<p><a class=\"card-title card-link font-weight-bold\" href=\"https:\/\/www.ufsm.br\/laboratorios\/inct\/wp-content\/uploads\/sites\/737\/2019\/10\/18-5.-Michels-Henrique-SEPOC.pdf\" target=\"_blank\" rel=\"noopener\">Comparison of Control Techniques Applied to Photovoltaic Boost Converters<\/a><br><strong class=\"mr-1\"><br>Autores:&nbsp;<\/strong><span>Figueira, H. H. ; Basquera Jr., M. F. ; Bellinaso, L. V. ; Michels, L.<\/span><br><span class=\"mr-1\"><br><b>Ano:&nbsp;<\/b><\/span><i><i><span>2018<\/span><br><\/i><\/i><i><br><\/i><b>Evento:&nbsp;<\/b><i><i>11th Power Electronics Seminar<br><\/i><\/i><span style=\"font-size: 0.875em\"><i><br><\/i><\/span><pre><span style=\"font-size: 0.875em\">Dispon\u00edvel no reposit\u00f3rio em 2018.<\/span><\/pre><\/p>\n<\/div>\n<div style=\"padding: 20px;width: 850px;margin: 10px;border: 1px solid #dcdcdc;border-radius: 5px\">\n<p><a class=\"card-title card-link font-weight-bold\" href=\"https:\/\/www.ufsm.br\/laboratorios\/inct\/wp-content\/uploads\/sites\/737\/2019\/10\/19-7.-SEPOC-Carmen.pdf\" target=\"_blank\" rel=\"noopener\">Desenvolvimento de um Roadmap T\u00e9cnico-Comercial da Energia Solar Fotovoltaica Centralizada no Brasil<\/a><br><span class=\"mr-1\"><br><b>Autores:&nbsp;<\/b><\/span><span>Lopes, E. ; Rosa, C. B. ; Rediske, G. ; Rigo, P. D. ; Michels, L. ; Siluk, J. C. M.<\/span><br><span class=\"mr-1\"><br><b>Ano:&nbsp;<\/b><\/span><i><span>2018<\/span><br><\/i><i><br><\/i><b>Evento:&nbsp;<\/b><i><i>11th Power Electronics Seminar<br><\/i><\/i><span style=\"font-size: 0.875em\"><i><br><\/i><\/span><pre><span style=\"font-size: 0.875em\">Dispon\u00edvel no reposit\u00f3rio em 2018.<\/span><\/pre><\/p>\n<\/div>\n<div style=\"padding: 20px;width: 850px;margin: 10px;border: 1px solid #dcdcdc;border-radius: 5px\">\n<p><a class=\"card-title card-link font-weight-bold\" href=\"https:\/\/www.ufsm.br\/laboratorios\/inct\/wp-content\/uploads\/sites\/737\/2019\/10\/20-8.-SEPOC-Lucas.pdf\" target=\"_blank\" rel=\"noopener\">Leakage current testing system applied to photovoltaic inverters: design and simulation<\/a><br><strong class=\"mr-1\"><br>Autores:&nbsp;<\/strong><span>Morari, H. B. ; Frohlich, R. ; Bellinaso, L. V.<\/span><br><span class=\"mr-1\"><br><b>Ano:&nbsp;<\/b><\/span><i><i><span>2018<\/span><br><\/i><\/i><i><br><\/i><b>Evento:&nbsp;<\/b><i><i>11th Power Electronics Seminar<br><\/i><\/i><span style=\"font-size: 0.875em\"><i><br><\/i><\/span><pre><span style=\"font-size: 0.875em\">Dispon\u00edvel no reposit\u00f3rio em 2018.<\/span><\/pre><\/p>\n<\/div>\n<div style=\"padding: 20px;width: 850px;margin: 10px;border: 1px solid #dcdcdc;border-radius: 5px\">\n<p><a class=\"card-title card-link font-weight-bold\" href=\"https:\/\/www.ufsm.br\/laboratorios\/inct\/wp-content\/uploads\/sites\/737\/2019\/10\/21-9.-CBA-Marcelo.pdf\" target=\"_blank\" rel=\"noopener\">Modelagem e Controle de um Conversor C.C.\/C.C. de Alto Ganho com Indutor Acoplado para Integra\u00e7\u00e3o em M\u00f3dulos Fotovoltaicos<\/a><br><span class=\"mr-1\"><br><b>Autores:&nbsp;<\/b><\/span><span>Carvalho, M. R. S. ; Silva, E. A. ; Limongi, L. R. ; Bradaschia, F. ; Cavalcanti, M. C.<\/span><br><span class=\"mr-1\"><br><b>Ano:&nbsp;<\/b><\/span><i><span>2018<\/span><br><\/i><i><br><\/i><b>Evento:&nbsp;<\/b><i><i>22\u00ba Congresso Brasileiro de Autom\u00e1tica&nbsp;<br><\/i><\/i><span style=\"font-size: 0.875em\"><br><\/span><pre><span style=\"font-size: 0.875em\">Dispon\u00edvel no reposit\u00f3rio em 2018.<\/span><\/pre><\/p>\n<\/div>\n<div style=\"padding: 20px;width: 850px;margin: 10px;border: 1px solid #dcdcdc;border-radius: 5px\">\n<p><a class=\"card-title card-link font-weight-bold\" href=\"https:\/\/www.ufsm.br\/laboratorios\/inct\/wp-content\/uploads\/sites\/737\/2019\/10\/22-10.-Arquitetura-para-emula\u00e7\u00e3o-de-microrredes-em-FPGA-Copia.pdf\" target=\"_blank\" rel=\"noopener\">Arquitetura para Emula\u00e7\u00e3o de Microrredes em FPGA<\/a><br><strong class=\"mr-1\"><br>Autores:&nbsp;<\/strong><span>Sousa. G. G. ; Costa, Jean Patric da ; Carati, Emerson Giovani ; Stein, Carlos Marcelo de Oliveira ; CARDOSO, Rafael ; Nadal, Z. L. I.<\/span><br><span class=\"mr-1\"><br><b>Ano:&nbsp;<\/b><\/span><i><i><span>2018<\/span><br><\/i><\/i><i><br><\/i><b>Evento:&nbsp;<\/b><i><i>22\u00ba Congresso Brasileiro de Autom\u00e1tica<br><\/i><\/i><span style=\"font-size: 0.875em\"><i><br><\/i><\/span><pre><span style=\"font-size: 0.875em\">Dispon\u00edvel no reposit\u00f3rio em 2018.<\/span><\/pre><\/p>\n<\/div>\n<div style=\"padding: 20px;width: 850px;margin: 10px;border: 1px solid #dcdcdc;border-radius: 5px\">\n<p><a class=\"card-title card-link font-weight-bold\" href=\"https:\/\/www.ufsm.br\/laboratorios\/inct\/wp-content\/uploads\/sites\/737\/2019\/10\/23-10.-Arquitetura-para-emula\u00e7\u00e3o-de-microrredes-em-FPGA.pdf\" target=\"_blank\" rel=\"noopener\">Compara\u00e7\u00e3o entre Diferentes Modula\u00e7\u00f5es Aplicadas a Conversores em Ponte-Completa Alimentados por Corrente<\/a><br><strong class=\"mr-1\"><br>Autores:&nbsp;<\/strong><span>Carvalho, E. L. ; Carati, Emerson Giovani ; COSTA, Jean Patric da ; Stein, Carlos Marcelo de Oliveira ; CARDOSO, Rafael<\/span><br><span class=\"mr-1\"><br><b>Ano:&nbsp;<\/b><\/span><i><i><span>2018<\/span><br><\/i><\/i><i><br><\/i><b>Evento:&nbsp;<\/b><i><i>22\u00ba Congresso Brasileiro de Autom\u00e1tica&nbsp;<br><\/i><\/i><span style=\"font-size: 0.875em\"><i><br><\/i><\/span><pre><span style=\"font-size: 0.875em\">Dispon\u00edvel no reposit\u00f3rio em 2018.<\/span><\/pre><\/p>\n<\/div>\n<div style=\"padding: 20px;width: 850px;margin: 10px;border: 1px solid #dcdcdc;border-radius: 5px\">\n<p><a class=\"card-title card-link font-weight-bold\" href=\"https:\/\/www.ufsm.br\/laboratorios\/inct\/wp-content\/uploads\/sites\/737\/2019\/10\/25-Conversor-cc-cc-meia-ponte-alimentado-em-corrente-com-snubber-regenerativo-aplicado-a-microinvesores-fotovoltaicos.pdf\" target=\"_blank\" rel=\"noopener\">Conversor CC-CC Meia Ponte Alimentado em Corrente com Snubber Regenerativo Aplicado a Microinversores Fotovoltaicos<\/a><br><span class=\"mr-1\"><br><b>Autores:&nbsp;<\/b><\/span><span>Moraes, C. F. ; Stein, Carlos Marcelo de Oliveira ; Carati, Emerson Giovani ; COSTA, Jean Patric da ; CARDOSO, Rafael<\/span><br><span class=\"mr-1\"><br><b>Ano:&nbsp;<\/b><\/span><i><i><span>2018<\/span><br><\/i><\/i><i><br><\/i><b>Evento:&nbsp;<\/b><i>22\u00ba Congresso Brasileiro de Autom\u00e1tica<br><\/i><span style=\"font-size: 0.875em\"><i><br><\/i><\/span><pre><span style=\"font-size: 0.875em\">Dispon\u00edvel no reposit\u00f3rio em 2018.<\/span><\/pre><\/p>\n<\/div>\n<div style=\"padding: 20px;width: 850px;margin: 10px;border: 1px solid #dcdcdc;border-radius: 5px\">\n<p><a class=\"card-title card-link font-weight-bold\" href=\"https:\/\/www.ufsm.br\/laboratorios\/inct\/wp-content\/uploads\/sites\/737\/2019\/10\/26-Improved-Sliding-Mode-and-PLL-Speed-Estimators-for-Sensorless-Vector-Control-of-Induction-Motors.pdf\" target=\"_blank\" rel=\"noopener\">Improved Sliding Mode and PLL Speed Estimators for Sensorless Vector Control of Induction Motors<\/a><br><strong class=\"mr-1\"><br>Autores:&nbsp;<\/strong><span>Pinheiro, Diego Dias; Carati, Emerson Giovani; Del Sant, F. S.; Da Costa, Jean Patric; Cardoso, Rafael; Stein, Carlos M. O.<\/span><br><span class=\"mr-1\"><br><b>Ano:&nbsp;<\/b><\/span><i><span>2018<\/span><br><\/i><i><br><\/i><b>Evento:&nbsp;<\/b><i>13th IEEE\/IAS International Conference on Industry Applications<br><\/i><span style=\"font-size: 0.875em\"><i><br><\/i><\/span><pre><span style=\"font-size: 0.875em\">Dispon\u00edvel no reposit\u00f3rio em 2018.<\/span><\/pre><\/p>\n<\/div>\n<div style=\"padding: 20px;width: 850px;margin: 10px;border: 1px solid #dcdcdc;border-radius: 5px\">\n<p><a class=\"card-title card-link font-weight-bold\" href=\"https:\/\/www.ufsm.br\/laboratorios\/inct\/wp-content\/uploads\/sites\/737\/2019\/10\/27-Integration-of-electric-vehicles-in-smart-grids-for-optimization-and-support-to-distributed-generation.pdf\" target=\"_blank\" rel=\"noopener\">Integration of Electric Vehicles in Smart Grids for Optimization and Support to Distributed Generation<\/a><br><strong class=\"mr-1\"><br>Autores:&nbsp;<\/strong><span>Salvatti, Gabriel Ant\u00f4nio ; Carati, Emerson Giovani ; Costa, Jean Patric Da ; Cardoso, Rafael ; Stein, Carlos Marcelo de Oliveira<\/span><br><span class=\"mr-1\"><br><b>Ano:&nbsp;<\/b><\/span><i><span>2018<\/span><br><\/i><i><br><\/i><b>Evento:&nbsp;<\/b><i>13th IEEE\/IAS International Conference on Industry Applications<br><\/i><span style=\"font-size: 0.875em\"><i><br><\/i><\/span><pre><span style=\"font-size: 0.875em\">Dispon\u00edvel no reposit\u00f3rio em 2018.<\/span><\/pre><\/p>\n<\/div>\n<div style=\"padding: 20px;width: 850px;margin: 10px;border: 1px solid #dcdcdc;border-radius: 5px\">\n<p><a class=\"card-title card-link font-weight-bold\" href=\"https:\/\/www.ufsm.br\/laboratorios\/inct\/wp-content\/uploads\/sites\/737\/2019\/10\/28-Robust-Design-of-Control-Structure-for-Three-Phase-Grid-Tied-Inverters.pdf\" target=\"_blank\" rel=\"noopener\">Robust Design of Control Structure for Three-Phase Grid-Tied Inverters<\/a><br><span class=\"mr-1\"><br><b>Autores:&nbsp;<\/b><\/span><span>Kraemer, R. A. S. ; Carati, Emerson Giovani ; Da Costa, Jean Patric ; Cardoso, Rafael ; Stein, Carlos Marcelo de Oliveira<\/span><br><span class=\"mr-1\"><br><b>Ano:&nbsp;<\/b><\/span><i><i><span>2018<\/span><br><\/i><\/i><i><br><\/i><b>Evento:&nbsp;<\/b><i><i>13th IEEE\/IAS International Conference on Industry Applications<br><\/i><\/i><span style=\"font-size: 0.875em\"><i><br><\/i><\/span><pre><span style=\"font-size: 0.875em\">Dispon\u00edvel no reposit\u00f3rio em 2018.<\/span><\/pre><\/p>\n<\/div>\n<div style=\"padding: 20px;width: 850px;margin: 10px;border: 1px solid #dcdcdc;border-radius: 5px\">\n<p><a class=\"card-title card-link font-weight-bold\" href=\"https:\/\/www.ufsm.br\/laboratorios\/inct\/wp-content\/uploads\/sites\/737\/2019\/10\/29-Small-Signal-Modeling-and-Analysis-of-an-Isolated-Bidirectional-Battery-Charger.pdf\" target=\"_blank\" rel=\"noopener\">Small-Signal Modeling and Analysis of an Isolated Bidirectional Battery Charger<\/a><br><span class=\"mr-1\"><br><b>Autores:&nbsp;<\/b><\/span><span>Laercio Carvalho, Edivan ; Carati, Emerson Giovani ; Stein, Carlos M. O. ; da Costa, Jean Patric ; CARDOSO, Rafael<\/span><br><span class=\"mr-1\"><br><b>Ano:&nbsp;<\/b><\/span><i><i><span>2018<\/span><br><\/i><\/i><i><br><\/i><b>Evento:&nbsp;<\/b><i><i>13th IEEE\/IAS International Conference on Industry Applications<br><\/i><\/i><span style=\"font-size: 0.875em\"><i><br><\/i><\/span><pre><span style=\"font-size: 0.875em\">Dispon\u00edvel no reposit\u00f3rio em 2018.<\/span><\/pre><\/p>\n<\/div>\n<div style=\"padding: 20px;width: 850px;margin: 10px;border: 1px solid #dcdcdc;border-radius: 5px\">\n<p><a class=\"card-title card-link font-weight-bold\" href=\"https:\/\/www.ufsm.br\/laboratorios\/inct\/wp-content\/uploads\/sites\/737\/2019\/10\/30-Constrained-Optimum-Photovoltaic-Generation-Dispatch-for-Energy-Bill-Minimization.pdf\" target=\"_blank\" rel=\"noopener\">Constrained Optimum Photovoltaic Generation Dispatch for Energy Bill Minimization<\/a><br><span class=\"mr-1\"><br><b>Autores:&nbsp;<\/b><\/span><span>Sousa, Gabriel ; Da Costa, Jean Patric ; Carati, Emerson Giovani ; Stein, Carlos Marcelo De Oliveira ; CARDOSO, Rafael<\/span><br><span class=\"mr-1\"><br><b>Ano:&nbsp;<\/b><\/span><i><i><span>2018<\/span><br><\/i><\/i><i><br><\/i><b>Evento:&nbsp;<\/b><i><i>13th IEEE\/IAS International Conference on Industry Applications<br><\/i><\/i><span style=\"font-size: 0.875em\"><i><br><\/i><\/span><pre><span style=\"font-size: 0.875em\">Dispon\u00edvel no reposit\u00f3rio em 2018.<\/span><\/pre><\/p>\n<\/div>\n<div style=\"padding: 20px;width: 850px;margin: 10px;border: 1px solid #dcdcdc;border-radius: 5px\">\n<p><a class=\"card-title card-link font-weight-bold\" href=\"http:\/\/coral.ufsm.br\/sepoc\/sepoc2018\/arquivos\/papers\/93615--field_submission_abstract_file2.pdf\" target=\"_blank\" rel=\"noopener\">A Comparison of Different Modulations Applied to a Multilevel Flying Capacitor Inverter<\/a><br><span class=\"mr-1\"><br><b>Autores:&nbsp;<\/b><\/span><span>Silva, E. C. ; Lazzari, T. ; Vieira, R. P. ; Michels, L. ; Pinheiro, H.<\/span><br><span class=\"mr-1\"><br><b>Ano:&nbsp;<\/b><\/span><i><i><span>2018<\/span><br><\/i><\/i><i><br><\/i><b>Evento:&nbsp;<\/b><i><i>11th Power Electronics Seminar<br><\/i><\/i><span style=\"font-size: 0.875em\"><i><br><\/i><\/span><pre><span style=\"font-size: 0.875em\">Dispon\u00edvel no reposit\u00f3rio em 2018.<\/span><\/pre><\/p>\n<\/div>\n<div style=\"padding: 20px;width: 850px;margin: 10px;border: 1px solid #dcdcdc;border-radius: 5px\">\n<p><a class=\"card-title card-link font-weight-bold\" href=\"https:\/\/www.ufsm.br\/laboratorios\/inct\/wp-content\/uploads\/sites\/737\/2019\/10\/32-SEPOC-Lucas.pdf\" target=\"_blank\" rel=\"noopener\">Compara\u00e7\u00e3o entre estrat\u00e9gias de controle por regulador linear quadr\u00e1tico e controle por mapeamento exponencial aplicado a um sistema de p\u00eandulo invertido Categoria: Internacional<\/a><br><span class=\"mr-1\"><br><b>Autores:&nbsp;<\/b><\/span><span>Portella, K. M. ; Moraes, D. D. ; Mantovani, L. Q. ; Gatelli, M. L. C. ; Venturini, M. S. ; Bellinaso, L. V. ; Paglione.<\/span><br><span class=\"mr-1\"><br><b>Ano:&nbsp;<\/b><\/span><i><i><span>2018<\/span><br><\/i><\/i><i><br><\/i><b>Evento:&nbsp;<\/b><i><i>11th Power Electronics Seminar<br><\/i><\/i><span style=\"font-size: 0.875em\"><i><br><\/i><\/span><pre><span style=\"font-size: 0.875em\">Dispon\u00edvel no reposit\u00f3rio em 2018.<\/span><\/pre><\/p>\n<\/div>\n<div style=\"padding: 20px;width: 850px;margin: 10px;border: 1px solid #dcdcdc;border-radius: 5px\">\n<p><a class=\"card-title card-link font-weight-bold\" href=\"https:\/\/www.ufsm.br\/laboratorios\/inct\/wp-content\/uploads\/sites\/737\/2019\/10\/33-SEPOC-Lucas-2.pdf\" target=\"_blank\" rel=\"noopener\">Projeto e implementa\u00e7\u00e3o de controlador LQR com servomecanismo aplicado a um p\u00eandulo invertido<\/a><br><span class=\"mr-1\"><br><b>Autores:&nbsp;<\/b><\/span><span>Fabbrin, J. G. A. ; Sehnem, R. M. ; Sartori, T. K. S. ; Pithan, T. F. ; Bellinaso, L. V.<\/span><br><span class=\"mr-1\"><br><b>Ano:&nbsp;<\/b><\/span><i><i><span>2018<\/span><br><\/i><\/i><i><br><\/i><b>Evento:&nbsp;<\/b><i><i>11th Power Electronics Seminar, 2018<br><\/i><\/i><span style=\"font-size: 0.875em\"><i><br><\/i><\/span><pre><span style=\"font-size: 0.875em\">Dispon\u00edvel no reposit\u00f3rio em 2018.<\/span><\/pre><\/p>\n<\/div>\n<div style=\"padding: 20px;width: 850px;margin: 10px;border: 1px solid #dcdcdc;border-radius: 5px\">\n<p><a class=\"card-title card-link font-weight-bold\" href=\"https:\/\/www.ufsm.br\/laboratorios\/inct\/wp-content\/uploads\/sites\/737\/2019\/10\/34-T497-1-10-20180416.pdf\" target=\"_blank\" rel=\"noopener\">An\u00e1lise econ\u00f4mica estrat\u00e9gica para a inser\u00e7\u00e3o de sistema fotovoltaico em campus universit\u00e1rio de acordo com as resolu\u00e7\u00f5es normativas e os incentivos governamentais vigentes<\/a><br><strong class=\"mr-1\"><br>Autores:&nbsp;<\/strong><span>Ruviaro, A. ; Luchese, F.C. ; Sperandio, M.<\/span><br><span class=\"mr-1\"><br><b>Ano:&nbsp;<\/b><\/span><i><span>2018<\/span><br><\/i><i><br><\/i><b>Evento:&nbsp;<\/b><i>VII Congresso Brasileiro de Energia Solar<br><\/i><span style=\"font-size: 0.875em\"><i><br><\/i><\/span><pre><span style=\"font-size: 0.875em\">Dispon\u00edvel no reposit\u00f3rio em 2018.<\/span><\/pre><\/p>\n<\/div>\n<div style=\"padding: 20px;width: 850px;margin: 10px;border: 1px solid #dcdcdc;border-radius: 5px\">\n<p><a class=\"card-title card-link font-weight-bold\" href=\"https:\/\/www.ufsm.br\/laboratorios\/inct\/wp-content\/uploads\/sites\/737\/2019\/10\/35-document.pdf\" target=\"_blank\" rel=\"noopener\">An\u00e1lise do impacto da gera\u00e7\u00e3o distribu\u00edda fotovoltaica na rede el\u00e9trica da Universidade Federal de Santa Maria<\/a><br><span class=\"mr-1\"><br><b>Autores:&nbsp;<\/b><\/span><span>Luchese, F.C. ; Martins, C.C. ; Anselmini, F.J. ; Sperandio, M.<\/span><br><span class=\"mr-1\"><br><b>Ano:&nbsp;<\/b><\/span><i><i><span>2018<\/span><br><\/i><\/i><i><br><\/i><b>Evento:&nbsp;<\/b><i>VII Congresso Brasileiro de Energia Solar<br><\/i><span style=\"font-size: 0.875em\"><i><br><\/i><\/span><pre><span style=\"font-size: 0.875em\">Dispon\u00edvel no reposit\u00f3rio em 2018.<\/span><\/pre><\/p>\n<\/div>\n<div style=\"padding: 20px;width: 850px;margin: 10px;border: 1px solid #dcdcdc;border-radius: 5px\">\n<p><a class=\"card-title card-link font-weight-bold\" href=\"https:\/\/www.ufsm.br\/laboratorios\/inct\/wp-content\/uploads\/sites\/737\/2019\/10\/36-08511670.pdf\" target=\"_blank\" rel=\"noopener\">Regulatory analysis and economic challenges to enable new energy storage systems in power systems<\/a><br><strong class=\"mr-1\"><br>Autores:&nbsp;<\/strong><span>Daza, E.F.B. ; Sperandio, M.<\/span><br><span class=\"mr-1\"><br><b>Ano:&nbsp;<\/b><\/span><i><span>2018<\/span><br><\/i><i><br><\/i><b>Evento:&nbsp;<\/b><i>IEEE Transmission Distribution Latin America<br><\/i><span style=\"font-size: 0.875em\"><i><br><\/i><\/span><pre><span style=\"font-size: 0.875em\">Dispon\u00edvel no reposit\u00f3rio em 2018.<\/span><\/pre><\/p>\n<\/div><\/div>\n\t\t\t\t\t\t\t\t\t<div class=\"elementor-tab-title elementor-tab-mobile-title\" aria-selected=\"false\" data-tab=\"5\" role=\"tab\" tabindex=\"-1\" aria-controls=\"elementor-tab-content-1125\" aria-expanded=\"false\">2017<\/div>\n\t\t\t\t\t<div id=\"elementor-tab-content-1125\" class=\"elementor-tab-content elementor-clearfix\" data-tab=\"5\" role=\"tabpanel\" aria-labelledby=\"elementor-tab-title-1125\" tabindex=\"0\" hidden=\"hidden\"><div style=\"padding: 20px;width: 850px;margin: 10px;border: 1px solid #dcdcdc;border-radius: 5px\">\n<p><a class=\"card-title card-link font-weight-bold\" href=\"https:\/\/ieeexplore.ieee.org\/abstract\/document\/7972526\" target=\"_blank\" rel=\"noopener\">Design and analysis of a bidirectional battery charger<\/a><br><span class=\"mr-1\"><br><b>Autores:<\/b><\/span><span> Carvalho, E. L. ; Carati, Emerson Giovani ; Costa, Jean Patric da ; Stein, Carlos Marcelo de Oliveira; Cardoso, R.<\/span><br><span class=\"mr-1\"><br><b>Ano:<\/b><\/span><span> <\/span><i><span>2017<\/span><br><\/i><i><br><\/i><b>Evento:&nbsp;<\/b><i>2017 IEEE 8th International Symposium on PEDG<br><\/i><span style=\"font-size: 0.875em\"><i><br><\/i><\/span><pre><span style=\"font-size: 0.875em\">Dispon\u00edvel em IEEE Xplore em 11\/07\/2017.<\/span><\/pre><\/p>\n<\/div>\n<div style=\"padding: 20px;width: 850px;margin: 10px;border: 1px solid #dcdcdc;border-radius: 5px\"><p><a class=\"card-title card-link font-weight-bold\" href=\"https:\/\/ieeexplore.ieee.org\/abstract\/document\/7972479\" target=\"_blank\" rel=\"noopener\">Improvement of an Emulator-Based Platform for Design of Photovoltaic Converters and Controllers<\/a><br><strong class=\"mr-1\"><br>Autores:&nbsp;<\/strong><span>Novais, H. H. B. ; Carati, Emerson Giovani ; Stein, Carlos Marcelo de Oliveira ; Costa, Jean Patric Da ; Cardoso, Rafael<\/span><br><span class=\"mr-1\"><br><b>Ano:&nbsp;<\/b><\/span><i><span>2017<\/span><br><\/i><i><br><\/i><b>Evento:&nbsp;<\/b><i>2017 IEEE 8th International Symposium on PEDG<br><\/i><span style=\"font-size: 0.875em\"><i><br><\/i><\/span><pre><span style=\"font-size: 0.875em\">Dispon\u00edvel em IEEE Xplore em 11\/07\/2017.<\/span><\/pre><\/p>\n<\/div>\n<div style=\"padding: 20px;width: 850px;margin: 10px;border: 1px solid #dcdcdc;border-radius: 5px\"><p><a class=\"card-title card-link font-weight-bold\" href=\"https:\/\/ieeexplore.ieee.org\/document\/8257344\" target=\"_blank\" rel=\"noopener\">Analysis, Design and Implementation of a Isolated Full-Bridge Converter for Battery Charging<\/a><br><strong class=\"mr-1\"><br>Autores:&nbsp;<\/strong><span>Carvalho, E. L. ; Carati, Emerson ; Costa, Jean Patric Da ; Stein, Carlos Marcelo De Oliveira ; Cardoso, Rafael<\/span><br><span class=\"mr-1\"><br><b>Ano:&nbsp;<\/b><\/span><i><span>2017<\/span><br><\/i><i><br><\/i><b>Evento:&nbsp;<\/b><i>2017 Brazilian Power Electronics Conference (COBEP)<br><\/i><span style=\"font-size: 0.875em\"><i><br><\/i><\/span><pre><span style=\"font-size: 0.875em\">Dispon\u00edvel em IEEE Xplore em 11\/07\/2017.<\/span><\/pre><\/p>\n<\/div>\n<div style=\"padding: 20px;width: 850px;margin: 10px;border: 1px solid #dcdcdc;border-radius: 5px\"><p><a class=\"card-title card-link font-weight-bold\" href=\"https:\/\/www.ufsm.br\/laboratorios\/inct\/wp-content\/uploads\/sites\/737\/2019\/08\/5_-_Projeto_de_Conversores_S-PPC_Aplicados_a_Sistemas_PV_com_Base_na_Faixa_de_Regula\u00e7\u00e3o_de_Tens\u00e3o.pdf\" target=\"_blank\" rel=\"noopener\">Modelagem e Controle de Um Conversor Boost Isolado com C\u00e9lula R\u00b2P\u00b2 e Multiplicador de Tens\u00e3o<\/a><br><strong class=\"mr-1\"><br>Autores:&nbsp;<\/strong><span>Faistel, T. M. K. ; Andrade, A. M. S. S. ; Martins, Mario Lucio Da Silva<\/span><br><span class=\"mr-1\"><br><b>Ano:&nbsp;<\/b><\/span><i><span>2017<\/span><br><\/i><i><br><\/i><b>Evento:&nbsp;<\/b><i>SEPOC 2017<br><\/i><span style=\"font-size: 0.875em\"><i><br><\/i><\/span><pre><span style=\"font-size: 0.875em\">Dispon\u00edvel no reposit\u00f3rio em 2017.<\/span><\/pre><\/p>\n<\/div>\n<div style=\"padding: 20px;width: 900px;margin: 10px;border: 1px solid #dcdcdc;border-radius: 5px\"><p><a class=\"card-title card-link font-weight-bold\" href=\"https:\/\/www.ufsm.br\/laboratorios\/inct\/wp-content\/uploads\/sites\/737\/2019\/08\/5_-_Projeto_de_Conversores_S-PPC_Aplicados_a_Sistemas_PV_com_Base_na_Faixa_de_Regula\u00e7\u00e3o_de_Tens\u00e3o.pdf\" target=\"_blank\" rel=\"noopener\">Projeto de Conversores S-PPC Aplicados a Sistemas PV com Base na Faixa de Regula\u00e7\u00e3o de Tens\u00e3o<\/a><br><strong class=\"mr-1\"><br>Autores:&nbsp;<\/strong><span>Zientarski, J. R. R. ; MARTINS, M\u00e1rio L\u00facio da Silva ; PINHEIRO, Jos\u00e9 Renes ; HEY, HELIO L.<\/span><br><span class=\"mr-1\"><br><b>Ano:&nbsp;<\/b><\/span><i><span>2017<\/span><br><\/i><i><br><\/i><b>Evento:&nbsp;<\/b><i>SEPOC 2017<br><\/i><span style=\"font-size: 0.875em\"><i><br><\/i><\/span><pre><span style=\"font-size: 0.875em\">Dispon\u00edvel no reposit\u00f3rio em 2017.<\/span><\/pre><\/p>\n<\/div>\n<div style=\"padding: 20px;width: 850px;margin: 10px;border: 1px solid #dcdcdc;border-radius: 5px\"><p><a class=\"card-title card-link font-weight-bold\" href=\"https:\/\/www.ufsm.br\/laboratorios\/inct\/wp-content\/uploads\/sites\/737\/2019\/08\/6_-_Modelagem_de_um_Conversor_CC-CC_em_Ponte_Completa_com_Comuta\u00e7\u00e3o_sob_Zero_de_Tens\u00e3o_para_Aplica\u00e7\u00f5es_Fotovoltaicas.pdf\" target=\"_blank\" rel=\"noopener\">Modelagem de um Conversor CC-CC em Ponte Completa com Comuta\u00e7\u00e3o sob Zero de Tens\u00e3o para Aplica\u00e7\u00f5es Fotovoltaicas<\/a><br><strong class=\"mr-1\"><br>Autores:&nbsp;<\/strong><span>Andres, B. ; Bach, L. C. ; Martins, M\u00e1rio L\u00facio Da Silva ; Hey, Helio L.<\/span><br><span class=\"mr-1\"><br><b>Ano:&nbsp;<\/b><\/span><i><span>2017<\/span><br><\/i><i><br><\/i><b>Evento:&nbsp;<\/b><i>SEPOC 2017<br><\/i><span style=\"font-size: 0.875em\"><i><br><\/i><\/span><pre><span style=\"font-size: 0.875em\">Dispon\u00edvel no reposit\u00f3rio em 2017.<\/span><\/pre><\/p>\n<\/div>\n<div style=\"padding: 20px;width: 850px;margin: 10px;border: 1px solid #dcdcdc;border-radius: 5px\"><p><a class=\"card-title card-link font-weight-bold\" href=\"\/\/www.ufsm.br\/laboratorios\/inct\/wp-content\/uploads\/sites\/737\/2019\/08\/7_-_Conversor_Boost_com_Duas_Sa\u00eddas_Aplicados_a_Subsistemas_de_Energia_de_Pequenos_Sat\u00e9lites_Modelagem_e_Controle.pdf\" target=\"_blank\" rel=\"noopener\">Conversor Boost com Duas Sa\u00eddas Aplicados a Subsistemas de Energia de Pequenos Sat\u00e9lites: Modelagem e Controle<\/a><br><strong class=\"mr-1\"><br>Autores:&nbsp;<\/strong><span>Mattos, E. ; Andrade, A. M. S. S. ; Ayres, W. A. ; Martins, M\u00e1rio L\u00facio Da Silva ; Pinheiro, Jos\u00e9 Renes<\/span><br><span class=\"mr-1\"><br><b>Ano:&nbsp;<\/b><\/span><i><span>2017<\/span><br><\/i><i><br><\/i><b>Evento:&nbsp;<\/b><i>SEPOC 2017<br><\/i><span style=\"font-size: 0.875em\"><i><br><\/i><\/span><pre><span style=\"font-size: 0.875em\">Dispon\u00edvel no reposit\u00f3rio em 2017.<\/span><\/pre><\/p>\n<\/div>\n<div style=\"padding: 20px;width: 850px;margin: 10px;border: 1px solid #dcdcdc;border-radius: 5px\"><p><a class=\"card-title card-link font-weight-bold\" href=\"https:\/\/www.ufsm.br\/laboratorios\/inct\/wp-content\/uploads\/sites\/737\/2019\/08\/8_-_Modelagem_e_Controle_de_EPS_para_CubeSat_Usando_Conversor_Buck-Boost_Bidirecional_com_Entrada_e_Sa\u00edda_Empilhadas.pdf\" target=\"_blank\" rel=\"noopener\">Modelagem e Controle de EPS para CubeSat Usando Conversor Buck-Boost Bidirecional com Entrada e Sa\u00edda Empilhadas<\/a><br><strong class=\"mr-1\"><br>Autores:&nbsp;<\/strong><span>Mattos, E. ; Andrade, A. M. S. S. ; Ayres, W. A. ; Martins, M\u00e1rio L\u00facio Da Silva ; Pinheiro, Jos\u00e9 Renes<\/span><br><span class=\"mr-1\"><br><b>Ano:&nbsp;<\/b><\/span><i><span>2017<\/span><br><\/i><i><br><\/i><b>Evento:&nbsp;<\/b><i>SEPOC 2017<br><\/i><span style=\"font-size: 0.875em\"><i><br><\/i><\/span><pre><span style=\"font-size: 0.875em\">Dispon\u00edvel no reposit\u00f3rio em 2017.<\/span><\/pre><\/p>\n<\/div>\n<div style=\"padding: 20px;width: 850px;margin: 10px;border: 1px solid #dcdcdc;border-radius: 5px\"><p><a class=\"card-title card-link font-weight-bold\" href=\"https:\/\/www.ufsm.br\/laboratorios\/inct\/wp-content\/uploads\/sites\/737\/2019\/08\/9_-_Modelling_of_a_ZVS_full_bridge_DC-DC_converter_for_photovoltaic_applications.pdf\" target=\"_blank\" rel=\"noopener\">Modelling of a ZVS full bridge DC-DC converter for photovoltaic applications<\/a><br><span class=\"mr-1\"><br><b>Autores:&nbsp;<\/b><\/span><span>Andres, B. ; Beltrame, R. C. ; Martins, Mario L. S. ; Hey, H\u00e9lio Le\u00e3es ; Bach, L. C.<\/span><br><span class=\"mr-1\"><br><b>Ano:&nbsp;<\/b><\/span><i><span>2017<\/span><br><\/i><i><br><\/i><b>Evento:&nbsp;<\/b><i>XIV Brazilian Power Electronics Conference<br><\/i><span style=\"font-size: 0.875em\"><i><br><\/i><\/span><pre><span style=\"font-size: 0.875em\">Dispon\u00edvel no reposit\u00f3rio em 2017.<\/span><\/pre><\/p>\n<\/div>\n<div style=\"padding: 20px;width: 850px;margin: 10px;border: 1px solid #dcdcdc;border-radius: 5px\"><p><a class=\"card-title card-link font-weight-bold\" href=\"https:\/\/www.ufsm.br\/laboratorios\/inct\/wp-content\/uploads\/sites\/737\/2019\/08\/10_-_A_hybrid_digital_control_method_for_synchronous_buck_converters_using_multisampled_linear_PID_and_V\u00b2_constant_on-time_controllers.pdf\" target=\"_blank\" rel=\"noopener\">A hybrid digital control method for synchronous buck converters using multisampled linear PID and V\u00b2 constant on-time controllers<\/a><br><span class=\"mr-1\"><br><b>Autores:&nbsp;<\/b><\/span><span>Vasconselos, R. ; Martins, Mario L. S.<\/span><br><span class=\"mr-1\"><br><b>Ano:&nbsp;<\/b><\/span><i><span>2017<\/span><br><\/i><i><br><\/i><b>Evento:&nbsp;<\/b><i>XIV Brazilian Power Electronics Conference<br><\/i><span style=\"font-size: 0.875em\"><i><br><\/i><\/span><pre><span style=\"font-size: 0.875em\">Dispon\u00edvel no reposit\u00f3rio em 2017.<\/span><\/pre><\/p>\n<\/div>\n<div style=\"padding: 20px;width: 850px;margin: 10px;border: 1px solid #dcdcdc;border-radius: 5px\"><p><a class=\"card-title card-link font-weight-bold\" href=\"https:\/\/www.ufsm.br\/laboratorios\/inct\/wp-content\/uploads\/sites\/737\/2019\/08\/11_-_PI__Resonant_Controller_With_Active_Damoing_for_High_Efficiency_PV-Module-Integrated_Buck_Inverter.pdf\" target=\"_blank\" rel=\"noopener\">PI + Resonant Controller With Active Damoing for High Efficiency PV-Module-Integrated Buck Inverter<\/a><br><span class=\"mr-1\"><br><b>Autores:&nbsp;<\/b><\/span><span>Meurer A. P. ; Andrade, Antonio Manuel Santos Spencer ; Hey, Helio L. ; Martins, Mario L. S.<\/span><br><span class=\"mr-1\"><br><b>Ano:&nbsp;<\/b><\/span><i><span>2017<\/span><br><\/i><i><br><\/i><b>Evento:&nbsp;<\/b><i>XIV Brazilian Power Electronics Conference<br><\/i><span style=\"font-size: 0.875em\"><i><br><\/i><\/span><pre><span style=\"font-size: 0.875em\">Dispon\u00edvel no reposit\u00f3rio em 2017.<\/span><\/pre><\/p>\n<\/div>\n<div style=\"padding: 20px;width: 850px;margin: 10px;border: 1px solid #dcdcdc;border-radius: 5px\"><p><a class=\"card-title card-link font-weight-bold\" href=\"https:\/\/www.ufsm.br\/laboratorios\/inct\/wp-content\/uploads\/sites\/737\/2019\/08\/12_-_A_Gest\u00e3o_da_Energia_Solar_Fotovoltaica_Sob_a_\u00d3tica_da_Bibliometria.pdf\" target=\"_blank\" rel=\"noopener\">A Gest\u00e3o da Energia Solar Fotovoltaica Sob a \u00d3tica da Bibliometria<\/a><br><strong class=\"mr-1\"><br>Autores:&nbsp;<\/strong><span>Rosa, C. B. ; Siluk, J. C. M. ; Michels, L. ; Rigo, P. D. ; Rediske, G.<\/span><br><span class=\"mr-1\"><br><b>Ano:&nbsp;<\/b><\/span><i><span>2017<\/span><br><\/i><i><br><\/i><b>Evento:&nbsp;<\/b><i>XVII SEPROSUL &#8211; Semana de Engenharia de Produ\u00e7\u00e3o Sul-Americana<br><\/i><span style=\"font-size: 0.875em\"><i><br><\/i><\/span><pre><span style=\"font-size: 0.875em\">Dispon\u00edvel no reposit\u00f3rio em 2017.<\/span><\/pre><\/p>\n<\/div>\n<div style=\"padding: 20px;width: 850px;margin: 10px;border: 1px solid #dcdcdc;border-radius: 5px\"><p>Management and Control of AC Microgrids Based in Economic Theory<br><span class=\"mr-1\"><br><b>Autores:&nbsp;<\/b><\/span><span>Mezaroba, M. ; Michels, L. ; Bellinaso, L. V. ; Pinto, L. F. R.<\/span><br><span class=\"mr-1\"><br><b>Ano:&nbsp;<\/b><\/span><i><span>2017<\/span><br><\/i><i><br><\/i><b>Evento:&nbsp;<\/b><i>SEPOC 2017<br><\/i><span style=\"font-size: 0.875em\"><i><br><\/i><\/span><pre><span style=\"font-size: 0.875em\">Dispon\u00edvel no reposit\u00f3rio em 2017.<\/span><\/pre><\/p><\/div>\n<div style=\"padding: 20px;width: 850px;margin: 10px;border: 1px solid #dcdcdc;border-radius: 5px\"><p><a class=\"card-title card-link font-weight-bold\" href=\"https:\/\/www.ufsm.br\/laboratorios\/inct\/wp-content\/uploads\/sites\/737\/2019\/08\/15_-_Conversor_de_rede_monof\u00e1sica_para_trif\u00e1sica_com_integra\u00e7\u00e3o_de_gera\u00e7\u00e3o_fotovoltaica.pdf\" target=\"_blank\" rel=\"noopener\">Conversor de rede monof\u00e1sica para trif\u00e1sica com integra\u00e7\u00e3o de gera\u00e7\u00e3o fotovoltaica<\/a><br><strong class=\"mr-1\"><br>Autores:<\/strong><span> Scapini, Rafael Z. ; Mezaroba, M. ; Michels, L. ; Rech, C.<\/span><br><span class=\"mr-1\"><br><b>Ano:<\/b><\/span><span> <\/span><i><span>2017<\/span><br><\/i><i><br><\/i><b>Evento:&nbsp;<\/b><i>SEPOC 2017<br><\/i><span style=\"font-size: 0.875em\"><i><br><\/i><\/span><pre><span style=\"font-size: 0.875em\">Dispon\u00edvel no reposit\u00f3rio em 2017.<\/span><\/pre><\/p>\n<\/div>\n<div style=\"padding: 20px;width: 850px;margin: 10px;border: 1px solid #dcdcdc;border-radius: 5px\"><p><a class=\"card-title card-link font-weight-bold\" href=\"https:\/\/www.ufsm.br\/laboratorios\/inct\/wp-content\/uploads\/sites\/737\/2019\/08\/16_-_Metodologia_de_Projeto_de_Sistemas_Aut\u00f4nomos_Fotovoltaicos_de_Ilumina\u00e7\u00e3o_Considerando_a_Varia\u00e7\u00e3o_da_Radia\u00e7\u00e3o_Solar_ao_Longo_do_Ano.pdf\" target=\"_blank\" rel=\"noopener\">Metodologia de Projeto de Sistemas Aut\u00f4nomos Fotovoltaicos de Ilumina\u00e7\u00e3o Considerando a Varia\u00e7\u00e3o da Radia\u00e7\u00e3o Solar ao Longo do Ano<\/a><br><strong class=\"mr-1\"><br>Autores:&nbsp;<\/strong><span>Bandeira, R. H. ; Costa, M. A. D. ; Michels, L. ; Reiter, R. D. O.<\/span><br><span class=\"mr-1\"><br><b>Ano:&nbsp;<\/b><\/span><i><span>2017<\/span><br><\/i><i><br><\/i><b>Evento:&nbsp;<\/b><i>SEPOC 2017<br><\/i><span style=\"font-size: 0.875em\"><i><br><\/i><\/span><pre><span style=\"font-size: 0.875em\">Dispon\u00edvel no reposit\u00f3rio em 2017.<\/span><\/pre><\/p>\n<\/div>\n<div style=\"padding: 20px;width: 850px;margin: 10px;border: 1px solid #dcdcdc;border-radius: 5px\"><p>Parameter estimation technique for double-diode model of photovoltaic modules<br><span class=\"mr-1\"><br><b>Autores:&nbsp;<\/b><\/span><span>Bradaschia, Fabricio ; Silva, Emerson A. ; Michels, Leandro ; Pietta, Luiz P.<\/span><br><span class=\"mr-1\"><br><b>Ano:&nbsp;<\/b><\/span><i><span>2017<\/span><br><\/i><i><br><\/i><b>Evento:&nbsp;<\/b><i>Brazilian Power Electronics Conference<br><\/i><span style=\"font-size: 0.875em\"><i><br><\/i><\/span><pre><span style=\"font-size: 0.875em\">Dispon\u00edvel no reposit\u00f3rio em 2017.<\/span><\/pre><\/p>\n<\/div>\n<div style=\"padding: 20px;width: 850px;margin: 10px;border: 1px solid #dcdcdc;border-radius: 5px\"><p><a class=\"card-title card-link font-weight-bold\" href=\"https:\/\/www.ufsm.br\/laboratorios\/inct\/wp-content\/uploads\/sites\/737\/2019\/08\/17_-_Parameter_estimation_technique_for_double-diode_model_of_photovoltaic_modules.pdf\" target=\"_blank\" rel=\"noopener\">Parameter estimation technique for double-diode model of photovoltaic modules<\/a><br><strong class=\"mr-1\"><br>Autores:&nbsp;<\/strong><span>Nascimento, Aguinaldo J. ; Cavalcanti, Marcelo C. ; Bradaschia, Fabricio ; Silva, Emerson A. ; Michels, Leandro ; Pietta, Luiz P.<\/span><br><span class=\"mr-1\"><br><b>Ano:&nbsp;<\/b><\/span><i><span>2017<\/span><br><\/i><i><br><\/i><b>Evento:&nbsp;<\/b><i>Brazilian Power Electronics Conference<br><\/i><span style=\"font-size: 0.875em\"><i><br><\/i><\/span><pre><span style=\"font-size: 0.875em\">Dispon\u00edvel no reposit\u00f3rio em 2017.<\/span><\/pre><\/p>\n<\/div>\n<div style=\"padding: 20px;width: 850px;margin: 10px;border: 1px solid #dcdcdc;border-radius: 5px\"><p><a class=\"card-title card-link font-weight-bold\" href=\"https:\/\/www.ufsm.br\/laboratorios\/inct\/wp-content\/uploads\/sites\/737\/2019\/08\/18_-_Cascaded_MPPT_control_with_adaptive_voltage_controller_applied_to_boost_converters_for_PV_applications.pdf\" target=\"_blank\" rel=\"noopener\">Cascaded MPPT control with adaptive voltage controller applied to boost converters for PV applications<\/a><br><strong class=\"mr-1\"><br>Autores:&nbsp;<\/strong><span>Bellinaso, Lucas Vizzotto ; Basquera, Mauro Fernando ; Vieira, Rodrigo Padilha ; Grundling, Hilton Abilio ; Michels, Leandro<\/span><br><span class=\"mr-1\"><br><b>Ano:&nbsp;<\/b><\/span><i><span>2017<\/span><br><\/i><i><br><\/i><b>Evento:&nbsp;<\/b><i>Brazilian Power Electronics Conference<br><\/i><span style=\"font-size: 0.875em\"><i><br><\/i><\/span><pre><span style=\"font-size: 0.875em\">Dispon\u00edvel no reposit\u00f3rio em 2017.<\/span><\/pre><\/p>\n<\/div>\n<div style=\"padding: 20px;width: 850px;margin: 10px;border: 1px solid #dcdcdc;border-radius: 5px\"><p><a class=\"card-title card-link font-weight-bold\" href=\"https:\/\/www.ufsm.br\/laboratorios\/inct\/wp-content\/uploads\/sites\/737\/2019\/08\/19_-_Compatibilizing_multifunctional_photovoltaic_converters_with_Brazilian_standards_Analysis_and_discussion.pdf\" target=\"_blank\" rel=\"noopener\">Compatibilizing multifunctional photovoltaic converters with Brazilian standards: Analysis and discussion<\/a><br><strong class=\"mr-1\"><br>Autores:&nbsp;<\/strong><span>Bortolini, Ricardo J. F. ; Michels, Leandro ; Belinaso, Lucas V. ; Massing, Jorge R.<\/span><br><span class=\"mr-1\"><br><b>Ano:&nbsp;<\/b><\/span><i><i><span>2017<\/span><br><\/i><\/i><br><b>Evento:&nbsp;<\/b><i>Brazilian Power Electronics Conference<br><\/i><span style=\"font-size: 0.875em\"><i><br><\/i><\/span><pre><span style=\"font-size: 0.875em\">Dispon\u00edvel no reposit\u00f3rio em 2017.<\/span><\/pre><\/p>\n<\/div>\n<div style=\"padding: 20px;width: 850px;margin: 10px;border: 1px solid #dcdcdc;border-radius: 5px\"><p><a class=\"card-title card-link font-weight-bold\" href=\"https:\/\/ieeexplore.ieee.org\/document\/8101804\" target=\"_blank\" rel=\"noopener\">An analysis of frequency response on OLED for lighting applications<\/a><br><strong class=\"mr-1\"><br>Autores:&nbsp;<\/strong><span>Barth, Norton D. ; Bender, Vitor C. ; Marchesan, Tiago B.<\/span><br><span class=\"mr-1\"><br><b>Ano:&nbsp;<\/b><\/span><i><span>2017<\/span><br><\/i><i><br><\/i><b>Evento:&nbsp;<\/b><i>2017 IEEE Industry Applications Society Annual Meeting<br><\/i><span style=\"font-size: 0.875em\"><i><br><\/i><\/span><pre><span style=\"font-size: 0.875em\">Dispon\u00edvel em IEEE Xplore em 09\/11\/2017.<\/span><\/pre><\/p>\n<\/div>\n<div style=\"padding: 20px;width: 850px;margin: 10px;border: 1px solid #dcdcdc;border-radius: 5px\"><p><a class=\"card-title card-link font-weight-bold\" href=\"https:\/\/ieeexplore.ieee.org\/document\/8095880\" target=\"_blank\" rel=\"noopener\">Variable inductor modeling revisited: The analytical approach<\/a><br><strong class=\"mr-1\"><br>Autores:&nbsp;<\/strong><span>J. Marcos Alonso; Marina Perdig\u00e3o; Marco A. Dalla Costa; Shu Zhang; Yijie Wang<\/span><br><span class=\"mr-1\"><br><b>Ano:&nbsp;<\/b><\/span><i><span>2017<\/span><br><\/i><i><br><\/i><b>Evento:&nbsp;<\/b><i>IEEE Energy Conversion Congress and Exposition<br><\/i><span style=\"font-size: 0.875em\"><i><br><\/i><\/span><pre><span style=\"font-size: 0.875em\">Dispon\u00edvel em IEEE Xplore em 07\/11\/2017.<\/span><\/pre><\/p>\n<\/div>\n<div style=\"padding: 20px;width: 850px;margin: 10px;border: 1px solid #dcdcdc;border-radius: 5px\"><p><a class=\"card-title card-link font-weight-bold\" href=\"https:\/\/ieeexplore.ieee.org\/document\/8101812\" target=\"_blank\" rel=\"noopener\">Ripple-based visible light communication technique for switched LED drivers<\/a><br><strong class=\"mr-1\"><br>Autores:&nbsp;<\/strong><span>F. Loose; R. R. Duarte; C. H. Barriquello; M. A. Dalla Costa; L. Teixeira; A. Campos.<\/span><br><span class=\"mr-1\"><br><b>Ano:&nbsp;<\/b><\/span><i><span>2017<\/span><br><\/i><i><br><\/i><b>Evento:&nbsp;<\/b><i>IEEE Industry Applications Society Annual Meeting<br><\/i><span style=\"font-size: 0.875em\"><i><br><\/i><\/span><pre><span style=\"font-size: 0.875em\">Dispon\u00edvel em IEEE Xplore em 09\/11\/2017.<\/span><\/pre><\/p>\n<\/div>\n<div style=\"padding: 20px;width: 850px;margin: 10px;border: 1px solid #dcdcdc;border-radius: 5px\"><p><a class=\"card-title card-link font-weight-bold\" target=\"_blank\" rel=\"noopener\">Performance investigation of silicon and gallium nitride transistors in an integrated double buck-boost LED driver<br><\/a><strong class=\"mr-1\"><br>Autores:&nbsp;<\/strong><span>Renan R. Duarte; Guilherme F. Ferreira; Marco A. Dalla Costa; J. Marcos Alonso.<\/span><br><span class=\"mr-1\"><br><b>Ano:&nbsp;<\/b><\/span><i><span>2017<\/span><br><\/i><i><br><\/i><b>Evento:&nbsp;<\/b><i>IEEE Industry Applications Society Annual Meeting<br><\/i><span style=\"font-size: 0.875em\"><i><br><\/i><\/span><pre><span style=\"font-size: 0.875em\">Dispon\u00edvel em IEEE Xplore em 09\/11\/2017.<\/span><\/pre><\/p>\n<\/div><\/div>\n\t\t\t\t\t\t\t<\/div>\n\t\t<\/div>\n\t\t\t\t<\/div>\n\t\t\t\t<\/div>\n\t\t\t\t\t<\/div>\n\t\t<\/div>\n\t\t\t\t\t<\/div>\n\t\t<\/section>\n\t\t\t\t<\/div>\n\t\t","protected":false},"excerpt":{"rendered":"<p>2021 2020 2019 2018 2017 2021 Acionamento e Controle do Motor S\u00edncrono de Im\u00e3s Permanentes para Aplica\u00e7\u00e3o no Sistema de Tra\u00e7\u00e3o de Ve\u00edculos El\u00e9tricosAutores: P. S. VIANNA, R. P. VIEIRA, A. L. BATSCHAUER, C. RECHAno:&nbsp;2021Evento: 13th Seminar on Power Electronics and Control Dispon\u00edvel no reposit\u00f3rio em 2022. An\u00e1lise e Projeto de um Conversor ANPC Multin\u00edvel [&hellip;]<\/p>\n","protected":false},"author":115,"featured_media":0,"parent":0,"menu_order":0,"comment_status":"closed","ping_status":"closed","template":"","meta":{"footnotes":""},"categories":[],"tags":[],"class_list":["post-217","page","type-page","status-publish","hentry"],"acf":[],"_links":{"self":[{"href":"https:\/\/www.ufsm.br\/laboratorios\/inct\/wp-json\/wp\/v2\/pages\/217","targetHints":{"allow":["GET"]}}],"collection":[{"href":"https:\/\/www.ufsm.br\/laboratorios\/inct\/wp-json\/wp\/v2\/pages"}],"about":[{"href":"https:\/\/www.ufsm.br\/laboratorios\/inct\/wp-json\/wp\/v2\/types\/page"}],"author":[{"embeddable":true,"href":"https:\/\/www.ufsm.br\/laboratorios\/inct\/wp-json\/wp\/v2\/users\/115"}],"replies":[{"embeddable":true,"href":"https:\/\/www.ufsm.br\/laboratorios\/inct\/wp-json\/wp\/v2\/comments?post=217"}],"version-history":[{"count":0,"href":"https:\/\/www.ufsm.br\/laboratorios\/inct\/wp-json\/wp\/v2\/pages\/217\/revisions"}],"wp:attachment":[{"href":"https:\/\/www.ufsm.br\/laboratorios\/inct\/wp-json\/wp\/v2\/media?parent=217"}],"wp:term":[{"taxonomy":"category","embeddable":true,"href":"https:\/\/www.ufsm.br\/laboratorios\/inct\/wp-json\/wp\/v2\/categories?post=217"},{"taxonomy":"post_tag","embeddable":true,"href":"https:\/\/www.ufsm.br\/laboratorios\/inct\/wp-json\/wp\/v2\/tags?post=217"}],"curies":[{"name":"wp","href":"https:\/\/api.w.org\/{rel}","templated":true}]}}