{"id":32,"date":"2019-05-24T15:38:39","date_gmt":"2019-05-24T18:38:39","guid":{"rendered":"https:\/\/www.ufsm.br\/template-laboratprio\/?page_id=32"},"modified":"2023-02-07T09:43:09","modified_gmt":"2023-02-07T12:43:09","slug":"projetosestrategicos","status":"publish","type":"page","link":"https:\/\/www.ufsm.br\/laboratorios\/inct\/projetosestrategicos","title":{"rendered":"Projetos Estrat\u00e9gicos"},"content":{"rendered":"<table style=\"border: none\">\n<tbody>\n<tr style=\"border: none\">\n<td style=\"text-align: center;border: none\" colspan=\"2\"><strong>T\u00edtulo do Projeto<\/strong><\/td>\n<td style=\"text-align: center;border: none;width: 180px\"><strong>Linha de Pesquisa\n<\/strong><\/td>\n<td style=\"text-align: center;border: none;width: 210px\"><strong>Coordenador<\/strong><\/td>\n<td style=\"text-align: center;border: none;width: 210px\"><strong>Coordenador Substituto<\/strong><\/td>\n<\/tr>\n<tr style=\"border: none\">\n<td style=\"border: none\">1<\/td>\n<td style=\"border: none\"><a href=\"https:\/\/www.ufsm.br\/laboratorios\/inct\/condicionadores-de-energia-para-suporte-a-sistemas-de-geracao-distribuida\/\">Condicionadores de energia para suporte a sistemas de gera\u00e7\u00e3o distribu\u00edda<\/a><\/td>\n<td style=\"text-align: center;border: none\"><a href=\"https:\/\/www.ufsm.br\/laboratorios\/inct\/linhas-de-pesquisa\/\">Linha 4<\/a><\/td>\n<td style=\"border: none\">Cassiano Rech<\/td>\n<td style=\"border: none\">Marcello Mezaroba<\/td>\n<\/tr>\n<tr style=\"border: none\">\n<td style=\"border: none\">2<\/td>\n<td style=\"border: none\"><a href=\"https:\/\/www.ufsm.br\/laboratorios\/inct\/modelagem-e-simulacao-de-transitorios-eletromagneticos-em-redes-de-distribuicao-ativas-com-enfase-no-sistema-de-protecao\/\">Modelagem e simula\u00e7\u00e3o de transit\u00f3rios eletromagn\u00e9ticos em redes de distribui\u00e7\u00e3o ativas com \u00eanfase no sistema de prote\u00e7\u00e3o<\/a><\/td>\n<td style=\"border: none;text-align: center\"><a href=\"https:\/\/www.ufsm.br\/laboratorios\/inct\/linhas-de-pesquisa\/\">Linha 3<\/a><\/td>\n<td style=\"border: none\">Daniel Pinheiro Bernardon<\/td>\n<td style=\"border: none\">Ghendy Cardoso Junior<\/td>\n<\/tr>\n<tr style=\"border: none\">\n<td style=\"border: none\">3<\/td>\n<td style=\"border: none\"><a href=\"https:\/\/www.ufsm.br\/laboratorios\/inct\/sistemas-de-conversao-para-integracao-de-fontes-renovavel-a-rede-eletrica-analise-projeto-e-implementacao\/\">Sistemas de Convers\u00e3o para Integra\u00e7\u00e3o de Fontes Renov\u00e1vel \u00e0 Rede El\u00e9trica: Analise, Projeto e Implementa\u00e7\u00e3o<\/a><\/td>\n<td style=\"border: none;text-align: center\"><a href=\"https:\/\/www.ufsm.br\/laboratorios\/inct\/linhas-de-pesquisa\/\">Linha 2<\/a><\/td>\n<td style=\"border: none\">M\u00e1rio L\u00facio da Silva Martins<\/td>\n<td style=\"border: none\">Rodrigo Padilha Vieira<\/td>\n<\/tr>\n<tr style=\"border: none\">\n<td style=\"border: none\">4<\/td>\n<td style=\"border: none\"><a href=\"https:\/\/www.ufsm.br\/laboratorios\/inct\/avaliacao-do-desempenho-organizacional-na-gestao-de-fontes-renovaveis-de-energia-uma-ferramenta-de-apoio-ao-processo-decisorio\/\">Avalia\u00e7\u00e3o do Desempenho Organizacional na Gest\u00e3o de Fontes Renovaveis de energia: Uma Ferramenta de Apoio ao processo Decis\u00f3rio<\/a><\/td>\n<td style=\"border: none;text-align: center\"><a href=\"https:\/\/www.ufsm.br\/laboratorios\/inct\/linhas-de-pesquisa\/\">Linha 2<\/a><\/td>\n<td style=\"border: none\">Julio Cesar Mairesse Siluk<\/td>\n<td style=\"border: none\">Alvaro Luiz Neuenfeldt Junior<\/td>\n<\/tr>\n<tr style=\"border: none\">\n<td style=\"border: none\">5<\/td>\n<td style=\"border: none\"><a href=\"https:\/\/www.ufsm.br\/laboratorios\/inct\/modelagem-analise-desenvolvimento-testes-e-aplicacao-de-sistemas-fotovoltaicos\/\">Modelagem, An\u00e1lise, Desenvolvimento, Testes e Aplica\u00e7\u00e3o de sistemas fotovoltaicos<\/a><\/td>\n<td style=\"border: none;text-align: center\"><a href=\"https:\/\/www.ufsm.br\/laboratorios\/inct\/linhas-de-pesquisa\/\">Linha 1<\/a><\/td>\n<td style=\"border: none\">Leandro Michels<\/td>\n<td style=\"border: none\">Lucas Vizzotto Bellinaso<\/td>\n<\/tr>\n<tr style=\"border: none\">\n<td style=\"border: none\">6<\/td>\n<td style=\"border: none\"><a href=\"https:\/\/www.ufsm.br\/laboratorios\/inct\/sistemas-para-operacao-e-planejamento-de-microrredes-incluindo-minigeracao-sistemas-de-armazenamento-de-energia-e-veiculos-eletricos-v2g-g2v-e-v2h\/\">Sistemas para Opera\u00e7\u00e3o e Planejamento de Microrredes Incluindo Minigera\u00e7\u00e3o, Sistemas de Armazenamento de Energia e Ve\u00edculos El\u00e9tricos \u2013 V2G, G2V e V2H<\/a><\/td>\n<td style=\"border: none;text-align: center\"><a href=\"https:\/\/www.ufsm.br\/laboratorios\/inct\/linhas-de-pesquisa\/\">Linha 3<\/a><\/td>\n<td style=\"border: none\">Luciane Neves Canha<\/td>\n<td style=\"border: none\">Alzenira da Rosa Abaide<\/td>\n<\/tr>\n<tr style=\"border: none\">\n<td style=\"border: none\">7<\/td>\n<td style=\"border: none\"><a href=\"https:\/\/www.ufsm.br\/laboratorios\/inct\/eficiencia-energetica-em-sistemas-de-iluminacao\/\">Efici\u00eancia Energ\u00e9tica em sistemas de ilumina\u00e7\u00e3o<\/a><\/td>\n<td style=\"border: none;text-align: center\"><a href=\"https:\/\/www.ufsm.br\/laboratorios\/inct\/linhas-de-pesquisa\/\">Linha 2<\/a><\/td>\n<td style=\"border: none\">Marco Ant\u00f4nio Dalla Costa<\/td>\n<td style=\"border: none\">Jos\u00e9 Marcos Alonso \u00c1lvarez<\/td>\n<\/tr>\n<tr style=\"border: none\">\n<td style=\"border: none\">8<\/td>\n<td style=\"border: none\"><a href=\"https:\/\/www.ufsm.br\/laboratorios\/inct\/redes-eletricas-inteligentes-transformadores-como-elementos-de-controle-e-monitoramento\/\">Redes el\u00e9tricas inteligentes: transformadores como elementos de controle e monitoramento<\/a><\/td>\n<td style=\"border: none;text-align: center\"><a href=\"https:\/\/www.ufsm.br\/laboratorios\/inct\/linhas-de-pesquisa\/\">Linha 4<\/a><\/td>\n<td style=\"border: none\">Tiago Bandeira Marchesan<\/td>\n<td style=\"border: none\">Vitor Cristiano Bender<\/td>\n<\/tr>\n<\/tbody>\n<\/table>\n<!-- \/wp:post-content -->","protected":false},"excerpt":{"rendered":"<p>T\u00edtulo do Projeto Linha de Pesquisa Coordenador Coordenador Substituto 1 Condicionadores de energia para suporte a sistemas de gera\u00e7\u00e3o distribu\u00edda Linha 4 Cassiano Rech Marcello Mezaroba 2 Modelagem e simula\u00e7\u00e3o de transit\u00f3rios eletromagn\u00e9ticos em redes de distribui\u00e7\u00e3o ativas com \u00eanfase no sistema de prote\u00e7\u00e3o Linha 3 Daniel Pinheiro Bernardon Ghendy Cardoso Junior 3 Sistemas de [&hellip;]<\/p>\n","protected":false},"author":25,"featured_media":0,"parent":0,"menu_order":0,"comment_status":"closed","ping_status":"closed","template":"","meta":{"footnotes":""},"categories":[],"tags":[],"class_list":["post-32","page","type-page","status-publish","hentry"],"acf":[],"_links":{"self":[{"href":"https:\/\/www.ufsm.br\/laboratorios\/inct\/wp-json\/wp\/v2\/pages\/32","targetHints":{"allow":["GET"]}}],"collection":[{"href":"https:\/\/www.ufsm.br\/laboratorios\/inct\/wp-json\/wp\/v2\/pages"}],"about":[{"href":"https:\/\/www.ufsm.br\/laboratorios\/inct\/wp-json\/wp\/v2\/types\/page"}],"author":[{"embeddable":true,"href":"https:\/\/www.ufsm.br\/laboratorios\/inct\/wp-json\/wp\/v2\/users\/25"}],"replies":[{"embeddable":true,"href":"https:\/\/www.ufsm.br\/laboratorios\/inct\/wp-json\/wp\/v2\/comments?post=32"}],"version-history":[{"count":0,"href":"https:\/\/www.ufsm.br\/laboratorios\/inct\/wp-json\/wp\/v2\/pages\/32\/revisions"}],"wp:attachment":[{"href":"https:\/\/www.ufsm.br\/laboratorios\/inct\/wp-json\/wp\/v2\/media?parent=32"}],"wp:term":[{"taxonomy":"category","embeddable":true,"href":"https:\/\/www.ufsm.br\/laboratorios\/inct\/wp-json\/wp\/v2\/categories?post=32"},{"taxonomy":"post_tag","embeddable":true,"href":"https:\/\/www.ufsm.br\/laboratorios\/inct\/wp-json\/wp\/v2\/tags?post=32"}],"curies":[{"name":"wp","href":"https:\/\/api.w.org\/{rel}","templated":true}]}}