{"id":273,"date":"2020-08-05T15:47:59","date_gmt":"2020-08-05T18:47:59","guid":{"rendered":"https:\/\/www.ufsm.br\/laboratorios\/labeflo\/?post_type=eventos&#038;p=273"},"modified":"2020-08-06T20:34:26","modified_gmt":"2020-08-06T23:34:26","slug":"labeflocapacita","status":"publish","type":"eventos","link":"https:\/\/www.ufsm.br\/laboratorios\/labeflo\/eventos\/labeflocapacita","parent":0,"template":"","tags":[],"class_list":["post-273","eventos","type-eventos","status-publish","has-post-thumbnail","hentry"],"acf":{"evento_nome":"Cursos de capacita\u00e7\u00e3o Labeflo","evento_inicio":"01\/08\/2019 00:00","evento_termino":"01\/08\/2019 00:00","evento_banner":{"ID":215,"id":215,"title":"1\u00ba Curso de capacita\u00e7\u00e3o","filename":"1\u00ba-Curso-de-capacita\u00e7\u00e3o-1.jpg","filesize":84967,"url":"https:\/\/www.ufsm.br\/app\/uploads\/sites\/832\/2020\/08\/1\u00ba-Curso-de-capacita\u00e7\u00e3o-1.jpg","link":"https:\/\/www.ufsm.br\/laboratorios\/labeflo\/pagina-inicial\/1o-curso-de-capacitacao-2","alt":"","author":"2846","description":"","caption":"","name":"1o-curso-de-capacitacao-2","status":"inherit","uploaded_to":2,"date":"2020-08-04 20:25:49","modified":"2020-08-04 20:25:49","menu_order":0,"mime_type":"image\/jpeg","type":"image","subtype":"jpeg","icon":"https:\/\/www.ufsm.br\/laboratorios\/labeflo\/wp-includes\/images\/media\/default.png","width":960,"height":264,"sizes":{"thumbnail":"https:\/\/www.ufsm.br\/app\/uploads\/sites\/832\/2020\/08\/1\u00ba-Curso-de-capacita\u00e7\u00e3o-1-150x150.jpg","thumbnail-width":150,"thumbnail-height":150,"medium":"https:\/\/www.ufsm.br\/app\/uploads\/sites\/832\/2020\/08\/1\u00ba-Curso-de-capacita\u00e7\u00e3o-1-300x83.jpg","medium-width":300,"medium-height":83,"medium_large":"https:\/\/www.ufsm.br\/app\/uploads\/sites\/832\/2020\/08\/1\u00ba-Curso-de-capacita\u00e7\u00e3o-1-768x211.jpg","medium_large-width":768,"medium_large-height":211,"large":"https:\/\/www.ufsm.br\/app\/uploads\/sites\/832\/2020\/08\/1\u00ba-Curso-de-capacita\u00e7\u00e3o-1.jpg","large-width":960,"large-height":264,"1536x1536":"https:\/\/www.ufsm.br\/app\/uploads\/sites\/832\/2020\/08\/1\u00ba-Curso-de-capacita\u00e7\u00e3o-1.jpg","1536x1536-width":960,"1536x1536-height":264,"2048x2048":"https:\/\/www.ufsm.br\/app\/uploads\/sites\/832\/2020\/08\/1\u00ba-Curso-de-capacita\u00e7\u00e3o-1.jpg","2048x2048-width":960,"2048x2048-height":264,"sow-carousel-default":"https:\/\/www.ufsm.br\/app\/uploads\/sites\/832\/2020\/08\/1\u00ba-Curso-de-capacita\u00e7\u00e3o-1-272x182.jpg","sow-carousel-default-width":272,"sow-carousel-default-height":182}},"endereco_url":"labeflocapacita","evento_categoria":"T\u00c9CNICO-CIENT\u00cdFICOS","evento_descricao":"<p>Os cursos de capacita\u00e7\u00e3o promovidos pelo Laborat\u00f3rio de Ecologia Florestal abordam tem\u00e1ticas variadas e s\u00e3o oferecidos de forma gratuita, com carga hor\u00e1ria variando entre 4 a 8 horas de curso.<\/p>\n<p><strong><span style=\"color: #008000\">Confira alguns dos cursos:<\/span><\/strong><\/p>\n<ul style=\"list-style-type: circle\">\n<li>Preenchimento e atualiza\u00e7\u00e3o do <em>Curiculum lattes<\/em><\/li>\n<li>T\u00e9cnicas de orat\u00f3ria<\/li>\n<li>Reda\u00e7\u00e3o e apresenta\u00e7\u00e3o de trabalhos acad\u00eamicos<\/li>\n<li>Confec\u00e7\u00e3o de banner<\/li>\n<li>Preparat\u00f3rio para entrevistas<\/li>\n<li>Reda\u00e7\u00e3o de projeto de pesquisa cient\u00edfica<\/li>\n<li>Capacita\u00e7\u00e3o para coleta de dados ecol\u00f3gicos<\/li>\n<li>An\u00e1lise estat\u00edstica de dados<\/li>\n<li>Manuseio de plataformas de pesquisa<\/li>\n<li>Preparat\u00f3rio para ingresso na p\u00f3s-gradua\u00e7\u00e3o<\/li>\n<\/ul>\n<p><img decoding=\"async\" class=\" wp-image-97 aligncenter\" src=\"https:\/\/www.ufsm.br\/laboratorios\/labeflo\/wp-content\/uploads\/sites\/832\/2020\/07\/logoLabefloBr-300x300.png\" alt=\"\" width=\"189\" height=\"189\" srcset=\"https:\/\/www.ufsm.br\/app\/uploads\/sites\/832\/2020\/07\/logoLabefloBr-300x300.png 300w, https:\/\/www.ufsm.br\/app\/uploads\/sites\/832\/2020\/07\/logoLabefloBr-150x150.png 150w, https:\/\/www.ufsm.br\/app\/uploads\/sites\/832\/2020\/07\/logoLabefloBr.png 354w\" sizes=\"(max-width: 189px) 100vw, 189px\" \/><\/p>\n","evento_programacao":null,"evento_inscricao":null,"evento_local":"Universidade Federal de Santa Maria","evento_contato":"<p>E-mail: grasidick@hotmail.com<\/p>\n"},"_links":{"self":[{"href":"https:\/\/www.ufsm.br\/laboratorios\/labeflo\/wp-json\/wp\/v2\/eventos\/273","targetHints":{"allow":["GET"]}}],"collection":[{"href":"https:\/\/www.ufsm.br\/laboratorios\/labeflo\/wp-json\/wp\/v2\/eventos"}],"about":[{"href":"https:\/\/www.ufsm.br\/laboratorios\/labeflo\/wp-json\/wp\/v2\/types\/eventos"}],"wp:featuredmedia":[{"embeddable":true,"href":"https:\/\/www.ufsm.br\/laboratorios\/labeflo\/wp-json\/wp\/v2\/media\/215"}],"wp:attachment":[{"href":"https:\/\/www.ufsm.br\/laboratorios\/labeflo\/wp-json\/wp\/v2\/media?parent=273"}],"wp:term":[{"taxonomy":"post_tag","embeddable":true,"href":"https:\/\/www.ufsm.br\/laboratorios\/labeflo\/wp-json\/wp\/v2\/tags?post=273"}],"curies":[{"name":"wp","href":"https:\/\/api.w.org\/{rel}","templated":true}]}}