{"id":23,"date":"2019-05-14T17:02:03","date_gmt":"2019-05-14T20:02:03","guid":{"rendered":"https:\/\/www.ufsm.br\/template-laboratprio\/?page_id=23"},"modified":"2022-10-18T14:31:24","modified_gmt":"2022-10-18T17:31:24","slug":"equipe","status":"publish","type":"page","link":"https:\/\/www.ufsm.br\/laboratorios\/labenf\/equipe","title":{"rendered":"Equipe"},"content":{"rendered":"\t\t<div data-elementor-type=\"wp-page\" data-elementor-id=\"23\" class=\"elementor elementor-23\">\n\t\t\t\t\t\t<section class=\"elementor-section elementor-top-section elementor-element elementor-element-17b9e255 elementor-section-boxed elementor-section-height-default elementor-section-height-default\" data-id=\"17b9e255\" data-element_type=\"section\">\n\t\t\t\t\t\t<div class=\"elementor-container elementor-column-gap-default\">\n\t\t\t\t\t<div class=\"elementor-column elementor-col-100 elementor-top-column elementor-element elementor-element-2c19a54e\" data-id=\"2c19a54e\" data-element_type=\"column\">\n\t\t\t<div class=\"elementor-widget-wrap elementor-element-populated\">\n\t\t\t\t\t\t<div class=\"elementor-element elementor-element-3627eccc elementor-widget elementor-widget-text-editor\" data-id=\"3627eccc\" data-element_type=\"widget\" data-widget_type=\"text-editor.default\">\n\t\t\t\t<div class=\"elementor-widget-container\">\n\t\t\t\t\t\t\t<p><!-- wp:tadv\/classic-paragraph --><\/p>\n<p><span style=\"font-weight: 400\">O LabEnf possui uma equipe composta por sete Enfermeiras, com qualifica\u00e7\u00e3o em diversas \u00e1reas de conhecimento da enfermagem. Esta equipe desenvolve atividades junto aos docentes e discentes da gradua\u00e7\u00e3o, no apoio e desenvolvimento das metodologias de ensino e aprendizado do cuidado e assist\u00eancia inerentes ao profissional enfermeiro.<\/span><\/p>\n<table style=\"border-collapse: collapse;width: 0%;height: 528px\">\n<tbody>\n<tr style=\"height: 72px\">\n<td style=\"width: 33.3333%;height: 72px\"><span style=\"font-weight: 400\">Alessandra Marin Santini<\/span><\/td>\n<td style=\"width: 33.3333%;height: 72px\"><span style=\"font-weight: 400\">Enfermeira <\/span><\/td>\n<td style=\"width: 33.3333%;height: 72px\"><a href=\"http:\/\/lattes.cnpq.br\/0590820622202136\"><span style=\"font-weight: 400\">Curr\u00edculo Lattes<\/span><\/a><\/td>\n<\/tr>\n<tr style=\"height: 72px\">\n<td style=\"width: 33.3333%;height: 72px\"><span style=\"font-weight: 400\">Carla Mario Brites<\/span><\/td>\n<td style=\"width: 33.3333%;height: 72px\"><span style=\"font-weight: 400\">Enfermeira<\/span><\/td>\n<td style=\"width: 33.3333%;height: 72px\"><a href=\"http:\/\/lattes.cnpq.br\/2053016726851303\"><span style=\"font-weight: 400\">Curr\u00edculo Lattes<\/span><\/a><\/td>\n<\/tr>\n<tr style=\"height: 48px\">\n<td style=\"width: 33.3333%;height: 48px\"><span style=\"font-weight: 400\">Daiana de Araujo<\/span><\/td>\n<td style=\"width: 33.3333%;height: 48px\"><span style=\"font-weight: 400\">Enfermeira<\/span><\/td>\n<td style=\"width: 33.3333%;height: 48px\"><a href=\"http:\/\/lattes.cnpq.br\/8130801119465331\"><span style=\"font-weight: 400\">Curr\u00edculo Lattes<\/span><\/a><\/td>\n<\/tr>\n<tr style=\"height: 72px\">\n<td style=\"width: 33.3333%;height: 72px\"><span style=\"font-weight: 400\">Dalva Cezar da Silva<\/span><\/td>\n<td style=\"width: 33.3333%;height: 72px\"><span style=\"font-weight: 400\">Enfermeira<\/span><\/td>\n<td style=\"width: 33.3333%;height: 72px\"><a href=\"http:\/\/lattes.cnpq.br\/4985898962274566\"><span style=\"font-weight: 400\">Curr\u00edculo Lattes<\/span><\/a><\/td>\n<\/tr>\n<tr style=\"height: 72px\">\n<td style=\"width: 33.3333%;height: 72px\"><span style=\"font-weight: 400\">Fernanda Luisa Buboltz<\/span><\/td>\n<td style=\"width: 33.3333%;height: 72px\"><span style=\"font-weight: 400\"> Enfermeira <\/span><\/td>\n<td style=\"width: 33.3333%;height: 72px\"><span style=\"font-weight: 400\"> <a href=\"http:\/\/lattes.cnpq.br\/4958542878335496\">Curr\u00edculo Lattes<\/a><\/span><\/td>\n<\/tr>\n<tr style=\"height: 120px\">\n<td style=\"width: 33.3333%;height: 53px\"><span style=\"font-weight: 400\">Jennifer Aguilar Leoc\u00e1dio de Menezes<\/span><\/td>\n<td style=\"width: 33.3333%;height: 53px\"><span style=\"font-weight: 400\">Enfermeira <\/span><\/td>\n<td style=\"width: 33.3333%;height: 53px\"><span style=\"font-weight: 400\"><a href=\"http:\/\/lattes.cnpq.br\/4474083529328915\">Curr\u00edculo Lattes<\/a><\/span><\/td>\n<\/tr>\n<tr style=\"height: 72px\">\n<td style=\"width: 33.3333%;height: 43px\"><span style=\"font-weight: 400\">Priscila de Oliveira Bolzan<\/span><\/td>\n<td style=\"width: 33.3333%;height: 43px\"><span style=\"font-weight: 400\">Enfermeira <\/span><\/td>\n<td style=\"width: 33.3333%;height: 43px\"><span style=\"font-weight: 400\"><a href=\"http:\/\/lattes.cnpq.br\/8143755315875972\">Curr\u00edculo Lattes<\/a><\/span><\/td>\n<\/tr>\n<tr style=\"height: 96px\">\n<td style=\"width: 33.3333%;height: 96px\">\u00a0<\/td>\n<td style=\"width: 33.3333%;height: 96px\">\u00a0<\/td>\n<td style=\"width: 33.3333%;height: 96px\">\u00a0<\/td>\n<\/tr>\n<\/tbody>\n<\/table>\n<p><!-- \/wp:tadv\/classic-paragraph --><\/p>\t\t\t\t\t\t<\/div>\n\t\t\t\t<\/div>\n\t\t\t\t\t<\/div>\n\t\t<\/div>\n\t\t\t\t\t<\/div>\n\t\t<\/section>\n\t\t\t\t<\/div>\n\t\t","protected":false},"excerpt":{"rendered":"<p>O LabEnf possui uma equipe composta por sete Enfermeiras, com qualifica\u00e7\u00e3o em diversas \u00e1reas de conhecimento da enfermagem. Esta equipe desenvolve atividades junto aos docentes e discentes da gradua\u00e7\u00e3o, no apoio e desenvolvimento das metodologias de ensino e aprendizado do cuidado e assist\u00eancia inerentes ao profissional enfermeiro. Alessandra Marin Santini Enfermeira Curr\u00edculo Lattes Carla Mario [&hellip;]<\/p>\n","protected":false},"author":124,"featured_media":0,"parent":0,"menu_order":0,"comment_status":"closed","ping_status":"closed","template":"","meta":{"footnotes":""},"categories":[],"tags":[],"class_list":["post-23","page","type-page","status-publish","hentry"],"acf":[],"_links":{"self":[{"href":"https:\/\/www.ufsm.br\/laboratorios\/labenf\/wp-json\/wp\/v2\/pages\/23","targetHints":{"allow":["GET"]}}],"collection":[{"href":"https:\/\/www.ufsm.br\/laboratorios\/labenf\/wp-json\/wp\/v2\/pages"}],"about":[{"href":"https:\/\/www.ufsm.br\/laboratorios\/labenf\/wp-json\/wp\/v2\/types\/page"}],"author":[{"embeddable":true,"href":"https:\/\/www.ufsm.br\/laboratorios\/labenf\/wp-json\/wp\/v2\/users\/124"}],"replies":[{"embeddable":true,"href":"https:\/\/www.ufsm.br\/laboratorios\/labenf\/wp-json\/wp\/v2\/comments?post=23"}],"version-history":[{"count":0,"href":"https:\/\/www.ufsm.br\/laboratorios\/labenf\/wp-json\/wp\/v2\/pages\/23\/revisions"}],"wp:attachment":[{"href":"https:\/\/www.ufsm.br\/laboratorios\/labenf\/wp-json\/wp\/v2\/media?parent=23"}],"wp:term":[{"taxonomy":"category","embeddable":true,"href":"https:\/\/www.ufsm.br\/laboratorios\/labenf\/wp-json\/wp\/v2\/categories?post=23"},{"taxonomy":"post_tag","embeddable":true,"href":"https:\/\/www.ufsm.br\/laboratorios\/labenf\/wp-json\/wp\/v2\/tags?post=23"}],"curies":[{"name":"wp","href":"https:\/\/api.w.org\/{rel}","templated":true}]}}